{"id":777012,"date":"2025-04-08T10:50:32","date_gmt":"2025-04-08T08:50:32","guid":{"rendered":"https:\/\/www.atreus.de\/?post_type=publication&#038;p=777012"},"modified":"2025-04-08T17:29:16","modified_gmt":"2025-04-08T15:29:16","slug":"implementation-of-a-forward-looking-project-management-at-a-leading-power-grid-operator-in-europe","status":"publish","type":"publication","link":"https:\/\/www.atreus.de\/en\/publication\/case-studies-en\/implementation-of-a-forward-looking-project-management-at-a-leading-power-grid-operator-in-europe\/","title":{"rendered":"Implementation of a forward-looking project management at a leading power grid operator in Europe"},"content":{"rendered":"<div  class=\"zw-cgb header-standard-block is-first-block desktop-has-image mobile-has-image default-margin white-color content-left content-down zw-atr-portrait-pos-default zw-atr-landscape-pos-default height-default \"><div class=\"row\"><div class=\"zw-cgb-content col-12 mx-auto\"><div  class=\"header-standard-inner-container\"><div class=\"bg-image\"><span class=\"copyright-image d-none d-lg-block\">\u00a9peterschreiber.media \u2013 stock.adobe.com<\/span><img decoding=\"async\" class=\"respnsive-img d-none d-lg-block\" loading=\"lazy\" alt=\"atreus_\" src=\"https:\/\/www.atreus.de\/wp-content\/uploads\/2022\/03\/header-01-7.jpg\" srcset=\"https:\/\/www.atreus.de\/wp-content\/uploads\/2022\/03\/header-01-7.jpg 1920w, https:\/\/www.atreus.de\/wp-content\/uploads\/2022\/03\/header-01-7-768x432.jpg 768w, https:\/\/www.atreus.de\/wp-content\/uploads\/2022\/03\/header-01-7-1024x576.jpg 1024w, https:\/\/www.atreus.de\/wp-content\/uploads\/2022\/03\/header-01-7-480x270.jpg 480w, https:\/\/www.atreus.de\/wp-content\/uploads\/2022\/03\/header-01-7-1440x810.jpg 1440w\" sizes=\"(max-width: 1920px) 100vw, 1920px\" style=\"aspect-ratio:1920\/1080 !important\" title=\"atreus_\"><span class=\"copyright-image d-lg-none d-block\">\u00a9peterschreiber.media \u2013 stock.adobe.com<\/span><img decoding=\"async\" class=\"responsive-img d-lg-none d-block\" loading=\"lazy\" alt=\"atreus_\" src=\"https:\/\/www.atreus.de\/wp-content\/uploads\/2022\/03\/teaser-img-fuer-2-und-3-spalter-01-7.jpg\" srcset=\"https:\/\/www.atreus.de\/wp-content\/uploads\/2022\/03\/teaser-img-fuer-2-und-3-spalter-01-7.jpg 823w, https:\/\/www.atreus.de\/wp-content\/uploads\/2022\/03\/teaser-img-fuer-2-und-3-spalter-01-7-768x578.jpg 768w, https:\/\/www.atreus.de\/wp-content\/uploads\/2022\/03\/teaser-img-fuer-2-und-3-spalter-01-7-480x361.jpg 480w\" sizes=\"(max-width: 1024px) 100vw, 1024px\" style=\"aspect-ratio:823\/619 !important\" title=\"atreus_\"><\/div><div class=\"preheadline-container\"><div class=\"zw-breadcrumb-container black-color d-md-down-none\"><\/div><p class=\" zw-cgb preheadline zw-prevent-animation\">Case Study<\/p><h1 class=\" zw-cgb headline zw-prevent-animation\">Implementation of a forward-looking project management<\/h1><\/div><div class=\"inner-content\"><p class=\" zw-cgb fulltext zw-prevent-animation\"><sub><code>240047<\/code><\/sub><\/p><\/div><\/div><\/div><\/div><\/div><div class=\"zw-breadcrumb-container black-color d-none d-md-down-block\"><nav aria-label=\"breadcrumbs\" class=\"rank-math-breadcrumb\"><p><span class=\"label\">c<\/span> <a href=\"https:\/\/www.atreus.de\/en\">Home<\/a><span class=\"separator\"> c <\/span><a href=\"https:\/\/www.atreus.de\/publikationen-events\/\">Publikationen<\/a><span class=\"separator\"> c <\/span><span class=\"last\"><\/span><\/p><\/nav><\/div>\n\n    <div  class=\"zw-cgb    infoblock default-margin black-color  \">\n      <div class=\" row\">\n        <div class=\"zw-cgb-content has-padding col-12\">\n          <div class=\"inner-content parent-has-padding\"><h2 class=\" zw-cgb headline\">At a leading power grid operator in Europe<\/h2><p class=\" zw-cgb fulltext \">A leading European power system operator faced significant challenges: ensuring security of supply for over 18 million people, and modernising and expanding the existing power grid. A detailed analysis, optimisation of the schedule and development of the execution plan were introduced as measures. Successes included the implementation of project management in accordance with valid industry standards, internal acceleration with cable suppliers and an improvement of the project plan.<\/p><div class=\"link-container\"><\/div><\/div>        <\/div>\n      <\/div>\n    <\/div>\n\n\n<div  class=\"zw-cgb row  columnmaster020 default-margin \"><div class=\"columnmaster-inner-content g-0\">    <div  class=\"zw-cgb no-image-layout columnblock black-color has-icon   \">\n      <div class=\"zw-cgb zw-cgb-content\">\n\n        <div class=\"column-content\"><div class=\"inner-content\"><div class=\"icon-container\"><span class=\"atr-icon\">q<\/span><h2 class=\" zw-cgb headline h4\">Company<\/h2><\/div><ul class=\"zw-cgb-ul fulltext \"><li class=\"\">One of the leading electricity grid operators in Europe, with a focus on the expansion of renewable energies<\/li><li class=\"\">More than 10,000 km of network length, coverage of several federal states and metropolitan regions<\/li><\/ul><\/div><\/div>      <\/div>\n    <\/div>\n    <div  class=\"zw-cgb no-image-layout columnblock black-color has-icon   \">\n      <div class=\"zw-cgb zw-cgb-content\">\n\n        <div class=\"column-content\"><div class=\"inner-content\"><div class=\"icon-container\"><span class=\"atr-icon\">p<\/span><h2 class=\" zw-cgb headline h4\">Challenge<\/h2><\/div><ul class=\"zw-cgb-ul fulltext \"><li class=\"\">Security of supply for over 18 million people, currently employing approx. 2,000 people<\/li><li class=\"\">Target by 2032: Secure integration of 100% renewable energy into the grid<\/li><li class=\"\">Implementation of large-scale infrastructure projects to modernize and expand the power grid<\/li><\/ul><\/div><\/div>      <\/div>\n    <\/div>\n    <div  class=\"zw-cgb no-image-layout columnblock black-color has-icon   \">\n      <div class=\"zw-cgb zw-cgb-content\">\n\n        <div class=\"column-content\"><div class=\"inner-content\"><div class=\"icon-container\"><span class=\"atr-icon\">m<\/span><h2 class=\" zw-cgb headline h4\">Goals<\/h2><\/div><ul class=\"zw-cgb-ul fulltext \"><li class=\"\">Advisory support for project management<\/li><li class=\"\">Preparation of work instructions, guidelines and a resolution plan<\/li><li class=\"\">Project management for the pipelines\/civil engineering project<\/li><\/ul><\/div><\/div>      <\/div>\n    <\/div>\n<\/div><\/div>\n\n<div id=\"parent3850\"class=\"zw-cgb halb-halb-headline-text-block-135 default-margin \"><div class=\"row\">    <!--  block -->\n    <div class=\"half-content has-padding col-lg-6 col-12 leftBlock order-1 blue-400 white-color has-icon has-headline \"><div class=\"icon-container\"><span class=\"atr-icon\">n<\/span><h2 class=\" zw-cgb headline\">Measures<\/h2><\/div><div class=\"content-container\"><div class=\"inner-content parent-has-padding\"><ul class=\"zw-cgb-ul fulltext \"><li class=\"\">Detailed analysis, optimization and presentation of the time schedule, which includes over 3,000 activities<\/li><li class=\"\">Preparation and discussion of communication instructions as well as the meeting culture in cooperation with the division manager, the program manager and the responsible PMO<\/li><\/ul><div class=\"link-container\"><\/div><\/div><\/div><\/div>    <!--  block -->\n    <div class=\"half-content has-padding col-lg-6 col-12 rightBlock order-2 blue-900 white-color has-icon has-headline \"><div class=\"icon-container\"><span class=\"atr-icon\">x<\/span><h2 class=\" zw-cgb headline\">Results\u200b<\/h2><\/div><div class=\"content-container\"><div class=\"inner-content parent-has-padding\"><ul class=\"zw-cgb-ul fulltext \"><li class=\"\">Implementation of project management in accordance with applicable industry standards<\/li><li class=\"\">Internal acceleration with cable suppliers and construction management<\/li><li class=\"\">Improving the project plan through a successful cold-eye review<\/li><li class=\"\">Approval of communication instructions and the meeting culture by the PMO and the division manager<\/li><\/ul><div class=\"link-container\"><\/div><\/div><\/div><\/div><\/div><\/div>\n\n\n<div style=\"height:100px\" aria-hidden=\"true\" class=\"wp-block-spacer\"><\/div>\n\n\n<div  class=\"zw-cgb  sidebarblock default-margin \">\r\n      <div class=\"row\">\r\n        \r\n\t\t<div class=\"zw-cgb global-widget left  white-color  no-margin\">\r\n\t\t\t\t\t\t\t<div class=\"bg-img-container\">\r\n\t\t\t\t\t<img decoding=\"async\" loading=\"lazy\" width=\"1920\" height=\"720\" src=\"https:\/\/www.atreus.de\/wp-content\/uploads\/2022\/03\/widget-managementueberlassung.jpg\" style=\"aspect-ratio:1920\/720 !important\" alt=\"atreus_\" title=\"atreus_\">\t\t\t\t<\/div>\r\n\t\t\t\t\t\t<div class=\"inner-container bg-blue\">\r\n\t\t\t\t      <div class=\"headlinetwo-container\">\r\n\t\t<p class=\"zw-cgb headline two\">Management leasing: goodbye to bogus self-employment.<\/p>\r\n\t  <\/div> \t\t\t\t<div class=\"widget-content fulltext\">\r\n\r\n\t\t\t\t\t\t<p>Atreus&#8217; management leasing contract model offers full legal security and flexibility for clients and interim managers.<\/p>\n\r\n\r\n\t\t\t\t<\/div>\r\n\t\t\t\t\t\t\t\t\r\n\t\t\t\t<div class=\"zw-cgb zw-cgb-button-container\">\r\n\t\t\t\t\t<a href=\"https:\/\/www.atreus.de\/en\/expertise-in-interim-management\/service\/management-leasing\/\" class=\"zw-cgb btn btn-primary\">LEARN MORE<\/a>\r\n\t\t\t\t<\/div>\r\n\t\t\t\t\t\t\t<\/div>\r\n\t\t<\/div>\r\n\t<\/div><\/div>    \n\n    <div  class=\"zw-cgb  change-padding  infoblock default-margin black-color  \">\n      <div class=\" row\">\n        <div class=\"zw-cgb-content has-padding col-12\">\n          <div class=\"preheadline-container parent-has-padding\"><p class=\" zw-cgb preheadline ' .  . '\">These articles might also interest you:<\/p><\/div><div class=\"inner-content parent-has-padding\"><div class=\"link-container\"><\/div><\/div>        <\/div>\n      <\/div>\n    <\/div>\n\n\n\n<div style=\"height:100px\" aria-hidden=\"true\" class=\"wp-block-spacer is-style-zw-default-color-400\"><\/div>\n\n\n\n    <div  class=\"zw-cgb  latestPosts default-margin \">\n      <div class=\"row zw-cgb-content\">\n        \n      <div  class=\"zw-cgb latestPostsContent px-0 col-12 col-md-6 col-menu-4 publication   show-featured-image \">\n\n\n        <div class=\"image-container single-featured\"><a href = \"https:\/\/www.atreus.de\/publikation\/case-studies\/energietechnischer-umbau-eines-businessparks\/\"><span class=\"copyright-image\">\u00a9lovelyday12 \u2013 stock.adobe.com<\/span><img decoding=\"async\" loading=\"lazy\" alt=\"atreus_\" src=\"https:\/\/www.atreus.de\/wp-content\/uploads\/2022\/03\/teaser-img-fuer-2-und-3-spalter-03-6.jpg\" srcset=\"https:\/\/www.atreus.de\/wp-content\/uploads\/2022\/03\/teaser-img-fuer-2-und-3-spalter-03-6.jpg 823w, https:\/\/www.atreus.de\/wp-content\/uploads\/2022\/03\/teaser-img-fuer-2-und-3-spalter-03-6-768x578.jpg 768w, https:\/\/www.atreus.de\/wp-content\/uploads\/2022\/03\/teaser-img-fuer-2-und-3-spalter-03-6-480x361.jpg 480w\" sizes=\"(max-width: 1024px) 100vw, 1024px\" style=\"aspect-ratio:823\/619 !important\" title=\"atreus_\"><\/a><\/div><div class=\"image-container double-featured\"><a href = \"https:\/\/www.atreus.de\/publikation\/case-studies\/energietechnischer-umbau-eines-businessparks\/\"><span class=\"copyright-image\">\u00a9lovelyday12 \u2013 stock.adobe.com<\/span><img decoding=\"async\" loading=\"lazy\" alt=\"atreus_\" src=\"https:\/\/www.atreus.de\/wp-content\/uploads\/2022\/03\/teaser-img-60zu30-03-6.jpg\" srcset=\"https:\/\/www.atreus.de\/wp-content\/uploads\/2022\/03\/teaser-img-60zu30-03-6.jpg 1098w, https:\/\/www.atreus.de\/wp-content\/uploads\/2022\/03\/teaser-img-60zu30-03-6-768x288.jpg 768w, https:\/\/www.atreus.de\/wp-content\/uploads\/2022\/03\/teaser-img-60zu30-03-6-1024x384.jpg 1024w, https:\/\/www.atreus.de\/wp-content\/uploads\/2022\/03\/teaser-img-60zu30-03-6-480x180.jpg 480w\" sizes=\"(max-width: 1024px) 100vw, 1024px\" style=\"aspect-ratio:1098\/412 !important\" title=\"atreus_\"><\/a><\/div>        <div class=\"content-container has-excerpt posttype-publication blue-400 white-color\">\n          <div class=\"preheadline-container parent-has-padding\"><p class=\"zw-cgb preheadline\">Case Study<\/p><\/div><a href = \"https:\/\/www.atreus.de\/publikation\/case-studies\/energietechnischer-umbau-eines-businessparks\/\"><h2 class=\" zw-cgb headline\">Energietechnischer Umbau eines Businessparks<\/h2><\/a><p class=\" zw-cgb fulltext\">Ein interdisziplin\u00e4res Atreus Team geht in die Verantwortung f\u00fcr Planung, Ausschreibung und Durchf\u00fchrung eines komplexen energietechnischen Umbauprojekts. Das Resultat: termingerechte Fertigstellung bei Minimierung von Kostensteigerungen.<\/p><div class=\"zw-cgb zw-cgb-button-container \"><a href=\"https:\/\/www.atreus.de\/publikation\/case-studies\/energietechnischer-umbau-eines-businessparks\/\" class=\"zw-cgb btn btn-primary \">Read more<\/a><\/div>        <\/div>\n            <\/div>\n      \n  \n      <div  class=\"zw-cgb latestPostsContent px-0 col-12 col-md-6 col-menu-4 publication   show-featured-image \">\n\n\n        <div class=\"image-container single-featured\"><a href = \"https:\/\/www.atreus.de\/publikation\/case-studies\/kaufmaennische-leitung-und-head-of-energy-management-bei-deutschem-energieversorger\/\"><span class=\"copyright-image\"> \u00a9tong2530 \u2013 stock.adobe.com<\/span><img decoding=\"async\" loading=\"lazy\" alt=\"atreus_\" src=\"https:\/\/www.atreus.de\/wp-content\/uploads\/2022\/03\/teaser-img-fuer-2-und-3-spalter-02-7.jpg\" srcset=\"https:\/\/www.atreus.de\/wp-content\/uploads\/2022\/03\/teaser-img-fuer-2-und-3-spalter-02-7.jpg 823w, https:\/\/www.atreus.de\/wp-content\/uploads\/2022\/03\/teaser-img-fuer-2-und-3-spalter-02-7-768x578.jpg 768w, https:\/\/www.atreus.de\/wp-content\/uploads\/2022\/03\/teaser-img-fuer-2-und-3-spalter-02-7-480x361.jpg 480w\" sizes=\"(max-width: 1024px) 100vw, 1024px\" style=\"aspect-ratio:823\/619 !important\" title=\"atreus_\"><\/a><\/div><div class=\"image-container double-featured\"><a href = \"https:\/\/www.atreus.de\/publikation\/case-studies\/kaufmaennische-leitung-und-head-of-energy-management-bei-deutschem-energieversorger\/\"><span class=\"copyright-image\"> \u00a9tong2530 \u2013 stock.adobe.com<\/span><img decoding=\"async\" loading=\"lazy\" alt=\"atreus_\" src=\"https:\/\/www.atreus.de\/wp-content\/uploads\/2022\/03\/teaser-img-60zu30-02-7.jpg\" srcset=\"https:\/\/www.atreus.de\/wp-content\/uploads\/2022\/03\/teaser-img-60zu30-02-7.jpg 1098w, https:\/\/www.atreus.de\/wp-content\/uploads\/2022\/03\/teaser-img-60zu30-02-7-768x288.jpg 768w, https:\/\/www.atreus.de\/wp-content\/uploads\/2022\/03\/teaser-img-60zu30-02-7-1024x384.jpg 1024w, https:\/\/www.atreus.de\/wp-content\/uploads\/2022\/03\/teaser-img-60zu30-02-7-480x180.jpg 480w\" sizes=\"(max-width: 1024px) 100vw, 1024px\" style=\"aspect-ratio:1098\/412 !important\" title=\"atreus_\"><\/a><\/div>        <div class=\"content-container has-excerpt posttype-publication blue-600 white-color\">\n          <div class=\"preheadline-container parent-has-padding\"><p class=\"zw-cgb preheadline\">Case Study<\/p><\/div><a href = \"https:\/\/www.atreus.de\/publikation\/case-studies\/kaufmaennische-leitung-und-head-of-energy-management-bei-deutschem-energieversorger\/\"><h2 class=\" zw-cgb headline\">Kaufm\u00e4nnische Leitung und Head of Energy Management bei deutschem Energieversorger<\/h2><\/a><p class=\" zw-cgb fulltext\">Identifikation und Analyse der Einflussfaktoren auf die Verm\u00f6gens-, Finanz- und Ertragslage (VFE) mit dem Ziel, ein aussagekr\u00e4ftiges Berichtswesen zu entwickeln, das Managemententscheidungen unterst\u00fctzt und Transparenz in der VFE-Situation schafft.<\/p><div class=\"zw-cgb zw-cgb-button-container \"><a href=\"https:\/\/www.atreus.de\/publikation\/case-studies\/kaufmaennische-leitung-und-head-of-energy-management-bei-deutschem-energieversorger\/\" class=\"zw-cgb btn btn-primary \">Read more<\/a><\/div>        <\/div>\n            <\/div>\n      \n  \n      <div  class=\"zw-cgb latestPostsContent px-0 col-12 col-md-12 col-menu-4 publication   show-featured-image \">\n\n\n        <div class=\"image-container single-featured\"><a href = \"https:\/\/www.atreus.de\/publikation\/case-studies\/projektmanagement-energiedienstleister\/\"><span class=\"copyright-image\"> \u00a9tong2530 \u2013 stock.adobe.com<\/span><img decoding=\"async\" loading=\"lazy\" alt=\"atreus_\" src=\"https:\/\/www.atreus.de\/wp-content\/uploads\/2022\/03\/teaser-img-fuer-2-und-3-spalter-02-7.jpg\" srcset=\"https:\/\/www.atreus.de\/wp-content\/uploads\/2022\/03\/teaser-img-fuer-2-und-3-spalter-02-7.jpg 823w, https:\/\/www.atreus.de\/wp-content\/uploads\/2022\/03\/teaser-img-fuer-2-und-3-spalter-02-7-768x578.jpg 768w, https:\/\/www.atreus.de\/wp-content\/uploads\/2022\/03\/teaser-img-fuer-2-und-3-spalter-02-7-480x361.jpg 480w\" sizes=\"(max-width: 1024px) 100vw, 1024px\" style=\"aspect-ratio:823\/619 !important\" title=\"atreus_\"><\/a><\/div><div class=\"image-container double-featured\"><a href = \"https:\/\/www.atreus.de\/publikation\/case-studies\/projektmanagement-energiedienstleister\/\"><span class=\"copyright-image\"> \u00a9tong2530 \u2013 stock.adobe.com<\/span><img decoding=\"async\" loading=\"lazy\" alt=\"atreus_\" src=\"https:\/\/www.atreus.de\/wp-content\/uploads\/2022\/03\/teaser-img-60zu30-02-7.jpg\" srcset=\"https:\/\/www.atreus.de\/wp-content\/uploads\/2022\/03\/teaser-img-60zu30-02-7.jpg 1098w, https:\/\/www.atreus.de\/wp-content\/uploads\/2022\/03\/teaser-img-60zu30-02-7-768x288.jpg 768w, https:\/\/www.atreus.de\/wp-content\/uploads\/2022\/03\/teaser-img-60zu30-02-7-1024x384.jpg 1024w, https:\/\/www.atreus.de\/wp-content\/uploads\/2022\/03\/teaser-img-60zu30-02-7-480x180.jpg 480w\" sizes=\"(max-width: 1024px) 100vw, 1024px\" style=\"aspect-ratio:1098\/412 !important\" title=\"atreus_\"><\/a><\/div>        <div class=\"content-container has-excerpt posttype-publication blue-900 white-color\">\n          <div class=\"preheadline-container parent-has-padding\"><p class=\"zw-cgb preheadline\">Case Study<\/p><\/div><a href = \"https:\/\/www.atreus.de\/publikation\/case-studies\/projektmanagement-energiedienstleister\/\"><h2 class=\" zw-cgb headline\">Projekt- und Programmmanagement bei einem Energiedienstleister<\/h2><\/a><p class=\" zw-cgb fulltext\">Projektmanagement bei einem deutschen Energiedienstleister: Planung und Umsetzung eines Energiekonzepts f\u00fcr einen Businesspark in M\u00fcnchen, mit dem Ziel der Reduktion von Netzverlusten und CO2-Aussto\u00df mit einem Invest von 12 Mio. Euro und der erfolgreichen Koordination standort\u00fcbergreifender Teams trotz Kostensteigerungen.<\/p><div class=\"zw-cgb zw-cgb-button-container \"><a href=\"https:\/\/www.atreus.de\/publikation\/case-studies\/projektmanagement-energiedienstleister\/\" class=\"zw-cgb btn btn-primary \">Read more<\/a><\/div>        <\/div>\n            <\/div>\n      <div class=\"zw-spacer px-0\"><\/div>\n        <\/div>\n    <\/div>\n\n\n\n\n<p><\/p>\n","protected":false},"author":20,"featured_media":8383,"menu_order":0,"template":"","newsticker-publication":[],"competences":[388,402,397],"industry-sectors":[374],"region-publication":[],"typ-publication":[459],"category-publication":[],"class_list":["post-777012","publication","type-publication","status-publish","has-post-thumbnail","hentry","competences-major-infrastructure-projects","competences-project-and-program-management","competences-sustainability","industry-sectors-energy-and-environment","typ-publication-case-studies-en"],"_links":{"self":[{"href":"https:\/\/www.atreus.de\/en\/wp-json\/wp\/v2\/publication\/777012","targetHints":{"allow":["GET"]}}],"collection":[{"href":"https:\/\/www.atreus.de\/en\/wp-json\/wp\/v2\/publication"}],"about":[{"href":"https:\/\/www.atreus.de\/en\/wp-json\/wp\/v2\/types\/publication"}],"author":[{"embeddable":true,"href":"https:\/\/www.atreus.de\/en\/wp-json\/wp\/v2\/users\/20"}],"version-history":[{"count":0,"href":"https:\/\/www.atreus.de\/en\/wp-json\/wp\/v2\/publication\/777012\/revisions"}],"wp:featuredmedia":[{"embeddable":true,"href":"https:\/\/www.atreus.de\/en\/wp-json\/wp\/v2\/media\/8383"}],"wp:attachment":[{"href":"https:\/\/www.atreus.de\/en\/wp-json\/wp\/v2\/media?parent=777012"}],"wp:term":[{"taxonomy":"newsticker-publication","embeddable":true,"href":"https:\/\/www.atreus.de\/en\/wp-json\/wp\/v2\/newsticker-publication?post=777012"},{"taxonomy":"competences","embeddable":true,"href":"https:\/\/www.atreus.de\/en\/wp-json\/wp\/v2\/competences?post=777012"},{"taxonomy":"industry-sectors","embeddable":true,"href":"https:\/\/www.atreus.de\/en\/wp-json\/wp\/v2\/industry-sectors?post=777012"},{"taxonomy":"region-publication","embeddable":true,"href":"https:\/\/www.atreus.de\/en\/wp-json\/wp\/v2\/region-publication?post=777012"},{"taxonomy":"typ-publication","embeddable":true,"href":"https:\/\/www.atreus.de\/en\/wp-json\/wp\/v2\/typ-publication?post=777012"},{"taxonomy":"category-publication","embeddable":true,"href":"https:\/\/www.atreus.de\/en\/wp-json\/wp\/v2\/category-publication?post=777012"}],"curies":[{"name":"wp","href":"https:\/\/api.w.org\/{rel}","templated":true}]}}