{"id":864050,"date":"2025-10-01T06:28:00","date_gmt":"2025-10-01T04:28:00","guid":{"rendered":"https:\/\/www.atreus.de\/?post_type=team&#038;p=864050"},"modified":"2025-10-06T12:15:45","modified_gmt":"2025-10-06T10:15:45","slug":"axel-kuhner","status":"publish","type":"team","link":"https:\/\/www.atreus.de\/en\/team-en\/axel-kuhner\/","title":{"rendered":"Axel K\u00fchner"},"content":{"rendered":"\n    <div  class=\"zw-cgb is-first-block textblock black-color zw-content-pos-center  default-margin \">\n      <div class=\"row\">\n        <div class=\"zw-cgb-content col-12 g-0\">\n          <p class=\" zw-cgb fulltext \"><strong>Axel K\u00fchner ist Top-Manager mit 15 Jahren Automotive-OEM-Erfahrung. Von 2009 bis 2024 war er CEO der Greiner AG, einem \u00f6sterreichischen Milliarden-Konzern.<\/strong><\/p><p class=\" zw-cgb fulltext \">Nach 15 Jahren in der Vertriebsorganisation der Daimler AG wechselte er aus der Gro\u00dfkonzernwelt in einen mittelst\u00e4ndischen Familienkonzern nach \u00d6sterreich. In seiner Zeit, als erster familienfremder CEO der Greiner AG, entwickelte er den Kunststoffspezialisten von 1 auf etwa 2,5 Mrd. \u20ac Umsatz an 140 Standorten in \u00fcber 30 L\u00e4ndern. In seiner sowohl operativ als auch strategisch angelegten Rolle sammelte er Erfahrung in den Bereichen Packaging, Medizintechnik und Aerospace.<\/p><p class=\" zw-cgb fulltext \">Heute ist er selbstst\u00e4ndig und f\u00fchrt ein Beratungs- und Beteiligungsunternehmen in \u00d6sterreich. Er ist Vizepr\u00e4sident der Deutschen Handelskammer in \u00d6sterreich und Mitglied der Aufsichtsr\u00e4te der Teufelberger AG sowie der Lenzing Plastics.<\/p>        <\/div>\n      <\/div>\n    <\/div>\n\n\n<p><\/p>\n","protected":false},"author":3,"featured_media":0,"menu_order":0,"template":"","competences":[],"industry-sectors":[],"typ-team":[415],"class_list":["post-864050","team","type-team","status-publish","hentry","typ-team-advisor-en"],"allData":{"_zw_post_wordcount":["119"],"_zw_reading_time_seconds":["24"],"_edit_lock":["1759745766:3"],"_wpml_word_count":["151"],"rank_math_internal_links_processed":["1"],"rank_math_seo_score":["55"],"rank_math_focus_keyword":["axel k\u00fchner"],"rank_math_facebook_title":["Axel K\u00fchner - Atreus Advisor"],"rank_math_title":["Axel K\u00fchner - Atreus Advisor"],"rank_math_description":["Axel K\u00fchner is a top executive with 15 years of experience in the automotive OEM industry. From 2009 to 2024, he served as CEO of Greiner AG"],"_edit_last":["3"],"_zw_lastname":["K\u00fchner"],"_zw_prename":["Axel"],"_zw_description":["Advisor"],"_zw_email":["mail@atreus.de?subject=Request%20to%20Axel%20Kuehner"],"_zw_linkedin":["https:\/\/www.linkedin.com\/in\/axelkuehner\/"],"_zw_max_input_files":["-1"],"_wpml_media_duplicate":["1"],"_wpml_media_featured":["1"],"_last_translation_edit_mode":["translation-editor"],"rank_math_facebook_enable_image_overlay":["off"],"rank_math_facebook_image":["https:\/\/www.atreus.de\/wp-content\/uploads\/2025\/10\/kue-ax.png"],"rank_math_facebook_image_id":["869103"],"_zw_quadratImg":["869103"]},"_links":{"self":[{"href":"https:\/\/www.atreus.de\/en\/wp-json\/wp\/v2\/team\/864050","targetHints":{"allow":["GET"]}}],"collection":[{"href":"https:\/\/www.atreus.de\/en\/wp-json\/wp\/v2\/team"}],"about":[{"href":"https:\/\/www.atreus.de\/en\/wp-json\/wp\/v2\/types\/team"}],"author":[{"embeddable":true,"href":"https:\/\/www.atreus.de\/en\/wp-json\/wp\/v2\/users\/3"}],"version-history":[{"count":0,"href":"https:\/\/www.atreus.de\/en\/wp-json\/wp\/v2\/team\/864050\/revisions"}],"wp:attachment":[{"href":"https:\/\/www.atreus.de\/en\/wp-json\/wp\/v2\/media?parent=864050"}],"wp:term":[{"taxonomy":"competences","embeddable":true,"href":"https:\/\/www.atreus.de\/en\/wp-json\/wp\/v2\/competences?post=864050"},{"taxonomy":"industry-sectors","embeddable":true,"href":"https:\/\/www.atreus.de\/en\/wp-json\/wp\/v2\/industry-sectors?post=864050"},{"taxonomy":"typ-team","embeddable":true,"href":"https:\/\/www.atreus.de\/en\/wp-json\/wp\/v2\/typ-team?post=864050"}],"curies":[{"name":"wp","href":"https:\/\/api.w.org\/{rel}","templated":true}]}}