{"id":524315,"date":"2023-08-04T16:48:44","date_gmt":"2023-08-04T14:48:44","guid":{"rendered":"https:\/\/www.atreus.de\/?post_type=event&#038;p=524315"},"modified":"2024-08-19T16:25:58","modified_gmt":"2024-08-19T14:25:58","slug":"table-ronde-le-tournant-energetique-et-ses-consequences","status":"publish","type":"event","link":"https:\/\/www.atreus.de\/fr\/evenement\/table-ronde-le-tournant-energetique-et-ses-consequences\/","title":{"rendered":"Table ronde&nbsp;: le tournant \u00e9nerg\u00e9tique et ses cons\u00e9quences"},"content":{"rendered":"<div  class=\"zw-cgb header-standard-block is-first-block desktop-has-image mobile-has-image default-margin white-color content-right content-down zw-atr-portrait-pos-left-bottom zw-atr-landscape-pos-left-bottom height-default \"><div class=\"row\"><div class=\"zw-cgb-content col-12 mx-auto\"><div  class=\"header-standard-inner-container\"><div class=\"bg-image\"><span class=\"copyright-image d-none d-lg-block\">\u00a9 Real Fantasy Art &#8211; stock.adobe.com<\/span><img decoding=\"async\" class=\"respnsive-img d-none d-lg-block\" loading=\"lazy\" alt=\"atreus_\" src=\"https:\/\/www.atreus.de\/wp-content\/uploads\/2023\/08\/header-20230802-RT-Enrergie-Infr-Grosspr.jpg\" srcset=\"https:\/\/www.atreus.de\/wp-content\/uploads\/2023\/08\/header-20230802-RT-Enrergie-Infr-Grosspr.jpg 1920w, https:\/\/www.atreus.de\/wp-content\/uploads\/2023\/08\/header-20230802-RT-Enrergie-Infr-Grosspr-768x432.jpg 768w, https:\/\/www.atreus.de\/wp-content\/uploads\/2023\/08\/header-20230802-RT-Enrergie-Infr-Grosspr-1024x576.jpg 1024w, https:\/\/www.atreus.de\/wp-content\/uploads\/2023\/08\/header-20230802-RT-Enrergie-Infr-Grosspr-480x270.jpg 480w, https:\/\/www.atreus.de\/wp-content\/uploads\/2023\/08\/header-20230802-RT-Enrergie-Infr-Grosspr-1440x810.jpg 1440w\" sizes=\"(max-width: 1920px) 100vw, 1920px\" style=\"aspect-ratio:1920\/1080 !important\" title=\"atreus_\"><span class=\"copyright-image d-lg-none d-block\"><\/span><img decoding=\"async\" class=\"responsive-img d-lg-none d-block\" loading=\"lazy\" alt=\"atreus_\" src=\"https:\/\/www.atreus.de\/wp-content\/uploads\/2023\/08\/teaser-4zu3-20230802-RT-Enrergie-Infr-Grosspr.jpg\" srcset=\"https:\/\/www.atreus.de\/wp-content\/uploads\/2023\/08\/teaser-4zu3-20230802-RT-Enrergie-Infr-Grosspr.jpg 823w, https:\/\/www.atreus.de\/wp-content\/uploads\/2023\/08\/teaser-4zu3-20230802-RT-Enrergie-Infr-Grosspr-768x578.jpg 768w, https:\/\/www.atreus.de\/wp-content\/uploads\/2023\/08\/teaser-4zu3-20230802-RT-Enrergie-Infr-Grosspr-480x361.jpg 480w\" sizes=\"(max-width: 1024px) 100vw, 1024px\" style=\"aspect-ratio:823\/619 !important\" title=\"atreus_\"><\/div><div class=\"preheadline-container\"><div class=\"zw-breadcrumb-container black-color d-md-down-none\"><\/div><p class=\" zw-cgb preheadline zw-prevent-animation\">Table ronde Atreus<\/p><h1 class=\" zw-cgb headline zw-prevent-animation\">Le tournant \u00e9nerg\u00e9tique et ses cons\u00e9quences \u2014 La comp\u00e9titivit\u00e9 de l\u2019Allemagne est-elle menac\u00e9e en comparaison internationale&nbsp;?<\/h1><\/div><\/div><\/div><\/div><\/div><div class=\"zw-breadcrumb-container black-color d-none d-md-down-block\"><nav aria-label=\"breadcrumbs\" class=\"rank-math-breadcrumb\"><p><span class=\"label\">c<\/span> <a href=\"https:\/\/www.atreus.de\/fr\">Home<\/a><span class=\"separator\"> c <\/span><a href=\"https:\/\/www.atreus.de\/fr\/publications-et-evenements\/mediatheque\/\">\u00c9v\u00e9nements<\/a><span class=\"separator\"> c <\/span><span class=\"last\"><\/span><\/p><\/nav><\/div>\n\n\n    <div  class=\"zw-cgb  textblock black-color zw-content-pos-center  default-margin \">\n      <div class=\"row\">\n        <div class=\"zw-cgb-content col-12 g-0\">\n          <h2 class=\"zw-cgb headline \">La transition \u00e9nerg\u00e9tique&nbsp;: comment r\u00e9ussir sa mise en \u0153uvre&nbsp;?<\/h2><p class=\" zw-cgb fulltext \">Lors de cette table ronde des groupes de solutions \u00c9nergie et environnement et Grands projets d\u2019infrastructure, des directeurs g\u00e9n\u00e9raux et des managers par int\u00e9rim couronn\u00e9s de succ\u00e8s partageront leurs pr\u00e9cieux avis et points de vue sur la mani\u00e8re de mettre en \u0153uvre avec succ\u00e8s la transition \u00e9nerg\u00e9tique.<\/p>        <\/div>\n      <\/div>\n    <\/div>\n\n\n\n    <div  class=\"  zw-cgb  halb-halb-block boxed default-margin \">\n      <div class=\"row\">\n\n                  <div class=\"col-lg-6 col-12 image order-1  px-0\">\n            <span class=\"copyright-image\"><\/span><img decoding=\"async\" loading=\"lazy\" alt=\"atreus_\" src=\"https:\/\/www.atreus.de\/wp-content\/uploads\/2023\/09\/Roundtable-Energie-26-Sep-2023.jpg\" srcset=\"https:\/\/www.atreus.de\/wp-content\/uploads\/2023\/09\/Roundtable-Energie-26-Sep-2023.jpg 1024w, https:\/\/www.atreus.de\/wp-content\/uploads\/2023\/09\/Roundtable-Energie-26-Sep-2023-768x639.jpg 768w, https:\/\/www.atreus.de\/wp-content\/uploads\/2023\/09\/Roundtable-Energie-26-Sep-2023-480x399.jpg 480w\" sizes=\"(max-width: 1024px) 100vw, 1024px\" style=\"aspect-ratio:1024\/852 !important\" title=\"atreus_\">          <\/div>\n          <div class=\"half-content has-padding col-lg-6 col-12 order-2  black-color small-headline\"><div class=\"inner-content parent-has-padding\"><p class=\" zw-cgb fulltext \">L\u2019impact de la <strong>transition \u00e9nerg\u00e9tique <\/strong>sur les d\u00e9cisions d\u2019implantation des entreprises en Allemagne est tr\u00e8s important. \u00c0 une \u00e9poque o\u00f9 le terme <strong>de d\u00e9sindustrialisation<\/strong> est dans l\u2019air, un d\u00e9bat controvers\u00e9 s\u2019\u00e9l\u00e8ve entre autres autour du <strong>prix de l\u2019\u00e9lectricit\u00e9 industrielle<\/strong>. Alors que la transition \u00e9nerg\u00e9tique prend de l\u2019ampleur, elle a encore besoin de travailleurs acharn\u00e9s, de nombreux projets et d\u2019un large soutien pour devenir une r\u00e9alit\u00e9.<\/p><p class=\" zw-cgb fulltext \">Il est essentiel de se pencher sur la direction que prend l\u2019Allemagne du point de vue des entreprises. <strong>Les managers de transition<\/strong> peuvent jouer un r\u00f4le essentiel en faisant avancer des projets nationaux importants et en aidant les entreprises \u00e0 relever ces d\u00e9fis avec succ\u00e8s&nbsp;: comment r\u00e9ussir la <strong>transformation&nbsp;<\/strong>? Comment la transition \u00e9nerg\u00e9tique influence-t-elle exactement la strat\u00e9gie commerciale&nbsp;? Quelles sont les opportunit\u00e9s qui d\u00e9coulent de ces changements&nbsp;?<\/p><p class=\" zw-cgb fulltext \"><strong>Nous avons discut\u00e9 de ces questions avec des experts et des managers d\u2019Atreus en petit comit\u00e9 dans nos locaux \u00e0 Munich. Vous avez la possibilit\u00e9 de visionner les principales conclusions sous forme de vid\u00e9o. Vous la trouverez plus bas sur cette page.<\/strong><\/p><div class=\"link-container\"><\/div><\/div><\/div>              <\/div>\n\n    <\/div>\n\n\n\r\n    <div  class=\"zw-cgb  intern-zitat-style  zitat-block black-color default-margin default-padding \">\r\n      <div class=\"row zitat-row\">\r\n        <div class=\" image-container g-0 order-1  col-menu-5 col-12 \">\r\n          <a href=\"https:\/\/www.atreus.de\/fr\/equipe\/thomas-glaser\/\">          <div class=\"img-with-gradient\">\r\n\r\n            <span class=\"copyright-image\"><\/span><img decoding=\"async\" loading=\"lazy\" alt=\"atreus_\" src=\"https:\/\/www.atreus.de\/wp-content\/uploads\/2023\/07\/gla-th-v3.png\" srcset=\"https:\/\/www.atreus.de\/wp-content\/uploads\/2023\/07\/gla-th-v3.png 555w, https:\/\/www.atreus.de\/wp-content\/uploads\/2023\/07\/gla-th-v3-480x600.png 480w\" sizes=\"(max-width: 1024px) 100vw, 1024px\" style=\"aspect-ratio:555\/694 !important\" title=\"atreus_\">            <div class=\"linear-gradient-container\"><\/div>\r\n          <\/div>\r\n\r\n\r\n\r\n          <div class=\"zitat-img-text-container\"><div class=\"zitat-name-container fulltext\"><span>Thomas  Gl\u00e4\u1e9eer<\/span><\/div><div class=\"zitat-discription-container fulltext\"><span>Partenaire et responsable du Solution Group Infrastructure et grands projets<\/span><\/div><\/div>          <\/a>        <\/div>\r\n        <div class=\"g-0 zitat-text-container order-2 col-menu-7 col-12 \">\r\n          <div class=\"zitat-text\"><span class=\"zitat-start-icon atreus-font\">D<\/span><p class=\"zw-cgb fulltext\">\u201eDes comp\u00e9tences modifi\u00e9es sont n\u00e9cessaires et nous devons repenser le th\u00e8me du leadership. Cela signifie que nous devons regarder vers l\u2019avant dans tous les secteurs, nous inspirer des projets men\u00e9s avec succ\u00e8s, g\u00e9rer les risques et toujours placer la r\u00e9ussite au centre de nos pr\u00e9occupations. C\u2019est la quintessence d\u2019un parcours r\u00e9ussi pour le futur, afin de faire avancer le tournant \u00e9nerg\u00e9tique tout en garantissant durablement la comp\u00e9titivit\u00e9 de notre pays.\u201c<\/p><\/div>                  <\/div>\r\n\r\n      <\/div>\r\n    <\/div>\r\n\n\n\r\n    <div  class=\"zw-cgb  intern-zitat-style  zitat-block black-color default-margin default-padding \">\r\n      <div class=\"row zitat-row\">\r\n        <div class=\" image-container g-0 order-1 order-lg-2  col-menu-5 col-12 \">\r\n          <a href=\"https:\/\/www.atreus.de\/fr\/equipe\/martin-schulz\/\">          <div class=\"img-with-gradient\">\r\n\r\n            <span class=\"copyright-image\"><\/span><img decoding=\"async\" loading=\"lazy\" alt=\"atreus_\" src=\"https:\/\/www.atreus.de\/wp-content\/uploads\/2023\/07\/sch-ma-v6.png\" srcset=\"https:\/\/www.atreus.de\/wp-content\/uploads\/2023\/07\/sch-ma-v6.png 555w, https:\/\/www.atreus.de\/wp-content\/uploads\/2023\/07\/sch-ma-v6-480x600.png 480w\" sizes=\"(max-width: 1024px) 100vw, 1024px\" style=\"aspect-ratio:555\/694 !important\" title=\"atreus_\">            <div class=\"linear-gradient-container\"><\/div>\r\n          <\/div>\r\n\r\n\r\n\r\n          <div class=\"zitat-img-text-container\"><div class=\"zitat-name-container fulltext\"><span>Martin  Schulz<\/span><\/div><div class=\"zitat-discription-container fulltext\"><span>Partenaire et responsable du Solution Group \u00e9nergie et environnement\r\n<\/span><\/div><\/div>          <\/a>        <\/div>\r\n        <div class=\"g-0 zitat-text-container order-2 order-lg-1 col-menu-7 col-12 \">\r\n          <div class=\"zitat-text\"><span class=\"zitat-start-icon atreus-font\">D<\/span><p class=\"zw-cgb fulltext\">\u201eL\u2019Allemagne repose sur des bases solides, mais pour un avenir durable, des mesures de grande envergure sont n\u00e9cessaires. Un consensus social, une vaste offensive de formation ainsi qu\u2019une meilleure coh\u00e9sion entre l\u2019industrie et la politique sont indispensables. Parall\u00e8lement, l\u2019ouverture technologique et les incitations \u00e0 la croissance rev\u00eatent une importance croissante pour la r\u00e9ussite de la transition \u00e9nerg\u00e9tique.\u201c<\/p><\/div>                  <\/div>\r\n\r\n      <\/div>\r\n    <\/div>\r\n\n\n\n    <div  class=\"zw-cgb  textblock black-color zw-content-pos-center  default-margin \">\n      <div class=\"row\">\n        <div class=\"zw-cgb-content col-12 g-0\">\n          <h2 class=\"zw-cgb headline \">Regardez les principales conclusions de l\u2019\u00e9v\u00e9nement en vid\u00e9o&nbsp;: <\/h2>        <\/div>\n      <\/div>\n    <\/div>\n\n\n\n\r\n    <div id=\"06b53f48-a9ed-407d-8012-69fc86b22419\" class=\"zw-cgb  videoEmbedBlock black-color default-margin  zw-atr-portrait-pos-default zw-atr-landscape-pos-default show-background-image\">\r\n      <div class=\"row\">\r\n        <div class=\"col-12 g-0 content-wrapper\">\r\n          <div class=\"bg-image\"><span class=\"copyright-image\"><\/span><img decoding=\"async\" class=\"zw-img d-none d-menu-block\" loading=\"lazy\" alt=\"atreus_\" src=\"https:\/\/www.atreus.de\/wp-content\/uploads\/2022\/03\/teaser-background-video-block.jpg\" srcset=\"https:\/\/www.atreus.de\/wp-content\/uploads\/2022\/03\/teaser-background-video-block.jpg 1920w, https:\/\/www.atreus.de\/wp-content\/uploads\/2022\/03\/teaser-background-video-block-768x288.jpg 768w, https:\/\/www.atreus.de\/wp-content\/uploads\/2022\/03\/teaser-background-video-block-1024x384.jpg 1024w, https:\/\/www.atreus.de\/wp-content\/uploads\/2022\/03\/teaser-background-video-block-480x180.jpg 480w, https:\/\/www.atreus.de\/wp-content\/uploads\/2022\/03\/teaser-background-video-block-1440x540.jpg 1440w\" sizes=\"(max-width: 1920px) 100vw, 1920px\" style=\"aspect-ratio:1920\/720 !important\" title=\"atreus_\"><\/div><div class=\"zw-video-container embed\"><div class=\"image-container\"><span class=\"copyright-image\">\u00a9 Real Fantasy Art &#8211; stock.adobe.com<\/span><img decoding=\"async\" loading=\"lazy\" alt=\"atreus_\" src=\"https:\/\/www.atreus.de\/wp-content\/uploads\/2023\/08\/header-20230802-RT-Enrergie-Infr-Grosspr.jpg\" srcset=\"https:\/\/www.atreus.de\/wp-content\/uploads\/2023\/08\/header-20230802-RT-Enrergie-Infr-Grosspr.jpg 1920w, https:\/\/www.atreus.de\/wp-content\/uploads\/2023\/08\/header-20230802-RT-Enrergie-Infr-Grosspr-768x432.jpg 768w, https:\/\/www.atreus.de\/wp-content\/uploads\/2023\/08\/header-20230802-RT-Enrergie-Infr-Grosspr-1024x576.jpg 1024w, https:\/\/www.atreus.de\/wp-content\/uploads\/2023\/08\/header-20230802-RT-Enrergie-Infr-Grosspr-480x270.jpg 480w, https:\/\/www.atreus.de\/wp-content\/uploads\/2023\/08\/header-20230802-RT-Enrergie-Infr-Grosspr-1440x810.jpg 1440w\" sizes=\"(max-width: 750px) 100vw, 750px\" style=\"aspect-ratio:1920\/1080 !important\" title=\"atreus_\"><span class=\"play-button-image\" onClick=\"zw_create_video(&quot; &lt;div class=\\&quot;brlbs-cmpnt-container brlbs-cmpnt-content-blocker brlbs-cmpnt-with-individual-styles\\&quot; data-borlabs-cookie-content-blocker-id=\\&quot;vimeo-content-blocker\\&quot; data-borlabs-cookie-content=\\&quot;PGlmcmFtZSB0aXRsZT0iUm91bmR0YWJsZSAmcXVvdDtFbmVyZ2lld2VuZGUgdW5kIGlocmUgRm9sZ2VuJnF1b3Q7IC0gMjYuMDkuMjAyMyIgc3JjPSJodHRwczovL3BsYXllci52aW1lby5jb20vdmlkZW8vODY5NDMzNDcxP2RudD0xJmFtcDthcHBfaWQ9MTIyOTYzIiB3aWR0aD0iOTYwIiBoZWlnaHQ9IjU0MCIgZnJhbWVib3JkZXI9IjAiIGFsbG93PSJhdXRvcGxheTsgZnVsbHNjcmVlbjsgcGljdHVyZS1pbi1waWN0dXJlOyBjbGlwYm9hcmQtd3JpdGU7IGVuY3J5cHRlZC1tZWRpYTsgd2ViLXNoYXJlIiByZWZlcnJlcnBvbGljeT0ic3RyaWN0LW9yaWdpbi13aGVuLWNyb3NzLW9yaWdpbiI+PC9pZnJhbWU+\\&quot;&gt;&lt;div class=\\&quot;brlbs-cmpnt-cb-preset-c brlbs-cmpnt-cb-vimeo\\&quot;&gt; &lt;div class=\\&quot;brlbs-cmpnt-cb-thumbnail\\&quot; style=\\&quot;background-image: url(&#039;https:\\\/\\\/www.atreus.de\\\/wp-content\\\/uploads\\\/borlabs-cookie\\\/1\\\/vimeo_869433471.jpg&#039;)\\&quot;&gt;&lt;\\\/div&gt; &lt;div class=\\&quot;brlbs-cmpnt-cb-main\\&quot;&gt; &lt;div class=\\&quot;brlbs-cmpnt-cb-play-button\\&quot;&gt;&lt;\\\/div&gt; &lt;div class=\\&quot;brlbs-cmpnt-cb-content\\&quot;&gt; &lt;p class=\\&quot;brlbs-cmpnt-cb-description\\&quot;&gt;Vous \\u00eates actuellement en train de consulter le contenu d&#039;un espace r\\u00e9serv\\u00e9 de &lt;strong&gt;Vimeo&lt;\\\/strong&gt;. Pour acc\\u00e9der au contenu r\\u00e9el, cliquez sur le bouton ci-dessous. Veuillez noter que ce faisant, des donn\\u00e9es seront partag\\u00e9es avec des providers tiers.&lt;\\\/p&gt; &lt;a class=\\&quot;brlbs-cmpnt-cb-provider-toggle\\&quot; href=\\&quot;#\\&quot; data-borlabs-cookie-show-provider-information role=\\&quot;button\\&quot;&gt;Plus d&#039;informations&lt;\\\/a&gt; &lt;\\\/div&gt; &lt;div class=\\&quot;brlbs-cmpnt-cb-buttons\\&quot;&gt; &lt;a class=\\&quot;brlbs-cmpnt-cb-btn\\&quot; href=\\&quot;#\\&quot; data-borlabs-cookie-unblock role=\\&quot;button\\&quot;&gt;D\\u00e9bloquer le contenu&lt;\\\/a&gt; &lt;a class=\\&quot;brlbs-cmpnt-cb-btn\\&quot; href=\\&quot;#\\&quot; data-borlabs-cookie-accept-service role=\\&quot;button\\&quot; style=\\&quot;display: inherit\\&quot;&gt;Accepter le service requis et d\\u00e9bloquer les contenus&lt;\\\/a&gt; &lt;\\\/div&gt; &lt;\\\/div&gt; &lt;\\\/div&gt;&lt;\\\/div&gt;&quot;,'06b53f48-a9ed-407d-8012-69fc86b22419','vimeo-content-blocker')\"><img decoding=\"async\" loading=\"lazy\" width=\"60\" height=\"70\" alt=\"AtreusPlay\" src=\"https:\/\/www.atreus.de\/wp-content\/themes\/zw-atr-theme\/assets\/images\/Play_Button_wei\u00df.png\" title=\"atreus_\"><\/span><\/div><\/div>        <\/div>\r\n      <\/div>\r\n    <\/div>\r\n\r\n\n\n\n<div style=\"height:100px\" aria-hidden=\"true\" class=\"wp-block-spacer is-style-zw-default-color\"><\/div>\n\n\n\n\n\n\n\n\n\n<div style=\"height:100px\" aria-hidden=\"true\" class=\"wp-block-spacer\"><\/div>\n\n\n    <div  class=\"zw-cgb  change-padding  infoblock default-margin black-color  \">\n      <div class=\" row\">\n        <div class=\"zw-cgb-content has-padding col-12\">\n          <div class=\"preheadline-container parent-has-padding\"><p class=\" zw-cgb preheadline ' .  . '\">Nos intervenants<\/p><\/div><div class=\"inner-content parent-has-padding\"><div class=\"link-container\"><\/div><\/div>        <\/div>\n      <\/div>\n    <\/div>\n\n\n\r\n    <div  class=\"zw-cgb  extern-zitat-block black-color default-margin  \">\r\n      <div class=\"row zitat-row\">\r\n        <div class=\" image-container g-0 order-1 order-lg-2  col-menu-3 col-12 \">\r\n\r\n          <div class=\"bg-image\">\r\n            <span class=\"copyright-image\"><\/span><img decoding=\"async\" class=\"responsive-img\" alt=\"atreus_\" src=\"https:\/\/www.atreus.de\/wp-content\/uploads\/2023\/08\/spr-he.jpg\" srcset=\"https:\/\/www.atreus.de\/wp-content\/uploads\/2023\/08\/spr-he.jpg 242w, https:\/\/www.atreus.de\/wp-content\/uploads\/2023\/08\/spr-he-150x150.jpg 150w\" sizes=\"(max-width: 1024px) 100vw, 1024px\" style=\"aspect-ratio:242\/242 !important\" title=\"atreus_\">          <\/div>\r\n\r\n          <div class=\"zitat-img-text-container\"><div class=\"zitat-name-container fulltext\"><span>Heinz Spremberg<\/span><\/div><div class=\"zitat-discription-container fulltext\"><span>Responsable de la transformation et manager multiprojets<\/span><\/div><\/div>\r\n        <\/div>\r\n        <div class=\"g-0 zitat-text-container order-2 order-lg-1 col-menu-9 col-12 \">\r\n          <p class=\" zw-cgb fulltext \"><strong>Les principaux secteurs d\u2019activit\u00e9 de Heinz Spremberg sont la technique et la production des m\u00e9dias ainsi que les \u00e9nergies renouvelables et l\u2019infrastructure \u00e9nerg\u00e9tique.<\/strong><\/p><p class=\" zw-cgb fulltext \">Heinz Spremberg a d\u00e9velopp\u00e9 ses comp\u00e9tences entrepreneuriales, entre autres, pendant 8 ans en tant que conseiller en entreprise (par exemple Capgemini), en se concentrant sur la strat\u00e9gie, la cr\u00e9ation de valeur et le d\u00e9veloppement organisationnel. Il a \u00e9galement \u00e9t\u00e9 directeur g\u00e9n\u00e9ral pendant 15 ans (par exemple DREFA Media Holding avec 14 filiales), avec pour points forts la strat\u00e9gie, les op\u00e9rations, la restructuration et la gestion du changement, et a travaill\u00e9 pendant pr\u00e8s de 3 ans comme manager de transition (VSB-Group avec 9 soci\u00e9t\u00e9s nationales), avec pour points forts la transformation et la gestion de la croissance internationale. En particulier, au cours des deux derni\u00e8res ann\u00e9es et demie, M. Spremberg a dirig\u00e9 en parall\u00e8le plus de 20 projets de transformation d\u2019un groupe d\u2019entreprises international en tant que manager de transition dans la fonction de \u00ab&nbsp;Chief of Transformation&nbsp;\u00bb y compris la mise en place d\u2019un PMO.<\/p>                  <\/div>\r\n      <\/div>\r\n    <\/div>\r\n\n\n\r\n    <div  class=\"zw-cgb  extern-zitat-block black-color default-margin  \">\r\n      <div class=\"row zitat-row\">\r\n        <div class=\" image-container g-0 order-1  col-menu-3 col-12 \">\r\n\r\n          <div class=\"bg-image\">\r\n            <span class=\"copyright-image\"><\/span><img decoding=\"async\" class=\"responsive-img\" alt=\"atreus_\" src=\"https:\/\/www.atreus.de\/wp-content\/uploads\/2023\/08\/boe-sv.jpg\" srcset=\"https:\/\/www.atreus.de\/wp-content\/uploads\/2023\/08\/boe-sv.jpg 242w, https:\/\/www.atreus.de\/wp-content\/uploads\/2023\/08\/boe-sv-150x150.jpg 150w\" sizes=\"(max-width: 1024px) 100vw, 1024px\" style=\"aspect-ratio:242\/242 !important\" title=\"atreus_\">          <\/div>\r\n\r\n          <div class=\"zitat-img-text-container\"><div class=\"zitat-name-container fulltext\"><span>Sven B\u00f6hm<\/span><\/div><div class=\"zitat-discription-container fulltext\"><span>Conseiller principal en finances et directeur financier<\/span><\/div><\/div>\r\n        <\/div>\r\n        <div class=\"g-0 zitat-text-container order-2 col-menu-9 col-12 \">\r\n          <p class=\" zw-cgb fulltext \"><strong>Sven B\u00f6hm \u00e9tait derni\u00e8rement, de 2018 \u00e0 mars 2023, directeur financier de Solarwatt GmbH \u00e0 Dresde, un fournisseur leader d\u2019\u00e9nergie d\u00e9centralis\u00e9e sans CO2. Outre la comptabilit\u00e9 et le contr\u00f4le de gestion, il \u00e9tait \u00e9galement responsable de la production (jusqu\u2019en 2020), des achats, de l\u2019informatique, des RH et de la logistique. <\/strong><\/p><p class=\" zw-cgb fulltext \">Outre les projets F&amp;A, il a notamment fait avancer l\u2019am\u00e9lioration et la num\u00e9risation de la gestion de l\u2019entreprise et la professionnalisation des achats. M. B\u00f6hm occupe \u00e9galement un si\u00e8ge au conseil d\u2019administration d\u2019une PME am\u00e9ricaine.<br>Avant Solarwatt, il a occup\u00e9 des postes sp\u00e9cifiques dans le domaine de l\u2019\u00e9nergie, par exemple chez RWE et ista, ainsi que dans la direction d\u2019entreprises de portefeuille PE. M. B\u00f6hm a \u00e9tudi\u00e9 les sciences \u00e9conomiques \u00e0 l\u2019universit\u00e9 de la Ruhr \u00e0 Bochum.<\/p><p class=\" zw-cgb fulltext \"><\/p>                  <\/div>\r\n      <\/div>\r\n    <\/div>\r\n\n\n\r\n    <div  class=\"zw-cgb  extern-zitat-block black-color default-margin  \">\r\n      <div class=\"row zitat-row\">\r\n        <div class=\" image-container g-0 order-1 order-lg-2  col-menu-3 col-12 \">\r\n\r\n          <div class=\"bg-image\">\r\n            <span class=\"copyright-image\"><\/span><img decoding=\"async\" class=\"responsive-img\" alt=\"atreus_\" src=\"https:\/\/www.atreus.de\/wp-content\/uploads\/2023\/08\/mei-gu.jpg\" srcset=\"https:\/\/www.atreus.de\/wp-content\/uploads\/2023\/08\/mei-gu.jpg 242w, https:\/\/www.atreus.de\/wp-content\/uploads\/2023\/08\/mei-gu-150x150.jpg 150w\" sizes=\"(max-width: 1024px) 100vw, 1024px\" style=\"aspect-ratio:242\/242 !important\" title=\"atreus_\">          <\/div>\r\n\r\n          <div class=\"zitat-img-text-container\"><div class=\"zitat-name-container fulltext\"><span>Hans-G\u00fcnter Meier<\/span><\/div><div class=\"zitat-discription-container fulltext\"><span>Conseiller principal en \u00e9nergie et finances<\/span><\/div><\/div>\r\n        <\/div>\r\n        <div class=\"g-0 zitat-text-container order-2 order-lg-1 col-menu-9 col-12 \">\r\n          <p class=\" zw-cgb fulltext \"><strong>Au cours des 10 derni\u00e8res ann\u00e9es, Hans-G\u00fcnter Meier a \u00e9t\u00e9 membre du conseil d\u2019administration de la Stadtwerke D\u00fcsseldorf, o\u00f9 il \u00e9tait notamment responsable des finances, du contr\u00f4le de gestion, des participations et des achats. <\/strong><\/p><p class=\" zw-cgb fulltext \">Auparavant, il a travaill\u00e9 pendant plus de 15 ans pour diff\u00e9rents fournisseurs d\u2019\u00e9nergie, notamment chez EnBW ou Gasversorgung S\u00fcddeutschland Gmbh. Durant cette p\u00e9riode, il a occup\u00e9 diff\u00e9rents postes de directeur ou de chef de projet. Ses domaines de pr\u00e9dilection sont les finances, le contr\u00f4le de gestion, les achats, le droit, les ressources humaines et l\u2019informatique.<\/p><p class=\" zw-cgb fulltext \">Hans-G\u00fcnter Meier a une formation d\u2019employ\u00e9 de banque et a \u00e9tudi\u00e9 l\u2019\u00e9conomie d\u2019entreprise \u00e0 l\u2019universit\u00e9 de Mannheim.<\/p>                  <\/div>\r\n      <\/div>\r\n    <\/div>\r\n\n\n\n\n    <div  class=\"zw-cgb  change-padding  infoblock default-margin black-color  \">\n      <div class=\" row\">\n        <div class=\"zw-cgb-content has-padding col-12\">\n          <div class=\"preheadline-container parent-has-padding\"><p class=\" zw-cgb preheadline ' .  . '\">Nous sommes \u00e0 votre disposition pour toute question<\/p><\/div><div class=\"inner-content parent-has-padding\"><div class=\"link-container\"><\/div><\/div>        <\/div>\n      <\/div>\n    <\/div>\n\n\n<div id=\"FB-Energiewende-20220613\"class=\"zw-cgb speaker-160 team-member black-colordefault-margin \"><div class=\"zw-cgb-content member-row row\">\r\n\r\n    <div class=\"col-menu-3 col-lg-4 col-md-6 col-12 single-team-member px-0 intern-view \">\r\n    <a href=\"https:\/\/www.atreus.de\/fr\/equipe\/martin-schulz\/\">\r\n\r\n    <div class=\" image-container g-0\">\r\n      <div class=\"img-with-gradient\">\r\n\r\n        <img decoding=\"async\" loading=\"lazy\" alt=\"atreus_\" src=\"https:\/\/www.atreus.de\/wp-content\/uploads\/2023\/07\/sch-ma-v6.png\" srcset=\"https:\/\/www.atreus.de\/wp-content\/uploads\/2023\/07\/sch-ma-v6.png 555w, https:\/\/www.atreus.de\/wp-content\/uploads\/2023\/07\/sch-ma-v6-480x600.png 480w\" sizes=\"(max-width: 1024px) 100vw, 1024px\" style=\"aspect-ratio:555\/694 !important\" title=\"atreus_\">        <div class=\"linear-gradient-container\"><\/div>\r\n      <\/div>\r\n\r\n      <\/a>      <div class=\"team-member-content\"><div class=\"team-member-name fulltext\"><a href=\"https:\/\/www.atreus.de\/fr\/equipe\/martin-schulz\/\"><span>Martin  Schulz<\/span><\/a><\/div><div class=\"team-member-description fulltext\"><a href=\"https:\/\/www.atreus.de\/fr\/equipe\/martin-schulz\/\"><span>Partenaire et responsable du Solution Group \u00e9nergie et environnement\r\n<\/span><\/a><\/div><div class=\"team-member-phone\"><a href=\"tel:+49 89 452249-115\"><span>+49 89 452249-115<\/span><\/a><\/div><div class=\"team-member-icon-container\"><div class=\"team-member-email\"><a class=\"atreus-font\" href=\"mailto:Martin.Schulz@atreus.de\">h<\/a><\/div><div class=\"team-member-linkedin\"><a class=\"atreus-font\" target=\"_blank\" href=\"https:\/\/www.linkedin.com\/in\/martinschulz2\/\" rel=\"noopener\">3<\/a><\/div><\/div><\/div>    <\/div>\r\n\r\n    <\/div>\r\n\r\n\r\n\r\n    <div class=\"col-menu-3 col-lg-4 col-md-6 col-12 single-team-member px-0 intern-view \">\r\n    <a href=\"https:\/\/www.atreus.de\/fr\/equipe\/thomas-glaser\/\">\r\n\r\n    <div class=\" image-container g-0\">\r\n      <div class=\"img-with-gradient\">\r\n\r\n        <img decoding=\"async\" loading=\"lazy\" alt=\"atreus_\" src=\"https:\/\/www.atreus.de\/wp-content\/uploads\/2023\/07\/gla-th-v3.png\" srcset=\"https:\/\/www.atreus.de\/wp-content\/uploads\/2023\/07\/gla-th-v3.png 555w, https:\/\/www.atreus.de\/wp-content\/uploads\/2023\/07\/gla-th-v3-480x600.png 480w\" sizes=\"(max-width: 1024px) 100vw, 1024px\" style=\"aspect-ratio:555\/694 !important\" title=\"atreus_\">        <div class=\"linear-gradient-container\"><\/div>\r\n      <\/div>\r\n\r\n      <\/a>      <div class=\"team-member-content\"><div class=\"team-member-name fulltext\"><a href=\"https:\/\/www.atreus.de\/fr\/equipe\/thomas-glaser\/\"><span>Thomas  Gl\u00e4\u1e9eer<\/span><\/a><\/div><div class=\"team-member-description fulltext\"><a href=\"https:\/\/www.atreus.de\/fr\/equipe\/thomas-glaser\/\"><span>Partenaire et responsable du Solution Group Infrastructure et grands projets<\/span><\/a><\/div><div class=\"team-member-phone\"><a href=\"tel:+49 89 452249-555\"><span>+49 89 452249-555<\/span><\/a><\/div><div class=\"team-member-icon-container\"><div class=\"team-member-email\"><a class=\"atreus-font\" href=\"mailto:thomas.glaesser@atreus.de\">h<\/a><\/div><div class=\"team-member-linkedin\"><a class=\"atreus-font\" target=\"_blank\" href=\"https:\/\/www.linkedin.com\/in\/thomasglaesser\/\" rel=\"noopener\">3<\/a><\/div><\/div><\/div>    <\/div>\r\n\r\n    <\/div>\r\n\r\n<\/div><\/div>\n\n    <div  class=\"zw-cgb  change-padding  infoblock default-margin black-color  \">\n      <div class=\" row\">\n        <div class=\"zw-cgb-content has-padding col-12\">\n          <div class=\"preheadline-container parent-has-padding\"><p class=\" zw-cgb preheadline ' .  . '\">Cet article pourrait \u00e9galement vous int\u00e9resser&nbsp;:<\/p><\/div><div class=\"inner-content parent-has-padding\"><div class=\"link-container\"><\/div><\/div>        <\/div>\n      <\/div>\n    <\/div>\n\n\n\n    <div  class=\"zw-cgb  latestPosts default-margin \">\n      <div class=\"row zw-cgb-content\">\n        \n      <div  class=\"zw-cgb latestPostsContent px-0 col-12 publication content-2-3  show-featured-image \">\n\n\n        <div class=\"image-container single-featured\"><a href=\"https:\/\/www.atreus.de\/fr\/publication\/etude\/tournant-energetique-et-ses-consequences\/\"><span class=\"copyright-image\"><\/span><img decoding=\"async\" loading=\"lazy\" alt=\"atreus_\" src=\"https:\/\/www.atreus.de\/wp-content\/uploads\/2023\/08\/teaser-4zu3-20230802-RT-Enrergie-Infr-Grosspr.jpg\" srcset=\"https:\/\/www.atreus.de\/wp-content\/uploads\/2023\/08\/teaser-4zu3-20230802-RT-Enrergie-Infr-Grosspr.jpg 823w, https:\/\/www.atreus.de\/wp-content\/uploads\/2023\/08\/teaser-4zu3-20230802-RT-Enrergie-Infr-Grosspr-768x578.jpg 768w, https:\/\/www.atreus.de\/wp-content\/uploads\/2023\/08\/teaser-4zu3-20230802-RT-Enrergie-Infr-Grosspr-480x361.jpg 480w\" sizes=\"(max-width: 1024px) 100vw, 1024px\" style=\"aspect-ratio:823\/619 !important\" title=\"atreus_\"><\/a><\/div><div class=\"image-container double-featured\"><a href=\"https:\/\/www.atreus.de\/fr\/publication\/etude\/tournant-energetique-et-ses-consequences\/\"><span class=\"copyright-image\"><\/span><img decoding=\"async\" loading=\"lazy\" alt=\"atreus_\" src=\"https:\/\/www.atreus.de\/wp-content\/uploads\/2023\/08\/teaser-landscape-20230802-RT-Enrergie-Infr-Grosspr.jpg\" srcset=\"https:\/\/www.atreus.de\/wp-content\/uploads\/2023\/08\/teaser-landscape-20230802-RT-Enrergie-Infr-Grosspr.jpg 1098w, https:\/\/www.atreus.de\/wp-content\/uploads\/2023\/08\/teaser-landscape-20230802-RT-Enrergie-Infr-Grosspr-768x288.jpg 768w, https:\/\/www.atreus.de\/wp-content\/uploads\/2023\/08\/teaser-landscape-20230802-RT-Enrergie-Infr-Grosspr-1024x384.jpg 1024w, https:\/\/www.atreus.de\/wp-content\/uploads\/2023\/08\/teaser-landscape-20230802-RT-Enrergie-Infr-Grosspr-480x180.jpg 480w\" sizes=\"(max-width: 1024px) 100vw, 1024px\" style=\"aspect-ratio:1098\/412 !important\" title=\"atreus_\"><\/a><\/div>        <div class=\"content-container has-excerpt posttype-publication blue-600 white-color\">\n          <div class=\"preheadline-container parent-has-padding\"><p class=\"zw-cgb preheadline\">\u00c9tude<\/p><\/div><a href=\"https:\/\/www.atreus.de\/fr\/publication\/etude\/tournant-energetique-et-ses-consequences\/\"><h2 class=\" zw-cgb headline\">Tournant \u00e9nerg\u00e9tique et ses cons\u00e9quences<\/h2><\/a><p class=\" zw-cgb fulltext\">L\u2019\u00e9tude met en \u00e9vidence une inqui\u00e9tude croissante des chefs d\u2019entreprise allemands quant \u00e0 l\u2019impact de la transition \u00e9nerg\u00e9tique. Les r\u00e9sultats de l\u2019enqu\u00eate montrent que de nombreux cadres sup\u00e9rieurs reconnaissent de plus en plus de d\u00e9savantages concurrentiels pour le site \u00e9conomique allemand.<\/p><div class=\"zw-cgb zw-cgb-button-container \"><a href=\"https:\/\/www.atreus.de\/fr\/publication\/etude\/tournant-energetique-et-ses-consequences\/\" class=\"zw-cgb btn btn-primary \">Lire la suite<\/a><\/div>        <\/div>\n            <\/div>\n      <div class=\"zw-spacer px-0\"><\/div>\n        <\/div>\n    <\/div>\n\n\n\n","protected":false},"author":12,"featured_media":404679,"menu_order":0,"template":"","newsticker-publication":[],"competences":[687,686],"industry-sectors":[700],"typ-event":[732],"kind-event":[],"class_list":["post-524315","event","type-event","status-publish","has-post-thumbnail","hentry","competences-durabilite","competences-grands-projets-dinfrastructure","industry-sectors-energie-et-environnement","typ-event-table-ronde"],"_links":{"self":[{"href":"https:\/\/www.atreus.de\/fr\/wp-json\/wp\/v2\/event\/524315","targetHints":{"allow":["GET"]}}],"collection":[{"href":"https:\/\/www.atreus.de\/fr\/wp-json\/wp\/v2\/event"}],"about":[{"href":"https:\/\/www.atreus.de\/fr\/wp-json\/wp\/v2\/types\/event"}],"author":[{"embeddable":true,"href":"https:\/\/www.atreus.de\/fr\/wp-json\/wp\/v2\/users\/12"}],"version-history":[{"count":0,"href":"https:\/\/www.atreus.de\/fr\/wp-json\/wp\/v2\/event\/524315\/revisions"}],"wp:featuredmedia":[{"embeddable":true,"href":"https:\/\/www.atreus.de\/fr\/wp-json\/wp\/v2\/media\/404679"}],"wp:attachment":[{"href":"https:\/\/www.atreus.de\/fr\/wp-json\/wp\/v2\/media?parent=524315"}],"wp:term":[{"taxonomy":"newsticker-publication","embeddable":true,"href":"https:\/\/www.atreus.de\/fr\/wp-json\/wp\/v2\/newsticker-publication?post=524315"},{"taxonomy":"competences","embeddable":true,"href":"https:\/\/www.atreus.de\/fr\/wp-json\/wp\/v2\/competences?post=524315"},{"taxonomy":"industry-sectors","embeddable":true,"href":"https:\/\/www.atreus.de\/fr\/wp-json\/wp\/v2\/industry-sectors?post=524315"},{"taxonomy":"typ-event","embeddable":true,"href":"https:\/\/www.atreus.de\/fr\/wp-json\/wp\/v2\/typ-event?post=524315"},{"taxonomy":"kind-event","embeddable":true,"href":"https:\/\/www.atreus.de\/fr\/wp-json\/wp\/v2\/kind-event?post=524315"}],"curies":[{"name":"wp","href":"https:\/\/api.w.org\/{rel}","templated":true}]}}