{"id":524318,"date":"2022-12-12T15:11:17","date_gmt":"2022-12-12T14:11:17","guid":{"rendered":"https:\/\/www.atreus.de\/?post_type=event&#038;p=524318"},"modified":"2024-10-28T08:52:29","modified_gmt":"2024-10-28T07:52:29","slug":"verte-et-resiliente-la-chaine-dapprovisionnement-chez-beiersdorf-et-ritter-sport","status":"publish","type":"event","link":"https:\/\/www.atreus.de\/fr\/evenement\/verte-et-resiliente-la-chaine-dapprovisionnement-chez-beiersdorf-et-ritter-sport\/","title":{"rendered":"Verte et r\u00e9siliente&nbsp;? La cha\u00eene d\u2019approvisionnement chez Beiersdorf et Ritter Sport"},"content":{"rendered":"<div  class=\"zw-cgb header-standard-block is-first-block desktop-has-image mobile-has-image default-margin white-color content-right content-up zw-atr-portrait-pos-left-bottom zw-atr-landscape-pos-left-bottom height-default \"><div class=\"row\"><div class=\"zw-cgb-content col-12 mx-auto\"><div  class=\"header-standard-inner-container\"><div class=\"bg-image\"><span class=\"copyright-image d-none d-lg-block\">Green factory: \u00a9 Beiersdorf\/Woman with cocoa \u00a9 Ritter Sport<\/span><img decoding=\"async\" class=\"respnsive-img d-none d-lg-block\" loading=\"lazy\" alt=\"atreus_\" src=\"https:\/\/www.atreus.de\/wp-content\/uploads\/2022\/12\/header-20230202-Alounge-KH-green-supply-chain.jpg\" srcset=\"https:\/\/www.atreus.de\/wp-content\/uploads\/2022\/12\/header-20230202-Alounge-KH-green-supply-chain.jpg 1920w, https:\/\/www.atreus.de\/wp-content\/uploads\/2022\/12\/header-20230202-Alounge-KH-green-supply-chain-768x432.jpg 768w, https:\/\/www.atreus.de\/wp-content\/uploads\/2022\/12\/header-20230202-Alounge-KH-green-supply-chain-1024x576.jpg 1024w, https:\/\/www.atreus.de\/wp-content\/uploads\/2022\/12\/header-20230202-Alounge-KH-green-supply-chain-480x270.jpg 480w, https:\/\/www.atreus.de\/wp-content\/uploads\/2022\/12\/header-20230202-Alounge-KH-green-supply-chain-1440x810.jpg 1440w\" sizes=\"(max-width: 1920px) 100vw, 1920px\" style=\"aspect-ratio:1920\/1080 !important\" title=\"atreus_\"><span class=\"copyright-image d-lg-none d-block\">Green factory: \u00a9 Beiersdorf\/Woman with cocoa \u00a9 Ritter Sport<\/span><img decoding=\"async\" class=\"responsive-img d-lg-none d-block\" loading=\"lazy\" alt=\"atreus_\" src=\"https:\/\/www.atreus.de\/wp-content\/uploads\/2022\/12\/teaser-startseite-20230202-Alounge-KH-green-supply-chain-1024x768.jpg\" srcset=\"https:\/\/www.atreus.de\/wp-content\/uploads\/2022\/12\/teaser-startseite-20230202-Alounge-KH-green-supply-chain-1024x768.jpg 1024w, https:\/\/www.atreus.de\/wp-content\/uploads\/2022\/12\/teaser-startseite-20230202-Alounge-KH-green-supply-chain-768x576.jpg 768w, https:\/\/www.atreus.de\/wp-content\/uploads\/2022\/12\/teaser-startseite-20230202-Alounge-KH-green-supply-chain-480x360.jpg 480w, https:\/\/www.atreus.de\/wp-content\/uploads\/2022\/12\/teaser-startseite-20230202-Alounge-KH-green-supply-chain-1440x1080.jpg 1440w, https:\/\/www.atreus.de\/wp-content\/uploads\/2022\/12\/teaser-startseite-20230202-Alounge-KH-green-supply-chain.jpg 1920w\" sizes=\"(max-width: 1024px) 100vw, 1024px\" style=\"aspect-ratio:1920\/1440 !important\" title=\"atreus_\"><\/div><div class=\"preheadline-container\"><div class=\"zw-breadcrumb-container black-color d-md-down-none\"><\/div><p class=\" zw-cgb preheadline zw-prevent-animation\">A\u00b7LOUNGE DIGITAL<\/p><h1 class=\" zw-cgb headline zw-prevent-animation\">Verte et r\u00e9siliente&nbsp;? La cha\u00eene d\u2019approvisionnement chez Beiersdorf et Ritter Sport<\/h1><\/div><\/div><\/div><\/div><\/div><div class=\"zw-breadcrumb-container black-color d-none d-md-down-block\"><nav aria-label=\"breadcrumbs\" class=\"rank-math-breadcrumb\"><p><span class=\"label\">c<\/span> <a href=\"https:\/\/www.atreus.de\/fr\">Home<\/a><span class=\"separator\"> c <\/span><a href=\"https:\/\/www.atreus.de\/fr\/publications-et-evenements\/mediatheque\/\">\u00c9v\u00e9nements<\/a><span class=\"separator\"> c <\/span><span class=\"last\"><\/span><\/p><\/nav><\/div>\n\n\n    <div  class=\"zw-cgb  textblock black-color zw-content-pos-center  default-margin \">\n      <div class=\"row\">\n        <div class=\"zw-cgb-content col-12 g-0\">\n          <h2 class=\"zw-cgb headline \">Des strat\u00e9gies innovantes et la voie vers la neutralit\u00e9 climatique<\/h2><h2 class=\"zw-cgb headline \">2 f\u00e9vrier 2023<\/h2><p class=\" zw-cgb fulltext \"><\/p>        <\/div>\n      <\/div>\n    <\/div>\n\n\n\n\n<div style=\"height:100px\" aria-hidden=\"true\" class=\"wp-block-spacer is-style-zw-default-color\"><\/div>\n\n\n\n    <div  class=\"zw-cgb  textblock black-color zw-content-pos-center  default-margin \">\n      <div class=\"row\">\n        <div class=\"zw-cgb-content col-12 g-0\">\n          <h2 class=\"zw-cgb headline \">Vous avez manqu\u00e9 l\u2019\u00e9v\u00e9nement&nbsp;?<\/h2><p class=\" zw-cgb fulltext \">Regardez le replay avec les principales informations&nbsp;:<\/p><p class=\" zw-cgb fulltext \"><\/p>        <\/div>\n      <\/div>\n    <\/div>\n\n\n\n\r\n    <div id=\"996c113c-2510-41cd-91ec-2909be20c364\" class=\"zw-cgb  videoEmbedBlock black-color default-margin  zw-atr-portrait-pos-default zw-atr-landscape-pos-default show-background-image\">\r\n      <div class=\"row\">\r\n        <div class=\"col-12 g-0 content-wrapper\">\r\n          <div class=\"bg-image\"><span class=\"copyright-image\"><\/span><img decoding=\"async\" class=\"zw-img d-none d-menu-block\" loading=\"lazy\" alt=\"atreus_\" src=\"https:\/\/www.atreus.de\/wp-content\/uploads\/2022\/03\/teaser-background-video-block.jpg\" srcset=\"https:\/\/www.atreus.de\/wp-content\/uploads\/2022\/03\/teaser-background-video-block.jpg 1920w, https:\/\/www.atreus.de\/wp-content\/uploads\/2022\/03\/teaser-background-video-block-768x288.jpg 768w, https:\/\/www.atreus.de\/wp-content\/uploads\/2022\/03\/teaser-background-video-block-1024x384.jpg 1024w, https:\/\/www.atreus.de\/wp-content\/uploads\/2022\/03\/teaser-background-video-block-480x180.jpg 480w, https:\/\/www.atreus.de\/wp-content\/uploads\/2022\/03\/teaser-background-video-block-1440x540.jpg 1440w\" sizes=\"(max-width: 1920px) 100vw, 1920px\" style=\"aspect-ratio:1920\/720 !important\" title=\"atreus_\"><\/div><div class=\"zw-video-container embed\"><div class=\"image-container\"><span class=\"copyright-image\">Green factory: \u00a9 Beiersdorf\/Woman with cocoa \u00a9 Ritter Sport<\/span><img decoding=\"async\" loading=\"lazy\" alt=\"atreus_\" src=\"https:\/\/www.atreus.de\/wp-content\/uploads\/2022\/12\/teaser-startseite-20230202-Alounge-KH-green-supply-chain.jpg\" srcset=\"https:\/\/www.atreus.de\/wp-content\/uploads\/2022\/12\/teaser-startseite-20230202-Alounge-KH-green-supply-chain.jpg 1920w, https:\/\/www.atreus.de\/wp-content\/uploads\/2022\/12\/teaser-startseite-20230202-Alounge-KH-green-supply-chain-768x576.jpg 768w, https:\/\/www.atreus.de\/wp-content\/uploads\/2022\/12\/teaser-startseite-20230202-Alounge-KH-green-supply-chain-1024x768.jpg 1024w, https:\/\/www.atreus.de\/wp-content\/uploads\/2022\/12\/teaser-startseite-20230202-Alounge-KH-green-supply-chain-480x360.jpg 480w, https:\/\/www.atreus.de\/wp-content\/uploads\/2022\/12\/teaser-startseite-20230202-Alounge-KH-green-supply-chain-1440x1080.jpg 1440w\" sizes=\"(max-width: 750px) 100vw, 750px\" style=\"aspect-ratio:1920\/1440 !important\" title=\"atreus_\"><span class=\"play-button-image\" onClick=\"zw_create_video(&quot; &lt;div class=\\&quot;brlbs-cmpnt-container brlbs-cmpnt-content-blocker brlbs-cmpnt-with-individual-styles\\&quot; data-borlabs-cookie-content-blocker-id=\\&quot;vimeo-content-blocker\\&quot; data-borlabs-cookie-content=\\&quot;PGlmcmFtZSB0aXRsZT0iQV9Mb3VuZ2VfR3JlZW5fQW5kX1Jlc2lsaWVudCIgc3JjPSJodHRwczovL3BsYXllci52aW1lby5jb20vdmlkZW8vNzk1ODMyOTYxP2RudD0xJmFtcDthcHBfaWQ9MTIyOTYzIiB3aWR0aD0iOTYwIiBoZWlnaHQ9IjU0MCIgZnJhbWVib3JkZXI9IjAiIGFsbG93PSJhdXRvcGxheTsgZnVsbHNjcmVlbjsgcGljdHVyZS1pbi1waWN0dXJlOyBjbGlwYm9hcmQtd3JpdGU7IGVuY3J5cHRlZC1tZWRpYTsgd2ViLXNoYXJlIiByZWZlcnJlcnBvbGljeT0ic3RyaWN0LW9yaWdpbi13aGVuLWNyb3NzLW9yaWdpbiI+PC9pZnJhbWU+\\&quot;&gt;&lt;div class=\\&quot;brlbs-cmpnt-cb-preset-c brlbs-cmpnt-cb-vimeo\\&quot;&gt; &lt;div class=\\&quot;brlbs-cmpnt-cb-thumbnail\\&quot; style=\\&quot;background-image: url(&#039;https:\\\/\\\/www.atreus.de\\\/wp-content\\\/uploads\\\/borlabs-cookie\\\/1\\\/vimeo_795832961.jpg&#039;)\\&quot;&gt;&lt;\\\/div&gt; &lt;div class=\\&quot;brlbs-cmpnt-cb-main\\&quot;&gt; &lt;div class=\\&quot;brlbs-cmpnt-cb-play-button\\&quot;&gt;&lt;\\\/div&gt; &lt;div class=\\&quot;brlbs-cmpnt-cb-content\\&quot;&gt; &lt;p class=\\&quot;brlbs-cmpnt-cb-description\\&quot;&gt;Vous \\u00eates actuellement en train de consulter le contenu d&#039;un espace r\\u00e9serv\\u00e9 de &lt;strong&gt;Vimeo&lt;\\\/strong&gt;. Pour acc\\u00e9der au contenu r\\u00e9el, cliquez sur le bouton ci-dessous. Veuillez noter que ce faisant, des donn\\u00e9es seront partag\\u00e9es avec des providers tiers.&lt;\\\/p&gt; &lt;a class=\\&quot;brlbs-cmpnt-cb-provider-toggle\\&quot; href=\\&quot;#\\&quot; data-borlabs-cookie-show-provider-information role=\\&quot;button\\&quot;&gt;Plus d&#039;informations&lt;\\\/a&gt; &lt;\\\/div&gt; &lt;div class=\\&quot;brlbs-cmpnt-cb-buttons\\&quot;&gt; &lt;a class=\\&quot;brlbs-cmpnt-cb-btn\\&quot; href=\\&quot;#\\&quot; data-borlabs-cookie-unblock role=\\&quot;button\\&quot;&gt;D\\u00e9bloquer le contenu&lt;\\\/a&gt; &lt;a class=\\&quot;brlbs-cmpnt-cb-btn\\&quot; href=\\&quot;#\\&quot; data-borlabs-cookie-accept-service role=\\&quot;button\\&quot; style=\\&quot;display: inherit\\&quot;&gt;Accepter le service requis et d\\u00e9bloquer les contenus&lt;\\\/a&gt; &lt;\\\/div&gt; &lt;\\\/div&gt; &lt;\\\/div&gt;&lt;\\\/div&gt;&quot;,'996c113c-2510-41cd-91ec-2909be20c364','vimeo-content-blocker')\"><img decoding=\"async\" loading=\"lazy\" width=\"60\" height=\"70\" alt=\"AtreusPlay\" src=\"https:\/\/www.atreus.de\/wp-content\/themes\/zw-atr-theme\/assets\/images\/Play_Button_wei\u00df.png\" title=\"atreus_\"><\/span><\/div><\/div>        <\/div>\r\n      <\/div>\r\n    <\/div>\r\n\r\n\n\n<div  class=\"zw-cgb row  columnmaster020 default-margin \"><div class=\"columnmaster-inner-content g-0\">    <div  class=\"zw-cgb no-image-layout columnblock white-color has-icon  blue-400 \">\n      <div class=\"zw-cgb zw-cgb-content\">\n\n        <div class=\"column-content\"><div class=\"inner-content\"><div class=\"icon-container\"><span class=\"atr-icon\">j<\/span><h2 class=\" zw-cgb headline h4\">\u00c9v\u00e9nement<\/h2><\/div><p class=\" zw-cgb fulltext \"><strong>Digital<\/strong> <strong>via le live streaming de MS Teams<\/strong><\/p><p class=\" zw-cgb fulltext \"><strong>2 f\u00e9vrier, de 16h \u00e0 17h30 <\/strong><\/p><ul class=\"zw-cgb-ul fulltext \"><li class=\"\">Accueil et pr\u00e9sentation des intervenants<\/li><li class=\"\">Harald Emberger, responsable de la cha\u00eene d\u2019approvisionnement, Beiersdorf AG&nbsp;: \u00ab&nbsp;La durabilit\u00e9 dans la cha\u00eene d\u2019approvisionnement des cosm\u00e9tiques \u2014 un saut quantique gr\u00e2ce \u00e0 une nouvelle usine&nbsp;\u00bb\u200b<\/li><li class=\"\">Andreas Ronken, PDG, Alfred Ritter GmbH &amp; Co. KG&nbsp;: \u00ab&nbsp;Carr\u00e9. Pratique. Durable. &#8211; Une approche holistique de la durabilit\u00e9&#8221;<\/li><li class=\"\">\u200bDiscussion<\/li><\/ul><\/div><\/div>      <\/div>\n    <\/div>\n    <div  class=\"zw-cgb no-image-layout columnblock white-color has-icon  blue-600 \">\n      <div class=\"zw-cgb zw-cgb-content\">\n\n        <div class=\"column-content\"><div class=\"inner-content\"><div class=\"icon-container\"><span class=\"atr-icon\">l<\/span><h2 class=\" zw-cgb headline h4\">Sujet<\/h2><\/div><p class=\" zw-cgb fulltext \">Mettre en \u0153uvre des strat\u00e9gies innovantes de r\u00e9duction des \u00e9missions de CO2 \u00e0 toutes les \u00e9tapes de la cha\u00eene logistique est l\u2019un des grands d\u00e9fis \u00e0 relever pour faire face \u00e0 l\u2019avanc\u00e9e du r\u00e9chauffement climatique. Quelles sont les initiatives et mesures pionni\u00e8res en mati\u00e8re de \u00ab&nbsp;cha\u00eene d\u2019approvisionnement verte&nbsp;\u00bb&nbsp;? Comment cela influence-t-il la r\u00e9sistance aux crises&nbsp;? Nous avons discut\u00e9 des diff\u00e9rentes approches d\u2019un groupe DAX par rapport \u00e0 une entreprise familiale de taille moyenne.<\/p><\/div><\/div>      <\/div>\n    <\/div>\n    <div  class=\"zw-cgb no-image-layout columnblock white-color has-icon  blue-900 \">\n      <div class=\"zw-cgb zw-cgb-content\">\n\n        <div class=\"column-content\"><div class=\"inner-content\"><div class=\"icon-container\"><span class=\"atr-icon\">k<\/span><h2 class=\" zw-cgb headline h4\">Biens de consommation et commerce<\/h2><\/div><p class=\" zw-cgb fulltext \"><strong>Diriger une entreprise en p\u00e9riode difficile requiert des professionnels aguerris, dot\u00e9s de puissance et de doigt\u00e9.<\/strong><\/p><p class=\" zw-cgb fulltext \">Nous vous aidons \u00e0 relever les d\u00e9fis dans le domaine des biens de consommation et du commerce&nbsp;:<\/p><\/div><div class=\"zw-cgb zw-cgb-button-container text-center\"><a class=\"zw-cgb btn btn-primary prm-button\" href=\"https:\/\/www.atreus.de\/fr\/industries\/biens-de-consommation\/\">ATREUS INDUSTRIE BIENS DE CONSOMMATION<\/a><\/div><\/div>      <\/div>\n    <\/div>\n<\/div><\/div>\n\n\n<div style=\"height:100px\" aria-hidden=\"true\" class=\"wp-block-spacer\"><\/div>\n\n\n    <div  class=\"zw-cgb    infoblock default-margin black-color  \">\n      <div class=\" row\">\n        <div class=\"zw-cgb-content has-padding col-12\">\n          <div class=\"preheadline-container parent-has-padding\"><p class=\" zw-cgb preheadline ' .  . '\">Revue \u2014 Un r\u00e9sum\u00e9 en 7 th\u00e8ses&nbsp;:<\/p><\/div><div class=\"inner-content parent-has-padding\"><h2 class=\" zw-cgb headline\">1. Durabilit\u00e9 = pierre angulaire de (presque) toute strat\u00e9gie d\u2019entreprise<\/h2><p class=\" zw-cgb fulltext \">Ce n\u2019est qu\u2019en 2018 que la soci\u00e9t\u00e9 Beiersdorf, cot\u00e9e au DAX, a formul\u00e9 explicitement la durabilit\u00e9 comme objectif strat\u00e9gique de l\u2019entreprise, rapporte Harald Emberger, responsable de la cha\u00eene d\u2019approvisionnement de l\u2019entreprise de biens de consommation, qui comprend des marques comme Nivea, Eucerin et tesa. D\u00e8s 2022, Beiersdorf a \u00e9t\u00e9 l\u2019une des 12 entreprises au monde \u00e0 obtenir trois fois la meilleure note \u00ab&nbsp;A&nbsp;\u00bb du Carbon Disclosure Project (CDP) pour son programme de durabilit\u00e9 \u00ab&nbsp;Care beyond skin&nbsp;\u00bb. Les plans ambitieux&nbsp;: d\u2019ici 2025, les d\u00e9chets doivent \u00eatre r\u00e9duits de 30&nbsp;% le long de la cha\u00eene d\u2019approvisionnement et l\u2019intensit\u00e9 en eau doit diminuer de 25&nbsp;%. En 2030, le groupe veut atteindre une neutralit\u00e9 climatique totale. La marque de chocolat familiale Ritter Sport poursuit le m\u00eame objectif, explique le PDG Andreas Ronken. Dans tous les secteurs, il observe un grand changement de mentalit\u00e9 en mati\u00e8re de durabilit\u00e9. Un sondage en direct parmi les participants au A\u00b7lounge r\u00e9v\u00e8le que pr\u00e8s de la moiti\u00e9 d\u2019entre eux tout de m\u00eame estiment que leur entreprise sera totalement neutre sur le plan climatique d\u2019ici 2030.<\/p><div class=\"link-container\"><\/div><\/div>        <\/div>\n      <\/div>\n    <\/div>\n\n\n    <div  class=\"  zw-cgb  halb-halb-block boxed default-margin \">\n      <div class=\"row\">\n\n                  <div class=\"col-lg-6 col-12 image order-1 order-lg-2  px-0\">\n            <span class=\"copyright-image\"><\/span><img decoding=\"async\" loading=\"lazy\" alt=\"atreus_\" src=\"https:\/\/www.atreus.de\/wp-content\/uploads\/2023\/02\/A.lounge-green-and-resilient_01-1.webp\" srcset=\"https:\/\/www.atreus.de\/wp-content\/uploads\/2023\/02\/A.lounge-green-and-resilient_01-1.webp 966w, https:\/\/www.atreus.de\/wp-content\/uploads\/2023\/02\/A.lounge-green-and-resilient_01-1-768x432.webp 768w, https:\/\/www.atreus.de\/wp-content\/uploads\/2023\/02\/A.lounge-green-and-resilient_01-1-480x270.webp 480w\" sizes=\"(max-width: 1024px) 100vw, 1024px\" style=\"aspect-ratio:966\/543 !important\" title=\"atreus_\">          <\/div>\n          <div class=\"half-content has-padding col-lg-6 col-12 order-2 order-lg-1 blue-400 white-color small-headline\"><div class=\"inner-content parent-has-padding\"><h2 class=\" zw-cgb headline\">2. Inflation&nbsp;: pas de frein \u00e0 la durabilit\u00e9&nbsp;!<\/h2><p class=\" zw-cgb fulltext \">88&nbsp;% des personnes interrog\u00e9es par Atreus affirment \u00e9galement que leur entreprise ne r\u00e9duira pas ses initiatives de durabilit\u00e9 en raison de l\u2019inflation actuelle. Cela co\u00efncide avec les observations des managers de Beiersdorf et de Ritter Sport. \u00ab&nbsp;C\u2019est le premier devoir civique de continuer \u00e0 s\u2019accrocher&nbsp;\u00bb, d\u00e9clare le PDG g\u00e9n\u00e9ral de Ritter-Sport, Ronken. \u00ab&nbsp;Pour de nombreuses entreprises, l\u2019inflation repr\u00e9sente bien s\u00fbr un risque \u00e9lev\u00e9 en termes de co\u00fbts. Mais les initiatives de durabilit\u00e9 sont g\u00e9n\u00e9ralement planifi\u00e9es \u00e0 long terme. On ne peut pas les rechanger \u00e0 si court terme.&nbsp;\u00bb Harald Emberger confirme cette impression pour Beiersdorf&nbsp;: \u00ab&nbsp;Nous n\u2019avons pas chang\u00e9 nos objectifs. Bien s\u00fbr, nous devons r\u00e9percuter une partie de nos co\u00fbts sur les clients finaux. Mais nous ne mettrons pas nos projets de c\u00f4t\u00e9, ne serait-ce que pour des raisons de cr\u00e9dibilit\u00e9. Il n\u2019y a pas de retour en arri\u00e8re possible \u2014 c\u2019est notre responsabilit\u00e9 d\u2019entreprise.&nbsp;\u00bb<\/p><div class=\"link-container\"><\/div><\/div><\/div>              <\/div>\n\n    <\/div>\n\n\n\n<div style=\"height:100px\" aria-hidden=\"true\" class=\"wp-block-spacer\"><\/div>\n\n\n<div id=\"parent1072\"class=\"zw-cgb halb-halb-headline-text-block-135 default-margin \"><div class=\"row\">    <!--  block -->\n    <div class=\"half-content has-padding col-lg-6 col-12 leftBlock order-1 blue-600 white-color has-icon has-headline \"><div class=\"icon-container\"><span class=\"atr-icon\">n<\/span><h2 class=\" zw-cgb headline\">3. R\u00e9silience et durabilit\u00e9 ne sont pas contradictoires<\/h2><\/div><div class=\"content-container\"><div class=\"inner-content parent-has-padding\"><p class=\" zw-cgb fulltext \">La maximisation du profit a fait son temps en tant qu\u2019objectif supr\u00eame, affirme Andreas Ronken. \u00ab&nbsp;Il n\u2019y a plus d\u2019alternative aux entreprises respectueuse de la plan\u00e8te \u2014 car nous n\u2019avons justement pas de plan\u00e8te B.&nbsp;\u00bb Selon lui, Ritter Sport opte toujours pour la solution la plus durable, m\u00eame si elle est un peu plus ch\u00e8re. Il comprend toutefois que les entreprises familiales de taille moyenne ont plus de libert\u00e9 en la mati\u00e8re que les groupes qui doivent rendre des comptes \u00e0 leurs bailleurs de fonds en bourse. Mais Harald Emberger souligne \u00e9galement&nbsp;: \u00ab&nbsp;\u00c0 court terme, la r\u00e9silience et la durabilit\u00e9 peuvent s\u2019exclure, mais en aucun cas \u00e0 long terme. La r\u00e9silience doit \u00eatre int\u00e9gr\u00e9e au mod\u00e8le d\u2019entreprise et toujours \u00eatre pens\u00e9e de mani\u00e8re strat\u00e9gique.&nbsp;\u00bb<\/p><div class=\"link-container\"><\/div><\/div><\/div><\/div>    <!--  block -->\n    <div class=\"half-content has-padding col-lg-6 col-12 rightBlock order-2 blue-900 white-color has-icon has-headline \"><div class=\"icon-container\"><span class=\"atr-icon\">o<\/span><h2 class=\" zw-cgb headline\">4. De nouvelles voies, ou&nbsp;: une propre plantation de cacao<\/h2><\/div><div class=\"content-container\"><div class=\"inner-content parent-has-padding\"><p class=\" zw-cgb fulltext \">La loi sur la cha\u00eene d\u2019approvisionnement est un v\u00e9ritable casse-t\u00eate pour de nombreuses entreprises. Harald Emberger, CSCO de Beiersdorf, explique que les audits habituels sont tr\u00e8s compliqu\u00e9s, surtout dans un groupe avec une gamme de produits complexe. Ritter Sport suit une voie particuli\u00e8re depuis 2012 et cultive 30&nbsp;% du cacao dont il a besoin dans sa propre plantation \u00e0 l\u2019est du Nicaragua \u2014 1 million d\u2019arbres sur 1200 hectares fournissent 3000 tonnes de f\u00e8ves de cacao par an&nbsp;: \u00ab&nbsp;Nous voulions montrer qu\u2019il est possible de produire du cacao de mani\u00e8re durable&nbsp;\u00bb, explique Ronken le PDG, \u00ab&nbsp;mais nous avons \u00e9galement beaucoup appris \u00e0 nos d\u00e9pens&nbsp;: au Nicaragua, nous ressentons d\u00e9j\u00e0 fortement le changement climatique. Et nous devons cultiver et greffer chaque arbre individuellement.&nbsp;\u00bb En outre, Ritter Sport s\u2019approvisionne \u00e0 85&nbsp;% en cacao issu de partenariats \u00e0 long terme avec les producteurs et leurs organisations&nbsp;; d\u2019ici 2025, ce chiffre devrait atteindre 100&nbsp;%. Le groupe mise \u00e9galement sur des listes d\u2019ingr\u00e9dients \u00ab&nbsp;all\u00e9g\u00e9es&nbsp;\u00bb et veut utiliser 100&nbsp;% d\u2019emballages \u00e0 base de papier d\u2019ici 2030.<\/p><div class=\"link-container\"><\/div><\/div><\/div><\/div><\/div><\/div>\n\n\r\n    <div  class=\"zw-cgb  extern-zitat-style  zitat-block black-color default-margin default-padding \">\r\n      <div class=\"row zitat-row\">\r\n        <div class=\" image-container g-0 order-1  col-menu-5 col-12 \">\r\n                    <div class=\"img-with-gradient\">\r\n\r\n            <span class=\"copyright-image\"><\/span><img decoding=\"async\" class=\"responsive-img\" loading=\"lazy\" alt=\"atreus_\" src=\"https:\/\/www.atreus.de\/wp-content\/uploads\/2022\/12\/emb-ha-1.jpg\" srcset=\"https:\/\/www.atreus.de\/wp-content\/uploads\/2022\/12\/emb-ha-1.jpg 242w, https:\/\/www.atreus.de\/wp-content\/uploads\/2022\/12\/emb-ha-1-150x150.jpg 150w\" sizes=\"(max-width: 1024px) 100vw, 1024px\" style=\"aspect-ratio:242\/242 !important\" title=\"atreus_\">            <div class=\"linear-gradient-container\"><\/div>\r\n          <\/div>\r\n\r\n\r\n\r\n          <div class=\"zitat-img-text-container\"><div class=\"zitat-name-container fulltext\"><span>Harald Emberger, CSCO Beiersdorf AG<\/span><\/div><\/div>                  <\/div>\r\n        <div class=\"g-0 zitat-text-container order-2 col-menu-7 col-12 \">\r\n          <div class=\"zitat-text\"><span class=\"zitat-start-icon atreus-font\">D<\/span><p class=\"zw-cgb fulltext\">\u201eLes deux tiers de notre empreinte proviennent des mati\u00e8res premi\u00e8res et de l\u2019emballage\u201c<\/p><\/div>                  <\/div>\r\n\r\n      <\/div>\r\n    <\/div>\r\n\n\n    <div  class=\"  zw-cgb  halb-halb-block boxed default-margin \">\n      <div class=\"row\">\n\n                  <div class=\"col-lg-6 col-12 image order-1 order-lg-2  px-0\">\n            <span class=\"copyright-image\"><\/span><img decoding=\"async\" loading=\"lazy\" alt=\"atreus_\" src=\"https:\/\/www.atreus.de\/wp-content\/uploads\/2023\/02\/A.lounge-green-and-resilient_02.webp\" srcset=\"https:\/\/www.atreus.de\/wp-content\/uploads\/2023\/02\/A.lounge-green-and-resilient_02.webp 966w, https:\/\/www.atreus.de\/wp-content\/uploads\/2023\/02\/A.lounge-green-and-resilient_02-768x432.webp 768w, https:\/\/www.atreus.de\/wp-content\/uploads\/2023\/02\/A.lounge-green-and-resilient_02-480x270.webp 480w\" sizes=\"(max-width: 1024px) 100vw, 1024px\" style=\"aspect-ratio:966\/544 !important\" title=\"atreus_\">          <\/div>\n          <div class=\"half-content has-padding col-lg-6 col-12 order-2 order-lg-1 blue-900 white-color small-headline\"><div class=\"inner-content parent-has-padding\"><h2 class=\" zw-cgb headline\">5. Les choses se corsent \u00e0 partir du scope 3<\/h2><p class=\" zw-cgb fulltext \">Le Greenhouse Gas Protocol r\u00e9partit les \u00e9missions de gaz \u00e0 effet de serre en trois classes (scopes)&nbsp;: le scope 1 d\u00e9crit le rejet direct de gaz nuisibles au climat dans l\u2019entreprise elle-m\u00eame, le scope 2 le rejet indirect par les fournisseurs d\u2019\u00e9nergie et le scope 3 le rejet indirect dans l\u2019ensemble de la cha\u00eene d\u2019approvisionnement. Chez Beiersdorf, le scope 3 repr\u00e9sente environ 94&nbsp;% des \u00e9missions g\u00e9n\u00e9r\u00e9es. \u00ab&nbsp;Les deux tiers de notre empreinte proviennent des mati\u00e8res premi\u00e8res et des emballages&nbsp;\u00bb, explique Emberger, CSCO de Beiersdorf. Pour y rem\u00e9dier, Beiersdorf agit surtout sur ces leviers, par exemple en utilisant des mati\u00e8res premi\u00e8res organiques et \u00e0 base de plantes. Mais il est \u00e9galement possible d\u2019exploiter des potentiels dans la fabrication et la logistique. Le principal facilitateur est la digitalisation continue tout au long de la cha\u00eene de cr\u00e9ation de valeur \u2014 gr\u00e2ce \u00e0 la visibilit\u00e9 de bout en bout de tous les processus, \u00e0 la gestion des donn\u00e9es en temps r\u00e9el et \u00e0 l\u2019analyse ainsi qu\u2019au suivi et au reporting complets. Ritter Sport est climatiquement neutre dans les scopes 1 et 2 depuis 2020&nbsp;; d\u2019ici la fin de la d\u00e9cennie, Ronken veut des produits climatiquement neutres \u00ab&nbsp;depuis l\u2019origine des mati\u00e8res premi\u00e8res jusqu\u2019aux rayons des supermarch\u00e9s&nbsp;\u00bb&nbsp;: \u00ab&nbsp;Le scope 3 est le plus gros morceau.&nbsp;\u00bb<\/p><div class=\"link-container\"><\/div><\/div><\/div>              <\/div>\n\n    <\/div>\n\n\n\n<div style=\"height:100px\" aria-hidden=\"true\" class=\"wp-block-spacer\"><\/div>\n\n\n    <div  class=\"  zw-cgb  halb-halb-block boxed default-margin \">\n      <div class=\"row\">\n\n                  <div class=\"col-lg-6 col-12 image order-1  px-0\">\n            <span class=\"copyright-image\"><\/span><img decoding=\"async\" loading=\"lazy\" alt=\"atreus_\" src=\"https:\/\/www.atreus.de\/wp-content\/uploads\/2023\/02\/A.lounge-green-and-resilient_03.webp\" srcset=\"https:\/\/www.atreus.de\/wp-content\/uploads\/2023\/02\/A.lounge-green-and-resilient_03.webp 967w, https:\/\/www.atreus.de\/wp-content\/uploads\/2023\/02\/A.lounge-green-and-resilient_03-768x431.webp 768w, https:\/\/www.atreus.de\/wp-content\/uploads\/2023\/02\/A.lounge-green-and-resilient_03-480x270.webp 480w\" sizes=\"(max-width: 1024px) 100vw, 1024px\" style=\"aspect-ratio:967\/543 !important\" title=\"atreus_\">          <\/div>\n          <div class=\"half-content has-padding col-lg-6 col-12 order-2 blue-900 white-color small-headline\"><div class=\"inner-content parent-has-padding\"><h2 class=\" zw-cgb headline\">6. Le diable se cache dans les d\u00e9tails<\/h2><p class=\" zw-cgb fulltext \">Probl\u00e8mes de livraison et prix \u00e9lev\u00e9s des mati\u00e8res premi\u00e8res \u2014 pour de nombreuses entreprises, l\u2019approvisionnement en mat\u00e9riaux n\u00e9cessaires s\u2019av\u00e8re actuellement particuli\u00e8rement difficile. En revanche, Beiersdorf n\u2019a aucun probl\u00e8me \u00e0 obtenir du recycl\u00e9 durable pour ses propres emballages, rapporte Emberger, le CSCO de Beiersdorf. Le groupe maitrise \u00e9galement les co\u00fbts, car le mat\u00e9riau recycl\u00e9 p\u00e8se moins lourd que le plastique. Les d\u00e9fis concerneraient principalement le degr\u00e9 de puret\u00e9 des produits et les nouvelles exigences de qualit\u00e9 des couleurs, qui jouent un r\u00f4le important pour les fabricants de biens de consommation. Il y a eu parfois des probl\u00e8mes d\u2019acceptation de la part des clients, car les bouteilles de gel douche, plus l\u00e9g\u00e8res, se renversaient encore plus vite au d\u00e9but. Ritter Sport devrait rencontrer des d\u00e9fis similaires lors du passage \u00e0 des emballages exclusivement \u00e0 base de papier. Dans ce contexte, Andreas Ronken encourage les entreprises&nbsp;: \u00ab&nbsp;La pand\u00e9mie nous a appris que beaucoup de choses peuvent aller tr\u00e8s vite sous pression.&nbsp;\u00bb<\/p><div class=\"link-container\"><\/div><\/div><\/div>              <\/div>\n\n    <\/div>\n\n\n\n<div style=\"height:100px\" aria-hidden=\"true\" class=\"wp-block-spacer\"><\/div>\n\n\n\r\n    <div  class=\"zw-cgb  extern-zitat-style  zitat-block black-color default-margin default-padding \">\r\n      <div class=\"row zitat-row\">\r\n        <div class=\" image-container g-0 order-1  col-menu-5 col-12 \">\r\n                    <div class=\"img-with-gradient\">\r\n\r\n            <span class=\"copyright-image\"><\/span><img decoding=\"async\" class=\"responsive-img\" loading=\"lazy\" alt=\"atreus_\" src=\"https:\/\/www.atreus.de\/wp-content\/uploads\/2022\/12\/ron-an.jpg\" srcset=\"https:\/\/www.atreus.de\/wp-content\/uploads\/2022\/12\/ron-an.jpg 242w, https:\/\/www.atreus.de\/wp-content\/uploads\/2022\/12\/ron-an-150x150.jpg 150w\" sizes=\"(max-width: 1024px) 100vw, 1024px\" style=\"aspect-ratio:242\/242 !important\" title=\"atreus_\">            <div class=\"linear-gradient-container\"><\/div>\r\n          <\/div>\r\n\r\n\r\n\r\n          <div class=\"zitat-img-text-container\"><div class=\"zitat-name-container fulltext\"><span>Andreas Ronken, PDG Alfred Ritter GmbH &amp; Co. KG<\/span><\/div><\/div>                  <\/div>\r\n        <div class=\"g-0 zitat-text-container order-2 col-menu-7 col-12 \">\r\n          <div class=\"zitat-text\"><span class=\"zitat-start-icon atreus-font\">D<\/span><p class=\"zw-cgb fulltext\">\u201eLa pand\u00e9mie nous a appris que beaucoup de choses peuvent aller tr\u00e8s vite sous pression.\u201c<\/p><\/div>                  <\/div>\r\n\r\n      <\/div>\r\n    <\/div>\r\n\n\n    <div  class=\"zw-cgb    infoblock default-margin black-color  \">\n      <div class=\" row\">\n        <div class=\"zw-cgb-content has-padding col-12\">\n          <div class=\"inner-content parent-has-padding\"><h2 class=\" zw-cgb headline\">7. Du projet \u00e0 l\u2019\u00e9tat d\u2019esprit<\/h2><p class=\" zw-cgb fulltext \">La nouvelle usine de Leipzig offre \u00e0 Beiersdorf l\u2019opportunit\u00e9 d\u2019orienter d\u00e8s le d\u00e9but tous les processus vers des objectifs climatiques ambitieux \u2014 par le biais de formulations sans silicone, de mat\u00e9riaux 100&nbsp;% recycl\u00e9s pour les emballages, d\u2019une production climatiquement neutre et d\u2019une logistique rigoureuse. Mais des \u00e9tapes similaires dans les sites de production existants peuvent \u00e9galement \u00eatre mises en oeuvre. Le plus grand levier&nbsp;: la production de chaleur et de vapeur. Ritter Sport mise pour cela sur les certificats et la d\u00e9carbonisation de la production de mati\u00e8res premi\u00e8res, mais veut \u00e9galement pouvoir couvrir 50&nbsp;% de ses besoins en \u00e9nergie gr\u00e2ce \u00e0 ses propres parcs \u00e9oliens et solaires. Le reste doit provenir de pompes \u00e0 chaleur et d\u2019autres \u00e9nergies alternatives. En fin de compte, la durabilit\u00e9 doit passer du statut d\u2019ajout \u00e0 celui d\u2019int\u00e9gr\u00e9, d\u00e9clare le PDG de Ritter-Sport, Ronken&nbsp;: \u00ab&nbsp;Certes, tout commence un jour par un projet, mais \u00e0 terme, la durabilit\u00e9 doit devenir aussi naturelle que le brossage des dents.&nbsp;\u00bb M\u00eame si ce n\u2019est pas facile&nbsp;: comme le rapporte Harald Emberger, les projets de durabilit\u00e9 et de digitalisation men\u00e9s en parall\u00e8le ont temporairement pouss\u00e9 certaines fonctions de son entreprise \u00e0 la limite de leurs capacit\u00e9s. Le d\u00e9veloppement durable est un marathon.<\/p><div class=\"link-container\"><\/div><\/div>        <\/div>\n      <\/div>\n    <\/div>\n\n\n\n<div style=\"height:100px\" aria-hidden=\"true\" class=\"wp-block-spacer\"><\/div>\n\n\n\n<div style=\"height:100px\" aria-hidden=\"true\" class=\"wp-block-spacer\"><\/div>\n\n\n\n\n    <div  class=\"zw-cgb    infoblock default-margin black-color  \">\n      <div class=\" row\">\n        <div class=\"zw-cgb-content has-padding col-12\">\n          <div class=\"inner-content parent-has-padding\"><h2 class=\" zw-cgb headline\">Nos intervenants<\/h2><div class=\"link-container\"><\/div><\/div>        <\/div>\n      <\/div>\n    <\/div>\n\n\n\r\n    <div  class=\"zw-cgb  extern-zitat-block black-color default-margin  \">\r\n      <div class=\"row zitat-row\">\r\n        <div class=\" image-container g-0 order-1 order-lg-2  col-menu-3 col-12 \">\r\n\r\n          <div class=\"bg-image\">\r\n            <span class=\"copyright-image\"><\/span><img decoding=\"async\" class=\"responsive-img\" alt=\"atreus_\" src=\"https:\/\/www.atreus.de\/wp-content\/uploads\/2022\/12\/emb-ha-1.jpg\" srcset=\"https:\/\/www.atreus.de\/wp-content\/uploads\/2022\/12\/emb-ha-1.jpg 242w, https:\/\/www.atreus.de\/wp-content\/uploads\/2022\/12\/emb-ha-1-150x150.jpg 150w\" sizes=\"(max-width: 1024px) 100vw, 1024px\" style=\"aspect-ratio:242\/242 !important\" title=\"atreus_\">          <\/div>\r\n\r\n          <div class=\"zitat-img-text-container\"><div class=\"zitat-name-container fulltext\"><span>Harald Emberger<\/span><\/div><div class=\"zitat-discription-container fulltext\"><span>Responsable de la cha\u00eene d\u2019approvisionnement (CSCO), Beiersdorf AG<\/span><\/div><\/div>\r\n        <\/div>\r\n        <div class=\"g-0 zitat-text-container order-2 order-lg-1 col-menu-9 col-12 \">\r\n          <p class=\" zw-cgb fulltext \"><strong>Harald Emberger est Responsable de la cha\u00eene d\u2019approvisionnement chez Beiersdorf AG<\/strong><\/p><p class=\" zw-cgb fulltext \">Harald Emberger est responsable de l\u2019ensemble de la cha\u00eene d\u2019approvisionnement mondiale chez Beiersdorf AG en tant que Responsable de la cha\u00eene d\u2019approvisionnement et membre du comit\u00e9 ex\u00e9cutif. Beiersdorf est une entreprise leader dans le domaine des produits de grande consommation avec des marques telles que Nivea, Eucerin et Tesa.<\/p><p class=\" zw-cgb fulltext \">Avant de rejoindre Beiersdorf en 2015, il a occup\u00e9 diff\u00e9rents postes de direction chez Unilever PLC et Mars Inc., notamment en qualit\u00e9 de responsable des cha\u00eenes d\u2019approvisionnement pour l\u2019Am\u00e9rique et l\u2019Europe. Son parcours et son exp\u00e9rience donnent une image v\u00e9ritablement globale.<\/p><p class=\" zw-cgb fulltext \">Au cours de sa carri\u00e8re, il a v\u00e9cu dans cinq pays diff\u00e9rents, dans trois r\u00e9gions du monde. Harald Emberger est titulaire d\u2019un master en ing\u00e9nierie de l\u2019Universit\u00e9 technique de Munich.<\/p>                  <\/div>\r\n      <\/div>\r\n    <\/div>\r\n\n\n\r\n    <div  class=\"zw-cgb  extern-zitat-block black-color default-margin  \">\r\n      <div class=\"row zitat-row\">\r\n        <div class=\" image-container g-0 order-1  col-menu-3 col-12 \">\r\n\r\n          <div class=\"bg-image\">\r\n            <span class=\"copyright-image\"><\/span><img decoding=\"async\" class=\"responsive-img\" alt=\"atreus_\" src=\"https:\/\/www.atreus.de\/wp-content\/uploads\/2022\/12\/ron-an.jpg\" srcset=\"https:\/\/www.atreus.de\/wp-content\/uploads\/2022\/12\/ron-an.jpg 242w, https:\/\/www.atreus.de\/wp-content\/uploads\/2022\/12\/ron-an-150x150.jpg 150w\" sizes=\"(max-width: 1024px) 100vw, 1024px\" style=\"aspect-ratio:242\/242 !important\" title=\"atreus_\">          <\/div>\r\n\r\n          <div class=\"zitat-img-text-container\"><div class=\"zitat-name-container fulltext\"><span>Andreas Ronken<\/span><\/div><div class=\"zitat-discription-container fulltext\"><span>PDG, Alfred Ritter GmbH &amp; Co. KG<\/span><\/div><\/div>\r\n        <\/div>\r\n        <div class=\"g-0 zitat-text-container order-2 col-menu-9 col-12 \">\r\n          <p class=\" zw-cgb fulltext \"><strong>Andreas Ronken est PDG chez Alfred Ritter GmbH &amp; Co. KG<\/strong><\/p><p class=\" zw-cgb fulltext \">Andreas Ronken a pris la pr\u00e9sidence de la direction d\u2019Alfred Ritter GmbH &amp; Co. KG en janvier 2015 et est en outre responsable depuis avril 2019 des domaines de l\u2019innovation, ainsi que du droit et de la communication d\u2019entreprise. Depuis f\u00e9vrier 2022, le domaine des ressources humaines rel\u00e8ve \u00e9galement de sa responsabilit\u00e9.<\/p><p class=\" zw-cgb fulltext \">Il \u00e9tait depuis novembre 2005 directeur g\u00e9n\u00e9ral de la production et de la technique, responsable de la cha\u00eene d\u2019approvisionnement, de la production, de la technique, de la gestion de la cr\u00e9ation de valeur, de la qualit\u00e9 et de la F&amp;E. Il \u00e9tait \u00e9galement responsable de la gestion des ressources humaines et de la formation.<\/p><p class=\" zw-cgb fulltext \">Andreas Ronken peut se pr\u00e9valoir d\u2019une longue exp\u00e9rience professionnelle internationale chez Mars Inc. o\u00f9 il a occup\u00e9 diff\u00e9rents postes de management en Suisse et \u00e0 l\u2019\u00e9tranger.<br>Ses th\u00e8mes principaux sont l\u2019entrepreneuriat, l\u2019innovation, le nouveau travail et le lean management. Il s\u2019engage passionn\u00e9ment pour le th\u00e8me de la durabilit\u00e9, en particulier dans le secteur du cacao.<\/p>                  <\/div>\r\n      <\/div>\r\n    <\/div>\r\n\n\n\n\n    <div  class=\"zw-cgb    infoblock default-margin black-color  \">\n      <div class=\" row\">\n        <div class=\"zw-cgb-content has-padding col-12\">\n          <div class=\"inner-content parent-has-padding\"><h2 class=\" zw-cgb headline\">H\u00f4te Atreus du A\u00b7lounge<\/h2><div class=\"link-container\"><\/div><\/div>        <\/div>\n      <\/div>\n    <\/div>\n\n\n<div id=\"anmeldung-alounge-green-and-resilient\"class=\"zw-cgb speaker-160 team-member black-colordefault-margin #anmeldung-alounge-green-and-resilient\"><div class=\"zw-cgb-content member-row row\">\r\n\r\n    <div class=\"col-menu-3 col-lg-4 col-md-6 col-12 single-team-member px-0 intern-view \">\r\n    <a href=\"https:\/\/www.atreus.de\/fr\/equipe\/martina-becker\/\">\r\n\r\n    <div class=\" image-container g-0\">\r\n      <div class=\"img-with-gradient\">\r\n\r\n        <img decoding=\"async\" loading=\"lazy\" alt=\"atreus_\" src=\"https:\/\/www.atreus.de\/wp-content\/uploads\/2023\/07\/bec-ma-v1.png\" srcset=\"https:\/\/www.atreus.de\/wp-content\/uploads\/2023\/07\/bec-ma-v1.png 555w, https:\/\/www.atreus.de\/wp-content\/uploads\/2023\/07\/bec-ma-v1-480x600.png 480w\" sizes=\"(max-width: 1024px) 100vw, 1024px\" style=\"aspect-ratio:555\/694 !important\" title=\"atreus_\">        <div class=\"linear-gradient-container\"><\/div>\r\n      <\/div>\r\n\r\n      <\/a>      <div class=\"team-member-content\"><div class=\"team-member-name fulltext\"><a href=\"https:\/\/www.atreus.de\/fr\/equipe\/martina-becker\/\"><span>Martina Becker<\/span><\/a><\/div><div class=\"team-member-description fulltext\"><a href=\"https:\/\/www.atreus.de\/fr\/equipe\/martina-becker\/\"><span>Directrice<\/span><\/a><\/div><div class=\"team-member-phone\"><a href=\"tel:+49 89 452249-240\"><span>+49 89 452249-240<\/span><\/a><\/div><div class=\"team-member-icon-container\"><div class=\"team-member-email\"><a class=\"atreus-font\" href=\"mailto:Martina.Becker@atreus.de\">h<\/a><\/div><div class=\"team-member-linkedin\"><a class=\"atreus-font\" target=\"_blank\" href=\"https:\/\/de.linkedin.com\/in\/martina-becker-b3280054\" rel=\"noopener\">3<\/a><\/div><\/div><\/div>    <\/div>\r\n\r\n    <\/div>\r\n\r\n\r\n\r\n    <div class=\"col-menu-3 col-lg-4 col-md-6 col-12 single-team-member px-0 intern-view \">\r\n    <a href=\"https:\/\/www.atreus.de\/fr\/equipe\/dr-simon-mehler\/\">\r\n\r\n    <div class=\" image-container g-0\">\r\n      <div class=\"img-with-gradient\">\r\n\r\n        <img decoding=\"async\" loading=\"lazy\" alt=\"atreus_\" src=\"https:\/\/www.atreus.de\/wp-content\/uploads\/2023\/07\/meh-si-dr-v3-1.png\" srcset=\"https:\/\/www.atreus.de\/wp-content\/uploads\/2023\/07\/meh-si-dr-v3-1.png 555w, https:\/\/www.atreus.de\/wp-content\/uploads\/2023\/07\/meh-si-dr-v3-1-480x600.png 480w\" sizes=\"(max-width: 1024px) 100vw, 1024px\" style=\"aspect-ratio:555\/694 !important\" title=\"atreus_\">        <div class=\"linear-gradient-container\"><\/div>\r\n      <\/div>\r\n\r\n      <\/a>      <div class=\"team-member-content\"><div class=\"team-member-name fulltext\"><a href=\"https:\/\/www.atreus.de\/fr\/equipe\/dr-simon-mehler\/\"><span>Dr. Simon Mehler<\/span><\/a><\/div><div class=\"team-member-description fulltext\"><a href=\"https:\/\/www.atreus.de\/fr\/equipe\/dr-simon-mehler\/\"><span>Partenaire\r\n<\/span><\/a><\/div><div class=\"team-member-phone\"><a href=\"tel:+49 89 452249-245\"><span>+49 89 452249-245<\/span><\/a><\/div><div class=\"team-member-icon-container\"><div class=\"team-member-email\"><a class=\"atreus-font\" href=\"mailto:Simon.Mehler@atreus.de\">h<\/a><\/div><div class=\"team-member-linkedin\"><a class=\"atreus-font\" target=\"_blank\" href=\"https:\/\/www.linkedin.com\/in\/simonmehler\/\" rel=\"noopener\">3<\/a><\/div><\/div><\/div>    <\/div>\r\n\r\n    <\/div>\r\n\r\n<\/div><\/div>\n\n    <div  class=\"zw-cgb  change-padding  infoblock default-margin black-color  \">\n      <div class=\" row\">\n        <div class=\"zw-cgb-content has-padding col-12\">\n          <div class=\"preheadline-container parent-has-padding\"><p class=\" zw-cgb preheadline ' .  . '\">Ces articles pourraient vous int\u00e9resser :<\/p><\/div><div class=\"inner-content parent-has-padding\"><div class=\"link-container\"><\/div><\/div>        <\/div>\n      <\/div>\n    <\/div>\n\n\n\n\n\n    <div  class=\"zw-cgb  latestPosts default-margin \">\n      <div class=\"row zw-cgb-content\">\n        \n      <div  class=\"zw-cgb latestPostsContent px-0 col-12 col-md-6 col-menu-4 event   show-featured-image \">\n\n\n        <div class=\"image-container single-featured\"><a href=\"https:\/\/www.atreus.de\/fr\/evenement\/salon-de-linnovation-sur-linformatique-quantique\/\"><span class=\"copyright-image\">\u00a9 John D. &#8211; stock.adobe.com \/ sakkmesterke  &#8211; stock.adobe.com<\/span><img decoding=\"async\" loading=\"lazy\" alt=\"atreus_\" src=\"https:\/\/www.atreus.de\/wp-content\/uploads\/2023\/05\/teaser-4zu3-20230712-innovationslaunsch-fraunhofer-alumni-1.jpg\" srcset=\"https:\/\/www.atreus.de\/wp-content\/uploads\/2023\/05\/teaser-4zu3-20230712-innovationslaunsch-fraunhofer-alumni-1.jpg 823w, https:\/\/www.atreus.de\/wp-content\/uploads\/2023\/05\/teaser-4zu3-20230712-innovationslaunsch-fraunhofer-alumni-1-768x578.jpg 768w, https:\/\/www.atreus.de\/wp-content\/uploads\/2023\/05\/teaser-4zu3-20230712-innovationslaunsch-fraunhofer-alumni-1-480x361.jpg 480w\" sizes=\"(max-width: 1024px) 100vw, 1024px\" style=\"aspect-ratio:823\/619 !important\" title=\"atreus_\"><\/a><\/div><div class=\"image-container double-featured\"><a href=\"https:\/\/www.atreus.de\/fr\/evenement\/salon-de-linnovation-sur-linformatique-quantique\/\"><span class=\"copyright-image\">\u00a9 John D. &#8211; stock.adobe.com \/ sakkmesterke  &#8211; stock.adobe.com<\/span><img decoding=\"async\" loading=\"lazy\" alt=\"atreus_\" src=\"https:\/\/www.atreus.de\/wp-content\/uploads\/2023\/05\/teaser-landscape-20230712-innovationslaunsch-fraunhofer-alumni-1.jpg\" srcset=\"https:\/\/www.atreus.de\/wp-content\/uploads\/2023\/05\/teaser-landscape-20230712-innovationslaunsch-fraunhofer-alumni-1.jpg 1098w, https:\/\/www.atreus.de\/wp-content\/uploads\/2023\/05\/teaser-landscape-20230712-innovationslaunsch-fraunhofer-alumni-1-768x288.jpg 768w, https:\/\/www.atreus.de\/wp-content\/uploads\/2023\/05\/teaser-landscape-20230712-innovationslaunsch-fraunhofer-alumni-1-1024x384.jpg 1024w, https:\/\/www.atreus.de\/wp-content\/uploads\/2023\/05\/teaser-landscape-20230712-innovationslaunsch-fraunhofer-alumni-1-480x180.jpg 480w\" sizes=\"(max-width: 1024px) 100vw, 1024px\" style=\"aspect-ratio:1098\/412 !important\" title=\"atreus_\"><\/a><\/div>        <div class=\"content-container has-excerpt posttype-event blue-400 white-color\">\n          <div class=\"preheadline-container parent-has-padding\"><p class=\"zw-cgb preheadline\">A-lounge | 12.07.2023<\/p><\/div><a href=\"https:\/\/www.atreus.de\/fr\/evenement\/salon-de-linnovation-sur-linformatique-quantique\/\"><h2 class=\" zw-cgb headline\">Salon de l\u2019innovation sur l\u2019informatique quantique<\/h2><\/a><p class=\" zw-cgb fulltext\">\u200bActuellement, la technologie quantique fait l\u2019objet d\u2019un battage m\u00e9diatique en tant que solution \u00e0 presque tout. Mais o\u00f9 en sommes-nous vraiment\u00a0? Combien de temps faudra-t-il pour que les ordinateurs quantiques soient suffisamment puissants pour relever des d\u00e9fis scientifiques, \u00e9conomiques, \u00e9cologiques et sociaux complexes\u00a0? Existe-t-il &#8230;<\/p><div class=\"zw-cgb zw-cgb-button-container \"><a href=\"https:\/\/www.atreus.de\/fr\/evenement\/salon-de-linnovation-sur-linformatique-quantique\/\" class=\"zw-cgb btn btn-primary \">Lire la suite<\/a><\/div>        <\/div>\n            <\/div>\n      \n  \n      <div  class=\"zw-cgb latestPostsContent px-0 col-12 col-md-6 col-menu-4 event   show-featured-image \">\n\n\n        <div class=\"image-container single-featured\"><a href=\"https:\/\/www.atreus.de\/fr\/evenement\/restructuration-en-2023-au-coeur-de-la-tempete\/\"><span class=\"copyright-image\">\u00a9 Pavel, \u00a9 oraziopuccio &#8211; stock.adobe.com<\/span><img decoding=\"async\" loading=\"lazy\" alt=\"atreus_\" src=\"https:\/\/www.atreus.de\/wp-content\/uploads\/2023\/08\/teaser-4zu3-20231013-RT-Restrukturierung.jpg\" srcset=\"https:\/\/www.atreus.de\/wp-content\/uploads\/2023\/08\/teaser-4zu3-20231013-RT-Restrukturierung.jpg 823w, https:\/\/www.atreus.de\/wp-content\/uploads\/2023\/08\/teaser-4zu3-20231013-RT-Restrukturierung-768x578.jpg 768w, https:\/\/www.atreus.de\/wp-content\/uploads\/2023\/08\/teaser-4zu3-20231013-RT-Restrukturierung-480x361.jpg 480w\" sizes=\"(max-width: 1024px) 100vw, 1024px\" style=\"aspect-ratio:823\/619 !important\" title=\"atreus_\"><\/a><\/div><div class=\"image-container double-featured\"><a href=\"https:\/\/www.atreus.de\/fr\/evenement\/restructuration-en-2023-au-coeur-de-la-tempete\/\"><span class=\"copyright-image\">\u00a9 Pavel, \u00a9 oraziopuccio &#8211; stock.adobe.com<\/span><img decoding=\"async\" loading=\"lazy\" alt=\"atreus_\" src=\"https:\/\/www.atreus.de\/wp-content\/uploads\/2023\/08\/teaser-landscape-20231013-RT-Restrukturierung.jpg\" srcset=\"https:\/\/www.atreus.de\/wp-content\/uploads\/2023\/08\/teaser-landscape-20231013-RT-Restrukturierung.jpg 1098w, https:\/\/www.atreus.de\/wp-content\/uploads\/2023\/08\/teaser-landscape-20231013-RT-Restrukturierung-768x288.jpg 768w, https:\/\/www.atreus.de\/wp-content\/uploads\/2023\/08\/teaser-landscape-20231013-RT-Restrukturierung-1024x384.jpg 1024w, https:\/\/www.atreus.de\/wp-content\/uploads\/2023\/08\/teaser-landscape-20231013-RT-Restrukturierung-480x180.jpg 480w\" sizes=\"(max-width: 1024px) 100vw, 1024px\" style=\"aspect-ratio:1098\/412 !important\" title=\"atreus_\"><\/a><\/div>        <div class=\"content-container has-excerpt posttype-event blue-600 white-color\">\n          <div class=\"preheadline-container parent-has-padding\"><p class=\"zw-cgb preheadline\">Table ronde | 13.10.2023<\/p><\/div><a href=\"https:\/\/www.atreus.de\/fr\/evenement\/restructuration-en-2023-au-coeur-de-la-tempete\/\"><h2 class=\" zw-cgb headline\">Restructuration en 2023&nbsp;: au c\u0153ur de la temp\u00eate<\/h2><\/a><p class=\" zw-cgb fulltext\">L\u2019\u00e9conomie allemande navigue sur une mer agit\u00e9e et se contracte, contrairement \u00e0 ses voisins europ\u00e9ens et m\u00eame \u00e0 l\u2019\u00e9chelle mondiale. Mais qu\u2019est-ce que cela signifie pour les entreprises, \u00e0 quoi doivent-elles faire attention, comment peut-on contre-attaquer\u00a0? Nous en parlons avec des experts.<\/p><div class=\"zw-cgb zw-cgb-button-container \"><a href=\"https:\/\/www.atreus.de\/fr\/evenement\/restructuration-en-2023-au-coeur-de-la-tempete\/\" class=\"zw-cgb btn btn-primary \">Lire la suite<\/a><\/div>        <\/div>\n            <\/div>\n      \n  \n      <div  class=\"zw-cgb latestPostsContent px-0 col-12 col-md-12 col-menu-4 post   show-featured-image \">\n\n\n        <div class=\"image-container single-featured\"><a href=\"https:\/\/www.atreus.de\/fr\/atreus-dans-les-medias\/aucune-entreprise-ne-peut-ignorer-le-theme-de-la-durabilite\/\"><span class=\"copyright-image\"><\/span><img decoding=\"async\" loading=\"lazy\" alt=\"atreus_\" src=\"https:\/\/www.atreus.de\/wp-content\/uploads\/2023\/03\/TEASER1.jpg\" srcset=\"https:\/\/www.atreus.de\/wp-content\/uploads\/2023\/03\/TEASER1.jpg 1098w, https:\/\/www.atreus.de\/wp-content\/uploads\/2023\/03\/TEASER1-768x288.jpg 768w, https:\/\/www.atreus.de\/wp-content\/uploads\/2023\/03\/TEASER1-1024x384.jpg 1024w, https:\/\/www.atreus.de\/wp-content\/uploads\/2023\/03\/TEASER1-480x180.jpg 480w\" sizes=\"(max-width: 1024px) 100vw, 1024px\" style=\"aspect-ratio:1098\/412 !important\" title=\"atreus_\"><\/a><\/div><div class=\"image-container double-featured\"><a href=\"https:\/\/www.atreus.de\/fr\/atreus-dans-les-medias\/aucune-entreprise-ne-peut-ignorer-le-theme-de-la-durabilite\/\"><span class=\"copyright-image\"><\/span><img decoding=\"async\" loading=\"lazy\" alt=\"atreus_\" src=\"https:\/\/www.atreus.de\/wp-content\/uploads\/2023\/03\/TEASER1.jpg\" srcset=\"https:\/\/www.atreus.de\/wp-content\/uploads\/2023\/03\/TEASER1.jpg 1098w, https:\/\/www.atreus.de\/wp-content\/uploads\/2023\/03\/TEASER1-768x288.jpg 768w, https:\/\/www.atreus.de\/wp-content\/uploads\/2023\/03\/TEASER1-1024x384.jpg 1024w, https:\/\/www.atreus.de\/wp-content\/uploads\/2023\/03\/TEASER1-480x180.jpg 480w\" sizes=\"(max-width: 1024px) 100vw, 1024px\" style=\"aspect-ratio:1098\/412 !important\" title=\"atreus_\"><\/a><\/div>        <div class=\"content-container has-excerpt posttype-post blue-900 white-color\">\n          <div class=\"preheadline-container parent-has-padding\"><p class=\"zw-cgb preheadline\">Atreus dans les m\u00e9dias<\/p><\/div><a href=\"https:\/\/www.atreus.de\/fr\/atreus-dans-les-medias\/aucune-entreprise-ne-peut-ignorer-le-theme-de-la-durabilite\/\"><h2 class=\" zw-cgb headline\">Aucune entreprise ne peut ignorer la question du d\u00e9veloppement durable<\/h2><\/a><p class=\" zw-cgb fulltext\">Dans le journal B\u00f6rsen-Zeitung, le Managing Partner et directeur g\u00e9n\u00e9ral d\u2019Atreus, Harald Linn\u00e9, et le directeur d\u2019Atreus, Robert Minge, expliquent dans quelle mesure la pertinence croissante de la durabilit\u00e9 devient une partie int\u00e9grante de l\u2019\u00e9valuation des entreprises.<\/p><div class=\"post-meta-info-container\"><div class=\"post-read-time\"><p class=\"zw-cgb fulltext\"><i class=\"far fa-clock\"><\/i>3 temps de lecture min<\/p><\/div><div class=\"post-rating-container d-none\"><!-- FeedbackWP Plugin - Results Widget --><div  class=\"rmp-results-widget js-rmp-results-widget js-rmp-results-widget--524345 \"  data-post-id=\"524345\">  <div class=\"rmp-results-widget__visual-rating\">    <i class=\"js-rmp-results-icon rmp-icon rmp-icon--ratings rmp-icon--star \"><\/i><i class=\"js-rmp-results-icon rmp-icon rmp-icon--ratings rmp-icon--star \"><\/i><i class=\"js-rmp-results-icon rmp-icon rmp-icon--ratings rmp-icon--star \"><\/i><i class=\"js-rmp-results-icon rmp-icon rmp-icon--ratings rmp-icon--star \"><\/i><i class=\"js-rmp-results-icon rmp-icon rmp-icon--ratings rmp-icon--star \"><\/i>  <\/div>  <div class=\"rmp-results-widget__avg-rating\">    <span class=\"js-rmp-avg-rating\">          <\/span>  <\/div>  <div class=\"rmp-results-widget__vote-count\">    (<span class=\"js-rmp-vote-count\"><\/span>)  <\/div><\/div> <\/div><div class=\"post-social-share\"><div class=\"zw-social-share dropdown show\">\r\n        <a class=\"zw-social-share-toggler\" href=\"#\" role=\"button\" id=\"dropdownMenuLink\" data-toggle=\"dropdown\" aria-haspopup=\"true\" aria-expanded=\"false\">\r\n        <i class=\"fas fa-share-alt\"><\/i><span class=\"zw-share-meta\">Partager<\/span>\r\n        <\/a>\r\n        <div class=\"zw-share-dropdown-menu dropdown-menu\" aria-labelledby=\"dropdownMenuLink\"><div class=\"dropdown-inner\"><p class=\"zw-share-heading fulltext\">Partager<\/p><a class=\"zw-social-share-toggler fulltext\" href=\"#\" role=\"button\" id=\"dropdownMenuLink\" data-toggle=\"dropdown\" aria-label=\"Close\">\u2715<\/a><div class=\"social-inner-icons\"><a class=\"dropdown-item \" target=\"_blank\" rel=\"nofollow\" href=\"https:\/\/www.linkedin.com\/cws\/share?url=https%3A%2F%2Fwww.atreus.de%2Ffr%2Fatreus-dans-les-medias%2Faucune-entreprise-ne-peut-ignorer-le-theme-de-la-durabilite%2F&amp;title=Aucune+entreprise+ne+peut+ignorer+la+question+du+d%C3%A9veloppement+durable\"><i class=\"fab fa-linkedin fa-fw\"><\/i><\/a><a class=\"dropdown-item \" target=\"_blank\" rel=\"nofollow\" href=\"https:\/\/www.xing.com\/spi\/shares\/new?url=https%3A%2F%2Fwww.atreus.de%2Ffr%2Fatreus-dans-les-medias%2Faucune-entreprise-ne-peut-ignorer-le-theme-de-la-durabilite%2F\"><i class=\"fab fa-xing fa-fw\"><\/i><\/a><a class=\"dropdown-item \" target=\"_blank\" rel=\"nofollow\" href=\"https:\/\/www.facebook.com\/sharer\/sharer.php?u=https%3A%2F%2Fwww.atreus.de%2Ffr%2Fatreus-dans-les-medias%2Faucune-entreprise-ne-peut-ignorer-le-theme-de-la-durabilite%2F&amp;t=Aucune+entreprise+ne+peut+ignorer+la+question+du+d%C3%A9veloppement+durable\"><i class=\"fab fa-facebook-square fa-fw\"><\/i><\/a><a class=\"dropdown-item \" target=\"_blank\" rel=\"nofollow\" href=\"https:\/\/twitter.com\/intent\/tweet?url=https%3A%2F%2Fwww.atreus.de%2Ffr%2Fatreus-dans-les-medias%2Faucune-entreprise-ne-peut-ignorer-le-theme-de-la-durabilite%2F&amp;text=Aucune+entreprise+ne+peut+ignorer+la+question+du+d%C3%A9veloppement+durable\"><i class=\"fab fa-twitter fa-fw\"><\/i><\/a>  <\/div><\/div><\/div>\r\n    <\/div><\/div><\/div><div class=\"zw-cgb zw-cgb-button-container \"><a href=\"https:\/\/www.atreus.de\/fr\/atreus-dans-les-medias\/aucune-entreprise-ne-peut-ignorer-le-theme-de-la-durabilite\/\" class=\"zw-cgb btn btn-primary \">Lire la suite<\/a><\/div>        <\/div>\n            <\/div>\n      <div class=\"zw-spacer px-0\"><\/div>\n        <\/div>\n    <\/div>\n\n\n\n\n    <div  class=\"zw-cgb  latestPosts default-margin \">\n      <div class=\"row zw-cgb-content\">\n        \n      <div  class=\"zw-cgb latestPostsContent px-0 col-12 post content-2-3  show-featured-image \">\n\n\n        <div class=\"image-container single-featured\"><a href=\"https:\/\/www.atreus.de\/fr\/atreus-dans-les-medias\/gestion-reussie-de-projets-dinfrastructure-et-de-grands-travaux\/\"><span class=\"copyright-image\">\u00a9 Oleksii Sergieiev \u2013 stock.adobe.com<\/span><img decoding=\"async\" loading=\"lazy\" alt=\"atreus_\" src=\"https:\/\/www.atreus.de\/wp-content\/uploads\/2022\/05\/TEASER3-7.jpg\" srcset=\"https:\/\/www.atreus.de\/wp-content\/uploads\/2022\/05\/TEASER3-7.jpg 823w, https:\/\/www.atreus.de\/wp-content\/uploads\/2022\/05\/TEASER3-7-768x578.jpg 768w, https:\/\/www.atreus.de\/wp-content\/uploads\/2022\/05\/TEASER3-7-480x361.jpg 480w\" sizes=\"(max-width: 1024px) 100vw, 1024px\" style=\"aspect-ratio:823\/619 !important\" title=\"atreus_\"><\/a><\/div><div class=\"image-container double-featured\"><a href=\"https:\/\/www.atreus.de\/fr\/atreus-dans-les-medias\/gestion-reussie-de-projets-dinfrastructure-et-de-grands-travaux\/\"><span class=\"copyright-image\">\u00a9 Oleksii Sergieiev \u2013 stock.adobe.com<\/span><img decoding=\"async\" loading=\"lazy\" alt=\"atreus_\" src=\"https:\/\/www.atreus.de\/wp-content\/uploads\/2022\/05\/TEASER2-4.jpg\" srcset=\"https:\/\/www.atreus.de\/wp-content\/uploads\/2022\/05\/TEASER2-4.jpg 1098w, https:\/\/www.atreus.de\/wp-content\/uploads\/2022\/05\/TEASER2-4-768x288.jpg 768w, https:\/\/www.atreus.de\/wp-content\/uploads\/2022\/05\/TEASER2-4-1024x384.jpg 1024w, https:\/\/www.atreus.de\/wp-content\/uploads\/2022\/05\/TEASER2-4-480x180.jpg 480w\" sizes=\"(max-width: 1024px) 100vw, 1024px\" style=\"aspect-ratio:1098\/412 !important\" title=\"atreus_\"><\/a><\/div>        <div class=\"content-container has-excerpt posttype-post blue-400 white-color\">\n          <div class=\"preheadline-container parent-has-padding\"><p class=\"zw-cgb preheadline\">Atreus dans les m\u00e9dias<\/p><\/div><a href=\"https:\/\/www.atreus.de\/fr\/atreus-dans-les-medias\/gestion-reussie-de-projets-dinfrastructure-et-de-grands-travaux\/\"><h2 class=\" zw-cgb headline\">Gestion r\u00e9ussie de projets d\u2019infrastructure et de grands travaux<\/h2><\/a><p class=\" zw-cgb fulltext\">Dans le Deutsches Ingenieurblatt du 18\u00a0mai 2022, les directeurs d\u2019Atreus Thomas Gl\u00e4\u00dfer et Uwe Gehrmann expliquent pourquoi les grands projets d\u2019infrastructure en Allemagne sont toujours en de\u00e7\u00e0 des attentes et comment ils peuvent \u00eatre r\u00e9alis\u00e9s \u00e0 l\u2019avenir de mani\u00e8re cibl\u00e9e et efficace.<\/p><div class=\"post-meta-info-container\"><div class=\"post-read-time\"><p class=\"zw-cgb fulltext\"><i class=\"far fa-clock\"><\/i>4 temps de lecture min<\/p><\/div><div class=\"post-rating-container d-none\"><!-- FeedbackWP Plugin - Results Widget --><div  class=\"rmp-results-widget js-rmp-results-widget js-rmp-results-widget--524369 \"  data-post-id=\"524369\">  <div class=\"rmp-results-widget__visual-rating\">    <i class=\"js-rmp-results-icon rmp-icon rmp-icon--ratings rmp-icon--star \"><\/i><i class=\"js-rmp-results-icon rmp-icon rmp-icon--ratings rmp-icon--star \"><\/i><i class=\"js-rmp-results-icon rmp-icon rmp-icon--ratings rmp-icon--star \"><\/i><i class=\"js-rmp-results-icon rmp-icon rmp-icon--ratings rmp-icon--star \"><\/i><i class=\"js-rmp-results-icon rmp-icon rmp-icon--ratings rmp-icon--star \"><\/i>  <\/div>  <div class=\"rmp-results-widget__avg-rating\">    <span class=\"js-rmp-avg-rating\">          <\/span>  <\/div>  <div class=\"rmp-results-widget__vote-count\">    (<span class=\"js-rmp-vote-count\"><\/span>)  <\/div><\/div> <\/div><div class=\"post-social-share\"><div class=\"zw-social-share dropdown show\">\r\n        <a class=\"zw-social-share-toggler\" href=\"#\" role=\"button\" id=\"dropdownMenuLink\" data-toggle=\"dropdown\" aria-haspopup=\"true\" aria-expanded=\"false\">\r\n        <i class=\"fas fa-share-alt\"><\/i><span class=\"zw-share-meta\">Partager<\/span>\r\n        <\/a>\r\n        <div class=\"zw-share-dropdown-menu dropdown-menu\" aria-labelledby=\"dropdownMenuLink\"><div class=\"dropdown-inner\"><p class=\"zw-share-heading fulltext\">Partager<\/p><a class=\"zw-social-share-toggler fulltext\" href=\"#\" role=\"button\" id=\"dropdownMenuLink\" data-toggle=\"dropdown\" aria-label=\"Close\">\u2715<\/a><div class=\"social-inner-icons\"><a class=\"dropdown-item \" target=\"_blank\" rel=\"nofollow\" href=\"https:\/\/www.linkedin.com\/cws\/share?url=https%3A%2F%2Fwww.atreus.de%2Ffr%2Fatreus-dans-les-medias%2Fgestion-reussie-de-projets-dinfrastructure-et-de-grands-travaux%2F&amp;title=Gestion+r%C3%A9ussie+de+projets+d%E2%80%99infrastructure+et+de+grands+travaux\"><i class=\"fab fa-linkedin fa-fw\"><\/i><\/a><a class=\"dropdown-item \" target=\"_blank\" rel=\"nofollow\" href=\"https:\/\/www.xing.com\/spi\/shares\/new?url=https%3A%2F%2Fwww.atreus.de%2Ffr%2Fatreus-dans-les-medias%2Fgestion-reussie-de-projets-dinfrastructure-et-de-grands-travaux%2F\"><i class=\"fab fa-xing fa-fw\"><\/i><\/a><a class=\"dropdown-item \" target=\"_blank\" rel=\"nofollow\" href=\"https:\/\/www.facebook.com\/sharer\/sharer.php?u=https%3A%2F%2Fwww.atreus.de%2Ffr%2Fatreus-dans-les-medias%2Fgestion-reussie-de-projets-dinfrastructure-et-de-grands-travaux%2F&amp;t=Gestion+r%C3%A9ussie+de+projets+d%E2%80%99infrastructure+et+de+grands+travaux\"><i class=\"fab fa-facebook-square fa-fw\"><\/i><\/a><a class=\"dropdown-item \" target=\"_blank\" rel=\"nofollow\" href=\"https:\/\/twitter.com\/intent\/tweet?url=https%3A%2F%2Fwww.atreus.de%2Ffr%2Fatreus-dans-les-medias%2Fgestion-reussie-de-projets-dinfrastructure-et-de-grands-travaux%2F&amp;text=Gestion+r%C3%A9ussie+de+projets+d%E2%80%99infrastructure+et+de+grands+travaux\"><i class=\"fab fa-twitter fa-fw\"><\/i><\/a>  <\/div><\/div><\/div>\r\n    <\/div><\/div><\/div><div class=\"zw-cgb zw-cgb-button-container \"><a href=\"https:\/\/www.atreus.de\/fr\/atreus-dans-les-medias\/gestion-reussie-de-projets-dinfrastructure-et-de-grands-travaux\/\" class=\"zw-cgb btn btn-primary \">Lire la suite<\/a><\/div>        <\/div>\n            <\/div>\n      <div class=\"zw-spacer px-0\"><\/div>\n        <\/div>\n    <\/div>\n\n","protected":false},"author":3,"featured_media":264320,"menu_order":0,"template":"","newsticker-publication":[],"competences":[687,633],"industry-sectors":[634,699],"typ-event":[735],"kind-event":[],"class_list":["post-524318","event","type-event","status-publish","has-post-thumbnail","hentry","competences-durabilite","competences-operations-fr","industry-sectors-biens-de-consommation","industry-sectors-commerce","typ-event-a-lounge-fr"],"_links":{"self":[{"href":"https:\/\/www.atreus.de\/fr\/wp-json\/wp\/v2\/event\/524318","targetHints":{"allow":["GET"]}}],"collection":[{"href":"https:\/\/www.atreus.de\/fr\/wp-json\/wp\/v2\/event"}],"about":[{"href":"https:\/\/www.atreus.de\/fr\/wp-json\/wp\/v2\/types\/event"}],"author":[{"embeddable":true,"href":"https:\/\/www.atreus.de\/fr\/wp-json\/wp\/v2\/users\/3"}],"version-history":[{"count":0,"href":"https:\/\/www.atreus.de\/fr\/wp-json\/wp\/v2\/event\/524318\/revisions"}],"wp:featuredmedia":[{"embeddable":true,"href":"https:\/\/www.atreus.de\/fr\/wp-json\/wp\/v2\/media\/264320"}],"wp:attachment":[{"href":"https:\/\/www.atreus.de\/fr\/wp-json\/wp\/v2\/media?parent=524318"}],"wp:term":[{"taxonomy":"newsticker-publication","embeddable":true,"href":"https:\/\/www.atreus.de\/fr\/wp-json\/wp\/v2\/newsticker-publication?post=524318"},{"taxonomy":"competences","embeddable":true,"href":"https:\/\/www.atreus.de\/fr\/wp-json\/wp\/v2\/competences?post=524318"},{"taxonomy":"industry-sectors","embeddable":true,"href":"https:\/\/www.atreus.de\/fr\/wp-json\/wp\/v2\/industry-sectors?post=524318"},{"taxonomy":"typ-event","embeddable":true,"href":"https:\/\/www.atreus.de\/fr\/wp-json\/wp\/v2\/typ-event?post=524318"},{"taxonomy":"kind-event","embeddable":true,"href":"https:\/\/www.atreus.de\/fr\/wp-json\/wp\/v2\/kind-event?post=524318"}],"curies":[{"name":"wp","href":"https:\/\/api.w.org\/{rel}","templated":true}]}}