{"id":524348,"date":"2023-10-06T09:58:32","date_gmt":"2023-10-06T07:58:32","guid":{"rendered":"https:\/\/www.atreus.de\/?post_type=event&#038;p=524348"},"modified":"2024-10-28T08:49:22","modified_gmt":"2024-10-28T07:49:22","slug":"table-ronde-sur-les-operations-fabrication-intelligente","status":"publish","type":"event","link":"https:\/\/www.atreus.de\/fr\/evenement\/table-ronde-sur-les-operations-fabrication-intelligente\/","title":{"rendered":"Table ronde sur les op\u00e9rations&nbsp;: fabrication intelligente"},"content":{"rendered":"<div  class=\"zw-cgb header-standard-block is-first-block desktop-has-image mobile-has-image default-margin white-color content-left content-down zw-atr-portrait-pos-left-bottom zw-atr-landscape-pos-left-bottom height-default \"><div class=\"row\"><div class=\"zw-cgb-content col-12 mx-auto\"><div  class=\"header-standard-inner-container\"><div class=\"bg-image\"><span class=\"copyright-image d-none d-lg-block\">\u00a9 Gorodenkoff &#8211; stock.adobe.com<\/span><img decoding=\"async\" class=\"respnsive-img d-none d-lg-block\" loading=\"lazy\" alt=\"atreus_\" src=\"https:\/\/www.atreus.de\/wp-content\/uploads\/2023\/09\/header-20231026-RT-Operations-Smart-Manufactoring.jpg\" srcset=\"https:\/\/www.atreus.de\/wp-content\/uploads\/2023\/09\/header-20231026-RT-Operations-Smart-Manufactoring.jpg 1920w, https:\/\/www.atreus.de\/wp-content\/uploads\/2023\/09\/header-20231026-RT-Operations-Smart-Manufactoring-768x432.jpg 768w, https:\/\/www.atreus.de\/wp-content\/uploads\/2023\/09\/header-20231026-RT-Operations-Smart-Manufactoring-1024x576.jpg 1024w, https:\/\/www.atreus.de\/wp-content\/uploads\/2023\/09\/header-20231026-RT-Operations-Smart-Manufactoring-480x270.jpg 480w, https:\/\/www.atreus.de\/wp-content\/uploads\/2023\/09\/header-20231026-RT-Operations-Smart-Manufactoring-1440x810.jpg 1440w\" sizes=\"(max-width: 1920px) 100vw, 1920px\" style=\"aspect-ratio:1920\/1080 !important\" title=\"atreus_\"><span class=\"copyright-image d-lg-none d-block\">\u00a9 Gorodenkoff &#8211; stock.adobe.com<\/span><img decoding=\"async\" class=\"responsive-img d-lg-none d-block\" loading=\"lazy\" alt=\"atreus_\" src=\"https:\/\/www.atreus.de\/wp-content\/uploads\/2023\/09\/teaser-4zu3-20231026-RT-Operations-Smart-Manufactoring.jpg\" srcset=\"https:\/\/www.atreus.de\/wp-content\/uploads\/2023\/09\/teaser-4zu3-20231026-RT-Operations-Smart-Manufactoring.jpg 823w, https:\/\/www.atreus.de\/wp-content\/uploads\/2023\/09\/teaser-4zu3-20231026-RT-Operations-Smart-Manufactoring-768x578.jpg 768w, https:\/\/www.atreus.de\/wp-content\/uploads\/2023\/09\/teaser-4zu3-20231026-RT-Operations-Smart-Manufactoring-480x361.jpg 480w\" sizes=\"(max-width: 1024px) 100vw, 1024px\" style=\"aspect-ratio:823\/619 !important\" title=\"atreus_\"><\/div><div class=\"preheadline-container\"><div class=\"zw-breadcrumb-container black-color d-md-down-none\"><\/div><p class=\" zw-cgb preheadline zw-prevent-animation\">Table ronde sur le num\u00e9rique<\/p><h1 class=\" zw-cgb headline zw-prevent-animation\">Op\u00e9rations&nbsp;: fabrication et approvisionnement intelligents<\/h1><\/div><\/div><\/div><\/div><\/div><div class=\"zw-breadcrumb-container black-color d-none d-md-down-block\"><nav aria-label=\"breadcrumbs\" class=\"rank-math-breadcrumb\"><p><span class=\"label\">c<\/span> <a href=\"https:\/\/www.atreus.de\/fr\">Home<\/a><span class=\"separator\"> c <\/span><a href=\"https:\/\/www.atreus.de\/fr\/publications-et-evenements\/mediatheque\/\">\u00c9v\u00e9nements<\/a><span class=\"separator\"> c <\/span><span class=\"last\"><\/span><\/p><\/nav><\/div>\n\n\n    <div  class=\"zw-cgb  textblock black-color zw-content-pos-center  default-margin \">\n      <div class=\"row\">\n        <div class=\"zw-cgb-content col-12 g-0\">\n          <h2 class=\"zw-cgb headline \">Coop\u00e9ration autonome&nbsp;: une production intelligente pour une plus grande flexibilit\u00e9 et une meilleure rentabilit\u00e9<\/h2><h2 class=\"zw-cgb headline \">26 octobre 2023<\/h2><p class=\" zw-cgb fulltext \">O\u00f9 se situe l\u2019Allemagne par rapport \u00e0 la concurrence internationale en mati\u00e8re de fabrication et approvisionnement intelligents&nbsp;? Comment cr\u00e9er des environnements de production intelligents, dans lesquels les machines et les syst\u00e8mes communiquent et coop\u00e8rent de mani\u00e8re autonome&nbsp;? Et quel est le r\u00f4le des achats dans la p\u00e9rennit\u00e9 des entreprises de production&nbsp;?<\/p><p class=\" zw-cgb fulltext \">Simon Mehler et Stephan Haimerl, directeurs d\u2019Atreus, ont discut\u00e9 de ces questions avec des experts en mati\u00e8re de fabrication et approvisionnement intelligents lors de la table ronde num\u00e9rique sur les op\u00e9rations d\u2019Atreus.<\/p>        <\/div>\n      <\/div>\n    <\/div>\n\n\n\n\n<div style=\"height:100px\" aria-hidden=\"true\" class=\"wp-block-spacer is-style-zw-default-color\"><\/div>\n\n\n\n    <div  class=\"zw-cgb  textblock black-color zw-content-pos-center  default-margin \">\n      <div class=\"row\">\n        <div class=\"zw-cgb-content col-12 g-0\">\n          <h2 class=\"zw-cgb headline \">Vous avez manqu\u00e9 l\u2019\u00e9v\u00e9nement&nbsp;?<\/h2><p class=\" zw-cgb fulltext \">Regardez le replay avec les principales informations&nbsp;:<\/p><p class=\" zw-cgb fulltext \"><\/p>        <\/div>\n      <\/div>\n    <\/div>\n\n\n\n\r\n    <div id=\"d5de02c1-bf71-4f22-850e-44f33937b143\" class=\"zw-cgb  videoEmbedBlock black-color default-margin  zw-atr-portrait-pos-default zw-atr-landscape-pos-default show-background-image\">\r\n      <div class=\"row\">\r\n        <div class=\"col-12 g-0 content-wrapper\">\r\n          <div class=\"bg-image\"><span class=\"copyright-image\"><\/span><img decoding=\"async\" class=\"zw-img d-none d-menu-block\" loading=\"lazy\" alt=\"atreus_\" src=\"https:\/\/www.atreus.de\/wp-content\/uploads\/2022\/03\/teaser-background-video-block.jpg\" srcset=\"https:\/\/www.atreus.de\/wp-content\/uploads\/2022\/03\/teaser-background-video-block.jpg 1920w, https:\/\/www.atreus.de\/wp-content\/uploads\/2022\/03\/teaser-background-video-block-768x288.jpg 768w, https:\/\/www.atreus.de\/wp-content\/uploads\/2022\/03\/teaser-background-video-block-1024x384.jpg 1024w, https:\/\/www.atreus.de\/wp-content\/uploads\/2022\/03\/teaser-background-video-block-480x180.jpg 480w, https:\/\/www.atreus.de\/wp-content\/uploads\/2022\/03\/teaser-background-video-block-1440x540.jpg 1440w\" sizes=\"(max-width: 1920px) 100vw, 1920px\" style=\"aspect-ratio:1920\/720 !important\" title=\"atreus_\"><\/div><div class=\"zw-video-container embed\"><div class=\"image-container\"><span class=\"copyright-image\">\u00a9 Gorodenkoff &#8211; stock.adobe.com<\/span><img decoding=\"async\" loading=\"lazy\" alt=\"atreus_\" src=\"https:\/\/www.atreus.de\/wp-content\/uploads\/2023\/09\/header-20231026-RT-Operations-Smart-Manufactoring.jpg\" srcset=\"https:\/\/www.atreus.de\/wp-content\/uploads\/2023\/09\/header-20231026-RT-Operations-Smart-Manufactoring.jpg 1920w, https:\/\/www.atreus.de\/wp-content\/uploads\/2023\/09\/header-20231026-RT-Operations-Smart-Manufactoring-768x432.jpg 768w, https:\/\/www.atreus.de\/wp-content\/uploads\/2023\/09\/header-20231026-RT-Operations-Smart-Manufactoring-1024x576.jpg 1024w, https:\/\/www.atreus.de\/wp-content\/uploads\/2023\/09\/header-20231026-RT-Operations-Smart-Manufactoring-480x270.jpg 480w, https:\/\/www.atreus.de\/wp-content\/uploads\/2023\/09\/header-20231026-RT-Operations-Smart-Manufactoring-1440x810.jpg 1440w\" sizes=\"(max-width: 750px) 100vw, 750px\" style=\"aspect-ratio:1920\/1080 !important\" title=\"atreus_\"><span class=\"play-button-image\" onClick=\"zw_create_video(&quot; &lt;div class=\\&quot;brlbs-cmpnt-container brlbs-cmpnt-content-blocker brlbs-cmpnt-with-individual-styles\\&quot; data-borlabs-cookie-content-blocker-id=\\&quot;vimeo-content-blocker\\&quot; data-borlabs-cookie-content=\\&quot;PGlmcmFtZSB0aXRsZT0iUlQgT3BlcmF0aW9ucywgMjYuMTBfQXVmemVpY2hudW5nIiBzcmM9Imh0dHBzOi8vcGxheWVyLnZpbWVvLmNvbS92aWRlby84Nzg1NjcyODA\\\/ZG50PTEmYW1wO2FwcF9pZD0xMjI5NjMiIHdpZHRoPSI5NjAiIGhlaWdodD0iNTQwIiBmcmFtZWJvcmRlcj0iMCIgYWxsb3c9ImF1dG9wbGF5OyBmdWxsc2NyZWVuOyBwaWN0dXJlLWluLXBpY3R1cmU7IGNsaXBib2FyZC13cml0ZTsgZW5jcnlwdGVkLW1lZGlhOyB3ZWItc2hhcmUiIHJlZmVycmVycG9saWN5PSJzdHJpY3Qtb3JpZ2luLXdoZW4tY3Jvc3Mtb3JpZ2luIj48L2lmcmFtZT4=\\&quot;&gt;&lt;div class=\\&quot;brlbs-cmpnt-cb-preset-c brlbs-cmpnt-cb-vimeo\\&quot;&gt; &lt;div class=\\&quot;brlbs-cmpnt-cb-thumbnail\\&quot; style=\\&quot;background-image: url(&#039;https:\\\/\\\/www.atreus.de\\\/wp-content\\\/uploads\\\/borlabs-cookie\\\/1\\\/vimeo_878567280.jpg&#039;)\\&quot;&gt;&lt;\\\/div&gt; &lt;div class=\\&quot;brlbs-cmpnt-cb-main\\&quot;&gt; &lt;div class=\\&quot;brlbs-cmpnt-cb-play-button\\&quot;&gt;&lt;\\\/div&gt; &lt;div class=\\&quot;brlbs-cmpnt-cb-content\\&quot;&gt; &lt;p class=\\&quot;brlbs-cmpnt-cb-description\\&quot;&gt;Vous \\u00eates actuellement en train de consulter le contenu d&#039;un espace r\\u00e9serv\\u00e9 de &lt;strong&gt;Vimeo&lt;\\\/strong&gt;. Pour acc\\u00e9der au contenu r\\u00e9el, cliquez sur le bouton ci-dessous. Veuillez noter que ce faisant, des donn\\u00e9es seront partag\\u00e9es avec des providers tiers.&lt;\\\/p&gt; &lt;a class=\\&quot;brlbs-cmpnt-cb-provider-toggle\\&quot; href=\\&quot;#\\&quot; data-borlabs-cookie-show-provider-information role=\\&quot;button\\&quot;&gt;Plus d&#039;informations&lt;\\\/a&gt; &lt;\\\/div&gt; &lt;div class=\\&quot;brlbs-cmpnt-cb-buttons\\&quot;&gt; &lt;a class=\\&quot;brlbs-cmpnt-cb-btn\\&quot; href=\\&quot;#\\&quot; data-borlabs-cookie-unblock role=\\&quot;button\\&quot;&gt;D\\u00e9bloquer le contenu&lt;\\\/a&gt; &lt;a class=\\&quot;brlbs-cmpnt-cb-btn\\&quot; href=\\&quot;#\\&quot; data-borlabs-cookie-accept-service role=\\&quot;button\\&quot; style=\\&quot;display: inherit\\&quot;&gt;Accepter le service requis et d\\u00e9bloquer les contenus&lt;\\\/a&gt; &lt;\\\/div&gt; &lt;\\\/div&gt; &lt;\\\/div&gt;&lt;\\\/div&gt;&quot;,'d5de02c1-bf71-4f22-850e-44f33937b143','vimeo-content-blocker')\"><img decoding=\"async\" loading=\"lazy\" width=\"60\" height=\"70\" alt=\"AtreusPlay\" src=\"https:\/\/www.atreus.de\/wp-content\/themes\/zw-atr-theme\/assets\/images\/Play_Button_wei\u00df.png\" title=\"atreus_\"><\/span><\/div><\/div>        <\/div>\r\n      <\/div>\r\n    <\/div>\r\n\r\n\n\n\n<div style=\"height:100px\" aria-hidden=\"true\" class=\"wp-block-spacer\"><\/div>\n\n\n\n<div style=\"height:100px\" aria-hidden=\"true\" class=\"wp-block-spacer\"><\/div>\n\n\n<div  class=\"zw-cgb row  columnmaster020 default-margin \"><div class=\"columnmaster-inner-content g-0\">    <div  class=\"zw-cgb no-image-layout columnblock white-color has-icon  blue-400 \">\n      <div class=\"zw-cgb zw-cgb-content\">\n\n        <div class=\"column-content\"><div class=\"inner-content\"><div class=\"icon-container\"><span class=\"atr-icon\">j<\/span><h2 class=\" zw-cgb headline h4\">\u00c9v\u00e9nement<\/h2><\/div><p class=\" zw-cgb fulltext \"><strong>Num\u00e9rique<\/strong><\/p><p class=\" zw-cgb fulltext \"><strong>26 octobre, de 12h00 \u00e0 13h30 <\/strong><\/p><ul class=\"zw-cgb-ul fulltext \"><li class=\"\">Accueil et pr\u00e9sentation des intervenants<\/li><li class=\"\">Discours d\u2019ouverture <strong>Dr. Heike Sengstschmid<\/strong>, Directeur des op\u00e9rations et chef de projet de transition&nbsp;: fabrication intelligente<\/li><li class=\"\">Discours d\u2019ouverture <strong>Jan Sickmann<\/strong>, manager de transition et fondateur d\u2019IMPREOS Strategy&nbsp;: \u00ab&nbsp;Greenfield de l\u2019Europe de l\u2019Est dans des conditions VUCA \u2014 S\u2019adapter de mani\u00e8re flexible gr\u00e2ce \u00e0 l\u2019automatisation et \u00e0 la modularisation&nbsp;\u00bb<\/li><li class=\"\">Discours d\u2019ouverture <strong>Christian Holzer<\/strong>, Directeur des achats de transition, conseiller s\u00e9nior&nbsp;: \u00ab&nbsp;Impact des achats comme orchestrateur de la cr\u00e9ation de valeur&nbsp;\u00bb<\/li><li class=\"\">Discussion. Questions du public<\/li><\/ul><\/div><\/div>      <\/div>\n    <\/div>\n    <div  class=\"zw-cgb no-image-layout columnblock white-color has-icon  blue-600 \">\n      <div class=\"zw-cgb zw-cgb-content\">\n\n        <div class=\"column-content\"><div class=\"inner-content\"><div class=\"icon-container\"><span class=\"atr-icon\">l<\/span><h2 class=\" zw-cgb headline h4\">Th\u00e8me<\/h2><\/div><p class=\" zw-cgb fulltext \">Il s\u2019agit de cr\u00e9er des environnements de fabrication intelligents dans lesquels les machines et les syst\u00e8mes peuvent communiquer et coop\u00e9rer de mani\u00e8re autonome. L\u2019objectif est de produire de mani\u00e8re flexible des produits individualis\u00e9s tout en \u00e9tant rentable.<\/p><p class=\" zw-cgb fulltext \"><strong>Jan Sickmann<\/strong> parle du greenfield de l\u2019Europe de l\u2019Est et de la mise \u00e0 l\u2019\u00e9chelle flexible gr\u00e2ce \u00e0 l\u2019automatisation. <strong>Dr. Heike Sengstschmid <\/strong>analyse si le Smart Manufacturing est une chance ou un risque pour le site allemand, et <strong>Christian Holzer<\/strong> explique pourquoi l\u2019approvisionnement a une fonction si forte d\u2019orchestrateur de la cr\u00e9ation de valeur.<\/p><p class=\" zw-cgb fulltext \">Lors de la discussion qui suivra, nous approfondirons avec vous les d\u00e9fis concrets de la fabrication intelligente.<\/p><\/div><\/div>      <\/div>\n    <\/div>\n    <div  class=\"zw-cgb no-image-layout columnblock white-color has-icon  blue-900 \">\n      <div class=\"zw-cgb zw-cgb-content\">\n\n        <div class=\"column-content\"><div class=\"inner-content\"><div class=\"icon-container\"><span class=\"atr-icon\">k<\/span><h2 class=\" zw-cgb headline h4\">Op\u00e9rations<\/h2><\/div><p class=\" zw-cgb fulltext \"><strong><strong>Diriger une entreprise en p\u00e9riode difficile requiert des professionnels aguerris, dot\u00e9s de puissance et de doigt\u00e9.<\/strong><\/strong><\/p><p class=\" zw-cgb fulltext \">Nous vous aidons \u00e0 relever les d\u00e9fis li\u00e9s aux restructurations&nbsp;:<\/p><\/div><div class=\"zw-cgb zw-cgb-button-container text-center\"><a class=\"zw-cgb btn btn-primary prm-button\" href=\"https:\/\/www.atreus.de\/fr\/competences\/fonctions-de-management\/operations\/\">Atreus Comp\u00e9tence Op\u00e9rations<\/a><\/div><\/div>      <\/div>\n    <\/div>\n<\/div><\/div>\n\n    <div  class=\"zw-cgb  change-padding  infoblock default-margin black-color  \">\n      <div class=\" row\">\n        <div class=\"zw-cgb-content has-padding col-12\">\n          <div class=\"inner-content parent-has-padding\"><div class=\"link-container\"><div class=\"zw-cgb zw-cgb-button-container \"><a class=\"zw-cgb btn btn-primary \" href=\"https:\/\/www.atreus.de\/fr\/competences\/service\/management-de-transition\/\">Management de transition Atreus<\/a><a class=\"zw-cgb btn btn-primary \" href=\"https:\/\/www.atreus.de\/fr\/manager-de-transition\/\">Manager de transition Atreus<\/a><\/div><\/div><\/div>        <\/div>\n      <\/div>\n    <\/div>\n\n\n    <div  class=\"zw-cgb    infoblock default-margin black-color  \">\n      <div class=\" row\">\n        <div class=\"zw-cgb-content has-padding col-12\">\n          <div class=\"inner-content parent-has-padding\"><h2 class=\" zw-cgb headline\">Les principales conclusions en huit th\u00e8ses&nbsp;:<\/h2><div class=\"link-container\"><\/div><\/div>        <\/div>\n      <\/div>\n    <\/div>\n\n\n<div id=\"parent85642\"class=\"zw-cgb halb-halb-headline-text-block-135 default-margin \"><div class=\"row\">    <!--  block -->\n    <div class=\"half-content has-padding col-lg-6 col-12 leftBlock order-1 blue-400 white-color has-icon has-headline \"><div class=\"icon-container\"><span class=\"atr-icon\">n<\/span><h2 class=\" zw-cgb headline\">1. Les entreprises allemandes doivent trouver des moyens de ne pas se laisser distancer en mati\u00e8re de Fabrication et approvisionnement intelligents<\/h2><\/div><div class=\"content-container\"><div class=\"inner-content parent-has-padding\"><p class=\" zw-cgb fulltext \">Dr. Heike Sengstschmid, manager chez Atreus, a travaill\u00e9 plus de 30 ans \u00e0 l\u2019\u00e9tranger, notamment en tant que Directeur des op\u00e9rations de transition et chef de projet en Su\u00e8de et en France. \u00ab&nbsp;Jusqu\u2019en 2020 environ, l\u2019Allemagne avait un r\u00f4le de pionnier dans la Fabrication intelligente&nbsp;\u00bb, dit-elle. Depuis, l\u2019Allemagne serait pass\u00e9e de la 9e place (2020) \u00e0 la 13e place (2022) dans le Digital Economy and Society Index (DESI), tandis que la Su\u00e8de aurait progress\u00e9 \u00e0 la 4e place. Un exemple concret&nbsp;: en Su\u00e8de, le dossier m\u00e9dical \u00e9lectronique a \u00e9t\u00e9 introduit d\u00e8s 2017, alors qu\u2019il n\u2019arrivera pas en Allemagne avant 2025. Sengstschmid attribue \u00e9galement ces diff\u00e9rences de d\u00e9veloppement \u00e0 des facteurs que les entreprises ne peuvent pas influencer directement, comme le manque de personnel qualifi\u00e9 ou la bureaucratisation croissante. Mais elle dit aussi&nbsp;: \u00ab&nbsp;La responsabilit\u00e9 individuelle est la cl\u00e9 d\u00e9cisive du succ\u00e8s. L\u2019automatisation et la d\u00e9centralisation sont \u00e9galement possibles sans aide de l\u2019\u00c9tat ou programmes de soutien.&nbsp;\u00bb<\/p><div class=\"link-container\"><\/div><\/div><\/div><\/div>    <!--  block -->\n    <div class=\"half-content has-padding col-lg-6 col-12 rightBlock order-2 blue-600 white-color has-icon has-headline \"><div class=\"icon-container\"><span class=\"atr-icon\">o<\/span><h2 class=\" zw-cgb headline\">2. Pour rattraper son retard, l\u2019industrie allemande devrait prendre exemple sur la Su\u00e8de \u2014 et promouvoir un \u00e9tat d\u2019esprit agile.<\/h2><\/div><div class=\"content-container\"><div class=\"inner-content parent-has-padding\"><p class=\" zw-cgb fulltext \">La manager d\u2019Atreus Sengstschmid observe de nettes diff\u00e9rences de mentalit\u00e9 entre l\u2019Allemagne et la Su\u00e8de&nbsp;: ainsi, l\u2019acc\u00e8s \u00e0 la digitalisation est beaucoup plus avanc\u00e9 en Su\u00e8de. En Su\u00e8de, 78 pour cent de toutes les connexions \u00e0 haut d\u00e9bit sont \u00e9quip\u00e9es de fibres optiques, alors qu\u2019en Allemagne, ce chiffre n\u2019est que de neuf pour cent. Mais une diff\u00e9rence essentielle commence d\u00e8s l\u2019\u00e9cole&nbsp;: \u00ab&nbsp;En Su\u00e8de, les enfants apprennent \u00e0 l\u2019\u00e9cole \u00e0 acqu\u00e9rir des comp\u00e9tences par eux-m\u00eames \u2014 et d\u00e9veloppent le courage d\u2019essayer beaucoup de choses&nbsp;\u00bb, explique Sengstschmid. En Allemagne, on s\u2019entra\u00eene plut\u00f4t \u00e0 apprendre par c\u0153ur sans faire de fautes \u2014 une diff\u00e9rence de mentalit\u00e9 qui se prolonge jusque dans la vie professionnelle. Dans l\u2019un de ses mandats, des imprimantes 3D ont tout simplement \u00e9t\u00e9 achet\u00e9es et essay\u00e9es dans la filiale su\u00e9doise du groupe pour un processus d\u2019innovation. Dans la soci\u00e9t\u00e9 allemande, il a fallu attendre six mois de discussions au niveau des achats avant de valider l\u2019achat g\u00e9n\u00e9ralis\u00e9 de l\u2019imprimante&nbsp;: \u00ab&nbsp;Il faut \u00eatre rapide.&nbsp;\u00bb<\/p><div class=\"link-container\"><\/div><\/div><\/div><\/div><\/div><\/div>\n\n\r\n    <div  class=\"zw-cgb  extern-zitat-style  zitat-block black-color default-margin default-padding \">\r\n      <div class=\"row zitat-row\">\r\n        <div class=\" image-container g-0 order-1  col-menu-5 col-12 \">\r\n                    <div class=\"img-with-gradient\">\r\n\r\n            <span class=\"copyright-image\"><\/span><img decoding=\"async\" class=\"responsive-img\" loading=\"lazy\" alt=\"atreus_\" src=\"https:\/\/www.atreus.de\/wp-content\/uploads\/2023\/09\/sen-he.jpg\" srcset=\"https:\/\/www.atreus.de\/wp-content\/uploads\/2023\/09\/sen-he.jpg 242w, https:\/\/www.atreus.de\/wp-content\/uploads\/2023\/09\/sen-he-150x150.jpg 150w\" sizes=\"(max-width: 1024px) 100vw, 1024px\" style=\"aspect-ratio:242\/242 !important\" title=\"atreus_\">            <div class=\"linear-gradient-container\"><\/div>\r\n          <\/div>\r\n\r\n\r\n\r\n          <div class=\"zitat-img-text-container\"><div class=\"zitat-name-container fulltext\"><span>Dr. Heike Sengstschmid<\/span><\/div><div class=\"zitat-discription-container fulltext\"><span>Directrice des op\u00e9rations et chef de projet de transition<\/span><\/div><\/div>                  <\/div>\r\n        <div class=\"g-0 zitat-text-container order-2 col-menu-7 col-12 \">\r\n          <div class=\"zitat-text\"><span class=\"zitat-start-icon atreus-font\">D<\/span><p class=\"zw-cgb fulltext\">\u201ePour une production intelligente, un \u00e9change intensif de bout en bout est extr\u00eamement important \u2014 du fournisseur au client, au sein de la production et entre tous les secteurs de l\u2019entreprise.\u201c<\/p><\/div>                  <\/div>\r\n\r\n      <\/div>\r\n    <\/div>\r\n\n\n    <div  class=\"  zw-cgb  halb-halb-block boxed default-margin \">\n      <div class=\"row\">\n\n                  <div class=\"col-lg-6 col-12 image order-1 order-lg-2  px-0\">\n            <span class=\"copyright-image\"><\/span><img decoding=\"async\" loading=\"lazy\" alt=\"atreus_\" src=\"https:\/\/www.atreus.de\/wp-content\/uploads\/2023\/10\/sengstschmidt-1.webp\" srcset=\"https:\/\/www.atreus.de\/wp-content\/uploads\/2023\/10\/sengstschmidt-1.webp 766w, https:\/\/www.atreus.de\/wp-content\/uploads\/2023\/10\/sengstschmidt-1-480x301.webp 480w\" sizes=\"(max-width: 1024px) 100vw, 1024px\" style=\"aspect-ratio:766\/480 !important\" title=\"atreus_\">          <\/div>\n          <div class=\"half-content has-padding col-lg-6 col-12 order-2 order-lg-1 blue-900 white-color small-headline\"><div class=\"inner-content parent-has-padding\"><h2 class=\" zw-cgb headline\">3. D\u2019autres comp\u00e9tences doivent \u00eatre acquises par les collaborateurs. En particulier, la capacit\u00e9 \u00e0 coop\u00e9rer.<\/h2><p class=\" zw-cgb fulltext \">Les nouvelles technologies telles que l\u2019IA ne remplacent pas les collaborateurs, mais exigent au contraire de nouvelles comp\u00e9tences. La p\u00e9nurie de main-d\u2019\u0153uvre qualifi\u00e9e est devenue un mot \u00e0 la mode&nbsp;: rares sont les entreprises qui ne recherchent pas d\u00e9sesp\u00e9r\u00e9ment des collaborateurs qualifi\u00e9s. De plus, selon la manager d\u2019Atreus Sengstschmid, les professionnels changent plus facilement d\u2019entreprise parce qu\u2019ils se concentrent moins sur un produit particulier dans leur travail quotidien et qu\u2019ils apportent beaucoup plus de comp\u00e9tences num\u00e9riques qu\u2019auparavant. Selon elle, la t\u00e2che de conserver les bons collaborateurs est plus importante que jamais \u2014 que ce soit par un bon \u00e9quilibre entre vie professionnelle et vie priv\u00e9e, la possibilit\u00e9 de travailler de mani\u00e8re flexible ou l\u2019opportunit\u00e9 de se former en permanence. Pour Sengstschmid, les comp\u00e9tences particuli\u00e8rement pertinentes ne sont pas seulement la capacit\u00e9 \u00e0 communiquer et un int\u00e9r\u00eat marqu\u00e9 pour les donn\u00e9es, mais aussi la capacit\u00e9 \u00e0 collaborer de mani\u00e8re cross-fonctionnelle. \u00ab&nbsp;Pour une fabrication intelligente, un \u00e9change intensif de bout en bout est extr\u00eamement important \u2014 du fournisseur au client, au sein de la fabrication et entre tous les secteurs de l\u2019entreprise.&nbsp;\u00bb<\/p><div class=\"link-container\"><\/div><\/div><\/div>              <\/div>\n\n    <\/div>\n\n\n    <div  class=\"  zw-cgb  halb-halb-block boxed default-margin \">\n      <div class=\"row\">\n\n                  <div class=\"col-lg-6 col-12 image order-1  px-0\">\n            <span class=\"copyright-image\"><\/span><img decoding=\"async\" loading=\"lazy\" alt=\"atreus_\" src=\"https:\/\/www.atreus.de\/wp-content\/uploads\/2023\/10\/sickmann-1.webp\" srcset=\"https:\/\/www.atreus.de\/wp-content\/uploads\/2023\/10\/sickmann-1.webp 766w, https:\/\/www.atreus.de\/wp-content\/uploads\/2023\/10\/sickmann-1-480x301.webp 480w\" sizes=\"(max-width: 1024px) 100vw, 1024px\" style=\"aspect-ratio:766\/480 !important\" title=\"atreus_\">          <\/div>\n          <div class=\"half-content has-padding col-lg-6 col-12 order-2 blue-900 white-color small-headline\"><div class=\"inner-content parent-has-padding\"><h2 class=\" zw-cgb headline\">4. La flexibilit\u00e9 est essentielle dans un monde VUCA \u2014 m\u00eame si les experts en op\u00e9rations aiment souvent ce qui est planifiable.<\/h2><p class=\" zw-cgb fulltext \">En tant que manager d\u2019Atreus, Jan Sickmann a d\u00e9j\u00e0 men\u00e9 \u00e0 bien cinq projets dans le domaine des op\u00e9rations. Il \u00e9voque un projet Greenfield r\u00e9cent qui, selon lui, s\u2019est d\u00e9roul\u00e9 dans des conditions VUCA absolues. Un fabricant slovaque en forte croissance souhaitait construire un deuxi\u00e8me atelier de production dans un d\u00e9lai de 15 mois et le rendre nettement plus performant que le premier sur le plan op\u00e9rationnel. Les conditions du projet n\u2019\u00e9taient pas seulement tr\u00e8s exigeantes d\u2019un point de vue technique, puisque le personnel du site \u00e9tait \u00e9puis\u00e9 et que la politique devait \u00e9galement \u00eatre impliqu\u00e9e de mani\u00e8re intensive. Selon Sickmann, un certain pragmatisme a \u00e9t\u00e9 d\u00e9cisif pour le succ\u00e8s final du projet&nbsp;: ainsi, le lead time a pu \u00eatre r\u00e9duit de 35 \u00e0 15 mois gr\u00e2ce \u00e0 ce qu\u2019on appelle un permis de construire joker. \u00ab&nbsp;Avec un plan ad hoc par \u00e9tapes, des autorisations pro forma et un soutien politique, il est tout de m\u00eame possible de rendre un tel investissement possible \u2014 m\u00eame sans chiffres pr\u00e9visionnels ou planification de la structure de l\u2019usine&nbsp;\u00bb, explique Sickmann.<\/p><div class=\"link-container\"><\/div><\/div><\/div>              <\/div>\n\n    <\/div>\n\n\n\n<div style=\"height:100px\" aria-hidden=\"true\" class=\"wp-block-spacer\"><\/div>\n\n\n<div id=\"parent16742\"class=\"zw-cgb halb-halb-headline-text-block-135 default-margin \"><div class=\"row\">    <!--  block -->\n    <div class=\"half-content has-padding col-lg-6 col-12 leftBlock order-1  black-color has-icon has-headline \"><div class=\"icon-container\"><span class=\"atr-icon\">u<\/span><h2 class=\" zw-cgb headline\">5. L\u2019automatisation et la modularisation sont deux moyens novateurs d\u2019augmenter la productivit\u00e9 des surfaces.<\/h2><\/div><div class=\"content-container\"><div class=\"inner-content parent-has-padding\"><p class=\" zw-cgb fulltext \">Pour rendre le site slovaque nettement plus productif dans un deuxi\u00e8me temps, Sickmann a d\u2019une part mis\u00e9 sur l\u2019automatisation. De son point de vue, les cobots, par exemple, des robots collaboratifs qui sont d\u00e9j\u00e0 utilis\u00e9s dans le montage final et qui d\u00e9chargent les sp\u00e9cialistes des t\u00e2ches routini\u00e8res, sont particuli\u00e8rement passionnants. Sickmann cite un autre exemple&nbsp;: les entrep\u00f4ts de petites pi\u00e8ces modulables de mani\u00e8re flexible, qui se passent d\u2019all\u00e9es ou de surfaces de rayonnage et n\u00e9cessitent ainsi 75&nbsp;% de surface en moins. D\u2019autre part, Sickmann mise sur la modularisation. Chez un constructeur de machines italien, par exemple, la production a \u00e9t\u00e9 r\u00e9organis\u00e9e de mani\u00e8re \u00e0 ce que le produit puisse \u00eatre pr\u00e9-assembl\u00e9 de fa\u00e7on anonyme par le client et que la couleur souhait\u00e9e par le client ne doive \u00eatre appliqu\u00e9e qu\u2019\u00e0 la toute fin \u2014 contrairement \u00e0 ce qui se passait auparavant \u2014, ce qui simplifie consid\u00e9rablement le processus. Un fabricant d\u2019onduleurs solaires en Chine, rapporte Sickmann, a r\u00e9duit son d\u00e9lai d\u2019ex\u00e9cution de quatre semaines \u00e0 deux jours gr\u00e2ce au montage en cadence, au pr\u00e9-assemblage \u00e0 partir de stocks de consignation et aux m\u00e9thodes KANBAN.<\/p><div class=\"link-container\"><\/div><\/div><\/div><\/div>    <!--  block -->\n    <div class=\"half-content has-padding col-lg-6 col-12 rightBlock order-2 blue-400 white-color has-icon has-headline \"><div class=\"icon-container\"><span class=\"atr-icon\">k<\/span><h2 class=\" zw-cgb headline\">6. En p\u00e9riode de perturbation des cha\u00eenes d\u2019approvisionnement, les entreprises doivent assurer une transparence maximale afin d\u2019anticiper les crises.<\/h2><\/div><div class=\"content-container\"><div class=\"inner-content parent-has-padding\"><p class=\" zw-cgb fulltext \">Au vu des crises multiples de ces derni\u00e8res ann\u00e9es, les perturbations dans toutes les parties de la cha\u00eene d\u2019approvisionnement sont devenues permanentes \u2014 ce qui pose les plus grands d\u00e9fis aux achats, comme le rapporte le manager d\u2019Atreus Christian Holzer&nbsp;: \u00ab&nbsp;De nombreuses entreprises tr\u00e9buchent en essayant de maintenir leurs cha\u00eenes d\u2019approvisionnement&nbsp;\u00bb C\u2019est pourquoi il est important, selon lui, de penser en termes de sc\u00e9narios, d\u2019anticiper les crises, de pr\u00e9parer des mesures et de les mettre ensuite en \u0153uvre. Il faut instaurer la transparence sur l\u2019ensemble de la cha\u00eene d\u2019approvisionnement, jusqu\u2019aux mati\u00e8res premi\u00e8res. \u00ab&nbsp;Je peux alors r\u00e9pondre aux d\u00e9fis d\u2019une loi complexe sur la cha\u00eene d\u2019approvisionnement ou de la d\u00e9carbonisation de la cha\u00eene d\u2019approvisionnement&nbsp;\u00bb, explique Holzer. \u00ab&nbsp;Au final, les achats sont responsables des deux tiers du chiffre d\u2019affaires de l\u2019entreprise.&nbsp;\u00bb Au-del\u00e0 des \u00e9conomies r\u00e9alis\u00e9es, il cr\u00e9e une valeur ajout\u00e9e pour l\u2019entreprise en ne d\u00e9pensant pas simplement de l\u2019argent, mais en le consid\u00e9rant comme un investissement dans la vision et les objectifs de l\u2019entreprise.<\/p><div class=\"link-container\"><\/div><\/div><\/div><\/div><\/div><\/div>\n\n\n<div style=\"height:100px\" aria-hidden=\"true\" class=\"wp-block-spacer\"><\/div>\n\n\n\r\n    <div  class=\"zw-cgb  extern-zitat-style  zitat-block black-color default-margin default-padding \">\r\n      <div class=\"row zitat-row\">\r\n        <div class=\" image-container g-0 order-1  col-menu-5 col-12 \">\r\n                    <div class=\"img-with-gradient\">\r\n\r\n            <span class=\"copyright-image\"><\/span><img decoding=\"async\" class=\"responsive-img\" loading=\"lazy\" alt=\"atreus_\" src=\"https:\/\/www.atreus.de\/wp-content\/uploads\/2023\/09\/hol-ch.jpg\" srcset=\"https:\/\/www.atreus.de\/wp-content\/uploads\/2023\/09\/hol-ch.jpg 242w, https:\/\/www.atreus.de\/wp-content\/uploads\/2023\/09\/hol-ch-150x150.jpg 150w\" sizes=\"(max-width: 1024px) 100vw, 1024px\" style=\"aspect-ratio:242\/242 !important\" title=\"atreus_\">            <div class=\"linear-gradient-container\"><\/div>\r\n          <\/div>\r\n\r\n\r\n\r\n          <div class=\"zitat-img-text-container\"><div class=\"zitat-name-container fulltext\"><span>Christian Holzer<\/span><\/div><div class=\"zitat-discription-container fulltext\"><span>CPO de transition, conseiller ex\u00e9cutif principal<\/span><\/div><\/div>                  <\/div>\r\n        <div class=\"g-0 zitat-text-container order-2 col-menu-7 col-12 \">\r\n          <div class=\"zitat-text\"><span class=\"zitat-start-icon atreus-font\">D<\/span><p class=\"zw-cgb fulltext\">\u201eLes deux tiers du chiffre d\u2019affaires de l\u2019entreprise sont en fin de compte responsables des achats.\u201c<\/p><\/div>                  <\/div>\r\n\r\n      <\/div>\r\n    <\/div>\r\n\n\n<div id=\"parent99726\"class=\"zw-cgb halb-halb-headline-text-block-135 default-margin \"><div class=\"row\">    <!--  block -->\n    <div class=\"half-content has-padding col-lg-6 col-12 leftBlock order-1 blue-600 white-color has-icon has-headline \"><div class=\"icon-container\"><span class=\"atr-icon\">j<\/span><h2 class=\" zw-cgb headline\">7. Les achats doivent \u00eatre impliqu\u00e9s dans tous les processus de d\u00e9cision strat\u00e9giques, et ce le plus t\u00f4t possible.<\/h2><\/div><div class=\"content-container\"><div class=\"inner-content parent-has-padding\"><p class=\" zw-cgb fulltext \">\u00ab&nbsp;Les achats sont un processus tr\u00e8s strat\u00e9gique&nbsp;\u00bb, explique Christian Holzer. \u00ab&nbsp;Plus il est impliqu\u00e9 t\u00f4t, plus les leviers sont importants.&nbsp;\u00bb Les achats peuvent changer les r\u00e8gles du jeu pour chaque entreprise et chaque objectif d\u2019entreprise. C\u2019est pourquoi il doit assumer le r\u00f4le de partenaire commercial strat\u00e9gique, demande le directeur d\u2019Atreus, Stephan Haimerl. Mais pour cela, il a aussi besoin du standing n\u00e9cessaire au sein du management&nbsp;: \u00ab&nbsp;Les achats ne sont souvent pas consid\u00e9r\u00e9s comme une fonction sexy et cr\u00e9atrice de valeur, d\u2019autant plus que de nombreux conseils d\u2019administration ont souvent un pass\u00e9 de vendeur&nbsp;\u00bb, explique Holzer, qui souligne surtout le r\u00f4le des acheteurs pour de meilleures structures de co\u00fbts et le d\u00e9veloppement d\u2019innovations. \u00ab&nbsp;Une implication pr\u00e9coce cr\u00e9e alors g\u00e9n\u00e9ralement aussi de plus grands leviers pour la vente, afin de d\u00e9duire les potentiels dans le bon pricing.&nbsp;\u00bb Pour que les achats puissent se concentrer davantage sur des th\u00e8mes strat\u00e9giques, Holzer recommande \u00e9galement l\u2019utilisation de l\u2019IA, par exemple sous la forme de designs d\u2019attribution assist\u00e9s par robot pour les vis et les mati\u00e8res premi\u00e8res ou pour assurer la qualit\u00e9 des donn\u00e9es (de base)&nbsp;: \u00ab&nbsp;Num\u00e9riser tout ce qui peut l\u2019\u00eatre&nbsp;\u00bb, telle est la devise.<\/p><div class=\"link-container\"><\/div><\/div><\/div><\/div>    <!--  block -->\n    <div class=\"half-content has-padding col-lg-6 col-12 rightBlock order-2 blue-900 white-color has-icon has-headline \"><div class=\"icon-container\"><span class=\"atr-icon\">r<\/span><h2 class=\" zw-cgb headline\">8. La fabrication intelligente&nbsp;? Approvisionnement intelligent&nbsp;? Pour cela, il faut avant tout une mise en r\u00e9seau intelligente et une coop\u00e9ration intelligente.<\/h2><\/div><div class=\"content-container\"><div class=\"inner-content parent-has-padding\"><p class=\" zw-cgb fulltext \">\u00ab&nbsp;Smart Procurement n\u2019est pas une fin en soi, ni un bel habitat&nbsp;\u00bb, d\u00e9clare le directeur d\u2019Atreus, le Dr Simon Mehler. Il s\u2019agit de r\u00e9duire la complexit\u00e9 en interne tout en permettant au client de disposer d\u2019un maximum de variantes en externe. La manager d\u2019Atreus Sengstschmid le confirme et souligne surtout l\u2019importance des coop\u00e9rations&nbsp;: \u00ab&nbsp;Il ne faut pas toujours tout r\u00e9inventer. Une valeur ajout\u00e9e essentielle provient des partenariats et des r\u00e9seaux, qui permettent de cr\u00e9er de la vitesse, notamment dans les PME. La collaboration en r\u00e9seau, le partage sans pr\u00e9jug\u00e9s de nos propres exp\u00e9riences \u2014 nous devons oser admettre que nous ne savons pas tout par nous-m\u00eames. C\u2019est ainsi que nous pouvons profiter des partenaires et de notre environnement&nbsp;\u00bb, explique Sengstschmid. Elle rappelle cette vuln\u00e9rabilit\u00e9 \u00e9galement au cours d\u2019un processus d\u2019innovation&nbsp;: \u00ab&nbsp;Ne pas freiner avant d\u2019atteindre le but&nbsp;\u00bb, telle est sa recommandation, \u00ab&nbsp;mais essayer et ensuite r\u00e9fl\u00e9chir et analyser.&nbsp;\u00bb<\/p><div class=\"link-container\"><\/div><\/div><\/div><\/div><\/div><\/div>\n\n    <div  class=\"zw-cgb    infoblock default-margin black-color  \">\n      <div class=\" row\">\n        <div class=\"zw-cgb-content has-padding col-12\">\n          <div class=\"inner-content parent-has-padding\"><h2 class=\" zw-cgb headline\">Nos intervenants principaux \u00e0 la table ronde Op\u00e9rations&nbsp;: fabrication intelligente<\/h2><div class=\"link-container\"><\/div><\/div>        <\/div>\n      <\/div>\n    <\/div>\n\n\n\r\n    <div  class=\"zw-cgb  extern-zitat-block black-color default-margin  \">\r\n      <div class=\"row zitat-row\">\r\n        <div class=\" image-container g-0 order-1  col-menu-3 col-12 \">\r\n\r\n          <div class=\"bg-image\">\r\n            <span class=\"copyright-image\"><\/span><img decoding=\"async\" class=\"responsive-img\" alt=\"atreus_\" src=\"https:\/\/www.atreus.de\/wp-content\/uploads\/2023\/09\/sen-he.jpg\" srcset=\"https:\/\/www.atreus.de\/wp-content\/uploads\/2023\/09\/sen-he.jpg 242w, https:\/\/www.atreus.de\/wp-content\/uploads\/2023\/09\/sen-he-150x150.jpg 150w\" sizes=\"(max-width: 1024px) 100vw, 1024px\" style=\"aspect-ratio:242\/242 !important\" title=\"atreus_\">          <\/div>\r\n\r\n          <div class=\"zitat-img-text-container\"><div class=\"zitat-name-container fulltext\"><span>Dr. Heike Sengstschmid<\/span><\/div><div class=\"zitat-discription-container fulltext\"><span>Directrice des op\u00e9rations et chef de projet de transition<\/span><\/div><\/div>\r\n        <\/div>\r\n        <div class=\"g-0 zitat-text-container order-2 col-menu-9 col-12 \">\r\n          <p class=\" zw-cgb fulltext \"><strong>Dr. Heike Sengstschmid est directrice des op\u00e9rations de transition et chef de projet exp\u00e9riment\u00e9e, sp\u00e9cialis\u00e9e dans les op\u00e9rations, la strat\u00e9gie et la digitalisation.<\/strong><\/p><p class=\" zw-cgb fulltext \">Elle dispose d\u2019une expertise internationale et a su relever des d\u00e9fis complexes. Ayant travaill\u00e9 chez Lenze, Nexans et SKF, elle a men\u00e9 \u00e0 bien des redressements et s\u2019est distingu\u00e9e dans diff\u00e9rents projets, notamment la gestion de crise, l\u2019optimisation de la cha\u00eene d\u2019approvisionnement et la digitalisation dans la production. Son bagage acad\u00e9mique comprend un doctorat en chimie, un certificat d\u2019administration des affaires et un certificat en gestion de la sant\u00e9. Dr. Sengstschmid est une dirigeante exceptionnelle et une solutionneuse de probl\u00e8mes dans diff\u00e9rentes industries.<\/p>                  <\/div>\r\n      <\/div>\r\n    <\/div>\r\n\n\n\r\n    <div  class=\"zw-cgb  extern-zitat-block black-color default-margin  \">\r\n      <div class=\"row zitat-row\">\r\n        <div class=\" image-container g-0 order-1 order-lg-2  col-menu-3 col-12 \">\r\n\r\n          <div class=\"bg-image\">\r\n            <span class=\"copyright-image\"><\/span><img decoding=\"async\" class=\"responsive-img\" alt=\"atreus_\" src=\"https:\/\/www.atreus.de\/wp-content\/uploads\/2023\/09\/sic-ja.jpg\" style=\"aspect-ratio:242\/242 !important\" title=\"atreus_\">          <\/div>\r\n\r\n          <div class=\"zitat-img-text-container\"><div class=\"zitat-name-container fulltext\"><span>Jan Sickmann<\/span><\/div><div class=\"zitat-discription-container fulltext\"><span>Manager Atreus<\/span><\/div><\/div>\r\n        <\/div>\r\n        <div class=\"g-0 zitat-text-container order-2 order-lg-1 col-menu-9 col-12 \">\r\n          <p class=\" zw-cgb fulltext \"><strong>Jan Sickmann est manager de transition et fondateur d\u2019IMPREOS<sup>\u00ae<\/sup> Strategy \u00e0 Heidelberg.<\/strong><\/p><p class=\" zw-cgb fulltext \">Sa longue exp\u00e9rience commerciale et de direction provient de postes de directeur technique, de directeur d\u2019exploitation et de directeur g\u00e9n\u00e9ral dans les secteurs de la construction m\u00e9canique, de l\u2019\u00e9lectrotechnique et de l\u2019industrie de transformation. Les entreprises concern\u00e9es ont r\u00e9alis\u00e9 un chiffre d\u2019affaires compris entre 15 millions et 1,5 milliard d\u2019euros.<\/p><p class=\" zw-cgb fulltext \">En tant que Directeur des op\u00e9rations, Jan Sickmann a dirig\u00e9 des productions, cr\u00e9\u00e9, agrandi, d\u00e9localis\u00e9 et ferm\u00e9 des sites de production internationaux et men\u00e9 \u00e0 bien divers projets de lean\/automatisation et de modularisation. En plus de son exp\u00e9rience en management, il apporte \u00e0 ses mandats des comp\u00e9tences en mati\u00e8re de transformation et une expertise num\u00e9rique, notamment gr\u00e2ce \u00e0 ses activit\u00e9s ant\u00e9rieures dans des soci\u00e9t\u00e9s de conseil en strat\u00e9gie d\u2019entreprise.<\/p>                  <\/div>\r\n      <\/div>\r\n    <\/div>\r\n\n\n\n    <div  class=\"zw-cgb  latestPosts default-margin \">\n      <div class=\"row zw-cgb-content\">\n              <\/div>\n    <\/div>\n\n\n\n\r\n    <div  class=\"zw-cgb  extern-zitat-block black-color default-margin  \">\r\n      <div class=\"row zitat-row\">\r\n        <div class=\" image-container g-0 order-1  col-menu-3 col-12 \">\r\n\r\n          <div class=\"bg-image\">\r\n            <span class=\"copyright-image\"><\/span><img decoding=\"async\" class=\"responsive-img\" alt=\"atreus_\" src=\"https:\/\/www.atreus.de\/wp-content\/uploads\/2023\/09\/hol-ch.jpg\" srcset=\"https:\/\/www.atreus.de\/wp-content\/uploads\/2023\/09\/hol-ch.jpg 242w, https:\/\/www.atreus.de\/wp-content\/uploads\/2023\/09\/hol-ch-150x150.jpg 150w\" sizes=\"(max-width: 1024px) 100vw, 1024px\" style=\"aspect-ratio:242\/242 !important\" title=\"atreus_\">          <\/div>\r\n\r\n          <div class=\"zitat-img-text-container\"><div class=\"zitat-name-container fulltext\"><span>Christian Holzer<\/span><\/div><div class=\"zitat-discription-container fulltext\"><span>CPO de transition, conseiller ex\u00e9cutif principal<\/span><\/div><\/div>\r\n        <\/div>\r\n        <div class=\"g-0 zitat-text-container order-2 col-menu-9 col-12 \">\r\n          <p class=\" zw-cgb fulltext \"><strong>Christian Holzer est un expert en approvisionnement avec une carri\u00e8re impressionnante dans diff\u00e9rentes fonctions de direction dans l\u2019approvisionnement et la gestion de la cha\u00eene d\u2019approvisionnement au sein de groupes technologiques mondiaux tels que Siemens et thyssenkrupp.<\/strong><\/p><p class=\" zw-cgb fulltext \">Apr\u00e8s des \u00e9tudes d\u2019\u00e9lectrotechnique \u00e0 l\u2019universit\u00e9 technique de Dortmund, il est entr\u00e9 dans le groupe Siemens en 1994. Il y a acquis une exp\u00e9rience internationale en tant que chef de projet dans la construction d\u2019installations \u00e9nerg\u00e9tiques en Allemagne, aux \u00c9tats-Unis et \u00e0 Singapour.<\/p><p class=\" zw-cgb fulltext \">En 2001, il a rejoint la <strong>fonction d\u2019approvisionnement<\/strong> de la <strong>division \u00ab&nbsp;Energy&nbsp;\u00bb de Siemens<\/strong>, o\u00f9 il a d\u00e9velopp\u00e9 des connaissances approfondies sur tous les aspects de l\u2019approvisionnement strat\u00e9gique, tactique et op\u00e9rationnel dans le cadre de diff\u00e9rentes fonctions de direction. De 2009 \u00e0 2012, il a \u00e9t\u00e9 responsable d\u2019un volume d\u2019achat annuel d\u2019environ 10 milliards d\u2019euros en tant que Corporate Vice President Pooled Direct Materials dans le secteur Corporate Supply Chain Management chez Siemens AG.<\/p><p class=\" zw-cgb fulltext \">En tant que <strong>Vice-pr\u00e9sident s\u00e9nior et directeur des achats chez thyssenkrupp<\/strong> \u00e0 partir de 2012, il a dirig\u00e9 l\u2019approvisionnement mondial de mat\u00e9riaux et de services \u00e0 l\u2019\u00e9chelle du groupe, avec un volume d\u2019achat de plus de 27 milliards d\u2019euros, et a introduit avec succ\u00e8s un programme de changement visant \u00e0 am\u00e9liorer la qualit\u00e9 de l\u2019approvisionnement.<\/p><p class=\" zw-cgb fulltext \">Christian Holzer est revenu chez <strong>Siemens Energy<\/strong> de 2020 \u00e0 2023, alors que l\u2019entreprise se pr\u00e9parait \u00e0 se s\u00e9parer de Siemens AG et \u00e0 devenir un leader mondial de la transition \u00e9nerg\u00e9tique et un pionnier du d\u00e9veloppement durable. Avec son \u00e9quipe de direction, il a men\u00e9 une vaste transformation, en mettant l\u2019accent sur la num\u00e9risation et la durabilit\u00e9.<\/p>                  <\/div>\r\n      <\/div>\r\n    <\/div>\r\n\n\n\n\n\n\n\n\n    <div  class=\"zw-cgb    infoblock default-margin black-color  \">\n      <div class=\" row\">\n        <div class=\"zw-cgb-content has-padding col-12\">\n          <div class=\"inner-content parent-has-padding\"><h2 class=\" zw-cgb headline\">H\u00f4te Atreus<\/h2><div class=\"link-container\"><\/div><\/div>        <\/div>\n      <\/div>\n    <\/div>\n\n\n<div id=\"fb-operations-smart-manufacturing-20231026\"class=\"zw-cgb speaker-160 team-member black-colordefault-margin #fb-operations-smart-manufacturing-20231026\"><div class=\"zw-cgb-content member-row row\">\r\n\r\n    <div class=\"col-menu-3 col-lg-4 col-md-6 col-12 single-team-member px-0 intern-view \">\r\n    <a href=\"https:\/\/www.atreus.de\/fr\/equipe\/stephan-haimerl\/\">\r\n\r\n    <div class=\" image-container g-0\">\r\n      <div class=\"img-with-gradient\">\r\n\r\n        <img decoding=\"async\" loading=\"lazy\" alt=\"atreus_\" src=\"https:\/\/www.atreus.de\/wp-content\/uploads\/2023\/07\/hai-st-v2.png\" srcset=\"https:\/\/www.atreus.de\/wp-content\/uploads\/2023\/07\/hai-st-v2.png 555w, https:\/\/www.atreus.de\/wp-content\/uploads\/2023\/07\/hai-st-v2-480x600.png 480w\" sizes=\"(max-width: 1024px) 100vw, 1024px\" style=\"aspect-ratio:555\/694 !important\" title=\"atreus_\">        <div class=\"linear-gradient-container\"><\/div>\r\n      <\/div>\r\n\r\n      <\/a>      <div class=\"team-member-content\"><div class=\"team-member-name fulltext\"><a href=\"https:\/\/www.atreus.de\/fr\/equipe\/stephan-haimerl\/\"><span>Stephan  Haimerl<\/span><\/a><\/div><div class=\"team-member-description fulltext\"><a href=\"https:\/\/www.atreus.de\/fr\/equipe\/stephan-haimerl\/\"><span>Partenaire et responsable du Solution Group Construction de machines et d\u2019installations<\/span><\/a><\/div><div class=\"team-member-phone\"><a href=\"tel:+49 89 452249-170\"><span>+49 89 452249-170<\/span><\/a><\/div><div class=\"team-member-icon-container\"><div class=\"team-member-email\"><a class=\"atreus-font\" href=\"mailto:Stephan.Haimerl@atreus.de\">h<\/a><\/div><div class=\"team-member-linkedin\"><a class=\"atreus-font\" target=\"_blank\" href=\"https:\/\/de.linkedin.com\/in\/stephan-haimerl-9b17619\" rel=\"noopener\">3<\/a><\/div><\/div><\/div>    <\/div>\r\n\r\n    <\/div>\r\n\r\n\r\n\r\n    <div class=\"col-menu-3 col-lg-4 col-md-6 col-12 single-team-member px-0 intern-view \">\r\n    <a href=\"https:\/\/www.atreus.de\/fr\/equipe\/dr-simon-mehler\/\">\r\n\r\n    <div class=\" image-container g-0\">\r\n      <div class=\"img-with-gradient\">\r\n\r\n        <img decoding=\"async\" loading=\"lazy\" alt=\"atreus_\" src=\"https:\/\/www.atreus.de\/wp-content\/uploads\/2023\/07\/meh-si-dr-v3-1.png\" srcset=\"https:\/\/www.atreus.de\/wp-content\/uploads\/2023\/07\/meh-si-dr-v3-1.png 555w, https:\/\/www.atreus.de\/wp-content\/uploads\/2023\/07\/meh-si-dr-v3-1-480x600.png 480w\" sizes=\"(max-width: 1024px) 100vw, 1024px\" style=\"aspect-ratio:555\/694 !important\" title=\"atreus_\">        <div class=\"linear-gradient-container\"><\/div>\r\n      <\/div>\r\n\r\n      <\/a>      <div class=\"team-member-content\"><div class=\"team-member-name fulltext\"><a href=\"https:\/\/www.atreus.de\/fr\/equipe\/dr-simon-mehler\/\"><span>Dr. Simon Mehler<\/span><\/a><\/div><div class=\"team-member-description fulltext\"><a href=\"https:\/\/www.atreus.de\/fr\/equipe\/dr-simon-mehler\/\"><span>Partenaire\r\n<\/span><\/a><\/div><div class=\"team-member-phone\"><a href=\"tel:+49 89 452249-245\"><span>+49 89 452249-245<\/span><\/a><\/div><div class=\"team-member-icon-container\"><div class=\"team-member-email\"><a class=\"atreus-font\" href=\"mailto:Simon.Mehler@atreus.de\">h<\/a><\/div><div class=\"team-member-linkedin\"><a class=\"atreus-font\" target=\"_blank\" href=\"https:\/\/www.linkedin.com\/in\/simonmehler\/\" rel=\"noopener\">3<\/a><\/div><\/div><\/div>    <\/div>\r\n\r\n    <\/div>\r\n\r\n<\/div><\/div>\n\n\n\n    <div  class=\"zw-cgb  change-padding  infoblock default-margin black-color  \">\n      <div class=\" row\">\n        <div class=\"zw-cgb-content has-padding col-12\">\n          <div class=\"preheadline-container parent-has-padding\"><p class=\" zw-cgb preheadline ' .  . '\">Ces th\u00e8mes pourraient \u00e9galement vous int\u00e9resser&nbsp;:<\/p><\/div><div class=\"inner-content parent-has-padding\"><div class=\"link-container\"><\/div><\/div>        <\/div>\n      <\/div>\n    <\/div>\n\n\n\n    <div  class=\"zw-cgb  latestPosts default-margin \">\n      <div class=\"row zw-cgb-content\">\n        \n      <div  class=\"zw-cgb latestPostsContent px-0 col-12 col-md-6 col-menu-4 post   show-featured-image \">\n\n\n        <div class=\"image-container single-featured\"><a href=\"https:\/\/www.atreus.de\/fr\/atreus-dans-les-medias\/lindustrie-mecanique-peut-elle-se-detacher-de-la-chine-pour-les-matieres-premieres\/\"><span class=\"copyright-image\">\u00a9 RHJ, Bj\u00f6rn Wylezich \u2013 stock.adobe.com<\/span><img decoding=\"async\" loading=\"lazy\" alt=\"atreus_\" src=\"https:\/\/www.atreus.de\/wp-content\/uploads\/2023\/08\/teaser-4zu3-20230816-Presseartikel-MaAb.jpg\" srcset=\"https:\/\/www.atreus.de\/wp-content\/uploads\/2023\/08\/teaser-4zu3-20230816-Presseartikel-MaAb.jpg 823w, https:\/\/www.atreus.de\/wp-content\/uploads\/2023\/08\/teaser-4zu3-20230816-Presseartikel-MaAb-768x578.jpg 768w, https:\/\/www.atreus.de\/wp-content\/uploads\/2023\/08\/teaser-4zu3-20230816-Presseartikel-MaAb-480x361.jpg 480w\" sizes=\"(max-width: 1024px) 100vw, 1024px\" style=\"aspect-ratio:823\/619 !important\" title=\"atreus_\"><\/a><\/div><div class=\"image-container double-featured\"><a href=\"https:\/\/www.atreus.de\/fr\/atreus-dans-les-medias\/lindustrie-mecanique-peut-elle-se-detacher-de-la-chine-pour-les-matieres-premieres\/\"><span class=\"copyright-image\">\u00a9 RHJ, Bj\u00f6rn Wylezich \u2013 stock.adobe.com<\/span><img decoding=\"async\" loading=\"lazy\" alt=\"atreus_\" src=\"https:\/\/www.atreus.de\/wp-content\/uploads\/2023\/08\/teaser-landscape20230816-Presseartikel-MaAb-.jpg\" srcset=\"https:\/\/www.atreus.de\/wp-content\/uploads\/2023\/08\/teaser-landscape20230816-Presseartikel-MaAb-.jpg 1098w, https:\/\/www.atreus.de\/wp-content\/uploads\/2023\/08\/teaser-landscape20230816-Presseartikel-MaAb--768x288.jpg 768w, https:\/\/www.atreus.de\/wp-content\/uploads\/2023\/08\/teaser-landscape20230816-Presseartikel-MaAb--1024x384.jpg 1024w, https:\/\/www.atreus.de\/wp-content\/uploads\/2023\/08\/teaser-landscape20230816-Presseartikel-MaAb--480x180.jpg 480w\" sizes=\"(max-width: 1024px) 100vw, 1024px\" style=\"aspect-ratio:1098\/412 !important\" title=\"atreus_\"><\/a><\/div>        <div class=\"content-container has-excerpt posttype-post blue-400 white-color\">\n          <div class=\"preheadline-container parent-has-padding\"><p class=\"zw-cgb preheadline\">Atreus dans les m\u00e9dias<\/p><\/div><a href=\"https:\/\/www.atreus.de\/fr\/atreus-dans-les-medias\/lindustrie-mecanique-peut-elle-se-detacher-de-la-chine-pour-les-matieres-premieres\/\"><h2 class=\" zw-cgb headline\">L\u2019industrie m\u00e9canique peut-elle se d\u00e9tacher de la Chine pour les mati\u00e8res premi\u00e8res&nbsp;?<\/h2><\/a><p class=\" zw-cgb fulltext\">Un nombre consid\u00e9rable d\u2019entreprises et de secteurs d\u00e9pendent de la Chine et des march\u00e9s asiatiques, y compris le secteur de la construction de machines et d\u2019installations. Deux questions se posent alors\u00a0: le d\u00e9tachement est-il r\u00e9alisable\u00a0? Et\u00a0: est-il vraiment n\u00e9cessaire\u00a0? Les explications de Dr. Christian &#8230;<\/p><div class=\"post-meta-info-container\"><div class=\"post-read-time\"><p class=\"zw-cgb fulltext\"><i class=\"far fa-clock\"><\/i>2 temps de lecture min<\/p><\/div><div class=\"post-rating-container d-none\"><!-- FeedbackWP Plugin - Results Widget --><div  class=\"rmp-results-widget js-rmp-results-widget js-rmp-results-widget--524337 \"  data-post-id=\"524337\">  <div class=\"rmp-results-widget__visual-rating\">    <i class=\"js-rmp-results-icon rmp-icon rmp-icon--ratings rmp-icon--star \"><\/i><i class=\"js-rmp-results-icon rmp-icon rmp-icon--ratings rmp-icon--star \"><\/i><i class=\"js-rmp-results-icon rmp-icon rmp-icon--ratings rmp-icon--star \"><\/i><i class=\"js-rmp-results-icon rmp-icon rmp-icon--ratings rmp-icon--star \"><\/i><i class=\"js-rmp-results-icon rmp-icon rmp-icon--ratings rmp-icon--star \"><\/i>  <\/div>  <div class=\"rmp-results-widget__avg-rating\">    <span class=\"js-rmp-avg-rating\">          <\/span>  <\/div>  <div class=\"rmp-results-widget__vote-count\">    (<span class=\"js-rmp-vote-count\"><\/span>)  <\/div><\/div> <\/div><div class=\"post-social-share\"><div class=\"zw-social-share dropdown show\">\r\n        <a class=\"zw-social-share-toggler\" href=\"#\" role=\"button\" id=\"dropdownMenuLink\" data-toggle=\"dropdown\" aria-haspopup=\"true\" aria-expanded=\"false\">\r\n        <i class=\"fas fa-share-alt\"><\/i><span class=\"zw-share-meta\">Partager<\/span>\r\n        <\/a>\r\n        <div class=\"zw-share-dropdown-menu dropdown-menu\" aria-labelledby=\"dropdownMenuLink\"><div class=\"dropdown-inner\"><p class=\"zw-share-heading fulltext\">Partager<\/p><a class=\"zw-social-share-toggler fulltext\" href=\"#\" role=\"button\" id=\"dropdownMenuLink\" data-toggle=\"dropdown\" aria-label=\"Close\">\u2715<\/a><div class=\"social-inner-icons\"><a class=\"dropdown-item \" target=\"_blank\" rel=\"nofollow\" href=\"https:\/\/www.linkedin.com\/cws\/share?url=https%3A%2F%2Fwww.atreus.de%2Ffr%2Fatreus-dans-les-medias%2Flindustrie-mecanique-peut-elle-se-detacher-de-la-chine-pour-les-matieres-premieres%2F&amp;title=L%E2%80%99industrie+m%C3%A9canique+peut-elle+se+d%C3%A9tacher+de+la+Chine+pour+les+mati%C3%A8res+premi%C3%A8res%26nbsp%3B%3F\"><i class=\"fab fa-linkedin fa-fw\"><\/i><\/a><a class=\"dropdown-item \" target=\"_blank\" rel=\"nofollow\" href=\"https:\/\/www.xing.com\/spi\/shares\/new?url=https%3A%2F%2Fwww.atreus.de%2Ffr%2Fatreus-dans-les-medias%2Flindustrie-mecanique-peut-elle-se-detacher-de-la-chine-pour-les-matieres-premieres%2F\"><i class=\"fab fa-xing fa-fw\"><\/i><\/a><a class=\"dropdown-item \" target=\"_blank\" rel=\"nofollow\" href=\"https:\/\/www.facebook.com\/sharer\/sharer.php?u=https%3A%2F%2Fwww.atreus.de%2Ffr%2Fatreus-dans-les-medias%2Flindustrie-mecanique-peut-elle-se-detacher-de-la-chine-pour-les-matieres-premieres%2F&amp;t=L%E2%80%99industrie+m%C3%A9canique+peut-elle+se+d%C3%A9tacher+de+la+Chine+pour+les+mati%C3%A8res+premi%C3%A8res%26nbsp%3B%3F\"><i class=\"fab fa-facebook-square fa-fw\"><\/i><\/a><a class=\"dropdown-item \" target=\"_blank\" rel=\"nofollow\" href=\"https:\/\/twitter.com\/intent\/tweet?url=https%3A%2F%2Fwww.atreus.de%2Ffr%2Fatreus-dans-les-medias%2Flindustrie-mecanique-peut-elle-se-detacher-de-la-chine-pour-les-matieres-premieres%2F&amp;text=L%E2%80%99industrie+m%C3%A9canique+peut-elle+se+d%C3%A9tacher+de+la+Chine+pour+les+mati%C3%A8res+premi%C3%A8res%26nbsp%3B%3F\"><i class=\"fab fa-twitter fa-fw\"><\/i><\/a>  <\/div><\/div><\/div>\r\n    <\/div><\/div><\/div><div class=\"zw-cgb zw-cgb-button-container \"><a href=\"https:\/\/www.atreus.de\/fr\/atreus-dans-les-medias\/lindustrie-mecanique-peut-elle-se-detacher-de-la-chine-pour-les-matieres-premieres\/\" class=\"zw-cgb btn btn-primary \">Lire la suite<\/a><\/div>        <\/div>\n            <\/div>\n      \n  \n      <div  class=\"zw-cgb latestPostsContent px-0 col-12 col-md-6 col-menu-4 event   show-featured-image \">\n\n\n        <div class=\"image-container single-featured\"><a href=\"https:\/\/www.atreus.de\/fr\/evenement\/verte-et-resiliente-la-chaine-dapprovisionnement-chez-beiersdorf-et-ritter-sport\/\"><span class=\"copyright-image\">Green factory: \u00a9 Beiersdorf\/Woman with cocoa \u00a9 Ritter Sport<\/span><img decoding=\"async\" loading=\"lazy\" alt=\"atreus_\" src=\"https:\/\/www.atreus.de\/wp-content\/uploads\/2022\/12\/teaser-img-fuer-2-und-3-spalter-20230202-Alounge-KH-green-supply-chain.jpg\" srcset=\"https:\/\/www.atreus.de\/wp-content\/uploads\/2022\/12\/teaser-img-fuer-2-und-3-spalter-20230202-Alounge-KH-green-supply-chain.jpg 823w, https:\/\/www.atreus.de\/wp-content\/uploads\/2022\/12\/teaser-img-fuer-2-und-3-spalter-20230202-Alounge-KH-green-supply-chain-768x578.jpg 768w, https:\/\/www.atreus.de\/wp-content\/uploads\/2022\/12\/teaser-img-fuer-2-und-3-spalter-20230202-Alounge-KH-green-supply-chain-480x361.jpg 480w\" sizes=\"(max-width: 1024px) 100vw, 1024px\" style=\"aspect-ratio:823\/619 !important\" title=\"atreus_\"><\/a><\/div><div class=\"image-container double-featured\"><a href=\"https:\/\/www.atreus.de\/fr\/evenement\/verte-et-resiliente-la-chaine-dapprovisionnement-chez-beiersdorf-et-ritter-sport\/\"><span class=\"copyright-image\">Green factory: \u00a9 Beiersdorf\/Woman with cocoa \u00a9 Ritter Sport<\/span><img decoding=\"async\" loading=\"lazy\" alt=\"atreus_\" src=\"https:\/\/www.atreus.de\/wp-content\/uploads\/2022\/12\/teaser-img-60zu30-20230202-Alounge-KH-green-supply-chain.jpg\" srcset=\"https:\/\/www.atreus.de\/wp-content\/uploads\/2022\/12\/teaser-img-60zu30-20230202-Alounge-KH-green-supply-chain.jpg 1098w, https:\/\/www.atreus.de\/wp-content\/uploads\/2022\/12\/teaser-img-60zu30-20230202-Alounge-KH-green-supply-chain-768x288.jpg 768w, https:\/\/www.atreus.de\/wp-content\/uploads\/2022\/12\/teaser-img-60zu30-20230202-Alounge-KH-green-supply-chain-1024x384.jpg 1024w, https:\/\/www.atreus.de\/wp-content\/uploads\/2022\/12\/teaser-img-60zu30-20230202-Alounge-KH-green-supply-chain-480x180.jpg 480w\" sizes=\"(max-width: 1024px) 100vw, 1024px\" style=\"aspect-ratio:1098\/412 !important\" title=\"atreus_\"><\/a><\/div>        <div class=\"content-container has-excerpt posttype-event blue-600 white-color\">\n          <div class=\"preheadline-container parent-has-padding\"><p class=\"zw-cgb preheadline\">A-lounge | 02.02.2023<\/p><\/div><a href=\"https:\/\/www.atreus.de\/fr\/evenement\/verte-et-resiliente-la-chaine-dapprovisionnement-chez-beiersdorf-et-ritter-sport\/\"><h2 class=\" zw-cgb headline\">Verte et r\u00e9siliente&nbsp;? La cha\u00eene d\u2019approvisionnement chez Beiersdorf et Ritter Sport<\/h2><\/a><p class=\" zw-cgb fulltext\">Mettre en \u0153uvre des strat\u00e9gies innovantes de r\u00e9duction des \u00e9missions de CO2 \u00e0 toutes les \u00e9tapes de la cha\u00eene logistique est l\u2019un des grands d\u00e9fis \u00e0 relever pour faire face \u00e0 l\u2019avanc\u00e9e du r\u00e9chauffement climatique. Quelles sont les initiatives et mesures pionni\u00e8res en mati\u00e8re &#8230;<\/p><div class=\"zw-cgb zw-cgb-button-container \"><a href=\"https:\/\/www.atreus.de\/fr\/evenement\/verte-et-resiliente-la-chaine-dapprovisionnement-chez-beiersdorf-et-ritter-sport\/\" class=\"zw-cgb btn btn-primary \">Lire la suite<\/a><\/div>        <\/div>\n            <\/div>\n      \n  \n      <div  class=\"zw-cgb latestPostsContent px-0 col-12 col-md-12 col-menu-4 post   show-featured-image \">\n\n\n        <div class=\"image-container single-featured\"><a href=\"https:\/\/www.atreus.de\/fr\/communique-de-presse\/etude-de-restructuration-atreus-2023\/\"><img decoding=\"async\" loading=\"lazy\" width=\"290\" height=\"251\" alt=\"Atreus\" src=\"https:\/\/www.atreus.de\/wp-content\/themes\/zw-atr-theme\/assets\/images\/Platzhalter.jpg\" title=\"atreus_\"><\/a><\/div><div class=\"image-container double-featured\"><a href=\"https:\/\/www.atreus.de\/fr\/communique-de-presse\/etude-de-restructuration-atreus-2023\/\"><img decoding=\"async\" loading=\"lazy\" width=\"290\" height=\"251\" alt=\"Atreus\" src=\"https:\/\/www.atreus.de\/wp-content\/themes\/zw-atr-theme\/assets\/images\/Platzhalter.jpg\" title=\"atreus_\"><\/a><\/div>        <div class=\"content-container has-excerpt posttype-post blue-900 white-color\">\n          <div class=\"preheadline-container parent-has-padding\"><p class=\"zw-cgb preheadline\">Communiqu\u00e9 de presse<\/p><\/div><a href=\"https:\/\/www.atreus.de\/fr\/communique-de-presse\/etude-de-restructuration-atreus-2023\/\"><h2 class=\" zw-cgb headline\">\u00c9tude de restructuration Atreus 2023<\/h2><\/a><p class=\" zw-cgb fulltext\">Munich, le 4 mai 2023 \u2014 Les perspectives des entreprises allemandes restent soumises \u00e0 de nombreuses incertitudes, compte tenu des perturbations \u00e9conomiques actuelles. Les goulots d\u2019\u00e9tranglement persistants dans les livraisons, les fluctuations des prix de l\u2019\u00e9nergie et des mati\u00e8res premi\u00e8res, les cons\u00e9quences de la &#8230;<\/p><div class=\"post-meta-info-container\"><div class=\"post-read-time\"><p class=\"zw-cgb fulltext\"><i class=\"far fa-clock\"><\/i>6 temps de lecture min<\/p><\/div><div class=\"post-rating-container d-none\"><!-- FeedbackWP Plugin - Results Widget --><div  class=\"rmp-results-widget js-rmp-results-widget js-rmp-results-widget--524317 \"  data-post-id=\"524317\">  <div class=\"rmp-results-widget__visual-rating\">    <i class=\"js-rmp-results-icon rmp-icon rmp-icon--ratings rmp-icon--star \"><\/i><i class=\"js-rmp-results-icon rmp-icon rmp-icon--ratings rmp-icon--star \"><\/i><i class=\"js-rmp-results-icon rmp-icon rmp-icon--ratings rmp-icon--star \"><\/i><i class=\"js-rmp-results-icon rmp-icon rmp-icon--ratings rmp-icon--star \"><\/i><i class=\"js-rmp-results-icon rmp-icon rmp-icon--ratings rmp-icon--star \"><\/i>  <\/div>  <div class=\"rmp-results-widget__avg-rating\">    <span class=\"js-rmp-avg-rating\">          <\/span>  <\/div>  <div class=\"rmp-results-widget__vote-count\">    (<span class=\"js-rmp-vote-count\"><\/span>)  <\/div><\/div> <\/div><div class=\"post-social-share\"><div class=\"zw-social-share dropdown show\">\r\n        <a class=\"zw-social-share-toggler\" href=\"#\" role=\"button\" id=\"dropdownMenuLink\" data-toggle=\"dropdown\" aria-haspopup=\"true\" aria-expanded=\"false\">\r\n        <i class=\"fas fa-share-alt\"><\/i><span class=\"zw-share-meta\">Partager<\/span>\r\n        <\/a>\r\n        <div class=\"zw-share-dropdown-menu dropdown-menu\" aria-labelledby=\"dropdownMenuLink\"><div class=\"dropdown-inner\"><p class=\"zw-share-heading fulltext\">Partager<\/p><a class=\"zw-social-share-toggler fulltext\" href=\"#\" role=\"button\" id=\"dropdownMenuLink\" data-toggle=\"dropdown\" aria-label=\"Close\">\u2715<\/a><div class=\"social-inner-icons\"><a class=\"dropdown-item \" target=\"_blank\" rel=\"nofollow\" href=\"https:\/\/www.linkedin.com\/cws\/share?url=https%3A%2F%2Fwww.atreus.de%2Ffr%2Fcommunique-de-presse%2Fetude-de-restructuration-atreus-2023%2F&amp;title=%C3%89tude+de+restructuration+Atreus+2023\"><i class=\"fab fa-linkedin fa-fw\"><\/i><\/a><a class=\"dropdown-item \" target=\"_blank\" rel=\"nofollow\" href=\"https:\/\/www.xing.com\/spi\/shares\/new?url=https%3A%2F%2Fwww.atreus.de%2Ffr%2Fcommunique-de-presse%2Fetude-de-restructuration-atreus-2023%2F\"><i class=\"fab fa-xing fa-fw\"><\/i><\/a><a class=\"dropdown-item \" target=\"_blank\" rel=\"nofollow\" href=\"https:\/\/www.facebook.com\/sharer\/sharer.php?u=https%3A%2F%2Fwww.atreus.de%2Ffr%2Fcommunique-de-presse%2Fetude-de-restructuration-atreus-2023%2F&amp;t=%C3%89tude+de+restructuration+Atreus+2023\"><i class=\"fab fa-facebook-square fa-fw\"><\/i><\/a><a class=\"dropdown-item \" target=\"_blank\" rel=\"nofollow\" href=\"https:\/\/twitter.com\/intent\/tweet?url=https%3A%2F%2Fwww.atreus.de%2Ffr%2Fcommunique-de-presse%2Fetude-de-restructuration-atreus-2023%2F&amp;text=%C3%89tude+de+restructuration+Atreus+2023\"><i class=\"fab fa-twitter fa-fw\"><\/i><\/a>  <\/div><\/div><\/div>\r\n    <\/div><\/div><\/div><div class=\"zw-cgb zw-cgb-button-container \"><a href=\"https:\/\/www.atreus.de\/fr\/communique-de-presse\/etude-de-restructuration-atreus-2023\/\" class=\"zw-cgb btn btn-primary \">Lire la suite<\/a><\/div>        <\/div>\n            <\/div>\n      <div class=\"zw-spacer px-0\"><\/div>\n        <\/div>\n    <\/div>\n\n","protected":false},"author":3,"featured_media":436690,"menu_order":0,"template":"","newsticker-publication":[],"competences":[633],"industry-sectors":[694],"typ-event":[732],"kind-event":[],"class_list":["post-524348","event","type-event","status-publish","has-post-thumbnail","hentry","competences-operations-fr","industry-sectors-construction-de-machines-et-dinstallations","typ-event-table-ronde"],"_links":{"self":[{"href":"https:\/\/www.atreus.de\/fr\/wp-json\/wp\/v2\/event\/524348","targetHints":{"allow":["GET"]}}],"collection":[{"href":"https:\/\/www.atreus.de\/fr\/wp-json\/wp\/v2\/event"}],"about":[{"href":"https:\/\/www.atreus.de\/fr\/wp-json\/wp\/v2\/types\/event"}],"author":[{"embeddable":true,"href":"https:\/\/www.atreus.de\/fr\/wp-json\/wp\/v2\/users\/3"}],"version-history":[{"count":0,"href":"https:\/\/www.atreus.de\/fr\/wp-json\/wp\/v2\/event\/524348\/revisions"}],"wp:featuredmedia":[{"embeddable":true,"href":"https:\/\/www.atreus.de\/fr\/wp-json\/wp\/v2\/media\/436690"}],"wp:attachment":[{"href":"https:\/\/www.atreus.de\/fr\/wp-json\/wp\/v2\/media?parent=524348"}],"wp:term":[{"taxonomy":"newsticker-publication","embeddable":true,"href":"https:\/\/www.atreus.de\/fr\/wp-json\/wp\/v2\/newsticker-publication?post=524348"},{"taxonomy":"competences","embeddable":true,"href":"https:\/\/www.atreus.de\/fr\/wp-json\/wp\/v2\/competences?post=524348"},{"taxonomy":"industry-sectors","embeddable":true,"href":"https:\/\/www.atreus.de\/fr\/wp-json\/wp\/v2\/industry-sectors?post=524348"},{"taxonomy":"typ-event","embeddable":true,"href":"https:\/\/www.atreus.de\/fr\/wp-json\/wp\/v2\/typ-event?post=524348"},{"taxonomy":"kind-event","embeddable":true,"href":"https:\/\/www.atreus.de\/fr\/wp-json\/wp\/v2\/kind-event?post=524348"}],"curies":[{"name":"wp","href":"https:\/\/api.w.org\/{rel}","templated":true}]}}