{"id":524358,"date":"2023-05-24T17:37:40","date_gmt":"2023-05-24T15:37:40","guid":{"rendered":"https:\/\/www.atreus.de\/?post_type=event&#038;p=524358"},"modified":"2025-01-26T10:30:46","modified_gmt":"2025-01-26T09:30:46","slug":"salon-de-linnovation-sur-linformatique-quantique","status":"publish","type":"event","link":"https:\/\/www.atreus.de\/fr\/evenement\/salon-de-linnovation-sur-linformatique-quantique\/","title":{"rendered":"Salon de l\u2019innovation sur l\u2019informatique quantique"},"content":{"rendered":"<div  class=\"zw-cgb header-standard-block is-first-block desktop-has-image mobile-has-image default-margin white-color content-right content-down zw-atr-portrait-pos-left-bottom zw-atr-landscape-pos-left-bottom height-default \"><div class=\"row\"><div class=\"zw-cgb-content col-12 mx-auto\"><div  class=\"header-standard-inner-container\"><div class=\"bg-image\"><span class=\"copyright-image d-none d-lg-block\">\u00a9 John D. &#8211; stock.adobe.com \/ sakkmesterke  &#8211; stock.adobe.com<\/span><img decoding=\"async\" class=\"respnsive-img d-none d-lg-block\" loading=\"lazy\" alt=\"atreus_\" src=\"https:\/\/www.atreus.de\/wp-content\/uploads\/2023\/05\/header-20230712-innovationslaunsch-fraunhofer-alumni.jpg\" srcset=\"https:\/\/www.atreus.de\/wp-content\/uploads\/2023\/05\/header-20230712-innovationslaunsch-fraunhofer-alumni.jpg 1920w, https:\/\/www.atreus.de\/wp-content\/uploads\/2023\/05\/header-20230712-innovationslaunsch-fraunhofer-alumni-768x432.jpg 768w, https:\/\/www.atreus.de\/wp-content\/uploads\/2023\/05\/header-20230712-innovationslaunsch-fraunhofer-alumni-1024x576.jpg 1024w, https:\/\/www.atreus.de\/wp-content\/uploads\/2023\/05\/header-20230712-innovationslaunsch-fraunhofer-alumni-480x270.jpg 480w, https:\/\/www.atreus.de\/wp-content\/uploads\/2023\/05\/header-20230712-innovationslaunsch-fraunhofer-alumni-1440x810.jpg 1440w\" sizes=\"(max-width: 1920px) 100vw, 1920px\" style=\"aspect-ratio:1920\/1080 !important\" title=\"atreus_\"><span class=\"copyright-image d-lg-none d-block\">\u00a9 John D. &#8211; stock.adobe.com \/ sakkmesterke  &#8211; stock.adobe.com<\/span><img decoding=\"async\" class=\"responsive-img d-lg-none d-block\" loading=\"lazy\" alt=\"atreus_\" src=\"https:\/\/www.atreus.de\/wp-content\/uploads\/2023\/05\/teaser-4zu3-20230712-innovationslaunsch-fraunhofer-alumni-1.jpg\" srcset=\"https:\/\/www.atreus.de\/wp-content\/uploads\/2023\/05\/teaser-4zu3-20230712-innovationslaunsch-fraunhofer-alumni-1.jpg 823w, https:\/\/www.atreus.de\/wp-content\/uploads\/2023\/05\/teaser-4zu3-20230712-innovationslaunsch-fraunhofer-alumni-1-768x578.jpg 768w, https:\/\/www.atreus.de\/wp-content\/uploads\/2023\/05\/teaser-4zu3-20230712-innovationslaunsch-fraunhofer-alumni-1-480x361.jpg 480w\" sizes=\"(max-width: 1024px) 100vw, 1024px\" style=\"aspect-ratio:823\/619 !important\" title=\"atreus_\"><\/div><div class=\"preheadline-container\"><div class=\"zw-breadcrumb-container black-color d-md-down-none\"><\/div><p class=\" zw-cgb preheadline zw-prevent-animation\">5. Salon de l\u2019innovation<\/p><h1 class=\" zw-cgb headline zw-prevent-animation\">L\u2019informatique quantique \u2014 le futur devient r\u00e9alit\u00e9<\/h1><\/div><\/div><\/div><\/div><\/div><div class=\"zw-breadcrumb-container black-color d-none d-md-down-block\"><nav aria-label=\"breadcrumbs\" class=\"rank-math-breadcrumb\"><p><span class=\"label\">c<\/span> <a href=\"https:\/\/www.atreus.de\/fr\">Home<\/a><span class=\"separator\"> c <\/span><a href=\"https:\/\/www.atreus.de\/fr\/publications-et-evenements\/mediatheque\/\">\u00c9v\u00e9nements<\/a><span class=\"separator\"> c <\/span><span class=\"last\"><\/span><\/p><\/nav><\/div>\n\n\n    <div  class=\"zw-cgb  textblock black-color zw-content-pos-center  default-margin \">\n      <div class=\"row\">\n        <div class=\"zw-cgb-content col-12 g-0\">\n          <h2 class=\"zw-cgb headline \"><strong>Science et management en dialogue \u2014 en collaboration avec les anciens \u00e9l\u00e8ves de Fraunhofer&nbsp;:<\/strong> <strong>\u00ab&nbsp;L\u2019informatique quantique \u2014 le futur devient r\u00e9alit\u00e9&nbsp;\u00bb<\/strong>   <\/h2><h2 class=\"zw-cgb headline \">12 juillet 2023<\/h2><p class=\" zw-cgb fulltext \"><\/p>        <\/div>\n      <\/div>\n    <\/div>\n\n\n\n\n<div style=\"height:100px\" aria-hidden=\"true\" class=\"wp-block-spacer\"><\/div>\n\n\n\n\n\n    <div  class=\"zw-cgb  textblock black-color zw-content-pos-center  default-margin \">\n      <div class=\"row\">\n        <div class=\"zw-cgb-content col-12 g-0\">\n          <div class=\"zw-cgb unspecified\"><div  class=\"zw-cgb row  columnmaster025 default-margin \"><div class=\"columnmaster-inner-content\"><\/div><\/div><\/div><h2 class=\"zw-cgb headline \">Vous avez manqu\u00e9 l\u2019\u00e9v\u00e9nement&nbsp;?<\/h2><p class=\" zw-cgb fulltext \">Regardez l\u2019enregistrement vid\u00e9o avec les principaux enseignements&nbsp;:<\/p>        <\/div>\n      <\/div>\n    <\/div>\n\n\n\n\r\n    <div id=\"af2227c2-99a7-4823-b127-c1c475f6b19a\" class=\"zw-cgb  videoEmbedBlock black-color default-margin  zw-atr-portrait-pos-default zw-atr-landscape-pos-default show-background-image\">\r\n      <div class=\"row\">\r\n        <div class=\"col-12 g-0 content-wrapper\">\r\n          <div class=\"bg-image\"><span class=\"copyright-image\"><\/span><img decoding=\"async\" class=\"zw-img d-none d-menu-block\" loading=\"lazy\" alt=\"atreus_\" src=\"https:\/\/www.atreus.de\/wp-content\/uploads\/2022\/03\/teaser-background-video-block.jpg\" srcset=\"https:\/\/www.atreus.de\/wp-content\/uploads\/2022\/03\/teaser-background-video-block.jpg 1920w, https:\/\/www.atreus.de\/wp-content\/uploads\/2022\/03\/teaser-background-video-block-768x288.jpg 768w, https:\/\/www.atreus.de\/wp-content\/uploads\/2022\/03\/teaser-background-video-block-1024x384.jpg 1024w, https:\/\/www.atreus.de\/wp-content\/uploads\/2022\/03\/teaser-background-video-block-480x180.jpg 480w, https:\/\/www.atreus.de\/wp-content\/uploads\/2022\/03\/teaser-background-video-block-1440x540.jpg 1440w\" sizes=\"(max-width: 1920px) 100vw, 1920px\" style=\"aspect-ratio:1920\/720 !important\" title=\"atreus_\"><\/div><div class=\"zw-video-container embed\"><div class=\"image-container\"><span class=\"copyright-image\">\u00a9 John D. &#8211; stock.adobe.com \/ sakkmesterke  &#8211; stock.adobe.com<\/span><img decoding=\"async\" loading=\"lazy\" alt=\"atreus_\" src=\"https:\/\/www.atreus.de\/wp-content\/uploads\/2023\/05\/header-20230712-innovationslaunsch-fraunhofer-alumni.jpg\" srcset=\"https:\/\/www.atreus.de\/wp-content\/uploads\/2023\/05\/header-20230712-innovationslaunsch-fraunhofer-alumni.jpg 1920w, https:\/\/www.atreus.de\/wp-content\/uploads\/2023\/05\/header-20230712-innovationslaunsch-fraunhofer-alumni-768x432.jpg 768w, https:\/\/www.atreus.de\/wp-content\/uploads\/2023\/05\/header-20230712-innovationslaunsch-fraunhofer-alumni-1024x576.jpg 1024w, https:\/\/www.atreus.de\/wp-content\/uploads\/2023\/05\/header-20230712-innovationslaunsch-fraunhofer-alumni-480x270.jpg 480w, https:\/\/www.atreus.de\/wp-content\/uploads\/2023\/05\/header-20230712-innovationslaunsch-fraunhofer-alumni-1440x810.jpg 1440w\" sizes=\"(max-width: 750px) 100vw, 750px\" style=\"aspect-ratio:1920\/1080 !important\" title=\"atreus_\"><span class=\"play-button-image\" onClick=\"zw_create_video(&quot; &lt;div class=\\&quot;brlbs-cmpnt-container brlbs-cmpnt-content-blocker brlbs-cmpnt-with-individual-styles\\&quot; data-borlabs-cookie-content-blocker-id=\\&quot;vimeo-content-blocker\\&quot; data-borlabs-cookie-content=\\&quot;PGlmcmFtZSB0aXRsZT0iSW5ub3ZhdGlvbnNsb3VuZ2VfUXVhbnRlbmNvbXB1dGluZ19WaWxsYV9GbG9yYV8xIiBzcmM9Imh0dHBzOi8vcGxheWVyLnZpbWVvLmNvbS92aWRlby84NDUyMTEzNzY\\\/ZG50PTEmYW1wO2FwcF9pZD0xMjI5NjMiIHdpZHRoPSI5NjAiIGhlaWdodD0iNTQwIiBmcmFtZWJvcmRlcj0iMCIgYWxsb3c9ImF1dG9wbGF5OyBmdWxsc2NyZWVuOyBwaWN0dXJlLWluLXBpY3R1cmU7IGNsaXBib2FyZC13cml0ZTsgZW5jcnlwdGVkLW1lZGlhOyB3ZWItc2hhcmUiIHJlZmVycmVycG9saWN5PSJzdHJpY3Qtb3JpZ2luLXdoZW4tY3Jvc3Mtb3JpZ2luIj48L2lmcmFtZT4=\\&quot;&gt;&lt;div class=\\&quot;brlbs-cmpnt-cb-preset-c brlbs-cmpnt-cb-vimeo\\&quot;&gt; &lt;div class=\\&quot;brlbs-cmpnt-cb-thumbnail\\&quot; style=\\&quot;background-image: url(&#039;https:\\\/\\\/www.atreus.de\\\/wp-content\\\/uploads\\\/borlabs-cookie\\\/1\\\/vimeo_845211376.jpg&#039;)\\&quot;&gt;&lt;\\\/div&gt; &lt;div class=\\&quot;brlbs-cmpnt-cb-main\\&quot;&gt; &lt;div class=\\&quot;brlbs-cmpnt-cb-play-button\\&quot;&gt;&lt;\\\/div&gt; &lt;div class=\\&quot;brlbs-cmpnt-cb-content\\&quot;&gt; &lt;p class=\\&quot;brlbs-cmpnt-cb-description\\&quot;&gt;Vous \\u00eates actuellement en train de consulter le contenu d&#039;un espace r\\u00e9serv\\u00e9 de &lt;strong&gt;Vimeo&lt;\\\/strong&gt;. Pour acc\\u00e9der au contenu r\\u00e9el, cliquez sur le bouton ci-dessous. Veuillez noter que ce faisant, des donn\\u00e9es seront partag\\u00e9es avec des providers tiers.&lt;\\\/p&gt; &lt;a class=\\&quot;brlbs-cmpnt-cb-provider-toggle\\&quot; href=\\&quot;#\\&quot; data-borlabs-cookie-show-provider-information role=\\&quot;button\\&quot;&gt;Plus d&#039;informations&lt;\\\/a&gt; &lt;\\\/div&gt; &lt;div class=\\&quot;brlbs-cmpnt-cb-buttons\\&quot;&gt; &lt;a class=\\&quot;brlbs-cmpnt-cb-btn\\&quot; href=\\&quot;#\\&quot; data-borlabs-cookie-unblock role=\\&quot;button\\&quot;&gt;D\\u00e9bloquer le contenu&lt;\\\/a&gt; &lt;a class=\\&quot;brlbs-cmpnt-cb-btn\\&quot; href=\\&quot;#\\&quot; data-borlabs-cookie-accept-service role=\\&quot;button\\&quot; style=\\&quot;display: inherit\\&quot;&gt;Accepter le service requis et d\\u00e9bloquer les contenus&lt;\\\/a&gt; &lt;\\\/div&gt; &lt;\\\/div&gt; &lt;\\\/div&gt;&lt;\\\/div&gt;&quot;,'af2227c2-99a7-4823-b127-c1c475f6b19a','vimeo-content-blocker')\"><img decoding=\"async\" loading=\"lazy\" width=\"60\" height=\"70\" alt=\"AtreusPlay\" src=\"https:\/\/www.atreus.de\/wp-content\/themes\/zw-atr-theme\/assets\/images\/Play_Button_wei\u00df.png\" title=\"atreus_\"><\/span><\/div><\/div>        <\/div>\r\n      <\/div>\r\n    <\/div>\r\n\r\n\n\n\n<div style=\"height:100px\" aria-hidden=\"true\" class=\"wp-block-spacer is-style-zw-default-color\"><\/div>\n\n\n<div  class=\"zw-cgb row  columnmaster020 default-margin \"><div class=\"columnmaster-inner-content g-0\">    <div  class=\"zw-cgb no-image-layout columnblock white-color has-icon  blue-400 \">\n      <div class=\"zw-cgb zw-cgb-content\">\n\n        <div class=\"column-content\"><div class=\"inner-content\"><div class=\"icon-container\"><span class=\"atr-icon\">j<\/span><h2 class=\" zw-cgb headline h4\">\u00c9v\u00e9nement<\/h2><\/div><p class=\" zw-cgb fulltext \"><strong>Pr\u00e9sentiel et digital<\/strong><\/p><p class=\" zw-cgb fulltext \"><strong>12 juillet \u00e0 partir de 17h <\/strong><\/p><p class=\" zw-cgb fulltext \">Mod\u00e9ration&nbsp;: Fraunhofer-Gesellschaft, Viktor Deleski<\/p><p class=\" zw-cgb fulltext \"><\/p><ul class=\"zw-cgb-ul fulltext \"><li class=\"\">Alexander Kurz, membre du conseil d\u2019administration de la Fraunhofer-Gesellschaft<\/li><li class=\"\">Expos\u00e9 <strong>Dr. rer. nat. Hannah Venzl<\/strong>secr\u00e9tariat du r\u00e9seau de comp\u00e9tences en informatique quantique de la Fraunhofer-Gesellschaft<\/li><li class=\"\">Expos\u00e9 <strong>Dr. Michael F\u00f6rtsch<\/strong>, PDG, Q.ANT GmbH<\/li><li class=\"\">Expos\u00e9 <strong>Dr. Florian Kn\u00e4ble<\/strong>, ing\u00e9nieur en logiciels quantiques, Fraunhofer IAO<\/li><li class=\"\">Jusqu\u2019\u00e0 19h environ&nbsp;: table ronde <\/li><li class=\"\">R\u00e9seautage et \u00e9changes avec buffet \u00e0 partager et boissons fra\u00eeches <\/li><li class=\"\">21h30 environ Fin de la manifestation <\/li><\/ul><\/div><\/div>      <\/div>\n    <\/div>\n    <div  class=\"zw-cgb no-image-layout columnblock white-color has-icon  blue-600 \">\n      <div class=\"zw-cgb zw-cgb-content\">\n\n        <div class=\"column-content\"><div class=\"inner-content\"><div class=\"icon-container\"><span class=\"atr-icon\">l<\/span><h2 class=\" zw-cgb headline h4\">Th\u00e8me<\/h2><\/div><p class=\" zw-cgb fulltext \"><strong>L\u2019informatique quantique entre&nbsp;avant-gardisme et r\u00e9alit\u00e9<\/strong><\/p><p class=\" zw-cgb fulltext \">Actuellement, la technologie quantique est \u00e0 la mode comme solution \u00e0 presque tout.<\/p><p class=\" zw-cgb fulltext \">Mais o\u00f9 en sommes-nous vraiment&nbsp;? Combien de temps faudra-t-il pour que les ordinateurs quantiques soient suffisamment puissants pour relever des d\u00e9fis scientifiques, \u00e9conomiques, \u00e9cologiques et sociaux complexes&nbsp;? Existe-t-il d\u00e9j\u00e0 des applications qui offrent un avantage r\u00e9el&nbsp;?<\/p><p class=\" zw-cgb fulltext \">Si certains cas d\u2019utilisation semblent \u00e9vidents, d\u2019autres sont encore lointains. Pour aider les entreprises \u00e0 progresser dans leur voyage vers le monde quantique, il est essentiel de d\u00e9velopper des cas d\u2019utilisation, de collaborer au sein de l\u2019\u00e9cosyst\u00e8me et de recruter et former le personnel ad\u00e9quat. C\u2019est la seule fa\u00e7on de distinguer le battage m\u00e9diatique de la r\u00e9alit\u00e9 et de reconna\u00eetre la valeur commerciale de l\u2019informatique quantique.<\/p><p class=\" zw-cgb fulltext \">Dans le cadre du salon de l\u2019innovation, des experts issus de la recherche appliqu\u00e9e et de la pratique ont expliqu\u00e9 le fonctionnement technique de l\u2019informatique quantique, les recherches en cours et les possibilit\u00e9s d\u2019utilisation de cette technologie dans un avenir proche.<\/p><\/div><\/div>      <\/div>\n    <\/div>\n    <div  class=\"zw-cgb no-image-layout columnblock white-color has-icon  blue-900 \">\n      <div class=\"zw-cgb zw-cgb-content\">\n\n        <div class=\"column-content\"><div class=\"inner-content\"><div class=\"icon-container\"><span class=\"atr-icon\">j<\/span><h2 class=\" zw-cgb headline h4\">Innovation<\/h2><\/div><p class=\" zw-cgb fulltext \"><strong>Diriger des entreprises \u00e0 travers des p\u00e9riodes innovantes requiert des professionnels aguerris, dot\u00e9s de puissance et de doigt\u00e9.<\/strong><\/p><p class=\" zw-cgb fulltext \">Nous vous aidons \u00e0 relever les d\u00e9fis en mati\u00e8re d\u2019innovation&nbsp;:<\/p><\/div><div class=\"zw-cgb zw-cgb-button-container text-center\"><a class=\"zw-cgb btn btn-primary prm-button\" href=\"https:\/\/www.atreus.de\/fr\/competences\/themes\/innovation\/\">Atreus Comp\u00e9tence Innovation<\/a><\/div><\/div>      <\/div>\n    <\/div>\n<\/div><\/div>\n\n    <div  class=\"zw-cgb  change-padding  infoblock default-margin black-color  \">\n      <div class=\" row\">\n        <div class=\"zw-cgb-content has-padding col-12\">\n          <div class=\"preheadline-container parent-has-padding\"><p class=\" zw-cgb preheadline ' .  . '\">Un r\u00e9sum\u00e9 du salon de l\u2019innovation sur l\u2019informatique quantique en 8 th\u00e8ses&nbsp;:<\/p><\/div><div class=\"inner-content parent-has-padding\"><div class=\"link-container\"><\/div><\/div>        <\/div>\n      <\/div>\n    <\/div>\n\n\n    <div  class=\"  zw-cgb  halb-halb-block boxed default-margin \">\n      <div class=\"row\">\n\n                  <div class=\"col-lg-6 col-12 image order-1  px-0\">\n            <span class=\"copyright-image\"><\/span><img decoding=\"async\" loading=\"lazy\" alt=\"atreus_\" src=\"https:\/\/www.atreus.de\/wp-content\/uploads\/2023\/07\/IMG_1271-1024x683.jpg\" srcset=\"https:\/\/www.atreus.de\/wp-content\/uploads\/2023\/07\/IMG_1271-1024x683.jpg 1024w, https:\/\/www.atreus.de\/wp-content\/uploads\/2023\/07\/IMG_1271-768x512.jpg 768w, https:\/\/www.atreus.de\/wp-content\/uploads\/2023\/07\/IMG_1271-480x320.jpg 480w, https:\/\/www.atreus.de\/wp-content\/uploads\/2023\/07\/IMG_1271-1440x960.jpg 1440w, https:\/\/www.atreus.de\/wp-content\/uploads\/2023\/07\/IMG_1271-1920x1280.jpg 1920w\" sizes=\"(max-width: 1024px) 100vw, 1024px\" style=\"aspect-ratio:2560\/1707 !important\" title=\"atreus_\">          <\/div>\n          <div class=\"half-content has-padding col-lg-6 col-12 order-2 blue-400 white-color small-headline\"><div class=\"inner-content parent-has-padding\"><h2 class=\" zw-cgb headline\">1. L\u2019informatique quantique&nbsp;: un \u00e9norme potentiel de march\u00e9, des cas d\u2019utilisation vari\u00e9s.<\/h2><p class=\" zw-cgb fulltext \">L\u2019informatique quantique est l\u2019une des technologies qui fait actuellement l\u2019objet d\u2019un engouement massif, mais qui est encore peu comprise. Dr. Hannah Venzl dirige le d\u00e9partement de gestion de projets \u00e0 grande \u00e9chelle au si\u00e8ge de Fraunhofer ainsi que le bureau du r\u00e9seau de comp\u00e9tences en informatique quantique de Fraunhofer. Elle met en \u00e9vidence l\u2019\u00e9norme potentiel de march\u00e9 de l\u2019informatique quantique&nbsp;: d\u2019ici 2030, le march\u00e9 devrait cro\u00eetre de plus de 20&nbsp;% par an. Les applications sont multiples. Elles vont par exemple du d\u00e9veloppement de m\u00e9dicaments et de vaccins \u00e0 la d\u00e9tection en temps r\u00e9el de la fraude \u00e0 la carte de cr\u00e9dit, en passant par des probl\u00e8mes d\u2019optimisation complexes dans l\u2019\u00e9conomie&nbsp;: quel est l\u2019itin\u00e9raire optimal pour moi en tant que transporteur de colis&nbsp;? Quand faut-il faire le plein de l\u2019avion et o\u00f9&nbsp;? Comment charger ma flotte de bateaux de mani\u00e8re optimale&nbsp;?<\/p><div class=\"link-container\"><\/div><\/div><\/div>              <\/div>\n\n    <\/div>\n\n\n\n<div style=\"height:100px\" aria-hidden=\"true\" class=\"wp-block-spacer\"><\/div>\n\n\n    <div  class=\"  zw-cgb  halb-halb-block boxed default-margin \">\n      <div class=\"row\">\n\n                  <div class=\"col-lg-6 col-12 image order-1 order-lg-2  px-0\">\n            <span class=\"copyright-image\"><\/span><img decoding=\"async\" loading=\"lazy\" alt=\"atreus_\" src=\"https:\/\/www.atreus.de\/wp-content\/uploads\/2023\/07\/quantum-computer_de-1.png\" srcset=\"https:\/\/www.atreus.de\/wp-content\/uploads\/2023\/07\/quantum-computer_de-1.png 767w, https:\/\/www.atreus.de\/wp-content\/uploads\/2023\/07\/quantum-computer_de-1-480x258.png 480w\" sizes=\"(max-width: 1024px) 100vw, 1024px\" style=\"aspect-ratio:767\/413 !important\" title=\"atreus_\">          <\/div>\n          <div class=\"half-content has-padding col-lg-6 col-12 order-2 order-lg-1 blue-600 white-color small-headline\"><div class=\"inner-content parent-has-padding\"><h2 class=\" zw-cgb headline\">2. L\u2019informatique quantique&nbsp;: un saut comme du boulier au PC.<\/h2><p class=\" zw-cgb fulltext \">Venzl cite le prix Nobel Bill Philips. Il y a des ann\u00e9es, il avait d\u00e9j\u00e0 d\u00e9clar\u00e9 qu\u2019un ordinateur quantique \u00e9tait aussi diff\u00e9rent d\u2019un ordinateur classique que ce dernier l\u2019\u00e9tait d\u2019un boulier. Venzl explique cela \u00e0 l\u2019aide de la sph\u00e8re de Bloch&nbsp;: un ordinateur classique fonctionne avec la plus petite unit\u00e9 logique, l\u2019octet, qui peut prendre la valeur 0 ou 1. Dans l\u2019informatique quantique, on parle en revanche de qubits, qui occupent des superpositions incomparablement plus complexes et peuvent \u00e9galement \u00eatre entrelac\u00e9s. Par exemple, dans la sph\u00e8re de Bloch, le point le plus haut repr\u00e9sente la valeur 1, tandis que le point le plus bas prend la valeur 0. Or, contrairement \u00e0 l\u2019octet binaire, l\u2019ordinateur quantique peut accepter n\u2019importe quel point de la sph\u00e8re. Par cons\u00e9quent, l\u2019ordinateur quantique est exponentiellement plus complexe que l\u2019ordinateur classique tel que nous le connaissons.<\/p><div class=\"link-container\"><\/div><\/div><\/div>              <\/div>\n\n    <\/div>\n\n\n\n<div style=\"height:100px\" aria-hidden=\"true\" class=\"wp-block-spacer\"><\/div>\n\n\n    <div  class=\"  zw-cgb  halb-halb-block boxed default-margin \">\n      <div class=\"row\">\n\n                  <div class=\"col-lg-6 col-12 image order-1 order-lg-2  px-0\">\n            <span class=\"copyright-image\"><\/span><img decoding=\"async\" loading=\"lazy\" alt=\"atreus_\" src=\"https:\/\/www.atreus.de\/wp-content\/uploads\/2023\/07\/IMG_1311-1024x683.jpg\" srcset=\"https:\/\/www.atreus.de\/wp-content\/uploads\/2023\/07\/IMG_1311-1024x683.jpg 1024w, https:\/\/www.atreus.de\/wp-content\/uploads\/2023\/07\/IMG_1311-768x512.jpg 768w, https:\/\/www.atreus.de\/wp-content\/uploads\/2023\/07\/IMG_1311-480x320.jpg 480w, https:\/\/www.atreus.de\/wp-content\/uploads\/2023\/07\/IMG_1311-1440x960.jpg 1440w, https:\/\/www.atreus.de\/wp-content\/uploads\/2023\/07\/IMG_1311-1920x1280.jpg 1920w\" sizes=\"(max-width: 1024px) 100vw, 1024px\" style=\"aspect-ratio:2470\/1647 !important\" title=\"atreus_\">          <\/div>\n          <div class=\"half-content has-padding col-lg-6 col-12 order-2 order-lg-1 blue-900 white-color small-headline\"><div class=\"inner-content parent-has-padding\"><h2 class=\" zw-cgb headline\">3. L\u2019ordinateur quantique est une diva.<\/h2><p class=\" zw-cgb fulltext \">Les d\u00e9fis de l\u2019informatique quantique r\u00e9sident dans la grande complexit\u00e9 de sa fabrication et de son fonctionnement. Il faut un mat\u00e9riel tr\u00e8s sp\u00e9cial et de nouveaux algorithmes qui suivent une logique totalement diff\u00e9rente et un nouveau paradigme de calcul, et qui sont donc extr\u00eamement co\u00fbteux. Un ordinateur quantique typique est tr\u00e8s grand en raison du refroidissement et de l\u2019\u00e9lectronique de contr\u00f4le, mais la puce elle-m\u00eame est \u00e0 peine plus grande que l\u2019ongle du pouce. De plus, l\u2019informatique quantique n\u00e9cessite une temp\u00e9rature extr\u00eamement basse, souvent jusqu\u2019au z\u00e9ro absolu de 0\u00b0 Kelvin (-273,15\u00b0 C). Le risque d\u2019erreur est encore relativement \u00e9lev\u00e9 et les temps de coh\u00e9rence, pendant lesquels les \u00e9tats quantiques restent stables, sont tr\u00e8s courts. Actuellement, il n\u2019existe donc pas d\u2019ordinateurs quantiques universels, mais seulement quelques ordinateurs quantiques physiques, appel\u00e9s NISQ (Noisy Intermediate Scale Quantum). Cependant, jusqu\u2019\u00e0 pr\u00e9sent, aucun avantage quantique qui rendrait la r\u00e9solution de probl\u00e8mes r\u00e9els plus efficace qu\u2019avec des ordinateurs traditionnels n\u2019a \u00e9t\u00e9 d\u00e9montr\u00e9. Un autre goulot d\u2019\u00e9tranglement est l\u2019expertise hautement sp\u00e9cialis\u00e9e n\u00e9cessaire.<\/p><div class=\"link-container\"><\/div><\/div><\/div>              <\/div>\n\n    <\/div>\n\n\n\n<div style=\"height:100px\" aria-hidden=\"true\" class=\"wp-block-spacer\"><\/div>\n\n\n    <div  class=\"  zw-cgb  halb-halb-block boxed default-margin \">\n      <div class=\"row\">\n\n                  <div class=\"col-lg-6 col-12 image order-1  px-0\">\n            <span class=\"copyright-image\"><\/span><img decoding=\"async\" loading=\"lazy\" alt=\"atreus_\" src=\"https:\/\/www.atreus.de\/wp-content\/uploads\/2023\/07\/IMG_1300-1024x683.jpg\" srcset=\"https:\/\/www.atreus.de\/wp-content\/uploads\/2023\/07\/IMG_1300-1024x683.jpg 1024w, https:\/\/www.atreus.de\/wp-content\/uploads\/2023\/07\/IMG_1300-768x512.jpg 768w, https:\/\/www.atreus.de\/wp-content\/uploads\/2023\/07\/IMG_1300-480x320.jpg 480w, https:\/\/www.atreus.de\/wp-content\/uploads\/2023\/07\/IMG_1300-1440x960.jpg 1440w, https:\/\/www.atreus.de\/wp-content\/uploads\/2023\/07\/IMG_1300-1920x1280.jpg 1920w\" sizes=\"(max-width: 1024px) 100vw, 1024px\" style=\"aspect-ratio:2560\/1707 !important\" title=\"atreus_\">          <\/div>\n          <div class=\"half-content has-padding col-lg-6 col-12 order-2 blue-400 white-color small-headline\"><div class=\"inner-content parent-has-padding\"><h2 class=\" zw-cgb headline\">4. De 1982 \u00e0 aujourd\u2019hui&nbsp;: \u00e9volution par bonds.<\/h2><p class=\" zw-cgb fulltext \"><strong>L\u2019id\u00e9e de l\u2019ordinateur quantique a \u00e9t\u00e9 formul\u00e9e pour la premi\u00e8re fois par le physicien Richard Feynman en 1982, explique le Dr Florian Kn\u00e4ble, qui effectue des recherches en tant qu\u2019ing\u00e9nieur logiciel quantique au Fraunhofer IAO. Feynman a r\u00e9alis\u00e9 que fondamentalement, la nature est un ordinateur quantique g\u00e9ant. Au cours des quelque 40 ann\u00e9es qui se sont \u00e9coul\u00e9es depuis la th\u00e8se de Feynman, l\u2019informatique quantique n\u2019a cess\u00e9 de faire des progr\u00e8s consid\u00e9rables, mais on est aujourd\u2019hui encore \u00e0 mille lieues d\u2019une utilisation de masse. En juin 2023, IBM a publi\u00e9 le document \u00ab&nbsp;Quantum Utility&nbsp;\u00bb, qui s\u2019adressait certes \u00e0 un probl\u00e8me du monde r\u00e9el, mais qui correspondait exactement \u00e0 l\u2019ordinateur quantique choisi. Il s\u2019agissait toutefois d\u2019un progr\u00e8s par rapport au moment de \u00ab&nbsp;supr\u00e9matie quantique&nbsp;\u00bb que Google a revendiqu\u00e9 en 2019. Avec un ordinateur quantique utilisant 53 qubits, Google a certes pu cr\u00e9er un circuit quantique \u00e0 l\u2019\u00e9poque, mais le probl\u00e8me \u00e0 r\u00e9soudre \u00e9tait th\u00e9orique et tr\u00e8s construit.<\/strong><\/p><div class=\"link-container\"><\/div><\/div><\/div>              <\/div>\n\n    <\/div>\n\n\n\n<div style=\"height:100px\" aria-hidden=\"true\" class=\"wp-block-spacer is-style-zw-default-color\"><\/div>\n\n\n\n\n<div id=\"parent35094\"class=\"zw-cgb halb-halb-headline-text-block-135 default-margin \"><div class=\"row\">    <!--  block -->\n    <div class=\"half-content has-padding col-lg-6 col-12 leftBlock order-1 blue-400 white-color has-icon has-headline \"><div class=\"icon-container\"><span class=\"atr-icon\">m<\/span><h2 class=\" zw-cgb headline\">5. Les stations de recharge pour voitures \u00e9lectriques \u2014 une application de l\u2019informatique quantique parmi d\u2019autres.<\/h2><\/div><div class=\"content-container\"><div class=\"inner-content parent-has-padding\"><p class=\" zw-cgb fulltext \">Kn\u00e4ble esquisse les cas d\u2019application de l\u2019informatique quantique qui font actuellement l\u2019objet de recherches. Les espoirs pour les ann\u00e9es \u00e0 venir reposent sur les solutions en temps r\u00e9el, la r\u00e9solution de probl\u00e8mes complexes jusqu\u2019ici insolubles, l\u2019informatique verte et des r\u00e9sultats plus pr\u00e9cis dans les simulations. Dans le secteur de l\u2019\u00e9nergie, l\u2019informatique quantique pourrait par exemple aider \u00e0 optimiser la disposition et le fonctionnement des stations de recharge pour les voitures \u00e9lectriques \u2014 en fonction du nombre de v\u00e9hicules, des temps de s\u00e9jour et de l\u2019\u00e9nergie n\u00e9cessaire. Dans le domaine financier, les analyses de portefeuille et les mod\u00e8les de risque pourraient \u00eatre optimis\u00e9s \u00e0 l\u2019aide de l\u2019informatique quantique, dans la logistique, la planification des itin\u00e9raires et dans la production, les processus. La cybers\u00e9curit\u00e9 pourrait \u00e9galement b\u00e9n\u00e9ficier de cette technologie.<\/p><div class=\"link-container\"><\/div><\/div><\/div><\/div>    <!--  block -->\n    <div class=\"half-content has-padding col-lg-6 col-12 rightBlock order-2 blue-600 white-color has-icon has-headline \"><div class=\"icon-container\"><span class=\"atr-icon\">p<\/span><h2 class=\" zw-cgb headline\">6. Les ordinateurs quantiques n\u2019en sont qu\u2019\u00e0 leurs d\u00e9buts.<\/h2><\/div><div class=\"content-container\"><div class=\"inner-content parent-has-padding\"><p class=\" zw-cgb fulltext \">Le Dr Michael F\u00f6rtsch est le fondateur et le directeur g\u00e9n\u00e9ral de la start-up Q.ANT, qui produit de nouveaux capteurs et des puces informatiques photoniques \u00e0 l\u2019aide de la technologie quantique photonique. La lumi\u00e8re joue donc un r\u00f4le central dans le mod\u00e8le commercial de Q.ANT. F\u00f6rtsch d\u00e9clare&nbsp;: Actuellement, nous sommes encore loin d\u2019une utilisation g\u00e9n\u00e9ralis\u00e9e de la technologie quantique. Pour l\u2019heure, seul un cercle d\u2019\u00e9lite pr\u00eat \u00e0 payer s\u2019int\u00e9resse \u00e0 cette technologie. \u00ab&nbsp;J\u2019ai peu d\u2019espoir que nous puissions adresser l\u2019early majority dans les dix prochaines ann\u00e9es.&nbsp;\u00bb Dans la perspective actuelle, il faudra encore attendre tr\u00e8s longtemps avant que les ordinateurs quantiques puissent \u00eatre d\u00e9velopp\u00e9s pour le grand public.<\/p><div class=\"link-container\"><\/div><\/div><\/div><\/div><\/div><\/div>\n\n\n<div style=\"height:100px\" aria-hidden=\"true\" class=\"wp-block-spacer\"><\/div>\n\n\n    <div  class=\"  zw-cgb  halb-halb-block boxed default-margin \">\n      <div class=\"row\">\n\n                  <div class=\"col-lg-6 col-12 image order-1 order-lg-2  px-0\">\n            <span class=\"copyright-image\"><\/span><img decoding=\"async\" loading=\"lazy\" alt=\"atreus_\" src=\"https:\/\/www.atreus.de\/wp-content\/uploads\/2023\/07\/IMG_1345.jpg\" style=\"aspect-ratio:2470\/1647 !important\" title=\"atreus_\">          <\/div>\n          <div class=\"half-content has-padding col-lg-6 col-12 order-2 order-lg-1 blue-600 white-color small-headline\"><div class=\"inner-content parent-has-padding\"><h2 class=\" zw-cgb headline\">7. L\u2019intelligence artificielle et l\u2019informatique quantique&nbsp;: une combinaison de r\u00eave&nbsp;?<\/h2><p class=\" zw-cgb fulltext \">Selon F\u00f6rtsch, il existe des analogies entre l\u2019informatique quantique et les r\u00e9seaux neuronaux, notamment en ce qui concerne les algorithmes. Ceci est int\u00e9ressant pour des questions telles que le \u00ab&nbsp;Airport Gate Assigning Problem&nbsp;\u00bb dans les a\u00e9roports, o\u00f9 il s\u2019agit de savoir \u00e0 quelle vitesse les passagers doivent \u00eatre dirig\u00e9s vers quel endroit de l\u2019a\u00e9roport. Certes, le probl\u00e8me peut \u00eatre r\u00e9solu avec un ordinateur quantique, mais la question se pose souvent de savoir si un th\u00e9oricien de l\u2019information ne pourrait pas actuellement le r\u00e9soudre encore plus rapidement avec un ordinateur classique. Le plus grand potentiel pourrait souvent \u00eatre exploit\u00e9 dans une architecture compos\u00e9e d\u2019ordinateurs classiques et quantiques. Mais en principe, ajoute Hannah Venzl, les questions de gestion du trafic sont toujours des probl\u00e8mes d\u2019optimisation int\u00e9ressants, qui peuvent \u00eatre facilement r\u00e9solus en combinant l\u2019IA et le QC.<\/p><div class=\"link-container\"><\/div><\/div><\/div>              <\/div>\n\n    <\/div>\n\n\n\n<div style=\"height:100px\" aria-hidden=\"true\" class=\"wp-block-spacer\"><\/div>\n\n\n    <div  class=\"  zw-cgb  halb-halb-block boxed default-margin \">\n      <div class=\"row\">\n\n                  <div class=\"col-lg-6 col-12 image order-1 order-lg-2  px-0\">\n            <span class=\"copyright-image\"><\/span><img decoding=\"async\" loading=\"lazy\" alt=\"atreus_\" src=\"https:\/\/www.atreus.de\/wp-content\/uploads\/2023\/07\/IMG_1539-1024x683.jpg\" srcset=\"https:\/\/www.atreus.de\/wp-content\/uploads\/2023\/07\/IMG_1539-1024x683.jpg 1024w, https:\/\/www.atreus.de\/wp-content\/uploads\/2023\/07\/IMG_1539-768x512.jpg 768w, https:\/\/www.atreus.de\/wp-content\/uploads\/2023\/07\/IMG_1539-480x320.jpg 480w, https:\/\/www.atreus.de\/wp-content\/uploads\/2023\/07\/IMG_1539-1440x960.jpg 1440w, https:\/\/www.atreus.de\/wp-content\/uploads\/2023\/07\/IMG_1539-1920x1280.jpg 1920w\" sizes=\"(max-width: 1024px) 100vw, 1024px\" style=\"aspect-ratio:2478\/1652 !important\" title=\"atreus_\">          <\/div>\n          <div class=\"half-content has-padding col-lg-6 col-12 order-2 order-lg-1 blue-600 white-color small-headline\"><div class=\"inner-content parent-has-padding\"><h2 class=\" zw-cgb headline\">8. L\u2019Europe a une chance \u00e0 saisir au niveau international dans le domaine de l\u2019informatique quantique.<\/h2><p class=\" zw-cgb fulltext \">Il y a quatre ans encore, IBM poss\u00e9dait le seul v\u00e9ritable ordinateur quantique au monde, explique Hannah Venzl. Mais depuis, \u00ab&nbsp;il s\u2019est pass\u00e9 \u00e9norm\u00e9ment de choses&nbsp;\u00bb, pas seulement aux \u00c9tats-Unis ou (probablement) en Chine, mais aussi en Europe. En Allemagne, l\u2019informatique quantique est actuellement tr\u00e8s bien encourag\u00e9e. N\u00e9anmoins, les \u00c9tats-Unis ont une longueur d\u2019avance sur l\u2019Europe, car le capital-risque y est beaucoup moins contraignant. Venzl et F\u00f6rtsch s\u2019accordent \u00e0 dire que si le soutien public prend fin en 2026, un risque de braderie aux entreprises am\u00e9ricaines, et ce malgr\u00e9 le r\u00f4le de pionnier scientifique de l\u2019Allemagne en comparaison internationale, est tout \u00e0 fait envisageable. F\u00f6rtsch lance donc un appel pour soutenir cette technologie&nbsp;: \u00ab&nbsp;Soutenez l\u2019informatique quantique dans votre communication si vous y voyez une opportunit\u00e9.&nbsp;\u00bb<\/p><div class=\"link-container\"><\/div><\/div><\/div>              <\/div>\n\n    <\/div>\n\n\n\n<div style=\"height:100px\" aria-hidden=\"true\" class=\"wp-block-spacer\"><\/div>\n\n\n    <div  class=\"  zw-cgb  halb-halb-block boxed default-margin \">\n      <div class=\"row\">\n\n                  <div class=\"col-lg-6 col-12 image order-1  px-0\">\n            <span class=\"copyright-image\"><\/span><img decoding=\"async\" loading=\"lazy\" alt=\"atreus_\" src=\"https:\/\/www.atreus.de\/wp-content\/uploads\/2023\/07\/IMG_1379-1024x683.jpg\" srcset=\"https:\/\/www.atreus.de\/wp-content\/uploads\/2023\/07\/IMG_1379-1024x683.jpg 1024w, https:\/\/www.atreus.de\/wp-content\/uploads\/2023\/07\/IMG_1379-768x512.jpg 768w, https:\/\/www.atreus.de\/wp-content\/uploads\/2023\/07\/IMG_1379-480x320.jpg 480w, https:\/\/www.atreus.de\/wp-content\/uploads\/2023\/07\/IMG_1379-1440x960.jpg 1440w, https:\/\/www.atreus.de\/wp-content\/uploads\/2023\/07\/IMG_1379-1920x1280.jpg 1920w\" sizes=\"(max-width: 1024px) 100vw, 1024px\" style=\"aspect-ratio:2283\/1522 !important\" title=\"atreus_\">          <\/div>\n          <div class=\"col-lg-6 col-12 image order-1  px-0\">\n            <span class=\"copyright-image\"><\/span><img decoding=\"async\" loading=\"lazy\" alt=\"atreus_\" src=\"https:\/\/www.atreus.de\/wp-content\/uploads\/2023\/07\/IMG_1289-1024x683.jpg\" srcset=\"https:\/\/www.atreus.de\/wp-content\/uploads\/2023\/07\/IMG_1289-1024x683.jpg 1024w, https:\/\/www.atreus.de\/wp-content\/uploads\/2023\/07\/IMG_1289-768x512.jpg 768w, https:\/\/www.atreus.de\/wp-content\/uploads\/2023\/07\/IMG_1289-480x320.jpg 480w, https:\/\/www.atreus.de\/wp-content\/uploads\/2023\/07\/IMG_1289-1440x960.jpg 1440w, https:\/\/www.atreus.de\/wp-content\/uploads\/2023\/07\/IMG_1289-1920x1280.jpg 1920w\" sizes=\"(max-width: 1024px) 100vw, 1024px\" style=\"aspect-ratio:2560\/1707 !important\" title=\"atreus_\">          <\/div>\n              <\/div>\n\n    <\/div>\n\n\n\n<div style=\"height:100px\" aria-hidden=\"true\" class=\"wp-block-spacer\"><\/div>\n\n\n    <div  class=\"  zw-cgb  halb-halb-block boxed default-margin \">\n      <div class=\"row\">\n\n                  <div class=\"col-lg-6 col-12 image order-1  px-0\">\n            <span class=\"copyright-image\"><\/span><img decoding=\"async\" loading=\"lazy\" alt=\"atreus_\" src=\"https:\/\/www.atreus.de\/wp-content\/uploads\/2023\/07\/IMG_1410-1024x683.jpg\" srcset=\"https:\/\/www.atreus.de\/wp-content\/uploads\/2023\/07\/IMG_1410-1024x683.jpg 1024w, https:\/\/www.atreus.de\/wp-content\/uploads\/2023\/07\/IMG_1410-768x512.jpg 768w, https:\/\/www.atreus.de\/wp-content\/uploads\/2023\/07\/IMG_1410-480x320.jpg 480w, https:\/\/www.atreus.de\/wp-content\/uploads\/2023\/07\/IMG_1410-1440x960.jpg 1440w, https:\/\/www.atreus.de\/wp-content\/uploads\/2023\/07\/IMG_1410-1920x1280.jpg 1920w\" sizes=\"(max-width: 1024px) 100vw, 1024px\" style=\"aspect-ratio:2560\/1707 !important\" title=\"atreus_\">          <\/div>\n          <div class=\"col-lg-6 col-12 image order-1  px-0\">\n            <span class=\"copyright-image\"><\/span><img decoding=\"async\" loading=\"lazy\" alt=\"atreus_\" src=\"https:\/\/www.atreus.de\/wp-content\/uploads\/2023\/07\/IMG_1415.jpg\" style=\"aspect-ratio:1\/1 !important\" title=\"atreus_\">          <\/div>\n              <\/div>\n\n    <\/div>\n\n\n\n<div style=\"height:100px\" aria-hidden=\"true\" class=\"wp-block-spacer\"><\/div>\n\n\n\r\n    <div id=\"e98d31ad-9357-47c0-84ff-1bff6dbd34a6\" class=\"zw-cgb  videoEmbedBlock black-color default-margin  zw-atr-portrait-pos-default zw-atr-landscape-pos-default show-background-image\">\r\n      <div class=\"row\">\r\n        <div class=\"col-12 g-0 content-wrapper\">\r\n          <div class=\"bg-image\"><span class=\"copyright-image\"><\/span><img decoding=\"async\" class=\"zw-img d-none d-menu-block\" loading=\"lazy\" alt=\"atreus_\" src=\"https:\/\/www.atreus.de\/wp-content\/uploads\/2022\/07\/erklaerung-publikationen-bg-1.jpg\" srcset=\"https:\/\/www.atreus.de\/wp-content\/uploads\/2022\/07\/erklaerung-publikationen-bg-1.jpg 1920w, https:\/\/www.atreus.de\/wp-content\/uploads\/2022\/07\/erklaerung-publikationen-bg-1-768x288.jpg 768w, https:\/\/www.atreus.de\/wp-content\/uploads\/2022\/07\/erklaerung-publikationen-bg-1-1024x384.jpg 1024w, https:\/\/www.atreus.de\/wp-content\/uploads\/2022\/07\/erklaerung-publikationen-bg-1-480x180.jpg 480w, https:\/\/www.atreus.de\/wp-content\/uploads\/2022\/07\/erklaerung-publikationen-bg-1-1440x540.jpg 1440w\" sizes=\"(max-width: 1920px) 100vw, 1920px\" style=\"aspect-ratio:1920\/720 !important\" title=\"atreus_\"><\/div><div class=\"zw-video-container embed\"><div class=\"image-container\"><span class=\"copyright-image\"><\/span><img decoding=\"async\" loading=\"lazy\" alt=\"atreus_\" src=\"https:\/\/www.atreus.de\/wp-content\/uploads\/2023\/05\/video-innovationslounge-statements.png\" srcset=\"https:\/\/www.atreus.de\/wp-content\/uploads\/2023\/05\/video-innovationslounge-statements.png 1056w, https:\/\/www.atreus.de\/wp-content\/uploads\/2023\/05\/video-innovationslounge-statements-768x430.png 768w, https:\/\/www.atreus.de\/wp-content\/uploads\/2023\/05\/video-innovationslounge-statements-1024x573.png 1024w, https:\/\/www.atreus.de\/wp-content\/uploads\/2023\/05\/video-innovationslounge-statements-480x269.png 480w\" sizes=\"(max-width: 750px) 100vw, 750px\" style=\"aspect-ratio:1056\/591 !important\" title=\"atreus_\"><span class=\"play-button-image\" onClick=\"zw_create_video(&quot; &lt;div class=\\&quot;brlbs-cmpnt-container brlbs-cmpnt-content-blocker brlbs-cmpnt-with-individual-styles\\&quot; data-borlabs-cookie-content-blocker-id=\\&quot;vimeo-content-blocker\\&quot; data-borlabs-cookie-content=\\&quot;PGlmcmFtZSB0aXRsZT0iMjAyMzA3MTIgU29jaWFsIFZpZGVvIElubm92YXRpb25zbG91bmdlIFF1YW50ZW5jb21wdXRpbmciIHNyYz0iaHR0cHM6Ly9wbGF5ZXIudmltZW8uY29tL3ZpZGVvLzg0NjE5MDEwNT9kbnQ9MSZhbXA7YXBwX2lkPTEyMjk2MyIgd2lkdGg9Ijk2MCIgaGVpZ2h0PSI1NDAiIGZyYW1lYm9yZGVyPSIwIiBhbGxvdz0iYXV0b3BsYXk7IGZ1bGxzY3JlZW47IHBpY3R1cmUtaW4tcGljdHVyZTsgY2xpcGJvYXJkLXdyaXRlOyBlbmNyeXB0ZWQtbWVkaWE7IHdlYi1zaGFyZSIgcmVmZXJyZXJwb2xpY3k9InN0cmljdC1vcmlnaW4td2hlbi1jcm9zcy1vcmlnaW4iPjwvaWZyYW1lPg==\\&quot;&gt;&lt;div class=\\&quot;brlbs-cmpnt-cb-preset-c brlbs-cmpnt-cb-vimeo\\&quot;&gt; &lt;div class=\\&quot;brlbs-cmpnt-cb-thumbnail\\&quot; style=\\&quot;background-image: url(&#039;https:\\\/\\\/www.atreus.de\\\/wp-content\\\/uploads\\\/borlabs-cookie\\\/1\\\/vimeo_846190105.jpg&#039;)\\&quot;&gt;&lt;\\\/div&gt; &lt;div class=\\&quot;brlbs-cmpnt-cb-main\\&quot;&gt; &lt;div class=\\&quot;brlbs-cmpnt-cb-play-button\\&quot;&gt;&lt;\\\/div&gt; &lt;div class=\\&quot;brlbs-cmpnt-cb-content\\&quot;&gt; &lt;p class=\\&quot;brlbs-cmpnt-cb-description\\&quot;&gt;Vous \\u00eates actuellement en train de consulter le contenu d&#039;un espace r\\u00e9serv\\u00e9 de &lt;strong&gt;Vimeo&lt;\\\/strong&gt;. Pour acc\\u00e9der au contenu r\\u00e9el, cliquez sur le bouton ci-dessous. Veuillez noter que ce faisant, des donn\\u00e9es seront partag\\u00e9es avec des providers tiers.&lt;\\\/p&gt; &lt;a class=\\&quot;brlbs-cmpnt-cb-provider-toggle\\&quot; href=\\&quot;#\\&quot; data-borlabs-cookie-show-provider-information role=\\&quot;button\\&quot;&gt;Plus d&#039;informations&lt;\\\/a&gt; &lt;\\\/div&gt; &lt;div class=\\&quot;brlbs-cmpnt-cb-buttons\\&quot;&gt; &lt;a class=\\&quot;brlbs-cmpnt-cb-btn\\&quot; href=\\&quot;#\\&quot; data-borlabs-cookie-unblock role=\\&quot;button\\&quot;&gt;D\\u00e9bloquer le contenu&lt;\\\/a&gt; &lt;a class=\\&quot;brlbs-cmpnt-cb-btn\\&quot; href=\\&quot;#\\&quot; data-borlabs-cookie-accept-service role=\\&quot;button\\&quot; style=\\&quot;display: inherit\\&quot;&gt;Accepter le service requis et d\\u00e9bloquer les contenus&lt;\\\/a&gt; &lt;\\\/div&gt; &lt;\\\/div&gt; &lt;\\\/div&gt;&lt;\\\/div&gt;&quot;,'e98d31ad-9357-47c0-84ff-1bff6dbd34a6','vimeo-content-blocker')\"><img decoding=\"async\" loading=\"lazy\" width=\"60\" height=\"70\" alt=\"AtreusPlay\" src=\"https:\/\/www.atreus.de\/wp-content\/themes\/zw-atr-theme\/assets\/images\/Play_Button_wei\u00df.png\" title=\"atreus_\"><\/span><\/div><\/div>        <\/div>\r\n      <\/div>\r\n    <\/div>\r\n\r\n\n\n    <div  class=\"zw-cgb  change-padding  infoblock default-margin black-color  \">\n      <div class=\" row\">\n        <div class=\"zw-cgb-content has-padding col-12\">\n          <div class=\"preheadline-container parent-has-padding\"><p class=\" zw-cgb preheadline ' .  . '\">Notre intervenant-e<\/p><\/div><div class=\"inner-content parent-has-padding\"><div class=\"link-container\"><\/div><\/div>        <\/div>\n      <\/div>\n    <\/div>\n\n\n\r\n    <div  class=\"zw-cgb  extern-zitat-block black-color default-margin  \">\r\n      <div class=\"row zitat-row\">\r\n        <div class=\" image-container g-0 order-1 order-lg-2  col-menu-3 col-12 \">\r\n\r\n          <div class=\"bg-image\">\r\n            <span class=\"copyright-image\"><\/span><img decoding=\"async\" class=\"responsive-img\" alt=\"atreus_\" src=\"https:\/\/www.atreus.de\/wp-content\/uploads\/2023\/05\/foe-mi.jpg\" srcset=\"https:\/\/www.atreus.de\/wp-content\/uploads\/2023\/05\/foe-mi.jpg 242w, https:\/\/www.atreus.de\/wp-content\/uploads\/2023\/05\/foe-mi-150x150.jpg 150w\" sizes=\"(max-width: 1024px) 100vw, 1024px\" style=\"aspect-ratio:242\/242 !important\" title=\"atreus_\">          <\/div>\r\n\r\n          <div class=\"zitat-img-text-container\"><div class=\"zitat-name-container fulltext\"><span>Dr. Michael F\u00f6rtsch<\/span><\/div><div class=\"zitat-discription-container fulltext\"><span>Fondateur et PDG, Q.ANT<\/span><\/div><\/div>\r\n        <\/div>\r\n        <div class=\"g-0 zitat-text-container order-2 order-lg-1 col-menu-9 col-12 \">\r\n          <p class=\" zw-cgb fulltext \"><strong>Dr Michael F\u00f6rtsch est le fondateur et le PDG de Q.ANT. <\/strong><\/p><p class=\" zw-cgb fulltext \">Il a \u00e9tudi\u00e9 les math\u00e9matiques et la physique et a obtenu son doctorat \u00e0 l\u2019Institut Max Planck pour la physique de la lumi\u00e8re \u00e0 Erlangen. Un s\u00e9jour de recherche au National Institute for Standards and Technology \u00e0 Boulder a \u00e9t\u00e9 suivi par des postes de conseiller en strat\u00e9gie et de conseiller personnel du CTO chez TRUMPF Se + Co KG \u00e0 Stuttgart. C\u2019est \u00e0 partir de cette position qu\u2019il a fond\u00e9 en 2018 la soci\u00e9t\u00e9 Q.ANT.<\/p>                  <\/div>\r\n      <\/div>\r\n    <\/div>\r\n\n\n\r\n    <div  class=\"zw-cgb  extern-zitat-block black-color default-margin  \">\r\n      <div class=\"row zitat-row\">\r\n        <div class=\" image-container g-0 order-1  col-menu-3 col-12 \">\r\n\r\n          <div class=\"bg-image\">\r\n            <span class=\"copyright-image\"><\/span><img decoding=\"async\" class=\"responsive-img\" alt=\"atreus_\" src=\"https:\/\/www.atreus.de\/wp-content\/uploads\/2023\/05\/ven-ha.jpg\" srcset=\"https:\/\/www.atreus.de\/wp-content\/uploads\/2023\/05\/ven-ha.jpg 242w, https:\/\/www.atreus.de\/wp-content\/uploads\/2023\/05\/ven-ha-150x150.jpg 150w\" sizes=\"(max-width: 1024px) 100vw, 1024px\" style=\"aspect-ratio:242\/242 !important\" title=\"atreus_\">          <\/div>\r\n\r\n          <div class=\"zitat-img-text-container\"><div class=\"zitat-name-container fulltext\"><span>Dr. Hannah Venzl<\/span><\/div><div class=\"zitat-discription-container fulltext\"><span>Responsable du bureau du r\u00e9seau de comp\u00e9tences en informatique quantique, Fraunhofer-Gesellschaft<\/span><\/div><\/div>\r\n        <\/div>\r\n        <div class=\"g-0 zitat-text-container order-2 col-menu-9 col-12 \">\r\n          <p class=\" zw-cgb fulltext \"><strong>Dr. Hannah Venzl dirige le d\u00e9partement de gestion de projets \u00e0 grande \u00e9chelle au si\u00e8ge de Fraunhofer ainsi que le bureau du r\u00e9seau de comp\u00e9tences en informatique quantique de Fraunhofer. <\/strong><\/p><p class=\" zw-cgb fulltext \">Elle a \u00e9tudi\u00e9 la physique en Allemagne et en Australie, a obtenu un doctorat en optique quantique th\u00e9orique et dispose d\u2019une longue exp\u00e9rience en mati\u00e8re de gestion de recherche et de projets.<\/p><p class=\" zw-cgb fulltext \">Le r\u00e9seau de comp\u00e9tences Fraunhofer en informatique quantique \u00e9tudie et d\u00e9veloppe de nouvelles solutions technologiques ainsi que des strat\u00e9gies d\u2019informatique quantique pour des questions appliqu\u00e9es et pertinentes pour l\u2019\u00e9conomie, en \u00e9troite collaboration avec des partenaires et des clients issus de la recherche et de l\u2019industrie. Le r\u00e9seau a \u00e9galement et offre un acc\u00e8s exclusif au seul ordinateur quantique d\u2019IBM en Europe, qui est exploit\u00e9 \u00e0 Ehningen.<\/p>                  <\/div>\r\n      <\/div>\r\n    <\/div>\r\n\n\n\r\n    <div  class=\"zw-cgb  extern-zitat-block black-color default-margin  \">\r\n      <div class=\"row zitat-row\">\r\n        <div class=\" image-container g-0 order-1 order-lg-2  col-menu-3 col-12 \">\r\n\r\n          <div class=\"bg-image\">\r\n            <span class=\"copyright-image\"><\/span><img decoding=\"async\" class=\"responsive-img\" alt=\"atreus_\" src=\"https:\/\/www.atreus.de\/wp-content\/uploads\/2023\/07\/kna-fl.jpg\" srcset=\"https:\/\/www.atreus.de\/wp-content\/uploads\/2023\/07\/kna-fl.jpg 242w, https:\/\/www.atreus.de\/wp-content\/uploads\/2023\/07\/kna-fl-150x150.jpg 150w\" sizes=\"(max-width: 1024px) 100vw, 1024px\" style=\"aspect-ratio:242\/242 !important\" title=\"atreus_\">          <\/div>\r\n\r\n          <div class=\"zitat-img-text-container\"><div class=\"zitat-name-container fulltext\"><span>Dr. Florian Kn\u00e4ble<\/span><\/div><div class=\"zitat-discription-container fulltext\"><span>Ing\u00e9nieur en logiciels quantiques, Fraunhofer IAO<\/span><\/div><\/div>\r\n        <\/div>\r\n        <div class=\"g-0 zitat-text-container order-2 order-lg-1 col-menu-9 col-12 \">\r\n          <p class=\" zw-cgb fulltext \"><strong>Dr Florian Kn\u00e4ble est math\u00e9maticien et a obtenu un doctorat en th\u00e9orie des probabilit\u00e9s appliqu\u00e9e \u00e0 l\u2019universit\u00e9 de Bielefeld en 2012.<\/strong><\/p><p class=\" zw-cgb fulltext \">Il a ensuite travaill\u00e9 pendant 8 ans dans l\u2019environnement bancaire dans le domaine de l\u2019analyse des risques et de l\u2019\u00e9valuation des produits d\u00e9riv\u00e9s. Depuis 2021, il travaille au Fraunhofer IAO en tant qu\u2019ing\u00e9nieur logiciel quantique sur des applications dans l\u2019optimisation et la finance.<\/p>                  <\/div>\r\n      <\/div>\r\n    <\/div>\r\n\n\n\n\n    <div  class=\"zw-cgb  change-padding  infoblock default-margin black-color  \">\n      <div class=\" row\">\n        <div class=\"zw-cgb-content has-padding col-12\">\n          <div class=\"preheadline-container parent-has-padding\"><p class=\" zw-cgb preheadline ' .  . '\">H\u00f4te Atreus<\/p><\/div><div class=\"inner-content parent-has-padding\"><div class=\"link-container\"><\/div><\/div>        <\/div>\n      <\/div>\n    <\/div>\n\n\n<div id=\"innovationslounge-digital\"class=\"zw-cgb speaker-160 team-member black-colordefault-margin #innovationslounge-digital\"><div class=\"zw-cgb-content member-row row\">\r\n\r\n    <div class=\"col-menu-3 col-lg-4 col-md-6 col-12 single-team-member px-0 intern-view \">\r\n    <a href=\"https:\/\/www.atreus.de\/fr\/equipe\/dr-christian-frank\/\">\r\n\r\n    <div class=\" image-container g-0\">\r\n      <div class=\"img-with-gradient\">\r\n\r\n        <img decoding=\"async\" loading=\"lazy\" alt=\"atreus_\" src=\"https:\/\/www.atreus.de\/wp-content\/uploads\/2023\/07\/fra-ch-dr-v2.png\" srcset=\"https:\/\/www.atreus.de\/wp-content\/uploads\/2023\/07\/fra-ch-dr-v2.png 555w, https:\/\/www.atreus.de\/wp-content\/uploads\/2023\/07\/fra-ch-dr-v2-480x600.png 480w\" sizes=\"(max-width: 1024px) 100vw, 1024px\" style=\"aspect-ratio:555\/694 !important\" title=\"atreus_\">        <div class=\"linear-gradient-container\"><\/div>\r\n      <\/div>\r\n\r\n      <\/a>      <div class=\"team-member-content\"><div class=\"team-member-name fulltext\"><a href=\"https:\/\/www.atreus.de\/fr\/equipe\/dr-christian-frank\/\"><span>Dr. Christian  Frank<\/span><\/a><\/div><div class=\"team-member-description fulltext\"><a href=\"https:\/\/www.atreus.de\/fr\/equipe\/dr-christian-frank\/\"><span>Directeur g\u00e9n\u00e9ral<\/span><\/a><\/div><div class=\"team-member-phone\"><a href=\"tel:+49 89 452249-180\"><span>+49 89 452249-180<\/span><\/a><\/div><div class=\"team-member-icon-container\"><div class=\"team-member-email\"><a class=\"atreus-font\" href=\"mailto:Christian.Frank@atreus.de\">h<\/a><\/div><div class=\"team-member-linkedin\"><a class=\"atreus-font\" target=\"_blank\" href=\"https:\/\/www.linkedin.com\/in\/drchristianfrank\/\" rel=\"noopener\">3<\/a><\/div><\/div><\/div>    <\/div>\r\n\r\n    <\/div>\r\n\r\n\r\n\r\n    <div class=\"col-menu-3 col-lg-4 col-md-6 col-12 single-team-member px-0 intern-view \">\r\n    <a href=\"https:\/\/www.atreus.de\/fr\/equipe\/jessica-breuer\/\">\r\n\r\n    <div class=\" image-container g-0\">\r\n      <div class=\"img-with-gradient\">\r\n\r\n        <img decoding=\"async\" loading=\"lazy\" alt=\"atreus_\" src=\"https:\/\/www.atreus.de\/wp-content\/uploads\/2025\/05\/bre-jes-1.png\" srcset=\"https:\/\/www.atreus.de\/wp-content\/uploads\/2025\/05\/bre-jes-1.png 555w, https:\/\/www.atreus.de\/wp-content\/uploads\/2025\/05\/bre-jes-1-480x600.png 480w\" sizes=\"(max-width: 1024px) 100vw, 1024px\" style=\"aspect-ratio:555\/694 !important\" title=\"atreus_\">        <div class=\"linear-gradient-container\"><\/div>\r\n      <\/div>\r\n\r\n      <\/a>      <div class=\"team-member-content\"><div class=\"team-member-name fulltext\"><a href=\"https:\/\/www.atreus.de\/fr\/equipe\/jessica-breuer\/\"><span>Jessica  Breuer<\/span><\/a><\/div><div class=\"team-member-description fulltext\"><a href=\"https:\/\/www.atreus.de\/fr\/equipe\/jessica-breuer\/\"><span>Directrice<\/span><\/a><\/div><div class=\"team-member-phone\"><a href=\"tel:+49 89 452249-241\"><span>+49 89 452249-241<\/span><\/a><\/div><div class=\"team-member-icon-container\"><div class=\"team-member-email\"><a class=\"atreus-font\" href=\"mailto:Jessica.Breuer@atreus.de\">h<\/a><\/div><div class=\"team-member-linkedin\"><a class=\"atreus-font\" target=\"_blank\" href=\"https:\/\/de.linkedin.com\/in\/jessica-breuer\" rel=\"noopener\">3<\/a><\/div><\/div><\/div>    <\/div>\r\n\r\n    <\/div>\r\n\r\n<\/div><\/div>\n\n\n\n    <div  class=\"zw-cgb  change-padding  infoblock default-margin black-color  \">\n      <div class=\" row\">\n        <div class=\"zw-cgb-content has-padding col-12\">\n          <div class=\"inner-content parent-has-padding\"><div class=\"link-container\"><\/div><\/div>        <\/div>\n      <\/div>\n    <\/div>\n\n\n    <div  class=\"zw-cgb  change-padding  infoblock default-margin black-color  \">\n      <div class=\" row\">\n        <div class=\"zw-cgb-content has-padding col-12\">\n          <div class=\"preheadline-container parent-has-padding\"><p class=\" zw-cgb preheadline ' .  . '\">Ces th\u00e8mes pourraient \u00e9galement vous int\u00e9resser&nbsp;:<\/p><\/div><div class=\"inner-content parent-has-padding\"><div class=\"link-container\"><\/div><\/div>        <\/div>\n      <\/div>\n    <\/div>\n\n\n\n    <div  class=\"zw-cgb  latestPosts default-margin \">\n      <div class=\"row zw-cgb-content\">\n        \n      <div  class=\"zw-cgb latestPostsContent px-0 col-12 publication content-2-3  show-featured-image \">\n\n\n        <div class=\"image-container single-featured\"><a href=\"https:\/\/www.atreus.de\/fr\/publication\/livre-blanc\/ia-lintelligence-artificielle-est-elle-la-solution-a-la-penurie-de-main-doeuvre-qualifiee\/\"><span class=\"copyright-image\"><\/span><img decoding=\"async\" loading=\"lazy\" alt=\"atreus_\" src=\"https:\/\/www.atreus.de\/wp-content\/uploads\/2023\/06\/teaser-4zu3-20230612-atreus-a-topic-ki.jpg\" srcset=\"https:\/\/www.atreus.de\/wp-content\/uploads\/2023\/06\/teaser-4zu3-20230612-atreus-a-topic-ki.jpg 823w, https:\/\/www.atreus.de\/wp-content\/uploads\/2023\/06\/teaser-4zu3-20230612-atreus-a-topic-ki-768x578.jpg 768w, https:\/\/www.atreus.de\/wp-content\/uploads\/2023\/06\/teaser-4zu3-20230612-atreus-a-topic-ki-480x361.jpg 480w\" sizes=\"(max-width: 1024px) 100vw, 1024px\" style=\"aspect-ratio:823\/619 !important\" title=\"atreus_\"><\/a><\/div><div class=\"image-container double-featured\"><a href=\"https:\/\/www.atreus.de\/fr\/publication\/livre-blanc\/ia-lintelligence-artificielle-est-elle-la-solution-a-la-penurie-de-main-doeuvre-qualifiee\/\"><span class=\"copyright-image\"><\/span><img decoding=\"async\" loading=\"lazy\" alt=\"atreus_\" src=\"https:\/\/www.atreus.de\/wp-content\/uploads\/2023\/06\/teaser-landscape-20230612-atreus-a-topic-ki.jpg\" srcset=\"https:\/\/www.atreus.de\/wp-content\/uploads\/2023\/06\/teaser-landscape-20230612-atreus-a-topic-ki.jpg 1098w, https:\/\/www.atreus.de\/wp-content\/uploads\/2023\/06\/teaser-landscape-20230612-atreus-a-topic-ki-768x288.jpg 768w, https:\/\/www.atreus.de\/wp-content\/uploads\/2023\/06\/teaser-landscape-20230612-atreus-a-topic-ki-1024x384.jpg 1024w, https:\/\/www.atreus.de\/wp-content\/uploads\/2023\/06\/teaser-landscape-20230612-atreus-a-topic-ki-480x180.jpg 480w\" sizes=\"(max-width: 1024px) 100vw, 1024px\" style=\"aspect-ratio:1098\/412 !important\" title=\"atreus_\"><\/a><\/div>        <div class=\"content-container has-excerpt posttype-publication blue-400 white-color\">\n          <div class=\"preheadline-container parent-has-padding\"><p class=\"zw-cgb preheadline\">Livre blanc<\/p><\/div><a href=\"https:\/\/www.atreus.de\/fr\/publication\/livre-blanc\/ia-lintelligence-artificielle-est-elle-la-solution-a-la-penurie-de-main-doeuvre-qualifiee\/\"><h2 class=\" zw-cgb headline\">IA&nbsp;: l\u2019intelligence artificielle est-elle la solution \u00e0 la p\u00e9nurie de main-d\u2019\u0153uvre qualifi\u00e9e&nbsp;?<\/h2><\/a><p class=\" zw-cgb fulltext\">D\u00e9couvrez dans ce livre blanc la p\u00e9nurie croissante de main-d\u2019\u0153uvre qualifi\u00e9e en Allemagne et l\u2019impact de l\u2019intelligence artificielle sur le march\u00e9 du travail. Les progr\u00e8s de l\u2019intelligence artificielle peuvent-ils r\u00e9soudre ce dilemme\u00a0?<\/p><div class=\"zw-cgb zw-cgb-button-container \"><a href=\"https:\/\/www.atreus.de\/fr\/publication\/livre-blanc\/ia-lintelligence-artificielle-est-elle-la-solution-a-la-penurie-de-main-doeuvre-qualifiee\/\" class=\"zw-cgb btn btn-primary \">Lire la suite<\/a><\/div>        <\/div>\n            <\/div>\n      <div class=\"zw-spacer px-0\"><\/div>\n  \n      <div  class=\"zw-cgb latestPostsContent px-0 col-12 col-md-6 col-menu-4 event   show-featured-image \">\n\n\n        <div class=\"image-container single-featured\"><a href=\"https:\/\/www.atreus.de\/fr\/evenement\/table-ronde-sur-les-operations-fabrication-intelligente\/\"><span class=\"copyright-image\">\u00a9 Gorodenkoff &#8211; stock.adobe.com<\/span><img decoding=\"async\" loading=\"lazy\" alt=\"atreus_\" src=\"https:\/\/www.atreus.de\/wp-content\/uploads\/2023\/09\/teaser-4zu3-20231026-RT-Operations-Smart-Manufactoring.jpg\" srcset=\"https:\/\/www.atreus.de\/wp-content\/uploads\/2023\/09\/teaser-4zu3-20231026-RT-Operations-Smart-Manufactoring.jpg 823w, https:\/\/www.atreus.de\/wp-content\/uploads\/2023\/09\/teaser-4zu3-20231026-RT-Operations-Smart-Manufactoring-768x578.jpg 768w, https:\/\/www.atreus.de\/wp-content\/uploads\/2023\/09\/teaser-4zu3-20231026-RT-Operations-Smart-Manufactoring-480x361.jpg 480w\" sizes=\"(max-width: 1024px) 100vw, 1024px\" style=\"aspect-ratio:823\/619 !important\" title=\"atreus_\"><\/a><\/div><div class=\"image-container double-featured\"><a href=\"https:\/\/www.atreus.de\/fr\/evenement\/table-ronde-sur-les-operations-fabrication-intelligente\/\"><span class=\"copyright-image\">\u00a9 Gorodenkoff &#8211; stock.adobe.com<\/span><img decoding=\"async\" loading=\"lazy\" alt=\"atreus_\" src=\"https:\/\/www.atreus.de\/wp-content\/uploads\/2023\/09\/teaser-landscape-20231026-RT-Operations-Smart-Manufactoring.jpg\" srcset=\"https:\/\/www.atreus.de\/wp-content\/uploads\/2023\/09\/teaser-landscape-20231026-RT-Operations-Smart-Manufactoring.jpg 1098w, https:\/\/www.atreus.de\/wp-content\/uploads\/2023\/09\/teaser-landscape-20231026-RT-Operations-Smart-Manufactoring-768x288.jpg 768w, https:\/\/www.atreus.de\/wp-content\/uploads\/2023\/09\/teaser-landscape-20231026-RT-Operations-Smart-Manufactoring-1024x384.jpg 1024w, https:\/\/www.atreus.de\/wp-content\/uploads\/2023\/09\/teaser-landscape-20231026-RT-Operations-Smart-Manufactoring-480x180.jpg 480w\" sizes=\"(max-width: 1024px) 100vw, 1024px\" style=\"aspect-ratio:1098\/412 !important\" title=\"atreus_\"><\/a><\/div>        <div class=\"content-container has-excerpt posttype-event blue-400 white-color\">\n          <div class=\"preheadline-container parent-has-padding\"><p class=\"zw-cgb preheadline\">Table ronde | 26.10.2023<\/p><\/div><a href=\"https:\/\/www.atreus.de\/fr\/evenement\/table-ronde-sur-les-operations-fabrication-intelligente\/\"><h2 class=\" zw-cgb headline\">Table ronde sur les op\u00e9rations&nbsp;: fabrication intelligente<\/h2><\/a><p class=\" zw-cgb fulltext\">Plongez dans l\u2019avenir de la production. Nos experts expliquent \u00e0 quoi ressemblera l\u2019avenir des environnements de production intelligents, dans lesquels les machines et les syst\u00e8mes communiquent et coop\u00e8rent de mani\u00e8re autonome. Participez \u00e0 la discussion\u00a0: il s\u2019agit de mettre en balance les chances et &#8230;<\/p><div class=\"zw-cgb zw-cgb-button-container \"><a href=\"https:\/\/www.atreus.de\/fr\/evenement\/table-ronde-sur-les-operations-fabrication-intelligente\/\" class=\"zw-cgb btn btn-primary \">Lire la suite<\/a><\/div>        <\/div>\n            <\/div>\n      \n  \n      <div  class=\"zw-cgb latestPostsContent px-0 col-12 col-md-6 col-menu-4 post   show-featured-image \">\n\n\n        <div class=\"image-container single-featured\"><a href=\"https:\/\/www.atreus.de\/fr\/atreus-dans-les-medias\/intelligence-artificielle-lia-doit-etre-rendue-tangible-pour-les-collaborateurs\/\"><span class=\"copyright-image\"><\/span><img decoding=\"async\" loading=\"lazy\" alt=\"atreus_\" src=\"https:\/\/www.atreus.de\/wp-content\/uploads\/2023\/08\/teaser-4zu3-20230829-presseartikel-ki.jpg\" srcset=\"https:\/\/www.atreus.de\/wp-content\/uploads\/2023\/08\/teaser-4zu3-20230829-presseartikel-ki.jpg 823w, https:\/\/www.atreus.de\/wp-content\/uploads\/2023\/08\/teaser-4zu3-20230829-presseartikel-ki-768x578.jpg 768w, https:\/\/www.atreus.de\/wp-content\/uploads\/2023\/08\/teaser-4zu3-20230829-presseartikel-ki-480x361.jpg 480w\" sizes=\"(max-width: 1024px) 100vw, 1024px\" style=\"aspect-ratio:823\/619 !important\" title=\"atreus_\"><\/a><\/div><div class=\"image-container double-featured\"><a href=\"https:\/\/www.atreus.de\/fr\/atreus-dans-les-medias\/intelligence-artificielle-lia-doit-etre-rendue-tangible-pour-les-collaborateurs\/\"><span class=\"copyright-image\"><\/span><img decoding=\"async\" loading=\"lazy\" alt=\"atreus_\" src=\"https:\/\/www.atreus.de\/wp-content\/uploads\/2023\/08\/teaser-landscape-20230829-presseartikel-ki.jpg\" srcset=\"https:\/\/www.atreus.de\/wp-content\/uploads\/2023\/08\/teaser-landscape-20230829-presseartikel-ki.jpg 1098w, https:\/\/www.atreus.de\/wp-content\/uploads\/2023\/08\/teaser-landscape-20230829-presseartikel-ki-768x288.jpg 768w, https:\/\/www.atreus.de\/wp-content\/uploads\/2023\/08\/teaser-landscape-20230829-presseartikel-ki-1024x384.jpg 1024w, https:\/\/www.atreus.de\/wp-content\/uploads\/2023\/08\/teaser-landscape-20230829-presseartikel-ki-480x180.jpg 480w\" sizes=\"(max-width: 1024px) 100vw, 1024px\" style=\"aspect-ratio:1098\/412 !important\" title=\"atreus_\"><\/a><\/div>        <div class=\"content-container has-excerpt posttype-post blue-600 white-color\">\n          <div class=\"preheadline-container parent-has-padding\"><p class=\"zw-cgb preheadline\">Atreus dans les m\u00e9dias<\/p><\/div><a href=\"https:\/\/www.atreus.de\/fr\/atreus-dans-les-medias\/intelligence-artificielle-lia-doit-etre-rendue-tangible-pour-les-collaborateurs\/\"><h2 class=\" zw-cgb headline\">Intelligence artificielle&nbsp;: \u00ab&nbsp;L\u2019IA doit \u00eatre rendue tangible pour les collaborateurs&nbsp;\u00bb<\/h2><\/a><p class=\" zw-cgb fulltext\">L\u2019intelligence artificielle (IA) a depuis longtemps quitt\u00e9 son statut de technologie future et est aujourd\u2019hui pr\u00e9sente dans de nombreux secteurs de l\u2019\u00e9conomie allemande. Des experts discuteront de l\u2019utilisation r\u00e9ussie de projets de gestion du changement ax\u00e9s sur l\u2019IA afin d\u2019obtenir des avantages concurrentiels. Dans &#8230;<\/p><div class=\"post-meta-info-container\"><div class=\"post-read-time\"><p class=\"zw-cgb fulltext\"><i class=\"far fa-clock\"><\/i>3 temps de lecture min<\/p><\/div><div class=\"post-rating-container d-none\"><!-- FeedbackWP Plugin - Results Widget --><div  class=\"rmp-results-widget js-rmp-results-widget js-rmp-results-widget--524329 \"  data-post-id=\"524329\">  <div class=\"rmp-results-widget__visual-rating\">    <i class=\"js-rmp-results-icon rmp-icon rmp-icon--ratings rmp-icon--star \"><\/i><i class=\"js-rmp-results-icon rmp-icon rmp-icon--ratings rmp-icon--star \"><\/i><i class=\"js-rmp-results-icon rmp-icon rmp-icon--ratings rmp-icon--star \"><\/i><i class=\"js-rmp-results-icon rmp-icon rmp-icon--ratings rmp-icon--star \"><\/i><i class=\"js-rmp-results-icon rmp-icon rmp-icon--ratings rmp-icon--star \"><\/i>  <\/div>  <div class=\"rmp-results-widget__avg-rating\">    <span class=\"js-rmp-avg-rating\">          <\/span>  <\/div>  <div class=\"rmp-results-widget__vote-count\">    (<span class=\"js-rmp-vote-count\"><\/span>)  <\/div><\/div> <\/div><div class=\"post-social-share\"><div class=\"zw-social-share dropdown show\">\r\n        <a class=\"zw-social-share-toggler\" href=\"#\" role=\"button\" id=\"dropdownMenuLink\" data-toggle=\"dropdown\" aria-haspopup=\"true\" aria-expanded=\"false\">\r\n        <i class=\"fas fa-share-alt\"><\/i><span class=\"zw-share-meta\">Partager<\/span>\r\n        <\/a>\r\n        <div class=\"zw-share-dropdown-menu dropdown-menu\" aria-labelledby=\"dropdownMenuLink\"><div class=\"dropdown-inner\"><p class=\"zw-share-heading fulltext\">Partager<\/p><a class=\"zw-social-share-toggler fulltext\" href=\"#\" role=\"button\" id=\"dropdownMenuLink\" data-toggle=\"dropdown\" aria-label=\"Close\">\u2715<\/a><div class=\"social-inner-icons\"><a class=\"dropdown-item \" target=\"_blank\" rel=\"nofollow\" href=\"https:\/\/www.linkedin.com\/cws\/share?url=https%3A%2F%2Fwww.atreus.de%2Ffr%2Fatreus-dans-les-medias%2Fintelligence-artificielle-lia-doit-etre-rendue-tangible-pour-les-collaborateurs%2F&amp;title=Intelligence+artificielle%26nbsp%3B%3A+%C2%AB%26nbsp%3BL%E2%80%99IA+doit+%C3%AAtre+rendue+tangible+pour+les+collaborateurs%26nbsp%3B%C2%BB\"><i class=\"fab fa-linkedin fa-fw\"><\/i><\/a><a class=\"dropdown-item \" target=\"_blank\" rel=\"nofollow\" href=\"https:\/\/www.xing.com\/spi\/shares\/new?url=https%3A%2F%2Fwww.atreus.de%2Ffr%2Fatreus-dans-les-medias%2Fintelligence-artificielle-lia-doit-etre-rendue-tangible-pour-les-collaborateurs%2F\"><i class=\"fab fa-xing fa-fw\"><\/i><\/a><a class=\"dropdown-item \" target=\"_blank\" rel=\"nofollow\" href=\"https:\/\/www.facebook.com\/sharer\/sharer.php?u=https%3A%2F%2Fwww.atreus.de%2Ffr%2Fatreus-dans-les-medias%2Fintelligence-artificielle-lia-doit-etre-rendue-tangible-pour-les-collaborateurs%2F&amp;t=Intelligence+artificielle%26nbsp%3B%3A+%C2%AB%26nbsp%3BL%E2%80%99IA+doit+%C3%AAtre+rendue+tangible+pour+les+collaborateurs%26nbsp%3B%C2%BB\"><i class=\"fab fa-facebook-square fa-fw\"><\/i><\/a><a class=\"dropdown-item \" target=\"_blank\" rel=\"nofollow\" href=\"https:\/\/twitter.com\/intent\/tweet?url=https%3A%2F%2Fwww.atreus.de%2Ffr%2Fatreus-dans-les-medias%2Fintelligence-artificielle-lia-doit-etre-rendue-tangible-pour-les-collaborateurs%2F&amp;text=Intelligence+artificielle%26nbsp%3B%3A+%C2%AB%26nbsp%3BL%E2%80%99IA+doit+%C3%AAtre+rendue+tangible+pour+les+collaborateurs%26nbsp%3B%C2%BB\"><i class=\"fab fa-twitter fa-fw\"><\/i><\/a>  <\/div><\/div><\/div>\r\n    <\/div><\/div><\/div><div class=\"zw-cgb zw-cgb-button-container \"><a href=\"https:\/\/www.atreus.de\/fr\/atreus-dans-les-medias\/intelligence-artificielle-lia-doit-etre-rendue-tangible-pour-les-collaborateurs\/\" class=\"zw-cgb btn btn-primary \">Lire la suite<\/a><\/div>        <\/div>\n            <\/div>\n      \n  \n      <div  class=\"zw-cgb latestPostsContent px-0 col-12 col-md-12 col-menu-4 event   show-featured-image \">\n\n\n        <div class=\"image-container single-featured\"><a href=\"https:\/\/www.atreus.de\/fr\/evenement\/table-ronde-dexperts-cybersecurite-comment-sortir-de-la-zone-de-danger\/\"><span class=\"copyright-image\"><\/span><img decoding=\"async\" loading=\"lazy\" alt=\"atreus_\" src=\"https:\/\/www.atreus.de\/wp-content\/uploads\/2023\/03\/teaser-img-fuer-2-und-3-spalter-20230303-atreus-a-topic-erfolgreiche-cyber-abwehr-teamwork.jpg\" srcset=\"https:\/\/www.atreus.de\/wp-content\/uploads\/2023\/03\/teaser-img-fuer-2-und-3-spalter-20230303-atreus-a-topic-erfolgreiche-cyber-abwehr-teamwork.jpg 823w, https:\/\/www.atreus.de\/wp-content\/uploads\/2023\/03\/teaser-img-fuer-2-und-3-spalter-20230303-atreus-a-topic-erfolgreiche-cyber-abwehr-teamwork-768x578.jpg 768w, https:\/\/www.atreus.de\/wp-content\/uploads\/2023\/03\/teaser-img-fuer-2-und-3-spalter-20230303-atreus-a-topic-erfolgreiche-cyber-abwehr-teamwork-480x361.jpg 480w\" sizes=\"(max-width: 1024px) 100vw, 1024px\" style=\"aspect-ratio:823\/619 !important\" title=\"atreus_\"><\/a><\/div><div class=\"image-container double-featured\"><a href=\"https:\/\/www.atreus.de\/fr\/evenement\/table-ronde-dexperts-cybersecurite-comment-sortir-de-la-zone-de-danger\/\"><span class=\"copyright-image\"><\/span><img decoding=\"async\" loading=\"lazy\" alt=\"atreus_\" src=\"https:\/\/www.atreus.de\/wp-content\/uploads\/2023\/03\/teaser-img-60zu30-20230303-atreus-a-topic-erfolgreiche-cyber-abwehr-teamwork.jpg\" srcset=\"https:\/\/www.atreus.de\/wp-content\/uploads\/2023\/03\/teaser-img-60zu30-20230303-atreus-a-topic-erfolgreiche-cyber-abwehr-teamwork.jpg 1098w, https:\/\/www.atreus.de\/wp-content\/uploads\/2023\/03\/teaser-img-60zu30-20230303-atreus-a-topic-erfolgreiche-cyber-abwehr-teamwork-768x288.jpg 768w, https:\/\/www.atreus.de\/wp-content\/uploads\/2023\/03\/teaser-img-60zu30-20230303-atreus-a-topic-erfolgreiche-cyber-abwehr-teamwork-1024x384.jpg 1024w, https:\/\/www.atreus.de\/wp-content\/uploads\/2023\/03\/teaser-img-60zu30-20230303-atreus-a-topic-erfolgreiche-cyber-abwehr-teamwork-480x180.jpg 480w\" sizes=\"(max-width: 1024px) 100vw, 1024px\" style=\"aspect-ratio:1098\/412 !important\" title=\"atreus_\"><\/a><\/div>        <div class=\"content-container has-excerpt posttype-event blue-900 white-color\">\n          <div class=\"preheadline-container parent-has-padding\"><p class=\"zw-cgb preheadline\">Table ronde | 30.03.2023<\/p><\/div><a href=\"https:\/\/www.atreus.de\/fr\/evenement\/table-ronde-dexperts-cybersecurite-comment-sortir-de-la-zone-de-danger\/\"><h2 class=\" zw-cgb headline\">Table ronde d\u2019experts&nbsp;: Cybers\u00e9curit\u00e9 \u2014 comment sortir de la zone de danger&nbsp;?<\/h2><\/a><p class=\" zw-cgb fulltext\">Malgr\u00e9 les nombreuses mesures, normes et r\u00e9glementations, la question cruciale reste en suspens\u00a0: offrent-elles une protection suffisante contre les risques et les entreprises sont-elles vraiment en mesure de pr\u00e9venir les attaques men\u00e9es \u00e0 bien et de se pr\u00e9parer aux situations d\u2019urgence\u00a0? Nous en discuterons &#8230;<\/p><div class=\"zw-cgb zw-cgb-button-container \"><a href=\"https:\/\/www.atreus.de\/fr\/evenement\/table-ronde-dexperts-cybersecurite-comment-sortir-de-la-zone-de-danger\/\" class=\"zw-cgb btn btn-primary \">Lire la suite<\/a><\/div>        <\/div>\n            <\/div>\n      <div class=\"zw-spacer px-0\"><\/div>\n        <\/div>\n    <\/div>\n\n","protected":false},"author":3,"featured_media":356116,"menu_order":0,"template":"","newsticker-publication":[],"competences":[685],"industry-sectors":[694],"typ-event":[735],"kind-event":[],"class_list":["post-524358","event","type-event","status-publish","has-post-thumbnail","hentry","competences-innovation-fr","industry-sectors-construction-de-machines-et-dinstallations","typ-event-a-lounge-fr"],"_links":{"self":[{"href":"https:\/\/www.atreus.de\/fr\/wp-json\/wp\/v2\/event\/524358","targetHints":{"allow":["GET"]}}],"collection":[{"href":"https:\/\/www.atreus.de\/fr\/wp-json\/wp\/v2\/event"}],"about":[{"href":"https:\/\/www.atreus.de\/fr\/wp-json\/wp\/v2\/types\/event"}],"author":[{"embeddable":true,"href":"https:\/\/www.atreus.de\/fr\/wp-json\/wp\/v2\/users\/3"}],"version-history":[{"count":0,"href":"https:\/\/www.atreus.de\/fr\/wp-json\/wp\/v2\/event\/524358\/revisions"}],"wp:featuredmedia":[{"embeddable":true,"href":"https:\/\/www.atreus.de\/fr\/wp-json\/wp\/v2\/media\/356116"}],"wp:attachment":[{"href":"https:\/\/www.atreus.de\/fr\/wp-json\/wp\/v2\/media?parent=524358"}],"wp:term":[{"taxonomy":"newsticker-publication","embeddable":true,"href":"https:\/\/www.atreus.de\/fr\/wp-json\/wp\/v2\/newsticker-publication?post=524358"},{"taxonomy":"competences","embeddable":true,"href":"https:\/\/www.atreus.de\/fr\/wp-json\/wp\/v2\/competences?post=524358"},{"taxonomy":"industry-sectors","embeddable":true,"href":"https:\/\/www.atreus.de\/fr\/wp-json\/wp\/v2\/industry-sectors?post=524358"},{"taxonomy":"typ-event","embeddable":true,"href":"https:\/\/www.atreus.de\/fr\/wp-json\/wp\/v2\/typ-event?post=524358"},{"taxonomy":"kind-event","embeddable":true,"href":"https:\/\/www.atreus.de\/fr\/wp-json\/wp\/v2\/kind-event?post=524358"}],"curies":[{"name":"wp","href":"https:\/\/api.w.org\/{rel}","templated":true}]}}