{"id":515535,"date":"2022-02-16T11:34:05","date_gmt":"2022-02-16T10:34:05","guid":{"rendered":"https:\/\/www.atreus.de\/?page_id=515535"},"modified":"2025-02-27T12:39:13","modified_gmt":"2025-02-27T11:39:13","slug":"commerce","status":"publish","type":"page","link":"https:\/\/www.atreus.de\/fr\/industries\/commerce\/","title":{"rendered":"Commerce"},"content":{"rendered":"<div  class=\"zw-cgb header-standard-block is-first-block desktop-has-image mobile-has-image default-margin white-color content-left content-down zw-atr-portrait-pos-default zw-atr-landscape-pos-default height-default \"><div class=\"row\"><div class=\"zw-cgb-content col-12 mx-auto\"><div  class=\"header-standard-inner-container\"><div class=\"bg-image\"><span class=\"copyright-image d-none d-lg-block\">\u00a9 Travel mania \u2013 stock.adobe.com<\/span><img decoding=\"async\" class=\"respnsive-img d-none d-lg-block\" loading=\"lazy\" alt=\"atreus_\" src=\"https:\/\/www.atreus.de\/wp-content\/uploads\/2022\/03\/header-handel-Handel.jpg\" srcset=\"https:\/\/www.atreus.de\/wp-content\/uploads\/2022\/03\/header-handel-Handel.jpg 1920w, https:\/\/www.atreus.de\/wp-content\/uploads\/2022\/03\/header-handel-Handel-768x432.jpg 768w, https:\/\/www.atreus.de\/wp-content\/uploads\/2022\/03\/header-handel-Handel-1024x576.jpg 1024w, https:\/\/www.atreus.de\/wp-content\/uploads\/2022\/03\/header-handel-Handel-480x270.jpg 480w, https:\/\/www.atreus.de\/wp-content\/uploads\/2022\/03\/header-handel-Handel-1440x810.jpg 1440w\" sizes=\"(max-width: 1920px) 100vw, 1920px\" style=\"aspect-ratio:1920\/1080 !important\" title=\"atreus_\"><span class=\"copyright-image d-lg-none d-block\">\u00a9 Travel mania \u2013 stock.adobe.com<\/span><img decoding=\"async\" class=\"responsive-img d-lg-none d-block\" loading=\"lazy\" alt=\"atreus_\" src=\"https:\/\/www.atreus.de\/wp-content\/uploads\/2022\/03\/teaser-2u3-sp-Handel.jpg\" srcset=\"https:\/\/www.atreus.de\/wp-content\/uploads\/2022\/03\/teaser-2u3-sp-Handel.jpg 823w, https:\/\/www.atreus.de\/wp-content\/uploads\/2022\/03\/teaser-2u3-sp-Handel-768x578.jpg 768w, https:\/\/www.atreus.de\/wp-content\/uploads\/2022\/03\/teaser-2u3-sp-Handel-480x361.jpg 480w\" sizes=\"(max-width: 1024px) 100vw, 1024px\" style=\"aspect-ratio:823\/619 !important\" title=\"atreus_\"><\/div><div class=\"preheadline-container\"><div class=\"zw-breadcrumb-container black-color d-md-down-none\"><\/div><p class=\" zw-cgb preheadline zw-prevent-animation\">Nouveau march\u00e9&nbsp;!<\/p><h1 class=\" zw-cgb headline zw-prevent-animation\">Commerce<\/h1><\/div><\/div><\/div><\/div><\/div><div class=\"zw-breadcrumb-container black-color d-none d-md-down-block\"><nav aria-label=\"breadcrumbs\" class=\"rank-math-breadcrumb\"><p><span class=\"label\">c<\/span> <span class=\"last\">Home<\/span><\/p><\/nav><\/div>\n\n    <div  class=\"zw-cgb    infoblock default-margin black-color  \">\n      <div class=\" row\">\n        <div class=\"zw-cgb-content has-padding col-12\">\n          <div class=\"inner-content parent-has-padding\"><p class=\" zw-cgb fulltext \">Le commerce \u00e9volue de mani\u00e8re in\u00e9luctable. Il s\u2019\u00e9tend de l\u2019approvisionnement et de la logistique jusqu\u2019au plus profond de chaque magasin. Tandis que la fid\u00e9lit\u00e9 des clients diminue, la pression de la concurrence augmente avec le commerce \u00e9lectronique. Les services de sauvegarde en ligne, l\u2019automatisation des processus, la gestion de la cha\u00eene d\u2019approvisionnement r\u00e9vis\u00e9e et la fid\u00e9lisation des clients&nbsp;2.0 sont des solutions possibles \u2014 si elles sont mises en \u0153uvre avec un \u00ab&nbsp;savoir-faire&nbsp;\u00bb hautement sp\u00e9cialis\u00e9. Les experts en commerce parmi nos achievers apportent pr\u00e9cis\u00e9ment ces connaissances.<br><\/p><div class=\"link-container\"><\/div><\/div>        <\/div>\n      <\/div>\n    <\/div>\n\n\n\n    <div  class=\"zw-cgb  latestPosts default-margin \">\n      <div class=\"row zw-cgb-content\">\n              <\/div>\n    <\/div>\n\n\n\n    <div  class=\"zw-cgb    infoblock default-margin black-color  \">\n      <div class=\" row\">\n        <div class=\"zw-cgb-content has-padding col-12\">\n          <div class=\"preheadline-container parent-has-padding\"><p class=\" zw-cgb preheadline ' .  . '\">Offres de services<\/p><\/div><div class=\"inner-content parent-has-padding\"><h3 class=\" zw-cgb headline\">Des experts solides<\/h3><p class=\" zw-cgb fulltext \">Nous ne sommes pas \u00e9trangers aux d\u00e9fis complexes. En effet, notre \u00e9quipe de directeurs est \u00e0 l\u2019aise lorsqu\u2019il s\u2019agit de prendre des d\u00e9cisions de niveau C. Atreus trouve rapidement les ressources adapt\u00e9es et \u00e9prouv\u00e9es \u00e0 de multiples reprises qui permettent de relever votre d\u00e9fi activement et avec d\u00e9termination. Les directeurs d\u2019Atreus restent \u00e0 chaque instant des partenaires solides. Notre r\u00e9seau a \u00e9galement la possibilit\u00e9 de d\u00e9clencher \u00e0 court terme d\u2019autres talents, allant d\u2019experts aux directeurs g\u00e9n\u00e9raux.<\/p><p class=\" zw-cgb fulltext \">Nous vous aidons \u00e0 relever les d\u00e9fis dans le domaine du commerce en vous proposant, entre autres, les services suivants&nbsp;:<\/p><div class=\"link-container\"><\/div><\/div>        <\/div>\n      <\/div>\n    <\/div>\n\n\n<div id=\"parent33119\" class=\"zw-cgb  akkordion700  default-margin black-color \"><div class=\"row\"><div class=\"zw-cgb-content mx-auto col-12 akkorionOuterContentWrapper\"><div id=\"zw-23079157-2063-4070-b507-04eb819582ab-1\" class=\"single-akkordion-item collapsed\" type=\"button\"\n          data-bs-toggle=\"collapse\" data-bs-target=\"#zw-23079157-2063-4070-b507-04eb819582ab\" aria-expanded=\"false\" aria-controls=\"collapsetwo\"><div class=\"faq-headline-container d-flex no-icon \"><h3 class=\" zw-cgb subheadline faq\"><strong>Remplacement de fonctions op\u00e9rationnelles critiques par des managers de transition <\/strong>tout au long de la cha\u00eene de cr\u00e9ation de valeur<\/h3><span class=\"atreus-font pfeil-hoch\">d<\/span><span class=\"atreus-font pfeil-runter\">c<\/span><\/div><\/div><div id=\"zw-23079157-2063-4070-b507-04eb819582ab\" class=\"collapse single-akkordion-item mt-0\" data-bs-parent=\"#parent33119\"><div class=\"zw-cgb row akkordionInnerWrapper \"><div  class=\"zw-cgb row  columnmaster020 default-margin \"><div class=\"columnmaster-inner-content g-0\">    <div  class=\"zw-cgb no-image-layout columnblock white-color no-icon   \">\n      <div class=\"zw-cgb zw-cgb-content\">\n\n        <div class=\"column-content\"><div class=\"inner-content\"><h2 class=\" zw-cgb headline h4\">Votre d\u00e9fi<\/h2><p class=\" zw-cgb fulltext \">Il vous manque une ressource appropri\u00e9e dans une fonction hi\u00e9rarchique de premier ou de deuxi\u00e8me niveau dont l\u2019intervention rapide est d\u00e9cisive pour la poursuite du succ\u00e8s de l\u2019entreprise.<\/p><\/div><\/div>      <\/div>\n    <\/div>\n    <div  class=\"zw-cgb no-image-layout columnblock white-color no-icon   \">\n      <div class=\"zw-cgb zw-cgb-content\">\n\n        <div class=\"column-content\"><div class=\"inner-content\"><h2 class=\" zw-cgb headline h4\">Notre mission<\/h2><p class=\" zw-cgb fulltext \">Nous renfor\u00e7ons rapidement votre \u00e9quipe avec un manager de transition, une vraie personnalit\u00e9 avec des comp\u00e9tences de leadership, et fournissons la ressource ad\u00e9quate pour la situation de votre entreprise (h\/f\/d). Les managers de transition tri\u00e9s sur le volet par Atreus sont parfaitement adapt\u00e9s \u00e0 votre d\u00e9fi et sont imm\u00e9diatement op\u00e9rationnels, au niveau national et international, sur place ou \u00e0 distance si n\u00e9cessaire.<\/p><\/div><\/div>      <\/div>\n    <\/div>\n    <div  class=\"zw-cgb no-image-layout columnblock white-color no-icon   \">\n      <div class=\"zw-cgb zw-cgb-content\">\n\n        <div class=\"column-content\"><div class=\"inner-content\"><h2 class=\" zw-cgb headline h4\">Votre solution<\/h2><p class=\" zw-cgb fulltext \">Un manager de transition sur mesure approuv\u00e9 par Atreus assume l\u2019enti\u00e8re responsabilit\u00e9 op\u00e9rationnelle pour la s\u00e9curisation et le d\u00e9veloppement r\u00e9ussi de votre activit\u00e9 en tant que directeur g\u00e9n\u00e9ral, directeur administratif et financier, directeur des ressources humaines, directeur des op\u00e9rations, directeur des syst\u00e8mes d\u2019information, chef de la s\u00e9curit\u00e9 ou en tant que directeur du contr\u00f4le de gestion, des finances, des achats, de la logistique, de la production, de l\u2019informatique, du marketing, des ventes, du service client\u00e8le, de la logistique, de la production ou des ressources humaines. En qualit\u00e9 de \u00ab&nbsp;managers \u00e0 toute \u00e9preuve&nbsp;\u00bb, les managers de transition d\u2019Atreus sont \u00e0 la hauteur de ce d\u00e9fi particulier. Ils agissent avec professionnalisme, de mani\u00e8re r\u00e9fl\u00e9chie et efficace, conform\u00e9ment \u00e0 vos attentes.<\/p><\/div><\/div>      <\/div>\n    <\/div>\n<\/div><\/div><\/div><\/div><div id=\"zw-b41abc27-32b3-43f1-8ed1-e9a6d63b76b6-1\" class=\"single-akkordion-item collapsed\" type=\"button\"\n          data-bs-toggle=\"collapse\" data-bs-target=\"#zw-b41abc27-32b3-43f1-8ed1-e9a6d63b76b6\" aria-expanded=\"false\" aria-controls=\"collapsetwo\"><div class=\"faq-headline-container d-flex no-icon \"><h3 class=\" zw-cgb subheadline faq\"><strong>Experts en restructuration<\/strong> en tant que chef de la restructuration<\/h3><span class=\"atreus-font pfeil-hoch\">d<\/span><span class=\"atreus-font pfeil-runter\">c<\/span><\/div><\/div><div id=\"zw-b41abc27-32b3-43f1-8ed1-e9a6d63b76b6\" class=\"collapse single-akkordion-item mt-0\" data-bs-parent=\"#parent33119\"><div class=\"zw-cgb row akkordionInnerWrapper \"><div  class=\"zw-cgb row  columnmaster020 default-margin \"><div class=\"columnmaster-inner-content g-0\">    <div  class=\"zw-cgb no-image-layout columnblock white-color no-icon   \">\n      <div class=\"zw-cgb zw-cgb-content\">\n\n        <div class=\"column-content\"><div class=\"inner-content\"><h2 class=\" zw-cgb headline h4\">Votre d\u00e9fi<\/h2><p class=\" zw-cgb fulltext \">Vous \u00eates confront\u00e9 \u00e0 une transformation fondamentale dans une situation financi\u00e8rement difficile et vous avez besoin rapidement d\u2019un expert en restructuration confirm\u00e9. L\u2019avenir de l\u2019entreprise ou d\u2019une division du groupe est en jeu. Vous avez besoin du manager de transition parfaitement adapt\u00e9 capable de r\u00e9orienter l\u2019entreprise. En effet, c\u2019est maintenant que chaque \u00e9tape doit \u00eatre parfaitement ex\u00e9cut\u00e9e et que les principales parties prenantes doivent \u00eatre touch\u00e9es et s\u2019engager dans le cadre du processus de transformation.<\/p><\/div><\/div>      <\/div>\n    <\/div>\n    <div  class=\"zw-cgb no-image-layout columnblock white-color no-icon   \">\n      <div class=\"zw-cgb zw-cgb-content\">\n\n        <div class=\"column-content\"><div class=\"inner-content\"><h2 class=\" zw-cgb headline h4\">Notre mission<\/h2><p class=\" zw-cgb fulltext \">Nous mettons imm\u00e9diatement \u00e0 votre disposition L\u2019EXPERT en restructuration parfaitement adapt\u00e9 \u00e0 votre situation difficile. Il \u2014 ou elle \u2014 maintient le cap vers le succ\u00e8s et atteint les objectifs fix\u00e9s, m\u00eame si les \u00e9cueils sont nombreux. Pourquoi&nbsp;? Les managers de transition tri\u00e9s sur le volet par Atreus ont d\u00e9j\u00e0 mis en \u0153uvre avec succ\u00e8s et \u00e0 plusieurs reprises des restructurations similaires ou plus complexes dans votre secteur. Nous savons exactement quel \u00ab&nbsp;manager \u00e0 toute \u00e9preuve&nbsp;\u00bb mettra votre entreprise sur la voie du succ\u00e8s. Atreus+&nbsp;: si n\u00e9cessaire, des \u00e9quipes d\u2019experts en restructuration bien rod\u00e9es sont disponibles pour des transformations de grande envergure, en plus DU chef de la restructuration.<\/p><\/div><\/div>      <\/div>\n    <\/div>\n    <div  class=\"zw-cgb no-image-layout columnblock white-color no-icon   \">\n      <div class=\"zw-cgb zw-cgb-content\">\n\n        <div class=\"column-content\"><div class=\"inner-content\"><h2 class=\" zw-cgb headline h4\">Votre solution<\/h2><p class=\" zw-cgb fulltext \">Un expert en restructuration approuv\u00e9 par Atreus vient renforcer votre \u00e9quipe et prend la responsabilit\u00e9 de chef de la restructuration dans toutes les phases de la transformation. Le manager d\u2019Atreus fournit des r\u00e9sultats professionnels tant en cas de crise strat\u00e9gique qu\u2019en cas de crise de r\u00e9sultats ou de liquidit\u00e9s. En qualit\u00e9 de CRO ou au sein d\u2019une \u00e9quipe d\u2019experts en restructuration, il identifie rapidement les points faibles et met imm\u00e9diatement en \u0153uvre les mesures essentielles. Pendant la phase de restructuration, les directeurs d\u2019Atreus restent toujours vos sparring-partners.<\/p><\/div><\/div>      <\/div>\n    <\/div>\n<\/div><\/div><\/div><\/div><div id=\"zw-eeb624a2-7460-4d13-b252-638ac5ec2601-1\" class=\"single-akkordion-item collapsed\" type=\"button\"\n          data-bs-toggle=\"collapse\" data-bs-target=\"#zw-eeb624a2-7460-4d13-b252-638ac5ec2601\" aria-expanded=\"false\" aria-controls=\"collapsetwo\"><div class=\"faq-headline-container d-flex no-icon \"><h3 class=\" zw-cgb subheadline faq\"><strong>Agent de gestion des programmes <\/strong>(PMO)<\/h3><span class=\"atreus-font pfeil-hoch\">d<\/span><span class=\"atreus-font pfeil-runter\">c<\/span><\/div><\/div><div id=\"zw-eeb624a2-7460-4d13-b252-638ac5ec2601\" class=\"collapse single-akkordion-item mt-0\" data-bs-parent=\"#parent33119\"><div class=\"zw-cgb row akkordionInnerWrapper \"><div  class=\"zw-cgb row  columnmaster020 default-margin \"><div class=\"columnmaster-inner-content g-0\">    <div  class=\"zw-cgb no-image-layout columnblock white-color no-icon   \">\n      <div class=\"zw-cgb zw-cgb-content\">\n\n        <div class=\"column-content\"><div class=\"inner-content\"><h2 class=\" zw-cgb headline h4\">Votre d\u00e9fi<\/h2><p class=\" zw-cgb fulltext \">Vous cherchez rapidement un expert temporaire pour le PMO dans le cadre d\u2019une gestion multiprojets pour tous les projets de l\u2019entreprise ou d\u2019un projet tr\u00e8s pertinent dans un secteur de l\u2019entreprise. En interne, il manque une ressource adapt\u00e9e et exp\u00e9riment\u00e9e qui puisse piloter le projet en toute s\u00e9curit\u00e9 et le mener \u00e0 bien.<\/p><\/div><\/div>      <\/div>\n    <\/div>\n    <div  class=\"zw-cgb no-image-layout columnblock white-color no-icon   \">\n      <div class=\"zw-cgb zw-cgb-content\">\n\n        <div class=\"column-content\"><div class=\"inner-content\"><h2 class=\" zw-cgb headline h4\">Notre mission<\/h2><p class=\" zw-cgb fulltext \">Nos gestionnaires de programmes qualifi\u00e9s+ sont les managers de transition les plus exp\u00e9riment\u00e9s du march\u00e9. Ils se distinguent par leur leadership et apportent leur clairvoyance et leur exp\u00e9rience dans la mise en \u0153uvre de projets hautement pertinents, y compris \u00e0 l\u2019\u00e9chelle mondiale. Notre passion est de mettre \u00e0 votre disposition, \u00e0 court terme, un manager de transition parfaitement adapt\u00e9, justifiant de pilotages r\u00e9ussis de projets similaires \u2014 et m\u00eame plus complexes. Ce manager de transition dispose d\u2019excellentes capacit\u00e9s, notamment la communication et la force de r\u00e9alisation, attirer et f\u00e9d\u00e9rer les talents, une grande compr\u00e9hension du secteur, des comp\u00e9tences interculturelles \u2014 associ\u00e9es \u00e0 un savoir-faire en mati\u00e8re d\u2019informatique et de digitalisation.<\/p><\/div><\/div>      <\/div>\n    <\/div>\n    <div  class=\"zw-cgb no-image-layout columnblock white-color no-icon   \">\n      <div class=\"zw-cgb zw-cgb-content\">\n\n        <div class=\"column-content\"><div class=\"inner-content\"><h2 class=\" zw-cgb headline h4\">Votre solution<\/h2><p class=\" zw-cgb fulltext \">Un manager de programme de transition Atreus aguerri prend la responsabilit\u00e9 du PMO et vous aide \u00e0 g\u00e9rer avec succ\u00e8s les programmes en situation de transformation. Qu\u2019il s\u2019agisse d\u2019un d\u00e9ploiement ERP global, d\u2019un programme de restructuration, d\u2019un programme d\u2019am\u00e9lioration de l\u2019efficacit\u00e9, d\u2019une transformation informatique ou num\u00e9rique de l\u2019organisation, ou encore de la mise en \u0153uvre de programmes d\u2019excellence en mati\u00e8re de services ou de d\u00e9localisations de la production&nbsp;: votre projet est entre les meilleures mains.<\/p><\/div><\/div>      <\/div>\n    <\/div>\n<\/div><\/div><\/div><\/div><div id=\"zw-0e204925-c501-4bd9-9553-6751ba13c5d2-1\" class=\"single-akkordion-item collapsed\" type=\"button\"\n          data-bs-toggle=\"collapse\" data-bs-target=\"#zw-0e204925-c501-4bd9-9553-6751ba13c5d2\" aria-expanded=\"false\" aria-controls=\"collapsetwo\"><div class=\"faq-headline-container d-flex no-icon \"><h3 class=\" zw-cgb subheadline faq\"><strong>Gestionnaire de projet ou de programme de digitalisation<\/strong><\/h3><span class=\"atreus-font pfeil-hoch\">d<\/span><span class=\"atreus-font pfeil-runter\">c<\/span><\/div><\/div><div id=\"zw-0e204925-c501-4bd9-9553-6751ba13c5d2\" class=\"collapse single-akkordion-item mt-0\" data-bs-parent=\"#parent33119\"><div class=\"zw-cgb row akkordionInnerWrapper \"><div  class=\"zw-cgb row  columnmaster020 default-margin \"><div class=\"columnmaster-inner-content g-0\">    <div  class=\"zw-cgb no-image-layout columnblock white-color no-icon   \">\n      <div class=\"zw-cgb zw-cgb-content\">\n\n        <div class=\"column-content\"><div class=\"inner-content\"><h2 class=\" zw-cgb headline h4\">Votre d\u00e9fi<\/h2><p class=\" zw-cgb fulltext \">Vous devez poursuivre la transformation num\u00e9rique, adapter vos processus commerciaux existants et concevoir de nouveaux mod\u00e8les commerciaux. Votre objectif est de rendre l\u2019entreprise plus productive, plus s\u00fbre et plus p\u00e9renne, et vous devez tout mettre en \u0153uvre simultan\u00e9ment tout au long de la cha\u00eene de cr\u00e9ation de valeur dans l\u2019ensemble de l\u2019organisation.<\/p><\/div><\/div>      <\/div>\n    <\/div>\n    <div  class=\"zw-cgb no-image-layout columnblock white-color no-icon   \">\n      <div class=\"zw-cgb zw-cgb-content\">\n\n        <div class=\"column-content\"><div class=\"inner-content\"><h2 class=\" zw-cgb headline h4\">Notre mission<\/h2><p class=\" zw-cgb fulltext \">Nous mettons imm\u00e9diatement \u00e0 votre disposition le chef de projet ou de programme ad\u00e9quat, qui vous aidera aussi bien \u00e0 d\u00e9velopper une strat\u00e9gie num\u00e9rique qu\u2019\u00e0 optimiser rapidement les processus existants ou \u00e0 d\u00e9velopper de nouveaux produits ou de nouvelles plateformes. Gr\u00e2ce \u00e0 ses comp\u00e9tences industrielles, sa capacit\u00e9 d\u2019innovation et son savoir-faire num\u00e9rique, il adopte une approche r\u00e9fl\u00e9chie, s\u00fbre et cibl\u00e9e. Si n\u00e9cessaire, nous soutenons \u00e9galement votre projet de transformation num\u00e9rique par d\u2019autres managers Atreus, tous des \u00ab&nbsp;managers en digitalisation \u00e0 toute \u00e9preuve&nbsp;\u00bb qui, en tant qu\u2019\u00e9quipe bien rod\u00e9e, n\u2019ont qu\u2019un seul objectif&nbsp;: engager votre entreprise sur la voie du succ\u00e8s num\u00e9rique.<\/p><\/div><\/div>      <\/div>\n    <\/div>\n    <div  class=\"zw-cgb no-image-layout columnblock white-color no-icon   \">\n      <div class=\"zw-cgb zw-cgb-content\">\n\n        <div class=\"column-content\"><div class=\"inner-content\"><h2 class=\" zw-cgb headline h4\">Votre solution<\/h2><p class=\" zw-cgb fulltext \">L\u2019expert num\u00e9rique approuv\u00e9 par Atreus pilote votre projet strat\u00e9gique et renforce vos \u00e9quipes. Il s\u2019engage dans toutes les phases de la transformation num\u00e9rique. Il consid\u00e8re l\u2019\u00e9tendue de votre entreprise, de la digitalisation et l\u2019optimisation de la production, la num\u00e9risation des processus, la strat\u00e9gie de produits, le Product-as-a-Service, les mod\u00e8les commerciaux innovants \u2014 il guide votre entreprise sur le parcours num\u00e9rique vers le succ\u00e8s.<\/p><\/div><\/div>      <\/div>\n    <\/div>\n<\/div><\/div><\/div><\/div><div id=\"zw-998beae1-7b36-4862-bec3-6c30c8aca7d0-1\" class=\"single-akkordion-item collapsed\" type=\"button\"\n          data-bs-toggle=\"collapse\" data-bs-target=\"#zw-998beae1-7b36-4862-bec3-6c30c8aca7d0\" aria-expanded=\"false\" aria-controls=\"collapsetwo\"><div class=\"faq-headline-container d-flex no-icon \"><h3 class=\" zw-cgb subheadline faq\"><strong>Expert en d\u00e9veloppement durable<\/strong><\/h3><span class=\"atreus-font pfeil-hoch\">d<\/span><span class=\"atreus-font pfeil-runter\">c<\/span><\/div><\/div><div id=\"zw-998beae1-7b36-4862-bec3-6c30c8aca7d0\" class=\"collapse single-akkordion-item mt-0\" data-bs-parent=\"#parent33119\"><div class=\"zw-cgb row akkordionInnerWrapper \"><div  class=\"zw-cgb row  columnmaster020 default-margin \"><div class=\"columnmaster-inner-content g-0\">    <div  class=\"zw-cgb no-image-layout columnblock white-color no-icon   \">\n      <div class=\"zw-cgb zw-cgb-content\">\n\n        <div class=\"column-content\"><div class=\"inner-content\"><h2 class=\" zw-cgb headline h4\">Votre d\u00e9fi<\/h2><p class=\" zw-cgb fulltext \">Vous souhaitez orienter davantage votre entreprise vers les questions ESG et int\u00e9grer vos objectifs environnementaux, sociaux et de gouvernance dans tous vos domaines d\u2019activit\u00e9.<\/p><\/div><\/div>      <\/div>\n    <\/div>\n    <div  class=\"zw-cgb no-image-layout columnblock white-color no-icon   \">\n      <div class=\"zw-cgb zw-cgb-content\">\n\n        <div class=\"column-content\"><div class=\"inner-content\"><h2 class=\" zw-cgb headline h4\">Notre mission<\/h2><p class=\" zw-cgb fulltext \">Nous renfor\u00e7ons votre \u00e9quipe avec un expert pour qui le d\u00e9veloppement durable n\u2019est pas un terrain inconnu et qui a pilot\u00e9 des projets complexes \u00e0 plusieurs reprises. Le manager d\u2019Atreus prendra en charge toute votre organisation, de sorte que le d\u00e9veloppement durable fasse naturellement partie du quotidien de l\u2019entreprise.<\/p><\/div><\/div>      <\/div>\n    <\/div>\n    <div  class=\"zw-cgb no-image-layout columnblock white-color no-icon   \">\n      <div class=\"zw-cgb zw-cgb-content\">\n\n        <div class=\"column-content\"><div class=\"inner-content\"><h2 class=\" zw-cgb headline h4\">Votre solution<\/h2><p class=\" zw-cgb fulltext \">Gr\u00e2ce \u00e0 sa vaste expertise et \u00e0 son exp\u00e9rience dans le secteur, le manager approuv\u00e9 par Atreus vous aide \u00e0 d\u00e9finir et \u00e0 mettre en \u0153uvre des strat\u00e9gies, des mod\u00e8les d\u2019entreprise, des processus et des technologies qui vous permettront d\u2019atteindre vos objectifs de d\u00e9veloppement durable.<\/p><\/div><\/div>      <\/div>\n    <\/div>\n<\/div><\/div><\/div><\/div><div id=\"zw-1cd1289b-020b-4cd5-bcee-0525d9ebb5d0-1\" class=\"single-akkordion-item collapsed\" type=\"button\"\n          data-bs-toggle=\"collapse\" data-bs-target=\"#zw-1cd1289b-020b-4cd5-bcee-0525d9ebb5d0\" aria-expanded=\"false\" aria-controls=\"collapsetwo\"><div class=\"faq-headline-container d-flex no-icon \"><h3 class=\" zw-cgb subheadline faq\"><strong>Responsable de la cha\u00eene d\u2019approvisionnement<\/strong><\/h3><span class=\"atreus-font pfeil-hoch\">d<\/span><span class=\"atreus-font pfeil-runter\">c<\/span><\/div><\/div><div id=\"zw-1cd1289b-020b-4cd5-bcee-0525d9ebb5d0\" class=\"collapse single-akkordion-item mt-0\" data-bs-parent=\"#parent33119\"><div class=\"zw-cgb row akkordionInnerWrapper \"><div  class=\"zw-cgb row  columnmaster020 default-margin \"><div class=\"columnmaster-inner-content g-0\">    <div  class=\"zw-cgb no-image-layout columnblock white-color no-icon   \">\n      <div class=\"zw-cgb zw-cgb-content\">\n\n        <div class=\"column-content\"><div class=\"inner-content\"><h2 class=\" zw-cgb headline h4\">Votre d\u00e9fi<\/h2><p class=\" zw-cgb fulltext \">Vous devez agir imm\u00e9diatement, car votre entreprise est touch\u00e9e par l\u2019explosion des prix des mati\u00e8res premi\u00e8res, les frais de transport internationaux, la rar\u00e9faction des mat\u00e9riaux ou la rupture de la cha\u00eene d\u2019approvisionnement. Vous devez r\u00e9soudre les dysfonctionnements de la cha\u00eene d\u2019approvisionnement et am\u00e9liorer la vitesse de livraison. Pour cela, vous avez besoin imm\u00e9diatement d\u2019un expert de transition en cha\u00eene d\u2019approvisionnement exp\u00e9riment\u00e9.<\/p><\/div><\/div>      <\/div>\n    <\/div>\n    <div  class=\"zw-cgb no-image-layout columnblock white-color no-icon   \">\n      <div class=\"zw-cgb zw-cgb-content\">\n\n        <div class=\"column-content\"><div class=\"inner-content\"><h2 class=\" zw-cgb headline h4\">Notre mission<\/h2><p class=\" zw-cgb fulltext \">Nous mettons \u00e0 votre disposition \u00e0 court terme un responsable de la cha\u00eene d\u2019approvisionnement \u00e9nergique qui soutient vos \u00e9quipes au si\u00e8ge ou sur plusieurs sites en Allemagne et \u00e0 l\u2019\u00e9tranger. Le manager de transition s\u00e9lectionn\u00e9 par Atreus est \u00e0 la hauteur de la t\u00e2che difficile et sait actionner les bons leviers dans cette phase critique maximale. Son exp\u00e9rience remarquable lui permet d\u2019apporter de la s\u00e9r\u00e9nit\u00e9 \u00e0 l\u2019organisation et de fournir des solutions rapides. Si n\u00e9cessaire, Atreus aide \u00e9galement \u00e0 mettre en place et \u00e0 g\u00e9rer une force op\u00e9rationnelle.<\/p><\/div><\/div>      <\/div>\n    <\/div>\n    <div  class=\"zw-cgb no-image-layout columnblock white-color no-icon   \">\n      <div class=\"zw-cgb zw-cgb-content\">\n\n        <div class=\"column-content\"><div class=\"inner-content\"><h2 class=\" zw-cgb headline h4\">Votre solution<\/h2><p class=\" zw-cgb fulltext \">Le responsable de la cha\u00eene d\u2019approvisionnement approuv\u00e9 par Atreus est imm\u00e9diatement \u00e0 vos c\u00f4t\u00e9s et am\u00e9liore la r\u00e9activit\u00e9 et la r\u00e9sistance des cha\u00eenes d\u2019approvisionnement de votre entreprise. Am\u00e9lioration des performances, r\u00e9duction des co\u00fbts, minimisation des risques ou am\u00e9lioration de la durabilit\u00e9, l\u2019expert de transition d\u2019Atreus vous aide \u00e0 r\u00e9organiser et \u00e0 transformer vos cha\u00eenes d\u2019approvisionnement afin de les rendre plus r\u00e9sistantes aux crises et plus socialement acceptables. L\u2019accent est \u00e9galement mis sur les processus num\u00e9ris\u00e9s afin de cr\u00e9er plus de transparence pour toutes les parties prenantes. Il minimise les risques de rupture de stock et d\u2019indisponibilit\u00e9. La satisfaction des clients est augment\u00e9e par une livraison respectueuse des d\u00e9lais, ainsi que celle de vos collaborateurs gr\u00e2ce \u00e0 des processus clairement d\u00e9finis et transparents.<\/p><\/div><\/div>      <\/div>\n    <\/div>\n<\/div><\/div><\/div><\/div><div id=\"zw-912c352d-efe6-4b83-8be5-d60880fd35a7-1\" class=\"single-akkordion-item collapsed\" type=\"button\"\n          data-bs-toggle=\"collapse\" data-bs-target=\"#zw-912c352d-efe6-4b83-8be5-d60880fd35a7\" aria-expanded=\"false\" aria-controls=\"collapsetwo\"><div class=\"faq-headline-container d-flex no-icon \"><h3 class=\" zw-cgb subheadline faq\"><strong>Chef de projet <\/strong>pour l\u2019introduction de syst\u00e8mes ERP et CRM<\/h3><span class=\"atreus-font pfeil-hoch\">d<\/span><span class=\"atreus-font pfeil-runter\">c<\/span><\/div><\/div><div id=\"zw-912c352d-efe6-4b83-8be5-d60880fd35a7\" class=\"collapse single-akkordion-item mt-0\" data-bs-parent=\"#parent33119\"><div class=\"zw-cgb row akkordionInnerWrapper \"><div  class=\"zw-cgb row  columnmaster020 default-margin \"><div class=\"columnmaster-inner-content g-0\">    <div  class=\"zw-cgb no-image-layout columnblock white-color no-icon   \">\n      <div class=\"zw-cgb zw-cgb-content\">\n\n        <div class=\"column-content\"><div class=\"inner-content\"><h2 class=\" zw-cgb headline h4\">Votre d\u00e9fi<\/h2><p class=\" zw-cgb fulltext \">Votre projet ERP ou CRM est au point mort. Le respect des d\u00e9lais est menac\u00e9 ou le cadre budg\u00e9taire risque d\u2019\u00eatre d\u00e9pass\u00e9. La complexit\u00e9 du projet est extr\u00eamement \u00e9lev\u00e9e et consomme trop de ressources internes importantes. Le succ\u00e8s de ce seul projet immens\u00e9ment important est en jeu&nbsp;! Ou bien le projet ne fait que commencer, mais&nbsp;: le savoir-faire d\u2019un expert informatique confirm\u00e9 pour les projets ERP ou CRM fait d\u00e9faut&nbsp;! Il est \u00e9vident qu\u2019un projet informatique de cette envergure \u00e9quivaut \u00e0 une transformation informatique qui doit \u00eatre g\u00e9r\u00e9e de mani\u00e8re professionnelle. Car en fin de compte, le projet informatique contribue de mani\u00e8re tr\u00e8s importante au succ\u00e8s futur de l\u2019entreprise.<\/p><\/div><\/div>      <\/div>\n    <\/div>\n    <div  class=\"zw-cgb no-image-layout columnblock white-color no-icon   \">\n      <div class=\"zw-cgb zw-cgb-content\">\n\n        <div class=\"column-content\"><div class=\"inner-content\"><h2 class=\" zw-cgb headline h4\">Notre mission<\/h2><p class=\" zw-cgb fulltext \">Nous savons qui, en tant que chef de projet exp\u00e9riment\u00e9 pour l\u2019introduction de syst\u00e8mes ERP &amp; CRM, a r\u00e9ussi \u00e0 plusieurs reprises \u00e0 relever des d\u00e9fis aussi exigeants que le v\u00f4tre, voire plus complexes encore. Les responsables informatiques qualifi\u00e9s+ d\u2019Atreus apportent de la s\u00e9r\u00e9nit\u00e9 \u00e0 votre projet, m\u00eame s\u2019il rev\u00eat une grande complexit\u00e9. Ils connaissent les d\u00e9fis de votre secteur et de vos processus commerciaux et r\u00e9orientent votre projet informatique et de num\u00e9risation en fonction de vos objectifs. Les experts informatiques approuv\u00e9s par Atreus ainsi que les chefs de projet et de programme informatique connaissent les d\u00e9fis de votre secteur et accompagnent une transformation informatique dans l\u2019optique d\u2019un futur succ\u00e8s commercial.<\/p><\/div><\/div>      <\/div>\n    <\/div>\n    <div  class=\"zw-cgb no-image-layout columnblock white-color no-icon   \">\n      <div class=\"zw-cgb zw-cgb-content\">\n\n        <div class=\"column-content\"><div class=\"inner-content\"><h2 class=\" zw-cgb headline h4\">Votre solution<\/h2><p class=\" zw-cgb fulltext \">Les experts en informatique d\u2019Atreus g\u00e8rent avec succ\u00e8s et en toute confiance votre projet et assurent la r\u00e9ussite de l\u2019introduction de l\u2019ERP et du CRM. Vous \u00eates ainsi imm\u00e9diatement d\u00e9charg\u00e9s et vous pouvez continuer \u00e0 vous occuper de vos activit\u00e9s principales et des affaires futures. Les managers informatiques de transition d\u2019Atreus garantissent la transparence du d\u00e9roulement du projet et impliquent votre direction et vos \u00e9quipes de mani\u00e8re cibl\u00e9e. La gestion de l\u2019ensemble des prestataires de services externes et des partenaires de mise en \u0153uvre est g\u00e9r\u00e9e par un seul et m\u00eame organisme.<\/p><\/div><\/div>      <\/div>\n    <\/div>\n<\/div><\/div><\/div><\/div><\/div><\/div><\/div>\n\n<div id=\"parent11174\" class=\"zw-cgb  akkordion700  default-margin black-color \"><div class=\"row\"><div class=\"zw-cgb-content mx-auto col-12 akkorionOuterContentWrapper\"><div id=\"zw-582af960-348e-4242-a9a2-77d85fb46d0f-1\" class=\"single-akkordion-item collapsed\" type=\"button\"\n          data-bs-toggle=\"collapse\" data-bs-target=\"#zw-582af960-348e-4242-a9a2-77d85fb46d0f\" aria-expanded=\"false\" aria-controls=\"collapsetwo\"><div class=\"faq-headline-container d-flex no-icon \"><h3 class=\" zw-cgb subheadline faq\"><strong>Manager en transformation<\/strong> pour le remaniement centr\u00e9 sur le consommateur du mod\u00e8le \u00e9conomique en restructuration<\/h3><span class=\"atreus-font pfeil-hoch\">d<\/span><span class=\"atreus-font pfeil-runter\">c<\/span><\/div><\/div><div id=\"zw-582af960-348e-4242-a9a2-77d85fb46d0f\" class=\"collapse single-akkordion-item mt-0\" data-bs-parent=\"#parent11174\"><div class=\"zw-cgb row akkordionInnerWrapper \"><div  class=\"zw-cgb row  columnmaster020 default-margin \"><div class=\"columnmaster-inner-content g-0\">    <div  class=\"zw-cgb no-image-layout columnblock white-color no-icon   \">\n      <div class=\"zw-cgb zw-cgb-content\">\n\n        <div class=\"column-content\"><div class=\"inner-content\"><h2 class=\" zw-cgb headline h4\">Votre d\u00e9fi<\/h2><p class=\" zw-cgb fulltext \">Vous souhaitez d\u00e9velopper vos canaux de distribution D2C en les centrant sur le consommateur &#8211; mais il vous manque le savoir-faire op\u00e9rationnel et les comp\u00e9tences pour mener cette transformation \u00e0 bien de mani\u00e8re durable.<\/p><\/div><\/div>      <\/div>\n    <\/div>\n    <div  class=\"zw-cgb no-image-layout columnblock white-color no-icon   \">\n      <div class=\"zw-cgb zw-cgb-content\">\n\n        <div class=\"column-content\"><div class=\"inner-content\"><h2 class=\" zw-cgb headline h4\">Notre mission<\/h2><p class=\" zw-cgb fulltext \">Nous renfor\u00e7ons votre \u00e9quipe avec la ressource id\u00e9ale pour d\u00e9velopper votre mod\u00e8le commercial dans le domaine du direct-to-consumer business &#8211; avec pour objectif des marges plus \u00e9lev\u00e9es et une fid\u00e9lisation significativement plus forte des clients.<\/p><\/div><\/div>      <\/div>\n    <\/div>\n    <div  class=\"zw-cgb no-image-layout columnblock white-color no-icon   \">\n      <div class=\"zw-cgb zw-cgb-content\">\n\n        <div class=\"column-content\"><div class=\"inner-content\"><h2 class=\" zw-cgb headline h4\">Votre solution<\/h2><p class=\" zw-cgb fulltext \">Une manager de la transformation approuv\u00e9e par Atreus avec une exp\u00e9rience dans le secteur de la distribution est responsable du d\u00e9veloppement de vos canaux de distribution D2C. Elle identifie et hi\u00e9rarchise les (nouveaux) canaux de distribution possibles, pilote de nouveaux mod\u00e8les commerciaux et est responsable de la mise \u00e0 l\u2019\u00e9chelle jusqu\u2019\u00e0 l\u2019impl\u00e9mentation durable.<\/p><\/div><\/div>      <\/div>\n    <\/div>\n<\/div><\/div><\/div><\/div><div id=\"zw-20054c54-0192-4888-aced-078e19c9893f-1\" class=\"single-akkordion-item collapsed\" type=\"button\"\n          data-bs-toggle=\"collapse\" data-bs-target=\"#zw-20054c54-0192-4888-aced-078e19c9893f\" aria-expanded=\"false\" aria-controls=\"collapsetwo\"><div class=\"faq-headline-container d-flex no-icon \"><h3 class=\" zw-cgb subheadline faq\"><strong>Chefs de la restructuration et experts en tr\u00e9sorerie<\/strong> pour les situations de refinancement complexes et critiques<\/h3><span class=\"atreus-font pfeil-hoch\">d<\/span><span class=\"atreus-font pfeil-runter\">c<\/span><\/div><\/div><div id=\"zw-20054c54-0192-4888-aced-078e19c9893f\" class=\"collapse single-akkordion-item mt-0\" data-bs-parent=\"#parent11174\"><div class=\"zw-cgb row akkordionInnerWrapper \"><div  class=\"zw-cgb row  columnmaster020 default-margin \"><div class=\"columnmaster-inner-content g-0\">    <div  class=\"zw-cgb no-image-layout columnblock white-color no-icon   \">\n      <div class=\"zw-cgb zw-cgb-content\">\n\n        <div class=\"column-content\"><div class=\"inner-content\"><h2 class=\" zw-cgb headline h4\">Votre d\u00e9fi<\/h2><p class=\" zw-cgb fulltext \">En raison de facteurs internes ou externes, votre situation de liquidit\u00e9 s\u2019est consid\u00e9rablement d\u00e9t\u00e9rior\u00e9e et votre financement externe aupr\u00e8s des pools bancaires est menac\u00e9. Vous avez un besoin urgent de capitaux suppl\u00e9mentaires.<\/p><\/div><\/div>      <\/div>\n    <\/div>\n    <div  class=\"zw-cgb no-image-layout columnblock white-color no-icon   \">\n      <div class=\"zw-cgb zw-cgb-content\">\n\n        <div class=\"column-content\"><div class=\"inner-content\"><h2 class=\" zw-cgb headline h4\">Notre mission<\/h2><p class=\" zw-cgb fulltext \">Nous renfor\u00e7ons votre \u00e9quipe avec la ressource id\u00e9ale pour s\u00e9curiser votre situation de tr\u00e9sorerie \u00e0 l\u2019aide de mesures de refinancement cibl\u00e9es &#8211; et vous redonner rapidement une libert\u00e9 d\u2019action.<\/p><\/div><\/div>      <\/div>\n    <\/div>\n    <div  class=\"zw-cgb no-image-layout columnblock white-color no-icon   \">\n      <div class=\"zw-cgb zw-cgb-content\">\n\n        <div class=\"column-content\"><div class=\"inner-content\"><h2 class=\" zw-cgb headline h4\">Votre solution<\/h2><p class=\" zw-cgb fulltext \">Un expert en tr\u00e9sorerie certifi\u00e9 par Atreus et exp\u00e9riment\u00e9 dans le commerce assure votre liquidit\u00e9 et votre financement \u00e0 long terme. Il met en place une pr\u00e9vision glissante des flux de tr\u00e9sorerie et n\u00e9gocie avec le pool bancaire, \u00e9labore des mod\u00e8les de d\u00e9cision pour la direction et coache l\u2019\u00e9quipe comptable.<\/p><\/div><\/div>      <\/div>\n    <\/div>\n<\/div><\/div>    <div  class=\"zw-cgb  akkordion team-member black-color default-margin \">\n      <div class=\"zw-cgb-content d-flex member-row g-0\">\n        <div class=\"col-12 col-menu-3 px-0\"><h2 class=\" zw-cgb headline h3\">Vous avez des questions&nbsp;?<\/h2><p class=\" zw-cgb fulltext \">Nos experts se feront un plaisir de r\u00e9pondre \u00e0 vos questions.<\/p><\/div><div class=\"d-flex offset-menu-1 col-menu-8 col-12 teammemberslider\"><div class=\"col-menu-4 col-12 single-team-member px-0\">            <a href=\"https:\/\/www.atreus.de\/fr\/equipe\/dirk-boventer\/\">\n              <div class=\" image-container g-0\">\n                <div class=\"img-with-gradient\">\n\n                  <img decoding=\"async\" loading=\"lazy\" width=\"400\" height=\"500\" alt=\"atreus_\" src=\"https:\/\/www.atreus.de\/wp-content\/uploads\/2023\/07\/bov-di-v2.png\" srcset=\"https:\/\/www.atreus.de\/wp-content\/uploads\/2023\/07\/bov-di-v2.png 555w, https:\/\/www.atreus.de\/wp-content\/uploads\/2023\/07\/bov-di-v2-480x600.png 480w\" sizes=\"auto, (max-width: 1024px) 100vw, 1024px\" style=\"aspect-ratio:555\/694 !important\" title=\"atreus_\">                  <div class=\"linear-gradient-container\"><\/div>\n                <\/div>\n            <\/a>\n            <div class=\"team-member-content\"><div class=\"team-member-name fulltext\"><a href=\"https:\/\/www.atreus.de\/fr\/equipe\/dirk-boventer\/\"><span>Dirk  Boventer<\/span><\/a><\/div><div class=\"team-member-description fulltext\"><a href=\"https:\/\/www.atreus.de\/fr\/equipe\/dirk-boventer\/\"><span>Partenaire<\/span><\/a><\/div><div class=\"team-member-phone\"><a href=\"tel:+49 89 452249-290\"><span>+49 89 452249-290<\/span><\/a><\/div><div class=\"team-member-icon-container\"><div class=\"team-member-email\"><a class=\"atreus-font\" href=\"mailto:Dirk.Boventer@atreus.de\">h<\/a><\/div><div class=\"team-member-linkedin\"><a class=\"atreus-font\" target=\"_blank\" href=\"https:\/\/www.linkedin.com\/in\/dirk-boventer\/\" rel=\"noopener\">3<\/a><\/div><\/div><\/div>      <\/div>\n\n  <\/div><div class=\"col-menu-4 col-12 single-team-member px-0\">            <a href=\"https:\/\/www.atreus.de\/fr\/equipe\/dr-christian-frank\/\">\n              <div class=\" image-container g-0\">\n                <div class=\"img-with-gradient\">\n\n                  <img decoding=\"async\" loading=\"lazy\" width=\"400\" height=\"500\" alt=\"atreus_\" src=\"https:\/\/www.atreus.de\/wp-content\/uploads\/2023\/07\/fra-ch-dr-v2.png\" srcset=\"https:\/\/www.atreus.de\/wp-content\/uploads\/2023\/07\/fra-ch-dr-v2.png 555w, https:\/\/www.atreus.de\/wp-content\/uploads\/2023\/07\/fra-ch-dr-v2-480x600.png 480w\" sizes=\"auto, (max-width: 1024px) 100vw, 1024px\" style=\"aspect-ratio:555\/694 !important\" title=\"atreus_\">                  <div class=\"linear-gradient-container\"><\/div>\n                <\/div>\n            <\/a>\n            <div class=\"team-member-content\"><div class=\"team-member-name fulltext\"><a href=\"https:\/\/www.atreus.de\/fr\/equipe\/dr-christian-frank\/\"><span>Dr. Christian  Frank<\/span><\/a><\/div><div class=\"team-member-description fulltext\"><a href=\"https:\/\/www.atreus.de\/fr\/equipe\/dr-christian-frank\/\"><span>Directeur g\u00e9n\u00e9ral<\/span><\/a><\/div><div class=\"team-member-phone\"><a href=\"tel:+49 89 452249-180\"><span>+49 89 452249-180<\/span><\/a><\/div><div class=\"team-member-icon-container\"><div class=\"team-member-email\"><a class=\"atreus-font\" href=\"mailto:Christian.Frank@atreus.de\">h<\/a><\/div><div class=\"team-member-linkedin\"><a class=\"atreus-font\" target=\"_blank\" href=\"https:\/\/www.linkedin.com\/in\/drchristianfrank\/\" rel=\"noopener\">3<\/a><\/div><\/div><\/div>      <\/div>\n\n  <\/div><\/div>    <\/div>\n    <\/div>\n\n<\/div><\/div><div id=\"zw-46b67b93-dbd8-4218-8d0b-0f4f65cf6a28-1\" class=\"single-akkordion-item collapsed\" type=\"button\"\n          data-bs-toggle=\"collapse\" data-bs-target=\"#zw-46b67b93-dbd8-4218-8d0b-0f4f65cf6a28\" aria-expanded=\"false\" aria-controls=\"collapsetwo\"><div class=\"faq-headline-container d-flex no-icon \"><h3 class=\" zw-cgb subheadline faq\"><strong>Expert financier sp\u00e9cialis\u00e9 dans la consolidation<\/strong>, les \u00e9tats financiers s\u00e9curis\u00e9s et la business intelligence<\/h3><span class=\"atreus-font pfeil-hoch\">d<\/span><span class=\"atreus-font pfeil-runter\">c<\/span><\/div><\/div><div id=\"zw-46b67b93-dbd8-4218-8d0b-0f4f65cf6a28\" class=\"collapse single-akkordion-item mt-0\" data-bs-parent=\"#parent11174\"><div class=\"zw-cgb row akkordionInnerWrapper \"><div  class=\"zw-cgb row  columnmaster020 default-margin \"><div class=\"columnmaster-inner-content g-0\">    <div  class=\"zw-cgb no-image-layout columnblock white-color no-icon   \">\n      <div class=\"zw-cgb zw-cgb-content\">\n\n        <div class=\"column-content\"><div class=\"inner-content\"><h2 class=\" zw-cgb headline h4\">Votre d\u00e9fi<\/h2><p class=\" zw-cgb fulltext \">Pour soutenir vos d\u00e9cisions commerciales, vous avez besoin de rapports plus efficaces au-del\u00e0 des tableaux Excel. Ou bien vous avez besoin d\u2019une excellente expertise financi\u00e8re au niveau de la direction \u2014 que ce soit sous la forme d\u2019un directeur financier, d\u2019un responsable de la comptabilit\u00e9, d\u2019un responsable du contr\u00f4le de gestion ou d\u2019un expert en tr\u00e9sorerie pour les situations de refinancement.<\/p><\/div><\/div>      <\/div>\n    <\/div>\n    <div  class=\"zw-cgb no-image-layout columnblock white-color no-icon   \">\n      <div class=\"zw-cgb zw-cgb-content\">\n\n        <div class=\"column-content\"><div class=\"inner-content\"><h2 class=\" zw-cgb headline h4\">Notre mission<\/h2><p class=\" zw-cgb fulltext \">Nous renfor\u00e7ons votre \u00e9quipe par la ressource id\u00e9ale pour professionnaliser votre \u00e9quipe financi\u00e8re et permettre ainsi au niveau C de votre entreprise commerciale de prendre des d\u00e9cisions plus rapides et mieux fond\u00e9es en mati\u00e8re de comptes de r\u00e9sultat.<\/p><\/div><\/div>      <\/div>\n    <\/div>\n    <div  class=\"zw-cgb no-image-layout columnblock white-color no-icon   \">\n      <div class=\"zw-cgb zw-cgb-content\">\n\n        <div class=\"column-content\"><div class=\"inner-content\"><h2 class=\" zw-cgb headline h4\">Votre solution<\/h2><p class=\" zw-cgb fulltext \">Un expert financier approuv\u00e9 par Atreus est charg\u00e9 de cr\u00e9er un reporting simple et pertinent dans votre entreprise. Il d\u00e9pose vos \u00e9tats financiers mensuels, trimestriels et annuels avec une veille \u00e9conomique et coordonne les recommandations d\u2019action qui en r\u00e9sultent \u00e0 travers les interfaces.<\/p><\/div><\/div>      <\/div>\n    <\/div>\n<\/div><\/div>    <div  class=\"zw-cgb  akkordion team-member black-color default-margin \">\n      <div class=\"zw-cgb-content d-flex member-row g-0\">\n        <div class=\"col-12 col-menu-3 px-0\"><h2 class=\" zw-cgb headline h3\">Vous avez des questions&nbsp;?<\/h2><p class=\" zw-cgb fulltext \">Nos experts se feront un plaisir de r\u00e9pondre \u00e0 vos questions.<\/p><\/div><div class=\"d-flex offset-menu-1 col-menu-8 col-12 teammemberslider\"><div class=\"col-menu-4 col-12 single-team-member px-0\">            <a href=\"https:\/\/www.atreus.de\/fr\/equipe\/martina-becker\/\">\n              <div class=\" image-container g-0\">\n                <div class=\"img-with-gradient\">\n\n                  <img decoding=\"async\" loading=\"lazy\" width=\"400\" height=\"500\" alt=\"atreus_\" src=\"https:\/\/www.atreus.de\/wp-content\/uploads\/2023\/07\/bec-ma-v1.png\" srcset=\"https:\/\/www.atreus.de\/wp-content\/uploads\/2023\/07\/bec-ma-v1.png 555w, https:\/\/www.atreus.de\/wp-content\/uploads\/2023\/07\/bec-ma-v1-480x600.png 480w\" sizes=\"auto, (max-width: 1024px) 100vw, 1024px\" style=\"aspect-ratio:555\/694 !important\" title=\"atreus_\">                  <div class=\"linear-gradient-container\"><\/div>\n                <\/div>\n            <\/a>\n            <div class=\"team-member-content\"><div class=\"team-member-name fulltext\"><a href=\"https:\/\/www.atreus.de\/fr\/equipe\/martina-becker\/\"><span>Martina Becker<\/span><\/a><\/div><div class=\"team-member-description fulltext\"><a href=\"https:\/\/www.atreus.de\/fr\/equipe\/martina-becker\/\"><span>Directrice<\/span><\/a><\/div><div class=\"team-member-phone\"><a href=\"tel:+49 89 452249-240\"><span>+49 89 452249-240<\/span><\/a><\/div><div class=\"team-member-icon-container\"><div class=\"team-member-email\"><a class=\"atreus-font\" href=\"mailto:Martina.Becker@atreus.de\">h<\/a><\/div><div class=\"team-member-linkedin\"><a class=\"atreus-font\" target=\"_blank\" href=\"https:\/\/de.linkedin.com\/in\/martina-becker-b3280054\" rel=\"noopener\">3<\/a><\/div><\/div><\/div>      <\/div>\n\n  <\/div><\/div>    <\/div>\n    <\/div>\n\n<\/div><\/div><div id=\"zw-8836ca36-6ebc-416d-ba7a-3da1e143892b-1\" class=\"single-akkordion-item collapsed\" type=\"button\"\n          data-bs-toggle=\"collapse\" data-bs-target=\"#zw-8836ca36-6ebc-416d-ba7a-3da1e143892b\" aria-expanded=\"false\" aria-controls=\"collapsetwo\"><div class=\"faq-headline-container d-flex no-icon \"><h3 class=\" zw-cgb subheadline faq\"><strong>Responsable RH en tant que partenaire commercial \u00ab&nbsp;\u00c9quipe &amp; Culture&nbsp;\u00bb<\/strong> dans la gestion du changement<\/h3><span class=\"atreus-font pfeil-hoch\">d<\/span><span class=\"atreus-font pfeil-runter\">c<\/span><\/div><\/div><div id=\"zw-8836ca36-6ebc-416d-ba7a-3da1e143892b\" class=\"collapse single-akkordion-item mt-0\" data-bs-parent=\"#parent11174\"><div class=\"zw-cgb row akkordionInnerWrapper \"><div  class=\"zw-cgb row  columnmaster020 default-margin \"><div class=\"columnmaster-inner-content g-0\">    <div  class=\"zw-cgb no-image-layout columnblock white-color no-icon   \">\n      <div class=\"zw-cgb zw-cgb-content\">\n\n        <div class=\"column-content\"><div class=\"inner-content\"><h2 class=\" zw-cgb headline h4\">Votre d\u00e9fi<\/h2><p class=\" zw-cgb fulltext \">En tant qu\u2019entreprise commerciale, vous vous trouvez dans une phase de restructuration \u2014 vous devez par exemple proc\u00e9der \u00e0 une r\u00e9organisation ou r\u00e9duire votre personnel, ou vous avez besoin de toute urgence de nouveaux sp\u00e9cialistes. Les changements \u00e0 venir menacent de d\u00e9stabiliser votre personnel. Vous avez besoin d\u2019un concept RH durable et solide.<\/p><\/div><\/div>      <\/div>\n    <\/div>\n    <div  class=\"zw-cgb no-image-layout columnblock white-color no-icon   \">\n      <div class=\"zw-cgb zw-cgb-content\">\n\n        <div class=\"column-content\"><div class=\"inner-content\"><h2 class=\" zw-cgb headline h4\">Notre mission<\/h2><p class=\" zw-cgb fulltext \">Nous mettons \u00e0 votre disposition les ressources ad\u00e9quates pour accompagner en toute s\u00e9curit\u00e9 votre processus de changement en tant que partenaire commercial du c\u00f4t\u00e9 RH &#8211; par exemple par un soutien complet de tous les processus RH, une coop\u00e9ration de confiance avec le comit\u00e9 d\u2019entreprise, la conclusion d\u2019accords d\u2019entreprise ou le soutien ind\u00e9pendant du processus de recrutement.<\/p><\/div><\/div>      <\/div>\n    <\/div>\n    <div  class=\"zw-cgb no-image-layout columnblock white-color no-icon   \">\n      <div class=\"zw-cgb zw-cgb-content\">\n\n        <div class=\"column-content\"><div class=\"inner-content\"><h2 class=\" zw-cgb headline h4\">Votre solution<\/h2><p class=\" zw-cgb fulltext \">Un expert RH certifi\u00e9 par Atreus est charg\u00e9 de professionnaliser votre travail RH en mettant l\u2019accent sur le changement de culture, l\u2019engagement des employ\u00e9s et la gestion de l\u2019incertitude. Du c\u00f4t\u00e9 des RH, elle garantit la p\u00e9rennit\u00e9 de votre entreprise ou de votre site, met en \u0153uvre des formes de collaboration innovantes et optimise tous les processus RH.<\/p><\/div><\/div>      <\/div>\n    <\/div>\n<\/div><\/div>    <div  class=\"zw-cgb  akkordion team-member black-color default-margin \">\n      <div class=\"zw-cgb-content d-flex member-row g-0\">\n        <div class=\"col-12 col-menu-3 px-0\"><h2 class=\" zw-cgb headline h3\">Vous avez des questions&nbsp;?<\/h2><p class=\" zw-cgb fulltext \">Nos experts se feront un plaisir de r\u00e9pondre \u00e0 vos questions.<\/p><\/div><div class=\"d-flex offset-menu-1 col-menu-8 col-12 teammemberslider\"><div class=\"col-menu-4 col-12 single-team-member px-0\">            <a href=\"https:\/\/www.atreus.de\/fr\/equipe\/dirk-boventer\/\">\n              <div class=\" image-container g-0\">\n                <div class=\"img-with-gradient\">\n\n                  <img decoding=\"async\" loading=\"lazy\" width=\"400\" height=\"500\" alt=\"atreus_\" src=\"https:\/\/www.atreus.de\/wp-content\/uploads\/2023\/07\/bov-di-v2.png\" srcset=\"https:\/\/www.atreus.de\/wp-content\/uploads\/2023\/07\/bov-di-v2.png 555w, https:\/\/www.atreus.de\/wp-content\/uploads\/2023\/07\/bov-di-v2-480x600.png 480w\" sizes=\"auto, (max-width: 1024px) 100vw, 1024px\" style=\"aspect-ratio:555\/694 !important\" title=\"atreus_\">                  <div class=\"linear-gradient-container\"><\/div>\n                <\/div>\n            <\/a>\n            <div class=\"team-member-content\"><div class=\"team-member-name fulltext\"><a href=\"https:\/\/www.atreus.de\/fr\/equipe\/dirk-boventer\/\"><span>Dirk  Boventer<\/span><\/a><\/div><div class=\"team-member-description fulltext\"><a href=\"https:\/\/www.atreus.de\/fr\/equipe\/dirk-boventer\/\"><span>Partenaire<\/span><\/a><\/div><div class=\"team-member-phone\"><a href=\"tel:+49 89 452249-290\"><span>+49 89 452249-290<\/span><\/a><\/div><div class=\"team-member-icon-container\"><div class=\"team-member-email\"><a class=\"atreus-font\" href=\"mailto:Dirk.Boventer@atreus.de\">h<\/a><\/div><div class=\"team-member-linkedin\"><a class=\"atreus-font\" target=\"_blank\" href=\"https:\/\/www.linkedin.com\/in\/dirk-boventer\/\" rel=\"noopener\">3<\/a><\/div><\/div><\/div>      <\/div>\n\n  <\/div><div class=\"col-menu-4 col-12 single-team-member px-0\">            <a href=\"https:\/\/www.atreus.de\/fr\/equipe\/martina-becker\/\">\n              <div class=\" image-container g-0\">\n                <div class=\"img-with-gradient\">\n\n                  <img decoding=\"async\" loading=\"lazy\" width=\"400\" height=\"500\" alt=\"atreus_\" src=\"https:\/\/www.atreus.de\/wp-content\/uploads\/2023\/07\/bec-ma-v1.png\" srcset=\"https:\/\/www.atreus.de\/wp-content\/uploads\/2023\/07\/bec-ma-v1.png 555w, https:\/\/www.atreus.de\/wp-content\/uploads\/2023\/07\/bec-ma-v1-480x600.png 480w\" sizes=\"auto, (max-width: 1024px) 100vw, 1024px\" style=\"aspect-ratio:555\/694 !important\" title=\"atreus_\">                  <div class=\"linear-gradient-container\"><\/div>\n                <\/div>\n            <\/a>\n            <div class=\"team-member-content\"><div class=\"team-member-name fulltext\"><a href=\"https:\/\/www.atreus.de\/fr\/equipe\/martina-becker\/\"><span>Martina Becker<\/span><\/a><\/div><div class=\"team-member-description fulltext\"><a href=\"https:\/\/www.atreus.de\/fr\/equipe\/martina-becker\/\"><span>Directrice<\/span><\/a><\/div><div class=\"team-member-phone\"><a href=\"tel:+49 89 452249-240\"><span>+49 89 452249-240<\/span><\/a><\/div><div class=\"team-member-icon-container\"><div class=\"team-member-email\"><a class=\"atreus-font\" href=\"mailto:Martina.Becker@atreus.de\">h<\/a><\/div><div class=\"team-member-linkedin\"><a class=\"atreus-font\" target=\"_blank\" href=\"https:\/\/de.linkedin.com\/in\/martina-becker-b3280054\" rel=\"noopener\">3<\/a><\/div><\/div><\/div>      <\/div>\n\n  <\/div><\/div>    <\/div>\n    <\/div>\n\n<\/div><\/div><div id=\"zw-027c697a-798e-4fd2-a97f-e13da73eb0e0-1\" class=\"single-akkordion-item collapsed\" type=\"button\"\n          data-bs-toggle=\"collapse\" data-bs-target=\"#zw-027c697a-798e-4fd2-a97f-e13da73eb0e0\" aria-expanded=\"false\" aria-controls=\"collapsetwo\"><div class=\"faq-headline-container d-flex no-icon \"><h3 class=\" zw-cgb subheadline faq\"><strong>Chef de programme et de projet informatique<\/strong> pour une transformation et une int\u00e9gration informatiques s\u00e9curis\u00e9es<\/h3><span class=\"atreus-font pfeil-hoch\">d<\/span><span class=\"atreus-font pfeil-runter\">c<\/span><\/div><\/div><div id=\"zw-027c697a-798e-4fd2-a97f-e13da73eb0e0\" class=\"collapse single-akkordion-item mt-0\" data-bs-parent=\"#parent11174\"><div class=\"zw-cgb row akkordionInnerWrapper \"><div  class=\"zw-cgb row  columnmaster020 default-margin \"><div class=\"columnmaster-inner-content g-0\">    <div  class=\"zw-cgb no-image-layout columnblock white-color no-icon   \">\n      <div class=\"zw-cgb zw-cgb-content\">\n\n        <div class=\"column-content\"><div class=\"inner-content\"><h2 class=\" zw-cgb headline h4\">Votre d\u00e9fi<\/h2><p class=\" zw-cgb fulltext \">Vos syst\u00e8mes informatiques doivent \u00eatre transf\u00e9r\u00e9s de mani\u00e8re s\u00e9curis\u00e9e lors d\u2019une mise \u00e0 jour ou d\u2019une conversion. Vous manquez de ressources internes pour faire de ce projet un succ\u00e8s op\u00e9rationnel. Vous vous concentrez sur l\u2019int\u00e9gration informatique avec les exigences commerciales de tous les domaines fonctionnels, de la production \u00e0 la livraison de vos clients finaux.<\/p><\/div><\/div>      <\/div>\n    <\/div>\n    <div  class=\"zw-cgb no-image-layout columnblock white-color no-icon   \">\n      <div class=\"zw-cgb zw-cgb-content\">\n\n        <div class=\"column-content\"><div class=\"inner-content\"><h2 class=\" zw-cgb headline h4\">Notre mission<\/h2><p class=\" zw-cgb fulltext \">Nous renfor\u00e7ons votre \u00e9quipe avec la ressource id\u00e9ale pour la mise en r\u00e9seau informatique de bout en bout de l\u2019ensemble de votre cha\u00eene de valeur \u2014 des donn\u00e9es de base jusqu\u2019\u00e0 vos profils clients.<\/p><\/div><\/div>      <\/div>\n    <\/div>\n    <div  class=\"zw-cgb no-image-layout columnblock white-color no-icon   \">\n      <div class=\"zw-cgb zw-cgb-content\">\n\n        <div class=\"column-content\"><div class=\"inner-content\"><h2 class=\" zw-cgb headline h4\">Votre solution<\/h2><p class=\" zw-cgb fulltext \">Un gestionnaire de programme et de projet informatique certifi\u00e9 par Atreus, ayant une connaissance approfondie du secteur de la distribution, est responsable de la coordination fonctionnelle de votre changement de syst\u00e8me ou de votre migration. Il garantit l\u2019int\u00e9gration s\u00e9curis\u00e9e de votre architecture informatique et une utilisation efficace dans votre activit\u00e9 quotidienne.<\/p><\/div><\/div>      <\/div>\n    <\/div>\n<\/div><\/div>    <div  class=\"zw-cgb  akkordion team-member black-color default-margin \">\n      <div class=\"zw-cgb-content d-flex member-row g-0\">\n        <div class=\"col-12 col-menu-3 px-0\"><h2 class=\" zw-cgb headline h3\">Vous avez des questions&nbsp;?<\/h2><p class=\" zw-cgb fulltext \">Nos experts se feront un plaisir de r\u00e9pondre \u00e0 vos questions.<\/p><\/div>    <\/div>\n    <\/div>\n\n<\/div><\/div><div id=\"zw-ee242de2-41b2-4e36-939c-e1a307459244-1\" class=\"single-akkordion-item collapsed\" type=\"button\"\n          data-bs-toggle=\"collapse\" data-bs-target=\"#zw-ee242de2-41b2-4e36-939c-e1a307459244\" aria-expanded=\"false\" aria-controls=\"collapsetwo\"><div class=\"faq-headline-container d-flex no-icon \"><h3 class=\" zw-cgb subheadline faq\"><strong>Des experts en logistique<\/strong> pour la distribution omnicanal gr\u00e2ce \u00e0 des entrep\u00f4ts automatis\u00e9s<\/h3><span class=\"atreus-font pfeil-hoch\">d<\/span><span class=\"atreus-font pfeil-runter\">c<\/span><\/div><\/div><div id=\"zw-ee242de2-41b2-4e36-939c-e1a307459244\" class=\"collapse single-akkordion-item mt-0\" data-bs-parent=\"#parent11174\"><div class=\"zw-cgb row akkordionInnerWrapper \"><div  class=\"zw-cgb row  columnmaster020 default-margin \"><div class=\"columnmaster-inner-content g-0\">    <div  class=\"zw-cgb no-image-layout columnblock white-color no-icon   \">\n      <div class=\"zw-cgb zw-cgb-content\">\n\n        <div class=\"column-content\"><div class=\"inner-content\"><h2 class=\" zw-cgb headline h4\">Votre d\u00e9fi<\/h2><p class=\" zw-cgb fulltext \">En tant qu\u2019entreprise commerciale, vous devez am\u00e9liorer de mani\u00e8re significative la fiabilit\u00e9 de vos livraisons, que ce soit \u00e0 vos clients dans votre boutique en ligne, sur les places de march\u00e9 et les plateformes de march\u00e9 ou dans les formats Click &amp; Collect et Pick &amp; Pay. Il vous manque des ressources pour assurer le succ\u00e8s op\u00e9rationnel de ce projet.<\/p><\/div><\/div>      <\/div>\n    <\/div>\n    <div  class=\"zw-cgb no-image-layout columnblock white-color no-icon   \">\n      <div class=\"zw-cgb zw-cgb-content\">\n\n        <div class=\"column-content\"><div class=\"inner-content\"><h2 class=\" zw-cgb headline h4\">Notre mission<\/h2><p class=\" zw-cgb fulltext \">Nous mettons \u00e0 votre disposition la ressource id\u00e9ale pour optimiser la fiabilit\u00e9 de vos livraisons et augmenter consid\u00e9rablement la satisfaction de vos clients.<\/p><\/div><\/div>      <\/div>\n    <\/div>\n    <div  class=\"zw-cgb no-image-layout columnblock white-color no-icon   \">\n      <div class=\"zw-cgb zw-cgb-content\">\n\n        <div class=\"column-content\"><div class=\"inner-content\"><h2 class=\" zw-cgb headline h4\">Votre solution<\/h2><p class=\" zw-cgb fulltext \">Un expert en logistique approuv\u00e9 par Atreus est responsable de l\u2019am\u00e9lioration sensible de votre fiabilit\u00e9 de livraison. Il assure l\u2019automatisation de vos parcours de d&#8217;entreposage \u00e0 grande hauteur et la priorisation des livraisons, assure des capacit\u00e9s de stockage efficaces et optimise le d\u00e9ploiement du personnel.<\/p><\/div><\/div>      <\/div>\n    <\/div>\n<\/div><\/div>    <div  class=\"zw-cgb  akkordion team-member black-color default-margin \">\n      <div class=\"zw-cgb-content d-flex member-row g-0\">\n        <div class=\"col-12 col-menu-3 px-0\"><h2 class=\" zw-cgb headline h3\">Vous avez des questions&nbsp;?<\/h2><p class=\" zw-cgb fulltext \">Nos experts se feront un plaisir de r\u00e9pondre \u00e0 vos questions.<\/p><\/div><div class=\"d-flex offset-menu-1 col-menu-8 col-12 teammemberslider\"><div class=\"col-menu-4 col-12 single-team-member px-0\">            <a href=\"https:\/\/www.atreus.de\/fr\/equipe\/dirk-boventer\/\">\n              <div class=\" image-container g-0\">\n                <div class=\"img-with-gradient\">\n\n                  <img decoding=\"async\" loading=\"lazy\" width=\"400\" height=\"500\" alt=\"atreus_\" src=\"https:\/\/www.atreus.de\/wp-content\/uploads\/2023\/07\/bov-di-v2.png\" srcset=\"https:\/\/www.atreus.de\/wp-content\/uploads\/2023\/07\/bov-di-v2.png 555w, https:\/\/www.atreus.de\/wp-content\/uploads\/2023\/07\/bov-di-v2-480x600.png 480w\" sizes=\"auto, (max-width: 1024px) 100vw, 1024px\" style=\"aspect-ratio:555\/694 !important\" title=\"atreus_\">                  <div class=\"linear-gradient-container\"><\/div>\n                <\/div>\n            <\/a>\n            <div class=\"team-member-content\"><div class=\"team-member-name fulltext\"><a href=\"https:\/\/www.atreus.de\/fr\/equipe\/dirk-boventer\/\"><span>Dirk  Boventer<\/span><\/a><\/div><div class=\"team-member-description fulltext\"><a href=\"https:\/\/www.atreus.de\/fr\/equipe\/dirk-boventer\/\"><span>Partenaire<\/span><\/a><\/div><div class=\"team-member-phone\"><a href=\"tel:+49 89 452249-290\"><span>+49 89 452249-290<\/span><\/a><\/div><div class=\"team-member-icon-container\"><div class=\"team-member-email\"><a class=\"atreus-font\" href=\"mailto:Dirk.Boventer@atreus.de\">h<\/a><\/div><div class=\"team-member-linkedin\"><a class=\"atreus-font\" target=\"_blank\" href=\"https:\/\/www.linkedin.com\/in\/dirk-boventer\/\" rel=\"noopener\">3<\/a><\/div><\/div><\/div>      <\/div>\n\n  <\/div><\/div>    <\/div>\n    <\/div>\n\n<\/div><\/div><div id=\"zw-82fdc454-1dac-4b58-aca4-65ad62a2efd4-1\" class=\"single-akkordion-item collapsed\" type=\"button\"\n          data-bs-toggle=\"collapse\" data-bs-target=\"#zw-82fdc454-1dac-4b58-aca4-65ad62a2efd4\" aria-expanded=\"false\" aria-controls=\"collapsetwo\"><div class=\"faq-headline-container d-flex no-icon \"><h3 class=\" zw-cgb subheadline faq\"><strong>Directeur d\u2019usine pour la d\u00e9localisation de la production \u00ab&nbsp;near-shore&nbsp;\u00bb<\/strong> dans des cha\u00eenes d\u2019approvisionnement perturb\u00e9es<\/h3><span class=\"atreus-font pfeil-hoch\">d<\/span><span class=\"atreus-font pfeil-runter\">c<\/span><\/div><\/div><div id=\"zw-82fdc454-1dac-4b58-aca4-65ad62a2efd4\" class=\"collapse single-akkordion-item mt-0\" data-bs-parent=\"#parent11174\"><div class=\"zw-cgb row akkordionInnerWrapper \"><div  class=\"zw-cgb row  columnmaster020 default-margin \"><div class=\"columnmaster-inner-content g-0\">    <div  class=\"zw-cgb no-image-layout columnblock white-color no-icon   \">\n      <div class=\"zw-cgb zw-cgb-content\">\n\n        <div class=\"column-content\"><div class=\"inner-content\"><h2 class=\" zw-cgb headline h4\">Votre d\u00e9fi<\/h2><p class=\" zw-cgb fulltext \">Votre capacit\u00e9 de livraison en tant qu\u2019entreprise commerciale est menac\u00e9e en raison de cha\u00eenes d\u2019approvisionnement perturb\u00e9es, raison pour laquelle vous souhaitez d\u00e9localiser au moins partiellement votre production. Vous avez besoin d\u2019un directeur d\u2019usine dot\u00e9 de solides comp\u00e9tences en mati\u00e8re de mise en \u0153uvre, qui travaillera avec vous pour \u00e9valuer des emplacements alternatifs et sera ensuite responsable du succ\u00e8s du d\u00e9m\u00e9nagement.<\/p><\/div><\/div>      <\/div>\n    <\/div>\n    <div  class=\"zw-cgb no-image-layout columnblock white-color no-icon   \">\n      <div class=\"zw-cgb zw-cgb-content\">\n\n        <div class=\"column-content\"><div class=\"inner-content\"><h2 class=\" zw-cgb headline h4\">Notre mission<\/h2><p class=\" zw-cgb fulltext \">Nous renfor\u00e7ons votre \u00e9quipe avec une ressource exp\u00e9riment\u00e9e pour d\u00e9localiser la production vers un site plus attractif. Elle garantit une cha\u00eene d\u2019approvisionnement sans faille et une capacit\u00e9 de livraison durable.<\/p><\/div><\/div>      <\/div>\n    <\/div>\n    <div  class=\"zw-cgb no-image-layout columnblock white-color no-icon   \">\n      <div class=\"zw-cgb zw-cgb-content\">\n\n        <div class=\"column-content\"><div class=\"inner-content\"><h2 class=\" zw-cgb headline h4\">Votre solution<\/h2><p class=\" zw-cgb fulltext \">Une experte certifi\u00e9e par Atreus ayant de l\u2019exp\u00e9rience dans le commerce est responsable de l\u2019\u00e9valuation des nouveaux sites possibles, de la d\u00e9c\u00e9l\u00e9ration s\u00fbre de l\u2019ancien site et de la mont\u00e9e en puissance efficace de votre nouveau site de production.<\/p><\/div><\/div>      <\/div>\n    <\/div>\n<\/div><\/div>    <div  class=\"zw-cgb  akkordion team-member black-color default-margin \">\n      <div class=\"zw-cgb-content d-flex member-row g-0\">\n        <div class=\"col-12 col-menu-3 px-0\"><h2 class=\" zw-cgb headline h3\">Vous avez des questions&nbsp;?<\/h2><p class=\" zw-cgb fulltext \">Nos experts se feront un plaisir de r\u00e9pondre \u00e0 vos questions.<\/p><\/div><div class=\"d-flex offset-menu-1 col-menu-8 col-12 teammemberslider\"><div class=\"col-menu-4 col-12 single-team-member px-0\">            <a href=\"https:\/\/www.atreus.de\/fr\/equipe\/dirk-boventer\/\">\n              <div class=\" image-container g-0\">\n                <div class=\"img-with-gradient\">\n\n                  <img decoding=\"async\" loading=\"lazy\" width=\"400\" height=\"500\" alt=\"atreus_\" src=\"https:\/\/www.atreus.de\/wp-content\/uploads\/2023\/07\/bov-di-v2.png\" srcset=\"https:\/\/www.atreus.de\/wp-content\/uploads\/2023\/07\/bov-di-v2.png 555w, https:\/\/www.atreus.de\/wp-content\/uploads\/2023\/07\/bov-di-v2-480x600.png 480w\" sizes=\"auto, (max-width: 1024px) 100vw, 1024px\" style=\"aspect-ratio:555\/694 !important\" title=\"atreus_\">                  <div class=\"linear-gradient-container\"><\/div>\n                <\/div>\n            <\/a>\n            <div class=\"team-member-content\"><div class=\"team-member-name fulltext\"><a href=\"https:\/\/www.atreus.de\/fr\/equipe\/dirk-boventer\/\"><span>Dirk  Boventer<\/span><\/a><\/div><div class=\"team-member-description fulltext\"><a href=\"https:\/\/www.atreus.de\/fr\/equipe\/dirk-boventer\/\"><span>Partenaire<\/span><\/a><\/div><div class=\"team-member-phone\"><a href=\"tel:+49 89 452249-290\"><span>+49 89 452249-290<\/span><\/a><\/div><div class=\"team-member-icon-container\"><div class=\"team-member-email\"><a class=\"atreus-font\" href=\"mailto:Dirk.Boventer@atreus.de\">h<\/a><\/div><div class=\"team-member-linkedin\"><a class=\"atreus-font\" target=\"_blank\" href=\"https:\/\/www.linkedin.com\/in\/dirk-boventer\/\" rel=\"noopener\">3<\/a><\/div><\/div><\/div>      <\/div>\n\n  <\/div><div class=\"col-menu-4 col-12 single-team-member px-0\">            <a href=\"https:\/\/www.atreus.de\/fr\/equipe\/martina-becker\/\">\n              <div class=\" image-container g-0\">\n                <div class=\"img-with-gradient\">\n\n                  <img decoding=\"async\" loading=\"lazy\" width=\"400\" height=\"500\" alt=\"atreus_\" src=\"https:\/\/www.atreus.de\/wp-content\/uploads\/2023\/07\/bec-ma-v1.png\" srcset=\"https:\/\/www.atreus.de\/wp-content\/uploads\/2023\/07\/bec-ma-v1.png 555w, https:\/\/www.atreus.de\/wp-content\/uploads\/2023\/07\/bec-ma-v1-480x600.png 480w\" sizes=\"auto, (max-width: 1024px) 100vw, 1024px\" style=\"aspect-ratio:555\/694 !important\" title=\"atreus_\">                  <div class=\"linear-gradient-container\"><\/div>\n                <\/div>\n            <\/a>\n            <div class=\"team-member-content\"><div class=\"team-member-name fulltext\"><a href=\"https:\/\/www.atreus.de\/fr\/equipe\/martina-becker\/\"><span>Martina Becker<\/span><\/a><\/div><div class=\"team-member-description fulltext\"><a href=\"https:\/\/www.atreus.de\/fr\/equipe\/martina-becker\/\"><span>Directrice<\/span><\/a><\/div><div class=\"team-member-phone\"><a href=\"tel:+49 89 452249-240\"><span>+49 89 452249-240<\/span><\/a><\/div><div class=\"team-member-icon-container\"><div class=\"team-member-email\"><a class=\"atreus-font\" href=\"mailto:Martina.Becker@atreus.de\">h<\/a><\/div><div class=\"team-member-linkedin\"><a class=\"atreus-font\" target=\"_blank\" href=\"https:\/\/de.linkedin.com\/in\/martina-becker-b3280054\" rel=\"noopener\">3<\/a><\/div><\/div><\/div>      <\/div>\n\n  <\/div><\/div>    <\/div>\n    <\/div>\n\n<\/div><\/div><div id=\"zw-267bb4c7-f82d-42b9-8da6-6ed4cedae326-1\" class=\"single-akkordion-item collapsed\" type=\"button\"\n          data-bs-toggle=\"collapse\" data-bs-target=\"#zw-267bb4c7-f82d-42b9-8da6-6ed4cedae326\" aria-expanded=\"false\" aria-controls=\"collapsetwo\"><div class=\"faq-headline-container d-flex no-icon \"><h3 class=\" zw-cgb subheadline faq\"><strong>Gestion de projet pour la restructuration de surfaces de vente au d\u00e9tail<\/strong> dans le commerce succursaliste<\/h3><span class=\"atreus-font pfeil-hoch\">d<\/span><span class=\"atreus-font pfeil-runter\">c<\/span><\/div><\/div><div id=\"zw-267bb4c7-f82d-42b9-8da6-6ed4cedae326\" class=\"collapse single-akkordion-item mt-0\" data-bs-parent=\"#parent11174\"><div class=\"zw-cgb row akkordionInnerWrapper \"><div  class=\"zw-cgb row  columnmaster020 default-margin \"><div class=\"columnmaster-inner-content g-0\">    <div  class=\"zw-cgb no-image-layout columnblock white-color no-icon   \">\n      <div class=\"zw-cgb zw-cgb-content\">\n\n        <div class=\"column-content\"><div class=\"inner-content\"><h2 class=\" zw-cgb headline h4\">Votre d\u00e9fi<\/h2><p class=\" zw-cgb fulltext \">Vous avez besoin d\u2019augmenter la productivit\u00e9 de votre espace, de g\u00e9rer plus efficacement les interfaces et les biens immobiliers ou d\u2019attirer de nouveaux partenaires de marque et de coop\u00e9ration &#8211; mais vous ne disposez pas des ressources n\u00e9cessaires pour mener ce projet \u00e0 bien sur le plan op\u00e9rationnel.<\/p><\/div><\/div>      <\/div>\n    <\/div>\n    <div  class=\"zw-cgb no-image-layout columnblock white-color no-icon   \">\n      <div class=\"zw-cgb zw-cgb-content\">\n\n        <div class=\"column-content\"><div class=\"inner-content\"><h2 class=\" zw-cgb headline h4\">Notre mission<\/h2><p class=\" zw-cgb fulltext \">Nous renfor\u00e7ons votre \u00e9quipe avec la ressource id\u00e9ale pour augmenter, preuve \u00e0 l\u2019appui, l\u2019exp\u00e9rience client et la productivit\u00e9 par m\u00e8tre carr\u00e9.<\/p><\/div><\/div>      <\/div>\n    <\/div>\n    <div  class=\"zw-cgb no-image-layout columnblock white-color no-icon   \">\n      <div class=\"zw-cgb zw-cgb-content\">\n\n        <div class=\"column-content\"><div class=\"inner-content\"><h2 class=\" zw-cgb headline h4\">Votre solution<\/h2><p class=\" zw-cgb fulltext \">Un chef de projet certifi\u00e9 par Atreus ayant de l\u2019exp\u00e9rience dans le secteur du commerce est responsable de l\u2019expansion r\u00e9ussie des activit\u00e9s coop\u00e9ratives et de la restructuration des surfaces de vente au d\u00e9tail. Il coordonne les interfaces et les flux de travail pour la surface, cr\u00e9e de la transparence sur les progr\u00e8s pour toutes les parties prenantes et r\u00e9duit la complexit\u00e9.<\/p><\/div><\/div>      <\/div>\n    <\/div>\n<\/div><\/div>    <div  class=\"zw-cgb  akkordion team-member black-color default-margin \">\n      <div class=\"zw-cgb-content d-flex member-row g-0\">\n        <div class=\"col-12 col-menu-3 px-0\"><h2 class=\" zw-cgb headline h3\">Vous avez des questions&nbsp;?<\/h2><p class=\" zw-cgb fulltext \">Nos experts se feront un plaisir de r\u00e9pondre \u00e0 vos questions.<\/p><\/div><div class=\"d-flex offset-menu-1 col-menu-8 col-12 teammemberslider\"><div class=\"col-menu-4 col-12 single-team-member px-0\">            <a href=\"https:\/\/www.atreus.de\/fr\/equipe\/dirk-boventer\/\">\n              <div class=\" image-container g-0\">\n                <div class=\"img-with-gradient\">\n\n                  <img decoding=\"async\" loading=\"lazy\" width=\"400\" height=\"500\" alt=\"atreus_\" src=\"https:\/\/www.atreus.de\/wp-content\/uploads\/2023\/07\/bov-di-v2.png\" srcset=\"https:\/\/www.atreus.de\/wp-content\/uploads\/2023\/07\/bov-di-v2.png 555w, https:\/\/www.atreus.de\/wp-content\/uploads\/2023\/07\/bov-di-v2-480x600.png 480w\" sizes=\"auto, (max-width: 1024px) 100vw, 1024px\" style=\"aspect-ratio:555\/694 !important\" title=\"atreus_\">                  <div class=\"linear-gradient-container\"><\/div>\n                <\/div>\n            <\/a>\n            <div class=\"team-member-content\"><div class=\"team-member-name fulltext\"><a href=\"https:\/\/www.atreus.de\/fr\/equipe\/dirk-boventer\/\"><span>Dirk  Boventer<\/span><\/a><\/div><div class=\"team-member-description fulltext\"><a href=\"https:\/\/www.atreus.de\/fr\/equipe\/dirk-boventer\/\"><span>Partenaire<\/span><\/a><\/div><div class=\"team-member-phone\"><a href=\"tel:+49 89 452249-290\"><span>+49 89 452249-290<\/span><\/a><\/div><div class=\"team-member-icon-container\"><div class=\"team-member-email\"><a class=\"atreus-font\" href=\"mailto:Dirk.Boventer@atreus.de\">h<\/a><\/div><div class=\"team-member-linkedin\"><a class=\"atreus-font\" target=\"_blank\" href=\"https:\/\/www.linkedin.com\/in\/dirk-boventer\/\" rel=\"noopener\">3<\/a><\/div><\/div><\/div>      <\/div>\n\n  <\/div><div class=\"col-menu-4 col-12 single-team-member px-0\">            <a href=\"https:\/\/www.atreus.de\/fr\/equipe\/martina-becker\/\">\n              <div class=\" image-container g-0\">\n                <div class=\"img-with-gradient\">\n\n                  <img decoding=\"async\" loading=\"lazy\" width=\"400\" height=\"500\" alt=\"atreus_\" src=\"https:\/\/www.atreus.de\/wp-content\/uploads\/2023\/07\/bec-ma-v1.png\" srcset=\"https:\/\/www.atreus.de\/wp-content\/uploads\/2023\/07\/bec-ma-v1.png 555w, https:\/\/www.atreus.de\/wp-content\/uploads\/2023\/07\/bec-ma-v1-480x600.png 480w\" sizes=\"auto, (max-width: 1024px) 100vw, 1024px\" style=\"aspect-ratio:555\/694 !important\" title=\"atreus_\">                  <div class=\"linear-gradient-container\"><\/div>\n                <\/div>\n            <\/a>\n            <div class=\"team-member-content\"><div class=\"team-member-name fulltext\"><a href=\"https:\/\/www.atreus.de\/fr\/equipe\/martina-becker\/\"><span>Martina Becker<\/span><\/a><\/div><div class=\"team-member-description fulltext\"><a href=\"https:\/\/www.atreus.de\/fr\/equipe\/martina-becker\/\"><span>Directrice<\/span><\/a><\/div><div class=\"team-member-phone\"><a href=\"tel:+49 89 452249-240\"><span>+49 89 452249-240<\/span><\/a><\/div><div class=\"team-member-icon-container\"><div class=\"team-member-email\"><a class=\"atreus-font\" href=\"mailto:Martina.Becker@atreus.de\">h<\/a><\/div><div class=\"team-member-linkedin\"><a class=\"atreus-font\" target=\"_blank\" href=\"https:\/\/de.linkedin.com\/in\/martina-becker-b3280054\" rel=\"noopener\">3<\/a><\/div><\/div><\/div>      <\/div>\n\n  <\/div><\/div>    <\/div>\n    <\/div>\n\n<\/div><\/div><\/div><\/div><\/div>\n\n\n<div style=\"height:100px\" aria-hidden=\"true\" class=\"wp-block-spacer\"><\/div>\n\n\n<div  class=\"zw-cgb  sidebarblock default-margin \">\r\n      <div class=\"row\">\r\n        \r\n\t\t<div class=\"zw-cgb global-widget right  white-color  no-margin\">\r\n\t\t\t\t\t\t\t<div class=\"bg-img-container\">\r\n\t\t\t\t\t<img decoding=\"async\" loading=\"lazy\" width=\"1920\" height=\"720\" src=\"https:\/\/www.atreus.de\/wp-content\/uploads\/2022\/03\/widget-newsletter-03-1.jpg\" style=\"aspect-ratio:1920\/720 !important\" alt=\"atreus_\" title=\"atreus_\">\t\t\t\t<\/div>\r\n\t\t\t\t\t\t<div class=\"inner-container bg-blue\">\r\n\t\t\t\t      <div class=\"headlinetwo-container\">\r\n\t\t<p class=\"zw-cgb headline two\">Relever imm\u00e9diatement et avec brio les d\u00e9fis internationaux ! <\/p>\r\n\t  <\/div> \t\t\t\t<div class=\"widget-content fulltext\">\r\n\r\n\t\t\t\t\t\t<p><span class=\"TextRun SCXW224802835 BCX8\" lang=\"FR-FR\" xml:lang=\"FR-FR\" data-contrast=\"auto\"><span class=\"NormalTextRun SCXW224802835 BCX8\">Atreus met \u00e0 disposition des managers <\/span><span class=\"NormalTextRun SCXW224802835 BCX8\">de transition<\/span><span class=\"NormalTextRun SCXW224802835 BCX8\"> et des experts pour une intervention imm\u00e9diate et sur place dans le cadre de grands projets internationaux, dans le monde entier. <\/span><\/span><span class=\"LineBreakBlob BlobObject DragDrop SCXW224802835 BCX8\"><span class=\"SCXW224802835 BCX8\">\u00a0<\/span><br class=\"SCXW224802835 BCX8\" \/><\/span><\/p>\n<p>Atreus est une soci\u00e9t\u00e9 Heidrick &amp; Struggles. Nous travaillons pour plus de 70 % des entreprises du classement Fortune 1000, avec des clients dans le monde entier, dans pratiquement tous les secteurs et toutes les industries.<\/p>\n\r\n\r\n\t\t\t\t<\/div>\r\n\t\t\t\t\t\t\t\t\r\n\t\t\t\t<div class=\"zw-cgb zw-cgb-button-container\">\r\n\t\t\t\t\t<a href=\"https:\/\/www.atreus.de\/fr\/competences\/themes\/missions-internationales\/\" class=\"zw-cgb btn btn-primary\">Ressource internationale en mati\u00e8re de gestion de transition<\/a>\r\n\t\t\t\t<\/div>\r\n\t\t\t\t\t\t\t<\/div>\r\n\t\t<\/div>\r\n\t<\/div><\/div>    \n\n\n    <div  class=\"zw-cgb  textblock black-color zw-content-pos-center  default-margin \">\n      <div class=\"row\">\n        <div class=\"zw-cgb-content col-12 g-0\">\n          <h2 class=\"zw-cgb headline \">Les th\u00e8mes qui touchent le secteur du commerce<\/h2><div class=\"zw-cgb unspecified\"><div  class=\"zw-cgb row  columnmaster025 default-margin \"><div class=\"columnmaster-inner-content\">    <div  class=\"zw-cgb no-image-layout columnblock25 white-color no-icon \">\n      <div class=\"zw-cgb zw-cgb-content\">\n\n        <div class=\"column-content text-center\"><div class=\"inner-content\"><ul class=\"zw-cgb-ul fulltext \"><li class=\"\">DTC et logistique du dernier kilom\u00e8tre (num\u00e9rique\/physique)<\/li><li class=\"\">Mod\u00e8le GF hybride\/omnicanal\/front-end<\/li><\/ul><\/div><\/div>      <\/div>\n    <\/div>\n    <div  class=\"zw-cgb no-image-layout columnblock25 white-color no-icon \">\n      <div class=\"zw-cgb zw-cgb-content\">\n\n        <div class=\"column-content text-center\"><div class=\"inner-content\"><ul class=\"zw-cgb-ul fulltext \"><li class=\"\">Mondialisation (Asie et autres march\u00e9s cibles en mutation Post-Covid)<\/li><li class=\"\">Restructuration des d\u00e9taillants avec un fort ADN\/empreinte stationnaire<\/li><\/ul><\/div><\/div>      <\/div>\n    <\/div>\n<\/div><\/div><\/div>        <\/div>\n      <\/div>\n    <\/div>\n\n\n\n\n    <div  class=\"zw-cgb  latestPosts default-margin \">\n      <div class=\"row zw-cgb-content\">\n              <\/div>\n    <\/div>\n\n\n\n\n<div style=\"height:100px\" aria-hidden=\"true\" class=\"wp-block-spacer\"><\/div>\n\n\n    <div  class=\"zw-cgb  change-padding  infoblock default-margin black-color  \">\n      <div class=\" row\">\n        <div class=\"zw-cgb-content has-padding col-12\">\n          <div class=\"preheadline-container parent-has-padding\"><h4 class=\" zw-cgb preheadline ' .  . '\">T\u00e9moignages Client<\/h4><\/div><div class=\"inner-content parent-has-padding\"><div class=\"link-container\"><\/div><\/div>        <\/div>\n      <\/div>\n    <\/div>\n\n\n\r\n    <div  class=\"zw-cgb  extern-zitat-style  zitat-block black-color default-margin default-padding \">\r\n      <div class=\"row zitat-row\">\r\n        <div class=\" image-container g-0 order-1  col-menu-5 col-12 \">\r\n                    <div class=\"img-with-gradient\">\r\n\r\n            <span class=\"copyright-image\"><\/span><img decoding=\"async\" class=\"responsive-img\" loading=\"lazy\" alt=\"atreus_\" src=\"https:\/\/www.atreus.de\/wp-content\/uploads\/2022\/03\/del-pa.png\" srcset=\"https:\/\/www.atreus.de\/wp-content\/uploads\/2022\/03\/del-pa.png 555w, https:\/\/www.atreus.de\/wp-content\/uploads\/2022\/03\/del-pa-150x150.png 150w, https:\/\/www.atreus.de\/wp-content\/uploads\/2022\/03\/del-pa-480x480.png 480w\" sizes=\"(max-width: 1024px) 100vw, 1024px\" style=\"aspect-ratio:555\/555 !important\" title=\"atreus_\">            <div class=\"linear-gradient-container\"><\/div>\r\n          <\/div>\r\n\r\n\r\n\r\n          <div class=\"zitat-img-text-container\"><div class=\"zitat-name-container fulltext\"><span>Paolo Dell&#8217;Antonio<\/span><\/div><div class=\"zitat-discription-container fulltext\"><span>PDG, Werhahn Industrieholding SE<\/span><\/div><\/div>                  <\/div>\r\n        <div class=\"g-0 zitat-text-container order-2 col-menu-7 col-12 \">\r\n          <div class=\"zitat-text\"><span class=\"zitat-start-icon atreus-font\">D<\/span><p class=\"zw-cgb fulltext\">\u201eLa comp\u00e9tence principale d\u2019Atreus est de fournir rapidement des ressources de gestion sur mesure et de g\u00e9rer en toute s\u00e9curit\u00e9 les processus de transformation.\u201c<\/p><\/div>                  <\/div>\r\n\r\n      <\/div>\r\n    <\/div>\r\n\n\n\n<div style=\"height:100px\" aria-hidden=\"true\" class=\"wp-block-spacer\"><\/div>\n\n\n    <div  class=\"zw-cgb  change-padding  infoblock default-margin black-color  \">\n      <div class=\" row\">\n        <div class=\"zw-cgb-content has-padding col-12\">\n          <div class=\"preheadline-container parent-has-padding\"><h4 class=\" zw-cgb preheadline ' .  . '\">T\u00e9moignage Manager<\/h4><\/div><div class=\"inner-content parent-has-padding\"><div class=\"link-container\"><\/div><\/div>        <\/div>\n      <\/div>\n    <\/div>\n\n\n\r\n    <div  class=\"zw-cgb  extern-zitat-style  zitat-block black-color default-margin default-padding \">\r\n      <div class=\"row zitat-row\">\r\n        <div class=\" image-container g-0 order-1 order-lg-2  col-menu-5 col-12 \">\r\n                    <div class=\"img-with-gradient\">\r\n\r\n            <span class=\"copyright-image\"><\/span><img decoding=\"async\" class=\"responsive-img\" loading=\"lazy\" alt=\"atreus_\" src=\"https:\/\/www.atreus.de\/wp-content\/uploads\/2022\/04\/pas-lu.png\" srcset=\"https:\/\/www.atreus.de\/wp-content\/uploads\/2022\/04\/pas-lu.png 555w, https:\/\/www.atreus.de\/wp-content\/uploads\/2022\/04\/pas-lu-480x640.png 480w\" sizes=\"(max-width: 1024px) 100vw, 1024px\" style=\"aspect-ratio:555\/740 !important\" title=\"atreus_\">            <div class=\"linear-gradient-container\"><\/div>\r\n          <\/div>\r\n\r\n\r\n\r\n          <div class=\"zitat-img-text-container\"><div class=\"zitat-name-container fulltext\"><span>Lucie Pasquay<\/span><\/div><div class=\"zitat-discription-container fulltext\"><span>Manager Atreus, Management de Transition SCM &amp; Op\u00e9rations<\/span><\/div><\/div>                  <\/div>\r\n        <div class=\"g-0 zitat-text-container order-2 order-lg-1 col-menu-7 col-12 \">\r\n          <div class=\"zitat-text\"><span class=\"zitat-start-icon atreus-font\">D<\/span><p class=\"zw-cgb fulltext\">\u201e\u00ab&nbsp;Impossible n\u2019est pas Atreus&nbsp;?&nbsp;\u00bb C\u2019est absolument vrai avec Atreus&nbsp;! Travailler avec le client en tant que co-directeur g\u00e9n\u00e9ral et le directeur g\u00e9n\u00e9ral avec un soutien \u00ab&nbsp;gratuit&nbsp;\u00bb \u2014 connaissant la force du r\u00e9seau Atreus \u2014 fait une r\u00e9elle diff\u00e9rence. Il s\u2019agit pour moi d\u2019une r\u00e9partition r\u00e9ussie des t\u00e2ches sur un pied d\u2019\u00e9galit\u00e9 et toujours dans le respect du plus grand b\u00e9n\u00e9fice possible pour le client.\u201c<\/p><\/div>                  <\/div>\r\n\r\n      <\/div>\r\n    <\/div>\r\n\n\n\n<div style=\"height:100px\" aria-hidden=\"true\" class=\"wp-block-spacer\"><\/div>\n\n\n<div  class=\"zw-cgb  sidebarblock default-margin \">\r\n      <div class=\"row\">\r\n        \r\n\t\t<div class=\"zw-cgb global-widget right  black-color  no-margin\">\r\n\t\t\t\t\t\t\t<div class=\"bg-img-container\">\r\n\t\t\t\t\t<img decoding=\"async\" loading=\"lazy\" width=\"1920\" height=\"720\" src=\"https:\/\/www.atreus.de\/wp-content\/uploads\/2026\/03\/widget-HC-BB-Konsumgueter-Handel-EN.webp\" style=\"aspect-ratio:1920\/720 !important\" alt=\"atreus_\" title=\"atreus_\">\t\t\t\t<\/div>\r\n\t\t\t\t\t\t<div class=\"inner-container bg-white\">\r\n\t\t\t\t      <div class=\"headlinetwo-container\">\r\n\t\t<p class=\"zw-cgb headline two\">ATREUS \u2013 UNE EXCELLENCE R\u00c9COMPENS\u00c9E<\/p>\r\n\t  <\/div> \t\t\t\t<div class=\"widget-content fulltext\">\r\n\r\n\t\t\t\t\t\t<p>En mati\u00e8re de management de transition, Atreus est aujourd\u2019hui le num\u00e9ro 1 incontest\u00e9. Nous devons cette position de chef de file \u00e0 la confiance de nos clients, qui confirment en permanence notre qualit\u00e9 et notre capacit\u00e9 de mise en \u0153uvre en nous attribuant les meilleures notes.<\/p>\n<p>&nbsp;<\/p>\n<p>Atreus a \u00e9t\u00e9 r\u00e9compens\u00e9 \u00e0 plusieurs reprises, notamment comme \u00ab Meilleur conseiller \u00bb, \u00ab Top Consultant \u00bb, \u00ab Meilleur consultant en entreprise Focus \u00bb, \u00ab Champion cach\u00e9 \u00bb ou \u00ab Meilleur cabinet de conseil Handelsblatt \u00bb. Nous sommes dot\u00e9s d\u2019un large \u00e9ventail d\u2019expertise, de l&#8217;automobile et des \u00e9quipementiers, les biens de consommation, la chimie et la pharmacie, le <strong>COMMERCE<\/strong> (y compris le commerce \u00e9lectronique), la construction de machines et d\u2019installations, l&#8217;\u00e9nergie et l&#8217;environnement, la finance, l&#8217;industrie chimique et pharmaceutique les sciences de la vie et les produits de sant\u00e9 en passant par les disciplines cl\u00e9s telles que l&#8217;am\u00e9lioration de la performance, le conseil en informatique et la mise en \u0153uvre informatique, le conseil en ressources humaines, la gestion des op\u00e9rations, la gestion des risques, la gestion du changement, le management de la transformation, la num\u00e9risation et la restructuration.<\/p>\n\r\n\r\n\t\t\t\t<\/div>\r\n\t\t\t\t\t\t\t\t\r\n\t\t\t\t<div class=\"zw-cgb zw-cgb-button-container\">\r\n\t\t\t\t\t<a href=\"https:\/\/www.atreus.de\/fr\/contact\/\" class=\"zw-cgb btn btn-primary\">SENTEZ NOTRE EXCELLENCE DE PREMI\u00c8RE MAIN<\/a>\r\n\t\t\t\t<\/div>\r\n\t\t\t\t\t\t\t<\/div>\r\n\t\t<\/div>\r\n\t<\/div><\/div>    \n\n    <div  class=\"zw-cgb  change-padding  infoblock default-margin black-color  \">\n      <div class=\" row\">\n        <div class=\"zw-cgb-content has-padding col-12\">\n          <div class=\"preheadline-container parent-has-padding\"><h4 class=\" zw-cgb preheadline ' .  . '\">T\u00e9moignage Directeur<\/h4><\/div><div class=\"inner-content parent-has-padding\"><div class=\"link-container\"><\/div><\/div>        <\/div>\n      <\/div>\n    <\/div>\n\n\n\r\n    <div  class=\"zw-cgb  intern-zitat-style  zitat-block black-color default-margin default-padding \">\r\n      <div class=\"row zitat-row\">\r\n        <div class=\" image-container g-0 order-1 order-lg-2  col-menu-5 col-12 \">\r\n          <a href=\"https:\/\/www.atreus.de\/fr\/equipe\/dirk-boventer\/\">          <div class=\"img-with-gradient\">\r\n\r\n            <span class=\"copyright-image\"><\/span><img decoding=\"async\" loading=\"lazy\" alt=\"atreus_\" src=\"https:\/\/www.atreus.de\/wp-content\/uploads\/2023\/07\/bov-di-v2.png\" srcset=\"https:\/\/www.atreus.de\/wp-content\/uploads\/2023\/07\/bov-di-v2.png 555w, https:\/\/www.atreus.de\/wp-content\/uploads\/2023\/07\/bov-di-v2-480x600.png 480w\" sizes=\"(max-width: 1024px) 100vw, 1024px\" style=\"aspect-ratio:555\/694 !important\" title=\"atreus_\">            <div class=\"linear-gradient-container\"><\/div>\r\n          <\/div>\r\n\r\n\r\n\r\n          <div class=\"zitat-img-text-container\"><div class=\"zitat-name-container fulltext\"><span>Dirk  Boventer<\/span><\/div><div class=\"zitat-discription-container fulltext\"><span>Partenaire<\/span><\/div><\/div>          <\/a>        <\/div>\r\n        <div class=\"g-0 zitat-text-container order-2 order-lg-1 col-menu-7 col-12 \">\r\n          <div class=\"zitat-text\"><span class=\"zitat-start-icon atreus-font\">D<\/span><p class=\"zw-cgb fulltext\">\u201eL\u2019essentiel du Covid19. Le gagnant est en ligne et tout tourne autour du direct-to-consumer.\u201c<\/p><\/div>                  <\/div>\r\n\r\n      <\/div>\r\n    <\/div>\r\n\n\n\n<div style=\"height:100px\" aria-hidden=\"true\" class=\"wp-block-spacer\"><\/div>\n\n\n    <div  class=\"zw-cgb  change-padding  infoblock default-margin black-color  \">\n      <div class=\" row\">\n        <div class=\"zw-cgb-content has-padding col-12\">\n          <div class=\"preheadline-container parent-has-padding\"><h4 class=\" zw-cgb preheadline ' .  . '\">T\u00e9moignage Conseiller<\/h4><\/div><div class=\"inner-content parent-has-padding\"><div class=\"link-container\"><\/div><\/div>        <\/div>\n      <\/div>\n    <\/div>\n\n\n\r\n    <div  class=\"zw-cgb  intern-zitat-style  zitat-block black-color default-margin default-padding \">\r\n      <div class=\"row zitat-row\">\r\n        <div class=\" image-container g-0 order-1 order-lg-2  col-menu-5 col-12 \">\r\n          <a href=\"https:\/\/www.atreus.de\/fr\/equipe\/georg-mehring-schlegel\/\">          <div class=\"img-with-gradient\">\r\n\r\n            <span class=\"copyright-image\"><\/span><img decoding=\"async\" loading=\"lazy\" alt=\"atreus_\" src=\"https:\/\/www.atreus.de\/wp-content\/uploads\/2023\/08\/meh-sch-ge.png\" srcset=\"https:\/\/www.atreus.de\/wp-content\/uploads\/2023\/08\/meh-sch-ge.png 555w, https:\/\/www.atreus.de\/wp-content\/uploads\/2023\/08\/meh-sch-ge-150x150.png 150w, https:\/\/www.atreus.de\/wp-content\/uploads\/2023\/08\/meh-sch-ge-480x480.png 480w\" sizes=\"(max-width: 1024px) 100vw, 1024px\" style=\"aspect-ratio:555\/555 !important\" title=\"atreus_\">            <div class=\"linear-gradient-container\"><\/div>\r\n          <\/div>\r\n\r\n\r\n\r\n          <div class=\"zitat-img-text-container\"><div class=\"zitat-name-container fulltext\"><span>Georg  Mehring-Schlegel<\/span><\/div><div class=\"zitat-discription-container fulltext\"><span>Conseiller\r\n<\/span><\/div><\/div>          <\/a>        <\/div>\r\n        <div class=\"g-0 zitat-text-container order-2 order-lg-1 col-menu-7 col-12 \">\r\n          <div class=\"zitat-text\"><span class=\"zitat-start-icon atreus-font\">D<\/span><p class=\"zw-cgb fulltext\">\u201eAtreus se distingue dans le secteur des biens de consommation par son haut niveau d\u2019identification avec le d\u00e9fi et les comp\u00e9tences de mise en \u0153uvre fiables de ses managers assign\u00e9s.\u201c<\/p><\/div>                  <\/div>\r\n\r\n      <\/div>\r\n    <\/div>\r\n\n\n\r\n    <div  class=\"zw-cgb  intern-zitat-style  zitat-block black-color default-margin default-padding \">\r\n      <div class=\"row zitat-row\">\r\n        <div class=\" image-container g-0 order-1  col-menu-5 col-12 \">\r\n          <a href=\"https:\/\/www.atreus.de\/fr\/equipe\/martin-bieri\/\">          <div class=\"img-with-gradient\">\r\n\r\n            <span class=\"copyright-image\"><\/span><img decoding=\"async\" loading=\"lazy\" alt=\"atreus_\" src=\"https:\/\/www.atreus.de\/wp-content\/uploads\/2023\/08\/bie-ma.png\" srcset=\"https:\/\/www.atreus.de\/wp-content\/uploads\/2023\/08\/bie-ma.png 555w, https:\/\/www.atreus.de\/wp-content\/uploads\/2023\/08\/bie-ma-150x150.png 150w, https:\/\/www.atreus.de\/wp-content\/uploads\/2023\/08\/bie-ma-480x480.png 480w\" sizes=\"(max-width: 1024px) 100vw, 1024px\" style=\"aspect-ratio:555\/555 !important\" title=\"atreus_\">            <div class=\"linear-gradient-container\"><\/div>\r\n          <\/div>\r\n\r\n\r\n\r\n          <div class=\"zitat-img-text-container\"><div class=\"zitat-name-container fulltext\"><span>Martin Bieri, MBA<\/span><\/div><div class=\"zitat-discription-container fulltext\"><span>Conseiller\r\n<\/span><\/div><\/div>          <\/a>        <\/div>\r\n        <div class=\"g-0 zitat-text-container order-2 col-menu-7 col-12 \">\r\n          <div class=\"zitat-text\"><span class=\"zitat-start-icon atreus-font\">D<\/span><p class=\"zw-cgb fulltext\">\u201eAtreus a aid\u00e9 de nombreuses entreprises leaders du secteur des biens de consommation \u00e0 d\u00e9velopper leurs mod\u00e8les \u00e9conomiques de mani\u00e8re rapide et durable. L\u2019\u00e9change avec les dirigeants d\u2019Atreus est toujours enrichissant&nbsp;: ils sont experts en strat\u00e9gie, exp\u00e9riment\u00e9s sur le plan op\u00e9rationnel et \u00e0 l\u2019\u00e9coute du march\u00e9.\u201c<\/p><\/div>                  <\/div>\r\n\r\n      <\/div>\r\n    <\/div>\r\n\n\n\n    <div  class=\"zw-cgb  latestPosts default-margin \">\n      <div class=\"row zw-cgb-content\">\n              <\/div>\n    <\/div>\n\n\n\n    <div  class=\"zw-cgb    infoblock default-margin black-color  \">\n      <div class=\" row\">\n        <div class=\"zw-cgb-content has-padding col-12\">\n          <div class=\"preheadline-container parent-has-padding\"><h4 class=\" zw-cgb preheadline ' .  . '\">Contact commerce<\/h4><\/div><div class=\"inner-content parent-has-padding\"><p class=\" zw-cgb fulltext \">Tous les membres de notre \u00e9quipe vous conseilleront sur l\u2019occupation par int\u00e9rim des postes de direction. En fonction de son expertise et de son exp\u00e9rience, chaque membre se concentre sur diff\u00e9rents secteurs.<\/p><div class=\"link-container\"><\/div><\/div>        <\/div>\n      <\/div>\n    <\/div>\n\n\n\n    <div  class=\"zw-cgb  team-member black-color default-margin \">\n      <div class=\"zw-cgb-content member-row row\">\n        <div class=\"col-menu-3 col-lg-4 col-md-6 col-12 single-team-member px-0\">            <a href=\"https:\/\/www.atreus.de\/fr\/equipe\/mike-schwanke\/\">\n\n              <div class=\" image-container g-0\">\n                <div class=\"img-with-gradient zwPortImg\">\n\n                  <img decoding=\"async\" loading=\"lazy\" class=\"zwPortImg\" alt=\"atreus_\" src=\"https:\/\/www.atreus.de\/wp-content\/uploads\/2023\/07\/sch-mi-v1.png\" srcset=\"https:\/\/www.atreus.de\/wp-content\/uploads\/2023\/07\/sch-mi-v1.png 555w, https:\/\/www.atreus.de\/wp-content\/uploads\/2023\/07\/sch-mi-v1-480x600.png 480w\" sizes=\"(max-width: 1024px) 100vw, 1024px\" style=\"aspect-ratio:555\/694 !important\" title=\"atreus_\">                  <div class=\"linear-gradient-container\"><\/div>\n                <\/div>\n\n            <\/a>\n            <div class=\"team-member-content\"><div class=\"team-member-name fulltext\"> <a href=\"https:\/\/www.atreus.de\/fr\/equipe\/mike-schwanke\/\"><span>Mike  Schwanke<\/span><\/a><\/div><div class=\"team-member-description fulltext\"> <a href=\"https:\/\/www.atreus.de\/fr\/equipe\/mike-schwanke\/\"><span>Directeur g\u00e9n\u00e9ral et responsable de Solution Group biens de consommation et commerce de d\u00e9tail<\/span><\/a><\/div><div class=\"team-member-phone\"><a href=\"tel:+49 89 452249-250\"><span>+49 89 452249-250<\/span><\/a><\/div><div class=\"team-member-icon-container\"><div class=\"team-member-email\"><a class=\"atreus-font\" href=\"mailto:Mike.Schwanke@atreus.de\">h<\/a><\/div><div class=\"team-member-linkedin\"><a class=\"atreus-font\" target=\"_blank\" href=\"https:\/\/www.linkedin.com\/in\/mike-schwanke-64ba138b\/\" rel=\"noopener\">3<\/a><\/div><\/div><\/div>      <\/div>\n\n  <\/div><div class=\"col-menu-3 col-lg-4 col-md-6 col-12 single-team-member px-0\">            <a href=\"https:\/\/www.atreus.de\/fr\/equipe\/martina-becker\/\">\n\n              <div class=\" image-container g-0\">\n                <div class=\"img-with-gradient zwPortImg\">\n\n                  <img decoding=\"async\" loading=\"lazy\" class=\"zwPortImg\" alt=\"atreus_\" src=\"https:\/\/www.atreus.de\/wp-content\/uploads\/2023\/07\/bec-ma-v1.png\" srcset=\"https:\/\/www.atreus.de\/wp-content\/uploads\/2023\/07\/bec-ma-v1.png 555w, https:\/\/www.atreus.de\/wp-content\/uploads\/2023\/07\/bec-ma-v1-480x600.png 480w\" sizes=\"(max-width: 1024px) 100vw, 1024px\" style=\"aspect-ratio:555\/694 !important\" title=\"atreus_\">                  <div class=\"linear-gradient-container\"><\/div>\n                <\/div>\n\n            <\/a>\n            <div class=\"team-member-content\"><div class=\"team-member-name fulltext\"> <a href=\"https:\/\/www.atreus.de\/fr\/equipe\/martina-becker\/\"><span>Martina Becker<\/span><\/a><\/div><div class=\"team-member-description fulltext\"> <a href=\"https:\/\/www.atreus.de\/fr\/equipe\/martina-becker\/\"><span>Directrice<\/span><\/a><\/div><div class=\"team-member-phone\"><a href=\"tel:+49 89 452249-240\"><span>+49 89 452249-240<\/span><\/a><\/div><div class=\"team-member-icon-container\"><div class=\"team-member-email\"><a class=\"atreus-font\" href=\"mailto:Martina.Becker@atreus.de\">h<\/a><\/div><div class=\"team-member-linkedin\"><a class=\"atreus-font\" target=\"_blank\" href=\"https:\/\/de.linkedin.com\/in\/martina-becker-b3280054\" rel=\"noopener\">3<\/a><\/div><\/div><\/div>      <\/div>\n\n  <\/div><div class=\"col-menu-3 col-lg-4 col-md-6 col-12 single-team-member px-0\">            <a href=\"https:\/\/www.atreus.de\/fr\/equipe\/dirk-boventer\/\">\n\n              <div class=\" image-container g-0\">\n                <div class=\"img-with-gradient zwPortImg\">\n\n                  <img decoding=\"async\" loading=\"lazy\" class=\"zwPortImg\" alt=\"atreus_\" src=\"https:\/\/www.atreus.de\/wp-content\/uploads\/2023\/07\/bov-di-v2.png\" srcset=\"https:\/\/www.atreus.de\/wp-content\/uploads\/2023\/07\/bov-di-v2.png 555w, https:\/\/www.atreus.de\/wp-content\/uploads\/2023\/07\/bov-di-v2-480x600.png 480w\" sizes=\"(max-width: 1024px) 100vw, 1024px\" style=\"aspect-ratio:555\/694 !important\" title=\"atreus_\">                  <div class=\"linear-gradient-container\"><\/div>\n                <\/div>\n\n            <\/a>\n            <div class=\"team-member-content\"><div class=\"team-member-name fulltext\"> <a href=\"https:\/\/www.atreus.de\/fr\/equipe\/dirk-boventer\/\"><span>Dirk  Boventer<\/span><\/a><\/div><div class=\"team-member-description fulltext\"> <a href=\"https:\/\/www.atreus.de\/fr\/equipe\/dirk-boventer\/\"><span>Partenaire<\/span><\/a><\/div><div class=\"team-member-phone\"><a href=\"tel:+49 89 452249-290\"><span>+49 89 452249-290<\/span><\/a><\/div><div class=\"team-member-icon-container\"><div class=\"team-member-email\"><a class=\"atreus-font\" href=\"mailto:Dirk.Boventer@atreus.de\">h<\/a><\/div><div class=\"team-member-linkedin\"><a class=\"atreus-font\" target=\"_blank\" href=\"https:\/\/www.linkedin.com\/in\/dirk-boventer\/\" rel=\"noopener\">3<\/a><\/div><\/div><\/div>      <\/div>\n\n  <\/div><div class=\"col-menu-3 col-lg-4 col-md-6 col-12 single-team-member px-0\">            <a href=\"https:\/\/www.atreus.de\/fr\/equipe\/tanja-brunning\/\">\n\n              <div class=\" image-container g-0\">\n                <div class=\"img-with-gradient zwPortImg\">\n\n                  <img decoding=\"async\" loading=\"lazy\" class=\"zwPortImg\" alt=\"atreus_\" src=\"https:\/\/www.atreus.de\/wp-content\/uploads\/2026\/03\/bru-ta.png\" srcset=\"https:\/\/www.atreus.de\/wp-content\/uploads\/2026\/03\/bru-ta.png 555w, https:\/\/www.atreus.de\/wp-content\/uploads\/2026\/03\/bru-ta-480x600.png 480w\" sizes=\"(max-width: 1024px) 100vw, 1024px\" style=\"aspect-ratio:555\/694 !important\" title=\"atreus_\">                  <div class=\"linear-gradient-container\"><\/div>\n                <\/div>\n\n            <\/a>\n            <div class=\"team-member-content\"><div class=\"team-member-name fulltext\"> <a href=\"https:\/\/www.atreus.de\/fr\/equipe\/tanja-brunning\/\"><span>Tanja Br\u00fcnning<\/span><\/a><\/div><div class=\"team-member-description fulltext\"> <a href=\"https:\/\/www.atreus.de\/fr\/equipe\/tanja-brunning\/\"><span>Directrice<\/span><\/a><\/div><div class=\"team-member-phone\"><a href=\"tel:+41 76 680 7446\"><span>+41 76 680 7446<\/span><\/a><\/div><div class=\"team-member-icon-container\"><div class=\"team-member-email\"><a class=\"atreus-font\" href=\"mailto:Tanja.Bruenning@atreus.de\">h<\/a><\/div><div class=\"team-member-linkedin\"><a class=\"atreus-font\" target=\"_blank\" href=\"https:\/\/www.linkedin.com\/in\/tanja-bruenning  \" rel=\"noopener\">3<\/a><\/div><\/div><\/div>      <\/div>\n\n  <\/div><div class=\"col-menu-3 col-lg-4 col-md-6 col-12 single-team-member px-0\">            <a href=\"https:\/\/www.atreus.de\/fr\/equipe\/christian-gjorup\/\">\n\n              <div class=\" image-container g-0\">\n                <div class=\"img-with-gradient zwPortImg\">\n\n                  <img decoding=\"async\" loading=\"lazy\" class=\"zwPortImg\" alt=\"atreus_\" src=\"https:\/\/www.atreus.de\/wp-content\/uploads\/2025\/10\/gjoerup-christian-2-1024x1281.png\" srcset=\"https:\/\/www.atreus.de\/wp-content\/uploads\/2025\/10\/gjoerup-christian-2-1024x1281.png 1024w, https:\/\/www.atreus.de\/wp-content\/uploads\/2025\/10\/gjoerup-christian-2-768x961.png 768w, https:\/\/www.atreus.de\/wp-content\/uploads\/2025\/10\/gjoerup-christian-2-480x600.png 480w, https:\/\/www.atreus.de\/wp-content\/uploads\/2025\/10\/gjoerup-christian-2-1440x1801.png 1440w, https:\/\/www.atreus.de\/wp-content\/uploads\/2025\/10\/gjoerup-christian-2.png 1535w\" sizes=\"(max-width: 1024px) 100vw, 1024px\" style=\"aspect-ratio:1535\/1920 !important\" title=\"atreus_\">                  <div class=\"linear-gradient-container\"><\/div>\n                <\/div>\n\n            <\/a>\n            <div class=\"team-member-content\"><div class=\"team-member-name fulltext\"> <a href=\"https:\/\/www.atreus.de\/fr\/equipe\/christian-gjorup\/\"><span>Christian Gj\u00f8rup<\/span><\/a><\/div><div class=\"team-member-description fulltext\"> <a href=\"https:\/\/www.atreus.de\/fr\/equipe\/christian-gjorup\/\"><span>Directeur<\/span><\/a><\/div><div class=\"team-member-phone\"><a href=\"tel:+49 89 452249-002\"><span>+49 89 452249-002<\/span><\/a><\/div><div class=\"team-member-icon-container\"><div class=\"team-member-email\"><a class=\"atreus-font\" href=\"mailto:christian.gjoerup@atreus.de\">h<\/a><\/div><div class=\"team-member-linkedin\"><a class=\"atreus-font\" target=\"_blank\" href=\"https:\/\/www.linkedin.com\/in\/christiangjoerup\/\" rel=\"noopener\">3<\/a><\/div><\/div><\/div>      <\/div>\n\n  <\/div><div class=\"col-menu-3 col-lg-4 col-md-6 col-12 single-team-member px-0\">            <a href=\"https:\/\/www.atreus.de\/fr\/equipe\/britta-harjes\/\">\n\n              <div class=\" image-container g-0\">\n                <div class=\"img-with-gradient zwPortImg\">\n\n                  <img decoding=\"async\" loading=\"lazy\" class=\"zwPortImg\" alt=\"atreus_\" src=\"https:\/\/www.atreus.de\/wp-content\/uploads\/2024\/02\/haj-br.png\" srcset=\"https:\/\/www.atreus.de\/wp-content\/uploads\/2024\/02\/haj-br.png 555w, https:\/\/www.atreus.de\/wp-content\/uploads\/2024\/02\/haj-br-480x600.png 480w\" sizes=\"(max-width: 1024px) 100vw, 1024px\" style=\"aspect-ratio:555\/694 !important\" title=\"atreus_\">                  <div class=\"linear-gradient-container\"><\/div>\n                <\/div>\n\n            <\/a>\n            <div class=\"team-member-content\"><div class=\"team-member-name fulltext\"> <a href=\"https:\/\/www.atreus.de\/fr\/equipe\/britta-harjes\/\"><span>Britta Harjes<\/span><\/a><\/div><div class=\"team-member-description fulltext\"> <a href=\"https:\/\/www.atreus.de\/fr\/equipe\/britta-harjes\/\"><span>Partenaire<\/span><\/a><\/div><div class=\"team-member-phone\"><a href=\"tel:+49 89 452249-340\"><span>+49 89 452249-340<\/span><\/a><\/div><div class=\"team-member-icon-container\"><div class=\"team-member-email\"><a class=\"atreus-font\" href=\"mailto:Britta.Harjes@atreus.de\">h<\/a><\/div><div class=\"team-member-linkedin\"><a class=\"atreus-font\" target=\"_blank\" href=\"https:\/\/www.linkedin.com\/in\/britta-harjes-4402b7125\/\" rel=\"noopener\">3<\/a><\/div><\/div><\/div>      <\/div>\n\n  <\/div>    <\/div>\n    <\/div>\n\n","protected":false},"excerpt":{"rendered":"<div  class=\"zw-cgb header-standard-block  desktop-has-image mobile-has-image default-margin white-color content-left content-down zw-atr-portrait-pos-default zw-atr-landscape-pos-default height-default \">\n<div class=\"row\">\n<div class=\"zw-cgb-content col-12 mx-auto\">\n<div  class=\"header-standard-inner-container\">\n<div class=\"bg-image\"><span class=\"copyright-image d-none d-lg-block\">\u00a9 Travel mania \u2013 stock.adobe.com<\/span><img decoding=\"async\" class=\"respnsive-img d-none d-lg-block\" loading=\"lazy\" alt=\"\" src=\"https:\/\/www.atreus.de\/wp-content\/uploads\/2022\/03\/header-handel-Handel.jpg\" srcset=\"https:\/\/www.atreus.de\/wp-content\/uploads\/2022\/03\/header-handel-Handel.jpg 1920w, https:\/\/www.atreus.de\/wp-content\/uploads\/2022\/03\/header-handel-Handel-768x432.jpg 768w, https:\/\/www.atreus.de\/wp-content\/uploads\/2022\/03\/header-handel-Handel-1024x576.jpg 1024w, https:\/\/www.atreus.de\/wp-content\/uploads\/2022\/03\/header-handel-Handel-480x270.jpg 480w, https:\/\/www.atreus.de\/wp-content\/uploads\/2022\/03\/header-handel-Handel-1440x810.jpg 1440w\" sizes=\"(max-width: 1920px) 100vw, 1920px\"style='aspect-ratio:1920\/1080 !important'><span class=\"copyright-image d-lg-none d-block\">\u00a9 Travel mania \u2013 stock.adobe.com<\/span><img decoding=\"async\" class=\"responsive-img d-lg-none d-block\" loading=\"lazy\" alt=\"\" src=\"https:\/\/www.atreus.de\/wp-content\/uploads\/2022\/03\/teaser-2u3-sp-Handel.jpg\" srcset=\"https:\/\/www.atreus.de\/wp-content\/uploads\/2022\/03\/teaser-2u3-sp-Handel.jpg 823w, https:\/\/www.atreus.de\/wp-content\/uploads\/2022\/03\/teaser-2u3-sp-Handel-768x578.jpg 768w, https:\/\/www.atreus.de\/wp-content\/uploads\/2022\/03\/teaser-2u3-sp-Handel-480x361.jpg 480w\" sizes=\"(max-width: 1024px) 100vw, 1024px\"style='aspect-ratio:823\/619 !important'><\/div>\n<div class=\"preheadline-container\">\n<div class=\"zw-breadcrumb-container black-color d-md-down-none\"><\/div>\n<p class=\" zw-cgb preheadline zw-prevent-animation\">Nouveau march\u00e9&nbsp;!<\/p>\n<h2 class=\" zw-cgb headline zw-prevent-animation\">Commerce<\/h2>\n<\/div>\n<\/div>\n<\/div>\n<\/div>\n<\/div>\n<div class=\"zw-breadcrumb-container black-color d-none d-md-down-block\">\n<nav aria-label=\"breadcrumbs\" class=\"rank-math-breadcrumb\">\n<p><span class=\"label\">c<\/span> <span class=\"last\">Home<\/span><\/p>\n<\/nav>\n<\/div>\n","protected":false},"author":1,"featured_media":4672,"parent":621885,"menu_order":40,"comment_status":"closed","ping_status":"closed","template":"","meta":{"_relevanssi_hide_post":"","_relevanssi_hide_content":"","_relevanssi_pin_for_all":"","_relevanssi_pin_keywords":"","_relevanssi_unpin_keywords":"","_relevanssi_related_keywords":"","_relevanssi_related_include_ids":"","_relevanssi_related_exclude_ids":"","_relevanssi_related_no_append":"","_relevanssi_related_not_related":"","_relevanssi_related_posts":"524345,524337,524328,524329,524369,524314","_relevanssi_noindex_reason":"","_zw_phone_override":"","footnotes":""},"competences":[],"industry-sectors":[699],"class_list":["post-515535","page","type-page","status-publish","has-post-thumbnail","hentry","industry-sectors-commerce"],"_links":{"self":[{"href":"https:\/\/www.atreus.de\/fr\/wp-json\/wp\/v2\/pages\/515535","targetHints":{"allow":["GET"]}}],"collection":[{"href":"https:\/\/www.atreus.de\/fr\/wp-json\/wp\/v2\/pages"}],"about":[{"href":"https:\/\/www.atreus.de\/fr\/wp-json\/wp\/v2\/types\/page"}],"author":[{"embeddable":true,"href":"https:\/\/www.atreus.de\/fr\/wp-json\/wp\/v2\/users\/1"}],"replies":[{"embeddable":true,"href":"https:\/\/www.atreus.de\/fr\/wp-json\/wp\/v2\/comments?post=515535"}],"version-history":[{"count":0,"href":"https:\/\/www.atreus.de\/fr\/wp-json\/wp\/v2\/pages\/515535\/revisions"}],"up":[{"embeddable":true,"href":"https:\/\/www.atreus.de\/fr\/wp-json\/wp\/v2\/pages\/621885"}],"wp:featuredmedia":[{"embeddable":true,"href":"https:\/\/www.atreus.de\/fr\/wp-json\/wp\/v2\/media\/4672"}],"wp:attachment":[{"href":"https:\/\/www.atreus.de\/fr\/wp-json\/wp\/v2\/media?parent=515535"}],"wp:term":[{"taxonomy":"competences","embeddable":true,"href":"https:\/\/www.atreus.de\/fr\/wp-json\/wp\/v2\/competences?post=515535"},{"taxonomy":"industry-sectors","embeddable":true,"href":"https:\/\/www.atreus.de\/fr\/wp-json\/wp\/v2\/industry-sectors?post=515535"}],"curies":[{"name":"wp","href":"https:\/\/api.w.org\/{rel}","templated":true}]}}