{"id":515563,"date":"2022-03-01T11:23:27","date_gmt":"2022-03-01T10:23:27","guid":{"rendered":"https:\/\/www.atreus.de\/?page_id=515563"},"modified":"2025-02-24T11:54:20","modified_gmt":"2025-02-24T10:54:20","slug":"grands-projets-dinfrastructure","status":"publish","type":"page","link":"https:\/\/www.atreus.de\/fr\/competences\/themes\/grands-projets-dinfrastructure\/","title":{"rendered":"Grands projets d\u2019infrastructure"},"content":{"rendered":"<div  class=\"zw-cgb header-standard-block is-first-block desktop-has-image mobile-has-image default-margin white-color content-right content-down zw-atr-portrait-pos-default zw-atr-landscape-pos-center-top height-default \"><div class=\"row\"><div class=\"zw-cgb-content col-12 mx-auto\"><div  class=\"header-standard-inner-container\"><div class=\"bg-image\"><span class=\"copyright-image d-none d-lg-block\">\u00a9 AUUSanAKUL \u2013 stock.adobe.com<\/span><img decoding=\"async\" class=\"respnsive-img d-none d-lg-block\" loading=\"lazy\" alt=\"Infrastruktur-Gro\u00dfprojekte\" src=\"https:\/\/www.atreus.de\/wp-content\/uploads\/2022\/03\/header-infrastruktur-grossprojekte-Themen-Infrastruktur-Grossprojekte.jpg\" srcset=\"https:\/\/www.atreus.de\/wp-content\/uploads\/2022\/03\/header-infrastruktur-grossprojekte-Themen-Infrastruktur-Grossprojekte.jpg 1920w, https:\/\/www.atreus.de\/wp-content\/uploads\/2022\/03\/header-infrastruktur-grossprojekte-Themen-Infrastruktur-Grossprojekte-768x432.jpg 768w, https:\/\/www.atreus.de\/wp-content\/uploads\/2022\/03\/header-infrastruktur-grossprojekte-Themen-Infrastruktur-Grossprojekte-1024x576.jpg 1024w, https:\/\/www.atreus.de\/wp-content\/uploads\/2022\/03\/header-infrastruktur-grossprojekte-Themen-Infrastruktur-Grossprojekte-480x270.jpg 480w, https:\/\/www.atreus.de\/wp-content\/uploads\/2022\/03\/header-infrastruktur-grossprojekte-Themen-Infrastruktur-Grossprojekte-1440x810.jpg 1440w\" sizes=\"(max-width: 1920px) 100vw, 1920px\" style=\"aspect-ratio:1920\/1080 !important\" title=\"atreus_\"><span class=\"copyright-image d-lg-none d-block\">\u00a9 AUUSanAKUL \u2013 stock.adobe.com<\/span><img decoding=\"async\" class=\"responsive-img d-lg-none d-block\" loading=\"lazy\" alt=\"Infrastruktur-Gro\u00dfprojekte\" src=\"https:\/\/www.atreus.de\/wp-content\/uploads\/2022\/03\/teaser-2u3-sp-Themen-Infrastruktur-Grossprojekte.jpg\" srcset=\"https:\/\/www.atreus.de\/wp-content\/uploads\/2022\/03\/teaser-2u3-sp-Themen-Infrastruktur-Grossprojekte.jpg 823w, https:\/\/www.atreus.de\/wp-content\/uploads\/2022\/03\/teaser-2u3-sp-Themen-Infrastruktur-Grossprojekte-768x578.jpg 768w, https:\/\/www.atreus.de\/wp-content\/uploads\/2022\/03\/teaser-2u3-sp-Themen-Infrastruktur-Grossprojekte-480x361.jpg 480w\" sizes=\"(max-width: 1024px) 100vw, 1024px\" style=\"aspect-ratio:823\/619 !important\" title=\"atreus_\"><\/div><div class=\"preheadline-container\"><div class=\"zw-breadcrumb-container black-color d-md-down-none\"><\/div><p class=\" zw-cgb preheadline zw-prevent-animation\">Penser de mani\u00e8re strat\u00e9gique et d\u00e9cider avec comp\u00e9tence<\/p><h1 class=\" zw-cgb headline zw-prevent-animation\">Grands projets Infrastructure<\/h1><\/div><\/div><\/div><\/div><\/div><div class=\"zw-breadcrumb-container black-color d-none d-md-down-block\"><nav aria-label=\"breadcrumbs\" class=\"rank-math-breadcrumb\"><p><span class=\"label\">c<\/span> <span class=\"last\">Home<\/span><\/p><\/nav><\/div>\n\n    <div  class=\"zw-cgb    infoblock default-margin black-color  \">\n      <div class=\" row\">\n        <div class=\"zw-cgb-content has-padding col-12\">\n          <div class=\"inner-content parent-has-padding\"><p class=\" zw-cgb fulltext \">Les grands projets d\u2019infrastructure sont soumis \u00e0 une multitude de d\u00e9fis commerciaux, techniques et l\u00e9gislatifs. Les nouvelles exigences en mati\u00e8re de durabilit\u00e9 et de respect de l\u2019environnement augmentent encore le degr\u00e9 de complexit\u00e9. Atreus met \u00e0 disposition un ensemble de comp\u00e9tences en mati\u00e8re de conseil, ainsi que des experts et des managers parfaitement adapt\u00e9s, qui r\u00e9alisent les projets avec une grande rapidit\u00e9 et une s\u00e9curit\u00e9 maximale.<\/p><div class=\"link-container\"><\/div><\/div>        <\/div>\n      <\/div>\n    <\/div>\n\n\n\n<div style=\"height:100px\" aria-hidden=\"true\" class=\"wp-block-spacer\"><\/div>\n\n\n\n    <div  class=\"zw-cgb  latestPosts default-margin \">\n      <div class=\"row zw-cgb-content\">\n        \n      <div  class=\"zw-cgb latestPostsContent px-0 col-12 col-md-6 col-menu-4 post   show-featured-image \">\n\n\n        <div class=\"image-container single-featured\"><a href = \"https:\/\/www.atreus.de\/fr\/atreus-dans-les-medias\/gestion-reussie-de-projets-dinfrastructure-et-de-grands-travaux\/\"><span class=\"copyright-image\">\u00a9 Oleksii Sergieiev \u2013 stock.adobe.com<\/span><img decoding=\"async\" loading=\"lazy\" alt=\"atreus_\" src=\"https:\/\/www.atreus.de\/wp-content\/uploads\/2022\/05\/TEASER3-7.jpg\" srcset=\"https:\/\/www.atreus.de\/wp-content\/uploads\/2022\/05\/TEASER3-7.jpg 823w, https:\/\/www.atreus.de\/wp-content\/uploads\/2022\/05\/TEASER3-7-768x578.jpg 768w, https:\/\/www.atreus.de\/wp-content\/uploads\/2022\/05\/TEASER3-7-480x361.jpg 480w\" sizes=\"(max-width: 1024px) 100vw, 1024px\" style=\"aspect-ratio:823\/619 !important\" title=\"atreus_\"><\/a><\/div><div class=\"image-container double-featured\"><a href = \"https:\/\/www.atreus.de\/fr\/atreus-dans-les-medias\/gestion-reussie-de-projets-dinfrastructure-et-de-grands-travaux\/\"><span class=\"copyright-image\">\u00a9 Oleksii Sergieiev \u2013 stock.adobe.com<\/span><img decoding=\"async\" loading=\"lazy\" alt=\"atreus_\" src=\"https:\/\/www.atreus.de\/wp-content\/uploads\/2022\/05\/TEASER2-4.jpg\" srcset=\"https:\/\/www.atreus.de\/wp-content\/uploads\/2022\/05\/TEASER2-4.jpg 1098w, https:\/\/www.atreus.de\/wp-content\/uploads\/2022\/05\/TEASER2-4-768x288.jpg 768w, https:\/\/www.atreus.de\/wp-content\/uploads\/2022\/05\/TEASER2-4-1024x384.jpg 1024w, https:\/\/www.atreus.de\/wp-content\/uploads\/2022\/05\/TEASER2-4-480x180.jpg 480w\" sizes=\"(max-width: 1024px) 100vw, 1024px\" style=\"aspect-ratio:1098\/412 !important\" title=\"atreus_\"><\/a><\/div>        <div class=\"content-container has-excerpt posttype-post blue-600 white-color\">\n          <div class=\"preheadline-container parent-has-padding\"><p class=\"zw-cgb preheadline\">Atreus dans les m\u00e9dias<\/p><\/div><a href = \"https:\/\/www.atreus.de\/fr\/atreus-dans-les-medias\/gestion-reussie-de-projets-dinfrastructure-et-de-grands-travaux\/\"><h2 class=\" zw-cgb headline\">Gestion r\u00e9ussie de projets d\u2019infrastructure et de grands travaux<\/h2><\/a><p class=\" zw-cgb fulltext\">Dans le Deutsches Ingenieurblatt du 18\u00a0mai 2022, les directeurs d\u2019Atreus Thomas Gl\u00e4\u00dfer et Uwe Gehrmann expliquent pourquoi les grands projets d\u2019infrastructure en Allemagne sont toujours en de\u00e7\u00e0 des attentes et comment ils peuvent \u00eatre r\u00e9alis\u00e9s \u00e0 l\u2019avenir de mani\u00e8re cibl\u00e9e et efficace.<\/p><div class=\"post-meta-info-container\"><div class=\"post-read-time\"><p class=\"zw-cgb fulltext\"><i class=\"far fa-clock\"><\/i>4 temps de lecture min<\/p><\/div><div class=\"post-rating-container d-none\"><!-- FeedbackWP Plugin - Results Widget --><div  class=\"rmp-results-widget js-rmp-results-widget js-rmp-results-widget--524369 \"  data-post-id=\"524369\">  <div class=\"rmp-results-widget__visual-rating\">    <i class=\"js-rmp-results-icon rmp-icon rmp-icon--ratings rmp-icon--star \"><\/i><i class=\"js-rmp-results-icon rmp-icon rmp-icon--ratings rmp-icon--star \"><\/i><i class=\"js-rmp-results-icon rmp-icon rmp-icon--ratings rmp-icon--star \"><\/i><i class=\"js-rmp-results-icon rmp-icon rmp-icon--ratings rmp-icon--star \"><\/i><i class=\"js-rmp-results-icon rmp-icon rmp-icon--ratings rmp-icon--star \"><\/i>  <\/div>  <div class=\"rmp-results-widget__avg-rating\">    <span class=\"js-rmp-avg-rating\">          <\/span>  <\/div>  <div class=\"rmp-results-widget__vote-count\">    (<span class=\"js-rmp-vote-count\"><\/span>)  <\/div><\/div> <\/div><div class=\"post-social-share\"><div class=\"zw-social-share dropdown show\">\r\n        <a class=\"zw-social-share-toggler\" href=\"#\" role=\"button\" id=\"dropdownMenuLink\" data-toggle=\"dropdown\" aria-haspopup=\"true\" aria-expanded=\"false\">\r\n        <i class=\"fas fa-share-alt\"><\/i><span class=\"zw-share-meta\">Partager<\/span>\r\n        <\/a>\r\n        <div class=\"zw-share-dropdown-menu dropdown-menu\" aria-labelledby=\"dropdownMenuLink\"><div class=\"dropdown-inner\"><p class=\"zw-share-heading fulltext\">Partager<\/p><a class=\"zw-social-share-toggler fulltext\" href=\"#\" role=\"button\" id=\"dropdownMenuLink\" data-toggle=\"dropdown\" aria-label=\"Close\">\u2715<\/a><div class=\"social-inner-icons\"><a class=\"dropdown-item \" target=\"_blank\" rel=\"nofollow\" href=\"https:\/\/www.linkedin.com\/cws\/share?url=https%3A%2F%2Fwww.atreus.de%2Ffr%2Fatreus-dans-les-medias%2Fgestion-reussie-de-projets-dinfrastructure-et-de-grands-travaux%2F&amp;title=Gestion+r%C3%A9ussie+de+projets+d%E2%80%99infrastructure+et+de+grands+travaux\"><i class=\"fab fa-linkedin fa-fw\"><\/i><\/a><a class=\"dropdown-item \" target=\"_blank\" rel=\"nofollow\" href=\"https:\/\/www.xing.com\/spi\/shares\/new?url=https%3A%2F%2Fwww.atreus.de%2Ffr%2Fatreus-dans-les-medias%2Fgestion-reussie-de-projets-dinfrastructure-et-de-grands-travaux%2F\"><i class=\"fab fa-xing fa-fw\"><\/i><\/a><a class=\"dropdown-item \" target=\"_blank\" rel=\"nofollow\" href=\"https:\/\/www.facebook.com\/sharer\/sharer.php?u=https%3A%2F%2Fwww.atreus.de%2Ffr%2Fatreus-dans-les-medias%2Fgestion-reussie-de-projets-dinfrastructure-et-de-grands-travaux%2F&amp;t=Gestion+r%C3%A9ussie+de+projets+d%E2%80%99infrastructure+et+de+grands+travaux\"><i class=\"fab fa-facebook-square fa-fw\"><\/i><\/a><a class=\"dropdown-item \"  target=\"_blank\" rel=\"nofollow\" href=\"https:\/\/twitter.com\/intent\/tweet?url=https%3A%2F%2Fwww.atreus.de%2Ffr%2Fatreus-dans-les-medias%2Fgestion-reussie-de-projets-dinfrastructure-et-de-grands-travaux%2F&amp;text=Gestion+r%C3%A9ussie+de+projets+d%E2%80%99infrastructure+et+de+grands+travaux\"><i class=\"fab fa-twitter fa-fw\"><\/i><\/a>  <\/div><\/div><\/div>\r\n    <\/div><\/div><\/div><div class=\"zw-cgb zw-cgb-button-container \"><a href=\"https:\/\/www.atreus.de\/fr\/atreus-dans-les-medias\/gestion-reussie-de-projets-dinfrastructure-et-de-grands-travaux\/\" class=\"zw-cgb btn btn-primary \">Lire la suite<\/a><\/div>        <\/div>\n            <\/div>\n      \n        <\/div>\n    <\/div>\n\n\n\n    <div  class=\"zw-cgb    infoblock default-margin black-color  \">\n      <div class=\" row\">\n        <div class=\"zw-cgb-content has-padding col-12\">\n          <div class=\"preheadline-container parent-has-padding\"><p class=\" zw-cgb preheadline ' .  . '\">Offres de services<\/p><\/div><div class=\"inner-content parent-has-padding\"><h3 class=\" zw-cgb headline\">Des experts solides<\/h3><p class=\" zw-cgb fulltext \">Nous ne sommes pas \u00e9trangers aux d\u00e9fis complexes. En effet, notre \u00e9quipe de directeurs est \u00e0 l\u2019aise lorsqu\u2019il s\u2019agit de prendre des d\u00e9cisions de niveau C. Atreus trouve rapidement les ressources adapt\u00e9es et \u00e9prouv\u00e9es \u00e0 de multiples reprises qui permettent de relever votre d\u00e9fi activement et avec d\u00e9termination. Les directeurs d\u2019Atreus restent \u00e0 chaque instant des partenaires solides. Notre r\u00e9seau a \u00e9galement la possibilit\u00e9 de d\u00e9clencher \u00e0 court terme d\u2019autres talents, allant d\u2019experts aux directeurs g\u00e9n\u00e9raux.<\/p><p class=\" zw-cgb fulltext \">Nous vous aidons \u00e0 relever les d\u00e9fis dans le domaine des grands projets d\u2019infrastructure, notamment en vous proposant les services suivants&nbsp;:<\/p><div class=\"link-container\"><\/div><\/div>        <\/div>\n      <\/div>\n    <\/div>\n\n\n<div id=\"parent82966\" class=\"zw-cgb  akkordion700  default-margin black-color \"><div class=\"row\"><div class=\"zw-cgb-content mx-auto col-12 akkorionOuterContentWrapper\"><div id=\"zw-b13c56ef-20d9-48d7-978e-2dd11ffecc2a-1\" class=\"single-akkordion-item collapsed\" type=\"button\"\n          data-bs-toggle=\"collapse\" data-bs-target=\"#zw-b13c56ef-20d9-48d7-978e-2dd11ffecc2a\" aria-expanded=\"false\" aria-controls=\"collapsetwo\"><div class=\"faq-headline-container d-flex no-icon \"><h3 class=\" zw-cgb subheadline faq\"><strong>Conseil strat\u00e9gique et mise en \u0153uvre de projets pour optimiser les projets d\u2019infrastructure \u00e0 grande \u00e9chelle <br><\/strong>dans des structures de projet multilat\u00e9rales ou dans un environnement multipartite<\/h3><span class=\"atreus-font pfeil-hoch\">d<\/span><span class=\"atreus-font pfeil-runter\">c<\/span><\/div><\/div><div id=\"zw-b13c56ef-20d9-48d7-978e-2dd11ffecc2a\" class=\"collapse single-akkordion-item mt-0\" data-bs-parent=\"#parent82966\"><div class=\"zw-cgb row akkordionInnerWrapper \"><div  class=\"zw-cgb row  columnmaster020 default-margin \"><div class=\"columnmaster-inner-content g-0\">    <div  class=\"zw-cgb no-image-layout columnblock white-color no-icon   \">\n      <div class=\"zw-cgb zw-cgb-content\">\n\n        <div class=\"column-content\"><div class=\"inner-content\"><h2 class=\" zw-cgb headline h4\">Votre d\u00e9fi<\/h2><p class=\" zw-cgb fulltext \">Vous devez g\u00e9rer de mani\u00e8re cibl\u00e9e un projet complexe dans le secteur de la construction en tenant compte de la qualit\u00e9, des d\u00e9lais et des co\u00fbts \u2014 tant au niveau de la planification que du processus d\u2019autorisation et de construction.<\/p><\/div><\/div>      <\/div>\n    <\/div>\n    <div  class=\"zw-cgb no-image-layout columnblock white-color no-icon   \">\n      <div class=\"zw-cgb zw-cgb-content\">\n\n        <div class=\"column-content\"><div class=\"inner-content\"><h2 class=\" zw-cgb headline h4\">Notre mission<\/h2><p class=\" zw-cgb fulltext \">Nous enrichissons votre \u00e9quipe des ressources parfaites pour mener \u00e0 bien votre projet de construction en toute s\u00e9curit\u00e9.<\/p><\/div><\/div>      <\/div>\n    <\/div>\n    <div  class=\"zw-cgb no-image-layout columnblock white-color no-icon   \">\n      <div class=\"zw-cgb zw-cgb-content\">\n\n        <div class=\"column-content\"><div class=\"inner-content\"><h2 class=\" zw-cgb headline h4\">Votre solution<\/h2><p class=\" zw-cgb fulltext \">L\u2019\u00e9quipe de conseillers et de managers d\u2019Atreus assure votre grand projet avec la plus grande pr\u00e9cision et est responsable de son succ\u00e8s.<\/p><\/div><\/div>      <\/div>\n    <\/div>\n<\/div><\/div><\/div><\/div><div id=\"zw-56ba5e2b-cd5f-44c2-8aa5-6e8bb6534abd-1\" class=\"single-akkordion-item collapsed\" type=\"button\"\n          data-bs-toggle=\"collapse\" data-bs-target=\"#zw-56ba5e2b-cd5f-44c2-8aa5-6e8bb6534abd\" aria-expanded=\"false\" aria-controls=\"collapsetwo\"><div class=\"faq-headline-container d-flex no-icon \"><h3 class=\" zw-cgb subheadline faq\"><strong>Gestionnaire de transformation<\/strong> pour la structuration et la gestion de grands projets d\u2019infrastructure<\/h3><span class=\"atreus-font pfeil-hoch\">d<\/span><span class=\"atreus-font pfeil-runter\">c<\/span><\/div><\/div><div id=\"zw-56ba5e2b-cd5f-44c2-8aa5-6e8bb6534abd\" class=\"collapse single-akkordion-item mt-0\" data-bs-parent=\"#parent82966\"><div class=\"zw-cgb row akkordionInnerWrapper \"><div  class=\"zw-cgb row  columnmaster020 default-margin \"><div class=\"columnmaster-inner-content g-0\">    <div  class=\"zw-cgb no-image-layout columnblock black-color no-icon   \">\n      <div class=\"zw-cgb zw-cgb-content\">\n\n        <div class=\"column-content\"><div class=\"inner-content\"><h2 class=\" zw-cgb headline h4\">Votre d\u00e9fi<\/h2><p class=\" zw-cgb fulltext \">Vous \u00eates confront\u00e9 au d\u00e9fi de transformer les structures de projet existantes dans l\u2019environnement proc\u00e9dural, organisationnel ou culturel afin d\u2019assurer le succ\u00e8s de votre projet d\u2019infrastructure.<\/p><\/div><\/div>      <\/div>\n    <\/div>\n    <div  class=\"zw-cgb no-image-layout columnblock white-color no-icon   \">\n      <div class=\"zw-cgb zw-cgb-content\">\n\n        <div class=\"column-content\"><div class=\"inner-content\"><h2 class=\" zw-cgb headline h4\">Notre mission<\/h2><p class=\" zw-cgb fulltext \">Nous soutenons et accompagnons votre projet d\u2019infrastructure avec les ressources parfaites et permettons le d\u00e9veloppement de la feuille de route afin d\u2019assurer la r\u00e9ussite du projet.<\/p><\/div><\/div>      <\/div>\n    <\/div>\n    <div  class=\"zw-cgb no-image-layout columnblock white-color no-icon   \">\n      <div class=\"zw-cgb zw-cgb-content\">\n\n        <div class=\"column-content\"><div class=\"inner-content\"><h2 class=\" zw-cgb headline h4\">Votre solution<\/h2><p class=\" zw-cgb fulltext \">Un manager de transformation Atreus approuv\u00e9 ou une \u00e9quipe de transformation con\u00e7oit et anime les mesures n\u00e9cessaires pour remettre votre projet sur la voie du succ\u00e8s \u2014 y compris la mise en \u0153uvre responsable.<\/p><\/div><\/div>      <\/div>\n    <\/div>\n<\/div><\/div><\/div><\/div><div id=\"zw-03f90725-a242-4945-b6c2-dc397943aa9d-1\" class=\"single-akkordion-item collapsed\" type=\"button\"\n          data-bs-toggle=\"collapse\" data-bs-target=\"#zw-03f90725-a242-4945-b6c2-dc397943aa9d\" aria-expanded=\"false\" aria-controls=\"collapsetwo\"><div class=\"faq-headline-container d-flex no-icon \"><h3 class=\" zw-cgb subheadline faq\"><strong>Pallier les fonctions op\u00e9rationnelles critiques des projets et des lignes<\/strong> tout au long de la cha\u00eene de cr\u00e9ation de valeur<\/h3><span class=\"atreus-font pfeil-hoch\">d<\/span><span class=\"atreus-font pfeil-runter\">c<\/span><\/div><\/div><div id=\"zw-03f90725-a242-4945-b6c2-dc397943aa9d\" class=\"collapse single-akkordion-item mt-0\" data-bs-parent=\"#parent82966\"><div class=\"zw-cgb row akkordionInnerWrapper \"><div  class=\"zw-cgb row  columnmaster020 default-margin \"><div class=\"columnmaster-inner-content g-0\">    <div  class=\"zw-cgb no-image-layout columnblock white-color no-icon   \">\n      <div class=\"zw-cgb zw-cgb-content\">\n\n        <div class=\"column-content\"><div class=\"inner-content\"><h2 class=\" zw-cgb headline h4\">Votre d\u00e9fi<\/h2><p class=\" zw-cgb fulltext \">Une fonction technique ou hi\u00e9rarchique critique pour la r\u00e9ussite de votre grand projet n\u2019est actuellement pas occup\u00e9e ou le sera prochainement \u2014 que ce soit dans la gestion de programme ou de projet, les achats ou la logistique. Ou encore&nbsp;: votre projet est tr\u00e8s complexe et n\u00e9cessite des connaissances techniques, de l\u2019exp\u00e9rience et une maturit\u00e9 que tr\u00e8s peu de sp\u00e9cialistes poss\u00e8dent.<\/p><\/div><\/div>      <\/div>\n    <\/div>\n    <div  class=\"zw-cgb no-image-layout columnblock white-color no-icon   \">\n      <div class=\"zw-cgb zw-cgb-content\">\n\n        <div class=\"column-content\"><div class=\"inner-content\"><h2 class=\" zw-cgb headline h4\">Notre mission<\/h2><p class=\" zw-cgb fulltext \">Nous renfor\u00e7ons votre \u00e9quipe avec la ressource parfaitement adapt\u00e9e qui garantit que les fonctions essentielles de votre projet sont remplies de mani\u00e8re comp\u00e9tente.<\/p><\/div><\/div>      <\/div>\n    <\/div>\n    <div  class=\"zw-cgb no-image-layout columnblock white-color no-icon   \">\n      <div class=\"zw-cgb zw-cgb-content\">\n\n        <div class=\"column-content\"><div class=\"inner-content\"><h2 class=\" zw-cgb headline h4\">Votre solution<\/h2><p class=\" zw-cgb fulltext \">Un manager temporaire Atreus assume, dans sa fonction respective, l\u2019enti\u00e8re responsabilit\u00e9 op\u00e9rationnelle de la sauvegarde et du d\u00e9veloppement r\u00e9ussi de votre projet.<\/p><\/div><\/div>      <\/div>\n    <\/div>\n<\/div><\/div><\/div><\/div><div id=\"zw-35e1aee6-c937-427f-aaf3-bf812cc59406-1\" class=\"single-akkordion-item collapsed\" type=\"button\"\n          data-bs-toggle=\"collapse\" data-bs-target=\"#zw-35e1aee6-c937-427f-aaf3-bf812cc59406\" aria-expanded=\"false\" aria-controls=\"collapsetwo\"><div class=\"faq-headline-container d-flex no-icon \"><h3 class=\" zw-cgb subheadline faq\"><strong>Occuper \u00e0 long terme des fonctions de direction sp\u00e9cifiques dans l\u2019environnement de projet et d\u2019entreprise<\/strong>, telles que directeur financier, directeur des syst\u00e8mes d\u2019information, directeur commercial, directeur des achats, directeur PMO, contr\u00f4leur de projet et planificateur<\/h3><span class=\"atreus-font pfeil-hoch\">d<\/span><span class=\"atreus-font pfeil-runter\">c<\/span><\/div><\/div><div id=\"zw-35e1aee6-c937-427f-aaf3-bf812cc59406\" class=\"collapse single-akkordion-item mt-0\" data-bs-parent=\"#parent82966\"><div class=\"zw-cgb row akkordionInnerWrapper \"><div  class=\"zw-cgb row  columnmaster020 default-margin \"><div class=\"columnmaster-inner-content g-0\">    <div  class=\"zw-cgb no-image-layout columnblock white-color no-icon   \">\n      <div class=\"zw-cgb zw-cgb-content\">\n\n        <div class=\"column-content\"><div class=\"inner-content\"><h2 class=\" zw-cgb headline h4\">Votre d\u00e9fi<\/h2><p class=\" zw-cgb fulltext \">Une fonction sp\u00e9cialis\u00e9e ou hi\u00e9rarchique critique pour la r\u00e9ussite de votre projet ou de votre entreprise n\u2019est actuellement pas occup\u00e9e ou le sera prochainement \u2014 que ce soit dans la gestion de programme ou de projet, les achats ou la logistique. Ou encore&nbsp;: votre projet est tr\u00e8s complexe et n\u00e9cessite des connaissances techniques, de l\u2019exp\u00e9rience et une maturit\u00e9 que tr\u00e8s peu de sp\u00e9cialistes poss\u00e8dent.<\/p><\/div><\/div>      <\/div>\n    <\/div>\n    <div  class=\"zw-cgb no-image-layout columnblock white-color no-icon   \">\n      <div class=\"zw-cgb zw-cgb-content\">\n\n        <div class=\"column-content\"><div class=\"inner-content\"><h2 class=\" zw-cgb headline h4\">Notre mission<\/h2><p class=\" zw-cgb fulltext \">Nous identifions et fournissons la ressource parfaite pour relever vos d\u00e9fis \u00e0 long terme.<\/p><\/div><\/div>      <\/div>\n    <\/div>\n    <div  class=\"zw-cgb no-image-layout columnblock white-color no-icon   \">\n      <div class=\"zw-cgb zw-cgb-content\">\n\n        <div class=\"column-content\"><div class=\"inner-content\"><h2 class=\" zw-cgb headline h4\">Votre solution<\/h2><p class=\" zw-cgb fulltext \">En fonction des besoins de votre entreprise, un Manager approuv\u00e9 par Atreus assume \u00e9galement \u00e0 long terme la responsabilit\u00e9 op\u00e9rationnelle compl\u00e8te de la mise en \u0153uvre r\u00e9ussie des responsabilit\u00e9s correspondantes.<\/p><\/div><\/div>      <\/div>\n    <\/div>\n<\/div><\/div><\/div><\/div><div id=\"zw-c66dd89f-5f35-4324-b73d-b6b1721d617d-1\" class=\"single-akkordion-item collapsed\" type=\"button\"\n          data-bs-toggle=\"collapse\" data-bs-target=\"#zw-c66dd89f-5f35-4324-b73d-b6b1721d617d\" aria-expanded=\"false\" aria-controls=\"collapsetwo\"><div class=\"faq-headline-container d-flex no-icon \"><h3 class=\" zw-cgb subheadline faq\"><strong>Chef de projet global pour un projet de port\u00e9e et d\u2019importance nationales<\/strong><\/h3><span class=\"atreus-font pfeil-hoch\">d<\/span><span class=\"atreus-font pfeil-runter\">c<\/span><\/div><\/div><div id=\"zw-c66dd89f-5f35-4324-b73d-b6b1721d617d\" class=\"collapse single-akkordion-item mt-0\" data-bs-parent=\"#parent82966\"><div class=\"zw-cgb row akkordionInnerWrapper \"><div  class=\"zw-cgb row  columnmaster020 default-margin \"><div class=\"columnmaster-inner-content g-0\">    <div  class=\"zw-cgb no-image-layout columnblock white-color no-icon   \">\n      <div class=\"zw-cgb zw-cgb-content\">\n\n        <div class=\"column-content\"><div class=\"inner-content\"><h2 class=\" zw-cgb headline h4\">Votre d\u00e9fi<\/h2><p class=\" zw-cgb fulltext \">Votre grand projet dans le secteur de la construction est \u00e0 la crois\u00e9e des exigences commerciales, techniques et l\u00e9gislatives avec de nombreuses parties prenantes. Vous \u00eates confront\u00e9 au d\u00e9fi de le g\u00e9rer de mani\u00e8re cibl\u00e9e en termes de qualit\u00e9, de temps et de co\u00fbts.<\/p><\/div><\/div>      <\/div>\n    <\/div>\n    <div  class=\"zw-cgb no-image-layout columnblock white-color no-icon   \">\n      <div class=\"zw-cgb zw-cgb-content\">\n\n        <div class=\"column-content\"><div class=\"inner-content\"><h2 class=\" zw-cgb headline h4\">Notre mission<\/h2><p class=\" zw-cgb fulltext \">Nous renfor\u00e7ons votre \u00e9quipe avec la ressource parfaite pour relever avec succ\u00e8s tous les d\u00e9fis du projet global.<\/p><\/div><\/div>      <\/div>\n    <\/div>\n    <div  class=\"zw-cgb no-image-layout columnblock white-color no-icon   \">\n      <div class=\"zw-cgb zw-cgb-content\">\n\n        <div class=\"column-content\"><div class=\"inner-content\"><h2 class=\" zw-cgb headline h4\">Votre solution<\/h2><p class=\" zw-cgb fulltext \">Un chef de projet global de transition d\u2019Atreus prend la responsabilit\u00e9 du projet, \u00e9tablit la feuille de route de mani\u00e8re r\u00e9aliste et assure ainsi une r\u00e9alisation s\u00fbre des objectifs d\u00e8s le stade initial. En outre, il garantit la cr\u00e9ation d\u2019une identit\u00e9 de projet d\u00e9passant les limites des int\u00e9r\u00eats individuels des entreprises.<\/p><\/div><\/div>      <\/div>\n    <\/div>\n<\/div><\/div><\/div><\/div><div id=\"zw-67f85bac-8de3-4dca-9fb7-7f1d3a2930b5-1\" class=\"single-akkordion-item collapsed\" type=\"button\"\n          data-bs-toggle=\"collapse\" data-bs-target=\"#zw-67f85bac-8de3-4dca-9fb7-7f1d3a2930b5\" aria-expanded=\"false\" aria-controls=\"collapsetwo\"><div class=\"faq-headline-container d-flex no-icon \"><h3 class=\" zw-cgb subheadline faq\"><strong>Directeur financier <\/strong>pour la phase de restructuration ou les projets actuels F&amp;A<\/h3><span class=\"atreus-font pfeil-hoch\">d<\/span><span class=\"atreus-font pfeil-runter\">c<\/span><\/div><\/div><div id=\"zw-67f85bac-8de3-4dca-9fb7-7f1d3a2930b5\" class=\"collapse single-akkordion-item mt-0\" data-bs-parent=\"#parent82966\"><div class=\"zw-cgb row akkordionInnerWrapper \"><div  class=\"zw-cgb row  columnmaster020 default-margin \"><div class=\"columnmaster-inner-content g-0\">    <div  class=\"zw-cgb no-image-layout columnblock white-color no-icon   \">\n      <div class=\"zw-cgb zw-cgb-content\">\n\n        <div class=\"column-content\"><div class=\"inner-content\"><h2 class=\" zw-cgb headline h4\">Votre d\u00e9fi<\/h2><p class=\" zw-cgb fulltext \">Vous vous trouvez actuellement dans une phase de restructuration ou vous g\u00e9rez des projets de F&amp;A &#8211; mais vous n\u2019\u00eates pas suffisamment positionn\u00e9 dans le domaine financier.<\/p><\/div><\/div>      <\/div>\n    <\/div>\n    <div  class=\"zw-cgb no-image-layout columnblock white-color no-icon   \">\n      <div class=\"zw-cgb zw-cgb-content\">\n\n        <div class=\"column-content\"><div class=\"inner-content\"><h2 class=\" zw-cgb headline h4\">Notre mission<\/h2><p class=\" zw-cgb fulltext \">Nous renfor\u00e7ons votre \u00e9quipe avec la ressource parfaite issue du domaine financier pour r\u00e9soudre en toute s\u00e9curit\u00e9 les d\u00e9fis li\u00e9s \u00e0 la phase de restructuration ou aux questions financi\u00e8res dans le cadre de vos projets F&amp;A.<\/p><\/div><\/div>      <\/div>\n    <\/div>\n    <div  class=\"zw-cgb no-image-layout columnblock white-color no-icon   \">\n      <div class=\"zw-cgb zw-cgb-content\">\n\n        <div class=\"column-content\"><div class=\"inner-content\"><h2 class=\" zw-cgb headline h4\">Votre solution<\/h2><p class=\" zw-cgb fulltext \">Un Directeur financier de transition d\u2019Atreus assume la responsabilit\u00e9 professionnelle et disciplinaire de tous les domaines commerciaux, de la gestion de la tr\u00e9sorerie &amp; EBIT, de la planification financi\u00e8re et du financement durable des activit\u00e9s de votre entreprise, ainsi que de l\u2019efficacit\u00e9 de la gestion quotidienne et des projets.<\/p><\/div><\/div>      <\/div>\n    <\/div>\n<\/div><\/div><\/div><\/div><div id=\"zw-a966fba9-b3c5-4fa4-9340-83e9aac64fd4-1\" class=\"single-akkordion-item collapsed\" type=\"button\"\n          data-bs-toggle=\"collapse\" data-bs-target=\"#zw-a966fba9-b3c5-4fa4-9340-83e9aac64fd4\" aria-expanded=\"false\" aria-controls=\"collapsetwo\"><div class=\"faq-headline-container d-flex no-icon \"><h3 class=\" zw-cgb subheadline faq\"><strong>DSI<\/strong> pour la phase de restructuration ou les projets F&amp;A actuels<\/h3><span class=\"atreus-font pfeil-hoch\">d<\/span><span class=\"atreus-font pfeil-runter\">c<\/span><\/div><\/div><div id=\"zw-a966fba9-b3c5-4fa4-9340-83e9aac64fd4\" class=\"collapse single-akkordion-item mt-0\" data-bs-parent=\"#parent82966\"><div class=\"zw-cgb row akkordionInnerWrapper \"><div  class=\"zw-cgb row  columnmaster020 default-margin \"><div class=\"columnmaster-inner-content g-0\">    <div  class=\"zw-cgb no-image-layout columnblock white-color no-icon   \">\n      <div class=\"zw-cgb zw-cgb-content\">\n\n        <div class=\"column-content\"><div class=\"inner-content\"><h2 class=\" zw-cgb headline h4\">Votre d\u00e9fi<\/h2><p class=\" zw-cgb fulltext \">Vous \u00eates actuellement en phase de restructuration ou g\u00e9rez des projets F&amp;A Vous devez rapidement adapter votre architecture informatique \u00e0 l\u2019\u00e9volution de la situation afin de garantir son bon fonctionnement.<\/p><\/div><\/div>      <\/div>\n    <\/div>\n    <div  class=\"zw-cgb no-image-layout columnblock white-color no-icon   \">\n      <div class=\"zw-cgb zw-cgb-content\">\n\n        <div class=\"column-content\"><div class=\"inner-content\"><h2 class=\" zw-cgb headline h4\">Notre mission<\/h2><p class=\" zw-cgb fulltext \">Nous compl\u00e9tons votre \u00e9quipe avec la ressource appropri\u00e9e pour d\u00e9velopper et mettre en place un environnement de processus et de syst\u00e8mes informatiques r\u00e9pondant aux exigences de votre grand projet.<\/p><\/div><\/div>      <\/div>\n    <\/div>\n    <div  class=\"zw-cgb no-image-layout columnblock white-color no-icon   \">\n      <div class=\"zw-cgb zw-cgb-content\">\n\n        <div class=\"column-content\"><div class=\"inner-content\"><h2 class=\" zw-cgb headline h4\">Votre solution<\/h2><p class=\" zw-cgb fulltext \">Un DSI de transition approuv\u00e9 par Atreus est responsable de l\u2019analyse du paysage informatique actuel ainsi que de la d\u00e9duction de recommandations d\u2019action, d\u2019une comp\u00e9tence d\u2019\u00e9valuation en ce qui concerne la conception et la mise en \u0153uvre de projets informatiques pertinents ainsi que du d\u00e9veloppement de l\u2019architecture informatique existante, de la feuille de route et de la planification budg\u00e9taire.<\/p><\/div><\/div>      <\/div>\n    <\/div>\n<\/div><\/div>    <div  class=\"zw-cgb  akkordion team-member black-color default-margin \">\n      <div class=\"zw-cgb-content d-flex member-row g-0\">\n        <div class=\"col-12 col-menu-3 px-0\"><h2 class=\" zw-cgb headline h3\">Vous avez des questions&nbsp;?<\/h2><p class=\" zw-cgb fulltext \">Nos experts se feront un plaisir de r\u00e9pondre \u00e0 vos questions.<\/p><\/div><div class=\"d-flex offset-menu-1 col-menu-8 col-12 teammemberslider\"><div class=\"col-menu-4 col-12 single-team-member px-0\">            <a href=\"https:\/\/www.atreus.de\/fr\/equipe\/thomas-glaser\/\">\n              <div class=\" image-container g-0\">\n                <div class=\"img-with-gradient\">\n\n                  <img decoding=\"async\" loading=\"lazy\" width=\"400\" height=\"500\" alt=\"atreus_\" src=\"https:\/\/www.atreus.de\/wp-content\/uploads\/2023\/07\/gla-th-v3.png\" srcset=\"https:\/\/www.atreus.de\/wp-content\/uploads\/2023\/07\/gla-th-v3.png 555w, https:\/\/www.atreus.de\/wp-content\/uploads\/2023\/07\/gla-th-v3-480x600.png 480w\" sizes=\"auto, (max-width: 1024px) 100vw, 1024px\" style=\"aspect-ratio:555\/694 !important\" title=\"atreus_\">                  <div class=\"linear-gradient-container\"><\/div>\n                <\/div>\n            <\/a>\n            <div class=\"team-member-content\"><div class=\"team-member-name fulltext\"><a href=\"https:\/\/www.atreus.de\/fr\/equipe\/thomas-glaser\/\"><span>Thomas  Gl\u00e4\u1e9eer<\/span><\/a><\/div><div class=\"team-member-description fulltext\"><a href=\"https:\/\/www.atreus.de\/fr\/equipe\/thomas-glaser\/\"><span>Partenaire et responsable du Solution Group Infrastructure et grands projets<\/span><\/a><\/div><div class=\"team-member-phone\"><a href=\"tel:+49 89 452249-555\"><span>+49 89 452249-555<\/span><\/a><\/div><div class=\"team-member-icon-container\"><div class=\"team-member-email\"><a class=\"atreus-font\" href=\"mailto:thomas.glaesser@atreus.de\">h<\/a><\/div><div class=\"team-member-linkedin\"><a class=\"atreus-font\" target=\"_blank\" href=\"https:\/\/www.linkedin.com\/in\/thomasglaesser\/\" rel=\"noopener\">3<\/a><\/div><\/div><\/div>      <\/div>\n\n  <\/div><div class=\"col-menu-4 col-12 single-team-member px-0\">            <a href=\"https:\/\/www.atreus.de\/fr\/equipe\/uwe-gehrmann\/\">\n              <div class=\" image-container g-0\">\n                <div class=\"img-with-gradient\">\n\n                  <img decoding=\"async\" loading=\"lazy\" width=\"400\" height=\"500\" alt=\"atreus_\" src=\"https:\/\/www.atreus.de\/wp-content\/uploads\/2023\/07\/geh-uw-v2.png\" srcset=\"https:\/\/www.atreus.de\/wp-content\/uploads\/2023\/07\/geh-uw-v2.png 555w, https:\/\/www.atreus.de\/wp-content\/uploads\/2023\/07\/geh-uw-v2-480x600.png 480w\" sizes=\"auto, (max-width: 1024px) 100vw, 1024px\" style=\"aspect-ratio:555\/694 !important\" title=\"atreus_\">                  <div class=\"linear-gradient-container\"><\/div>\n                <\/div>\n            <\/a>\n            <div class=\"team-member-content\"><div class=\"team-member-name fulltext\"><a href=\"https:\/\/www.atreus.de\/fr\/equipe\/uwe-gehrmann\/\"><span>Uwe Gehrmann<\/span><\/a><\/div><div class=\"team-member-description fulltext\"><a href=\"https:\/\/www.atreus.de\/fr\/equipe\/uwe-gehrmann\/\"><span>Partenaire et responsable du Solution Group IT\/Digitalisation\/Data<\/span><\/a><\/div><div class=\"team-member-phone\"><a href=\"tel:+49 89 452249-460\"><span>+49 89 452249-460<\/span><\/a><\/div><div class=\"team-member-icon-container\"><div class=\"team-member-email\"><a class=\"atreus-font\" href=\"mailto:Uwe.Gehrmann@Atreus.de\">h<\/a><\/div><div class=\"team-member-linkedin\"><a class=\"atreus-font\" target=\"_blank\" href=\"https:\/\/www.linkedin.com\/in\/uwegehrmann\/\" rel=\"noopener\">3<\/a><\/div><\/div><\/div>      <\/div>\n\n  <\/div><\/div>    <\/div>\n    <\/div>\n\n<\/div><\/div><div id=\"zw-254a1b79-60b8-4486-b8f6-9a800a4d92f9-1\" class=\"single-akkordion-item collapsed\" type=\"button\"\n          data-bs-toggle=\"collapse\" data-bs-target=\"#zw-254a1b79-60b8-4486-b8f6-9a800a4d92f9\" aria-expanded=\"false\" aria-controls=\"collapsetwo\"><div class=\"faq-headline-container d-flex no-icon \"><h3 class=\" zw-cgb subheadline faq\"><strong>Directeur commercial<\/strong> pour le pilotage des partenaires contractuels<\/h3><span class=\"atreus-font pfeil-hoch\">d<\/span><span class=\"atreus-font pfeil-runter\">c<\/span><\/div><\/div><div id=\"zw-254a1b79-60b8-4486-b8f6-9a800a4d92f9\" class=\"collapse single-akkordion-item mt-0\" data-bs-parent=\"#parent82966\"><div class=\"zw-cgb row akkordionInnerWrapper \"><div  class=\"zw-cgb row  columnmaster020 default-margin \"><div class=\"columnmaster-inner-content g-0\">    <div  class=\"zw-cgb no-image-layout columnblock white-color no-icon   \">\n      <div class=\"zw-cgb zw-cgb-content\">\n\n        <div class=\"column-content\"><div class=\"inner-content\"><h2 class=\" zw-cgb headline h4\">Votre d\u00e9fi<\/h2><p class=\" zw-cgb fulltext \">Il vous manque une direction commerciale comp\u00e9tente pour g\u00e9rer le grand nombre de contrats que vous avez avec vos sous-traitants \u2014 y compris la gestion des demandes de prestations en fonction des besoins, la gestion des r\u00e9clamations et la n\u00e9gociation avec les sous-traitants d\u2019un point de vue financier.<\/p><\/div><\/div>      <\/div>\n    <\/div>\n    <div  class=\"zw-cgb no-image-layout columnblock white-color no-icon   \">\n      <div class=\"zw-cgb zw-cgb-content\">\n\n        <div class=\"column-content\"><div class=\"inner-content\"><h2 class=\" zw-cgb headline h4\">Notre mission<\/h2><p class=\" zw-cgb fulltext \">Nous mettons \u00e0 votre disposition la ressource parfaite pour une gestion financi\u00e8re conforme aux exigences de votre projet d\u2019infrastructure.<\/p><\/div><\/div>      <\/div>\n    <\/div>\n    <div  class=\"zw-cgb no-image-layout columnblock white-color no-icon   \">\n      <div class=\"zw-cgb zw-cgb-content\">\n\n        <div class=\"column-content\"><div class=\"inner-content\"><h2 class=\" zw-cgb headline h4\">Votre solution<\/h2><p class=\" zw-cgb fulltext \">En tant que directeur commercial temporaire, un manager approuv\u00e9 par Atreus garantit la gestion comp\u00e9tente de vos relations contractuelles avec les sous-traitants li\u00e9s au programme, ainsi que la qualit\u00e9 et la continuit\u00e9 des demandes de prestations.<\/p><\/div><\/div>      <\/div>\n    <\/div>\n<\/div><\/div><\/div><\/div><div id=\"zw-498c5b0f-fc93-4ea7-bbb4-e057b13fbfbd-1\" class=\"single-akkordion-item collapsed\" type=\"button\"\n          data-bs-toggle=\"collapse\" data-bs-target=\"#zw-498c5b0f-fc93-4ea7-bbb4-e057b13fbfbd\" aria-expanded=\"false\" aria-controls=\"collapsetwo\"><div class=\"faq-headline-container d-flex no-icon \"><h3 class=\" zw-cgb subheadline faq\"><strong>Responsable des achats <\/strong>pour la mise en place ou le d\u00e9veloppement de l\u2019organisation des achats<\/h3><span class=\"atreus-font pfeil-hoch\">d<\/span><span class=\"atreus-font pfeil-runter\">c<\/span><\/div><\/div><div id=\"zw-498c5b0f-fc93-4ea7-bbb4-e057b13fbfbd\" class=\"collapse single-akkordion-item mt-0\" data-bs-parent=\"#parent82966\"><div class=\"zw-cgb row akkordionInnerWrapper \"><div  class=\"zw-cgb row  columnmaster020 default-margin \"><div class=\"columnmaster-inner-content g-0\">    <div  class=\"zw-cgb no-image-layout columnblock white-color no-icon   \">\n      <div class=\"zw-cgb zw-cgb-content\">\n\n        <div class=\"column-content\"><div class=\"inner-content\"><h2 class=\" zw-cgb headline h4\">Votre d\u00e9fi<\/h2><p class=\" zw-cgb fulltext \">Pour mettre en place une organisation d\u2019achat autonome ou pour d\u00e9velopper une jeune \u00e9quipe fonctionnelle dans le domaine des achats, vous avez besoin d\u2019un manager exp\u00e9riment\u00e9 qui, outre les qualifications professionnelles, poss\u00e8de \u00e9galement les qualifications personnelles n\u00e9cessaires pour mettre en place ou d\u00e9velopper votre service d\u2019achat.<\/p><\/div><\/div>      <\/div>\n    <\/div>\n    <div  class=\"zw-cgb no-image-layout columnblock white-color no-icon   \">\n      <div class=\"zw-cgb zw-cgb-content\">\n\n        <div class=\"column-content\"><div class=\"inner-content\"><h2 class=\" zw-cgb headline h4\">Notre mission<\/h2><p class=\" zw-cgb fulltext \">Nous mettons \u00e0 votre disposition la ressource id\u00e9ale pour le d\u00e9veloppement (continu) sensible et durable de votre \u00e9quipe d\u2019achat.<\/p><\/div><\/div>      <\/div>\n    <\/div>\n    <div  class=\"zw-cgb no-image-layout columnblock white-color no-icon   \">\n      <div class=\"zw-cgb zw-cgb-content\">\n\n        <div class=\"column-content\"><div class=\"inner-content\"><h2 class=\" zw-cgb headline h4\">Votre solution<\/h2><p class=\" zw-cgb fulltext \">Un manager de transition Atreus est responsable de la conception et\/ou de la pr\u00e9paration d\u2019une feuille de route pour la mise en \u0153uvre d\u2019une \u00e9quipe d\u2019achat capable d\u2019agir dans votre grand projet. Il assume la responsabilit\u00e9 en \u00e9troite coordination avec les autres domaines fonctionnels et l\u2019organisation des achats dans des structures d\u2019entreprise sup\u00e9rieures.<\/p><\/div><\/div>      <\/div>\n    <\/div>\n<\/div><\/div><\/div><\/div><div id=\"zw-96f94691-1c6a-4ed4-889a-9d794c2881fe-1\" class=\"single-akkordion-item collapsed\" type=\"button\"\n          data-bs-toggle=\"collapse\" data-bs-target=\"#zw-96f94691-1c6a-4ed4-889a-9d794c2881fe\" aria-expanded=\"false\" aria-controls=\"collapsetwo\"><div class=\"faq-headline-container d-flex no-icon \"><h3 class=\" zw-cgb subheadline faq\"><strong>PMO <\/strong>dans les domaines de la formation, des services de projet, des m\u00e9thodes, des processus ainsi que des outils de gestion de projet<\/h3><span class=\"atreus-font pfeil-hoch\">d<\/span><span class=\"atreus-font pfeil-runter\">c<\/span><\/div><\/div><div id=\"zw-96f94691-1c6a-4ed4-889a-9d794c2881fe\" class=\"collapse single-akkordion-item mt-0\" data-bs-parent=\"#parent82966\"><div class=\"zw-cgb row akkordionInnerWrapper \"><div  class=\"zw-cgb row  columnmaster020 default-margin \"><div class=\"columnmaster-inner-content g-0\">    <div  class=\"zw-cgb no-image-layout columnblock white-color no-icon   \">\n      <div class=\"zw-cgb zw-cgb-content\">\n\n        <div class=\"column-content\"><div class=\"inner-content\"><h2 class=\" zw-cgb headline h4\">Votre d\u00e9fi<\/h2><p class=\" zw-cgb fulltext \">Vous avez besoin de managers exp\u00e9riment\u00e9s et engag\u00e9s pour votre PMO, qui ma\u00eetrisent et font avancer la gestion multiprojets dans votre entreprise ou dans un secteur de l\u2019entreprise \u2014 par exemple dans les domaines de la formation, des services de projet, des m\u00e9thodes, des processus et des outils de gestion de projet.<\/p><\/div><\/div>      <\/div>\n    <\/div>\n    <div  class=\"zw-cgb no-image-layout columnblock white-color no-icon   \">\n      <div class=\"zw-cgb zw-cgb-content\">\n\n        <div class=\"column-content\"><div class=\"inner-content\"><h2 class=\" zw-cgb headline h4\">Notre mission<\/h2><p class=\" zw-cgb fulltext \">Nous renfor\u00e7ons votre \u00e9quipe avec la ressource parfaite pour assurer l\u2019avancement de votre projet de mani\u00e8re performante.<\/p><\/div><\/div>      <\/div>\n    <\/div>\n    <div  class=\"zw-cgb no-image-layout columnblock white-color no-icon   \">\n      <div class=\"zw-cgb zw-cgb-content\">\n\n        <div class=\"column-content\"><div class=\"inner-content\"><h2 class=\" zw-cgb headline h4\">Votre solution<\/h2><p class=\" zw-cgb fulltext \">Un manager de transition approuv\u00e9 par Atreus est responsable du PMO \u2014 par exemple en r\u00e9alisant des analyses de la valeur utile des projets et des id\u00e9es, en apportant un soutien complet \u00e0 la direction, en \u00e9tablissant des priorit\u00e9s ou en donnant une orientation strat\u00e9gique aux projets et aux id\u00e9es.<\/p><\/div><\/div>      <\/div>\n    <\/div>\n<\/div><\/div><\/div><\/div><div id=\"zw-b4fe3dbc-4087-4c43-a6ca-9d64d1b5cec0-1\" class=\"single-akkordion-item collapsed\" type=\"button\"\n          data-bs-toggle=\"collapse\" data-bs-target=\"#zw-b4fe3dbc-4087-4c43-a6ca-9d64d1b5cec0\" aria-expanded=\"false\" aria-controls=\"collapsetwo\"><div class=\"faq-headline-container d-flex no-icon \"><h3 class=\" zw-cgb subheadline faq\"><strong>Gestionnaire de programme et de projet s\u00e9nior<\/strong> pour les grands projets d\u2019infrastructure<\/h3><span class=\"atreus-font pfeil-hoch\">d<\/span><span class=\"atreus-font pfeil-runter\">c<\/span><\/div><\/div><div id=\"zw-b4fe3dbc-4087-4c43-a6ca-9d64d1b5cec0\" class=\"collapse single-akkordion-item mt-0\" data-bs-parent=\"#parent82966\"><div class=\"zw-cgb row akkordionInnerWrapper \"><div  class=\"zw-cgb row  columnmaster020 default-margin \"><div class=\"columnmaster-inner-content g-0\">    <div  class=\"zw-cgb no-image-layout columnblock white-color no-icon   \">\n      <div class=\"zw-cgb zw-cgb-content\">\n\n        <div class=\"column-content\"><div class=\"inner-content\"><h2 class=\" zw-cgb headline h4\">Votre d\u00e9fi<\/h2><p class=\" zw-cgb fulltext \">Le manque d\u2019exp\u00e9rience dans la gestion de grands projets, une gestion des risques insuffisante ainsi que des impond\u00e9rables li\u00e9s \u00e0 la r\u00e9glementation entravent la r\u00e9alisation de votre projet d\u2019investissement. \u00c0 cela s\u2019ajoutent des probl\u00e8mes op\u00e9rationnels tels qu\u2019une faible productivit\u00e9, une qualit\u00e9 insuffisante, un manque de transparence, l\u2019absence de normes ou des indicateurs cl\u00e9s de performance non homog\u00e8nes.<\/p><\/div><\/div>      <\/div>\n    <\/div>\n    <div  class=\"zw-cgb no-image-layout columnblock white-color no-icon   \">\n      <div class=\"zw-cgb zw-cgb-content\">\n\n        <div class=\"column-content\"><div class=\"inner-content\"><h2 class=\" zw-cgb headline h4\">Notre mission<\/h2><p class=\" zw-cgb fulltext \">Nous renfor\u00e7ons votre \u00e9quipe avec des chefs de projets\/programmes de haut niveau exp\u00e9riment\u00e9s et disposant d\u2019un excellente comp\u00e9tence dans la gestion de grands projets. Parall\u00e8lement, nous garantissons l\u2019importation des meilleures pratiques issues de projets comparables, une gestion et une att\u00e9nuation transparentes des risques en tenant compte des conditions-cadres techniques et r\u00e9glementaires du projet, ainsi qu\u2019un d\u00e9pannage en cas de projet de crise.<\/p><\/div><\/div>      <\/div>\n    <\/div>\n    <div  class=\"zw-cgb no-image-layout columnblock white-color no-icon   \">\n      <div class=\"zw-cgb zw-cgb-content\">\n\n        <div class=\"column-content\"><div class=\"inner-content\"><h2 class=\" zw-cgb headline h4\">Votre solution<\/h2><p class=\" zw-cgb fulltext \">Les experts Atreus ou les managers de transition d\u00e9finissent un programme clair ainsi qu\u2019une organisation de projet. Ils assurent la transparence sur le statu quo, les objectifs et les \u00e9tapes et prennent en charge le pilotage op\u00e9rationnel. Pour ce faire, ils veillent \u00e0 l\u2019alignement continu de toutes les parties prenantes, assurent un lien \u00e9troit et une communication intensive avec les \u00e9quipes de projet et g\u00e8rent les conflits de mani\u00e8re proactive.<\/p><\/div><\/div>      <\/div>\n    <\/div>\n<\/div><\/div><\/div><\/div><\/div><\/div><\/div>\n\n\n    <div  class=\"zw-cgb  latestPosts default-margin \">\n      <div class=\"row zw-cgb-content\">\n              <\/div>\n    <\/div>\n\n\n\n\n<div style=\"height:100px\" aria-hidden=\"true\" class=\"wp-block-spacer\"><\/div>\n\n\n<div  class=\"zw-cgb  sidebarblock default-margin \">\r\n      <div class=\"row\">\r\n        \r\n\t\t<div class=\"zw-cgb global-widget right  black-color  no-margin\">\r\n\t\t\t\t\t\t\t<div class=\"bg-img-container\">\r\n\t\t\t\t\t<img decoding=\"async\" loading=\"lazy\" width=\"1270\" height=\"714\" src=\"https:\/\/www.atreus.de\/wp-content\/uploads\/2026\/04\/heidrick-HC-BB-DE.jpg\" style=\"aspect-ratio:1270\/714 !important\" alt=\"atreus_\" title=\"atreus_\">\t\t\t\t<\/div>\r\n\t\t\t\t\t\t<div class=\"inner-container bg-white\">\r\n\t\t\t\t      <div class=\"headlinetwo-container\">\r\n\t\t<p class=\"zw-cgb headline two\">ATREUS \u2013 UNE EXCELLENCE R\u00c9COMPENS\u00c9E<\/p>\r\n\t  <\/div> \t\t\t\t<div class=\"widget-content fulltext\">\r\n\r\n\t\t\t\t\t\t<p>&nbsp;<\/p>\n<p>En mati\u00e8re de management de transition, Atreus est aujourd\u2019hui le num\u00e9ro 1 incontest\u00e9. Nous devons cette position de chef de file \u00e0 la confiance de nos clients, qui confirment en permanence notre qualit\u00e9 et notre capacit\u00e9 de mise en \u0153uvre en nous attribuant les meilleures notes.<\/p>\n<p>&nbsp;<\/p>\n<p>Atreus a \u00e9t\u00e9 r\u00e9compens\u00e9 \u00e0 plusieurs reprises, notamment comme \u00ab Champion cach\u00e9 \u00bb, \u00ab Meilleur conseiller en entreprise \u00bb, \u00ab Meilleur cabinet de conseil Handelsblatt \u00bb, \u00ab Top Consultant \u00bb et \u00ab Meilleur consultant en entreprise Focus \u00bb. Nous sommes dot\u00e9s d\u2019un large \u00e9ventail d\u2019expertise, de l&#8217;automobile et des \u00e9quipementiers, les biens de consommation, la chimie et la pharmacie, le commerce (y compris le commerce \u00e9lectronique), la construction de machines et d\u2019installations, l&#8217;\u00e9nergie et l&#8217;environnement, la finance et la gestion des risques, l&#8217;industrie chimique et pharmaceutique les sciences de la vie et les services de sant\u00e9 en passant par les disciplines cl\u00e9s telles que l&#8217;am\u00e9lioration de la performance, le conseil en informatique et la mise en \u0153uvre informatique, le conseil en ressources humaines, la gestion des op\u00e9rations, la gestion du changement, le management de la transformation, la num\u00e9risation et la restructuration.<\/p>\n\r\n\r\n\t\t\t\t<\/div>\r\n\t\t\t\t\t\t\t\t\r\n\t\t\t\t<div class=\"zw-cgb zw-cgb-button-container\">\r\n\t\t\t\t\t<a href=\"https:\/\/www.atreus.de\/fr\/contact\/\" class=\"zw-cgb btn btn-primary\">SENTEZ NOTRE EXCELLENCE DE PREMI\u00c8RE MAIN<\/a>\r\n\t\t\t\t<\/div>\r\n\t\t\t\t\t\t\t<\/div>\r\n\t\t<\/div>\r\n\t<\/div><\/div>    \n\n    <div  class=\"zw-cgb  change-padding  infoblock default-margin black-color  \">\n      <div class=\" row\">\n        <div class=\"zw-cgb-content has-padding col-12\">\n          <div class=\"preheadline-container parent-has-padding\"><h4 class=\" zw-cgb preheadline ' .  . '\">T\u00e9moignages Client<\/h4><\/div><div class=\"inner-content parent-has-padding\"><div class=\"link-container\"><\/div><\/div>        <\/div>\n      <\/div>\n    <\/div>\n\n\n\r\n    <div  class=\"zw-cgb  extern-zitat-style  zitat-block black-color default-margin default-padding \">\r\n      <div class=\"row zitat-row\">\r\n        <div class=\" image-container g-0 order-1  d-none \">\r\n                    <div class=\"img-with-gradient\">\r\n\r\n                        <div class=\"linear-gradient-container\"><\/div>\r\n          <\/div>\r\n\r\n\r\n\r\n          <div class=\"zitat-img-text-container\"><div class=\"zitat-name-container fulltext\"><span>Michael Gutzeit<\/span><\/div><div class=\"zitat-discription-container fulltext\"><span>Directeur g\u00e9n\u00e9ral de TransnetBW SuedLink GmbH<\/span><\/div><\/div>                  <\/div>\r\n        <div class=\"g-0 zitat-text-container order-2 col-12 no-image-container \">\r\n          <div class=\"zitat-text\"><span class=\"zitat-start-icon atreus-font\">D<\/span><p class=\"zw-cgb fulltext\">\u201eJ\u2019ai \u00e9t\u00e9 particuli\u00e8rement impressionn\u00e9 par le fait qu\u2019Atreus est non seulement capable de mettre \u00e0 disposition des top managers \u00e0 tr\u00e8s court terme, mais aussi de s\u2019impliquer activement dans des projets complexes en tant que partenaire et facilitateur afin de les faire aboutir.\u201c<\/p><\/div>          <div class=\"zitat-img-text-container no-image-layout\"><div class=\"zitat-name-container fulltext\"><span>Michael Gutzeit<\/span><\/div><div class=\"zitat-discription-container fulltext\"><span>Directeur g\u00e9n\u00e9ral de TransnetBW SuedLink GmbH<\/span><\/div><\/div>        <\/div>\r\n\r\n      <\/div>\r\n    <\/div>\r\n\n\n\n    <div  class=\"zw-cgb  latestPosts default-margin \">\n      <div class=\"row zw-cgb-content\">\n              <\/div>\n    <\/div>\n\n\n\n    <div  class=\"zw-cgb  change-padding  infoblock custom-margin black-color  \">\n      <div class=\" row\">\n        <div class=\"zw-cgb-content has-padding col-12\">\n          <div class=\"preheadline-container parent-has-padding\"><h4 class=\" zw-cgb preheadline ' .  . '\">T\u00e9moignages des directeurs d\u2019Atreus<\/h4><\/div><div class=\"inner-content parent-has-padding\"><div class=\"link-container\"><\/div><\/div>        <\/div>\n      <\/div>\n    <\/div>\n\n\n\r\n    <div  class=\"zw-cgb  intern-zitat-style  zitat-block black-color default-margin default-padding \">\r\n      <div class=\"row zitat-row\">\r\n        <div class=\" image-container g-0 order-1  col-menu-5 col-12 \">\r\n          <a href=\"https:\/\/www.atreus.de\/fr\/equipe\/thomas-glaser\/\">          <div class=\"img-with-gradient\">\r\n\r\n            <span class=\"copyright-image\"><\/span><img decoding=\"async\" loading=\"lazy\" alt=\"atreus_\" src=\"https:\/\/www.atreus.de\/wp-content\/uploads\/2023\/07\/gla-th-v3.png\" srcset=\"https:\/\/www.atreus.de\/wp-content\/uploads\/2023\/07\/gla-th-v3.png 555w, https:\/\/www.atreus.de\/wp-content\/uploads\/2023\/07\/gla-th-v3-480x600.png 480w\" sizes=\"(max-width: 1024px) 100vw, 1024px\" style=\"aspect-ratio:555\/694 !important\" title=\"atreus_\">            <div class=\"linear-gradient-container\"><\/div>\r\n          <\/div>\r\n\r\n\r\n\r\n          <div class=\"zitat-img-text-container\"><div class=\"zitat-name-container fulltext\"><span>Thomas  Gl\u00e4\u1e9eer<\/span><\/div><div class=\"zitat-discription-container fulltext\"><span>Partenaire et responsable du Solution Group Infrastructure et grands projets<\/span><\/div><\/div>          <\/a>        <\/div>\r\n        <div class=\"g-0 zitat-text-container order-2 col-menu-7 col-12 \">\r\n          <div class=\"zitat-text\"><span class=\"zitat-start-icon atreus-font\">D<\/span><p class=\"zw-cgb fulltext\">\u201eC\u2019est pr\u00e9cis\u00e9ment dans des contextes de projets complexes et avec la participation de plusieurs parties prenantes qu\u2019il s\u2019agit de former en tr\u00e8s peu de temps une \u00e9quipe de projet qui d\u00e9finisse des objectifs communs et qui les poursuive et les atteigne avec d\u00e9termination en tenant compte des dimensions \u00ab&nbsp;temps&nbsp;\u00bb, \u00ab&nbsp;qualit\u00e9&nbsp;\u00bb et \u00ab&nbsp;co\u00fbts&nbsp;\u00bb.\u201c<\/p><\/div>                  <\/div>\r\n\r\n      <\/div>\r\n    <\/div>\r\n\n\n<div  class=\"zw-cgb  sidebarblock default-margin \">\r\n      <div class=\"row\">\r\n        \r\n\t\t<div class=\"zw-cgb global-widget left  black-color  no-margin\">\r\n\t\t\t\t\t\t\t<div class=\"bg-img-container\">\r\n\t\t\t\t\t<img decoding=\"async\" loading=\"lazy\" width=\"1920\" height=\"720\" src=\"https:\/\/www.atreus.de\/wp-content\/uploads\/2022\/03\/widget-projekt-und-programmmanagement.jpg\" style=\"aspect-ratio:1920\/720 !important\" alt=\"atreus_\" title=\"atreus_\">\t\t\t\t<\/div>\r\n\t\t\t\t\t\t<div class=\"inner-container bg-white\">\r\n\t\t\t\t      <div class=\"headlinetwo-container\">\r\n\t\t<p class=\"zw-cgb headline two\">Gestion de projets et de programmes by Atreus &#8211; une solution s\u00fbre ! <\/p>\r\n\t  <\/div> \t\t\t\t<div class=\"widget-content fulltext\">\r\n\r\n\t\t\t\t\t\t<p><span class=\"TextRun SCXW76300925 BCX8\" lang=\"FR-FR\" xml:lang=\"FR-FR\" data-contrast=\"auto\"><span class=\"NormalTextRun SCXW76300925 BCX8\">Un manager agr\u00e9\u00e9 Atreus est toujours la meilleure garantie possible de la r\u00e9ussite d<\/span><span class=\"NormalTextRun SCXW76300925 BCX8\">\u2019<\/span><span class=\"NormalTextRun SCXW76300925 BCX8\">un projet.<\/span><\/span><span class=\"EOP SCXW76300925 BCX8\" data-ccp-props=\"{\">\u00a0<\/span><\/p>\n\r\n\r\n\t\t\t\t<\/div>\r\n\t\t\t\t\t\t\t\t\r\n\t\t\t\t<div class=\"zw-cgb zw-cgb-button-container\">\r\n\t\t\t\t\t<a href=\"https:\/\/www.atreus.de\/fr\/competences\/service\/gestion-de-projets-et-de-programmes\/\" class=\"zw-cgb btn btn-primary\">EN SAVOIR PLUS<\/a>\r\n\t\t\t\t<\/div>\r\n\t\t\t\t\t\t\t<\/div>\r\n\t\t<\/div>\r\n\t<\/div><\/div>    \n\n\r\n    <div  class=\"zw-cgb  intern-zitat-style  zitat-block black-color default-margin default-padding \">\r\n      <div class=\"row zitat-row\">\r\n        <div class=\" image-container g-0 order-1 order-lg-2  col-menu-5 col-12 \">\r\n          <a href=\"https:\/\/www.atreus.de\/fr\/equipe\/uwe-gehrmann\/\">          <div class=\"img-with-gradient\">\r\n\r\n            <span class=\"copyright-image\"><\/span><img decoding=\"async\" loading=\"lazy\" alt=\"atreus_\" src=\"https:\/\/www.atreus.de\/wp-content\/uploads\/2023\/07\/geh-uw-v2.png\" srcset=\"https:\/\/www.atreus.de\/wp-content\/uploads\/2023\/07\/geh-uw-v2.png 555w, https:\/\/www.atreus.de\/wp-content\/uploads\/2023\/07\/geh-uw-v2-480x600.png 480w\" sizes=\"(max-width: 1024px) 100vw, 1024px\" style=\"aspect-ratio:555\/694 !important\" title=\"atreus_\">            <div class=\"linear-gradient-container\"><\/div>\r\n          <\/div>\r\n\r\n\r\n\r\n          <div class=\"zitat-img-text-container\"><div class=\"zitat-name-container fulltext\"><span>Uwe Gehrmann<\/span><\/div><div class=\"zitat-discription-container fulltext\"><span>Partenaire et responsable du Solution Group IT\/Digitalisation\/Data<\/span><\/div><\/div>          <\/a>        <\/div>\r\n        <div class=\"g-0 zitat-text-container order-2 order-lg-1 col-menu-7 col-12 \">\r\n          <div class=\"zitat-text\"><span class=\"zitat-start-icon atreus-font\">D<\/span><p class=\"zw-cgb fulltext\">\u201eDans les projets complexes, l\u2019exp\u00e9rience, la comp\u00e9tence et la gestion des risques, associ\u00e9es \u00e0 une bonne dose de pragmatisme, sont essentielles \u00e0 la r\u00e9ussite. C\u2019est pr\u00e9cis\u00e9ment l\u00e0 que nous intervenons, en fournissant des prestations sur mesure et en les g\u00e9rant dans le cadre d\u2019objectifs convenus.\u201c<\/p><\/div>                  <\/div>\r\n\r\n      <\/div>\r\n    <\/div>\r\n\n\n\n\n    <div  class=\"zw-cgb    infoblock default-margin black-color  \">\n      <div class=\" row\">\n        <div class=\"zw-cgb-content has-padding col-12\">\n          <div class=\"preheadline-container parent-has-padding\"><h4 class=\" zw-cgb preheadline ' .  . '\">Contact pour les grands projets d\u2019infrastructure<\/h4><\/div><div class=\"inner-content parent-has-padding\"><p class=\" zw-cgb fulltext \">Tous les membres de notre \u00e9quipe vous conseilleront sur l\u2019occupation par int\u00e9rim des postes de direction. En fonction de son expertise et de son exp\u00e9rience, chaque membre se concentre sur diff\u00e9rents secteurs.<\/p><div class=\"link-container\"><\/div><\/div>        <\/div>\n      <\/div>\n    <\/div>\n\n\n\n    <div  class=\"zw-cgb  team-member black-color default-margin \">\n      <div class=\"zw-cgb-content member-row row\">\n        <div class=\"col-menu-3 col-lg-4 col-md-6 col-12 single-team-member px-0\">            <a href=\"https:\/\/www.atreus.de\/fr\/equipe\/uwe-gehrmann\/\">\n\n              <div class=\" image-container g-0\">\n                <div class=\"img-with-gradient zwPortImg\">\n\n                  <img decoding=\"async\" loading=\"lazy\" class=\"zwPortImg\" alt=\"atreus_\" src=\"https:\/\/www.atreus.de\/wp-content\/uploads\/2023\/07\/geh-uw-v2.png\" srcset=\"https:\/\/www.atreus.de\/wp-content\/uploads\/2023\/07\/geh-uw-v2.png 555w, https:\/\/www.atreus.de\/wp-content\/uploads\/2023\/07\/geh-uw-v2-480x600.png 480w\" sizes=\"(max-width: 1024px) 100vw, 1024px\" style=\"aspect-ratio:555\/694 !important\" title=\"atreus_\">                  <div class=\"linear-gradient-container\"><\/div>\n                <\/div>\n\n            <\/a>\n            <div class=\"team-member-content\"><div class=\"team-member-name fulltext\"> <a href=\"https:\/\/www.atreus.de\/fr\/equipe\/uwe-gehrmann\/\"><span>Uwe Gehrmann<\/span><\/a><\/div><div class=\"team-member-description fulltext\"> <a href=\"https:\/\/www.atreus.de\/fr\/equipe\/uwe-gehrmann\/\"><span>Partenaire et responsable du Solution Group IT\/Digitalisation\/Data<\/span><\/a><\/div><div class=\"team-member-phone\"><a href=\"tel:+49 89 452249-460\"><span>+49 89 452249-460<\/span><\/a><\/div><div class=\"team-member-icon-container\"><div class=\"team-member-email\"><a class=\"atreus-font\" href=\"mailto:Uwe.Gehrmann@Atreus.de\">h<\/a><\/div><div class=\"team-member-linkedin\"><a class=\"atreus-font\" target=\"_blank\" href=\"https:\/\/www.linkedin.com\/in\/uwegehrmann\/\" rel=\"noopener\">3<\/a><\/div><\/div><\/div>      <\/div>\n\n  <\/div><div class=\"col-menu-3 col-lg-4 col-md-6 col-12 single-team-member px-0\">            <a href=\"https:\/\/www.atreus.de\/fr\/equipe\/thomas-glaser\/\">\n\n              <div class=\" image-container g-0\">\n                <div class=\"img-with-gradient zwPortImg\">\n\n                  <img decoding=\"async\" loading=\"lazy\" class=\"zwPortImg\" alt=\"atreus_\" src=\"https:\/\/www.atreus.de\/wp-content\/uploads\/2023\/07\/gla-th-v3.png\" srcset=\"https:\/\/www.atreus.de\/wp-content\/uploads\/2023\/07\/gla-th-v3.png 555w, https:\/\/www.atreus.de\/wp-content\/uploads\/2023\/07\/gla-th-v3-480x600.png 480w\" sizes=\"(max-width: 1024px) 100vw, 1024px\" style=\"aspect-ratio:555\/694 !important\" title=\"atreus_\">                  <div class=\"linear-gradient-container\"><\/div>\n                <\/div>\n\n            <\/a>\n            <div class=\"team-member-content\"><div class=\"team-member-name fulltext\"> <a href=\"https:\/\/www.atreus.de\/fr\/equipe\/thomas-glaser\/\"><span>Thomas  Gl\u00e4\u1e9eer<\/span><\/a><\/div><div class=\"team-member-description fulltext\"> <a href=\"https:\/\/www.atreus.de\/fr\/equipe\/thomas-glaser\/\"><span>Partenaire et responsable du Solution Group Infrastructure et grands projets<\/span><\/a><\/div><div class=\"team-member-phone\"><a href=\"tel:+49 89 452249-555\"><span>+49 89 452249-555<\/span><\/a><\/div><div class=\"team-member-icon-container\"><div class=\"team-member-email\"><a class=\"atreus-font\" href=\"mailto:thomas.glaesser@atreus.de\">h<\/a><\/div><div class=\"team-member-linkedin\"><a class=\"atreus-font\" target=\"_blank\" href=\"https:\/\/www.linkedin.com\/in\/thomasglaesser\/\" rel=\"noopener\">3<\/a><\/div><\/div><\/div>      <\/div>\n\n  <\/div>    <\/div>\n    <\/div>\n\n","protected":false},"excerpt":{"rendered":"<div  class=\"zw-cgb header-standard-block  desktop-has-image mobile-has-image default-margin white-color content-right content-down zw-atr-portrait-pos-default zw-atr-landscape-pos-center-top height-default \">\n<div class=\"row\">\n<div class=\"zw-cgb-content col-12 mx-auto\">\n<div  class=\"header-standard-inner-container\">\n<div class=\"bg-image\"><span class=\"copyright-image d-none d-lg-block\">\u00a9 AUUSanAKUL \u2013 stock.adobe.com<\/span><img decoding=\"async\" class=\"respnsive-img d-none d-lg-block\" loading=\"lazy\" alt=\"Infrastruktur-Gro\u00dfprojekte\" src=\"https:\/\/www.atreus.de\/wp-content\/uploads\/2022\/03\/header-infrastruktur-grossprojekte-Themen-Infrastruktur-Grossprojekte.jpg\" srcset=\"https:\/\/www.atreus.de\/wp-content\/uploads\/2022\/03\/header-infrastruktur-grossprojekte-Themen-Infrastruktur-Grossprojekte.jpg 1920w, https:\/\/www.atreus.de\/wp-content\/uploads\/2022\/03\/header-infrastruktur-grossprojekte-Themen-Infrastruktur-Grossprojekte-768x432.jpg 768w, https:\/\/www.atreus.de\/wp-content\/uploads\/2022\/03\/header-infrastruktur-grossprojekte-Themen-Infrastruktur-Grossprojekte-1024x576.jpg 1024w, https:\/\/www.atreus.de\/wp-content\/uploads\/2022\/03\/header-infrastruktur-grossprojekte-Themen-Infrastruktur-Grossprojekte-480x270.jpg 480w, https:\/\/www.atreus.de\/wp-content\/uploads\/2022\/03\/header-infrastruktur-grossprojekte-Themen-Infrastruktur-Grossprojekte-1440x810.jpg 1440w\" sizes=\"(max-width: 1920px) 100vw, 1920px\"style='aspect-ratio:1920\/1080 !important'><span class=\"copyright-image d-lg-none d-block\">\u00a9 AUUSanAKUL \u2013 stock.adobe.com<\/span><img decoding=\"async\" class=\"responsive-img d-lg-none d-block\" loading=\"lazy\" alt=\"Infrastruktur-Gro\u00dfprojekte\" src=\"https:\/\/www.atreus.de\/wp-content\/uploads\/2022\/03\/teaser-2u3-sp-Themen-Infrastruktur-Grossprojekte.jpg\" srcset=\"https:\/\/www.atreus.de\/wp-content\/uploads\/2022\/03\/teaser-2u3-sp-Themen-Infrastruktur-Grossprojekte.jpg 823w, https:\/\/www.atreus.de\/wp-content\/uploads\/2022\/03\/teaser-2u3-sp-Themen-Infrastruktur-Grossprojekte-768x578.jpg 768w, https:\/\/www.atreus.de\/wp-content\/uploads\/2022\/03\/teaser-2u3-sp-Themen-Infrastruktur-Grossprojekte-480x361.jpg 480w\" sizes=\"(max-width: 1024px) 100vw, 1024px\"style='aspect-ratio:823\/619 !important'><\/div>\n<div class=\"preheadline-container\">\n<div class=\"zw-breadcrumb-container black-color d-md-down-none\"><\/div>\n<p class=\" zw-cgb preheadline zw-prevent-animation\">Penser de mani\u00e8re strat\u00e9gique et d\u00e9cider avec comp\u00e9tence<\/p>\n<h2 class=\" zw-cgb headline zw-prevent-animation\">Grands projets Infrastructure<\/h2>\n<\/div>\n<\/div>\n<\/div>\n<\/div>\n<\/div>\n<div class=\"zw-breadcrumb-container black-color d-none d-md-down-block\">\n<nav aria-label=\"breadcrumbs\" class=\"rank-math-breadcrumb\">\n<p><span class=\"label\">c<\/span> <span class=\"last\">Home<\/span><\/p>\n<\/nav>\n<\/div>\n","protected":false},"author":1,"featured_media":4407,"parent":515536,"menu_order":30,"comment_status":"closed","ping_status":"closed","template":"","meta":{"_relevanssi_hide_post":"","_relevanssi_hide_content":"","_relevanssi_pin_for_all":"","_relevanssi_pin_keywords":"","_relevanssi_unpin_keywords":"","_relevanssi_related_keywords":"","_relevanssi_related_include_ids":"","_relevanssi_related_exclude_ids":"","_relevanssi_related_no_append":"","_relevanssi_related_not_related":"","_relevanssi_related_posts":"524369,524329,524328,524314,524345,524337","_relevanssi_noindex_reason":"","_zw_phone_override":"","footnotes":""},"competences":[686],"industry-sectors":[],"class_list":["post-515563","page","type-page","status-publish","has-post-thumbnail","hentry","competences-grands-projets-dinfrastructure"],"_links":{"self":[{"href":"https:\/\/www.atreus.de\/fr\/wp-json\/wp\/v2\/pages\/515563","targetHints":{"allow":["GET"]}}],"collection":[{"href":"https:\/\/www.atreus.de\/fr\/wp-json\/wp\/v2\/pages"}],"about":[{"href":"https:\/\/www.atreus.de\/fr\/wp-json\/wp\/v2\/types\/page"}],"author":[{"embeddable":true,"href":"https:\/\/www.atreus.de\/fr\/wp-json\/wp\/v2\/users\/1"}],"replies":[{"embeddable":true,"href":"https:\/\/www.atreus.de\/fr\/wp-json\/wp\/v2\/comments?post=515563"}],"version-history":[{"count":0,"href":"https:\/\/www.atreus.de\/fr\/wp-json\/wp\/v2\/pages\/515563\/revisions"}],"up":[{"embeddable":true,"href":"https:\/\/www.atreus.de\/fr\/wp-json\/wp\/v2\/pages\/515536"}],"wp:featuredmedia":[{"embeddable":true,"href":"https:\/\/www.atreus.de\/fr\/wp-json\/wp\/v2\/media\/4407"}],"wp:attachment":[{"href":"https:\/\/www.atreus.de\/fr\/wp-json\/wp\/v2\/media?parent=515563"}],"wp:term":[{"taxonomy":"competences","embeddable":true,"href":"https:\/\/www.atreus.de\/fr\/wp-json\/wp\/v2\/competences?post=515563"},{"taxonomy":"industry-sectors","embeddable":true,"href":"https:\/\/www.atreus.de\/fr\/wp-json\/wp\/v2\/industry-sectors?post=515563"}],"curies":[{"name":"wp","href":"https:\/\/api.w.org\/{rel}","templated":true}]}}