{"id":515567,"date":"2022-02-16T11:33:33","date_gmt":"2022-02-16T10:33:33","guid":{"rendered":"https:\/\/www.atreus.de\/?page_id=515567"},"modified":"2025-02-27T12:53:53","modified_gmt":"2025-02-27T11:53:53","slug":"energie-et-environnement","status":"publish","type":"page","link":"https:\/\/www.atreus.de\/fr\/industries\/energie-et-environnement\/","title":{"rendered":"\u00c9nergie et environnement"},"content":{"rendered":"<div  class=\"zw-cgb header-standard-block is-first-block desktop-has-image mobile-has-image default-margin white-color content-left content-down zw-atr-portrait-pos-default zw-atr-landscape-pos-default height-default \"><div class=\"row\"><div class=\"zw-cgb-content col-12 mx-auto\"><div  class=\"header-standard-inner-container\"><div class=\"bg-image\"><span class=\"copyright-image d-none d-lg-block\">\u00a9 smspsy \u2013 stock.adobe.com<\/span><img decoding=\"async\" class=\"respnsive-img d-none d-lg-block\" loading=\"lazy\" alt=\"atreus_\" src=\"https:\/\/www.atreus.de\/wp-content\/uploads\/2022\/03\/header-energie-umwelt-Energieund_Umwelt.jpg\" srcset=\"https:\/\/www.atreus.de\/wp-content\/uploads\/2022\/03\/header-energie-umwelt-Energieund_Umwelt.jpg 1920w, https:\/\/www.atreus.de\/wp-content\/uploads\/2022\/03\/header-energie-umwelt-Energieund_Umwelt-768x432.jpg 768w, https:\/\/www.atreus.de\/wp-content\/uploads\/2022\/03\/header-energie-umwelt-Energieund_Umwelt-1024x576.jpg 1024w, https:\/\/www.atreus.de\/wp-content\/uploads\/2022\/03\/header-energie-umwelt-Energieund_Umwelt-480x270.jpg 480w, https:\/\/www.atreus.de\/wp-content\/uploads\/2022\/03\/header-energie-umwelt-Energieund_Umwelt-1440x810.jpg 1440w\" sizes=\"(max-width: 1920px) 100vw, 1920px\" style=\"aspect-ratio:1920\/1080 !important\" title=\"atreus_\"><span class=\"copyright-image d-lg-none d-block\">\u00a9 smspsy \u2013 stock.adobe.com<\/span><img decoding=\"async\" class=\"responsive-img d-lg-none d-block\" loading=\"lazy\" alt=\"atreus_\" src=\"https:\/\/www.atreus.de\/wp-content\/uploads\/2022\/03\/teaser-2u3-sp-Energieund_Umwelt.jpg\" srcset=\"https:\/\/www.atreus.de\/wp-content\/uploads\/2022\/03\/teaser-2u3-sp-Energieund_Umwelt.jpg 823w, https:\/\/www.atreus.de\/wp-content\/uploads\/2022\/03\/teaser-2u3-sp-Energieund_Umwelt-768x578.jpg 768w, https:\/\/www.atreus.de\/wp-content\/uploads\/2022\/03\/teaser-2u3-sp-Energieund_Umwelt-480x361.jpg 480w\" sizes=\"(max-width: 1024px) 100vw, 1024px\" style=\"aspect-ratio:823\/619 !important\" title=\"atreus_\"><\/div><div class=\"preheadline-container\"><div class=\"zw-breadcrumb-container black-color d-md-down-none\"><\/div><p class=\" zw-cgb preheadline zw-prevent-animation\">Du vert s\u2019il vous pla\u00eet&nbsp;!<\/p><h1 class=\" zw-cgb headline zw-prevent-animation\">\u00c9nergie et environnement<\/h1><\/div><\/div><\/div><\/div><\/div><div class=\"zw-breadcrumb-container black-color d-none d-md-down-block\"><nav aria-label=\"breadcrumbs\" class=\"rank-math-breadcrumb\"><p><span class=\"label\">c<\/span> <span class=\"last\">Home<\/span><\/p><\/nav><\/div>\n\n    <div  class=\"zw-cgb    infoblock default-margin black-color  \">\n      <div class=\" row\">\n        <div class=\"zw-cgb-content has-padding col-12\">\n          <div class=\"inner-content parent-has-padding\"><p class=\" zw-cgb fulltext \">Notre \u00e9nergie doit \u00eatre propre, stable et comp\u00e9titive&nbsp;! Les discours politiques changeants, les technologies les plus r\u00e9centes et les mod\u00e8les de consommation tr\u00e8s dynamiques d\u00e9finissent un cadre qui exige beaucoup des d\u00e9cideurs, m\u00eame les plus exp\u00e9riment\u00e9s. Un environnement dans lequel les managers d\u2019Atreus sont au top de leur forme&nbsp;!<\/p><div class=\"link-container\"><\/div><\/div>        <\/div>\n      <\/div>\n    <\/div>\n\n\n\n\n\n    <div  class=\"zw-cgb  latestPosts default-margin \">\n      <div class=\"row zw-cgb-content\">\n              <\/div>\n    <\/div>\n\n\n\n    <div  class=\"zw-cgb    infoblock default-margin black-color  \">\n      <div class=\" row\">\n        <div class=\"zw-cgb-content has-padding col-12\">\n          <div class=\"preheadline-container parent-has-padding\"><p class=\" zw-cgb preheadline ' .  . '\">Offres de services<\/p><\/div><div class=\"inner-content parent-has-padding\"><h3 class=\" zw-cgb headline\">Des experts solides<\/h3><p class=\" zw-cgb fulltext \">Nous ne sommes pas \u00e9trangers aux d\u00e9fis complexes. En effet, notre \u00e9quipe de directeurs est \u00e0 l\u2019aise lorsqu\u2019il s\u2019agit de prendre des d\u00e9cisions de niveau C. Atreus trouve rapidement les ressources adapt\u00e9es et \u00e9prouv\u00e9es \u00e0 de multiples reprises qui permettent de relever votre d\u00e9fi activement et avec d\u00e9termination. Les directeurs d\u2019Atreus restent \u00e0 chaque instant des partenaires solides. Notre r\u00e9seau a \u00e9galement la possibilit\u00e9 de d\u00e9clencher \u00e0 court terme d\u2019autres talents, allant d\u2019experts aux directeurs g\u00e9n\u00e9raux.<\/p><p class=\" zw-cgb fulltext \">Nous vous aidons \u00e0 relever les d\u00e9fis dans le secteur de l\u2019\u00e9nergie et de l\u2019environnement en vous proposant, entre autres, les services suivants&nbsp;:<\/p><div class=\"link-container\"><\/div><\/div>        <\/div>\n      <\/div>\n    <\/div>\n\n\n<div id=\"parent71082\" class=\"zw-cgb  akkordion700  default-margin black-color \"><div class=\"row\"><div class=\"zw-cgb-content mx-auto col-12 akkorionOuterContentWrapper\"><div id=\"zw-1d6a255f-6f29-44c6-90a2-a98860cf2053-1\" class=\"single-akkordion-item collapsed\" type=\"button\"\n          data-bs-toggle=\"collapse\" data-bs-target=\"#zw-1d6a255f-6f29-44c6-90a2-a98860cf2053\" aria-expanded=\"false\" aria-controls=\"collapsetwo\"><div class=\"faq-headline-container d-flex no-icon \"><h3 class=\" zw-cgb subheadline faq\"><strong>Gestionnaire de projets de transformation et sparring-partner pour la direction <\/strong>pour la gestion de projets de num\u00e9risation&nbsp;: facilitateur de nouveaux mod\u00e8les d\u2019affaires (business de plateforme, mod\u00e8les SaaS, connexion IoT, gestion des donn\u00e9es\/analytique)<\/h3><span class=\"atreus-font pfeil-hoch\">d<\/span><span class=\"atreus-font pfeil-runter\">c<\/span><\/div><\/div><div id=\"zw-1d6a255f-6f29-44c6-90a2-a98860cf2053\" class=\"collapse single-akkordion-item mt-0\" data-bs-parent=\"#parent71082\"><div class=\"zw-cgb row akkordionInnerWrapper \"><div  class=\"zw-cgb row  columnmaster020 default-margin \"><div class=\"columnmaster-inner-content g-0\">    <div  class=\"zw-cgb no-image-layout columnblock black-color no-icon   \">\n      <div class=\"zw-cgb zw-cgb-content\">\n\n        <div class=\"column-content\"><div class=\"inner-content\"><h2 class=\" zw-cgb headline h4\">Votre d\u00e9fi<\/h2><p class=\" zw-cgb fulltext \">La diversification de votre c\u0153ur de m\u00e9tier est insuffisante. Les potentiels de la num\u00e9risation, notamment pour les nouveaux mod\u00e8les commerciaux, ne sont pas exploit\u00e9s. Les lacunes de comp\u00e9tences et les nouveaux concurrents menacent votre activit\u00e9 principale.<\/p><\/div><\/div>      <\/div>\n    <\/div>\n    <div  class=\"zw-cgb no-image-layout columnblock black-color no-icon   \">\n      <div class=\"zw-cgb zw-cgb-content\">\n\n        <div class=\"column-content\"><div class=\"inner-content\"><h2 class=\" zw-cgb headline h4\">Notre mission&nbsp;:<\/h2><p class=\" zw-cgb fulltext \">Nous renfor\u00e7ons votre \u00e9quipe avec une ressource exp\u00e9riment\u00e9e avec une solide feuille de route dans la gestion de projets de transformation num\u00e9rique.<\/p><\/div><\/div>      <\/div>\n    <\/div>\n    <div  class=\"zw-cgb no-image-layout columnblock black-color no-icon   \">\n      <div class=\"zw-cgb zw-cgb-content\">\n\n        <div class=\"column-content\"><div class=\"inner-content\"><h2 class=\" zw-cgb headline h4\">Votre solution<\/h2><p class=\" zw-cgb fulltext \">Qu\u2019il s\u2019agisse d\u2019un business de plateforme, d\u2019un mod\u00e8le SaaS, d\u2019une connexion IoT ou de gestion\/analyses de donn\u00e9es&nbsp;: les experts d\u2019Atreus d\u00e9finissent et adaptent de nouveaux mod\u00e8les d\u2019affaires de \u2014 y compris la strat\u00e9gie des partenaires et la gestion des comp\u00e9tences. Ils encouragent l\u2019interconnexion de toutes les fonctions par la gestion de l\u2019innovation, mettent l\u2019accent sur les strat\u00e9gies de durabilit\u00e9 et initient la mise en \u0153uvre dans de nouveaux domaines intersectoriels.<\/p><\/div><\/div>      <\/div>\n    <\/div>\n<\/div><\/div><\/div><\/div><div id=\"zw-74317bff-7acf-4dd0-ad8d-9783521462a3-1\" class=\"single-akkordion-item collapsed\" type=\"button\"\n          data-bs-toggle=\"collapse\" data-bs-target=\"#zw-74317bff-7acf-4dd0-ad8d-9783521462a3\" aria-expanded=\"false\" aria-controls=\"collapsetwo\"><div class=\"faq-headline-container d-flex no-icon \"><h3 class=\" zw-cgb subheadline faq\"><strong>Cadre sup\u00e9rieur pour la mise en place de secteurs d\u2019activit\u00e9 innovants <\/strong>(y compris de nouveaux mod\u00e8les commerciaux) dans les domaines de la \u00ab&nbsp;transformation \u00e9nerg\u00e9tique&nbsp;\u00bb et du couplage de secteurs<\/h3><span class=\"atreus-font pfeil-hoch\">d<\/span><span class=\"atreus-font pfeil-runter\">c<\/span><\/div><\/div><div id=\"zw-74317bff-7acf-4dd0-ad8d-9783521462a3\" class=\"collapse single-akkordion-item mt-0\" data-bs-parent=\"#parent71082\"><div class=\"zw-cgb row akkordionInnerWrapper \"><div  class=\"zw-cgb row  columnmaster020 default-margin \"><div class=\"columnmaster-inner-content g-0\">    <div  class=\"zw-cgb no-image-layout columnblock black-color no-icon   \">\n      <div class=\"zw-cgb zw-cgb-content\">\n\n        <div class=\"column-content\"><div class=\"inner-content\"><h2 class=\" zw-cgb headline h4\">Votre d\u00e9fi<\/h2><p class=\" zw-cgb fulltext \">La diversification de votre c\u0153ur de m\u00e9tier est insuffisante. Les potentiels de la num\u00e9risation, notamment pour les nouveaux mod\u00e8les commerciaux, ne sont pas exploit\u00e9s. Les lacunes de comp\u00e9tences et les nouveaux concurrents menacent votre activit\u00e9 principale.<\/p><\/div><\/div>      <\/div>\n    <\/div>\n    <div  class=\"zw-cgb no-image-layout columnblock black-color no-icon   \">\n      <div class=\"zw-cgb zw-cgb-content\">\n\n        <div class=\"column-content\"><div class=\"inner-content\"><h2 class=\" zw-cgb headline h4\">Notre mission<\/h2><p class=\" zw-cgb fulltext \">Nous compl\u00e9tons votre \u00e9quipe par des cadres sup\u00e9rieurs exp\u00e9riment\u00e9s disposant d\u2019une grande comp\u00e9tence technologique et strat\u00e9gique ainsi que d\u2019une solide feuille de route dans le d\u00e9veloppement de nouveaux secteurs d\u2019activit\u00e9 \u2014 y compris la gestion et la mitigation des risques ainsi que la mise en \u0153uvre avec et dans l\u2019organisation. Si n\u00e9cessaire, nous mettons \u00e9galement \u00e0 disposition d\u2019autres comp\u00e9tences du r\u00e9seau Atreus, par exemple dans les domaines de la digitalisation ou de l\u2019informatique.<\/p><\/div><\/div>      <\/div>\n    <\/div>\n    <div  class=\"zw-cgb no-image-layout columnblock black-color no-icon   \">\n      <div class=\"zw-cgb zw-cgb-content\">\n\n        <div class=\"column-content\"><div class=\"inner-content\"><h2 class=\" zw-cgb headline h4\">Votre solution<\/h2><p class=\" zw-cgb fulltext \">Les managers approuv\u00e9s par Atreus d\u00e9finissent des plans directeurs et des plans d\u2019affaires, y compris la strat\u00e9gie de partenariat, la gestion des comp\u00e9tences et la strat\u00e9gie de durabilit\u00e9. Lors de la mise en \u0153uvre, ils mettent l\u2019accent sur de nouveaux domaines intersectoriels, interagissent avec toutes les interfaces essentielles de l\u2019entreprise et assurent la transparence vis-\u00e0-vis du conseil d\u2019administration ou de la direction et du conseil de surveillance.<\/p><\/div><\/div>      <\/div>\n    <\/div>\n<\/div><\/div><\/div><\/div><div id=\"zw-a38a73b4-7e7e-4e59-af1d-ffa0312c551d-1\" class=\"single-akkordion-item collapsed\" type=\"button\"\n          data-bs-toggle=\"collapse\" data-bs-target=\"#zw-a38a73b4-7e7e-4e59-af1d-ffa0312c551d\" aria-expanded=\"false\" aria-controls=\"collapsetwo\"><div class=\"faq-headline-container d-flex no-icon \"><h3 class=\" zw-cgb subheadline faq\"><strong>Gestionnaire de programme ou de projet senior pour la mise en \u0153uvre de programmes de d\u00e9veloppement durable <\/strong>(environnement, social, gouvernance)<\/h3><span class=\"atreus-font pfeil-hoch\">d<\/span><span class=\"atreus-font pfeil-runter\">c<\/span><\/div><\/div><div id=\"zw-a38a73b4-7e7e-4e59-af1d-ffa0312c551d\" class=\"collapse single-akkordion-item mt-0\" data-bs-parent=\"#parent71082\"><div class=\"zw-cgb row akkordionInnerWrapper \"><div  class=\"zw-cgb row  columnmaster020 default-margin \"><div class=\"columnmaster-inner-content g-0\">    <div  class=\"zw-cgb no-image-layout columnblock black-color no-icon   \">\n      <div class=\"zw-cgb zw-cgb-content\">\n\n        <div class=\"column-content\"><div class=\"inner-content\"><h2 class=\" zw-cgb headline h4\">Votre d\u00e9fi<\/h2><p class=\" zw-cgb fulltext \">Dans votre entreprise, les donn\u00e9es sur le th\u00e8me ESG (Environnemental, Social, Gouvernance) ne sont pas claires. Alors que les attentes de vos parties prenantes augmentent de mani\u00e8re significative, l\u2019\u00e9tat d\u2019esprit ad\u00e9quat fait d\u00e9faut au sein de l\u2019organisation. De m\u00eame, les nouvelles opportunit\u00e9s commerciales offertes par la pens\u00e9e et l\u2019action durables et l\u2019\u00e9conomie circulaire ne sont pas suffisamment abord\u00e9es.<\/p><\/div><\/div>      <\/div>\n    <\/div>\n    <div  class=\"zw-cgb no-image-layout columnblock black-color no-icon   \">\n      <div class=\"zw-cgb zw-cgb-content\">\n\n        <div class=\"column-content\"><div class=\"inner-content\"><h2 class=\" zw-cgb headline h4\">Notre mission<\/h2><p class=\" zw-cgb fulltext \">Nous soutenons votre agenda de durabilit\u00e9 avec un \u00ab&nbsp;Quick Check Sustainability Status&nbsp;\u00bb incluant une estimation des risques et une \u00e9valuation des potentiels de financement. Outre de nombreuses mesures individuelles, nous assurons en particulier une gestion de programme globale avec analyse des parties prenantes ESG, \u00e9tablissement de la transparence et mise en \u0153uvre d\u2019une strat\u00e9gie de reporting.<\/p><\/div><\/div>      <\/div>\n    <\/div>\n    <div  class=\"zw-cgb no-image-layout columnblock white-color no-icon   \">\n      <div class=\"zw-cgb zw-cgb-content\">\n\n        <div class=\"column-content\"><div class=\"inner-content\"><h2 class=\" zw-cgb headline h4\">Votre solution<\/h2><p class=\" zw-cgb fulltext \">L\u2019\u00e9quipe Atreus met en place un programme ESG \u00e0 360 degr\u00e9s, \u00e9tablit un plan directeur (port\u00e9e environnementale 1\/2\/3, social, gouvernance) et assure la transparence sur le statu quo, les objectifs et les \u00e9tapes cl\u00e9s. En outre, les experts d\u2019Atreus \u00e9tablissent un reporting, int\u00e8grent des crit\u00e8res ESG dans les principaux processus de cr\u00e9ation de valeur, analysent les cha\u00eenes d\u2019approvisionnement et orientent les entreprises et les personnes vers la durabilit\u00e9.<\/p><\/div><\/div>      <\/div>\n    <\/div>\n<\/div><\/div><\/div><\/div><div id=\"zw-065c7c09-447d-47d4-ac30-d25064e4059e-1\" class=\"single-akkordion-item collapsed\" type=\"button\"\n          data-bs-toggle=\"collapse\" data-bs-target=\"#zw-065c7c09-447d-47d4-ac30-d25064e4059e\" aria-expanded=\"false\" aria-controls=\"collapsetwo\"><div class=\"faq-headline-container d-flex no-icon \"><h3 class=\" zw-cgb subheadline faq\"><strong>Top Finance Manager (directeur financier, comptabilit\u00e9, contr\u00f4le de gestion) <\/strong>pour orienter le secteur financier vers la croissance ainsi que pour r\u00e9organiser et augmenter la transparence des affaires pour la gestion de l\u2019entreprise<\/h3><span class=\"atreus-font pfeil-hoch\">d<\/span><span class=\"atreus-font pfeil-runter\">c<\/span><\/div><\/div><div id=\"zw-065c7c09-447d-47d4-ac30-d25064e4059e\" class=\"collapse single-akkordion-item mt-0\" data-bs-parent=\"#parent71082\"><div class=\"zw-cgb row akkordionInnerWrapper \"><div  class=\"zw-cgb row  columnmaster020 default-margin \"><div class=\"columnmaster-inner-content g-0\">    <div  class=\"zw-cgb no-image-layout columnblock black-color no-icon   \">\n      <div class=\"zw-cgb zw-cgb-content\">\n\n        <div class=\"column-content\"><div class=\"inner-content\"><h2 class=\" zw-cgb headline h4\">Votre d\u00e9fi<\/h2><p class=\" zw-cgb fulltext \">Vous manquez de transparence dans la gestion de leurs activit\u00e9s et la garantie de leurs liquidit\u00e9s. Tant l\u2019intelligence \u00e9conomique que l\u2019interconnexion des syst\u00e8mes financiers sont insuffisantes ou inexistantes. Votre service financier fonctionne de mani\u00e8re peu efficace compte tenu d\u2019un faible degr\u00e9 d\u2019automatisation. Il y a un manque de comp\u00e9tences et de gestion des comp\u00e9tences<\/p><\/div><\/div>      <\/div>\n    <\/div>\n    <div  class=\"zw-cgb no-image-layout columnblock black-color no-icon   \">\n      <div class=\"zw-cgb zw-cgb-content\">\n\n        <div class=\"column-content\"><div class=\"inner-content\"><h2 class=\" zw-cgb headline h4\">Notre mission<\/h2><p class=\" zw-cgb fulltext \">Nous renfor\u00e7ons votre \u00e9quipe avec la ressource parfaite pour prendre en charge des t\u00e2ches de projet et de ligne dans le domaine financier du point de vue du directeur financier, de la professionnalisation et de la r\u00e9orientation du domaine financier ainsi que de l\u2019introduction des meilleures pratiques de contr\u00f4le de gestion d\u2019autres industries.<\/p><\/div><\/div>      <\/div>\n    <\/div>\n    <div  class=\"zw-cgb no-image-layout columnblock black-color no-icon   \">\n      <div class=\"zw-cgb zw-cgb-content\">\n\n        <div class=\"column-content\"><div class=\"inner-content\"><h2 class=\" zw-cgb headline h4\">Votre solution<\/h2><p class=\" zw-cgb fulltext \">Un manager certifi\u00e9 par Atreus est responsable de l\u2019impl\u00e9mentation ou de la r\u00e9orientation du d\u00e9partement financier en tenant compte de toutes les interfaces. Il initie un changement de culture et \u00e9tablit des m\u00e9thodes de travail modernes afin de stimuler l\u2019esprit d\u2019\u00e9quipe, d\u2019optimiser les processus financiers, d\u2019am\u00e9liorer la gestion des investisseurs et de toujours associer \u00e9troitement le directeur g\u00e9n\u00e9ral et le directeur financier.<\/p><\/div><\/div>      <\/div>\n    <\/div>\n<\/div><\/div><\/div><\/div><div id=\"zw-953e239d-ad4d-4960-85de-7e135d68bab8-1\" class=\"single-akkordion-item collapsed\" type=\"button\"\n          data-bs-toggle=\"collapse\" data-bs-target=\"#zw-953e239d-ad4d-4960-85de-7e135d68bab8\" aria-expanded=\"false\" aria-controls=\"collapsetwo\"><div class=\"faq-headline-container d-flex no-icon \"><h3 class=\" zw-cgb subheadline faq\"><strong>Directeur g\u00e9n\u00e9ral ou directeur financier de transition, apte \u00e0 travailler dans des environnements de capital-investissement\/soci\u00e9t\u00e9s d\u2019investissement<\/strong>, avec un esprit entrepreneurial et la volont\u00e9 de monter \u00e0 bord plus tard en tant que directeur de portefeuille<\/h3><span class=\"atreus-font pfeil-hoch\">d<\/span><span class=\"atreus-font pfeil-runter\">c<\/span><\/div><\/div><div id=\"zw-953e239d-ad4d-4960-85de-7e135d68bab8\" class=\"collapse single-akkordion-item mt-0\" data-bs-parent=\"#parent71082\"><div class=\"zw-cgb row akkordionInnerWrapper \"><div  class=\"zw-cgb row  columnmaster020 default-margin \"><div class=\"columnmaster-inner-content g-0\">    <div  class=\"zw-cgb no-image-layout columnblock black-color no-icon   \">\n      <div class=\"zw-cgb zw-cgb-content\">\n\n        <div class=\"column-content\"><div class=\"inner-content\"><h2 class=\" zw-cgb headline h4\">Votre d\u00e9fi<\/h2><p class=\" zw-cgb fulltext \">Votre entreprise du secteur de l\u2019\u00e9nergie entre dans une nouvelle phase, mais la croissance et\/ou le redressement ne sont pas suffisamment g\u00e9r\u00e9s et ne peuvent pas \u00eatre mis en \u0153uvre de mani\u00e8re cibl\u00e9e. Il y a des d\u00e9ficits en termes d\u2019exp\u00e9rience, de comp\u00e9tence et de leadership.<\/p><\/div><\/div>      <\/div>\n    <\/div>\n    <div  class=\"zw-cgb no-image-layout columnblock black-color no-icon   \">\n      <div class=\"zw-cgb zw-cgb-content\">\n\n        <div class=\"column-content\"><div class=\"inner-content\"><h2 class=\" zw-cgb headline h4\">Notre mission<\/h2><p class=\" zw-cgb fulltext \">Nous fournissons le PDG ou le directeur financier id\u00e9al, avec une solide exp\u00e9rience en mati\u00e8re de croissance rapide ou de r\u00e9orientation des activit\u00e9s, ainsi qu\u2019une exp\u00e9rience approfondie dans des secteurs comparables et dans l\u2019environnement du capital-investissement.<\/p><\/div><\/div>      <\/div>\n    <\/div>\n    <div  class=\"zw-cgb no-image-layout columnblock white-color no-icon   \">\n      <div class=\"zw-cgb zw-cgb-content\">\n\n        <div class=\"column-content\"><div class=\"inner-content\"><h2 class=\" zw-cgb headline h4\">Votre solution<\/h2><p class=\" zw-cgb fulltext \">Un manager approuv\u00e9 par Atreus avec un esprit d\u2019entreprise et une exp\u00e9rience dans le secteur de l\u2019\u00e9nergie prend en charge le leadership de la soci\u00e9t\u00e9 en portefeuille et est responsable de la mise en \u0153uvre de la strat\u00e9gie. Une \u00e9quipe fiable \u00e0 100&nbsp;% et tr\u00e8s motiv\u00e9e minimise les risques tout en assurant une transparence maximale.<\/p><\/div><\/div>      <\/div>\n    <\/div>\n<\/div><\/div><\/div><\/div><div id=\"zw-f9b66bf2-93e7-4531-9fa4-d5f1d26c8103-1\" class=\"single-akkordion-item collapsed\" type=\"button\"\n          data-bs-toggle=\"collapse\" data-bs-target=\"#zw-f9b66bf2-93e7-4531-9fa4-d5f1d26c8103\" aria-expanded=\"false\" aria-controls=\"collapsetwo\"><div class=\"faq-headline-container d-flex no-icon \"><h3 class=\" zw-cgb subheadline faq\"><strong>Responsable RH en tant que partenaire commercial \u00ab&nbsp;\u00c9quipe &amp; Culture&nbsp;\u00bb<\/strong> dans la gestion du changement<\/h3><span class=\"atreus-font pfeil-hoch\">d<\/span><span class=\"atreus-font pfeil-runter\">c<\/span><\/div><\/div><div id=\"zw-f9b66bf2-93e7-4531-9fa4-d5f1d26c8103\" class=\"collapse single-akkordion-item mt-0\" data-bs-parent=\"#parent71082\"><div class=\"zw-cgb row akkordionInnerWrapper \"><div  class=\"zw-cgb row  columnmaster020 default-margin \"><div class=\"columnmaster-inner-content g-0\">    <div  class=\"zw-cgb no-image-layout columnblock black-color no-icon   \">\n      <div class=\"zw-cgb zw-cgb-content\">\n\n        <div class=\"column-content\"><div class=\"inner-content\"><h2 class=\" zw-cgb headline h4\">Votre d\u00e9fi<\/h2><p class=\" zw-cgb fulltext \">En tant qu\u2019entreprise, vous vous trouvez dans une phase de restructuration \u2014 vous devez par exemple r\u00e9organiser votre organisation ou r\u00e9duire votre personnel, ou vous avez besoin de toute urgence de nouveaux sp\u00e9cialistes. Les changements \u00e0 venir menacent de d\u00e9stabiliser votre personnel. Vous avez besoin d\u2019un concept RH durable et solide.<\/p><\/div><\/div>      <\/div>\n    <\/div>\n    <div  class=\"zw-cgb no-image-layout columnblock black-color no-icon   \">\n      <div class=\"zw-cgb zw-cgb-content\">\n\n        <div class=\"column-content\"><div class=\"inner-content\"><h2 class=\" zw-cgb headline h4\">Notre mission<\/h2><p class=\" zw-cgb fulltext \">Nous mettons \u00e0 votre disposition les ressources ad\u00e9quates pour accompagner en toute s\u00e9curit\u00e9 votre processus de changement en tant que partenaire commercial du c\u00f4t\u00e9 RH &#8211; par exemple par un soutien complet de tous les processus RH, une coop\u00e9ration de confiance avec le comit\u00e9 d\u2019entreprise, la conclusion d\u2019accords d\u2019entreprise ou le soutien ind\u00e9pendant du processus de recrutement.<\/p><\/div><\/div>      <\/div>\n    <\/div>\n    <div  class=\"zw-cgb no-image-layout columnblock black-color no-icon   \">\n      <div class=\"zw-cgb zw-cgb-content\">\n\n        <div class=\"column-content\"><div class=\"inner-content\"><h2 class=\" zw-cgb headline h4\">Votre solution<\/h2><p class=\" zw-cgb fulltext \">Une experte RH certifi\u00e9e par Atreus avec une exp\u00e9rience dans le secteur de l\u2019\u00e9nergie est responsable de la professionnalisation de vos ressources humaines en mettant l\u2019accent sur le changement culturel, l\u2019engagement des employ\u00e9s et la gestion des incertitudes. Du c\u00f4t\u00e9 des RH, elle garantit la p\u00e9rennit\u00e9 de votre entreprise ou de votre site, met en \u0153uvre des formes de collaboration innovantes et optimise tous les processus RH.<\/p><\/div><\/div>      <\/div>\n    <\/div>\n<\/div><\/div><\/div><\/div><div id=\"zw-1444edd3-d967-4c7a-b4a3-80aa9db4fc31-1\" class=\"single-akkordion-item collapsed\" type=\"button\"\n          data-bs-toggle=\"collapse\" data-bs-target=\"#zw-1444edd3-d967-4c7a-b4a3-80aa9db4fc31\" aria-expanded=\"false\" aria-controls=\"collapsetwo\"><div class=\"faq-headline-container d-flex no-icon \"><h3 class=\" zw-cgb subheadline faq\"><strong>Chef de projet s\u00e9curit\u00e9 des syst\u00e8mes d\u2019information<\/strong> pour l\u2019\u00e9tablissement de normes de s\u00e9curit\u00e9<\/h3><span class=\"atreus-font pfeil-hoch\">d<\/span><span class=\"atreus-font pfeil-runter\">c<\/span><\/div><\/div><div id=\"zw-1444edd3-d967-4c7a-b4a3-80aa9db4fc31\" class=\"collapse single-akkordion-item mt-0\" data-bs-parent=\"#parent71082\"><div class=\"zw-cgb row akkordionInnerWrapper \"><div  class=\"zw-cgb row  columnmaster020 default-margin \"><div class=\"columnmaster-inner-content g-0\">    <div  class=\"zw-cgb no-image-layout columnblock black-color no-icon   \">\n      <div class=\"zw-cgb zw-cgb-content\">\n\n        <div class=\"column-content\"><div class=\"inner-content\"><h2 class=\" zw-cgb headline h4\">Votre d\u00e9fi<\/h2><p class=\" zw-cgb fulltext \">Vous souhaitez introduire le r\u00f4le de CISO (responsable de la s\u00e9curit\u00e9 des syst\u00e8mes d\u2019information) ou remplacer votre CISO. Parall\u00e8lement, vous devez professionnaliser votre gestion de la s\u00e9curit\u00e9.<\/p><\/div><\/div>      <\/div>\n    <\/div>\n    <div  class=\"zw-cgb no-image-layout columnblock black-color no-icon   \">\n      <div class=\"zw-cgb zw-cgb-content\">\n\n        <div class=\"column-content\"><div class=\"inner-content\"><h2 class=\" zw-cgb headline h4\">Notre mission<\/h2><p class=\" zw-cgb fulltext \">Nous renfor\u00e7ons votre \u00e9quipe avec la ressource parfaite pour l\u2019\u00e9tablissement des normes de s\u00e9curit\u00e9 informatique \u00e0 la pointe du progr\u00e8s. Ensemble, nous comblons pour vous les failles de s\u00e9curit\u00e9 critiques, \u00e9tablissons une gestion de la continuit\u00e9 des activit\u00e9s et organisons des formations de sensibilisation. Nous vous pr\u00e9parons de mani\u00e8re optimale aux situations d\u2019urgence gr\u00e2ce \u00e0 des concepts de gestion de crise ainsi qu\u2019\u00e0 des formations appropri\u00e9es.<\/p><\/div><\/div>      <\/div>\n    <\/div>\n    <div  class=\"zw-cgb no-image-layout columnblock black-color no-icon   \">\n      <div class=\"zw-cgb zw-cgb-content\">\n\n        <div class=\"column-content\"><div class=\"inner-content\"><h2 class=\" zw-cgb headline h4\">Votre solution<\/h2><p class=\" zw-cgb fulltext \">Un chef de projet s\u00e9curit\u00e9 des syst\u00e8mes d\u2019information approuv\u00e9 par Atreus prend ses responsabilit\u00e9s et cr\u00e9e un haut niveau de s\u00e9curit\u00e9 contre les cyberattaques, de meilleures conditions aupr\u00e8s des assureurs, des collaborateurs form\u00e9s, un plan de d\u00e9roulement ou un playbook en cas d\u2019urgence ainsi qu\u2019une augmentation globale de la s\u00e9curit\u00e9 de votre entreprise.<\/p><\/div><\/div>      <\/div>\n    <\/div>\n<\/div><\/div><\/div><\/div><div id=\"zw-309994c0-c2de-4f54-8da7-a809a09a9da0-1\" class=\"single-akkordion-item collapsed\" type=\"button\"\n          data-bs-toggle=\"collapse\" data-bs-target=\"#zw-309994c0-c2de-4f54-8da7-a809a09a9da0\" aria-expanded=\"false\" aria-controls=\"collapsetwo\"><div class=\"faq-headline-container d-flex no-icon \"><h3 class=\" zw-cgb subheadline faq\"><strong>Responsable des op\u00e9rations informatiques<\/strong> pour la r\u00e9duction des temps d\u2019arr\u00eat et la gestion de l\u2019infrastructure<\/h3><span class=\"atreus-font pfeil-hoch\">d<\/span><span class=\"atreus-font pfeil-runter\">c<\/span><\/div><\/div><div id=\"zw-309994c0-c2de-4f54-8da7-a809a09a9da0\" class=\"collapse single-akkordion-item mt-0\" data-bs-parent=\"#parent71082\"><div class=\"zw-cgb row akkordionInnerWrapper \"><div  class=\"zw-cgb row  columnmaster020 default-margin \"><div class=\"columnmaster-inner-content g-0\">    <div  class=\"zw-cgb no-image-layout columnblock black-color no-icon   \">\n      <div class=\"zw-cgb zw-cgb-content\">\n\n        <div class=\"column-content\"><div class=\"inner-content\"><h2 class=\" zw-cgb headline h4\">Votre d\u00e9fi<\/h2><p class=\" zw-cgb fulltext \">En tant qu\u2019entreprise du secteur de l\u2019\u00e9nergie, vous devez ma\u00eetriser une transformation globale, y compris un changement informatique profond, tout en subissant des pertes de chiffre d\u2019affaires li\u00e9es \u00e0 la Covid.<\/p><\/div><\/div>      <\/div>\n    <\/div>\n    <div  class=\"zw-cgb no-image-layout columnblock black-color no-icon   \">\n      <div class=\"zw-cgb zw-cgb-content\">\n\n        <div class=\"column-content\"><div class=\"inner-content\"><h2 class=\" zw-cgb headline h4\">Notre mission<\/h2><p class=\" zw-cgb fulltext \">Renforcer votre \u00e9quipe avec la ressource parfaite pour l\u2019uniformisation des infrastructures de protection des donn\u00e9es pour un nombre toujours croissant d\u2019utilisateurs finaux. Elle contr\u00f4le des caract\u00e9ristiques cl\u00e9s telles que les RPO et les RTO. Elle structure les options de virtualisation et l\u2019importance des structures de stockage bas\u00e9es sur le cloud (Back-up as a Service BaaS) et reprise apr\u00e8s d\u00e9sastre en tant que service (DRaaS).<\/p><\/div><\/div>      <\/div>\n    <\/div>\n    <div  class=\"zw-cgb no-image-layout columnblock black-color no-icon   \">\n      <div class=\"zw-cgb zw-cgb-content\">\n\n        <div class=\"column-content\"><div class=\"inner-content\"><h2 class=\" zw-cgb headline h4\">Votre solution<\/h2><p class=\" zw-cgb fulltext \">Une directrice des op\u00e9rations informatiques d\u2019Atreus est responsable de la r\u00e9duction des temps d\u2019arr\u00eat gr\u00e2ce \u00e0 des sauvegardes et des plans d\u2019urgence appropri\u00e9s, ainsi que des strat\u00e9gies de r\u00e9duction des risques. Elle s\u2019occupe de mani\u00e8re proactive des ran\u00e7ongiciels, assure la disponibilit\u00e9 des donn\u00e9es pour les \u00e9cosph\u00e8res de syst\u00e8mes et simplifie les processus.<\/p><\/div><\/div>      <\/div>\n    <\/div>\n<\/div><\/div><\/div><\/div><div id=\"zw-1ec034a3-97fb-4482-b0a4-394783ab52ba-1\" class=\"single-akkordion-item collapsed\" type=\"button\"\n          data-bs-toggle=\"collapse\" data-bs-target=\"#zw-1ec034a3-97fb-4482-b0a4-394783ab52ba\" aria-expanded=\"false\" aria-controls=\"collapsetwo\"><div class=\"faq-headline-container d-flex no-icon \"><h3 class=\" zw-cgb subheadline faq\"><strong>Chef de projet informatique pour la mise en place de syst\u00e8mes ERP et CRM<\/strong><\/h3><span class=\"atreus-font pfeil-hoch\">d<\/span><span class=\"atreus-font pfeil-runter\">c<\/span><\/div><\/div><div id=\"zw-1ec034a3-97fb-4482-b0a4-394783ab52ba\" class=\"collapse single-akkordion-item mt-0\" data-bs-parent=\"#parent71082\"><div class=\"zw-cgb row akkordionInnerWrapper \"><div  class=\"zw-cgb row  columnmaster020 default-margin \"><div class=\"columnmaster-inner-content g-0\">    <div  class=\"zw-cgb no-image-layout columnblock black-color no-icon   \">\n      <div class=\"zw-cgb zw-cgb-content\">\n\n        <div class=\"column-content\"><div class=\"inner-content\"><h2 class=\" zw-cgb headline h4\">Votre d\u00e9fi<\/h2><p class=\" zw-cgb fulltext \">Votre projet de mise en place d\u2019un ERP ou d\u2019un CRM a pos\u00e9 des probl\u00e8mes ou a \u00e9chou\u00e9. La prochaine tentative doit \u00eatre r\u00e9ussie \u00e0 100&nbsp;%.<\/p><\/div><\/div>      <\/div>\n    <\/div>\n    <div  class=\"zw-cgb no-image-layout columnblock black-color no-icon   \">\n      <div class=\"zw-cgb zw-cgb-content\">\n\n        <div class=\"column-content\"><div class=\"inner-content\"><h2 class=\" zw-cgb headline h4\">Notre mission<\/h2><p class=\" zw-cgb fulltext \">Nous mettons \u00e0 votre disposition la ressource parfaite justifiant d\u2019exp\u00e9riences r\u00e9ussies dans la r\u00e9solution de situations similaires en tant que gestionnaire de crise. Nous assurons ainsi la tranquillit\u00e9 n\u00e9cessaire au projet. Nous agissons en tant que partenaire pour votre direction et optimisons votre communication pour atteindre vos objectifs.<\/p><\/div><\/div>      <\/div>\n    <\/div>\n    <div  class=\"zw-cgb no-image-layout columnblock black-color no-icon   \">\n      <div class=\"zw-cgb zw-cgb-content\">\n\n        <div class=\"column-content\"><div class=\"inner-content\"><h2 class=\" zw-cgb headline h4\">Votre solution<\/h2><p class=\" zw-cgb fulltext \">Un chef de projet informatique approuv\u00e9 par Atreus avec une expertise dans le domaine de l\u2019environnement soulage votre direction en assumant la responsabilit\u00e9 globale de la mise en \u0153uvre r\u00e9ussie du nouveau syst\u00e8me. Il cr\u00e9e la transparence dans le d\u00e9roulement du projet et g\u00e8re tous les prestataires de services externes et les partenaires de d\u00e9ploiement.<\/p><\/div><\/div>      <\/div>\n    <\/div>\n<\/div><\/div><\/div><\/div><div id=\"zw-d67a07b8-40f3-4b4d-b1a1-ef2384dadde5-1\" class=\"single-akkordion-item collapsed\" type=\"button\"\n          data-bs-toggle=\"collapse\" data-bs-target=\"#zw-d67a07b8-40f3-4b4d-b1a1-ef2384dadde5\" aria-expanded=\"false\" aria-controls=\"collapsetwo\"><div class=\"faq-headline-container d-flex no-icon \"><h3 class=\" zw-cgb subheadline faq\"><strong>Directeur du d\u00e9veloppement commercial<\/strong> et de la professionnalisation de l\u2019unit\u00e9 locale pour les filiales \u00e9trang\u00e8res<\/h3><span class=\"atreus-font pfeil-hoch\">d<\/span><span class=\"atreus-font pfeil-runter\">c<\/span><\/div><\/div><div id=\"zw-d67a07b8-40f3-4b4d-b1a1-ef2384dadde5\" class=\"collapse single-akkordion-item mt-0\" data-bs-parent=\"#parent71082\"><div class=\"zw-cgb row akkordionInnerWrapper \"><div  class=\"zw-cgb row  columnmaster020 default-margin \"><div class=\"columnmaster-inner-content g-0\">    <div  class=\"zw-cgb no-image-layout columnblock black-color no-icon   \">\n      <div class=\"zw-cgb zw-cgb-content\">\n\n        <div class=\"column-content\"><div class=\"inner-content\"><h2 class=\" zw-cgb headline h4\">Votre d\u00e9fi<\/h2><p class=\" zw-cgb fulltext \">L\u2019une de vos filiales \u00e0 l\u2019\u00e9tranger se trouve dans une situation \u00e9conomique critique ou pr\u00e9sente des lacunes de comp\u00e9tences. Le lien avec la soci\u00e9t\u00e9 m\u00e8re n\u2019est pas assez fort. Vous manquez de transparence sur le d\u00e9veloppement des affaires ou, sur place, vous n\u2019avez pas l\u2019exp\u00e9rience interculturelle n\u00e9cessaire. Vous devez clarifier les cas de conformit\u00e9, s\u00e9curiser les op\u00e9rations quotidiennes et rassurer vos collaborateurs.<\/p><\/div><\/div>      <\/div>\n    <\/div>\n    <div  class=\"zw-cgb no-image-layout columnblock black-color no-icon   \">\n      <div class=\"zw-cgb zw-cgb-content\">\n\n        <div class=\"column-content\"><div class=\"inner-content\"><h2 class=\" zw-cgb headline h4\">Notre mission<\/h2><p class=\" zw-cgb fulltext \">Nous renfor\u00e7ons votre \u00e9quipe par un manager senior avec une feuille de route internationale solide pour stabiliser rapidement la situation et prendre imm\u00e9diatement la direction de l\u2019entreprise. De cette mani\u00e8re, nous garantissons le maintien de vos activit\u00e9s quotidiennes, des achats aux ventes, et nous nous assurons que votre \u00e9quipe reste motiv\u00e9e.<\/p><\/div><\/div>      <\/div>\n    <\/div>\n    <div  class=\"zw-cgb no-image-layout columnblock black-color no-icon   \">\n      <div class=\"zw-cgb zw-cgb-content\">\n\n        <div class=\"column-content\"><div class=\"inner-content\"><h2 class=\" zw-cgb headline h4\">Votre solution<\/h2><p class=\" zw-cgb fulltext \">Un manager Atreus exp\u00e9riment\u00e9 au niveau international et dot\u00e9 de comp\u00e9tences interculturelles concilie rapidement les d\u00e9fis locaux d\u2019une part et les int\u00e9r\u00eats de la soci\u00e9t\u00e9 m\u00e8re d\u2019autre part. Parall\u00e8lement, il est responsable des affaires courantes, de l\u2019\u00e9lucidation des cas de conformit\u00e9 et de la gestion de projets complexes de croissance ou de restructuration.<\/p><\/div><\/div>      <\/div>\n    <\/div>\n<\/div><\/div><\/div><\/div><div id=\"zw-948f033e-a377-4cc8-b7f5-1c28b36c5f4d-1\" class=\"single-akkordion-item collapsed\" type=\"button\"\n          data-bs-toggle=\"collapse\" data-bs-target=\"#zw-948f033e-a377-4cc8-b7f5-1c28b36c5f4d\" aria-expanded=\"false\" aria-controls=\"collapsetwo\"><div class=\"faq-headline-container d-flex no-icon \"><h3 class=\" zw-cgb subheadline faq\"><strong>Responsable de la transformation dans le domaine des achats <\/strong>en vue d\u2019une r\u00e9organisation ax\u00e9e sur les achats strat\u00e9giques et la gestion des fournisseurs ainsi que sur la professionnalisation des achats d\u2019\u00e9nergie\/de mati\u00e8res premi\u00e8res<\/h3><span class=\"atreus-font pfeil-hoch\">d<\/span><span class=\"atreus-font pfeil-runter\">c<\/span><\/div><\/div><div id=\"zw-948f033e-a377-4cc8-b7f5-1c28b36c5f4d\" class=\"collapse single-akkordion-item mt-0\" data-bs-parent=\"#parent71082\"><div class=\"zw-cgb row akkordionInnerWrapper \"><div  class=\"zw-cgb row  columnmaster020 default-margin \"><div class=\"columnmaster-inner-content g-0\">    <div  class=\"zw-cgb no-image-layout columnblock black-color no-icon   \">\n      <div class=\"zw-cgb zw-cgb-content\">\n\n        <div class=\"column-content\"><div class=\"inner-content\"><h2 class=\" zw-cgb headline h4\">Votre d\u00e9fi<\/h2><p class=\" zw-cgb fulltext \">Vos achats ne sont pas assez strat\u00e9giques et vous manquez de transparence. Compte tenu du faible degr\u00e9 d\u2019automatisation, l\u2019efficacit\u00e9 en p\u00e2tit et les potentiels de r\u00e9duction des co\u00fbts ne sont pas exploit\u00e9s. Il y a un manque de comp\u00e9tences et de gestion des comp\u00e9tences Sur le plan op\u00e9rationnel, vous \u00eates confront\u00e9 \u00e0 des retards de production, \u00e0 un backlog et \u00e0 des probl\u00e8mes de liquidit\u00e9s. La volatilit\u00e9 sur les march\u00e9s des mati\u00e8res premi\u00e8res n\u2019est pas abord\u00e9e de mani\u00e8re anticipative.<\/p><\/div><\/div>      <\/div>\n    <\/div>\n    <div  class=\"zw-cgb no-image-layout columnblock black-color no-icon   \">\n      <div class=\"zw-cgb zw-cgb-content\">\n\n        <div class=\"column-content\"><div class=\"inner-content\"><h2 class=\" zw-cgb headline h4\">Notre mission<\/h2><p class=\" zw-cgb fulltext \">Nous mettons \u00e0 votre disposition une ressource exp\u00e9riment\u00e9e pour des t\u00e2ches de projet ou de ligne dans le domaine des achats, qui apporte les meilleures pratiques d\u2019autres secteurs et qui professionnalise ou r\u00e9oriente vos achats. En cons\u00e9quence, nous obtenons pour vous de nouvelles voies d\u2019approvisionnement et de nouvelles cha\u00eenes d\u2019approvisionnement en tenant compte de la qualit\u00e9, du respect des d\u00e9lais de livraison et des co\u00fbts, ainsi que des processus optimis\u00e9s.<\/p><\/div><\/div>      <\/div>\n    <\/div>\n    <div  class=\"zw-cgb no-image-layout columnblock black-color no-icon   \">\n      <div class=\"zw-cgb zw-cgb-content\">\n\n        <div class=\"column-content\"><div class=\"inner-content\"><h2 class=\" zw-cgb headline h4\">Votre solution<\/h2><p class=\" zw-cgb fulltext \">Un manager de transformation approuv\u00e9 par Atreus est responsable de la r\u00e9orientation de vos achats en tenant compte de toutes les interfaces. Il met en \u0153uvre des programmes de r\u00e9duction des co\u00fbts, num\u00e9rise ou optimise les processus d\u2019achat et assure la disponibilit\u00e9 des mat\u00e9riaux afin d\u2019augmenter sensiblement le taux de livraison \u00e0 temps et la satisfaction des clients. En outre, il provoque un changement de culture ainsi qu\u2019un alignement avec le directeur financier et les affaires.<\/p><\/div><\/div>      <\/div>\n    <\/div>\n<\/div><\/div><\/div><\/div><div id=\"zw-c7af5c98-094b-415d-a22a-a6877b473a96-1\" class=\"single-akkordion-item collapsed\" type=\"button\"\n          data-bs-toggle=\"collapse\" data-bs-target=\"#zw-c7af5c98-094b-415d-a22a-a6877b473a96\" aria-expanded=\"false\" aria-controls=\"collapsetwo\"><div class=\"faq-headline-container d-flex no-icon \"><h3 class=\" zw-cgb subheadline faq\"><strong>Responsable de la transformation de la cha\u00eene d\u2019approvisionnement<\/strong> pour l\u2019optimisation des cha\u00eenes d\u2019approvisionnement et la garantie d\u2019une cha\u00eene d\u2019approvisionnement de bout en bout dans le cadre de projets<\/h3><span class=\"atreus-font pfeil-hoch\">d<\/span><span class=\"atreus-font pfeil-runter\">c<\/span><\/div><\/div><div id=\"zw-c7af5c98-094b-415d-a22a-a6877b473a96\" class=\"collapse single-akkordion-item mt-0\" data-bs-parent=\"#parent71082\"><div class=\"zw-cgb row akkordionInnerWrapper \"><div  class=\"zw-cgb row  columnmaster020 default-margin \"><div class=\"columnmaster-inner-content g-0\">    <div  class=\"zw-cgb no-image-layout columnblock black-color no-icon   \">\n      <div class=\"zw-cgb zw-cgb-content\">\n\n        <div class=\"column-content\"><div class=\"inner-content\"><h2 class=\" zw-cgb headline h4\">Votre d\u00e9fi<\/h2><p class=\" zw-cgb fulltext \">Le manque de transparence dans votre cha\u00eene d\u2019approvisionnement entra\u00eene des risques croissants et des ruptures d\u2019approvisionnement. Les co\u00fbts augmentent, les accords contractuels font d\u00e9faut, les processus sont manuels et manquent de transparence. Les cha\u00eenes d\u2019approvisionnement internationales ne sont pas suffisamment g\u00e9r\u00e9es. L\u2019imbrication entre la vente, la cha\u00eene d\u2019approvisionnement, les op\u00e9rations, les achats et le contr\u00f4le de gestion laisse \u00e9galement \u00e0 d\u00e9sirer.<\/p><\/div><\/div>      <\/div>\n    <\/div>\n    <div  class=\"zw-cgb no-image-layout columnblock black-color no-icon   \">\n      <div class=\"zw-cgb zw-cgb-content\">\n\n        <div class=\"column-content\"><div class=\"inner-content\"><h2 class=\" zw-cgb headline h4\">Notre mission<\/h2><p class=\" zw-cgb fulltext \">Nous renfor\u00e7ons votre \u00e9quipe avec la ressource parfaite pour optimiser votre processus de planification des op\u00e9rations et des ventes et garantir ainsi la repr\u00e9sentation sans erreur d\u2019un processus de cha\u00eene d\u2019approvisionnement continu. Nous assurons notamment la planification quotidienne des flux de mati\u00e8res sur l\u2019ensemble de la cha\u00eene de valeur, la r\u00e9alisation d\u2019analyses \u00ab&nbsp;achat-fabrication&nbsp;\u00bb et de programmes de r\u00e9duction des co\u00fbts ainsi que l\u2019optimisation de l\u2019ensemble de la logistique.<\/p><\/div><\/div>      <\/div>\n    <\/div>\n    <div  class=\"zw-cgb no-image-layout columnblock black-color no-icon   \">\n      <div class=\"zw-cgb zw-cgb-content\">\n\n        <div class=\"column-content\"><div class=\"inner-content\"><h2 class=\" zw-cgb headline h4\">Votre solution<\/h2><p class=\" zw-cgb fulltext \">Le manager SCM approuv\u00e9 par Atreus est responsable de l\u2019optimisation des temps de passage sur la base d\u2019un processus de planification du c\u00f4t\u00e9 de la distribution, de la production et des achats. Il augmente la satisfaction des clients gr\u00e2ce \u00e0 des livraisons respectueuses des d\u00e9lais et \u00e9conomise des co\u00fbts gr\u00e2ce \u00e0 des effets de regroupement ou \u00e0 l\u2019externalisation de la cr\u00e9ation de valeur (achat-fabrication). Il num\u00e9rise les processus dans l\u2019ERP, l\u2019EDI, l\u2019e-procurement et les plateformes \u00e9lectroniques, offrant ainsi aux clients une transparence au jour le jour. Dans le m\u00eame temps, il minimise le risque de goulots d\u2019\u00e9tranglement dans les livraisons et de pannes.<\/p><\/div><\/div>      <\/div>\n    <\/div>\n<\/div><\/div><\/div><\/div><div id=\"zw-5ad2039c-a76a-46e3-bddc-dc643150392e-1\" class=\"single-akkordion-item collapsed\" type=\"button\"\n          data-bs-toggle=\"collapse\" data-bs-target=\"#zw-5ad2039c-a76a-46e3-bddc-dc643150392e\" aria-expanded=\"false\" aria-controls=\"collapsetwo\"><div class=\"faq-headline-container d-flex no-icon \"><h3 class=\" zw-cgb subheadline faq\"><strong>Relier les fonctions op\u00e9rationnelles critiques <\/strong>tout au long de la cha\u00eene de valeur<\/h3><span class=\"atreus-font pfeil-hoch\">d<\/span><span class=\"atreus-font pfeil-runter\">c<\/span><\/div><\/div><div id=\"zw-5ad2039c-a76a-46e3-bddc-dc643150392e\" class=\"collapse single-akkordion-item mt-0\" data-bs-parent=\"#parent71082\"><div class=\"zw-cgb row akkordionInnerWrapper \"><div  class=\"zw-cgb row  columnmaster020 default-margin \"><div class=\"columnmaster-inner-content g-0\">    <div  class=\"zw-cgb no-image-layout columnblock black-color no-icon   \">\n      <div class=\"zw-cgb zw-cgb-content\">\n\n        <div class=\"column-content\"><div class=\"inner-content\"><h2 class=\" zw-cgb headline h4\">Votre d\u00e9fi<\/h2><p class=\" zw-cgb fulltext \">Vous \u00eates confront\u00e9 \u00e0 une p\u00e9nurie de personnel au niveau de la direction ou dans des fonctions de gestion essentielles. Des projets essentiels ne peuvent pas \u00eatre g\u00e9r\u00e9s en raison d\u2019un manque de comp\u00e9tences.<\/p><\/div><\/div>      <\/div>\n    <\/div>\n    <div  class=\"zw-cgb no-image-layout columnblock black-color no-icon   \">\n      <div class=\"zw-cgb zw-cgb-content\">\n\n        <div class=\"column-content\"><div class=\"inner-content\"><h2 class=\" zw-cgb headline h4\">Notre mission<\/h2><p class=\" zw-cgb fulltext \">Nous renfor\u00e7ons votre \u00e9quipe avec la ressource parfaitement adapt\u00e9e qui garantit que les fonctions op\u00e9rationnelles critiques de votre entreprise sont g\u00e9r\u00e9es avec comp\u00e9tence tout au long de la cha\u00eene de cr\u00e9ation de valeur.<\/p><\/div><\/div>      <\/div>\n    <\/div>\n    <div  class=\"zw-cgb no-image-layout columnblock black-color no-icon   \">\n      <div class=\"zw-cgb zw-cgb-content\">\n\n        <div class=\"column-content\"><div class=\"inner-content\"><h2 class=\" zw-cgb headline h4\">Votre solution<\/h2><p class=\" zw-cgb fulltext \">Les managers de transition du r\u00e9seau Atreus sont rapidement disponibles pour pallier les absences. Ils aident \u00e0 stabiliser vos \u00e9quipes, apportent un pr\u00e9cieux savoir-faire \u00e0 votre organisation et font progresser la professionnalisation de leur domaine de mani\u00e8re ax\u00e9e sur la mise en \u0153uvre. Gr\u00e2ce \u00e0 leur exp\u00e9rience, ils n\u2019ont gu\u00e8re besoin d\u2019\u00eatre form\u00e9s et ne suivent pas l\u2019agenda politique de votre entreprise.<\/p><\/div><\/div>      <\/div>\n    <\/div>\n<\/div><\/div><\/div><\/div><\/div><\/div><\/div>\n\n\n<div style=\"height:100px\" aria-hidden=\"true\" class=\"wp-block-spacer\"><\/div>\n\n\n\n    <div  class=\"zw-cgb  latestPosts default-margin \">\n      <div class=\"row zw-cgb-content\">\n        \n      <div  class=\"zw-cgb latestPostsContent px-0 col-12 publication content-2-3  show-featured-image \">\n\n\n        <div class=\"image-container single-featured\"><a href = \"https:\/\/www.atreus.de\/fr\/publication\/etude-de-cas\/directeur-des-operations-chez-un-developpeur-de-projets-et-exploitant-dinstallations-h2-vertes\/\"><span class=\"copyright-image\">\u00a9lovelyday12 \u2013 stock.adobe.com<\/span><img decoding=\"async\" loading=\"lazy\" alt=\"atreus_\" src=\"https:\/\/www.atreus.de\/wp-content\/uploads\/2022\/03\/teaser-img-fuer-2-und-3-spalter-03-6.jpg\" srcset=\"https:\/\/www.atreus.de\/wp-content\/uploads\/2022\/03\/teaser-img-fuer-2-und-3-spalter-03-6.jpg 823w, https:\/\/www.atreus.de\/wp-content\/uploads\/2022\/03\/teaser-img-fuer-2-und-3-spalter-03-6-768x578.jpg 768w, https:\/\/www.atreus.de\/wp-content\/uploads\/2022\/03\/teaser-img-fuer-2-und-3-spalter-03-6-480x361.jpg 480w\" sizes=\"(max-width: 1024px) 100vw, 1024px\" style=\"aspect-ratio:823\/619 !important\" title=\"atreus_\"><\/a><\/div><div class=\"image-container double-featured\"><a href = \"https:\/\/www.atreus.de\/fr\/publication\/etude-de-cas\/directeur-des-operations-chez-un-developpeur-de-projets-et-exploitant-dinstallations-h2-vertes\/\"><span class=\"copyright-image\">\u00a9lovelyday12 \u2013 stock.adobe.com<\/span><img decoding=\"async\" loading=\"lazy\" alt=\"atreus_\" src=\"https:\/\/www.atreus.de\/wp-content\/uploads\/2022\/03\/teaser-img-60zu30-03-6.jpg\" srcset=\"https:\/\/www.atreus.de\/wp-content\/uploads\/2022\/03\/teaser-img-60zu30-03-6.jpg 1098w, https:\/\/www.atreus.de\/wp-content\/uploads\/2022\/03\/teaser-img-60zu30-03-6-768x288.jpg 768w, https:\/\/www.atreus.de\/wp-content\/uploads\/2022\/03\/teaser-img-60zu30-03-6-1024x384.jpg 1024w, https:\/\/www.atreus.de\/wp-content\/uploads\/2022\/03\/teaser-img-60zu30-03-6-480x180.jpg 480w\" sizes=\"(max-width: 1024px) 100vw, 1024px\" style=\"aspect-ratio:1098\/412 !important\" title=\"atreus_\"><\/a><\/div>        <div class=\"content-container has-excerpt posttype-publication blue-400 white-color\">\n          <div class=\"preheadline-container parent-has-padding\"><p class=\"zw-cgb preheadline\">\u00c9tude de cas<\/p><\/div><a href = \"https:\/\/www.atreus.de\/fr\/publication\/etude-de-cas\/directeur-des-operations-chez-un-developpeur-de-projets-et-exploitant-dinstallations-h2-vertes\/\"><h2 class=\" zw-cgb headline\">Directeur des op\u00e9rations chez un d\u00e9veloppeur de projets et exploitant d\u2019installations H2 vertes<\/h2><\/a><p class=\" zw-cgb fulltext\">Un manager d\u2019Atreus, dans le r\u00f4le du directeur des op\u00e9rations, est responsable de la garantie du financement pour le projet PID. En outre, il identifie et conclut des partenariats avec les acteurs cl\u00e9s et met en place des structures rudimentaires.<\/p><div class=\"zw-cgb zw-cgb-button-container \"><a href=\"https:\/\/www.atreus.de\/fr\/publication\/etude-de-cas\/directeur-des-operations-chez-un-developpeur-de-projets-et-exploitant-dinstallations-h2-vertes\/\" class=\"zw-cgb btn btn-primary \">Lire la suite<\/a><\/div>        <\/div>\n            <\/div>\n      <div class=\"zw-spacer px-0\"><\/div>\n        <\/div>\n    <\/div>\n\n\n\n\n    <div  class=\"zw-cgb  textblock black-color zw-content-pos-center  default-margin \">\n      <div class=\"row\">\n        <div class=\"zw-cgb-content col-12 g-0\">\n          <h2 class=\"zw-cgb headline \"><strong>Th\u00e8mes de la branche<\/strong> <\/h2><div class=\"zw-cgb unspecified\"><div  class=\"zw-cgb row  columnmaster025 default-margin \"><div class=\"columnmaster-inner-content\">    <div  class=\"zw-cgb no-image-layout columnblock25 black-color no-icon \">\n      <div class=\"zw-cgb zw-cgb-content\">\n\n        <div class=\"column-content text-center\"><div class=\"inner-content\"><ul class=\"zw-cgb-ul fulltext \"><li class=\"\"><strong>Tournant \u00e9nerg\u00e9tique<\/strong><\/li><li class=\"\"><strong>Couplage de secteurs<\/strong><\/li><li class=\"\"><strong>D\u00e9veloppement durable<\/strong><\/li><li class=\"\"><strong>Industrie<\/strong><br>Production<sub> neutre en CO2<\/sub>, chaleur r\u00e9siduelle, centrales (virtuelles) et stockage <\/li><li class=\"\"><strong>Logement, b\u00e2timent<\/strong><br>Efficacit\u00e9 \u00e9nerg\u00e9tique, r\u00e9novation, approvisionnement en chaleur<\/li><li class=\"\"><strong>Solutions de quartier<\/strong><br>Mod\u00e8les op\u00e9rationnels, gestion de l\u2019\u00e9nergie, centrales \u00e9lectriques (virtuelles) et stockage<\/li><\/ul><\/div><\/div>      <\/div>\n    <\/div>\n    <div  class=\"zw-cgb no-image-layout columnblock25 black-color no-icon \">\n      <div class=\"zw-cgb zw-cgb-content\">\n\n        <div class=\"column-content text-center\"><div class=\"inner-content\"><ul class=\"zw-cgb-ul fulltext \"><li class=\"\"><strong>Maison intelligente<\/strong> <br>D\u00e9ploiement de compteurs intelligents, gestion de l\u2019\u00e9nergie, production et stockage, solutions t\u00e9l\u00e9communication et donn\u00e9es <\/li><li class=\"\"><strong>Mobilit\u00e9 \u00e9lectrique<\/strong> <br>Mod\u00e8les commerciaux, infrastructure et gestion de la recharge, utilisation du stockage, int\u00e9gration Vehicle2Grid <\/li><li class=\"\"><strong>Hydrog\u00e8ne<\/strong><br>Infrastructure et applications<\/li><li class=\"\"><strong>R\u00e9seaux intelligents<\/strong><br>Pr\u00e9visions, contr\u00f4le intelligent, r\u00e9seau \u00e9lectrique intelligent, utilisation flexible <\/li><\/ul><\/div><\/div>      <\/div>\n    <\/div>\n<\/div><\/div><\/div>        <\/div>\n      <\/div>\n    <\/div>\n\n\n\n\n\n<div  class=\"zw-cgb  sidebarblock default-margin \">\r\n      <div class=\"row\">\r\n        \r\n\t\t<div class=\"zw-cgb global-widget left  black-color  no-margin\">\r\n\t\t\t\t\t\t\t<div class=\"bg-img-container\">\r\n\t\t\t\t\t<img decoding=\"async\" loading=\"lazy\" width=\"1920\" height=\"720\" src=\"https:\/\/www.atreus.de\/wp-content\/uploads\/2022\/03\/widget-achiever-02.jpg\" style=\"aspect-ratio:1920\/720 !important\" alt=\"atreus_\" title=\"atreus_\">\t\t\t\t<\/div>\r\n\t\t\t\t\t\t<div class=\"inner-container bg-white\">\r\n\t\t\t\t      <div class=\"headlinetwo-container\">\r\n\t\t<p class=\"zw-cgb headline two\">Haute priorit\u00e9 : \u00abStorm Proof Achiever\u00bb<\/p>\r\n\t  <\/div> \t\t\t\t<div class=\"widget-content fulltext\">\r\n\r\n\t\t\t\t\t\t<p><span class=\"TextRun SCXW243371905 BCX8\" lang=\"FR-FR\" xml:lang=\"FR-FR\" data-contrast=\"auto\"><span class=\"NormalTextRun SCXW243371905 BCX8\">Il n<\/span><span class=\"NormalTextRun SCXW243371905 BCX8\">\u2019<\/span><span class=\"NormalTextRun SCXW243371905 BCX8\">y a que chez Atreus ! Nous fournissons rapidement et avec pr\u00e9cision la ressource <\/span><span class=\"NormalTextRun SCXW243371905 BCX8\">de transition<\/span><span class=\"NormalTextRun SCXW243371905 BCX8\"> parfaite pour le projet dont la r\u00e9ussite est d\u00e9cisive pour le succ\u00e8s continu de votre entreprise.<\/span><\/span><span class=\"EOP SCXW243371905 BCX8\" data-ccp-props=\"{\">\u00a0<\/span><\/p>\n\r\n\r\n\t\t\t\t<\/div>\r\n\t\t\t\t\t\t\t\t\r\n\t\t\t\t<div class=\"zw-cgb zw-cgb-button-container\">\r\n\t\t\t\t\t<a href=\"https:\/\/www.atreus.de\/fr\/contact\/\" class=\"zw-cgb btn btn-primary\">Entretien personnel<\/a>\r\n\t\t\t\t<\/div>\r\n\t\t\t\t\t\t\t<\/div>\r\n\t\t<\/div>\r\n\t<\/div><\/div>    \n\n    <div  class=\"zw-cgb  change-padding  infoblock default-margin black-color  \">\n      <div class=\" row\">\n        <div class=\"zw-cgb-content has-padding col-12\">\n          <div class=\"preheadline-container parent-has-padding\"><h4 class=\" zw-cgb preheadline ' .  . '\">T\u00e9moignage Manager<\/h4><\/div><div class=\"inner-content parent-has-padding\"><div class=\"link-container\"><\/div><\/div>        <\/div>\n      <\/div>\n    <\/div>\n\n\n\r\n    <div  class=\"zw-cgb  extern-zitat-style  zitat-block black-color custom-margin custom-padding \">\r\n      <div class=\"row zitat-row\">\r\n        <div class=\" image-container g-0 order-1  col-menu-5 col-12 \">\r\n                    <div class=\"img-with-gradient\">\r\n\r\n            <span class=\"copyright-image\"><\/span><img decoding=\"async\" class=\"responsive-img\" loading=\"lazy\" alt=\"atreus_\" src=\"https:\/\/www.atreus.de\/wp-content\/uploads\/2022\/04\/reh-da.png\" srcset=\"https:\/\/www.atreus.de\/wp-content\/uploads\/2022\/04\/reh-da.png 555w, https:\/\/www.atreus.de\/wp-content\/uploads\/2022\/04\/reh-da-480x640.png 480w\" sizes=\"(max-width: 1024px) 100vw, 1024px\" style=\"aspect-ratio:555\/740 !important\" title=\"atreus_\">            <div class=\"linear-gradient-container\"><\/div>\r\n          <\/div>\r\n\r\n\r\n\r\n          <div class=\"zitat-img-text-container\"><div class=\"zitat-name-container fulltext\"><span>Dagmar Rehm<\/span><\/div><div class=\"zitat-discription-container fulltext\"><span>Manager Atreus<\/span><\/div><\/div>                  <\/div>\r\n        <div class=\"g-0 zitat-text-container order-2 col-menu-7 col-12 \">\r\n          <div class=\"zitat-text\"><span class=\"zitat-start-icon atreus-font\">D<\/span><p class=\"zw-cgb fulltext\">\u201eC\u2019est toujours un plaisir de travailler avec Atreus sur des mandats essentiels, entre autres pour des clients importants dans le secteur de l\u2019\u00e9nergie. Pour moi, la professionnalisation de la finance est toujours au premier plan&nbsp;: cr\u00e9er de la transparence pour la gestion des affaires, \u00eatre un v\u00e9ritable partenaire pour le PDG dans les d\u00e9cisions essentielles, atteindre l\u2019excellence dans les processus financiers et avoir une \u00e9quipe motiv\u00e9e.\u201c<\/p><\/div>                  <\/div>\r\n\r\n      <\/div>\r\n    <\/div>\r\n\n\n\n<div style=\"height:100px\" aria-hidden=\"true\" class=\"wp-block-spacer\"><\/div>\n\n\n<div  class=\"zw-cgb  sidebarblock default-margin \">\r\n      <div class=\"row\">\r\n        \r\n\t\t<div class=\"zw-cgb global-widget right  black-color  no-margin\">\r\n\t\t\t\t\t\t\t<div class=\"bg-img-container\">\r\n\t\t\t\t\t<img decoding=\"async\" loading=\"lazy\" width=\"1270\" height=\"714\" src=\"https:\/\/www.atreus.de\/wp-content\/uploads\/2026\/04\/heidrick-HC-BB-DE.jpg\" style=\"aspect-ratio:1270\/714 !important\" alt=\"atreus_\" title=\"atreus_\">\t\t\t\t<\/div>\r\n\t\t\t\t\t\t<div class=\"inner-container bg-white\">\r\n\t\t\t\t      <div class=\"headlinetwo-container\">\r\n\t\t<p class=\"zw-cgb headline two\">ATREUS \u2013 UNE EXCELLENCE R\u00c9COMPENS\u00c9E<\/p>\r\n\t  <\/div> \t\t\t\t<div class=\"widget-content fulltext\">\r\n\r\n\t\t\t\t\t\t<p>&nbsp;<\/p>\n<p>En mati\u00e8re de management de transition, Atreus est aujourd\u2019hui le num\u00e9ro 1 incontest\u00e9. Nous devons cette position de chef de file \u00e0 la confiance de nos clients, qui confirment en permanence notre qualit\u00e9 et notre capacit\u00e9 de mise en \u0153uvre en nous attribuant les meilleures notes.<\/p>\n<p>&nbsp;<\/p>\n<p>Atreus a \u00e9t\u00e9 r\u00e9compens\u00e9 \u00e0 plusieurs reprises, notamment comme \u00ab Champion cach\u00e9 \u00bb, \u00ab Meilleur conseiller en entreprise \u00bb, \u00ab Meilleur cabinet de conseil Handelsblatt \u00bb, \u00ab Top Consultant \u00bb et \u00ab Meilleur consultant en entreprise Focus \u00bb. Nous sommes dot\u00e9s d\u2019un large \u00e9ventail d\u2019expertise, de l&#8217;automobile et des \u00e9quipementiers, les biens de consommation, la chimie et la pharmacie, le commerce (y compris le commerce \u00e9lectronique), la construction de machines et d\u2019installations, l&#8217;\u00e9nergie et l&#8217;environnement, la finance et la gestion des risques, l&#8217;industrie chimique et pharmaceutique les sciences de la vie et les services de sant\u00e9 en passant par les disciplines cl\u00e9s telles que l&#8217;am\u00e9lioration de la performance, le conseil en informatique et la mise en \u0153uvre informatique, le conseil en ressources humaines, la gestion des op\u00e9rations, la gestion du changement, le management de la transformation, la num\u00e9risation et la restructuration.<\/p>\n\r\n\r\n\t\t\t\t<\/div>\r\n\t\t\t\t\t\t\t\t\r\n\t\t\t\t<div class=\"zw-cgb zw-cgb-button-container\">\r\n\t\t\t\t\t<a href=\"https:\/\/www.atreus.de\/fr\/contact\/\" class=\"zw-cgb btn btn-primary\">SENTEZ NOTRE EXCELLENCE DE PREMI\u00c8RE MAIN<\/a>\r\n\t\t\t\t<\/div>\r\n\t\t\t\t\t\t\t<\/div>\r\n\t\t<\/div>\r\n\t<\/div><\/div>    \n\n    <div  class=\"zw-cgb  change-padding  infoblock default-margin black-color  \">\n      <div class=\" row\">\n        <div class=\"zw-cgb-content has-padding col-12\">\n          <div class=\"preheadline-container parent-has-padding\"><h4 class=\" zw-cgb preheadline ' .  . '\">D\u00e9clarations d\u2019un conseiller Atreus<\/h4><\/div><div class=\"inner-content parent-has-padding\"><div class=\"link-container\"><\/div><\/div>        <\/div>\n      <\/div>\n    <\/div>\n\n\n\r\n    <div  class=\"zw-cgb  intern-zitat-style  zitat-block black-color default-margin default-padding \">\r\n      <div class=\"row zitat-row\">\r\n        <div class=\" image-container g-0 order-1 order-lg-2  col-menu-5 col-12 \">\r\n          <a href=\"https:\/\/www.atreus.de\/fr\/?post_type=team&#038;p=500763\">          <div class=\"img-with-gradient\">\r\n\r\n            <span class=\"copyright-image\"><\/span><img decoding=\"async\" loading=\"lazy\" alt=\"atreus_\" src=\"https:\/\/www.atreus.de\/wp-content\/uploads\/2022\/03\/sta-kl.png\" srcset=\"https:\/\/www.atreus.de\/wp-content\/uploads\/2022\/03\/sta-kl.png 555w, https:\/\/www.atreus.de\/wp-content\/uploads\/2022\/03\/sta-kl-150x150.png 150w, https:\/\/www.atreus.de\/wp-content\/uploads\/2022\/03\/sta-kl-480x480.png 480w\" sizes=\"(max-width: 1024px) 100vw, 1024px\" style=\"aspect-ratio:555\/555 !important\" title=\"atreus_\">            <div class=\"linear-gradient-container\"><\/div>\r\n          <\/div>\r\n\r\n\r\n\r\n          <div class=\"zitat-img-text-container\"><div class=\"zitat-name-container fulltext\"><span>Klaus  Stahlmann<\/span><\/div><div class=\"zitat-discription-container fulltext\"><span>Conseiller\r\n<\/span><\/div><\/div>          <\/a>        <\/div>\r\n        <div class=\"g-0 zitat-text-container order-2 order-lg-1 col-menu-7 col-12 \">\r\n          <div class=\"zitat-text\"><span class=\"zitat-start-icon atreus-font\">D<\/span><p class=\"zw-cgb fulltext\">\u201eTrouver les bons acteurs pour chaque situation, g\u00e9n\u00e9ralement critique, c\u2019est ce qui fait la force d\u2019Atreus. Atreus r\u00e9sout des t\u00e2ches de gestion exigeantes dans des phases de changement, fournit des sparring-partners comp\u00e9tents et des donneurs d\u2019impulsions pour le march\u00e9 des biens d\u2019investissement qui, comme peu d\u2019autres, sera confront\u00e9 \u00e0 des t\u00e2ches importantes dans les ann\u00e9es \u00e0 venir pour adapter son offre de produits \u00e0 la durabilit\u00e9 et \u00e0 la neutralit\u00e9 climatique.\u201c<\/p><\/div>                  <\/div>\r\n\r\n      <\/div>\r\n    <\/div>\r\n\n\n\r\n    <div  class=\"zw-cgb  intern-zitat-style  zitat-block black-color custom-margin custom-padding \">\r\n      <div class=\"row zitat-row\">\r\n        <div class=\" image-container g-0 order-1  col-menu-5 col-12 \">\r\n          <a href=\"https:\/\/www.atreus.de\/fr\/equipe\/hans-georg-krabbe\/\">          <div class=\"img-with-gradient\">\r\n\r\n            <span class=\"copyright-image\"><\/span><img decoding=\"async\" loading=\"lazy\" alt=\"atreus_\" src=\"https:\/\/www.atreus.de\/wp-content\/uploads\/2022\/03\/kra-ha-ge.png\" srcset=\"https:\/\/www.atreus.de\/wp-content\/uploads\/2022\/03\/kra-ha-ge.png 555w, https:\/\/www.atreus.de\/wp-content\/uploads\/2022\/03\/kra-ha-ge-150x150.png 150w, https:\/\/www.atreus.de\/wp-content\/uploads\/2022\/03\/kra-ha-ge-480x480.png 480w\" sizes=\"(max-width: 1024px) 100vw, 1024px\" style=\"aspect-ratio:555\/555 !important\" title=\"atreus_\">            <div class=\"linear-gradient-container\"><\/div>\r\n          <\/div>\r\n\r\n\r\n\r\n          <div class=\"zitat-img-text-container\"><div class=\"zitat-name-container fulltext\"><span>Hans-Georg Krabbe<\/span><\/div><div class=\"zitat-discription-container fulltext\"><span>Conseiller\r\n<\/span><\/div><\/div>          <\/a>        <\/div>\r\n        <div class=\"g-0 zitat-text-container order-2 col-menu-7 col-12 \">\r\n          <div class=\"zitat-text\"><span class=\"zitat-start-icon atreus-font\">D<\/span><p class=\"zw-cgb fulltext\">\u201eAvec plus de 30 ans d\u2019exp\u00e9rience en management international, je sais \u00e0 quel point l\u2019\u00eatre humain est critique pour le succ\u00e8s, \u00e0 quel point il est pr\u00e9cieux. C\u2019est pourquoi la collaboration avec Atreus est si fructueuse&nbsp;: ils apportent rapidement un soutien d\u2019\u00e9gal \u00e0 \u00e9gal, tant pour les questions urgentes que pour les questions strat\u00e9giques, gr\u00e2ce \u00e0 leur profonde connaissance du domaine et \u00e0 leur exp\u00e9rience des processus de changement.\u201c<\/p><\/div>                  <\/div>\r\n\r\n      <\/div>\r\n    <\/div>\r\n\n\n\n\n\n<div style=\"height:100px\" aria-hidden=\"true\" class=\"wp-block-spacer\"><\/div>\n\n\n\n\n    <div  class=\"zw-cgb    infoblock default-margin black-color  \">\n      <div class=\" row\">\n        <div class=\"zw-cgb-content has-padding col-12\">\n          <div class=\"preheadline-container parent-has-padding\"><h4 class=\" zw-cgb preheadline ' .  . '\">Contact \u00e9nergie et environnement<\/h4><\/div><div class=\"inner-content parent-has-padding\"><p class=\" zw-cgb fulltext \">Tous les membres de notre \u00e9quipe vous conseilleront sur l\u2019occupation par int\u00e9rim des postes de direction. En fonction de son expertise et de son exp\u00e9rience, chaque membre se concentre sur diff\u00e9rents secteurs.<\/p><div class=\"link-container\"><\/div><\/div>        <\/div>\n      <\/div>\n    <\/div>\n\n\n\n    <div  class=\"zw-cgb  team-member black-color default-margin \">\n      <div class=\"zw-cgb-content member-row row\">\n        <div class=\"col-menu-3 col-lg-4 col-md-6 col-12 single-team-member px-0\">            <a href=\"https:\/\/www.atreus.de\/fr\/equipe\/henning-baier\/\">\n\n              <div class=\" image-container g-0\">\n                <div class=\"img-with-gradient zwPortImg\">\n\n                  <img decoding=\"async\" loading=\"lazy\" class=\"zwPortImg\" alt=\"atreus_\" src=\"https:\/\/www.atreus.de\/wp-content\/uploads\/2024\/03\/bai-he-v2.png\" srcset=\"https:\/\/www.atreus.de\/wp-content\/uploads\/2024\/03\/bai-he-v2.png 555w, https:\/\/www.atreus.de\/wp-content\/uploads\/2024\/03\/bai-he-v2-480x600.png 480w\" sizes=\"(max-width: 1024px) 100vw, 1024px\" style=\"aspect-ratio:555\/694 !important\" title=\"atreus_\">                  <div class=\"linear-gradient-container\"><\/div>\n                <\/div>\n\n            <\/a>\n            <div class=\"team-member-content\"><div class=\"team-member-name fulltext\"> <a href=\"https:\/\/www.atreus.de\/fr\/equipe\/henning-baier\/\"><span>Henning Baier<\/span><\/a><\/div><div class=\"team-member-description fulltext\"> <a href=\"https:\/\/www.atreus.de\/fr\/equipe\/henning-baier\/\"><span>Directeur<\/span><\/a><\/div><div class=\"team-member-phone\"><a href=\"tel:+49 89 452249-173\"><span>+49 89 452249-173<\/span><\/a><\/div><div class=\"team-member-icon-container\"><div class=\"team-member-email\"><a class=\"atreus-font\" href=\"mailto:henning.baier@atreus.de\">h<\/a><\/div><div class=\"team-member-linkedin\"><a class=\"atreus-font\" target=\"_blank\" href=\"https:\/\/www.linkedin.com\/in\/henning-baier-5a999b1\/\" rel=\"noopener\">3<\/a><\/div><\/div><\/div>      <\/div>\n\n  <\/div><div class=\"col-menu-3 col-lg-4 col-md-6 col-12 single-team-member px-0\">            <a href=\"https:\/\/www.atreus.de\/fr\/equipe\/thomas-glaser\/\">\n\n              <div class=\" image-container g-0\">\n                <div class=\"img-with-gradient zwPortImg\">\n\n                  <img decoding=\"async\" loading=\"lazy\" class=\"zwPortImg\" alt=\"atreus_\" src=\"https:\/\/www.atreus.de\/wp-content\/uploads\/2023\/07\/gla-th-v3.png\" srcset=\"https:\/\/www.atreus.de\/wp-content\/uploads\/2023\/07\/gla-th-v3.png 555w, https:\/\/www.atreus.de\/wp-content\/uploads\/2023\/07\/gla-th-v3-480x600.png 480w\" sizes=\"(max-width: 1024px) 100vw, 1024px\" style=\"aspect-ratio:555\/694 !important\" title=\"atreus_\">                  <div class=\"linear-gradient-container\"><\/div>\n                <\/div>\n\n            <\/a>\n            <div class=\"team-member-content\"><div class=\"team-member-name fulltext\"> <a href=\"https:\/\/www.atreus.de\/fr\/equipe\/thomas-glaser\/\"><span>Thomas  Gl\u00e4\u1e9eer<\/span><\/a><\/div><div class=\"team-member-description fulltext\"> <a href=\"https:\/\/www.atreus.de\/fr\/equipe\/thomas-glaser\/\"><span>Partenaire et responsable du Solution Group Infrastructure et grands projets<\/span><\/a><\/div><div class=\"team-member-phone\"><a href=\"tel:+49 89 452249-555\"><span>+49 89 452249-555<\/span><\/a><\/div><div class=\"team-member-icon-container\"><div class=\"team-member-email\"><a class=\"atreus-font\" href=\"mailto:thomas.glaesser@atreus.de\">h<\/a><\/div><div class=\"team-member-linkedin\"><a class=\"atreus-font\" target=\"_blank\" href=\"https:\/\/www.linkedin.com\/in\/thomasglaesser\/\" rel=\"noopener\">3<\/a><\/div><\/div><\/div>      <\/div>\n\n  <\/div><div class=\"col-menu-3 col-lg-4 col-md-6 col-12 single-team-member px-0\">            <a href=\"https:\/\/www.atreus.de\/fr\/equipe\/philipp-joas\/\">\n\n              <div class=\" image-container g-0\">\n                <div class=\"img-with-gradient zwPortImg\">\n\n                  <img decoding=\"async\" loading=\"lazy\" class=\"zwPortImg\" alt=\"atreus_\" src=\"https:\/\/www.atreus.de\/wp-content\/uploads\/2025\/10\/joa-ph-v4.png\" srcset=\"https:\/\/www.atreus.de\/wp-content\/uploads\/2025\/10\/joa-ph-v4.png 555w, https:\/\/www.atreus.de\/wp-content\/uploads\/2025\/10\/joa-ph-v4-480x600.png 480w\" sizes=\"(max-width: 1024px) 100vw, 1024px\" style=\"aspect-ratio:555\/694 !important\" title=\"atreus_\">                  <div class=\"linear-gradient-container\"><\/div>\n                <\/div>\n\n            <\/a>\n            <div class=\"team-member-content\"><div class=\"team-member-name fulltext\"> <a href=\"https:\/\/www.atreus.de\/fr\/equipe\/philipp-joas\/\"><span>Philipp Joas<\/span><\/a><\/div><div class=\"team-member-description fulltext\"> <a href=\"https:\/\/www.atreus.de\/fr\/equipe\/philipp-joas\/\"><span>Directeur<\/span><\/a><\/div><div class=\"team-member-phone\"><a href=\"tel:+49 89 452249-004\"><span>+49 89 452249-004<\/span><\/a><\/div><div class=\"team-member-icon-container\"><div class=\"team-member-email\"><a class=\"atreus-font\" href=\"mailto:philipp.joas@atreus.de\">h<\/a><\/div><div class=\"team-member-linkedin\"><a class=\"atreus-font\" target=\"_blank\" href=\"https:\/\/www.linkedin.com\/in\/pjoas\/\" rel=\"noopener\">3<\/a><\/div><\/div><\/div>      <\/div>\n\n  <\/div><div class=\"col-menu-3 col-lg-4 col-md-6 col-12 single-team-member px-0\">            <a href=\"https:\/\/www.atreus.de\/fr\/equipe\/martin-schulz\/\">\n\n              <div class=\" image-container g-0\">\n                <div class=\"img-with-gradient zwPortImg\">\n\n                  <img decoding=\"async\" loading=\"lazy\" class=\"zwPortImg\" alt=\"atreus_\" src=\"https:\/\/www.atreus.de\/wp-content\/uploads\/2023\/07\/sch-ma-v6.png\" srcset=\"https:\/\/www.atreus.de\/wp-content\/uploads\/2023\/07\/sch-ma-v6.png 555w, https:\/\/www.atreus.de\/wp-content\/uploads\/2023\/07\/sch-ma-v6-480x600.png 480w\" sizes=\"(max-width: 1024px) 100vw, 1024px\" style=\"aspect-ratio:555\/694 !important\" title=\"atreus_\">                  <div class=\"linear-gradient-container\"><\/div>\n                <\/div>\n\n            <\/a>\n            <div class=\"team-member-content\"><div class=\"team-member-name fulltext\"> <a href=\"https:\/\/www.atreus.de\/fr\/equipe\/martin-schulz\/\"><span>Martin  Schulz<\/span><\/a><\/div><div class=\"team-member-description fulltext\"> <a href=\"https:\/\/www.atreus.de\/fr\/equipe\/martin-schulz\/\"><span>Partenaire et responsable du Solution Group \u00e9nergie et environnement\r\n<\/span><\/a><\/div><div class=\"team-member-phone\"><a href=\"tel:+49 89 452249-115\"><span>+49 89 452249-115<\/span><\/a><\/div><div class=\"team-member-icon-container\"><div class=\"team-member-email\"><a class=\"atreus-font\" href=\"mailto:Martin.Schulz@atreus.de\">h<\/a><\/div><div class=\"team-member-linkedin\"><a class=\"atreus-font\" target=\"_blank\" href=\"https:\/\/www.linkedin.com\/in\/martinschulz2\/\" rel=\"noopener\">3<\/a><\/div><\/div><\/div>      <\/div>\n\n  <\/div><div class=\"col-menu-3 col-lg-4 col-md-6 col-12 single-team-member px-0\">            <a href=\"https:\/\/www.atreus.de\/fr\/equipe\/juliane-weber\/\">\n\n              <div class=\" image-container g-0\">\n                <div class=\"img-with-gradient zwPortImg\">\n\n                  <img decoding=\"async\" loading=\"lazy\" class=\"zwPortImg\" alt=\"atreus_\" src=\"https:\/\/www.atreus.de\/wp-content\/uploads\/2024\/07\/web-ju.png\" srcset=\"https:\/\/www.atreus.de\/wp-content\/uploads\/2024\/07\/web-ju.png 555w, https:\/\/www.atreus.de\/wp-content\/uploads\/2024\/07\/web-ju-480x600.png 480w\" sizes=\"(max-width: 1024px) 100vw, 1024px\" style=\"aspect-ratio:555\/694 !important\" title=\"atreus_\">                  <div class=\"linear-gradient-container\"><\/div>\n                <\/div>\n\n            <\/a>\n            <div class=\"team-member-content\"><div class=\"team-member-name fulltext\"> <a href=\"https:\/\/www.atreus.de\/fr\/equipe\/juliane-weber\/\"><span>Juliane Weber<\/span><\/a><\/div><div class=\"team-member-description fulltext\"> <a href=\"https:\/\/www.atreus.de\/fr\/equipe\/juliane-weber\/\"><span>Directrice<\/span><\/a><\/div><div class=\"team-member-phone\"><a href=\"tel:+49 89 452249-14\"><span>+49 89 452249-14<\/span><\/a><\/div><div class=\"team-member-icon-container\"><div class=\"team-member-email\"><a class=\"atreus-font\" href=\"mailto:juliane.weber@atreus.de\">h<\/a><\/div><div class=\"team-member-linkedin\"><a class=\"atreus-font\" target=\"_blank\" href=\"https:\/\/www.linkedin.com\/in\/juliane-weber\/\" rel=\"noopener\">3<\/a><\/div><\/div><\/div>      <\/div>\n\n  <\/div>    <\/div>\n    <\/div>\n\n\n\n\n<p><\/p>\n","protected":false},"excerpt":{"rendered":"<div  class=\"zw-cgb header-standard-block  desktop-has-image mobile-has-image default-margin white-color content-left content-down zw-atr-portrait-pos-default zw-atr-landscape-pos-default height-default \">\n<div class=\"row\">\n<div class=\"zw-cgb-content col-12 mx-auto\">\n<div  class=\"header-standard-inner-container\">\n<div class=\"bg-image\"><span class=\"copyright-image d-none d-lg-block\">\u00a9 smspsy \u2013 stock.adobe.com<\/span><img decoding=\"async\" class=\"respnsive-img d-none d-lg-block\" loading=\"lazy\" alt=\"\" src=\"https:\/\/www.atreus.de\/wp-content\/uploads\/2022\/03\/header-energie-umwelt-Energieund_Umwelt.jpg\" srcset=\"https:\/\/www.atreus.de\/wp-content\/uploads\/2022\/03\/header-energie-umwelt-Energieund_Umwelt.jpg 1920w, https:\/\/www.atreus.de\/wp-content\/uploads\/2022\/03\/header-energie-umwelt-Energieund_Umwelt-768x432.jpg 768w, https:\/\/www.atreus.de\/wp-content\/uploads\/2022\/03\/header-energie-umwelt-Energieund_Umwelt-1024x576.jpg 1024w, https:\/\/www.atreus.de\/wp-content\/uploads\/2022\/03\/header-energie-umwelt-Energieund_Umwelt-480x270.jpg 480w, https:\/\/www.atreus.de\/wp-content\/uploads\/2022\/03\/header-energie-umwelt-Energieund_Umwelt-1440x810.jpg 1440w\" sizes=\"(max-width: 1920px) 100vw, 1920px\"style='aspect-ratio:1920\/1080 !important'><span class=\"copyright-image d-lg-none d-block\">\u00a9 smspsy \u2013 stock.adobe.com<\/span><img decoding=\"async\" class=\"responsive-img d-lg-none d-block\" loading=\"lazy\" alt=\"\" src=\"https:\/\/www.atreus.de\/wp-content\/uploads\/2022\/03\/teaser-2u3-sp-Energieund_Umwelt.jpg\" srcset=\"https:\/\/www.atreus.de\/wp-content\/uploads\/2022\/03\/teaser-2u3-sp-Energieund_Umwelt.jpg 823w, https:\/\/www.atreus.de\/wp-content\/uploads\/2022\/03\/teaser-2u3-sp-Energieund_Umwelt-768x578.jpg 768w, https:\/\/www.atreus.de\/wp-content\/uploads\/2022\/03\/teaser-2u3-sp-Energieund_Umwelt-480x361.jpg 480w\" sizes=\"(max-width: 1024px) 100vw, 1024px\"style='aspect-ratio:823\/619 !important'><\/div>\n<div class=\"preheadline-container\">\n<div class=\"zw-breadcrumb-container black-color d-md-down-none\"><\/div>\n<p class=\" zw-cgb preheadline zw-prevent-animation\">Du vert s\u2019il vous pla\u00eet&nbsp;!<\/p>\n<h2 class=\" zw-cgb headline zw-prevent-animation\">\u00c9nergie et environnement<\/h2>\n<\/div>\n<\/div>\n<\/div>\n<\/div>\n<\/div>\n<div class=\"zw-breadcrumb-container black-color d-none d-md-down-block\">\n<nav aria-label=\"breadcrumbs\" class=\"rank-math-breadcrumb\">\n<p><span class=\"label\">c<\/span> <span class=\"last\">Home<\/span><\/p>\n<\/nav>\n<\/div>\n","protected":false},"author":1,"featured_media":4660,"parent":621885,"menu_order":30,"comment_status":"closed","ping_status":"closed","template":"","meta":{"_relevanssi_hide_post":"","_relevanssi_hide_content":"","_relevanssi_pin_for_all":"","_relevanssi_pin_keywords":"","_relevanssi_unpin_keywords":"","_relevanssi_related_keywords":"","_relevanssi_related_include_ids":"","_relevanssi_related_exclude_ids":"","_relevanssi_related_no_append":"","_relevanssi_related_not_related":"","_relevanssi_related_posts":"524345,524369,524337,524329,524314,524328","_relevanssi_noindex_reason":"","_zw_phone_override":"","footnotes":""},"competences":[],"industry-sectors":[700],"class_list":["post-515567","page","type-page","status-publish","has-post-thumbnail","hentry","industry-sectors-energie-et-environnement"],"_links":{"self":[{"href":"https:\/\/www.atreus.de\/fr\/wp-json\/wp\/v2\/pages\/515567","targetHints":{"allow":["GET"]}}],"collection":[{"href":"https:\/\/www.atreus.de\/fr\/wp-json\/wp\/v2\/pages"}],"about":[{"href":"https:\/\/www.atreus.de\/fr\/wp-json\/wp\/v2\/types\/page"}],"author":[{"embeddable":true,"href":"https:\/\/www.atreus.de\/fr\/wp-json\/wp\/v2\/users\/1"}],"replies":[{"embeddable":true,"href":"https:\/\/www.atreus.de\/fr\/wp-json\/wp\/v2\/comments?post=515567"}],"version-history":[{"count":0,"href":"https:\/\/www.atreus.de\/fr\/wp-json\/wp\/v2\/pages\/515567\/revisions"}],"up":[{"embeddable":true,"href":"https:\/\/www.atreus.de\/fr\/wp-json\/wp\/v2\/pages\/621885"}],"wp:featuredmedia":[{"embeddable":true,"href":"https:\/\/www.atreus.de\/fr\/wp-json\/wp\/v2\/media\/4660"}],"wp:attachment":[{"href":"https:\/\/www.atreus.de\/fr\/wp-json\/wp\/v2\/media?parent=515567"}],"wp:term":[{"taxonomy":"competences","embeddable":true,"href":"https:\/\/www.atreus.de\/fr\/wp-json\/wp\/v2\/competences?post=515567"},{"taxonomy":"industry-sectors","embeddable":true,"href":"https:\/\/www.atreus.de\/fr\/wp-json\/wp\/v2\/industry-sectors?post=515567"}],"curies":[{"name":"wp","href":"https:\/\/api.w.org\/{rel}","templated":true}]}}