{"id":515576,"date":"2022-03-01T11:25:32","date_gmt":"2022-03-01T10:25:32","guid":{"rendered":"https:\/\/www.atreus.de\/?page_id=515576"},"modified":"2025-04-24T08:42:50","modified_gmt":"2025-04-24T06:42:50","slug":"missions-internationales","status":"publish","type":"page","link":"https:\/\/www.atreus.de\/fr\/competences\/themes\/missions-internationales\/","title":{"rendered":"Missions internationales"},"content":{"rendered":"<div  class=\"zw-cgb header-standard-block is-first-block desktop-has-image mobile-has-image default-margin white-color content-left content-down zw-atr-portrait-pos-default zw-atr-landscape-pos-default height-default \"><div class=\"row\"><div class=\"zw-cgb-content col-12 mx-auto\"><div  class=\"header-standard-inner-container\"><div class=\"bg-image\"><span class=\"copyright-image d-none d-lg-block\">\u00a9 vegefox.com \u2013 stock.adobe.com<\/span><img decoding=\"async\" class=\"respnsive-img d-none d-lg-block\" loading=\"lazy\" alt=\"Internationale Aufgabenstellungen\" src=\"https:\/\/www.atreus.de\/wp-content\/uploads\/2022\/03\/header-internationale-aufgabenstellungen-Themen-InternationaleAufgabenstellungen.jpg\" srcset=\"https:\/\/www.atreus.de\/wp-content\/uploads\/2022\/03\/header-internationale-aufgabenstellungen-Themen-InternationaleAufgabenstellungen.jpg 1920w, https:\/\/www.atreus.de\/wp-content\/uploads\/2022\/03\/header-internationale-aufgabenstellungen-Themen-InternationaleAufgabenstellungen-768x432.jpg 768w, https:\/\/www.atreus.de\/wp-content\/uploads\/2022\/03\/header-internationale-aufgabenstellungen-Themen-InternationaleAufgabenstellungen-1024x576.jpg 1024w, https:\/\/www.atreus.de\/wp-content\/uploads\/2022\/03\/header-internationale-aufgabenstellungen-Themen-InternationaleAufgabenstellungen-480x270.jpg 480w, https:\/\/www.atreus.de\/wp-content\/uploads\/2022\/03\/header-internationale-aufgabenstellungen-Themen-InternationaleAufgabenstellungen-1440x810.jpg 1440w\" sizes=\"(max-width: 1920px) 100vw, 1920px\" style=\"aspect-ratio:1920\/1080 !important\" title=\"atreus_\"><span class=\"copyright-image d-lg-none d-block\">\u00a9 vegefox.com \u2013 stock.adobe.com<\/span><img decoding=\"async\" class=\"responsive-img d-lg-none d-block\" loading=\"lazy\" alt=\"Internationale Aufgabenstellungen\" src=\"https:\/\/www.atreus.de\/wp-content\/uploads\/2022\/03\/teaser-2u3-sp-Themen-InternationaleAufgabenstellungen.jpg\" srcset=\"https:\/\/www.atreus.de\/wp-content\/uploads\/2022\/03\/teaser-2u3-sp-Themen-InternationaleAufgabenstellungen.jpg 823w, https:\/\/www.atreus.de\/wp-content\/uploads\/2022\/03\/teaser-2u3-sp-Themen-InternationaleAufgabenstellungen-768x578.jpg 768w, https:\/\/www.atreus.de\/wp-content\/uploads\/2022\/03\/teaser-2u3-sp-Themen-InternationaleAufgabenstellungen-480x361.jpg 480w\" sizes=\"(max-width: 1024px) 100vw, 1024px\" style=\"aspect-ratio:823\/619 !important\" title=\"atreus_\"><\/div><div class=\"preheadline-container\"><div class=\"zw-breadcrumb-container black-color d-md-down-none\"><\/div><p class=\" zw-cgb preheadline zw-prevent-animation\">Missions internationales Atreus<\/p><h1 class=\" zw-cgb headline zw-prevent-animation\">Des talents venant de tous les pays \u2014 mettez-vous en r\u00e9seau&nbsp;!<\/h1><\/div><\/div><\/div><\/div><\/div><div class=\"zw-breadcrumb-container black-color d-none d-md-down-block\"><nav aria-label=\"breadcrumbs\" class=\"rank-math-breadcrumb\"><p><span class=\"label\">c<\/span> <span class=\"last\">Home<\/span><\/p><\/nav><\/div>\n\n    <div  class=\"zw-cgb    infoblock default-margin black-color  \">\n      <div class=\" row\">\n        <div class=\"zw-cgb-content has-padding col-12\">\n          <div class=\"inner-content parent-has-padding\"><h3 class=\" zw-cgb headline\">Missions internationales<\/h3><p class=\" zw-cgb fulltext \">Atreus a fait passer le management de transition \u00e0 un niveau sup\u00e9rieur. Et nous l\u2019avons internationalis\u00e9 \u2014 avec une excellence transfrontali\u00e8re. Pr\u00e8s de 30&nbsp;% des projets des clients d\u2019Atreus ont une dimension internationale. L\u2019exp\u00e9rience, la sensibilit\u00e9 culturelle et le savoir-faire linguistique sont une \u00e9vidence pour les managers de notre r\u00e9seau. Quel que soit l\u2019endroit o\u00f9 vous faites des affaires, Atreus est la solution id\u00e9ale lorsqu\u2019il s\u2019agit de trouver des experts capables de s\u2019imposer pour une mission internationale. Qu\u2019il s\u2019agisse de march\u00e9s \u00e9trangers ou de filiales de groupes, les talents d\u2019Atreus fa\u00e7onnent votre succ\u00e8s et fournissent des r\u00e9sultats s\u00fbrs.<\/p><p class=\" zw-cgb fulltext \">Les cadres sup\u00e9rieurs qui limitent leurs d\u00e9placements internationaux en raison de la pand\u00e9mie de Covid-19 ou simplement pour des raisons d\u2019efficacit\u00e9 peuvent compter sur les managers d\u2019Atreus sur place. Rien de plus rassurant que de savoir qu\u2019un membre du r\u00e9seau de managers le plus exclusif au monde met en place et g\u00e8re vos projets avec la plus grande fiabilit\u00e9.<\/p><div class=\"link-container\"><\/div><\/div>        <\/div>\n      <\/div>\n    <\/div>\n\n\n\n    <div  class=\"zw-cgb  latestPosts default-margin \">\n      <div class=\"row zw-cgb-content\">\n              <\/div>\n    <\/div>\n\n\n\n    <div  class=\"zw-cgb    infoblock default-margin black-color  \">\n      <div class=\" row\">\n        <div class=\"zw-cgb-content has-padding col-12\">\n          <div class=\"inner-content parent-has-padding\"><h3 class=\" zw-cgb headline\">LES MANAGERS ATREUS PRENNENT EN CHARGE DES FONCTIONS DE LIGNE DE GRANDS PROJETS INTERNATIONAUX, AUSSI BIEN DANS LA SOCI\u00c9T\u00c9 M\u00c8RE QUE DANS LES FILIALES SUR PLACE.<\/h3><div class=\"link-container\"><\/div><\/div>        <\/div>\n      <\/div>\n    <\/div>\n\n\n\n    <div  class=\"zw-cgb  textblock black-color zw-content-pos-center  default-margin \">\n      <div class=\"row\">\n        <div class=\"zw-cgb-content col-12 g-0\">\n          <h2 class=\"zw-cgb headline \">EXEMPLES DE PROJETS TYPIQUES DE MISSIONS INTERNATIONALES DE MANAGEMENT DE TRANSITION<\/h2><div class=\"zw-cgb unspecified\"><div  class=\"zw-cgb row  columnmaster025 default-margin \"><div class=\"columnmaster-inner-content\">    <div  class=\"zw-cgb no-image-layout columnblock25 black-color no-icon \">\n      <div class=\"zw-cgb zw-cgb-content\">\n\n        <div class=\"column-content text-center\"><div class=\"inner-content\"><ul class=\"zw-cgb-ul fulltext \"><li class=\"\">Lancement et occupation des projets sur les march\u00e9s \u00e9trangers<\/li><li class=\"\">R\u00e9solution des probl\u00e8mes de la cha\u00eene d\u2019approvisionnement sur place sur les march\u00e9s \u00e9trangers et gestion globale de la cha\u00eene d\u2019approvisionnement<\/li><li class=\"\">Restructuration de filiales \u00e9trang\u00e8res<\/li><li class=\"\">R\u00e9orientation et professionnalisation de la fonction financi\u00e8re, notamment pour cr\u00e9er de la transparence<\/li><li class=\"\">Int\u00e9gration de nouvelles filiales dans l\u2019organisation globale de l\u2019entreprise<\/li><li class=\"\">Direction d\u2019une filiale \u00e9trang\u00e8re en tant que Directeur g\u00e9n\u00e9ral<\/li><li class=\"\">Responsabilit\u00e9 fonctionnelle dans une filiale, par exemple en tant que directeur financier ou directeur g\u00e9n\u00e9ral<\/li><\/ul><\/div><\/div>      <\/div>\n    <\/div>\n    <div  class=\"zw-cgb no-image-layout columnblock25 black-color no-icon \">\n      <div class=\"zw-cgb zw-cgb-content\">\n\n        <div class=\"column-content text-center\"><div class=\"inner-content\"><ul class=\"zw-cgb-ul fulltext \"><li class=\"\">Chef de projet pour les d\u00e9localisations ou pour la mise en place d\u2019une production<\/li><li class=\"\">Gestion du d\u00e9marrage<\/li><li class=\"\">Chef de projet pour la mise en place d\u2019un syst\u00e8me op\u00e9ratoire international S&amp;OP<\/li><li class=\"\">Gestion de programmes internationaux<\/li><li class=\"\">Responsable du d\u00e9ploiement des syst\u00e8mes informatiques<\/li><li class=\"\">D\u00e9ploiement d\u2019un syst\u00e8me de gestion utilis\u00e9 au sein du groupe<\/li><\/ul><\/div><\/div>      <\/div>\n    <\/div>\n<\/div><\/div><\/div>        <\/div>\n      <\/div>\n    <\/div>\n\n\n\n\n<div style=\"height:100px\" aria-hidden=\"true\" class=\"wp-block-spacer\"><\/div>\n\n\n<div id=\"parent97124\"class=\"zw-cgb halb-halb-headline-text-block-135 default-margin \"><div class=\"row\">    <!--  block -->\n    <div class=\"half-content has-padding col-lg-6 col-12 leftBlock order-1  black-color no-icon has-headline \"><div class=\"icon-container\"><h2 class=\" zw-cgb headline\">ATREUS EST UNE ENTREPRISE DE HEIDRICK &amp; STRUGGLES<\/h2><\/div><div class=\"content-container\"><div class=\"inner-content parent-has-padding\"><p class=\" zw-cgb fulltext \">Notre r\u00e9seau mondial rassemble plus de 100 000 experts hautement performants, dont le CV comprend principalement des postes de direction dans la hi\u00e9rarchie de l&#8217;entreprise ou des responsabilit\u00e9s de haut niveau dans la gestion de projets et de programmes.<\/p><div class=\"link-container\"><\/div><\/div><\/div><\/div>    <!--  block -->\n    <div class=\"half-content has-padding col-lg-6 col-12 rightBlock order-2  black-color no-icon has-headline \"><div class=\"icon-container\"><h2 class=\" zw-cgb headline\">ATREUS AIDE \u00c0 ATT\u00c9NUER LES PERTES DE CAPACIT\u00c9 ET DE LIVRAISON DUES \u00c0 LA CRISE UKRAINIENNE<\/h2><\/div><div class=\"content-container\"><div class=\"inner-content parent-has-padding\"><p class=\" zw-cgb fulltext \">La crise mondiale comme opportunit\u00e9 pour un processus de transformation courageux.<\/p><div class=\"link-container\"><\/div><\/div><\/div><\/div><\/div><\/div>\n\n\n\n<div id=\"parent88558\"class=\"zw-cgb halb-halb-headline-text-block-135 default-margin \"><div class=\"row\">    <!--  block -->\n    <div class=\"half-content has-padding col-lg-6 col-12 leftBlock order-1 primary white-color has-icon has-headline \"><div class=\"icon-container\"><span class=\"atr-icon\">s<\/span><h2 class=\" zw-cgb headline\">1. FERMETURE ET D\u00c9LOCALISATION DE SITES<\/h2><\/div><div class=\"content-container\"><div class=\"inner-content parent-has-padding\"><p class=\" zw-cgb fulltext \">Votre site de production en RUS et\/ou UKR ne peut plus \u00eatre desservi.<\/p><p class=\" zw-cgb fulltext \"><strong>Intervention d\u2019un chef de projet de transition Atreus&nbsp;: <\/strong><\/p><ul class=\"zw-cgb-ul fulltext \"><li class=\"\">Analyse des possibilit\u00e9s de d\u00e9mant\u00e8lement des installations de production ainsi que de leur transfert&nbsp;; clarification des questions juridiques\u200b<\/li><li class=\"\">Analyse du site de r\u00e9ception (projet Greenfield ou Brownfield)\u200b<\/li><li class=\"\">Analyse des co\u00fbts et des b\u00e9n\u00e9fices\u200b<\/li><li class=\"\">\u00c9tablissement d\u2019un budget\/calendrier&nbsp;; d\u00e9cision et mise en \u0153uvre<\/li><\/ul><div class=\"link-container\"><\/div><\/div><\/div><\/div>    <!--  block -->\n    <div class=\"half-content has-padding col-lg-6 col-12 rightBlock order-2 blue-600 white-color has-icon has-headline \"><div class=\"icon-container\"><span class=\"atr-icon\">q<\/span><h2 class=\" zw-cgb headline\">2. OPTIMISATION DES CAPACIT\u00c9S DE PRODUCTION\u200b<\/h2><\/div><div class=\"content-container\"><div class=\"inner-content parent-has-padding\"><p class=\" zw-cgb fulltext \">Pour remplir vos obligations de livraison en tant qu\u2019\u00e9quipementier, vous devez \u00e9quiper des sites de remplacement \u00e0 court terme.<\/p><p class=\" zw-cgb fulltext \"><strong>Intervention d\u2019un chef de projet de transition Atreus&nbsp;:<\/strong><\/p><ul class=\"zw-cgb-ul fulltext \"><li class=\"\">Analyse des capacit\u00e9s de production encore disponibles dans d\u2019autres usines (par exemple en Europe centrale et orientale)\u200b<\/li><li class=\"\">Mise en \u00e9vidence de mesures imm\u00e9diates et \u00e0 moyen terme&nbsp;: modification du travail en \u00e9quipe, mise en place d\u2019une production, lancement d\u2019un projet Brownfield<\/li><li class=\"\">\u00c9tablissement d\u2019un budget\/calendrier&nbsp;; d\u00e9cision et mise en \u0153uvre \u200b<\/li><\/ul><div class=\"link-container\"><\/div><\/div><\/div><\/div><\/div><\/div>\n\n<div id=\"parent75763\"class=\"zw-cgb halb-halb-headline-text-block-135 default-margin \"><div class=\"row\">    <!--  block -->\n    <div class=\"half-content has-padding col-lg-6 col-12 leftBlock order-1 blue-600 white-color has-icon has-headline \"><div class=\"icon-container\"><span class=\"atr-icon\">n<\/span><h2 class=\" zw-cgb headline\">3. MISE EN \u0152UVRE D\u2019UN \u200bPROJET BROWNFIELD<\/h2><\/div><div class=\"content-container\"><div class=\"inner-content parent-has-padding\"><p class=\" zw-cgb fulltext \">Pour remplir vos obligations de livraison en tant qu\u2019\u00e9quipementier, vous avez besoin d\u2019une nouvelle structure de production \u00e0 court terme<\/p><p class=\" zw-cgb fulltext \"><strong>Intervention d\u2019un chef de projet de transition Atreus&nbsp;:<\/strong><\/p><ul class=\"zw-cgb-ul fulltext \"><li class=\"\">Analyse des surfaces utiles existantes\/des surfaces d\u2019extension sur des sites existants (par exemple en Europe centrale et orientale)\u200b<\/li><li class=\"\">\u00c9tablissement d\u2019un plan d\u2019atelier, d\u2019un plan de fabrication, d\u2019un plan de recrutement, d\u2019un budget et d\u2019un calendrier\u200b<\/li><li class=\"\">Assurer le transfert de savoir-faire\u200b<\/li><li class=\"\">D\u00e9cision et mise en \u0153uvre\u200b<\/li><\/ul><div class=\"link-container\"><\/div><\/div><\/div><\/div>    <!--  block -->\n    <div class=\"half-content has-padding col-lg-6 col-12 rightBlock order-2 primary white-color has-icon has-headline \"><div class=\"icon-container\"><span class=\"atr-icon\">i<\/span><h2 class=\" zw-cgb headline\">4. S\u00c9CURISATION DE LACHA\u00ceNE D&#8217;APPROVISIONNEMENT<\/h2><\/div><div class=\"content-container\"><div class=\"inner-content parent-has-padding\"><p class=\" zw-cgb fulltext \">La disparition des fournisseurs RUS et\/ou UKR met votre cha\u00eene d\u2019approvisionnement en danger<\/p><p class=\" zw-cgb fulltext \"><strong>Intervention d\u2019un chef de projet de transition Atreus&nbsp;: <\/strong><\/p><ul class=\"zw-cgb-ul fulltext \"><li class=\"\">D\u00e9termination des fournisseurs, des produits et des quantit\u00e9s qui seront supprim\u00e9s \u00e0 court et moyen terme\u200b<\/li><li class=\"\">Sourcing de nouvelles sources \u200b<\/li><li class=\"\">Qualification des fournisseurs\u200b<\/li><li class=\"\">Mener des n\u00e9gociations de prix et conclure des contrats\u200b<\/li><\/ul><div class=\"link-container\"><\/div><\/div><\/div><\/div><\/div><\/div>\n\n\n<div style=\"height:100px\" aria-hidden=\"true\" class=\"wp-block-spacer\"><\/div>\n\n\n<div id=\"parent84608\" class=\"zw-cgb  akkordion700  default-margin black-color \"><div class=\"row\"><div class=\"zw-cgb-content mx-auto col-12 akkorionOuterContentWrapper\"><div id=\"zw-23079157-2063-4070-b507-04eb819582ab-1\" class=\"single-akkordion-item collapsed\" type=\"button\"\n          data-bs-toggle=\"collapse\" data-bs-target=\"#zw-23079157-2063-4070-b507-04eb819582ab\" aria-expanded=\"false\" aria-controls=\"collapsetwo\"><div class=\"faq-headline-container d-flex no-icon \"><h3 class=\" zw-cgb subheadline faq\"><strong>Remplacement de fonctions op\u00e9rationnelles critiques par des managers de transition <\/strong>tout au long de la cha\u00eene de cr\u00e9ation de valeur<\/h3><span class=\"atreus-font pfeil-hoch\">d<\/span><span class=\"atreus-font pfeil-runter\">c<\/span><\/div><\/div><div id=\"zw-23079157-2063-4070-b507-04eb819582ab\" class=\"collapse single-akkordion-item mt-0\" data-bs-parent=\"#parent84608\"><div class=\"zw-cgb row akkordionInnerWrapper \"><div  class=\"zw-cgb row  columnmaster020 default-margin \"><div class=\"columnmaster-inner-content g-0\">    <div  class=\"zw-cgb no-image-layout columnblock white-color no-icon   \">\n      <div class=\"zw-cgb zw-cgb-content\">\n\n        <div class=\"column-content\"><div class=\"inner-content\"><h2 class=\" zw-cgb headline h4\">Votre d\u00e9fi<\/h2><p class=\" zw-cgb fulltext \">Il vous manque une ressource appropri\u00e9e dans une fonction hi\u00e9rarchique de premier ou de deuxi\u00e8me niveau dont l\u2019intervention rapide est d\u00e9cisive pour la poursuite du succ\u00e8s de l\u2019entreprise.<\/p><\/div><\/div>      <\/div>\n    <\/div>\n    <div  class=\"zw-cgb no-image-layout columnblock white-color no-icon   \">\n      <div class=\"zw-cgb zw-cgb-content\">\n\n        <div class=\"column-content\"><div class=\"inner-content\"><h2 class=\" zw-cgb headline h4\">Notre mission<\/h2><p class=\" zw-cgb fulltext \">Nous renfor\u00e7ons rapidement votre \u00e9quipe avec un manager de transition, une vraie personnalit\u00e9 avec des comp\u00e9tences de leadership, et fournissons la ressource ad\u00e9quate pour la situation de votre entreprise (h\/f\/d). Les managers de transition tri\u00e9s sur le volet par Atreus sont parfaitement adapt\u00e9s \u00e0 votre d\u00e9fi et sont imm\u00e9diatement op\u00e9rationnels, au niveau national et international, sur place ou \u00e0 distance si n\u00e9cessaire.<\/p><\/div><\/div>      <\/div>\n    <\/div>\n    <div  class=\"zw-cgb no-image-layout columnblock white-color no-icon   \">\n      <div class=\"zw-cgb zw-cgb-content\">\n\n        <div class=\"column-content\"><div class=\"inner-content\"><h2 class=\" zw-cgb headline h4\">Votre solution<\/h2><p class=\" zw-cgb fulltext \">Un manager de transition sur mesure approuv\u00e9 par Atreus assume l\u2019enti\u00e8re responsabilit\u00e9 op\u00e9rationnelle pour la s\u00e9curisation et le d\u00e9veloppement r\u00e9ussi de votre activit\u00e9 en tant que directeur g\u00e9n\u00e9ral, directeur administratif et financier, directeur des ressources humaines, directeur des op\u00e9rations, directeur des syst\u00e8mes d\u2019information, chef de la s\u00e9curit\u00e9 ou en tant que directeur du contr\u00f4le de gestion, des finances, des achats, de la logistique, de la production, de l\u2019informatique, du marketing, des ventes, du service client\u00e8le, de la logistique, de la production ou des ressources humaines. En qualit\u00e9 de \u00ab&nbsp;managers \u00e0 toute \u00e9preuve&nbsp;\u00bb, les managers de transition d\u2019Atreus sont \u00e0 la hauteur de ce d\u00e9fi particulier. Ils agissent avec professionnalisme, de mani\u00e8re r\u00e9fl\u00e9chie et efficace, conform\u00e9ment \u00e0 vos attentes.<\/p><\/div><\/div>      <\/div>\n    <\/div>\n<\/div><\/div><\/div><\/div><div id=\"zw-b41abc27-32b3-43f1-8ed1-e9a6d63b76b6-1\" class=\"single-akkordion-item collapsed\" type=\"button\"\n          data-bs-toggle=\"collapse\" data-bs-target=\"#zw-b41abc27-32b3-43f1-8ed1-e9a6d63b76b6\" aria-expanded=\"false\" aria-controls=\"collapsetwo\"><div class=\"faq-headline-container d-flex no-icon \"><h3 class=\" zw-cgb subheadline faq\"><strong>Experts en restructuration<\/strong> en tant que chef de la restructuration<\/h3><span class=\"atreus-font pfeil-hoch\">d<\/span><span class=\"atreus-font pfeil-runter\">c<\/span><\/div><\/div><div id=\"zw-b41abc27-32b3-43f1-8ed1-e9a6d63b76b6\" class=\"collapse single-akkordion-item mt-0\" data-bs-parent=\"#parent84608\"><div class=\"zw-cgb row akkordionInnerWrapper \"><div  class=\"zw-cgb row  columnmaster020 default-margin \"><div class=\"columnmaster-inner-content g-0\">    <div  class=\"zw-cgb no-image-layout columnblock white-color no-icon   \">\n      <div class=\"zw-cgb zw-cgb-content\">\n\n        <div class=\"column-content\"><div class=\"inner-content\"><h2 class=\" zw-cgb headline h4\">Votre d\u00e9fi<\/h2><p class=\" zw-cgb fulltext \">Vous \u00eates confront\u00e9 \u00e0 une transformation fondamentale dans une situation financi\u00e8rement difficile et vous avez besoin rapidement d\u2019un expert en restructuration confirm\u00e9. L\u2019avenir de l\u2019entreprise ou d\u2019une division du groupe est en jeu. Vous avez besoin du manager de transition parfaitement adapt\u00e9 capable de r\u00e9orienter l\u2019entreprise. En effet, c\u2019est maintenant que chaque \u00e9tape doit \u00eatre parfaitement ex\u00e9cut\u00e9e et que les principales parties prenantes doivent \u00eatre touch\u00e9es et s\u2019engager dans le cadre du processus de transformation.<\/p><\/div><\/div>      <\/div>\n    <\/div>\n    <div  class=\"zw-cgb no-image-layout columnblock white-color no-icon   \">\n      <div class=\"zw-cgb zw-cgb-content\">\n\n        <div class=\"column-content\"><div class=\"inner-content\"><h2 class=\" zw-cgb headline h4\">Notre mission<\/h2><p class=\" zw-cgb fulltext \">Nous mettons imm\u00e9diatement \u00e0 votre disposition L\u2019EXPERT en restructuration parfaitement adapt\u00e9 \u00e0 votre situation difficile. Il \u2014 ou elle \u2014 maintient le cap vers le succ\u00e8s et atteint les objectifs fix\u00e9s, m\u00eame si les \u00e9cueils sont nombreux. Pourquoi&nbsp;? Les managers de transition tri\u00e9s sur le volet par Atreus ont d\u00e9j\u00e0 mis en \u0153uvre avec succ\u00e8s et \u00e0 plusieurs reprises des restructurations similaires ou plus complexes dans votre secteur. Nous savons exactement quel \u00ab&nbsp;manager \u00e0 toute \u00e9preuve&nbsp;\u00bb mettra votre entreprise sur la voie du succ\u00e8s. Atreus+&nbsp;: si n\u00e9cessaire, des \u00e9quipes d\u2019experts en restructuration bien rod\u00e9es sont disponibles pour des transformations de grande envergure, en plus DU chef de la restructuration.<\/p><\/div><\/div>      <\/div>\n    <\/div>\n    <div  class=\"zw-cgb no-image-layout columnblock white-color no-icon   \">\n      <div class=\"zw-cgb zw-cgb-content\">\n\n        <div class=\"column-content\"><div class=\"inner-content\"><h2 class=\" zw-cgb headline h4\">Votre solution<\/h2><p class=\" zw-cgb fulltext \">Un expert en restructuration approuv\u00e9 par Atreus vient renforcer votre \u00e9quipe et prend la responsabilit\u00e9 de chef de la restructuration dans toutes les phases de la transformation. Le manager d\u2019Atreus fournit des r\u00e9sultats professionnels tant en cas de crise strat\u00e9gique qu\u2019en cas de crise de r\u00e9sultats ou de liquidit\u00e9s. En qualit\u00e9 de CRO ou au sein d\u2019une \u00e9quipe d\u2019experts en restructuration, il identifie rapidement les points faibles et met imm\u00e9diatement en \u0153uvre les mesures essentielles. Pendant la phase de restructuration, les directeurs d\u2019Atreus restent toujours vos sparring-partners.<\/p><\/div><\/div>      <\/div>\n    <\/div>\n<\/div><\/div><\/div><\/div><div id=\"zw-eeb624a2-7460-4d13-b252-638ac5ec2601-1\" class=\"single-akkordion-item collapsed\" type=\"button\"\n          data-bs-toggle=\"collapse\" data-bs-target=\"#zw-eeb624a2-7460-4d13-b252-638ac5ec2601\" aria-expanded=\"false\" aria-controls=\"collapsetwo\"><div class=\"faq-headline-container d-flex no-icon \"><h3 class=\" zw-cgb subheadline faq\"><strong>Agent de gestion des programmes <\/strong>(PMO)<\/h3><span class=\"atreus-font pfeil-hoch\">d<\/span><span class=\"atreus-font pfeil-runter\">c<\/span><\/div><\/div><div id=\"zw-eeb624a2-7460-4d13-b252-638ac5ec2601\" class=\"collapse single-akkordion-item mt-0\" data-bs-parent=\"#parent84608\"><div class=\"zw-cgb row akkordionInnerWrapper \"><div  class=\"zw-cgb row  columnmaster020 default-margin \"><div class=\"columnmaster-inner-content g-0\">    <div  class=\"zw-cgb no-image-layout columnblock white-color no-icon   \">\n      <div class=\"zw-cgb zw-cgb-content\">\n\n        <div class=\"column-content\"><div class=\"inner-content\"><h2 class=\" zw-cgb headline h4\">Votre d\u00e9fi<\/h2><p class=\" zw-cgb fulltext \">Vous cherchez rapidement un expert temporaire pour le PMO dans le cadre d\u2019une gestion multiprojets pour tous les projets de l\u2019entreprise ou d\u2019un projet tr\u00e8s pertinent dans un secteur de l\u2019entreprise. En interne, il manque une ressource adapt\u00e9e et exp\u00e9riment\u00e9e qui puisse piloter le projet en toute s\u00e9curit\u00e9 et le mener \u00e0 bien.<\/p><\/div><\/div>      <\/div>\n    <\/div>\n    <div  class=\"zw-cgb no-image-layout columnblock white-color no-icon   \">\n      <div class=\"zw-cgb zw-cgb-content\">\n\n        <div class=\"column-content\"><div class=\"inner-content\"><h2 class=\" zw-cgb headline h4\">Notre mission<\/h2><p class=\" zw-cgb fulltext \">Nos gestionnaires de programmes qualifi\u00e9s+ sont les managers de transition les plus exp\u00e9riment\u00e9s du march\u00e9. Ils se distinguent par leur leadership et apportent leur clairvoyance et leur exp\u00e9rience dans la mise en \u0153uvre de projets hautement pertinents, y compris \u00e0 l\u2019\u00e9chelle mondiale. Notre passion est de mettre \u00e0 votre disposition, \u00e0 court terme, un manager de transition parfaitement adapt\u00e9, justifiant de pilotages r\u00e9ussis de projets similaires \u2014 et m\u00eame plus complexes. Ce manager de transition dispose d\u2019excellentes capacit\u00e9s, notamment la communication et la force de r\u00e9alisation, attirer et f\u00e9d\u00e9rer les talents, une grande compr\u00e9hension du secteur, des comp\u00e9tences interculturelles \u2014 associ\u00e9es \u00e0 un savoir-faire en mati\u00e8re d\u2019informatique et de digitalisation.<\/p><\/div><\/div>      <\/div>\n    <\/div>\n    <div  class=\"zw-cgb no-image-layout columnblock white-color no-icon   \">\n      <div class=\"zw-cgb zw-cgb-content\">\n\n        <div class=\"column-content\"><div class=\"inner-content\"><h2 class=\" zw-cgb headline h4\">Votre solution<\/h2><p class=\" zw-cgb fulltext \">Un manager de programme de transition Atreus aguerri prend la responsabilit\u00e9 du PMO et vous aide \u00e0 g\u00e9rer avec succ\u00e8s les programmes en situation de transformation. Qu\u2019il s\u2019agisse d\u2019un d\u00e9ploiement ERP global, d\u2019un programme de restructuration, d\u2019un programme d\u2019am\u00e9lioration de l\u2019efficacit\u00e9, d\u2019une transformation informatique ou num\u00e9rique de l\u2019organisation, ou encore de la mise en \u0153uvre de programmes d\u2019excellence en mati\u00e8re de services ou de d\u00e9localisations de la production&nbsp;: votre projet est entre les meilleures mains.<\/p><\/div><\/div>      <\/div>\n    <\/div>\n<\/div><\/div><\/div><\/div><div id=\"zw-0e204925-c501-4bd9-9553-6751ba13c5d2-1\" class=\"single-akkordion-item collapsed\" type=\"button\"\n          data-bs-toggle=\"collapse\" data-bs-target=\"#zw-0e204925-c501-4bd9-9553-6751ba13c5d2\" aria-expanded=\"false\" aria-controls=\"collapsetwo\"><div class=\"faq-headline-container d-flex no-icon \"><h3 class=\" zw-cgb subheadline faq\"><strong>Gestionnaire de projet ou de programme de digitalisation<\/strong><\/h3><span class=\"atreus-font pfeil-hoch\">d<\/span><span class=\"atreus-font pfeil-runter\">c<\/span><\/div><\/div><div id=\"zw-0e204925-c501-4bd9-9553-6751ba13c5d2\" class=\"collapse single-akkordion-item mt-0\" data-bs-parent=\"#parent84608\"><div class=\"zw-cgb row akkordionInnerWrapper \"><div  class=\"zw-cgb row  columnmaster020 default-margin \"><div class=\"columnmaster-inner-content g-0\">    <div  class=\"zw-cgb no-image-layout columnblock white-color no-icon   \">\n      <div class=\"zw-cgb zw-cgb-content\">\n\n        <div class=\"column-content\"><div class=\"inner-content\"><h2 class=\" zw-cgb headline h4\">Votre d\u00e9fi<\/h2><p class=\" zw-cgb fulltext \">Vous devez poursuivre la transformation num\u00e9rique, adapter vos processus commerciaux existants et concevoir de nouveaux mod\u00e8les commerciaux. Votre objectif est de rendre l\u2019entreprise plus productive, plus s\u00fbre et plus p\u00e9renne, et vous devez tout mettre en \u0153uvre simultan\u00e9ment tout au long de la cha\u00eene de cr\u00e9ation de valeur dans l\u2019ensemble de l\u2019organisation.<\/p><\/div><\/div>      <\/div>\n    <\/div>\n    <div  class=\"zw-cgb no-image-layout columnblock white-color no-icon   \">\n      <div class=\"zw-cgb zw-cgb-content\">\n\n        <div class=\"column-content\"><div class=\"inner-content\"><h2 class=\" zw-cgb headline h4\">Notre mission<\/h2><p class=\" zw-cgb fulltext \">Nous mettons imm\u00e9diatement \u00e0 votre disposition le chef de projet ou de programme ad\u00e9quat, qui vous aidera aussi bien \u00e0 d\u00e9velopper une strat\u00e9gie num\u00e9rique qu\u2019\u00e0 optimiser rapidement les processus existants ou \u00e0 d\u00e9velopper de nouveaux produits ou de nouvelles plateformes. Gr\u00e2ce \u00e0 ses comp\u00e9tences industrielles, sa capacit\u00e9 d\u2019innovation et son savoir-faire num\u00e9rique, il adopte une approche r\u00e9fl\u00e9chie, s\u00fbre et cibl\u00e9e. Si n\u00e9cessaire, nous soutenons \u00e9galement votre projet de transformation num\u00e9rique par d\u2019autres managers Atreus, tous des \u00ab&nbsp;managers en digitalisation \u00e0 toute \u00e9preuve&nbsp;\u00bb qui, en tant qu\u2019\u00e9quipe bien rod\u00e9e, n\u2019ont qu\u2019un seul objectif&nbsp;: engager votre entreprise sur la voie du succ\u00e8s num\u00e9rique.<\/p><\/div><\/div>      <\/div>\n    <\/div>\n    <div  class=\"zw-cgb no-image-layout columnblock white-color no-icon   \">\n      <div class=\"zw-cgb zw-cgb-content\">\n\n        <div class=\"column-content\"><div class=\"inner-content\"><h2 class=\" zw-cgb headline h4\">Votre solution<\/h2><p class=\" zw-cgb fulltext \">L\u2019expert num\u00e9rique approuv\u00e9 par Atreus pilote votre projet strat\u00e9gique et renforce vos \u00e9quipes. Il s\u2019engage dans toutes les phases de la transformation num\u00e9rique. Il consid\u00e8re l\u2019\u00e9tendue de votre entreprise, de la digitalisation et l\u2019optimisation de la production, la num\u00e9risation des processus, la strat\u00e9gie de produits, le Product-as-a-Service, les mod\u00e8les commerciaux innovants \u2014 il guide votre entreprise sur le parcours num\u00e9rique vers le succ\u00e8s.<\/p><\/div><\/div>      <\/div>\n    <\/div>\n<\/div><\/div><\/div><\/div><div id=\"zw-998beae1-7b36-4862-bec3-6c30c8aca7d0-1\" class=\"single-akkordion-item collapsed\" type=\"button\"\n          data-bs-toggle=\"collapse\" data-bs-target=\"#zw-998beae1-7b36-4862-bec3-6c30c8aca7d0\" aria-expanded=\"false\" aria-controls=\"collapsetwo\"><div class=\"faq-headline-container d-flex no-icon \"><h3 class=\" zw-cgb subheadline faq\"><strong>Expert en d\u00e9veloppement durable<\/strong><\/h3><span class=\"atreus-font pfeil-hoch\">d<\/span><span class=\"atreus-font pfeil-runter\">c<\/span><\/div><\/div><div id=\"zw-998beae1-7b36-4862-bec3-6c30c8aca7d0\" class=\"collapse single-akkordion-item mt-0\" data-bs-parent=\"#parent84608\"><div class=\"zw-cgb row akkordionInnerWrapper \"><div  class=\"zw-cgb row  columnmaster020 default-margin \"><div class=\"columnmaster-inner-content g-0\">    <div  class=\"zw-cgb no-image-layout columnblock white-color no-icon   \">\n      <div class=\"zw-cgb zw-cgb-content\">\n\n        <div class=\"column-content\"><div class=\"inner-content\"><h2 class=\" zw-cgb headline h4\">Votre d\u00e9fi<\/h2><p class=\" zw-cgb fulltext \">Vous souhaitez orienter davantage votre entreprise vers les questions ESG et int\u00e9grer vos objectifs environnementaux, sociaux et de gouvernance dans tous vos domaines d\u2019activit\u00e9.<\/p><\/div><\/div>      <\/div>\n    <\/div>\n    <div  class=\"zw-cgb no-image-layout columnblock white-color no-icon   \">\n      <div class=\"zw-cgb zw-cgb-content\">\n\n        <div class=\"column-content\"><div class=\"inner-content\"><h2 class=\" zw-cgb headline h4\">Notre mission<\/h2><p class=\" zw-cgb fulltext \">Nous renfor\u00e7ons votre \u00e9quipe avec un expert pour qui le d\u00e9veloppement durable n\u2019est pas un terrain inconnu et qui a pilot\u00e9 des projets complexes \u00e0 plusieurs reprises. Le manager d\u2019Atreus prendra en charge toute votre organisation, de sorte que le d\u00e9veloppement durable fasse naturellement partie du quotidien de l\u2019entreprise.<\/p><\/div><\/div>      <\/div>\n    <\/div>\n    <div  class=\"zw-cgb no-image-layout columnblock white-color no-icon   \">\n      <div class=\"zw-cgb zw-cgb-content\">\n\n        <div class=\"column-content\"><div class=\"inner-content\"><h2 class=\" zw-cgb headline h4\">Votre solution<\/h2><p class=\" zw-cgb fulltext \">Gr\u00e2ce \u00e0 sa vaste expertise et \u00e0 son exp\u00e9rience dans le secteur, le manager approuv\u00e9 par Atreus vous aide \u00e0 d\u00e9finir et \u00e0 mettre en \u0153uvre des strat\u00e9gies, des mod\u00e8les d\u2019entreprise, des processus et des technologies qui vous permettront d\u2019atteindre vos objectifs de d\u00e9veloppement durable.<\/p><\/div><\/div>      <\/div>\n    <\/div>\n<\/div><\/div><\/div><\/div><div id=\"zw-1cd1289b-020b-4cd5-bcee-0525d9ebb5d0-1\" class=\"single-akkordion-item collapsed\" type=\"button\"\n          data-bs-toggle=\"collapse\" data-bs-target=\"#zw-1cd1289b-020b-4cd5-bcee-0525d9ebb5d0\" aria-expanded=\"false\" aria-controls=\"collapsetwo\"><div class=\"faq-headline-container d-flex no-icon \"><h3 class=\" zw-cgb subheadline faq\"><strong>Responsable de la cha\u00eene d\u2019approvisionnement<\/strong><\/h3><span class=\"atreus-font pfeil-hoch\">d<\/span><span class=\"atreus-font pfeil-runter\">c<\/span><\/div><\/div><div id=\"zw-1cd1289b-020b-4cd5-bcee-0525d9ebb5d0\" class=\"collapse single-akkordion-item mt-0\" data-bs-parent=\"#parent84608\"><div class=\"zw-cgb row akkordionInnerWrapper \"><div  class=\"zw-cgb row  columnmaster020 default-margin \"><div class=\"columnmaster-inner-content g-0\">    <div  class=\"zw-cgb no-image-layout columnblock white-color no-icon   \">\n      <div class=\"zw-cgb zw-cgb-content\">\n\n        <div class=\"column-content\"><div class=\"inner-content\"><h2 class=\" zw-cgb headline h4\">Votre d\u00e9fi<\/h2><p class=\" zw-cgb fulltext \">Vous devez agir imm\u00e9diatement, car votre entreprise est touch\u00e9e par l\u2019explosion des prix des mati\u00e8res premi\u00e8res, les frais de transport internationaux, la rar\u00e9faction des mat\u00e9riaux ou la rupture de la cha\u00eene d\u2019approvisionnement. Vous devez r\u00e9soudre les dysfonctionnements de la cha\u00eene d\u2019approvisionnement et am\u00e9liorer la vitesse de livraison. Pour cela, vous avez besoin imm\u00e9diatement d\u2019un expert de transition en cha\u00eene d\u2019approvisionnement exp\u00e9riment\u00e9.<\/p><\/div><\/div>      <\/div>\n    <\/div>\n    <div  class=\"zw-cgb no-image-layout columnblock white-color no-icon   \">\n      <div class=\"zw-cgb zw-cgb-content\">\n\n        <div class=\"column-content\"><div class=\"inner-content\"><h2 class=\" zw-cgb headline h4\">Notre mission<\/h2><p class=\" zw-cgb fulltext \">Nous mettons \u00e0 votre disposition \u00e0 court terme un responsable de la cha\u00eene d\u2019approvisionnement \u00e9nergique qui soutient vos \u00e9quipes au si\u00e8ge ou sur plusieurs sites en Allemagne et \u00e0 l\u2019\u00e9tranger. Le manager de transition s\u00e9lectionn\u00e9 par Atreus est \u00e0 la hauteur de la t\u00e2che difficile et sait actionner les bons leviers dans cette phase critique maximale. Son exp\u00e9rience remarquable lui permet d\u2019apporter de la s\u00e9r\u00e9nit\u00e9 \u00e0 l\u2019organisation et de fournir des solutions rapides. Si n\u00e9cessaire, Atreus aide \u00e9galement \u00e0 mettre en place et \u00e0 g\u00e9rer une force op\u00e9rationnelle.<\/p><\/div><\/div>      <\/div>\n    <\/div>\n    <div  class=\"zw-cgb no-image-layout columnblock white-color no-icon   \">\n      <div class=\"zw-cgb zw-cgb-content\">\n\n        <div class=\"column-content\"><div class=\"inner-content\"><h2 class=\" zw-cgb headline h4\">Votre solution<\/h2><p class=\" zw-cgb fulltext \">Le responsable de la cha\u00eene d\u2019approvisionnement approuv\u00e9 par Atreus est imm\u00e9diatement \u00e0 vos c\u00f4t\u00e9s et am\u00e9liore la r\u00e9activit\u00e9 et la r\u00e9sistance des cha\u00eenes d\u2019approvisionnement de votre entreprise. Am\u00e9lioration des performances, r\u00e9duction des co\u00fbts, minimisation des risques ou am\u00e9lioration de la durabilit\u00e9, l\u2019expert de transition d\u2019Atreus vous aide \u00e0 r\u00e9organiser et \u00e0 transformer vos cha\u00eenes d\u2019approvisionnement afin de les rendre plus r\u00e9sistantes aux crises et plus socialement acceptables. L\u2019accent est \u00e9galement mis sur les processus num\u00e9ris\u00e9s afin de cr\u00e9er plus de transparence pour toutes les parties prenantes. Il minimise les risques de rupture de stock et d\u2019indisponibilit\u00e9. La satisfaction des clients est augment\u00e9e par une livraison respectueuse des d\u00e9lais, ainsi que celle de vos collaborateurs gr\u00e2ce \u00e0 des processus clairement d\u00e9finis et transparents.<\/p><\/div><\/div>      <\/div>\n    <\/div>\n<\/div><\/div><\/div><\/div><div id=\"zw-912c352d-efe6-4b83-8be5-d60880fd35a7-1\" class=\"single-akkordion-item collapsed\" type=\"button\"\n          data-bs-toggle=\"collapse\" data-bs-target=\"#zw-912c352d-efe6-4b83-8be5-d60880fd35a7\" aria-expanded=\"false\" aria-controls=\"collapsetwo\"><div class=\"faq-headline-container d-flex no-icon \"><h3 class=\" zw-cgb subheadline faq\"><strong>Chef de projet <\/strong>pour l\u2019introduction de syst\u00e8mes ERP et CRM<\/h3><span class=\"atreus-font pfeil-hoch\">d<\/span><span class=\"atreus-font pfeil-runter\">c<\/span><\/div><\/div><div id=\"zw-912c352d-efe6-4b83-8be5-d60880fd35a7\" class=\"collapse single-akkordion-item mt-0\" data-bs-parent=\"#parent84608\"><div class=\"zw-cgb row akkordionInnerWrapper \"><div  class=\"zw-cgb row  columnmaster020 default-margin \"><div class=\"columnmaster-inner-content g-0\">    <div  class=\"zw-cgb no-image-layout columnblock white-color no-icon   \">\n      <div class=\"zw-cgb zw-cgb-content\">\n\n        <div class=\"column-content\"><div class=\"inner-content\"><h2 class=\" zw-cgb headline h4\">Votre d\u00e9fi<\/h2><p class=\" zw-cgb fulltext \">Votre projet ERP ou CRM est au point mort. Le respect des d\u00e9lais est menac\u00e9 ou le cadre budg\u00e9taire risque d\u2019\u00eatre d\u00e9pass\u00e9. La complexit\u00e9 du projet est extr\u00eamement \u00e9lev\u00e9e et consomme trop de ressources internes importantes. Le succ\u00e8s de ce seul projet immens\u00e9ment important est en jeu&nbsp;! Ou bien le projet ne fait que commencer, mais&nbsp;: le savoir-faire d\u2019un expert informatique confirm\u00e9 pour les projets ERP ou CRM fait d\u00e9faut&nbsp;! Il est \u00e9vident qu\u2019un projet informatique de cette envergure \u00e9quivaut \u00e0 une transformation informatique qui doit \u00eatre g\u00e9r\u00e9e de mani\u00e8re professionnelle. Car en fin de compte, le projet informatique contribue de mani\u00e8re tr\u00e8s importante au succ\u00e8s futur de l\u2019entreprise.<\/p><\/div><\/div>      <\/div>\n    <\/div>\n    <div  class=\"zw-cgb no-image-layout columnblock white-color no-icon   \">\n      <div class=\"zw-cgb zw-cgb-content\">\n\n        <div class=\"column-content\"><div class=\"inner-content\"><h2 class=\" zw-cgb headline h4\">Notre mission<\/h2><p class=\" zw-cgb fulltext \">Nous savons qui, en tant que chef de projet exp\u00e9riment\u00e9 pour l\u2019introduction de syst\u00e8mes ERP &amp; CRM, a r\u00e9ussi \u00e0 plusieurs reprises \u00e0 relever des d\u00e9fis aussi exigeants que le v\u00f4tre, voire plus complexes encore. Les responsables informatiques qualifi\u00e9s+ d\u2019Atreus apportent de la s\u00e9r\u00e9nit\u00e9 \u00e0 votre projet, m\u00eame s\u2019il rev\u00eat une grande complexit\u00e9. Ils connaissent les d\u00e9fis de votre secteur et de vos processus commerciaux et r\u00e9orientent votre projet informatique et de num\u00e9risation en fonction de vos objectifs. Les experts informatiques approuv\u00e9s par Atreus ainsi que les chefs de projet et de programme informatique connaissent les d\u00e9fis de votre secteur et accompagnent une transformation informatique dans l\u2019optique d\u2019un futur succ\u00e8s commercial.<\/p><\/div><\/div>      <\/div>\n    <\/div>\n    <div  class=\"zw-cgb no-image-layout columnblock white-color no-icon   \">\n      <div class=\"zw-cgb zw-cgb-content\">\n\n        <div class=\"column-content\"><div class=\"inner-content\"><h2 class=\" zw-cgb headline h4\">Votre solution<\/h2><p class=\" zw-cgb fulltext \">Les experts en informatique d\u2019Atreus g\u00e8rent avec succ\u00e8s et en toute confiance votre projet et assurent la r\u00e9ussite de l\u2019introduction de l\u2019ERP et du CRM. Vous \u00eates ainsi imm\u00e9diatement d\u00e9charg\u00e9s et vous pouvez continuer \u00e0 vous occuper de vos activit\u00e9s principales et des affaires futures. Les managers informatiques de transition d\u2019Atreus garantissent la transparence du d\u00e9roulement du projet et impliquent votre direction et vos \u00e9quipes de mani\u00e8re cibl\u00e9e. La gestion de l\u2019ensemble des prestataires de services externes et des partenaires de mise en \u0153uvre est g\u00e9r\u00e9e par un seul et m\u00eame organisme.<\/p><\/div><\/div>      <\/div>\n    <\/div>\n<\/div><\/div><\/div><\/div><\/div><\/div><\/div>\n\n\n    <div  class=\"zw-cgb  latestPosts default-margin \">\n      <div class=\"row zw-cgb-content\">\n              <\/div>\n    <\/div>\n\n\n\n    <div  class=\"zw-cgb    infoblock default-margin black-color  \">\n      <div class=\" row\">\n        <div class=\"zw-cgb-content has-padding col-12\">\n          <div class=\"preheadline-container parent-has-padding\"><h4 class=\" zw-cgb preheadline ' .  . '\">Contact pour les missions internationales<\/h4><\/div><div class=\"inner-content parent-has-padding\"><p class=\" zw-cgb fulltext \">Tous les membres de notre \u00e9quipe vous conseilleront sur l\u2019occupation par int\u00e9rim des postes de direction. En fonction de son expertise et de son exp\u00e9rience, chaque membre se concentre sur diff\u00e9rents secteurs.<\/p><div class=\"link-container\"><\/div><\/div>        <\/div>\n      <\/div>\n    <\/div>\n\n\n\n    <div  class=\"zw-cgb  team-member black-color default-margin \">\n      <div class=\"zw-cgb-content member-row row\">\n        <div class=\"col-menu-3 col-lg-4 col-md-6 col-12 single-team-member px-0\">            <a href=\"https:\/\/www.atreus.de\/fr\/equipe\/dr-christian-frank\/\">\n\n              <div class=\" image-container g-0\">\n                <div class=\"img-with-gradient zwPortImg\">\n\n                  <img decoding=\"async\" loading=\"lazy\" class=\"zwPortImg\" alt=\"atreus_\" src=\"https:\/\/www.atreus.de\/wp-content\/uploads\/2023\/07\/fra-ch-dr-v2.png\" srcset=\"https:\/\/www.atreus.de\/wp-content\/uploads\/2023\/07\/fra-ch-dr-v2.png 555w, https:\/\/www.atreus.de\/wp-content\/uploads\/2023\/07\/fra-ch-dr-v2-480x600.png 480w\" sizes=\"(max-width: 1024px) 100vw, 1024px\" style=\"aspect-ratio:555\/694 !important\" title=\"atreus_\">                  <div class=\"linear-gradient-container\"><\/div>\n                <\/div>\n\n            <\/a>\n            <div class=\"team-member-content\"><div class=\"team-member-name fulltext\"> <a href=\"https:\/\/www.atreus.de\/fr\/equipe\/dr-christian-frank\/\"><span>Dr. Christian  Frank<\/span><\/a><\/div><div class=\"team-member-description fulltext\"> <a href=\"https:\/\/www.atreus.de\/fr\/equipe\/dr-christian-frank\/\"><span>Directeur g\u00e9n\u00e9ral<\/span><\/a><\/div><div class=\"team-member-phone\"><a href=\"tel:+49 89 452249-180\"><span>+49 89 452249-180<\/span><\/a><\/div><div class=\"team-member-icon-container\"><div class=\"team-member-email\"><a class=\"atreus-font\" href=\"mailto:Christian.Frank@atreus.de\">h<\/a><\/div><div class=\"team-member-linkedin\"><a class=\"atreus-font\" target=\"_blank\" href=\"https:\/\/www.linkedin.com\/in\/drchristianfrank\/\" rel=\"noopener\">3<\/a><\/div><\/div><\/div>      <\/div>\n\n  <\/div><div class=\"col-menu-3 col-lg-4 col-md-6 col-12 single-team-member px-0\">            <a href=\"https:\/\/www.atreus.de\/fr\/equipe\/martina-becker\/\">\n\n              <div class=\" image-container g-0\">\n                <div class=\"img-with-gradient zwPortImg\">\n\n                  <img decoding=\"async\" loading=\"lazy\" class=\"zwPortImg\" alt=\"atreus_\" src=\"https:\/\/www.atreus.de\/wp-content\/uploads\/2023\/07\/bec-ma-v1.png\" srcset=\"https:\/\/www.atreus.de\/wp-content\/uploads\/2023\/07\/bec-ma-v1.png 555w, https:\/\/www.atreus.de\/wp-content\/uploads\/2023\/07\/bec-ma-v1-480x600.png 480w\" sizes=\"(max-width: 1024px) 100vw, 1024px\" style=\"aspect-ratio:555\/694 !important\" title=\"atreus_\">                  <div class=\"linear-gradient-container\"><\/div>\n                <\/div>\n\n            <\/a>\n            <div class=\"team-member-content\"><div class=\"team-member-name fulltext\"> <a href=\"https:\/\/www.atreus.de\/fr\/equipe\/martina-becker\/\"><span>Martina Becker<\/span><\/a><\/div><div class=\"team-member-description fulltext\"> <a href=\"https:\/\/www.atreus.de\/fr\/equipe\/martina-becker\/\"><span>Directrice<\/span><\/a><\/div><div class=\"team-member-phone\"><a href=\"tel:+49 89 452249-240\"><span>+49 89 452249-240<\/span><\/a><\/div><div class=\"team-member-icon-container\"><div class=\"team-member-email\"><a class=\"atreus-font\" href=\"mailto:Martina.Becker@atreus.de\">h<\/a><\/div><div class=\"team-member-linkedin\"><a class=\"atreus-font\" target=\"_blank\" href=\"https:\/\/de.linkedin.com\/in\/martina-becker-b3280054\" rel=\"noopener\">3<\/a><\/div><\/div><\/div>      <\/div>\n\n  <\/div><div class=\"col-menu-3 col-lg-4 col-md-6 col-12 single-team-member px-0\">            <a href=\"https:\/\/www.atreus.de\/fr\/equipe\/petra-becker-2\/\">\n\n              <div class=\" image-container g-0\">\n                <div class=\"img-with-gradient zwPortImg\">\n\n                  <img decoding=\"async\" loading=\"lazy\" class=\"zwPortImg\" alt=\"atreus_\" src=\"https:\/\/www.atreus.de\/wp-content\/uploads\/2024\/07\/bec-pe.png\" srcset=\"https:\/\/www.atreus.de\/wp-content\/uploads\/2024\/07\/bec-pe.png 555w, https:\/\/www.atreus.de\/wp-content\/uploads\/2024\/07\/bec-pe-480x600.png 480w\" sizes=\"(max-width: 1024px) 100vw, 1024px\" style=\"aspect-ratio:555\/694 !important\" title=\"atreus_\">                  <div class=\"linear-gradient-container\"><\/div>\n                <\/div>\n\n            <\/a>\n            <div class=\"team-member-content\"><div class=\"team-member-name fulltext\"> <a href=\"https:\/\/www.atreus.de\/fr\/equipe\/petra-becker-2\/\"><span>Petra Becker<\/span><\/a><\/div><div class=\"team-member-description fulltext\"> <a href=\"https:\/\/www.atreus.de\/fr\/equipe\/petra-becker-2\/\"><span>Directrice<\/span><\/a><\/div><div class=\"team-member-phone\"><a href=\"tel:+49 89 452249-341\"><span>+49 89 452249-341<\/span><\/a><\/div><div class=\"team-member-icon-container\"><div class=\"team-member-email\"><a class=\"atreus-font\" href=\"mailto:petra.becker@atreus.de\">h<\/a><\/div><div class=\"team-member-linkedin\"><a class=\"atreus-font\" target=\"_blank\" href=\"https:\/\/www.linkedin.com\/in\/petra-becker\/\" rel=\"noopener\">3<\/a><\/div><\/div><\/div>      <\/div>\n\n  <\/div><div class=\"col-menu-3 col-lg-4 col-md-6 col-12 single-team-member px-0\">            <a href=\"https:\/\/www.atreus.de\/fr\/equipe\/dirk-boventer\/\">\n\n              <div class=\" image-container g-0\">\n                <div class=\"img-with-gradient zwPortImg\">\n\n                  <img decoding=\"async\" loading=\"lazy\" class=\"zwPortImg\" alt=\"atreus_\" src=\"https:\/\/www.atreus.de\/wp-content\/uploads\/2023\/07\/bov-di-v2.png\" srcset=\"https:\/\/www.atreus.de\/wp-content\/uploads\/2023\/07\/bov-di-v2.png 555w, https:\/\/www.atreus.de\/wp-content\/uploads\/2023\/07\/bov-di-v2-480x600.png 480w\" sizes=\"(max-width: 1024px) 100vw, 1024px\" style=\"aspect-ratio:555\/694 !important\" title=\"atreus_\">                  <div class=\"linear-gradient-container\"><\/div>\n                <\/div>\n\n            <\/a>\n            <div class=\"team-member-content\"><div class=\"team-member-name fulltext\"> <a href=\"https:\/\/www.atreus.de\/fr\/equipe\/dirk-boventer\/\"><span>Dirk  Boventer<\/span><\/a><\/div><div class=\"team-member-description fulltext\"> <a href=\"https:\/\/www.atreus.de\/fr\/equipe\/dirk-boventer\/\"><span>Partenaire<\/span><\/a><\/div><div class=\"team-member-phone\"><a href=\"tel:+49 89 452249-290\"><span>+49 89 452249-290<\/span><\/a><\/div><div class=\"team-member-icon-container\"><div class=\"team-member-email\"><a class=\"atreus-font\" href=\"mailto:Dirk.Boventer@atreus.de\">h<\/a><\/div><div class=\"team-member-linkedin\"><a class=\"atreus-font\" target=\"_blank\" href=\"https:\/\/www.linkedin.com\/in\/dirk-boventer\/\" rel=\"noopener\">3<\/a><\/div><\/div><\/div>      <\/div>\n\n  <\/div><div class=\"col-menu-3 col-lg-4 col-md-6 col-12 single-team-member px-0\">            <a href=\"https:\/\/www.atreus.de\/fr\/equipe\/sabine-brunthaler\/\">\n\n              <div class=\" image-container g-0\">\n                <div class=\"img-with-gradient zwPortImg\">\n\n                  <img decoding=\"async\" loading=\"lazy\" class=\"zwPortImg\" alt=\"atreus_\" src=\"https:\/\/www.atreus.de\/wp-content\/uploads\/2023\/07\/bru-sa-v2.png\" srcset=\"https:\/\/www.atreus.de\/wp-content\/uploads\/2023\/07\/bru-sa-v2.png 555w, https:\/\/www.atreus.de\/wp-content\/uploads\/2023\/07\/bru-sa-v2-480x600.png 480w\" sizes=\"(max-width: 1024px) 100vw, 1024px\" style=\"aspect-ratio:555\/694 !important\" title=\"atreus_\">                  <div class=\"linear-gradient-container\"><\/div>\n                <\/div>\n\n            <\/a>\n            <div class=\"team-member-content\"><div class=\"team-member-name fulltext\"> <a href=\"https:\/\/www.atreus.de\/fr\/equipe\/sabine-brunthaler\/\"><span>Sabine Brunthaler<\/span><\/a><\/div><div class=\"team-member-description fulltext\"> <a href=\"https:\/\/www.atreus.de\/fr\/equipe\/sabine-brunthaler\/\"><span>Directrice<\/span><\/a><\/div><div class=\"team-member-phone\"><a href=\"tel:+49 89 452249-450\"><span>+49 89 452249-450<\/span><\/a><\/div><div class=\"team-member-icon-container\"><div class=\"team-member-email\"><a class=\"atreus-font\" href=\"mailto:Sabine.Brunthaler@atreus.de\">h<\/a><\/div><div class=\"team-member-linkedin\"><a class=\"atreus-font\" target=\"_blank\" href=\"https:\/\/www.linkedin.com\/in\/sabine-brunthaler-b030066\/\" rel=\"noopener\">3<\/a><\/div><\/div><\/div>      <\/div>\n\n  <\/div><div class=\"col-menu-3 col-lg-4 col-md-6 col-12 single-team-member px-0\">            <a href=\"https:\/\/www.atreus.de\/fr\/equipe\/uwe-gehrmann\/\">\n\n              <div class=\" image-container g-0\">\n                <div class=\"img-with-gradient zwPortImg\">\n\n                  <img decoding=\"async\" loading=\"lazy\" class=\"zwPortImg\" alt=\"atreus_\" src=\"https:\/\/www.atreus.de\/wp-content\/uploads\/2023\/07\/geh-uw-v2.png\" srcset=\"https:\/\/www.atreus.de\/wp-content\/uploads\/2023\/07\/geh-uw-v2.png 555w, https:\/\/www.atreus.de\/wp-content\/uploads\/2023\/07\/geh-uw-v2-480x600.png 480w\" sizes=\"(max-width: 1024px) 100vw, 1024px\" style=\"aspect-ratio:555\/694 !important\" title=\"atreus_\">                  <div class=\"linear-gradient-container\"><\/div>\n                <\/div>\n\n            <\/a>\n            <div class=\"team-member-content\"><div class=\"team-member-name fulltext\"> <a href=\"https:\/\/www.atreus.de\/fr\/equipe\/uwe-gehrmann\/\"><span>Uwe Gehrmann<\/span><\/a><\/div><div class=\"team-member-description fulltext\"> <a href=\"https:\/\/www.atreus.de\/fr\/equipe\/uwe-gehrmann\/\"><span>Partenaire et responsable du Solution Group IT\/Digitalisation\/Data<\/span><\/a><\/div><div class=\"team-member-phone\"><a href=\"tel:+49 89 452249-460\"><span>+49 89 452249-460<\/span><\/a><\/div><div class=\"team-member-icon-container\"><div class=\"team-member-email\"><a class=\"atreus-font\" href=\"mailto:Uwe.Gehrmann@Atreus.de\">h<\/a><\/div><div class=\"team-member-linkedin\"><a class=\"atreus-font\" target=\"_blank\" href=\"https:\/\/www.linkedin.com\/in\/uwegehrmann\/\" rel=\"noopener\">3<\/a><\/div><\/div><\/div>      <\/div>\n\n  <\/div><div class=\"col-menu-3 col-lg-4 col-md-6 col-12 single-team-member px-0\">            <a href=\"https:\/\/www.atreus.de\/fr\/equipe\/thomas-glaser\/\">\n\n              <div class=\" image-container g-0\">\n                <div class=\"img-with-gradient zwPortImg\">\n\n                  <img decoding=\"async\" loading=\"lazy\" class=\"zwPortImg\" alt=\"atreus_\" src=\"https:\/\/www.atreus.de\/wp-content\/uploads\/2023\/07\/gla-th-v3.png\" srcset=\"https:\/\/www.atreus.de\/wp-content\/uploads\/2023\/07\/gla-th-v3.png 555w, https:\/\/www.atreus.de\/wp-content\/uploads\/2023\/07\/gla-th-v3-480x600.png 480w\" sizes=\"(max-width: 1024px) 100vw, 1024px\" style=\"aspect-ratio:555\/694 !important\" title=\"atreus_\">                  <div class=\"linear-gradient-container\"><\/div>\n                <\/div>\n\n            <\/a>\n            <div class=\"team-member-content\"><div class=\"team-member-name fulltext\"> <a href=\"https:\/\/www.atreus.de\/fr\/equipe\/thomas-glaser\/\"><span>Thomas  Gl\u00e4\u1e9eer<\/span><\/a><\/div><div class=\"team-member-description fulltext\"> <a href=\"https:\/\/www.atreus.de\/fr\/equipe\/thomas-glaser\/\"><span>Partenaire et responsable du Solution Group Infrastructure et grands projets<\/span><\/a><\/div><div class=\"team-member-phone\"><a href=\"tel:+49 89 452249-555\"><span>+49 89 452249-555<\/span><\/a><\/div><div class=\"team-member-icon-container\"><div class=\"team-member-email\"><a class=\"atreus-font\" href=\"mailto:thomas.glaesser@atreus.de\">h<\/a><\/div><div class=\"team-member-linkedin\"><a class=\"atreus-font\" target=\"_blank\" href=\"https:\/\/www.linkedin.com\/in\/thomasglaesser\/\" rel=\"noopener\">3<\/a><\/div><\/div><\/div>      <\/div>\n\n  <\/div><div class=\"col-menu-3 col-lg-4 col-md-6 col-12 single-team-member px-0\">            <a href=\"https:\/\/www.atreus.de\/fr\/equipe\/martin-hunglinger\/\">\n\n              <div class=\" image-container g-0\">\n                <div class=\"img-with-gradient zwPortImg\">\n\n                  <img decoding=\"async\" loading=\"lazy\" class=\"zwPortImg\" alt=\"atreus_\" src=\"https:\/\/www.atreus.de\/wp-content\/uploads\/2024\/02\/hun-ma.png\" srcset=\"https:\/\/www.atreus.de\/wp-content\/uploads\/2024\/02\/hun-ma.png 555w, https:\/\/www.atreus.de\/wp-content\/uploads\/2024\/02\/hun-ma-480x600.png 480w\" sizes=\"(max-width: 1024px) 100vw, 1024px\" style=\"aspect-ratio:555\/694 !important\" title=\"atreus_\">                  <div class=\"linear-gradient-container\"><\/div>\n                <\/div>\n\n            <\/a>\n            <div class=\"team-member-content\"><div class=\"team-member-name fulltext\"> <a href=\"https:\/\/www.atreus.de\/fr\/equipe\/martin-hunglinger\/\"><span>Martin Hunglinger<\/span><\/a><\/div><div class=\"team-member-description fulltext\"> <a href=\"https:\/\/www.atreus.de\/fr\/equipe\/martin-hunglinger\/\"><span>Directeur<\/span><\/a><\/div><div class=\"team-member-phone\"><a href=\"tel:+49 89 452249-330\"><span>+49 89 452249-330<\/span><\/a><\/div><div class=\"team-member-icon-container\"><div class=\"team-member-email\"><a class=\"atreus-font\" href=\"mailto:Martin.Hunglinger@atreus.de\">h<\/a><\/div><div class=\"team-member-linkedin\"><a class=\"atreus-font\" target=\"_blank\" href=\"https:\/\/www.linkedin.com\/in\/mahu85\/\" rel=\"noopener\">3<\/a><\/div><\/div><\/div>      <\/div>\n\n  <\/div><div class=\"col-menu-3 col-lg-4 col-md-6 col-12 single-team-member px-0\">            <a href=\"https:\/\/www.atreus.de\/fr\/equipe\/robert-minge\/\">\n\n              <div class=\" image-container g-0\">\n                <div class=\"img-with-gradient zwPortImg\">\n\n                  <img decoding=\"async\" loading=\"lazy\" class=\"zwPortImg\" alt=\"atreus_\" src=\"https:\/\/www.atreus.de\/wp-content\/uploads\/2023\/07\/min-ro-v1.png\" srcset=\"https:\/\/www.atreus.de\/wp-content\/uploads\/2023\/07\/min-ro-v1.png 555w, https:\/\/www.atreus.de\/wp-content\/uploads\/2023\/07\/min-ro-v1-480x600.png 480w\" sizes=\"(max-width: 1024px) 100vw, 1024px\" style=\"aspect-ratio:555\/694 !important\" title=\"atreus_\">                  <div class=\"linear-gradient-container\"><\/div>\n                <\/div>\n\n            <\/a>\n            <div class=\"team-member-content\"><div class=\"team-member-name fulltext\"> <a href=\"https:\/\/www.atreus.de\/fr\/equipe\/robert-minge\/\"><span>Robert  Minge<\/span><\/a><\/div><div class=\"team-member-description fulltext\"> <a href=\"https:\/\/www.atreus.de\/fr\/equipe\/robert-minge\/\"><span>Partenaire\r\n<\/span><\/a><\/div><div class=\"team-member-phone\"><a href=\"tel:+49 89 452249-385\"><span>+49 89 452249-385<\/span><\/a><\/div><div class=\"team-member-icon-container\"><div class=\"team-member-email\"><a class=\"atreus-font\" href=\"mailto:Robert.Minge@atreus.de\">h<\/a><\/div><div class=\"team-member-linkedin\"><a class=\"atreus-font\" target=\"_blank\" href=\"https:\/\/www.linkedin.com\/in\/robert-minge\/\" rel=\"noopener\">3<\/a><\/div><\/div><\/div>      <\/div>\n\n  <\/div><div class=\"col-menu-3 col-lg-4 col-md-6 col-12 single-team-member px-0\">            <a href=\"https:\/\/www.atreus.de\/fr\/equipe\/stefan-randak\/\">\n\n              <div class=\" image-container g-0\">\n                <div class=\"img-with-gradient zwPortImg\">\n\n                  <img decoding=\"async\" loading=\"lazy\" class=\"zwPortImg\" alt=\"atreus_\" src=\"https:\/\/www.atreus.de\/wp-content\/uploads\/2023\/07\/ran-st-v1.png\" srcset=\"https:\/\/www.atreus.de\/wp-content\/uploads\/2023\/07\/ran-st-v1.png 555w, https:\/\/www.atreus.de\/wp-content\/uploads\/2023\/07\/ran-st-v1-480x600.png 480w\" sizes=\"(max-width: 1024px) 100vw, 1024px\" style=\"aspect-ratio:555\/694 !important\" title=\"atreus_\">                  <div class=\"linear-gradient-container\"><\/div>\n                <\/div>\n\n            <\/a>\n            <div class=\"team-member-content\"><div class=\"team-member-name fulltext\"> <a href=\"https:\/\/www.atreus.de\/fr\/equipe\/stefan-randak\/\"><span>Stefan  Randak<\/span><\/a><\/div><div class=\"team-member-description fulltext\"> <a href=\"https:\/\/www.atreus.de\/fr\/equipe\/stefan-randak\/\"><span>Partenaire et responsable du Solution Group Automotive et Mobility\r\n<\/span><\/a><\/div><div class=\"team-member-phone\"><a href=\"tel:+49 89 452249-390\"><span>+49 89 452249-390<\/span><\/a><\/div><div class=\"team-member-icon-container\"><div class=\"team-member-email\"><a class=\"atreus-font\" href=\"mailto:Stefan.Randak@atreus.de\">h<\/a><\/div><div class=\"team-member-linkedin\"><a class=\"atreus-font\" target=\"_blank\" href=\"https:\/\/www.linkedin.com\/in\/stefan-randak\/\" rel=\"noopener\">3<\/a><\/div><\/div><\/div>      <\/div>\n\n  <\/div><div class=\"col-menu-3 col-lg-4 col-md-6 col-12 single-team-member px-0\">            <a href=\"https:\/\/www.atreus.de\/fr\/equipe\/martin-schulz\/\">\n\n              <div class=\" image-container g-0\">\n                <div class=\"img-with-gradient zwPortImg\">\n\n                  <img decoding=\"async\" loading=\"lazy\" class=\"zwPortImg\" alt=\"atreus_\" src=\"https:\/\/www.atreus.de\/wp-content\/uploads\/2023\/07\/sch-ma-v6.png\" srcset=\"https:\/\/www.atreus.de\/wp-content\/uploads\/2023\/07\/sch-ma-v6.png 555w, https:\/\/www.atreus.de\/wp-content\/uploads\/2023\/07\/sch-ma-v6-480x600.png 480w\" sizes=\"(max-width: 1024px) 100vw, 1024px\" style=\"aspect-ratio:555\/694 !important\" title=\"atreus_\">                  <div class=\"linear-gradient-container\"><\/div>\n                <\/div>\n\n            <\/a>\n            <div class=\"team-member-content\"><div class=\"team-member-name fulltext\"> <a href=\"https:\/\/www.atreus.de\/fr\/equipe\/martin-schulz\/\"><span>Martin  Schulz<\/span><\/a><\/div><div class=\"team-member-description fulltext\"> <a href=\"https:\/\/www.atreus.de\/fr\/equipe\/martin-schulz\/\"><span>Partenaire et responsable du Solution Group \u00e9nergie et environnement\r\n<\/span><\/a><\/div><div class=\"team-member-phone\"><a href=\"tel:+49 89 452249-115\"><span>+49 89 452249-115<\/span><\/a><\/div><div class=\"team-member-icon-container\"><div class=\"team-member-email\"><a class=\"atreus-font\" href=\"mailto:Martin.Schulz@atreus.de\">h<\/a><\/div><div class=\"team-member-linkedin\"><a class=\"atreus-font\" target=\"_blank\" href=\"https:\/\/www.linkedin.com\/in\/martinschulz2\/\" rel=\"noopener\">3<\/a><\/div><\/div><\/div>      <\/div>\n\n  <\/div><div class=\"col-menu-3 col-lg-4 col-md-6 col-12 single-team-member px-0\">            <a href=\"https:\/\/www.atreus.de\/fr\/equipe\/harald-smolak\/\">\n\n              <div class=\" image-container g-0\">\n                <div class=\"img-with-gradient zwPortImg\">\n\n                  <img decoding=\"async\" loading=\"lazy\" class=\"zwPortImg\" alt=\"atreus_\" src=\"https:\/\/www.atreus.de\/wp-content\/uploads\/2023\/07\/smo-ha-v2.png\" srcset=\"https:\/\/www.atreus.de\/wp-content\/uploads\/2023\/07\/smo-ha-v2.png 555w, https:\/\/www.atreus.de\/wp-content\/uploads\/2023\/07\/smo-ha-v2-480x600.png 480w\" sizes=\"(max-width: 1024px) 100vw, 1024px\" style=\"aspect-ratio:555\/694 !important\" title=\"atreus_\">                  <div class=\"linear-gradient-container\"><\/div>\n                <\/div>\n\n            <\/a>\n            <div class=\"team-member-content\"><div class=\"team-member-name fulltext\"> <a href=\"https:\/\/www.atreus.de\/fr\/equipe\/harald-smolak\/\"><span>Harald  Smolak<\/span><\/a><\/div><div class=\"team-member-description fulltext\"> <a href=\"https:\/\/www.atreus.de\/fr\/equipe\/harald-smolak\/\"><span>Directeur<\/span><\/a><\/div><div class=\"team-member-phone\"><a href=\"tel:+49 89 452249-440\"><span>+49 89 452249-440<\/span><\/a><\/div><div class=\"team-member-icon-container\"><div class=\"team-member-email\"><a class=\"atreus-font\" href=\"mailto:Harald.Smolak@atreus.de\">h<\/a><\/div><div class=\"team-member-linkedin\"><a class=\"atreus-font\" target=\"_blank\" href=\"https:\/\/www.linkedin.com\/in\/harald-smolak-2023342\/\" rel=\"noopener\">3<\/a><\/div><\/div><\/div>      <\/div>\n\n  <\/div>    <\/div>\n    <\/div>\n\n","protected":false},"excerpt":{"rendered":"<div  class=\"zw-cgb header-standard-block  desktop-has-image mobile-has-image default-margin white-color content-left content-down zw-atr-portrait-pos-default zw-atr-landscape-pos-default height-default \">\n<div class=\"row\">\n<div class=\"zw-cgb-content col-12 mx-auto\">\n<div  class=\"header-standard-inner-container\">\n<div class=\"bg-image\"><span class=\"copyright-image d-none d-lg-block\">\u00a9 vegefox.com \u2013 stock.adobe.com<\/span><img decoding=\"async\" class=\"respnsive-img d-none d-lg-block\" loading=\"lazy\" alt=\"Internationale Aufgabenstellungen\" src=\"https:\/\/www.atreus.de\/wp-content\/uploads\/2022\/03\/header-internationale-aufgabenstellungen-Themen-InternationaleAufgabenstellungen.jpg\" srcset=\"https:\/\/www.atreus.de\/wp-content\/uploads\/2022\/03\/header-internationale-aufgabenstellungen-Themen-InternationaleAufgabenstellungen.jpg 1920w, https:\/\/www.atreus.de\/wp-content\/uploads\/2022\/03\/header-internationale-aufgabenstellungen-Themen-InternationaleAufgabenstellungen-768x432.jpg 768w, https:\/\/www.atreus.de\/wp-content\/uploads\/2022\/03\/header-internationale-aufgabenstellungen-Themen-InternationaleAufgabenstellungen-1024x576.jpg 1024w, https:\/\/www.atreus.de\/wp-content\/uploads\/2022\/03\/header-internationale-aufgabenstellungen-Themen-InternationaleAufgabenstellungen-480x270.jpg 480w, https:\/\/www.atreus.de\/wp-content\/uploads\/2022\/03\/header-internationale-aufgabenstellungen-Themen-InternationaleAufgabenstellungen-1440x810.jpg 1440w\" sizes=\"(max-width: 1920px) 100vw, 1920px\"style='aspect-ratio:1920\/1080 !important'><span class=\"copyright-image d-lg-none d-block\">\u00a9 vegefox.com \u2013 stock.adobe.com<\/span><img decoding=\"async\" class=\"responsive-img d-lg-none d-block\" loading=\"lazy\" alt=\"Internationale Aufgabenstellungen\" src=\"https:\/\/www.atreus.de\/wp-content\/uploads\/2022\/03\/teaser-2u3-sp-Themen-InternationaleAufgabenstellungen.jpg\" srcset=\"https:\/\/www.atreus.de\/wp-content\/uploads\/2022\/03\/teaser-2u3-sp-Themen-InternationaleAufgabenstellungen.jpg 823w, https:\/\/www.atreus.de\/wp-content\/uploads\/2022\/03\/teaser-2u3-sp-Themen-InternationaleAufgabenstellungen-768x578.jpg 768w, https:\/\/www.atreus.de\/wp-content\/uploads\/2022\/03\/teaser-2u3-sp-Themen-InternationaleAufgabenstellungen-480x361.jpg 480w\" sizes=\"(max-width: 1024px) 100vw, 1024px\"style='aspect-ratio:823\/619 !important'><\/div>\n<div class=\"preheadline-container\">\n<div class=\"zw-breadcrumb-container black-color d-md-down-none\"><\/div>\n<p class=\" zw-cgb preheadline zw-prevent-animation\">Missions internationales Atreus<\/p>\n<h2 class=\" zw-cgb headline zw-prevent-animation\">Des talents venant de tous les pays \u2014 mettez-vous en r\u00e9seau&nbsp;!<\/h2>\n<\/div>\n<\/div>\n<\/div>\n<\/div>\n<\/div>\n<div class=\"zw-breadcrumb-container black-color d-none d-md-down-block\">\n<nav aria-label=\"breadcrumbs\" class=\"rank-math-breadcrumb\">\n<p><span class=\"label\">c<\/span> <span class=\"last\">Home<\/span><\/p>\n<\/nav>\n<\/div>\n","protected":false},"author":1,"featured_media":483599,"parent":515536,"menu_order":40,"comment_status":"closed","ping_status":"closed","template":"","meta":{"_relevanssi_hide_post":"","_relevanssi_hide_content":"","_relevanssi_pin_for_all":"","_relevanssi_pin_keywords":"","_relevanssi_unpin_keywords":"","_relevanssi_related_keywords":"","_relevanssi_related_include_ids":"","_relevanssi_related_exclude_ids":"","_relevanssi_related_no_append":"","_relevanssi_related_not_related":"","_relevanssi_related_posts":"524337,524369,524314,524345,524328,524329","_relevanssi_noindex_reason":"","_zw_phone_override":"","footnotes":""},"competences":[677],"industry-sectors":[],"class_list":["post-515576","page","type-page","status-publish","has-post-thumbnail","hentry","competences-missions-internationales"],"_links":{"self":[{"href":"https:\/\/www.atreus.de\/fr\/wp-json\/wp\/v2\/pages\/515576","targetHints":{"allow":["GET"]}}],"collection":[{"href":"https:\/\/www.atreus.de\/fr\/wp-json\/wp\/v2\/pages"}],"about":[{"href":"https:\/\/www.atreus.de\/fr\/wp-json\/wp\/v2\/types\/page"}],"author":[{"embeddable":true,"href":"https:\/\/www.atreus.de\/fr\/wp-json\/wp\/v2\/users\/1"}],"replies":[{"embeddable":true,"href":"https:\/\/www.atreus.de\/fr\/wp-json\/wp\/v2\/comments?post=515576"}],"version-history":[{"count":0,"href":"https:\/\/www.atreus.de\/fr\/wp-json\/wp\/v2\/pages\/515576\/revisions"}],"up":[{"embeddable":true,"href":"https:\/\/www.atreus.de\/fr\/wp-json\/wp\/v2\/pages\/515536"}],"wp:featuredmedia":[{"embeddable":true,"href":"https:\/\/www.atreus.de\/fr\/wp-json\/wp\/v2\/media\/483599"}],"wp:attachment":[{"href":"https:\/\/www.atreus.de\/fr\/wp-json\/wp\/v2\/media?parent=515576"}],"wp:term":[{"taxonomy":"competences","embeddable":true,"href":"https:\/\/www.atreus.de\/fr\/wp-json\/wp\/v2\/competences?post=515576"},{"taxonomy":"industry-sectors","embeddable":true,"href":"https:\/\/www.atreus.de\/fr\/wp-json\/wp\/v2\/industry-sectors?post=515576"}],"curies":[{"name":"wp","href":"https:\/\/api.w.org\/{rel}","templated":true}]}}