{"id":515578,"date":"2022-03-01T11:31:08","date_gmt":"2022-03-01T10:31:08","guid":{"rendered":"https:\/\/www.atreus.de\/?page_id=515578"},"modified":"2025-02-27T11:51:48","modified_gmt":"2025-02-27T10:51:48","slug":"recherche-et-developpement","status":"publish","type":"page","link":"https:\/\/www.atreus.de\/fr\/competences\/fonctions-de-management\/recherche-et-developpement\/","title":{"rendered":"Recherche et d\u00e9veloppement"},"content":{"rendered":"<div  class=\"zw-cgb header-standard-block is-first-block desktop-has-image mobile-has-image default-margin white-color content-right content-down zw-atr-portrait-pos-default zw-atr-landscape-pos-default height-default \"><div class=\"row\"><div class=\"zw-cgb-content col-12 mx-auto\"><div  class=\"header-standard-inner-container\"><div class=\"bg-image\"><span class=\"copyright-image d-none d-lg-block\">\u00a9 Mathias Weil, sakkmesterke, denisismagilov \u2013 stock.adobe.com<\/span><img decoding=\"async\" class=\"respnsive-img d-none d-lg-block\" loading=\"lazy\" alt=\"Forschung und Entwicklung\" src=\"https:\/\/www.atreus.de\/wp-content\/uploads\/2022\/03\/header-forschung-entwicklung-Managementfunktionen-Forschungund_Entwicklung.jpg\" srcset=\"https:\/\/www.atreus.de\/wp-content\/uploads\/2022\/03\/header-forschung-entwicklung-Managementfunktionen-Forschungund_Entwicklung.jpg 1920w, https:\/\/www.atreus.de\/wp-content\/uploads\/2022\/03\/header-forschung-entwicklung-Managementfunktionen-Forschungund_Entwicklung-768x432.jpg 768w, https:\/\/www.atreus.de\/wp-content\/uploads\/2022\/03\/header-forschung-entwicklung-Managementfunktionen-Forschungund_Entwicklung-1024x576.jpg 1024w, https:\/\/www.atreus.de\/wp-content\/uploads\/2022\/03\/header-forschung-entwicklung-Managementfunktionen-Forschungund_Entwicklung-480x270.jpg 480w, https:\/\/www.atreus.de\/wp-content\/uploads\/2022\/03\/header-forschung-entwicklung-Managementfunktionen-Forschungund_Entwicklung-1440x810.jpg 1440w\" sizes=\"(max-width: 1920px) 100vw, 1920px\" style=\"aspect-ratio:1920\/1080 !important\" title=\"atreus_\"><span class=\"copyright-image d-lg-none d-block\">\u00a9 Mathias Weil, sakkmesterke, denisismagilov \u2013 stock.adobe.com<\/span><img decoding=\"async\" class=\"responsive-img d-lg-none d-block\" loading=\"lazy\" alt=\"Forschung und Entwicklung\" src=\"https:\/\/www.atreus.de\/wp-content\/uploads\/2022\/03\/teaser-2u3-sp-Managementfunktionen-Forschungund_Entwicklung.jpg\" srcset=\"https:\/\/www.atreus.de\/wp-content\/uploads\/2022\/03\/teaser-2u3-sp-Managementfunktionen-Forschungund_Entwicklung.jpg 823w, https:\/\/www.atreus.de\/wp-content\/uploads\/2022\/03\/teaser-2u3-sp-Managementfunktionen-Forschungund_Entwicklung-768x578.jpg 768w, https:\/\/www.atreus.de\/wp-content\/uploads\/2022\/03\/teaser-2u3-sp-Managementfunktionen-Forschungund_Entwicklung-480x361.jpg 480w\" sizes=\"(max-width: 1024px) 100vw, 1024px\" style=\"aspect-ratio:823\/619 !important\" title=\"atreus_\"><\/div><div class=\"preheadline-container\"><div class=\"zw-breadcrumb-container black-color d-md-down-none\"><\/div><p class=\" zw-cgb preheadline zw-prevent-animation\">Eur\u00eaka\u2009!<\/p><h1 class=\" zw-cgb headline zw-prevent-animation\">Recherche et d\u00e9veloppement<\/h1><\/div><\/div><\/div><\/div><\/div><div class=\"zw-breadcrumb-container black-color d-none d-md-down-block\"><nav aria-label=\"breadcrumbs\" class=\"rank-math-breadcrumb\"><p><span class=\"label\">c<\/span> <span class=\"last\">Home<\/span><\/p><\/nav><\/div>\n\n    <div  class=\"zw-cgb    infoblock default-margin black-color  \">\n      <div class=\" row\">\n        <div class=\"zw-cgb-content has-padding col-12\">\n          <div class=\"inner-content parent-has-padding\"><p class=\" zw-cgb fulltext \">L\u2019art en R&amp;D, partie 1&nbsp;: assurer les arri\u00e8res des t\u00eates pensantes pour marquer des points avec des solutions enti\u00e8rement nouvelles.<\/p><p class=\" zw-cgb fulltext \">L\u2019art en R&amp;D, partie 2&nbsp;: reconna\u00eetre le point o\u00f9 la nouveaut\u00e9 doit devenir un produit.<\/p><p class=\" zw-cgb fulltext \">L\u2019art en R&amp;E, partie 3&nbsp;: consid\u00e9rer les expertes et les managers d\u2019Atreus comme des ressources strat\u00e9giques et professionnelles disponibles \u00e0 tout moment.<\/p><div class=\"link-container\"><\/div><\/div>        <\/div>\n      <\/div>\n    <\/div>\n\n\n<div  class=\"zw-cgb  sidebarblock default-margin \">\r\n      <div class=\"row\">\r\n        \r\n\t\t<div class=\"zw-cgb global-widget left  black-color  no-margin\">\r\n\t\t\t\t\t\t\t<div class=\"bg-img-container\">\r\n\t\t\t\t\t<img decoding=\"async\" loading=\"lazy\" width=\"1920\" height=\"720\" src=\"https:\/\/www.atreus.de\/wp-content\/uploads\/2022\/03\/widget-projekt-und-programmmanagement.jpg\" style=\"aspect-ratio:1920\/720 !important\" alt=\"atreus_\" title=\"atreus_\">\t\t\t\t<\/div>\r\n\t\t\t\t\t\t<div class=\"inner-container bg-white\">\r\n\t\t\t\t      <div class=\"headlinetwo-container\">\r\n\t\t<p class=\"zw-cgb headline two\">Gestion de projets et de programmes by Atreus \u2013 des solutions s\u00e9curis\u00e9es<\/p>\r\n\t  <\/div> \t\t\t\t<div class=\"widget-content fulltext\">\r\n\r\n\t\t\t\t\t\t<p><span class=\"TextRun SCXW240903315 BCX8\" lang=\"FR-FR\" xml:lang=\"FR-FR\" data-contrast=\"auto\"><span class=\"NormalTextRun SCXW240903315 BCX8\">Des \u00e9quipes qui m\u00e8nent \u00e0 bien des projets complexes.<\/span><\/span><span class=\"LineBreakBlob BlobObject DragDrop SCXW240903315 BCX8\"><span class=\"SCXW240903315 BCX8\">\u00a0<\/span><br class=\"SCXW240903315 BCX8\" \/><\/span><span class=\"TextRun SCXW240903315 BCX8\" lang=\"FR-FR\" xml:lang=\"FR-FR\" data-contrast=\"auto\"><span class=\"NormalTextRun SCXW240903315 BCX8\">Des managers qui apportent le savoir-faire et le savoir-\u00eatre.<\/span><\/span><span class=\"LineBreakBlob BlobObject DragDrop SCXW240903315 BCX8\"><span class=\"SCXW240903315 BCX8\">\u00a0<\/span><br class=\"SCXW240903315 BCX8\" \/><\/span><span class=\"TextRun SCXW240903315 BCX8\" lang=\"FR-FR\" xml:lang=\"FR-FR\" data-contrast=\"auto\"><span class=\"NormalTextRun SCXW240903315 BCX8\">Des <\/span><span class=\"NormalTextRun SCXW240903315 BCX8\">acteurs<\/span><span class=\"NormalTextRun SCXW240903315 BCX8\"> et des <\/span><span class=\"NormalTextRun SCXW240903315 BCX8\">\u00ab<\/span><span class=\"NormalTextRun SCXW240903315 BCX8\">achievers<\/span><span class=\"NormalTextRun SCXW240903315 BCX8\">\u00bb<\/span><span class=\"NormalTextRun SCXW240903315 BCX8\"> qui entra\u00eenent toutes les parties prenantes.<\/span><\/span><\/p>\n\r\n\r\n\t\t\t\t<\/div>\r\n\t\t\t\t\t\t\t\t\r\n\t\t\t\t<div class=\"zw-cgb zw-cgb-button-container\">\r\n\t\t\t\t\t<a href=\"https:\/\/www.atreus.de\/fr\/competences\/service\/gestion-de-projets-et-de-programmes\/\" class=\"zw-cgb btn btn-primary\">EN SAVOIR PLUS<\/a>\r\n\t\t\t\t<\/div>\r\n\t\t\t\t\t\t\t<\/div>\r\n\t\t<\/div>\r\n\t<\/div><\/div>    \n\n    <div  class=\"zw-cgb    infoblock default-margin black-color  \">\n      <div class=\" row\">\n        <div class=\"zw-cgb-content has-padding col-12\">\n          <div class=\"preheadline-container parent-has-padding\"><p class=\" zw-cgb preheadline ' .  . '\">OFFRES DE SERVICES<\/p><\/div><div class=\"inner-content parent-has-padding\"><h3 class=\" zw-cgb headline\">DES EXPERTS SOLIDES<\/h3><p class=\" zw-cgb fulltext \">Nous ne sommes pas \u00e9trangers aux d\u00e9fis complexes. En effet, notre \u00e9quipe de directeurs est \u00e0 l\u2019aise lorsqu\u2019il s\u2019agit de prendre des d\u00e9cisions de niveau C. Atreus trouve rapidement les ressources adapt\u00e9es et \u00e9prouv\u00e9es \u00e0 de multiples reprises qui permettent de relever votre d\u00e9fi activement et avec d\u00e9termination. Les directeurs d\u2019Atreus restent \u00e0 chaque instant des partenaires solides. Notre r\u00e9seau a \u00e9galement la possibilit\u00e9 de d\u00e9clencher \u00e0 court terme d\u2019autres talents, allant d\u2019experts aux directeurs g\u00e9n\u00e9raux.<\/p><p class=\" zw-cgb fulltext \">Nous vous aidons \u00e0 relever les d\u00e9fis de la recherche et du d\u00e9veloppement en vous proposant, entre autres, les services suivants&nbsp;:<\/p><div class=\"link-container\"><\/div><\/div>        <\/div>\n      <\/div>\n    <\/div>\n\n\n<div id=\"parent59469\" class=\"zw-cgb  akkordion700  default-margin black-color \"><div class=\"row\"><div class=\"zw-cgb-content mx-auto col-12 akkorionOuterContentWrapper\"><div id=\"zw-7dab2d6e-8183-4e7f-b1cf-7dcd75414961-1\" class=\"single-akkordion-item collapsed\" type=\"button\"\n          data-bs-toggle=\"collapse\" data-bs-target=\"#zw-7dab2d6e-8183-4e7f-b1cf-7dcd75414961\" aria-expanded=\"false\" aria-controls=\"collapsetwo\"><div class=\"faq-headline-container d-flex no-icon \"><h3 class=\" zw-cgb subheadline faq\"><strong>Remplacement de fonctions op\u00e9rationnelles critiques par des managers de transition <\/strong>tout au long de la cha\u00eene de cr\u00e9ation de valeur<\/h3><span class=\"atreus-font pfeil-hoch\">d<\/span><span class=\"atreus-font pfeil-runter\">c<\/span><\/div><\/div><div id=\"zw-7dab2d6e-8183-4e7f-b1cf-7dcd75414961\" class=\"collapse single-akkordion-item mt-0\" data-bs-parent=\"#parent59469\"><div class=\"zw-cgb row akkordionInnerWrapper \"><div  class=\"zw-cgb row  columnmaster020 default-margin \"><div class=\"columnmaster-inner-content g-0\">    <div  class=\"zw-cgb no-image-layout columnblock white-color no-icon   \">\n      <div class=\"zw-cgb zw-cgb-content\">\n\n        <div class=\"column-content\"><div class=\"inner-content\"><h2 class=\" zw-cgb headline h4\">Votre d\u00e9fi<\/h2><p class=\" zw-cgb fulltext \">Il vous manque une ressource appropri\u00e9e dans une fonction hi\u00e9rarchique de premier ou de deuxi\u00e8me niveau dont l\u2019intervention rapide est d\u00e9cisive pour la poursuite du succ\u00e8s de l\u2019entreprise.<\/p><\/div><\/div>      <\/div>\n    <\/div>\n    <div  class=\"zw-cgb no-image-layout columnblock white-color no-icon   \">\n      <div class=\"zw-cgb zw-cgb-content\">\n\n        <div class=\"column-content\"><div class=\"inner-content\"><h2 class=\" zw-cgb headline h4\">Notre mission<\/h2><p class=\" zw-cgb fulltext \">Nous renfor\u00e7ons rapidement votre \u00e9quipe avec un manager de transition, une vraie personnalit\u00e9 avec des comp\u00e9tences de leadership, et fournissons la ressource ad\u00e9quate pour la situation de votre entreprise (h\/f\/d). Les managers de transition tri\u00e9s sur le volet par Atreus sont parfaitement adapt\u00e9s \u00e0 votre d\u00e9fi et sont imm\u00e9diatement op\u00e9rationnels, au niveau national et international, sur place ou \u00e0 distance si n\u00e9cessaire.<\/p><\/div><\/div>      <\/div>\n    <\/div>\n    <div  class=\"zw-cgb no-image-layout columnblock white-color no-icon   \">\n      <div class=\"zw-cgb zw-cgb-content\">\n\n        <div class=\"column-content\"><div class=\"inner-content\"><h2 class=\" zw-cgb headline h4\">Votre solution<\/h2><p class=\" zw-cgb fulltext \">Un manager de transition sur mesure approuv\u00e9 par Atreus assume l\u2019enti\u00e8re responsabilit\u00e9 op\u00e9rationnelle pour la s\u00e9curisation et le d\u00e9veloppement r\u00e9ussi de votre activit\u00e9 en tant que directeur g\u00e9n\u00e9ral, directeur administratif et financier, directeur des ressources humaines, directeur des op\u00e9rations, directeur des syst\u00e8mes d\u2019information, chef de la s\u00e9curit\u00e9 ou en tant que directeur du contr\u00f4le de gestion, des finances, des achats, de la logistique, de la production, de l\u2019informatique, du marketing, des ventes, du service client\u00e8le, de la logistique, de la production ou des ressources humaines. En qualit\u00e9 de \u00ab&nbsp;managers \u00e0 toute \u00e9preuve&nbsp;\u00bb, les managers de transition d\u2019Atreus sont \u00e0 la hauteur de ce d\u00e9fi particulier. Ils agissent avec professionnalisme, de mani\u00e8re r\u00e9fl\u00e9chie et efficace, conform\u00e9ment \u00e0 vos attentes.<\/p><\/div><\/div>      <\/div>\n    <\/div>\n<\/div><\/div><\/div><\/div><div id=\"zw-dc1031b0-e869-41ce-bd32-01aa4eafccc8-1\" class=\"single-akkordion-item collapsed\" type=\"button\"\n          data-bs-toggle=\"collapse\" data-bs-target=\"#zw-dc1031b0-e869-41ce-bd32-01aa4eafccc8\" aria-expanded=\"false\" aria-controls=\"collapsetwo\"><div class=\"faq-headline-container d-flex no-icon \"><h3 class=\" zw-cgb subheadline faq\"><strong>Agent de gestion des programmes <\/strong>(PMO)<\/h3><span class=\"atreus-font pfeil-hoch\">d<\/span><span class=\"atreus-font pfeil-runter\">c<\/span><\/div><\/div><div id=\"zw-dc1031b0-e869-41ce-bd32-01aa4eafccc8\" class=\"collapse single-akkordion-item mt-0\" data-bs-parent=\"#parent59469\"><div class=\"zw-cgb row akkordionInnerWrapper \"><div  class=\"zw-cgb row  columnmaster020 default-margin \"><div class=\"columnmaster-inner-content g-0\">    <div  class=\"zw-cgb no-image-layout columnblock white-color no-icon   \">\n      <div class=\"zw-cgb zw-cgb-content\">\n\n        <div class=\"column-content\"><div class=\"inner-content\"><h2 class=\" zw-cgb headline h4\">Votre d\u00e9fi<\/h2><p class=\" zw-cgb fulltext \">Vous cherchez rapidement un expert temporaire pour le PMO dans le cadre d\u2019une gestion multiprojets pour tous les projets de l\u2019entreprise ou d\u2019un projet tr\u00e8s pertinent dans un secteur de l\u2019entreprise. En interne, il manque une ressource adapt\u00e9e et exp\u00e9riment\u00e9e qui puisse piloter le projet en toute s\u00e9curit\u00e9 et le mener \u00e0 bien.<\/p><\/div><\/div>      <\/div>\n    <\/div>\n    <div  class=\"zw-cgb no-image-layout columnblock white-color no-icon   \">\n      <div class=\"zw-cgb zw-cgb-content\">\n\n        <div class=\"column-content\"><div class=\"inner-content\"><h2 class=\" zw-cgb headline h4\">Notre mission<\/h2><p class=\" zw-cgb fulltext \">Nos gestionnaires de programmes qualifi\u00e9s+ sont les managers de transition les plus exp\u00e9riment\u00e9s du march\u00e9. Ils se distinguent par leur leadership et apportent leur clairvoyance et leur exp\u00e9rience dans la mise en \u0153uvre de projets hautement pertinents, y compris \u00e0 l\u2019\u00e9chelle mondiale. Notre passion est de mettre \u00e0 votre disposition, \u00e0 court terme, un manager de transition parfaitement adapt\u00e9, justifiant de pilotages r\u00e9ussis de projets similaires &#8211; et m\u00eame plus complexes. Ce manager de transition dispose d\u2019excellentes capacit\u00e9s, notamment la communication et la force de r\u00e9alisation, attirer et f\u00e9d\u00e9rer les talents, une grande compr\u00e9hension du secteur, des comp\u00e9tences interculturelles \u2014 associ\u00e9es \u00e0 un savoir-faire en mati\u00e8re d\u2019informatique et de digitalisation.<\/p><\/div><\/div>      <\/div>\n    <\/div>\n    <div  class=\"zw-cgb no-image-layout columnblock white-color no-icon   \">\n      <div class=\"zw-cgb zw-cgb-content\">\n\n        <div class=\"column-content\"><div class=\"inner-content\"><h2 class=\" zw-cgb headline h4\">Votre solution<\/h2><p class=\" zw-cgb fulltext \">Un manager de programme de transition Atreus aguerri prend la responsabilit\u00e9 du PMO et vous aide \u00e0 g\u00e9rer avec succ\u00e8s les programmes en situation de transformation. Qu\u2019il s\u2019agisse d\u2019un d\u00e9ploiement ERP global, d\u2019un programme de restructuration, d\u2019un programme d\u2019am\u00e9lioration de l\u2019efficacit\u00e9, d\u2019une transformation informatique ou num\u00e9rique de l\u2019organisation, ou encore de la mise en \u0153uvre de programmes d\u2019excellence en mati\u00e8re de services ou de d\u00e9localisations de la production&nbsp;: votre projet est entre les meilleures mains.<\/p><\/div><\/div>      <\/div>\n    <\/div>\n<\/div><\/div><\/div><\/div><div id=\"zw-af3ee670-9a18-4fcc-b27f-d156d8634e2e-1\" class=\"single-akkordion-item collapsed\" type=\"button\"\n          data-bs-toggle=\"collapse\" data-bs-target=\"#zw-af3ee670-9a18-4fcc-b27f-d156d8634e2e\" aria-expanded=\"false\" aria-controls=\"collapsetwo\"><div class=\"faq-headline-container d-flex no-icon \"><h3 class=\" zw-cgb subheadline faq\"><strong>Gestionnaire de projet ou de programme de digitalisation<\/strong><\/h3><span class=\"atreus-font pfeil-hoch\">d<\/span><span class=\"atreus-font pfeil-runter\">c<\/span><\/div><\/div><div id=\"zw-af3ee670-9a18-4fcc-b27f-d156d8634e2e\" class=\"collapse single-akkordion-item mt-0\" data-bs-parent=\"#parent59469\"><div class=\"zw-cgb row akkordionInnerWrapper \"><div  class=\"zw-cgb row  columnmaster020 default-margin \"><div class=\"columnmaster-inner-content g-0\">    <div  class=\"zw-cgb no-image-layout columnblock white-color no-icon   \">\n      <div class=\"zw-cgb zw-cgb-content\">\n\n        <div class=\"column-content\"><div class=\"inner-content\"><h2 class=\" zw-cgb headline h4\">Vos d\u00e9fis<\/h2><p class=\" zw-cgb fulltext \">Vous devez poursuivre la transformation num\u00e9rique, adapter vos processus commerciaux existants et concevoir de nouveaux mod\u00e8les commerciaux. Votre objectif est de rendre l\u2019entreprise plus productive, plus s\u00fbre et plus p\u00e9renne, et vous devez tout mettre en \u0153uvre simultan\u00e9ment tout au long de la cha\u00eene de cr\u00e9ation de valeur dans l\u2019ensemble de l\u2019organisation.<\/p><\/div><\/div>      <\/div>\n    <\/div>\n    <div  class=\"zw-cgb no-image-layout columnblock white-color no-icon   \">\n      <div class=\"zw-cgb zw-cgb-content\">\n\n        <div class=\"column-content\"><div class=\"inner-content\"><h2 class=\" zw-cgb headline h4\">Notre mission<\/h2><p class=\" zw-cgb fulltext \">Nous mettons imm\u00e9diatement \u00e0 votre disposition le chef de projet ou de programme ad\u00e9quat, qui vous aidera aussi bien \u00e0 d\u00e9velopper une strat\u00e9gie num\u00e9rique qu\u2019\u00e0 optimiser rapidement les processus existants ou \u00e0 d\u00e9velopper de nouveaux produits ou de nouvelles plateformes. Gr\u00e2ce \u00e0 ses comp\u00e9tences industrielles, sa capacit\u00e9 d\u2019innovation et son savoir-faire num\u00e9rique, il adopte une approche r\u00e9fl\u00e9chie, s\u00fbre et cibl\u00e9e. Si n\u00e9cessaire, nous soutenons \u00e9galement votre projet de transformation num\u00e9rique par d\u2019autres managers Atreus, tous des \u00ab&nbsp;managers en digitalisation \u00e0 toute \u00e9preuve&nbsp;\u00bb qui, en tant qu\u2019\u00e9quipe bien rod\u00e9e, n\u2019ont qu\u2019un seul objectif&nbsp;: engager votre entreprise sur la voie du succ\u00e8s num\u00e9rique.<\/p><\/div><\/div>      <\/div>\n    <\/div>\n    <div  class=\"zw-cgb no-image-layout columnblock white-color no-icon   \">\n      <div class=\"zw-cgb zw-cgb-content\">\n\n        <div class=\"column-content\"><div class=\"inner-content\"><h2 class=\" zw-cgb headline h4\">Votre solution<\/h2><p class=\" zw-cgb fulltext \">L\u2019expert num\u00e9rique approuv\u00e9 par Atreus pilote votre projet strat\u00e9gique et renforce vos \u00e9quipes. Il s\u2019engage dans toutes les phases de la transformation num\u00e9rique. Il consid\u00e8re l\u2019\u00e9tendue de votre entreprise, de la digitalisation et l\u2019optimisation de la production, la num\u00e9risation des processus, la strat\u00e9gie de produits, le Product-as-a-Service, les mod\u00e8les commerciaux innovants \u2014 il guide votre entreprise sur le parcours num\u00e9rique vers le succ\u00e8s.<\/p><\/div><\/div>      <\/div>\n    <\/div>\n<\/div><\/div><\/div><\/div><div id=\"zw-8626a672-51fc-4c94-a5e6-764ba3c3bceb-1\" class=\"single-akkordion-item collapsed\" type=\"button\"\n          data-bs-toggle=\"collapse\" data-bs-target=\"#zw-8626a672-51fc-4c94-a5e6-764ba3c3bceb\" aria-expanded=\"false\" aria-controls=\"collapsetwo\"><div class=\"faq-headline-container d-flex no-icon \"><h3 class=\" zw-cgb subheadline faq\"><strong>Expert en d\u00e9veloppement durable<\/strong><\/h3><span class=\"atreus-font pfeil-hoch\">d<\/span><span class=\"atreus-font pfeil-runter\">c<\/span><\/div><\/div><div id=\"zw-8626a672-51fc-4c94-a5e6-764ba3c3bceb\" class=\"collapse single-akkordion-item mt-0\" data-bs-parent=\"#parent59469\"><div class=\"zw-cgb row akkordionInnerWrapper \"><div  class=\"zw-cgb row  columnmaster020 default-margin \"><div class=\"columnmaster-inner-content g-0\">    <div  class=\"zw-cgb no-image-layout columnblock white-color no-icon   \">\n      <div class=\"zw-cgb zw-cgb-content\">\n\n        <div class=\"column-content\"><div class=\"inner-content\"><h2 class=\" zw-cgb headline h4\">Votre d\u00e9fi<\/h2><p class=\" zw-cgb fulltext \">Vous souhaitez orienter davantage votre entreprise vers les questions ESG et int\u00e9grer vos objectifs environnementaux, sociaux et de gouvernance dans tous vos domaines d\u2019activit\u00e9.<\/p><\/div><\/div>      <\/div>\n    <\/div>\n    <div  class=\"zw-cgb no-image-layout columnblock white-color no-icon   \">\n      <div class=\"zw-cgb zw-cgb-content\">\n\n        <div class=\"column-content\"><div class=\"inner-content\"><h2 class=\" zw-cgb headline h4\">Notre mission<\/h2><p class=\" zw-cgb fulltext \">Nous renfor\u00e7ons votre \u00e9quipe avec un expert pour qui le d\u00e9veloppement durable n\u2019est pas un terrain inconnu et qui a pilot\u00e9 des projets complexes \u00e0 plusieurs reprises. Le manager d\u2019Atreus prendra en charge toute votre organisation, de sorte que le d\u00e9veloppement durable fasse naturellement partie du quotidien de l\u2019entreprise.<\/p><\/div><\/div>      <\/div>\n    <\/div>\n    <div  class=\"zw-cgb no-image-layout columnblock white-color no-icon   \">\n      <div class=\"zw-cgb zw-cgb-content\">\n\n        <div class=\"column-content\"><div class=\"inner-content\"><h2 class=\" zw-cgb headline h4\">Votre solution<\/h2><p class=\" zw-cgb fulltext \">Gr\u00e2ce \u00e0 sa vaste expertise et \u00e0 son exp\u00e9rience dans le secteur, le manager approuv\u00e9 par Atreus vous aide \u00e0 d\u00e9finir et \u00e0 mettre en \u0153uvre des strat\u00e9gies, des mod\u00e8les d\u2019entreprise, des processus et des technologies qui vous permettront d\u2019atteindre vos objectifs de d\u00e9veloppement durable.<\/p><\/div><\/div>      <\/div>\n    <\/div>\n<\/div><\/div><\/div><\/div><div id=\"zw-394b7caa-77ef-4ec6-aa91-58384df88bca-1\" class=\"single-akkordion-item collapsed\" type=\"button\"\n          data-bs-toggle=\"collapse\" data-bs-target=\"#zw-394b7caa-77ef-4ec6-aa91-58384df88bca\" aria-expanded=\"false\" aria-controls=\"collapsetwo\"><div class=\"faq-headline-container d-flex no-icon \"><h3 class=\" zw-cgb subheadline faq\"><strong>Responsable de la cha\u00eene d\u2019approvisionnement<\/strong><\/h3><span class=\"atreus-font pfeil-hoch\">d<\/span><span class=\"atreus-font pfeil-runter\">c<\/span><\/div><\/div><div id=\"zw-394b7caa-77ef-4ec6-aa91-58384df88bca\" class=\"collapse single-akkordion-item mt-0\" data-bs-parent=\"#parent59469\"><div class=\"zw-cgb row akkordionInnerWrapper \"><div  class=\"zw-cgb row  columnmaster020 default-margin \"><div class=\"columnmaster-inner-content g-0\">    <div  class=\"zw-cgb no-image-layout columnblock white-color no-icon   \">\n      <div class=\"zw-cgb zw-cgb-content\">\n\n        <div class=\"column-content\"><div class=\"inner-content\"><h2 class=\" zw-cgb headline h4\">Votre d\u00e9fi<\/h2><p class=\" zw-cgb fulltext \">Vous devez agir imm\u00e9diatement, car votre entreprise est touch\u00e9e par l\u2019explosion des prix des mati\u00e8res premi\u00e8res, les frais de transport internationaux, la rar\u00e9faction des mat\u00e9riaux ou la rupture de la cha\u00eene d\u2019approvisionnement. Vous devez r\u00e9soudre les dysfonctionnements de la cha\u00eene d\u2019approvisionnement et am\u00e9liorer la vitesse de livraison. Pour cela, vous avez besoin imm\u00e9diatement d\u2019un expert de transition en cha\u00eene d\u2019approvisionnement exp\u00e9riment\u00e9.<\/p><\/div><\/div>      <\/div>\n    <\/div>\n    <div  class=\"zw-cgb no-image-layout columnblock white-color no-icon   \">\n      <div class=\"zw-cgb zw-cgb-content\">\n\n        <div class=\"column-content\"><div class=\"inner-content\"><h2 class=\" zw-cgb headline h4\">Notre mission<\/h2><p class=\" zw-cgb fulltext \">Nous mettons \u00e0 votre disposition \u00e0 court terme un Responsable de la cha\u00eene d\u2019approvisionnement \u00e9nergique qui soutient vos \u00e9quipes au si\u00e8ge ou sur plusieurs sites en Allemagne et \u00e0 l\u2019\u00e9tranger. Le manager de transition s\u00e9lectionn\u00e9 par Atreus est \u00e0 la hauteur de la t\u00e2che difficile et sait actionner les bons leviers dans cette phase critique maximale. Son exp\u00e9rience remarquable lui permet d\u2019apporter de la s\u00e9r\u00e9nit\u00e9 \u00e0 l\u2019organisation et de fournir des solutions rapides. Si n\u00e9cessaire, Atreus aide \u00e9galement \u00e0 mettre en place et \u00e0 g\u00e9rer une force op\u00e9rationnelle.<\/p><\/div><\/div>      <\/div>\n    <\/div>\n    <div  class=\"zw-cgb no-image-layout columnblock white-color no-icon   \">\n      <div class=\"zw-cgb zw-cgb-content\">\n\n        <div class=\"column-content\"><div class=\"inner-content\"><h2 class=\" zw-cgb headline h4\">Votre solution<\/h2><p class=\" zw-cgb fulltext \">Le Responsable de la cha\u00eene d\u2019approvisionnement approuv\u00e9 par Atreus est imm\u00e9diatement \u00e0 vos c\u00f4t\u00e9s et am\u00e9liore la r\u00e9activit\u00e9 et la r\u00e9sistance des cha\u00eenes d\u2019approvisionnement de votre entreprise. Am\u00e9lioration des performances, r\u00e9duction des co\u00fbts, minimisation des risques ou am\u00e9lioration de la durabilit\u00e9, l\u2019expert de transition d\u2019Atreus vous aide \u00e0 r\u00e9organiser et \u00e0 transformer vos cha\u00eenes d\u2019approvisionnement afin de les rendre plus r\u00e9sistantes aux crises et plus socialement acceptables. L\u2019accent est \u00e9galement mis sur les processus num\u00e9ris\u00e9s afin de cr\u00e9er plus de transparence pour toutes les parties prenantes. Il minimise les risques de rupture de stock et d\u2019indisponibilit\u00e9. La satisfaction des clients est augment\u00e9e par une livraison respectueuse des d\u00e9lais, ainsi que celle de vos collaborateurs gr\u00e2ce \u00e0 des processus clairement d\u00e9finis et transparents.<\/p><\/div><\/div>      <\/div>\n    <\/div>\n<\/div><\/div><\/div><\/div><\/div><\/div><\/div>\n\n\n    <div  class=\"zw-cgb  latestPosts default-margin \">\n      <div class=\"row zw-cgb-content\">\n        \n      <div  class=\"zw-cgb latestPostsContent px-0 col-12 col-md-6 col-menu-4 event   show-featured-image \">\n\n\n        <div class=\"image-container single-featured\"><a href = \"https:\/\/www.atreus.de\/fr\/evenement\/salon-de-linnovation-sur-linformatique-quantique\/\"><span class=\"copyright-image\">\u00a9 John D. &#8211; stock.adobe.com \/ sakkmesterke  &#8211; stock.adobe.com<\/span><img decoding=\"async\" loading=\"lazy\" alt=\"atreus_\" src=\"https:\/\/www.atreus.de\/wp-content\/uploads\/2023\/05\/teaser-4zu3-20230712-innovationslaunsch-fraunhofer-alumni-1.jpg\" srcset=\"https:\/\/www.atreus.de\/wp-content\/uploads\/2023\/05\/teaser-4zu3-20230712-innovationslaunsch-fraunhofer-alumni-1.jpg 823w, https:\/\/www.atreus.de\/wp-content\/uploads\/2023\/05\/teaser-4zu3-20230712-innovationslaunsch-fraunhofer-alumni-1-768x578.jpg 768w, https:\/\/www.atreus.de\/wp-content\/uploads\/2023\/05\/teaser-4zu3-20230712-innovationslaunsch-fraunhofer-alumni-1-480x361.jpg 480w\" sizes=\"(max-width: 1024px) 100vw, 1024px\" style=\"aspect-ratio:823\/619 !important\" title=\"atreus_\"><\/a><\/div><div class=\"image-container double-featured\"><a href = \"https:\/\/www.atreus.de\/fr\/evenement\/salon-de-linnovation-sur-linformatique-quantique\/\"><span class=\"copyright-image\">\u00a9 John D. &#8211; stock.adobe.com \/ sakkmesterke  &#8211; stock.adobe.com<\/span><img decoding=\"async\" loading=\"lazy\" alt=\"atreus_\" src=\"https:\/\/www.atreus.de\/wp-content\/uploads\/2023\/05\/teaser-landscape-20230712-innovationslaunsch-fraunhofer-alumni-1.jpg\" srcset=\"https:\/\/www.atreus.de\/wp-content\/uploads\/2023\/05\/teaser-landscape-20230712-innovationslaunsch-fraunhofer-alumni-1.jpg 1098w, https:\/\/www.atreus.de\/wp-content\/uploads\/2023\/05\/teaser-landscape-20230712-innovationslaunsch-fraunhofer-alumni-1-768x288.jpg 768w, https:\/\/www.atreus.de\/wp-content\/uploads\/2023\/05\/teaser-landscape-20230712-innovationslaunsch-fraunhofer-alumni-1-1024x384.jpg 1024w, https:\/\/www.atreus.de\/wp-content\/uploads\/2023\/05\/teaser-landscape-20230712-innovationslaunsch-fraunhofer-alumni-1-480x180.jpg 480w\" sizes=\"(max-width: 1024px) 100vw, 1024px\" style=\"aspect-ratio:1098\/412 !important\" title=\"atreus_\"><\/a><\/div>        <div class=\"content-container has-excerpt posttype-event blue-400 white-color\">\n          <div class=\"preheadline-container parent-has-padding\"><p class=\"zw-cgb preheadline\">A-lounge | 12.07.2023<\/p><\/div><a href = \"https:\/\/www.atreus.de\/fr\/evenement\/salon-de-linnovation-sur-linformatique-quantique\/\"><h2 class=\" zw-cgb headline\">Salon de l\u2019innovation sur l\u2019informatique quantique<\/h2><\/a><p class=\" zw-cgb fulltext\">\u200bActuellement, la technologie quantique fait l\u2019objet d\u2019un battage m\u00e9diatique en tant que solution \u00e0 presque tout. Mais o\u00f9 en sommes-nous vraiment\u00a0? Combien de temps faudra-t-il pour que les ordinateurs quantiques soient suffisamment puissants pour relever des d\u00e9fis scientifiques, \u00e9conomiques, \u00e9cologiques et sociaux complexes\u00a0? Existe-t-il &#8230;<\/p><div class=\"zw-cgb zw-cgb-button-container \"><a href=\"https:\/\/www.atreus.de\/fr\/evenement\/salon-de-linnovation-sur-linformatique-quantique\/\" class=\"zw-cgb btn btn-primary \">Lire la suite<\/a><\/div>        <\/div>\n            <\/div>\n      \n  \n      <div  class=\"zw-cgb latestPostsContent px-0 col-12 col-md-6 col-menu-4 publication   show-featured-image \">\n\n\n        <div class=\"image-container single-featured\"><a href = \"https:\/\/www.atreus.de\/fr\/publication\/livre-blanc\/ia-lintelligence-artificielle-est-elle-la-solution-a-la-penurie-de-main-doeuvre-qualifiee\/\"><span class=\"copyright-image\"><\/span><img decoding=\"async\" loading=\"lazy\" alt=\"atreus_\" src=\"https:\/\/www.atreus.de\/wp-content\/uploads\/2023\/06\/teaser-4zu3-20230612-atreus-a-topic-ki.jpg\" srcset=\"https:\/\/www.atreus.de\/wp-content\/uploads\/2023\/06\/teaser-4zu3-20230612-atreus-a-topic-ki.jpg 823w, https:\/\/www.atreus.de\/wp-content\/uploads\/2023\/06\/teaser-4zu3-20230612-atreus-a-topic-ki-768x578.jpg 768w, https:\/\/www.atreus.de\/wp-content\/uploads\/2023\/06\/teaser-4zu3-20230612-atreus-a-topic-ki-480x361.jpg 480w\" sizes=\"(max-width: 1024px) 100vw, 1024px\" style=\"aspect-ratio:823\/619 !important\" title=\"atreus_\"><\/a><\/div><div class=\"image-container double-featured\"><a href = \"https:\/\/www.atreus.de\/fr\/publication\/livre-blanc\/ia-lintelligence-artificielle-est-elle-la-solution-a-la-penurie-de-main-doeuvre-qualifiee\/\"><span class=\"copyright-image\"><\/span><img decoding=\"async\" loading=\"lazy\" alt=\"atreus_\" src=\"https:\/\/www.atreus.de\/wp-content\/uploads\/2023\/06\/teaser-landscape-20230612-atreus-a-topic-ki.jpg\" srcset=\"https:\/\/www.atreus.de\/wp-content\/uploads\/2023\/06\/teaser-landscape-20230612-atreus-a-topic-ki.jpg 1098w, https:\/\/www.atreus.de\/wp-content\/uploads\/2023\/06\/teaser-landscape-20230612-atreus-a-topic-ki-768x288.jpg 768w, https:\/\/www.atreus.de\/wp-content\/uploads\/2023\/06\/teaser-landscape-20230612-atreus-a-topic-ki-1024x384.jpg 1024w, https:\/\/www.atreus.de\/wp-content\/uploads\/2023\/06\/teaser-landscape-20230612-atreus-a-topic-ki-480x180.jpg 480w\" sizes=\"(max-width: 1024px) 100vw, 1024px\" style=\"aspect-ratio:1098\/412 !important\" title=\"atreus_\"><\/a><\/div>        <div class=\"content-container has-excerpt posttype-publication blue-900 white-color\">\n          <div class=\"preheadline-container parent-has-padding\"><p class=\"zw-cgb preheadline\">Livre blanc<\/p><\/div><a href = \"https:\/\/www.atreus.de\/fr\/publication\/livre-blanc\/ia-lintelligence-artificielle-est-elle-la-solution-a-la-penurie-de-main-doeuvre-qualifiee\/\"><h2 class=\" zw-cgb headline\">IA&nbsp;: l\u2019intelligence artificielle est-elle la solution \u00e0 la p\u00e9nurie de main-d\u2019\u0153uvre qualifi\u00e9e&nbsp;?<\/h2><\/a><p class=\" zw-cgb fulltext\">D\u00e9couvrez dans ce livre blanc la p\u00e9nurie croissante de main-d\u2019\u0153uvre qualifi\u00e9e en Allemagne et l\u2019impact de l\u2019intelligence artificielle sur le march\u00e9 du travail. Les progr\u00e8s de l\u2019intelligence artificielle peuvent-ils r\u00e9soudre ce dilemme\u00a0?<\/p><div class=\"zw-cgb zw-cgb-button-container \"><a href=\"https:\/\/www.atreus.de\/fr\/publication\/livre-blanc\/ia-lintelligence-artificielle-est-elle-la-solution-a-la-penurie-de-main-doeuvre-qualifiee\/\" class=\"zw-cgb btn btn-primary \">Lire la suite<\/a><\/div>        <\/div>\n            <\/div>\n      \n        <\/div>\n    <\/div>\n\n\n\n\n<div style=\"height:100px\" aria-hidden=\"true\" class=\"wp-block-spacer\"><\/div>\n","protected":false},"excerpt":{"rendered":"<div  class=\"zw-cgb header-standard-block  desktop-has-image mobile-has-image default-margin white-color content-right content-down zw-atr-portrait-pos-default zw-atr-landscape-pos-default height-default \">\n<div class=\"row\">\n<div class=\"zw-cgb-content col-12 mx-auto\">\n<div  class=\"header-standard-inner-container\">\n<div class=\"bg-image\"><span class=\"copyright-image d-none d-lg-block\">\u00a9 Mathias Weil, sakkmesterke, denisismagilov \u2013 stock.adobe.com<\/span><img decoding=\"async\" class=\"respnsive-img d-none d-lg-block\" loading=\"lazy\" alt=\"Forschung und Entwicklung\" src=\"https:\/\/www.atreus.de\/wp-content\/uploads\/2022\/03\/header-forschung-entwicklung-Managementfunktionen-Forschungund_Entwicklung.jpg\" srcset=\"https:\/\/www.atreus.de\/wp-content\/uploads\/2022\/03\/header-forschung-entwicklung-Managementfunktionen-Forschungund_Entwicklung.jpg 1920w, https:\/\/www.atreus.de\/wp-content\/uploads\/2022\/03\/header-forschung-entwicklung-Managementfunktionen-Forschungund_Entwicklung-768x432.jpg 768w, https:\/\/www.atreus.de\/wp-content\/uploads\/2022\/03\/header-forschung-entwicklung-Managementfunktionen-Forschungund_Entwicklung-1024x576.jpg 1024w, https:\/\/www.atreus.de\/wp-content\/uploads\/2022\/03\/header-forschung-entwicklung-Managementfunktionen-Forschungund_Entwicklung-480x270.jpg 480w, https:\/\/www.atreus.de\/wp-content\/uploads\/2022\/03\/header-forschung-entwicklung-Managementfunktionen-Forschungund_Entwicklung-1440x810.jpg 1440w\" sizes=\"(max-width: 1920px) 100vw, 1920px\"style='aspect-ratio:1920\/1080 !important'><span class=\"copyright-image d-lg-none d-block\">\u00a9 Mathias Weil, sakkmesterke, denisismagilov \u2013 stock.adobe.com<\/span><img decoding=\"async\" class=\"responsive-img d-lg-none d-block\" loading=\"lazy\" alt=\"Forschung und Entwicklung\" src=\"https:\/\/www.atreus.de\/wp-content\/uploads\/2022\/03\/teaser-2u3-sp-Managementfunktionen-Forschungund_Entwicklung.jpg\" srcset=\"https:\/\/www.atreus.de\/wp-content\/uploads\/2022\/03\/teaser-2u3-sp-Managementfunktionen-Forschungund_Entwicklung.jpg 823w, https:\/\/www.atreus.de\/wp-content\/uploads\/2022\/03\/teaser-2u3-sp-Managementfunktionen-Forschungund_Entwicklung-768x578.jpg 768w, https:\/\/www.atreus.de\/wp-content\/uploads\/2022\/03\/teaser-2u3-sp-Managementfunktionen-Forschungund_Entwicklung-480x361.jpg 480w\" sizes=\"(max-width: 1024px) 100vw, 1024px\"style='aspect-ratio:823\/619 !important'><\/div>\n<div class=\"preheadline-container\">\n<div class=\"zw-breadcrumb-container black-color d-md-down-none\"><\/div>\n<p class=\" zw-cgb preheadline zw-prevent-animation\">Eur\u00eaka\u2009!<\/p>\n<h2 class=\" zw-cgb headline zw-prevent-animation\">Recherche et d\u00e9veloppement<\/h2>\n<\/div>\n<\/div>\n<\/div>\n<\/div>\n<\/div>\n<div class=\"zw-breadcrumb-container black-color d-none d-md-down-block\">\n<nav aria-label=\"breadcrumbs\" class=\"rank-math-breadcrumb\">\n<p><span class=\"label\">c<\/span> <span class=\"last\">Home<\/span><\/p>\n<\/nav>\n<\/div>\n","protected":false},"author":1,"featured_media":7668,"parent":515538,"menu_order":100,"comment_status":"closed","ping_status":"closed","template":"","meta":{"_relevanssi_hide_post":"","_relevanssi_hide_content":"","_relevanssi_pin_for_all":"","_relevanssi_pin_keywords":"","_relevanssi_unpin_keywords":"","_relevanssi_related_keywords":"","_relevanssi_related_include_ids":"","_relevanssi_related_exclude_ids":"","_relevanssi_related_no_append":"","_relevanssi_related_not_related":"","_relevanssi_related_posts":"524337,524328,524369,524345,524329,524314","_relevanssi_noindex_reason":"","_zw_phone_override":"","footnotes":""},"competences":[689],"industry-sectors":[],"class_list":["post-515578","page","type-page","status-publish","has-post-thumbnail","hentry","competences-recherche-et-developpement"],"_links":{"self":[{"href":"https:\/\/www.atreus.de\/fr\/wp-json\/wp\/v2\/pages\/515578","targetHints":{"allow":["GET"]}}],"collection":[{"href":"https:\/\/www.atreus.de\/fr\/wp-json\/wp\/v2\/pages"}],"about":[{"href":"https:\/\/www.atreus.de\/fr\/wp-json\/wp\/v2\/types\/page"}],"author":[{"embeddable":true,"href":"https:\/\/www.atreus.de\/fr\/wp-json\/wp\/v2\/users\/1"}],"replies":[{"embeddable":true,"href":"https:\/\/www.atreus.de\/fr\/wp-json\/wp\/v2\/comments?post=515578"}],"version-history":[{"count":0,"href":"https:\/\/www.atreus.de\/fr\/wp-json\/wp\/v2\/pages\/515578\/revisions"}],"up":[{"embeddable":true,"href":"https:\/\/www.atreus.de\/fr\/wp-json\/wp\/v2\/pages\/515538"}],"wp:featuredmedia":[{"embeddable":true,"href":"https:\/\/www.atreus.de\/fr\/wp-json\/wp\/v2\/media\/7668"}],"wp:attachment":[{"href":"https:\/\/www.atreus.de\/fr\/wp-json\/wp\/v2\/media?parent=515578"}],"wp:term":[{"taxonomy":"competences","embeddable":true,"href":"https:\/\/www.atreus.de\/fr\/wp-json\/wp\/v2\/competences?post=515578"},{"taxonomy":"industry-sectors","embeddable":true,"href":"https:\/\/www.atreus.de\/fr\/wp-json\/wp\/v2\/industry-sectors?post=515578"}],"curies":[{"name":"wp","href":"https:\/\/api.w.org\/{rel}","templated":true}]}}