{"id":515588,"date":"2022-03-01T11:40:55","date_gmt":"2022-03-01T10:40:55","guid":{"rendered":"https:\/\/www.atreus.de\/?page_id=515588"},"modified":"2025-12-17T08:48:28","modified_gmt":"2025-12-17T07:48:28","slug":"personnalites-pour-les-conseils-de-surveillance-et-les-conseils-consultatifs","status":"publish","type":"page","link":"https:\/\/www.atreus.de\/fr\/competences\/service\/personnalites-pour-les-conseils-de-surveillance-et-les-conseils-consultatifs\/","title":{"rendered":"Personnalit\u00e9s pour les conseils de surveillance et les conseils consultatifs"},"content":{"rendered":"<div  class=\"zw-cgb header-standard-block is-first-block desktop-has-image mobile-has-image default-margin white-color content-left content-down zw-atr-portrait-pos-default zw-atr-landscape-pos-center-top height-default \"><div class=\"row\"><div class=\"zw-cgb-content col-12 mx-auto\"><div  class=\"header-standard-inner-container\"><div class=\"bg-image\"><span class=\"copyright-image d-none d-lg-block\">\u00a9 Attayoot \u2013 stock.adobe.com<\/span><img decoding=\"async\" class=\"respnsive-img d-none d-lg-block\" loading=\"lazy\" alt=\"Pers\u00f6nlichkeiten f\u00fcr Aufsichtsr\u00e4te und Beir\u00e4te\" src=\"https:\/\/www.atreus.de\/wp-content\/uploads\/2022\/03\/HEADER1.jpg\" srcset=\"https:\/\/www.atreus.de\/wp-content\/uploads\/2022\/03\/HEADER1.jpg 1920w, https:\/\/www.atreus.de\/wp-content\/uploads\/2022\/03\/HEADER1-768x432.jpg 768w, https:\/\/www.atreus.de\/wp-content\/uploads\/2022\/03\/HEADER1-1024x576.jpg 1024w, https:\/\/www.atreus.de\/wp-content\/uploads\/2022\/03\/HEADER1-480x270.jpg 480w, https:\/\/www.atreus.de\/wp-content\/uploads\/2022\/03\/HEADER1-1440x810.jpg 1440w\" sizes=\"(max-width: 1920px) 100vw, 1920px\" style=\"aspect-ratio:1920\/1080 !important\" title=\"atreus_\"><span class=\"copyright-image d-lg-none d-block\">\u00a9 Attayoot \u2013 stock.adobe.com<\/span><img decoding=\"async\" class=\"responsive-img d-lg-none d-block\" loading=\"lazy\" alt=\"Pers\u00f6nlichkeiten f\u00fcr Aufsichtsr\u00e4te und Beir\u00e4te\" src=\"https:\/\/www.atreus.de\/wp-content\/uploads\/2022\/03\/teaser-2u3-sp-Services-Persoenlichkeitenfuer_Aufsichtsraete_und_Beiraete.jpg\" srcset=\"https:\/\/www.atreus.de\/wp-content\/uploads\/2022\/03\/teaser-2u3-sp-Services-Persoenlichkeitenfuer_Aufsichtsraete_und_Beiraete.jpg 823w, https:\/\/www.atreus.de\/wp-content\/uploads\/2022\/03\/teaser-2u3-sp-Services-Persoenlichkeitenfuer_Aufsichtsraete_und_Beiraete-768x578.jpg 768w, https:\/\/www.atreus.de\/wp-content\/uploads\/2022\/03\/teaser-2u3-sp-Services-Persoenlichkeitenfuer_Aufsichtsraete_und_Beiraete-480x361.jpg 480w\" sizes=\"(max-width: 1024px) 100vw, 1024px\" style=\"aspect-ratio:823\/619 !important\" title=\"atreus_\"><\/div><div class=\"preheadline-container\"><div class=\"zw-breadcrumb-container black-color d-md-down-none\"><\/div><p class=\" zw-cgb preheadline zw-prevent-animation\">Le charisme par la comp\u00e9tence<\/p><h1 class=\" zw-cgb headline zw-prevent-animation\">Personnalit\u00e9s pour les conseils de surveillance et les conseils consultatifs<\/h1><\/div><\/div><\/div><\/div><\/div><div class=\"zw-breadcrumb-container black-color d-none d-md-down-block\"><nav aria-label=\"breadcrumbs\" class=\"rank-math-breadcrumb\"><p><span class=\"label\">c<\/span> <span class=\"last\">Home<\/span><\/p><\/nav><\/div>\n\n    <div  class=\"zw-cgb    infoblock default-margin black-color  \">\n      <div class=\" row\">\n        <div class=\"zw-cgb-content has-padding col-12\">\n          <div class=\"inner-content parent-has-padding\"><p class=\" zw-cgb fulltext \">Nous savons ce qui est important lors de la s\u00e9lection des membres de votre conseil de surveillance ou de votre comit\u00e9 consultatif&nbsp;: une exp\u00e9rience r\u00e9ussie, l&#8217;exp\u00e9rience de missions critiques et la r\u00e9flexion sur les r\u00e9sultats. Dans son r\u00e9seau, Atreus entretient des relations de longue date avec des personnalit\u00e9s renomm\u00e9es du monde des affaires. Ce sont des personnes qui disposent d&#8217;un r\u00e9seau tr\u00e8s dense, d&#8217;une solide exp\u00e9rience dans le secteur et de comp\u00e9tences d\u00e9cisionnelles strat\u00e9giques.<br>Des conseils consultatifs ou de surveillance professionnels parfaitement adapt\u00e9s font avancer l&#8217;entreprise. Ils accompagnent les discussions strat\u00e9giques, remettent en question de mani\u00e8re critique les d\u00e9cisions budg\u00e9taires ou conseillent par exemple sur les questions de succession. Atreus aide aussi bien les groupes que les moyennes entreprises \u00e0 mettre en place un travail professionnel avec ce groupe de conseillers. Car les bons conseils sont l\u00e0 pour cr\u00e9er de la valeur ajout\u00e9e.<\/p><div class=\"link-container\"><\/div><\/div>        <\/div>\n      <\/div>\n    <\/div>\n\n\n\n\n\n\n\n    <div  class=\"zw-cgb  textblock black-color zw-content-pos-center  default-margin \">\n      <div class=\"row\">\n        <div class=\"zw-cgb-content col-12 g-0\">\n          <h2 class=\"zw-cgb headline \">Le membre id\u00e9al du conseil consultatif ou du conseil de surveillance<\/h2><div class=\"zw-cgb unspecified\"><div  class=\"zw-cgb row  columnmaster025 default-margin \"><div class=\"columnmaster-inner-content\">    <div  class=\"zw-cgb no-image-layout columnblock25 white-color no-icon \">\n      <div class=\"zw-cgb zw-cgb-content\">\n\n        <div class=\"column-content text-center\"><div class=\"inner-content\"><ul class=\"zw-cgb-ul fulltext \"><li class=\"\">agit en tant que partenaire et conseiller avec une vision \u00e0 long terme<\/li><li class=\"\">apporte la \u00ab&nbsp;sagesse des affaires&nbsp;\u00bb&nbsp;: leur exp\u00e9rience dans la gestion d&#8217;entreprise font qu&#8217;ils disposent de la clairvoyance n\u00e9cessaire<\/li><li class=\"\">poss\u00e8de des connaissances approfondies de la branche et du domaine<\/li><li class=\"\">entretient une communication ouverte et transparente avec les directeurs et les conseils d&#8217;administration sur une base de confiance et est toujours inform\u00e9 de la situation commerciale<\/li><li class=\"\">pr\u00e9pare les commissions et les r\u00e9unions de mani\u00e8re intensive<\/li><\/ul><\/div><\/div>      <\/div>\n    <\/div>\n    <div  class=\"zw-cgb no-image-layout columnblock25 white-color no-icon \">\n      <div class=\"zw-cgb zw-cgb-content\">\n\n        <div class=\"column-content text-center\"><div class=\"inner-content\"><ul class=\"zw-cgb-ul fulltext \"><li class=\"\">jouit d\u2019une ind\u00e9pendance int\u00e9rieure<\/li><li class=\"\">s&#8217;engage dans un discours critique sur le contenu, exprime clairement son opinion et peut \u00e9mettre des critiques constructives<\/li><li class=\"\">est capable de trouver un consensus et de jouer le r\u00f4le de m\u00e9diateur sur des sujets litigieux<\/li><li class=\"\">conna\u00eet les implications juridiques et les risques potentiels li\u00e9s \u00e0 la fonction concern\u00e9e et en tient compte en cons\u00e9quence<\/li><li class=\"\">apporte du temps et du \u00ab&nbsp;c\u0153ur \u00e0 l&#8217;ouvrage&nbsp;\u00bb pour l&#8217;entreprise et ses th\u00e8mes<\/li><\/ul><\/div><\/div>      <\/div>\n    <\/div>\n<\/div><\/div><\/div>        <\/div>\n      <\/div>\n    <\/div>\n\n\n\n\n    <div  class=\"zw-cgb  latestPosts default-margin \">\n      <div class=\"row zw-cgb-content\">\n        \n      <div  class=\"zw-cgb latestPostsContent px-0 col-12 post content-2-3  show-featured-image \">\n\n\n        <div class=\"image-container single-featured\"><a href = \"https:\/\/www.atreus.de\/fr\/atreus-dans-les-medias\/aucune-entreprise-ne-peut-ignorer-le-theme-de-la-durabilite\/\"><span class=\"copyright-image\"><\/span><img decoding=\"async\" loading=\"lazy\" alt=\"atreus_\" src=\"https:\/\/www.atreus.de\/wp-content\/uploads\/2023\/03\/TEASER1.jpg\" srcset=\"https:\/\/www.atreus.de\/wp-content\/uploads\/2023\/03\/TEASER1.jpg 1098w, https:\/\/www.atreus.de\/wp-content\/uploads\/2023\/03\/TEASER1-768x288.jpg 768w, https:\/\/www.atreus.de\/wp-content\/uploads\/2023\/03\/TEASER1-1024x384.jpg 1024w, https:\/\/www.atreus.de\/wp-content\/uploads\/2023\/03\/TEASER1-480x180.jpg 480w\" sizes=\"(max-width: 1024px) 100vw, 1024px\" style=\"aspect-ratio:1098\/412 !important\" title=\"atreus_\"><\/a><\/div><div class=\"image-container double-featured\"><a href = \"https:\/\/www.atreus.de\/fr\/atreus-dans-les-medias\/aucune-entreprise-ne-peut-ignorer-le-theme-de-la-durabilite\/\"><span class=\"copyright-image\"><\/span><img decoding=\"async\" loading=\"lazy\" alt=\"atreus_\" src=\"https:\/\/www.atreus.de\/wp-content\/uploads\/2023\/03\/TEASER1.jpg\" srcset=\"https:\/\/www.atreus.de\/wp-content\/uploads\/2023\/03\/TEASER1.jpg 1098w, https:\/\/www.atreus.de\/wp-content\/uploads\/2023\/03\/TEASER1-768x288.jpg 768w, https:\/\/www.atreus.de\/wp-content\/uploads\/2023\/03\/TEASER1-1024x384.jpg 1024w, https:\/\/www.atreus.de\/wp-content\/uploads\/2023\/03\/TEASER1-480x180.jpg 480w\" sizes=\"(max-width: 1024px) 100vw, 1024px\" style=\"aspect-ratio:1098\/412 !important\" title=\"atreus_\"><\/a><\/div>        <div class=\"content-container has-excerpt posttype-post blue-400 white-color\">\n          <div class=\"preheadline-container parent-has-padding\"><p class=\"zw-cgb preheadline\">Atreus dans les m\u00e9dias<\/p><\/div><a href = \"https:\/\/www.atreus.de\/fr\/atreus-dans-les-medias\/aucune-entreprise-ne-peut-ignorer-le-theme-de-la-durabilite\/\"><h2 class=\" zw-cgb headline\">Aucune entreprise ne peut ignorer la question du d\u00e9veloppement durable<\/h2><\/a><p class=\" zw-cgb fulltext\">Dans le journal B\u00f6rsen-Zeitung, le Managing Partner et directeur g\u00e9n\u00e9ral d\u2019Atreus, Harald Linn\u00e9, et le directeur d\u2019Atreus, Robert Minge, expliquent dans quelle mesure la pertinence croissante de la durabilit\u00e9 devient une partie int\u00e9grante de l\u2019\u00e9valuation des entreprises.<\/p><div class=\"post-meta-info-container\"><div class=\"post-read-time\"><p class=\"zw-cgb fulltext\"><i class=\"far fa-clock\"><\/i>3 temps de lecture min<\/p><\/div><div class=\"post-rating-container d-none\"><!-- FeedbackWP Plugin - Results Widget --><div  class=\"rmp-results-widget js-rmp-results-widget js-rmp-results-widget--524345 \"  data-post-id=\"524345\">  <div class=\"rmp-results-widget__visual-rating\">    <i class=\"js-rmp-results-icon rmp-icon rmp-icon--ratings rmp-icon--star \"><\/i><i class=\"js-rmp-results-icon rmp-icon rmp-icon--ratings rmp-icon--star \"><\/i><i class=\"js-rmp-results-icon rmp-icon rmp-icon--ratings rmp-icon--star \"><\/i><i class=\"js-rmp-results-icon rmp-icon rmp-icon--ratings rmp-icon--star \"><\/i><i class=\"js-rmp-results-icon rmp-icon rmp-icon--ratings rmp-icon--star \"><\/i>  <\/div>  <div class=\"rmp-results-widget__avg-rating\">    <span class=\"js-rmp-avg-rating\">          <\/span>  <\/div>  <div class=\"rmp-results-widget__vote-count\">    (<span class=\"js-rmp-vote-count\"><\/span>)  <\/div><\/div> <\/div><div class=\"post-social-share\"><div class=\"zw-social-share dropdown show\">\r\n        <a class=\"zw-social-share-toggler\" href=\"#\" role=\"button\" id=\"dropdownMenuLink\" data-toggle=\"dropdown\" aria-haspopup=\"true\" aria-expanded=\"false\">\r\n        <i class=\"fas fa-share-alt\"><\/i><span class=\"zw-share-meta\">Partager<\/span>\r\n        <\/a>\r\n        <div class=\"zw-share-dropdown-menu dropdown-menu\" aria-labelledby=\"dropdownMenuLink\"><div class=\"dropdown-inner\"><p class=\"zw-share-heading fulltext\">Partager<\/p><a class=\"zw-social-share-toggler fulltext\" href=\"#\" role=\"button\" id=\"dropdownMenuLink\" data-toggle=\"dropdown\" aria-label=\"Close\">\u2715<\/a><div class=\"social-inner-icons\"><a class=\"dropdown-item \" target=\"_blank\" rel=\"nofollow\" href=\"https:\/\/www.linkedin.com\/cws\/share?url=https%3A%2F%2Fwww.atreus.de%2Ffr%2Fatreus-dans-les-medias%2Faucune-entreprise-ne-peut-ignorer-le-theme-de-la-durabilite%2F&amp;title=Aucune+entreprise+ne+peut+ignorer+la+question+du+d%C3%A9veloppement+durable\"><i class=\"fab fa-linkedin fa-fw\"><\/i><\/a><a class=\"dropdown-item \" target=\"_blank\" rel=\"nofollow\" href=\"https:\/\/www.xing.com\/spi\/shares\/new?url=https%3A%2F%2Fwww.atreus.de%2Ffr%2Fatreus-dans-les-medias%2Faucune-entreprise-ne-peut-ignorer-le-theme-de-la-durabilite%2F\"><i class=\"fab fa-xing fa-fw\"><\/i><\/a><a class=\"dropdown-item \" target=\"_blank\" rel=\"nofollow\" href=\"https:\/\/www.facebook.com\/sharer\/sharer.php?u=https%3A%2F%2Fwww.atreus.de%2Ffr%2Fatreus-dans-les-medias%2Faucune-entreprise-ne-peut-ignorer-le-theme-de-la-durabilite%2F&amp;t=Aucune+entreprise+ne+peut+ignorer+la+question+du+d%C3%A9veloppement+durable\"><i class=\"fab fa-facebook-square fa-fw\"><\/i><\/a><a class=\"dropdown-item \"  target=\"_blank\" rel=\"nofollow\" href=\"https:\/\/twitter.com\/intent\/tweet?url=https%3A%2F%2Fwww.atreus.de%2Ffr%2Fatreus-dans-les-medias%2Faucune-entreprise-ne-peut-ignorer-le-theme-de-la-durabilite%2F&amp;text=Aucune+entreprise+ne+peut+ignorer+la+question+du+d%C3%A9veloppement+durable\"><i class=\"fab fa-twitter fa-fw\"><\/i><\/a>  <\/div><\/div><\/div>\r\n    <\/div><\/div><\/div><div class=\"zw-cgb zw-cgb-button-container \"><a href=\"https:\/\/www.atreus.de\/fr\/atreus-dans-les-medias\/aucune-entreprise-ne-peut-ignorer-le-theme-de-la-durabilite\/\" class=\"zw-cgb btn btn-primary \">Lire la suite<\/a><\/div>        <\/div>\n            <\/div>\n      <div class=\"zw-spacer px-0\"><\/div>\n  \n      <div  class=\"zw-cgb latestPostsContent px-0 col-12 event content-1-3  show-featured-image \">\n\n\n        <div class=\"image-container single-featured\"><a href = \"https:\/\/www.atreus.de\/fr\/evenement\/table-ronde-dexperts-cybersecurite-comment-sortir-de-la-zone-de-danger\/\"><span class=\"copyright-image\"><\/span><img decoding=\"async\" loading=\"lazy\" alt=\"atreus_\" src=\"https:\/\/www.atreus.de\/wp-content\/uploads\/2023\/03\/teaser-img-fuer-2-und-3-spalter-20230303-atreus-a-topic-erfolgreiche-cyber-abwehr-teamwork.jpg\" srcset=\"https:\/\/www.atreus.de\/wp-content\/uploads\/2023\/03\/teaser-img-fuer-2-und-3-spalter-20230303-atreus-a-topic-erfolgreiche-cyber-abwehr-teamwork.jpg 823w, https:\/\/www.atreus.de\/wp-content\/uploads\/2023\/03\/teaser-img-fuer-2-und-3-spalter-20230303-atreus-a-topic-erfolgreiche-cyber-abwehr-teamwork-768x578.jpg 768w, https:\/\/www.atreus.de\/wp-content\/uploads\/2023\/03\/teaser-img-fuer-2-und-3-spalter-20230303-atreus-a-topic-erfolgreiche-cyber-abwehr-teamwork-480x361.jpg 480w\" sizes=\"(max-width: 1024px) 100vw, 1024px\" style=\"aspect-ratio:823\/619 !important\" title=\"atreus_\"><\/a><\/div><div class=\"image-container double-featured\"><a href = \"https:\/\/www.atreus.de\/fr\/evenement\/table-ronde-dexperts-cybersecurite-comment-sortir-de-la-zone-de-danger\/\"><span class=\"copyright-image\"><\/span><img decoding=\"async\" loading=\"lazy\" alt=\"atreus_\" src=\"https:\/\/www.atreus.de\/wp-content\/uploads\/2023\/03\/teaser-img-60zu30-20230303-atreus-a-topic-erfolgreiche-cyber-abwehr-teamwork.jpg\" srcset=\"https:\/\/www.atreus.de\/wp-content\/uploads\/2023\/03\/teaser-img-60zu30-20230303-atreus-a-topic-erfolgreiche-cyber-abwehr-teamwork.jpg 1098w, https:\/\/www.atreus.de\/wp-content\/uploads\/2023\/03\/teaser-img-60zu30-20230303-atreus-a-topic-erfolgreiche-cyber-abwehr-teamwork-768x288.jpg 768w, https:\/\/www.atreus.de\/wp-content\/uploads\/2023\/03\/teaser-img-60zu30-20230303-atreus-a-topic-erfolgreiche-cyber-abwehr-teamwork-1024x384.jpg 1024w, https:\/\/www.atreus.de\/wp-content\/uploads\/2023\/03\/teaser-img-60zu30-20230303-atreus-a-topic-erfolgreiche-cyber-abwehr-teamwork-480x180.jpg 480w\" sizes=\"(max-width: 1024px) 100vw, 1024px\" style=\"aspect-ratio:1098\/412 !important\" title=\"atreus_\"><\/a><\/div>        <div class=\"content-container has-excerpt posttype-event blue-600 white-color\">\n          <div class=\"preheadline-container parent-has-padding\"><p class=\"zw-cgb preheadline\">Table ronde | 30.03.2023<\/p><\/div><a href = \"https:\/\/www.atreus.de\/fr\/evenement\/table-ronde-dexperts-cybersecurite-comment-sortir-de-la-zone-de-danger\/\"><h2 class=\" zw-cgb headline\">Table ronde d\u2019experts&nbsp;: Cybers\u00e9curit\u00e9 \u2014 comment sortir de la zone de danger&nbsp;?<\/h2><\/a><p class=\" zw-cgb fulltext\">Malgr\u00e9 les nombreuses mesures, normes et r\u00e9glementations, la question cruciale reste en suspens\u00a0: offrent-elles une protection suffisante contre les risques et les entreprises sont-elles vraiment en mesure de pr\u00e9venir les attaques men\u00e9es \u00e0 bien et de se pr\u00e9parer aux situations d\u2019urgence\u00a0? Nous en discuterons &#8230;<\/p><div class=\"zw-cgb zw-cgb-button-container \"><a href=\"https:\/\/www.atreus.de\/fr\/evenement\/table-ronde-dexperts-cybersecurite-comment-sortir-de-la-zone-de-danger\/\" class=\"zw-cgb btn btn-primary \">Lire la suite<\/a><\/div>        <\/div>\n            <\/div>\n      <div class=\"zw-spacer px-0\"><\/div>\n        <\/div>\n    <\/div>\n\n","protected":false},"excerpt":{"rendered":"<div  class=\"zw-cgb header-standard-block  desktop-has-image mobile-has-image default-margin white-color content-left content-down zw-atr-portrait-pos-default zw-atr-landscape-pos-center-top height-default \">\n<div class=\"row\">\n<div class=\"zw-cgb-content col-12 mx-auto\">\n<div  class=\"header-standard-inner-container\">\n<div class=\"bg-image\"><span class=\"copyright-image d-none d-lg-block\">\u00a9 Attayoot \u2013 stock.adobe.com<\/span><img decoding=\"async\" class=\"respnsive-img d-none d-lg-block\" loading=\"lazy\" alt=\"Pers\u00f6nlichkeiten f\u00fcr Aufsichtsr\u00e4te und Beir\u00e4te\" src=\"https:\/\/www.atreus.de\/wp-content\/uploads\/2022\/03\/HEADER1.jpg\" srcset=\"https:\/\/www.atreus.de\/wp-content\/uploads\/2022\/03\/HEADER1.jpg 1920w, https:\/\/www.atreus.de\/wp-content\/uploads\/2022\/03\/HEADER1-768x432.jpg 768w, https:\/\/www.atreus.de\/wp-content\/uploads\/2022\/03\/HEADER1-1024x576.jpg 1024w, https:\/\/www.atreus.de\/wp-content\/uploads\/2022\/03\/HEADER1-480x270.jpg 480w, https:\/\/www.atreus.de\/wp-content\/uploads\/2022\/03\/HEADER1-1440x810.jpg 1440w\" sizes=\"(max-width: 1920px) 100vw, 1920px\"style='aspect-ratio:1920\/1080 !important'><span class=\"copyright-image d-lg-none d-block\">\u00a9 Attayoot \u2013 stock.adobe.com<\/span><img decoding=\"async\" class=\"responsive-img d-lg-none d-block\" loading=\"lazy\" alt=\"Pers\u00f6nlichkeiten f\u00fcr Aufsichtsr\u00e4te und Beir\u00e4te\" src=\"https:\/\/www.atreus.de\/wp-content\/uploads\/2022\/03\/teaser-2u3-sp-Services-Persoenlichkeitenfuer_Aufsichtsraete_und_Beiraete.jpg\" srcset=\"https:\/\/www.atreus.de\/wp-content\/uploads\/2022\/03\/teaser-2u3-sp-Services-Persoenlichkeitenfuer_Aufsichtsraete_und_Beiraete.jpg 823w, https:\/\/www.atreus.de\/wp-content\/uploads\/2022\/03\/teaser-2u3-sp-Services-Persoenlichkeitenfuer_Aufsichtsraete_und_Beiraete-768x578.jpg 768w, https:\/\/www.atreus.de\/wp-content\/uploads\/2022\/03\/teaser-2u3-sp-Services-Persoenlichkeitenfuer_Aufsichtsraete_und_Beiraete-480x361.jpg 480w\" sizes=\"(max-width: 1024px) 100vw, 1024px\"style='aspect-ratio:823\/619 !important'><\/div>\n<div class=\"preheadline-container\">\n<div class=\"zw-breadcrumb-container black-color d-md-down-none\"><\/div>\n<p class=\" zw-cgb preheadline zw-prevent-animation\">Le charisme par la comp\u00e9tence<\/p>\n<h2 class=\" zw-cgb headline zw-prevent-animation\">Personnalit\u00e9s pour les conseils de surveillance et les conseils consultatifs<\/h2>\n<\/div>\n<\/div>\n<\/div>\n<\/div>\n<\/div>\n<div class=\"zw-breadcrumb-container black-color d-none d-md-down-block\">\n<nav aria-label=\"breadcrumbs\" class=\"rank-math-breadcrumb\">\n<p><span class=\"label\">c<\/span> <span class=\"last\">Home<\/span><\/p>\n<\/nav>\n<\/div>\n","protected":false},"author":1,"featured_media":6514,"parent":515542,"menu_order":9,"comment_status":"closed","ping_status":"closed","template":"","meta":{"_relevanssi_hide_post":"","_relevanssi_hide_content":"","_relevanssi_pin_for_all":"","_relevanssi_pin_keywords":"","_relevanssi_unpin_keywords":"","_relevanssi_related_keywords":"","_relevanssi_related_include_ids":"","_relevanssi_related_exclude_ids":"","_relevanssi_related_no_append":"","_relevanssi_related_not_related":"","_relevanssi_related_posts":"524369,524329,524345,524314,524328,524337","_relevanssi_noindex_reason":"","_zw_phone_override":"","footnotes":""},"competences":[683],"industry-sectors":[],"class_list":["post-515588","page","type-page","status-publish","has-post-thumbnail","hentry","competences-management-de-transition"],"_links":{"self":[{"href":"https:\/\/www.atreus.de\/fr\/wp-json\/wp\/v2\/pages\/515588","targetHints":{"allow":["GET"]}}],"collection":[{"href":"https:\/\/www.atreus.de\/fr\/wp-json\/wp\/v2\/pages"}],"about":[{"href":"https:\/\/www.atreus.de\/fr\/wp-json\/wp\/v2\/types\/page"}],"author":[{"embeddable":true,"href":"https:\/\/www.atreus.de\/fr\/wp-json\/wp\/v2\/users\/1"}],"replies":[{"embeddable":true,"href":"https:\/\/www.atreus.de\/fr\/wp-json\/wp\/v2\/comments?post=515588"}],"version-history":[{"count":0,"href":"https:\/\/www.atreus.de\/fr\/wp-json\/wp\/v2\/pages\/515588\/revisions"}],"up":[{"embeddable":true,"href":"https:\/\/www.atreus.de\/fr\/wp-json\/wp\/v2\/pages\/515542"}],"wp:featuredmedia":[{"embeddable":true,"href":"https:\/\/www.atreus.de\/fr\/wp-json\/wp\/v2\/media\/6514"}],"wp:attachment":[{"href":"https:\/\/www.atreus.de\/fr\/wp-json\/wp\/v2\/media?parent=515588"}],"wp:term":[{"taxonomy":"competences","embeddable":true,"href":"https:\/\/www.atreus.de\/fr\/wp-json\/wp\/v2\/competences?post=515588"},{"taxonomy":"industry-sectors","embeddable":true,"href":"https:\/\/www.atreus.de\/fr\/wp-json\/wp\/v2\/industry-sectors?post=515588"}],"curies":[{"name":"wp","href":"https:\/\/api.w.org\/{rel}","templated":true}]}}