{"id":515591,"date":"2022-03-01T11:33:59","date_gmt":"2022-03-01T10:33:59","guid":{"rendered":"https:\/\/www.atreus.de\/?page_id=515591"},"modified":"2025-02-24T11:38:40","modified_gmt":"2025-02-24T10:38:40","slug":"gestion-de-transition-dans-le-domaine-des-services","status":"publish","type":"page","link":"https:\/\/www.atreus.de\/fr\/competences\/fonctions-de-management\/gestion-de-transition-dans-le-domaine-des-services\/","title":{"rendered":"Gestion de transition dans le domaine des services"},"content":{"rendered":"<div  class=\"zw-cgb header-standard-block is-first-block desktop-has-image mobile-has-image default-margin black-color content-left content-down zw-atr-portrait-pos-default zw-atr-landscape-pos-default height-default \"><div class=\"row\"><div class=\"zw-cgb-content col-12 mx-auto\"><div  class=\"header-standard-inner-container\"><div class=\"bg-image\"><span class=\"copyright-image d-none d-lg-block\">\u00a9 Atstock Productions \u2013 stock.adobe.com<\/span><img decoding=\"async\" class=\"respnsive-img d-none d-lg-block\" loading=\"lazy\" alt=\"Service\" src=\"https:\/\/www.atreus.de\/wp-content\/uploads\/2022\/03\/header-service-Managementfunktionen-Service.jpg\" srcset=\"https:\/\/www.atreus.de\/wp-content\/uploads\/2022\/03\/header-service-Managementfunktionen-Service.jpg 1920w, https:\/\/www.atreus.de\/wp-content\/uploads\/2022\/03\/header-service-Managementfunktionen-Service-768x432.jpg 768w, https:\/\/www.atreus.de\/wp-content\/uploads\/2022\/03\/header-service-Managementfunktionen-Service-1024x576.jpg 1024w, https:\/\/www.atreus.de\/wp-content\/uploads\/2022\/03\/header-service-Managementfunktionen-Service-480x270.jpg 480w, https:\/\/www.atreus.de\/wp-content\/uploads\/2022\/03\/header-service-Managementfunktionen-Service-1440x810.jpg 1440w\" sizes=\"(max-width: 1920px) 100vw, 1920px\" style=\"aspect-ratio:1920\/1080 !important\" title=\"atreus_\"><span class=\"copyright-image d-lg-none d-block\">\u00a9 Atstock Productions \u2013 stock.adobe.com<\/span><img decoding=\"async\" class=\"responsive-img d-lg-none d-block\" loading=\"lazy\" alt=\"Service\" src=\"https:\/\/www.atreus.de\/wp-content\/uploads\/2022\/03\/teaser-2u3-sp-Managementfunktionen-Service.jpg\" srcset=\"https:\/\/www.atreus.de\/wp-content\/uploads\/2022\/03\/teaser-2u3-sp-Managementfunktionen-Service.jpg 823w, https:\/\/www.atreus.de\/wp-content\/uploads\/2022\/03\/teaser-2u3-sp-Managementfunktionen-Service-768x578.jpg 768w, https:\/\/www.atreus.de\/wp-content\/uploads\/2022\/03\/teaser-2u3-sp-Managementfunktionen-Service-480x361.jpg 480w\" sizes=\"(max-width: 1024px) 100vw, 1024px\" style=\"aspect-ratio:823\/619 !important\" title=\"atreus_\"><\/div><div class=\"preheadline-container\"><div class=\"zw-breadcrumb-container black-color d-md-down-none\"><\/div><p class=\" zw-cgb preheadline zw-prevent-animation\">Je sers&nbsp;!<\/p><h1 class=\" zw-cgb headline zw-prevent-animation\">Service<\/h1><\/div><\/div><\/div><\/div><\/div><div class=\"zw-breadcrumb-container black-color d-none d-md-down-block\"><nav aria-label=\"breadcrumbs\" class=\"rank-math-breadcrumb\"><p><span class=\"label\">c<\/span> <span class=\"last\">Home<\/span><\/p><\/nav><\/div>\n\n    <div  class=\"zw-cgb    infoblock default-margin black-color  \">\n      <div class=\" row\">\n        <div class=\"zw-cgb-content has-padding col-12\">\n          <div class=\"inner-content parent-has-padding\"><p class=\" zw-cgb fulltext \">Celui qui est superficiel n\u2019est pas vraiment pris au s\u00e9rieux. Et l\u2019excellence du service n\u2019est pas une question de surface. Une activit\u00e9 de service rentable ne peut \u00eatre obtenue que par un processus de transformation strat\u00e9gique.<\/p><p class=\" zw-cgb fulltext \">Les talents d\u2019Atreus ont l\u2019exp\u00e9rience et l\u2019expertise n\u00e9cessaires pour entra\u00eener les collaborateurs sur la voie d\u2019une culture de service authentiquement v\u00e9cue.<\/p><div class=\"link-container\"><\/div><\/div>        <\/div>\n      <\/div>\n    <\/div>\n\n\n\n    <div  class=\"zw-cgb  latestPosts default-margin \">\n      <div class=\"row zw-cgb-content\">\n              <\/div>\n    <\/div>\n\n\n\n<div id=\"parent36721\"class=\"zw-cgb halb-halb-headline-text-block-135 default-margin \"><div class=\"row\">    <!--  block -->\n    <div class=\"half-content has-padding col-lg-6 col-12 leftBlock order-1 blue-400 white-color has-icon has-headline \"><div class=\"icon-container\"><span class=\"atr-icon\">k<\/span><h2 class=\" zw-cgb headline\">L\u2019activit\u00e9 de service &#8211; un g\u00e9ant qui sommeille<\/h2><\/div><div class=\"content-container\"><div class=\"inner-content parent-has-padding\"><p class=\" zw-cgb fulltext \">L\u2019activit\u00e9 de service promet des rendements de plus en plus \u00e9lev\u00e9s par rapport \u00e0 l\u2019activit\u00e9 d\u2019origine ou aux nouvelles &#8211; par exemple dans la construction de machines et d\u2019installations, \u00ab&nbsp;Service as a Business&nbsp;\u00bb est un futur moteur de croissance &#8211; \u00e0 l\u2019avenir, on dira de plus en plus que \u00ab&nbsp;le service ne fait pas partie de l\u2019activit\u00e9 &#8211; le service est l\u2019activit\u00e9&nbsp;\u00bb. Le service est un instrument de fid\u00e9lisation de la client\u00e8le dont le potentiel n\u2019est pas encore suffisamment exploit\u00e9. Le besoin de se diff\u00e9rencier oblige \u00e0 d\u00e9velopper de nouveaux produits de service et \u00e0 d\u00e9finir et mettre en \u0153uvre une strat\u00e9gie de service globale<\/p><div class=\"link-container\"><\/div><\/div><\/div><\/div>    <!--  block -->\n    <div class=\"half-content has-padding col-lg-6 col-12 rightBlock order-2 blue-600 white-color has-icon has-headline \"><div class=\"icon-container\"><span class=\"atr-icon\">p<\/span><h2 class=\" zw-cgb headline\">Comment votre entreprise devient un champion du service avec Atreus<\/h2><\/div><div class=\"content-container\"><div class=\"inner-content parent-has-padding\"><p class=\" zw-cgb fulltext \">Audit de l\u2019activit\u00e9 de service actuelle R\u00e9orientation de l\u2019offre de service :<\/p><ul class=\"zw-cgb-ul fulltext \"><li class=\"\">D\u00e9veloppement de nouveaux mod\u00e8les commerciaux<\/li><li class=\"\">D\u00e9finition d\u2019une strat\u00e9gie de tarification <\/li><li class=\"\">Mise en place d\u2019une organisation de service &#8211; le service en tant que business \u00e0 part enti\u00e8re et gestion et coordination de toutes les interfaces dans l\u2019organisation <\/li><li class=\"\">Gestion globale des services : mise en place d\u2019un syst\u00e8me de gestion globale des services<\/li><li class=\"\">Organisation du service, y compris des r\u00e8gles de gouvernance claires<\/li><li class=\"\">Suivi continu tout au long du projet de transformation avec des indicateurs de performance clairs<\/li><li class=\"\">D\u00e9veloppement d\u2019approches Smart Service, bien au-del\u00e0 de la simple activit\u00e9 de maintenance, par exemple dans la construction de machines et d\u2019installations <\/li><li class=\"\">Gestion active du changement avec la participation de toutes les parties prenantes concern\u00e9es<\/li><li class=\"\">D\u00e9veloppement d\u2019une vision et d\u2019une culture du service<\/li><li class=\"\">Gestion accompagn\u00e9e du personnel (d\u00e9veloppement, s\u00e9lection, \u00e9valuation, coaching) <\/li><\/ul><div class=\"link-container\"><\/div><\/div><\/div><\/div><\/div><\/div>\n\n    <div  class=\"zw-cgb    infoblock default-margin black-color  \">\n      <div class=\" row\">\n        <div class=\"zw-cgb-content has-padding col-12\">\n          <div class=\"preheadline-container parent-has-padding\"><p class=\" zw-cgb preheadline ' .  . '\">Offres de services<\/p><\/div><div class=\"inner-content parent-has-padding\"><h3 class=\" zw-cgb headline\">Des experts solides<\/h3><p class=\" zw-cgb fulltext \">Nous ne sommes pas \u00e9trangers aux d\u00e9fis complexes. En effet, notre \u00e9quipe de directeurs est \u00e0 l\u2019aise lorsqu\u2019il s\u2019agit de prendre des d\u00e9cisions de niveau C. Atreus trouve rapidement les ressources adapt\u00e9es et \u00e9prouv\u00e9es \u00e0 de multiples reprises qui permettent de relever votre d\u00e9fi activement et avec d\u00e9termination. Les directeurs d\u2019Atreus restent \u00e0 chaque instant des partenaires solides. Notre r\u00e9seau a \u00e9galement la possibilit\u00e9 de d\u00e9clencher \u00e0 court terme d\u2019autres talents, allant d\u2019experts aux directeurs g\u00e9n\u00e9raux.<\/p><p class=\" zw-cgb fulltext \">Nous vous aidons \u00e0 relever les d\u00e9fis dans le domaine du service en vous proposant, entre autres, les prestations suivantes&nbsp;:<\/p><div class=\"link-container\"><\/div><\/div>        <\/div>\n      <\/div>\n    <\/div>\n\n\n<div id=\"parent60722\" class=\"zw-cgb  akkordion700  default-margin black-color \"><div class=\"row\"><div class=\"zw-cgb-content mx-auto col-12 akkorionOuterContentWrapper\"><div id=\"zw-93341538-d5f4-4e09-a550-ae9b6b60bb2a-1\" class=\"single-akkordion-item collapsed\" type=\"button\"\n          data-bs-toggle=\"collapse\" data-bs-target=\"#zw-93341538-d5f4-4e09-a550-ae9b6b60bb2a\" aria-expanded=\"false\" aria-controls=\"collapsetwo\"><div class=\"faq-headline-container d-flex no-icon \"><h3 class=\" zw-cgb subheadline faq\"><strong>Remplacement de fonctions op\u00e9rationnelles critiques par des managers de transition <\/strong>tout au long de la cha\u00eene de cr\u00e9ation de valeur<\/h3><span class=\"atreus-font pfeil-hoch\">d<\/span><span class=\"atreus-font pfeil-runter\">c<\/span><\/div><\/div><div id=\"zw-93341538-d5f4-4e09-a550-ae9b6b60bb2a\" class=\"collapse single-akkordion-item mt-0\" data-bs-parent=\"#parent60722\"><div class=\"zw-cgb row akkordionInnerWrapper \"><div  class=\"zw-cgb row  columnmaster020 default-margin \"><div class=\"columnmaster-inner-content g-0\">    <div  class=\"zw-cgb no-image-layout columnblock white-color no-icon   \">\n      <div class=\"zw-cgb zw-cgb-content\">\n\n        <div class=\"column-content\"><div class=\"inner-content\"><h2 class=\" zw-cgb headline h4\">Votre d\u00e9fi<\/h2><p class=\" zw-cgb fulltext \">Il vous manque une ressource appropri\u00e9e dans une fonction hi\u00e9rarchique de premier ou de deuxi\u00e8me niveau dont l\u2019intervention rapide est d\u00e9cisive pour la poursuite du succ\u00e8s de l\u2019entreprise.<\/p><\/div><\/div>      <\/div>\n    <\/div>\n    <div  class=\"zw-cgb no-image-layout columnblock white-color no-icon   \">\n      <div class=\"zw-cgb zw-cgb-content\">\n\n        <div class=\"column-content\"><div class=\"inner-content\"><h2 class=\" zw-cgb headline h4\">Notre mission<\/h2><p class=\" zw-cgb fulltext \">Nous renfor\u00e7ons rapidement votre \u00e9quipe avec un manager de transition, une vraie personnalit\u00e9 avec des comp\u00e9tences de leadership, et fournissons la ressource ad\u00e9quate pour la situation de votre entreprise (h\/f\/d). Les managers de transition tri\u00e9s sur le volet par Atreus sont parfaitement adapt\u00e9s \u00e0 votre d\u00e9fi et sont imm\u00e9diatement op\u00e9rationnels, au niveau national et international, sur place ou \u00e0 distance si n\u00e9cessaire.<\/p><\/div><\/div>      <\/div>\n    <\/div>\n    <div  class=\"zw-cgb no-image-layout columnblock white-color no-icon   \">\n      <div class=\"zw-cgb zw-cgb-content\">\n\n        <div class=\"column-content\"><div class=\"inner-content\"><h2 class=\" zw-cgb headline h4\">Votre solution<\/h2><p class=\" zw-cgb fulltext \">Un manager de transition sur mesure approuv\u00e9 par Atreus assume l\u2019enti\u00e8re responsabilit\u00e9 op\u00e9rationnelle pour la s\u00e9curisation et le d\u00e9veloppement r\u00e9ussi de votre activit\u00e9 en tant que directeur g\u00e9n\u00e9ral, directeur administratif et financier, directeur des ressources humaines, directeur des op\u00e9rations, directeur des syst\u00e8mes d\u2019information, chef de la s\u00e9curit\u00e9 ou en tant que directeur du contr\u00f4le de gestion, des finances, des achats, de la logistique, de la production, de l\u2019informatique, du marketing, des ventes, du service client\u00e8le, de la logistique, de la production ou des ressources humaines. En qualit\u00e9 de \u00ab&nbsp;managers \u00e0 toute \u00e9preuve&nbsp;\u00bb, les managers de transition d\u2019Atreus sont \u00e0 la hauteur de ce d\u00e9fi particulier. Ils agissent avec professionnalisme, de mani\u00e8re r\u00e9fl\u00e9chie et efficace, conform\u00e9ment \u00e0 vos attentes.<\/p><\/div><\/div>      <\/div>\n    <\/div>\n<\/div><\/div><\/div><\/div><div id=\"zw-2db0c316-828a-4dbf-986c-d7a0dea06cb3-1\" class=\"single-akkordion-item collapsed\" type=\"button\"\n          data-bs-toggle=\"collapse\" data-bs-target=\"#zw-2db0c316-828a-4dbf-986c-d7a0dea06cb3\" aria-expanded=\"false\" aria-controls=\"collapsetwo\"><div class=\"faq-headline-container d-flex no-icon \"><h3 class=\" zw-cgb subheadline faq\"><strong>Agent de gestion des programmes <\/strong>(PMO)<\/h3><span class=\"atreus-font pfeil-hoch\">d<\/span><span class=\"atreus-font pfeil-runter\">c<\/span><\/div><\/div><div id=\"zw-2db0c316-828a-4dbf-986c-d7a0dea06cb3\" class=\"collapse single-akkordion-item mt-0\" data-bs-parent=\"#parent60722\"><div class=\"zw-cgb row akkordionInnerWrapper \"><div  class=\"zw-cgb row  columnmaster020 default-margin \"><div class=\"columnmaster-inner-content g-0\">    <div  class=\"zw-cgb no-image-layout columnblock white-color no-icon   \">\n      <div class=\"zw-cgb zw-cgb-content\">\n\n        <div class=\"column-content\"><div class=\"inner-content\"><h2 class=\" zw-cgb headline h4\">Votre d\u00e9fi<\/h2><p class=\" zw-cgb fulltext \">Vous cherchez rapidement un expert temporaire pour le PMO dans le cadre d\u2019une gestion multiprojets pour tous les projets de l\u2019entreprise ou d\u2019un projet tr\u00e8s pertinent dans un secteur de l\u2019entreprise. En interne, il manque une ressource adapt\u00e9e et exp\u00e9riment\u00e9e qui puisse piloter le projet en toute s\u00e9curit\u00e9 et le mener \u00e0 bien.<\/p><\/div><\/div>      <\/div>\n    <\/div>\n    <div  class=\"zw-cgb no-image-layout columnblock white-color no-icon   \">\n      <div class=\"zw-cgb zw-cgb-content\">\n\n        <div class=\"column-content\"><div class=\"inner-content\"><h2 class=\" zw-cgb headline h4\">Notre mission<\/h2><p class=\" zw-cgb fulltext \">Nos gestionnaires de programmes qualifi\u00e9s+ sont les managers de transition les plus exp\u00e9riment\u00e9s du march\u00e9. Ils se distinguent par leur leadership et apportent leur clairvoyance et leur exp\u00e9rience dans la mise en \u0153uvre de projets hautement pertinents, y compris \u00e0 l\u2019\u00e9chelle mondiale. Notre passion est de mettre \u00e0 votre disposition, \u00e0 court terme, un manager de transition parfaitement adapt\u00e9, justifiant de pilotages r\u00e9ussis de projets similaires &#8211; et m\u00eame plus complexes. Ce manager de transition dispose d\u2019excellentes capacit\u00e9s, notamment la communication et la force de r\u00e9alisation, attirer et f\u00e9d\u00e9rer les talents, une grande compr\u00e9hension du secteur, des comp\u00e9tences interculturelles \u2014 associ\u00e9es \u00e0 un savoir-faire en mati\u00e8re d\u2019informatique et de digitalisation.<\/p><\/div><\/div>      <\/div>\n    <\/div>\n    <div  class=\"zw-cgb no-image-layout columnblock white-color no-icon   \">\n      <div class=\"zw-cgb zw-cgb-content\">\n\n        <div class=\"column-content\"><div class=\"inner-content\"><h2 class=\" zw-cgb headline h4\">Votre solution<\/h2><p class=\" zw-cgb fulltext \">Un manager de programme de transition Atreus aguerri prend la responsabilit\u00e9 du PMO et vous aide \u00e0 g\u00e9rer avec succ\u00e8s les programmes en situation de transformation. Qu\u2019il s\u2019agisse d\u2019un d\u00e9ploiement ERP global, d\u2019un programme de restructuration, d\u2019un programme d\u2019am\u00e9lioration de l\u2019efficacit\u00e9, d\u2019une transformation informatique ou num\u00e9rique de l\u2019organisation, ou encore de la mise en \u0153uvre de programmes d\u2019excellence en mati\u00e8re de services ou de d\u00e9localisations de la production&nbsp;: votre projet est entre les meilleures mains.<\/p><\/div><\/div>      <\/div>\n    <\/div>\n<\/div><\/div><\/div><\/div><div id=\"zw-4acdb797-fd1e-4645-86e9-b9730f4eec76-1\" class=\"single-akkordion-item collapsed\" type=\"button\"\n          data-bs-toggle=\"collapse\" data-bs-target=\"#zw-4acdb797-fd1e-4645-86e9-b9730f4eec76\" aria-expanded=\"false\" aria-controls=\"collapsetwo\"><div class=\"faq-headline-container d-flex no-icon \"><h3 class=\" zw-cgb subheadline faq\"><strong>Gestionnaire de projet ou de programme de digitalisation<\/strong><\/h3><span class=\"atreus-font pfeil-hoch\">d<\/span><span class=\"atreus-font pfeil-runter\">c<\/span><\/div><\/div><div id=\"zw-4acdb797-fd1e-4645-86e9-b9730f4eec76\" class=\"collapse single-akkordion-item mt-0\" data-bs-parent=\"#parent60722\"><div class=\"zw-cgb row akkordionInnerWrapper \"><div  class=\"zw-cgb row  columnmaster020 default-margin \"><div class=\"columnmaster-inner-content g-0\">    <div  class=\"zw-cgb no-image-layout columnblock white-color no-icon   \">\n      <div class=\"zw-cgb zw-cgb-content\">\n\n        <div class=\"column-content\"><div class=\"inner-content\"><h2 class=\" zw-cgb headline h4\">Vos d\u00e9fis<\/h2><p class=\" zw-cgb fulltext \">Vous devez poursuivre la transformation num\u00e9rique, adapter vos processus commerciaux existants et concevoir de nouveaux mod\u00e8les commerciaux. Votre objectif est de rendre l\u2019entreprise plus productive, plus s\u00fbre et plus p\u00e9renne, et vous devez tout mettre en \u0153uvre simultan\u00e9ment tout au long de la cha\u00eene de cr\u00e9ation de valeur dans l\u2019ensemble de l\u2019organisation.<\/p><\/div><\/div>      <\/div>\n    <\/div>\n    <div  class=\"zw-cgb no-image-layout columnblock white-color no-icon   \">\n      <div class=\"zw-cgb zw-cgb-content\">\n\n        <div class=\"column-content\"><div class=\"inner-content\"><h2 class=\" zw-cgb headline h4\">Notre mission<\/h2><p class=\" zw-cgb fulltext \">Nous mettons imm\u00e9diatement \u00e0 votre disposition le chef de projet ou de programme ad\u00e9quat, qui vous aidera aussi bien \u00e0 d\u00e9velopper une strat\u00e9gie num\u00e9rique qu\u2019\u00e0 optimiser rapidement les processus existants ou \u00e0 d\u00e9velopper de nouveaux produits ou de nouvelles plateformes. Gr\u00e2ce \u00e0 ses comp\u00e9tences industrielles, sa capacit\u00e9 d\u2019innovation et son savoir-faire num\u00e9rique, il adopte une approche r\u00e9fl\u00e9chie, s\u00fbre et cibl\u00e9e. Si n\u00e9cessaire, nous soutenons \u00e9galement votre projet de transformation num\u00e9rique par d\u2019autres managers Atreus, tous des \u00ab&nbsp;managers en digitalisation \u00e0 toute \u00e9preuve&nbsp;\u00bb qui, en tant qu\u2019\u00e9quipe bien rod\u00e9e, n\u2019ont qu\u2019un seul objectif&nbsp;: engager votre entreprise sur la voie du succ\u00e8s num\u00e9rique.<\/p><\/div><\/div>      <\/div>\n    <\/div>\n    <div  class=\"zw-cgb no-image-layout columnblock white-color no-icon   \">\n      <div class=\"zw-cgb zw-cgb-content\">\n\n        <div class=\"column-content\"><div class=\"inner-content\"><h2 class=\" zw-cgb headline h4\">Votre solution<\/h2><p class=\" zw-cgb fulltext \">L\u2019expert num\u00e9rique approuv\u00e9 par Atreus pilote votre projet strat\u00e9gique et renforce vos \u00e9quipes. Il s\u2019engage dans toutes les phases de la transformation num\u00e9rique. Il consid\u00e8re l\u2019\u00e9tendue de votre entreprise, de la digitalisation et l\u2019optimisation de la production, la num\u00e9risation des processus, la strat\u00e9gie de produits, le Product-as-a-Service, les mod\u00e8les commerciaux innovants \u2014 il guide votre entreprise sur le parcours num\u00e9rique vers le succ\u00e8s.<\/p><\/div><\/div>      <\/div>\n    <\/div>\n<\/div><\/div><\/div><\/div><div id=\"zw-f7bdcb57-e7de-40c2-88aa-f51069024da4-1\" class=\"single-akkordion-item collapsed\" type=\"button\"\n          data-bs-toggle=\"collapse\" data-bs-target=\"#zw-f7bdcb57-e7de-40c2-88aa-f51069024da4\" aria-expanded=\"false\" aria-controls=\"collapsetwo\"><div class=\"faq-headline-container d-flex no-icon \"><h3 class=\" zw-cgb subheadline faq\"><strong>Chef de projet <\/strong>pour l\u2019introduction de syst\u00e8mes ERP et CRM<\/h3><span class=\"atreus-font pfeil-hoch\">d<\/span><span class=\"atreus-font pfeil-runter\">c<\/span><\/div><\/div><div id=\"zw-f7bdcb57-e7de-40c2-88aa-f51069024da4\" class=\"collapse single-akkordion-item mt-0\" data-bs-parent=\"#parent60722\"><div class=\"zw-cgb row akkordionInnerWrapper \"><div  class=\"zw-cgb row  columnmaster020 default-margin \"><div class=\"columnmaster-inner-content g-0\">    <div  class=\"zw-cgb no-image-layout columnblock white-color no-icon   \">\n      <div class=\"zw-cgb zw-cgb-content\">\n\n        <div class=\"column-content\"><div class=\"inner-content\"><h2 class=\" zw-cgb headline h4\">Votre d\u00e9fi<\/h2><p class=\" zw-cgb fulltext \">Votre projet ERP ou CRM est au point mort. Le respect des d\u00e9lais est menac\u00e9 ou le cadre budg\u00e9taire risque d\u2019\u00eatre d\u00e9pass\u00e9. La complexit\u00e9 du projet est extr\u00eamement \u00e9lev\u00e9e et consomme trop de ressources internes importantes. Le succ\u00e8s de ce seul projet immens\u00e9ment important est en jeu&nbsp;! Ou bien le projet ne fait que commencer, mais&nbsp;: le savoir-faire d\u2019un expert informatique confirm\u00e9 pour les projets ERP ou CRM fait d\u00e9faut&nbsp;! Il est \u00e9vident qu\u2019un projet informatique de cette envergure \u00e9quivaut \u00e0 une transformation informatique qui doit \u00eatre g\u00e9r\u00e9e de mani\u00e8re professionnelle. Car en fin de compte, le projet informatique contribue de mani\u00e8re tr\u00e8s importante au succ\u00e8s futur de l\u2019entreprise.<\/p><\/div><\/div>      <\/div>\n    <\/div>\n    <div  class=\"zw-cgb no-image-layout columnblock white-color no-icon   \">\n      <div class=\"zw-cgb zw-cgb-content\">\n\n        <div class=\"column-content\"><div class=\"inner-content\"><h2 class=\" zw-cgb headline h4\">Notre mission<\/h2><p class=\" zw-cgb fulltext \">Nous savons qui, en tant que chef de projet exp\u00e9riment\u00e9 pour l\u2019introduction de syst\u00e8mes ERP &amp; CRM, a r\u00e9ussi \u00e0 plusieurs reprises \u00e0 relever des d\u00e9fis aussi exigeants que le v\u00f4tre, voire plus complexes encore. Les responsables informatiques qualifi\u00e9s+ d\u2019Atreus apportent de la s\u00e9r\u00e9nit\u00e9 \u00e0 votre projet, m\u00eame s\u2019il rev\u00eat une grande complexit\u00e9. Ils connaissent les d\u00e9fis de votre secteur et de vos processus commerciaux et r\u00e9orientent votre projet informatique et de num\u00e9risation en fonction de vos objectifs. Les experts informatiques approuv\u00e9s par Atreus ainsi que les chefs de projet et de programme informatique connaissent les d\u00e9fis de votre secteur et accompagnent une transformation informatique dans l\u2019optique d\u2019un futur succ\u00e8s commercial.<\/p><\/div><\/div>      <\/div>\n    <\/div>\n    <div  class=\"zw-cgb no-image-layout columnblock white-color no-icon   \">\n      <div class=\"zw-cgb zw-cgb-content\">\n\n        <div class=\"column-content\"><div class=\"inner-content\"><h2 class=\" zw-cgb headline h4\">Votre solution<\/h2><p class=\" zw-cgb fulltext \">Les experts en informatique d\u2019Atreus g\u00e8rent avec succ\u00e8s et en toute confiance votre projet et assurent la r\u00e9ussite de l\u2019introduction de l\u2019ERP et du CRM. Vous \u00eates ainsi imm\u00e9diatement d\u00e9charg\u00e9s et vous pouvez continuer \u00e0 vous occuper de vos activit\u00e9s principales et des affaires futures. Les managers informatiques de transition d\u2019Atreus garantissent la transparence du d\u00e9roulement du projet et impliquent votre direction et vos \u00e9quipes de mani\u00e8re cibl\u00e9e. La gestion de l\u2019ensemble des prestataires de services externes et des partenaires de mise en \u0153uvre est g\u00e9r\u00e9e par un seul et m\u00eame organisme.<\/p><\/div><\/div>      <\/div>\n    <\/div>\n<\/div><\/div><\/div><\/div><\/div><\/div><\/div>\n\n\n\n\n<div style=\"height:100px\" aria-hidden=\"true\" class=\"wp-block-spacer\"><\/div>\n\n\n<div  class=\"zw-cgb  sidebarblock default-margin \">\r\n      <div class=\"row\">\r\n        \r\n\t\t<div class=\"zw-cgb global-widget left  black-color  no-margin\">\r\n\t\t\t\t\t\t\t<div class=\"bg-img-container\">\r\n\t\t\t\t\t<img decoding=\"async\" loading=\"lazy\" width=\"1920\" height=\"720\" src=\"https:\/\/www.atreus.de\/wp-content\/uploads\/2022\/03\/widget-achiever-02.jpg\" style=\"aspect-ratio:1920\/720 !important\" alt=\"atreus_\" title=\"atreus_\">\t\t\t\t<\/div>\r\n\t\t\t\t\t\t<div class=\"inner-container bg-white\">\r\n\t\t\t\t      <div class=\"headlinetwo-container\">\r\n\t\t<p class=\"zw-cgb headline two\">Haute priorit\u00e9 : \u00abStorm Proof Achiever\u00bb<\/p>\r\n\t  <\/div> \t\t\t\t<div class=\"widget-content fulltext\">\r\n\r\n\t\t\t\t\t\t<p><span class=\"TextRun SCXW243371905 BCX8\" lang=\"FR-FR\" xml:lang=\"FR-FR\" data-contrast=\"auto\"><span class=\"NormalTextRun SCXW243371905 BCX8\">Il n<\/span><span class=\"NormalTextRun SCXW243371905 BCX8\">\u2019<\/span><span class=\"NormalTextRun SCXW243371905 BCX8\">y a que chez Atreus ! Nous fournissons rapidement et avec pr\u00e9cision la ressource <\/span><span class=\"NormalTextRun SCXW243371905 BCX8\">de transition<\/span><span class=\"NormalTextRun SCXW243371905 BCX8\"> parfaite pour le projet dont la r\u00e9ussite est d\u00e9cisive pour le succ\u00e8s continu de votre entreprise.<\/span><\/span><span class=\"EOP SCXW243371905 BCX8\" data-ccp-props=\"{\">\u00a0<\/span><\/p>\n\r\n\r\n\t\t\t\t<\/div>\r\n\t\t\t\t\t\t\t\t\r\n\t\t\t\t<div class=\"zw-cgb zw-cgb-button-container\">\r\n\t\t\t\t\t<a href=\"https:\/\/www.atreus.de\/fr\/contact\/\" class=\"zw-cgb btn btn-primary\">Entretien personnel<\/a>\r\n\t\t\t\t<\/div>\r\n\t\t\t\t\t\t\t<\/div>\r\n\t\t<\/div>\r\n\t<\/div><\/div>    \n\n\n    <div  class=\"zw-cgb  textblock black-color zw-content-pos-center  default-margin \">\n      <div class=\"row\">\n        <div class=\"zw-cgb-content col-12 g-0\">\n          <h2 class=\"zw-cgb headline \"><strong>Th\u00e8mes de comp\u00e9tence :<\/strong> <\/h2><div class=\"zw-cgb unspecified\"><div  class=\"zw-cgb row  columnmaster025 default-margin \"><div class=\"columnmaster-inner-content\">    <div  class=\"zw-cgb no-image-layout columnblock25 white-color no-icon \">\n      <div class=\"zw-cgb zw-cgb-content\">\n\n        <div class=\"column-content text-center\"><div class=\"inner-content\"><ul class=\"zw-cgb-ul fulltext \"><li class=\"\">Service as a Business \u2014 Mise en place d\u2019une organisation de service <\/li><li class=\"\">D\u00e9veloppement d\u2019une vision et d\u2019une culture du service <\/li><li class=\"\">Approches Smart Service<\/li><li class=\"\">Gestion globale des services<\/li><\/ul><\/div><\/div>      <\/div>\n    <\/div>\n<\/div><\/div><\/div>        <\/div>\n      <\/div>\n    <\/div>\n\n\n\n\n<div style=\"height:100px\" aria-hidden=\"true\" class=\"wp-block-spacer\"><\/div>\n\n\n    <div  class=\"zw-cgb  change-padding  infoblock default-margin black-color  \">\n      <div class=\" row\">\n        <div class=\"zw-cgb-content has-padding col-12\">\n          <div class=\"preheadline-container parent-has-padding\"><h4 class=\" zw-cgb preheadline ' .  . '\">T\u00e9moignages Client<\/h4><\/div><div class=\"inner-content parent-has-padding\"><div class=\"link-container\"><\/div><\/div>        <\/div>\n      <\/div>\n    <\/div>\n\n\n\r\n    <div  class=\"zw-cgb  extern-zitat-style  zitat-block black-color default-margin default-padding \">\r\n      <div class=\"row zitat-row\">\r\n        <div class=\" image-container g-0 order-1  d-none \">\r\n                    <div class=\"img-with-gradient\">\r\n\r\n                        <div class=\"linear-gradient-container\"><\/div>\r\n          <\/div>\r\n\r\n\r\n\r\n          <div class=\"zitat-img-text-container\"><div class=\"zitat-name-container fulltext\"><span>Robert A. Hei\u00df<\/span><\/div><div class=\"zitat-discription-container fulltext\"><span>Directeur d\u2019InfraServ Gendorf<\/span><\/div><\/div>                  <\/div>\r\n        <div class=\"g-0 zitat-text-container order-2 col-12 no-image-container \">\r\n          <div class=\"zitat-text\"><span class=\"zitat-start-icon atreus-font\">D<\/span><p class=\"zw-cgb fulltext\">\u201eAtreus a d\u00e9velopp\u00e9 avec succ\u00e8s le mod\u00e8le commercial de notre secteur des services informatiques et a ainsi assur\u00e9 des processus de travail professionnels et orient\u00e9s vers les processus.\u201c<\/p><\/div>          <div class=\"zitat-img-text-container no-image-layout\"><div class=\"zitat-name-container fulltext\"><span>Robert A. Hei\u00df<\/span><\/div><div class=\"zitat-discription-container fulltext\"><span>Directeur d\u2019InfraServ Gendorf<\/span><\/div><\/div>        <\/div>\r\n\r\n      <\/div>\r\n    <\/div>\r\n\n\n\n    <div  class=\"zw-cgb  latestPosts default-margin \">\n      <div class=\"row zw-cgb-content\">\n              <\/div>\n    <\/div>\n\n\n\n\n    <div  class=\"zw-cgb  latestPosts default-margin \">\n      <div class=\"row zw-cgb-content\">\n              <\/div>\n    <\/div>\n\n\n\n    <div  class=\"zw-cgb  change-padding  infoblock default-margin black-color  \">\n      <div class=\" row\">\n        <div class=\"zw-cgb-content has-padding col-12\">\n          <div class=\"preheadline-container parent-has-padding\"><h4 class=\" zw-cgb preheadline ' .  . '\">T\u00e9moignage des directeurs d\u2019Atreus :<\/h4><\/div><div class=\"inner-content parent-has-padding\"><div class=\"link-container\"><\/div><\/div>        <\/div>\n      <\/div>\n    <\/div>\n\n\n\r\n    <div  class=\"zw-cgb  intern-zitat-style  zitat-block black-color default-margin default-padding \">\r\n      <div class=\"row zitat-row\">\r\n        <div class=\" image-container g-0 order-1 order-lg-2  col-menu-5 col-12 \">\r\n          <a href=\"https:\/\/www.atreus.de\/fr\/equipe\/tibor-reischitz\/\">          <div class=\"img-with-gradient\">\r\n\r\n            <span class=\"copyright-image\"><\/span><img decoding=\"async\" loading=\"lazy\" alt=\"atreus_\" src=\"https:\/\/www.atreus.de\/wp-content\/uploads\/2023\/07\/rei-ti-v1.png\" srcset=\"https:\/\/www.atreus.de\/wp-content\/uploads\/2023\/07\/rei-ti-v1.png 555w, https:\/\/www.atreus.de\/wp-content\/uploads\/2023\/07\/rei-ti-v1-480x600.png 480w\" sizes=\"(max-width: 1024px) 100vw, 1024px\" style=\"aspect-ratio:555\/694 !important\" title=\"atreus_\">            <div class=\"linear-gradient-container\"><\/div>\r\n          <\/div>\r\n\r\n\r\n\r\n          <div class=\"zitat-img-text-container\"><div class=\"zitat-name-container fulltext\"><span>Tibor  Reischitz<\/span><\/div><div class=\"zitat-discription-container fulltext\"><span>Directeur\r\n<\/span><\/div><\/div>          <\/a>        <\/div>\r\n        <div class=\"g-0 zitat-text-container order-2 order-lg-1 col-menu-7 col-12 \">\r\n          <div class=\"zitat-text\"><span class=\"zitat-start-icon atreus-font\">D<\/span><p class=\"zw-cgb fulltext\">\u201eAtreus est synonyme de solutions r\u00e9f\u00e9ren\u00e7ables avec une association optimale de r\u00e9seau personnel et de salle des machines orient\u00e9e vers les processus.\u201c<\/p><\/div>                  <\/div>\r\n\r\n      <\/div>\r\n    <\/div>\r\n\n\n\r\n    <div  class=\"zw-cgb  intern-zitat-style  zitat-block black-color default-margin default-padding \">\r\n      <div class=\"row zitat-row\">\r\n        <div class=\" image-container g-0 order-1  col-menu-5 col-12 \">\r\n          <a href=\"https:\/\/www.atreus.de\/fr\/equipe\/stephan-haimerl\/\">          <div class=\"img-with-gradient\">\r\n\r\n            <span class=\"copyright-image\"><\/span><img decoding=\"async\" loading=\"lazy\" alt=\"atreus_\" src=\"https:\/\/www.atreus.de\/wp-content\/uploads\/2023\/07\/hai-st-v2.png\" srcset=\"https:\/\/www.atreus.de\/wp-content\/uploads\/2023\/07\/hai-st-v2.png 555w, https:\/\/www.atreus.de\/wp-content\/uploads\/2023\/07\/hai-st-v2-480x600.png 480w\" sizes=\"(max-width: 1024px) 100vw, 1024px\" style=\"aspect-ratio:555\/694 !important\" title=\"atreus_\">            <div class=\"linear-gradient-container\"><\/div>\r\n          <\/div>\r\n\r\n\r\n\r\n          <div class=\"zitat-img-text-container\"><div class=\"zitat-name-container fulltext\"><span>Stephan  Haimerl<\/span><\/div><div class=\"zitat-discription-container fulltext\"><span>Partenaire et responsable du Solution Group Construction de machines et d\u2019installations<\/span><\/div><\/div>          <\/a>        <\/div>\r\n        <div class=\"g-0 zitat-text-container order-2 col-menu-7 col-12 \">\r\n          <div class=\"zitat-text\"><span class=\"zitat-start-icon atreus-font\">D<\/span><p class=\"zw-cgb fulltext\">\u201eNous conseillons nos clients d\u2019\u00e9gal \u00e0 \u00e9gal et formulons des recommandations claires. Nos clients appr\u00e9cient la rapidit\u00e9 et la qualit\u00e9 de nos produits, qui se distinguent par leur pr\u00e9cision. Nous soutenons activement nos managers et sommes toujours \u00e0 leur disposition en tant que sparring-partner. Nous nous occupons de nos clients dans le monde entier.\u201c<\/p><\/div>                  <\/div>\r\n\r\n      <\/div>\r\n    <\/div>\r\n\n\n\n<div style=\"height:100px\" aria-hidden=\"true\" class=\"wp-block-spacer\"><\/div>\n\n\n    <div  class=\"zw-cgb  change-padding  infoblock default-margin black-color  \">\n      <div class=\" row\">\n        <div class=\"zw-cgb-content has-padding col-12\">\n          <div class=\"preheadline-container parent-has-padding\"><h4 class=\" zw-cgb preheadline ' .  . '\">D\u00e9clarations conseillers :<\/h4><\/div><div class=\"inner-content parent-has-padding\"><div class=\"link-container\"><\/div><\/div>        <\/div>\n      <\/div>\n    <\/div>\n\n\n\r\n    <div  class=\"zw-cgb  intern-zitat-style  zitat-block black-color default-margin default-padding \">\r\n      <div class=\"row zitat-row\">\r\n        <div class=\" image-container g-0 order-1 order-lg-2  col-menu-5 col-12 \">\r\n          <a href=\"https:\/\/www.atreus.de\/fr\/?post_type=team&#038;p=500763\">          <div class=\"img-with-gradient\">\r\n\r\n            <span class=\"copyright-image\"><\/span><img decoding=\"async\" loading=\"lazy\" alt=\"atreus_\" src=\"https:\/\/www.atreus.de\/wp-content\/uploads\/2022\/03\/sta-kl.png\" srcset=\"https:\/\/www.atreus.de\/wp-content\/uploads\/2022\/03\/sta-kl.png 555w, https:\/\/www.atreus.de\/wp-content\/uploads\/2022\/03\/sta-kl-150x150.png 150w, https:\/\/www.atreus.de\/wp-content\/uploads\/2022\/03\/sta-kl-480x480.png 480w\" sizes=\"(max-width: 1024px) 100vw, 1024px\" style=\"aspect-ratio:555\/555 !important\" title=\"atreus_\">            <div class=\"linear-gradient-container\"><\/div>\r\n          <\/div>\r\n\r\n\r\n\r\n          <div class=\"zitat-img-text-container\"><div class=\"zitat-name-container fulltext\"><span>Klaus  Stahlmann<\/span><\/div><div class=\"zitat-discription-container fulltext\"><span>Conseiller\r\n<\/span><\/div><\/div>          <\/a>        <\/div>\r\n        <div class=\"g-0 zitat-text-container order-2 order-lg-1 col-menu-7 col-12 \">\r\n          <div class=\"zitat-text\"><span class=\"zitat-start-icon atreus-font\">D<\/span><p class=\"zw-cgb fulltext\">\u201eTrouver les bons acteurs pour chaque situation, g\u00e9n\u00e9ralement critique, c\u2019est ce qui fait la force d\u2019Atreus. Atreus r\u00e9sout des t\u00e2ches de gestion exigeantes dans des phases de changement, fournit des sparring-partners comp\u00e9tents et des donneurs d\u2019impulsions pour le march\u00e9 des biens d\u2019investissement qui, comme peu d\u2019autres, sera confront\u00e9 \u00e0 des t\u00e2ches importantes dans les ann\u00e9es \u00e0 venir pour adapter son offre de produits \u00e0 la durabilit\u00e9 et \u00e0 la neutralit\u00e9 climatique.\u201c<\/p><\/div>                  <\/div>\r\n\r\n      <\/div>\r\n    <\/div>\r\n\n\n\n<div style=\"height:100px\" aria-hidden=\"true\" class=\"wp-block-spacer\"><\/div>\n\n\n    <div  class=\"zw-cgb    infoblock default-margin black-color  \">\n      <div class=\" row\">\n        <div class=\"zw-cgb-content has-padding col-12\">\n          <div class=\"preheadline-container parent-has-padding\"><h4 class=\" zw-cgb preheadline ' .  . '\">Contact service<\/h4><\/div><div class=\"inner-content parent-has-padding\"><p class=\" zw-cgb fulltext \">Tous les membres de notre \u00e9quipe vous conseilleront sur l\u2019occupation par int\u00e9rim des postes de direction. En fonction de son expertise et de son exp\u00e9rience, chaque membre se concentre sur diff\u00e9rents secteurs.<\/p><div class=\"link-container\"><\/div><\/div>        <\/div>\n      <\/div>\n    <\/div>\n\n\n\n    <div  class=\"zw-cgb  team-member black-color default-margin \">\n      <div class=\"zw-cgb-content member-row row\">\n        <div class=\"col-menu-3 col-lg-4 col-md-6 col-12 single-team-member px-0\">            <a href=\"https:\/\/www.atreus.de\/fr\/equipe\/dr-christian-frank\/\">\n\n              <div class=\" image-container g-0\">\n                <div class=\"img-with-gradient zwPortImg\">\n\n                  <img decoding=\"async\" loading=\"lazy\" class=\"zwPortImg\" alt=\"atreus_\" src=\"https:\/\/www.atreus.de\/wp-content\/uploads\/2023\/07\/fra-ch-dr-v2.png\" srcset=\"https:\/\/www.atreus.de\/wp-content\/uploads\/2023\/07\/fra-ch-dr-v2.png 555w, https:\/\/www.atreus.de\/wp-content\/uploads\/2023\/07\/fra-ch-dr-v2-480x600.png 480w\" sizes=\"(max-width: 1024px) 100vw, 1024px\" style=\"aspect-ratio:555\/694 !important\" title=\"atreus_\">                  <div class=\"linear-gradient-container\"><\/div>\n                <\/div>\n\n            <\/a>\n            <div class=\"team-member-content\"><div class=\"team-member-name fulltext\"> <a href=\"https:\/\/www.atreus.de\/fr\/equipe\/dr-christian-frank\/\"><span>Dr. Christian  Frank<\/span><\/a><\/div><div class=\"team-member-description fulltext\"> <a href=\"https:\/\/www.atreus.de\/fr\/equipe\/dr-christian-frank\/\"><span>Directeur g\u00e9n\u00e9ral<\/span><\/a><\/div><div class=\"team-member-phone\"><a href=\"tel:+49 89 452249-180\"><span>+49 89 452249-180<\/span><\/a><\/div><div class=\"team-member-icon-container\"><div class=\"team-member-email\"><a class=\"atreus-font\" href=\"mailto:Christian.Frank@atreus.de\">h<\/a><\/div><div class=\"team-member-linkedin\"><a class=\"atreus-font\" target=\"_blank\" href=\"https:\/\/www.linkedin.com\/in\/drchristianfrank\/\" rel=\"noopener\">3<\/a><\/div><\/div><\/div>      <\/div>\n\n  <\/div><div class=\"col-menu-3 col-lg-4 col-md-6 col-12 single-team-member px-0\">            <a href=\"https:\/\/www.atreus.de\/fr\/equipe\/jessica-breuer\/\">\n\n              <div class=\" image-container g-0\">\n                <div class=\"img-with-gradient zwPortImg\">\n\n                  <img decoding=\"async\" loading=\"lazy\" class=\"zwPortImg\" alt=\"atreus_\" src=\"https:\/\/www.atreus.de\/wp-content\/uploads\/2025\/05\/bre-jes-1.png\" srcset=\"https:\/\/www.atreus.de\/wp-content\/uploads\/2025\/05\/bre-jes-1.png 555w, https:\/\/www.atreus.de\/wp-content\/uploads\/2025\/05\/bre-jes-1-480x600.png 480w\" sizes=\"(max-width: 1024px) 100vw, 1024px\" style=\"aspect-ratio:555\/694 !important\" title=\"atreus_\">                  <div class=\"linear-gradient-container\"><\/div>\n                <\/div>\n\n            <\/a>\n            <div class=\"team-member-content\"><div class=\"team-member-name fulltext\"> <a href=\"https:\/\/www.atreus.de\/fr\/equipe\/jessica-breuer\/\"><span>Jessica  Breuer<\/span><\/a><\/div><div class=\"team-member-description fulltext\"> <a href=\"https:\/\/www.atreus.de\/fr\/equipe\/jessica-breuer\/\"><span>Directrice<\/span><\/a><\/div><div class=\"team-member-phone\"><a href=\"tel:+49 89 452249-241\"><span>+49 89 452249-241<\/span><\/a><\/div><div class=\"team-member-icon-container\"><div class=\"team-member-email\"><a class=\"atreus-font\" href=\"mailto:Jessica.Breuer@atreus.de\">h<\/a><\/div><div class=\"team-member-linkedin\"><a class=\"atreus-font\" target=\"_blank\" href=\"https:\/\/de.linkedin.com\/in\/jessica-breuer\" rel=\"noopener\">3<\/a><\/div><\/div><\/div>      <\/div>\n\n  <\/div><div class=\"col-menu-3 col-lg-4 col-md-6 col-12 single-team-member px-0\">            <a href=\"https:\/\/www.atreus.de\/fr\/equipe\/stephan-haimerl\/\">\n\n              <div class=\" image-container g-0\">\n                <div class=\"img-with-gradient zwPortImg\">\n\n                  <img decoding=\"async\" loading=\"lazy\" class=\"zwPortImg\" alt=\"atreus_\" src=\"https:\/\/www.atreus.de\/wp-content\/uploads\/2023\/07\/hai-st-v2.png\" srcset=\"https:\/\/www.atreus.de\/wp-content\/uploads\/2023\/07\/hai-st-v2.png 555w, https:\/\/www.atreus.de\/wp-content\/uploads\/2023\/07\/hai-st-v2-480x600.png 480w\" sizes=\"(max-width: 1024px) 100vw, 1024px\" style=\"aspect-ratio:555\/694 !important\" title=\"atreus_\">                  <div class=\"linear-gradient-container\"><\/div>\n                <\/div>\n\n            <\/a>\n            <div class=\"team-member-content\"><div class=\"team-member-name fulltext\"> <a href=\"https:\/\/www.atreus.de\/fr\/equipe\/stephan-haimerl\/\"><span>Stephan  Haimerl<\/span><\/a><\/div><div class=\"team-member-description fulltext\"> <a href=\"https:\/\/www.atreus.de\/fr\/equipe\/stephan-haimerl\/\"><span>Partenaire et responsable du Solution Group Construction de machines et d\u2019installations<\/span><\/a><\/div><div class=\"team-member-phone\"><a href=\"tel:+49 89 452249-170\"><span>+49 89 452249-170<\/span><\/a><\/div><div class=\"team-member-icon-container\"><div class=\"team-member-email\"><a class=\"atreus-font\" href=\"mailto:Stephan.Haimerl@atreus.de\">h<\/a><\/div><div class=\"team-member-linkedin\"><a class=\"atreus-font\" target=\"_blank\" href=\"https:\/\/de.linkedin.com\/in\/stephan-haimerl-9b17619\" rel=\"noopener\">3<\/a><\/div><\/div><\/div>      <\/div>\n\n  <\/div><div class=\"col-menu-3 col-lg-4 col-md-6 col-12 single-team-member px-0\">            <a href=\"https:\/\/www.atreus.de\/fr\/equipe\/dr-simon-mehler\/\">\n\n              <div class=\" image-container g-0\">\n                <div class=\"img-with-gradient zwPortImg\">\n\n                  <img decoding=\"async\" loading=\"lazy\" class=\"zwPortImg\" alt=\"atreus_\" src=\"https:\/\/www.atreus.de\/wp-content\/uploads\/2023\/07\/meh-si-dr-v3-1.png\" srcset=\"https:\/\/www.atreus.de\/wp-content\/uploads\/2023\/07\/meh-si-dr-v3-1.png 555w, https:\/\/www.atreus.de\/wp-content\/uploads\/2023\/07\/meh-si-dr-v3-1-480x600.png 480w\" sizes=\"(max-width: 1024px) 100vw, 1024px\" style=\"aspect-ratio:555\/694 !important\" title=\"atreus_\">                  <div class=\"linear-gradient-container\"><\/div>\n                <\/div>\n\n            <\/a>\n            <div class=\"team-member-content\"><div class=\"team-member-name fulltext\"> <a href=\"https:\/\/www.atreus.de\/fr\/equipe\/dr-simon-mehler\/\"><span>Dr. Simon Mehler<\/span><\/a><\/div><div class=\"team-member-description fulltext\"> <a href=\"https:\/\/www.atreus.de\/fr\/equipe\/dr-simon-mehler\/\"><span>Partenaire\r\n<\/span><\/a><\/div><div class=\"team-member-phone\"><a href=\"tel:+49 89 452249-245\"><span>+49 89 452249-245<\/span><\/a><\/div><div class=\"team-member-icon-container\"><div class=\"team-member-email\"><a class=\"atreus-font\" href=\"mailto:Simon.Mehler@atreus.de\">h<\/a><\/div><div class=\"team-member-linkedin\"><a class=\"atreus-font\" target=\"_blank\" href=\"https:\/\/www.linkedin.com\/in\/simonmehler\/\" rel=\"noopener\">3<\/a><\/div><\/div><\/div>      <\/div>\n\n  <\/div>    <\/div>\n    <\/div>\n\n","protected":false},"excerpt":{"rendered":"<div  class=\"zw-cgb header-standard-block  desktop-has-image mobile-has-image default-margin black-color content-left content-down zw-atr-portrait-pos-default zw-atr-landscape-pos-default height-default \">\n<div class=\"row\">\n<div class=\"zw-cgb-content col-12 mx-auto\">\n<div  class=\"header-standard-inner-container\">\n<div class=\"bg-image\"><span class=\"copyright-image d-none d-lg-block\">\u00a9 Atstock Productions \u2013 stock.adobe.com<\/span><img decoding=\"async\" class=\"respnsive-img d-none d-lg-block\" loading=\"lazy\" alt=\"Service\" src=\"https:\/\/www.atreus.de\/wp-content\/uploads\/2022\/03\/header-service-Managementfunktionen-Service.jpg\" srcset=\"https:\/\/www.atreus.de\/wp-content\/uploads\/2022\/03\/header-service-Managementfunktionen-Service.jpg 1920w, https:\/\/www.atreus.de\/wp-content\/uploads\/2022\/03\/header-service-Managementfunktionen-Service-768x432.jpg 768w, https:\/\/www.atreus.de\/wp-content\/uploads\/2022\/03\/header-service-Managementfunktionen-Service-1024x576.jpg 1024w, https:\/\/www.atreus.de\/wp-content\/uploads\/2022\/03\/header-service-Managementfunktionen-Service-480x270.jpg 480w, https:\/\/www.atreus.de\/wp-content\/uploads\/2022\/03\/header-service-Managementfunktionen-Service-1440x810.jpg 1440w\" sizes=\"(max-width: 1920px) 100vw, 1920px\"style='aspect-ratio:1920\/1080 !important'><span class=\"copyright-image d-lg-none d-block\">\u00a9 Atstock Productions \u2013 stock.adobe.com<\/span><img decoding=\"async\" class=\"responsive-img d-lg-none d-block\" loading=\"lazy\" alt=\"Service\" src=\"https:\/\/www.atreus.de\/wp-content\/uploads\/2022\/03\/teaser-2u3-sp-Managementfunktionen-Service.jpg\" srcset=\"https:\/\/www.atreus.de\/wp-content\/uploads\/2022\/03\/teaser-2u3-sp-Managementfunktionen-Service.jpg 823w, https:\/\/www.atreus.de\/wp-content\/uploads\/2022\/03\/teaser-2u3-sp-Managementfunktionen-Service-768x578.jpg 768w, https:\/\/www.atreus.de\/wp-content\/uploads\/2022\/03\/teaser-2u3-sp-Managementfunktionen-Service-480x361.jpg 480w\" sizes=\"(max-width: 1024px) 100vw, 1024px\"style='aspect-ratio:823\/619 !important'><\/div>\n<div class=\"preheadline-container\">\n<div class=\"zw-breadcrumb-container black-color d-md-down-none\"><\/div>\n<p class=\" zw-cgb preheadline zw-prevent-animation\">Je sers&nbsp;!<\/p>\n<h2 class=\" zw-cgb headline zw-prevent-animation\">Service<\/h2>\n<\/div>\n<\/div>\n<\/div>\n<\/div>\n<\/div>\n<div class=\"zw-breadcrumb-container black-color d-none d-md-down-block\">\n<nav aria-label=\"breadcrumbs\" class=\"rank-math-breadcrumb\">\n<p><span class=\"label\">c<\/span> <span class=\"last\">Home<\/span><\/p>\n<\/nav>\n<\/div>\n","protected":false},"author":1,"featured_media":483575,"parent":515538,"menu_order":100,"comment_status":"closed","ping_status":"closed","template":"","meta":{"_relevanssi_hide_post":"","_relevanssi_hide_content":"","_relevanssi_pin_for_all":"","_relevanssi_pin_keywords":"","_relevanssi_unpin_keywords":"","_relevanssi_related_keywords":"","_relevanssi_related_include_ids":"","_relevanssi_related_exclude_ids":"","_relevanssi_related_no_append":"","_relevanssi_related_not_related":"","_relevanssi_related_posts":"524369,524329,524328,524345,524314,524337","_relevanssi_noindex_reason":"","_zw_phone_override":"","footnotes":""},"competences":[688],"industry-sectors":[],"class_list":["post-515591","page","type-page","status-publish","has-post-thumbnail","hentry","competences-service-fr"],"_links":{"self":[{"href":"https:\/\/www.atreus.de\/fr\/wp-json\/wp\/v2\/pages\/515591","targetHints":{"allow":["GET"]}}],"collection":[{"href":"https:\/\/www.atreus.de\/fr\/wp-json\/wp\/v2\/pages"}],"about":[{"href":"https:\/\/www.atreus.de\/fr\/wp-json\/wp\/v2\/types\/page"}],"author":[{"embeddable":true,"href":"https:\/\/www.atreus.de\/fr\/wp-json\/wp\/v2\/users\/1"}],"replies":[{"embeddable":true,"href":"https:\/\/www.atreus.de\/fr\/wp-json\/wp\/v2\/comments?post=515591"}],"version-history":[{"count":0,"href":"https:\/\/www.atreus.de\/fr\/wp-json\/wp\/v2\/pages\/515591\/revisions"}],"up":[{"embeddable":true,"href":"https:\/\/www.atreus.de\/fr\/wp-json\/wp\/v2\/pages\/515538"}],"wp:featuredmedia":[{"embeddable":true,"href":"https:\/\/www.atreus.de\/fr\/wp-json\/wp\/v2\/media\/483575"}],"wp:attachment":[{"href":"https:\/\/www.atreus.de\/fr\/wp-json\/wp\/v2\/media?parent=515591"}],"wp:term":[{"taxonomy":"competences","embeddable":true,"href":"https:\/\/www.atreus.de\/fr\/wp-json\/wp\/v2\/competences?post=515591"},{"taxonomy":"industry-sectors","embeddable":true,"href":"https:\/\/www.atreus.de\/fr\/wp-json\/wp\/v2\/industry-sectors?post=515591"}],"curies":[{"name":"wp","href":"https:\/\/api.w.org\/{rel}","templated":true}]}}