{"id":515593,"date":"2022-03-01T11:42:12","date_gmt":"2022-03-01T10:42:12","guid":{"rendered":"https:\/\/www.atreus.de\/?page_id=515593"},"modified":"2025-12-17T08:45:42","modified_gmt":"2025-12-17T07:45:42","slug":"gestion-de-projets-et-de-programmes","status":"publish","type":"page","link":"https:\/\/www.atreus.de\/fr\/competences\/service\/gestion-de-projets-et-de-programmes\/","title":{"rendered":"Gestion de projets et de programmes"},"content":{"rendered":"<div  class=\"zw-cgb header-standard-block is-first-block desktop-has-image mobile-has-image default-margin white-color content-left content-down zw-atr-portrait-pos-default zw-atr-landscape-pos-center-top height-default \"><div class=\"row\"><div class=\"zw-cgb-content col-12 mx-auto\"><div  class=\"header-standard-inner-container\"><div class=\"bg-image\"><span class=\"copyright-image d-none d-lg-block\">\u00a9 Mykola Mazuryk \u2013 stock.adobe.com<\/span><img decoding=\"async\" class=\"respnsive-img d-none d-lg-block\" loading=\"lazy\" alt=\"Projektmanagement und Programmmanagement\" src=\"https:\/\/www.atreus.de\/wp-content\/uploads\/2022\/03\/header-projektmanagement-programmmanagement-Services-Projektmanagementund_Programmmanagement.jpg\" srcset=\"https:\/\/www.atreus.de\/wp-content\/uploads\/2022\/03\/header-projektmanagement-programmmanagement-Services-Projektmanagementund_Programmmanagement.jpg 1920w, https:\/\/www.atreus.de\/wp-content\/uploads\/2022\/03\/header-projektmanagement-programmmanagement-Services-Projektmanagementund_Programmmanagement-768x432.jpg 768w, https:\/\/www.atreus.de\/wp-content\/uploads\/2022\/03\/header-projektmanagement-programmmanagement-Services-Projektmanagementund_Programmmanagement-1024x576.jpg 1024w, https:\/\/www.atreus.de\/wp-content\/uploads\/2022\/03\/header-projektmanagement-programmmanagement-Services-Projektmanagementund_Programmmanagement-480x270.jpg 480w, https:\/\/www.atreus.de\/wp-content\/uploads\/2022\/03\/header-projektmanagement-programmmanagement-Services-Projektmanagementund_Programmmanagement-1440x810.jpg 1440w\" sizes=\"(max-width: 1920px) 100vw, 1920px\" style=\"aspect-ratio:1920\/1080 !important\" title=\"atreus_\"><span class=\"copyright-image d-lg-none d-block\">\u00a9 Mykola Mazuryk \u2013 stock.adobe.com<\/span><img decoding=\"async\" class=\"responsive-img d-lg-none d-block\" loading=\"lazy\" alt=\"Projektmanagement und Programmmanagement\" src=\"https:\/\/www.atreus.de\/wp-content\/uploads\/2022\/03\/teaser-2u3-sp-Services-Projektmanagementund_Programmmanagement.jpg\" srcset=\"https:\/\/www.atreus.de\/wp-content\/uploads\/2022\/03\/teaser-2u3-sp-Services-Projektmanagementund_Programmmanagement.jpg 823w, https:\/\/www.atreus.de\/wp-content\/uploads\/2022\/03\/teaser-2u3-sp-Services-Projektmanagementund_Programmmanagement-768x578.jpg 768w, https:\/\/www.atreus.de\/wp-content\/uploads\/2022\/03\/teaser-2u3-sp-Services-Projektmanagementund_Programmmanagement-480x361.jpg 480w\" sizes=\"(max-width: 1024px) 100vw, 1024px\" style=\"aspect-ratio:823\/619 !important\" title=\"atreus_\"><\/div><div class=\"preheadline-container\"><div class=\"zw-breadcrumb-container black-color d-md-down-none\"><\/div><p class=\" zw-cgb preheadline zw-prevent-animation\">Des navigateurs de projet \u00e0 l\u2019\u00e9preuve des temp\u00eates<\/p><h1 class=\" zw-cgb headline zw-prevent-animation\">Gestion de projets et de programmes<\/h1><\/div><\/div><\/div><\/div><\/div><div class=\"zw-breadcrumb-container black-color d-none d-md-down-block\"><nav aria-label=\"breadcrumbs\" class=\"rank-math-breadcrumb\"><p><span class=\"label\">c<\/span> <span class=\"last\">Home<\/span><\/p><\/nav><\/div>\n\n    <div  class=\"zw-cgb    infoblock default-margin black-color  \">\n      <div class=\" row\">\n        <div class=\"zw-cgb-content has-padding col-12\">\n          <div class=\"inner-content parent-has-padding\"><p class=\" zw-cgb fulltext \">Les managers et les \u00e9quipes Atreus prennent en charge la gestion de projet et la gestion de programme classiques \u2014 une t\u00e2che complexe pour laquelle le savoir-faire et le \u00ab&nbsp;do-how&nbsp;\u00bb font souvent d\u00e9faut dans les entreprises. En plus de leur <strong>excellence <\/strong>professionnelle, ils poss\u00e8dent les <strong>qualit\u00e9s de leadership <\/strong>et <strong>de mise en \u0153uvre <\/strong>n\u00e9cessaires pour mener \u00e0 bien les t\u00e2ches de mani\u00e8re s\u00fbre et rapide. Ils ont derri\u00e8re eux l\u2019expertise cumul\u00e9e du r\u00e9seau Atreus.<\/p><p class=\" zw-cgb fulltext \">Les managers Atreus font toujours partie des meilleurs de leur secteur, ils se consid\u00e8rent comme des catalyseurs et des moteurs dans l\u2019organisation. Ils utilisent toujours leurs connaissances des processus de changement et leurs grandes comp\u00e9tences sociales pour f\u00e9d\u00e9rer l\u2019organisation et les personnes. <strong>Les \u00ab&nbsp;performeurs&nbsp;\u00bb d\u2019Atreus<\/strong> pilotent vos projets m\u00eame dans les mers les plus agit\u00e9es&nbsp;!<\/p><div class=\"link-container\"><\/div><\/div>        <\/div>\n      <\/div>\n    <\/div>\n\n\n\n\n<div  class=\"zw-cgb row  columnmaster020 default-margin \"><div class=\"col-12\"><h2 class=\" zw-cgb headline\">Des experts avec du recul \u2014 des chefs de projet exp\u00e9riment\u00e9s (h\/f\/d)<\/h2><\/div><div class=\"columnmaster-inner-content g-0\">    <div  class=\"zw-cgb no-image-layout columnblock black-color has-icon   \">\n      <div class=\"zw-cgb zw-cgb-content\">\n\n        <div class=\"column-content\"><div class=\"inner-content\"><div class=\"icon-container\"><span class=\"atr-icon\">p<\/span><h2 class=\" zw-cgb headline h4\">Votre d\u00e9fi<\/h2><\/div><p class=\" zw-cgb fulltext \">Vous \u00eates confront\u00e9 \u00e0 la t\u00e2che \u00e0 court terme d\u2019assurer l\u2019expertise et le leadership appropri\u00e9s pour un projet d\u2019une importance strat\u00e9gique exceptionnelle. Il est essentiel que les chefs de projet aient non seulement une connaissance approfondie de la gestion de projet, mais aussi une exp\u00e9rience sp\u00e9cifique au secteur dans des projets comparables, ainsi qu\u2019une exp\u00e9rience professionnelle av\u00e9r\u00e9e dans des soci\u00e9t\u00e9s de conseil renomm\u00e9es.<\/p><\/div><\/div>      <\/div>\n    <\/div>\n    <div  class=\"zw-cgb no-image-layout columnblock black-color has-icon   \">\n      <div class=\"zw-cgb zw-cgb-content\">\n\n        <div class=\"column-content\"><div class=\"inner-content\"><div class=\"icon-container\"><span class=\"atr-icon\">j<\/span><h2 class=\" zw-cgb headline h4\">Notre mission<\/h2><\/div><p class=\" zw-cgb fulltext \">Nous renfor\u00e7ons votre \u00e9quipe avec des chefs de projet qui poss\u00e8dent non seulement d\u2019excellentes capacit\u00e9s analytiques, mais aussi des comp\u00e9tences de leadership de premier ordre. Nos chefs de projet comprennent votre vision ainsi que les besoins de vos parties prenantes internes et externes et r\u00e9alisent avec vous les t\u00e2ches correspondantes. Chez Atreus, nous s\u00e9lectionnons nos experts avec le plus grand soin et nous nous assurons qu\u2019ils correspondent parfaitement \u00e0 votre d\u00e9fi sp\u00e9cifique et qu\u2019ils ont les affinit\u00e9s culturelles n\u00e9cessaires.<\/p><\/div><\/div>      <\/div>\n    <\/div>\n    <div  class=\"zw-cgb no-image-layout columnblock black-color has-icon   \">\n      <div class=\"zw-cgb zw-cgb-content\">\n\n        <div class=\"column-content\"><div class=\"inner-content\"><div class=\"icon-container\"><span class=\"atr-icon\">m<\/span><h2 class=\" zw-cgb headline h4\">Votre solution<\/h2><\/div><p class=\" zw-cgb fulltext \">Un gestionnaire de projet et de programme mis \u00e0 disposition par Atreus assume la responsabilit\u00e9 de la planification, de la r\u00e9alisation et de la gestion de vos projets. Il repr\u00e9sente l\u2019interface entre toutes les parties prenantes, communique de mani\u00e8re empathique et cibl\u00e9e avec le conseil de direction, les fonctions et les \u00e9quipes. Nos experts assurent la transparence au niveau du statut du projet, des indicateurs cl\u00e9s de performance, de la maturit\u00e9 de la mise en \u0153uvre et les niveaux de difficult\u00e9, et garantissent le respect des \u00e9tapes et des budgets pour une mise en \u0153uvre rapide et la r\u00e9alisation des objectifs.<\/p><\/div><\/div>      <\/div>\n    <\/div>\n<\/div><\/div>\n\n\n\n\n\n\n\n\n\n\n<div style=\"height:100px\" aria-hidden=\"true\" class=\"wp-block-spacer\"><\/div>\n\n\n\n    <div  class=\"zw-cgb  latestPosts default-margin \">\n      <div class=\"row zw-cgb-content\">\n        \n      <div  class=\"zw-cgb latestPostsContent px-0 col-12 col-md-6 col-menu-4 publication default  show-featured-image \">\n\n\n        <div class=\"image-container single-featured\"><a href = \"https:\/\/www.atreus.de\/fr\/publication\/etude-de-cas\/chef-de-projet-controle-de-gestion-chez-un-fabricant-et-distributeur-mondial-dequipements-de-loisirs\/\"><span class=\"copyright-image\">\u00a9fotolia.com, pressmaster<\/span><img decoding=\"async\" loading=\"lazy\" alt=\"atreus_\" src=\"https:\/\/www.atreus.de\/wp-content\/uploads\/2022\/03\/teaser-img-fuer-2-und-3-spalter-03-7.jpg\" srcset=\"https:\/\/www.atreus.de\/wp-content\/uploads\/2022\/03\/teaser-img-fuer-2-und-3-spalter-03-7.jpg 823w, https:\/\/www.atreus.de\/wp-content\/uploads\/2022\/03\/teaser-img-fuer-2-und-3-spalter-03-7-768x578.jpg 768w, https:\/\/www.atreus.de\/wp-content\/uploads\/2022\/03\/teaser-img-fuer-2-und-3-spalter-03-7-480x361.jpg 480w\" sizes=\"(max-width: 1024px) 100vw, 1024px\" style=\"aspect-ratio:823\/619 !important\" title=\"atreus_\"><\/a><\/div><div class=\"image-container double-featured\"><a href = \"https:\/\/www.atreus.de\/fr\/publication\/etude-de-cas\/chef-de-projet-controle-de-gestion-chez-un-fabricant-et-distributeur-mondial-dequipements-de-loisirs\/\"><span class=\"copyright-image\">\u00a9fotolia.com, pressmaster<\/span><img decoding=\"async\" loading=\"lazy\" alt=\"atreus_\" src=\"https:\/\/www.atreus.de\/wp-content\/uploads\/2022\/03\/teaser-img-60zu30-03-7.jpg\" srcset=\"https:\/\/www.atreus.de\/wp-content\/uploads\/2022\/03\/teaser-img-60zu30-03-7.jpg 1098w, https:\/\/www.atreus.de\/wp-content\/uploads\/2022\/03\/teaser-img-60zu30-03-7-768x288.jpg 768w, https:\/\/www.atreus.de\/wp-content\/uploads\/2022\/03\/teaser-img-60zu30-03-7-1024x384.jpg 1024w, https:\/\/www.atreus.de\/wp-content\/uploads\/2022\/03\/teaser-img-60zu30-03-7-480x180.jpg 480w\" sizes=\"(max-width: 1024px) 100vw, 1024px\" style=\"aspect-ratio:1098\/412 !important\" title=\"atreus_\"><\/a><\/div>        <div class=\"content-container has-excerpt posttype-publication blue-600 white-color\">\n          <div class=\"preheadline-container parent-has-padding\"><p class=\"zw-cgb preheadline\">\u00c9tude de cas<\/p><\/div><a href = \"https:\/\/www.atreus.de\/fr\/publication\/etude-de-cas\/chef-de-projet-controle-de-gestion-chez-un-fabricant-et-distributeur-mondial-dequipements-de-loisirs\/\"><h2 class=\" zw-cgb headline\">Chef de projet Contr\u00f4le de gestion chez un fabricant et distributeur mondial d\u2019\u00e9quipements de loisirs<\/h2><\/a><p class=\" zw-cgb fulltext\">Une manager d\u2019Atreus est responsable de la simplification des processus de contr\u00f4le et d\u2019autorisation en tant que chef de projet dans le contr\u00f4le de gestion d\u2019un fabricant et distributeur mondial d\u2019\u00e9quipements de loisirs. En outre, une r\u00e9vision compl\u00e8te des principaux rapports (y compris la &#8230;<\/p><div class=\"zw-cgb zw-cgb-button-container \"><a href=\"https:\/\/www.atreus.de\/fr\/publication\/etude-de-cas\/chef-de-projet-controle-de-gestion-chez-un-fabricant-et-distributeur-mondial-dequipements-de-loisirs\/\" class=\"zw-cgb btn btn-primary \">Lire la suite<\/a><\/div>        <\/div>\n            <\/div>\n      \n  \n      <div  class=\"zw-cgb latestPostsContent px-0 col-12 col-md-6 col-menu-4 publication   show-featured-image \">\n\n\n        <div class=\"image-container single-featured\"><a href = \"https:\/\/www.atreus.de\/fr\/publication\/etude-de-cas\/conseiller-en-implementation-erp-chez-un-fabricant-allemand-dinstruments-decriture-de-haute-qualite\/\"><span class=\"copyright-image\">\u00a9 bonetta \u2013 iStock, serts \u2013 iStock, pidjoe \u2013 iStock <\/span><img decoding=\"async\" loading=\"lazy\" alt=\"atreus_\" src=\"https:\/\/www.atreus.de\/wp-content\/uploads\/2022\/03\/teaser-img-fuer-2-und-3-spalter-06-1.jpg\" srcset=\"https:\/\/www.atreus.de\/wp-content\/uploads\/2022\/03\/teaser-img-fuer-2-und-3-spalter-06-1.jpg 823w, https:\/\/www.atreus.de\/wp-content\/uploads\/2022\/03\/teaser-img-fuer-2-und-3-spalter-06-1-768x578.jpg 768w, https:\/\/www.atreus.de\/wp-content\/uploads\/2022\/03\/teaser-img-fuer-2-und-3-spalter-06-1-480x361.jpg 480w\" sizes=\"(max-width: 1024px) 100vw, 1024px\" style=\"aspect-ratio:823\/619 !important\" title=\"atreus_\"><\/a><\/div><div class=\"image-container double-featured\"><a href = \"https:\/\/www.atreus.de\/fr\/publication\/etude-de-cas\/conseiller-en-implementation-erp-chez-un-fabricant-allemand-dinstruments-decriture-de-haute-qualite\/\"><span class=\"copyright-image\">\u00a9 bonetta \u2013 iStock, serts \u2013 iStock, pidjoe \u2013 iStock <\/span><img decoding=\"async\" loading=\"lazy\" alt=\"atreus_\" src=\"https:\/\/www.atreus.de\/wp-content\/uploads\/2022\/03\/teaser-img-60zu30-06-1.jpg\" srcset=\"https:\/\/www.atreus.de\/wp-content\/uploads\/2022\/03\/teaser-img-60zu30-06-1.jpg 1098w, https:\/\/www.atreus.de\/wp-content\/uploads\/2022\/03\/teaser-img-60zu30-06-1-768x288.jpg 768w, https:\/\/www.atreus.de\/wp-content\/uploads\/2022\/03\/teaser-img-60zu30-06-1-1024x384.jpg 1024w, https:\/\/www.atreus.de\/wp-content\/uploads\/2022\/03\/teaser-img-60zu30-06-1-480x180.jpg 480w\" sizes=\"(max-width: 1024px) 100vw, 1024px\" style=\"aspect-ratio:1098\/412 !important\" title=\"atreus_\"><\/a><\/div>        <div class=\"content-container has-excerpt posttype-publication blue-900 white-color\">\n          <div class=\"preheadline-container parent-has-padding\"><p class=\"zw-cgb preheadline\">\u00c9tude de cas<\/p><\/div><a href = \"https:\/\/www.atreus.de\/fr\/publication\/etude-de-cas\/conseiller-en-implementation-erp-chez-un-fabricant-allemand-dinstruments-decriture-de-haute-qualite\/\"><h2 class=\" zw-cgb headline\">Conseiller en impl\u00e9mentation ERP chez un fabricant allemand d\u2019instruments d\u2019\u00e9criture de haute qualit\u00e9<\/h2><\/a><p class=\" zw-cgb fulltext\">Un manager d\u2019Atreus est notamment responsable de la garantie des performances ERP chez le client et met en \u00e9vidence les possibilit\u00e9s d\u2019am\u00e9lioration. En outre, il est responsable de l\u2019introduction de m\u00e9triques pour une plus grande transparence des processus de projet.<\/p><div class=\"zw-cgb zw-cgb-button-container \"><a href=\"https:\/\/www.atreus.de\/fr\/publication\/etude-de-cas\/conseiller-en-implementation-erp-chez-un-fabricant-allemand-dinstruments-decriture-de-haute-qualite\/\" class=\"zw-cgb btn btn-primary \">Lire la suite<\/a><\/div>        <\/div>\n            <\/div>\n      \n  \n      <div  class=\"zw-cgb latestPostsContent px-0 col-12 publication content-2-3  show-featured-image \">\n\n\n        <div class=\"image-container single-featured\"><a href = \"https:\/\/www.atreus.de\/fr\/publication\/etude-de-cas\/projet-de-recrutement-dexperts-en-logistique\/\"><span class=\"copyright-image\"><\/span><img decoding=\"async\" loading=\"lazy\" alt=\"atreus_\" src=\"https:\/\/www.atreus.de\/wp-content\/uploads\/2022\/03\/teaser-img-fuer-2-und-3-spalter-01-2.jpg\" srcset=\"https:\/\/www.atreus.de\/wp-content\/uploads\/2022\/03\/teaser-img-fuer-2-und-3-spalter-01-2.jpg 823w, https:\/\/www.atreus.de\/wp-content\/uploads\/2022\/03\/teaser-img-fuer-2-und-3-spalter-01-2-768x578.jpg 768w, https:\/\/www.atreus.de\/wp-content\/uploads\/2022\/03\/teaser-img-fuer-2-und-3-spalter-01-2-480x361.jpg 480w\" sizes=\"(max-width: 1024px) 100vw, 1024px\" style=\"aspect-ratio:823\/619 !important\" title=\"atreus_\"><\/a><\/div><div class=\"image-container double-featured\"><a href = \"https:\/\/www.atreus.de\/fr\/publication\/etude-de-cas\/projet-de-recrutement-dexperts-en-logistique\/\"><span class=\"copyright-image\"><\/span><img decoding=\"async\" loading=\"lazy\" alt=\"atreus_\" src=\"https:\/\/www.atreus.de\/wp-content\/uploads\/2022\/03\/teaser-img-60zu30-01-4.jpg\" srcset=\"https:\/\/www.atreus.de\/wp-content\/uploads\/2022\/03\/teaser-img-60zu30-01-4.jpg 1098w, https:\/\/www.atreus.de\/wp-content\/uploads\/2022\/03\/teaser-img-60zu30-01-4-768x288.jpg 768w, https:\/\/www.atreus.de\/wp-content\/uploads\/2022\/03\/teaser-img-60zu30-01-4-1024x384.jpg 1024w, https:\/\/www.atreus.de\/wp-content\/uploads\/2022\/03\/teaser-img-60zu30-01-4-480x180.jpg 480w\" sizes=\"(max-width: 1024px) 100vw, 1024px\" style=\"aspect-ratio:1098\/412 !important\" title=\"atreus_\"><\/a><\/div>        <div class=\"content-container has-excerpt posttype-publication blue-400 white-color\">\n          <div class=\"preheadline-container parent-has-padding\"><p class=\"zw-cgb preheadline\">\u00c9tude de cas<\/p><\/div><a href = \"https:\/\/www.atreus.de\/fr\/publication\/etude-de-cas\/projet-de-recrutement-dexperts-en-logistique\/\"><h2 class=\" zw-cgb headline\">Projet de recrutement d\u2019experts en logistique<\/h2><\/a><p class=\" zw-cgb fulltext\">Un expert d\u2019Atreus g\u00e8re un vaste projet de recrutement chez un fournisseur de logistique a\u00e9roportuaire pour des postes de sp\u00e9cialistes et d\u2019experts avec des profils d\u2019exigences tr\u00e8s pointus. Le sourcing, l\u2019identification et l\u2019approche de plus de 3 700 candidats permettent de pr\u00e9senter 150 candidats &#8230;<\/p><div class=\"zw-cgb zw-cgb-button-container \"><a href=\"https:\/\/www.atreus.de\/fr\/publication\/etude-de-cas\/projet-de-recrutement-dexperts-en-logistique\/\" class=\"zw-cgb btn btn-primary \">Lire la suite<\/a><\/div>        <\/div>\n            <\/div>\n      <div class=\"zw-spacer px-0\"><\/div>\n        <\/div>\n    <\/div>\n\n\n\n\n\n","protected":false},"excerpt":{"rendered":"<div  class=\"zw-cgb header-standard-block  desktop-has-image mobile-has-image default-margin white-color content-left content-down zw-atr-portrait-pos-default zw-atr-landscape-pos-center-top height-default \">\n<div class=\"row\">\n<div class=\"zw-cgb-content col-12 mx-auto\">\n<div  class=\"header-standard-inner-container\">\n<div class=\"bg-image\"><span class=\"copyright-image d-none d-lg-block\">\u00a9 Mykola Mazuryk \u2013 stock.adobe.com<\/span><img decoding=\"async\" class=\"respnsive-img d-none d-lg-block\" loading=\"lazy\" alt=\"Projektmanagement und Programmmanagement\" src=\"https:\/\/www.atreus.de\/wp-content\/uploads\/2022\/03\/header-projektmanagement-programmmanagement-Services-Projektmanagementund_Programmmanagement.jpg\" srcset=\"https:\/\/www.atreus.de\/wp-content\/uploads\/2022\/03\/header-projektmanagement-programmmanagement-Services-Projektmanagementund_Programmmanagement.jpg 1920w, https:\/\/www.atreus.de\/wp-content\/uploads\/2022\/03\/header-projektmanagement-programmmanagement-Services-Projektmanagementund_Programmmanagement-768x432.jpg 768w, https:\/\/www.atreus.de\/wp-content\/uploads\/2022\/03\/header-projektmanagement-programmmanagement-Services-Projektmanagementund_Programmmanagement-1024x576.jpg 1024w, https:\/\/www.atreus.de\/wp-content\/uploads\/2022\/03\/header-projektmanagement-programmmanagement-Services-Projektmanagementund_Programmmanagement-480x270.jpg 480w, https:\/\/www.atreus.de\/wp-content\/uploads\/2022\/03\/header-projektmanagement-programmmanagement-Services-Projektmanagementund_Programmmanagement-1440x810.jpg 1440w\" sizes=\"(max-width: 1920px) 100vw, 1920px\"style='aspect-ratio:1920\/1080 !important'><span class=\"copyright-image d-lg-none d-block\">\u00a9 Mykola Mazuryk \u2013 stock.adobe.com<\/span><img decoding=\"async\" class=\"responsive-img d-lg-none d-block\" loading=\"lazy\" alt=\"Projektmanagement und Programmmanagement\" src=\"https:\/\/www.atreus.de\/wp-content\/uploads\/2022\/03\/teaser-2u3-sp-Services-Projektmanagementund_Programmmanagement.jpg\" srcset=\"https:\/\/www.atreus.de\/wp-content\/uploads\/2022\/03\/teaser-2u3-sp-Services-Projektmanagementund_Programmmanagement.jpg 823w, https:\/\/www.atreus.de\/wp-content\/uploads\/2022\/03\/teaser-2u3-sp-Services-Projektmanagementund_Programmmanagement-768x578.jpg 768w, https:\/\/www.atreus.de\/wp-content\/uploads\/2022\/03\/teaser-2u3-sp-Services-Projektmanagementund_Programmmanagement-480x361.jpg 480w\" sizes=\"(max-width: 1024px) 100vw, 1024px\"style='aspect-ratio:823\/619 !important'><\/div>\n<div class=\"preheadline-container\">\n<div class=\"zw-breadcrumb-container black-color d-md-down-none\"><\/div>\n<p class=\" zw-cgb preheadline zw-prevent-animation\">Des navigateurs de projet \u00e0 l\u2019\u00e9preuve des temp\u00eates<\/p>\n<h2 class=\" zw-cgb headline zw-prevent-animation\">Gestion de projets et de programmes<\/h2>\n<\/div>\n<\/div>\n<\/div>\n<\/div>\n<\/div>\n<div class=\"zw-breadcrumb-container black-color d-none d-md-down-block\">\n<nav aria-label=\"breadcrumbs\" class=\"rank-math-breadcrumb\">\n<p><span class=\"label\">c<\/span> <span class=\"last\">Home<\/span><\/p>\n<\/nav>\n<\/div>\n","protected":false},"author":1,"featured_media":6520,"parent":515542,"menu_order":6,"comment_status":"closed","ping_status":"closed","template":"","meta":{"_relevanssi_hide_post":"","_relevanssi_hide_content":"","_relevanssi_pin_for_all":"","_relevanssi_pin_keywords":"","_relevanssi_unpin_keywords":"","_relevanssi_related_keywords":"","_relevanssi_related_include_ids":"","_relevanssi_related_exclude_ids":"","_relevanssi_related_no_append":"","_relevanssi_related_not_related":"","_relevanssi_related_posts":"524369,524329,524328,524314,524345,524337","_relevanssi_noindex_reason":"","_zw_phone_override":"","footnotes":""},"competences":[678],"industry-sectors":[],"class_list":["post-515593","page","type-page","status-publish","has-post-thumbnail","hentry","competences-gestion-de-projets-et-de-programmes"],"_links":{"self":[{"href":"https:\/\/www.atreus.de\/fr\/wp-json\/wp\/v2\/pages\/515593","targetHints":{"allow":["GET"]}}],"collection":[{"href":"https:\/\/www.atreus.de\/fr\/wp-json\/wp\/v2\/pages"}],"about":[{"href":"https:\/\/www.atreus.de\/fr\/wp-json\/wp\/v2\/types\/page"}],"author":[{"embeddable":true,"href":"https:\/\/www.atreus.de\/fr\/wp-json\/wp\/v2\/users\/1"}],"replies":[{"embeddable":true,"href":"https:\/\/www.atreus.de\/fr\/wp-json\/wp\/v2\/comments?post=515593"}],"version-history":[{"count":0,"href":"https:\/\/www.atreus.de\/fr\/wp-json\/wp\/v2\/pages\/515593\/revisions"}],"up":[{"embeddable":true,"href":"https:\/\/www.atreus.de\/fr\/wp-json\/wp\/v2\/pages\/515542"}],"wp:featuredmedia":[{"embeddable":true,"href":"https:\/\/www.atreus.de\/fr\/wp-json\/wp\/v2\/media\/6520"}],"wp:attachment":[{"href":"https:\/\/www.atreus.de\/fr\/wp-json\/wp\/v2\/media?parent=515593"}],"wp:term":[{"taxonomy":"competences","embeddable":true,"href":"https:\/\/www.atreus.de\/fr\/wp-json\/wp\/v2\/competences?post=515593"},{"taxonomy":"industry-sectors","embeddable":true,"href":"https:\/\/www.atreus.de\/fr\/wp-json\/wp\/v2\/industry-sectors?post=515593"}],"curies":[{"name":"wp","href":"https:\/\/api.w.org\/{rel}","templated":true}]}}