{"id":515640,"date":"2022-03-01T11:30:27","date_gmt":"2022-03-01T10:30:27","guid":{"rendered":"https:\/\/www.atreus.de\/?page_id=515640"},"modified":"2025-02-27T11:48:35","modified_gmt":"2025-02-27T10:48:35","slug":"finance","status":"publish","type":"page","link":"https:\/\/www.atreus.de\/fr\/competences\/fonctions-de-management\/finance\/","title":{"rendered":"Finance"},"content":{"rendered":"<div  class=\"zw-cgb header-standard-block is-first-block desktop-has-image mobile-has-image default-margin white-color content-left content-down zw-atr-portrait-pos-default zw-atr-landscape-pos-center-top height-default \"><div class=\"row\"><div class=\"zw-cgb-content col-12 mx-auto\"><div  class=\"header-standard-inner-container\"><div class=\"bg-image\"><span class=\"copyright-image d-none d-lg-block\">\u00a9 Thomas \u2013 stock.adobe.com<\/span><img decoding=\"async\" class=\"respnsive-img d-none d-lg-block\" loading=\"lazy\" alt=\"atreus_\" src=\"https:\/\/www.atreus.de\/wp-content\/uploads\/2022\/03\/header-finance-Managementfunktionen-Finance.jpg\" srcset=\"https:\/\/www.atreus.de\/wp-content\/uploads\/2022\/03\/header-finance-Managementfunktionen-Finance.jpg 1920w, https:\/\/www.atreus.de\/wp-content\/uploads\/2022\/03\/header-finance-Managementfunktionen-Finance-768x432.jpg 768w, https:\/\/www.atreus.de\/wp-content\/uploads\/2022\/03\/header-finance-Managementfunktionen-Finance-1024x576.jpg 1024w, https:\/\/www.atreus.de\/wp-content\/uploads\/2022\/03\/header-finance-Managementfunktionen-Finance-480x270.jpg 480w, https:\/\/www.atreus.de\/wp-content\/uploads\/2022\/03\/header-finance-Managementfunktionen-Finance-1440x810.jpg 1440w\" sizes=\"(max-width: 1920px) 100vw, 1920px\" style=\"aspect-ratio:1920\/1080 !important\" title=\"atreus_\"><span class=\"copyright-image d-lg-none d-block\">\u00a9 Thomas \u2013 stock.adobe.com<\/span><img decoding=\"async\" class=\"responsive-img d-lg-none d-block\" loading=\"lazy\" alt=\"atreus_\" src=\"https:\/\/www.atreus.de\/wp-content\/uploads\/2022\/03\/teaser-2u3-sp-Managementfunktionen-Finance.jpg\" srcset=\"https:\/\/www.atreus.de\/wp-content\/uploads\/2022\/03\/teaser-2u3-sp-Managementfunktionen-Finance.jpg 823w, https:\/\/www.atreus.de\/wp-content\/uploads\/2022\/03\/teaser-2u3-sp-Managementfunktionen-Finance-768x578.jpg 768w, https:\/\/www.atreus.de\/wp-content\/uploads\/2022\/03\/teaser-2u3-sp-Managementfunktionen-Finance-480x361.jpg 480w\" sizes=\"(max-width: 1024px) 100vw, 1024px\" style=\"aspect-ratio:823\/619 !important\" title=\"atreus_\"><\/div><div class=\"preheadline-container\"><div class=\"zw-breadcrumb-container black-color d-md-down-none\"><\/div><p class=\" zw-cgb preheadline zw-prevent-animation\">D\u00e9bit et cr\u00e9dit<\/p><h1 class=\" zw-cgb headline zw-prevent-animation\">Finance<\/h1><\/div><\/div><\/div><\/div><\/div><div class=\"zw-breadcrumb-container black-color d-none d-md-down-block\"><nav aria-label=\"breadcrumbs\" class=\"rank-math-breadcrumb\"><p><span class=\"label\">c<\/span> <span class=\"last\">Home<\/span><\/p><\/nav><\/div>\n\n    <div  class=\"zw-cgb    infoblock default-margin black-color  \">\n      <div class=\" row\">\n        <div class=\"zw-cgb-content has-padding col-12\">\n          <div class=\"inner-content parent-has-padding\"><p class=\" zw-cgb fulltext \">Les acheteurs aiment les remises, la cha\u00eene d\u2019approvisionnement se pla\u00eet plut\u00f4t \u00e0 pratiquer des prix \u00e9lev\u00e9s, les financiers esp\u00e8rent des rendements de r\u00eave, le commerce insiste pour obtenir des rabais importants et les co\u00fbts de modernisation de la production et de l\u2019informatique explosent. Les collaborateurs veulent des augmentations de salaire, les banques veulent de bonnes garanties et le fisc veut tout, de pr\u00e9f\u00e9rence.<\/p><p class=\" zw-cgb fulltext \">Les experts financiers d\u2019Atreus veillent \u00e0 ce que les entreprises restent dans la zone de profit s\u00fbre \u2014 ou y reviennent \u2014 m\u00eame en p\u00e9riode de temp\u00eate.<\/p><div class=\"link-container\"><\/div><\/div>        <\/div>\n      <\/div>\n    <\/div>\n\n\n\n    <div  class=\"zw-cgb  latestPosts default-margin \">\n      <div class=\"row zw-cgb-content\">\n        \n      <div  class=\"zw-cgb latestPostsContent px-0 col-12 col-md-6 col-menu-4 publication default  show-featured-image \">\n\n\n        <div class=\"image-container single-featured\"><a href = \"https:\/\/www.atreus.de\/fr\/publication\/etude-de-cas\/directeur-financier-de-transition-post-fusion-chez-un-fabricant-de-plats-cuisines\/\"><span class=\"copyright-image\"><\/span><img decoding=\"async\" loading=\"lazy\" alt=\"atreus_\" src=\"https:\/\/www.atreus.de\/wp-content\/uploads\/2022\/03\/teaser-img-fuer-2-und-3-spalter-08.jpg\" srcset=\"https:\/\/www.atreus.de\/wp-content\/uploads\/2022\/03\/teaser-img-fuer-2-und-3-spalter-08.jpg 823w, https:\/\/www.atreus.de\/wp-content\/uploads\/2022\/03\/teaser-img-fuer-2-und-3-spalter-08-768x578.jpg 768w, https:\/\/www.atreus.de\/wp-content\/uploads\/2022\/03\/teaser-img-fuer-2-und-3-spalter-08-480x361.jpg 480w\" sizes=\"(max-width: 1024px) 100vw, 1024px\" style=\"aspect-ratio:823\/619 !important\" title=\"atreus_\"><\/a><\/div><div class=\"image-container double-featured\"><a href = \"https:\/\/www.atreus.de\/fr\/publication\/etude-de-cas\/directeur-financier-de-transition-post-fusion-chez-un-fabricant-de-plats-cuisines\/\"><span class=\"copyright-image\"><\/span><img decoding=\"async\" loading=\"lazy\" alt=\"atreus_\" src=\"https:\/\/www.atreus.de\/wp-content\/uploads\/2022\/03\/teaser-img-60zu30-08.jpg\" srcset=\"https:\/\/www.atreus.de\/wp-content\/uploads\/2022\/03\/teaser-img-60zu30-08.jpg 1098w, https:\/\/www.atreus.de\/wp-content\/uploads\/2022\/03\/teaser-img-60zu30-08-768x288.jpg 768w, https:\/\/www.atreus.de\/wp-content\/uploads\/2022\/03\/teaser-img-60zu30-08-1024x384.jpg 1024w, https:\/\/www.atreus.de\/wp-content\/uploads\/2022\/03\/teaser-img-60zu30-08-480x180.jpg 480w\" sizes=\"(max-width: 1024px) 100vw, 1024px\" style=\"aspect-ratio:1098\/412 !important\" title=\"atreus_\"><\/a><\/div>        <div class=\"content-container has-excerpt posttype-publication blue-600 white-color\">\n          <div class=\"preheadline-container parent-has-padding\"><p class=\"zw-cgb preheadline\">\u00c9tude de cas<\/p><\/div><a href = \"https:\/\/www.atreus.de\/fr\/publication\/etude-de-cas\/directeur-financier-de-transition-post-fusion-chez-un-fabricant-de-plats-cuisines\/\"><h2 class=\" zw-cgb headline\">Directeur financier de transition post-fusion chez un fabricant de plats cuisin\u00e9s<\/h2><\/a><p class=\" zw-cgb fulltext\">Apr\u00e8s une fusion, un directeur financier de transition d\u2019Atreus assure la transparence, am\u00e9liore le reporting et centralise l\u2019administration. R\u00e9sultat\u00a0: r\u00e9duction du fonds de roulement et des frais de personnel.<\/p><div class=\"zw-cgb zw-cgb-button-container \"><a href=\"https:\/\/www.atreus.de\/fr\/publication\/etude-de-cas\/directeur-financier-de-transition-post-fusion-chez-un-fabricant-de-plats-cuisines\/\" class=\"zw-cgb btn btn-primary \">Lire la suite<\/a><\/div>        <\/div>\n            <\/div>\n      \n  \n      <div  class=\"zw-cgb latestPostsContent px-0 col-12 col-md-6 col-menu-4 post default  show-featured-image \">\n\n\n        <div class=\"image-container single-featured\"><a href = \"https:\/\/www.atreus.de\/fr\/atreus-dans-les-medias\/aucune-entreprise-ne-peut-ignorer-le-theme-de-la-durabilite\/\"><span class=\"copyright-image\"><\/span><img decoding=\"async\" loading=\"lazy\" alt=\"atreus_\" src=\"https:\/\/www.atreus.de\/wp-content\/uploads\/2023\/03\/TEASER1.jpg\" srcset=\"https:\/\/www.atreus.de\/wp-content\/uploads\/2023\/03\/TEASER1.jpg 1098w, https:\/\/www.atreus.de\/wp-content\/uploads\/2023\/03\/TEASER1-768x288.jpg 768w, https:\/\/www.atreus.de\/wp-content\/uploads\/2023\/03\/TEASER1-1024x384.jpg 1024w, https:\/\/www.atreus.de\/wp-content\/uploads\/2023\/03\/TEASER1-480x180.jpg 480w\" sizes=\"(max-width: 1024px) 100vw, 1024px\" style=\"aspect-ratio:1098\/412 !important\" title=\"atreus_\"><\/a><\/div><div class=\"image-container double-featured\"><a href = \"https:\/\/www.atreus.de\/fr\/atreus-dans-les-medias\/aucune-entreprise-ne-peut-ignorer-le-theme-de-la-durabilite\/\"><span class=\"copyright-image\"><\/span><img decoding=\"async\" loading=\"lazy\" alt=\"atreus_\" src=\"https:\/\/www.atreus.de\/wp-content\/uploads\/2023\/03\/TEASER1.jpg\" srcset=\"https:\/\/www.atreus.de\/wp-content\/uploads\/2023\/03\/TEASER1.jpg 1098w, https:\/\/www.atreus.de\/wp-content\/uploads\/2023\/03\/TEASER1-768x288.jpg 768w, https:\/\/www.atreus.de\/wp-content\/uploads\/2023\/03\/TEASER1-1024x384.jpg 1024w, https:\/\/www.atreus.de\/wp-content\/uploads\/2023\/03\/TEASER1-480x180.jpg 480w\" sizes=\"(max-width: 1024px) 100vw, 1024px\" style=\"aspect-ratio:1098\/412 !important\" title=\"atreus_\"><\/a><\/div>        <div class=\"content-container has-excerpt posttype-post blue-900 white-color\">\n          <div class=\"preheadline-container parent-has-padding\"><p class=\"zw-cgb preheadline\">Atreus dans les m\u00e9dias<\/p><\/div><a href = \"https:\/\/www.atreus.de\/fr\/atreus-dans-les-medias\/aucune-entreprise-ne-peut-ignorer-le-theme-de-la-durabilite\/\"><h2 class=\" zw-cgb headline\">Aucune entreprise ne peut ignorer la question du d\u00e9veloppement durable<\/h2><\/a><p class=\" zw-cgb fulltext\">Dans le journal B\u00f6rsen-Zeitung, le Managing Partner et directeur g\u00e9n\u00e9ral d\u2019Atreus, Harald Linn\u00e9, et le directeur d\u2019Atreus, Robert Minge, expliquent dans quelle mesure la pertinence croissante de la durabilit\u00e9 devient une partie int\u00e9grante de l\u2019\u00e9valuation des entreprises.<\/p><div class=\"post-meta-info-container\"><div class=\"post-read-time\"><p class=\"zw-cgb fulltext\"><i class=\"far fa-clock\"><\/i>3 temps de lecture min<\/p><\/div><div class=\"post-rating-container d-none\"><!-- FeedbackWP Plugin - Results Widget --><div  class=\"rmp-results-widget js-rmp-results-widget js-rmp-results-widget--524345 \"  data-post-id=\"524345\">  <div class=\"rmp-results-widget__visual-rating\">    <i class=\"js-rmp-results-icon rmp-icon rmp-icon--ratings rmp-icon--star \"><\/i><i class=\"js-rmp-results-icon rmp-icon rmp-icon--ratings rmp-icon--star \"><\/i><i class=\"js-rmp-results-icon rmp-icon rmp-icon--ratings rmp-icon--star \"><\/i><i class=\"js-rmp-results-icon rmp-icon rmp-icon--ratings rmp-icon--star \"><\/i><i class=\"js-rmp-results-icon rmp-icon rmp-icon--ratings rmp-icon--star \"><\/i>  <\/div>  <div class=\"rmp-results-widget__avg-rating\">    <span class=\"js-rmp-avg-rating\">          <\/span>  <\/div>  <div class=\"rmp-results-widget__vote-count\">    (<span class=\"js-rmp-vote-count\"><\/span>)  <\/div><\/div> <\/div><div class=\"post-social-share\"><div class=\"zw-social-share dropdown show\">\r\n        <a class=\"zw-social-share-toggler\" href=\"#\" role=\"button\" id=\"dropdownMenuLink\" data-toggle=\"dropdown\" aria-haspopup=\"true\" aria-expanded=\"false\">\r\n        <i class=\"fas fa-share-alt\"><\/i><span class=\"zw-share-meta\">Partager<\/span>\r\n        <\/a>\r\n        <div class=\"zw-share-dropdown-menu dropdown-menu\" aria-labelledby=\"dropdownMenuLink\"><div class=\"dropdown-inner\"><p class=\"zw-share-heading fulltext\">Partager<\/p><a class=\"zw-social-share-toggler fulltext\" href=\"#\" role=\"button\" id=\"dropdownMenuLink\" data-toggle=\"dropdown\" aria-label=\"Close\">\u2715<\/a><div class=\"social-inner-icons\"><a class=\"dropdown-item \" target=\"_blank\" rel=\"nofollow\" href=\"https:\/\/www.linkedin.com\/cws\/share?url=https%3A%2F%2Fwww.atreus.de%2Ffr%2Fatreus-dans-les-medias%2Faucune-entreprise-ne-peut-ignorer-le-theme-de-la-durabilite%2F&amp;title=Aucune+entreprise+ne+peut+ignorer+la+question+du+d%C3%A9veloppement+durable\"><i class=\"fab fa-linkedin fa-fw\"><\/i><\/a><a class=\"dropdown-item \" target=\"_blank\" rel=\"nofollow\" href=\"https:\/\/www.xing.com\/spi\/shares\/new?url=https%3A%2F%2Fwww.atreus.de%2Ffr%2Fatreus-dans-les-medias%2Faucune-entreprise-ne-peut-ignorer-le-theme-de-la-durabilite%2F\"><i class=\"fab fa-xing fa-fw\"><\/i><\/a><a class=\"dropdown-item \" target=\"_blank\" rel=\"nofollow\" href=\"https:\/\/www.facebook.com\/sharer\/sharer.php?u=https%3A%2F%2Fwww.atreus.de%2Ffr%2Fatreus-dans-les-medias%2Faucune-entreprise-ne-peut-ignorer-le-theme-de-la-durabilite%2F&amp;t=Aucune+entreprise+ne+peut+ignorer+la+question+du+d%C3%A9veloppement+durable\"><i class=\"fab fa-facebook-square fa-fw\"><\/i><\/a><a class=\"dropdown-item \"  target=\"_blank\" rel=\"nofollow\" href=\"https:\/\/twitter.com\/intent\/tweet?url=https%3A%2F%2Fwww.atreus.de%2Ffr%2Fatreus-dans-les-medias%2Faucune-entreprise-ne-peut-ignorer-le-theme-de-la-durabilite%2F&amp;text=Aucune+entreprise+ne+peut+ignorer+la+question+du+d%C3%A9veloppement+durable\"><i class=\"fab fa-twitter fa-fw\"><\/i><\/a>  <\/div><\/div><\/div>\r\n    <\/div><\/div><\/div><div class=\"zw-cgb zw-cgb-button-container \"><a href=\"https:\/\/www.atreus.de\/fr\/atreus-dans-les-medias\/aucune-entreprise-ne-peut-ignorer-le-theme-de-la-durabilite\/\" class=\"zw-cgb btn btn-primary \">Lire la suite<\/a><\/div>        <\/div>\n            <\/div>\n      \n        <\/div>\n    <\/div>\n\n\n\n    <div  class=\"zw-cgb    infoblock default-margin black-color  \">\n      <div class=\" row\">\n        <div class=\"zw-cgb-content has-padding col-12\">\n          <div class=\"preheadline-container parent-has-padding\"><p class=\" zw-cgb preheadline ' .  . '\">Offres de services<\/p><\/div><div class=\"inner-content parent-has-padding\"><h3 class=\" zw-cgb headline\">Des experts solides<\/h3><p class=\" zw-cgb fulltext \">Nous ne sommes pas \u00e9trangers aux d\u00e9fis complexes. En effet, notre \u00e9quipe de directeurs est \u00e0 l\u2019aise lorsqu\u2019il s\u2019agit de prendre des d\u00e9cisions de niveau C. Atreus trouve rapidement les ressources adapt\u00e9es et \u00e9prouv\u00e9es \u00e0 de multiples reprises qui permettent de relever votre d\u00e9fi activement et avec d\u00e9termination. Les directeurs d\u2019Atreus restent \u00e0 chaque instant des partenaires solides. Notre r\u00e9seau a \u00e9galement la possibilit\u00e9 de d\u00e9clencher \u00e0 court terme d\u2019autres talents, allant d\u2019experts aux directeurs g\u00e9n\u00e9raux.<\/p><p class=\" zw-cgb fulltext \">Nous vous aidons \u00e0 relever les d\u00e9fis dans le domaine financier en vous proposant, entre autres, les services suivants&nbsp;:<\/p><div class=\"link-container\"><\/div><\/div>        <\/div>\n      <\/div>\n    <\/div>\n\n\n<div id=\"parent14828\" class=\"zw-cgb  akkordion700  default-margin black-color \"><div class=\"row\"><div class=\"zw-cgb-content mx-auto col-12 akkorionOuterContentWrapper\"><div id=\"zw-94683d09-ce36-4134-99ba-881fc61b7af9-1\" class=\"single-akkordion-item collapsed\" type=\"button\"\n          data-bs-toggle=\"collapse\" data-bs-target=\"#zw-94683d09-ce36-4134-99ba-881fc61b7af9\" aria-expanded=\"false\" aria-controls=\"collapsetwo\"><div class=\"faq-headline-container d-flex no-icon \"><h3 class=\" zw-cgb subheadline faq\"><strong>Remplacement de fonctions op\u00e9rationnelles critiques par des managers de transition <\/strong>tout au long de la cha\u00eene de cr\u00e9ation de valeur<\/h3><span class=\"atreus-font pfeil-hoch\">d<\/span><span class=\"atreus-font pfeil-runter\">c<\/span><\/div><\/div><div id=\"zw-94683d09-ce36-4134-99ba-881fc61b7af9\" class=\"collapse single-akkordion-item mt-0\" data-bs-parent=\"#parent14828\"><div class=\"zw-cgb row akkordionInnerWrapper \"><div  class=\"zw-cgb row  columnmaster020 default-margin \"><div class=\"columnmaster-inner-content g-0\">    <div  class=\"zw-cgb no-image-layout columnblock white-color no-icon   \">\n      <div class=\"zw-cgb zw-cgb-content\">\n\n        <div class=\"column-content\"><div class=\"inner-content\"><h2 class=\" zw-cgb headline h4\">Votre d\u00e9fi<\/h2><p class=\" zw-cgb fulltext \">Il vous manque une ressource appropri\u00e9e dans une fonction hi\u00e9rarchique de premier ou de deuxi\u00e8me niveau dont l\u2019intervention rapide est d\u00e9cisive pour la poursuite du succ\u00e8s de l\u2019entreprise.<\/p><\/div><\/div>      <\/div>\n    <\/div>\n    <div  class=\"zw-cgb no-image-layout columnblock white-color no-icon   \">\n      <div class=\"zw-cgb zw-cgb-content\">\n\n        <div class=\"column-content\"><div class=\"inner-content\"><h2 class=\" zw-cgb headline h4\">Notre mission<\/h2><p class=\" zw-cgb fulltext \">Nous renfor\u00e7ons rapidement votre \u00e9quipe avec un manager de transition, une vraie personnalit\u00e9 avec des comp\u00e9tences de leadership, et fournissons la ressource ad\u00e9quate pour la situation de votre entreprise (h\/f\/d). Les managers de transition tri\u00e9s sur le volet par Atreus sont parfaitement adapt\u00e9s \u00e0 votre d\u00e9fi et sont imm\u00e9diatement op\u00e9rationnels, au niveau national et international, sur place ou \u00e0 distance si n\u00e9cessaire.<\/p><\/div><\/div>      <\/div>\n    <\/div>\n    <div  class=\"zw-cgb no-image-layout columnblock white-color no-icon   \">\n      <div class=\"zw-cgb zw-cgb-content\">\n\n        <div class=\"column-content\"><div class=\"inner-content\"><h2 class=\" zw-cgb headline h4\">Votre solution<\/h2><p class=\" zw-cgb fulltext \">Un manager de transition sur mesure approuv\u00e9 par Atreus assume l\u2019enti\u00e8re responsabilit\u00e9 op\u00e9rationnelle pour la s\u00e9curisation et le d\u00e9veloppement r\u00e9ussi de votre activit\u00e9 en tant que Directeur G\u00e9n\u00e9ral, Directeur Administratif et Financier, Directeur des Ressources Humaines, Directeur des Op\u00e9rations, Directeur des syst\u00e8mes d\u2019information, Chef de la s\u00e9curit\u00e9 ou en tant que Directeur du contr\u00f4le de gestion, des finances, des achats, de la logistique, de la production, de l\u2019informatique, du marketing, des ventes, du service client\u00e8le, de la logistique, de la production ou des ressources humaines. En qualit\u00e9 de \u00ab&nbsp;managers \u00e0 toute \u00e9preuve&nbsp;\u00bb, les managers de transition d\u2019Atreus sont \u00e0 la hauteur de ce d\u00e9fi particulier. Ils agissent avec professionnalisme, de mani\u00e8re r\u00e9fl\u00e9chie et efficace, conform\u00e9ment \u00e0 vos attentes.<\/p><\/div><\/div>      <\/div>\n    <\/div>\n<\/div><\/div><\/div><\/div><div id=\"zw-8f59cbf5-573f-46ca-89c4-1d6846b6f866-1\" class=\"single-akkordion-item collapsed\" type=\"button\"\n          data-bs-toggle=\"collapse\" data-bs-target=\"#zw-8f59cbf5-573f-46ca-89c4-1d6846b6f866\" aria-expanded=\"false\" aria-controls=\"collapsetwo\"><div class=\"faq-headline-container d-flex no-icon \"><h3 class=\" zw-cgb subheadline faq\"><strong>Experts en restructuration<\/strong> en tant que Chef de la restructuration<\/h3><span class=\"atreus-font pfeil-hoch\">d<\/span><span class=\"atreus-font pfeil-runter\">c<\/span><\/div><\/div><div id=\"zw-8f59cbf5-573f-46ca-89c4-1d6846b6f866\" class=\"collapse single-akkordion-item mt-0\" data-bs-parent=\"#parent14828\"><div class=\"zw-cgb row akkordionInnerWrapper \"><div  class=\"zw-cgb row  columnmaster020 default-margin \"><div class=\"columnmaster-inner-content g-0\">    <div  class=\"zw-cgb no-image-layout columnblock white-color no-icon   \">\n      <div class=\"zw-cgb zw-cgb-content\">\n\n        <div class=\"column-content\"><div class=\"inner-content\"><h2 class=\" zw-cgb headline h4\">Votre d\u00e9fi<\/h2><p class=\" zw-cgb fulltext \">Vous \u00eates confront\u00e9 \u00e0 une transformation fondamentale dans une situation financi\u00e8rement difficile et vous avez besoin rapidement d\u2019un expert en restructuration confirm\u00e9. L\u2019avenir de l\u2019entreprise ou d\u2019une division du groupe est en jeu. Vous avez besoin du manager de transition parfaitement adapt\u00e9 qui peut r\u00e9orienter l\u2019entreprise. En effet, c\u2019est maintenant que chaque \u00e9tape doit \u00eatre parfaitement ex\u00e9cut\u00e9e et que les principales parties prenantes doivent \u00eatre touch\u00e9es et s\u2019engager dans le cadre du processus de transformation.<\/p><\/div><\/div>      <\/div>\n    <\/div>\n    <div  class=\"zw-cgb no-image-layout columnblock white-color no-icon   \">\n      <div class=\"zw-cgb zw-cgb-content\">\n\n        <div class=\"column-content\"><div class=\"inner-content\"><h2 class=\" zw-cgb headline h4\">Notre mission<\/h2><p class=\" zw-cgb fulltext \">Nous mettons imm\u00e9diatement \u00e0 votre disposition L\u2019EXPERT en restructuration parfaitement adapt\u00e9 \u00e0 votre situation difficile. Il \u2014 ou elle \u2014 maintient le cap vers le succ\u00e8s et atteint les objectifs fix\u00e9s, m\u00eame si les \u00e9cueils sont nombreux. Pourquoi&nbsp;? Les managers de transition tri\u00e9s sur le volet par Atreus ont d\u00e9j\u00e0 mis en \u0153uvre avec succ\u00e8s et \u00e0 plusieurs reprises des restructurations similaires ou plus complexes dans votre secteur. Nous savons exactement quel \u00ab&nbsp;manager \u00e0 toute \u00e9preuve&nbsp;\u00bb mettra votre entreprise sur la voie du succ\u00e8s. Atreus+&nbsp;: si n\u00e9cessaire, des \u00e9quipes d\u2019experts en restructuration bien rod\u00e9es sont disponibles pour des transformations de grande envergure, en plus DU chef de la restructuration.<\/p><\/div><\/div>      <\/div>\n    <\/div>\n    <div  class=\"zw-cgb no-image-layout columnblock white-color no-icon   \">\n      <div class=\"zw-cgb zw-cgb-content\">\n\n        <div class=\"column-content\"><div class=\"inner-content\"><h2 class=\" zw-cgb headline h4\">Votre solution<\/h2><p class=\" zw-cgb fulltext \">Un expert en restructuration approuv\u00e9 par Atreus vient renforcer votre \u00e9quipe et prend la responsabilit\u00e9 de chef de la restructuration dans toutes les phases de la transformation. Le Manager Atreus fournit des r\u00e9sultats professionnels tant en cas de crise strat\u00e9gique qu\u2019en cas de crise de r\u00e9sultats ou de liquidit\u00e9s. En qualit\u00e9 de CRO ou au sein d\u2019une \u00e9quipe d\u2019experts en restructuration, il identifie rapidement les points faibles et met imm\u00e9diatement en \u0153uvre les mesures essentielles. Pendant la phase de restructuration, les directeurs d\u2019Atreus restent toujours vos sparring-partners.<\/p><\/div><\/div>      <\/div>\n    <\/div>\n<\/div><\/div><\/div><\/div><div id=\"zw-74a1f375-05be-42be-b004-62ffcb1e6c51-1\" class=\"single-akkordion-item collapsed\" type=\"button\"\n          data-bs-toggle=\"collapse\" data-bs-target=\"#zw-74a1f375-05be-42be-b004-62ffcb1e6c51\" aria-expanded=\"false\" aria-controls=\"collapsetwo\"><div class=\"faq-headline-container d-flex no-icon \"><h3 class=\" zw-cgb subheadline faq\"><strong>Agent de gestion des programmes <\/strong>(PMO)<\/h3><span class=\"atreus-font pfeil-hoch\">d<\/span><span class=\"atreus-font pfeil-runter\">c<\/span><\/div><\/div><div id=\"zw-74a1f375-05be-42be-b004-62ffcb1e6c51\" class=\"collapse single-akkordion-item mt-0\" data-bs-parent=\"#parent14828\"><div class=\"zw-cgb row akkordionInnerWrapper \"><div  class=\"zw-cgb row  columnmaster020 default-margin \"><div class=\"columnmaster-inner-content g-0\">    <div  class=\"zw-cgb no-image-layout columnblock white-color no-icon   \">\n      <div class=\"zw-cgb zw-cgb-content\">\n\n        <div class=\"column-content\"><div class=\"inner-content\"><h2 class=\" zw-cgb headline h4\">Votre d\u00e9fi<\/h2><p class=\" zw-cgb fulltext \">Vous cherchez rapidement un expert temporaire pour le PMO dans le cadre d\u2019une gestion multiprojets pour tous les projets de l\u2019entreprise ou d\u2019un projet tr\u00e8s pertinent dans un secteur de l\u2019entreprise. En interne, il manque une ressource adapt\u00e9e et exp\u00e9riment\u00e9e qui puisse piloter le projet en toute s\u00e9curit\u00e9 et le mener \u00e0 bien.<\/p><\/div><\/div>      <\/div>\n    <\/div>\n    <div  class=\"zw-cgb no-image-layout columnblock white-color no-icon   \">\n      <div class=\"zw-cgb zw-cgb-content\">\n\n        <div class=\"column-content\"><div class=\"inner-content\"><h2 class=\" zw-cgb headline h4\">Notre mission<\/h2><p class=\" zw-cgb fulltext \">Nos gestionnaires de programmes qualifi\u00e9s+ sont les managers de transition les plus exp\u00e9riment\u00e9s du march\u00e9. Ils se distinguent par leur leadership et apportent leur clairvoyance et leur exp\u00e9rience dans la mise en \u0153uvre de projets hautement pertinents, y compris \u00e0 l\u2019\u00e9chelle mondiale. Notre passion est de mettre \u00e0 votre disposition, \u00e0 court terme, un manager de transition parfaitement adapt\u00e9, justifiant de pilotages r\u00e9ussis de projets similaires &#8211; et m\u00eame plus complexes. Ce manager de transition dispose d\u2019excellentes capacit\u00e9s, notamment la communication et la force de r\u00e9alisation, attirer et f\u00e9d\u00e9rer les talents, une grande compr\u00e9hension du secteur, des comp\u00e9tences interculturelles \u2014 associ\u00e9es \u00e0 un savoir-faire en mati\u00e8re d\u2019informatique et de digitalisation.<\/p><\/div><\/div>      <\/div>\n    <\/div>\n    <div  class=\"zw-cgb no-image-layout columnblock white-color no-icon   \">\n      <div class=\"zw-cgb zw-cgb-content\">\n\n        <div class=\"column-content\"><div class=\"inner-content\"><h2 class=\" zw-cgb headline h4\">Votre solution<\/h2><p class=\" zw-cgb fulltext \">Un manager de programme de transition Atreus aguerri prend la responsabilit\u00e9 du PMO et vous aide \u00e0 g\u00e9rer avec succ\u00e8s les programmes en situation de transformation. Qu\u2019il s\u2019agisse d\u2019un d\u00e9ploiement ERP global, d\u2019un programme de restructuration, d\u2019un programme d\u2019am\u00e9lioration de l\u2019efficacit\u00e9, d\u2019une transformation informatique ou num\u00e9rique de l\u2019organisation, ou encore de la mise en \u0153uvre de programmes d\u2019excellence en mati\u00e8re de services ou de d\u00e9localisations de la production&nbsp;: votre projet est entre les meilleures mains.<\/p><\/div><\/div>      <\/div>\n    <\/div>\n<\/div><\/div><\/div><\/div><div id=\"zw-4b461ef0-67f5-453c-ba3d-d0a06734c418-1\" class=\"single-akkordion-item collapsed\" type=\"button\"\n          data-bs-toggle=\"collapse\" data-bs-target=\"#zw-4b461ef0-67f5-453c-ba3d-d0a06734c418\" aria-expanded=\"false\" aria-controls=\"collapsetwo\"><div class=\"faq-headline-container d-flex no-icon \"><h3 class=\" zw-cgb subheadline faq\"><strong>Chef de projet <\/strong>pour l\u2019introduction de syst\u00e8mes ERP et CRM<\/h3><span class=\"atreus-font pfeil-hoch\">d<\/span><span class=\"atreus-font pfeil-runter\">c<\/span><\/div><\/div><div id=\"zw-4b461ef0-67f5-453c-ba3d-d0a06734c418\" class=\"collapse single-akkordion-item mt-0\" data-bs-parent=\"#parent14828\"><div class=\"zw-cgb row akkordionInnerWrapper \"><div  class=\"zw-cgb row  columnmaster020 default-margin \"><div class=\"columnmaster-inner-content g-0\">    <div  class=\"zw-cgb no-image-layout columnblock white-color no-icon   \">\n      <div class=\"zw-cgb zw-cgb-content\">\n\n        <div class=\"column-content\"><div class=\"inner-content\"><p class=\" zw-cgb fulltext \">Votre projet ERP ou CRM est au point mort. Le respect des d\u00e9lais est menac\u00e9 ou le cadre budg\u00e9taire risque d\u2019\u00eatre d\u00e9pass\u00e9. La complexit\u00e9 du projet est extr\u00eamement \u00e9lev\u00e9e et consomme trop de ressources internes importantes. Le succ\u00e8s de ce seul projet immens\u00e9ment important est en jeu&nbsp;! Ou bien le projet ne fait que commencer, mais&nbsp;: le savoir-faire d\u2019un expert informatique confirm\u00e9 pour les projets ERP ou CRM fait d\u00e9faut&nbsp;! Il est \u00e9vident qu\u2019un projet informatique de cette envergure \u00e9quivaut \u00e0 une transformation informatique qui doit \u00eatre g\u00e9r\u00e9e de mani\u00e8re professionnelle. Car en fin de compte, le projet informatique contribue de mani\u00e8re tr\u00e8s importante au succ\u00e8s futur de l\u2019entreprise.<\/p><\/div><\/div>      <\/div>\n    <\/div>\n    <div  class=\"zw-cgb no-image-layout columnblock white-color no-icon   \">\n      <div class=\"zw-cgb zw-cgb-content\">\n\n        <div class=\"column-content\"><div class=\"inner-content\"><p class=\" zw-cgb fulltext \">Nous savons qui, en tant que chef de projet exp\u00e9riment\u00e9 pour l\u2019introduction de syst\u00e8mes ERP &amp; CRM, a r\u00e9ussi \u00e0 plusieurs reprises \u00e0 relever des d\u00e9fis aussi exigeants que le v\u00f4tre, voire plus complexes encore. Les responsables informatiques qualifi\u00e9s+ d\u2019Atreus apportent de la s\u00e9r\u00e9nit\u00e9 \u00e0 votre projet, m\u00eame s\u2019il rev\u00eat une grande complexit\u00e9. Ils connaissent les d\u00e9fis de votre secteur et de vos processus commerciaux et r\u00e9orientent votre projet informatique et de num\u00e9risation en fonction de vos objectifs. Les experts informatiques approuv\u00e9s par Atreus ainsi que les chefs de projet et de programme informatique connaissent les d\u00e9fis de votre secteur et accompagnent une transformation informatique dans l\u2019optique d\u2019un futur succ\u00e8s commercial.<\/p><\/div><\/div>      <\/div>\n    <\/div>\n    <div  class=\"zw-cgb no-image-layout columnblock white-color no-icon   \">\n      <div class=\"zw-cgb zw-cgb-content\">\n\n        <div class=\"column-content\"><div class=\"inner-content\"><p class=\" zw-cgb fulltext \">Les experts en informatique d\u2019Atreus g\u00e8rent avec succ\u00e8s et en toute confiance votre projet et assurent la r\u00e9ussite de l\u2019introduction de l\u2019ERP et du CRM. Vous \u00eates ainsi imm\u00e9diatement d\u00e9charg\u00e9s et vous pouvez continuer \u00e0 vous occuper de vos activit\u00e9s principales et des affaires futures. Les managers informatiques de transition d\u2019Atreus garantissent la transparence du d\u00e9roulement du projet et impliquent votre direction et vos \u00e9quipes de mani\u00e8re cibl\u00e9e. La gestion de l\u2019ensemble des prestataires de services externes et des partenaires de mise en \u0153uvre est g\u00e9r\u00e9e par un seul et m\u00eame organisme.<\/p><\/div><\/div>      <\/div>\n    <\/div>\n<\/div><\/div><\/div><\/div><\/div><\/div><\/div>\n\n\n\n    <div  class=\"zw-cgb  change-padding  infoblock default-margin black-color  \">\n      <div class=\" row\">\n        <div class=\"zw-cgb-content has-padding col-12\">\n          <div class=\"preheadline-container parent-has-padding\"><h4 class=\" zw-cgb preheadline ' .  . '\">T\u00e9moignages Client<\/h4><\/div><div class=\"inner-content parent-has-padding\"><div class=\"link-container\"><\/div><\/div>        <\/div>\n      <\/div>\n    <\/div>\n\n\n\r\n    <div  class=\"zw-cgb  extern-zitat-style  zitat-block black-color default-margin default-padding \">\r\n      <div class=\"row zitat-row\">\r\n        <div class=\" image-container g-0 order-1  d-none \">\r\n                    <div class=\"img-with-gradient\">\r\n\r\n                        <div class=\"linear-gradient-container\"><\/div>\r\n          <\/div>\r\n\r\n\r\n\r\n          <div class=\"zitat-img-text-container\"><div class=\"zitat-name-container fulltext\"><span>SteffenBersch<\/span><\/div><div class=\"zitat-discription-container fulltext\"><span>Directeur g\u00e9n\u00e9ral, groupe SSI Sch\u00e4fer<\/span><\/div><\/div>                  <\/div>\r\n        <div class=\"g-0 zitat-text-container order-2 col-12 no-image-container \">\r\n          <div class=\"zitat-text\"><span class=\"zitat-start-icon atreus-font\">D<\/span><p class=\"zw-cgb fulltext\">\u201eNous avons d\u00e9j\u00e0 collabor\u00e9 avec Atreus \u00e0 plusieurs reprises et \u00e0 chaque fois, nos attentes ont \u00e9t\u00e9 atteintes, voire d\u00e9pass\u00e9es. Dans le cas le plus r\u00e9cent, le manager Atreus que nous avons engag\u00e9 a permis \u00e0 notre plus grande unit\u00e9 commerciale de renouer avec la croissance gr\u00e2ce \u00e0 son \u00e9quipe. Malgr\u00e9 la crise du Covid, nous avons pu am\u00e9liorer consid\u00e9rablement les entr\u00e9es de commandes et la rentabilit\u00e9, ce qui a \u00e9t\u00e9 d\u00e9cisif pour atteindre les objectifs de notre groupe&nbsp;; parall\u00e8lement, nous avons pu mettre en \u0153uvre avec succ\u00e8s notre r\u00e9organisation. C\u2019est avec plaisir que nous collaborerons \u00e0 nouveau avec Atreus \u00e0 l\u2019avenir.\u201c<\/p><\/div>          <div class=\"zitat-img-text-container no-image-layout\"><div class=\"zitat-name-container fulltext\"><span>SteffenBersch<\/span><\/div><div class=\"zitat-discription-container fulltext\"><span>Directeur g\u00e9n\u00e9ral, groupe SSI Sch\u00e4fer<\/span><\/div><\/div>        <\/div>\r\n\r\n      <\/div>\r\n    <\/div>\r\n\n\n<div  class=\"zw-cgb  sidebarblock default-margin \">\r\n      <div class=\"row\">\r\n        \r\n\t\t<div class=\"zw-cgb global-widget right  black-color  no-margin\">\r\n\t\t\t\t\t\t\t<div class=\"bg-img-container\">\r\n\t\t\t\t\t<img decoding=\"async\" loading=\"lazy\" width=\"1270\" height=\"714\" src=\"https:\/\/www.atreus.de\/wp-content\/uploads\/2026\/04\/heidrick-HC-BB-DE.jpg\" style=\"aspect-ratio:1270\/714 !important\" alt=\"atreus_\" title=\"atreus_\">\t\t\t\t<\/div>\r\n\t\t\t\t\t\t<div class=\"inner-container bg-white\">\r\n\t\t\t\t      <div class=\"headlinetwo-container\">\r\n\t\t<p class=\"zw-cgb headline two\">ATREUS \u2013 UNE EXCELLENCE R\u00c9COMPENS\u00c9E<\/p>\r\n\t  <\/div> \t\t\t\t<div class=\"widget-content fulltext\">\r\n\r\n\t\t\t\t\t\t<p>&nbsp;<\/p>\n<p>En mati\u00e8re de management de transition, Atreus est aujourd\u2019hui le num\u00e9ro 1 incontest\u00e9. Nous devons cette position de chef de file \u00e0 la confiance de nos clients, qui confirment en permanence notre qualit\u00e9 et notre capacit\u00e9 de mise en \u0153uvre en nous attribuant les meilleures notes.<\/p>\n<p>&nbsp;<\/p>\n<p>Atreus a \u00e9t\u00e9 r\u00e9compens\u00e9 \u00e0 plusieurs reprises, notamment comme \u00ab Champion cach\u00e9 \u00bb, \u00ab Meilleur conseiller en entreprise \u00bb, \u00ab Meilleur cabinet de conseil Handelsblatt \u00bb, \u00ab Top Consultant \u00bb et \u00ab Meilleur consultant en entreprise Focus \u00bb. Nous sommes dot\u00e9s d\u2019un large \u00e9ventail d\u2019expertise, de l&#8217;automobile et des \u00e9quipementiers, les biens de consommation, la chimie et la pharmacie, le commerce (y compris le commerce \u00e9lectronique), la construction de machines et d\u2019installations, l&#8217;\u00e9nergie et l&#8217;environnement, la finance et la gestion des risques, l&#8217;industrie chimique et pharmaceutique les sciences de la vie et les services de sant\u00e9 en passant par les disciplines cl\u00e9s telles que l&#8217;am\u00e9lioration de la performance, le conseil en informatique et la mise en \u0153uvre informatique, le conseil en ressources humaines, la gestion des op\u00e9rations, la gestion du changement, le management de la transformation, la num\u00e9risation et la restructuration.<\/p>\n\r\n\r\n\t\t\t\t<\/div>\r\n\t\t\t\t\t\t\t\t\r\n\t\t\t\t<div class=\"zw-cgb zw-cgb-button-container\">\r\n\t\t\t\t\t<a href=\"https:\/\/www.atreus.de\/fr\/contact\/\" class=\"zw-cgb btn btn-primary\">SENTEZ NOTRE EXCELLENCE DE PREMI\u00c8RE MAIN<\/a>\r\n\t\t\t\t<\/div>\r\n\t\t\t\t\t\t\t<\/div>\r\n\t\t<\/div>\r\n\t<\/div><\/div>    \n\n\r\n    <div  class=\"zw-cgb  extern-zitat-style  zitat-block black-color default-margin default-padding \">\r\n      <div class=\"row zitat-row\">\r\n        <div class=\" image-container g-0 order-1  d-none \">\r\n                    <div class=\"img-with-gradient\">\r\n\r\n                        <div class=\"linear-gradient-container\"><\/div>\r\n          <\/div>\r\n\r\n\r\n\r\n          <div class=\"zitat-img-text-container\"><div class=\"zitat-name-container fulltext\"><span>St\u00e9phanie Yeter<\/span><\/div><div class=\"zitat-discription-container fulltext\"><span>Senior Global HR Business Partner, SGL Carbon SE<\/span><\/div><\/div>                  <\/div>\r\n        <div class=\"g-0 zitat-text-container order-2 col-12 no-image-container \">\r\n          <div class=\"zitat-text\"><span class=\"zitat-start-icon atreus-font\">D<\/span><p class=\"zw-cgb fulltext\">\u201eLa collaboration avec Atreus et le manager d\u2019Atreus a \u00e9t\u00e9 tr\u00e8s agr\u00e9able et extr\u00eamement professionnelle \u00e0 chaque instant. Nous avons pu profiter de sa vaste exp\u00e9rience sur de nombreux sujets dans lesquels le manager d\u2019Atreus \u00e9tait impliqu\u00e9 en tant que conseiller senior en contr\u00f4le de gestion.\u201c<\/p><\/div>          <div class=\"zitat-img-text-container no-image-layout\"><div class=\"zitat-name-container fulltext\"><span>St\u00e9phanie Yeter<\/span><\/div><div class=\"zitat-discription-container fulltext\"><span>Senior Global HR Business Partner, SGL Carbon SE<\/span><\/div><\/div>        <\/div>\r\n\r\n      <\/div>\r\n    <\/div>\r\n\n\n\r\n    <div  class=\"zw-cgb  extern-zitat-style  zitat-block black-color default-margin default-padding \">\r\n      <div class=\"row zitat-row\">\r\n        <div class=\" image-container g-0 order-1  d-none \">\r\n                    <div class=\"img-with-gradient\">\r\n\r\n                        <div class=\"linear-gradient-container\"><\/div>\r\n          <\/div>\r\n\r\n\r\n\r\n          <div class=\"zitat-img-text-container\"><div class=\"zitat-name-container fulltext\"><span>Peter Mohnen<\/span><\/div><div class=\"zitat-discription-container fulltext\"><span>Directeur g\u00e9n\u00e9ral, KUKA AG<\/span><\/div><\/div>                  <\/div>\r\n        <div class=\"g-0 zitat-text-container order-2 col-12 no-image-container \">\r\n          <div class=\"zitat-text\"><span class=\"zitat-start-icon atreus-font\">D<\/span><p class=\"zw-cgb fulltext\">\u201eAtreus nous a tr\u00e8s bien soutenus \u00e0 plusieurs reprises dans la mise en \u0153uvre d\u2019un projet de transformation stimulant.\u201c<\/p><\/div>          <div class=\"zitat-img-text-container no-image-layout\"><div class=\"zitat-name-container fulltext\"><span>Peter Mohnen<\/span><\/div><div class=\"zitat-discription-container fulltext\"><span>Directeur g\u00e9n\u00e9ral, KUKA AG<\/span><\/div><\/div>        <\/div>\r\n\r\n      <\/div>\r\n    <\/div>\r\n\n\n<div id=\"parent43763\" class=\"zw-cgb  akkordion700  default-margin black-color \"><div class=\"row\"><div class=\"zw-cgb-content mx-auto col-12 akkorionOuterContentWrapper\"><div id=\"zw-6ffb9ee7-e4ef-4cef-9d01-725cc1af8307-1\" class=\"single-akkordion-item collapsed\" type=\"button\"\n          data-bs-toggle=\"collapse\" data-bs-target=\"#zw-6ffb9ee7-e4ef-4cef-9d01-725cc1af8307\" aria-expanded=\"false\" aria-controls=\"collapsetwo\"><div class=\"faq-headline-container d-flex no-icon \"><h3 class=\" zw-cgb subheadline faq\">Tarification<\/h3><span class=\"atreus-font pfeil-hoch\">d<\/span><span class=\"atreus-font pfeil-runter\">c<\/span><\/div><\/div><div id=\"zw-6ffb9ee7-e4ef-4cef-9d01-725cc1af8307\" class=\"collapse single-akkordion-item mt-0\" data-bs-parent=\"#parent43763\"><div class=\"zw-cgb row akkordionInnerWrapper \"><div class=\"zw-cgb akkordion-content \"><p class=\" zw-cgb fulltext \">Les sp\u00e9cialistes de la tarification d\u2019Atreus aident \u00e0 exploiter les potentiels d\u2019optimisation de la tarification et \u00e0 augmenter les b\u00e9n\u00e9fices de l\u2019entreprise. Les managers d\u2019Atreus identifient rapidement les potentiels, d\u00e9duisent des mesures et g\u00e8rent la mise en \u0153uvre gr\u00e2ce \u00e0 leur grande expertise en mati\u00e8re de tarification&nbsp;: de mani\u00e8re s\u00fbre, efficace et durable.<\/p><ul class=\"zw-cgb-ul fulltext \"><li class=\"\">Identification des potentiels d\u2019optimisation des prix gr\u00e2ce aux comp\u00e9tences analytiques en mati\u00e8re de tarification<\/li><li class=\"\">D\u00e9finition d\u2019une strat\u00e9gie de tarification adapt\u00e9e et d\u00e9duction de recommandations d\u2019action concr\u00e8tes<\/li><li class=\"\">Mise en \u0153uvre d\u2019un impact rapide et important sur les revenus avec un faible investissement initial<\/li><li class=\"\">Une fixation des prix du march\u00e9 comp\u00e9titive avec des effets durables sur les revenus<\/li><li class=\"\">\u00c9tablir la tarification comme processus central dans l\u2019organisation<\/li><li class=\"\">R\u00e9alisation d\u2019un potentiel de trois \u00e0 cinq points de pourcentage de marge EBIT (en fonction du secteur)<\/li><li class=\"\">R\u00e9alisation de gains rapides qui se r\u00e9percutent d\u00e8s la premi\u00e8re ann\u00e9e, par exemple en r\u00e9percutant les augmentations de co\u00fbts externes<\/li><\/ul><\/div><\/div><\/div><div id=\"zw-198017a1-f9ed-49d3-94d8-096881dc3c73-1\" class=\"single-akkordion-item collapsed\" type=\"button\"\n          data-bs-toggle=\"collapse\" data-bs-target=\"#zw-198017a1-f9ed-49d3-94d8-096881dc3c73\" aria-expanded=\"false\" aria-controls=\"collapsetwo\"><div class=\"faq-headline-container d-flex no-icon \"><h3 class=\" zw-cgb subheadline faq\">Gestion des fonds de roulement<\/h3><span class=\"atreus-font pfeil-hoch\">d<\/span><span class=\"atreus-font pfeil-runter\">c<\/span><\/div><\/div><div id=\"zw-198017a1-f9ed-49d3-94d8-096881dc3c73\" class=\"collapse single-akkordion-item mt-0\" data-bs-parent=\"#parent43763\"><div class=\"zw-cgb row akkordionInnerWrapper \"><div class=\"zw-cgb akkordion-content \"><p class=\" zw-cgb fulltext \">Les experts d\u2019Atreus utilisent des m\u00e9thodes \u00e9prouv\u00e9es pour optimiser la cha\u00eene d\u2019approvisionnement financi\u00e8re de l\u2019organisation et r\u00e9duire le fonds de roulement gr\u00e2ce \u00e0 une gestion coh\u00e9rente du fonds de roulement. Gr\u00e2ce \u00e0 leur expertise et \u00e0 leur connaissance du secteur, ils am\u00e9liorent les liquidit\u00e9s et la rentabilit\u00e9 \u2014 rapidement, s\u00fbrement et durablement. En qualit\u00e9 de chefs de projet et de programme, les experts d\u2019Atreus optimisent le fonds de roulement.<\/p><ul class=\"zw-cgb-ul fulltext \"><li class=\"\">Analyse compl\u00e8te du statu quo et mise en \u00e9vidence des potentiels d\u2019optimisation<\/li><li class=\"\">Mise en place des structures et processus n\u00e9cessaires dans l\u2019organisation (par exemple rapport sur le fonds de roulement, contr\u00f4le des liquidit\u00e9s)<\/li><li class=\"\">Optimisation des processus existants pour r\u00e9duire l\u2019immobilisation du capital<\/li><li class=\"\">Planification et mise en \u0153uvre de mesures d\u2019optimisation des co\u00fbts et de lib\u00e9ration des liquidit\u00e9s dans le domaine op\u00e9rationnel<\/li><li class=\"\">Am\u00e9lioration des processus op\u00e9rationnels<\/li><li class=\"\">Gestion professionnelle du changement \u00e0 travers toutes les unit\u00e9s organisationnelles<\/li><li class=\"\">Optimisation des stocks, des cr\u00e9ances et des dettes<\/li><li class=\"\">Introduction et suivi coh\u00e9rent d\u2019indicateurs<\/li><\/ul><\/div><\/div><\/div><div id=\"zw-2a97ac50-01c4-47db-b91b-f918849f1802-1\" class=\"single-akkordion-item collapsed\" type=\"button\"\n          data-bs-toggle=\"collapse\" data-bs-target=\"#zw-2a97ac50-01c4-47db-b91b-f918849f1802\" aria-expanded=\"false\" aria-controls=\"collapsetwo\"><div class=\"faq-headline-container d-flex no-icon \"><h3 class=\" zw-cgb subheadline faq\">Programmes d\u2019am\u00e9lioration des performances<\/h3><span class=\"atreus-font pfeil-hoch\">d<\/span><span class=\"atreus-font pfeil-runter\">c<\/span><\/div><\/div><div id=\"zw-2a97ac50-01c4-47db-b91b-f918849f1802\" class=\"collapse single-akkordion-item mt-0\" data-bs-parent=\"#parent43763\"><div class=\"zw-cgb row akkordionInnerWrapper \"><div class=\"zw-cgb akkordion-content \"><p class=\" zw-cgb fulltext \">Atreus g\u00e8re des programmes complexes d\u2019am\u00e9lioration des performances tout au long de la cha\u00eene de valeur. Des managers individuels ou des \u00e9quipes d\u2019experts en am\u00e9lioration des r\u00e9sultats analysent rapidement les points de d\u00e9part essentiels, introduisent des mesures visant \u00e0 augmenter la valeur et assurent le programme par une gestion du changement concomitante.<\/p><ul class=\"zw-cgb-ul fulltext \"><li class=\"\">Mise en \u0153uvre professionnelle de programmes op\u00e9rationnels de cr\u00e9ation de valeur et de projets d\u2019am\u00e9lioration des r\u00e9sultats<\/li><li class=\"\">\u00c9laboration et op\u00e9rationnalisation de mesures visant \u00e0 am\u00e9liorer les performances<\/li><li class=\"\">Professionnalisation de la gestion de tr\u00e9sorerie<\/li><li class=\"\">Nettoyage du portefeuille (de prestations)<\/li><li class=\"\">Ren\u00e9gociation des prix des prestations et des services<\/li><li class=\"\">Mise en place de nouvelles structures et de nouveaux processus dans l\u2019organisation et gestion coh\u00e9rente des interfaces<\/li><li class=\"\">Mise en place d\u2019une organisation de projet efficace et centralis\u00e9e ainsi que contr\u00f4le et mesure continus des r\u00e9sultats de la mise en \u0153uvre op\u00e9rationnelle par le services des programmes ou l\u2019agent des programmes<\/li><li class=\"\">Gestion du changement accompagn\u00e9e et int\u00e9grative pour mobiliser les employ\u00e9s et les dirigeants<\/li><li class=\"\">Communication professionnelle et transparente du projet (histoires de r\u00e9ussite et quick-wins)<\/li><\/ul><\/div><\/div><\/div><\/div><\/div><\/div>\n\n\n<div style=\"height:100px\" aria-hidden=\"true\" class=\"wp-block-spacer\"><\/div>\n\n\n\n\n    <div  class=\"zw-cgb    infoblock default-margin black-color  \">\n      <div class=\" row\">\n        <div class=\"zw-cgb-content has-padding col-12\">\n          <div class=\"preheadline-container parent-has-padding\"><h4 class=\" zw-cgb preheadline ' .  . '\">Contact Finance<\/h4><\/div><div class=\"inner-content parent-has-padding\"><p class=\" zw-cgb fulltext \">Tous les membres de notre \u00e9quipe vous conseilleront sur l\u2019occupation par int\u00e9rim des postes de direction. En fonction de son expertise et de son exp\u00e9rience, chaque membre se concentre sur diff\u00e9rents secteurs.<\/p><div class=\"link-container\"><\/div><\/div>        <\/div>\n      <\/div>\n    <\/div>\n\n\n\n    <div  class=\"zw-cgb  team-member black-color default-margin \">\n      <div class=\"zw-cgb-content member-row row\">\n        <div class=\"col-menu-3 col-lg-4 col-md-6 col-12 single-team-member px-0\">            <a href=\"https:\/\/www.atreus.de\/fr\/equipe\/martina-becker\/\">\n\n              <div class=\" image-container g-0\">\n                <div class=\"img-with-gradient zwPortImg\">\n\n                  <img decoding=\"async\" loading=\"lazy\" class=\"zwPortImg\" alt=\"atreus_\" src=\"https:\/\/www.atreus.de\/wp-content\/uploads\/2023\/07\/bec-ma-v1.png\" srcset=\"https:\/\/www.atreus.de\/wp-content\/uploads\/2023\/07\/bec-ma-v1.png 555w, https:\/\/www.atreus.de\/wp-content\/uploads\/2023\/07\/bec-ma-v1-480x600.png 480w\" sizes=\"(max-width: 1024px) 100vw, 1024px\" style=\"aspect-ratio:555\/694 !important\" title=\"atreus_\">                  <div class=\"linear-gradient-container\"><\/div>\n                <\/div>\n\n            <\/a>\n            <div class=\"team-member-content\"><div class=\"team-member-name fulltext\"> <a href=\"https:\/\/www.atreus.de\/fr\/equipe\/martina-becker\/\"><span>Martina Becker<\/span><\/a><\/div><div class=\"team-member-description fulltext\"> <a href=\"https:\/\/www.atreus.de\/fr\/equipe\/martina-becker\/\"><span>Directrice<\/span><\/a><\/div><div class=\"team-member-phone\"><a href=\"tel:+49 89 452249-240\"><span>+49 89 452249-240<\/span><\/a><\/div><div class=\"team-member-icon-container\"><div class=\"team-member-email\"><a class=\"atreus-font\" href=\"mailto:Martina.Becker@atreus.de\">h<\/a><\/div><div class=\"team-member-linkedin\"><a class=\"atreus-font\" target=\"_blank\" href=\"https:\/\/de.linkedin.com\/in\/martina-becker-b3280054\" rel=\"noopener\">3<\/a><\/div><\/div><\/div>      <\/div>\n\n  <\/div><div class=\"col-menu-3 col-lg-4 col-md-6 col-12 single-team-member px-0\">            <a href=\"https:\/\/www.atreus.de\/fr\/equipe\/petra-becker-2\/\">\n\n              <div class=\" image-container g-0\">\n                <div class=\"img-with-gradient zwPortImg\">\n\n                  <img decoding=\"async\" loading=\"lazy\" class=\"zwPortImg\" alt=\"atreus_\" src=\"https:\/\/www.atreus.de\/wp-content\/uploads\/2024\/07\/bec-pe.png\" srcset=\"https:\/\/www.atreus.de\/wp-content\/uploads\/2024\/07\/bec-pe.png 555w, https:\/\/www.atreus.de\/wp-content\/uploads\/2024\/07\/bec-pe-480x600.png 480w\" sizes=\"(max-width: 1024px) 100vw, 1024px\" style=\"aspect-ratio:555\/694 !important\" title=\"atreus_\">                  <div class=\"linear-gradient-container\"><\/div>\n                <\/div>\n\n            <\/a>\n            <div class=\"team-member-content\"><div class=\"team-member-name fulltext\"> <a href=\"https:\/\/www.atreus.de\/fr\/equipe\/petra-becker-2\/\"><span>Petra Becker<\/span><\/a><\/div><div class=\"team-member-description fulltext\"> <a href=\"https:\/\/www.atreus.de\/fr\/equipe\/petra-becker-2\/\"><span>Directrice<\/span><\/a><\/div><div class=\"team-member-phone\"><a href=\"tel:+49 89 452249-341\"><span>+49 89 452249-341<\/span><\/a><\/div><div class=\"team-member-icon-container\"><div class=\"team-member-email\"><a class=\"atreus-font\" href=\"mailto:petra.becker@atreus.de\">h<\/a><\/div><div class=\"team-member-linkedin\"><a class=\"atreus-font\" target=\"_blank\" href=\"https:\/\/www.linkedin.com\/in\/petra-becker\/\" rel=\"noopener\">3<\/a><\/div><\/div><\/div>      <\/div>\n\n  <\/div><div class=\"col-menu-3 col-lg-4 col-md-6 col-12 single-team-member px-0\">            <a href=\"https:\/\/www.atreus.de\/fr\/equipe\/dirk-boventer\/\">\n\n              <div class=\" image-container g-0\">\n                <div class=\"img-with-gradient zwPortImg\">\n\n                  <img decoding=\"async\" loading=\"lazy\" class=\"zwPortImg\" alt=\"atreus_\" src=\"https:\/\/www.atreus.de\/wp-content\/uploads\/2023\/07\/bov-di-v2.png\" srcset=\"https:\/\/www.atreus.de\/wp-content\/uploads\/2023\/07\/bov-di-v2.png 555w, https:\/\/www.atreus.de\/wp-content\/uploads\/2023\/07\/bov-di-v2-480x600.png 480w\" sizes=\"(max-width: 1024px) 100vw, 1024px\" style=\"aspect-ratio:555\/694 !important\" title=\"atreus_\">                  <div class=\"linear-gradient-container\"><\/div>\n                <\/div>\n\n            <\/a>\n            <div class=\"team-member-content\"><div class=\"team-member-name fulltext\"> <a href=\"https:\/\/www.atreus.de\/fr\/equipe\/dirk-boventer\/\"><span>Dirk  Boventer<\/span><\/a><\/div><div class=\"team-member-description fulltext\"> <a href=\"https:\/\/www.atreus.de\/fr\/equipe\/dirk-boventer\/\"><span>Partenaire<\/span><\/a><\/div><div class=\"team-member-phone\"><a href=\"tel:+49 89 452249-290\"><span>+49 89 452249-290<\/span><\/a><\/div><div class=\"team-member-icon-container\"><div class=\"team-member-email\"><a class=\"atreus-font\" href=\"mailto:Dirk.Boventer@atreus.de\">h<\/a><\/div><div class=\"team-member-linkedin\"><a class=\"atreus-font\" target=\"_blank\" href=\"https:\/\/www.linkedin.com\/in\/dirk-boventer\/\" rel=\"noopener\">3<\/a><\/div><\/div><\/div>      <\/div>\n\n  <\/div><div class=\"col-menu-3 col-lg-4 col-md-6 col-12 single-team-member px-0\">            <a href=\"https:\/\/www.atreus.de\/fr\/equipe\/tanja-brunning\/\">\n\n              <div class=\" image-container g-0\">\n                <div class=\"img-with-gradient zwPortImg\">\n\n                  <img decoding=\"async\" loading=\"lazy\" class=\"zwPortImg\" alt=\"atreus_\" src=\"https:\/\/www.atreus.de\/wp-content\/uploads\/2026\/03\/bru-ta.png\" srcset=\"https:\/\/www.atreus.de\/wp-content\/uploads\/2026\/03\/bru-ta.png 555w, https:\/\/www.atreus.de\/wp-content\/uploads\/2026\/03\/bru-ta-480x600.png 480w\" sizes=\"(max-width: 1024px) 100vw, 1024px\" style=\"aspect-ratio:555\/694 !important\" title=\"atreus_\">                  <div class=\"linear-gradient-container\"><\/div>\n                <\/div>\n\n            <\/a>\n            <div class=\"team-member-content\"><div class=\"team-member-name fulltext\"> <a href=\"https:\/\/www.atreus.de\/fr\/equipe\/tanja-brunning\/\"><span>Tanja Br\u00fcnning<\/span><\/a><\/div><div class=\"team-member-description fulltext\"> <a href=\"https:\/\/www.atreus.de\/fr\/equipe\/tanja-brunning\/\"><span>Directrice<\/span><\/a><\/div><div class=\"team-member-phone\"><a href=\"tel:+41 76 680 7446\"><span>+41 76 680 7446<\/span><\/a><\/div><div class=\"team-member-icon-container\"><div class=\"team-member-email\"><a class=\"atreus-font\" href=\"mailto:Tanja.Bruenning@atreus.de\">h<\/a><\/div><div class=\"team-member-linkedin\"><a class=\"atreus-font\" target=\"_blank\" href=\"https:\/\/www.linkedin.com\/in\/tanja-bruenning  \" rel=\"noopener\">3<\/a><\/div><\/div><\/div>      <\/div>\n\n  <\/div><div class=\"col-menu-3 col-lg-4 col-md-6 col-12 single-team-member px-0\">            <a href=\"https:\/\/www.atreus.de\/fr\/equipe\/dr-simon-mehler\/\">\n\n              <div class=\" image-container g-0\">\n                <div class=\"img-with-gradient zwPortImg\">\n\n                  <img decoding=\"async\" loading=\"lazy\" class=\"zwPortImg\" alt=\"atreus_\" src=\"https:\/\/www.atreus.de\/wp-content\/uploads\/2023\/07\/meh-si-dr-v3-1.png\" srcset=\"https:\/\/www.atreus.de\/wp-content\/uploads\/2023\/07\/meh-si-dr-v3-1.png 555w, https:\/\/www.atreus.de\/wp-content\/uploads\/2023\/07\/meh-si-dr-v3-1-480x600.png 480w\" sizes=\"(max-width: 1024px) 100vw, 1024px\" style=\"aspect-ratio:555\/694 !important\" title=\"atreus_\">                  <div class=\"linear-gradient-container\"><\/div>\n                <\/div>\n\n            <\/a>\n            <div class=\"team-member-content\"><div class=\"team-member-name fulltext\"> <a href=\"https:\/\/www.atreus.de\/fr\/equipe\/dr-simon-mehler\/\"><span>Dr. Simon Mehler<\/span><\/a><\/div><div class=\"team-member-description fulltext\"> <a href=\"https:\/\/www.atreus.de\/fr\/equipe\/dr-simon-mehler\/\"><span>Partenaire\r\n<\/span><\/a><\/div><div class=\"team-member-phone\"><a href=\"tel:+49 89 452249-245\"><span>+49 89 452249-245<\/span><\/a><\/div><div class=\"team-member-icon-container\"><div class=\"team-member-email\"><a class=\"atreus-font\" href=\"mailto:Simon.Mehler@atreus.de\">h<\/a><\/div><div class=\"team-member-linkedin\"><a class=\"atreus-font\" target=\"_blank\" href=\"https:\/\/www.linkedin.com\/in\/simonmehler\/\" rel=\"noopener\">3<\/a><\/div><\/div><\/div>      <\/div>\n\n  <\/div>    <\/div>\n    <\/div>\n\n","protected":false},"excerpt":{"rendered":"<div  class=\"zw-cgb header-standard-block  desktop-has-image mobile-has-image default-margin white-color content-left content-down zw-atr-portrait-pos-default zw-atr-landscape-pos-center-top height-default \">\n<div class=\"row\">\n<div class=\"zw-cgb-content col-12 mx-auto\">\n<div  class=\"header-standard-inner-container\">\n<div class=\"bg-image\"><span class=\"copyright-image d-none d-lg-block\">\u00a9 Thomas \u2013 stock.adobe.com<\/span><img decoding=\"async\" class=\"respnsive-img d-none d-lg-block\" loading=\"lazy\" alt=\"\" src=\"https:\/\/www.atreus.de\/wp-content\/uploads\/2022\/03\/header-finance-Managementfunktionen-Finance.jpg\" srcset=\"https:\/\/www.atreus.de\/wp-content\/uploads\/2022\/03\/header-finance-Managementfunktionen-Finance.jpg 1920w, https:\/\/www.atreus.de\/wp-content\/uploads\/2022\/03\/header-finance-Managementfunktionen-Finance-768x432.jpg 768w, https:\/\/www.atreus.de\/wp-content\/uploads\/2022\/03\/header-finance-Managementfunktionen-Finance-1024x576.jpg 1024w, https:\/\/www.atreus.de\/wp-content\/uploads\/2022\/03\/header-finance-Managementfunktionen-Finance-480x270.jpg 480w, https:\/\/www.atreus.de\/wp-content\/uploads\/2022\/03\/header-finance-Managementfunktionen-Finance-1440x810.jpg 1440w\" sizes=\"(max-width: 1920px) 100vw, 1920px\"style='aspect-ratio:1920\/1080 !important'><span class=\"copyright-image d-lg-none d-block\">\u00a9 Thomas \u2013 stock.adobe.com<\/span><img decoding=\"async\" class=\"responsive-img d-lg-none d-block\" loading=\"lazy\" alt=\"\" src=\"https:\/\/www.atreus.de\/wp-content\/uploads\/2022\/03\/teaser-2u3-sp-Managementfunktionen-Finance.jpg\" srcset=\"https:\/\/www.atreus.de\/wp-content\/uploads\/2022\/03\/teaser-2u3-sp-Managementfunktionen-Finance.jpg 823w, https:\/\/www.atreus.de\/wp-content\/uploads\/2022\/03\/teaser-2u3-sp-Managementfunktionen-Finance-768x578.jpg 768w, https:\/\/www.atreus.de\/wp-content\/uploads\/2022\/03\/teaser-2u3-sp-Managementfunktionen-Finance-480x361.jpg 480w\" sizes=\"(max-width: 1024px) 100vw, 1024px\"style='aspect-ratio:823\/619 !important'><\/div>\n<div class=\"preheadline-container\">\n<div class=\"zw-breadcrumb-container black-color d-md-down-none\"><\/div>\n<p class=\" zw-cgb preheadline zw-prevent-animation\">D\u00e9bit et cr\u00e9dit<\/p>\n<h2 class=\" zw-cgb headline zw-prevent-animation\">Finance<\/h2>\n<\/div>\n<\/div>\n<\/div>\n<\/div>\n<\/div>\n<div class=\"zw-breadcrumb-container black-color d-none d-md-down-block\">\n<nav aria-label=\"breadcrumbs\" class=\"rank-math-breadcrumb\">\n<p><span class=\"label\">c<\/span> <span class=\"last\">Home<\/span><\/p>\n<\/nav>\n<\/div>\n","protected":false},"author":1,"featured_media":5935,"parent":515538,"menu_order":10,"comment_status":"closed","ping_status":"closed","template":"","meta":{"_relevanssi_hide_post":"","_relevanssi_hide_content":"","_relevanssi_pin_for_all":"","_relevanssi_pin_keywords":"","_relevanssi_unpin_keywords":"","_relevanssi_related_keywords":"","_relevanssi_related_include_ids":"","_relevanssi_related_exclude_ids":"","_relevanssi_related_no_append":"","_relevanssi_related_not_related":"","_relevanssi_related_posts":"524329,524328,524369,524314,524337,524345","_relevanssi_noindex_reason":"","_zw_phone_override":"","footnotes":""},"competences":[679],"industry-sectors":[],"class_list":["post-515640","page","type-page","status-publish","has-post-thumbnail","hentry","competences-finance-fr"],"_links":{"self":[{"href":"https:\/\/www.atreus.de\/fr\/wp-json\/wp\/v2\/pages\/515640","targetHints":{"allow":["GET"]}}],"collection":[{"href":"https:\/\/www.atreus.de\/fr\/wp-json\/wp\/v2\/pages"}],"about":[{"href":"https:\/\/www.atreus.de\/fr\/wp-json\/wp\/v2\/types\/page"}],"author":[{"embeddable":true,"href":"https:\/\/www.atreus.de\/fr\/wp-json\/wp\/v2\/users\/1"}],"replies":[{"embeddable":true,"href":"https:\/\/www.atreus.de\/fr\/wp-json\/wp\/v2\/comments?post=515640"}],"version-history":[{"count":0,"href":"https:\/\/www.atreus.de\/fr\/wp-json\/wp\/v2\/pages\/515640\/revisions"}],"up":[{"embeddable":true,"href":"https:\/\/www.atreus.de\/fr\/wp-json\/wp\/v2\/pages\/515538"}],"wp:featuredmedia":[{"embeddable":true,"href":"https:\/\/www.atreus.de\/fr\/wp-json\/wp\/v2\/media\/5935"}],"wp:attachment":[{"href":"https:\/\/www.atreus.de\/fr\/wp-json\/wp\/v2\/media?parent=515640"}],"wp:term":[{"taxonomy":"competences","embeddable":true,"href":"https:\/\/www.atreus.de\/fr\/wp-json\/wp\/v2\/competences?post=515640"},{"taxonomy":"industry-sectors","embeddable":true,"href":"https:\/\/www.atreus.de\/fr\/wp-json\/wp\/v2\/industry-sectors?post=515640"}],"curies":[{"name":"wp","href":"https:\/\/api.w.org\/{rel}","templated":true}]}}