{"id":515641,"date":"2022-03-01T11:38:23","date_gmt":"2022-03-01T10:38:23","guid":{"rendered":"https:\/\/www.atreus.de\/?page_id=515641"},"modified":"2025-02-24T11:46:10","modified_gmt":"2025-02-24T10:46:10","slug":"interim-management","status":"publish","type":"page","link":"https:\/\/www.atreus.de\/fr\/competences\/service\/interim-management\/","title":{"rendered":"Interim management"},"content":{"rendered":"<div  class=\"zw-cgb header-standard-block is-first-block desktop-has-image mobile-has-image default-margin white-color content-left content-down zw-atr-portrait-pos-default zw-atr-landscape-pos-center-top height-default \"><div class=\"row\"><div class=\"zw-cgb-content col-12 mx-auto\"><div  class=\"header-standard-inner-container\"><div class=\"bg-image\"><span class=\"copyright-image d-none d-lg-block\">\u00a9 Monet \u2013 stock.adobe.com<\/span><img decoding=\"async\" class=\"respnsive-img d-none d-lg-block\" loading=\"lazy\" alt=\"Management-\u00dcberlassung\" src=\"https:\/\/www.atreus.de\/wp-content\/uploads\/2022\/03\/header-management-ueberlassung-Services-ManagementUeberlassung.jpg\" srcset=\"https:\/\/www.atreus.de\/wp-content\/uploads\/2022\/03\/header-management-ueberlassung-Services-ManagementUeberlassung.jpg 1920w, https:\/\/www.atreus.de\/wp-content\/uploads\/2022\/03\/header-management-ueberlassung-Services-ManagementUeberlassung-768x432.jpg 768w, https:\/\/www.atreus.de\/wp-content\/uploads\/2022\/03\/header-management-ueberlassung-Services-ManagementUeberlassung-1024x576.jpg 1024w, https:\/\/www.atreus.de\/wp-content\/uploads\/2022\/03\/header-management-ueberlassung-Services-ManagementUeberlassung-480x270.jpg 480w, https:\/\/www.atreus.de\/wp-content\/uploads\/2022\/03\/header-management-ueberlassung-Services-ManagementUeberlassung-1440x810.jpg 1440w\" sizes=\"(max-width: 1920px) 100vw, 1920px\" style=\"aspect-ratio:1920\/1080 !important\" title=\"atreus_\"><span class=\"copyright-image d-lg-none d-block\">\u00a9 Monet \u2013 stock.adobe.com<\/span><img decoding=\"async\" class=\"responsive-img d-lg-none d-block\" loading=\"lazy\" alt=\"Management-\u00dcberlassung\" src=\"https:\/\/www.atreus.de\/wp-content\/uploads\/2022\/03\/teaser-2u3-sp-Services-ManagementUeberlassung.jpg\" srcset=\"https:\/\/www.atreus.de\/wp-content\/uploads\/2022\/03\/teaser-2u3-sp-Services-ManagementUeberlassung.jpg 823w, https:\/\/www.atreus.de\/wp-content\/uploads\/2022\/03\/teaser-2u3-sp-Services-ManagementUeberlassung-768x578.jpg 768w, https:\/\/www.atreus.de\/wp-content\/uploads\/2022\/03\/teaser-2u3-sp-Services-ManagementUeberlassung-480x361.jpg 480w\" sizes=\"(max-width: 1024px) 100vw, 1024px\" style=\"aspect-ratio:823\/619 !important\" title=\"atreus_\"><\/div><div class=\"preheadline-container\"><div class=\"zw-breadcrumb-container black-color d-md-down-none\"><\/div><p class=\" zw-cgb preheadline zw-prevent-animation\">D\u00e9tente extr\u00eame avec Atreus&nbsp;!<\/p><h1 class=\" zw-cgb headline zw-prevent-animation\">Statut juridique des managers de transition<\/h1><\/div><\/div><\/div><\/div><\/div><div class=\"zw-breadcrumb-container black-color d-none d-md-down-block\"><nav aria-label=\"breadcrumbs\" class=\"rank-math-breadcrumb\"><p><span class=\"label\">c<\/span> <span class=\"last\">Home<\/span><\/p><\/nav><\/div>\n\n    <div  class=\"zw-cgb    infoblock default-margin black-color  \">\n      <div class=\" row\">\n        <div class=\"zw-cgb-content has-padding col-12\">\n          <div class=\"inner-content parent-has-padding\"><p class=\" zw-cgb fulltext \">Pour les services RH qui travaillent aussi avec des cadres int\u00e9rimaires, l\u2019introduction du 611a BGB est devenue un v\u00e9ritable d\u00e9fi. Cela s\u2019apparente \u00e0 une pseudo-ind\u00e9pendance. Mais Atreus a trouv\u00e9 une solution juridiquement s\u00fbre \u00e0 ce dilemme&nbsp;: le mod\u00e8le d\u2019interim management.<br>Le mod\u00e8le d\u2019interim management Atreus offre les deux&nbsp;: la flexibilit\u00e9 maximale habituelle dont le manager de transition a besoin pour son travail \u2014 tout en \u00e9tant pleinement int\u00e9gr\u00e9 dans la cha\u00eene de direction.<\/p><div class=\"link-container\"><\/div><\/div>        <\/div>\n      <\/div>\n    <\/div>\n\n\n    <div  class=\"zw-cgb    infoblock default-margin black-color  \">\n      <div class=\" row\">\n        <div class=\"zw-cgb-content has-padding col-12\">\n          <div class=\"preheadline-container parent-has-padding\"><h4 class=\" zw-cgb preheadline ' .  . '\">Quand le mod\u00e8le d\u2019interim management est-il utilis\u00e9&nbsp;?<\/h4><\/div><div class=\"inner-content parent-has-padding\"><p class=\" zw-cgb fulltext \">Un manager de transition assume une fonction hi\u00e9rarchique. Il est impliqu\u00e9 dans l\u2019organisation de l\u2019entreprise \u2014 par exemple en participant \u00e0 des r\u00e9unions r\u00e9guli\u00e8res. Ainsi, le manager de transition fait \u00e9galement partie de la cha\u00eene d\u2019instructions, c\u2019est-\u00e0-dire qu\u2019il donne et re\u00e7oit des instructions. Le manager de transition assume donc une t\u00e2che r\u00e9guli\u00e8re qui, avant lui et apr\u00e8s lui, est g\u00e9n\u00e9ralement assur\u00e9e par des managers permanents.<br>Dans ce cas, on pourrait reprocher l\u2019existence d\u2019une relation contractuelle pseudo-ind\u00e9pendante. Dans un tel cas, Atreus utilise le mod\u00e8le de contrat d\u2019interim management. Cela signifie une mise \u00e0 disposition juridiquement s\u00fbre du manager employ\u00e9 par Atreus au client, conform\u00e9ment \u00e0 la loi allemande sur le travail temporaire (Arbeits\u00fcberlassungsgesetz, A\u00dcG, loi allemande sur la mise \u00e0 disposition de travailleurs temporaires).<\/p><div class=\"link-container\"><\/div><\/div>        <\/div>\n      <\/div>\n    <\/div>\n\n\n    <div  class=\"zw-cgb    infoblock default-margin black-color  \">\n      <div class=\" row\">\n        <div class=\"zw-cgb-content has-padding col-12\">\n          <div class=\"preheadline-container parent-has-padding\"><h4 class=\" zw-cgb preheadline ' .  . '\">Mod\u00e8le d\u2019interim management d\u2019Atreus&nbsp;: flexibilit\u00e9 et s\u00e9curit\u00e9 juridique<\/h4><\/div><div class=\"inner-content parent-has-padding\"><ul class=\"zw-cgb-ul fulltext \"><li class=\"\">Int\u00e9gration totale dans l\u2019organisation et la cha\u00eene d\u2019instructions&nbsp;: le manager de transition peut \u00eatre employ\u00e9 comme un collaborateur interne<\/li><li class=\"\">Pleine s\u00e9curit\u00e9 juridique, pas de risque de pseudo-ind\u00e9pendance contractuelle<\/li><li class=\"\">M\u00eame flexibilit\u00e9 que le management de transition classique<\/li><li class=\"\">Atreus utilise le mod\u00e8le d\u2019interim management depuis 2017 et ma\u00eetrise parfaitement les exigences juridiques<\/li><\/ul><div class=\"link-container\"><\/div><\/div>        <\/div>\n      <\/div>\n    <\/div>\n\n\n\n    <div  class=\"zw-cgb  latestPosts default-margin \">\n      <div class=\"row zw-cgb-content\">\n              <\/div>\n    <\/div>\n\n\n\n<div  class=\"zw-cgb  sidebarblock default-margin \">\r\n      <div class=\"row\">\r\n        \r\n\t\t<div class=\"zw-cgb global-widget center  black-color  no-margin\">\r\n\t\t\t\t\t\t\t<div class=\"bg-img-container\">\r\n\t\t\t\t\t<img decoding=\"async\" loading=\"lazy\" width=\"1920\" height=\"720\" src=\"https:\/\/www.atreus.de\/wp-content\/uploads\/2022\/03\/widget-kombimodell.jpg\" style=\"aspect-ratio:1920\/720 !important\" alt=\"atreus_\" title=\"atreus_\">\t\t\t\t<\/div>\r\n\t\t\t\t\t\t<div class=\"inner-container bg-white\">\r\n\t\t\t\t      <div class=\"headlinetwo-container\">\r\n\t\t<p class=\"zw-cgb headline two\">Le mod\u00e8le combin\u00e9 Atreus<\/p>\r\n\t  <\/div> \t\t\t\t<div class=\"widget-content fulltext\">\r\n\r\n\t\t\t\t\t\t<p><span class=\"TextRun SCXW187864491 BCX8\" lang=\"FR-FR\" xml:lang=\"FR-FR\" data-contrast=\"auto\"><span class=\"NormalTextRun SCXW187864491 BCX8\">Une offre int\u00e9gr\u00e9e de management <\/span><span class=\"NormalTextRun SCXW187864491 BCX8\">de transition<\/span><span class=\"NormalTextRun SCXW187864491 BCX8\"> et de recherche de cadres n<\/span><span class=\"NormalTextRun SCXW187864491 BCX8\">\u2019<\/span><span class=\"NormalTextRun SCXW187864491 BCX8\">offre tout simplement que des avantages !<\/span><\/span><span class=\"EOP SCXW187864491 BCX8\" data-ccp-props=\"{\">\u00a0<\/span><\/p>\n\r\n\r\n\t\t\t\t<\/div>\r\n\t\t\t\t\t\t\t\t\r\n\t\t\t\t<div class=\"zw-cgb zw-cgb-button-container\">\r\n\t\t\t\t\t<a href=\"https:\/\/www.atreus.de\/fr\/competences\/service\/modele-combine-interim-et-executive-search\/\" class=\"zw-cgb btn btn-primary\">EN SAVOIR PLUS<\/a>\r\n\t\t\t\t<\/div>\r\n\t\t\t\t\t\t\t<\/div>\r\n\t\t<\/div>\r\n\t<\/div><\/div>    \n\n","protected":false},"excerpt":{"rendered":"<div  class=\"zw-cgb header-standard-block  desktop-has-image mobile-has-image default-margin white-color content-left content-down zw-atr-portrait-pos-default zw-atr-landscape-pos-center-top height-default \">\n<div class=\"row\">\n<div class=\"zw-cgb-content col-12 mx-auto\">\n<div  class=\"header-standard-inner-container\">\n<div class=\"bg-image\"><span class=\"copyright-image d-none d-lg-block\">\u00a9 Monet \u2013 stock.adobe.com<\/span><img decoding=\"async\" class=\"respnsive-img d-none d-lg-block\" loading=\"lazy\" alt=\"Management-\u00dcberlassung\" src=\"https:\/\/www.atreus.de\/wp-content\/uploads\/2022\/03\/header-management-ueberlassung-Services-ManagementUeberlassung.jpg\" srcset=\"https:\/\/www.atreus.de\/wp-content\/uploads\/2022\/03\/header-management-ueberlassung-Services-ManagementUeberlassung.jpg 1920w, https:\/\/www.atreus.de\/wp-content\/uploads\/2022\/03\/header-management-ueberlassung-Services-ManagementUeberlassung-768x432.jpg 768w, https:\/\/www.atreus.de\/wp-content\/uploads\/2022\/03\/header-management-ueberlassung-Services-ManagementUeberlassung-1024x576.jpg 1024w, https:\/\/www.atreus.de\/wp-content\/uploads\/2022\/03\/header-management-ueberlassung-Services-ManagementUeberlassung-480x270.jpg 480w, https:\/\/www.atreus.de\/wp-content\/uploads\/2022\/03\/header-management-ueberlassung-Services-ManagementUeberlassung-1440x810.jpg 1440w\" sizes=\"(max-width: 1920px) 100vw, 1920px\"style='aspect-ratio:1920\/1080 !important'><span class=\"copyright-image d-lg-none d-block\">\u00a9 Monet \u2013 stock.adobe.com<\/span><img decoding=\"async\" class=\"responsive-img d-lg-none d-block\" loading=\"lazy\" alt=\"Management-\u00dcberlassung\" src=\"https:\/\/www.atreus.de\/wp-content\/uploads\/2022\/03\/teaser-2u3-sp-Services-ManagementUeberlassung.jpg\" srcset=\"https:\/\/www.atreus.de\/wp-content\/uploads\/2022\/03\/teaser-2u3-sp-Services-ManagementUeberlassung.jpg 823w, https:\/\/www.atreus.de\/wp-content\/uploads\/2022\/03\/teaser-2u3-sp-Services-ManagementUeberlassung-768x578.jpg 768w, https:\/\/www.atreus.de\/wp-content\/uploads\/2022\/03\/teaser-2u3-sp-Services-ManagementUeberlassung-480x361.jpg 480w\" sizes=\"(max-width: 1024px) 100vw, 1024px\"style='aspect-ratio:823\/619 !important'><\/div>\n<div class=\"preheadline-container\">\n<div class=\"zw-breadcrumb-container black-color d-md-down-none\"><\/div>\n<p class=\" zw-cgb preheadline zw-prevent-animation\">D\u00e9tente extr\u00eame avec Atreus&nbsp;!<\/p>\n<h2 class=\" zw-cgb headline zw-prevent-animation\">Statut juridique des managers de transition<\/h2>\n<\/div>\n<\/div>\n<\/div>\n<\/div>\n<\/div>\n<div class=\"zw-breadcrumb-container black-color d-none d-md-down-block\">\n<nav aria-label=\"breadcrumbs\" class=\"rank-math-breadcrumb\">\n<p><span class=\"label\">c<\/span> <span class=\"last\">Home<\/span><\/p>\n<\/nav>\n<\/div>\n","protected":false},"author":1,"featured_media":483586,"parent":515542,"menu_order":7,"comment_status":"closed","ping_status":"closed","template":"","meta":{"_relevanssi_hide_post":"","_relevanssi_hide_content":"","_relevanssi_pin_for_all":"","_relevanssi_pin_keywords":"","_relevanssi_unpin_keywords":"","_relevanssi_related_keywords":"","_relevanssi_related_include_ids":"","_relevanssi_related_exclude_ids":"","_relevanssi_related_no_append":"","_relevanssi_related_not_related":"","_relevanssi_related_posts":"524345,524328,524329,524369,524314,524337","_relevanssi_noindex_reason":"","_zw_phone_override":"","footnotes":""},"competences":[683],"industry-sectors":[],"class_list":["post-515641","page","type-page","status-publish","has-post-thumbnail","hentry","competences-management-de-transition"],"_links":{"self":[{"href":"https:\/\/www.atreus.de\/fr\/wp-json\/wp\/v2\/pages\/515641","targetHints":{"allow":["GET"]}}],"collection":[{"href":"https:\/\/www.atreus.de\/fr\/wp-json\/wp\/v2\/pages"}],"about":[{"href":"https:\/\/www.atreus.de\/fr\/wp-json\/wp\/v2\/types\/page"}],"author":[{"embeddable":true,"href":"https:\/\/www.atreus.de\/fr\/wp-json\/wp\/v2\/users\/1"}],"replies":[{"embeddable":true,"href":"https:\/\/www.atreus.de\/fr\/wp-json\/wp\/v2\/comments?post=515641"}],"version-history":[{"count":0,"href":"https:\/\/www.atreus.de\/fr\/wp-json\/wp\/v2\/pages\/515641\/revisions"}],"up":[{"embeddable":true,"href":"https:\/\/www.atreus.de\/fr\/wp-json\/wp\/v2\/pages\/515542"}],"wp:featuredmedia":[{"embeddable":true,"href":"https:\/\/www.atreus.de\/fr\/wp-json\/wp\/v2\/media\/483586"}],"wp:attachment":[{"href":"https:\/\/www.atreus.de\/fr\/wp-json\/wp\/v2\/media?parent=515641"}],"wp:term":[{"taxonomy":"competences","embeddable":true,"href":"https:\/\/www.atreus.de\/fr\/wp-json\/wp\/v2\/competences?post=515641"},{"taxonomy":"industry-sectors","embeddable":true,"href":"https:\/\/www.atreus.de\/fr\/wp-json\/wp\/v2\/industry-sectors?post=515641"}],"curies":[{"name":"wp","href":"https:\/\/api.w.org\/{rel}","templated":true}]}}