{"id":515679,"date":"2022-03-01T15:33:10","date_gmt":"2022-03-01T14:33:10","guid":{"rendered":"https:\/\/www.atreus.de\/?page_id=515679"},"modified":"2025-04-02T13:23:49","modified_gmt":"2025-04-02T11:23:49","slug":"management-de-transition","status":"publish","type":"page","link":"https:\/\/www.atreus.de\/fr\/competences\/service\/management-de-transition\/","title":{"rendered":"Management de transition"},"content":{"rendered":"<div  class=\"zw-cgb header-standard-block is-first-block desktop-has-image mobile-has-image default-margin white-color content-right content-down zw-atr-portrait-pos-default zw-atr-landscape-pos-center-top height-default \"><div class=\"row\"><div class=\"zw-cgb-content col-12 mx-auto\"><div  class=\"header-standard-inner-container\"><div class=\"bg-image\"><span class=\"copyright-image d-none d-lg-block\">\u00a9 Caroline Floritz<\/span><img decoding=\"async\" class=\"respnsive-img d-none d-lg-block\" loading=\"lazy\" alt=\"Interim Management\" src=\"https:\/\/www.atreus.de\/wp-content\/uploads\/2022\/03\/header-interim-management-InterimManagement.jpg\" srcset=\"https:\/\/www.atreus.de\/wp-content\/uploads\/2022\/03\/header-interim-management-InterimManagement.jpg 1920w, https:\/\/www.atreus.de\/wp-content\/uploads\/2022\/03\/header-interim-management-InterimManagement-768x432.jpg 768w, https:\/\/www.atreus.de\/wp-content\/uploads\/2022\/03\/header-interim-management-InterimManagement-1024x576.jpg 1024w, https:\/\/www.atreus.de\/wp-content\/uploads\/2022\/03\/header-interim-management-InterimManagement-480x270.jpg 480w, https:\/\/www.atreus.de\/wp-content\/uploads\/2022\/03\/header-interim-management-InterimManagement-1440x810.jpg 1440w\" sizes=\"(max-width: 1920px) 100vw, 1920px\" style=\"aspect-ratio:1920\/1080 !important\" title=\"atreus_\"><span class=\"copyright-image d-lg-none d-block\">\u00a9 Caroline Floritz<\/span><img decoding=\"async\" class=\"responsive-img d-lg-none d-block\" loading=\"lazy\" alt=\"Interim Management\" src=\"https:\/\/www.atreus.de\/wp-content\/uploads\/2022\/03\/teaser-img-fuer-2-und-3-spalter-InterimMangement.jpg\" srcset=\"https:\/\/www.atreus.de\/wp-content\/uploads\/2022\/03\/teaser-img-fuer-2-und-3-spalter-InterimMangement.jpg 823w, https:\/\/www.atreus.de\/wp-content\/uploads\/2022\/03\/teaser-img-fuer-2-und-3-spalter-InterimMangement-768x578.jpg 768w, https:\/\/www.atreus.de\/wp-content\/uploads\/2022\/03\/teaser-img-fuer-2-und-3-spalter-InterimMangement-480x361.jpg 480w\" sizes=\"(max-width: 1024px) 100vw, 1024px\" style=\"aspect-ratio:823\/619 !important\" title=\"atreus_\"><\/div><div class=\"preheadline-container\"><div class=\"zw-breadcrumb-container black-color d-md-down-none\"><\/div><p class=\" zw-cgb preheadline zw-prevent-animation\">Sur la voie rapide vers l\u2019avenir&nbsp;!<\/p><h1 class=\" zw-cgb headline zw-prevent-animation\">Management de transition<\/h1><\/div><\/div><\/div><\/div><\/div><div class=\"zw-breadcrumb-container black-color d-none d-md-down-block\"><nav aria-label=\"breadcrumbs\" class=\"rank-math-breadcrumb\"><p><span class=\"label\">c<\/span> <span class=\"last\">Home<\/span><\/p><\/nav><\/div>\n\n    <div  class=\"zw-cgb    infoblock default-margin black-color  \">\n      <div class=\" row\">\n        <div class=\"zw-cgb-content has-padding col-12\">\n          <div class=\"inner-content parent-has-padding\"><p class=\" zw-cgb fulltext \">Atreus ne fournit pas de CV. Mais de v\u00e9ritables profils manag\u00e9riaux. Des experts \u00e9nergiques qui prennent des responsabilit\u00e9s et se consid\u00e8rent comme les moteurs de votre mission d\u2019entreprise. En qualit\u00e9 de \u00ab&nbsp;managers \u00e0 toute \u00e9preuve&nbsp;\u00bb, les managers de transition d\u2019Atreus sont \u00e0 la hauteur de chaque situation. Ils agissent de mani\u00e8re professionnelle, r\u00e9fl\u00e9chie et concr\u00e8te.<\/p><p class=\" zw-cgb fulltext \"><br>Les managers Atreus sont toujours le premier choix lorsque des comp\u00e9tences sp\u00e9cifiques sont requises pour une dur\u00e9e limit\u00e9e dans une entreprise. Ou lorsque les ressources doivent \u00eatre disponibles particuli\u00e8rement rapidement. Ils sont des \u00ab&nbsp;sprinters&nbsp;\u00bb engag\u00e9s et focalis\u00e9s qui, gr\u00e2ce \u00e0 votre exp\u00e9rience de niveau C, sont conscients des implications strat\u00e9giques de leur action. Par exemple, dans le cadre du management de transition pour des projets de restructuration, de transformations informatiques, de d\u00e9localisations de production ou de projets de gestion internationaux.<\/p><p class=\" zw-cgb fulltext \"><br>Atreus Manager sind erfahrene Experten f\u00fcr au\u00dfergew\u00f6hnliche Unternehmenssituationen und funktionale Themen. Als Macher mit Entrepreneurial Spirit haben sie in ihrem bisherigen Werdegang bereits zahlreiche vergleichbare Herausforderungen erfolgreich bew\u00e4ltigt. &nbsp;<\/p><p class=\" zw-cgb fulltext \"><br><a href=\"https:\/\/www.atreus.de\/fr\/manager-de-transition\/\">Les managers de transition d\u2019Atreus<\/a> prennent des responsabilit\u00e9s au plus haut niveau de la direction ou dans des projets ayant un impact sur le niveau C. Ils sont en contact direct avec les clients et les fournisseurs. C\u2019est l\u00e0 qu\u2019ils obtiennent des succ\u00e8s qui apparaissent clairement dans les r\u00e9sultats. Pour garantir de tels succ\u00e8s dans votre projet sp\u00e9cifique, nous ne s\u00e9lectionnons dans notre r\u00e9seau exclusif que des managers Atreus tri\u00e9s sur le volet et parfaitement adapt\u00e9s au projet, \u00e0 la situation et \u00e0 l\u2019environnement. Garantit un ajustement parfait pour votre projet.<br><\/p><p class=\" zw-cgb fulltext \">Qu\u2019il s\u2019agisse d\u2019une entreprise familiale ou d\u2019une soci\u00e9t\u00e9 de capital-investissement, d\u2019un assainissement ou d\u2019une d\u00e9localisation de la production, nos managers de transition sont des \u00ab&nbsp;performeurs&nbsp;\u00bb qui, gr\u00e2ce \u00e0 leur expertise et \u00e0 leur connaissance du secteur, font avancer votre entreprise rapidement et s\u00fbrement vers l\u2019avenir. Atreus est le partenaire de confiance qui aide votre entreprise \u00e0 r\u00e9soudre rapidement et efficacement des besoins sp\u00e9cifiques gr\u00e2ce au management de transition.<\/p><div class=\"link-container\"><\/div><\/div>        <\/div>\n      <\/div>\n    <\/div>\n\n\n<div  class=\"zw-cgb  sidebarblock default-margin \">\r\n      <div class=\"row\">\r\n        \r\n\t\t<div class=\"zw-cgb global-widget right  black-color  no-margin\">\r\n\t\t\t\t\t\t\t<div class=\"bg-img-container\">\r\n\t\t\t\t\t<img decoding=\"async\" loading=\"lazy\" width=\"1920\" height=\"720\" src=\"https:\/\/www.atreus.de\/wp-content\/uploads\/2026\/03\/widget-HC-BB-Interimsmanagement-EN.webp\" style=\"aspect-ratio:1920\/720 !important\" alt=\"atreus_\" title=\"atreus_\">\t\t\t\t<\/div>\r\n\t\t\t\t\t\t<div class=\"inner-container bg-white\">\r\n\t\t\t\t      <div class=\"headlinetwo-container\">\r\n\t\t<p class=\"zw-cgb headline two\">ATREUS \u2013 UNE EXCELLENCE R\u00c9COMPENS\u00c9E<\/p>\r\n\t  <\/div> \t\t\t\t<div class=\"widget-content fulltext\">\r\n\r\n\t\t\t\t\t\t<p>En mati\u00e8re de <strong>management de transition<\/strong>, Atreus est aujourd\u2019hui le num\u00e9ro 1 incontest\u00e9. Nous devons cette position de chef de file \u00e0 la confiance de nos clients, qui confirment en permanence notre qualit\u00e9 et notre capacit\u00e9 de mise en \u0153uvre en nous attribuant les meilleures notes.<\/p>\n<p>&nbsp;<\/p>\n<p>Atreus a \u00e9t\u00e9 r\u00e9compens\u00e9 \u00e0 plusieurs reprises, notamment comme \u00ab Meilleur conseiller \u00bb, \u00ab Top Consultant \u00bb, \u00ab Meilleur consultant en entreprise Focus \u00bb, \u00ab Champion cach\u00e9 \u00bb ou \u00ab Meilleur cabinet de conseil Handelsblatt \u00bb. Nous sommes dot\u00e9s d\u2019un large \u00e9ventail d\u2019expertise, de l&#8217;automobile et des \u00e9quipementiers, les biens de consommation, la chimie et la pharmacie, le commerce (y compris le commerce \u00e9lectronique), la construction de machines et d\u2019installations, l&#8217;\u00e9nergie et l&#8217;environnement, la finance, l&#8217;industrie chimique et pharmaceutique les sciences de la vie et les services de sant\u00e9 en passant par les disciplines cl\u00e9s telles que l&#8217;am\u00e9lioration de la performance, le conseil en informatique et la mise en \u0153uvre informatique, le conseil en ressources humaines, la gestion des op\u00e9rations, la gestion des risques, la gestion du changement, le management de la transformation, la num\u00e9risation et la restructuration.<\/p>\n\r\n\r\n\t\t\t\t<\/div>\r\n\t\t\t\t\t\t\t\t\r\n\t\t\t\t<div class=\"zw-cgb zw-cgb-button-container\">\r\n\t\t\t\t\t<a href=\"https:\/\/www.atreus.de\/fr\/contact\/\" class=\"zw-cgb btn btn-primary\">SENTEZ NOTRE EXCELLENCE DE PREMI\u00c8RE MAIN<\/a>\r\n\t\t\t\t<\/div>\r\n\t\t\t\t\t\t\t<\/div>\r\n\t\t<\/div>\r\n\t<\/div><\/div>    \n\n\n<div style=\"height:100px\" aria-hidden=\"true\" class=\"wp-block-spacer is-style-zw-default-color\"><\/div>\n\n\n\n    <div  class=\"zw-cgb  latestPosts default-margin \">\n      <div class=\"row zw-cgb-content\">\n        \n      <div  class=\"zw-cgb latestPostsContent px-0 col-12 col-md-6 col-menu-4 event   show-featured-image \">\n\n\n        <div class=\"image-container single-featured\"><a href = \"https:\/\/www.atreus.de\/fr\/evenement\/comment-les-applications-basees-sur-les-donnees-et-lia-comme-chatgpt-transforment-elles-le-monde-des-biens-de-consommation-et-du-commerce\/\"><span class=\"copyright-image\"><\/span><img decoding=\"async\" loading=\"lazy\" alt=\"atreus_\" src=\"https:\/\/www.atreus.de\/wp-content\/uploads\/2023\/06\/teaser-4zu3-20230725-Alounge-KH-KI.jpg\" srcset=\"https:\/\/www.atreus.de\/wp-content\/uploads\/2023\/06\/teaser-4zu3-20230725-Alounge-KH-KI.jpg 823w, https:\/\/www.atreus.de\/wp-content\/uploads\/2023\/06\/teaser-4zu3-20230725-Alounge-KH-KI-768x578.jpg 768w, https:\/\/www.atreus.de\/wp-content\/uploads\/2023\/06\/teaser-4zu3-20230725-Alounge-KH-KI-480x361.jpg 480w\" sizes=\"(max-width: 1024px) 100vw, 1024px\" style=\"aspect-ratio:823\/619 !important\" title=\"atreus_\"><\/a><\/div><div class=\"image-container double-featured\"><a href = \"https:\/\/www.atreus.de\/fr\/evenement\/comment-les-applications-basees-sur-les-donnees-et-lia-comme-chatgpt-transforment-elles-le-monde-des-biens-de-consommation-et-du-commerce\/\"><span class=\"copyright-image\"><\/span><img decoding=\"async\" loading=\"lazy\" alt=\"atreus_\" src=\"https:\/\/www.atreus.de\/wp-content\/uploads\/2023\/06\/teaser-landscape-20230725-Alounge-KH-KI.jpg\" srcset=\"https:\/\/www.atreus.de\/wp-content\/uploads\/2023\/06\/teaser-landscape-20230725-Alounge-KH-KI.jpg 1098w, https:\/\/www.atreus.de\/wp-content\/uploads\/2023\/06\/teaser-landscape-20230725-Alounge-KH-KI-768x288.jpg 768w, https:\/\/www.atreus.de\/wp-content\/uploads\/2023\/06\/teaser-landscape-20230725-Alounge-KH-KI-1024x384.jpg 1024w, https:\/\/www.atreus.de\/wp-content\/uploads\/2023\/06\/teaser-landscape-20230725-Alounge-KH-KI-480x180.jpg 480w\" sizes=\"(max-width: 1024px) 100vw, 1024px\" style=\"aspect-ratio:1098\/412 !important\" title=\"atreus_\"><\/a><\/div>        <div class=\"content-container has-excerpt posttype-event blue-400 white-color\">\n          <div class=\"preheadline-container parent-has-padding\"><p class=\"zw-cgb preheadline\">A-lounge | 25.07.2023<\/p><\/div><a href = \"https:\/\/www.atreus.de\/fr\/evenement\/comment-les-applications-basees-sur-les-donnees-et-lia-comme-chatgpt-transforment-elles-le-monde-des-biens-de-consommation-et-du-commerce\/\"><h2 class=\" zw-cgb headline\">Comment les applications bas\u00e9es sur les donn\u00e9es et l\u2019IA, comme ChatGPT, transforment-elles le monde des biens de consommation et du commerce&nbsp;?<\/h2><\/a><p class=\" zw-cgb fulltext\">L\u2019IA et les applications bas\u00e9es sur les donn\u00e9es ouvrent aux entreprises des opportunit\u00e9s d\u2019optimisation des processus et d\u2019innovation. D\u00e9couvrez dans l\u2019Atreus A.lounge une mise en \u0153uvre r\u00e9ussie dans le secteur des biens de consommation et du commerce.<\/p><div class=\"zw-cgb zw-cgb-button-container \"><a href=\"https:\/\/www.atreus.de\/fr\/evenement\/comment-les-applications-basees-sur-les-donnees-et-lia-comme-chatgpt-transforment-elles-le-monde-des-biens-de-consommation-et-du-commerce\/\" class=\"zw-cgb btn btn-primary \">Lire la suite<\/a><\/div>        <\/div>\n            <\/div>\n      \n  \n      <div  class=\"zw-cgb latestPostsContent px-0 col-12 col-md-6 col-menu-4 post   show-featured-image \">\n\n\n        <div class=\"image-container single-featured\"><a href = \"https:\/\/www.atreus.de\/fr\/atreus-dans-les-medias\/aucune-entreprise-ne-peut-ignorer-le-theme-de-la-durabilite\/\"><span class=\"copyright-image\"><\/span><img decoding=\"async\" loading=\"lazy\" alt=\"atreus_\" src=\"https:\/\/www.atreus.de\/wp-content\/uploads\/2023\/03\/TEASER1.jpg\" srcset=\"https:\/\/www.atreus.de\/wp-content\/uploads\/2023\/03\/TEASER1.jpg 1098w, https:\/\/www.atreus.de\/wp-content\/uploads\/2023\/03\/TEASER1-768x288.jpg 768w, https:\/\/www.atreus.de\/wp-content\/uploads\/2023\/03\/TEASER1-1024x384.jpg 1024w, https:\/\/www.atreus.de\/wp-content\/uploads\/2023\/03\/TEASER1-480x180.jpg 480w\" sizes=\"(max-width: 1024px) 100vw, 1024px\" style=\"aspect-ratio:1098\/412 !important\" title=\"atreus_\"><\/a><\/div><div class=\"image-container double-featured\"><a href = \"https:\/\/www.atreus.de\/fr\/atreus-dans-les-medias\/aucune-entreprise-ne-peut-ignorer-le-theme-de-la-durabilite\/\"><span class=\"copyright-image\"><\/span><img decoding=\"async\" loading=\"lazy\" alt=\"atreus_\" src=\"https:\/\/www.atreus.de\/wp-content\/uploads\/2023\/03\/TEASER1.jpg\" srcset=\"https:\/\/www.atreus.de\/wp-content\/uploads\/2023\/03\/TEASER1.jpg 1098w, https:\/\/www.atreus.de\/wp-content\/uploads\/2023\/03\/TEASER1-768x288.jpg 768w, https:\/\/www.atreus.de\/wp-content\/uploads\/2023\/03\/TEASER1-1024x384.jpg 1024w, https:\/\/www.atreus.de\/wp-content\/uploads\/2023\/03\/TEASER1-480x180.jpg 480w\" sizes=\"(max-width: 1024px) 100vw, 1024px\" style=\"aspect-ratio:1098\/412 !important\" title=\"atreus_\"><\/a><\/div>        <div class=\"content-container has-excerpt posttype-post blue-600 white-color\">\n          <div class=\"preheadline-container parent-has-padding\"><p class=\"zw-cgb preheadline\">Atreus dans les m\u00e9dias<\/p><\/div><a href = \"https:\/\/www.atreus.de\/fr\/atreus-dans-les-medias\/aucune-entreprise-ne-peut-ignorer-le-theme-de-la-durabilite\/\"><h2 class=\" zw-cgb headline\">Aucune entreprise ne peut ignorer la question du d\u00e9veloppement durable<\/h2><\/a><p class=\" zw-cgb fulltext\">Dans le journal B\u00f6rsen-Zeitung, le Managing Partner et directeur g\u00e9n\u00e9ral d\u2019Atreus, Harald Linn\u00e9, et le directeur d\u2019Atreus, Robert Minge, expliquent dans quelle mesure la pertinence croissante de la durabilit\u00e9 devient une partie int\u00e9grante de l\u2019\u00e9valuation des entreprises.<\/p><div class=\"post-meta-info-container\"><div class=\"post-read-time\"><p class=\"zw-cgb fulltext\"><i class=\"far fa-clock\"><\/i>3 temps de lecture min<\/p><\/div><div class=\"post-rating-container d-none\"><!-- FeedbackWP Plugin - Results Widget --><div  class=\"rmp-results-widget js-rmp-results-widget js-rmp-results-widget--524345 \"  data-post-id=\"524345\">  <div class=\"rmp-results-widget__visual-rating\">    <i class=\"js-rmp-results-icon rmp-icon rmp-icon--ratings rmp-icon--star \"><\/i><i class=\"js-rmp-results-icon rmp-icon rmp-icon--ratings rmp-icon--star \"><\/i><i class=\"js-rmp-results-icon rmp-icon rmp-icon--ratings rmp-icon--star \"><\/i><i class=\"js-rmp-results-icon rmp-icon rmp-icon--ratings rmp-icon--star \"><\/i><i class=\"js-rmp-results-icon rmp-icon rmp-icon--ratings rmp-icon--star \"><\/i>  <\/div>  <div class=\"rmp-results-widget__avg-rating\">    <span class=\"js-rmp-avg-rating\">          <\/span>  <\/div>  <div class=\"rmp-results-widget__vote-count\">    (<span class=\"js-rmp-vote-count\"><\/span>)  <\/div><\/div> <\/div><div class=\"post-social-share\"><div class=\"zw-social-share dropdown show\">\r\n        <a class=\"zw-social-share-toggler\" href=\"#\" role=\"button\" id=\"dropdownMenuLink\" data-toggle=\"dropdown\" aria-haspopup=\"true\" aria-expanded=\"false\">\r\n        <i class=\"fas fa-share-alt\"><\/i><span class=\"zw-share-meta\">Partager<\/span>\r\n        <\/a>\r\n        <div class=\"zw-share-dropdown-menu dropdown-menu\" aria-labelledby=\"dropdownMenuLink\"><div class=\"dropdown-inner\"><p class=\"zw-share-heading fulltext\">Partager<\/p><a class=\"zw-social-share-toggler fulltext\" href=\"#\" role=\"button\" id=\"dropdownMenuLink\" data-toggle=\"dropdown\" aria-label=\"Close\">\u2715<\/a><div class=\"social-inner-icons\"><a class=\"dropdown-item \" target=\"_blank\" rel=\"nofollow\" href=\"https:\/\/www.linkedin.com\/cws\/share?url=https%3A%2F%2Fwww.atreus.de%2Ffr%2Fatreus-dans-les-medias%2Faucune-entreprise-ne-peut-ignorer-le-theme-de-la-durabilite%2F&amp;title=Aucune+entreprise+ne+peut+ignorer+la+question+du+d%C3%A9veloppement+durable\"><i class=\"fab fa-linkedin fa-fw\"><\/i><\/a><a class=\"dropdown-item \" target=\"_blank\" rel=\"nofollow\" href=\"https:\/\/www.xing.com\/spi\/shares\/new?url=https%3A%2F%2Fwww.atreus.de%2Ffr%2Fatreus-dans-les-medias%2Faucune-entreprise-ne-peut-ignorer-le-theme-de-la-durabilite%2F\"><i class=\"fab fa-xing fa-fw\"><\/i><\/a><a class=\"dropdown-item \" target=\"_blank\" rel=\"nofollow\" href=\"https:\/\/www.facebook.com\/sharer\/sharer.php?u=https%3A%2F%2Fwww.atreus.de%2Ffr%2Fatreus-dans-les-medias%2Faucune-entreprise-ne-peut-ignorer-le-theme-de-la-durabilite%2F&amp;t=Aucune+entreprise+ne+peut+ignorer+la+question+du+d%C3%A9veloppement+durable\"><i class=\"fab fa-facebook-square fa-fw\"><\/i><\/a><a class=\"dropdown-item \"  target=\"_blank\" rel=\"nofollow\" href=\"https:\/\/twitter.com\/intent\/tweet?url=https%3A%2F%2Fwww.atreus.de%2Ffr%2Fatreus-dans-les-medias%2Faucune-entreprise-ne-peut-ignorer-le-theme-de-la-durabilite%2F&amp;text=Aucune+entreprise+ne+peut+ignorer+la+question+du+d%C3%A9veloppement+durable\"><i class=\"fab fa-twitter fa-fw\"><\/i><\/a>  <\/div><\/div><\/div>\r\n    <\/div><\/div><\/div><div class=\"zw-cgb zw-cgb-button-container \"><a href=\"https:\/\/www.atreus.de\/fr\/atreus-dans-les-medias\/aucune-entreprise-ne-peut-ignorer-le-theme-de-la-durabilite\/\" class=\"zw-cgb btn btn-primary \">Lire la suite<\/a><\/div>        <\/div>\n            <\/div>\n      \n  \n      <div  class=\"zw-cgb latestPostsContent px-0 col-12 col-md-12 col-menu-4 post   show-featured-image \">\n\n\n        <div class=\"image-container single-featured\"><a href = \"https:\/\/www.atreus.de\/fr\/communique-de-presse\/heidrick-struggles-acquiert-atreus\/\"><img decoding=\"async\" loading=\"lazy\" width=\"290\" height=\"251\" alt=\"Atreus\" src=\"https:\/\/www.atreus.de\/wp-content\/themes\/zw-atr-theme\/assets\/images\/Platzhalter.jpg\" title=\"atreus_\"><\/a><\/div><div class=\"image-container double-featured\"><a href = \"https:\/\/www.atreus.de\/fr\/communique-de-presse\/heidrick-struggles-acquiert-atreus\/\"><img decoding=\"async\" loading=\"lazy\" width=\"290\" height=\"251\" alt=\"Atreus\" src=\"https:\/\/www.atreus.de\/wp-content\/themes\/zw-atr-theme\/assets\/images\/Platzhalter.jpg\" title=\"atreus_\"><\/a><\/div>        <div class=\"content-container has-excerpt posttype-post blue-900 white-color\">\n          <div class=\"preheadline-container parent-has-padding\"><p class=\"zw-cgb preheadline\">Communiqu\u00e9 de presse<\/p><\/div><a href = \"https:\/\/www.atreus.de\/fr\/communique-de-presse\/heidrick-struggles-acquiert-atreus\/\"><h2 class=\" zw-cgb headline\">Heidrick &amp; Struggles acquiert Atreus<\/h2><\/a><p class=\" zw-cgb fulltext\">MUNICH, 2 f\u00e9vrier 2023 \u2014 En concluant avec succ\u00e8s cette acquisition, la soci\u00e9t\u00e9 cot\u00e9e en bourse Heidrick &#038; Struggles (Nasdaq\u00a0: HSII), l\u2019un des principaux fournisseurs de services de conseil en leadership mondial et de solutions de gestion des talents \u00e0 la demande, dont le &#8230;<\/p><div class=\"post-meta-info-container\"><div class=\"post-read-time\"><p class=\"zw-cgb fulltext\"><i class=\"far fa-clock\"><\/i>4 temps de lecture min<\/p><\/div><div class=\"post-rating-container d-none\"><!-- FeedbackWP Plugin - Results Widget --><div  class=\"rmp-results-widget js-rmp-results-widget js-rmp-results-widget--524328 \"  data-post-id=\"524328\">  <div class=\"rmp-results-widget__visual-rating\">    <i class=\"js-rmp-results-icon rmp-icon rmp-icon--ratings rmp-icon--star \"><\/i><i class=\"js-rmp-results-icon rmp-icon rmp-icon--ratings rmp-icon--star \"><\/i><i class=\"js-rmp-results-icon rmp-icon rmp-icon--ratings rmp-icon--star \"><\/i><i class=\"js-rmp-results-icon rmp-icon rmp-icon--ratings rmp-icon--star \"><\/i><i class=\"js-rmp-results-icon rmp-icon rmp-icon--ratings rmp-icon--star \"><\/i>  <\/div>  <div class=\"rmp-results-widget__avg-rating\">    <span class=\"js-rmp-avg-rating\">          <\/span>  <\/div>  <div class=\"rmp-results-widget__vote-count\">    (<span class=\"js-rmp-vote-count\"><\/span>)  <\/div><\/div> <\/div><div class=\"post-social-share\"><div class=\"zw-social-share dropdown show\">\r\n        <a class=\"zw-social-share-toggler\" href=\"#\" role=\"button\" id=\"dropdownMenuLink\" data-toggle=\"dropdown\" aria-haspopup=\"true\" aria-expanded=\"false\">\r\n        <i class=\"fas fa-share-alt\"><\/i><span class=\"zw-share-meta\">Partager<\/span>\r\n        <\/a>\r\n        <div class=\"zw-share-dropdown-menu dropdown-menu\" aria-labelledby=\"dropdownMenuLink\"><div class=\"dropdown-inner\"><p class=\"zw-share-heading fulltext\">Partager<\/p><a class=\"zw-social-share-toggler fulltext\" href=\"#\" role=\"button\" id=\"dropdownMenuLink\" data-toggle=\"dropdown\" aria-label=\"Close\">\u2715<\/a><div class=\"social-inner-icons\"><a class=\"dropdown-item \" target=\"_blank\" rel=\"nofollow\" href=\"https:\/\/www.linkedin.com\/cws\/share?url=https%3A%2F%2Fwww.atreus.de%2Ffr%2Fcommunique-de-presse%2Fheidrick-struggles-acquiert-atreus%2F&amp;title=Heidrick+%26amp%3B+Struggles+acquiert+Atreus\"><i class=\"fab fa-linkedin fa-fw\"><\/i><\/a><a class=\"dropdown-item \" target=\"_blank\" rel=\"nofollow\" href=\"https:\/\/www.xing.com\/spi\/shares\/new?url=https%3A%2F%2Fwww.atreus.de%2Ffr%2Fcommunique-de-presse%2Fheidrick-struggles-acquiert-atreus%2F\"><i class=\"fab fa-xing fa-fw\"><\/i><\/a><a class=\"dropdown-item \" target=\"_blank\" rel=\"nofollow\" href=\"https:\/\/www.facebook.com\/sharer\/sharer.php?u=https%3A%2F%2Fwww.atreus.de%2Ffr%2Fcommunique-de-presse%2Fheidrick-struggles-acquiert-atreus%2F&amp;t=Heidrick+%26amp%3B+Struggles+acquiert+Atreus\"><i class=\"fab fa-facebook-square fa-fw\"><\/i><\/a><a class=\"dropdown-item \"  target=\"_blank\" rel=\"nofollow\" href=\"https:\/\/twitter.com\/intent\/tweet?url=https%3A%2F%2Fwww.atreus.de%2Ffr%2Fcommunique-de-presse%2Fheidrick-struggles-acquiert-atreus%2F&amp;text=Heidrick+%26amp%3B+Struggles+acquiert+Atreus\"><i class=\"fab fa-twitter fa-fw\"><\/i><\/a>  <\/div><\/div><\/div>\r\n    <\/div><\/div><\/div><div class=\"zw-cgb zw-cgb-button-container \"><a href=\"https:\/\/www.atreus.de\/fr\/communique-de-presse\/heidrick-struggles-acquiert-atreus\/\" class=\"zw-cgb btn btn-primary \">Lire la suite<\/a><\/div>        <\/div>\n            <\/div>\n      <div class=\"zw-spacer px-0\"><\/div>\n        <\/div>\n    <\/div>\n\n\n\n    <div  class=\"zw-cgb    infoblock default-margin black-color  \">\n      <div class=\" row\">\n        <div class=\"zw-cgb-content has-padding col-12\">\n          <div class=\"preheadline-container parent-has-padding\"><h4 class=\" zw-cgb preheadline ' .  . '\">\u00c9tudes de cas<\/h4><\/div><div class=\"inner-content parent-has-padding\"><p class=\" zw-cgb fulltext \">Atreus a d\u00e9j\u00e0 r\u00e9alis\u00e9 avec succ\u00e8s plus de 1.500 projets de management de transition en Allemagne et \u00e0 l\u2019\u00e9tranger, la plupart du temps pour le compte du top management, mais souvent aussi en collaboration de confiance avec des conseils de surveillance, des associ\u00e9s familiaux, des partenaires de soci\u00e9t\u00e9s de capital-investissement et, dans des situations de redressement, des repr\u00e9sentants de banques, des fiduciaires ou des administrateurs judiciaires. Nos \u00e9tudes de cas, votre succ\u00e8s&nbsp;:<\/p><div class=\"link-container\"><div class=\"zw-cgb zw-cgb-button-container \"><a class=\"zw-cgb btn btn-primary \" href=\"https:\/\/www.atreus.de\/fr\/?page_id=621991\">\u00c9tudes de cas<\/a><\/div><\/div><\/div>        <\/div>\n      <\/div>\n    <\/div>\n\n\n\n    <div  class=\"zw-cgb  latestPosts default-margin \">\n      <div class=\"row zw-cgb-content\">\n        \n      <div  class=\"zw-cgb latestPostsContent px-0 col-12 col-md-6 col-menu-4 publication   show-featured-image \">\n\n\n        <div class=\"image-container single-featured\"><a href = \"https:\/\/www.atreus.de\/fr\/publication\/etude-de-cas\/analyse-de-terrain-apres-vente-des-batteries-lithium-ion-installees\/\"><span class=\"copyright-image\">\u00a9fotolia.com, Syda Productions<\/span><img decoding=\"async\" loading=\"lazy\" alt=\"atreus_\" src=\"https:\/\/www.atreus.de\/wp-content\/uploads\/2022\/03\/teaser-2u3-sp-03-Automotive.jpg\" srcset=\"https:\/\/www.atreus.de\/wp-content\/uploads\/2022\/03\/teaser-2u3-sp-03-Automotive.jpg 823w, https:\/\/www.atreus.de\/wp-content\/uploads\/2022\/03\/teaser-2u3-sp-03-Automotive-768x578.jpg 768w, https:\/\/www.atreus.de\/wp-content\/uploads\/2022\/03\/teaser-2u3-sp-03-Automotive-480x361.jpg 480w\" sizes=\"(max-width: 1024px) 100vw, 1024px\" style=\"aspect-ratio:823\/619 !important\" title=\"atreus_\"><\/a><\/div><div class=\"image-container double-featured\"><a href = \"https:\/\/www.atreus.de\/fr\/publication\/etude-de-cas\/analyse-de-terrain-apres-vente-des-batteries-lithium-ion-installees\/\"><span class=\"copyright-image\">\u00a9fotolia.com, Syda Productions<\/span><img decoding=\"async\" loading=\"lazy\" alt=\"atreus_\" src=\"https:\/\/www.atreus.de\/wp-content\/uploads\/2022\/03\/teaser-60z30-03-Automotive.jpg\" srcset=\"https:\/\/www.atreus.de\/wp-content\/uploads\/2022\/03\/teaser-60z30-03-Automotive.jpg 1098w, https:\/\/www.atreus.de\/wp-content\/uploads\/2022\/03\/teaser-60z30-03-Automotive-768x288.jpg 768w, https:\/\/www.atreus.de\/wp-content\/uploads\/2022\/03\/teaser-60z30-03-Automotive-1024x384.jpg 1024w, https:\/\/www.atreus.de\/wp-content\/uploads\/2022\/03\/teaser-60z30-03-Automotive-480x180.jpg 480w\" sizes=\"(max-width: 1024px) 100vw, 1024px\" style=\"aspect-ratio:1098\/412 !important\" title=\"atreus_\"><\/a><\/div>        <div class=\"content-container has-excerpt posttype-publication blue-400 white-color\">\n          <div class=\"preheadline-container parent-has-padding\"><p class=\"zw-cgb preheadline\">\u00c9tude de cas<\/p><\/div><a href = \"https:\/\/www.atreus.de\/fr\/publication\/etude-de-cas\/analyse-de-terrain-apres-vente-des-batteries-lithium-ion-installees\/\"><h2 class=\" zw-cgb headline\">Analyse de terrain apr\u00e8s-vente des batteries lithium-ion install\u00e9es<\/h2><\/a><p class=\" zw-cgb fulltext\">Un fournisseur de l\u2019industrie automobile d\u00e9veloppe, produit et vend des batteries au lithium. Toutefois, l\u2019ensemble des r\u00e8gles r\u00e9gissant les activit\u00e9s de maintenance sur le terrain est insuffisant. Un manager d\u2019Atreus se charge de l\u2019analyse de terrain apr\u00e8s-vente, identifie et quantifie les risques et satisfait &#8230;<\/p><div class=\"zw-cgb zw-cgb-button-container \"><a href=\"https:\/\/www.atreus.de\/fr\/publication\/etude-de-cas\/analyse-de-terrain-apres-vente-des-batteries-lithium-ion-installees\/\" class=\"zw-cgb btn btn-primary \">Lire la suite<\/a><\/div>        <\/div>\n            <\/div>\n      \n  \n      <div  class=\"zw-cgb latestPostsContent px-0 col-12 col-md-6 col-menu-4 publication   show-featured-image \">\n\n\n        <div class=\"image-container single-featured\"><a href = \"https:\/\/www.atreus.de\/fr\/publication\/etude-de-cas\/directeur-des-operations-chez-un-developpeur-de-projets-et-exploitant-dinstallations-h2-vertes\/\"><span class=\"copyright-image\">\u00a9lovelyday12 \u2013 stock.adobe.com<\/span><img decoding=\"async\" loading=\"lazy\" alt=\"atreus_\" src=\"https:\/\/www.atreus.de\/wp-content\/uploads\/2022\/03\/teaser-img-fuer-2-und-3-spalter-03-6.jpg\" srcset=\"https:\/\/www.atreus.de\/wp-content\/uploads\/2022\/03\/teaser-img-fuer-2-und-3-spalter-03-6.jpg 823w, https:\/\/www.atreus.de\/wp-content\/uploads\/2022\/03\/teaser-img-fuer-2-und-3-spalter-03-6-768x578.jpg 768w, https:\/\/www.atreus.de\/wp-content\/uploads\/2022\/03\/teaser-img-fuer-2-und-3-spalter-03-6-480x361.jpg 480w\" sizes=\"(max-width: 1024px) 100vw, 1024px\" style=\"aspect-ratio:823\/619 !important\" title=\"atreus_\"><\/a><\/div><div class=\"image-container double-featured\"><a href = \"https:\/\/www.atreus.de\/fr\/publication\/etude-de-cas\/directeur-des-operations-chez-un-developpeur-de-projets-et-exploitant-dinstallations-h2-vertes\/\"><span class=\"copyright-image\">\u00a9lovelyday12 \u2013 stock.adobe.com<\/span><img decoding=\"async\" loading=\"lazy\" alt=\"atreus_\" src=\"https:\/\/www.atreus.de\/wp-content\/uploads\/2022\/03\/teaser-img-60zu30-03-6.jpg\" srcset=\"https:\/\/www.atreus.de\/wp-content\/uploads\/2022\/03\/teaser-img-60zu30-03-6.jpg 1098w, https:\/\/www.atreus.de\/wp-content\/uploads\/2022\/03\/teaser-img-60zu30-03-6-768x288.jpg 768w, https:\/\/www.atreus.de\/wp-content\/uploads\/2022\/03\/teaser-img-60zu30-03-6-1024x384.jpg 1024w, https:\/\/www.atreus.de\/wp-content\/uploads\/2022\/03\/teaser-img-60zu30-03-6-480x180.jpg 480w\" sizes=\"(max-width: 1024px) 100vw, 1024px\" style=\"aspect-ratio:1098\/412 !important\" title=\"atreus_\"><\/a><\/div>        <div class=\"content-container has-excerpt posttype-publication blue-600 white-color\">\n          <div class=\"preheadline-container parent-has-padding\"><p class=\"zw-cgb preheadline\">\u00c9tude de cas<\/p><\/div><a href = \"https:\/\/www.atreus.de\/fr\/publication\/etude-de-cas\/directeur-des-operations-chez-un-developpeur-de-projets-et-exploitant-dinstallations-h2-vertes\/\"><h2 class=\" zw-cgb headline\">Directeur des op\u00e9rations chez un d\u00e9veloppeur de projets et exploitant d\u2019installations H2 vertes<\/h2><\/a><p class=\" zw-cgb fulltext\">Un manager d\u2019Atreus, dans le r\u00f4le du directeur des op\u00e9rations, est responsable de la garantie du financement pour le projet PID. En outre, il identifie et conclut des partenariats avec les acteurs cl\u00e9s et met en place des structures rudimentaires.<\/p><div class=\"zw-cgb zw-cgb-button-container \"><a href=\"https:\/\/www.atreus.de\/fr\/publication\/etude-de-cas\/directeur-des-operations-chez-un-developpeur-de-projets-et-exploitant-dinstallations-h2-vertes\/\" class=\"zw-cgb btn btn-primary \">Lire la suite<\/a><\/div>        <\/div>\n            <\/div>\n      \n  \n      <div  class=\"zw-cgb latestPostsContent px-0 col-12 col-md-12 col-menu-4 publication   show-featured-image \">\n\n\n        <div class=\"image-container single-featured\"><a href = \"https:\/\/www.atreus.de\/fr\/publication\/etude-de-cas\/pdg-de-transition-pour-le-redressement-dune-filiale-americaine\/\"><span class=\"copyright-image\"><\/span><img decoding=\"async\" loading=\"lazy\" alt=\"atreus_\" src=\"https:\/\/www.atreus.de\/wp-content\/uploads\/2022\/03\/teaser-img-fuer-2-und-3-spalter-01-4.jpg\" srcset=\"https:\/\/www.atreus.de\/wp-content\/uploads\/2022\/03\/teaser-img-fuer-2-und-3-spalter-01-4.jpg 823w, https:\/\/www.atreus.de\/wp-content\/uploads\/2022\/03\/teaser-img-fuer-2-und-3-spalter-01-4-768x578.jpg 768w, https:\/\/www.atreus.de\/wp-content\/uploads\/2022\/03\/teaser-img-fuer-2-und-3-spalter-01-4-480x361.jpg 480w\" sizes=\"(max-width: 1024px) 100vw, 1024px\" style=\"aspect-ratio:823\/619 !important\" title=\"atreus_\"><\/a><\/div><div class=\"image-container double-featured\"><a href = \"https:\/\/www.atreus.de\/fr\/publication\/etude-de-cas\/pdg-de-transition-pour-le-redressement-dune-filiale-americaine\/\"><span class=\"copyright-image\"><\/span><img decoding=\"async\" loading=\"lazy\" alt=\"atreus_\" src=\"https:\/\/www.atreus.de\/wp-content\/uploads\/2022\/03\/teaser-img-60zu30-01-5.jpg\" srcset=\"https:\/\/www.atreus.de\/wp-content\/uploads\/2022\/03\/teaser-img-60zu30-01-5.jpg 1098w, https:\/\/www.atreus.de\/wp-content\/uploads\/2022\/03\/teaser-img-60zu30-01-5-768x288.jpg 768w, https:\/\/www.atreus.de\/wp-content\/uploads\/2022\/03\/teaser-img-60zu30-01-5-1024x384.jpg 1024w, https:\/\/www.atreus.de\/wp-content\/uploads\/2022\/03\/teaser-img-60zu30-01-5-480x180.jpg 480w\" sizes=\"(max-width: 1024px) 100vw, 1024px\" style=\"aspect-ratio:1098\/412 !important\" title=\"atreus_\"><\/a><\/div>        <div class=\"content-container has-excerpt posttype-publication blue-900 white-color\">\n          <div class=\"preheadline-container parent-has-padding\"><p class=\"zw-cgb preheadline\">\u00c9tude de cas<\/p><\/div><a href = \"https:\/\/www.atreus.de\/fr\/publication\/etude-de-cas\/pdg-de-transition-pour-le-redressement-dune-filiale-americaine\/\"><h2 class=\" zw-cgb headline\">Directeur g\u00e9n\u00e9ral de transition pour le redressement d\u2019une filiale am\u00e9ricaine<\/h2><\/a><p class=\" zw-cgb fulltext\">En pleine crise pand\u00e9mique, il faut remplacer l\u2019ancien directeur g\u00e9n\u00e9ral et r\u00e9ussir un redressement global\u00a0: un directeur g\u00e9n\u00e9ral Atreus prend ses responsabilit\u00e9s pour mettre en place de nouveaux processus de contr\u00f4le et de d\u00e9veloppement commercial et r\u00e9duire massivement les co\u00fbts.<\/p><div class=\"zw-cgb zw-cgb-button-container \"><a href=\"https:\/\/www.atreus.de\/fr\/publication\/etude-de-cas\/pdg-de-transition-pour-le-redressement-dune-filiale-americaine\/\" class=\"zw-cgb btn btn-primary \">Lire la suite<\/a><\/div>        <\/div>\n            <\/div>\n      <div class=\"zw-spacer px-0\"><\/div>\n        <\/div>\n    <\/div>\n\n\n\n<div  class=\"zw-cgb  sidebarblock default-margin \">\r\n      <div class=\"row\">\r\n        \r\n\t\t<div class=\"zw-cgb global-widget right  black-color  no-margin\">\r\n\t\t\t\t\t\t\t<div class=\"bg-img-container\">\r\n\t\t\t\t\t<img decoding=\"async\" loading=\"lazy\" width=\"1920\" height=\"720\" src=\"https:\/\/www.atreus.de\/wp-content\/uploads\/2022\/03\/widget-diversity-01.jpg\" style=\"aspect-ratio:1920\/720 !important\" alt=\"atreus_\" title=\"atreus_\">\t\t\t\t<\/div>\r\n\t\t\t\t\t\t<div class=\"inner-container bg-white\">\r\n\t\t\t\t      <div class=\"headlinetwo-container\">\r\n\t\t<p class=\"zw-cgb headline two\">Les managers d\u2019Atreus sont des connaisseurs, des experts, des hommes et des femmes d\u2019action.<\/p>\r\n\t  <\/div> \t\t\t\t<div class=\"widget-content fulltext\">\r\n\r\n\t\t\t\t\t\t<p><span class=\"TextRun SCXW55000913 BCX8\" lang=\"FR-FR\" xml:lang=\"FR-FR\" data-contrast=\"auto\"><span class=\"NormalTextRun SCXW55000913 BCX8\">Pour Atreus, la diversit\u00e9 est aussi naturelle que le traitement respectueux de chaque personne. Quand nous parlons de managers Atreus ou de managers <\/span><span class=\"NormalTextRun SCXW55000913 BCX8\">de transition<\/span><span class=\"NormalTextRun SCXW55000913 BCX8\">, nous parlons d<\/span><span class=\"NormalTextRun SCXW55000913 BCX8\">\u2019<\/span><span class=\"NormalTextRun SCXW55000913 BCX8\">hommes et de femmes d<\/span><span class=\"NormalTextRun SCXW55000913 BCX8\">\u2019<\/span><span class=\"NormalTextRun SCXW55000913 BCX8\">action Atreus et de la ressource parfaite<\/span><span class=\"NormalTextRun SCXW55000913 BCX8\"> en mati\u00e8re de gestion de transition<\/span><span class=\"NormalTextRun SCXW55000913 BCX8\"> (h\/f).<\/span><\/span><span class=\"EOP SCXW55000913 BCX8\" data-ccp-props=\"{&quot;201341983&quot;:0,&quot;335559740&quot;:259}\">\u00a0<\/span><\/p>\n\r\n\r\n\t\t\t\t<\/div>\r\n\t\t\t\t\t\t\t\t\t\t\t<\/div>\r\n\t\t<\/div>\r\n\t<\/div><\/div>    \n\n\n<div style=\"height:100px\" aria-hidden=\"true\" class=\"wp-block-spacer\"><\/div>\n\n\n\n    <div  class=\"zw-cgb  latestPosts default-margin \">\n      <div class=\"row zw-cgb-content\">\n        \n      <div  class=\"zw-cgb latestPostsContent px-0 col-12 post content-1-3  show-featured-image \">\n\n\n        <div class=\"image-container single-featured\"><a href = \"https:\/\/www.atreus.de\/fr\/atreus-dans-les-medias\/le-management-de-transition-une-profession-passionnante-mais-ou-sont-les-femmes\/\"><span class=\"copyright-image\"><\/span><img decoding=\"async\" loading=\"lazy\" alt=\"atreus_\" src=\"https:\/\/www.atreus.de\/wp-content\/uploads\/2024\/10\/teaser-img-fuer-2-und-3-spalter-20230223-artikel-interim-Management-als-spannendes-berufsbild.jpg\" srcset=\"https:\/\/www.atreus.de\/wp-content\/uploads\/2024\/10\/teaser-img-fuer-2-und-3-spalter-20230223-artikel-interim-Management-als-spannendes-berufsbild.jpg 823w, https:\/\/www.atreus.de\/wp-content\/uploads\/2024\/10\/teaser-img-fuer-2-und-3-spalter-20230223-artikel-interim-Management-als-spannendes-berufsbild-768x578.jpg 768w, https:\/\/www.atreus.de\/wp-content\/uploads\/2024\/10\/teaser-img-fuer-2-und-3-spalter-20230223-artikel-interim-Management-als-spannendes-berufsbild-480x361.jpg 480w\" sizes=\"(max-width: 1024px) 100vw, 1024px\" style=\"aspect-ratio:823\/619 !important\" title=\"atreus_\"><\/a><\/div><div class=\"image-container double-featured\"><a href = \"https:\/\/www.atreus.de\/fr\/atreus-dans-les-medias\/le-management-de-transition-une-profession-passionnante-mais-ou-sont-les-femmes\/\"><span class=\"copyright-image\"><\/span><img decoding=\"async\" loading=\"lazy\" alt=\"atreus_\" src=\"https:\/\/www.atreus.de\/wp-content\/uploads\/2024\/10\/teaser-img-fuer-2-und-3-spalter-20230223-artikel-interim-Management-als-spannendes-berufsbild.jpg\" srcset=\"https:\/\/www.atreus.de\/wp-content\/uploads\/2024\/10\/teaser-img-fuer-2-und-3-spalter-20230223-artikel-interim-Management-als-spannendes-berufsbild.jpg 823w, https:\/\/www.atreus.de\/wp-content\/uploads\/2024\/10\/teaser-img-fuer-2-und-3-spalter-20230223-artikel-interim-Management-als-spannendes-berufsbild-768x578.jpg 768w, https:\/\/www.atreus.de\/wp-content\/uploads\/2024\/10\/teaser-img-fuer-2-und-3-spalter-20230223-artikel-interim-Management-als-spannendes-berufsbild-480x361.jpg 480w\" sizes=\"(max-width: 1024px) 100vw, 1024px\" style=\"aspect-ratio:823\/619 !important\" title=\"atreus_\"><\/a><\/div>        <div class=\"content-container has-excerpt posttype-post blue-900 white-color\">\n          <div class=\"preheadline-container parent-has-padding\"><p class=\"zw-cgb preheadline\">Atreus dans les m\u00e9dias<\/p><\/div><a href = \"https:\/\/www.atreus.de\/fr\/atreus-dans-les-medias\/le-management-de-transition-une-profession-passionnante-mais-ou-sont-les-femmes\/\"><h2 class=\" zw-cgb headline\">Le management de transition, une profession passionnante \u2014 mais o\u00f9 sont les femmes&nbsp;?<\/h2><\/a><p class=\" zw-cgb fulltext\">Eva von Rottkay, consultante RH chez Atreus, parle du profil professionnel du management de transition et de la raison pour laquelle les femmes sont encore sous-repr\u00e9sent\u00e9es<\/p><div class=\"post-meta-info-container\"><div class=\"post-read-time\"><p class=\"zw-cgb fulltext\"><i class=\"far fa-clock\"><\/i>1 temps de lecture min<\/p><\/div><div class=\"post-rating-container d-none\"><!-- FeedbackWP Plugin - Results Widget --><div  class=\"rmp-results-widget js-rmp-results-widget js-rmp-results-widget--524336 rmp-results-widget--not-rated\"  data-post-id=\"524336\">  <div class=\"rmp-results-widget__visual-rating\">    <i class=\"js-rmp-results-icon rmp-icon rmp-icon--ratings rmp-icon--star \"><\/i><i class=\"js-rmp-results-icon rmp-icon rmp-icon--ratings rmp-icon--star \"><\/i><i class=\"js-rmp-results-icon rmp-icon rmp-icon--ratings rmp-icon--star \"><\/i><i class=\"js-rmp-results-icon rmp-icon rmp-icon--ratings rmp-icon--star \"><\/i><i class=\"js-rmp-results-icon rmp-icon rmp-icon--ratings rmp-icon--star \"><\/i>  <\/div>  <div class=\"rmp-results-widget__avg-rating\">    <span class=\"js-rmp-avg-rating\">          <\/span>  <\/div>  <div class=\"rmp-results-widget__vote-count\">    (<span class=\"js-rmp-vote-count\"><\/span>)  <\/div><\/div> <\/div><div class=\"post-social-share\"><div class=\"zw-social-share dropdown show\">\r\n        <a class=\"zw-social-share-toggler\" href=\"#\" role=\"button\" id=\"dropdownMenuLink\" data-toggle=\"dropdown\" aria-haspopup=\"true\" aria-expanded=\"false\">\r\n        <i class=\"fas fa-share-alt\"><\/i><span class=\"zw-share-meta\">Partager<\/span>\r\n        <\/a>\r\n        <div class=\"zw-share-dropdown-menu dropdown-menu\" aria-labelledby=\"dropdownMenuLink\"><div class=\"dropdown-inner\"><p class=\"zw-share-heading fulltext\">Partager<\/p><a class=\"zw-social-share-toggler fulltext\" href=\"#\" role=\"button\" id=\"dropdownMenuLink\" data-toggle=\"dropdown\" aria-label=\"Close\">\u2715<\/a><div class=\"social-inner-icons\"><a class=\"dropdown-item \" target=\"_blank\" rel=\"nofollow\" href=\"https:\/\/www.linkedin.com\/cws\/share?url=https%3A%2F%2Fwww.atreus.de%2Ffr%2Fatreus-dans-les-medias%2Fle-management-de-transition-une-profession-passionnante-mais-ou-sont-les-femmes%2F&amp;title=Le+management+de+transition%2C+une+profession+passionnante+%E2%80%94+mais+o%C3%B9+sont+les+femmes%26nbsp%3B%3F\"><i class=\"fab fa-linkedin fa-fw\"><\/i><\/a><a class=\"dropdown-item \" target=\"_blank\" rel=\"nofollow\" href=\"https:\/\/www.xing.com\/spi\/shares\/new?url=https%3A%2F%2Fwww.atreus.de%2Ffr%2Fatreus-dans-les-medias%2Fle-management-de-transition-une-profession-passionnante-mais-ou-sont-les-femmes%2F\"><i class=\"fab fa-xing fa-fw\"><\/i><\/a><a class=\"dropdown-item \" target=\"_blank\" rel=\"nofollow\" href=\"https:\/\/www.facebook.com\/sharer\/sharer.php?u=https%3A%2F%2Fwww.atreus.de%2Ffr%2Fatreus-dans-les-medias%2Fle-management-de-transition-une-profession-passionnante-mais-ou-sont-les-femmes%2F&amp;t=Le+management+de+transition%2C+une+profession+passionnante+%E2%80%94+mais+o%C3%B9+sont+les+femmes%26nbsp%3B%3F\"><i class=\"fab fa-facebook-square fa-fw\"><\/i><\/a><a class=\"dropdown-item \"  target=\"_blank\" rel=\"nofollow\" href=\"https:\/\/twitter.com\/intent\/tweet?url=https%3A%2F%2Fwww.atreus.de%2Ffr%2Fatreus-dans-les-medias%2Fle-management-de-transition-une-profession-passionnante-mais-ou-sont-les-femmes%2F&amp;text=Le+management+de+transition%2C+une+profession+passionnante+%E2%80%94+mais+o%C3%B9+sont+les+femmes%26nbsp%3B%3F\"><i class=\"fab fa-twitter fa-fw\"><\/i><\/a>  <\/div><\/div><\/div>\r\n    <\/div><\/div><\/div><div class=\"zw-cgb zw-cgb-button-container \"><a href=\"https:\/\/www.atreus.de\/fr\/atreus-dans-les-medias\/le-management-de-transition-une-profession-passionnante-mais-ou-sont-les-femmes\/\" class=\"zw-cgb btn btn-primary \">Lire la suite<\/a><\/div>        <\/div>\n            <\/div>\n      <div class=\"zw-spacer px-0\"><\/div>\n        <\/div>\n    <\/div>\n\n\n\n\n<div style=\"height:100px\" aria-hidden=\"true\" class=\"wp-block-spacer\"><\/div>\n","protected":false},"excerpt":{"rendered":"<div  class=\"zw-cgb header-standard-block  desktop-has-image mobile-has-image default-margin white-color content-right content-down zw-atr-portrait-pos-default zw-atr-landscape-pos-center-top height-default \">\n<div class=\"row\">\n<div class=\"zw-cgb-content col-12 mx-auto\">\n<div  class=\"header-standard-inner-container\">\n<div class=\"bg-image\"><span class=\"copyright-image d-none d-lg-block\">\u00a9 Caroline Floritz<\/span><img decoding=\"async\" class=\"respnsive-img d-none d-lg-block\" loading=\"lazy\" alt=\"Interim Management\" src=\"https:\/\/www.atreus.de\/wp-content\/uploads\/2022\/03\/header-interim-management-InterimManagement.jpg\" srcset=\"https:\/\/www.atreus.de\/wp-content\/uploads\/2022\/03\/header-interim-management-InterimManagement.jpg 1920w, https:\/\/www.atreus.de\/wp-content\/uploads\/2022\/03\/header-interim-management-InterimManagement-768x432.jpg 768w, https:\/\/www.atreus.de\/wp-content\/uploads\/2022\/03\/header-interim-management-InterimManagement-1024x576.jpg 1024w, https:\/\/www.atreus.de\/wp-content\/uploads\/2022\/03\/header-interim-management-InterimManagement-480x270.jpg 480w, https:\/\/www.atreus.de\/wp-content\/uploads\/2022\/03\/header-interim-management-InterimManagement-1440x810.jpg 1440w\" sizes=\"(max-width: 1920px) 100vw, 1920px\"style='aspect-ratio:1920\/1080 !important'><span class=\"copyright-image d-lg-none d-block\">\u00a9 Caroline Floritz<\/span><img decoding=\"async\" class=\"responsive-img d-lg-none d-block\" loading=\"lazy\" alt=\"Interim Management\" src=\"https:\/\/www.atreus.de\/wp-content\/uploads\/2022\/03\/teaser-img-fuer-2-und-3-spalter-InterimMangement.jpg\" srcset=\"https:\/\/www.atreus.de\/wp-content\/uploads\/2022\/03\/teaser-img-fuer-2-und-3-spalter-InterimMangement.jpg 823w, https:\/\/www.atreus.de\/wp-content\/uploads\/2022\/03\/teaser-img-fuer-2-und-3-spalter-InterimMangement-768x578.jpg 768w, https:\/\/www.atreus.de\/wp-content\/uploads\/2022\/03\/teaser-img-fuer-2-und-3-spalter-InterimMangement-480x361.jpg 480w\" sizes=\"(max-width: 1024px) 100vw, 1024px\"style='aspect-ratio:823\/619 !important'><\/div>\n<div class=\"preheadline-container\">\n<div class=\"zw-breadcrumb-container black-color d-md-down-none\"><\/div>\n<p class=\" zw-cgb preheadline zw-prevent-animation\">Sur la voie rapide vers l\u2019avenir&nbsp;!<\/p>\n<h2 class=\" zw-cgb headline zw-prevent-animation\">Management de transition<\/h2>\n<\/div>\n<\/div>\n<\/div>\n<\/div>\n<\/div>\n<div class=\"zw-breadcrumb-container black-color d-none d-md-down-block\">\n<nav aria-label=\"breadcrumbs\" class=\"rank-math-breadcrumb\">\n<p><span class=\"label\">c<\/span> <span class=\"last\">Home<\/span><\/p>\n<\/nav>\n<\/div>\n","protected":false},"author":1,"featured_media":483579,"parent":515542,"menu_order":5,"comment_status":"closed","ping_status":"closed","template":"","meta":{"_relevanssi_hide_post":"","_relevanssi_hide_content":"","_relevanssi_pin_for_all":"","_relevanssi_pin_keywords":"","_relevanssi_unpin_keywords":"","_relevanssi_related_keywords":"","_relevanssi_related_include_ids":"","_relevanssi_related_exclude_ids":"","_relevanssi_related_no_append":"","_relevanssi_related_not_related":"","_relevanssi_related_posts":"524328,524329,524345,524337,524314,524369","_relevanssi_noindex_reason":"","_zw_phone_override":"","footnotes":""},"competences":[683],"industry-sectors":[],"class_list":["post-515679","page","type-page","status-publish","has-post-thumbnail","hentry","competences-management-de-transition"],"_links":{"self":[{"href":"https:\/\/www.atreus.de\/fr\/wp-json\/wp\/v2\/pages\/515679","targetHints":{"allow":["GET"]}}],"collection":[{"href":"https:\/\/www.atreus.de\/fr\/wp-json\/wp\/v2\/pages"}],"about":[{"href":"https:\/\/www.atreus.de\/fr\/wp-json\/wp\/v2\/types\/page"}],"author":[{"embeddable":true,"href":"https:\/\/www.atreus.de\/fr\/wp-json\/wp\/v2\/users\/1"}],"replies":[{"embeddable":true,"href":"https:\/\/www.atreus.de\/fr\/wp-json\/wp\/v2\/comments?post=515679"}],"version-history":[{"count":0,"href":"https:\/\/www.atreus.de\/fr\/wp-json\/wp\/v2\/pages\/515679\/revisions"}],"up":[{"embeddable":true,"href":"https:\/\/www.atreus.de\/fr\/wp-json\/wp\/v2\/pages\/515542"}],"wp:featuredmedia":[{"embeddable":true,"href":"https:\/\/www.atreus.de\/fr\/wp-json\/wp\/v2\/media\/483579"}],"wp:attachment":[{"href":"https:\/\/www.atreus.de\/fr\/wp-json\/wp\/v2\/media?parent=515679"}],"wp:term":[{"taxonomy":"competences","embeddable":true,"href":"https:\/\/www.atreus.de\/fr\/wp-json\/wp\/v2\/competences?post=515679"},{"taxonomy":"industry-sectors","embeddable":true,"href":"https:\/\/www.atreus.de\/fr\/wp-json\/wp\/v2\/industry-sectors?post=515679"}],"curies":[{"name":"wp","href":"https:\/\/api.w.org\/{rel}","templated":true}]}}