{"id":548464,"date":"2022-02-16T11:32:34","date_gmt":"2022-02-16T10:32:34","guid":{"rendered":"https:\/\/www.atreus.de\/?page_id=548464"},"modified":"2025-04-24T11:35:58","modified_gmt":"2025-04-24T09:35:58","slug":"automobile","status":"publish","type":"page","link":"https:\/\/www.atreus.de\/fr\/industries\/automobile\/","title":{"rendered":"Automobile"},"content":{"rendered":"<div  class=\"zw-cgb header-standard-block is-first-block desktop-has-image mobile-has-image default-margin white-color content-right content-down zw-atr-portrait-pos-default zw-atr-landscape-pos-default height-default \"><div class=\"row\"><div class=\"zw-cgb-content col-12 mx-auto\"><div  class=\"header-standard-inner-container\"><div class=\"bg-image\"><span class=\"copyright-image d-none d-lg-block\">\u00a9 phonlamaiphoto \u2013 stock.adobe.com<\/span><img decoding=\"async\" class=\"respnsive-img d-none d-lg-block\" loading=\"lazy\" alt=\"Automotive Industrie\" src=\"https:\/\/www.atreus.de\/wp-content\/uploads\/2022\/03\/header-automotive-Automotive.jpg\" srcset=\"https:\/\/www.atreus.de\/wp-content\/uploads\/2022\/03\/header-automotive-Automotive.jpg 1920w, https:\/\/www.atreus.de\/wp-content\/uploads\/2022\/03\/header-automotive-Automotive-768x432.jpg 768w, https:\/\/www.atreus.de\/wp-content\/uploads\/2022\/03\/header-automotive-Automotive-1024x576.jpg 1024w, https:\/\/www.atreus.de\/wp-content\/uploads\/2022\/03\/header-automotive-Automotive-480x270.jpg 480w, https:\/\/www.atreus.de\/wp-content\/uploads\/2022\/03\/header-automotive-Automotive-1440x810.jpg 1440w\" sizes=\"(max-width: 1920px) 100vw, 1920px\" style=\"aspect-ratio:1920\/1080 !important\" title=\"atreus_\"><span class=\"copyright-image d-lg-none d-block\">\u00a9 phonlamaiphoto \u2013 stock.adobe.com<\/span><img decoding=\"async\" class=\"responsive-img d-lg-none d-block\" loading=\"lazy\" alt=\"Automotive Branche\" src=\"https:\/\/www.atreus.de\/wp-content\/uploads\/2022\/03\/teaser-2u3-sp-Automotive.jpg\" srcset=\"https:\/\/www.atreus.de\/wp-content\/uploads\/2022\/03\/teaser-2u3-sp-Automotive.jpg 823w, https:\/\/www.atreus.de\/wp-content\/uploads\/2022\/03\/teaser-2u3-sp-Automotive-768x578.jpg 768w, https:\/\/www.atreus.de\/wp-content\/uploads\/2022\/03\/teaser-2u3-sp-Automotive-480x361.jpg 480w\" sizes=\"(max-width: 1024px) 100vw, 1024px\" style=\"aspect-ratio:823\/619 !important\" title=\"atreus_\"><\/div><div class=\"preheadline-container\"><div class=\"zw-breadcrumb-container black-color d-md-down-none\"><\/div><p class=\" zw-cgb preheadline zw-prevent-animation\">Tempo<\/p><h1 class=\" zw-cgb headline zw-prevent-animation\">Automobile<\/h1><\/div><\/div><\/div><\/div><\/div><div class=\"zw-breadcrumb-container black-color d-none d-md-down-block\"><nav aria-label=\"breadcrumbs\" class=\"rank-math-breadcrumb\"><p><span class=\"label\">c<\/span> <span class=\"last\">Home<\/span><\/p><\/nav><\/div>\n\n    <div  class=\"zw-cgb    infoblock default-margin black-color  \">\n      <div class=\" row\">\n        <div class=\"zw-cgb-content has-padding col-12\">\n          <div class=\"inner-content parent-has-padding\"><p class=\" zw-cgb fulltext \">Des changements et des nouveaut\u00e9s au quotidien &#8211; l&#8217;industrie automobile se trouve au milieu d&#8217;une v\u00e9ritable onde de choc de changement. Celui qui ne s&#8217;adapte pas en un clin d&#8217;\u0153il sera frein\u00e9 dans toutes ces d\u00e9marches et entreprises. En tant que \u00ab&nbsp;MEILLEUR conseiller dans le secteur de l\u2019automobile pour 2023&nbsp;\u00bb&nbsp;<sup>*<\/sup>, Atreus vous soutient avec des experts automobiles issus du management de transition qui m\u00e8nent votre entreprise sur la voie de d\u00e9passement.<\/p><p class=\" zw-cgb fulltext \"><sup>* Atreus vient d\u2019\u00eatre d\u00e9sign\u00e9 comme \u00ab MEILLEUR consultant dans le secteur de l\u2019automobile et de la restructuration pour 2023 \u00bb par le Handelsblatt.<\/sup><\/p><div class=\"link-container\"><\/div><\/div>        <\/div>\n      <\/div>\n    <\/div>\n\n\n\n<div style=\"height:100px\" aria-hidden=\"true\" class=\"wp-block-spacer\"><\/div>\n\n\n\n    <div  class=\"zw-cgb  textblock black-color zw-content-pos-center  default-margin \">\n      <div class=\"row\">\n        <div class=\"zw-cgb-content col-12 g-0\">\n          <h2 class=\"zw-cgb headline \">Atreus &#8211; Votre partenaire pour le management de transition dans le secteur automobile<\/h2><div class=\"zw-cgb unspecified\"><div  class=\"zw-cgb row  columnmaster025 default-margin \"><div class=\"columnmaster-inner-content\">    <div  class=\"zw-cgb no-image-layout columnblock25 white-color no-icon \">\n      <div class=\"zw-cgb zw-cgb-content\">\n\n        <div class=\"column-content text-center\"><div class=\"inner-content\"><ul class=\"zw-cgb-ul fulltext \"><li class=\"\"><strong>Fournisseur mondial et leader du march\u00e9 dans le domaine du management de transition :<\/strong> en Europe centrale et orientale, en Am\u00e9rique du Sud et du Nord, en Afrique du Nord et en Asie. Atreus est une soci\u00e9t\u00e9 Heidrick &amp; Struggles. Nous travaillons pour plus de 70 % des entreprises du classement Fortune 1000, avec des clients dans le monde entier, dans pratiquement tous les secteurs et toutes les industries.<\/li><li class=\"\"><strong>R\u00e9seau d&#8217;excellence : <\/strong>plus de 3 000 int\u00e9rimaires actifs dans le secteur de l\u2019automobile disponibles dans le monde entier, dont certains sont d\u00e9j\u00e0 en poste dans leur pays d&#8217;origine<\/li><li class=\"\"><strong>Partenaire reconnu et de longue date <\/strong>de fabricants et de fournisseurs renomm\u00e9s (entreprises familiales et soci\u00e9t\u00e9s cot\u00e9es en bourse)<\/li><\/ul><\/div><\/div>      <\/div>\n    <\/div>\n    <div  class=\"zw-cgb no-image-layout columnblock25 white-color no-icon \">\n      <div class=\"zw-cgb zw-cgb-content\">\n\n        <div class=\"column-content text-center\"><div class=\"inner-content\"><ul class=\"zw-cgb-ul fulltext \"><li class=\"\"><strong>Prestataires de services complets :<\/strong> Manegement de transition, mise \u00e0 disposition de travailleurs ou Executive Search (\u00e9galement en mod\u00e8le combin\u00e9)<\/li><li class=\"\"><strong>Tout pour le succ\u00e8s :<\/strong> gestion de transition, conseil orient\u00e9 vers la mise en \u0153uvre et suivi \u00e9troit par nos directeurs automobiles<\/li><li class=\"\"><strong>Orientation client :<\/strong> nous misons sur la durabilit\u00e9 et le partenariat dans la relation client<\/li><\/ul><\/div><\/div>      <\/div>\n    <\/div>\n<\/div><\/div><\/div>        <\/div>\n      <\/div>\n    <\/div>\n\n\n\n\n<div style=\"height:100px\" aria-hidden=\"true\" class=\"wp-block-spacer\"><\/div>\n\n\n\n    <div  class=\"zw-cgb  latestPosts default-margin \">\n      <div class=\"row zw-cgb-content\">\n        \n      <div  class=\"zw-cgb latestPostsContent px-0 col-12 col-md-6 col-menu-4 publication   show-featured-image \">\n\n\n        <div class=\"image-container single-featured\"><a href = \"https:\/\/www.atreus.de\/fr\/publication\/etude\/restructuration-et-transformation-2023\/\"><span class=\"copyright-image\"><\/span><img decoding=\"async\" loading=\"lazy\" alt=\"atreus_\" src=\"https:\/\/www.atreus.de\/wp-content\/uploads\/2022\/03\/teaser-2u3-sp-studie-restrukturierung-und-transformation-2021.jpg\" srcset=\"https:\/\/www.atreus.de\/wp-content\/uploads\/2022\/03\/teaser-2u3-sp-studie-restrukturierung-und-transformation-2021.jpg 823w, https:\/\/www.atreus.de\/wp-content\/uploads\/2022\/03\/teaser-2u3-sp-studie-restrukturierung-und-transformation-2021-768x578.jpg 768w, https:\/\/www.atreus.de\/wp-content\/uploads\/2022\/03\/teaser-2u3-sp-studie-restrukturierung-und-transformation-2021-480x361.jpg 480w\" sizes=\"(max-width: 1024px) 100vw, 1024px\" style=\"aspect-ratio:823\/619 !important\" title=\"atreus_\"><\/a><\/div><div class=\"image-container double-featured\"><a href = \"https:\/\/www.atreus.de\/fr\/publication\/etude\/restructuration-et-transformation-2023\/\"><span class=\"copyright-image\"><\/span><img decoding=\"async\" loading=\"lazy\" alt=\"atreus_\" src=\"https:\/\/www.atreus.de\/wp-content\/uploads\/2022\/03\/teaser-60z30-studie-restrukturierung-und-transformation-2021.jpg\" srcset=\"https:\/\/www.atreus.de\/wp-content\/uploads\/2022\/03\/teaser-60z30-studie-restrukturierung-und-transformation-2021.jpg 1098w, https:\/\/www.atreus.de\/wp-content\/uploads\/2022\/03\/teaser-60z30-studie-restrukturierung-und-transformation-2021-768x288.jpg 768w, https:\/\/www.atreus.de\/wp-content\/uploads\/2022\/03\/teaser-60z30-studie-restrukturierung-und-transformation-2021-1024x384.jpg 1024w, https:\/\/www.atreus.de\/wp-content\/uploads\/2022\/03\/teaser-60z30-studie-restrukturierung-und-transformation-2021-480x180.jpg 480w\" sizes=\"(max-width: 1024px) 100vw, 1024px\" style=\"aspect-ratio:1098\/412 !important\" title=\"atreus_\"><\/a><\/div>        <div class=\"content-container has-excerpt posttype-publication blue-600 white-color\">\n          <div class=\"preheadline-container parent-has-padding\"><p class=\"zw-cgb preheadline\">\u00c9tude<\/p><\/div><a href = \"https:\/\/www.atreus.de\/fr\/publication\/etude\/restructuration-et-transformation-2023\/\"><h2 class=\" zw-cgb headline\">Restructuration et transformation 2023<\/h2><\/a><p class=\" zw-cgb fulltext\">Les r\u00e9sultats du Barom\u00e8tre Atreus du printemps Restructuration 2023 montrent que les perspectives des entreprises allemandes restent soumises \u00e0 de nombreuses incertitudes, compte tenu des perturbations \u00e9conomiques actuelles. Les goulots d\u2019\u00e9tranglement persistants dans les livraisons, les fluctuations des prix de l\u2019\u00e9nergie et des mati\u00e8res &#8230;<\/p><div class=\"zw-cgb zw-cgb-button-container \"><a href=\"https:\/\/www.atreus.de\/fr\/publication\/etude\/restructuration-et-transformation-2023\/\" class=\"zw-cgb btn btn-primary \">Lire la suite<\/a><\/div>        <\/div>\n            <\/div>\n      \n        <\/div>\n    <\/div>\n\n\n\n    <div  class=\"zw-cgb    infoblock default-margin black-color  \">\n      <div class=\" row\">\n        <div class=\"zw-cgb-content has-padding col-12\">\n          <div class=\"preheadline-container parent-has-padding\"><p class=\" zw-cgb preheadline ' .  . '\">Offres de services<\/p><\/div><div class=\"inner-content parent-has-padding\"><h3 class=\" zw-cgb headline\">Des experts soutenus<\/h3><p class=\" zw-cgb fulltext \">Nous ne sommes pas \u00e9trangers aux d\u00e9fis complexes car notre \u00e9quipe de directeurs est \u00e0 l\u2019aise dans le monde des d\u00e9cisions de niveau C. Atreus trouve rapidement les ressources adapt\u00e9es et \u00e9prouv\u00e9es pour votre projet, qui rel\u00e8vent avec brio votre d\u00e9fi de mani\u00e8re rapide et d\u00e9cisive. Les directeurs d\u2019Atreus restent \u00e0 chaque instant des partenaires solides. Notre r\u00e9seau peut \u00e9galement activer d\u2019autres performants \u00e0 court terme &#8211; des experts aux PDG.<\/p><p class=\" zw-cgb fulltext \">Nous vous soutenons dans les d\u00e9fis du secteur automobile pour les t\u00e2ches de projet classiques tout au long de la cha\u00eene de cr\u00e9ation de valeur, pour l&#8217;occupation de fonctions hi\u00e9rarchiques au niveau du management, pour les t\u00e2ches de transformation et de restructuration ainsi que pour les d\u00e9fis disruptifs.<\/p><div class=\"link-container\"><\/div><\/div>        <\/div>\n      <\/div>\n    <\/div>\n\n\n<div id=\"parent85364\" class=\"zw-cgb  akkordion700  default-margin black-color \"><div class=\"row\"><div class=\"zw-cgb-content mx-auto col-12 akkorionOuterContentWrapper\"><div id=\"zw-23079157-2063-4070-b507-04eb819582ab-1\" class=\"single-akkordion-item collapsed\" type=\"button\"\n          data-bs-toggle=\"collapse\" data-bs-target=\"#zw-23079157-2063-4070-b507-04eb819582ab\" aria-expanded=\"false\" aria-controls=\"collapsetwo\"><div class=\"faq-headline-container d-flex no-icon \"><h3 class=\" zw-cgb subheadline faq\"><strong>Remplacement de fonctions op\u00e9rationnelles critiques par des managers de transition <\/strong>tout au long de la cha\u00eene de cr\u00e9ation de valeur<\/h3><span class=\"atreus-font pfeil-hoch\">d<\/span><span class=\"atreus-font pfeil-runter\">c<\/span><\/div><\/div><div id=\"zw-23079157-2063-4070-b507-04eb819582ab\" class=\"collapse single-akkordion-item mt-0\" data-bs-parent=\"#parent85364\"><div class=\"zw-cgb row akkordionInnerWrapper \"><div  class=\"zw-cgb row  columnmaster020 default-margin \"><div class=\"columnmaster-inner-content g-0\">    <div  class=\"zw-cgb no-image-layout columnblock white-color no-icon   \">\n      <div class=\"zw-cgb zw-cgb-content\">\n\n        <div class=\"column-content\"><div class=\"inner-content\"><h2 class=\" zw-cgb headline h4\">Votre d\u00e9fi<\/h2><p class=\" zw-cgb fulltext \">Il vous manque une ressource appropri\u00e9e dans une fonction hi\u00e9rarchique de premier ou de deuxi\u00e8me niveau dont l\u2019intervention rapide est d\u00e9cisive pour la poursuite du succ\u00e8s de l\u2019entreprise.<\/p><\/div><\/div>      <\/div>\n    <\/div>\n    <div  class=\"zw-cgb no-image-layout columnblock white-color no-icon   \">\n      <div class=\"zw-cgb zw-cgb-content\">\n\n        <div class=\"column-content\"><div class=\"inner-content\"><h2 class=\" zw-cgb headline h4\">Notre mission<\/h2><p class=\" zw-cgb fulltext \">Nous renfor\u00e7ons rapidement votre \u00e9quipe avec un manager de transition, une vraie personnalit\u00e9 avec des comp\u00e9tences de leadership, et fournissons la ressource ad\u00e9quate pour la situation de votre entreprise (h\/f\/d). Les managers de transition tri\u00e9s sur le volet par Atreus sont parfaitement adapt\u00e9s \u00e0 votre d\u00e9fi et sont imm\u00e9diatement op\u00e9rationnels, au niveau national et international, sur place ou \u00e0 distance si n\u00e9cessaire.<\/p><\/div><\/div>      <\/div>\n    <\/div>\n    <div  class=\"zw-cgb no-image-layout columnblock white-color no-icon   \">\n      <div class=\"zw-cgb zw-cgb-content\">\n\n        <div class=\"column-content\"><div class=\"inner-content\"><h2 class=\" zw-cgb headline h4\">Votre solution<\/h2><p class=\" zw-cgb fulltext \">Un manager de transition sur mesure approuv\u00e9 par Atreus assume l\u2019enti\u00e8re responsabilit\u00e9 op\u00e9rationnelle pour la s\u00e9curisation et le d\u00e9veloppement r\u00e9ussi de votre activit\u00e9 en tant que directeur g\u00e9n\u00e9ral, directeur administratif et financier, directeur des ressources humaines, directeur des op\u00e9rations, directeur des syst\u00e8mes d\u2019information, chef de la s\u00e9curit\u00e9 ou en tant que directeur du contr\u00f4le de gestion, des finances, des achats, de la logistique, de la production, de l\u2019informatique, du marketing, des ventes, du service client\u00e8le, de la logistique, de la production ou des ressources humaines. En qualit\u00e9 de \u00ab&nbsp;managers \u00e0 toute \u00e9preuve&nbsp;\u00bb, les managers de transition d\u2019Atreus sont \u00e0 la hauteur de ce d\u00e9fi particulier. Ils agissent avec professionnalisme, de mani\u00e8re r\u00e9fl\u00e9chie et efficace, conform\u00e9ment \u00e0 vos attentes.<\/p><\/div><\/div>      <\/div>\n    <\/div>\n<\/div><\/div><\/div><\/div><div id=\"zw-b41abc27-32b3-43f1-8ed1-e9a6d63b76b6-1\" class=\"single-akkordion-item collapsed\" type=\"button\"\n          data-bs-toggle=\"collapse\" data-bs-target=\"#zw-b41abc27-32b3-43f1-8ed1-e9a6d63b76b6\" aria-expanded=\"false\" aria-controls=\"collapsetwo\"><div class=\"faq-headline-container d-flex no-icon \"><h3 class=\" zw-cgb subheadline faq\"><strong>Experts en restructuration<\/strong> en tant que chef de la restructuration<\/h3><span class=\"atreus-font pfeil-hoch\">d<\/span><span class=\"atreus-font pfeil-runter\">c<\/span><\/div><\/div><div id=\"zw-b41abc27-32b3-43f1-8ed1-e9a6d63b76b6\" class=\"collapse single-akkordion-item mt-0\" data-bs-parent=\"#parent85364\"><div class=\"zw-cgb row akkordionInnerWrapper \"><div  class=\"zw-cgb row  columnmaster020 default-margin \"><div class=\"columnmaster-inner-content g-0\">    <div  class=\"zw-cgb no-image-layout columnblock white-color no-icon   \">\n      <div class=\"zw-cgb zw-cgb-content\">\n\n        <div class=\"column-content\"><div class=\"inner-content\"><h2 class=\" zw-cgb headline h4\">Votre d\u00e9fi<\/h2><p class=\" zw-cgb fulltext \">Vous \u00eates confront\u00e9 \u00e0 une transformation fondamentale dans une situation financi\u00e8rement difficile et vous avez besoin rapidement d\u2019un expert en restructuration confirm\u00e9. L\u2019avenir de l\u2019entreprise ou d\u2019une division du groupe est en jeu. Vous avez besoin du manager de transition parfaitement adapt\u00e9 capable de r\u00e9orienter l\u2019entreprise. En effet, c\u2019est maintenant que chaque \u00e9tape doit \u00eatre parfaitement ex\u00e9cut\u00e9e et que les principales parties prenantes doivent \u00eatre touch\u00e9es et s\u2019engager dans le cadre du processus de transformation.<\/p><\/div><\/div>      <\/div>\n    <\/div>\n    <div  class=\"zw-cgb no-image-layout columnblock white-color no-icon   \">\n      <div class=\"zw-cgb zw-cgb-content\">\n\n        <div class=\"column-content\"><div class=\"inner-content\"><h2 class=\" zw-cgb headline h4\">Notre mission<\/h2><p class=\" zw-cgb fulltext \">Nous mettons imm\u00e9diatement \u00e0 votre disposition L\u2019EXPERT en restructuration parfaitement adapt\u00e9 \u00e0 votre situation difficile. Il \u2014 ou elle \u2014 maintient le cap vers le succ\u00e8s et atteint les objectifs fix\u00e9s, m\u00eame si les \u00e9cueils sont nombreux. Pourquoi&nbsp;? Les managers de transition tri\u00e9s sur le volet par Atreus ont d\u00e9j\u00e0 mis en \u0153uvre avec succ\u00e8s et \u00e0 plusieurs reprises des restructurations similaires ou plus complexes dans votre secteur. Nous savons exactement quel \u00ab&nbsp;manager \u00e0 toute \u00e9preuve&nbsp;\u00bb mettra votre entreprise sur la voie du succ\u00e8s. Atreus+&nbsp;: si n\u00e9cessaire, des \u00e9quipes d\u2019experts en restructuration bien rod\u00e9es sont disponibles pour des transformations de grande envergure, en plus DU chef de la restructuration.<\/p><\/div><\/div>      <\/div>\n    <\/div>\n    <div  class=\"zw-cgb no-image-layout columnblock white-color no-icon   \">\n      <div class=\"zw-cgb zw-cgb-content\">\n\n        <div class=\"column-content\"><div class=\"inner-content\"><h2 class=\" zw-cgb headline h4\">Votre solution<\/h2><p class=\" zw-cgb fulltext \">Un expert en restructuration approuv\u00e9 par Atreus vient renforcer votre \u00e9quipe et prend la responsabilit\u00e9 de chef de la restructuration dans toutes les phases de la transformation. Le manager d\u2019Atreus fournit des r\u00e9sultats professionnels tant en cas de crise strat\u00e9gique qu\u2019en cas de crise de r\u00e9sultats ou de liquidit\u00e9s. En qualit\u00e9 de CRO ou au sein d\u2019une \u00e9quipe d\u2019experts en restructuration, il identifie rapidement les points faibles et met imm\u00e9diatement en \u0153uvre les mesures essentielles. Pendant la phase de restructuration, les directeurs d\u2019Atreus restent toujours vos sparring-partners.<\/p><\/div><\/div>      <\/div>\n    <\/div>\n<\/div><\/div><\/div><\/div><div id=\"zw-eeb624a2-7460-4d13-b252-638ac5ec2601-1\" class=\"single-akkordion-item collapsed\" type=\"button\"\n          data-bs-toggle=\"collapse\" data-bs-target=\"#zw-eeb624a2-7460-4d13-b252-638ac5ec2601\" aria-expanded=\"false\" aria-controls=\"collapsetwo\"><div class=\"faq-headline-container d-flex no-icon \"><h3 class=\" zw-cgb subheadline faq\"><strong>Agent de gestion des programmes <\/strong>(PMO)<\/h3><span class=\"atreus-font pfeil-hoch\">d<\/span><span class=\"atreus-font pfeil-runter\">c<\/span><\/div><\/div><div id=\"zw-eeb624a2-7460-4d13-b252-638ac5ec2601\" class=\"collapse single-akkordion-item mt-0\" data-bs-parent=\"#parent85364\"><div class=\"zw-cgb row akkordionInnerWrapper \"><div  class=\"zw-cgb row  columnmaster020 default-margin \"><div class=\"columnmaster-inner-content g-0\">    <div  class=\"zw-cgb no-image-layout columnblock white-color no-icon   \">\n      <div class=\"zw-cgb zw-cgb-content\">\n\n        <div class=\"column-content\"><div class=\"inner-content\"><h2 class=\" zw-cgb headline h4\">Votre d\u00e9fi<\/h2><p class=\" zw-cgb fulltext \">Vous cherchez rapidement un expert temporaire pour le PMO dans le cadre d\u2019une gestion multiprojets pour tous les projets de l\u2019entreprise ou d\u2019un projet tr\u00e8s pertinent dans un secteur de l\u2019entreprise. En interne, il manque une ressource adapt\u00e9e et exp\u00e9riment\u00e9e qui puisse piloter le projet en toute s\u00e9curit\u00e9 et le mener \u00e0 bien.<\/p><\/div><\/div>      <\/div>\n    <\/div>\n    <div  class=\"zw-cgb no-image-layout columnblock white-color no-icon   \">\n      <div class=\"zw-cgb zw-cgb-content\">\n\n        <div class=\"column-content\"><div class=\"inner-content\"><h2 class=\" zw-cgb headline h4\">Notre mission<\/h2><p class=\" zw-cgb fulltext \">Nos gestionnaires de programmes qualifi\u00e9s+ sont les managers de transition les plus exp\u00e9riment\u00e9s du march\u00e9. Ils se distinguent par leur leadership et apportent leur clairvoyance et leur exp\u00e9rience dans la mise en \u0153uvre de projets hautement pertinents, y compris \u00e0 l\u2019\u00e9chelle mondiale. Notre passion est de mettre \u00e0 votre disposition, \u00e0 court terme, un manager de transition parfaitement adapt\u00e9, justifiant de pilotages r\u00e9ussis de projets similaires \u2014 et m\u00eame plus complexes. Ce manager de transition dispose d\u2019excellentes capacit\u00e9s, notamment la communication et la force de r\u00e9alisation, attirer et f\u00e9d\u00e9rer les talents, une grande compr\u00e9hension du secteur, des comp\u00e9tences interculturelles \u2014 associ\u00e9es \u00e0 un savoir-faire en mati\u00e8re d\u2019informatique et de digitalisation.<\/p><\/div><\/div>      <\/div>\n    <\/div>\n    <div  class=\"zw-cgb no-image-layout columnblock white-color no-icon   \">\n      <div class=\"zw-cgb zw-cgb-content\">\n\n        <div class=\"column-content\"><div class=\"inner-content\"><h2 class=\" zw-cgb headline h4\">Votre solution<\/h2><p class=\" zw-cgb fulltext \">Un manager de programme de transition Atreus aguerri prend la responsabilit\u00e9 du PMO et vous aide \u00e0 g\u00e9rer avec succ\u00e8s les programmes en situation de transformation. Qu\u2019il s\u2019agisse d\u2019un d\u00e9ploiement ERP global, d\u2019un programme de restructuration, d\u2019un programme d\u2019am\u00e9lioration de l\u2019efficacit\u00e9, d\u2019une transformation informatique ou num\u00e9rique de l\u2019organisation, ou encore de la mise en \u0153uvre de programmes d\u2019excellence en mati\u00e8re de services ou de d\u00e9localisations de la production&nbsp;: votre projet est entre les meilleures mains.<\/p><\/div><\/div>      <\/div>\n    <\/div>\n<\/div><\/div><\/div><\/div><div id=\"zw-0e204925-c501-4bd9-9553-6751ba13c5d2-1\" class=\"single-akkordion-item collapsed\" type=\"button\"\n          data-bs-toggle=\"collapse\" data-bs-target=\"#zw-0e204925-c501-4bd9-9553-6751ba13c5d2\" aria-expanded=\"false\" aria-controls=\"collapsetwo\"><div class=\"faq-headline-container d-flex no-icon \"><h3 class=\" zw-cgb subheadline faq\"><strong>Gestionnaire de projet ou de programme de digitalisation<\/strong><\/h3><span class=\"atreus-font pfeil-hoch\">d<\/span><span class=\"atreus-font pfeil-runter\">c<\/span><\/div><\/div><div id=\"zw-0e204925-c501-4bd9-9553-6751ba13c5d2\" class=\"collapse single-akkordion-item mt-0\" data-bs-parent=\"#parent85364\"><div class=\"zw-cgb row akkordionInnerWrapper \"><div  class=\"zw-cgb row  columnmaster020 default-margin \"><div class=\"columnmaster-inner-content g-0\">    <div  class=\"zw-cgb no-image-layout columnblock white-color no-icon   \">\n      <div class=\"zw-cgb zw-cgb-content\">\n\n        <div class=\"column-content\"><div class=\"inner-content\"><h2 class=\" zw-cgb headline h4\">Votre d\u00e9fi<\/h2><p class=\" zw-cgb fulltext \">Vous devez poursuivre la transformation num\u00e9rique, adapter vos processus commerciaux existants et concevoir de nouveaux mod\u00e8les commerciaux. Votre objectif est de rendre l\u2019entreprise plus productive, plus s\u00fbre et plus p\u00e9renne, et vous devez tout mettre en \u0153uvre simultan\u00e9ment tout au long de la cha\u00eene de cr\u00e9ation de valeur dans l\u2019ensemble de l\u2019organisation.<\/p><\/div><\/div>      <\/div>\n    <\/div>\n    <div  class=\"zw-cgb no-image-layout columnblock white-color no-icon   \">\n      <div class=\"zw-cgb zw-cgb-content\">\n\n        <div class=\"column-content\"><div class=\"inner-content\"><h2 class=\" zw-cgb headline h4\">Notre mission<\/h2><p class=\" zw-cgb fulltext \">Nous mettons imm\u00e9diatement \u00e0 votre disposition le chef de projet ou de programme ad\u00e9quat, qui vous aidera aussi bien \u00e0 d\u00e9velopper une strat\u00e9gie num\u00e9rique qu\u2019\u00e0 optimiser rapidement les processus existants ou \u00e0 d\u00e9velopper de nouveaux produits ou de nouvelles plateformes. Gr\u00e2ce \u00e0 ses comp\u00e9tences industrielles, sa capacit\u00e9 d\u2019innovation et son savoir-faire num\u00e9rique, il adopte une approche r\u00e9fl\u00e9chie, s\u00fbre et cibl\u00e9e. Si n\u00e9cessaire, nous soutenons \u00e9galement votre projet de transformation num\u00e9rique par d\u2019autres managers Atreus, tous des \u00ab&nbsp;managers en digitalisation \u00e0 toute \u00e9preuve&nbsp;\u00bb qui, en tant qu\u2019\u00e9quipe bien rod\u00e9e, n\u2019ont qu\u2019un seul objectif&nbsp;: engager votre entreprise sur la voie du succ\u00e8s num\u00e9rique.<\/p><\/div><\/div>      <\/div>\n    <\/div>\n    <div  class=\"zw-cgb no-image-layout columnblock white-color no-icon   \">\n      <div class=\"zw-cgb zw-cgb-content\">\n\n        <div class=\"column-content\"><div class=\"inner-content\"><h2 class=\" zw-cgb headline h4\">Votre solution<\/h2><p class=\" zw-cgb fulltext \">L\u2019expert num\u00e9rique approuv\u00e9 par Atreus pilote votre projet strat\u00e9gique et renforce vos \u00e9quipes. Il s\u2019engage dans toutes les phases de la transformation num\u00e9rique. Il consid\u00e8re l\u2019\u00e9tendue de votre entreprise, de la digitalisation et l\u2019optimisation de la production, la num\u00e9risation des processus, la strat\u00e9gie de produits, le Product-as-a-Service, les mod\u00e8les commerciaux innovants \u2014 il guide votre entreprise sur le parcours num\u00e9rique vers le succ\u00e8s.<\/p><\/div><\/div>      <\/div>\n    <\/div>\n<\/div><\/div><\/div><\/div><div id=\"zw-998beae1-7b36-4862-bec3-6c30c8aca7d0-1\" class=\"single-akkordion-item collapsed\" type=\"button\"\n          data-bs-toggle=\"collapse\" data-bs-target=\"#zw-998beae1-7b36-4862-bec3-6c30c8aca7d0\" aria-expanded=\"false\" aria-controls=\"collapsetwo\"><div class=\"faq-headline-container d-flex no-icon \"><h3 class=\" zw-cgb subheadline faq\"><strong>Expert en d\u00e9veloppement durable<\/strong><\/h3><span class=\"atreus-font pfeil-hoch\">d<\/span><span class=\"atreus-font pfeil-runter\">c<\/span><\/div><\/div><div id=\"zw-998beae1-7b36-4862-bec3-6c30c8aca7d0\" class=\"collapse single-akkordion-item mt-0\" data-bs-parent=\"#parent85364\"><div class=\"zw-cgb row akkordionInnerWrapper \"><div  class=\"zw-cgb row  columnmaster020 default-margin \"><div class=\"columnmaster-inner-content g-0\">    <div  class=\"zw-cgb no-image-layout columnblock white-color no-icon   \">\n      <div class=\"zw-cgb zw-cgb-content\">\n\n        <div class=\"column-content\"><div class=\"inner-content\"><h2 class=\" zw-cgb headline h4\">Votre d\u00e9fi<\/h2><p class=\" zw-cgb fulltext \">Vous souhaitez orienter davantage votre entreprise vers les questions ESG et int\u00e9grer vos objectifs environnementaux, sociaux et de gouvernance dans tous vos domaines d\u2019activit\u00e9.<\/p><\/div><\/div>      <\/div>\n    <\/div>\n    <div  class=\"zw-cgb no-image-layout columnblock white-color no-icon   \">\n      <div class=\"zw-cgb zw-cgb-content\">\n\n        <div class=\"column-content\"><div class=\"inner-content\"><h2 class=\" zw-cgb headline h4\">Notre mission<\/h2><p class=\" zw-cgb fulltext \">Nous renfor\u00e7ons votre \u00e9quipe avec un expert pour qui le d\u00e9veloppement durable n\u2019est pas un terrain inconnu et qui a pilot\u00e9 des projets complexes \u00e0 plusieurs reprises. Le manager d\u2019Atreus prendra en charge toute votre organisation, de sorte que le d\u00e9veloppement durable fasse naturellement partie du quotidien de l\u2019entreprise.<\/p><\/div><\/div>      <\/div>\n    <\/div>\n    <div  class=\"zw-cgb no-image-layout columnblock white-color no-icon   \">\n      <div class=\"zw-cgb zw-cgb-content\">\n\n        <div class=\"column-content\"><div class=\"inner-content\"><h2 class=\" zw-cgb headline h4\">Votre solution<\/h2><p class=\" zw-cgb fulltext \">Gr\u00e2ce \u00e0 sa vaste expertise et \u00e0 son exp\u00e9rience dans le secteur, le manager approuv\u00e9 par Atreus vous aide \u00e0 d\u00e9finir et \u00e0 mettre en \u0153uvre des strat\u00e9gies, des mod\u00e8les d\u2019entreprise, des processus et des technologies qui vous permettront d\u2019atteindre vos objectifs de d\u00e9veloppement durable.<\/p><\/div><\/div>      <\/div>\n    <\/div>\n<\/div><\/div><\/div><\/div><div id=\"zw-1cd1289b-020b-4cd5-bcee-0525d9ebb5d0-1\" class=\"single-akkordion-item collapsed\" type=\"button\"\n          data-bs-toggle=\"collapse\" data-bs-target=\"#zw-1cd1289b-020b-4cd5-bcee-0525d9ebb5d0\" aria-expanded=\"false\" aria-controls=\"collapsetwo\"><div class=\"faq-headline-container d-flex no-icon \"><h3 class=\" zw-cgb subheadline faq\"><strong>Responsable de la cha\u00eene d\u2019approvisionnement<\/strong><\/h3><span class=\"atreus-font pfeil-hoch\">d<\/span><span class=\"atreus-font pfeil-runter\">c<\/span><\/div><\/div><div id=\"zw-1cd1289b-020b-4cd5-bcee-0525d9ebb5d0\" class=\"collapse single-akkordion-item mt-0\" data-bs-parent=\"#parent85364\"><div class=\"zw-cgb row akkordionInnerWrapper \"><div  class=\"zw-cgb row  columnmaster020 default-margin \"><div class=\"columnmaster-inner-content g-0\">    <div  class=\"zw-cgb no-image-layout columnblock white-color no-icon   \">\n      <div class=\"zw-cgb zw-cgb-content\">\n\n        <div class=\"column-content\"><div class=\"inner-content\"><h2 class=\" zw-cgb headline h4\">Votre d\u00e9fi<\/h2><p class=\" zw-cgb fulltext \">Vous devez agir imm\u00e9diatement, car votre entreprise est touch\u00e9e par l\u2019explosion des prix des mati\u00e8res premi\u00e8res, les frais de transport internationaux, la rar\u00e9faction des mat\u00e9riaux ou la rupture de la cha\u00eene d\u2019approvisionnement. Vous devez r\u00e9soudre les dysfonctionnements de la cha\u00eene d\u2019approvisionnement et am\u00e9liorer la vitesse de livraison. Pour cela, vous avez besoin imm\u00e9diatement d\u2019un expert de transition en cha\u00eene d\u2019approvisionnement exp\u00e9riment\u00e9.<\/p><\/div><\/div>      <\/div>\n    <\/div>\n    <div  class=\"zw-cgb no-image-layout columnblock white-color no-icon   \">\n      <div class=\"zw-cgb zw-cgb-content\">\n\n        <div class=\"column-content\"><div class=\"inner-content\"><h2 class=\" zw-cgb headline h4\">Notre mission<\/h2><p class=\" zw-cgb fulltext \">Nous mettons \u00e0 votre disposition \u00e0 court terme un responsable de la cha\u00eene d\u2019approvisionnement \u00e9nergique qui soutient vos \u00e9quipes au si\u00e8ge ou sur plusieurs sites en Allemagne et \u00e0 l\u2019\u00e9tranger. Le manager de transition s\u00e9lectionn\u00e9 par Atreus est \u00e0 la hauteur de la t\u00e2che difficile et sait actionner les bons leviers dans cette phase critique maximale. Son exp\u00e9rience remarquable lui permet d\u2019apporter de la s\u00e9r\u00e9nit\u00e9 \u00e0 l\u2019organisation et de fournir des solutions rapides. Si n\u00e9cessaire, Atreus aide \u00e9galement \u00e0 mettre en place et \u00e0 g\u00e9rer une force op\u00e9rationnelle.<\/p><\/div><\/div>      <\/div>\n    <\/div>\n    <div  class=\"zw-cgb no-image-layout columnblock white-color no-icon   \">\n      <div class=\"zw-cgb zw-cgb-content\">\n\n        <div class=\"column-content\"><div class=\"inner-content\"><h2 class=\" zw-cgb headline h4\">Votre solution<\/h2><p class=\" zw-cgb fulltext \">Le responsable de la cha\u00eene d\u2019approvisionnement approuv\u00e9 par Atreus est imm\u00e9diatement \u00e0 vos c\u00f4t\u00e9s et am\u00e9liore la r\u00e9activit\u00e9 et la r\u00e9sistance des cha\u00eenes d\u2019approvisionnement de votre entreprise. Am\u00e9lioration des performances, r\u00e9duction des co\u00fbts, minimisation des risques ou am\u00e9lioration de la durabilit\u00e9, l\u2019expert de transition d\u2019Atreus vous aide \u00e0 r\u00e9organiser et \u00e0 transformer vos cha\u00eenes d\u2019approvisionnement afin de les rendre plus r\u00e9sistantes aux crises et plus socialement acceptables. L\u2019accent est \u00e9galement mis sur les processus num\u00e9ris\u00e9s afin de cr\u00e9er plus de transparence pour toutes les parties prenantes. Il minimise les risques de rupture de stock et d\u2019indisponibilit\u00e9. La satisfaction des clients est augment\u00e9e par une livraison respectueuse des d\u00e9lais, ainsi que celle de vos collaborateurs gr\u00e2ce \u00e0 des processus clairement d\u00e9finis et transparents.<\/p><\/div><\/div>      <\/div>\n    <\/div>\n<\/div><\/div><\/div><\/div><div id=\"zw-912c352d-efe6-4b83-8be5-d60880fd35a7-1\" class=\"single-akkordion-item collapsed\" type=\"button\"\n          data-bs-toggle=\"collapse\" data-bs-target=\"#zw-912c352d-efe6-4b83-8be5-d60880fd35a7\" aria-expanded=\"false\" aria-controls=\"collapsetwo\"><div class=\"faq-headline-container d-flex no-icon \"><h3 class=\" zw-cgb subheadline faq\"><strong>Chef de projet <\/strong>pour l\u2019introduction de syst\u00e8mes ERP et CRM<\/h3><span class=\"atreus-font pfeil-hoch\">d<\/span><span class=\"atreus-font pfeil-runter\">c<\/span><\/div><\/div><div id=\"zw-912c352d-efe6-4b83-8be5-d60880fd35a7\" class=\"collapse single-akkordion-item mt-0\" data-bs-parent=\"#parent85364\"><div class=\"zw-cgb row akkordionInnerWrapper \"><div  class=\"zw-cgb row  columnmaster020 default-margin \"><div class=\"columnmaster-inner-content g-0\">    <div  class=\"zw-cgb no-image-layout columnblock white-color no-icon   \">\n      <div class=\"zw-cgb zw-cgb-content\">\n\n        <div class=\"column-content\"><div class=\"inner-content\"><h2 class=\" zw-cgb headline h4\">Votre d\u00e9fi<\/h2><p class=\" zw-cgb fulltext \">Votre projet ERP ou CRM est au point mort. Le respect des d\u00e9lais est menac\u00e9 ou le cadre budg\u00e9taire risque d\u2019\u00eatre d\u00e9pass\u00e9. La complexit\u00e9 du projet est extr\u00eamement \u00e9lev\u00e9e et consomme trop de ressources internes importantes. Le succ\u00e8s de ce seul projet immens\u00e9ment important est en jeu&nbsp;! Ou bien le projet ne fait que commencer, mais&nbsp;: le savoir-faire d\u2019un expert informatique confirm\u00e9 pour les projets ERP ou CRM fait d\u00e9faut&nbsp;! Il est \u00e9vident qu\u2019un projet informatique de cette envergure \u00e9quivaut \u00e0 une transformation informatique qui doit \u00eatre g\u00e9r\u00e9e de mani\u00e8re professionnelle. Car en fin de compte, le projet informatique contribue de mani\u00e8re tr\u00e8s importante au succ\u00e8s futur de l\u2019entreprise.<\/p><\/div><\/div>      <\/div>\n    <\/div>\n    <div  class=\"zw-cgb no-image-layout columnblock white-color no-icon   \">\n      <div class=\"zw-cgb zw-cgb-content\">\n\n        <div class=\"column-content\"><div class=\"inner-content\"><h2 class=\" zw-cgb headline h4\">Notre mission<\/h2><p class=\" zw-cgb fulltext \">Nous savons qui, en tant que chef de projet exp\u00e9riment\u00e9 pour l\u2019introduction de syst\u00e8mes ERP &amp; CRM, a r\u00e9ussi \u00e0 plusieurs reprises \u00e0 relever des d\u00e9fis aussi exigeants que le v\u00f4tre, voire plus complexes encore. Les responsables informatiques qualifi\u00e9s+ d\u2019Atreus apportent de la s\u00e9r\u00e9nit\u00e9 \u00e0 votre projet, m\u00eame s\u2019il rev\u00eat une grande complexit\u00e9. Ils connaissent les d\u00e9fis de votre secteur et de vos processus commerciaux et r\u00e9orientent votre projet informatique et de num\u00e9risation en fonction de vos objectifs. Les experts informatiques approuv\u00e9s par Atreus ainsi que les chefs de projet et de programme informatique connaissent les d\u00e9fis de votre secteur et accompagnent une transformation informatique dans l\u2019optique d\u2019un futur succ\u00e8s commercial.<\/p><\/div><\/div>      <\/div>\n    <\/div>\n    <div  class=\"zw-cgb no-image-layout columnblock white-color no-icon   \">\n      <div class=\"zw-cgb zw-cgb-content\">\n\n        <div class=\"column-content\"><div class=\"inner-content\"><h2 class=\" zw-cgb headline h4\">Votre solution<\/h2><p class=\" zw-cgb fulltext \">Les experts en informatique d\u2019Atreus g\u00e8rent avec succ\u00e8s et en toute confiance votre projet et assurent la r\u00e9ussite de l\u2019introduction de l\u2019ERP et du CRM. Vous \u00eates ainsi imm\u00e9diatement d\u00e9charg\u00e9s et vous pouvez continuer \u00e0 vous occuper de vos activit\u00e9s principales et des affaires futures. Les managers informatiques de transition d\u2019Atreus garantissent la transparence du d\u00e9roulement du projet et impliquent votre direction et vos \u00e9quipes de mani\u00e8re cibl\u00e9e. La gestion de l\u2019ensemble des prestataires de services externes et des partenaires de mise en \u0153uvre est g\u00e9r\u00e9e par un seul et m\u00eame organisme.<\/p><\/div><\/div>      <\/div>\n    <\/div>\n<\/div><\/div><\/div><\/div><\/div><\/div><\/div>\n\n<div id=\"parent3365\" class=\"zw-cgb  akkordion700  default-margin black-color \"><div class=\"row\"><div class=\"zw-cgb-content mx-auto col-12 akkorionOuterContentWrapper\"><div id=\"zw-fdaf0aaa-0e4d-4658-8955-c2be3ba0b81c-1\" class=\"single-akkordion-item collapsed\" type=\"button\"\n          data-bs-toggle=\"collapse\" data-bs-target=\"#zw-fdaf0aaa-0e4d-4658-8955-c2be3ba0b81c\" aria-expanded=\"false\" aria-controls=\"collapsetwo\"><div class=\"faq-headline-container d-flex no-icon \"><h3 class=\" zw-cgb subheadline faq\"><strong>Chef de projet<\/strong> pour la restructuration d&#8217;un site (avec adaptation du personnel)<\/h3><span class=\"atreus-font pfeil-hoch\">d<\/span><span class=\"atreus-font pfeil-runter\">c<\/span><\/div><\/div><div id=\"zw-fdaf0aaa-0e4d-4658-8955-c2be3ba0b81c\" class=\"collapse single-akkordion-item mt-0\" data-bs-parent=\"#parent3365\"><div class=\"zw-cgb row akkordionInnerWrapper \"><div  class=\"zw-cgb row  columnmaster020 default-margin \"><div class=\"columnmaster-inner-content g-0\">    <div  class=\"zw-cgb no-image-layout columnblock white-color no-icon   \">\n      <div class=\"zw-cgb zw-cgb-content\">\n\n        <div class=\"column-content\"><div class=\"inner-content\"><h2 class=\" zw-cgb headline h4\">Votre d\u00e9fi<\/h2><p class=\" zw-cgb fulltext \">Votre site est durablement sous-utilis\u00e9, mais le transfert d&#8217;autres activit\u00e9s sur ce site ne serait pas rentable. Vous devez adapter vos effectifs de mani\u00e8re durable.<\/p><\/div><\/div>      <\/div>\n    <\/div>\n    <div  class=\"zw-cgb no-image-layout columnblock white-color no-icon   \">\n      <div class=\"zw-cgb zw-cgb-content\">\n\n        <div class=\"column-content\"><div class=\"inner-content\"><h2 class=\" zw-cgb headline h4\">Notre mission<\/h2><p class=\" zw-cgb fulltext \">Nous renfor\u00e7ons votre \u00e9quipe avec la ressource parfaite pour analyser vos besoins en personnel &#8211; de la direction de l&#8217;usine \u00e0 la production. Sur la base d&#8217;un programme de dotation en personnel et d&#8217;un concept de sauvegarde du site adapt\u00e9s, nous vous guidons dans les discussions avec toutes les parties prenantes et vous aidons \u00e0 r\u00e9diger les contrats et \u00e0 cr\u00e9er une soci\u00e9t\u00e9 de d\u00e9faisance.<\/p><\/div><\/div>      <\/div>\n    <\/div>\n    <div  class=\"zw-cgb no-image-layout columnblock white-color no-icon   \">\n      <div class=\"zw-cgb zw-cgb-content\">\n\n        <div class=\"column-content\"><div class=\"inner-content\"><h2 class=\" zw-cgb headline h4\">Votre solution<\/h2><p class=\" zw-cgb fulltext \">Un chef de projet Atreus approuv\u00e9 avec une exp\u00e9rience pertinente dans les restructurations de personnel dans l&#8217;industrie de la sous-traitance automobile dirige le projet. En cas de besoin, nous mettons \u00e0 disposition d&#8217;autres ressources, par exemple dans les domaines de la planification des processus et des proc\u00e9dures, du droit du travail ou de la m\u00e9diation.<\/p><\/div><\/div>      <\/div>\n    <\/div>\n<\/div><\/div>    <div  class=\"zw-cgb  akkordion team-member black-color default-margin \">\n      <div class=\"zw-cgb-content d-flex member-row g-0\">\n        <div class=\"col-12 col-menu-3 px-0\"><h2 class=\" zw-cgb headline h3\">Vous avez des questions ?<\/h2><p class=\" zw-cgb fulltext \">Nos experts se feront un plaisir de r\u00e9pondre \u00e0 vos questions.<\/p><\/div><div class=\"d-flex offset-menu-1 col-menu-8 col-12 teammemberslider\"><div class=\"col-menu-4 col-12 single-team-member px-0\">            <a href=\"https:\/\/www.atreus.de\/fr\/equipe\/stefan-randak\/\">\n              <div class=\" image-container g-0\">\n                <div class=\"img-with-gradient\">\n\n                  <img decoding=\"async\" loading=\"lazy\" width=\"400\" height=\"500\" alt=\"atreus_\" src=\"https:\/\/www.atreus.de\/wp-content\/uploads\/2023\/07\/ran-st-v1.png\" srcset=\"https:\/\/www.atreus.de\/wp-content\/uploads\/2023\/07\/ran-st-v1.png 555w, https:\/\/www.atreus.de\/wp-content\/uploads\/2023\/07\/ran-st-v1-480x600.png 480w\" sizes=\"auto, (max-width: 1024px) 100vw, 1024px\" style=\"aspect-ratio:555\/694 !important\" title=\"atreus_\">                  <div class=\"linear-gradient-container\"><\/div>\n                <\/div>\n            <\/a>\n            <div class=\"team-member-content\"><div class=\"team-member-name fulltext\"><a href=\"https:\/\/www.atreus.de\/fr\/equipe\/stefan-randak\/\"><span>Stefan  Randak<\/span><\/a><\/div><div class=\"team-member-description fulltext\"><a href=\"https:\/\/www.atreus.de\/fr\/equipe\/stefan-randak\/\"><span>Partenaire et responsable du Solution Group Automotive et Mobility\r\n<\/span><\/a><\/div><div class=\"team-member-phone\"><a href=\"tel:+49 89 452249-390\"><span>+49 89 452249-390<\/span><\/a><\/div><div class=\"team-member-icon-container\"><div class=\"team-member-email\"><a class=\"atreus-font\" href=\"mailto:Stefan.Randak@atreus.de\">h<\/a><\/div><div class=\"team-member-linkedin\"><a class=\"atreus-font\" target=\"_blank\" href=\"https:\/\/www.linkedin.com\/in\/stefan-randak\/\" rel=\"noopener\">3<\/a><\/div><\/div><\/div>      <\/div>\n\n  <\/div><\/div>    <\/div>\n    <\/div>\n\n<\/div><\/div><div id=\"zw-ae732a67-8b47-4946-bb02-11e196086287-1\" class=\"single-akkordion-item collapsed\" type=\"button\"\n          data-bs-toggle=\"collapse\" data-bs-target=\"#zw-ae732a67-8b47-4946-bb02-11e196086287\" aria-expanded=\"false\" aria-controls=\"collapsetwo\"><div class=\"faq-headline-container d-flex no-icon \"><h3 class=\" zw-cgb subheadline faq\"><strong>Chef de projet <\/strong>pour assurer le d\u00e9marrage sans probl\u00e8me d&#8217;une nouvelle production en s\u00e9rie<\/h3><span class=\"atreus-font pfeil-hoch\">d<\/span><span class=\"atreus-font pfeil-runter\">c<\/span><\/div><\/div><div id=\"zw-ae732a67-8b47-4946-bb02-11e196086287\" class=\"collapse single-akkordion-item mt-0\" data-bs-parent=\"#parent3365\"><div class=\"zw-cgb row akkordionInnerWrapper \"><div  class=\"zw-cgb row  columnmaster020 default-margin \"><div class=\"columnmaster-inner-content g-0\">    <div  class=\"zw-cgb no-image-layout columnblock white-color no-icon   \">\n      <div class=\"zw-cgb zw-cgb-content\">\n\n        <div class=\"column-content\"><div class=\"inner-content\"><h2 class=\" zw-cgb headline h4\">Votre d\u00e9fi<\/h2><p class=\" zw-cgb fulltext \">Votre \u00e9quipementier vous a confi\u00e9 un nouveau produit n\u00e9cessaire au lancement d&#8217;une s\u00e9rie de v\u00e9hicules. Dans un d\u00e9lai tr\u00e8s court, vous devez faire monter la production en puissance, recruter de nouveaux collaborateurs et fournisseurs et garantir un rendement quantitatif fix\u00e9 et un standard de qualit\u00e9 d\u00e9fini. Il est possible que l&#8217;ing\u00e9nierie doive \u00eatre adapt\u00e9e \u00e0 nouveau ou que plusieurs divisions soient int\u00e9gr\u00e9es. Ils doivent r\u00e9soudre \u00e0 court terme des probl\u00e8mes de d\u00e9marrage de diff\u00e9rentes natures.<\/p><\/div><\/div>      <\/div>\n    <\/div>\n    <div  class=\"zw-cgb no-image-layout columnblock white-color no-icon   \">\n      <div class=\"zw-cgb zw-cgb-content\">\n\n        <div class=\"column-content\"><div class=\"inner-content\"><h2 class=\" zw-cgb headline h4\">Notre mission<\/h2><p class=\" zw-cgb fulltext \">Nous renfor\u00e7ons votre \u00e9quipe en lui fournissant la ressource ad\u00e9quate pour assurer le d\u00e9marrage de la production en s\u00e9rie &#8211; notamment en termes de quantit\u00e9 et de qualit\u00e9 &#8211; et r\u00e9soudre rapidement tous les probl\u00e8mes de d\u00e9marrage.<\/p><\/div><\/div>      <\/div>\n    <\/div>\n    <div  class=\"zw-cgb no-image-layout columnblock white-color no-icon   \">\n      <div class=\"zw-cgb zw-cgb-content\">\n\n        <div class=\"column-content\"><div class=\"inner-content\"><h2 class=\" zw-cgb headline h4\">Votre solution<\/h2><p class=\" zw-cgb fulltext \">Un Manager Atreus approuv\u00e9 avec une exp\u00e9rience pertinente en mati\u00e8re de d\u00e9marrage en s\u00e9rie dans l&#8217;industrie de la sous-traitance automobile prend la direction du projet. En cas de besoin, nous mettons \u00e0 disposition des ressources suppl\u00e9mentaires, par exemple dans les domaines de la gestion des fournisseurs, de la gestion de la qualit\u00e9 ou de l&#8217;ing\u00e9nierie des produits.<\/p><\/div><\/div>      <\/div>\n    <\/div>\n<\/div><\/div><\/div><\/div><div id=\"zw-fa4465da-00a0-4a72-bbed-ca8dcd4e36ef-1\" class=\"single-akkordion-item collapsed\" type=\"button\"\n          data-bs-toggle=\"collapse\" data-bs-target=\"#zw-fa4465da-00a0-4a72-bbed-ca8dcd4e36ef\" aria-expanded=\"false\" aria-controls=\"collapsetwo\"><div class=\"faq-headline-container d-flex no-icon \"><h3 class=\" zw-cgb subheadline faq\"><strong>Gestionnaire de projet<\/strong> pour le d\u00e9veloppement et la mise en \u0153uvre d&#8217;une strat\u00e9gie de qualit\u00e9 uniforme<\/h3><span class=\"atreus-font pfeil-hoch\">d<\/span><span class=\"atreus-font pfeil-runter\">c<\/span><\/div><\/div><div id=\"zw-fa4465da-00a0-4a72-bbed-ca8dcd4e36ef\" class=\"collapse single-akkordion-item mt-0\" data-bs-parent=\"#parent3365\"><div class=\"zw-cgb row akkordionInnerWrapper \"><div  class=\"zw-cgb row  columnmaster020 default-margin \"><div class=\"columnmaster-inner-content g-0\">    <div  class=\"zw-cgb no-image-layout columnblock white-color no-icon   \">\n      <div class=\"zw-cgb zw-cgb-content\">\n\n        <div class=\"column-content\"><div class=\"inner-content\"><h2 class=\" zw-cgb headline h4\">Votre d\u00e9fi<\/h2><p class=\" zw-cgb fulltext \">Il y a des d\u00e9ficits de qualit\u00e9 permanents dans vos usines et\/ou il y a un manque (de mise en \u0153uvre coh\u00e9rente) d&#8217;une strat\u00e9gie de qualit\u00e9 uniforme.<\/p><\/div><\/div>      <\/div>\n    <\/div>\n    <div  class=\"zw-cgb no-image-layout columnblock white-color no-icon   \">\n      <div class=\"zw-cgb zw-cgb-content\">\n\n        <div class=\"column-content\"><div class=\"inner-content\"><h2 class=\" zw-cgb headline h4\">Notre mission<\/h2><p class=\" zw-cgb fulltext \">Nous renfor\u00e7ons votre \u00e9quipe par une ressource qui analyse l&#8217;\u00e9tat actuel de votre gestion de la qualit\u00e9 \u00e0 l&#8217;aide d&#8217;un nombre d\u00e9fini d&#8217;\u0153uvres et qui \u00e9labore simultan\u00e9ment un \u00e9tat th\u00e9orique optimis\u00e9. Nous garantissons un d\u00e9ploiement rapide et uniforme de la strat\u00e9gie qualit\u00e9 sur l&#8217;ensemble des sites ainsi que des \u00e9conomies de co\u00fbts gr\u00e2ce \u00e0 l&#8217;optimisation des processus et \u00e0 l&#8217;adaptation du personnel.<\/p><\/div><\/div>      <\/div>\n    <\/div>\n    <div  class=\"zw-cgb no-image-layout columnblock white-color no-icon   \">\n      <div class=\"zw-cgb zw-cgb-content\">\n\n        <div class=\"column-content\"><div class=\"inner-content\"><h2 class=\" zw-cgb headline h4\">Votre solution<\/h2><p class=\" zw-cgb fulltext \">Une chef de projet Atreus approuv\u00e9 avec une exp\u00e9rience pertinente dans la gestion de la qualit\u00e9 dans l&#8217;industrie de la sous-traitance automobile prend en charge la direction du projet. Elle est l&#8217;interlocutrice principale de toutes les parties prenantes et veille, sur la base d&#8217;un plan de mise en \u0153uvre, \u00e0 ce que le projet soit mis en \u0153uvre de mani\u00e8re durable et compr\u00e9hensible.<\/p><\/div><\/div>      <\/div>\n    <\/div>\n<\/div><\/div><\/div><\/div><div id=\"zw-3e583b60-b806-4321-8da7-fca7393352a1-1\" class=\"single-akkordion-item collapsed\" type=\"button\"\n          data-bs-toggle=\"collapse\" data-bs-target=\"#zw-3e583b60-b806-4321-8da7-fca7393352a1\" aria-expanded=\"false\" aria-controls=\"collapsetwo\"><div class=\"faq-headline-container d-flex no-icon \"><h3 class=\" zw-cgb subheadline faq\"><strong>Chef de projet <\/strong>dans le domaine du d\u00e9veloppement et de la production de batteries<\/h3><span class=\"atreus-font pfeil-hoch\">d<\/span><span class=\"atreus-font pfeil-runter\">c<\/span><\/div><\/div><div id=\"zw-3e583b60-b806-4321-8da7-fca7393352a1\" class=\"collapse single-akkordion-item mt-0\" data-bs-parent=\"#parent3365\"><div class=\"zw-cgb row akkordionInnerWrapper \"><div  class=\"zw-cgb row  columnmaster020 default-margin \"><div class=\"columnmaster-inner-content g-0\">    <div  class=\"zw-cgb no-image-layout columnblock white-color no-icon   \">\n      <div class=\"zw-cgb zw-cgb-content\">\n\n        <div class=\"column-content\"><div class=\"inner-content\"><h2 class=\" zw-cgb headline h4\">Votre d\u00e9fi<\/h2><p class=\" zw-cgb fulltext \">Vous avez accept\u00e9 un contrat de d\u00e9veloppement et de production de batteries automobiles de la part d&#8217;un \u00e9quipementier et vous souhaitez lancer rapidement la production ou la fabrication en s\u00e9rie &#8211; mais vous rencontrez des probl\u00e8mes avec (le fournisseur) l&#8217;installation de production ou le d\u00e9marrage de la fabrication. Il se peut que vous soyez confront\u00e9 \u00e0 des probl\u00e8mes de qualit\u00e9 avec les unit\u00e9s d\u00e9j\u00e0 livr\u00e9es.<\/p><\/div><\/div>      <\/div>\n    <\/div>\n    <div  class=\"zw-cgb no-image-layout columnblock white-color no-icon   \">\n      <div class=\"zw-cgb zw-cgb-content\">\n\n        <div class=\"column-content\"><div class=\"inner-content\"><h2 class=\" zw-cgb headline h4\">Notre mission<\/h2><p class=\" zw-cgb fulltext \">Nous renfor\u00e7ons votre \u00e9quipe par une ressource capable d&#8217;analyser les causes des probl\u00e8mes de d\u00e9veloppement et de production et d&#8217;y rem\u00e9dier rapidement &#8211; en tenant compte des probl\u00e8mes de qualit\u00e9 refl\u00e9t\u00e9s par l&#8217;OEM ainsi que des conditions d&#8217;utilisation du c\u00f4t\u00e9 de l&#8217;OEM.<\/p><\/div><\/div>      <\/div>\n    <\/div>\n    <div  class=\"zw-cgb no-image-layout columnblock white-color no-icon   \">\n      <div class=\"zw-cgb zw-cgb-content\">\n\n        <div class=\"column-content\"><div class=\"inner-content\"><h2 class=\" zw-cgb headline h4\">Votre solution<\/h2><p class=\" zw-cgb fulltext \">Un chef de projet Atreus approuv\u00e9 disposant d&#8217;une exp\u00e9rience pertinente dans le d\u00e9veloppement et la production de batteries automobiles se charge de l&#8217;analyse et de la mise en \u0153uvre des mesures correctives. En cas de besoin, nous mettons \u00e0 disposition des ressources suppl\u00e9mentaires, par exemple dans les domaines de la production en s\u00e9rie ou du d\u00e9veloppement de batteries.<\/p><\/div><\/div>      <\/div>\n    <\/div>\n<\/div><\/div><\/div><\/div><div id=\"zw-683c7eb7-9be3-4be8-842e-bdd2b321ebb8-1\" class=\"single-akkordion-item collapsed\" type=\"button\"\n          data-bs-toggle=\"collapse\" data-bs-target=\"#zw-683c7eb7-9be3-4be8-842e-bdd2b321ebb8\" aria-expanded=\"false\" aria-controls=\"collapsetwo\"><div class=\"faq-headline-container d-flex no-icon \"><h3 class=\" zw-cgb subheadline faq\"><strong>Chef de projet ou responsable du d\u00e9veloppement <\/strong>dans le domaine ADAS<\/h3><span class=\"atreus-font pfeil-hoch\">d<\/span><span class=\"atreus-font pfeil-runter\">c<\/span><\/div><\/div><div id=\"zw-683c7eb7-9be3-4be8-842e-bdd2b321ebb8\" class=\"collapse single-akkordion-item mt-0\" data-bs-parent=\"#parent3365\"><div class=\"zw-cgb row akkordionInnerWrapper \"><div  class=\"zw-cgb row  columnmaster020 default-margin \"><div class=\"columnmaster-inner-content g-0\">    <div  class=\"zw-cgb no-image-layout columnblock white-color no-icon   \">\n      <div class=\"zw-cgb zw-cgb-content\">\n\n        <div class=\"column-content\"><div class=\"inner-content\"><h2 class=\" zw-cgb headline h4\">Votre d\u00e9fi<\/h2><p class=\" zw-cgb fulltext \">Vous avez \u00e9t\u00e9 charg\u00e9 par un \u00e9quipementier de d\u00e9velopper un syst\u00e8me avanc\u00e9 d&#8217;aide \u00e0 la conduite (ADAS). Votre projet de d\u00e9veloppement en cours d\u00e9passe le cadre temporel et budg\u00e9taire, le d\u00e9marrage de la production est menac\u00e9. Leur capacit\u00e9 d&#8217;ing\u00e9nierie est constamment surbook\u00e9e et d\u00e9centralis\u00e9e. La relation avec l&#8217;\u00e9quipementier qui l&#8217;a mandat\u00e9 ainsi que le projet de d\u00e9veloppement lui-m\u00eame sont gravement menac\u00e9s.<\/p><\/div><\/div>      <\/div>\n    <\/div>\n    <div  class=\"zw-cgb no-image-layout columnblock white-color no-icon   \">\n      <div class=\"zw-cgb zw-cgb-content\">\n\n        <div class=\"column-content\"><div class=\"inner-content\"><h2 class=\" zw-cgb headline h4\">Notre mission<\/h2><p class=\" zw-cgb fulltext \">Nous renfor\u00e7ons votre \u00e9quipe avec la ressource ad\u00e9quate afin de ramener votre projet de d\u00e9veloppement ADAS dans les d\u00e9lais et le budget, de mettre en place une gestion de projet transparente et d&#8217;optimiser la structure de votre \u00e9quipe de d\u00e9veloppement en fonction des objectifs.<\/p><\/div><\/div>      <\/div>\n    <\/div>\n    <div  class=\"zw-cgb no-image-layout columnblock white-color no-icon   \">\n      <div class=\"zw-cgb zw-cgb-content\">\n\n        <div class=\"column-content\"><div class=\"inner-content\"><h2 class=\" zw-cgb headline h4\">Votre solution<\/h2><p class=\" zw-cgb fulltext \">Un directeur de d\u00e9veloppement\/chef de projet Atreus ayant une exp\u00e9rience pertinente dans le domaine ADAS prend la direction du projet. En cas de besoin, nous mettons \u00e0 disposition des ressources suppl\u00e9mentaires, par exemple dans les domaines du d\u00e9veloppement de mat\u00e9riel et de logiciels ou des tests.<\/p><\/div><\/div>      <\/div>\n    <\/div>\n<\/div><\/div><\/div><\/div><\/div><\/div><\/div>\n\n<div  class=\"zw-cgb  sidebarblock default-margin \">\r\n      <div class=\"row\">\r\n        \r\n\t\t<div class=\"zw-cgb global-widget right  black-color  no-margin\">\r\n\t\t\t\t\t\t\t<div class=\"bg-img-container\">\r\n\t\t\t\t\t<img decoding=\"async\" loading=\"lazy\" width=\"1920\" height=\"720\" src=\"https:\/\/www.atreus.de\/wp-content\/uploads\/2026\/03\/widget-HC-BB-Automotive-EN.webp\" style=\"aspect-ratio:1920\/720 !important\" alt=\"atreus_\" title=\"atreus_\">\t\t\t\t<\/div>\r\n\t\t\t\t\t\t<div class=\"inner-container bg-white\">\r\n\t\t\t\t      <div class=\"headlinetwo-container\">\r\n\t\t<p class=\"zw-cgb headline two\">ATREUS \u2013 UNE EXCELLENCE R\u00c9COMPENS\u00c9E<\/p>\r\n\t  <\/div> \t\t\t\t<div class=\"widget-content fulltext\">\r\n\r\n\t\t\t\t\t\t<p>En mati\u00e8re de management de transition, Atreus est aujourd\u2019hui le num\u00e9ro 1 incontest\u00e9. Nous devons cette position de chef de file \u00e0 la confiance de nos clients, qui confirment en permanence notre qualit\u00e9 et notre capacit\u00e9 de mise en \u0153uvre en nous attribuant les meilleures notes.<\/p>\n<p>&nbsp;<\/p>\n<p>Atreus a \u00e9t\u00e9 r\u00e9compens\u00e9 \u00e0 plusieurs reprises, notamment comme \u00ab Champion cach\u00e9 \u00bb, \u00ab Meilleur conseiller en entreprise \u00bb, \u00ab Meilleur cabinet de conseil Handelsblatt \u00bb, \u00ab Top Consultant \u00bb et \u00ab Meilleur consultant en entreprise Focus \u00bb. Nous sommes dot\u00e9s d\u2019un large \u00e9ventail d\u2019expertise, de <strong>L\u2019AUTOMOBILE<\/strong> <strong>ET DES \u00c9QUIPEMENTIERS<\/strong>, les biens de consommation, la chimie et la pharmacie, le commerce (y compris le commerce \u00e9lectronique), la construction de machines et d\u2019installations, l&#8217;\u00e9nergie et l&#8217;environnement, la finance et la gestion des risques, l&#8217;industrie chimique et pharmaceutique les sciences de la vie et les services de sant\u00e9 en passant par les disciplines cl\u00e9s telles que l&#8217;am\u00e9lioration de la performance, le conseil en informatique et la mise en \u0153uvre informatique, le conseil en ressources humaines, la gestion des op\u00e9rations, la gestion du changement, le management de la transformation, la num\u00e9risation et la restructuration.<\/p>\n\r\n\r\n\t\t\t\t<\/div>\r\n\t\t\t\t\t\t\t\t\r\n\t\t\t\t<div class=\"zw-cgb zw-cgb-button-container\">\r\n\t\t\t\t\t<a href=\"https:\/\/www.atreus.de\/fr\/contact\/\" class=\"zw-cgb btn btn-primary\">SENTEZ NOTRE EXCELLENCE DE PREMI\u00c8RE MAIN<\/a>\r\n\t\t\t\t<\/div>\r\n\t\t\t\t\t\t\t<\/div>\r\n\t\t<\/div>\r\n\t<\/div><\/div>    \n\n    <div  class=\"zw-cgb  change-padding  infoblock custom-margin black-color  \">\n      <div class=\" row\">\n        <div class=\"zw-cgb-content has-padding col-12\">\n          <div class=\"preheadline-container parent-has-padding\"><h4 class=\" zw-cgb preheadline ' .  . '\">T\u00e9moignages de clients<\/h4><\/div><div class=\"inner-content parent-has-padding\"><div class=\"link-container\"><\/div><\/div>        <\/div>\n      <\/div>\n    <\/div>\n\n\n\r\n    <div  class=\"zw-cgb  extern-zitat-style  zitat-block black-color default-margin default-padding \">\r\n      <div class=\"row zitat-row\">\r\n        <div class=\" image-container g-0 order-1  d-none \">\r\n                    <div class=\"img-with-gradient\">\r\n\r\n                        <div class=\"linear-gradient-container\"><\/div>\r\n          <\/div>\r\n\r\n\r\n\r\n          <div class=\"zitat-img-text-container\"><div class=\"zitat-name-container fulltext\"><span>Dr. Rainer Feurer<\/span><\/div><div class=\"zitat-discription-container fulltext\"><span>Senior Vice President Participations\/Corporate Investments, BMW Group<\/span><\/div><\/div>                  <\/div>\r\n        <div class=\"g-0 zitat-text-container order-2 col-12 no-image-container \">\r\n          <div class=\"zitat-text\"><span class=\"zitat-start-icon atreus-font\">D<\/span><p class=\"zw-cgb fulltext\">\u201eAtreus nous a apport\u00e9 un soutien d\u00e9cisif dans le cadre d&#8217;un projet strat\u00e9gique, d\u00e9passant largement nos attentes. En tant que directeur g\u00e9n\u00e9ral (CFO\/CEO), le manager d&#8217;Atreus a r\u00e9orient\u00e9 et stabilis\u00e9 une soci\u00e9t\u00e9 de participation vers l&#8217;offre B2C. Parall\u00e8lement, nous avons pu c\u00e9der les activit\u00e9s am\u00e9ricaines \u00e0 un investisseur strat\u00e9gique et int\u00e9grer les activit\u00e9s SaaS B2B\/B2G europ\u00e9ennes dans une nouvelle structure de JV. Nous avons ainsi r\u00e9ussi \u00e0 nous repositionner en interne et en externe sans aucune difficult\u00e9 dans un contexte difficile. C&#8217;est avec plaisir que nous collaborerons \u00e0 nouveau avec Atreus \u00e0 l&#8217;avenir.\u201c<\/p><\/div>          <div class=\"zitat-img-text-container no-image-layout\"><div class=\"zitat-name-container fulltext\"><span>Dr. Rainer Feurer<\/span><\/div><div class=\"zitat-discription-container fulltext\"><span>Senior Vice President Participations\/Corporate Investments, BMW Group<\/span><\/div><\/div>        <\/div>\r\n\r\n      <\/div>\r\n    <\/div>\r\n\n\n\n<div style=\"height:100px\" aria-hidden=\"true\" class=\"wp-block-spacer\"><\/div>\n\n\n<div  class=\"zw-cgb  sidebarblock default-margin \">\r\n      <div class=\"row\">\r\n        \r\n\t\t<div class=\"zw-cgb global-widget center  black-color  no-margin\">\r\n\t\t\t\t\t\t\t<div class=\"bg-img-container\">\r\n\t\t\t\t\t<img decoding=\"async\" loading=\"lazy\" width=\"1920\" height=\"720\" src=\"https:\/\/www.atreus.de\/wp-content\/uploads\/2022\/03\/widget-kombimodell.jpg\" style=\"aspect-ratio:1920\/720 !important\" alt=\"atreus_\" title=\"atreus_\">\t\t\t\t<\/div>\r\n\t\t\t\t\t\t<div class=\"inner-container bg-white\">\r\n\t\t\t\t      <div class=\"headlinetwo-container\">\r\n\t\t<p class=\"zw-cgb headline two\">Le mod\u00e8le combin\u00e9 Atreus <\/p>\r\n\t  <\/div> \t\t\t\t<div class=\"widget-content fulltext\">\r\n\r\n\t\t\t\t\t\t<p><span class=\"NormalTextRun SCXW38816000 BCX8\">Notre offre int\u00e9gr\u00e9e de <\/span><span class=\"NormalTextRun SCXW38816000 BCX8\">management<\/span> <span class=\"NormalTextRun SCXW38816000 BCX8\">de transition<\/span><span class=\"NormalTextRun SCXW38816000 BCX8\"> et de recherche de cadres est une solution imm\u00e9diate pour vous permettre de pourvoir des postes de haut niveau.<\/span><\/p>\n\r\n\r\n\t\t\t\t<\/div>\r\n\t\t\t\t\t\t\t\t\r\n\t\t\t\t<div class=\"zw-cgb zw-cgb-button-container\">\r\n\t\t\t\t\t<a href=\"https:\/\/www.atreus.de\/fr\/competences\/service\/modele-combine-interim-et-executive-search\/\" class=\"zw-cgb btn btn-primary\">EN SAVOIR PLUS<\/a>\r\n\t\t\t\t<\/div>\r\n\t\t\t\t\t\t\t<\/div>\r\n\t\t<\/div>\r\n\t<\/div><\/div>    \n\n    <div  class=\"zw-cgb  change-padding  infoblock custom-margin black-color  \">\n      <div class=\" row\">\n        <div class=\"zw-cgb-content has-padding col-12\">\n          <div class=\"preheadline-container parent-has-padding\"><h4 class=\" zw-cgb preheadline ' .  . '\">T\u00e9moignage de Managers<\/h4><\/div><div class=\"inner-content parent-has-padding\"><div class=\"link-container\"><\/div><\/div>        <\/div>\n      <\/div>\n    <\/div>\n\n\n\r\n    <div  class=\"zw-cgb  extern-zitat-style  zitat-block black-color default-margin default-padding \">\r\n      <div class=\"row zitat-row\">\r\n        <div class=\" image-container g-0 order-1 order-lg-2  d-none \">\r\n                    <div class=\"img-with-gradient\">\r\n\r\n                        <div class=\"linear-gradient-container\"><\/div>\r\n          <\/div>\r\n\r\n\r\n\r\n          <div class=\"zitat-img-text-container\"><div class=\"zitat-name-container fulltext\"><span>Harald Thal<\/span><\/div><div class=\"zitat-discription-container fulltext\"><span>Manager Atreus<\/span><\/div><\/div>                  <\/div>\r\n        <div class=\"g-0 zitat-text-container order-2 order-lg-1 col-12 no-image-container \">\r\n          <div class=\"zitat-text\"><span class=\"zitat-start-icon atreus-font\">D<\/span><p class=\"zw-cgb fulltext\">\u201eNous vivons dans l&#8217;industrie automobile l&#8217;un des plus grands bouleversements depuis l&#8217;industrialisation. Les grands d\u00e9fis auxquels sont confront\u00e9s de nombreux fournisseurs automobiles sont les mesures de r\u00e9duction des co\u00fbts, d&#8217;optimisation des processus et d&#8217;am\u00e9lioration de la qualit\u00e9. Pour les v\u00e9hicules \u00e9lectriques, par exemple, nous avons une valeur ajout\u00e9e nettement plus faible. Moins d&#8217;employ\u00e9s sont n\u00e9cessaires pour produire le v\u00e9hicule. Il en r\u00e9sulte une baisse de l&#8217;utilisation des usines qu&#8217;il convient de compenser, souvent par des restructurations au sein des entreprises sur plusieurs sites, voire par des d\u00e9localisations dans le cadre de l&#8217;internalisation ou de l&#8217;externalisation.\u201c<\/p><\/div>          <div class=\"zitat-img-text-container no-image-layout\"><div class=\"zitat-name-container fulltext\"><span>Harald Thal<\/span><\/div><div class=\"zitat-discription-container fulltext\"><span>Manager Atreus<\/span><\/div><\/div>        <\/div>\r\n\r\n      <\/div>\r\n    <\/div>\r\n\n\n\n    <div  class=\"zw-cgb  latestPosts default-margin \">\n      <div class=\"row zw-cgb-content\">\n        \n      <div  class=\"zw-cgb latestPostsContent px-0 col-12 col-md-6 col-menu-4 publication   show-featured-image \">\n\n\n        <div class=\"image-container single-featured\"><a href=\"https:\/\/www.atreus.de\/fr\/publication\/etude-de-cas\/analyse-de-terrain-apres-vente-des-batteries-lithium-ion-installees\/\"><span class=\"copyright-image\">\u00a9fotolia.com, Syda Productions<\/span><img decoding=\"async\" loading=\"lazy\" alt=\"atreus_\" src=\"https:\/\/www.atreus.de\/wp-content\/uploads\/2022\/03\/teaser-2u3-sp-03-Automotive.jpg\" srcset=\"https:\/\/www.atreus.de\/wp-content\/uploads\/2022\/03\/teaser-2u3-sp-03-Automotive.jpg 823w, https:\/\/www.atreus.de\/wp-content\/uploads\/2022\/03\/teaser-2u3-sp-03-Automotive-768x578.jpg 768w, https:\/\/www.atreus.de\/wp-content\/uploads\/2022\/03\/teaser-2u3-sp-03-Automotive-480x361.jpg 480w\" sizes=\"(max-width: 1024px) 100vw, 1024px\" style=\"aspect-ratio:823\/619 !important\" title=\"atreus_\"><\/a><\/div><div class=\"image-container double-featured\"><a href=\"https:\/\/www.atreus.de\/fr\/publication\/etude-de-cas\/analyse-de-terrain-apres-vente-des-batteries-lithium-ion-installees\/\"><span class=\"copyright-image\">\u00a9fotolia.com, Syda Productions<\/span><img decoding=\"async\" loading=\"lazy\" alt=\"atreus_\" src=\"https:\/\/www.atreus.de\/wp-content\/uploads\/2022\/03\/teaser-60z30-03-Automotive.jpg\" srcset=\"https:\/\/www.atreus.de\/wp-content\/uploads\/2022\/03\/teaser-60z30-03-Automotive.jpg 1098w, https:\/\/www.atreus.de\/wp-content\/uploads\/2022\/03\/teaser-60z30-03-Automotive-768x288.jpg 768w, https:\/\/www.atreus.de\/wp-content\/uploads\/2022\/03\/teaser-60z30-03-Automotive-1024x384.jpg 1024w, https:\/\/www.atreus.de\/wp-content\/uploads\/2022\/03\/teaser-60z30-03-Automotive-480x180.jpg 480w\" sizes=\"(max-width: 1024px) 100vw, 1024px\" style=\"aspect-ratio:1098\/412 !important\" title=\"atreus_\"><\/a><\/div>        <div class=\"content-container has-excerpt posttype-publication blue-400 white-color\">\n          <div class=\"preheadline-container parent-has-padding\"><p class=\"zw-cgb preheadline\">\u00c9tude de cas<\/p><\/div><a href=\"https:\/\/www.atreus.de\/fr\/publication\/etude-de-cas\/analyse-de-terrain-apres-vente-des-batteries-lithium-ion-installees\/\"><h2 class=\" zw-cgb headline\">Analyse de terrain apr\u00e8s-vente des batteries lithium-ion install\u00e9es<\/h2><\/a><p class=\" zw-cgb fulltext\">Un fournisseur de l\u2019industrie automobile d\u00e9veloppe, produit et vend des batteries au lithium. Toutefois, l\u2019ensemble des r\u00e8gles r\u00e9gissant les activit\u00e9s de maintenance sur le terrain est insuffisant. Un manager d\u2019Atreus se charge de l\u2019analyse de terrain apr\u00e8s-vente, identifie et quantifie les risques et satisfait &#8230;<\/p><div class=\"zw-cgb zw-cgb-button-container \"><a href=\"https:\/\/www.atreus.de\/fr\/publication\/etude-de-cas\/analyse-de-terrain-apres-vente-des-batteries-lithium-ion-installees\/\" class=\"zw-cgb btn btn-primary \">Lire la suite<\/a><\/div>        <\/div>\n            <\/div>\n      \n  \n      <div  class=\"zw-cgb latestPostsContent px-0 col-12 col-md-6 col-menu-4 post   show-featured-image \">\n\n\n        <div class=\"image-container single-featured\"><a href=\"https:\/\/www.atreus.de\/fr\/atreus-dans-les-medias\/aucune-entreprise-ne-peut-ignorer-le-theme-de-la-durabilite\/\"><span class=\"copyright-image\"><\/span><img decoding=\"async\" loading=\"lazy\" alt=\"atreus_\" src=\"https:\/\/www.atreus.de\/wp-content\/uploads\/2023\/03\/TEASER1.jpg\" srcset=\"https:\/\/www.atreus.de\/wp-content\/uploads\/2023\/03\/TEASER1.jpg 1098w, https:\/\/www.atreus.de\/wp-content\/uploads\/2023\/03\/TEASER1-768x288.jpg 768w, https:\/\/www.atreus.de\/wp-content\/uploads\/2023\/03\/TEASER1-1024x384.jpg 1024w, https:\/\/www.atreus.de\/wp-content\/uploads\/2023\/03\/TEASER1-480x180.jpg 480w\" sizes=\"(max-width: 1024px) 100vw, 1024px\" style=\"aspect-ratio:1098\/412 !important\" title=\"atreus_\"><\/a><\/div><div class=\"image-container double-featured\"><a href=\"https:\/\/www.atreus.de\/fr\/atreus-dans-les-medias\/aucune-entreprise-ne-peut-ignorer-le-theme-de-la-durabilite\/\"><span class=\"copyright-image\"><\/span><img decoding=\"async\" loading=\"lazy\" alt=\"atreus_\" src=\"https:\/\/www.atreus.de\/wp-content\/uploads\/2023\/03\/TEASER1.jpg\" srcset=\"https:\/\/www.atreus.de\/wp-content\/uploads\/2023\/03\/TEASER1.jpg 1098w, https:\/\/www.atreus.de\/wp-content\/uploads\/2023\/03\/TEASER1-768x288.jpg 768w, https:\/\/www.atreus.de\/wp-content\/uploads\/2023\/03\/TEASER1-1024x384.jpg 1024w, https:\/\/www.atreus.de\/wp-content\/uploads\/2023\/03\/TEASER1-480x180.jpg 480w\" sizes=\"(max-width: 1024px) 100vw, 1024px\" style=\"aspect-ratio:1098\/412 !important\" title=\"atreus_\"><\/a><\/div>        <div class=\"content-container has-excerpt posttype-post blue-600 white-color\">\n          <div class=\"preheadline-container parent-has-padding\"><p class=\"zw-cgb preheadline\">Atreus dans les m\u00e9dias<\/p><\/div><a href=\"https:\/\/www.atreus.de\/fr\/atreus-dans-les-medias\/aucune-entreprise-ne-peut-ignorer-le-theme-de-la-durabilite\/\"><h2 class=\" zw-cgb headline\">Aucune entreprise ne peut ignorer la question du d\u00e9veloppement durable<\/h2><\/a><p class=\" zw-cgb fulltext\">Dans le journal B\u00f6rsen-Zeitung, le Managing Partner et directeur g\u00e9n\u00e9ral d\u2019Atreus, Harald Linn\u00e9, et le directeur d\u2019Atreus, Robert Minge, expliquent dans quelle mesure la pertinence croissante de la durabilit\u00e9 devient une partie int\u00e9grante de l\u2019\u00e9valuation des entreprises.<\/p><div class=\"post-meta-info-container\"><div class=\"post-read-time\"><p class=\"zw-cgb fulltext\"><i class=\"far fa-clock\"><\/i>3 temps de lecture min<\/p><\/div><div class=\"post-rating-container d-none\"><!-- FeedbackWP Plugin - Results Widget --><div  class=\"rmp-results-widget js-rmp-results-widget js-rmp-results-widget--524345 \"  data-post-id=\"524345\">  <div class=\"rmp-results-widget__visual-rating\">    <i class=\"js-rmp-results-icon rmp-icon rmp-icon--ratings rmp-icon--star \"><\/i><i class=\"js-rmp-results-icon rmp-icon rmp-icon--ratings rmp-icon--star \"><\/i><i class=\"js-rmp-results-icon rmp-icon rmp-icon--ratings rmp-icon--star \"><\/i><i class=\"js-rmp-results-icon rmp-icon rmp-icon--ratings rmp-icon--star \"><\/i><i class=\"js-rmp-results-icon rmp-icon rmp-icon--ratings rmp-icon--star \"><\/i>  <\/div>  <div class=\"rmp-results-widget__avg-rating\">    <span class=\"js-rmp-avg-rating\">          <\/span>  <\/div>  <div class=\"rmp-results-widget__vote-count\">    (<span class=\"js-rmp-vote-count\"><\/span>)  <\/div><\/div> <\/div><div class=\"post-social-share\"><div class=\"zw-social-share dropdown show\">\r\n        <a class=\"zw-social-share-toggler\" href=\"#\" role=\"button\" id=\"dropdownMenuLink\" data-toggle=\"dropdown\" aria-haspopup=\"true\" aria-expanded=\"false\">\r\n        <i class=\"fas fa-share-alt\"><\/i><span class=\"zw-share-meta\">Partager<\/span>\r\n        <\/a>\r\n        <div class=\"zw-share-dropdown-menu dropdown-menu\" aria-labelledby=\"dropdownMenuLink\"><div class=\"dropdown-inner\"><p class=\"zw-share-heading fulltext\">Partager<\/p><a class=\"zw-social-share-toggler fulltext\" href=\"#\" role=\"button\" id=\"dropdownMenuLink\" data-toggle=\"dropdown\" aria-label=\"Close\">\u2715<\/a><div class=\"social-inner-icons\"><a class=\"dropdown-item \" target=\"_blank\" rel=\"nofollow\" href=\"https:\/\/www.linkedin.com\/cws\/share?url=https%3A%2F%2Fwww.atreus.de%2Ffr%2Fatreus-dans-les-medias%2Faucune-entreprise-ne-peut-ignorer-le-theme-de-la-durabilite%2F&amp;title=Aucune+entreprise+ne+peut+ignorer+la+question+du+d%C3%A9veloppement+durable\"><i class=\"fab fa-linkedin fa-fw\"><\/i><\/a><a class=\"dropdown-item \" target=\"_blank\" rel=\"nofollow\" href=\"https:\/\/www.xing.com\/spi\/shares\/new?url=https%3A%2F%2Fwww.atreus.de%2Ffr%2Fatreus-dans-les-medias%2Faucune-entreprise-ne-peut-ignorer-le-theme-de-la-durabilite%2F\"><i class=\"fab fa-xing fa-fw\"><\/i><\/a><a class=\"dropdown-item \" target=\"_blank\" rel=\"nofollow\" href=\"https:\/\/www.facebook.com\/sharer\/sharer.php?u=https%3A%2F%2Fwww.atreus.de%2Ffr%2Fatreus-dans-les-medias%2Faucune-entreprise-ne-peut-ignorer-le-theme-de-la-durabilite%2F&amp;t=Aucune+entreprise+ne+peut+ignorer+la+question+du+d%C3%A9veloppement+durable\"><i class=\"fab fa-facebook-square fa-fw\"><\/i><\/a><a class=\"dropdown-item \" target=\"_blank\" rel=\"nofollow\" href=\"https:\/\/twitter.com\/intent\/tweet?url=https%3A%2F%2Fwww.atreus.de%2Ffr%2Fatreus-dans-les-medias%2Faucune-entreprise-ne-peut-ignorer-le-theme-de-la-durabilite%2F&amp;text=Aucune+entreprise+ne+peut+ignorer+la+question+du+d%C3%A9veloppement+durable\"><i class=\"fab fa-twitter fa-fw\"><\/i><\/a>  <\/div><\/div><\/div>\r\n    <\/div><\/div><\/div><div class=\"zw-cgb zw-cgb-button-container \"><a href=\"https:\/\/www.atreus.de\/fr\/atreus-dans-les-medias\/aucune-entreprise-ne-peut-ignorer-le-theme-de-la-durabilite\/\" class=\"zw-cgb btn btn-primary \">Lire la suite<\/a><\/div>        <\/div>\n            <\/div>\n      \n  \n      <div  class=\"zw-cgb latestPostsContent px-0 col-12 col-md-12 col-menu-4 publication   show-featured-image \">\n\n\n        <div class=\"image-container single-featured\"><a href=\"https:\/\/www.atreus.de\/fr\/publication\/etude-de-cas\/developpement-des-ventes-et-des-distributeurs-en-chine\/\"><span class=\"copyright-image\">\u00a9fotolia.com, pressmaster<\/span><img decoding=\"async\" loading=\"lazy\" alt=\"atreus_\" src=\"https:\/\/www.atreus.de\/wp-content\/uploads\/2022\/03\/teaser-img-fuer-2-und-3-spalter-03-7.jpg\" srcset=\"https:\/\/www.atreus.de\/wp-content\/uploads\/2022\/03\/teaser-img-fuer-2-und-3-spalter-03-7.jpg 823w, https:\/\/www.atreus.de\/wp-content\/uploads\/2022\/03\/teaser-img-fuer-2-und-3-spalter-03-7-768x578.jpg 768w, https:\/\/www.atreus.de\/wp-content\/uploads\/2022\/03\/teaser-img-fuer-2-und-3-spalter-03-7-480x361.jpg 480w\" sizes=\"(max-width: 1024px) 100vw, 1024px\" style=\"aspect-ratio:823\/619 !important\" title=\"atreus_\"><\/a><\/div><div class=\"image-container double-featured\"><a href=\"https:\/\/www.atreus.de\/fr\/publication\/etude-de-cas\/developpement-des-ventes-et-des-distributeurs-en-chine\/\"><span class=\"copyright-image\">\u00a9fotolia.com, pressmaster<\/span><img decoding=\"async\" loading=\"lazy\" alt=\"atreus_\" src=\"https:\/\/www.atreus.de\/wp-content\/uploads\/2022\/03\/teaser-img-60zu30-03-7.jpg\" srcset=\"https:\/\/www.atreus.de\/wp-content\/uploads\/2022\/03\/teaser-img-60zu30-03-7.jpg 1098w, https:\/\/www.atreus.de\/wp-content\/uploads\/2022\/03\/teaser-img-60zu30-03-7-768x288.jpg 768w, https:\/\/www.atreus.de\/wp-content\/uploads\/2022\/03\/teaser-img-60zu30-03-7-1024x384.jpg 1024w, https:\/\/www.atreus.de\/wp-content\/uploads\/2022\/03\/teaser-img-60zu30-03-7-480x180.jpg 480w\" sizes=\"(max-width: 1024px) 100vw, 1024px\" style=\"aspect-ratio:1098\/412 !important\" title=\"atreus_\"><\/a><\/div>        <div class=\"content-container has-excerpt posttype-publication blue-900 white-color\">\n          <div class=\"preheadline-container parent-has-padding\"><p class=\"zw-cgb preheadline\">\u00c9tude de cas<\/p><\/div><a href=\"https:\/\/www.atreus.de\/fr\/publication\/etude-de-cas\/developpement-des-ventes-et-des-distributeurs-en-chine\/\"><h2 class=\" zw-cgb headline\">D\u00e9veloppement des ventes et des distributeurs en Chine<\/h2><\/a><p class=\" zw-cgb fulltext\">Un manager d\u2019Atreus, en tant que responsable des ventes pour la Chine, r\u00e9alise le d\u00e9veloppement des ventes et des distributeurs en Chine pour un constructeur de machines et introduit un concept de vente directe. Il met en place un programme de formation pour les &#8230;<\/p><div class=\"zw-cgb zw-cgb-button-container \"><a href=\"https:\/\/www.atreus.de\/fr\/publication\/etude-de-cas\/developpement-des-ventes-et-des-distributeurs-en-chine\/\" class=\"zw-cgb btn btn-primary \">Lire la suite<\/a><\/div>        <\/div>\n            <\/div>\n      <div class=\"zw-spacer px-0\"><\/div>\n        <\/div>\n    <\/div>\n\n\n\n    <div  class=\"zw-cgb  change-padding  infoblock custom-margin black-color  \">\n      <div class=\" row\">\n        <div class=\"zw-cgb-content has-padding col-12\">\n          <div class=\"preheadline-container parent-has-padding\"><h4 class=\" zw-cgb preheadline ' .  . '\">T\u00e9moignage de Directeurs<\/h4><\/div><div class=\"inner-content parent-has-padding\"><div class=\"link-container\"><\/div><\/div>        <\/div>\n      <\/div>\n    <\/div>\n\n\n\r\n    <div  class=\"zw-cgb  intern-zitat-style  zitat-block black-color default-margin default-padding \">\r\n      <div class=\"row zitat-row\">\r\n        <div class=\" image-container g-0 order-1  col-menu-5 col-12 \">\r\n          <a href=\"https:\/\/www.atreus.de\/fr\/equipe\/stefan-randak\/\">          <div class=\"img-with-gradient\">\r\n\r\n            <span class=\"copyright-image\"><\/span><img decoding=\"async\" loading=\"lazy\" alt=\"atreus_\" src=\"https:\/\/www.atreus.de\/wp-content\/uploads\/2023\/07\/ran-st-v1.png\" srcset=\"https:\/\/www.atreus.de\/wp-content\/uploads\/2023\/07\/ran-st-v1.png 555w, https:\/\/www.atreus.de\/wp-content\/uploads\/2023\/07\/ran-st-v1-480x600.png 480w\" sizes=\"(max-width: 1024px) 100vw, 1024px\" style=\"aspect-ratio:555\/694 !important\" title=\"atreus_\">            <div class=\"linear-gradient-container\"><\/div>\r\n          <\/div>\r\n\r\n\r\n\r\n          <div class=\"zitat-img-text-container\"><div class=\"zitat-name-container fulltext\"><span>Stefan  Randak<\/span><\/div><div class=\"zitat-discription-container fulltext\"><span>Partenaire et responsable du Solution Group Automotive et Mobility\r\n<\/span><\/div><\/div>          <\/a>        <\/div>\r\n        <div class=\"g-0 zitat-text-container order-2 col-menu-7 col-12 \">\r\n          <div class=\"zitat-text\"><span class=\"zitat-start-icon atreus-font\">D<\/span><p class=\"zw-cgb fulltext\">\u201eDe nombreuses entreprises doivent se restructurer pour assurer leur p\u00e9rennit\u00e9. Cela implique d&#8217;adapter les capacit\u00e9s (production et personnel), d&#8217;optimiser les processus et la qualit\u00e9 et de r\u00e9duire durablement les co\u00fbts. Il faut donc mettre en place des projets individuels et les r\u00e9aliser en fonction des objectifs et des r\u00e9sultats. Il n&#8217;y a pas de temps \u00e0 perdre !\u201c<\/p><\/div>                  <\/div>\r\n\r\n      <\/div>\r\n    <\/div>\r\n\n\n\n    <div  class=\"zw-cgb  latestPosts default-margin \">\n      <div class=\"row zw-cgb-content\">\n        \n      <div  class=\"zw-cgb latestPostsContent px-0 col-12 col-md-6 col-menu-4 event   show-featured-image \">\n\n\n        <div class=\"image-container single-featured\"><a href=\"https:\/\/www.atreus.de\/fr\/evenement\/restructuration-en-2023-au-coeur-de-la-tempete\/\"><span class=\"copyright-image\">\u00a9 Pavel, \u00a9 oraziopuccio &#8211; stock.adobe.com<\/span><img decoding=\"async\" loading=\"lazy\" alt=\"atreus_\" src=\"https:\/\/www.atreus.de\/wp-content\/uploads\/2023\/08\/teaser-4zu3-20231013-RT-Restrukturierung.jpg\" srcset=\"https:\/\/www.atreus.de\/wp-content\/uploads\/2023\/08\/teaser-4zu3-20231013-RT-Restrukturierung.jpg 823w, https:\/\/www.atreus.de\/wp-content\/uploads\/2023\/08\/teaser-4zu3-20231013-RT-Restrukturierung-768x578.jpg 768w, https:\/\/www.atreus.de\/wp-content\/uploads\/2023\/08\/teaser-4zu3-20231013-RT-Restrukturierung-480x361.jpg 480w\" sizes=\"(max-width: 1024px) 100vw, 1024px\" style=\"aspect-ratio:823\/619 !important\" title=\"atreus_\"><\/a><\/div><div class=\"image-container double-featured\"><a href=\"https:\/\/www.atreus.de\/fr\/evenement\/restructuration-en-2023-au-coeur-de-la-tempete\/\"><span class=\"copyright-image\">\u00a9 Pavel, \u00a9 oraziopuccio &#8211; stock.adobe.com<\/span><img decoding=\"async\" loading=\"lazy\" alt=\"atreus_\" src=\"https:\/\/www.atreus.de\/wp-content\/uploads\/2023\/08\/teaser-landscape-20231013-RT-Restrukturierung.jpg\" srcset=\"https:\/\/www.atreus.de\/wp-content\/uploads\/2023\/08\/teaser-landscape-20231013-RT-Restrukturierung.jpg 1098w, https:\/\/www.atreus.de\/wp-content\/uploads\/2023\/08\/teaser-landscape-20231013-RT-Restrukturierung-768x288.jpg 768w, https:\/\/www.atreus.de\/wp-content\/uploads\/2023\/08\/teaser-landscape-20231013-RT-Restrukturierung-1024x384.jpg 1024w, https:\/\/www.atreus.de\/wp-content\/uploads\/2023\/08\/teaser-landscape-20231013-RT-Restrukturierung-480x180.jpg 480w\" sizes=\"(max-width: 1024px) 100vw, 1024px\" style=\"aspect-ratio:1098\/412 !important\" title=\"atreus_\"><\/a><\/div>        <div class=\"content-container has-excerpt posttype-event blue-900 white-color\">\n          <div class=\"preheadline-container parent-has-padding\"><p class=\"zw-cgb preheadline\">Table ronde | 13.10.2023<\/p><\/div><a href=\"https:\/\/www.atreus.de\/fr\/evenement\/restructuration-en-2023-au-coeur-de-la-tempete\/\"><h2 class=\" zw-cgb headline\">Restructuration en 2023&nbsp;: au c\u0153ur de la temp\u00eate<\/h2><\/a><p class=\" zw-cgb fulltext\">L\u2019\u00e9conomie allemande navigue sur une mer agit\u00e9e et se contracte, contrairement \u00e0 ses voisins europ\u00e9ens et m\u00eame \u00e0 l\u2019\u00e9chelle mondiale. Mais qu\u2019est-ce que cela signifie pour les entreprises, \u00e0 quoi doivent-elles faire attention, comment peut-on contre-attaquer\u00a0? Nous en parlons avec des experts.<\/p><div class=\"zw-cgb zw-cgb-button-container \"><a href=\"https:\/\/www.atreus.de\/fr\/evenement\/restructuration-en-2023-au-coeur-de-la-tempete\/\" class=\"zw-cgb btn btn-primary \">Lire la suite<\/a><\/div>        <\/div>\n            <\/div>\n      \n        <\/div>\n    <\/div>\n\n\n\n    <div  class=\"zw-cgb    infoblock default-margin black-color  \">\n      <div class=\" row\">\n        <div class=\"zw-cgb-content has-padding col-12\">\n          <div class=\"preheadline-container parent-has-padding\"><h4 class=\" zw-cgb preheadline ' .  . '\">Contact industrie automobile<\/h4><\/div><div class=\"inner-content parent-has-padding\"><p class=\" zw-cgb fulltext \">Tous les membres de notre \u00e9quipe vous conseilleront pour pourvoir par int\u00e9rim des postes de direction. En fonction de leur expertise et de leur exp\u00e9rience, les membres individuels se concentrent sur diff\u00e9rents secteurs.<\/p><div class=\"link-container\"><\/div><\/div>        <\/div>\n      <\/div>\n    <\/div>\n\n\n\n    <div  class=\"zw-cgb  team-member black-color default-margin \">\n      <div class=\"zw-cgb-content member-row row\">\n        <div class=\"col-menu-3 col-lg-4 col-md-6 col-12 single-team-member px-0\">            <a href=\"https:\/\/www.atreus.de\/fr\/equipe\/christian-bayer\/\">\n\n              <div class=\" image-container g-0\">\n                <div class=\"img-with-gradient zwPortImg\">\n\n                  <img decoding=\"async\" loading=\"lazy\" class=\"zwPortImg\" alt=\"atreus_\" src=\"https:\/\/www.atreus.de\/wp-content\/uploads\/2025\/07\/bay-chr.png\" srcset=\"https:\/\/www.atreus.de\/wp-content\/uploads\/2025\/07\/bay-chr.png 555w, https:\/\/www.atreus.de\/wp-content\/uploads\/2025\/07\/bay-chr-480x600.png 480w\" sizes=\"(max-width: 1024px) 100vw, 1024px\" style=\"aspect-ratio:555\/694 !important\" title=\"atreus_\">                  <div class=\"linear-gradient-container\"><\/div>\n                <\/div>\n\n            <\/a>\n            <div class=\"team-member-content\"><div class=\"team-member-name fulltext\"> <a href=\"https:\/\/www.atreus.de\/fr\/equipe\/christian-bayer\/\"><span>Christian Bayer<\/span><\/a><\/div><div class=\"team-member-description fulltext\"> <a href=\"https:\/\/www.atreus.de\/fr\/equipe\/christian-bayer\/\"><span>Directeur<\/span><\/a><\/div><div class=\"team-member-phone\"><a href=\"tel:+49 89 452249-049\"><span>+49 89 452249-049<\/span><\/a><\/div><div class=\"team-member-icon-container\"><div class=\"team-member-email\"><a class=\"atreus-font\" href=\"mailto:Christian.Bayer@atreus.de\">h<\/a><\/div><div class=\"team-member-linkedin\"><a class=\"atreus-font\" target=\"_blank\" href=\"https:\/\/www.linkedin.com\/in\/christian-bayer-541abb180\/\" rel=\"noopener\">3<\/a><\/div><\/div><\/div>      <\/div>\n\n  <\/div><div class=\"col-menu-3 col-lg-4 col-md-6 col-12 single-team-member px-0\">            <a href=\"https:\/\/www.atreus.de\/fr\/equipe\/petra-becker-2\/\">\n\n              <div class=\" image-container g-0\">\n                <div class=\"img-with-gradient zwPortImg\">\n\n                  <img decoding=\"async\" loading=\"lazy\" class=\"zwPortImg\" alt=\"atreus_\" src=\"https:\/\/www.atreus.de\/wp-content\/uploads\/2024\/07\/bec-pe.png\" srcset=\"https:\/\/www.atreus.de\/wp-content\/uploads\/2024\/07\/bec-pe.png 555w, https:\/\/www.atreus.de\/wp-content\/uploads\/2024\/07\/bec-pe-480x600.png 480w\" sizes=\"(max-width: 1024px) 100vw, 1024px\" style=\"aspect-ratio:555\/694 !important\" title=\"atreus_\">                  <div class=\"linear-gradient-container\"><\/div>\n                <\/div>\n\n            <\/a>\n            <div class=\"team-member-content\"><div class=\"team-member-name fulltext\"> <a href=\"https:\/\/www.atreus.de\/fr\/equipe\/petra-becker-2\/\"><span>Petra Becker<\/span><\/a><\/div><div class=\"team-member-description fulltext\"> <a href=\"https:\/\/www.atreus.de\/fr\/equipe\/petra-becker-2\/\"><span>Directrice<\/span><\/a><\/div><div class=\"team-member-phone\"><a href=\"tel:+49 89 452249-341\"><span>+49 89 452249-341<\/span><\/a><\/div><div class=\"team-member-icon-container\"><div class=\"team-member-email\"><a class=\"atreus-font\" href=\"mailto:petra.becker@atreus.de\">h<\/a><\/div><div class=\"team-member-linkedin\"><a class=\"atreus-font\" target=\"_blank\" href=\"https:\/\/www.linkedin.com\/in\/petra-becker\/\" rel=\"noopener\">3<\/a><\/div><\/div><\/div>      <\/div>\n\n  <\/div><div class=\"col-menu-3 col-lg-4 col-md-6 col-12 single-team-member px-0\">            <a href=\"https:\/\/www.atreus.de\/fr\/equipe\/martin-hunglinger\/\">\n\n              <div class=\" image-container g-0\">\n                <div class=\"img-with-gradient zwPortImg\">\n\n                  <img decoding=\"async\" loading=\"lazy\" class=\"zwPortImg\" alt=\"atreus_\" src=\"https:\/\/www.atreus.de\/wp-content\/uploads\/2024\/02\/hun-ma.png\" srcset=\"https:\/\/www.atreus.de\/wp-content\/uploads\/2024\/02\/hun-ma.png 555w, https:\/\/www.atreus.de\/wp-content\/uploads\/2024\/02\/hun-ma-480x600.png 480w\" sizes=\"(max-width: 1024px) 100vw, 1024px\" style=\"aspect-ratio:555\/694 !important\" title=\"atreus_\">                  <div class=\"linear-gradient-container\"><\/div>\n                <\/div>\n\n            <\/a>\n            <div class=\"team-member-content\"><div class=\"team-member-name fulltext\"> <a href=\"https:\/\/www.atreus.de\/fr\/equipe\/martin-hunglinger\/\"><span>Martin Hunglinger<\/span><\/a><\/div><div class=\"team-member-description fulltext\"> <a href=\"https:\/\/www.atreus.de\/fr\/equipe\/martin-hunglinger\/\"><span>Directeur<\/span><\/a><\/div><div class=\"team-member-phone\"><a href=\"tel:+49 89 452249-330\"><span>+49 89 452249-330<\/span><\/a><\/div><div class=\"team-member-icon-container\"><div class=\"team-member-email\"><a class=\"atreus-font\" href=\"mailto:Martin.Hunglinger@atreus.de\">h<\/a><\/div><div class=\"team-member-linkedin\"><a class=\"atreus-font\" target=\"_blank\" href=\"https:\/\/www.linkedin.com\/in\/mahu85\/\" rel=\"noopener\">3<\/a><\/div><\/div><\/div>      <\/div>\n\n  <\/div><div class=\"col-menu-3 col-lg-4 col-md-6 col-12 single-team-member px-0\">            <a href=\"https:\/\/www.atreus.de\/fr\/equipe\/sebastian-kainz\/\">\n\n              <div class=\" image-container g-0\">\n                <div class=\"img-with-gradient zwPortImg\">\n\n                  <img decoding=\"async\" loading=\"lazy\" class=\"zwPortImg\" alt=\"atreus_\" src=\"https:\/\/www.atreus.de\/wp-content\/uploads\/2023\/07\/kai-se-v2.png\" srcset=\"https:\/\/www.atreus.de\/wp-content\/uploads\/2023\/07\/kai-se-v2.png 555w, https:\/\/www.atreus.de\/wp-content\/uploads\/2023\/07\/kai-se-v2-480x600.png 480w\" sizes=\"(max-width: 1024px) 100vw, 1024px\" style=\"aspect-ratio:555\/694 !important\" title=\"atreus_\">                  <div class=\"linear-gradient-container\"><\/div>\n                <\/div>\n\n            <\/a>\n            <div class=\"team-member-content\"><div class=\"team-member-name fulltext\"> <a href=\"https:\/\/www.atreus.de\/fr\/equipe\/sebastian-kainz\/\"><span>Sebastian  Kainz<\/span><\/a><\/div><div class=\"team-member-description fulltext\"> <a href=\"https:\/\/www.atreus.de\/fr\/equipe\/sebastian-kainz\/\"><span>Directeur\r\n<\/span><\/a><\/div><div class=\"team-member-phone\"><a href=\"tel:+49 89 452249-276\"><span>+49 89 452249-276<\/span><\/a><\/div><div class=\"team-member-icon-container\"><div class=\"team-member-email\"><a class=\"atreus-font\" href=\"mailto:Sebastian.Kainz@atreus.de\">h<\/a><\/div><div class=\"team-member-linkedin\"><a class=\"atreus-font\" target=\"_blank\" href=\"https:\/\/www.linkedin.com\/in\/sebastian-kainz\/\" rel=\"noopener\">3<\/a><\/div><\/div><\/div>      <\/div>\n\n  <\/div><div class=\"col-menu-3 col-lg-4 col-md-6 col-12 single-team-member px-0\">            <a href=\"https:\/\/www.atreus.de\/fr\/equipe\/robert-minge\/\">\n\n              <div class=\" image-container g-0\">\n                <div class=\"img-with-gradient zwPortImg\">\n\n                  <img decoding=\"async\" loading=\"lazy\" class=\"zwPortImg\" alt=\"atreus_\" src=\"https:\/\/www.atreus.de\/wp-content\/uploads\/2023\/07\/min-ro-v1.png\" srcset=\"https:\/\/www.atreus.de\/wp-content\/uploads\/2023\/07\/min-ro-v1.png 555w, https:\/\/www.atreus.de\/wp-content\/uploads\/2023\/07\/min-ro-v1-480x600.png 480w\" sizes=\"(max-width: 1024px) 100vw, 1024px\" style=\"aspect-ratio:555\/694 !important\" title=\"atreus_\">                  <div class=\"linear-gradient-container\"><\/div>\n                <\/div>\n\n            <\/a>\n            <div class=\"team-member-content\"><div class=\"team-member-name fulltext\"> <a href=\"https:\/\/www.atreus.de\/fr\/equipe\/robert-minge\/\"><span>Robert  Minge<\/span><\/a><\/div><div class=\"team-member-description fulltext\"> <a href=\"https:\/\/www.atreus.de\/fr\/equipe\/robert-minge\/\"><span>Partenaire\r\n<\/span><\/a><\/div><div class=\"team-member-phone\"><a href=\"tel:+49 89 452249-385\"><span>+49 89 452249-385<\/span><\/a><\/div><div class=\"team-member-icon-container\"><div class=\"team-member-email\"><a class=\"atreus-font\" href=\"mailto:Robert.Minge@atreus.de\">h<\/a><\/div><div class=\"team-member-linkedin\"><a class=\"atreus-font\" target=\"_blank\" href=\"https:\/\/www.linkedin.com\/in\/robert-minge\/\" rel=\"noopener\">3<\/a><\/div><\/div><\/div>      <\/div>\n\n  <\/div><div class=\"col-menu-3 col-lg-4 col-md-6 col-12 single-team-member px-0\">            <a href=\"https:\/\/www.atreus.de\/fr\/equipe\/stefan-randak\/\">\n\n              <div class=\" image-container g-0\">\n                <div class=\"img-with-gradient zwPortImg\">\n\n                  <img decoding=\"async\" loading=\"lazy\" class=\"zwPortImg\" alt=\"atreus_\" src=\"https:\/\/www.atreus.de\/wp-content\/uploads\/2023\/07\/ran-st-v1.png\" srcset=\"https:\/\/www.atreus.de\/wp-content\/uploads\/2023\/07\/ran-st-v1.png 555w, https:\/\/www.atreus.de\/wp-content\/uploads\/2023\/07\/ran-st-v1-480x600.png 480w\" sizes=\"(max-width: 1024px) 100vw, 1024px\" style=\"aspect-ratio:555\/694 !important\" title=\"atreus_\">                  <div class=\"linear-gradient-container\"><\/div>\n                <\/div>\n\n            <\/a>\n            <div class=\"team-member-content\"><div class=\"team-member-name fulltext\"> <a href=\"https:\/\/www.atreus.de\/fr\/equipe\/stefan-randak\/\"><span>Stefan  Randak<\/span><\/a><\/div><div class=\"team-member-description fulltext\"> <a href=\"https:\/\/www.atreus.de\/fr\/equipe\/stefan-randak\/\"><span>Partenaire et responsable du Solution Group Automotive et Mobility\r\n<\/span><\/a><\/div><div class=\"team-member-phone\"><a href=\"tel:+49 89 452249-390\"><span>+49 89 452249-390<\/span><\/a><\/div><div class=\"team-member-icon-container\"><div class=\"team-member-email\"><a class=\"atreus-font\" href=\"mailto:Stefan.Randak@atreus.de\">h<\/a><\/div><div class=\"team-member-linkedin\"><a class=\"atreus-font\" target=\"_blank\" href=\"https:\/\/www.linkedin.com\/in\/stefan-randak\/\" rel=\"noopener\">3<\/a><\/div><\/div><\/div>      <\/div>\n\n  <\/div>    <\/div>\n    <\/div>\n\n","protected":false},"excerpt":{"rendered":"<div  class=\"zw-cgb header-standard-block  desktop-has-image mobile-has-image default-margin white-color content-right content-down zw-atr-portrait-pos-default zw-atr-landscape-pos-default height-default \">\n<div class=\"row\">\n<div class=\"zw-cgb-content col-12 mx-auto\">\n<div  class=\"header-standard-inner-container\">\n<div class=\"bg-image\"><span class=\"copyright-image d-none d-lg-block\">\u00a9 phonlamaiphoto \u2013 stock.adobe.com<\/span><img decoding=\"async\" class=\"respnsive-img d-none d-lg-block\" loading=\"lazy\" alt=\"Automotive Industrie\" src=\"https:\/\/www.atreus.de\/wp-content\/uploads\/2022\/03\/header-automotive-Automotive.jpg\" srcset=\"https:\/\/www.atreus.de\/wp-content\/uploads\/2022\/03\/header-automotive-Automotive.jpg 1920w, https:\/\/www.atreus.de\/wp-content\/uploads\/2022\/03\/header-automotive-Automotive-768x432.jpg 768w, https:\/\/www.atreus.de\/wp-content\/uploads\/2022\/03\/header-automotive-Automotive-1024x576.jpg 1024w, https:\/\/www.atreus.de\/wp-content\/uploads\/2022\/03\/header-automotive-Automotive-480x270.jpg 480w, https:\/\/www.atreus.de\/wp-content\/uploads\/2022\/03\/header-automotive-Automotive-1440x810.jpg 1440w\" sizes=\"(max-width: 1920px) 100vw, 1920px\"style='aspect-ratio:1920\/1080 !important'><span class=\"copyright-image d-lg-none d-block\">\u00a9 phonlamaiphoto \u2013 stock.adobe.com<\/span><img decoding=\"async\" class=\"responsive-img d-lg-none d-block\" loading=\"lazy\" alt=\"Automotive Branche\" src=\"https:\/\/www.atreus.de\/wp-content\/uploads\/2022\/03\/teaser-2u3-sp-Automotive.jpg\" srcset=\"https:\/\/www.atreus.de\/wp-content\/uploads\/2022\/03\/teaser-2u3-sp-Automotive.jpg 823w, https:\/\/www.atreus.de\/wp-content\/uploads\/2022\/03\/teaser-2u3-sp-Automotive-768x578.jpg 768w, https:\/\/www.atreus.de\/wp-content\/uploads\/2022\/03\/teaser-2u3-sp-Automotive-480x361.jpg 480w\" sizes=\"(max-width: 1024px) 100vw, 1024px\"style='aspect-ratio:823\/619 !important'><\/div>\n<div class=\"preheadline-container\">\n<div class=\"zw-breadcrumb-container black-color d-md-down-none\"><\/div>\n<p class=\" zw-cgb preheadline zw-prevent-animation\">Tempo<\/p>\n<h2 class=\" zw-cgb headline zw-prevent-animation\">Automobile<\/h2>\n<\/div>\n<\/div>\n<\/div>\n<\/div>\n<\/div>\n<div class=\"zw-breadcrumb-container black-color d-none d-md-down-block\">\n<nav aria-label=\"breadcrumbs\" class=\"rank-math-breadcrumb\">\n<p><span class=\"label\">c<\/span> <span class=\"last\">Home<\/span><\/p>\n<\/nav>\n<\/div>\n","protected":false},"author":1,"featured_media":4716,"parent":621885,"menu_order":10,"comment_status":"closed","ping_status":"closed","template":"","meta":{"_relevanssi_hide_post":"","_relevanssi_hide_content":"","_relevanssi_pin_for_all":"","_relevanssi_pin_keywords":"","_relevanssi_unpin_keywords":"","_relevanssi_related_keywords":"","_relevanssi_related_include_ids":"","_relevanssi_related_exclude_ids":"","_relevanssi_related_no_append":"","_relevanssi_related_not_related":"","_relevanssi_related_posts":"524314,524329,524345,524369,524337,524328","_relevanssi_noindex_reason":"","_zw_phone_override":"","footnotes":""},"competences":[],"industry-sectors":[693],"class_list":["post-548464","page","type-page","status-publish","has-post-thumbnail","hentry","industry-sectors-automobile"],"_links":{"self":[{"href":"https:\/\/www.atreus.de\/fr\/wp-json\/wp\/v2\/pages\/548464","targetHints":{"allow":["GET"]}}],"collection":[{"href":"https:\/\/www.atreus.de\/fr\/wp-json\/wp\/v2\/pages"}],"about":[{"href":"https:\/\/www.atreus.de\/fr\/wp-json\/wp\/v2\/types\/page"}],"author":[{"embeddable":true,"href":"https:\/\/www.atreus.de\/fr\/wp-json\/wp\/v2\/users\/1"}],"replies":[{"embeddable":true,"href":"https:\/\/www.atreus.de\/fr\/wp-json\/wp\/v2\/comments?post=548464"}],"version-history":[{"count":0,"href":"https:\/\/www.atreus.de\/fr\/wp-json\/wp\/v2\/pages\/548464\/revisions"}],"up":[{"embeddable":true,"href":"https:\/\/www.atreus.de\/fr\/wp-json\/wp\/v2\/pages\/621885"}],"wp:featuredmedia":[{"embeddable":true,"href":"https:\/\/www.atreus.de\/fr\/wp-json\/wp\/v2\/media\/4716"}],"wp:attachment":[{"href":"https:\/\/www.atreus.de\/fr\/wp-json\/wp\/v2\/media?parent=548464"}],"wp:term":[{"taxonomy":"competences","embeddable":true,"href":"https:\/\/www.atreus.de\/fr\/wp-json\/wp\/v2\/competences?post=548464"},{"taxonomy":"industry-sectors","embeddable":true,"href":"https:\/\/www.atreus.de\/fr\/wp-json\/wp\/v2\/industry-sectors?post=548464"}],"curies":[{"name":"wp","href":"https:\/\/api.w.org\/{rel}","templated":true}]}}