{"id":588558,"date":"2022-02-16T11:35:38","date_gmt":"2022-02-16T10:35:38","guid":{"rendered":"https:\/\/www.atreus.de\/?page_id=588558"},"modified":"2025-02-27T12:58:43","modified_gmt":"2025-02-27T11:58:43","slug":"construction-de-machines-et-des-installations","status":"publish","type":"page","link":"https:\/\/www.atreus.de\/fr\/industries\/construction-de-machines-et-des-installations\/","title":{"rendered":"Construction de machines et des installations"},"content":{"rendered":"<div  class=\"zw-cgb header-standard-block is-first-block desktop-has-image mobile-has-image default-margin white-color content-right content-down zw-atr-portrait-pos-default zw-atr-landscape-pos-default height-default \"><div class=\"row\"><div class=\"zw-cgb-content col-12 mx-auto\"><div  class=\"header-standard-inner-container\"><div class=\"bg-image\"><span class=\"copyright-image d-none d-lg-block\">\u00a9 xiaoliangge \u2013 stock.adobe.com<\/span><img decoding=\"async\" class=\"respnsive-img d-none d-lg-block\" loading=\"lazy\" alt=\"Maschinen- und Anlagenbau\" src=\"https:\/\/www.atreus.de\/wp-content\/uploads\/2022\/03\/header-mab-Maschinen-und_Anlagenbau.jpg\" srcset=\"https:\/\/www.atreus.de\/wp-content\/uploads\/2022\/03\/header-mab-Maschinen-und_Anlagenbau.jpg 1920w, https:\/\/www.atreus.de\/wp-content\/uploads\/2022\/03\/header-mab-Maschinen-und_Anlagenbau-768x432.jpg 768w, https:\/\/www.atreus.de\/wp-content\/uploads\/2022\/03\/header-mab-Maschinen-und_Anlagenbau-1024x576.jpg 1024w, https:\/\/www.atreus.de\/wp-content\/uploads\/2022\/03\/header-mab-Maschinen-und_Anlagenbau-480x270.jpg 480w, https:\/\/www.atreus.de\/wp-content\/uploads\/2022\/03\/header-mab-Maschinen-und_Anlagenbau-1440x810.jpg 1440w\" sizes=\"(max-width: 1920px) 100vw, 1920px\" style=\"aspect-ratio:1920\/1080 !important\" title=\"atreus_\"><span class=\"copyright-image d-lg-none d-block\">\u00a9 xiaoliangge \u2013 stock.adobe.com<\/span><img decoding=\"async\" class=\"responsive-img d-lg-none d-block\" loading=\"lazy\" alt=\"Maschinen- und Anlagenbau\" src=\"https:\/\/www.atreus.de\/wp-content\/uploads\/2022\/03\/teaser-2u3-sp-Maschinen-und_Anlagenbau.jpg\" srcset=\"https:\/\/www.atreus.de\/wp-content\/uploads\/2022\/03\/teaser-2u3-sp-Maschinen-und_Anlagenbau.jpg 823w, https:\/\/www.atreus.de\/wp-content\/uploads\/2022\/03\/teaser-2u3-sp-Maschinen-und_Anlagenbau-768x578.jpg 768w, https:\/\/www.atreus.de\/wp-content\/uploads\/2022\/03\/teaser-2u3-sp-Maschinen-und_Anlagenbau-480x361.jpg 480w\" sizes=\"(max-width: 1024px) 100vw, 1024px\" style=\"aspect-ratio:823\/619 !important\" title=\"atreus_\"><\/div><div class=\"preheadline-container\"><div class=\"zw-breadcrumb-container black-color d-md-down-none\"><\/div><p class=\" zw-cgb preheadline zw-prevent-animation\">Industrie&nbsp;4.5<\/p><h1 class=\" zw-cgb headline zw-prevent-animation\">Construction de machines et construction d\u2019installations<\/h1><\/div><\/div><\/div><\/div><\/div><div class=\"zw-breadcrumb-container black-color d-none d-md-down-block\"><nav aria-label=\"breadcrumbs\" class=\"rank-math-breadcrumb\"><p><span class=\"label\">c<\/span> <span class=\"last\">Home<\/span><\/p><\/nav><\/div>\n\n    <div  class=\"zw-cgb    infoblock default-margin black-color  \">\n      <div class=\" row\">\n        <div class=\"zw-cgb-content has-padding col-12\">\n          <div class=\"inner-content parent-has-padding\"><p class=\" zw-cgb fulltext \"><strong>Situation A&nbsp;:<\/strong> Jusqu\u2019\u00e0 r\u00e9cemment, les biens d\u2019investissement \u00e9taient des poids lourds statiques immobilisant des capitaux dans la production et dans le bilan de leurs utilisateurs.<\/p><p class=\" zw-cgb fulltext \"><strong>Situation B&nbsp;: <\/strong>Aujourd\u2019hui, l\u2019acquisition, l\u2019exploitation et le remplacement d\u2019installations et de machines sont caract\u00e9ris\u00e9s par des cycles d\u2019innovation ultracourts, une maintenance intelligente, une impulsion \u00e9cologique et une pulsation num\u00e9rique.<\/p><p class=\" zw-cgb fulltext \">Avec nos experts, la transformation de A \u00e0 B se fait en douceur.<\/p><div class=\"link-container\"><\/div><\/div>        <\/div>\n      <\/div>\n    <\/div>\n\n\n\n    <div  class=\"zw-cgb  latestPosts default-margin \">\n      <div class=\"row zw-cgb-content\">\n              <\/div>\n    <\/div>\n\n\n\n    <div  class=\"zw-cgb    infoblock default-margin black-color  \">\n      <div class=\" row\">\n        <div class=\"zw-cgb-content has-padding col-12\">\n          <div class=\"preheadline-container parent-has-padding\"><p class=\" zw-cgb preheadline ' .  . '\">Offres de services<\/p><\/div><div class=\"inner-content parent-has-padding\"><h3 class=\" zw-cgb headline\">Des experts solides<\/h3><p class=\" zw-cgb fulltext \">Nous ne sommes pas \u00e9trangers aux d\u00e9fis complexes. En effet, notre \u00e9quipe de directeurs est \u00e0 l\u2019aise lorsqu\u2019il s\u2019agit de prendre des d\u00e9cisions de niveau C. Atreus trouve rapidement les ressources adapt\u00e9es et \u00e9prouv\u00e9es \u00e0 de multiples reprises qui permettent de relever votre d\u00e9fi activement et avec d\u00e9termination. Les directeurs d\u2019Atreus restent \u00e0 chaque instant des partenaires solides. Notre r\u00e9seau a \u00e9galement la possibilit\u00e9 de d\u00e9clencher \u00e0 court terme d\u2019autres talents, allant d\u2019experts aux directeurs g\u00e9n\u00e9raux.<\/p><p class=\" zw-cgb fulltext \">Nous vous aidons \u00e0 relever les d\u00e9fis dans le domaine de la construction de machines et d\u2019installations, entre autres avec les prestations suivantes&nbsp;:<\/p><div class=\"link-container\"><\/div><\/div>        <\/div>\n      <\/div>\n    <\/div>\n\n\n<div id=\"parent26330\" class=\"zw-cgb  akkordion700  default-margin black-color \"><div class=\"row\"><div class=\"zw-cgb-content mx-auto col-12 akkorionOuterContentWrapper\"><div id=\"zw-157852c5-cdfe-4c72-828b-57c84133d39e-1\" class=\"single-akkordion-item collapsed\" type=\"button\"\n          data-bs-toggle=\"collapse\" data-bs-target=\"#zw-157852c5-cdfe-4c72-828b-57c84133d39e\" aria-expanded=\"false\" aria-controls=\"collapsetwo\"><div class=\"faq-headline-container d-flex no-icon \"><h3 class=\" zw-cgb subheadline faq\"><strong>Directeur g\u00e9n\u00e9ral \u00e0 l\u2019\u00e9tranger<\/strong>\/Fonctions internationales de ligne et de projet<\/h3><span class=\"atreus-font pfeil-hoch\">d<\/span><span class=\"atreus-font pfeil-runter\">c<\/span><\/div><\/div><div id=\"zw-157852c5-cdfe-4c72-828b-57c84133d39e\" class=\"collapse single-akkordion-item mt-0\" data-bs-parent=\"#parent26330\"><div class=\"zw-cgb row akkordionInnerWrapper \"><div  class=\"zw-cgb row  columnmaster020 default-margin \"><div class=\"columnmaster-inner-content g-0\">    <div  class=\"zw-cgb no-image-layout columnblock white-color no-icon   \">\n      <div class=\"zw-cgb zw-cgb-content\">\n\n        <div class=\"column-content\"><div class=\"inner-content\"><h2 class=\" zw-cgb headline h4\">Votre d\u00e9fi<\/h2><p class=\" zw-cgb fulltext \">L\u2019une de vos filiales \u00e0 l\u2019\u00e9tranger se trouve dans une situation \u00e9conomique critique ou pr\u00e9sente des lacunes de comp\u00e9tences. Le lien avec la soci\u00e9t\u00e9 m\u00e8re n\u2019est pas assez fort, la transparence sur le d\u00e9veloppement des affaires est insuffisante ou, sur place, une exp\u00e9rience interculturelle indispensable fait d\u00e9faut.<\/p><\/div><\/div>      <\/div>\n    <\/div>\n    <div  class=\"zw-cgb no-image-layout columnblock white-color no-icon   \">\n      <div class=\"zw-cgb zw-cgb-content\">\n\n        <div class=\"column-content\"><div class=\"inner-content\"><h2 class=\" zw-cgb headline h4\">Notre mission<\/h2><p class=\" zw-cgb fulltext \">Nous renfor\u00e7ons votre \u00e9quipe avec la ressource parfaite exp\u00e9riment\u00e9e \u00e0 l\u2019\u00e9tranger. Notre r\u00e9seau Globalise vous permet d\u2019acc\u00e9der \u00e0 des managers parfaitement adapt\u00e9s dans le pays concern\u00e9 afin de stabiliser votre filiale et d\u2019optimiser les liens avec la soci\u00e9t\u00e9 m\u00e8re.<\/p><\/div><\/div>      <\/div>\n    <\/div>\n    <div  class=\"zw-cgb no-image-layout columnblock white-color no-icon   \">\n      <div class=\"zw-cgb zw-cgb-content\">\n\n        <div class=\"column-content\"><div class=\"inner-content\"><h2 class=\" zw-cgb headline h4\">Votre solution<\/h2><p class=\" zw-cgb fulltext \">Un directeur approuv\u00e9 par Atreus disposant d\u2019une solide exp\u00e9rience dans le domaine de la construction m\u00e9canique prend ses responsabilit\u00e9s afin d\u2019imposer un alignement sur les int\u00e9r\u00eats de la soci\u00e9t\u00e9 m\u00e8re. Il assure une transparence totale et garantit l\u2019attention n\u00e9cessaire de la direction sur place.<\/p><\/div><\/div>      <\/div>\n    <\/div>\n<\/div><\/div>    <div  class=\"zw-cgb  akkordion team-member black-color default-margin \">\n      <div class=\"zw-cgb-content d-flex member-row g-0\">\n        <div class=\"col-12 col-menu-3 px-0\"><h2 class=\" zw-cgb headline h3\">Vous avez des questions&nbsp;?<\/h2><p class=\" zw-cgb fulltext \">Nos experts se feront un plaisir de r\u00e9pondre \u00e0 vos questions.<\/p><\/div><div class=\"d-flex offset-menu-1 col-menu-8 col-12 teammemberslider\"><div class=\"col-menu-4 col-12 single-team-member px-0\">            <a href=\"https:\/\/www.atreus.de\/fr\/equipe\/dr-simon-mehler\/\">\n              <div class=\" image-container g-0\">\n                <div class=\"img-with-gradient\">\n\n                  <img decoding=\"async\" loading=\"lazy\" width=\"400\" height=\"500\" alt=\"atreus_\" src=\"https:\/\/www.atreus.de\/wp-content\/uploads\/2023\/07\/meh-si-dr-v3-1.png\" srcset=\"https:\/\/www.atreus.de\/wp-content\/uploads\/2023\/07\/meh-si-dr-v3-1.png 555w, https:\/\/www.atreus.de\/wp-content\/uploads\/2023\/07\/meh-si-dr-v3-1-480x600.png 480w\" sizes=\"auto, (max-width: 1024px) 100vw, 1024px\" style=\"aspect-ratio:555\/694 !important\" title=\"atreus_\">                  <div class=\"linear-gradient-container\"><\/div>\n                <\/div>\n            <\/a>\n            <div class=\"team-member-content\"><div class=\"team-member-name fulltext\"><a href=\"https:\/\/www.atreus.de\/fr\/equipe\/dr-simon-mehler\/\"><span>Dr. Simon Mehler<\/span><\/a><\/div><div class=\"team-member-description fulltext\"><a href=\"https:\/\/www.atreus.de\/fr\/equipe\/dr-simon-mehler\/\"><span>Partenaire\r\n<\/span><\/a><\/div><div class=\"team-member-phone\"><a href=\"tel:+49 89 452249-245\"><span>+49 89 452249-245<\/span><\/a><\/div><div class=\"team-member-icon-container\"><div class=\"team-member-email\"><a class=\"atreus-font\" href=\"mailto:Simon.Mehler@atreus.de\">h<\/a><\/div><div class=\"team-member-linkedin\"><a class=\"atreus-font\" target=\"_blank\" href=\"https:\/\/www.linkedin.com\/in\/simonmehler\/\" rel=\"noopener\">3<\/a><\/div><\/div><\/div>      <\/div>\n\n  <\/div><div class=\"col-menu-4 col-12 single-team-member px-0\">            <a href=\"https:\/\/www.atreus.de\/fr\/equipe\/stephan-haimerl\/\">\n              <div class=\" image-container g-0\">\n                <div class=\"img-with-gradient\">\n\n                  <img decoding=\"async\" loading=\"lazy\" width=\"400\" height=\"500\" alt=\"atreus_\" src=\"https:\/\/www.atreus.de\/wp-content\/uploads\/2023\/07\/hai-st-v2.png\" srcset=\"https:\/\/www.atreus.de\/wp-content\/uploads\/2023\/07\/hai-st-v2.png 555w, https:\/\/www.atreus.de\/wp-content\/uploads\/2023\/07\/hai-st-v2-480x600.png 480w\" sizes=\"auto, (max-width: 1024px) 100vw, 1024px\" style=\"aspect-ratio:555\/694 !important\" title=\"atreus_\">                  <div class=\"linear-gradient-container\"><\/div>\n                <\/div>\n            <\/a>\n            <div class=\"team-member-content\"><div class=\"team-member-name fulltext\"><a href=\"https:\/\/www.atreus.de\/fr\/equipe\/stephan-haimerl\/\"><span>Stephan  Haimerl<\/span><\/a><\/div><div class=\"team-member-description fulltext\"><a href=\"https:\/\/www.atreus.de\/fr\/equipe\/stephan-haimerl\/\"><span>Partenaire et responsable du Solution Group Construction de machines et d\u2019installations<\/span><\/a><\/div><div class=\"team-member-phone\"><a href=\"tel:+49 89 452249-170\"><span>+49 89 452249-170<\/span><\/a><\/div><div class=\"team-member-icon-container\"><div class=\"team-member-email\"><a class=\"atreus-font\" href=\"mailto:Stephan.Haimerl@atreus.de\">h<\/a><\/div><div class=\"team-member-linkedin\"><a class=\"atreus-font\" target=\"_blank\" href=\"https:\/\/de.linkedin.com\/in\/stephan-haimerl-9b17619\" rel=\"noopener\">3<\/a><\/div><\/div><\/div>      <\/div>\n\n  <\/div><\/div>    <\/div>\n    <\/div>\n\n<\/div><\/div><div id=\"zw-04e9917f-c77d-4d81-8929-7f6a409e19bd-1\" class=\"single-akkordion-item collapsed\" type=\"button\"\n          data-bs-toggle=\"collapse\" data-bs-target=\"#zw-04e9917f-c77d-4d81-8929-7f6a409e19bd\" aria-expanded=\"false\" aria-controls=\"collapsetwo\"><div class=\"faq-headline-container d-flex no-icon \"><h3 class=\" zw-cgb subheadline faq\"><strong>Des directeurs en Suisse et \u00e0 l\u2019\u00e9tranger<\/strong> pour clarifier des cas de conformit\u00e9 d\u00e9licats<\/h3><span class=\"atreus-font pfeil-hoch\">d<\/span><span class=\"atreus-font pfeil-runter\">c<\/span><\/div><\/div><div id=\"zw-04e9917f-c77d-4d81-8929-7f6a409e19bd\" class=\"collapse single-akkordion-item mt-0\" data-bs-parent=\"#parent26330\"><div class=\"zw-cgb row akkordionInnerWrapper \"><div  class=\"zw-cgb row  columnmaster020 default-margin \"><div class=\"columnmaster-inner-content g-0\">    <div  class=\"zw-cgb no-image-layout columnblock black-color no-icon   \">\n      <div class=\"zw-cgb zw-cgb-content\">\n\n        <div class=\"column-content\"><div class=\"inner-content\"><h2 class=\" zw-cgb headline h4\">Votre d\u00e9fi<\/h2><p class=\" zw-cgb fulltext \">En tant qu\u2019entreprise de construction m\u00e9canique, la r\u00e9solution de cas de conformit\u00e9 dans votre pays ou l\u2019\u00e9tranger fait partie de vos missions en parall\u00e8le de vos activit\u00e9s quotidiennes. Vos collaborateurs sont pr\u00e9occup\u00e9s.<\/p><\/div><\/div>      <\/div>\n    <\/div>\n    <div  class=\"zw-cgb no-image-layout columnblock white-color no-icon   \">\n      <div class=\"zw-cgb zw-cgb-content\">\n\n        <div class=\"column-content\"><div class=\"inner-content\"><h2 class=\" zw-cgb headline h4\">Notre mission<\/h2><p class=\" zw-cgb fulltext \">Nous renfor\u00e7ons votre \u00e9quipe avec la ressource parfaite pour prendre imm\u00e9diatement la direction de l\u2019entreprise. Elle g\u00e8re les affaires courantes, des achats et de la production aux finances en passant par les ventes. Ses missions sont \u00e9galement de rassurer, coacher et d\u00e9velopper l\u2019\u00e9quipe. Gr\u00e2ce \u00e0 sa ma\u00eetrise de la langue nationale requise, elle peut communiquer avec assurance \u00e0 tout moment, tant au niveau des collaborateurs que de la direction.<\/p><\/div><\/div>      <\/div>\n    <\/div>\n    <div  class=\"zw-cgb no-image-layout columnblock white-color no-icon   \">\n      <div class=\"zw-cgb zw-cgb-content\">\n\n        <div class=\"column-content\"><div class=\"inner-content\"><h2 class=\" zw-cgb headline h4\">Votre solution<\/h2><p class=\" zw-cgb fulltext \">Un directeur g\u00e9n\u00e9ral approuv\u00e9 par Atreus, exp\u00e9riment\u00e9 au niveau international, est responsable du bon fonctionnement de l\u2019entreprise et des projets en cours. Il r\u00e9sout des cas de conformit\u00e9 ou m\u00e8ne rapidement \u00e0 bien des projets de croissance et de restructuration. Gr\u00e2ce \u00e0 ses connaissances linguistiques et \u00e0 ses comp\u00e9tences interculturelles, il est imm\u00e9diatement en mesure d\u2019agir et de s\u2019imposer sur place.<\/p><\/div><\/div>      <\/div>\n    <\/div>\n<\/div><\/div>    <div  class=\"zw-cgb  akkordion team-member black-color default-margin \">\n      <div class=\"zw-cgb-content d-flex member-row g-0\">\n        <div class=\"col-12 col-menu-3 px-0\"><h2 class=\" zw-cgb headline h3\">Vous avez des questions&nbsp;?<\/h2><p class=\" zw-cgb fulltext \">Nos experts se feront un plaisir de r\u00e9pondre \u00e0 vos questions.<\/p><\/div><div class=\"d-flex offset-menu-1 col-menu-8 col-12 teammemberslider\"><div class=\"col-menu-4 col-12 single-team-member px-0\">            <a href=\"https:\/\/www.atreus.de\/fr\/equipe\/martin-schulz\/\">\n              <div class=\" image-container g-0\">\n                <div class=\"img-with-gradient\">\n\n                  <img decoding=\"async\" loading=\"lazy\" width=\"400\" height=\"500\" alt=\"atreus_\" src=\"https:\/\/www.atreus.de\/wp-content\/uploads\/2023\/07\/sch-ma-v6.png\" srcset=\"https:\/\/www.atreus.de\/wp-content\/uploads\/2023\/07\/sch-ma-v6.png 555w, https:\/\/www.atreus.de\/wp-content\/uploads\/2023\/07\/sch-ma-v6-480x600.png 480w\" sizes=\"auto, (max-width: 1024px) 100vw, 1024px\" style=\"aspect-ratio:555\/694 !important\" title=\"atreus_\">                  <div class=\"linear-gradient-container\"><\/div>\n                <\/div>\n            <\/a>\n            <div class=\"team-member-content\"><div class=\"team-member-name fulltext\"><a href=\"https:\/\/www.atreus.de\/fr\/equipe\/martin-schulz\/\"><span>Martin  Schulz<\/span><\/a><\/div><div class=\"team-member-description fulltext\"><a href=\"https:\/\/www.atreus.de\/fr\/equipe\/martin-schulz\/\"><span>Partenaire et responsable du Solution Group \u00e9nergie et environnement\r\n<\/span><\/a><\/div><div class=\"team-member-phone\"><a href=\"tel:+49 89 452249-115\"><span>+49 89 452249-115<\/span><\/a><\/div><div class=\"team-member-icon-container\"><div class=\"team-member-email\"><a class=\"atreus-font\" href=\"mailto:Martin.Schulz@atreus.de\">h<\/a><\/div><div class=\"team-member-linkedin\"><a class=\"atreus-font\" target=\"_blank\" href=\"https:\/\/www.linkedin.com\/in\/martinschulz2\/\" rel=\"noopener\">3<\/a><\/div><\/div><\/div>      <\/div>\n\n  <\/div><div class=\"col-menu-4 col-12 single-team-member px-0\">            <a href=\"https:\/\/www.atreus.de\/fr\/equipe\/tibor-reischitz\/\">\n              <div class=\" image-container g-0\">\n                <div class=\"img-with-gradient\">\n\n                  <img decoding=\"async\" loading=\"lazy\" width=\"400\" height=\"500\" alt=\"atreus_\" src=\"https:\/\/www.atreus.de\/wp-content\/uploads\/2023\/07\/rei-ti-v1.png\" srcset=\"https:\/\/www.atreus.de\/wp-content\/uploads\/2023\/07\/rei-ti-v1.png 555w, https:\/\/www.atreus.de\/wp-content\/uploads\/2023\/07\/rei-ti-v1-480x600.png 480w\" sizes=\"auto, (max-width: 1024px) 100vw, 1024px\" style=\"aspect-ratio:555\/694 !important\" title=\"atreus_\">                  <div class=\"linear-gradient-container\"><\/div>\n                <\/div>\n            <\/a>\n            <div class=\"team-member-content\"><div class=\"team-member-name fulltext\"><a href=\"https:\/\/www.atreus.de\/fr\/equipe\/tibor-reischitz\/\"><span>Tibor  Reischitz<\/span><\/a><\/div><div class=\"team-member-description fulltext\"><a href=\"https:\/\/www.atreus.de\/fr\/equipe\/tibor-reischitz\/\"><span>Directeur\r\n<\/span><\/a><\/div><div class=\"team-member-phone\"><a href=\"tel:+49 89 452249-185\"><span>+49 89 452249-185<\/span><\/a><\/div><div class=\"team-member-icon-container\"><div class=\"team-member-email\"><a class=\"atreus-font\" href=\"mailto:Tibor.Reischitz@atreus.de\">h<\/a><\/div><div class=\"team-member-linkedin\"><a class=\"atreus-font\" target=\"_blank\" href=\"https:\/\/www.linkedin.com\/in\/tibor-reischitz-7731691b\/\" rel=\"noopener\">3<\/a><\/div><\/div><\/div>      <\/div>\n\n  <\/div><\/div>    <\/div>\n    <\/div>\n\n<\/div><\/div><div id=\"zw-1dfa6183-8350-4c5e-94d5-08ec05ca444f-1\" class=\"single-akkordion-item collapsed\" type=\"button\"\n          data-bs-toggle=\"collapse\" data-bs-target=\"#zw-1dfa6183-8350-4c5e-94d5-08ec05ca444f\" aria-expanded=\"false\" aria-controls=\"collapsetwo\"><div class=\"faq-headline-container d-flex no-icon \"><h3 class=\" zw-cgb subheadline faq\"><strong>\u00ab&nbsp;Chief Restructuring Officer&nbsp;\u00bb<\/strong> dans les situations critiques de l\u2019entreprise pour garantir la situation de tr\u00e9sorerie<\/h3><span class=\"atreus-font pfeil-hoch\">d<\/span><span class=\"atreus-font pfeil-runter\">c<\/span><\/div><\/div><div id=\"zw-1dfa6183-8350-4c5e-94d5-08ec05ca444f\" class=\"collapse single-akkordion-item mt-0\" data-bs-parent=\"#parent26330\"><div class=\"zw-cgb row akkordionInnerWrapper \"><div  class=\"zw-cgb row  columnmaster020 default-margin \"><div class=\"columnmaster-inner-content g-0\">    <div  class=\"zw-cgb no-image-layout columnblock white-color no-icon   \">\n      <div class=\"zw-cgb zw-cgb-content\">\n\n        <div class=\"column-content\"><div class=\"inner-content\"><h2 class=\" zw-cgb headline h4\">Votre d\u00e9fi<\/h2><p class=\" zw-cgb fulltext \">En tant qu\u2019entreprise du secteur de la construction de machines, vous \u00eates confront\u00e9 \u00e0 une transformation de grande ampleur, y compris \u00e0 une profonde mutation informatique. La transformation est plus co\u00fbteuse que pr\u00e9vu, elle entra\u00eene en outre une perte de chiffre d\u2019affaires li\u00e9e au Covid et pourrait provoquer une crise de liquidit\u00e9s importante.<\/p><\/div><\/div>      <\/div>\n    <\/div>\n    <div  class=\"zw-cgb no-image-layout columnblock white-color no-icon   \">\n      <div class=\"zw-cgb zw-cgb-content\">\n\n        <div class=\"column-content\"><div class=\"inner-content\"><h2 class=\" zw-cgb headline h4\">Notre mission<\/h2><p class=\" zw-cgb fulltext \">Nous renfor\u00e7ons votre \u00e9quipe avec la ressource parfaite pour accompagner votre projet de transformation en toute s\u00e9curit\u00e9 tout en garantissant vos liquidit\u00e9s. En prenant en compte toutes les mesures, elle garde \u00e0 l\u2019esprit l\u2019\u00e9quilibre interne des int\u00e9r\u00eats, veille \u00e0 une transparence totale et est responsable d\u2019une planification en continu des liquidit\u00e9s conforme au droit ainsi que des entretiens n\u00e9cessaires avec les banques.<\/p><\/div><\/div>      <\/div>\n    <\/div>\n    <div  class=\"zw-cgb no-image-layout columnblock white-color no-icon   \">\n      <div class=\"zw-cgb zw-cgb-content\">\n\n        <div class=\"column-content\"><div class=\"inner-content\"><h2 class=\" zw-cgb headline h4\">Votre solution<\/h2><p class=\" zw-cgb fulltext \">Le \u00ab&nbsp;Chief Restructuring Officer&nbsp;\u00bb approuv\u00e9 par Atreus, justifiant d\u2019une exp\u00e9rience approfondie dans le domaine de la construction m\u00e9canique, est responsable de la transformation n\u00e9cessaire tout en garantissant la liquidit\u00e9. Si n\u00e9cessaire, il relance la conversion informatique avec un budget consid\u00e9rablement r\u00e9duit, garantit une communication de confiance avec les banques et r\u00e9tablit durablement la confiance avec toutes les parties prenantes.<\/p><\/div><\/div>      <\/div>\n    <\/div>\n<\/div><\/div>    <div  class=\"zw-cgb  akkordion team-member black-color default-margin \">\n      <div class=\"zw-cgb-content d-flex member-row g-0\">\n        <div class=\"col-12 col-menu-3 px-0\"><h2 class=\" zw-cgb headline h3\">Vous avez des questions&nbsp;?<\/h2><p class=\" zw-cgb fulltext \">Nos experts se feront un plaisir de r\u00e9pondre \u00e0 vos questions.<\/p><\/div><div class=\"d-flex offset-menu-1 col-menu-8 col-12 teammemberslider\"><div class=\"col-menu-4 col-12 single-team-member px-0\">            <a href=\"https:\/\/www.atreus.de\/fr\/equipe\/tibor-reischitz\/\">\n              <div class=\" image-container g-0\">\n                <div class=\"img-with-gradient\">\n\n                  <img decoding=\"async\" loading=\"lazy\" width=\"400\" height=\"500\" alt=\"atreus_\" src=\"https:\/\/www.atreus.de\/wp-content\/uploads\/2023\/07\/rei-ti-v1.png\" srcset=\"https:\/\/www.atreus.de\/wp-content\/uploads\/2023\/07\/rei-ti-v1.png 555w, https:\/\/www.atreus.de\/wp-content\/uploads\/2023\/07\/rei-ti-v1-480x600.png 480w\" sizes=\"auto, (max-width: 1024px) 100vw, 1024px\" style=\"aspect-ratio:555\/694 !important\" title=\"atreus_\">                  <div class=\"linear-gradient-container\"><\/div>\n                <\/div>\n            <\/a>\n            <div class=\"team-member-content\"><div class=\"team-member-name fulltext\"><a href=\"https:\/\/www.atreus.de\/fr\/equipe\/tibor-reischitz\/\"><span>Tibor  Reischitz<\/span><\/a><\/div><div class=\"team-member-description fulltext\"><a href=\"https:\/\/www.atreus.de\/fr\/equipe\/tibor-reischitz\/\"><span>Directeur\r\n<\/span><\/a><\/div><div class=\"team-member-phone\"><a href=\"tel:+49 89 452249-185\"><span>+49 89 452249-185<\/span><\/a><\/div><div class=\"team-member-icon-container\"><div class=\"team-member-email\"><a class=\"atreus-font\" href=\"mailto:Tibor.Reischitz@atreus.de\">h<\/a><\/div><div class=\"team-member-linkedin\"><a class=\"atreus-font\" target=\"_blank\" href=\"https:\/\/www.linkedin.com\/in\/tibor-reischitz-7731691b\/\" rel=\"noopener\">3<\/a><\/div><\/div><\/div>      <\/div>\n\n  <\/div><div class=\"col-menu-4 col-12 single-team-member px-0\">            <a href=\"https:\/\/www.atreus.de\/fr\/equipe\/jessica-breuer\/\">\n              <div class=\" image-container g-0\">\n                <div class=\"img-with-gradient\">\n\n                  <img decoding=\"async\" loading=\"lazy\" width=\"400\" height=\"500\" alt=\"atreus_\" src=\"https:\/\/www.atreus.de\/wp-content\/uploads\/2025\/05\/bre-jes-1.png\" srcset=\"https:\/\/www.atreus.de\/wp-content\/uploads\/2025\/05\/bre-jes-1.png 555w, https:\/\/www.atreus.de\/wp-content\/uploads\/2025\/05\/bre-jes-1-480x600.png 480w\" sizes=\"auto, (max-width: 1024px) 100vw, 1024px\" style=\"aspect-ratio:555\/694 !important\" title=\"atreus_\">                  <div class=\"linear-gradient-container\"><\/div>\n                <\/div>\n            <\/a>\n            <div class=\"team-member-content\"><div class=\"team-member-name fulltext\"><a href=\"https:\/\/www.atreus.de\/fr\/equipe\/jessica-breuer\/\"><span>Jessica  Breuer<\/span><\/a><\/div><div class=\"team-member-description fulltext\"><a href=\"https:\/\/www.atreus.de\/fr\/equipe\/jessica-breuer\/\"><span>Directrice<\/span><\/a><\/div><div class=\"team-member-phone\"><a href=\"tel:+49 89 452249-241\"><span>+49 89 452249-241<\/span><\/a><\/div><div class=\"team-member-icon-container\"><div class=\"team-member-email\"><a class=\"atreus-font\" href=\"mailto:Jessica.Breuer@atreus.de\">h<\/a><\/div><div class=\"team-member-linkedin\"><a class=\"atreus-font\" target=\"_blank\" href=\"https:\/\/de.linkedin.com\/in\/jessica-breuer\" rel=\"noopener\">3<\/a><\/div><\/div><\/div>      <\/div>\n\n  <\/div><div class=\"col-menu-4 col-12 single-team-member px-0\">            <a href=\"https:\/\/www.atreus.de\/fr\/equipe\/dr-christian-frank\/\">\n              <div class=\" image-container g-0\">\n                <div class=\"img-with-gradient\">\n\n                  <img decoding=\"async\" loading=\"lazy\" width=\"400\" height=\"500\" alt=\"atreus_\" src=\"https:\/\/www.atreus.de\/wp-content\/uploads\/2023\/07\/fra-ch-dr-v2.png\" srcset=\"https:\/\/www.atreus.de\/wp-content\/uploads\/2023\/07\/fra-ch-dr-v2.png 555w, https:\/\/www.atreus.de\/wp-content\/uploads\/2023\/07\/fra-ch-dr-v2-480x600.png 480w\" sizes=\"auto, (max-width: 1024px) 100vw, 1024px\" style=\"aspect-ratio:555\/694 !important\" title=\"atreus_\">                  <div class=\"linear-gradient-container\"><\/div>\n                <\/div>\n            <\/a>\n            <div class=\"team-member-content\"><div class=\"team-member-name fulltext\"><a href=\"https:\/\/www.atreus.de\/fr\/equipe\/dr-christian-frank\/\"><span>Dr. Christian  Frank<\/span><\/a><\/div><div class=\"team-member-description fulltext\"><a href=\"https:\/\/www.atreus.de\/fr\/equipe\/dr-christian-frank\/\"><span>Directeur g\u00e9n\u00e9ral<\/span><\/a><\/div><div class=\"team-member-phone\"><a href=\"tel:+49 89 452249-180\"><span>+49 89 452249-180<\/span><\/a><\/div><div class=\"team-member-icon-container\"><div class=\"team-member-email\"><a class=\"atreus-font\" href=\"mailto:Christian.Frank@atreus.de\">h<\/a><\/div><div class=\"team-member-linkedin\"><a class=\"atreus-font\" target=\"_blank\" href=\"https:\/\/www.linkedin.com\/in\/drchristianfrank\/\" rel=\"noopener\">3<\/a><\/div><\/div><\/div>      <\/div>\n\n  <\/div><\/div>    <\/div>\n    <\/div>\n\n<\/div><\/div><div id=\"zw-7b92517f-8d47-499d-b1a8-581625550e94-1\" class=\"single-akkordion-item collapsed\" type=\"button\"\n          data-bs-toggle=\"collapse\" data-bs-target=\"#zw-7b92517f-8d47-499d-b1a8-581625550e94\" aria-expanded=\"false\" aria-controls=\"collapsetwo\"><div class=\"faq-headline-container d-flex no-icon \"><h3 class=\" zw-cgb subheadline faq\"><strong>Directeur administratif et financier<\/strong> pour assurer la gestion de la tr\u00e9sorerie et des liquidit\u00e9s<\/h3><span class=\"atreus-font pfeil-hoch\">d<\/span><span class=\"atreus-font pfeil-runter\">c<\/span><\/div><\/div><div id=\"zw-7b92517f-8d47-499d-b1a8-581625550e94\" class=\"collapse single-akkordion-item mt-0\" data-bs-parent=\"#parent26330\"><div class=\"zw-cgb row akkordionInnerWrapper \"><div  class=\"zw-cgb row  columnmaster020 default-margin \"><div class=\"columnmaster-inner-content g-0\">    <div  class=\"zw-cgb no-image-layout columnblock white-color no-icon   \">\n      <div class=\"zw-cgb zw-cgb-content\">\n\n        <div class=\"column-content\"><div class=\"inner-content\"><h2 class=\" zw-cgb headline h4\">Votre d\u00e9fi<\/h2><p class=\" zw-cgb fulltext \">La situation financi\u00e8re de votre entreprise dans le domaine de la construction de machines ou d\u2019installations manque de clart\u00e9. Vous souhaitez renforcer la gestion de votre tr\u00e9sorerie et de vos liquidit\u00e9s et automatiser votre service financier et de contr\u00f4le de gestion.<\/p><\/div><\/div>      <\/div>\n    <\/div>\n    <div  class=\"zw-cgb no-image-layout columnblock white-color no-icon   \">\n      <div class=\"zw-cgb zw-cgb-content\">\n\n        <div class=\"column-content\"><div class=\"inner-content\"><h2 class=\" zw-cgb headline h4\">Notre mission<\/h2><p class=\" zw-cgb fulltext \">Nous renfor\u00e7ons votre \u00e9quipe avec la ressource id\u00e9ale qui assurera vos liquidit\u00e9s et professionnalisera votre gestion de tr\u00e9sorerie. Nous garantissons une planification en continu et agile des liquidit\u00e9s et la fid\u00e9lisation durable de vos professionnels de la finance.<\/p><\/div><\/div>      <\/div>\n    <\/div>\n    <div  class=\"zw-cgb no-image-layout columnblock white-color no-icon   \">\n      <div class=\"zw-cgb zw-cgb-content\">\n\n        <div class=\"column-content\"><div class=\"inner-content\"><h2 class=\" zw-cgb headline h4\">Votre solution<\/h2><p class=\" zw-cgb fulltext \">Un Directeur administratif et financier approuv\u00e9 par Atreus ayant de l\u2019exp\u00e9rience dans la construction de machines et d\u2019installations est responsable de la gestion de la tr\u00e9sorerie et des liquidit\u00e9s ainsi que de la mise en \u0153uvre des pr\u00e9visions. Il r\u00e9oriente le service financier avec toutes ses interfaces, optimise la tarification, assure la collaboration avec les investisseurs et g\u00e8re la communication financi\u00e8re pour tous les \u00e9v\u00e9nements de l\u2019entreprise.<\/p><\/div><\/div>      <\/div>\n    <\/div>\n<\/div><\/div>    <div  class=\"zw-cgb  akkordion team-member black-color default-margin \">\n      <div class=\"zw-cgb-content d-flex member-row g-0\">\n        <div class=\"col-12 col-menu-3 px-0\"><h2 class=\" zw-cgb headline h3\">Vous avez des questions&nbsp;?<\/h2><p class=\" zw-cgb fulltext \">Nos experts se feront un plaisir de r\u00e9pondre \u00e0 vos questions.<\/p><\/div><div class=\"d-flex offset-menu-1 col-menu-8 col-12 teammemberslider\"><div class=\"col-menu-4 col-12 single-team-member px-0\">            <a href=\"https:\/\/www.atreus.de\/fr\/equipe\/stephan-haimerl\/\">\n              <div class=\" image-container g-0\">\n                <div class=\"img-with-gradient\">\n\n                  <img decoding=\"async\" loading=\"lazy\" width=\"400\" height=\"500\" alt=\"atreus_\" src=\"https:\/\/www.atreus.de\/wp-content\/uploads\/2023\/07\/hai-st-v2.png\" srcset=\"https:\/\/www.atreus.de\/wp-content\/uploads\/2023\/07\/hai-st-v2.png 555w, https:\/\/www.atreus.de\/wp-content\/uploads\/2023\/07\/hai-st-v2-480x600.png 480w\" sizes=\"auto, (max-width: 1024px) 100vw, 1024px\" style=\"aspect-ratio:555\/694 !important\" title=\"atreus_\">                  <div class=\"linear-gradient-container\"><\/div>\n                <\/div>\n            <\/a>\n            <div class=\"team-member-content\"><div class=\"team-member-name fulltext\"><a href=\"https:\/\/www.atreus.de\/fr\/equipe\/stephan-haimerl\/\"><span>Stephan  Haimerl<\/span><\/a><\/div><div class=\"team-member-description fulltext\"><a href=\"https:\/\/www.atreus.de\/fr\/equipe\/stephan-haimerl\/\"><span>Partenaire et responsable du Solution Group Construction de machines et d\u2019installations<\/span><\/a><\/div><div class=\"team-member-phone\"><a href=\"tel:+49 89 452249-170\"><span>+49 89 452249-170<\/span><\/a><\/div><div class=\"team-member-icon-container\"><div class=\"team-member-email\"><a class=\"atreus-font\" href=\"mailto:Stephan.Haimerl@atreus.de\">h<\/a><\/div><div class=\"team-member-linkedin\"><a class=\"atreus-font\" target=\"_blank\" href=\"https:\/\/de.linkedin.com\/in\/stephan-haimerl-9b17619\" rel=\"noopener\">3<\/a><\/div><\/div><\/div>      <\/div>\n\n  <\/div><div class=\"col-menu-4 col-12 single-team-member px-0\">            <a href=\"https:\/\/www.atreus.de\/fr\/equipe\/dr-christian-frank\/\">\n              <div class=\" image-container g-0\">\n                <div class=\"img-with-gradient\">\n\n                  <img decoding=\"async\" loading=\"lazy\" width=\"400\" height=\"500\" alt=\"atreus_\" src=\"https:\/\/www.atreus.de\/wp-content\/uploads\/2023\/07\/fra-ch-dr-v2.png\" srcset=\"https:\/\/www.atreus.de\/wp-content\/uploads\/2023\/07\/fra-ch-dr-v2.png 555w, https:\/\/www.atreus.de\/wp-content\/uploads\/2023\/07\/fra-ch-dr-v2-480x600.png 480w\" sizes=\"auto, (max-width: 1024px) 100vw, 1024px\" style=\"aspect-ratio:555\/694 !important\" title=\"atreus_\">                  <div class=\"linear-gradient-container\"><\/div>\n                <\/div>\n            <\/a>\n            <div class=\"team-member-content\"><div class=\"team-member-name fulltext\"><a href=\"https:\/\/www.atreus.de\/fr\/equipe\/dr-christian-frank\/\"><span>Dr. Christian  Frank<\/span><\/a><\/div><div class=\"team-member-description fulltext\"><a href=\"https:\/\/www.atreus.de\/fr\/equipe\/dr-christian-frank\/\"><span>Directeur g\u00e9n\u00e9ral<\/span><\/a><\/div><div class=\"team-member-phone\"><a href=\"tel:+49 89 452249-180\"><span>+49 89 452249-180<\/span><\/a><\/div><div class=\"team-member-icon-container\"><div class=\"team-member-email\"><a class=\"atreus-font\" href=\"mailto:Christian.Frank@atreus.de\">h<\/a><\/div><div class=\"team-member-linkedin\"><a class=\"atreus-font\" target=\"_blank\" href=\"https:\/\/www.linkedin.com\/in\/drchristianfrank\/\" rel=\"noopener\">3<\/a><\/div><\/div><\/div>      <\/div>\n\n  <\/div><\/div>    <\/div>\n    <\/div>\n\n<\/div><\/div><div id=\"zw-7dbc622e-972a-4d31-831e-18c0db45a347-1\" class=\"single-akkordion-item collapsed\" type=\"button\"\n          data-bs-toggle=\"collapse\" data-bs-target=\"#zw-7dbc622e-972a-4d31-831e-18c0db45a347\" aria-expanded=\"false\" aria-controls=\"collapsetwo\"><div class=\"faq-headline-container d-flex no-icon \"><h3 class=\" zw-cgb subheadline faq\"><strong>Leader RH en tant que partenaire commercial \u00ab&nbsp;People &amp; Culture&nbsp;\u00bb<\/strong> dans la gestion du changement<\/h3><span class=\"atreus-font pfeil-hoch\">d<\/span><span class=\"atreus-font pfeil-runter\">c<\/span><\/div><\/div><div id=\"zw-7dbc622e-972a-4d31-831e-18c0db45a347\" class=\"collapse single-akkordion-item mt-0\" data-bs-parent=\"#parent26330\"><div class=\"zw-cgb row akkordionInnerWrapper \"><div  class=\"zw-cgb row  columnmaster020 default-margin \"><div class=\"columnmaster-inner-content g-0\">    <div  class=\"zw-cgb no-image-layout columnblock white-color no-icon   \">\n      <div class=\"zw-cgb zw-cgb-content\">\n\n        <div class=\"column-content\"><div class=\"inner-content\"><h2 class=\" zw-cgb headline h4\">Votre d\u00e9fi<\/h2><p class=\" zw-cgb fulltext \">En tant qu\u2019entreprise de construction de machines ou d\u2019installations, vous vous trouvez dans une phase de restructuration \u2014 vous devez par exemple restructurer votre organisation, r\u00e9duire votre personnel ou vous avez besoin de toute urgence de nouveaux sp\u00e9cialistes. Les changements \u00e0 venir menacent de d\u00e9stabiliser votre personnel. Vous avez besoin d\u2019un concept RH \u00e9volutif.<\/p><\/div><\/div>      <\/div>\n    <\/div>\n    <div  class=\"zw-cgb no-image-layout columnblock white-color no-icon   \">\n      <div class=\"zw-cgb zw-cgb-content\">\n\n        <div class=\"column-content\"><div class=\"inner-content\"><h2 class=\" zw-cgb headline h4\">Notre mission<\/h2><p class=\" zw-cgb fulltext \">Nous mettons \u00e0 votre disposition les ressources ad\u00e9quates pour accompagner en toute s\u00e9curit\u00e9 votre processus de changement en tant que partenaire commercial du c\u00f4t\u00e9 RH &#8211; par exemple par un soutien complet de tous les processus RH, une coop\u00e9ration de confiance avec le comit\u00e9 d\u2019entreprise, la conclusion d\u2019accords d\u2019entreprise ou le soutien ind\u00e9pendant du processus de recrutement.<\/p><\/div><\/div>      <\/div>\n    <\/div>\n    <div  class=\"zw-cgb no-image-layout columnblock white-color no-icon   \">\n      <div class=\"zw-cgb zw-cgb-content\">\n\n        <div class=\"column-content\"><div class=\"inner-content\"><h2 class=\" zw-cgb headline h4\">Votre solution<\/h2><p class=\" zw-cgb fulltext \">Un expert RH certifi\u00e9 Atreus avec une expertise dans le secteur de l\u2019ing\u00e9nierie m\u00e9canique est responsable de la professionnalisation de vos ressources humaines en mettant l\u2019accent sur le changement culturel, l\u2019engagement des employ\u00e9s et la gestion des incertitudes. Du c\u00f4t\u00e9 des RH, il garantit la p\u00e9rennit\u00e9 de votre entreprise ou de votre site, met en \u0153uvre des formes de collaboration innovantes et optimise tous les processus RH.<\/p><\/div><\/div>      <\/div>\n    <\/div>\n<\/div><\/div>    <div  class=\"zw-cgb  akkordion team-member black-color default-margin \">\n      <div class=\"zw-cgb-content d-flex member-row g-0\">\n        <div class=\"col-12 col-menu-3 px-0\"><h2 class=\" zw-cgb headline h3\">Vous avez des questions&nbsp;?<\/h2><p class=\" zw-cgb fulltext \">Nos experts se feront un plaisir de r\u00e9pondre \u00e0 vos questions.<\/p><\/div><div class=\"d-flex offset-menu-1 col-menu-8 col-12 teammemberslider\"><div class=\"col-menu-4 col-12 single-team-member px-0\">            <a href=\"https:\/\/www.atreus.de\/fr\/equipe\/harald-smolak\/\">\n              <div class=\" image-container g-0\">\n                <div class=\"img-with-gradient\">\n\n                  <img decoding=\"async\" loading=\"lazy\" width=\"400\" height=\"500\" alt=\"atreus_\" src=\"https:\/\/www.atreus.de\/wp-content\/uploads\/2023\/07\/smo-ha-v2.png\" srcset=\"https:\/\/www.atreus.de\/wp-content\/uploads\/2023\/07\/smo-ha-v2.png 555w, https:\/\/www.atreus.de\/wp-content\/uploads\/2023\/07\/smo-ha-v2-480x600.png 480w\" sizes=\"auto, (max-width: 1024px) 100vw, 1024px\" style=\"aspect-ratio:555\/694 !important\" title=\"atreus_\">                  <div class=\"linear-gradient-container\"><\/div>\n                <\/div>\n            <\/a>\n            <div class=\"team-member-content\"><div class=\"team-member-name fulltext\"><a href=\"https:\/\/www.atreus.de\/fr\/equipe\/harald-smolak\/\"><span>Harald  Smolak<\/span><\/a><\/div><div class=\"team-member-description fulltext\"><a href=\"https:\/\/www.atreus.de\/fr\/equipe\/harald-smolak\/\"><span>Directeur<\/span><\/a><\/div><div class=\"team-member-phone\"><a href=\"tel:+49 89 452249-440\"><span>+49 89 452249-440<\/span><\/a><\/div><div class=\"team-member-icon-container\"><div class=\"team-member-email\"><a class=\"atreus-font\" href=\"mailto:Harald.Smolak@atreus.de\">h<\/a><\/div><div class=\"team-member-linkedin\"><a class=\"atreus-font\" target=\"_blank\" href=\"https:\/\/www.linkedin.com\/in\/harald-smolak-2023342\/\" rel=\"noopener\">3<\/a><\/div><\/div><\/div>      <\/div>\n\n  <\/div><div class=\"col-menu-4 col-12 single-team-member px-0\">            <a href=\"https:\/\/www.atreus.de\/fr\/equipe\/martin-schulz\/\">\n              <div class=\" image-container g-0\">\n                <div class=\"img-with-gradient\">\n\n                  <img decoding=\"async\" loading=\"lazy\" width=\"400\" height=\"500\" alt=\"atreus_\" src=\"https:\/\/www.atreus.de\/wp-content\/uploads\/2023\/07\/sch-ma-v6.png\" srcset=\"https:\/\/www.atreus.de\/wp-content\/uploads\/2023\/07\/sch-ma-v6.png 555w, https:\/\/www.atreus.de\/wp-content\/uploads\/2023\/07\/sch-ma-v6-480x600.png 480w\" sizes=\"auto, (max-width: 1024px) 100vw, 1024px\" style=\"aspect-ratio:555\/694 !important\" title=\"atreus_\">                  <div class=\"linear-gradient-container\"><\/div>\n                <\/div>\n            <\/a>\n            <div class=\"team-member-content\"><div class=\"team-member-name fulltext\"><a href=\"https:\/\/www.atreus.de\/fr\/equipe\/martin-schulz\/\"><span>Martin  Schulz<\/span><\/a><\/div><div class=\"team-member-description fulltext\"><a href=\"https:\/\/www.atreus.de\/fr\/equipe\/martin-schulz\/\"><span>Partenaire et responsable du Solution Group \u00e9nergie et environnement\r\n<\/span><\/a><\/div><div class=\"team-member-phone\"><a href=\"tel:+49 89 452249-115\"><span>+49 89 452249-115<\/span><\/a><\/div><div class=\"team-member-icon-container\"><div class=\"team-member-email\"><a class=\"atreus-font\" href=\"mailto:Martin.Schulz@atreus.de\">h<\/a><\/div><div class=\"team-member-linkedin\"><a class=\"atreus-font\" target=\"_blank\" href=\"https:\/\/www.linkedin.com\/in\/martinschulz2\/\" rel=\"noopener\">3<\/a><\/div><\/div><\/div>      <\/div>\n\n  <\/div><div class=\"col-menu-4 col-12 single-team-member px-0\">            <a href=\"https:\/\/www.atreus.de\/fr\/equipe\/jessica-breuer\/\">\n              <div class=\" image-container g-0\">\n                <div class=\"img-with-gradient\">\n\n                  <img decoding=\"async\" loading=\"lazy\" width=\"400\" height=\"500\" alt=\"atreus_\" src=\"https:\/\/www.atreus.de\/wp-content\/uploads\/2025\/05\/bre-jes-1.png\" srcset=\"https:\/\/www.atreus.de\/wp-content\/uploads\/2025\/05\/bre-jes-1.png 555w, https:\/\/www.atreus.de\/wp-content\/uploads\/2025\/05\/bre-jes-1-480x600.png 480w\" sizes=\"auto, (max-width: 1024px) 100vw, 1024px\" style=\"aspect-ratio:555\/694 !important\" title=\"atreus_\">                  <div class=\"linear-gradient-container\"><\/div>\n                <\/div>\n            <\/a>\n            <div class=\"team-member-content\"><div class=\"team-member-name fulltext\"><a href=\"https:\/\/www.atreus.de\/fr\/equipe\/jessica-breuer\/\"><span>Jessica  Breuer<\/span><\/a><\/div><div class=\"team-member-description fulltext\"><a href=\"https:\/\/www.atreus.de\/fr\/equipe\/jessica-breuer\/\"><span>Directrice<\/span><\/a><\/div><div class=\"team-member-phone\"><a href=\"tel:+49 89 452249-241\"><span>+49 89 452249-241<\/span><\/a><\/div><div class=\"team-member-icon-container\"><div class=\"team-member-email\"><a class=\"atreus-font\" href=\"mailto:Jessica.Breuer@atreus.de\">h<\/a><\/div><div class=\"team-member-linkedin\"><a class=\"atreus-font\" target=\"_blank\" href=\"https:\/\/de.linkedin.com\/in\/jessica-breuer\" rel=\"noopener\">3<\/a><\/div><\/div><\/div>      <\/div>\n\n  <\/div><\/div>    <\/div>\n    <\/div>\n\n<\/div><\/div><div id=\"zw-d1dd8532-7411-4438-9990-61b22f75a600-1\" class=\"single-akkordion-item collapsed\" type=\"button\"\n          data-bs-toggle=\"collapse\" data-bs-target=\"#zw-d1dd8532-7411-4438-9990-61b22f75a600\" aria-expanded=\"false\" aria-controls=\"collapsetwo\"><div class=\"faq-headline-container d-flex no-icon \"><h3 class=\" zw-cgb subheadline faq\"><strong>Chef de projet s\u00e9curit\u00e9 des syst\u00e8mes d\u2019information<\/strong> pour l\u2019\u00e9tablissement de normes de s\u00e9curit\u00e9<\/h3><span class=\"atreus-font pfeil-hoch\">d<\/span><span class=\"atreus-font pfeil-runter\">c<\/span><\/div><\/div><div id=\"zw-d1dd8532-7411-4438-9990-61b22f75a600\" class=\"collapse single-akkordion-item mt-0\" data-bs-parent=\"#parent26330\"><div class=\"zw-cgb row akkordionInnerWrapper \"><div  class=\"zw-cgb row  columnmaster020 default-margin \"><div class=\"columnmaster-inner-content g-0\">    <div  class=\"zw-cgb no-image-layout columnblock white-color no-icon   \">\n      <div class=\"zw-cgb zw-cgb-content\">\n\n        <div class=\"column-content\"><div class=\"inner-content\"><h2 class=\" zw-cgb headline h4\">Votre d\u00e9fi<\/h2><p class=\" zw-cgb fulltext \">En tant qu\u2019entreprise de construction de machines ou d\u2019installations, vous souhaitez mettre en place le poste de Responsable de la S\u00e9curit\u00e9 des Syst\u00e8mes d\u2019Information (RSSI) ou remplacer votre RSSI. Parall\u00e8lement, vous devez professionnaliser votre gestion de la s\u00e9curit\u00e9.<\/p><\/div><\/div>      <\/div>\n    <\/div>\n    <div  class=\"zw-cgb no-image-layout columnblock white-color no-icon   \">\n      <div class=\"zw-cgb zw-cgb-content\">\n\n        <div class=\"column-content\"><div class=\"inner-content\"><h2 class=\" zw-cgb headline h4\">Notre mission<\/h2><p class=\" zw-cgb fulltext \">Nous renfor\u00e7ons votre \u00e9quipe avec la ressource parfaite pour l\u2019\u00e9tablissement des normes de s\u00e9curit\u00e9 informatique \u00e0 la pointe du progr\u00e8s. Ensemble, nous comblons pour vous les lacunes critiques en mati\u00e8re de s\u00e9curit\u00e9, nous \u00e9tablissons une gestion de la continuit\u00e9 des activit\u00e9s, nous lan\u00e7ons des formations de sensibilisation et nous sommes responsables de la gestion de crise et des formations en cas d\u2019urgence.<\/p><\/div><\/div>      <\/div>\n    <\/div>\n    <div  class=\"zw-cgb no-image-layout columnblock white-color no-icon   \">\n      <div class=\"zw-cgb zw-cgb-content\">\n\n        <div class=\"column-content\"><div class=\"inner-content\"><h2 class=\" zw-cgb headline h4\">Votre solution<\/h2><p class=\" zw-cgb fulltext \">Un chef de projet s\u00e9curit\u00e9 des syst\u00e8mes d\u2019information approuv\u00e9 par Atreus prend ses responsabilit\u00e9s et cr\u00e9e un haut niveau de s\u00e9curit\u00e9 contre les cyberattaques, de meilleures conditions aupr\u00e8s des assureurs, des collaborateurs form\u00e9s, un plan de d\u00e9roulement ou un playbook en cas d\u2019urgence ainsi qu\u2019une augmentation globale de la s\u00e9curit\u00e9 de votre entreprise.<\/p><\/div><\/div>      <\/div>\n    <\/div>\n<\/div><\/div>    <div  class=\"zw-cgb  akkordion team-member black-color default-margin \">\n      <div class=\"zw-cgb-content d-flex member-row g-0\">\n        <div class=\"col-12 col-menu-3 px-0\"><h2 class=\" zw-cgb headline h3\">Vous avez des questions&nbsp;?<\/h2><p class=\" zw-cgb fulltext \">Nos experts se feront un plaisir de r\u00e9pondre \u00e0 vos questions.<\/p><\/div><div class=\"d-flex offset-menu-1 col-menu-8 col-12 teammemberslider\"><div class=\"col-menu-4 col-12 single-team-member px-0\">            <a href=\"https:\/\/www.atreus.de\/fr\/equipe\/wolfgang-seng\/\">\n              <div class=\" image-container g-0\">\n                <div class=\"img-with-gradient\">\n\n                  <img decoding=\"async\" loading=\"lazy\" width=\"400\" height=\"500\" alt=\"atreus_\" src=\"https:\/\/www.atreus.de\/wp-content\/uploads\/2023\/07\/sen-wo-v3.png\" srcset=\"https:\/\/www.atreus.de\/wp-content\/uploads\/2023\/07\/sen-wo-v3.png 555w, https:\/\/www.atreus.de\/wp-content\/uploads\/2023\/07\/sen-wo-v3-480x600.png 480w\" sizes=\"auto, (max-width: 1024px) 100vw, 1024px\" style=\"aspect-ratio:555\/694 !important\" title=\"atreus_\">                  <div class=\"linear-gradient-container\"><\/div>\n                <\/div>\n            <\/a>\n            <div class=\"team-member-content\"><div class=\"team-member-name fulltext\"><a href=\"https:\/\/www.atreus.de\/fr\/equipe\/wolfgang-seng\/\"><span>Wolfgang  Seng<\/span><\/a><\/div><div class=\"team-member-description fulltext\"><a href=\"https:\/\/www.atreus.de\/fr\/equipe\/wolfgang-seng\/\"><span>Directeur\r\n<\/span><\/a><\/div><div class=\"team-member-phone\"><a href=\"tel:+49 89 452249-430\"><span>+49 89 452249-430<\/span><\/a><\/div><div class=\"team-member-icon-container\"><div class=\"team-member-email\"><a class=\"atreus-font\" href=\"mailto:Wolfgang.Seng@atreus.de\">h<\/a><\/div><div class=\"team-member-linkedin\"><a class=\"atreus-font\" target=\"_blank\" href=\"https:\/\/www.linkedin.com\/in\/wolfgangseng\/\" rel=\"noopener\">3<\/a><\/div><\/div><\/div>      <\/div>\n\n  <\/div><div class=\"col-menu-4 col-12 single-team-member px-0\">            <a href=\"https:\/\/www.atreus.de\/fr\/equipe\/jessica-breuer\/\">\n              <div class=\" image-container g-0\">\n                <div class=\"img-with-gradient\">\n\n                  <img decoding=\"async\" loading=\"lazy\" width=\"400\" height=\"500\" alt=\"atreus_\" src=\"https:\/\/www.atreus.de\/wp-content\/uploads\/2025\/05\/bre-jes-1.png\" srcset=\"https:\/\/www.atreus.de\/wp-content\/uploads\/2025\/05\/bre-jes-1.png 555w, https:\/\/www.atreus.de\/wp-content\/uploads\/2025\/05\/bre-jes-1-480x600.png 480w\" sizes=\"auto, (max-width: 1024px) 100vw, 1024px\" style=\"aspect-ratio:555\/694 !important\" title=\"atreus_\">                  <div class=\"linear-gradient-container\"><\/div>\n                <\/div>\n            <\/a>\n            <div class=\"team-member-content\"><div class=\"team-member-name fulltext\"><a href=\"https:\/\/www.atreus.de\/fr\/equipe\/jessica-breuer\/\"><span>Jessica  Breuer<\/span><\/a><\/div><div class=\"team-member-description fulltext\"><a href=\"https:\/\/www.atreus.de\/fr\/equipe\/jessica-breuer\/\"><span>Directrice<\/span><\/a><\/div><div class=\"team-member-phone\"><a href=\"tel:+49 89 452249-241\"><span>+49 89 452249-241<\/span><\/a><\/div><div class=\"team-member-icon-container\"><div class=\"team-member-email\"><a class=\"atreus-font\" href=\"mailto:Jessica.Breuer@atreus.de\">h<\/a><\/div><div class=\"team-member-linkedin\"><a class=\"atreus-font\" target=\"_blank\" href=\"https:\/\/de.linkedin.com\/in\/jessica-breuer\" rel=\"noopener\">3<\/a><\/div><\/div><\/div>      <\/div>\n\n  <\/div><\/div>    <\/div>\n    <\/div>\n\n<\/div><\/div><div id=\"zw-17e22a0f-664f-47a1-a05e-81ef7f2dbbdb-1\" class=\"single-akkordion-item collapsed\" type=\"button\"\n          data-bs-toggle=\"collapse\" data-bs-target=\"#zw-17e22a0f-664f-47a1-a05e-81ef7f2dbbdb\" aria-expanded=\"false\" aria-controls=\"collapsetwo\"><div class=\"faq-headline-container d-flex no-icon \"><h3 class=\" zw-cgb subheadline faq\"><strong>Responsable des op\u00e9rations informatiques<\/strong> pour la r\u00e9duction des temps d\u2019arr\u00eat et la gestion de l\u2019infrastructure<\/h3><span class=\"atreus-font pfeil-hoch\">d<\/span><span class=\"atreus-font pfeil-runter\">c<\/span><\/div><\/div><div id=\"zw-17e22a0f-664f-47a1-a05e-81ef7f2dbbdb\" class=\"collapse single-akkordion-item mt-0\" data-bs-parent=\"#parent26330\"><div class=\"zw-cgb row akkordionInnerWrapper \"><div  class=\"zw-cgb row  columnmaster020 default-margin \"><div class=\"columnmaster-inner-content g-0\">    <div  class=\"zw-cgb no-image-layout columnblock white-color no-icon   \">\n      <div class=\"zw-cgb zw-cgb-content\">\n\n        <div class=\"column-content\"><div class=\"inner-content\"><h2 class=\" zw-cgb headline h4\">Votre d\u00e9fi<\/h2><p class=\" zw-cgb fulltext \">En tant qu\u2019entreprise de construction de machines ou d\u2019installations, vous devez ma\u00eetriser une transformation globale, y compris un changement informatique profond, mais vous subissez en m\u00eame temps des pertes de chiffre d\u2019affaires dues au Covid.<\/p><\/div><\/div>      <\/div>\n    <\/div>\n    <div  class=\"zw-cgb no-image-layout columnblock white-color no-icon   \">\n      <div class=\"zw-cgb zw-cgb-content\">\n\n        <div class=\"column-content\"><div class=\"inner-content\"><h2 class=\" zw-cgb headline h4\">Notre mission<\/h2><p class=\" zw-cgb fulltext \">Renforcer votre \u00e9quipe avec la ressource parfaite pour l\u2019uniformisation des infrastructures de protection des donn\u00e9es pour un nombre toujours croissant d\u2019utilisateurs finaux. Il contr\u00f4le des caract\u00e9ristiques cl\u00e9s telles que les RPO et les RTO. Il structure les options de virtualisation et l\u2019importance des structures de stockage bas\u00e9es sur le cloud (Back-up as a Service BaaS) et Disaster Recovery as a Service (DRaaS).<\/p><\/div><\/div>      <\/div>\n    <\/div>\n    <div  class=\"zw-cgb no-image-layout columnblock white-color no-icon   \">\n      <div class=\"zw-cgb zw-cgb-content\">\n\n        <div class=\"column-content\"><div class=\"inner-content\"><h2 class=\" zw-cgb headline h4\">Votre solution<\/h2><p class=\" zw-cgb fulltext \">Une directrice des op\u00e9rations informatiques d\u2019Atreus est responsable de la r\u00e9duction des temps d\u2019arr\u00eat gr\u00e2ce \u00e0 des sauvegardes et des plans d\u2019urgence appropri\u00e9s, ainsi que des strat\u00e9gies de r\u00e9duction des risques. Elle s\u2019occupe de mani\u00e8re proactive des ran\u00e7ongiciels, assure la disponibilit\u00e9 des donn\u00e9es pour les \u00e9cosph\u00e8res de syst\u00e8mes et simplifie les processus.<\/p><\/div><\/div>      <\/div>\n    <\/div>\n<\/div><\/div>    <div  class=\"zw-cgb  akkordion team-member black-color default-margin \">\n      <div class=\"zw-cgb-content d-flex member-row g-0\">\n        <div class=\"col-12 col-menu-3 px-0\"><h2 class=\" zw-cgb headline h3\">Vous avez des questions&nbsp;?<\/h2><p class=\" zw-cgb fulltext \">Nos experts se feront un plaisir de r\u00e9pondre \u00e0 vos questions.<\/p><\/div><div class=\"d-flex offset-menu-1 col-menu-8 col-12 teammemberslider\"><div class=\"col-menu-4 col-12 single-team-member px-0\">            <a href=\"https:\/\/www.atreus.de\/fr\/equipe\/wolfgang-seng\/\">\n              <div class=\" image-container g-0\">\n                <div class=\"img-with-gradient\">\n\n                  <img decoding=\"async\" loading=\"lazy\" width=\"400\" height=\"500\" alt=\"atreus_\" src=\"https:\/\/www.atreus.de\/wp-content\/uploads\/2023\/07\/sen-wo-v3.png\" srcset=\"https:\/\/www.atreus.de\/wp-content\/uploads\/2023\/07\/sen-wo-v3.png 555w, https:\/\/www.atreus.de\/wp-content\/uploads\/2023\/07\/sen-wo-v3-480x600.png 480w\" sizes=\"auto, (max-width: 1024px) 100vw, 1024px\" style=\"aspect-ratio:555\/694 !important\" title=\"atreus_\">                  <div class=\"linear-gradient-container\"><\/div>\n                <\/div>\n            <\/a>\n            <div class=\"team-member-content\"><div class=\"team-member-name fulltext\"><a href=\"https:\/\/www.atreus.de\/fr\/equipe\/wolfgang-seng\/\"><span>Wolfgang  Seng<\/span><\/a><\/div><div class=\"team-member-description fulltext\"><a href=\"https:\/\/www.atreus.de\/fr\/equipe\/wolfgang-seng\/\"><span>Directeur\r\n<\/span><\/a><\/div><div class=\"team-member-phone\"><a href=\"tel:+49 89 452249-430\"><span>+49 89 452249-430<\/span><\/a><\/div><div class=\"team-member-icon-container\"><div class=\"team-member-email\"><a class=\"atreus-font\" href=\"mailto:Wolfgang.Seng@atreus.de\">h<\/a><\/div><div class=\"team-member-linkedin\"><a class=\"atreus-font\" target=\"_blank\" href=\"https:\/\/www.linkedin.com\/in\/wolfgangseng\/\" rel=\"noopener\">3<\/a><\/div><\/div><\/div>      <\/div>\n\n  <\/div><div class=\"col-menu-4 col-12 single-team-member px-0\">            <a href=\"https:\/\/www.atreus.de\/fr\/equipe\/tibor-reischitz\/\">\n              <div class=\" image-container g-0\">\n                <div class=\"img-with-gradient\">\n\n                  <img decoding=\"async\" loading=\"lazy\" width=\"400\" height=\"500\" alt=\"atreus_\" src=\"https:\/\/www.atreus.de\/wp-content\/uploads\/2023\/07\/rei-ti-v1.png\" srcset=\"https:\/\/www.atreus.de\/wp-content\/uploads\/2023\/07\/rei-ti-v1.png 555w, https:\/\/www.atreus.de\/wp-content\/uploads\/2023\/07\/rei-ti-v1-480x600.png 480w\" sizes=\"auto, (max-width: 1024px) 100vw, 1024px\" style=\"aspect-ratio:555\/694 !important\" title=\"atreus_\">                  <div class=\"linear-gradient-container\"><\/div>\n                <\/div>\n            <\/a>\n            <div class=\"team-member-content\"><div class=\"team-member-name fulltext\"><a href=\"https:\/\/www.atreus.de\/fr\/equipe\/tibor-reischitz\/\"><span>Tibor  Reischitz<\/span><\/a><\/div><div class=\"team-member-description fulltext\"><a href=\"https:\/\/www.atreus.de\/fr\/equipe\/tibor-reischitz\/\"><span>Directeur\r\n<\/span><\/a><\/div><div class=\"team-member-phone\"><a href=\"tel:+49 89 452249-185\"><span>+49 89 452249-185<\/span><\/a><\/div><div class=\"team-member-icon-container\"><div class=\"team-member-email\"><a class=\"atreus-font\" href=\"mailto:Tibor.Reischitz@atreus.de\">h<\/a><\/div><div class=\"team-member-linkedin\"><a class=\"atreus-font\" target=\"_blank\" href=\"https:\/\/www.linkedin.com\/in\/tibor-reischitz-7731691b\/\" rel=\"noopener\">3<\/a><\/div><\/div><\/div>      <\/div>\n\n  <\/div><\/div>    <\/div>\n    <\/div>\n\n<\/div><\/div><div id=\"zw-cdfcd685-e117-4552-818b-e1281b86c9a1-1\" class=\"single-akkordion-item collapsed\" type=\"button\"\n          data-bs-toggle=\"collapse\" data-bs-target=\"#zw-cdfcd685-e117-4552-818b-e1281b86c9a1\" aria-expanded=\"false\" aria-controls=\"collapsetwo\"><div class=\"faq-headline-container d-flex no-icon \"><h3 class=\" zw-cgb subheadline faq\"><strong>Chef de projet informatique pour l\u2019introduction de syst\u00e8mes ERP et CRM<\/strong><\/h3><span class=\"atreus-font pfeil-hoch\">d<\/span><span class=\"atreus-font pfeil-runter\">c<\/span><\/div><\/div><div id=\"zw-cdfcd685-e117-4552-818b-e1281b86c9a1\" class=\"collapse single-akkordion-item mt-0\" data-bs-parent=\"#parent26330\"><div class=\"zw-cgb row akkordionInnerWrapper \"><div  class=\"zw-cgb row  columnmaster020 default-margin \"><div class=\"columnmaster-inner-content g-0\">    <div  class=\"zw-cgb no-image-layout columnblock white-color no-icon   \">\n      <div class=\"zw-cgb zw-cgb-content\">\n\n        <div class=\"column-content\"><div class=\"inner-content\"><h2 class=\" zw-cgb headline h4\">Votre d\u00e9fi<\/h2><p class=\" zw-cgb fulltext \">Votre projet de mise en place d\u2019un ERP ou d\u2019un CRM a pos\u00e9 des probl\u00e8mes ou a \u00e9chou\u00e9. La prochaine tentative doit \u00eatre r\u00e9ussie \u00e0 100&nbsp;%.<\/p><\/div><\/div>      <\/div>\n    <\/div>\n    <div  class=\"zw-cgb no-image-layout columnblock white-color no-icon   \">\n      <div class=\"zw-cgb zw-cgb-content\">\n\n        <div class=\"column-content\"><div class=\"inner-content\"><h2 class=\" zw-cgb headline h4\">Notre mission<\/h2><p class=\" zw-cgb fulltext \">Nous mettons \u00e0 votre disposition la ressource parfaite justifiant d\u2019exp\u00e9riences r\u00e9ussies dans la r\u00e9solution de situations similaires en tant que gestionnaire de crise. Nous assurons ainsi la tranquillit\u00e9 n\u00e9cessaire au projet et offrons aux collaborateurs une perspective attrayante ainsi qu\u2019une nouvelle motivation. Nous agissons en tant que sparring-partner pour le management et optimisons la communication dans le but d\u2019atteindre les objectifs.<\/p><\/div><\/div>      <\/div>\n    <\/div>\n    <div  class=\"zw-cgb no-image-layout columnblock white-color no-icon   \">\n      <div class=\"zw-cgb zw-cgb-content\">\n\n        <div class=\"column-content\"><div class=\"inner-content\"><h2 class=\" zw-cgb headline h4\">Votre solution<\/h2><p class=\" zw-cgb fulltext \">Un chef de projet informatique approuv\u00e9 par Atreus dot\u00e9 d\u2019une expertise dans la construction de machines ou d\u2019installations soulage votre direction en assumant la responsabilit\u00e9 globale de la mise en \u0153uvre r\u00e9ussie du nouveau syst\u00e8me. Il cr\u00e9e la transparence dans le d\u00e9roulement du projet et g\u00e8re tous les prestataires de services externes et les partenaires de mise en \u0153uvre.<\/p><\/div><\/div>      <\/div>\n    <\/div>\n<\/div><\/div>    <div  class=\"zw-cgb  akkordion team-member black-color default-margin \">\n      <div class=\"zw-cgb-content d-flex member-row g-0\">\n        <div class=\"col-12 col-menu-3 px-0\"><h2 class=\" zw-cgb headline h3\">Vous avez des questions&nbsp;?<\/h2><p class=\" zw-cgb fulltext \">Nos experts se feront un plaisir de r\u00e9pondre \u00e0 vos questions.<\/p><\/div><div class=\"d-flex offset-menu-1 col-menu-8 col-12 teammemberslider\"><div class=\"col-menu-4 col-12 single-team-member px-0\">            <a href=\"https:\/\/www.atreus.de\/fr\/equipe\/wolfgang-seng\/\">\n              <div class=\" image-container g-0\">\n                <div class=\"img-with-gradient\">\n\n                  <img decoding=\"async\" loading=\"lazy\" width=\"400\" height=\"500\" alt=\"atreus_\" src=\"https:\/\/www.atreus.de\/wp-content\/uploads\/2023\/07\/sen-wo-v3.png\" srcset=\"https:\/\/www.atreus.de\/wp-content\/uploads\/2023\/07\/sen-wo-v3.png 555w, https:\/\/www.atreus.de\/wp-content\/uploads\/2023\/07\/sen-wo-v3-480x600.png 480w\" sizes=\"auto, (max-width: 1024px) 100vw, 1024px\" style=\"aspect-ratio:555\/694 !important\" title=\"atreus_\">                  <div class=\"linear-gradient-container\"><\/div>\n                <\/div>\n            <\/a>\n            <div class=\"team-member-content\"><div class=\"team-member-name fulltext\"><a href=\"https:\/\/www.atreus.de\/fr\/equipe\/wolfgang-seng\/\"><span>Wolfgang  Seng<\/span><\/a><\/div><div class=\"team-member-description fulltext\"><a href=\"https:\/\/www.atreus.de\/fr\/equipe\/wolfgang-seng\/\"><span>Directeur\r\n<\/span><\/a><\/div><div class=\"team-member-phone\"><a href=\"tel:+49 89 452249-430\"><span>+49 89 452249-430<\/span><\/a><\/div><div class=\"team-member-icon-container\"><div class=\"team-member-email\"><a class=\"atreus-font\" href=\"mailto:Wolfgang.Seng@atreus.de\">h<\/a><\/div><div class=\"team-member-linkedin\"><a class=\"atreus-font\" target=\"_blank\" href=\"https:\/\/www.linkedin.com\/in\/wolfgangseng\/\" rel=\"noopener\">3<\/a><\/div><\/div><\/div>      <\/div>\n\n  <\/div><div class=\"col-menu-4 col-12 single-team-member px-0\">            <a href=\"https:\/\/www.atreus.de\/fr\/equipe\/dr-simon-mehler\/\">\n              <div class=\" image-container g-0\">\n                <div class=\"img-with-gradient\">\n\n                  <img decoding=\"async\" loading=\"lazy\" width=\"400\" height=\"500\" alt=\"atreus_\" src=\"https:\/\/www.atreus.de\/wp-content\/uploads\/2023\/07\/meh-si-dr-v3-1.png\" srcset=\"https:\/\/www.atreus.de\/wp-content\/uploads\/2023\/07\/meh-si-dr-v3-1.png 555w, https:\/\/www.atreus.de\/wp-content\/uploads\/2023\/07\/meh-si-dr-v3-1-480x600.png 480w\" sizes=\"auto, (max-width: 1024px) 100vw, 1024px\" style=\"aspect-ratio:555\/694 !important\" title=\"atreus_\">                  <div class=\"linear-gradient-container\"><\/div>\n                <\/div>\n            <\/a>\n            <div class=\"team-member-content\"><div class=\"team-member-name fulltext\"><a href=\"https:\/\/www.atreus.de\/fr\/equipe\/dr-simon-mehler\/\"><span>Dr. Simon Mehler<\/span><\/a><\/div><div class=\"team-member-description fulltext\"><a href=\"https:\/\/www.atreus.de\/fr\/equipe\/dr-simon-mehler\/\"><span>Partenaire\r\n<\/span><\/a><\/div><div class=\"team-member-phone\"><a href=\"tel:+49 89 452249-245\"><span>+49 89 452249-245<\/span><\/a><\/div><div class=\"team-member-icon-container\"><div class=\"team-member-email\"><a class=\"atreus-font\" href=\"mailto:Simon.Mehler@atreus.de\">h<\/a><\/div><div class=\"team-member-linkedin\"><a class=\"atreus-font\" target=\"_blank\" href=\"https:\/\/www.linkedin.com\/in\/simonmehler\/\" rel=\"noopener\">3<\/a><\/div><\/div><\/div>      <\/div>\n\n  <\/div><div class=\"col-menu-4 col-12 single-team-member px-0\">            <a href=\"https:\/\/www.atreus.de\/fr\/equipe\/jessica-breuer\/\">\n              <div class=\" image-container g-0\">\n                <div class=\"img-with-gradient\">\n\n                  <img decoding=\"async\" loading=\"lazy\" width=\"400\" height=\"500\" alt=\"atreus_\" src=\"https:\/\/www.atreus.de\/wp-content\/uploads\/2025\/05\/bre-jes-1.png\" srcset=\"https:\/\/www.atreus.de\/wp-content\/uploads\/2025\/05\/bre-jes-1.png 555w, https:\/\/www.atreus.de\/wp-content\/uploads\/2025\/05\/bre-jes-1-480x600.png 480w\" sizes=\"auto, (max-width: 1024px) 100vw, 1024px\" style=\"aspect-ratio:555\/694 !important\" title=\"atreus_\">                  <div class=\"linear-gradient-container\"><\/div>\n                <\/div>\n            <\/a>\n            <div class=\"team-member-content\"><div class=\"team-member-name fulltext\"><a href=\"https:\/\/www.atreus.de\/fr\/equipe\/jessica-breuer\/\"><span>Jessica  Breuer<\/span><\/a><\/div><div class=\"team-member-description fulltext\"><a href=\"https:\/\/www.atreus.de\/fr\/equipe\/jessica-breuer\/\"><span>Directrice<\/span><\/a><\/div><div class=\"team-member-phone\"><a href=\"tel:+49 89 452249-241\"><span>+49 89 452249-241<\/span><\/a><\/div><div class=\"team-member-icon-container\"><div class=\"team-member-email\"><a class=\"atreus-font\" href=\"mailto:Jessica.Breuer@atreus.de\">h<\/a><\/div><div class=\"team-member-linkedin\"><a class=\"atreus-font\" target=\"_blank\" href=\"https:\/\/de.linkedin.com\/in\/jessica-breuer\" rel=\"noopener\">3<\/a><\/div><\/div><\/div>      <\/div>\n\n  <\/div><\/div>    <\/div>\n    <\/div>\n\n<\/div><\/div><div id=\"zw-6223a416-dafc-42cf-b9b6-52526c7db536-1\" class=\"single-akkordion-item collapsed\" type=\"button\"\n          data-bs-toggle=\"collapse\" data-bs-target=\"#zw-6223a416-dafc-42cf-b9b6-52526c7db536\" aria-expanded=\"false\" aria-controls=\"collapsetwo\"><div class=\"faq-headline-container d-flex no-icon \"><h3 class=\" zw-cgb subheadline faq\"><strong>Professionnel de la vente pour la r\u00e9orientation des ventes<\/strong> dans le commerce technique<\/h3><span class=\"atreus-font pfeil-hoch\">d<\/span><span class=\"atreus-font pfeil-runter\">c<\/span><\/div><\/div><div id=\"zw-6223a416-dafc-42cf-b9b6-52526c7db536\" class=\"collapse single-akkordion-item mt-0\" data-bs-parent=\"#parent26330\"><div class=\"zw-cgb row akkordionInnerWrapper \"><div  class=\"zw-cgb row  columnmaster020 default-margin \"><div class=\"columnmaster-inner-content g-0\">    <div  class=\"zw-cgb no-image-layout columnblock white-color no-icon   \">\n      <div class=\"zw-cgb zw-cgb-content\">\n\n        <div class=\"column-content\"><div class=\"inner-content\"><h2 class=\" zw-cgb headline h4\">Votre d\u00e9fi<\/h2><p class=\" zw-cgb fulltext \">Vous \u00eates une entreprise de construction de machines ou d\u2019installations et votre \u00e9quipe de vente est confront\u00e9e \u00e0 des probl\u00e8mes apr\u00e8s une ou plusieurs acquisitions&nbsp;: l\u2019int\u00e9gration post-fusion ne se d\u00e9roule pas de mani\u00e8re optimale, les canaux de distribution sont d\u00e9s\u00e9quilibr\u00e9s, la distribution est trop d\u00e9pendante de certains canaux, votre part de petits clients est trop \u00e9lev\u00e9e ou vous subissez des pertes de diffusion lors des actions.<\/p><\/div><\/div>      <\/div>\n    <\/div>\n    <div  class=\"zw-cgb no-image-layout columnblock white-color no-icon   \">\n      <div class=\"zw-cgb zw-cgb-content\">\n\n        <div class=\"column-content\"><div class=\"inner-content\"><h2 class=\" zw-cgb headline h4\">Notre mission<\/h2><p class=\" zw-cgb fulltext \">Nous renfor\u00e7ons votre \u00e9quipe avec la ressource parfaite pour la r\u00e9orientation de vos ventes. Pour cela, nous vous accompagnons dans le cadre de la structuration du portefeuille de clients, nous priorisons les porteurs de croissance et optimisons la structure des distributeurs en fonction des potentiels et des port\u00e9es.<\/p><\/div><\/div>      <\/div>\n    <\/div>\n    <div  class=\"zw-cgb no-image-layout columnblock white-color no-icon   \">\n      <div class=\"zw-cgb zw-cgb-content\">\n\n        <div class=\"column-content\"><div class=\"inner-content\"><h2 class=\" zw-cgb headline h4\">Votre solution<\/h2><p class=\" zw-cgb fulltext \">Un professionnel de la vente approuv\u00e9 par Atreus d\u00e9veloppe un plan de vente&nbsp;3Y structur\u00e9 avec des objectifs de croissance ambitieux, mais r\u00e9alisables. Il d\u00e9veloppe une approche commerciale diff\u00e9renci\u00e9e en mixant la vente directe, la vente aux distributeurs et le commerce \u00e9lectronique, coache la r\u00e9orientation de l\u2019organisation commerciale, d\u00e9veloppe et met en place un syst\u00e8me de conditions diff\u00e9renci\u00e9es et optimise la formation et l\u2019entra\u00eenement des collaborateurs.<\/p><\/div><\/div>      <\/div>\n    <\/div>\n<\/div><\/div>    <div  class=\"zw-cgb  akkordion team-member black-color default-margin \">\n      <div class=\"zw-cgb-content d-flex member-row g-0\">\n        <div class=\"col-12 col-menu-3 px-0\"><h2 class=\" zw-cgb headline h3\">Vous avez des questions&nbsp;?<\/h2><p class=\" zw-cgb fulltext \">Nos experts se feront un plaisir de r\u00e9pondre \u00e0 vos questions.<\/p><\/div><div class=\"d-flex offset-menu-1 col-menu-8 col-12 teammemberslider\"><div class=\"col-menu-4 col-12 single-team-member px-0\">            <a href=\"https:\/\/www.atreus.de\/fr\/equipe\/stephan-haimerl\/\">\n              <div class=\" image-container g-0\">\n                <div class=\"img-with-gradient\">\n\n                  <img decoding=\"async\" loading=\"lazy\" width=\"400\" height=\"500\" alt=\"atreus_\" src=\"https:\/\/www.atreus.de\/wp-content\/uploads\/2023\/07\/hai-st-v2.png\" srcset=\"https:\/\/www.atreus.de\/wp-content\/uploads\/2023\/07\/hai-st-v2.png 555w, https:\/\/www.atreus.de\/wp-content\/uploads\/2023\/07\/hai-st-v2-480x600.png 480w\" sizes=\"auto, (max-width: 1024px) 100vw, 1024px\" style=\"aspect-ratio:555\/694 !important\" title=\"atreus_\">                  <div class=\"linear-gradient-container\"><\/div>\n                <\/div>\n            <\/a>\n            <div class=\"team-member-content\"><div class=\"team-member-name fulltext\"><a href=\"https:\/\/www.atreus.de\/fr\/equipe\/stephan-haimerl\/\"><span>Stephan  Haimerl<\/span><\/a><\/div><div class=\"team-member-description fulltext\"><a href=\"https:\/\/www.atreus.de\/fr\/equipe\/stephan-haimerl\/\"><span>Partenaire et responsable du Solution Group Construction de machines et d\u2019installations<\/span><\/a><\/div><div class=\"team-member-phone\"><a href=\"tel:+49 89 452249-170\"><span>+49 89 452249-170<\/span><\/a><\/div><div class=\"team-member-icon-container\"><div class=\"team-member-email\"><a class=\"atreus-font\" href=\"mailto:Stephan.Haimerl@atreus.de\">h<\/a><\/div><div class=\"team-member-linkedin\"><a class=\"atreus-font\" target=\"_blank\" href=\"https:\/\/de.linkedin.com\/in\/stephan-haimerl-9b17619\" rel=\"noopener\">3<\/a><\/div><\/div><\/div>      <\/div>\n\n  <\/div><div class=\"col-menu-4 col-12 single-team-member px-0\">            <a href=\"https:\/\/www.atreus.de\/fr\/equipe\/jessica-breuer\/\">\n              <div class=\" image-container g-0\">\n                <div class=\"img-with-gradient\">\n\n                  <img decoding=\"async\" loading=\"lazy\" width=\"400\" height=\"500\" alt=\"atreus_\" src=\"https:\/\/www.atreus.de\/wp-content\/uploads\/2025\/05\/bre-jes-1.png\" srcset=\"https:\/\/www.atreus.de\/wp-content\/uploads\/2025\/05\/bre-jes-1.png 555w, https:\/\/www.atreus.de\/wp-content\/uploads\/2025\/05\/bre-jes-1-480x600.png 480w\" sizes=\"auto, (max-width: 1024px) 100vw, 1024px\" style=\"aspect-ratio:555\/694 !important\" title=\"atreus_\">                  <div class=\"linear-gradient-container\"><\/div>\n                <\/div>\n            <\/a>\n            <div class=\"team-member-content\"><div class=\"team-member-name fulltext\"><a href=\"https:\/\/www.atreus.de\/fr\/equipe\/jessica-breuer\/\"><span>Jessica  Breuer<\/span><\/a><\/div><div class=\"team-member-description fulltext\"><a href=\"https:\/\/www.atreus.de\/fr\/equipe\/jessica-breuer\/\"><span>Directrice<\/span><\/a><\/div><div class=\"team-member-phone\"><a href=\"tel:+49 89 452249-241\"><span>+49 89 452249-241<\/span><\/a><\/div><div class=\"team-member-icon-container\"><div class=\"team-member-email\"><a class=\"atreus-font\" href=\"mailto:Jessica.Breuer@atreus.de\">h<\/a><\/div><div class=\"team-member-linkedin\"><a class=\"atreus-font\" target=\"_blank\" href=\"https:\/\/de.linkedin.com\/in\/jessica-breuer\" rel=\"noopener\">3<\/a><\/div><\/div><\/div>      <\/div>\n\n  <\/div><div class=\"col-menu-4 col-12 single-team-member px-0\">            <a href=\"https:\/\/www.atreus.de\/fr\/equipe\/dr-christian-frank\/\">\n              <div class=\" image-container g-0\">\n                <div class=\"img-with-gradient\">\n\n                  <img decoding=\"async\" loading=\"lazy\" width=\"400\" height=\"500\" alt=\"atreus_\" src=\"https:\/\/www.atreus.de\/wp-content\/uploads\/2023\/07\/fra-ch-dr-v2.png\" srcset=\"https:\/\/www.atreus.de\/wp-content\/uploads\/2023\/07\/fra-ch-dr-v2.png 555w, https:\/\/www.atreus.de\/wp-content\/uploads\/2023\/07\/fra-ch-dr-v2-480x600.png 480w\" sizes=\"auto, (max-width: 1024px) 100vw, 1024px\" style=\"aspect-ratio:555\/694 !important\" title=\"atreus_\">                  <div class=\"linear-gradient-container\"><\/div>\n                <\/div>\n            <\/a>\n            <div class=\"team-member-content\"><div class=\"team-member-name fulltext\"><a href=\"https:\/\/www.atreus.de\/fr\/equipe\/dr-christian-frank\/\"><span>Dr. Christian  Frank<\/span><\/a><\/div><div class=\"team-member-description fulltext\"><a href=\"https:\/\/www.atreus.de\/fr\/equipe\/dr-christian-frank\/\"><span>Directeur g\u00e9n\u00e9ral<\/span><\/a><\/div><div class=\"team-member-phone\"><a href=\"tel:+49 89 452249-180\"><span>+49 89 452249-180<\/span><\/a><\/div><div class=\"team-member-icon-container\"><div class=\"team-member-email\"><a class=\"atreus-font\" href=\"mailto:Christian.Frank@atreus.de\">h<\/a><\/div><div class=\"team-member-linkedin\"><a class=\"atreus-font\" target=\"_blank\" href=\"https:\/\/www.linkedin.com\/in\/drchristianfrank\/\" rel=\"noopener\">3<\/a><\/div><\/div><\/div>      <\/div>\n\n  <\/div><\/div>    <\/div>\n    <\/div>\n\n<\/div><\/div><div id=\"zw-cfe5a44e-dc9a-4ec4-927c-7b3604407be0-1\" class=\"single-akkordion-item collapsed\" type=\"button\"\n          data-bs-toggle=\"collapse\" data-bs-target=\"#zw-cfe5a44e-dc9a-4ec4-927c-7b3604407be0\" aria-expanded=\"false\" aria-controls=\"collapsetwo\"><div class=\"faq-headline-container d-flex no-icon \"><h3 class=\" zw-cgb subheadline faq\"><strong>Manager pour la mise en \u0153uvre de mesures d\u2019optimisation op\u00e9rationnelles<\/strong><\/h3><span class=\"atreus-font pfeil-hoch\">d<\/span><span class=\"atreus-font pfeil-runter\">c<\/span><\/div><\/div><div id=\"zw-cfe5a44e-dc9a-4ec4-927c-7b3604407be0\" class=\"collapse single-akkordion-item mt-0\" data-bs-parent=\"#parent26330\"><div class=\"zw-cgb row akkordionInnerWrapper \"><div  class=\"zw-cgb row  columnmaster020 default-margin \"><div class=\"columnmaster-inner-content g-0\">    <div  class=\"zw-cgb no-image-layout columnblock white-color no-icon   \">\n      <div class=\"zw-cgb zw-cgb-content\">\n\n        <div class=\"column-content\"><div class=\"inner-content\"><h2 class=\" zw-cgb headline h4\">Votre d\u00e9fi<\/h2><p class=\" zw-cgb fulltext \">Votre organisation, en r\u00e9alit\u00e9 bien \u00e9tablie et performante dans la construction de machines ou d\u2019installations, est confront\u00e9e depuis un certain temps \u00e0 des probl\u00e8mes de qualit\u00e9 croissants. Les performances de livraison se d\u00e9t\u00e9riorent de plus en plus. Il se peut \u00e9galement que l\u2019interaction entre les sites au sein de votre cha\u00eene de valeur soit perturb\u00e9e.<\/p><\/div><\/div>      <\/div>\n    <\/div>\n    <div  class=\"zw-cgb no-image-layout columnblock white-color no-icon   \">\n      <div class=\"zw-cgb zw-cgb-content\">\n\n        <div class=\"column-content\"><div class=\"inner-content\"><h2 class=\" zw-cgb headline h4\">Notre mission<\/h2><p class=\" zw-cgb fulltext \">Nous renfor\u00e7ons votre \u00e9quipe avec la ressource parfaite pour analyser et optimiser l\u2019ensemble de votre cha\u00eene de valeur dans la construction de machines ou d\u2019installations. Outre le r\u00e9tablissement des performances techniques, nous nous penchons \u00e9galement sur les causes au niveau interpersonnel, coachons les cadres de niveau ma\u00eetrise et de deuxi\u00e8me niveau ou les lib\u00e9rons le cas \u00e9ch\u00e9ant.<\/p><\/div><\/div>      <\/div>\n    <\/div>\n    <div  class=\"zw-cgb no-image-layout columnblock white-color no-icon   \">\n      <div class=\"zw-cgb zw-cgb-content\">\n\n        <div class=\"column-content\"><div class=\"inner-content\"><h2 class=\" zw-cgb headline h4\">Votre solution<\/h2><p class=\" zw-cgb fulltext \">Le manager approuv\u00e9 par Atreus est responsable de la r\u00e9solution de la crise de performance, de qualit\u00e9 et de livraison. Il accompagne le changement culturel et veille \u00e0 un climat de travail sain, \u00e9tablit durablement une communication ouverte et respectueuse, introduit une culture de l\u2019erreur et une approche \u00ab&nbsp;best case&nbsp;\u00bb, installe une base de connaissances et professionnalise l\u2019organisation.<\/p><\/div><\/div>      <\/div>\n    <\/div>\n<\/div><\/div>    <div  class=\"zw-cgb  akkordion team-member black-color default-margin \">\n      <div class=\"zw-cgb-content d-flex member-row g-0\">\n        <div class=\"col-12 col-menu-3 px-0\"><h2 class=\" zw-cgb headline h3\">Vous avez des questions&nbsp;?<\/h2><p class=\" zw-cgb fulltext \">Nos experts se feront un plaisir de r\u00e9pondre \u00e0 vos questions.<\/p><\/div><div class=\"d-flex offset-menu-1 col-menu-8 col-12 teammemberslider\"><div class=\"col-menu-4 col-12 single-team-member px-0\">            <a href=\"https:\/\/www.atreus.de\/fr\/equipe\/dr-simon-mehler\/\">\n              <div class=\" image-container g-0\">\n                <div class=\"img-with-gradient\">\n\n                  <img decoding=\"async\" loading=\"lazy\" width=\"400\" height=\"500\" alt=\"atreus_\" src=\"https:\/\/www.atreus.de\/wp-content\/uploads\/2023\/07\/meh-si-dr-v3-1.png\" srcset=\"https:\/\/www.atreus.de\/wp-content\/uploads\/2023\/07\/meh-si-dr-v3-1.png 555w, https:\/\/www.atreus.de\/wp-content\/uploads\/2023\/07\/meh-si-dr-v3-1-480x600.png 480w\" sizes=\"auto, (max-width: 1024px) 100vw, 1024px\" style=\"aspect-ratio:555\/694 !important\" title=\"atreus_\">                  <div class=\"linear-gradient-container\"><\/div>\n                <\/div>\n            <\/a>\n            <div class=\"team-member-content\"><div class=\"team-member-name fulltext\"><a href=\"https:\/\/www.atreus.de\/fr\/equipe\/dr-simon-mehler\/\"><span>Dr. Simon Mehler<\/span><\/a><\/div><div class=\"team-member-description fulltext\"><a href=\"https:\/\/www.atreus.de\/fr\/equipe\/dr-simon-mehler\/\"><span>Partenaire\r\n<\/span><\/a><\/div><div class=\"team-member-phone\"><a href=\"tel:+49 89 452249-245\"><span>+49 89 452249-245<\/span><\/a><\/div><div class=\"team-member-icon-container\"><div class=\"team-member-email\"><a class=\"atreus-font\" href=\"mailto:Simon.Mehler@atreus.de\">h<\/a><\/div><div class=\"team-member-linkedin\"><a class=\"atreus-font\" target=\"_blank\" href=\"https:\/\/www.linkedin.com\/in\/simonmehler\/\" rel=\"noopener\">3<\/a><\/div><\/div><\/div>      <\/div>\n\n  <\/div><div class=\"col-menu-4 col-12 single-team-member px-0\">            <a href=\"https:\/\/www.atreus.de\/fr\/equipe\/stephan-haimerl\/\">\n              <div class=\" image-container g-0\">\n                <div class=\"img-with-gradient\">\n\n                  <img decoding=\"async\" loading=\"lazy\" width=\"400\" height=\"500\" alt=\"atreus_\" src=\"https:\/\/www.atreus.de\/wp-content\/uploads\/2023\/07\/hai-st-v2.png\" srcset=\"https:\/\/www.atreus.de\/wp-content\/uploads\/2023\/07\/hai-st-v2.png 555w, https:\/\/www.atreus.de\/wp-content\/uploads\/2023\/07\/hai-st-v2-480x600.png 480w\" sizes=\"auto, (max-width: 1024px) 100vw, 1024px\" style=\"aspect-ratio:555\/694 !important\" title=\"atreus_\">                  <div class=\"linear-gradient-container\"><\/div>\n                <\/div>\n            <\/a>\n            <div class=\"team-member-content\"><div class=\"team-member-name fulltext\"><a href=\"https:\/\/www.atreus.de\/fr\/equipe\/stephan-haimerl\/\"><span>Stephan  Haimerl<\/span><\/a><\/div><div class=\"team-member-description fulltext\"><a href=\"https:\/\/www.atreus.de\/fr\/equipe\/stephan-haimerl\/\"><span>Partenaire et responsable du Solution Group Construction de machines et d\u2019installations<\/span><\/a><\/div><div class=\"team-member-phone\"><a href=\"tel:+49 89 452249-170\"><span>+49 89 452249-170<\/span><\/a><\/div><div class=\"team-member-icon-container\"><div class=\"team-member-email\"><a class=\"atreus-font\" href=\"mailto:Stephan.Haimerl@atreus.de\">h<\/a><\/div><div class=\"team-member-linkedin\"><a class=\"atreus-font\" target=\"_blank\" href=\"https:\/\/de.linkedin.com\/in\/stephan-haimerl-9b17619\" rel=\"noopener\">3<\/a><\/div><\/div><\/div>      <\/div>\n\n  <\/div><\/div>    <\/div>\n    <\/div>\n\n<\/div><\/div><div id=\"zw-d6e921dd-929d-40d3-8dd7-f499e4d6c6f4-1\" class=\"single-akkordion-item collapsed\" type=\"button\"\n          data-bs-toggle=\"collapse\" data-bs-target=\"#zw-d6e921dd-929d-40d3-8dd7-f499e4d6c6f4\" aria-expanded=\"false\" aria-controls=\"collapsetwo\"><div class=\"faq-headline-container d-flex no-icon \"><h3 class=\" zw-cgb subheadline faq\"><strong>Responsable des achats<\/strong> pour la mise en place de fournisseurs alternatifs<\/h3><span class=\"atreus-font pfeil-hoch\">d<\/span><span class=\"atreus-font pfeil-runter\">c<\/span><\/div><\/div><div id=\"zw-d6e921dd-929d-40d3-8dd7-f499e4d6c6f4\" class=\"collapse single-akkordion-item mt-0\" data-bs-parent=\"#parent26330\"><div class=\"zw-cgb row akkordionInnerWrapper \"><div  class=\"zw-cgb row  columnmaster020 default-margin \"><div class=\"columnmaster-inner-content g-0\">    <div  class=\"zw-cgb no-image-layout columnblock white-color no-icon   \">\n      <div class=\"zw-cgb zw-cgb-content\">\n\n        <div class=\"column-content\"><div class=\"inner-content\"><h2 class=\" zw-cgb headline h4\">Votre d\u00e9fi<\/h2><p class=\" zw-cgb fulltext \">En tant que constructeur de machines, vous \u00eates confront\u00e9 \u00e0 des probl\u00e8mes de livraison. Face aux arr\u00eats de production qui en r\u00e9sultent, vous \u00eates confront\u00e9 \u00e0 des probl\u00e8mes de liquidit\u00e9s et vos stocks augmentent. Vous ne pouvez pas facturer vos clients parce que vous ne pouvez pas produire.<\/p><\/div><\/div>      <\/div>\n    <\/div>\n    <div  class=\"zw-cgb no-image-layout columnblock white-color no-icon   \">\n      <div class=\"zw-cgb zw-cgb-content\">\n\n        <div class=\"column-content\"><div class=\"inner-content\"><h2 class=\" zw-cgb headline h4\">Notre mission<\/h2><p class=\" zw-cgb fulltext \">Nous renfor\u00e7ons votre \u00e9quipe avec la ressource id\u00e9ale pour r\u00e9aliser une analyse des fournisseurs et des risques ou une analyse \u00ab&nbsp;Make or Buy&nbsp;\u00bb. Nous explorons de nouvelles voies d\u2019approvisionnement et \u00e9tablissons pour vous de nouvelles cha\u00eenes d\u2019approvisionnement tout en garantissant la qualit\u00e9, le respect des d\u00e9lais de livraison et l\u2019efficacit\u00e9 des co\u00fbts. Parall\u00e8lement, nous assurons l\u2019optimisation globale de vos processus et le coaching de votre \u00e9quipe jusqu\u2019\u00e0 ce qu\u2019elle travaille de mani\u00e8re autonome.<\/p><\/div><\/div>      <\/div>\n    <\/div>\n    <div  class=\"zw-cgb no-image-layout columnblock white-color no-icon   \">\n      <div class=\"zw-cgb zw-cgb-content\">\n\n        <div class=\"column-content\"><div class=\"inner-content\"><h2 class=\" zw-cgb headline h4\">Votre solution<\/h2><p class=\" zw-cgb fulltext \">Le responsable des achats approuv\u00e9 par Atreus, qui poss\u00e8de une expertise approfondie dans la construction de machines ou d\u2019installations, est responsable de la production ponctuelle et de la livraison \u00e0 temps des marchandises. Il minimise le risque d\u2019interruption des livraisons, augmente l\u2019OTD ainsi que la satisfaction des clients et r\u00e9alise des \u00e9conomies. Si n\u00e9cessaire, il introduit \u00e9galement des solutions d\u2019e-procurement et des plateformes d\u2019approvisionnement en ligne. Les membres de l\u2019\u00e9quipe sont plus motiv\u00e9s et travaillent \u00e0 un niveau de performance plus \u00e9lev\u00e9.<\/p><\/div><\/div>      <\/div>\n    <\/div>\n<\/div><\/div>    <div  class=\"zw-cgb  akkordion team-member black-color default-margin \">\n      <div class=\"zw-cgb-content d-flex member-row g-0\">\n        <div class=\"col-12 col-menu-3 px-0\"><h2 class=\" zw-cgb headline h3\">Vous avez des questions&nbsp;?<\/h2><p class=\" zw-cgb fulltext \">Nos experts se feront un plaisir de r\u00e9pondre \u00e0 vos questions.<\/p><\/div><div class=\"d-flex offset-menu-1 col-menu-8 col-12 teammemberslider\"><div class=\"col-menu-4 col-12 single-team-member px-0\">            <a href=\"https:\/\/www.atreus.de\/fr\/equipe\/tibor-reischitz\/\">\n              <div class=\" image-container g-0\">\n                <div class=\"img-with-gradient\">\n\n                  <img decoding=\"async\" loading=\"lazy\" width=\"400\" height=\"500\" alt=\"atreus_\" src=\"https:\/\/www.atreus.de\/wp-content\/uploads\/2023\/07\/rei-ti-v1.png\" srcset=\"https:\/\/www.atreus.de\/wp-content\/uploads\/2023\/07\/rei-ti-v1.png 555w, https:\/\/www.atreus.de\/wp-content\/uploads\/2023\/07\/rei-ti-v1-480x600.png 480w\" sizes=\"auto, (max-width: 1024px) 100vw, 1024px\" style=\"aspect-ratio:555\/694 !important\" title=\"atreus_\">                  <div class=\"linear-gradient-container\"><\/div>\n                <\/div>\n            <\/a>\n            <div class=\"team-member-content\"><div class=\"team-member-name fulltext\"><a href=\"https:\/\/www.atreus.de\/fr\/equipe\/tibor-reischitz\/\"><span>Tibor  Reischitz<\/span><\/a><\/div><div class=\"team-member-description fulltext\"><a href=\"https:\/\/www.atreus.de\/fr\/equipe\/tibor-reischitz\/\"><span>Directeur\r\n<\/span><\/a><\/div><div class=\"team-member-phone\"><a href=\"tel:+49 89 452249-185\"><span>+49 89 452249-185<\/span><\/a><\/div><div class=\"team-member-icon-container\"><div class=\"team-member-email\"><a class=\"atreus-font\" href=\"mailto:Tibor.Reischitz@atreus.de\">h<\/a><\/div><div class=\"team-member-linkedin\"><a class=\"atreus-font\" target=\"_blank\" href=\"https:\/\/www.linkedin.com\/in\/tibor-reischitz-7731691b\/\" rel=\"noopener\">3<\/a><\/div><\/div><\/div>      <\/div>\n\n  <\/div><div class=\"col-menu-4 col-12 single-team-member px-0\">            <a href=\"https:\/\/www.atreus.de\/fr\/equipe\/dr-simon-mehler\/\">\n              <div class=\" image-container g-0\">\n                <div class=\"img-with-gradient\">\n\n                  <img decoding=\"async\" loading=\"lazy\" width=\"400\" height=\"500\" alt=\"atreus_\" src=\"https:\/\/www.atreus.de\/wp-content\/uploads\/2023\/07\/meh-si-dr-v3-1.png\" srcset=\"https:\/\/www.atreus.de\/wp-content\/uploads\/2023\/07\/meh-si-dr-v3-1.png 555w, https:\/\/www.atreus.de\/wp-content\/uploads\/2023\/07\/meh-si-dr-v3-1-480x600.png 480w\" sizes=\"auto, (max-width: 1024px) 100vw, 1024px\" style=\"aspect-ratio:555\/694 !important\" title=\"atreus_\">                  <div class=\"linear-gradient-container\"><\/div>\n                <\/div>\n            <\/a>\n            <div class=\"team-member-content\"><div class=\"team-member-name fulltext\"><a href=\"https:\/\/www.atreus.de\/fr\/equipe\/dr-simon-mehler\/\"><span>Dr. Simon Mehler<\/span><\/a><\/div><div class=\"team-member-description fulltext\"><a href=\"https:\/\/www.atreus.de\/fr\/equipe\/dr-simon-mehler\/\"><span>Partenaire\r\n<\/span><\/a><\/div><div class=\"team-member-phone\"><a href=\"tel:+49 89 452249-245\"><span>+49 89 452249-245<\/span><\/a><\/div><div class=\"team-member-icon-container\"><div class=\"team-member-email\"><a class=\"atreus-font\" href=\"mailto:Simon.Mehler@atreus.de\">h<\/a><\/div><div class=\"team-member-linkedin\"><a class=\"atreus-font\" target=\"_blank\" href=\"https:\/\/www.linkedin.com\/in\/simonmehler\/\" rel=\"noopener\">3<\/a><\/div><\/div><\/div>      <\/div>\n\n  <\/div><\/div>    <\/div>\n    <\/div>\n\n<\/div><\/div><div id=\"zw-b3894479-889b-4d1a-992f-67b5b6995e42-1\" class=\"single-akkordion-item collapsed\" type=\"button\"\n          data-bs-toggle=\"collapse\" data-bs-target=\"#zw-b3894479-889b-4d1a-992f-67b5b6995e42\" aria-expanded=\"false\" aria-controls=\"collapsetwo\"><div class=\"faq-headline-container d-flex no-icon \"><h3 class=\" zw-cgb subheadline faq\"><strong>Directeur de site<\/strong><\/h3><span class=\"atreus-font pfeil-hoch\">d<\/span><span class=\"atreus-font pfeil-runter\">c<\/span><\/div><\/div><div id=\"zw-b3894479-889b-4d1a-992f-67b5b6995e42\" class=\"collapse single-akkordion-item mt-0\" data-bs-parent=\"#parent26330\"><div class=\"zw-cgb row akkordionInnerWrapper \"><div  class=\"zw-cgb row  columnmaster020 default-margin \"><div class=\"columnmaster-inner-content g-0\">    <div  class=\"zw-cgb no-image-layout columnblock white-color no-icon   \">\n      <div class=\"zw-cgb zw-cgb-content\">\n\n        <div class=\"column-content\"><div class=\"inner-content\"><h2 class=\" zw-cgb headline h4\">Votre d\u00e9fi<\/h2><p class=\" zw-cgb fulltext \">La productivit\u00e9 globale de votre entreprise vous pr\u00e9occupe. L\u2019absent\u00e9isme au sein de votre personnel augmente tandis que la motivation diminue. Vous \u00eates confront\u00e9 \u00e0 un taux de rebut \u00e9lev\u00e9 et \u00e0 une qualit\u00e9 insuffisante. La transparence dans les normes et les indicateurs de performance cl\u00e9s font parfois d\u00e9faut. Il n\u2019existe pas de processus d\u2019am\u00e9lioration continue.<\/p><\/div><\/div>      <\/div>\n    <\/div>\n    <div  class=\"zw-cgb no-image-layout columnblock white-color no-icon   \">\n      <div class=\"zw-cgb zw-cgb-content\">\n\n        <div class=\"column-content\"><div class=\"inner-content\"><h2 class=\" zw-cgb headline h4\">Notre mission<\/h2><p class=\" zw-cgb fulltext \">Nous mettons \u00e0 la disposition de votre \u00e9quipe la ressource ad\u00e9quate pour d\u00e9finir et standardiser les indicateurs cl\u00e9s de performance avec les collaborateurs. Nous garantissons une transparence totale, la mise en \u0153uvre de projets pilotes et de projets phares, l\u2019optimisation de la gestion des flux de travail et la promotion de la collaboration interfonctionnelle.<\/p><\/div><\/div>      <\/div>\n    <\/div>\n    <div  class=\"zw-cgb no-image-layout columnblock white-color no-icon   \">\n      <div class=\"zw-cgb zw-cgb-content\">\n\n        <div class=\"column-content\"><div class=\"inner-content\"><h2 class=\" zw-cgb headline h4\">Votre solution<\/h2><p class=\" zw-cgb fulltext \">Un directeur de site approuv\u00e9 par Atreus est responsable de l\u2019optimisation de tous les KPI importants. Il aide \u00e0 s\u2019aider soi-m\u00eame et initie un processus de changement durable, v\u00e9cu par les collaborateurs. Parall\u00e8lement, il identifie les champions cach\u00e9s parmi les collaborateurs, forme le personnel aux m\u00e9thodes Lean et veille \u00e0 l\u2019am\u00e9lioration continue.<\/p><\/div><\/div>      <\/div>\n    <\/div>\n<\/div><\/div>    <div  class=\"zw-cgb  akkordion team-member black-color default-margin \">\n      <div class=\"zw-cgb-content d-flex member-row g-0\">\n        <div class=\"col-12 col-menu-3 px-0\"><h2 class=\" zw-cgb headline h3\">Vous avez des questions&nbsp;?<\/h2><p class=\" zw-cgb fulltext \">Nos experts se feront un plaisir de r\u00e9pondre \u00e0 vos questions.<\/p><\/div><div class=\"d-flex offset-menu-1 col-menu-8 col-12 teammemberslider\"><div class=\"col-menu-4 col-12 single-team-member px-0\">            <a href=\"https:\/\/www.atreus.de\/fr\/equipe\/tibor-reischitz\/\">\n              <div class=\" image-container g-0\">\n                <div class=\"img-with-gradient\">\n\n                  <img decoding=\"async\" loading=\"lazy\" width=\"400\" height=\"500\" alt=\"atreus_\" src=\"https:\/\/www.atreus.de\/wp-content\/uploads\/2023\/07\/rei-ti-v1.png\" srcset=\"https:\/\/www.atreus.de\/wp-content\/uploads\/2023\/07\/rei-ti-v1.png 555w, https:\/\/www.atreus.de\/wp-content\/uploads\/2023\/07\/rei-ti-v1-480x600.png 480w\" sizes=\"auto, (max-width: 1024px) 100vw, 1024px\" style=\"aspect-ratio:555\/694 !important\" title=\"atreus_\">                  <div class=\"linear-gradient-container\"><\/div>\n                <\/div>\n            <\/a>\n            <div class=\"team-member-content\"><div class=\"team-member-name fulltext\"><a href=\"https:\/\/www.atreus.de\/fr\/equipe\/tibor-reischitz\/\"><span>Tibor  Reischitz<\/span><\/a><\/div><div class=\"team-member-description fulltext\"><a href=\"https:\/\/www.atreus.de\/fr\/equipe\/tibor-reischitz\/\"><span>Directeur\r\n<\/span><\/a><\/div><div class=\"team-member-phone\"><a href=\"tel:+49 89 452249-185\"><span>+49 89 452249-185<\/span><\/a><\/div><div class=\"team-member-icon-container\"><div class=\"team-member-email\"><a class=\"atreus-font\" href=\"mailto:Tibor.Reischitz@atreus.de\">h<\/a><\/div><div class=\"team-member-linkedin\"><a class=\"atreus-font\" target=\"_blank\" href=\"https:\/\/www.linkedin.com\/in\/tibor-reischitz-7731691b\/\" rel=\"noopener\">3<\/a><\/div><\/div><\/div>      <\/div>\n\n  <\/div><div class=\"col-menu-4 col-12 single-team-member px-0\">            <a href=\"https:\/\/www.atreus.de\/fr\/equipe\/dr-simon-mehler\/\">\n              <div class=\" image-container g-0\">\n                <div class=\"img-with-gradient\">\n\n                  <img decoding=\"async\" loading=\"lazy\" width=\"400\" height=\"500\" alt=\"atreus_\" src=\"https:\/\/www.atreus.de\/wp-content\/uploads\/2023\/07\/meh-si-dr-v3-1.png\" srcset=\"https:\/\/www.atreus.de\/wp-content\/uploads\/2023\/07\/meh-si-dr-v3-1.png 555w, https:\/\/www.atreus.de\/wp-content\/uploads\/2023\/07\/meh-si-dr-v3-1-480x600.png 480w\" sizes=\"auto, (max-width: 1024px) 100vw, 1024px\" style=\"aspect-ratio:555\/694 !important\" title=\"atreus_\">                  <div class=\"linear-gradient-container\"><\/div>\n                <\/div>\n            <\/a>\n            <div class=\"team-member-content\"><div class=\"team-member-name fulltext\"><a href=\"https:\/\/www.atreus.de\/fr\/equipe\/dr-simon-mehler\/\"><span>Dr. Simon Mehler<\/span><\/a><\/div><div class=\"team-member-description fulltext\"><a href=\"https:\/\/www.atreus.de\/fr\/equipe\/dr-simon-mehler\/\"><span>Partenaire\r\n<\/span><\/a><\/div><div class=\"team-member-phone\"><a href=\"tel:+49 89 452249-245\"><span>+49 89 452249-245<\/span><\/a><\/div><div class=\"team-member-icon-container\"><div class=\"team-member-email\"><a class=\"atreus-font\" href=\"mailto:Simon.Mehler@atreus.de\">h<\/a><\/div><div class=\"team-member-linkedin\"><a class=\"atreus-font\" target=\"_blank\" href=\"https:\/\/www.linkedin.com\/in\/simonmehler\/\" rel=\"noopener\">3<\/a><\/div><\/div><\/div>      <\/div>\n\n  <\/div><div class=\"col-menu-4 col-12 single-team-member px-0\">            <a href=\"https:\/\/www.atreus.de\/fr\/equipe\/stephan-haimerl\/\">\n              <div class=\" image-container g-0\">\n                <div class=\"img-with-gradient\">\n\n                  <img decoding=\"async\" loading=\"lazy\" width=\"400\" height=\"500\" alt=\"atreus_\" src=\"https:\/\/www.atreus.de\/wp-content\/uploads\/2023\/07\/hai-st-v2.png\" srcset=\"https:\/\/www.atreus.de\/wp-content\/uploads\/2023\/07\/hai-st-v2.png 555w, https:\/\/www.atreus.de\/wp-content\/uploads\/2023\/07\/hai-st-v2-480x600.png 480w\" sizes=\"auto, (max-width: 1024px) 100vw, 1024px\" style=\"aspect-ratio:555\/694 !important\" title=\"atreus_\">                  <div class=\"linear-gradient-container\"><\/div>\n                <\/div>\n            <\/a>\n            <div class=\"team-member-content\"><div class=\"team-member-name fulltext\"><a href=\"https:\/\/www.atreus.de\/fr\/equipe\/stephan-haimerl\/\"><span>Stephan  Haimerl<\/span><\/a><\/div><div class=\"team-member-description fulltext\"><a href=\"https:\/\/www.atreus.de\/fr\/equipe\/stephan-haimerl\/\"><span>Partenaire et responsable du Solution Group Construction de machines et d\u2019installations<\/span><\/a><\/div><div class=\"team-member-phone\"><a href=\"tel:+49 89 452249-170\"><span>+49 89 452249-170<\/span><\/a><\/div><div class=\"team-member-icon-container\"><div class=\"team-member-email\"><a class=\"atreus-font\" href=\"mailto:Stephan.Haimerl@atreus.de\">h<\/a><\/div><div class=\"team-member-linkedin\"><a class=\"atreus-font\" target=\"_blank\" href=\"https:\/\/de.linkedin.com\/in\/stephan-haimerl-9b17619\" rel=\"noopener\">3<\/a><\/div><\/div><\/div>      <\/div>\n\n  <\/div><\/div>    <\/div>\n    <\/div>\n\n<\/div><\/div><div id=\"zw-efd946c2-2414-43f6-b52a-e52c6aed4bb9-1\" class=\"single-akkordion-item collapsed\" type=\"button\"\n          data-bs-toggle=\"collapse\" data-bs-target=\"#zw-efd946c2-2414-43f6-b52a-e52c6aed4bb9\" aria-expanded=\"false\" aria-controls=\"collapsetwo\"><div class=\"faq-headline-container d-flex no-icon \"><h3 class=\" zw-cgb subheadline faq\"><strong>Supply-Chain Manager<\/strong> pour l\u2019analyse des flux de marchandises<\/h3><span class=\"atreus-font pfeil-hoch\">d<\/span><span class=\"atreus-font pfeil-runter\">c<\/span><\/div><\/div><div id=\"zw-efd946c2-2414-43f6-b52a-e52c6aed4bb9\" class=\"collapse single-akkordion-item mt-0\" data-bs-parent=\"#parent26330\"><div class=\"zw-cgb row akkordionInnerWrapper \"><div  class=\"zw-cgb row  columnmaster020 default-margin \"><div class=\"columnmaster-inner-content g-0\">    <div  class=\"zw-cgb no-image-layout columnblock white-color no-icon   \">\n      <div class=\"zw-cgb zw-cgb-content\">\n\n        <div class=\"column-content\"><div class=\"inner-content\"><h2 class=\" zw-cgb headline h4\">Votre d\u00e9fi<\/h2><p class=\" zw-cgb fulltext \">Le manque de transparence dans votre cha\u00eene d\u2019approvisionnement entra\u00eene des risques croissants et des ruptures d\u2019approvisionnement. Il n\u2019y a pas d\u2019accords contractuels, les processus sont manuels et peu transparents. Jusqu\u2019\u00e0 pr\u00e9sent, l\u2019\u00e9quipe n\u2019a travaill\u00e9 qu\u2019au niveau local et n\u2019a donc pas encore g\u00e9r\u00e9 de flux de mat\u00e9riel international.<\/p><\/div><\/div>      <\/div>\n    <\/div>\n    <div  class=\"zw-cgb no-image-layout columnblock white-color no-icon   \">\n      <div class=\"zw-cgb zw-cgb-content\">\n\n        <div class=\"column-content\"><div class=\"inner-content\"><h2 class=\" zw-cgb headline h4\">Notre mission<\/h2><p class=\" zw-cgb fulltext \">Nous renfor\u00e7ons votre \u00e9quipe avec la ressource parfaite pour analyser, mettre en \u0153uvre et optimiser le processus de planification des ventes et des op\u00e9rations et permettre ainsi la repr\u00e9sentation sans erreur d\u2019un processus de cha\u00eene d\u2019approvisionnement continu. Nous assurons notamment la planification quotidienne des flux de mati\u00e8res sur l\u2019ensemble de la cha\u00eene de valeur, la r\u00e9alisation d\u2019analyses \u00ab&nbsp;make or buy&nbsp;\u00bb et de programmes de r\u00e9duction des co\u00fbts ainsi que l\u2019optimisation de l\u2019ensemble de la logistique.<\/p><\/div><\/div>      <\/div>\n    <\/div>\n    <div  class=\"zw-cgb no-image-layout columnblock white-color no-icon   \">\n      <div class=\"zw-cgb zw-cgb-content\">\n\n        <div class=\"column-content\"><div class=\"inner-content\"><h2 class=\" zw-cgb headline h4\">Votre solution<\/h2><p class=\" zw-cgb fulltext \">Le Manager Supply-Chain approuv\u00e9 par Atreus est responsable de l\u2019optimisation des temps de passage sur la base d\u2019un processus de planification du c\u00f4t\u00e9 de la distribution, de la production et des achats. Il augmente la satisfaction des clients gr\u00e2ce \u00e0 des livraisons respectueuses des d\u00e9lais et \u00e9conomise des co\u00fbts gr\u00e2ce \u00e0 des effets de regroupement ou \u00e0 l\u2019externalisation de la cr\u00e9ation de valeur (Make-or-Buy). Il num\u00e9rise les processus dans l\u2019ERP, l\u2019EDI, l\u2019e-procurement et les plateformes en ligne, offrant ainsi aux clients une transparence au jour le jour. Dans le m\u00eame temps, il minimise le risque de goulots d\u2019\u00e9tranglement dans les livraisons et de pannes.<\/p><\/div><\/div>      <\/div>\n    <\/div>\n<\/div><\/div>    <div  class=\"zw-cgb  akkordion team-member black-color default-margin \">\n      <div class=\"zw-cgb-content d-flex member-row g-0\">\n        <div class=\"col-12 col-menu-3 px-0\"><h2 class=\" zw-cgb headline h3\">Vous avez des questions&nbsp;?<\/h2><p class=\" zw-cgb fulltext \">Nos experts se feront un plaisir de r\u00e9pondre \u00e0 vos questions.<\/p><\/div><div class=\"d-flex offset-menu-1 col-menu-8 col-12 teammemberslider\"><div class=\"col-menu-4 col-12 single-team-member px-0\">            <a href=\"https:\/\/www.atreus.de\/fr\/equipe\/dr-simon-mehler\/\">\n              <div class=\" image-container g-0\">\n                <div class=\"img-with-gradient\">\n\n                  <img decoding=\"async\" loading=\"lazy\" width=\"400\" height=\"500\" alt=\"atreus_\" src=\"https:\/\/www.atreus.de\/wp-content\/uploads\/2023\/07\/meh-si-dr-v3-1.png\" srcset=\"https:\/\/www.atreus.de\/wp-content\/uploads\/2023\/07\/meh-si-dr-v3-1.png 555w, https:\/\/www.atreus.de\/wp-content\/uploads\/2023\/07\/meh-si-dr-v3-1-480x600.png 480w\" sizes=\"auto, (max-width: 1024px) 100vw, 1024px\" style=\"aspect-ratio:555\/694 !important\" title=\"atreus_\">                  <div class=\"linear-gradient-container\"><\/div>\n                <\/div>\n            <\/a>\n            <div class=\"team-member-content\"><div class=\"team-member-name fulltext\"><a href=\"https:\/\/www.atreus.de\/fr\/equipe\/dr-simon-mehler\/\"><span>Dr. Simon Mehler<\/span><\/a><\/div><div class=\"team-member-description fulltext\"><a href=\"https:\/\/www.atreus.de\/fr\/equipe\/dr-simon-mehler\/\"><span>Partenaire\r\n<\/span><\/a><\/div><div class=\"team-member-phone\"><a href=\"tel:+49 89 452249-245\"><span>+49 89 452249-245<\/span><\/a><\/div><div class=\"team-member-icon-container\"><div class=\"team-member-email\"><a class=\"atreus-font\" href=\"mailto:Simon.Mehler@atreus.de\">h<\/a><\/div><div class=\"team-member-linkedin\"><a class=\"atreus-font\" target=\"_blank\" href=\"https:\/\/www.linkedin.com\/in\/simonmehler\/\" rel=\"noopener\">3<\/a><\/div><\/div><\/div>      <\/div>\n\n  <\/div><div class=\"col-menu-4 col-12 single-team-member px-0\">            <a href=\"https:\/\/www.atreus.de\/fr\/equipe\/stephan-haimerl\/\">\n              <div class=\" image-container g-0\">\n                <div class=\"img-with-gradient\">\n\n                  <img decoding=\"async\" loading=\"lazy\" width=\"400\" height=\"500\" alt=\"atreus_\" src=\"https:\/\/www.atreus.de\/wp-content\/uploads\/2023\/07\/hai-st-v2.png\" srcset=\"https:\/\/www.atreus.de\/wp-content\/uploads\/2023\/07\/hai-st-v2.png 555w, https:\/\/www.atreus.de\/wp-content\/uploads\/2023\/07\/hai-st-v2-480x600.png 480w\" sizes=\"auto, (max-width: 1024px) 100vw, 1024px\" style=\"aspect-ratio:555\/694 !important\" title=\"atreus_\">                  <div class=\"linear-gradient-container\"><\/div>\n                <\/div>\n            <\/a>\n            <div class=\"team-member-content\"><div class=\"team-member-name fulltext\"><a href=\"https:\/\/www.atreus.de\/fr\/equipe\/stephan-haimerl\/\"><span>Stephan  Haimerl<\/span><\/a><\/div><div class=\"team-member-description fulltext\"><a href=\"https:\/\/www.atreus.de\/fr\/equipe\/stephan-haimerl\/\"><span>Partenaire et responsable du Solution Group Construction de machines et d\u2019installations<\/span><\/a><\/div><div class=\"team-member-phone\"><a href=\"tel:+49 89 452249-170\"><span>+49 89 452249-170<\/span><\/a><\/div><div class=\"team-member-icon-container\"><div class=\"team-member-email\"><a class=\"atreus-font\" href=\"mailto:Stephan.Haimerl@atreus.de\">h<\/a><\/div><div class=\"team-member-linkedin\"><a class=\"atreus-font\" target=\"_blank\" href=\"https:\/\/de.linkedin.com\/in\/stephan-haimerl-9b17619\" rel=\"noopener\">3<\/a><\/div><\/div><\/div>      <\/div>\n\n  <\/div><\/div>    <\/div>\n    <\/div>\n\n<\/div><\/div><div id=\"zw-e5843af3-7a6c-454c-81c3-dc5c304f288b-1\" class=\"single-akkordion-item collapsed\" type=\"button\"\n          data-bs-toggle=\"collapse\" data-bs-target=\"#zw-e5843af3-7a6c-454c-81c3-dc5c304f288b\" aria-expanded=\"false\" aria-controls=\"collapsetwo\"><div class=\"faq-headline-container d-flex no-icon \"><h3 class=\" zw-cgb subheadline faq\"><strong>Service Productivity Manager<\/strong> pour initier et mettre en \u0153uvre des optimisations dans les activit\u00e9s de service<\/h3><span class=\"atreus-font pfeil-hoch\">d<\/span><span class=\"atreus-font pfeil-runter\">c<\/span><\/div><\/div><div id=\"zw-e5843af3-7a6c-454c-81c3-dc5c304f288b\" class=\"collapse single-akkordion-item mt-0\" data-bs-parent=\"#parent26330\"><div class=\"zw-cgb row akkordionInnerWrapper \"><div  class=\"zw-cgb row  columnmaster020 default-margin \"><div class=\"columnmaster-inner-content g-0\">    <div  class=\"zw-cgb no-image-layout columnblock white-color no-icon   \">\n      <div class=\"zw-cgb zw-cgb-content\">\n\n        <div class=\"column-content\"><div class=\"inner-content\"><h2 class=\" zw-cgb headline h4\">Votre d\u00e9fi<\/h2><p class=\" zw-cgb fulltext \">En tant qu\u2019entreprise de construction de machines ou d\u2019installations, vous souhaitez mettre en \u0153uvre une strat\u00e9gie de service progressive \u2014 incluant la digitalisation et la servitisation \u2014 et augmenter ainsi de mani\u00e8re significative la productivit\u00e9 de votre service.<\/p><\/div><\/div>      <\/div>\n    <\/div>\n    <div  class=\"zw-cgb no-image-layout columnblock white-color no-icon   \">\n      <div class=\"zw-cgb zw-cgb-content\">\n\n        <div class=\"column-content\"><div class=\"inner-content\"><h2 class=\" zw-cgb headline h4\">Notre mission<\/h2><p class=\" zw-cgb fulltext \">Nous renfor\u00e7ons votre \u00e9quipe avec la ressource ad\u00e9quate qui vous accompagne dans le d\u00e9veloppement et la r\u00e9orientation des processus et structures de service.<\/p><\/div><\/div>      <\/div>\n    <\/div>\n    <div  class=\"zw-cgb no-image-layout columnblock white-color no-icon   \">\n      <div class=\"zw-cgb zw-cgb-content\">\n\n        <div class=\"column-content\"><div class=\"inner-content\"><h2 class=\" zw-cgb headline h4\">Votre solution<\/h2><p class=\" zw-cgb fulltext \">Un expert en service Atreus avec une exp\u00e9rience dans la construction de machines ou d\u2019installations est responsable de la g\u00e9n\u00e9ration de volumes de service suppl\u00e9mentaires. Il aide \u00e0 restructurer et \u00e0 transf\u00e9rer les parties de l\u2019organisation li\u00e9es au service dans une unit\u00e9 autonome (par exemple un centre de profit).<\/p><\/div><\/div>      <\/div>\n    <\/div>\n<\/div><\/div>    <div  class=\"zw-cgb  akkordion team-member black-color default-margin \">\n      <div class=\"zw-cgb-content d-flex member-row g-0\">\n        <div class=\"col-12 col-menu-3 px-0\"><h2 class=\" zw-cgb headline h3\">Vous avez des questions&nbsp;?<\/h2><p class=\" zw-cgb fulltext \">Nos experts se feront un plaisir de r\u00e9pondre \u00e0 vos questions.<\/p><\/div><div class=\"d-flex offset-menu-1 col-menu-8 col-12 teammemberslider\"><div class=\"col-menu-4 col-12 single-team-member px-0\">            <a href=\"https:\/\/www.atreus.de\/fr\/equipe\/dr-simon-mehler\/\">\n              <div class=\" image-container g-0\">\n                <div class=\"img-with-gradient\">\n\n                  <img decoding=\"async\" loading=\"lazy\" width=\"400\" height=\"500\" alt=\"atreus_\" src=\"https:\/\/www.atreus.de\/wp-content\/uploads\/2023\/07\/meh-si-dr-v3-1.png\" srcset=\"https:\/\/www.atreus.de\/wp-content\/uploads\/2023\/07\/meh-si-dr-v3-1.png 555w, https:\/\/www.atreus.de\/wp-content\/uploads\/2023\/07\/meh-si-dr-v3-1-480x600.png 480w\" sizes=\"auto, (max-width: 1024px) 100vw, 1024px\" style=\"aspect-ratio:555\/694 !important\" title=\"atreus_\">                  <div class=\"linear-gradient-container\"><\/div>\n                <\/div>\n            <\/a>\n            <div class=\"team-member-content\"><div class=\"team-member-name fulltext\"><a href=\"https:\/\/www.atreus.de\/fr\/equipe\/dr-simon-mehler\/\"><span>Dr. Simon Mehler<\/span><\/a><\/div><div class=\"team-member-description fulltext\"><a href=\"https:\/\/www.atreus.de\/fr\/equipe\/dr-simon-mehler\/\"><span>Partenaire\r\n<\/span><\/a><\/div><div class=\"team-member-phone\"><a href=\"tel:+49 89 452249-245\"><span>+49 89 452249-245<\/span><\/a><\/div><div class=\"team-member-icon-container\"><div class=\"team-member-email\"><a class=\"atreus-font\" href=\"mailto:Simon.Mehler@atreus.de\">h<\/a><\/div><div class=\"team-member-linkedin\"><a class=\"atreus-font\" target=\"_blank\" href=\"https:\/\/www.linkedin.com\/in\/simonmehler\/\" rel=\"noopener\">3<\/a><\/div><\/div><\/div>      <\/div>\n\n  <\/div><div class=\"col-menu-4 col-12 single-team-member px-0\">            <a href=\"https:\/\/www.atreus.de\/fr\/equipe\/stephan-haimerl\/\">\n              <div class=\" image-container g-0\">\n                <div class=\"img-with-gradient\">\n\n                  <img decoding=\"async\" loading=\"lazy\" width=\"400\" height=\"500\" alt=\"atreus_\" src=\"https:\/\/www.atreus.de\/wp-content\/uploads\/2023\/07\/hai-st-v2.png\" srcset=\"https:\/\/www.atreus.de\/wp-content\/uploads\/2023\/07\/hai-st-v2.png 555w, https:\/\/www.atreus.de\/wp-content\/uploads\/2023\/07\/hai-st-v2-480x600.png 480w\" sizes=\"auto, (max-width: 1024px) 100vw, 1024px\" style=\"aspect-ratio:555\/694 !important\" title=\"atreus_\">                  <div class=\"linear-gradient-container\"><\/div>\n                <\/div>\n            <\/a>\n            <div class=\"team-member-content\"><div class=\"team-member-name fulltext\"><a href=\"https:\/\/www.atreus.de\/fr\/equipe\/stephan-haimerl\/\"><span>Stephan  Haimerl<\/span><\/a><\/div><div class=\"team-member-description fulltext\"><a href=\"https:\/\/www.atreus.de\/fr\/equipe\/stephan-haimerl\/\"><span>Partenaire et responsable du Solution Group Construction de machines et d\u2019installations<\/span><\/a><\/div><div class=\"team-member-phone\"><a href=\"tel:+49 89 452249-170\"><span>+49 89 452249-170<\/span><\/a><\/div><div class=\"team-member-icon-container\"><div class=\"team-member-email\"><a class=\"atreus-font\" href=\"mailto:Stephan.Haimerl@atreus.de\">h<\/a><\/div><div class=\"team-member-linkedin\"><a class=\"atreus-font\" target=\"_blank\" href=\"https:\/\/de.linkedin.com\/in\/stephan-haimerl-9b17619\" rel=\"noopener\">3<\/a><\/div><\/div><\/div>      <\/div>\n\n  <\/div><div class=\"col-menu-4 col-12 single-team-member px-0\">            <a href=\"https:\/\/www.atreus.de\/fr\/equipe\/dr-christian-frank\/\">\n              <div class=\" image-container g-0\">\n                <div class=\"img-with-gradient\">\n\n                  <img decoding=\"async\" loading=\"lazy\" width=\"400\" height=\"500\" alt=\"atreus_\" src=\"https:\/\/www.atreus.de\/wp-content\/uploads\/2023\/07\/fra-ch-dr-v2.png\" srcset=\"https:\/\/www.atreus.de\/wp-content\/uploads\/2023\/07\/fra-ch-dr-v2.png 555w, https:\/\/www.atreus.de\/wp-content\/uploads\/2023\/07\/fra-ch-dr-v2-480x600.png 480w\" sizes=\"auto, (max-width: 1024px) 100vw, 1024px\" style=\"aspect-ratio:555\/694 !important\" title=\"atreus_\">                  <div class=\"linear-gradient-container\"><\/div>\n                <\/div>\n            <\/a>\n            <div class=\"team-member-content\"><div class=\"team-member-name fulltext\"><a href=\"https:\/\/www.atreus.de\/fr\/equipe\/dr-christian-frank\/\"><span>Dr. Christian  Frank<\/span><\/a><\/div><div class=\"team-member-description fulltext\"><a href=\"https:\/\/www.atreus.de\/fr\/equipe\/dr-christian-frank\/\"><span>Directeur g\u00e9n\u00e9ral<\/span><\/a><\/div><div class=\"team-member-phone\"><a href=\"tel:+49 89 452249-180\"><span>+49 89 452249-180<\/span><\/a><\/div><div class=\"team-member-icon-container\"><div class=\"team-member-email\"><a class=\"atreus-font\" href=\"mailto:Christian.Frank@atreus.de\">h<\/a><\/div><div class=\"team-member-linkedin\"><a class=\"atreus-font\" target=\"_blank\" href=\"https:\/\/www.linkedin.com\/in\/drchristianfrank\/\" rel=\"noopener\">3<\/a><\/div><\/div><\/div>      <\/div>\n\n  <\/div><\/div>    <\/div>\n    <\/div>\n\n<\/div><\/div><div id=\"zw-65f6109d-10af-41a7-afdc-e5a468d1a361-1\" class=\"single-akkordion-item collapsed\" type=\"button\"\n          data-bs-toggle=\"collapse\" data-bs-target=\"#zw-65f6109d-10af-41a7-afdc-e5a468d1a361\" aria-expanded=\"false\" aria-controls=\"collapsetwo\"><div class=\"faq-headline-container d-flex no-icon \"><h3 class=\" zw-cgb subheadline faq\"><strong>Service Manager<\/strong> pour g\u00e9rer l\u2019organisation des services en tant que centre de profit<\/h3><span class=\"atreus-font pfeil-hoch\">d<\/span><span class=\"atreus-font pfeil-runter\">c<\/span><\/div><\/div><div id=\"zw-65f6109d-10af-41a7-afdc-e5a468d1a361\" class=\"collapse single-akkordion-item mt-0\" data-bs-parent=\"#parent26330\"><div class=\"zw-cgb row akkordionInnerWrapper \"><div  class=\"zw-cgb row  columnmaster020 default-margin \"><div class=\"columnmaster-inner-content g-0\">    <div  class=\"zw-cgb no-image-layout columnblock white-color no-icon   \">\n      <div class=\"zw-cgb zw-cgb-content\">\n\n        <div class=\"column-content\"><div class=\"inner-content\"><h2 class=\" zw-cgb headline h4\">Votre d\u00e9fi<\/h2><p class=\" zw-cgb fulltext \">En tant que constructeur de machines ou d\u2019installations, vous souhaitez am\u00e9liorer consid\u00e9rablement vos r\u00e9sultats en mati\u00e8re de service. Pour ce faire, vous avez besoin d\u2019une orientation plus active de votre organisation de service ainsi que de concepts de service pertinents pour le march\u00e9 afin de convaincre vos clients.<\/p><\/div><\/div>      <\/div>\n    <\/div>\n    <div  class=\"zw-cgb no-image-layout columnblock white-color no-icon   \">\n      <div class=\"zw-cgb zw-cgb-content\">\n\n        <div class=\"column-content\"><div class=\"inner-content\"><h2 class=\" zw-cgb headline h4\">Notre mission<\/h2><p class=\" zw-cgb fulltext \">Nous renfor\u00e7ons votre \u00e9quipe avec la ressource parfaite pour red\u00e9finir votre strat\u00e9gie et votre organisation de service \u2014 notamment pour professionnaliser votre activit\u00e9 de pi\u00e8ces de rechange.<\/p><\/div><\/div>      <\/div>\n    <\/div>\n    <div  class=\"zw-cgb no-image-layout columnblock white-color no-icon   \">\n      <div class=\"zw-cgb zw-cgb-content\">\n\n        <div class=\"column-content\"><div class=\"inner-content\"><h2 class=\" zw-cgb headline h4\">Votre solution<\/h2><p class=\" zw-cgb fulltext \">Un Service Manager approuv\u00e9 par Atreus avec Track Record dans la construction de machines ou d\u2019installations est responsable de la r\u00e9orientation de l\u2019organisation du service dans les domaines Pre Sales, Systems, Product Management et Service Sales. Il contribue ainsi \u00e0 une augmentation significative des r\u00e9sultats du service op\u00e9rationnel. Les impulsions ext\u00e9rieures contribuent \u00e0 am\u00e9liorer davantage la perception de soi et l\u2019importance de l\u2019activit\u00e9 de service en tant que source essentielle de chiffre d\u2019affaires.<\/p><\/div><\/div>      <\/div>\n    <\/div>\n<\/div><\/div>    <div  class=\"zw-cgb  akkordion team-member black-color default-margin \">\n      <div class=\"zw-cgb-content d-flex member-row g-0\">\n        <div class=\"col-12 col-menu-3 px-0\"><h2 class=\" zw-cgb headline h3\">Vous avez des questions&nbsp;?<\/h2><p class=\" zw-cgb fulltext \">Nos experts se feront un plaisir de r\u00e9pondre \u00e0 vos questions.<\/p><\/div><div class=\"d-flex offset-menu-1 col-menu-8 col-12 teammemberslider\"><div class=\"col-menu-4 col-12 single-team-member px-0\">            <a href=\"https:\/\/www.atreus.de\/fr\/equipe\/martin-schulz\/\">\n              <div class=\" image-container g-0\">\n                <div class=\"img-with-gradient\">\n\n                  <img decoding=\"async\" loading=\"lazy\" width=\"400\" height=\"500\" alt=\"atreus_\" src=\"https:\/\/www.atreus.de\/wp-content\/uploads\/2023\/07\/sch-ma-v6.png\" srcset=\"https:\/\/www.atreus.de\/wp-content\/uploads\/2023\/07\/sch-ma-v6.png 555w, https:\/\/www.atreus.de\/wp-content\/uploads\/2023\/07\/sch-ma-v6-480x600.png 480w\" sizes=\"auto, (max-width: 1024px) 100vw, 1024px\" style=\"aspect-ratio:555\/694 !important\" title=\"atreus_\">                  <div class=\"linear-gradient-container\"><\/div>\n                <\/div>\n            <\/a>\n            <div class=\"team-member-content\"><div class=\"team-member-name fulltext\"><a href=\"https:\/\/www.atreus.de\/fr\/equipe\/martin-schulz\/\"><span>Martin  Schulz<\/span><\/a><\/div><div class=\"team-member-description fulltext\"><a href=\"https:\/\/www.atreus.de\/fr\/equipe\/martin-schulz\/\"><span>Partenaire et responsable du Solution Group \u00e9nergie et environnement\r\n<\/span><\/a><\/div><div class=\"team-member-phone\"><a href=\"tel:+49 89 452249-115\"><span>+49 89 452249-115<\/span><\/a><\/div><div class=\"team-member-icon-container\"><div class=\"team-member-email\"><a class=\"atreus-font\" href=\"mailto:Martin.Schulz@atreus.de\">h<\/a><\/div><div class=\"team-member-linkedin\"><a class=\"atreus-font\" target=\"_blank\" href=\"https:\/\/www.linkedin.com\/in\/martinschulz2\/\" rel=\"noopener\">3<\/a><\/div><\/div><\/div>      <\/div>\n\n  <\/div><div class=\"col-menu-4 col-12 single-team-member px-0\">            <a href=\"https:\/\/www.atreus.de\/fr\/equipe\/dr-christian-frank\/\">\n              <div class=\" image-container g-0\">\n                <div class=\"img-with-gradient\">\n\n                  <img decoding=\"async\" loading=\"lazy\" width=\"400\" height=\"500\" alt=\"atreus_\" src=\"https:\/\/www.atreus.de\/wp-content\/uploads\/2023\/07\/fra-ch-dr-v2.png\" srcset=\"https:\/\/www.atreus.de\/wp-content\/uploads\/2023\/07\/fra-ch-dr-v2.png 555w, https:\/\/www.atreus.de\/wp-content\/uploads\/2023\/07\/fra-ch-dr-v2-480x600.png 480w\" sizes=\"auto, (max-width: 1024px) 100vw, 1024px\" style=\"aspect-ratio:555\/694 !important\" title=\"atreus_\">                  <div class=\"linear-gradient-container\"><\/div>\n                <\/div>\n            <\/a>\n            <div class=\"team-member-content\"><div class=\"team-member-name fulltext\"><a href=\"https:\/\/www.atreus.de\/fr\/equipe\/dr-christian-frank\/\"><span>Dr. Christian  Frank<\/span><\/a><\/div><div class=\"team-member-description fulltext\"><a href=\"https:\/\/www.atreus.de\/fr\/equipe\/dr-christian-frank\/\"><span>Directeur g\u00e9n\u00e9ral<\/span><\/a><\/div><div class=\"team-member-phone\"><a href=\"tel:+49 89 452249-180\"><span>+49 89 452249-180<\/span><\/a><\/div><div class=\"team-member-icon-container\"><div class=\"team-member-email\"><a class=\"atreus-font\" href=\"mailto:Christian.Frank@atreus.de\">h<\/a><\/div><div class=\"team-member-linkedin\"><a class=\"atreus-font\" target=\"_blank\" href=\"https:\/\/www.linkedin.com\/in\/drchristianfrank\/\" rel=\"noopener\">3<\/a><\/div><\/div><\/div>      <\/div>\n\n  <\/div><\/div>    <\/div>\n    <\/div>\n\n<\/div><\/div><div id=\"zw-86a108fc-4124-4e08-a05c-d09e48d1d45a-1\" class=\"single-akkordion-item collapsed\" type=\"button\"\n          data-bs-toggle=\"collapse\" data-bs-target=\"#zw-86a108fc-4124-4e08-a05c-d09e48d1d45a\" aria-expanded=\"false\" aria-controls=\"collapsetwo\"><div class=\"faq-headline-container d-flex no-icon \"><h3 class=\" zw-cgb subheadline faq\"><strong>Gestionnaire de programme pour la mise en \u0153uvre de la d\u00e9localisation de la production<\/strong><\/h3><span class=\"atreus-font pfeil-hoch\">d<\/span><span class=\"atreus-font pfeil-runter\">c<\/span><\/div><\/div><div id=\"zw-86a108fc-4124-4e08-a05c-d09e48d1d45a\" class=\"collapse single-akkordion-item mt-0\" data-bs-parent=\"#parent26330\"><div class=\"zw-cgb row akkordionInnerWrapper \"><div  class=\"zw-cgb row  columnmaster020 default-margin \"><div class=\"columnmaster-inner-content g-0\">    <div  class=\"zw-cgb no-image-layout columnblock white-color no-icon   \">\n      <div class=\"zw-cgb zw-cgb-content\">\n\n        <div class=\"column-content\"><div class=\"inner-content\"><h2 class=\" zw-cgb headline h4\">Votre d\u00e9fi<\/h2><p class=\" zw-cgb fulltext \">Dans le cadre de votre transfert de production, la collaboration entre le site de production d\u2019accueil et le site de production de d\u00e9part est insuffisante. La capacit\u00e9 de livraison n\u2019est pas garantie pendant la d\u00e9localisation, le d\u00e9veloppement du savoir-faire ainsi que le transfert des connaissances vers le nouveau site font face \u00e0 des lenteurs. Les n\u00e9gociations sur l\u2019\u00e9quilibre des int\u00e9r\u00eats avec le conseil d\u2019entreprise et les syndicats s\u2019av\u00e8rent difficiles et coriaces.<\/p><\/div><\/div>      <\/div>\n    <\/div>\n    <div  class=\"zw-cgb no-image-layout columnblock white-color no-icon   \">\n      <div class=\"zw-cgb zw-cgb-content\">\n\n        <div class=\"column-content\"><div class=\"inner-content\"><h2 class=\" zw-cgb headline h4\">Notre mission<\/h2><p class=\" zw-cgb fulltext \">Nous renfor\u00e7ons votre \u00e9quipe avec la ressource parfaite pour la planification et la gestion du processus de d\u00e9localisation, y compris la cr\u00e9ation d\u2019un stock de s\u00e9curit\u00e9 de produits. Elle d\u00e9fend une position neutre lors des n\u00e9gociations, d\u00e9veloppe des plans de formation pour les employ\u00e9s du nouveau site, optimise les sources existantes et identifie de nouvelles sources de sourcing pour le site d\u2019accueil.<\/p><\/div><\/div>      <\/div>\n    <\/div>\n    <div  class=\"zw-cgb no-image-layout columnblock white-color no-icon   \">\n      <div class=\"zw-cgb zw-cgb-content\">\n\n        <div class=\"column-content\"><div class=\"inner-content\"><h2 class=\" zw-cgb headline h4\">Votre solution<\/h2><p class=\" zw-cgb fulltext \">La gestionnaire de programme approuv\u00e9 par Atreus, qui dispose d\u2019une solide exp\u00e9rience dans la construction de machines ou d\u2019installations, assure un transfert de production sans interruption de livraison. Il proc\u00e8de \u00e0 la liquidation du site c\u00e9dant et permet d\u2019optimiser le flux de valeur sur le nouveau site, n\u00e9gocie un \u00e9quilibre des int\u00e9r\u00eats et cr\u00e9e des soci\u00e9t\u00e9s de transfert. Il garantit que la cha\u00eene d\u2019approvisionnement est enti\u00e8rement adapt\u00e9e au nouveau site, assure le transfert de savoir-faire et garantit une r\u00e9utilisation optimale du parc de machines et d\u2019installations.<\/p><\/div><\/div>      <\/div>\n    <\/div>\n<\/div><\/div>    <div  class=\"zw-cgb  akkordion team-member black-color default-margin \">\n      <div class=\"zw-cgb-content d-flex member-row g-0\">\n        <div class=\"col-12 col-menu-3 px-0\"><h2 class=\" zw-cgb headline h3\">Vous avez des questions&nbsp;?<\/h2><p class=\" zw-cgb fulltext \">Nos experts se feront un plaisir de r\u00e9pondre \u00e0 vos questions.<\/p><\/div><div class=\"d-flex offset-menu-1 col-menu-8 col-12 teammemberslider\"><div class=\"col-menu-4 col-12 single-team-member px-0\">            <a href=\"https:\/\/www.atreus.de\/fr\/equipe\/dr-simon-mehler\/\">\n              <div class=\" image-container g-0\">\n                <div class=\"img-with-gradient\">\n\n                  <img decoding=\"async\" loading=\"lazy\" width=\"400\" height=\"500\" alt=\"atreus_\" src=\"https:\/\/www.atreus.de\/wp-content\/uploads\/2023\/07\/meh-si-dr-v3-1.png\" srcset=\"https:\/\/www.atreus.de\/wp-content\/uploads\/2023\/07\/meh-si-dr-v3-1.png 555w, https:\/\/www.atreus.de\/wp-content\/uploads\/2023\/07\/meh-si-dr-v3-1-480x600.png 480w\" sizes=\"auto, (max-width: 1024px) 100vw, 1024px\" style=\"aspect-ratio:555\/694 !important\" title=\"atreus_\">                  <div class=\"linear-gradient-container\"><\/div>\n                <\/div>\n            <\/a>\n            <div class=\"team-member-content\"><div class=\"team-member-name fulltext\"><a href=\"https:\/\/www.atreus.de\/fr\/equipe\/dr-simon-mehler\/\"><span>Dr. Simon Mehler<\/span><\/a><\/div><div class=\"team-member-description fulltext\"><a href=\"https:\/\/www.atreus.de\/fr\/equipe\/dr-simon-mehler\/\"><span>Partenaire\r\n<\/span><\/a><\/div><div class=\"team-member-phone\"><a href=\"tel:+49 89 452249-245\"><span>+49 89 452249-245<\/span><\/a><\/div><div class=\"team-member-icon-container\"><div class=\"team-member-email\"><a class=\"atreus-font\" href=\"mailto:Simon.Mehler@atreus.de\">h<\/a><\/div><div class=\"team-member-linkedin\"><a class=\"atreus-font\" target=\"_blank\" href=\"https:\/\/www.linkedin.com\/in\/simonmehler\/\" rel=\"noopener\">3<\/a><\/div><\/div><\/div>      <\/div>\n\n  <\/div><div class=\"col-menu-4 col-12 single-team-member px-0\">            <a href=\"https:\/\/www.atreus.de\/fr\/equipe\/stephan-haimerl\/\">\n              <div class=\" image-container g-0\">\n                <div class=\"img-with-gradient\">\n\n                  <img decoding=\"async\" loading=\"lazy\" width=\"400\" height=\"500\" alt=\"atreus_\" src=\"https:\/\/www.atreus.de\/wp-content\/uploads\/2023\/07\/hai-st-v2.png\" srcset=\"https:\/\/www.atreus.de\/wp-content\/uploads\/2023\/07\/hai-st-v2.png 555w, https:\/\/www.atreus.de\/wp-content\/uploads\/2023\/07\/hai-st-v2-480x600.png 480w\" sizes=\"auto, (max-width: 1024px) 100vw, 1024px\" style=\"aspect-ratio:555\/694 !important\" title=\"atreus_\">                  <div class=\"linear-gradient-container\"><\/div>\n                <\/div>\n            <\/a>\n            <div class=\"team-member-content\"><div class=\"team-member-name fulltext\"><a href=\"https:\/\/www.atreus.de\/fr\/equipe\/stephan-haimerl\/\"><span>Stephan  Haimerl<\/span><\/a><\/div><div class=\"team-member-description fulltext\"><a href=\"https:\/\/www.atreus.de\/fr\/equipe\/stephan-haimerl\/\"><span>Partenaire et responsable du Solution Group Construction de machines et d\u2019installations<\/span><\/a><\/div><div class=\"team-member-phone\"><a href=\"tel:+49 89 452249-170\"><span>+49 89 452249-170<\/span><\/a><\/div><div class=\"team-member-icon-container\"><div class=\"team-member-email\"><a class=\"atreus-font\" href=\"mailto:Stephan.Haimerl@atreus.de\">h<\/a><\/div><div class=\"team-member-linkedin\"><a class=\"atreus-font\" target=\"_blank\" href=\"https:\/\/de.linkedin.com\/in\/stephan-haimerl-9b17619\" rel=\"noopener\">3<\/a><\/div><\/div><\/div>      <\/div>\n\n  <\/div><\/div>    <\/div>\n    <\/div>\n\n<\/div><\/div><\/div><\/div><\/div>\n\n\n<div style=\"height:100px\" aria-hidden=\"true\" class=\"wp-block-spacer\"><\/div>\n\n\n\n    <div  class=\"zw-cgb  latestPosts default-margin \">\n      <div class=\"row zw-cgb-content\">\n        \n      <div  class=\"zw-cgb latestPostsContent px-0 col-12 col-md-6 col-menu-4 publication   show-featured-image \">\n\n\n        <div class=\"image-container single-featured\"><a href=\"https:\/\/www.atreus.de\/fr\/publication\/etude-de-cas\/responsable-du-developpement-et-chef-de-projet-pour-le-lancement-du-produit\/\"><span class=\"copyright-image\"><\/span><img decoding=\"async\" loading=\"lazy\" alt=\"atreus_\" src=\"https:\/\/www.atreus.de\/wp-content\/uploads\/2024\/02\/teaser-img-fuer-2-und-3-spalter-05-480x361-1.webp\" style=\"aspect-ratio:480\/361 !important\" title=\"atreus_\"><\/a><\/div><div class=\"image-container double-featured\"><a href=\"https:\/\/www.atreus.de\/fr\/publication\/etude-de-cas\/responsable-du-developpement-et-chef-de-projet-pour-le-lancement-du-produit\/\"><span class=\"copyright-image\"><\/span><img decoding=\"async\" loading=\"lazy\" alt=\"atreus_\" src=\"https:\/\/www.atreus.de\/wp-content\/uploads\/2022\/03\/teaser-img-60zu30-05.jpg\" srcset=\"https:\/\/www.atreus.de\/wp-content\/uploads\/2022\/03\/teaser-img-60zu30-05.jpg 1098w, https:\/\/www.atreus.de\/wp-content\/uploads\/2022\/03\/teaser-img-60zu30-05-768x288.jpg 768w, https:\/\/www.atreus.de\/wp-content\/uploads\/2022\/03\/teaser-img-60zu30-05-1024x384.jpg 1024w, https:\/\/www.atreus.de\/wp-content\/uploads\/2022\/03\/teaser-img-60zu30-05-480x180.jpg 480w\" sizes=\"(max-width: 1024px) 100vw, 1024px\" style=\"aspect-ratio:1098\/412 !important\" title=\"atreus_\"><\/a><\/div>        <div class=\"content-container has-excerpt posttype-publication blue-900 white-color\">\n          <div class=\"preheadline-container parent-has-padding\"><p class=\"zw-cgb preheadline\">\u00c9tude de cas<\/p><\/div><a href=\"https:\/\/www.atreus.de\/fr\/publication\/etude-de-cas\/responsable-du-developpement-et-chef-de-projet-pour-le-lancement-du-produit\/\"><h2 class=\" zw-cgb headline\">Responsable du d\u00e9veloppement et chef de projet pour le lancement du produit<\/h2><\/a><p class=\" zw-cgb fulltext\">Un directeur des nouvelles technologies d\u2019Atreus et responsable de la gestion de projet se rend chez un fabricant de machines textiles pour assumer la responsabilit\u00e9 d\u2019une R&#038;D transversale et d\u2019un lancement de produit \u00e0 venir. La m\u00e9diation et la rationalisation de l\u2019organisation permettent d\u2019atteindre &#8230;<\/p><div class=\"zw-cgb zw-cgb-button-container \"><a href=\"https:\/\/www.atreus.de\/fr\/publication\/etude-de-cas\/responsable-du-developpement-et-chef-de-projet-pour-le-lancement-du-produit\/\" class=\"zw-cgb btn btn-primary \">Lire la suite<\/a><\/div>        <\/div>\n            <\/div>\n      \n        <\/div>\n    <\/div>\n\n\n\n\n    <div  class=\"zw-cgb  textblock black-color zw-content-pos-center  default-margin \">\n      <div class=\"row\">\n        <div class=\"zw-cgb-content col-12 g-0\">\n          <h2 class=\"zw-cgb headline \">Th\u00e8mes de la branche<\/h2><div class=\"zw-cgb unspecified\"><div  class=\"zw-cgb row  columnmaster025 default-margin \"><div class=\"columnmaster-inner-content\">    <div  class=\"zw-cgb no-image-layout columnblock25 black-color no-icon \">\n      <div class=\"zw-cgb zw-cgb-content\">\n\n        <div class=\"column-content text-center\"><div class=\"inner-content\"><ul class=\"zw-cgb-ul fulltext \"><li class=\"\">R\u00e9silience<\/li><li class=\"\">S\u00e9curit\u00e9 de l\u2019approvisionnement<\/li><li class=\"\">Digitalisation vers l\u2019int\u00e9rieur et l\u2019ext\u00e9rieur<\/li><li class=\"\">D\u00e9veloppement durable<\/li><li class=\"\">TCO<\/li><li class=\"\">Gaspillage de ressources<\/li><li class=\"\">E2E\/SCM\/Probl\u00e9matique de la cha\u00eene d\u2019approvisionnement<\/li><\/ul><\/div><\/div>      <\/div>\n    <\/div>\n    <div  class=\"zw-cgb no-image-layout columnblock25 black-color no-icon \">\n      <div class=\"zw-cgb zw-cgb-content\">\n\n        <div class=\"column-content text-center\"><div class=\"inner-content\"><ul class=\"zw-cgb-ul fulltext \"><li class=\"\">Analyse assist\u00e9e par ordinateur de l\u2019ensemble des processus<\/li><li class=\"\">Penser en termes de processus dans l\u2019ensemble de l\u2019organisation<\/li><li class=\"\">D\u00e9finir et d\u00e9velopper le service sur des activit\u00e9s compl\u00e9mentaires g\u00e9n\u00e9ratrices de marges<\/li><li class=\"\">Mod\u00e8les op\u00e9rationnels intelligents<\/li><li class=\"\">Les projets de d\u00e9veloppement devraient prendre beaucoup d\u2019importance<\/li><li class=\"\">Les parcs de machines doivent \u00eatre compatibles avec le d\u00e9veloppement durable<\/li><li class=\"\">D\u00e9centralisation<\/li><\/ul><\/div><\/div>      <\/div>\n    <\/div>\n<\/div><\/div><\/div>        <\/div>\n      <\/div>\n    <\/div>\n\n\n\n\n\n<div  class=\"zw-cgb  sidebarblock default-margin \">\r\n      <div class=\"row\">\r\n        \r\n\t\t<div class=\"zw-cgb global-widget right  black-color  no-margin\">\r\n\t\t\t\t\t\t\t<div class=\"bg-img-container\">\r\n\t\t\t\t\t<img decoding=\"async\" loading=\"lazy\" width=\"1270\" height=\"714\" src=\"https:\/\/www.atreus.de\/wp-content\/uploads\/2026\/04\/heidrick-HC-BB-DE.jpg\" style=\"aspect-ratio:1270\/714 !important\" alt=\"atreus_\" title=\"atreus_\">\t\t\t\t<\/div>\r\n\t\t\t\t\t\t<div class=\"inner-container bg-white\">\r\n\t\t\t\t      <div class=\"headlinetwo-container\">\r\n\t\t<p class=\"zw-cgb headline two\">ATREUS \u2013 UNE EXCELLENCE R\u00c9COMPENS\u00c9E<\/p>\r\n\t  <\/div> \t\t\t\t<div class=\"widget-content fulltext\">\r\n\r\n\t\t\t\t\t\t<p>En mati\u00e8re de management de transition, Atreus est aujourd\u2019hui le num\u00e9ro 1 incontest\u00e9. Nous devons cette position de chef de file \u00e0 la confiance de nos clients, qui confirment en permanence notre qualit\u00e9 et notre capacit\u00e9 de mise en \u0153uvre en nous attribuant les meilleures notes.<\/p>\n<p>&nbsp;<\/p>\n<p>Atreus a \u00e9t\u00e9 r\u00e9compens\u00e9 \u00e0 plusieurs reprises, notamment comme \u00ab Meilleur conseiller \u00bb, \u00ab Top Consultant \u00bb, \u00ab Meilleur consultant en entreprise Focus \u00bb, \u00ab Champion cach\u00e9 \u00bb ou \u00ab Meilleur cabinet de conseil Handelsblatt \u00bb. Nous sommes dot\u00e9s d\u2019un large \u00e9ventail d\u2019expertise, de l\u2019automobile, la <strong>CONSTRUCTION DES MACHINES ET D\u2019INSTALLATIONS<\/strong>, la chimie et la pharmacie, les sciences de la vie et les produits de sant\u00e9, les biens de consommation et le commerce, en passant par les disciplines cl\u00e9s telles que la gestion du changement, la num\u00e9risation, les ressources humaines, le conseil et la mise en \u0153uvre informatique, la gestion des op\u00e9rations, l\u2019am\u00e9lioration des performances, le conseil en ressources humaines et la restructuration.<\/p>\n\r\n\r\n\t\t\t\t<\/div>\r\n\t\t\t\t\t\t\t\t\r\n\t\t\t\t<div class=\"zw-cgb zw-cgb-button-container\">\r\n\t\t\t\t\t<a href=\"https:\/\/www.atreus.de\/fr\/contact\/\" class=\"zw-cgb btn btn-primary\">SENTEZ NOTRE EXCELLENCE DE PREMI\u00c8RE MAIN<\/a>\r\n\t\t\t\t<\/div>\r\n\t\t\t\t\t\t\t<\/div>\r\n\t\t<\/div>\r\n\t<\/div><\/div>    \n\n    <div  class=\"zw-cgb  change-padding  infoblock default-margin black-color  \">\n      <div class=\" row\">\n        <div class=\"zw-cgb-content has-padding col-12\">\n          <div class=\"preheadline-container parent-has-padding\"><h4 class=\" zw-cgb preheadline ' .  . '\">T\u00e9moignages Client<\/h4><\/div><div class=\"inner-content parent-has-padding\"><div class=\"link-container\"><\/div><\/div>        <\/div>\n      <\/div>\n    <\/div>\n\n\n\r\n    <div  class=\"zw-cgb  extern-zitat-style  zitat-block black-color default-margin default-padding \">\r\n      <div class=\"row zitat-row\">\r\n        <div class=\" image-container g-0 order-1  col-menu-5 col-12 \">\r\n                    <div class=\"img-with-gradient\">\r\n\r\n            <span class=\"copyright-image\"><\/span><img decoding=\"async\" class=\"responsive-img\" loading=\"lazy\" alt=\"atreus_\" src=\"https:\/\/www.atreus.de\/wp-content\/uploads\/2022\/03\/rei-al.png\" srcset=\"https:\/\/www.atreus.de\/wp-content\/uploads\/2022\/03\/rei-al.png 555w, https:\/\/www.atreus.de\/wp-content\/uploads\/2022\/03\/rei-al-480x640.png 480w\" sizes=\"(max-width: 1024px) 100vw, 1024px\" style=\"aspect-ratio:555\/740 !important\" title=\"atreus_\">            <div class=\"linear-gradient-container\"><\/div>\r\n          <\/div>\r\n\r\n\r\n\r\n          <div class=\"zitat-img-text-container\"><div class=\"zitat-name-container fulltext\"><span>Alec Reiff<\/span><\/div><div class=\"zitat-discription-container fulltext\"><span>Directeur g\u00e9n\u00e9ral, groupe Reiff<\/span><\/div><\/div>                  <\/div>\r\n        <div class=\"g-0 zitat-text-container order-2 col-menu-7 col-12 \">\r\n          <div class=\"zitat-text\"><span class=\"zitat-start-icon atreus-font\">D<\/span><p class=\"zw-cgb fulltext\">\u201eEn tant qu\u2019entreprise traditionnelle, il \u00e9tait important pour nous de trouver un \u00e9quilibre entre la maximisation de l\u2019optimisation, la gestion du changement et une culture d\u2019entreprise saine au cours d\u2019une restructuration n\u00e9cessaire. Atreus nous a soutenus dans notre r\u00e9orientation avec confiance et clairvoyance.\u201c<\/p><\/div>                  <\/div>\r\n\r\n      <\/div>\r\n    <\/div>\r\n\n\n\r\n    <div  class=\"zw-cgb  extern-zitat-style  zitat-block black-color default-margin default-padding \">\r\n      <div class=\"row zitat-row\">\r\n        <div class=\" image-container g-0 order-1 order-lg-2  d-none \">\r\n                    <div class=\"img-with-gradient\">\r\n\r\n                        <div class=\"linear-gradient-container\"><\/div>\r\n          <\/div>\r\n\r\n\r\n\r\n          <div class=\"zitat-img-text-container\"><div class=\"zitat-name-container fulltext\"><span>Lars Degendorfer<\/span><\/div><div class=\"zitat-discription-container fulltext\"><span>Directeur administratif et financier IBC SOLAR AG<\/span><\/div><\/div>                  <\/div>\r\n        <div class=\"g-0 zitat-text-container order-2 order-lg-1 col-12 no-image-container \">\r\n          <div class=\"zitat-text\"><span class=\"zitat-start-icon atreus-font\">D<\/span><p class=\"zw-cgb fulltext\">\u201eLa collaboration avec Atreus a toujours \u00e9t\u00e9 professionnelle, rapide et cibl\u00e9e dans tous les projets. Nous continuerons \u00e0 faire appel \u00e0 Atreus \u00e0 l\u2019avenir.\u201c<\/p><\/div>          <div class=\"zitat-img-text-container no-image-layout\"><div class=\"zitat-name-container fulltext\"><span>Lars Degendorfer<\/span><\/div><div class=\"zitat-discription-container fulltext\"><span>Directeur administratif et financier IBC SOLAR AG<\/span><\/div><\/div>        <\/div>\r\n\r\n      <\/div>\r\n    <\/div>\r\n\n\n\n    <div  class=\"zw-cgb  latestPosts default-margin \">\n      <div class=\"row zw-cgb-content\">\n        \n      <div  class=\"zw-cgb latestPostsContent px-0 col-12 post content-1-3  show-featured-image \">\n\n\n        <div class=\"image-container single-featured\"><a href=\"https:\/\/www.atreus.de\/fr\/article-de-blog\/atreus-goes-switzerland\/\"><span class=\"copyright-image\"><\/span><img decoding=\"async\" loading=\"lazy\" alt=\"atreus_\" src=\"https:\/\/www.atreus.de\/wp-content\/uploads\/2024\/08\/Schweizer-Event_teaser-4zu3.jpg\" srcset=\"https:\/\/www.atreus.de\/wp-content\/uploads\/2024\/08\/Schweizer-Event_teaser-4zu3.jpg 823w, https:\/\/www.atreus.de\/wp-content\/uploads\/2024\/08\/Schweizer-Event_teaser-4zu3-768x578.jpg 768w, https:\/\/www.atreus.de\/wp-content\/uploads\/2024\/08\/Schweizer-Event_teaser-4zu3-480x361.jpg 480w\" sizes=\"(max-width: 1024px) 100vw, 1024px\" style=\"aspect-ratio:823\/619 !important\" title=\"atreus_\"><\/a><\/div><div class=\"image-container double-featured\"><a href=\"https:\/\/www.atreus.de\/fr\/article-de-blog\/atreus-goes-switzerland\/\"><span class=\"copyright-image\"><\/span><img decoding=\"async\" loading=\"lazy\" alt=\"atreus_\" src=\"https:\/\/www.atreus.de\/wp-content\/uploads\/2024\/08\/Schweizer-Event_teaser-landscape.jpg\" srcset=\"https:\/\/www.atreus.de\/wp-content\/uploads\/2024\/08\/Schweizer-Event_teaser-landscape.jpg 1098w, https:\/\/www.atreus.de\/wp-content\/uploads\/2024\/08\/Schweizer-Event_teaser-landscape-768x288.jpg 768w, https:\/\/www.atreus.de\/wp-content\/uploads\/2024\/08\/Schweizer-Event_teaser-landscape-1024x384.jpg 1024w, https:\/\/www.atreus.de\/wp-content\/uploads\/2024\/08\/Schweizer-Event_teaser-landscape-480x180.jpg 480w\" sizes=\"(max-width: 1024px) 100vw, 1024px\" style=\"aspect-ratio:1098\/412 !important\" title=\"atreus_\"><\/a><\/div>        <div class=\"content-container has-excerpt posttype-post blue-400 white-color\">\n          <div class=\"preheadline-container parent-has-padding\"><p class=\"zw-cgb preheadline\">Article de blog<\/p><\/div><a href=\"https:\/\/www.atreus.de\/fr\/article-de-blog\/atreus-goes-switzerland\/\"><h2 class=\" zw-cgb headline\">Atreus s&#8217;installe en Suisse<\/h2><\/a><p class=\" zw-cgb fulltext\">Atreus op\u00e8re avec succ\u00e8s en Suisse depuis plus de 15 ans et fait partie de la famille Heidrick &#038; Struggles depuis 2023. Pour marquer comme il se doit cette \u00e9tape et la pr\u00e9sence \u00e9largie d&#8217;Atreus \u00e0 Zurich, nous avons apport\u00e9 un peu de tradition &#8230;<\/p><div class=\"post-meta-info-container\"><div class=\"post-read-time\"><p class=\"zw-cgb fulltext\"><i class=\"far fa-clock\"><\/i>1 temps de lecture min<\/p><\/div><div class=\"post-rating-container d-none\"><!-- FeedbackWP Plugin - Results Widget --><div  class=\"rmp-results-widget js-rmp-results-widget js-rmp-results-widget--674856 \"  data-post-id=\"674856\">  <div class=\"rmp-results-widget__visual-rating\">    <i class=\"js-rmp-results-icon rmp-icon rmp-icon--ratings rmp-icon--star \"><\/i><i class=\"js-rmp-results-icon rmp-icon rmp-icon--ratings rmp-icon--star \"><\/i><i class=\"js-rmp-results-icon rmp-icon rmp-icon--ratings rmp-icon--star \"><\/i><i class=\"js-rmp-results-icon rmp-icon rmp-icon--ratings rmp-icon--star \"><\/i><i class=\"js-rmp-results-icon rmp-icon rmp-icon--ratings rmp-icon--star \"><\/i>  <\/div>  <div class=\"rmp-results-widget__avg-rating\">    <span class=\"js-rmp-avg-rating\">          <\/span>  <\/div>  <div class=\"rmp-results-widget__vote-count\">    (<span class=\"js-rmp-vote-count\"><\/span>)  <\/div><\/div> <\/div><div class=\"post-social-share\"><div class=\"zw-social-share dropdown show\">\r\n        <a class=\"zw-social-share-toggler\" href=\"#\" role=\"button\" id=\"dropdownMenuLink\" data-toggle=\"dropdown\" aria-haspopup=\"true\" aria-expanded=\"false\">\r\n        <i class=\"fas fa-share-alt\"><\/i><span class=\"zw-share-meta\">Partager<\/span>\r\n        <\/a>\r\n        <div class=\"zw-share-dropdown-menu dropdown-menu\" aria-labelledby=\"dropdownMenuLink\"><div class=\"dropdown-inner\"><p class=\"zw-share-heading fulltext\">Partager<\/p><a class=\"zw-social-share-toggler fulltext\" href=\"#\" role=\"button\" id=\"dropdownMenuLink\" data-toggle=\"dropdown\" aria-label=\"Close\">\u2715<\/a><div class=\"social-inner-icons\"><a class=\"dropdown-item \" target=\"_blank\" rel=\"nofollow\" href=\"https:\/\/www.linkedin.com\/cws\/share?url=https%3A%2F%2Fwww.atreus.de%2Ffr%2Farticle-de-blog%2Fatreus-goes-switzerland%2F&amp;title=Atreus+s%26%238217%3Binstalle+en+Suisse\"><i class=\"fab fa-linkedin fa-fw\"><\/i><\/a><a class=\"dropdown-item \" target=\"_blank\" rel=\"nofollow\" href=\"https:\/\/www.xing.com\/spi\/shares\/new?url=https%3A%2F%2Fwww.atreus.de%2Ffr%2Farticle-de-blog%2Fatreus-goes-switzerland%2F\"><i class=\"fab fa-xing fa-fw\"><\/i><\/a><a class=\"dropdown-item \" target=\"_blank\" rel=\"nofollow\" href=\"https:\/\/www.facebook.com\/sharer\/sharer.php?u=https%3A%2F%2Fwww.atreus.de%2Ffr%2Farticle-de-blog%2Fatreus-goes-switzerland%2F&amp;t=Atreus+s%26%238217%3Binstalle+en+Suisse\"><i class=\"fab fa-facebook-square fa-fw\"><\/i><\/a><a class=\"dropdown-item \" target=\"_blank\" rel=\"nofollow\" href=\"https:\/\/twitter.com\/intent\/tweet?url=https%3A%2F%2Fwww.atreus.de%2Ffr%2Farticle-de-blog%2Fatreus-goes-switzerland%2F&amp;text=Atreus+s%26%238217%3Binstalle+en+Suisse\"><i class=\"fab fa-twitter fa-fw\"><\/i><\/a>  <\/div><\/div><\/div>\r\n    <\/div><\/div><\/div><div class=\"zw-cgb zw-cgb-button-container \"><a href=\"https:\/\/www.atreus.de\/fr\/article-de-blog\/atreus-goes-switzerland\/\" class=\"zw-cgb btn btn-primary \">Lire la suite<\/a><\/div>        <\/div>\n            <\/div>\n      <div class=\"zw-spacer px-0\"><\/div>\n        <\/div>\n    <\/div>\n\n\n\n    <div  class=\"zw-cgb  change-padding  infoblock custom-margin black-color  \">\n      <div class=\" row\">\n        <div class=\"zw-cgb-content has-padding col-12\">\n          <div class=\"preheadline-container parent-has-padding\"><h4 class=\" zw-cgb preheadline ' .  . '\">T\u00c9MOIGNAGE DIRECTEUR<\/h4><\/div><div class=\"inner-content parent-has-padding\"><div class=\"link-container\"><\/div><\/div>        <\/div>\n      <\/div>\n    <\/div>\n\n\n\r\n    <div  class=\"zw-cgb  intern-zitat-style  zitat-block black-color default-margin default-padding \">\r\n      <div class=\"row zitat-row\">\r\n        <div class=\" image-container g-0 order-1 order-lg-2  col-menu-5 col-12 \">\r\n          <a href=\"https:\/\/www.atreus.de\/fr\/equipe\/stephan-haimerl\/\">          <div class=\"img-with-gradient\">\r\n\r\n            <span class=\"copyright-image\"><\/span><img decoding=\"async\" loading=\"lazy\" alt=\"atreus_\" src=\"https:\/\/www.atreus.de\/wp-content\/uploads\/2023\/07\/hai-st-v2.png\" srcset=\"https:\/\/www.atreus.de\/wp-content\/uploads\/2023\/07\/hai-st-v2.png 555w, https:\/\/www.atreus.de\/wp-content\/uploads\/2023\/07\/hai-st-v2-480x600.png 480w\" sizes=\"(max-width: 1024px) 100vw, 1024px\" style=\"aspect-ratio:555\/694 !important\" title=\"atreus_\">            <div class=\"linear-gradient-container\"><\/div>\r\n          <\/div>\r\n\r\n\r\n\r\n          <div class=\"zitat-img-text-container\"><div class=\"zitat-name-container fulltext\"><span>Stephan  Haimerl<\/span><\/div><div class=\"zitat-discription-container fulltext\"><span>Partenaire et responsable du Solution Group Construction de machines et d\u2019installations<\/span><\/div><\/div>          <\/a>        <\/div>\r\n        <div class=\"g-0 zitat-text-container order-2 order-lg-1 col-menu-7 col-12 \">\r\n          <div class=\"zitat-text\"><span class=\"zitat-start-icon atreus-font\">D<\/span><p class=\"zw-cgb fulltext\">\u201eNous conseillons nos clients d\u2019\u00e9gal \u00e0 \u00e9gal et formulons des recommandations claires. Nos clients appr\u00e9cient la rapidit\u00e9 et la qualit\u00e9 de nos produits, qui se distinguent par leur pr\u00e9cision. Nous soutenons activement nos managers et sommes toujours \u00e0 leur disposition en tant que sparring-partner. Nous nous occupons de nos clients dans le monde entier.\u201c<\/p><\/div>                  <\/div>\r\n\r\n      <\/div>\r\n    <\/div>\r\n\n\n\n\n\n    <div  class=\"zw-cgb  latestPosts default-margin \">\n      <div class=\"row zw-cgb-content\">\n              <\/div>\n    <\/div>\n\n\n\n\n    <div  class=\"zw-cgb  latestPosts default-margin \">\n      <div class=\"row zw-cgb-content\">\n              <\/div>\n    <\/div>\n\n\n\n\n\n    <div  class=\"zw-cgb    infoblock default-margin black-color  \">\n      <div class=\" row\">\n        <div class=\"zw-cgb-content has-padding col-12\">\n          <div class=\"preheadline-container parent-has-padding\"><h4 class=\" zw-cgb preheadline ' .  . '\">Contact pour la construction de machines et d\u2019installations<\/h4><\/div><div class=\"inner-content parent-has-padding\"><p class=\" zw-cgb fulltext \">Tous les membres de notre \u00e9quipe vous conseilleront sur l\u2019occupation par int\u00e9rim des postes de direction. En fonction de son expertise et de son exp\u00e9rience, chaque membre se concentre sur diff\u00e9rents secteurs.<\/p><div class=\"link-container\"><\/div><\/div>        <\/div>\n      <\/div>\n    <\/div>\n\n\n\n    <div  class=\"zw-cgb  team-member black-color default-margin \">\n      <div class=\"zw-cgb-content member-row row\">\n        <div class=\"col-menu-3 col-lg-4 col-md-6 col-12 single-team-member px-0\">            <a href=\"https:\/\/www.atreus.de\/fr\/equipe\/dr-christian-frank\/\">\n\n              <div class=\" image-container g-0\">\n                <div class=\"img-with-gradient zwPortImg\">\n\n                  <img decoding=\"async\" loading=\"lazy\" class=\"zwPortImg\" alt=\"atreus_\" src=\"https:\/\/www.atreus.de\/wp-content\/uploads\/2023\/07\/fra-ch-dr-v2.png\" srcset=\"https:\/\/www.atreus.de\/wp-content\/uploads\/2023\/07\/fra-ch-dr-v2.png 555w, https:\/\/www.atreus.de\/wp-content\/uploads\/2023\/07\/fra-ch-dr-v2-480x600.png 480w\" sizes=\"(max-width: 1024px) 100vw, 1024px\" style=\"aspect-ratio:555\/694 !important\" title=\"atreus_\">                  <div class=\"linear-gradient-container\"><\/div>\n                <\/div>\n\n            <\/a>\n            <div class=\"team-member-content\"><div class=\"team-member-name fulltext\"> <a href=\"https:\/\/www.atreus.de\/fr\/equipe\/dr-christian-frank\/\"><span>Dr. Christian  Frank<\/span><\/a><\/div><div class=\"team-member-description fulltext\"> <a href=\"https:\/\/www.atreus.de\/fr\/equipe\/dr-christian-frank\/\"><span>Directeur g\u00e9n\u00e9ral<\/span><\/a><\/div><div class=\"team-member-phone\"><a href=\"tel:+49 89 452249-180\"><span>+49 89 452249-180<\/span><\/a><\/div><div class=\"team-member-icon-container\"><div class=\"team-member-email\"><a class=\"atreus-font\" href=\"mailto:Christian.Frank@atreus.de\">h<\/a><\/div><div class=\"team-member-linkedin\"><a class=\"atreus-font\" target=\"_blank\" href=\"https:\/\/www.linkedin.com\/in\/drchristianfrank\/\" rel=\"noopener\">3<\/a><\/div><\/div><\/div>      <\/div>\n\n  <\/div><div class=\"col-menu-3 col-lg-4 col-md-6 col-12 single-team-member px-0\">            <a href=\"https:\/\/www.atreus.de\/fr\/equipe\/jessica-breuer\/\">\n\n              <div class=\" image-container g-0\">\n                <div class=\"img-with-gradient zwPortImg\">\n\n                  <img decoding=\"async\" loading=\"lazy\" class=\"zwPortImg\" alt=\"atreus_\" src=\"https:\/\/www.atreus.de\/wp-content\/uploads\/2025\/05\/bre-jes-1.png\" srcset=\"https:\/\/www.atreus.de\/wp-content\/uploads\/2025\/05\/bre-jes-1.png 555w, https:\/\/www.atreus.de\/wp-content\/uploads\/2025\/05\/bre-jes-1-480x600.png 480w\" sizes=\"(max-width: 1024px) 100vw, 1024px\" style=\"aspect-ratio:555\/694 !important\" title=\"atreus_\">                  <div class=\"linear-gradient-container\"><\/div>\n                <\/div>\n\n            <\/a>\n            <div class=\"team-member-content\"><div class=\"team-member-name fulltext\"> <a href=\"https:\/\/www.atreus.de\/fr\/equipe\/jessica-breuer\/\"><span>Jessica  Breuer<\/span><\/a><\/div><div class=\"team-member-description fulltext\"> <a href=\"https:\/\/www.atreus.de\/fr\/equipe\/jessica-breuer\/\"><span>Directrice<\/span><\/a><\/div><div class=\"team-member-phone\"><a href=\"tel:+49 89 452249-241\"><span>+49 89 452249-241<\/span><\/a><\/div><div class=\"team-member-icon-container\"><div class=\"team-member-email\"><a class=\"atreus-font\" href=\"mailto:Jessica.Breuer@atreus.de\">h<\/a><\/div><div class=\"team-member-linkedin\"><a class=\"atreus-font\" target=\"_blank\" href=\"https:\/\/de.linkedin.com\/in\/jessica-breuer\" rel=\"noopener\">3<\/a><\/div><\/div><\/div>      <\/div>\n\n  <\/div><div class=\"col-menu-3 col-lg-4 col-md-6 col-12 single-team-member px-0\">            <a href=\"https:\/\/www.atreus.de\/fr\/equipe\/silvie-fleischmann\/\">\n\n              <div class=\" image-container g-0\">\n                <div class=\"img-with-gradient zwPortImg\">\n\n                  <img decoding=\"async\" loading=\"lazy\" class=\"zwPortImg\" alt=\"atreus_\" src=\"https:\/\/www.atreus.de\/wp-content\/uploads\/2026\/02\/fle-si-2.png\" srcset=\"https:\/\/www.atreus.de\/wp-content\/uploads\/2026\/02\/fle-si-2.png 555w, https:\/\/www.atreus.de\/wp-content\/uploads\/2026\/02\/fle-si-2-480x600.png 480w\" sizes=\"(max-width: 1024px) 100vw, 1024px\" style=\"aspect-ratio:555\/694 !important\" title=\"atreus_\">                  <div class=\"linear-gradient-container\"><\/div>\n                <\/div>\n\n            <\/a>\n            <div class=\"team-member-content\"><div class=\"team-member-name fulltext\"> <a href=\"https:\/\/www.atreus.de\/fr\/equipe\/silvie-fleischmann\/\"><span>Silvie Fleischmann<\/span><\/a><\/div><div class=\"team-member-description fulltext\"> <a href=\"https:\/\/www.atreus.de\/fr\/equipe\/silvie-fleischmann\/\"><span>Directrice<\/span><\/a><\/div><div class=\"team-member-phone\"><a href=\"tel:+41 76 815 93 35\"><span>+41 76 815 93 35<\/span><\/a><\/div><div class=\"team-member-icon-container\"><div class=\"team-member-email\"><a class=\"atreus-font\" href=\"mailto:Silvie.Fleischmann@atreus.de\">h<\/a><\/div><\/div><\/div>      <\/div>\n\n  <\/div><div class=\"col-menu-3 col-lg-4 col-md-6 col-12 single-team-member px-0\">            <a href=\"https:\/\/www.atreus.de\/fr\/equipe\/stephan-haimerl\/\">\n\n              <div class=\" image-container g-0\">\n                <div class=\"img-with-gradient zwPortImg\">\n\n                  <img decoding=\"async\" loading=\"lazy\" class=\"zwPortImg\" alt=\"atreus_\" src=\"https:\/\/www.atreus.de\/wp-content\/uploads\/2023\/07\/hai-st-v2.png\" srcset=\"https:\/\/www.atreus.de\/wp-content\/uploads\/2023\/07\/hai-st-v2.png 555w, https:\/\/www.atreus.de\/wp-content\/uploads\/2023\/07\/hai-st-v2-480x600.png 480w\" sizes=\"(max-width: 1024px) 100vw, 1024px\" style=\"aspect-ratio:555\/694 !important\" title=\"atreus_\">                  <div class=\"linear-gradient-container\"><\/div>\n                <\/div>\n\n            <\/a>\n            <div class=\"team-member-content\"><div class=\"team-member-name fulltext\"> <a href=\"https:\/\/www.atreus.de\/fr\/equipe\/stephan-haimerl\/\"><span>Stephan  Haimerl<\/span><\/a><\/div><div class=\"team-member-description fulltext\"> <a href=\"https:\/\/www.atreus.de\/fr\/equipe\/stephan-haimerl\/\"><span>Partenaire et responsable du Solution Group Construction de machines et d\u2019installations<\/span><\/a><\/div><div class=\"team-member-phone\"><a href=\"tel:+49 89 452249-170\"><span>+49 89 452249-170<\/span><\/a><\/div><div class=\"team-member-icon-container\"><div class=\"team-member-email\"><a class=\"atreus-font\" href=\"mailto:Stephan.Haimerl@atreus.de\">h<\/a><\/div><div class=\"team-member-linkedin\"><a class=\"atreus-font\" target=\"_blank\" href=\"https:\/\/de.linkedin.com\/in\/stephan-haimerl-9b17619\" rel=\"noopener\">3<\/a><\/div><\/div><\/div>      <\/div>\n\n  <\/div><div class=\"col-menu-3 col-lg-4 col-md-6 col-12 single-team-member px-0\">            <a href=\"https:\/\/www.atreus.de\/fr\/equipe\/patrick-julius\/\">\n\n              <div class=\" image-container g-0\">\n                <div class=\"img-with-gradient zwPortImg\">\n\n                  <img decoding=\"async\" loading=\"lazy\" class=\"zwPortImg\" alt=\"atreus_\" src=\"https:\/\/www.atreus.de\/wp-content\/uploads\/2023\/07\/jul-pa-v1.png\" style=\"aspect-ratio:555\/694 !important\" title=\"atreus_\">                  <div class=\"linear-gradient-container\"><\/div>\n                <\/div>\n\n            <\/a>\n            <div class=\"team-member-content\"><div class=\"team-member-name fulltext\"> <a href=\"https:\/\/www.atreus.de\/fr\/equipe\/patrick-julius\/\"><span>Patrick Julius<\/span><\/a><\/div><div class=\"team-member-description fulltext\"> <a href=\"https:\/\/www.atreus.de\/fr\/equipe\/patrick-julius\/\"><span>Directeur<\/span><\/a><\/div><div class=\"team-member-phone\"><a href=\"tel:+49 89 452249-140\"><span>+49 89 452249-140<\/span><\/a><\/div><div class=\"team-member-icon-container\"><div class=\"team-member-email\"><a class=\"atreus-font\" href=\"mailto:Patrick.Julius@atreus.de\">h<\/a><\/div><div class=\"team-member-linkedin\"><a class=\"atreus-font\" target=\"_blank\" href=\"https:\/\/www.linkedin.com\/in\/patrick-julius\/\" rel=\"noopener\">3<\/a><\/div><\/div><\/div>      <\/div>\n\n  <\/div><div class=\"col-menu-3 col-lg-4 col-md-6 col-12 single-team-member px-0\">            <a href=\"https:\/\/www.atreus.de\/fr\/equipe\/oliver-krebs\/\">\n\n              <div class=\" image-container g-0\">\n                <div class=\"img-with-gradient zwPortImg\">\n\n                  <img decoding=\"async\" loading=\"lazy\" class=\"zwPortImg\" alt=\"atreus_\" src=\"https:\/\/www.atreus.de\/wp-content\/uploads\/2024\/03\/kre-ol-v2.png\" srcset=\"https:\/\/www.atreus.de\/wp-content\/uploads\/2024\/03\/kre-ol-v2.png 555w, https:\/\/www.atreus.de\/wp-content\/uploads\/2024\/03\/kre-ol-v2-480x600.png 480w\" sizes=\"(max-width: 1024px) 100vw, 1024px\" style=\"aspect-ratio:555\/694 !important\" title=\"atreus_\">                  <div class=\"linear-gradient-container\"><\/div>\n                <\/div>\n\n            <\/a>\n            <div class=\"team-member-content\"><div class=\"team-member-name fulltext\"> <a href=\"https:\/\/www.atreus.de\/fr\/equipe\/oliver-krebs\/\"><span>Oliver Krebs<\/span><\/a><\/div><div class=\"team-member-description fulltext\"> <a href=\"https:\/\/www.atreus.de\/fr\/equipe\/oliver-krebs\/\"><span>Directeur<\/span><\/a><\/div><div class=\"team-member-phone\"><a href=\"tel:+49 89 452249-345\"><span>+49 89 452249-345<\/span><\/a><\/div><div class=\"team-member-icon-container\"><div class=\"team-member-email\"><a class=\"atreus-font\" href=\"mailto:Oliver.Krebs@atreus.de\">h<\/a><\/div><div class=\"team-member-linkedin\"><a class=\"atreus-font\" target=\"_blank\" href=\"https:\/\/www.linkedin.com\/in\/oliver-krebs-730923b6\/\" rel=\"noopener\">3<\/a><\/div><\/div><\/div>      <\/div>\n\n  <\/div><div class=\"col-menu-3 col-lg-4 col-md-6 col-12 single-team-member px-0\">            <a href=\"https:\/\/www.atreus.de\/fr\/equipe\/dr-simon-mehler\/\">\n\n              <div class=\" image-container g-0\">\n                <div class=\"img-with-gradient zwPortImg\">\n\n                  <img decoding=\"async\" loading=\"lazy\" class=\"zwPortImg\" alt=\"atreus_\" src=\"https:\/\/www.atreus.de\/wp-content\/uploads\/2023\/07\/meh-si-dr-v3-1.png\" srcset=\"https:\/\/www.atreus.de\/wp-content\/uploads\/2023\/07\/meh-si-dr-v3-1.png 555w, https:\/\/www.atreus.de\/wp-content\/uploads\/2023\/07\/meh-si-dr-v3-1-480x600.png 480w\" sizes=\"(max-width: 1024px) 100vw, 1024px\" style=\"aspect-ratio:555\/694 !important\" title=\"atreus_\">                  <div class=\"linear-gradient-container\"><\/div>\n                <\/div>\n\n            <\/a>\n            <div class=\"team-member-content\"><div class=\"team-member-name fulltext\"> <a href=\"https:\/\/www.atreus.de\/fr\/equipe\/dr-simon-mehler\/\"><span>Dr. Simon Mehler<\/span><\/a><\/div><div class=\"team-member-description fulltext\"> <a href=\"https:\/\/www.atreus.de\/fr\/equipe\/dr-simon-mehler\/\"><span>Partenaire\r\n<\/span><\/a><\/div><div class=\"team-member-phone\"><a href=\"tel:+49 89 452249-245\"><span>+49 89 452249-245<\/span><\/a><\/div><div class=\"team-member-icon-container\"><div class=\"team-member-email\"><a class=\"atreus-font\" href=\"mailto:Simon.Mehler@atreus.de\">h<\/a><\/div><div class=\"team-member-linkedin\"><a class=\"atreus-font\" target=\"_blank\" href=\"https:\/\/www.linkedin.com\/in\/simonmehler\/\" rel=\"noopener\">3<\/a><\/div><\/div><\/div>      <\/div>\n\n  <\/div><div class=\"col-menu-3 col-lg-4 col-md-6 col-12 single-team-member px-0\">            <a href=\"https:\/\/www.atreus.de\/fr\/equipe\/dr-kristin-nagel\/\">\n\n              <div class=\" image-container g-0\">\n                <div class=\"img-with-gradient zwPortImg\">\n\n                  <img decoding=\"async\" loading=\"lazy\" class=\"zwPortImg\" alt=\"atreus_\" src=\"https:\/\/www.atreus.de\/wp-content\/uploads\/2025\/03\/nag-kr.png\" srcset=\"https:\/\/www.atreus.de\/wp-content\/uploads\/2025\/03\/nag-kr.png 555w, https:\/\/www.atreus.de\/wp-content\/uploads\/2025\/03\/nag-kr-480x600.png 480w\" sizes=\"(max-width: 1024px) 100vw, 1024px\" style=\"aspect-ratio:555\/694 !important\" title=\"atreus_\">                  <div class=\"linear-gradient-container\"><\/div>\n                <\/div>\n\n            <\/a>\n            <div class=\"team-member-content\"><div class=\"team-member-name fulltext\"> <a href=\"https:\/\/www.atreus.de\/fr\/equipe\/dr-kristin-nagel\/\"><span>Dr. Kristin Nagel<\/span><\/a><\/div><div class=\"team-member-description fulltext\"> <a href=\"https:\/\/www.atreus.de\/fr\/equipe\/dr-kristin-nagel\/\"><span>Directrice<\/span><\/a><\/div><div class=\"team-member-phone\"><a href=\"tel:+49 89 452249-141\"><span>+49 89 452249-141<\/span><\/a><\/div><div class=\"team-member-icon-container\"><div class=\"team-member-email\"><a class=\"atreus-font\" href=\"mailto:kristin.nagel@atreus.de\">h<\/a><\/div><div class=\"team-member-linkedin\"><a class=\"atreus-font\" target=\"_blank\" href=\"https:\/\/www.linkedin.com\/in\/dr-kristin-nagel-0451aa116\/\" rel=\"noopener\">3<\/a><\/div><\/div><\/div>      <\/div>\n\n  <\/div><div class=\"col-menu-3 col-lg-4 col-md-6 col-12 single-team-member px-0\">            <a href=\"https:\/\/www.atreus.de\/fr\/equipe\/tibor-reischitz\/\">\n\n              <div class=\" image-container g-0\">\n                <div class=\"img-with-gradient zwPortImg\">\n\n                  <img decoding=\"async\" loading=\"lazy\" class=\"zwPortImg\" alt=\"atreus_\" src=\"https:\/\/www.atreus.de\/wp-content\/uploads\/2023\/07\/rei-ti-v1.png\" srcset=\"https:\/\/www.atreus.de\/wp-content\/uploads\/2023\/07\/rei-ti-v1.png 555w, https:\/\/www.atreus.de\/wp-content\/uploads\/2023\/07\/rei-ti-v1-480x600.png 480w\" sizes=\"(max-width: 1024px) 100vw, 1024px\" style=\"aspect-ratio:555\/694 !important\" title=\"atreus_\">                  <div class=\"linear-gradient-container\"><\/div>\n                <\/div>\n\n            <\/a>\n            <div class=\"team-member-content\"><div class=\"team-member-name fulltext\"> <a href=\"https:\/\/www.atreus.de\/fr\/equipe\/tibor-reischitz\/\"><span>Tibor  Reischitz<\/span><\/a><\/div><div class=\"team-member-description fulltext\"> <a href=\"https:\/\/www.atreus.de\/fr\/equipe\/tibor-reischitz\/\"><span>Directeur\r\n<\/span><\/a><\/div><div class=\"team-member-phone\"><a href=\"tel:+49 89 452249-185\"><span>+49 89 452249-185<\/span><\/a><\/div><div class=\"team-member-icon-container\"><div class=\"team-member-email\"><a class=\"atreus-font\" href=\"mailto:Tibor.Reischitz@atreus.de\">h<\/a><\/div><div class=\"team-member-linkedin\"><a class=\"atreus-font\" target=\"_blank\" href=\"https:\/\/www.linkedin.com\/in\/tibor-reischitz-7731691b\/\" rel=\"noopener\">3<\/a><\/div><\/div><\/div>      <\/div>\n\n  <\/div><div class=\"col-menu-3 col-lg-4 col-md-6 col-12 single-team-member px-0\">            <a href=\"https:\/\/www.atreus.de\/fr\/equipe\/christina-riess\/\">\n\n              <div class=\" image-container g-0\">\n                <div class=\"img-with-gradient zwPortImg\">\n\n                  <img decoding=\"async\" loading=\"lazy\" class=\"zwPortImg\" alt=\"atreus_\" src=\"https:\/\/www.atreus.de\/wp-content\/uploads\/2025\/02\/riess-christina-1024x1281.png\" srcset=\"https:\/\/www.atreus.de\/wp-content\/uploads\/2025\/02\/riess-christina-1024x1281.png 1024w, https:\/\/www.atreus.de\/wp-content\/uploads\/2025\/02\/riess-christina-768x961.png 768w, https:\/\/www.atreus.de\/wp-content\/uploads\/2025\/02\/riess-christina-480x600.png 480w, https:\/\/www.atreus.de\/wp-content\/uploads\/2025\/02\/riess-christina-1440x1801.png 1440w, https:\/\/www.atreus.de\/wp-content\/uploads\/2025\/02\/riess-christina.png 1535w\" sizes=\"(max-width: 1024px) 100vw, 1024px\" style=\"aspect-ratio:1535\/1920 !important\" title=\"atreus_\">                  <div class=\"linear-gradient-container\"><\/div>\n                <\/div>\n\n            <\/a>\n            <div class=\"team-member-content\"><div class=\"team-member-name fulltext\"> <a href=\"https:\/\/www.atreus.de\/fr\/equipe\/christina-riess\/\"><span>Christina Riess<\/span><\/a><\/div><div class=\"team-member-description fulltext\"> <a href=\"https:\/\/www.atreus.de\/fr\/equipe\/christina-riess\/\"><span>Directrice<\/span><\/a><\/div><div class=\"team-member-phone\"><a href=\"tel:+49 89 452249-142\"><span>+49 89 452249-142<\/span><\/a><\/div><div class=\"team-member-icon-container\"><div class=\"team-member-email\"><a class=\"atreus-font\" href=\"mailto:christina.riess@atreus.de\">h<\/a><\/div><div class=\"team-member-linkedin\"><a class=\"atreus-font\" target=\"_blank\" href=\"https:\/\/www.linkedin.com\/in\/christinariess\/\" rel=\"noopener\">3<\/a><\/div><\/div><\/div>      <\/div>\n\n  <\/div><div class=\"col-menu-3 col-lg-4 col-md-6 col-12 single-team-member px-0\">            <a href=\"https:\/\/www.atreus.de\/fr\/equipe\/jens-steinborn\/\">\n\n              <div class=\" image-container g-0\">\n                <div class=\"img-with-gradient zwPortImg\">\n\n                  <img decoding=\"async\" loading=\"lazy\" class=\"zwPortImg\" alt=\"atreus_\" src=\"https:\/\/www.atreus.de\/wp-content\/uploads\/2026\/01\/ste-je-1.png\" srcset=\"https:\/\/www.atreus.de\/wp-content\/uploads\/2026\/01\/ste-je-1.png 555w, https:\/\/www.atreus.de\/wp-content\/uploads\/2026\/01\/ste-je-1-480x600.png 480w\" sizes=\"(max-width: 1024px) 100vw, 1024px\" style=\"aspect-ratio:555\/694 !important\" title=\"atreus_\">                  <div class=\"linear-gradient-container\"><\/div>\n                <\/div>\n\n            <\/a>\n            <div class=\"team-member-content\"><div class=\"team-member-name fulltext\"> <a href=\"https:\/\/www.atreus.de\/fr\/equipe\/jens-steinborn\/\"><span>Jens Steinborn<\/span><\/a><\/div><div class=\"team-member-description fulltext\"> <a href=\"https:\/\/www.atreus.de\/fr\/equipe\/jens-steinborn\/\"><span>Directeur<\/span><\/a><\/div><div class=\"team-member-phone\"><a href=\"tel:+49 89 452249-044\"><span>+49 89 452249-044<\/span><\/a><\/div><div class=\"team-member-icon-container\"><div class=\"team-member-email\"><a class=\"atreus-font\" href=\"mailto:Jens.Steinborn@atreus.de\">h<\/a><\/div><div class=\"team-member-linkedin\"><a class=\"atreus-font\" target=\"_blank\" href=\"https:\/\/www.linkedin.com\/in\/jens-steinborn-a3a7a187\/\" rel=\"noopener\">3<\/a><\/div><\/div><\/div>      <\/div>\n\n  <\/div>    <\/div>\n    <\/div>\n\n","protected":false},"excerpt":{"rendered":"<div  class=\"zw-cgb header-standard-block  desktop-has-image mobile-has-image default-margin white-color content-right content-down zw-atr-portrait-pos-default zw-atr-landscape-pos-default height-default \">\n<div class=\"row\">\n<div class=\"zw-cgb-content col-12 mx-auto\">\n<div  class=\"header-standard-inner-container\">\n<div class=\"bg-image\"><span class=\"copyright-image d-none d-lg-block\">\u00a9 xiaoliangge \u2013 stock.adobe.com<\/span><img decoding=\"async\" class=\"respnsive-img d-none d-lg-block\" loading=\"lazy\" alt=\"Maschinen- und Anlagenbau\" src=\"https:\/\/www.atreus.de\/wp-content\/uploads\/2022\/03\/header-mab-Maschinen-und_Anlagenbau.jpg\" srcset=\"https:\/\/www.atreus.de\/wp-content\/uploads\/2022\/03\/header-mab-Maschinen-und_Anlagenbau.jpg 1920w, https:\/\/www.atreus.de\/wp-content\/uploads\/2022\/03\/header-mab-Maschinen-und_Anlagenbau-768x432.jpg 768w, https:\/\/www.atreus.de\/wp-content\/uploads\/2022\/03\/header-mab-Maschinen-und_Anlagenbau-1024x576.jpg 1024w, https:\/\/www.atreus.de\/wp-content\/uploads\/2022\/03\/header-mab-Maschinen-und_Anlagenbau-480x270.jpg 480w, https:\/\/www.atreus.de\/wp-content\/uploads\/2022\/03\/header-mab-Maschinen-und_Anlagenbau-1440x810.jpg 1440w\" sizes=\"(max-width: 1920px) 100vw, 1920px\"style='aspect-ratio:1920\/1080 !important'><span class=\"copyright-image d-lg-none d-block\">\u00a9 xiaoliangge \u2013 stock.adobe.com<\/span><img decoding=\"async\" class=\"responsive-img d-lg-none d-block\" loading=\"lazy\" alt=\"Maschinen- und Anlagenbau\" src=\"https:\/\/www.atreus.de\/wp-content\/uploads\/2022\/03\/teaser-2u3-sp-Maschinen-und_Anlagenbau.jpg\" srcset=\"https:\/\/www.atreus.de\/wp-content\/uploads\/2022\/03\/teaser-2u3-sp-Maschinen-und_Anlagenbau.jpg 823w, https:\/\/www.atreus.de\/wp-content\/uploads\/2022\/03\/teaser-2u3-sp-Maschinen-und_Anlagenbau-768x578.jpg 768w, https:\/\/www.atreus.de\/wp-content\/uploads\/2022\/03\/teaser-2u3-sp-Maschinen-und_Anlagenbau-480x361.jpg 480w\" sizes=\"(max-width: 1024px) 100vw, 1024px\"style='aspect-ratio:823\/619 !important'><\/div>\n<div class=\"preheadline-container\">\n<div class=\"zw-breadcrumb-container black-color d-md-down-none\"><\/div>\n<p class=\" zw-cgb preheadline zw-prevent-animation\">Industrie&nbsp;4.5<\/p>\n<h2 class=\" zw-cgb headline zw-prevent-animation\">Construction de machines et construction d\u2019installations<\/h2>\n<\/div>\n<\/div>\n<\/div>\n<\/div>\n<\/div>\n<div class=\"zw-breadcrumb-container black-color d-none d-md-down-block\">\n<nav aria-label=\"breadcrumbs\" class=\"rank-math-breadcrumb\">\n<p><span class=\"label\">c<\/span> <span class=\"last\">Home<\/span><\/p>\n<\/nav>\n<\/div>\n","protected":false},"author":1,"featured_media":483232,"parent":621885,"menu_order":80,"comment_status":"closed","ping_status":"closed","template":"","meta":{"_relevanssi_hide_post":"","_relevanssi_hide_content":"","_relevanssi_pin_for_all":"","_relevanssi_pin_keywords":"","_relevanssi_unpin_keywords":"","_relevanssi_related_keywords":"","_relevanssi_related_include_ids":"","_relevanssi_related_exclude_ids":"","_relevanssi_related_no_append":"","_relevanssi_related_not_related":"","_relevanssi_related_posts":"524337,524369,524345,524328,524329,524314","_relevanssi_noindex_reason":"","_zw_phone_override":"","footnotes":""},"competences":[],"industry-sectors":[694],"class_list":["post-588558","page","type-page","status-publish","has-post-thumbnail","hentry","industry-sectors-construction-de-machines-et-dinstallations"],"_links":{"self":[{"href":"https:\/\/www.atreus.de\/fr\/wp-json\/wp\/v2\/pages\/588558","targetHints":{"allow":["GET"]}}],"collection":[{"href":"https:\/\/www.atreus.de\/fr\/wp-json\/wp\/v2\/pages"}],"about":[{"href":"https:\/\/www.atreus.de\/fr\/wp-json\/wp\/v2\/types\/page"}],"author":[{"embeddable":true,"href":"https:\/\/www.atreus.de\/fr\/wp-json\/wp\/v2\/users\/1"}],"replies":[{"embeddable":true,"href":"https:\/\/www.atreus.de\/fr\/wp-json\/wp\/v2\/comments?post=588558"}],"version-history":[{"count":0,"href":"https:\/\/www.atreus.de\/fr\/wp-json\/wp\/v2\/pages\/588558\/revisions"}],"up":[{"embeddable":true,"href":"https:\/\/www.atreus.de\/fr\/wp-json\/wp\/v2\/pages\/621885"}],"wp:featuredmedia":[{"embeddable":true,"href":"https:\/\/www.atreus.de\/fr\/wp-json\/wp\/v2\/media\/483232"}],"wp:attachment":[{"href":"https:\/\/www.atreus.de\/fr\/wp-json\/wp\/v2\/media?parent=588558"}],"wp:term":[{"taxonomy":"competences","embeddable":true,"href":"https:\/\/www.atreus.de\/fr\/wp-json\/wp\/v2\/competences?post=588558"},{"taxonomy":"industry-sectors","embeddable":true,"href":"https:\/\/www.atreus.de\/fr\/wp-json\/wp\/v2\/industry-sectors?post=588558"}],"curies":[{"name":"wp","href":"https:\/\/api.w.org\/{rel}","templated":true}]}}