{"id":621883,"date":"2022-02-14T15:15:00","date_gmt":"2022-02-14T14:15:00","guid":{"rendered":"https:\/\/www.atreus.de\/?page_id=621883"},"modified":"2025-04-04T11:34:42","modified_gmt":"2025-04-04T09:34:42","slug":"protection-des-donnees","status":"publish","type":"page","link":"https:\/\/www.atreus.de\/fr\/protection-des-donnees\/","title":{"rendered":"Protection des donn\u00e9es"},"content":{"rendered":"<div  class=\"zw-cgb header-standard-block is-first-block desktop-header-standard mobile-header-standard default-margin white-color content-right content-down zw-atr-portrait-pos-default zw-atr-landscape-pos-default height-default \"><div class=\"row\"><div class=\"zw-cgb-content col-12 mx-auto\"><div  class=\"header-standard-inner-container\"><div class=\"bg-image\"><\/div><div class=\"preheadline-container\"><div class=\"zw-breadcrumb-container black-color d-md-down-none\"><\/div><h1 class=\" zw-cgb headline zw-prevent-animation\">Politique de confidentialit\u00e9<\/h1><\/div><\/div><\/div><\/div><\/div><div class=\"zw-breadcrumb-container black-color d-none d-md-down-block\"><nav aria-label=\"breadcrumbs\" class=\"rank-math-breadcrumb\"><p><span class=\"label\">c<\/span> <span class=\"last\">Home<\/span><\/p><\/nav><\/div>\n\n\n    <div  class=\"zw-cgb  textblock black-color zw-content-pos-center  default-margin \">\n      <div class=\"row\">\n        <div class=\"zw-cgb-content col-12 g-0\">\n          <h2 class=\"zw-cgb headline \">Obligations d\u2019information selon les art.&nbsp;12 ss RGPD de l\u2019UE <\/h2>        <\/div>\n      <\/div>\n    <\/div>\n\n\n\n\n    <div  class=\"zw-cgb  textblock black-color zw-content-pos-center  default-margin \">\n      <div class=\"row\">\n        <div class=\"zw-cgb-content col-12 g-0\">\n          <h2 class=\"zw-cgb headline \">I. <strong>Nom et coordonn\u00e9es du responsable<\/strong> <\/h2><p class=\" zw-cgb fulltext \">Votre contact en qualit\u00e9 de responsable au sens du r\u00e8glement g\u00e9n\u00e9ral sur la protection des donn\u00e9es (\u00ab&nbsp;RGPD de l\u2019UE&nbsp;\u00bb) et d\u2019autres loi nationales sur la protection des donn\u00e9es des \u00c9tats membres ainsi que d\u2019autres dispositions relatives \u00e0 la protection des donn\u00e9es est&nbsp;:<\/p><p class=\" zw-cgb fulltext \">Atreus GmbH<\/p><p class=\" zw-cgb fulltext \">Landshuter Allee&nbsp;8-10<\/p><p class=\" zw-cgb fulltext \">80637 Munich<\/p><p class=\" zw-cgb fulltext \">T\u00e9l.&nbsp;: +49 89 452249-540<\/p><p class=\" zw-cgb fulltext \">Fax&nbsp;: +49 89 452249-599<\/p><p class=\" zw-cgb fulltext \">E-mail&nbsp;: contact(at)atreus.de<\/p><p class=\" zw-cgb fulltext \">(ci-apr\u00e8s d\u00e9nomm\u00e9s \u00ab&nbsp;nous&nbsp;\u00bb, \u00ab&nbsp;notre&nbsp;\u00bb ou \u00ab&nbsp;nos&nbsp;\u00bb).<\/p>        <\/div>\n      <\/div>\n    <\/div>\n\n\n\n\n    <div  class=\"zw-cgb  textblock black-color zw-content-pos-center  default-margin \">\n      <div class=\"row\">\n        <div class=\"zw-cgb-content col-12 g-0\">\n          <h2 class=\"zw-cgb headline \">II. <strong>Coordonn\u00e9es du d\u00e9l\u00e9gu\u00e9 \u00e0 la protection des donn\u00e9es&nbsp;: <\/strong><\/h2><p class=\" zw-cgb fulltext \">Nous accordons une grande importance \u00e0 la protection de vos donn\u00e9es personnelles. C\u2019est pourquoi notre d\u00e9l\u00e9gu\u00e9e \u00e0 la protection des donn\u00e9es internationale est bas\u00e9e dans notre soci\u00e9t\u00e9 m\u00e8re Heidrick &amp; Struggles International Incorporated. Elle est issue d\u2019un groupe d\u2019experts tr\u00e8s exp\u00e9riment\u00e9s, disposant d\u2019une longue exp\u00e9rience dans le domaine.<\/p><p class=\" zw-cgb fulltext \">L\u2019adresse de notre d\u00e9l\u00e9gu\u00e9e \u00e0 la protection des donn\u00e9es est la suivante&nbsp;:<\/p><p class=\" zw-cgb fulltext \">Heidrick &amp; Struggles International Incorporated, Legal Department, Ms. Abby Schuster, 140 New Montgomery Street,<sup>9th<\/sup> Floor, Suite 9008, San Francisco CA 94105, USA<\/p><p class=\" zw-cgb fulltext \">Pour toute question relative \u00e0 la protection et \u00e0 la s\u00e9curit\u00e9 des donn\u00e9es, veuillez vous adresser directement \u00e0 notre d\u00e9l\u00e9gu\u00e9e \u00e0 la protection des donn\u00e9es. E-mail&nbsp;: aschuster@heidrick.com\/ T\u00e9l.&nbsp;: +1&nbsp;(415)&nbsp;291&nbsp;5287<\/p>        <\/div>\n      <\/div>\n    <\/div>\n\n\n\n\n    <div  class=\"zw-cgb  textblock black-color zw-content-pos-center  default-margin \">\n      <div class=\"row\">\n        <div class=\"zw-cgb-content col-12 g-0\">\n          <h2 class=\"zw-cgb headline \">III. <strong>G\u00e9n\u00e9ralit\u00e9s concernant le traitement des donn\u00e9es <\/strong><\/h2><h2 class=\"zw-cgb headline \">1. \u00c9tendue<\/h2><p class=\" zw-cgb fulltext \">En principe, nous ne traitons vos donn\u00e9es \u00e0 caract\u00e8re personnel que dans la mesure o\u00f9 cela est n\u00e9cessaire \u00e0 la mise \u00e0 disposition fonctionnelle de notre site web ainsi que de nos contenus et prestations.<\/p><h2 class=\"zw-cgb headline \">2. Base juridique<\/h2><p class=\" zw-cgb fulltext \">Dans la mesure o\u00f9 nous vous demandons votre consentement pour le traitement de vos donn\u00e9es \u00e0 caract\u00e8re personnel, la base juridique du traitement est l\u2019art.&nbsp;6, al. 1, phrase 1, let. a du RGPD de l\u2019UE.<\/p><p class=\" zw-cgb fulltext \">Si le traitement de vos donn\u00e9es \u00e0 caract\u00e8re personnel a lieu en vue de l\u2019ex\u00e9cution d\u2019un contrat avec vous ou dans le cadre de l\u2019\u00e9tablissement d\u2019une relation contractuelle, la base juridique du traitement est l\u2019art.&nbsp;6, al. 1, p. 1, let. b du RGPD de l\u2019UE.<\/p><p class=\" zw-cgb fulltext \">Dans la mesure o\u00f9 le traitement de donn\u00e9es \u00e0 caract\u00e8re personnel est n\u00e9cessaire au respect d\u2019une obligation l\u00e9gale qui nous incombe, la base juridique du traitement est l\u2019art.&nbsp;6, al. 1, phrase 1, let. c du RGPD de l\u2019UE.<\/p><p class=\" zw-cgb fulltext \">Si le traitement de vos donn\u00e9es \u00e0 caract\u00e8re personnel a lieu dans le but de prot\u00e9ger nos int\u00e9r\u00eats l\u00e9gitimes ou ceux d\u2019un tiers, vos int\u00e9r\u00eats, droits et libert\u00e9s fondamentaux ne pr\u00e9valant pas sur le premier int\u00e9r\u00eat cit\u00e9, la base juridique du traitement est l\u2019art.&nbsp;6, al. 1, p. 1, let. f du RGPD de l\u2019UE.<\/p><h2 class=\"zw-cgb headline \">3. Dur\u00e9e de stockage<\/h2><p class=\" zw-cgb fulltext \">Vos donn\u00e9es \u00e0 caract\u00e8re personnel sont supprim\u00e9es d\u00e8s que la finalit\u00e9 de leur stockage n\u2019a plus lieu d\u2019\u00eatre ou, si vous disposez d\u2019un droit de r\u00e9tractation, d\u00e8s que vous d\u00e9clarez le retrait de votre consentement. Un enregistrement peut en outre avoir lieu si le l\u00e9gislateur europ\u00e9en ou national l\u2019a pr\u00e9vu dans des r\u00e8glements, des lois ou d\u2019autres dispositions l\u00e9gales de l\u2019Union auxquels nous sommes soumis. Dans ce cas, vos donn\u00e9es \u00e0 caract\u00e8re personnel seront toutefois bloqu\u00e9es.<\/p><h2 class=\"zw-cgb headline \">4. Liens externes<\/h2><p class=\" zw-cgb fulltext \">Lorsque nous fournissons des liens vers des sites web externes, la pr\u00e9sente politique de confidentialit\u00e9 ne s\u2019applique pas au traitement de vos donn\u00e9es \u00e0 caract\u00e8re personnel par le responsable du site web li\u00e9. Nous vous recommandons donc de lire les informations relatives \u00e0 la protection des donn\u00e9es sur le site web externe que vous visitez. Dans la mesure o\u00f9 ce lien n\u00e9cessite une base juridique pour le traitement de vos donn\u00e9es \u00e0 caract\u00e8re personnel qui en r\u00e9sulte, il s\u2019agit de votre consentement conform\u00e9ment \u00e0 l\u2019art.&nbsp;6, al. 1, p. 1, let. a du RGPD de l\u2019UE, que vous donnez en cliquant sur le lien.<\/p><p class=\" zw-cgb fulltext \">En r\u00e8gle g\u00e9n\u00e9rale, le fait de cliquer sur le lien (hyperlien) entra\u00eene le traitement des donn\u00e9es \u00e0 caract\u00e8re personnel suivantes&nbsp;:<\/p><ul class=\"zw-cgb-ul fulltext \"><li class=\"\">Adresse IP&nbsp;; <\/li><\/ul><ul class=\"zw-cgb-ul fulltext \"><li class=\"\">R\u00e9solution de l\u2019\u00e9cran&nbsp;; <\/li><\/ul><ul class=\"zw-cgb-ul fulltext \"><li class=\"\">Navigateur utilis\u00e9&nbsp;; <\/li><\/ul><ul class=\"zw-cgb-ul fulltext \"><li class=\"\">Bande passante&nbsp;; <\/li><\/ul><ul class=\"zw-cgb-ul fulltext \"><li class=\"\">R\u00e9glages de la langue. <\/li><\/ul>        <\/div>\n      <\/div>\n    <\/div>\n\n\n\n\n    <div  class=\"zw-cgb  textblock black-color zw-content-pos-center  default-margin \">\n      <div class=\"row\">\n        <div class=\"zw-cgb-content col-12 g-0\">\n          <h2 class=\"zw-cgb headline \">IV. <strong>Traitements de donn\u00e9es sur notre site web.<\/strong><\/h2><h2 class=\"zw-cgb headline \">1. Fonctions du site web<\/h2>        <\/div>\n      <\/div>\n    <\/div>\n\n\n\n\n    <div  class=\"zw-cgb  textblock black-color zw-content-pos-center  default-margin \">\n      <div class=\"row\">\n        <div class=\"zw-cgb-content col-12 g-0\">\n          <h2 class=\"zw-cgb headline \">a. <strong>Mise \u00e0 disposition du site web et cr\u00e9ation de fichiers journaux<\/strong> <\/h2><p class=\" zw-cgb fulltext \"><strong>(1) Description et \u00e9tendue<\/strong><\/p><p class=\" zw-cgb fulltext \">Dans le cadre de la mise \u00e0 disposition de notre site web, nous traitons vos donn\u00e9es \u00e0 caract\u00e8re personnel dans le but de permettre une livraison sans erreur de notre site web sur votre PC ou votre appareil mobile. Pour ce faire, vos donn\u00e9es \u00e0 caract\u00e8re personnel doivent \u00eatre conserv\u00e9es pendant la dur\u00e9e de la session.<\/p><p class=\" zw-cgb fulltext \">Nous enregistrons \u00e9galement temporairement vos donn\u00e9es \u00e0 caract\u00e8re personnel dans des fichiers journaux afin de garantir le bon fonctionnement de notre site web et la s\u00e9curit\u00e9 de nos syst\u00e8mes informatiques. Vos donn\u00e9es \u00e0 caract\u00e8re personnel ne seront pas trait\u00e9es dans le fichiers journaux.<\/p><p class=\" zw-cgb fulltext \">Les donn\u00e9es \u00e0 caract\u00e8re personnel suivantes sont trait\u00e9es pour la mise \u00e0 disposition du site web et pour la cr\u00e9ation de fichiers journaux&nbsp;:<\/p><ul class=\"zw-cgb-ul fulltext \"><li class=\"\">Adresse IP&nbsp;; <\/li><\/ul><ul class=\"zw-cgb-ul fulltext \"><li class=\"\">Date d\u2019acc\u00e8s&nbsp;; <\/li><\/ul><ul class=\"zw-cgb-ul fulltext \"><li class=\"\">Heure d\u2019acc\u00e8s&nbsp;; <\/li><\/ul><ul class=\"zw-cgb-ul fulltext \"><li class=\"\">Le cas \u00e9ch\u00e9ant, le site web visit\u00e9 pr\u00e9c\u00e9demment&nbsp;; <\/li><\/ul><ul class=\"zw-cgb-ul fulltext \"><li class=\"\">Navigateur utilis\u00e9&nbsp;; <\/li><\/ul><ul class=\"zw-cgb-ul fulltext \"><li class=\"\">Syst\u00e8me d\u2019exploitation utilis\u00e9 <\/li><\/ul><p class=\" zw-cgb fulltext \"><strong>(2) Base juridique<\/strong><\/p><p class=\" zw-cgb fulltext \">Int\u00e9r\u00eat l\u00e9gitime, art.&nbsp;6, al. 1, p. 1, let. f du RGPD de l\u2019UE.<\/p><p class=\" zw-cgb fulltext \"><strong>(3) Objectif<\/strong><\/p><p class=\" zw-cgb fulltext \">L\u2019enregistrement de vos donn\u00e9es \u00e0 caract\u00e8re personnel dans des fichiers journaux a lieu afin de garantir le bon fonctionnement du site web et \u00e0 assurer la s\u00e9curit\u00e9 de nos syst\u00e8mes informatiques.<\/p><p class=\" zw-cgb fulltext \">Il y va \u00e9galement de notre int\u00e9r\u00eat l\u00e9gitime.<\/p><p class=\" zw-cgb fulltext \"><strong>(4) Dur\u00e9e de stockage<\/strong><\/p><p class=\" zw-cgb fulltext \">Vos donn\u00e9es \u00e0 caract\u00e8re personnel sont stock\u00e9es dans des fichiers journaux pendant la dur\u00e9e de la session ou pour une dur\u00e9e de 30 jours. En outre, dans le cadre de la mise \u00e0 disposition du site web, vos donn\u00e9es \u00e0 caract\u00e8re personnel ne sont enregistr\u00e9es que pour la dur\u00e9e de la session.<\/p><p class=\" zw-cgb fulltext \"><strong>(5)<\/strong> <strong>Possibilit\u00e9 d\u2019opposition et d\u2019\u00e9limination<\/strong><\/p><p class=\" zw-cgb fulltext \">Le traitement de vos donn\u00e9es \u00e0 caract\u00e8re personnel et l\u2019enregistrement de vos donn\u00e9es \u00e0 caract\u00e8re personnel dans des fichiers journaux sont imp\u00e9rativement n\u00e9cessaires \u00e0 la mise \u00e0 disposition du site web, \u00e0 la garantie du bon fonctionnement du site web et \u00e0 la garantie des syst\u00e8mes informatiques utilis\u00e9s. Par cons\u00e9quent, vous n\u2019avez pas la possibilit\u00e9 de vous y opposer.<\/p>        <\/div>\n      <\/div>\n    <\/div>\n\n\n\n\n    <div  class=\"zw-cgb  textblock black-color zw-content-pos-center  default-margin \">\n      <div class=\"row\">\n        <div class=\"zw-cgb-content col-12 g-0\">\n          <h2 class=\"zw-cgb headline \">b. <strong>Cookies n\u00e9cessaires d\u2019un point de vue technique<\/strong><\/h2><p class=\" zw-cgb fulltext \"><strong>(1) Description et \u00e9tendue<\/strong><\/p><p class=\" zw-cgb fulltext \">Nous traitons vos donn\u00e9es \u00e0 caract\u00e8re personnel dans le cadre des cookies techniquement n\u00e9cessaires car de nombreuses fonctions et services de notre site web, qui vous facilitent l\u2019utilisation de notre site web ou vous permettent de l\u2019utiliser, ne fonctionneraient pas correctement sans cookies (appel\u00e9s \u00ab&nbsp;cookies techniquement n\u00e9cessaires&nbsp;\u00bb).<\/p><p class=\" zw-cgb fulltext \">Nous enregistrons au moyen de ces cookies techniquement n\u00e9cessaires en partie des donn\u00e9es \u00e0 caract\u00e8re personnel vous concernant, qui ne sont toutefois utilis\u00e9es que pour la mise en \u0153uvre de ces fonctions et services. Vos donn\u00e9es \u00e0 caract\u00e8re personnel ne seront pas trait\u00e9es d\u2019une autre mani\u00e8re.<\/p><p class=\" zw-cgb fulltext \">Vous trouverez une liste des cookies techniquement n\u00e9cessaires que nous utilisons, leur objectif, leur dur\u00e9e de conservation ainsi que d\u2019autres informations dans notre banni\u00e8re de cookies.<\/p><p class=\" zw-cgb fulltext \">Les donn\u00e9es \u00e0 caract\u00e8re suivantes sont trait\u00e9es dans le cadre de l\u2019utilisation de cookies techniquement n\u00e9cessaires&nbsp;:<\/p><ul class=\"zw-cgb-ul fulltext \"><li class=\"\">Adresse IP&nbsp;; <\/li><\/ul><ul class=\"zw-cgb-ul fulltext \"><li class=\"\">R\u00e9glages de la langue de votre navigateur&nbsp;; <\/li><\/ul><ul class=\"zw-cgb-ul fulltext \"><li class=\"\">Navigateur utilis\u00e9&nbsp;; <\/li><\/ul><ul class=\"zw-cgb-ul fulltext \"><li class=\"\">Informations sur le panier d\u2019achat. <\/li><\/ul><p class=\" zw-cgb fulltext \"><strong>(2) Base juridique<\/strong><\/p><p class=\" zw-cgb fulltext \">Int\u00e9r\u00eat l\u00e9gitime, art. 25 al. 2 TDDDG (loi allemande sur la protection des donn\u00e9es dans les services num\u00e9riques dans les t\u00e9l\u00e9communications) en relation avec l\u2019art. 6 al. 1 p.&nbsp;1 lit. f RGPD de l\u2019UE.<\/p><p class=\" zw-cgb fulltext \"><strong>(3) Objectif<\/strong><\/p><p class=\" zw-cgb fulltext \">Le but du traitement des donn\u00e9es est de fournir les fonctions et les services de notre site web.<\/p><p class=\" zw-cgb fulltext \">Il y va \u00e9galement de notre int\u00e9r\u00eat l\u00e9gitime.<\/p><p class=\" zw-cgb fulltext \"><strong>(4) Dur\u00e9e de stockage<\/strong><\/p><p class=\" zw-cgb fulltext \">En r\u00e8gle g\u00e9n\u00e9rale, pour la dur\u00e9e de la session concern\u00e9e, sauf indication contraire dans les informations d\u00e9taill\u00e9es de la liste des cookies techniquement n\u00e9cessaires que nous utilisons.<\/p><p class=\" zw-cgb fulltext \"><strong>(5) Possibilit\u00e9 d\u2019opposition et d\u2019\u00e9limination<\/strong><\/p><p class=\" zw-cgb fulltext \">Les cookies techniques n\u00e9cessaires sont enregistr\u00e9s sur votre PC ou votre appareil mobile et transmis par celui-ci \u00e0 notre site web. Par cons\u00e9quent, vous avez un contr\u00f4le total sur l\u2019utilisation des cookies.<\/p><p class=\" zw-cgb fulltext \">En modifiant les param\u00e8tres de votre navigateur, vous pouvez d\u00e9sactiver ou limiter la transmission de cookies. Vous pouvez \u00e0 tout moment supprimer les cookies d\u00e9j\u00e0 enregistr\u00e9s. Cette suppression peut \u00e9galement \u00eatre automatique. Si les cookies sont d\u00e9sactiv\u00e9s pour notre site web, il se peut que toutes les fonctions du site web ne puissent plus \u00eatre utilis\u00e9es dans leur int\u00e9gralit\u00e9.<\/p>        <\/div>\n      <\/div>\n    <\/div>\n\n\n\n\n    <div  class=\"zw-cgb  textblock black-color zw-content-pos-center  default-margin \">\n      <div class=\"row\">\n        <div class=\"zw-cgb-content col-12 g-0\">\n          <h2 class=\"zw-cgb headline \">c. <strong>Cookies non indispensables d\u2019un point de vue technique<\/strong> <\/h2><p class=\" zw-cgb fulltext \">Dans la mesure o\u00f9 les fonctions et les services de notre site Internet impliquent l\u2019utilisation de cookies non indispensables d\u2019un point de vue technique, vous trouverez une liste de ces cookies, leur objectif, leur dur\u00e9e de conservation ainsi que d\u2019autres informations dans notre banni\u00e8re de cookies.<\/p>        <\/div>\n      <\/div>\n    <\/div>\n\n\n\n\n    <div  class=\"zw-cgb  textblock black-color zw-content-pos-center  default-margin \">\n      <div class=\"row\">\n        <div class=\"zw-cgb-content col-12 g-0\">\n          <h2 class=\"zw-cgb headline \">d. Portail des managers<\/h2><p class=\" zw-cgb fulltext \"><strong>(1) Description et \u00e9tendue<\/strong><\/p><p class=\" zw-cgb fulltext \">Nous traitons vos donn\u00e9es \u00e0 caract\u00e8re personnel dans notre portail des managers dans le cadre de l\u2019ex\u00e9cution de nos services. Pour ce faire, nous enregistrons les donn\u00e9es \u00e0 caract\u00e8re personnel suivantes&nbsp;:<\/p><ul class=\"zw-cgb-ul fulltext \"><li class=\"\">Civilit\u00e9&nbsp;; <\/li><\/ul><ul class=\"zw-cgb-ul fulltext \"><li class=\"\">Titre&nbsp;; <\/li><\/ul><ul class=\"zw-cgb-ul fulltext \"><li class=\"\">Pr\u00e9nom&nbsp;; <\/li><\/ul><ul class=\"zw-cgb-ul fulltext \"><li class=\"\">Nom&nbsp;; <\/li><\/ul><ul class=\"zw-cgb-ul fulltext \"><li class=\"\">Nationalit\u00e9&nbsp;; <\/li><\/ul><ul class=\"zw-cgb-ul fulltext \"><li class=\"\">Adresse&nbsp;; <\/li><\/ul><ul class=\"zw-cgb-ul fulltext \"><li class=\"\">Adresse e-mail&nbsp;; <\/li><\/ul><ul class=\"zw-cgb-ul fulltext \"><li class=\"\">Adresse IP&nbsp;; <\/li><\/ul><ul class=\"zw-cgb-ul fulltext \"><li class=\"\">Date de naissance&nbsp;; <\/li><\/ul><ul class=\"zw-cgb-ul fulltext \"><li class=\"\">Num\u00e9ro de t\u00e9l\u00e9phone&nbsp;; <\/li><\/ul><ul class=\"zw-cgb-ul fulltext \"><li class=\"\">Intitul\u00e9s de postes&nbsp;; <\/li><\/ul><ul class=\"zw-cgb-ul fulltext \"><li class=\"\">Exp\u00e9riences professionnelles&nbsp;; <\/li><\/ul><ul class=\"zw-cgb-ul fulltext \"><li class=\"\">Dipl\u00f4me de fin d\u2019\u00e9tudes&nbsp;; <\/li><\/ul><ul class=\"zw-cgb-ul fulltext \"><li class=\"\">Connaissances&nbsp;; <\/li><\/ul><ul class=\"zw-cgb-ul fulltext \"><li class=\"\">Comp\u00e9tences&nbsp;; <\/li><\/ul><ul class=\"zw-cgb-ul fulltext \"><li class=\"\">Connaissances linguistiques&nbsp;; <\/li><\/ul><ul class=\"zw-cgb-ul fulltext \"><li class=\"\">Certificats&nbsp;; <\/li><\/ul><ul class=\"zw-cgb-ul fulltext \"><li class=\"\">Temps de prestation&nbsp;; <\/li><\/ul><ul class=\"zw-cgb-ul fulltext \"><li class=\"\">Activit\u00e9 en qualit\u00e9 de manager de transition&nbsp;; <\/li><\/ul><ul class=\"zw-cgb-ul fulltext \"><li class=\"\">Int\u00e9r\u00eat pour une activit\u00e9 de manager de transition&nbsp;;<\/li><\/ul><p class=\" zw-cgb fulltext \"><strong>(2) Base juridique<\/strong><\/p><p class=\" zw-cgb fulltext \">La base juridique pour le traitement de vos donn\u00e9es \u00e0 caract\u00e8re personnel dans le cadre du portail des managers est l\u2019art. 6 al. 1 let. b RGPD de l\u2019UE.<\/p><p class=\" zw-cgb fulltext \"><strong>(3) Objectif<\/strong><\/p><p class=\" zw-cgb fulltext \">Le traitement de vos donn\u00e9es \u00e0 caract\u00e8re personnel dans le cadre de l\u2019enregistrement dans le portail des managers sert \u00e0 la cr\u00e9ation de votre compte au sein du portail des managers et \u00e0 l\u2019enregistrement dans notre base de donn\u00e9es des managers.<\/p><p class=\" zw-cgb fulltext \"><strong>(4) Dur\u00e9e de stockage<\/strong><\/p><p class=\" zw-cgb fulltext \">Vos donn\u00e9es \u00e0 caract\u00e8re personnel sont effac\u00e9es d\u00e8s qu\u2019elles ne sont plus n\u00e9cessaires \u00e0 la r\u00e9alisation de la finalit\u00e9 de leur traitement. C\u2019est le cas au plus tard en cas de cl\u00f4ture de votre compte sur le portail des managers ou dans la mesure o\u00f9 il n\u2019existe plus de d\u00e9lais de conservation l\u00e9gaux.<\/p><p class=\" zw-cgb fulltext \"><strong>(5)<\/strong> <strong>Possibilit\u00e9 d\u2019opposition et d\u2019\u00e9limination<\/strong><\/p><p class=\" zw-cgb fulltext \">Vous avez la possibilit\u00e9 de cl\u00f4turer votre compte \u00e0 tout moment sur le portail des managers. Dans ce cas, vos donn\u00e9es \u00e0 caract\u00e8re personnel seront effac\u00e9es, \u00e0 moins que des d\u00e9lais de conservation l\u00e9gaux ne s\u2019opposent \u00e0 leur effacement.<\/p>        <\/div>\n      <\/div>\n    <\/div>\n\n\n\n\n    <div  class=\"zw-cgb  textblock black-color zw-content-pos-center  default-margin \">\n      <div class=\"row\">\n        <div class=\"zw-cgb-content col-12 g-0\">\n          <h2 class=\"zw-cgb headline \">e. CV Parser<\/h2><p class=\" zw-cgb fulltext \"><strong>(1) Description et \u00e9tendue<\/strong><\/p><p class=\" zw-cgb fulltext \">Nous traitons vos donn\u00e9es \u00e0 caract\u00e8re personnel dans un CV Parser dans le cadre de l\u2019ex\u00e9cution de nos services. Pour ce faire, nous traitons les donn\u00e9es \u00e0 caract\u00e8re personnel suivantes&nbsp;:<\/p><p class=\" zw-cgb fulltext \">\u2022 Civilit\u00e9&nbsp;;<br>\u2022 Titre&nbsp;;<br>\u2022 Pr\u00e9nom&nbsp;;<br>\u2022 Nom&nbsp;;<br>\u2022 Adresse&nbsp;;<br>\u2022 Adresse e-mail&nbsp;;<br>\u2022 Date de naissance&nbsp;;<br>\u2022 Num\u00e9ro de t\u00e9l\u00e9phone&nbsp;;<br>\u2022 Intitul\u00e9s de postes&nbsp;;<br>\u2022 Exp\u00e9riences professionnelles&nbsp;;<br>\u2022 Dipl\u00f4me de fin d\u2019\u00e9tudes&nbsp;;<br>\u2022 Connaissances&nbsp;;<br>\u2022 Comp\u00e9tences&nbsp;;<br>\u2022 Connaissances linguistiques&nbsp;;<\/p><p class=\" zw-cgb fulltext \"><strong>(2) Base juridique<\/strong><\/p><p class=\" zw-cgb fulltext \">La base juridique pour le traitement de vos donn\u00e9es \u00e0 caract\u00e8re personnel dans le cadre du CV Parsing est l\u2019art.&nbsp;6. 1 let. f RGPD de l\u2019UE.<\/p><p class=\" zw-cgb fulltext \"><strong>(3) Objectif<\/strong><\/p><p class=\" zw-cgb fulltext \">Le traitement de vos donn\u00e9es \u00e0 caract\u00e8re personnel dans le cadre du CV Parsing sert \u00e0 transf\u00e9rer les donn\u00e9es du CV dans notre syst\u00e8me.<\/p><p class=\" zw-cgb fulltext \"><strong>(4) Dur\u00e9e de stockage<\/strong><\/p><p class=\" zw-cgb fulltext \">Vos donn\u00e9es \u00e0 caract\u00e8re personnel sont effac\u00e9es d\u00e8s qu\u2019elles ne sont plus n\u00e9cessaires \u00e0 la r\u00e9alisation de la finalit\u00e9 de leur traitement ou qu\u2019il n\u2019existe plus de d\u00e9lais de conservation l\u00e9gaux.<\/p><p class=\" zw-cgb fulltext \"><strong>(5) Possibilit\u00e9 d\u2019opposition et d\u2019\u00e9limination<\/strong><\/p><p class=\" zw-cgb fulltext \">Vous avez \u00e0 tout moment la possibilit\u00e9 de vous opposer au traitement en vous adressant \u00e0 personal@atreus.de. Dans ce cas, vos donn\u00e9es \u00e0 caract\u00e8re personnel seront effac\u00e9es, \u00e0 moins que des d\u00e9lais de conservation l\u00e9gaux ne s\u2019opposent \u00e0 leur effacement.<\/p>        <\/div>\n      <\/div>\n    <\/div>\n\n\n\n\n    <div  class=\"zw-cgb  textblock black-color zw-content-pos-center  default-margin \">\n      <div class=\"row\">\n        <div class=\"zw-cgb-content col-12 g-0\">\n          <h2 class=\"zw-cgb headline \">f. Podcast Podigee<\/h2><p class=\" zw-cgb fulltext \"><strong>(1) Description et \u00e9tendue<\/strong><\/p><p class=\" zw-cgb fulltext \">Pour la pr\u00e9sentation de contenus vid\u00e9o et audio, nous int\u00e9grons des vid\u00e9os Podigee ainsi que des contenus audio sur notre site web. Cela nous sert \u00e0 une pr\u00e9sentation attrayante, uniforme et ind\u00e9pendante de votre terminal des contenus vid\u00e9o sur notre site web. Podigee est un service de Podigee GmbH, Revaler Stra\u00dfe&nbsp;28, 10245 Berlin, Allemagne. <br> <br>Dans le cadre de l\u2019int\u00e9gration de vid\u00e9os ou de contenus audio Podigee, les donn\u00e9es \u00e0 caract\u00e8re personnel suivantes sont trait\u00e9es&nbsp;: <br> <br>Adresse IP&nbsp;; <br>Navigateur utilis\u00e9&nbsp;; <br>R\u00e9solution de l\u2019\u00e9cran. <br> <br>Lors de la lecture de la vid\u00e9o et du contenu audio Vimeo peut \u00eatre amen\u00e9 \u00e0 traiter d\u2019autres donn\u00e9es \u00e0 caract\u00e8re personnel. Pour plus d\u2019informations, veuillez consulter le site&nbsp;: <br> <br>https:\/\/www.podigee.com\/de\/ueber-uns\/datenschutz\/<\/p><p class=\" zw-cgb fulltext \"><strong>(2) Base juridique<\/strong><\/p><p class=\" zw-cgb fulltext \">La base juridique pour le traitement de vos donn\u00e9es \u00e0 caract\u00e8re personnel dans le cadre Podcast Podigee est l\u2019art. 6 al. 1 let. a RGPD de l\u2019UE.<\/p><p class=\" zw-cgb fulltext \"><strong>(3) Objectif<\/strong><\/p><p class=\" zw-cgb fulltext \">La finalit\u00e9 du traitement de vos donn\u00e9es \u00e0 caract\u00e8re personnel est de nous permettre de publier nos podcasts et d\u2019\u00e9valuer les statistiques sur les auditeurs de nos podcasts. Cela nous permet de commercialiser nos podcasts de mani\u00e8re plus efficace et plus cibl\u00e9e.<\/p><p class=\" zw-cgb fulltext \">Podigee est un service de Podigee GmbH, Schlesische Stra\u00dfe&nbsp;20, 10997 Berlin, Allemagne. Ces statistiques sont compil\u00e9es par Podigee GmbH et nous sont fournies sous forme pseudonymis\u00e9e ou anonyme.<\/p><p class=\" zw-cgb fulltext \"><strong>(4) Dur\u00e9e de stockage<\/strong><\/p><p class=\" zw-cgb fulltext \">Vos donn\u00e9es \u00e0 caract\u00e8re personnel sont effac\u00e9es d\u00e8s qu\u2019elles ne sont plus n\u00e9cessaires \u00e0 la r\u00e9alisation de la finalit\u00e9 de leur traitement.<\/p><p class=\" zw-cgb fulltext \"><strong>(5) Possibilit\u00e9 d\u2019opposition et d\u2019\u00e9limination<\/strong><\/p><p class=\" zw-cgb fulltext \">Si vous ne souhaitez pas que vos donn\u00e9es \u00e0 caract\u00e8re personnel soient trait\u00e9es par Podigee GmbH, vous avez la possibilit\u00e9 de retirer votre consentement \u00e0 tout moment. Vous y parvenez notamment en terminant le podcast et en quittant le blog de podcast.<\/p>        <\/div>\n      <\/div>\n    <\/div>\n\n\n\n\n    <div  class=\"zw-cgb  textblock black-color zw-content-pos-center  default-margin \">\n      <div class=\"row\">\n        <div class=\"zw-cgb-content col-12 g-0\">\n          <h2 class=\"zw-cgb headline \">g. Vid\u00e9os Vimeo<\/h2><p class=\" zw-cgb fulltext \"><strong>(1) Description et \u00e9tendue<\/strong><\/p><p class=\" zw-cgb fulltext \">Le traitement de vos donn\u00e9es \u00e0 caract\u00e8re personnel par l\u2019int\u00e9gration de vid\u00e9os Vimeo sert \u00e0 une pr\u00e9sentation attrayante, uniforme et ind\u00e9pendante de votre terminal des contenus vid\u00e9o sur notre site web. Vimeo est un service de Vimeo.com, Inc, 555 West 18th Street, New York, New York&nbsp;10011, USA. <br> <br>Dans le cadre de l\u2019int\u00e9gration de vid\u00e9os Vimeo, les donn\u00e9es \u00e0 caract\u00e8re personnel suivantes sont trait\u00e9es&nbsp;: <br> <br>Adresse IP&nbsp;; <br>Navigateur utilis\u00e9&nbsp;; <br>R\u00e9solution de l\u2019\u00e9cran. <br> <br>Lors de la lecture de la vid\u00e9o, Vimeo peut \u00eatre amen\u00e9 \u00e0 traiter d\u2019autres donn\u00e9es \u00e0 caract\u00e8re personnel. Pour plus d\u2019informations, veuillez consulter le site&nbsp;: <br> <br>https:\/\/vimeo.com\/privacy.<\/p><p class=\" zw-cgb fulltext \"><strong>(2) Base juridique<\/strong><\/p><p class=\" zw-cgb fulltext \">Consentement, art.&nbsp;6, al. 1, let. a du RGPD de l\u2019UE.<\/p><p class=\" zw-cgb fulltext \"><strong>(3) Objectif<\/strong><\/p><p class=\" zw-cgb fulltext \">Le but du traitement des donn\u00e9es est d\u2019int\u00e9grer des contenus vid\u00e9o de mani\u00e8re attrayante, uniforme et ind\u00e9pendante de votre terminal.<\/p><p class=\" zw-cgb fulltext \"><strong>(4) Dur\u00e9e de stockage<\/strong><\/p><p class=\" zw-cgb fulltext \">Nous ne traitons vos donn\u00e9es \u00e0 caract\u00e8re personnel que jusqu\u2019\u00e0 la fin de votre visite sur le site. Nous n\u2019avons aucune influence sur la suppression de vos donn\u00e9es \u00e0 caract\u00e8re chez Vimeo. Vous trouverez d\u2019autres informations sur les sites suivants&nbsp;: <br> <br>https:\/\/vimeo.com\/privacy.<\/p><p class=\" zw-cgb fulltext \"><strong>(5) Possibilit\u00e9 d\u2019opposition et d\u2019\u00e9limination<\/strong><\/p><p class=\" zw-cgb fulltext \">Vous avez la possibilit\u00e9 de r\u00e9voquer votre consentement \u00e0 tout moment. Cette r\u00e9vocation a lieu notamment en quittant l\u2019application et\/ou en chargeant \u00e0 nouveau la page web. <br> <br>Nous n\u2019avons aucune influence sur le traitement des donn\u00e9es par Vimeo. Vous trouverez plus d\u2019informations \u00e0 ce sujet sur&nbsp;: <br> <br><a href=\"https:\/\/vimeo.com\/privacy\" target=\"_blank\" rel=\"noreferrer noopener\">https:\/\/vimeo.com\/privacy<\/a>.<\/p>        <\/div>\n      <\/div>\n    <\/div>\n\n\n\n\n    <div  class=\"zw-cgb  textblock black-color zw-content-pos-center  default-margin \">\n      <div class=\"row\">\n        <div class=\"zw-cgb-content col-12 g-0\">\n          <h2 class=\"zw-cgb headline \">h. Google Fonts<\/h2><p class=\" zw-cgb fulltext \"><strong>(1)<\/strong> <strong>Description et \u00e9tendue<\/strong><\/p><p class=\" zw-cgb fulltext \">Pour la repr\u00e9sentation des polices de caract\u00e8res, nous int\u00e9grons Google Fonts sur notre site web.<strong> <\/strong>Cela nous sert \u00e0 une pr\u00e9sentation attrayante, uniforme et ind\u00e9pendante de votre terminal des contenus du texte sur notre site web.<strong> <\/strong>Google Fonts est un service de Google LLC, 1600 Amphitheatre Parkway, Mountain View, California&nbsp;94043, USA.<\/p><p class=\" zw-cgb fulltext \">Dans le cadre de l\u2019int\u00e9gration de Google Fonts, les donn\u00e9es \u00e0 caract\u00e8re personnel suivantes sont trait\u00e9es&nbsp;:<\/p><p class=\" zw-cgb fulltext \">Adresse IP&nbsp;;<\/p><p class=\" zw-cgb fulltext \">Navigateur utilis\u00e9&nbsp;;<\/p><p class=\" zw-cgb fulltext \">Syst\u00e8me d\u2019exploitation utilis\u00e9<\/p><p class=\" zw-cgb fulltext \"><strong>(2)<\/strong> <strong>Base juridique<\/strong><\/p><p class=\" zw-cgb fulltext \">La base juridique pour le traitement de vos donn\u00e9es \u00e0 caract\u00e8re personnel dans le cadre l\u2019int\u00e9gration de Google Fonts est l\u2019art. 6 al. 1 let. f RGPD de l\u2019UE.<\/p><p class=\" zw-cgb fulltext \"><strong>(3) Objectif<\/strong><\/p><p class=\" zw-cgb fulltext \">Le but du traitement des donn\u00e9es est d\u2019int\u00e9grer des contenus de texte de mani\u00e8re attrayante, uniforme et ind\u00e9pendante de votre terminal.<\/p><p class=\" zw-cgb fulltext \"><strong>(4) Dur\u00e9e de stockage<\/strong><\/p><p class=\" zw-cgb fulltext \">Nous ne traitons vos donn\u00e9es \u00e0 caract\u00e8re personnel que jusqu\u2019\u00e0 la fin de votre visite sur le site. Nous n\u2019avons aucune influence sur la suppression de vos donn\u00e9es \u00e0 caract\u00e8re personnel chez Google. Vous trouverez d\u2019autres informations sur les sites suivants&nbsp;: <br> <br>https:\/\/policies.google.com\/privacy?hl=de.<\/p><p class=\" zw-cgb fulltext \"><strong>(5) Possibilit\u00e9 d\u2019opposition et d\u2019\u00e9limination<\/strong><\/p><p class=\" zw-cgb fulltext \">Le traitement de vos donn\u00e9es \u00e0 caract\u00e8re personnel est imp\u00e9rativement n\u00e9cessaire \u00e0 la mise \u00e0 disposition du site web et \u00e0 la garantie du bon fonctionnement du site web. Par cons\u00e9quent, vous n\u2019avez pas la possibilit\u00e9 de vous y opposer. <br> <br>Nous n\u2019avons aucune influence sur le traitement des donn\u00e9es par Vimeo. Vous trouverez plus d\u2019informations \u00e0 ce sujet sur&nbsp;: <br> <br>https:\/\/policies.google.com\/privacy?hl=de<\/p>        <\/div>\n      <\/div>\n    <\/div>\n\n\n\n\n    <div  class=\"zw-cgb  textblock black-color zw-content-pos-center  default-margin \">\n      <div class=\"row\">\n        <div class=\"zw-cgb-content col-12 g-0\">\n          <h2 class=\"zw-cgb headline \">p. <strong>Google reCAPTCHA<\/strong><\/h2><p class=\" zw-cgb fulltext \"><strong>(1) Description et \u00e9tendue<\/strong><\/p><p class=\" zw-cgb fulltext \">Dans le cadre de la lutte contre le SPAM et de la protection contre les manipulations par \u00ab&nbsp;reCAPTCHA&nbsp;\u00bb, nous devons n\u00e9cessairement traiter vos donn\u00e9es \u00e0 caract\u00e8re personnel. Cela nous permet de prot\u00e9ger les champs de saisie mis \u00e0 disposition sur notre site web, par exemple dans le cadre des fonctions de commentaire et de contact, contre les contenus abusifs (\u00ab&nbsp;spam&nbsp;\u00bb) par des programmes robotis\u00e9s (\u00ab&nbsp;bots&nbsp;\u00bb). Google reCAPTCHA est un service de Google Ireland Limited, Gordon House, Barrow Street, Dublin&nbsp;4, Ireland. <br> <br>Dans le cadre de l\u2019int\u00e9gration de Google reCAPTCHA, les donn\u00e9es \u00e0 caract\u00e8re personnel suivantes sont trait\u00e9es&nbsp;: <br> <br>Adresse IP&nbsp;; <br>Date de l\u2019acc\u00e8s&nbsp;; <br>Heure de l\u2019acc\u00e8s&nbsp;; <br>Site web pr\u00e9c\u00e9demment visit\u00e9&nbsp;; <br>Navigateur utilis\u00e9&nbsp;; <br>Syst\u00e8me d\u2019exploitation utilis\u00e9&nbsp;; <br>Comportement de la souris et du clavier&nbsp;; <br>Date de votre syst\u00e8me d\u2019exploitation&nbsp;; <br>R\u00e9glages de la langue de votre syst\u00e8me d\u2019exploitation&nbsp;; <br>R\u00e9solution de l\u2019\u00e9cran. <br> <br>L\u2019utilisation du service Google reCAPTCHA peut entra\u00eener le traitement d\u2019autres donn\u00e9es \u00e0 caract\u00e8re personnel. Pour plus d\u2019informations, veuillez consulter le site&nbsp;: <br> <br><a href=\"https:\/\/policies.google.com\/privacy?hl=de&amp;gl=de\" target=\"_blank\" rel=\"noreferrer noopener\">https:\/\/policies.google.com\/privacy?hl=de&amp;gl=de<\/a><\/p><p class=\" zw-cgb fulltext \"><strong>(2) Base juridique<\/strong><\/p><p class=\" zw-cgb fulltext \">Consentement, art.&nbsp;6, al. 1, let. a du RGPD de l\u2019UE.<\/p><p class=\" zw-cgb fulltext \"><strong>(3) Objectif<\/strong><\/p><p class=\" zw-cgb fulltext \">Le but du traitement des donn\u00e9es est de lutter contre les SPAM et de prot\u00e9ger contre les manipulations.<\/p><p class=\" zw-cgb fulltext \"><strong>(4) Dur\u00e9e de stockage<\/strong><\/p><p class=\" zw-cgb fulltext \">Nous ne traitons vos donn\u00e9es \u00e0 caract\u00e8re personnel que jusqu\u2019\u00e0 la fin de votre visite sur notre site web. <br> <br>Nous n\u2019avons aucune influence sur le stockage de vos donn\u00e9es par Google. Pour plus d\u2019informations sur la dur\u00e9e de conservation de vos donn\u00e9es \u00e0 caract\u00e8re par Google, veuillez consulter le site&nbsp;: <br> <br><a href=\"https:\/\/policies.google.com\/technologies\/retention?hl=de&amp;gl=de\" target=\"_blank\" rel=\"noreferrer noopener\">https:\/\/policies.google.com\/technologies\/retention?hl=de&amp;gl=de<\/a><\/p><p class=\" zw-cgb fulltext \"><strong>(5) Possibilit\u00e9 d\u2019opposition et d\u2019\u00e9limination<\/strong><\/p><p class=\" zw-cgb fulltext \">Vous avez la possibilit\u00e9 de r\u00e9voquer votre consentement \u00e0 tout moment.<\/p>        <\/div>\n      <\/div>\n    <\/div>\n\n\n\n\n    <div  class=\"zw-cgb  textblock black-color zw-content-pos-center  default-margin \">\n      <div class=\"row\">\n        <div class=\"zw-cgb-content col-12 g-0\">\n          <h2 class=\"zw-cgb headline \">j. Inscription \u00e0 un \u00e9v\u00e9nement<\/h2><p class=\" zw-cgb fulltext \"><strong>(1) Description et \u00e9tendue<\/strong><\/p><p class=\" zw-cgb fulltext \">Dans le cadre de l\u2019inscription \u00e0 un \u00e9v\u00e9nement, les donn\u00e9es \u00e0 caract\u00e8re personnel suivantes sont trait\u00e9es&nbsp;:<\/p><ul class=\"zw-cgb-ul fulltext \"><li class=\"\">Civilit\u00e9&nbsp;; <\/li><\/ul><ul class=\"zw-cgb-ul fulltext \"><li class=\"\">Titre&nbsp;; <\/li><\/ul><ul class=\"zw-cgb-ul fulltext \"><li class=\"\">Pr\u00e9nom&nbsp;; <\/li><\/ul><ul class=\"zw-cgb-ul fulltext \"><li class=\"\">Nom&nbsp;; <\/li><\/ul><ul class=\"zw-cgb-ul fulltext \"><li class=\"\">Adresse e-mail&nbsp;; <\/li><\/ul><ul class=\"zw-cgb-ul fulltext \"><li class=\"\">Num\u00e9ro de t\u00e9l\u00e9phone&nbsp;; <\/li><\/ul><ul class=\"zw-cgb-ul fulltext \"><li class=\"\">Activit\u00e9 en qualit\u00e9 de manager de transition&nbsp;; <\/li><\/ul><ul class=\"zw-cgb-ul fulltext \"><li class=\"\">Int\u00e9r\u00eat pour une activit\u00e9 de manager de transition&nbsp;;<\/li><\/ul><p class=\" zw-cgb fulltext \"><strong>(2) Base juridique<\/strong><\/p><p class=\" zw-cgb fulltext \">Consentement, art.&nbsp;6, al. 1, p. 1, let. a du RGPD de l\u2019UE.<\/p><p class=\" zw-cgb fulltext \"><strong>(3) Objectif<\/strong><\/p><p class=\" zw-cgb fulltext \">La finalit\u00e9 du traitement des donn\u00e9es est l\u2019inscription \u00e0 un \u00e9v\u00e9nement souhait\u00e9.<\/p><p class=\" zw-cgb fulltext \"><strong>(4) Dur\u00e9e de stockage<\/strong><\/p><p class=\" zw-cgb fulltext \">La dur\u00e9e de conservation de vos donn\u00e9es \u00e0 caract\u00e8re personnel d\u00e9pend de la dur\u00e9e de votre consentement.<\/p><p class=\" zw-cgb fulltext \"><strong>(5) Droit d\u2019opposition et d\u2019\u00e9limination<\/strong><\/p><p class=\" zw-cgb fulltext \">Vous avez la possibilit\u00e9 de r\u00e9voquer votre consentement \u00e0 tout moment. Pour ce faire, veuillez vous adresser \u00e0 <a href=\"mailto:mail@atreus.de\" target=\"_blank\" rel=\"noreferrer noopener\">mail@atreus.de<\/a> ou events@atreus.de. Dans ce cas, vos donn\u00e9es \u00e0 caract\u00e8re personnel seront effac\u00e9es et nous ne pourrons plus vous inclure dans diffusion de notre lettre d\u2019information.<\/p>        <\/div>\n      <\/div>\n    <\/div>\n\n\n\n\n    <div  class=\"zw-cgb  textblock black-color zw-content-pos-center  default-margin \">\n      <div class=\"row\">\n        <div class=\"zw-cgb-content col-12 g-0\">\n          <h2 class=\"zw-cgb headline \">2. Prise de contact<\/h2>        <\/div>\n      <\/div>\n    <\/div>\n\n\n\n\n    <div  class=\"zw-cgb  textblock black-color zw-content-pos-center  default-margin \">\n      <div class=\"row\">\n        <div class=\"zw-cgb-content col-12 g-0\">\n          <h2 class=\"zw-cgb headline \">a. Formulaire de contact et contact par courrier \u00e9lectronique<\/h2><p class=\" zw-cgb fulltext \"><strong>(1) Description et \u00e9tendue<\/strong><\/p><p class=\" zw-cgb fulltext \">Dans le cadre du formulaire de contact et de la prise de contact par e-mail, les donn\u00e9es \u00e0 caract\u00e8re personnel suivantes sont trait\u00e9es&nbsp;:<\/p><ul class=\"zw-cgb-ul fulltext \"><li class=\"\">Civilit\u00e9&nbsp;; <\/li><\/ul><ul class=\"zw-cgb-ul fulltext \"><li class=\"\">Titre&nbsp;; <\/li><\/ul><ul class=\"zw-cgb-ul fulltext \"><li class=\"\">Pr\u00e9nom&nbsp;; <\/li><\/ul><ul class=\"zw-cgb-ul fulltext \"><li class=\"\">Nom&nbsp;; <\/li><\/ul><ul class=\"zw-cgb-ul fulltext \"><li class=\"\">Adresse e-mail&nbsp;; <\/li><\/ul><ul class=\"zw-cgb-ul fulltext \"><li class=\"\">Num\u00e9ro de t\u00e9l\u00e9phone&nbsp;; <\/li><\/ul><ul class=\"zw-cgb-ul fulltext \"><li class=\"\">Activit\u00e9 en qualit\u00e9 de manager de transition&nbsp;; <\/li><\/ul><ul class=\"zw-cgb-ul fulltext \"><li class=\"\">Int\u00e9r\u00eat pour une activit\u00e9 de manager de transition&nbsp;; <\/li><\/ul><ul class=\"zw-cgb-ul fulltext \"><li class=\"\">Contenu du message. <\/li><\/ul><p class=\" zw-cgb fulltext \"><strong>(2) Base juridique <\/strong><\/p><p class=\" zw-cgb fulltext \">Int\u00e9r\u00eat l\u00e9gitime, art.&nbsp;6, al. 1, p. 1, let. f du RGPD de l\u2019UE.<\/p><p class=\" zw-cgb fulltext \"><strong>(3) Objectif <\/strong><\/p><p class=\" zw-cgb fulltext \">Le but du traitement des donn\u00e9es est de traiter votre demande.<\/p><p class=\" zw-cgb fulltext \"><strong>(4) Dur\u00e9e de stockage <\/strong><\/p><p class=\" zw-cgb fulltext \">Vos donn\u00e9es \u00e0 caract\u00e8re personnel sont effac\u00e9es d\u00e8s qu\u2019elles ne sont plus n\u00e9cessaires \u00e0 la r\u00e9alisation de la finalit\u00e9 de leur traitement. En g\u00e9n\u00e9ral, elles ne sont plus n\u00e9cessaires lorsque votre demande est trait\u00e9e, \u00e0 moins que des d\u00e9lais de conservation plus longs ne s\u2019appliquent.<\/p><p class=\" zw-cgb fulltext \"><strong>(5) Possibilit\u00e9 d\u2019opposition et d\u2019\u00e9limination <\/strong><\/p><p class=\" zw-cgb fulltext \">Vous avez \u00e0 tout moment la possibilit\u00e9 de vous opposer pour l\u2019avenir au traitement de vos donn\u00e9es \u00e0 caract\u00e8re personnel dans le cadre de la prise de contact. Dans ce cas, nous ne pourrons toutefois pas donner suite \u00e0 votre demande. Toutes les donn\u00e9es \u00e0 caract\u00e8re personnel enregistr\u00e9es lors de la prise de contact seront alors effac\u00e9es, \u00e0 moins que des d\u00e9lais de conservation l\u00e9gaux ne s\u2019opposent \u00e0 leur effacement. Dans ce cas, vos donn\u00e9es \u00e0 caract\u00e8re personnel sont bloqu\u00e9es jusqu\u2019\u00e0 la fin des d\u00e9lais de conservation l\u00e9gaux.<\/p>        <\/div>\n      <\/div>\n    <\/div>\n\n\n\n\n    <div  class=\"zw-cgb  textblock black-color zw-content-pos-center  default-margin \">\n      <div class=\"row\">\n        <div class=\"zw-cgb-content col-12 g-0\">\n          <h2 class=\"zw-cgb headline \">3. Marketing<\/h2>        <\/div>\n      <\/div>\n    <\/div>\n\n\n\n\n    <div  class=\"zw-cgb  textblock black-color zw-content-pos-center  default-margin \">\n      <div class=\"row\">\n        <div class=\"zw-cgb-content col-12 g-0\">\n          <h2 class=\"zw-cgb headline \">a. Lettre d\u2019information<\/h2><p class=\" zw-cgb fulltext \"><strong>(1) Description et \u00e9tendue<\/strong><\/p><p class=\" zw-cgb fulltext \">Les donn\u00e9es \u00e0 caract\u00e8re personnel suivantes sont trait\u00e9es pour la diffusion de notre lettre d&#8217;information&nbsp;:<\/p><ul class=\"zw-cgb-ul fulltext \"><li class=\"\">Civilit\u00e9&nbsp;; <\/li><\/ul><ul class=\"zw-cgb-ul fulltext \"><li class=\"\">Titre&nbsp;; <\/li><\/ul><ul class=\"zw-cgb-ul fulltext \"><li class=\"\">Pr\u00e9nom&nbsp;; <\/li><\/ul><ul class=\"zw-cgb-ul fulltext \"><li class=\"\">Nom&nbsp;; <\/li><\/ul><ul class=\"zw-cgb-ul fulltext \"><li class=\"\">Adresse e-mail&nbsp;; <\/li><\/ul><ul class=\"zw-cgb-ul fulltext \"><li class=\"\">Entreprise&nbsp;; <\/li><\/ul><ul class=\"zw-cgb-ul fulltext \"><li class=\"\">Activit\u00e9 en qualit\u00e9 de manager de transition&nbsp;;<\/li><\/ul><p class=\" zw-cgb fulltext \"><strong>(2) Base juridique<\/strong><\/p><p class=\" zw-cgb fulltext \">Consentement, art.&nbsp;6, al. 1, p. 1, let. a du RGPD de l\u2019UE.<\/p><p class=\" zw-cgb fulltext \"><strong>(3) Objectif<\/strong><\/p><p class=\" zw-cgb fulltext \">La finalit\u00e9 du traitement des donn\u00e9es est la diffusion de notre lettre d\u2019information.<\/p><p class=\" zw-cgb fulltext \"><strong>(4) Dur\u00e9e de stockage<\/strong><\/p><p class=\" zw-cgb fulltext \">La dur\u00e9e de conservation de vos donn\u00e9es \u00e0 caract\u00e8re personnel d\u00e9pend de la dur\u00e9e de votre consentement.<\/p><p class=\" zw-cgb fulltext \"><strong>(5) Possibilit\u00e9 d\u2019opposition et d\u2019\u00e9limination<\/strong><\/p><p class=\" zw-cgb fulltext \">Vous avez la possibilit\u00e9 de r\u00e9voquer votre consentement \u00e0 tout moment. Pour ce faire, vous devez vous d\u00e9sinscrire de la lettre d\u2019information. Dans ce cas, vos donn\u00e9es \u00e0 caract\u00e8re personnel seront effac\u00e9es et nous ne pourrons plus vous inclure dans diffusion de notre lettre d\u2019information.<\/p>        <\/div>\n      <\/div>\n    <\/div>\n\n\n\n\n    <div  class=\"zw-cgb  textblock black-color zw-content-pos-center  default-margin \">\n      <div class=\"row\">\n        <div class=\"zw-cgb-content col-12 g-0\">\n          <h2 class=\"zw-cgb headline \">b. Marketing direct<\/h2><p class=\" zw-cgb fulltext \"><strong>(1) Description et \u00e9tendue<\/strong><\/p><p class=\" zw-cgb fulltext \">Les donn\u00e9es \u00e0 caract\u00e8re personnel suivantes sont collect\u00e9es pour l\u2019envoi d\u2019informations, d\u2019offres et, le cas \u00e9ch\u00e9ant, la promotion des ventes par la vente de biens ou de services&nbsp;:<\/p><ul class=\"zw-cgb-ul fulltext \"><li class=\"\">Pr\u00e9nom&nbsp;; <\/li><\/ul><ul class=\"zw-cgb-ul fulltext \"><li class=\"\">Nom&nbsp;; <\/li><\/ul><ul class=\"zw-cgb-ul fulltext \"><li class=\"\">Sexe&nbsp;; <\/li><\/ul><ul class=\"zw-cgb-ul fulltext \"><li class=\"\">Titre du job&nbsp;; <\/li><\/ul><ul class=\"zw-cgb-ul fulltext \"><li class=\"\">Fonction&nbsp;; <\/li><\/ul><ul class=\"zw-cgb-ul fulltext \"><li class=\"\">Dipl\u00f4me universitaire&nbsp;; <\/li><\/ul><ul class=\"zw-cgb-ul fulltext \"><li class=\"\">Raison sociale&nbsp;: <\/li><\/ul><ul class=\"zw-cgb-ul fulltext \"><li class=\"\">Num\u00e9ro de t\u00e9l\u00e9phone&nbsp;;<\/li><\/ul><p class=\" zw-cgb fulltext \"><strong>(2) Base juridique<\/strong><\/p><p class=\" zw-cgb fulltext \">La base juridique pour le traitement de vos donn\u00e9es \u00e0 caract\u00e8re personnel dans le cadre de mesures de marketing direct est soit le consentement que vous avez donn\u00e9 conform\u00e9ment \u00e0 l\u2019art.&nbsp;6, al. 1 let. a du RGPD de l\u2019UE, soit l\u2019autorisation l\u00e9gale vis\u00e9e \u00e0 l\u2019art. 6 al. 1 let. f RGPD de l\u2019UE, respectivement l\u2019art.&nbsp;7, al. 3 UWG (LOI F\u00c9D\u00c9RALE CONTRE LA CONCURRENCE D\u00c9LOYALE).<\/p><p class=\" zw-cgb fulltext \"><strong>(3) Objectif<\/strong><\/p><p class=\" zw-cgb fulltext \">La finalit\u00e9 du traitement de vos donn\u00e9es \u00e0 caract\u00e8re personnel dans le cadre de mesures de marketing direct est l\u2019envoi d\u2019informations, d\u2019offres et, le cas \u00e9ch\u00e9ant, la promotion des ventes par la vente de biens ou de services.<\/p><p class=\" zw-cgb fulltext \"><strong>(4) Dur\u00e9e de stockage<\/strong><\/p><p class=\" zw-cgb fulltext \">Vos donn\u00e9es \u00e0 caract\u00e8re personnel sont effac\u00e9es d\u00e8s qu\u2019elles ne sont plus n\u00e9cessaires \u00e0 la r\u00e9alisation de la finalit\u00e9 de leur traitement&nbsp;; c\u2019est notamment le cas lorsque vous recevez la r\u00e9vocation ou l\u2019opposition.<\/p><p class=\" zw-cgb fulltext \"><strong>(5) Possibilit\u00e9 d\u2019opposition et d\u2019\u00e9limination<\/strong><\/p><p class=\" zw-cgb fulltext \">Vous pouvez \u00e0 tout moment r\u00e9voquer pour l\u2019avenir votre consentement au traitement de vos donn\u00e9es \u00e0 caract\u00e8re personnel dans le cadre de mesures de marketing direct ou vous opposer \u00e0 ce traitement.<\/p>        <\/div>\n      <\/div>\n    <\/div>\n\n\n\n\n    <div  class=\"zw-cgb  textblock black-color zw-content-pos-center  default-margin \">\n      <div class=\"row\">\n        <div class=\"zw-cgb-content col-12 g-0\">\n          <h2 class=\"zw-cgb headline \">C. Jeux-concours<\/h2><p class=\" zw-cgb fulltext \"><strong>(1) \u00c9tendue et description<\/strong><\/p><p class=\" zw-cgb fulltext \">Sur notre site web, nous offrons aux visiteurs la possibilit\u00e9 de participer \u00e0 nos jeux-concours. Vos donn\u00e9es \u00e0 caract\u00e8re personnel sont trait\u00e9es dans le cadre de l\u2019inscription pour participer \u00e0 ces jeux-concours et de l\u2019organisation des jeux-concours.<\/p><p class=\" zw-cgb fulltext \">Dans le cadre de l\u2019organisation du jeu-concours, les donn\u00e9es \u00e0 caract\u00e8re personnel suivantes sont trait\u00e9es&nbsp;:<\/p><ul class=\"zw-cgb-ul fulltext \"><li class=\"\">Civilit\u00e9&nbsp;; <\/li><\/ul><ul class=\"zw-cgb-ul fulltext \"><li class=\"\">Pr\u00e9nom&nbsp;; <\/li><\/ul><ul class=\"zw-cgb-ul fulltext \"><li class=\"\">Nom&nbsp;; <\/li><\/ul><ul class=\"zw-cgb-ul fulltext \"><li class=\"\">Adresse&nbsp;; <\/li><\/ul><ul class=\"zw-cgb-ul fulltext \"><li class=\"\">Adresse e-mail&nbsp;; <\/li><\/ul><ul class=\"zw-cgb-ul fulltext \"><li class=\"\">Le num\u00e9ro ci-dessus.<\/li><\/ul><p class=\" zw-cgb fulltext \"><strong>(2) Base juridique<\/strong><\/p><p class=\" zw-cgb fulltext \">Ex\u00e9cution du contrat, art.&nbsp;6, al. 1, p. 1, let. b du RGPD de l\u2019UE.<\/p><p class=\" zw-cgb fulltext \"><strong>(3) Objectif<\/strong><\/p><p class=\" zw-cgb fulltext \">La finalit\u00e9 du traitement des donn\u00e9es est l\u2019ex\u00e9cution du contrat de participation au jeu-concours.<\/p><p class=\" zw-cgb fulltext \"><strong>(4) Dur\u00e9e de stockage<\/strong><\/p><p class=\" zw-cgb fulltext \">Jusqu\u2019\u00e0 l\u2019ex\u00e9cution compl\u00e8te du jeu-concours.<\/p><p class=\" zw-cgb fulltext \"><strong>(5) Possibilit\u00e9 d\u2019opposition et d\u2019\u00e9limination<\/strong><\/p><p class=\" zw-cgb fulltext \">Vous avez \u00e0 tout moment la possibilit\u00e9 de vous opposer pour l\u2019avenir au traitement de vos donn\u00e9es \u00e0 caract\u00e8re personnel dans le cadre de la participation au jeu-concours. Dans ce cas, vous pouvez ne plus participer au jeu-concours. Dans ce cas, toutes les donn\u00e9es \u00e0 caract\u00e8re personnel enregistr\u00e9es dans le cadre d\u2019une participation au jeu-concours sont supprim\u00e9es.<\/p>        <\/div>\n      <\/div>\n    <\/div>\n\n\n\n\n    <div  class=\"zw-cgb  textblock black-color zw-content-pos-center  default-margin \">\n      <div class=\"row\">\n        <div class=\"zw-cgb-content col-12 g-0\">\n          <h2 class=\"zw-cgb headline \">d. <strong>Analyse web par Matomo (anciennement PIWIK)<\/strong><\/h2><p class=\" zw-cgb fulltext \"><strong>(1) Description et \u00e9tendue<\/strong><\/p><p class=\" zw-cgb fulltext \">Dans le cadre de l\u2019analyse web, nous utilisons l\u2019outil logiciel open source Matomo (anciennement PIWIK) pour analyser votre comportement de navigation. Lorsque des pages individuelles de notre site web sont consult\u00e9es, les donn\u00e9es suivantes sont enregistr\u00e9es&nbsp;:<\/p><ul class=\"zw-cgb-ul fulltext \"><li class=\"\">Deux octets de l\u2019adresse IP du syst\u00e8me appelant&nbsp;; <\/li><\/ul><ul class=\"zw-cgb-ul fulltext \"><li class=\"\">La page web consult\u00e9e&nbsp;; <\/li><\/ul><ul class=\"zw-cgb-ul fulltext \"><li class=\"\">Le site web \u00e0 partir duquel vous avez acc\u00e9d\u00e9 au site web consult\u00e9 (referrer)&nbsp;; <\/li><\/ul><ul class=\"zw-cgb-ul fulltext \"><li class=\"\">Les sous-pages consult\u00e9es \u00e0 partir de la page web consult\u00e9e&nbsp;; <\/li><\/ul><ul class=\"zw-cgb-ul fulltext \"><li class=\"\">Le temps pass\u00e9 sur le site&nbsp;; <\/li><\/ul><ul class=\"zw-cgb-ul fulltext \"><li class=\"\">La fr\u00e9quence de consultation du site. <\/li><\/ul><p class=\" zw-cgb fulltext \">Le logiciel fonctionne alors exclusivement sur les serveurs de notre site web. Un enregistrement des donn\u00e9es \u00e0 caract\u00e8re personnel des utilisateurs n\u2019a lieu qu\u2019ici. Les donn\u00e9es ne sont pas transmises \u00e0 des tiers.<\/p><p class=\" zw-cgb fulltext \"><strong>(2) Base juridique<\/strong><\/p><p class=\" zw-cgb fulltext \">Int\u00e9r\u00eat l\u00e9gitime, art.&nbsp;6, al. 1, p. 1, let. f du RGPD de l\u2019UE.<\/p><p class=\" zw-cgb fulltext \"><strong>(3) Objectif<\/strong><\/p><p class=\" zw-cgb fulltext \">La finalit\u00e9 du traitement des donn\u00e9es est d\u2019analyser votre comportement de navigation. Gr\u00e2ce \u00e0 l\u2019\u00e9valuation des donn\u00e9es obtenues, nous sommes en mesure de rassembler des informations sur l\u2019utilisation des diff\u00e9rents composants de notre site web. Cela nous permet d\u2019am\u00e9liorer en permanence notre site web et sa convivialit\u00e9.<\/p><p class=\" zw-cgb fulltext \"><strong>(4) Dur\u00e9e de stockage<\/strong><\/p><p class=\" zw-cgb fulltext \">Les donn\u00e9es sont effac\u00e9es d\u00e8s qu\u2019elles ne sont plus n\u00e9cessaires \u00e0 nos fins d\u2019enregistrement. Dans notre cas, elles sont effac\u00e9es apr\u00e8s 3 mois.<\/p><p class=\" zw-cgb fulltext \"><strong>(5) Possibilit\u00e9 d\u2019opposition et d\u2019\u00e9limination<\/strong><\/p><p class=\" zw-cgb fulltext \">Vous pouvez \u00e0 tout moment vous opposer au traitement de vos donn\u00e9es \u00e0 caract\u00e8re personnel dans le cadre de l\u2019analyse web pour l\u2019avenir. <br> <br>En modifiant les param\u00e8tres de votre Navigateur Internet, vous pouvez d\u00e9sactiver ou limiter le stockage de cookies. Les cookies d\u00e9j\u00e0 enregistr\u00e9s peuvent \u00eatre supprim\u00e9s \u00e0 tout moment. Cette suppression peut \u00e9galement \u00eatre automatique. Si les cookies sont d\u00e9sactiv\u00e9s pour notre site web il se peut que toutes les fonctions du site web ne puissent plus \u00eatre utilis\u00e9es dans leur int\u00e9gralit\u00e9. <br> <br>De plus amples informations sur le traitement de vos donn\u00e9es \u00e0 caract\u00e8re personnel par Matomo peuvent \u00eatre consult\u00e9es \u00e0 l\u2019adresse suivante&nbsp;: <br> <br><a href=\"https:\/\/matomo.org\/docs\/privacy\/\" target=\"_blank\" rel=\"noreferrer noopener\">https:\/\/matomo.org\/docs\/privacy\/<\/a><\/p>        <\/div>\n      <\/div>\n    <\/div>\n\n\n\n\n    <div  class=\"zw-cgb  textblock black-color zw-content-pos-center  default-margin \">\n      <div class=\"row\">\n        <div class=\"zw-cgb-content col-12 g-0\">\n          <h2 class=\"zw-cgb headline \">e. Plugins sociaux<\/h2><p class=\" zw-cgb fulltext \"><strong>(1) Description et \u00e9tendue<\/strong><\/p><p class=\" zw-cgb fulltext \">Sur notre site web, nous vous offrons la possibilit\u00e9 de marquer les contenus et les publications que nous avons int\u00e9gr\u00e9s directement par le biais du site web avec \u00ab&nbsp;J\u2019aime&nbsp;\u00bb ou de commenter ou de partager ces publications.<\/p><p class=\" zw-cgb fulltext \">Dans le cadre de l\u2019int\u00e9gration de plugins sociaux, les donn\u00e9es \u00e0 caract\u00e8re personnel suivantes sont trait\u00e9es&nbsp;:<\/p><ul class=\"zw-cgb-ul fulltext \"><li class=\"\">Adresse IP&nbsp;; <\/li><\/ul><ul class=\"zw-cgb-ul fulltext \"><li class=\"\">R\u00e9solution de l\u2019\u00e9cran&nbsp;; <\/li><\/ul><ul class=\"zw-cgb-ul fulltext \"><li class=\"\">Publication partag\u00e9e&nbsp;; <\/li><\/ul><ul class=\"zw-cgb-ul fulltext \"><li class=\"\">Nom d\u2019utilisateur&nbsp;; <\/li><\/ul><ul class=\"zw-cgb-ul fulltext \"><li class=\"\">Adresse e-mail&nbsp;;<\/li><\/ul><p class=\" zw-cgb fulltext \"><strong>(2) Base juridique<\/strong><\/p><p class=\" zw-cgb fulltext \">Consentement, art.&nbsp;6, al. 1, p. 1, let. a du RGPD de l\u2019UE.<\/p><p class=\" zw-cgb fulltext \"><strong>(3) Objectif<\/strong><\/p><p class=\" zw-cgb fulltext \">La finalit\u00e9 du traitement des donn\u00e9es est de commenter et de partager le contenu et les publication que nous avons int\u00e9gr\u00e9s sur notre site web.<\/p><p class=\" zw-cgb fulltext \"><strong>(4) Dur\u00e9e de stockage<\/strong><\/p><p class=\" zw-cgb fulltext \">La dur\u00e9e de conservation de vos donn\u00e9es \u00e0 caract\u00e8re personnel d\u00e9pend de la dur\u00e9e du consentement.<\/p><p class=\" zw-cgb fulltext \"><strong>(5) Possibilit\u00e9 d\u2019opposition et d\u2019\u00e9limination<\/strong><\/p><p class=\" zw-cgb fulltext \">Vos donn\u00e9es \u00e0 caract\u00e8re personnel ne sont transmises \u00e0 la plateforme de m\u00e9dias sociaux que si vous cliquez sur le \u00ab&nbsp;plugin social&nbsp;\u00bb. Vous avez donc un contr\u00f4le total sur la transmission de vos donn\u00e9es \u00e0 caract\u00e8re personnels \u00e0 la plateforme de m\u00e9dias sociaux concern\u00e9e.<\/p><p class=\" zw-cgb fulltext \">Vous avez la possibilit\u00e9 de r\u00e9voquer votre consentement \u00e0 tout moment. Pour ce faire, vous pouvez annuler votre interaction avec le \u00ab&nbsp;plugin social&nbsp;\u00bb.<\/p>        <\/div>\n      <\/div>\n    <\/div>\n\n\n\n\n    <div  class=\"zw-cgb  textblock black-color zw-content-pos-center  default-margin \">\n      <div class=\"row\">\n        <div class=\"zw-cgb-content col-12 g-0\">\n          <h2 class=\"zw-cgb headline \">4. <strong>Protection des donn\u00e9es et droit<\/strong> <\/h2>        <\/div>\n      <\/div>\n    <\/div>\n\n\n\n\n    <div  class=\"zw-cgb  textblock black-color zw-content-pos-center  default-margin \">\n      <div class=\"row\">\n        <div class=\"zw-cgb-content col-12 g-0\">\n          <h2 class=\"zw-cgb headline \">a. <strong>Exercice de vos droits en tant que personne concern\u00e9e conform\u00e9ment aux articles 12 et suivants du RGPD de l\u2019UE.<\/strong><\/h2><p class=\" zw-cgb fulltext \"><strong>(1) Description et \u00e9tendue <\/strong><\/p><p class=\" zw-cgb fulltext \">Nous traitons vos donn\u00e9es \u00e0 caract\u00e8re personnel dans le cadre du traitement des droits des personnes concern\u00e9es. Dans ce contexte, nous traitons les donn\u00e9es de contact que vous nous avez transmises exclusivement pour traiter et r\u00e9pondre \u00e0 votre message et pour documenter ensuite le traitement conforme \u00e0 la loi dans le cadre de notre obligation de rendre compte.<\/p><p class=\" zw-cgb fulltext \">Dans le cadre du traitement des droits des personnes concern\u00e9es, les donn\u00e9es \u00e0 caract\u00e8re personnel suivantes sont trait\u00e9es&nbsp;:<\/p><ul class=\"zw-cgb-ul fulltext \"><li class=\"\">Pr\u00e9nom&nbsp;; <\/li><\/ul><ul class=\"zw-cgb-ul fulltext \"><li class=\"\">Nom&nbsp;; <\/li><\/ul><ul class=\"zw-cgb-ul fulltext \"><li class=\"\">Adresse postale&nbsp;: <\/li><\/ul><ul class=\"zw-cgb-ul fulltext \"><li class=\"\">Adresse e-mail&nbsp;; <\/li><\/ul><ul class=\"zw-cgb-ul fulltext \"><li class=\"\">Le num\u00e9ro ci-dessus.<\/li><\/ul><p class=\" zw-cgb fulltext \"><strong>(2) Base juridique<\/strong><\/p><p class=\" zw-cgb fulltext \">Obligation l\u00e9gale, art. 6 al. 1 p.&nbsp;1 lit. c en relation avec les art.&nbsp;12 ss du RGPD de l\u2019UE.<\/p><p class=\" zw-cgb fulltext \">Int\u00e9r\u00eat l\u00e9gitime pour la documentation ult\u00e9rieure, art.&nbsp;6, al. 1, p. 1, let. f) du RGPD de l\u2019UE.<\/p><p class=\" zw-cgb fulltext \"><strong>(3) Objectif<\/strong><\/p><p class=\" zw-cgb fulltext \">Traitement conforme \u00e0 la loi de vos droits en tant que personne concern\u00e9e par la protection des donn\u00e9es.<\/p><p class=\" zw-cgb fulltext \"><strong>(4) Dur\u00e9e de stockage<\/strong><\/p><p class=\" zw-cgb fulltext \">3 Ans apr\u00e8s la fin du traitement de chaque dossier, art.&nbsp;41 BDSG (loi f\u00e9d\u00e9rale sur la protection des donn\u00e9es) en relation avec l\u2019art. 31 al. 2 n\u00b0&nbsp;1 OWIG (loi f\u00e9d\u00e9rale sur les infractions administratives)<\/p><p class=\" zw-cgb fulltext \"><strong>(5) Possibilit\u00e9 d\u2019opposition et d\u2019\u00e9limination<\/strong><\/p><p class=\" zw-cgb fulltext \">Vous avez \u00e0 tout moment la possibilit\u00e9 de vous opposer pour l\u2019avenir au traitement de vos donn\u00e9es \u00e0 caract\u00e8re personnel dans le cadre du traitement de vos droits de personne concern\u00e9e. Dans ce cas, nous ne pourrons toutefois pas traiter vos droits de personne concern\u00e9e au titre de la protection des donn\u00e9es.<\/p><p class=\" zw-cgb fulltext \">Il est imp\u00e9ratif de documenter le traitement conforme \u00e0 la loi de chaque traitement de vos droits de personnes concern\u00e9es. Par cons\u00e9quent, vous n\u2019avez pas la possibilit\u00e9 de vous y opposer.<\/p>        <\/div>\n      <\/div>\n    <\/div>\n\n\n\n\n    <div  class=\"zw-cgb  textblock black-color zw-content-pos-center  default-margin \">\n      <div class=\"row\">\n        <div class=\"zw-cgb-content col-12 g-0\">\n          <h2 class=\"zw-cgb headline \">b. <strong>D\u00e9fense et application des droits<\/strong><\/h2><p class=\" zw-cgb fulltext \"><strong>(1) Description et \u00e9tendue <\/strong><\/p><p class=\" zw-cgb fulltext \">Nous traitons vos donn\u00e9es \u00e0 caract\u00e8re personnel lorsque vous faites valoir des droits juridiques \u00e0 notre encontre ou lorsque nous faisons valoir des droits et des revendications \u00e0 votre encontre.<\/p><p class=\" zw-cgb fulltext \"><strong>(2) Base juridique<\/strong><\/p><p class=\" zw-cgb fulltext \">Int\u00e9r\u00eat l\u00e9gitime, art.&nbsp;6, al. 1, p. 1, let. f du RGPD de l\u2019UE.<\/p><p class=\" zw-cgb fulltext \"><strong>(3) Objectif<\/strong><\/p><p class=\" zw-cgb fulltext \">La finalit\u00e9 du traitement de vos donn\u00e9es \u00e0 caract\u00e8re personnel dans le cadre de la d\u00e9fense et de l\u2019application des droits est la d\u00e9fense contre les revendications injustifi\u00e9es ainsi que l\u2019application et l\u2019exercice juridiques des droits et des revendications<\/p><p class=\" zw-cgb fulltext \">C\u2019est \u00e9galement l\u00e0 que r\u00e9side notre int\u00e9r\u00eat l\u00e9gitime.<\/p><p class=\" zw-cgb fulltext \"><strong>(4) Dur\u00e9e de stockage<\/strong><\/p><p class=\" zw-cgb fulltext \">Vos donn\u00e9es \u00e0 caract\u00e8re personnel sont effac\u00e9es d\u00e8s qu\u2019elles ne sont plus n\u00e9cessaires \u00e0 la r\u00e9alisation de la finalit\u00e9 de leur traitement. En r\u00e8gle g\u00e9n\u00e9rale, cela se produit lorsque la d\u00e9cision en question est pass\u00e9e en force de chose jug\u00e9e.<\/p><p class=\" zw-cgb fulltext \"><strong>(5) Possibilit\u00e9 d\u2019opposition et d\u2019\u00e9limination<\/strong><\/p><p class=\" zw-cgb fulltext \">Le traitement de vos donn\u00e9es \u00e0 caract\u00e8re personnel dans le cadre de la d\u00e9fense et de l\u2019application de la loi est obligatoire pour la d\u00e9fense et l\u2019application de la loi. Par cons\u00e9quent, vous n\u2019avez pas la possibilit\u00e9 de vous y opposer.<\/p>        <\/div>\n      <\/div>\n    <\/div>\n\n\n\n\n    <div  class=\"zw-cgb  textblock black-color zw-content-pos-center  default-margin \">\n      <div class=\"row\">\n        <div class=\"zw-cgb-content col-12 g-0\">\n          <h2 class=\"zw-cgb headline \">V. <strong>Autres traitements de donn\u00e9es en dehors de notre site web <\/strong> <\/h2>        <\/div>\n      <\/div>\n    <\/div>\n\n\n\n\n    <div  class=\"zw-cgb  textblock black-color zw-content-pos-center  default-margin \">\n      <div class=\"row\">\n        <div class=\"zw-cgb-content col-12 g-0\">\n          <h2 class=\"zw-cgb headline \">1. <strong>Page LinkedIn<\/strong><\/h2><p class=\" zw-cgb fulltext \"><strong>(1) Description et \u00e9tendue<\/strong><\/p><p class=\" zw-cgb fulltext \">Dans le cadre de l\u2019exploitation de notre site LinkedIn, nous traitons vos donn\u00e9es \u00e0 caract\u00e8re personnel afin d\u2019entrer en contact et d\u2019interagir avec les utilisateurs et les visiteurs du r\u00e9seau social de l\u2019emploi \u00ab&nbsp;LinkedIn&nbsp;\u00bb. Nous y publions des informations sur notre entreprise. <br> <br>Si vous nous contactez directement via notre page LinkedIn (par exemple en nous envoyant un message), les donn\u00e9es que vous nous communiquez ne seront trait\u00e9es que dans le but de recueillir votre demande et d\u2019y r\u00e9pondre. <br> <br>Nous sommes en outre en mesure d\u2019\u00e9tablir des statistiques sur les visites de notre page LinkedIn. Ces informations sont compil\u00e9es par LinkedIn (\u00ab&nbsp;Page-Insights&nbsp;\u00bb) et nous permettent de commercialiser nos activit\u00e9s de mani\u00e8re plus efficace et cibl\u00e9e. <br> <br>En ce qui concerne les donn\u00e9es Page-Insights, nous sommes responsables du traitement des donn\u00e9es conjointement avec LinkedIn Ireland Unlimited Company, Wilton Place, Dublin&nbsp;2, Ireland. \u00c0 cette fin, nous avons conclu un accord avec LinkedIn Ireland Unlimited Company pour d\u00e9terminer qui d\u2019entre nous traite quelles obligations conform\u00e9ment au RGPD de l\u2019UE. <br> <br>Les principaux \u00e9l\u00e9ments de cet accord peuvent \u00eatre consult\u00e9s \u00e0 l\u2019adresse suivante&nbsp;: <br> <br><a href=\"https:\/\/legal.linkedin.com\/pages-joint-controller-addendum\" target=\"_blank\" rel=\"noreferrer noopener\">https:\/\/legal.linkedin.com\/pages-joint-controller-addendum<\/a> <br> <br>Vous conna\u00eetrez ici les donn\u00e9es utilis\u00e9es par LinkedIn pour l\u2019analyse de l\u2019utilisation en rapport avec notre page LinkedIn et les informations que LinkedIn fournit pour le traitement des donn\u00e9es en rapport avec la fonction Page Insights&nbsp;: <br> <br><a href=\"https:\/\/www.linkedin.com\/help\/linkedin\/answer\/a547077\/linkedin-page-analytics-overview?lang=de\" target=\"_blank\" rel=\"noreferrer noopener\">https:\/\/www.linkedin.com\/help\/linkedin\/answer\/a547077\/linkedin-page-analytics-overview?lang=de<\/a> <br> <br>Pour plus d\u2019informations sur le traitement de vos donn\u00e9es \u00e0 caract\u00e8re personnel par LinkedIn Ireland Unlimited Company, veuillez consulter le site&nbsp;: <br> <br><a href=\"https:\/\/de.linkedin.com\/legal\/privacy-policy\" target=\"_blank\" rel=\"noreferrer noopener\">https:\/\/de.linkedin.com\/legal\/privacy-policy<\/a><\/p><p class=\" zw-cgb fulltext \"><strong>(2) Base juridique<\/strong><\/p><p class=\" zw-cgb fulltext \">Int\u00e9r\u00eat l\u00e9gitime, art.&nbsp;6, al. 1, p. 1, let. f du RGPD de l\u2019UE.<\/p><p class=\" zw-cgb fulltext \"><strong>(3) Objectif<\/strong><\/p><p class=\" zw-cgb fulltext \">La finalit\u00e9 du traitement des donn\u00e9es est d\u2019analyser le succ\u00e8s de notre page LinkedIn et d\u2019organiser notre page LinkedIn en fonction de vos int\u00e9r\u00eats et de traiter vos demandes.<\/p><p class=\" zw-cgb fulltext \"><strong>(4) Dur\u00e9e de stockage<\/strong><\/p><p class=\" zw-cgb fulltext \">Pour plus d\u2019informations sur la dur\u00e9e de conservation de vos donn\u00e9es \u00e0 caract\u00e8re personnel par LinkedIn Ireland Unlimited Company, veuillez consulter le site&nbsp;: <br> <br><a href=\"https:\/\/www.linkedin.com\/legal\/privacy-policy\" target=\"_blank\" rel=\"noreferrer noopener\">https:\/\/www.linkedin.com\/legal\/privacy-policy<\/a><\/p><p class=\" zw-cgb fulltext \"><strong>(5) Possibilit\u00e9 d\u2019opposition et d\u2019\u00e9limination<\/strong><\/p><p class=\" zw-cgb fulltext \">Si vous ne souhaitez pas que vos donn\u00e9es \u00e0 caract\u00e8re personnel soient trait\u00e9es par LinkedIn, vous avez \u00e0 tout moment la possibilit\u00e9 de vous opposer pour l\u2019avenir au traitement de vos donn\u00e9es \u00e0 caract\u00e8re personnel dans le cadre de l\u2019exploitation de notre page LinkedIn. <br> <br>Pour plus d\u2019informations sur le traitement de vos donn\u00e9es \u00e0 caract\u00e8re personnel par LinkedIn, veuillez consulter le site&nbsp;: <br> <br><a href=\"https:\/\/de.linkedin.com\/legal\/privacy-policy\" target=\"_blank\" rel=\"noreferrer noopener\">https:\/\/de.linkedin.com\/legal\/privacy-policy<\/a><\/p>        <\/div>\n      <\/div>\n    <\/div>\n\n\n\n\n    <div  class=\"zw-cgb  textblock black-color zw-content-pos-center  default-margin \">\n      <div class=\"row\">\n        <div class=\"zw-cgb-content col-12 g-0\">\n          <h2 class=\"zw-cgb headline \">2. <strong>LinkedIn Titre Gen<\/strong><\/h2><p class=\" zw-cgb fulltext \">(1) <strong>Description et \u00e9tendue<\/strong><\/p><p class=\" zw-cgb fulltext \">Pour l\u2019acquisition de clients, nous utilisons des instruments sp\u00e9cialis\u00e9s pour la g\u00e9n\u00e9ration de leads. Un lead repr\u00e9sente un prospect potentiel qui enregistre ses coordonn\u00e9es afin d\u2019ouvrir la possibilit\u00e9 d\u2019\u00eatre contact\u00e9 par une entreprise proposant des produits ou des services. Dans ce contexte, nous utilisons le service LinkedIn Lead Gen Forms.<\/p><p class=\" zw-cgb fulltext \">Nous utilisons des formulaires pour g\u00e9n\u00e9rer des leads. Lorsque vous prenez contact via les formulaires LinkedIn, des donn\u00e9es \u00e0 caract\u00e8re personnel (telles que le nom, l\u2019adresse e-mail ou le num\u00e9ro de t\u00e9l\u00e9phone) sont collect\u00e9es par LinkedIn et nous sont transmises. Nous utilisons ces donn\u00e9es pour vous contacter et, le cas \u00e9ch\u00e9ant, discuter de votre candidature.<\/p><p class=\" zw-cgb fulltext \">(2) <strong>Base juridique<\/strong><\/p><p class=\" zw-cgb fulltext \">Int\u00e9r\u00eat l\u00e9gitime, art.&nbsp;6, al. 1, p. 1, let. a du RGPD de l\u2019UE.<\/p><p class=\" zw-cgb fulltext \">(3) Objectif<\/p><p class=\" zw-cgb fulltext \">L\u2019utilisation des outils de g\u00e9n\u00e9ration de leads se fait dans le cadre de nos relations publiques ainsi que pour la communication avec les candidats et candidates.<\/p><p class=\" zw-cgb fulltext \">(4) <strong>Dur\u00e9e de stockage<\/strong><\/p><p class=\" zw-cgb fulltext \">Vos donn\u00e9es seront conserv\u00e9es pendant une p\u00e9riode de deux ans \u00e0 compter de la r\u00e9ception du formulaire rempli par Atreus. Si les d\u00e9lais de conservation l\u00e9gaux ne contiennent pas de dispositions contraires, les donn\u00e9es \u00e0 caract\u00e8re personnel sont ensuite supprim\u00e9es.<\/p><p class=\" zw-cgb fulltext \">Les donn\u00e9es de leads sur LinkedIn sont automatiquement supprim\u00e9es \u00e0 l\u2019issue d\u2019une p\u00e9riode de 90 jours. Pour plus d\u2019informations sur la mani\u00e8re dont LinkedIn traite vos donn\u00e9es, vous pouvez consulter la politique de confidentialit\u00e9 de LinkedIn, disponible sur le lien suivant&nbsp;<a href=\"https:\/\/de.linkedin.com\/legal\/privacy-policy\" target=\"_blank\" rel=\"noreferrer noopener\">: https:\/\/de.linkedin.com\/legal\/privacy-policy<\/a><\/p><p class=\" zw-cgb fulltext \">(5) <strong>Possibilit\u00e9 d\u2019opposition et d\u2019\u00e9limination<\/strong><\/p><p class=\" zw-cgb fulltext \">Si vous ne souhaitez pas que vos donn\u00e9es \u00e0 caract\u00e8re personnel soient trait\u00e9es par LinkedIn, vous avez \u00e0 tout moment la possibilit\u00e9 de vous opposer pour l\u2019avenir au traitement de vos donn\u00e9es \u00e0 caract\u00e8re personnel dans le cadre de l\u2019exploitation de notre page LinkedIn. <br> <br>Pour plus d\u2019informations sur le traitement de vos donn\u00e9es \u00e0 caract\u00e8re personnel par LinkedIn, veuillez consulter le site&nbsp;: <br> <br><a href=\"https:\/\/de.linkedin.com\/legal\/privacy-policy\" target=\"_blank\" rel=\"noopener\">https:\/\/de.linkedin.com\/legal\/privacy-policy<\/a><\/p>        <\/div>\n      <\/div>\n    <\/div>\n\n\n\n\n    <div  class=\"zw-cgb  textblock black-color zw-content-pos-center  default-margin \">\n      <div class=\"row\">\n        <div class=\"zw-cgb-content col-12 g-0\">\n          <h2 class=\"zw-cgb headline \">3. <strong>Page Xing<\/strong><\/h2><p class=\" zw-cgb fulltext \"><strong>(1) Description et \u00e9tendue<\/strong><\/p><p class=\" zw-cgb fulltext \">Dans le cadre de l\u2019exploitation de notre page Xing, nous traitons vos donn\u00e9es \u00e0 caract\u00e8re personnel afin d\u2019entrer en contact et d\u2019interagir avec les utilisateurs et les visiteurs du r\u00e9seau social de l\u2019emploi \u00ab&nbsp;Xing&nbsp;\u00bb. Nous publions \u00e9galement de temps en temps des informations sur notre entreprise et les offres qui y sont li\u00e9es. <br> <br>Si vous nous contactez directement via notre page Xing, les donn\u00e9es que vous nous communiquez ne seront trait\u00e9es que dans le but de recueillir votre demande et d\u2019y r\u00e9pondre. <br> <br>Nous sommes en outre en mesure d\u2019\u00e9tablir des statistiques sur les visites de notre Page Xing. Ces informations sont compil\u00e9es de mani\u00e8re anonyme par Xing et nous permettent de commercialiser nos activit\u00e9s de mani\u00e8re plus efficace et cibl\u00e9e. <br> <br>Vous trouverez des informations sur la mani\u00e8re dont Xing traite vos donn\u00e9es \u00e0 caract\u00e8re personnel sur le site&nbsp;: <br> <br><a href=\"https:\/\/privacy.xing.com\/de\/datenschutzerklaerung\/druckversion\" target=\"_blank\" rel=\"noreferrer noopener\">https:\/\/privacy.xing.com\/de\/datenschutzerklaerung\/druckversion<\/a><\/p><p class=\" zw-cgb fulltext \"><strong>(2) Base juridique<\/strong><\/p><p class=\" zw-cgb fulltext \">Int\u00e9r\u00eat l\u00e9gitime, art.&nbsp;6, al. 1, p. 1, let. f du RGPD de l\u2019UE.<\/p><p class=\" zw-cgb fulltext \"><strong>(3) Objectif<\/strong><\/p><p class=\" zw-cgb fulltext \">La finalit\u00e9 du traitement des donn\u00e9es est d\u2019analyser le succ\u00e8s de notre page Xing et d\u2019organiser notre page Xing en fonction de vos int\u00e9r\u00eats et de traiter vos demandes.<\/p><p class=\" zw-cgb fulltext \"><strong>(4) Dur\u00e9e de stockage<\/strong><\/p><p class=\" zw-cgb fulltext \">Vous trouverez des informations sur la dur\u00e9e de conservation de vos donn\u00e9es \u00e0 caract\u00e8re personnel par New Work SE sous&nbsp;: <br> <br><a href=\"https:\/\/privacy.xing.com\/de\/datenschutzerklaerung\/druckversion\" target=\"_blank\" rel=\"noreferrer noopener\">https:\/\/privacy.xing.com\/de\/datenschutzerklaerung\/druckversion<\/a><\/p><p class=\" zw-cgb fulltext \"><strong>(5) Possibilit\u00e9 d\u2019opposition et d\u2019\u00e9limination<\/strong><\/p><p class=\" zw-cgb fulltext \">Si vous ne souhaitez pas que vos donn\u00e9es \u00e0 caract\u00e8re personnel soient collect\u00e9es dans le cadre de l\u2019exploitation de notre page Xing, vous avez \u00e0 tout moment la possibilit\u00e9 de vous opposer pour l\u2019avenir au traitement de vos donn\u00e9es \u00e0 caract\u00e8re personnel dans le cadre de l\u2019exploitation de notre page Xing. <br> <br>Pour plus d\u2019informations sur le traitement de vos donn\u00e9es \u00e0 caract\u00e8re personnel par XING, veuillez consulter le site&nbsp;: <br> <br><a href=\"https:\/\/privacy.xing.com\/de\/datenschutzerklaerung\/druckversion\" target=\"_blank\" rel=\"noreferrer noopener\">https:\/\/privacy.xing.com\/de\/datenschutzerklaerung\/druckversion<\/a><\/p>        <\/div>\n      <\/div>\n    <\/div>\n\n\n\n\n    <div  class=\"zw-cgb  textblock black-color zw-content-pos-center  default-margin \">\n      <div class=\"row\">\n        <div class=\"zw-cgb-content col-12 g-0\">\n          <h2 class=\"zw-cgb headline \">4. <strong>Cha\u00eene YouTube<\/strong><\/h2><p class=\" zw-cgb fulltext \"><strong>(1) Description et \u00e9tendue<\/strong><\/p><p class=\" zw-cgb fulltext \">Nous g\u00e9rons une cha\u00eene YouTube exploit\u00e9e par Google Ireland Limited, Gordon House, Barrow Street, Dublin&nbsp;4, Ireland. En tant qu\u2019exploitant de YouTube, Google Ireland Limited collecte et traite les donn\u00e9es \u00e0 caract\u00e8re personnel dans la mesure d\u00e9crite dans sa politique de confidentialit\u00e9. <br> <br>Pour plus d\u2019informations sur le traitement de vos donn\u00e9es \u00e0 caract\u00e8re personnel par Google Ireland Limited, veuillez consulter le site&nbsp;: <br> <br><a href=\"https:\/\/policies.google.com\/privacy?hl=de&amp;gl=de\" target=\"_blank\" rel=\"noreferrer noopener\">https:\/\/policies.google.com\/privacy?hl=de&amp;gl=de<\/a> <br> <br>Si vous nous contactez directement via notre cha\u00eene YouTube (p. ex. en nous envoyant un message ou un commentaire), les donn\u00e9es que vous nous communiquez ne seront trait\u00e9es que dans le but de recueillir votre demande et d\u2019y r\u00e9pondre. <br> <br>Nous sommes en outre en mesure d\u2019\u00e9tablir des statistiques sur les visites de notre cha\u00eene YouTube. Ces informations sont compil\u00e9es par YouTube via le service \u00ab&nbsp;Analytics&nbsp;\u00bb et nous permettent de commercialiser nos activit\u00e9s de mani\u00e8re plus efficace et cibl\u00e9e. <br> <br>Vous conna\u00eetrez ici les donn\u00e9es utilis\u00e9es par YouTube pour l\u2019analyse de l\u2019utilisation en rapport avec notre cha\u00eene YouTube et les informations que LinkedIn fournit pour le traitement des donn\u00e9es en rapport avec la fonction Page Insights&nbsp;: <br> <br><a href=\"https:\/\/support.google.com\/youtube\/answer\/9002587?hl=de\" target=\"_blank\" rel=\"noreferrer noopener\">https:\/\/support.google.com\/youtube\/answer\/9002587?hl=de<\/a><\/p><p class=\" zw-cgb fulltext \"><strong>(2) Base juridique<\/strong><\/p><p class=\" zw-cgb fulltext \">Int\u00e9r\u00eat l\u00e9gitime, art.&nbsp;6, al. 1, p. 1, let. f du RGPD de l\u2019UE.<\/p><p class=\" zw-cgb fulltext \"><strong>(3) Objectif<\/strong><\/p><p class=\" zw-cgb fulltext \">La finalit\u00e9 du traitement des donn\u00e9es est d\u2019analyser votre comportement lorsque vous visitez notre cha\u00eene YouTube, d\u2019analyser le succ\u00e8s des vid\u00e9os que nous mettons en ligne et de traiter les demandes.<\/p><p class=\" zw-cgb fulltext \"><strong>(4) Dur\u00e9e de stockage<\/strong><\/p><p class=\" zw-cgb fulltext \"><\/p><p class=\" zw-cgb fulltext \"><strong>(5) Possibilit\u00e9 d\u2019opposition et d\u2019\u00e9limination<\/strong><\/p><p class=\" zw-cgb fulltext \">Si vous ne souhaitez pas que vos donn\u00e9es \u00e0 caract\u00e8re personnel soient trait\u00e9es par Google Ireland Limited, vous avez \u00e0 tout moment la possibilit\u00e9 de vous opposer pour l\u2019avenir au traitement de vos donn\u00e9es \u00e0 caract\u00e8re personnel dans le cadre de l\u2019exploitation de notre cha\u00eene YouTube. Dans ce cas, nous transmettons votre demande d\u2019opposition \u00e0 Google Ireland Limited.<\/p>        <\/div>\n      <\/div>\n    <\/div>\n\n\n\n\n    <div  class=\"zw-cgb  textblock black-color zw-content-pos-center  default-margin \">\n      <div class=\"row\">\n        <div class=\"zw-cgb-content col-12 g-0\">\n          <h2 class=\"zw-cgb headline \">5. <strong>Blogs de podcasts Podigee<\/strong><\/h2><p class=\" zw-cgb fulltext \"><strong>(1) Description et \u00e9tendue<\/strong><\/p><p class=\" zw-cgb fulltext \">Pour la pr\u00e9sentation de contenus vid\u00e9o et audio, nous int\u00e9grons des vid\u00e9os Podigee ainsi que des contenus audio sur notre site web. Cela nous sert \u00e0 une pr\u00e9sentation attrayante, uniforme et ind\u00e9pendante de votre terminal des contenus vid\u00e9o sur notre site web. Podigee Podcast-Blogs est un service de Podigee GmbH, Revaler Stra\u00dfe&nbsp;28, 10245 Berlin, Allemagne. <br> <br>Dans le cadre de l\u2019int\u00e9gration de vid\u00e9os ou contenus audio Podigee, les donn\u00e9es \u00e0 caract\u00e8re personnel suivant sont trait\u00e9es&nbsp;: <br> <br>Adresse IP&nbsp;; <br>Navigateur utilis\u00e9&nbsp;; <br>R\u00e9solution de l\u2019\u00e9cran. <br> <br>Lors de la lecture de la vid\u00e9o et du contenu audio Vimeo peut \u00eatre amen\u00e9 \u00e0 traiter d\u2019autres donn\u00e9es \u00e0 caract\u00e8re personnel. Pour plus d\u2019informations, veuillez consulter le site&nbsp;: <br> <br><a href=\"https:\/\/www.podigee.com\/de\/ueber-uns\/datenschutz\/\" target=\"_blank\" rel=\"noreferrer noopener\">https:\/\/www.podigee.com\/de\/ueber-uns\/datenschutz\/<\/a><\/p><p class=\" zw-cgb fulltext \"><strong>(2) Base juridique <\/strong><\/p><p class=\" zw-cgb fulltext \">La base juridique pour le traitement de vos donn\u00e9es \u00e0 caract\u00e8re personnel dans le cadre de blogs de podcasts Podigee est l\u2019art. 6 al. 1 let. a RGPD de l\u2019UE.<\/p><p class=\" zw-cgb fulltext \"><strong>(3) Objectif<\/strong><\/p><p class=\" zw-cgb fulltext \">La finalit\u00e9 du traitement de vos donn\u00e9es \u00e0 caract\u00e8re personnel est de nous permettre de publier nos podcasts et d\u2019\u00e9valuer les statistiques sur les auditeurs de nos podcasts. Cela nous permet de commercialiser nos podcasts de mani\u00e8re plus efficace et plus cibl\u00e9e.<\/p><p class=\" zw-cgb fulltext \">Podigee est un service de Podigee GmbH, Schlesische Stra\u00dfe&nbsp;20, 10997 Berlin, Allemagne. Ces statistiques sont compil\u00e9es par Podigee GmbH et nous sont fournies sous forme pseudonymis\u00e9e ou anonyme.<\/p><p class=\" zw-cgb fulltext \"><strong>(4) Dur\u00e9e de stockage<\/strong><\/p><p class=\" zw-cgb fulltext \"><\/p><p class=\" zw-cgb fulltext \"><strong>(5) Possibilit\u00e9 d\u2019opposition et d\u2019\u00e9limination<\/strong><\/p><p class=\" zw-cgb fulltext \">Si vous ne souhaitez pas que vos donn\u00e9es \u00e0 caract\u00e8re personnel soient trait\u00e9es par Podigee GmbH, vous avez la possibilit\u00e9 de retirer votre consentement \u00e0 tout moment. Vous y parvenez notamment en terminant le podcast et en quittant le blog de podcast.<\/p>        <\/div>\n      <\/div>\n    <\/div>\n\n\n\n\n    <div  class=\"zw-cgb  textblock black-color zw-content-pos-center  default-margin \">\n      <div class=\"row\">\n        <div class=\"zw-cgb-content col-12 g-0\">\n          <h2 class=\"zw-cgb headline \">6. <strong>Personio<\/strong><\/h2><p class=\" zw-cgb fulltext \"><strong>(1) Description et \u00e9tendue<\/strong><\/p><p class=\" zw-cgb fulltext \">Nous utilisons Personio pour g\u00e9rer et traiter les candidatures. Cela nous permet de saisir et de traiter le processus de candidature de mani\u00e8re structur\u00e9e et de communiquer avec les candidats.<\/p><p class=\" zw-cgb fulltext \">Dans le cadre de l\u2019int\u00e9gration, les donn\u00e9es \u00e0 caract\u00e8re personnel suivantes sont trait\u00e9es en fonction du groupe de personnes&nbsp;:<\/p><p class=\" zw-cgb fulltext \">Employ\u00e9<\/p><ul class=\"zw-cgb-ul fulltext \"><li class=\"\">Pr\u00e9nom <\/li><\/ul><ul class=\"zw-cgb-ul fulltext \"><li class=\"\">Nom <\/li><\/ul><ul class=\"zw-cgb-ul fulltext \"><li class=\"\">Nom de naissance <\/li><\/ul><ul class=\"zw-cgb-ul fulltext \"><li class=\"\">Adresse <\/li><\/ul><ul class=\"zw-cgb-ul fulltext \"><li class=\"\">E-mail <\/li><\/ul><ul class=\"zw-cgb-ul fulltext \"><li class=\"\">Num\u00e9ro de t\u00e9l\u00e9phone <\/li><\/ul><ul class=\"zw-cgb-ul fulltext \"><li class=\"\">Personne \u00e0 contacter en cas d\u2019urgence <\/li><\/ul><ul class=\"zw-cgb-ul fulltext \"><li class=\"\">Date de naissance <\/li><\/ul><ul class=\"zw-cgb-ul fulltext \"><li class=\"\">Anciennet\u00e9 dans l\u2019entreprise <\/li><\/ul><ul class=\"zw-cgb-ul fulltext \"><li class=\"\">Classe fiscale <\/li><\/ul><ul class=\"zw-cgb-ul fulltext \"><li class=\"\">Num\u00e9ro fiscal <\/li><\/ul><ul class=\"zw-cgb-ul fulltext \"><li class=\"\">Num\u00e9ro de s\u00e9curit\u00e9 sociale <\/li><\/ul><ul class=\"zw-cgb-ul fulltext \"><li class=\"\">\u00c9tat civil <\/li><\/ul><ul class=\"zw-cgb-ul fulltext \"><li class=\"\">Appartenance \u00e0 une confession <\/li><\/ul><ul class=\"zw-cgb-ul fulltext \"><li class=\"\">Caisse d&#8217;assurance maladie <\/li><\/ul><ul class=\"zw-cgb-ul fulltext \"><li class=\"\">Enfants <\/li><\/ul><ul class=\"zw-cgb-ul fulltext \"><li class=\"\">Actes de naissance <\/li><\/ul><ul class=\"zw-cgb-ul fulltext \"><li class=\"\">Coordonn\u00e9es bancaires <\/li><\/ul><ul class=\"zw-cgb-ul fulltext \"><li class=\"\">Salaire et toutes les composantes salariales <\/li><\/ul><ul class=\"zw-cgb-ul fulltext \"><li class=\"\">Temps de travail et suivi du temps <\/li><\/ul><ul class=\"zw-cgb-ul fulltext \"><li class=\"\">Absences de quelque nature que ce soit <\/li><\/ul><ul class=\"zw-cgb-ul fulltext \"><li class=\"\">Formation \/ dipl\u00f4me <\/li><\/ul><ul class=\"zw-cgb-ul fulltext \"><li class=\"\">Donn\u00e9es de performance &amp; feedback <\/li><\/ul><ul class=\"zw-cgb-ul fulltext \"><li class=\"\">Nationalit\u00e9 &amp; permis de travail <\/li><\/ul><ul class=\"zw-cgb-ul fulltext \"><li class=\"\">Contrats, bonus et accords compl\u00e9mentaires <\/li><\/ul><ul class=\"zw-cgb-ul fulltext \"><li class=\"\">Documents d\u2019onboarding et plan d\u2019onboarding <\/li><\/ul><ul class=\"zw-cgb-ul fulltext \"><li class=\"\">Cartes de stationnement et d\u2019acc\u00e8s <\/li><\/ul><ul class=\"zw-cgb-ul fulltext \"><li class=\"\">Appartenance \u00e0 une \u00e9quipe <\/li><\/ul><ul class=\"zw-cgb-ul fulltext \"><li class=\"\">Sup\u00e9rieur <\/li><\/ul><ul class=\"zw-cgb-ul fulltext \"><li class=\"\">Dossiers de candidature <\/li><\/ul><ul class=\"zw-cgb-ul fulltext \"><li class=\"\">Certificats interm\u00e9diaires <\/li><\/ul><p class=\" zw-cgb fulltext \">Anciens collaborateurs&nbsp;:<\/p><ul class=\"zw-cgb-ul fulltext \"><li class=\"\">Pr\u00e9nom <\/li><\/ul><ul class=\"zw-cgb-ul fulltext \"><li class=\"\">Nom <\/li><\/ul><ul class=\"zw-cgb-ul fulltext \"><li class=\"\">Nom de naissance <\/li><\/ul><ul class=\"zw-cgb-ul fulltext \"><li class=\"\">Adresse <\/li><\/ul><ul class=\"zw-cgb-ul fulltext \"><li class=\"\">E-mail <\/li><\/ul><ul class=\"zw-cgb-ul fulltext \"><li class=\"\">Num\u00e9ro de t\u00e9l\u00e9phone <\/li><\/ul><ul class=\"zw-cgb-ul fulltext \"><li class=\"\">Personne \u00e0 contacter en cas d\u2019urgence <\/li><\/ul><ul class=\"zw-cgb-ul fulltext \"><li class=\"\">Date de naissance <\/li><\/ul><ul class=\"zw-cgb-ul fulltext \"><li class=\"\">Anciennet\u00e9 dans l\u2019entreprise <\/li><\/ul><ul class=\"zw-cgb-ul fulltext \"><li class=\"\">Classe fiscale <\/li><\/ul><ul class=\"zw-cgb-ul fulltext \"><li class=\"\">Num\u00e9ro fiscal <\/li><\/ul><ul class=\"zw-cgb-ul fulltext \"><li class=\"\">Num\u00e9ro de s\u00e9curit\u00e9 sociale <\/li><\/ul><ul class=\"zw-cgb-ul fulltext \"><li class=\"\">\u00c9tat civil <\/li><\/ul><ul class=\"zw-cgb-ul fulltext \"><li class=\"\">Appartenance \u00e0 une confession <\/li><\/ul><ul class=\"zw-cgb-ul fulltext \"><li class=\"\">Caisse d&#8217;assurance maladie <\/li><\/ul><ul class=\"zw-cgb-ul fulltext \"><li class=\"\">Enfants <\/li><\/ul><ul class=\"zw-cgb-ul fulltext \"><li class=\"\">Actes de naissance <\/li><\/ul><ul class=\"zw-cgb-ul fulltext \"><li class=\"\">Coordonn\u00e9es bancaires <\/li><\/ul><ul class=\"zw-cgb-ul fulltext \"><li class=\"\">Salaire et toutes les composantes salariales <\/li><\/ul><ul class=\"zw-cgb-ul fulltext \"><li class=\"\">Temps de travail et suivi du temps <\/li><\/ul><ul class=\"zw-cgb-ul fulltext \"><li class=\"\">Absences de quelque nature que ce soit <\/li><\/ul><ul class=\"zw-cgb-ul fulltext \"><li class=\"\">Formation \/ dipl\u00f4me <\/li><\/ul><ul class=\"zw-cgb-ul fulltext \"><li class=\"\">Donn\u00e9es de performance &amp; feedback <\/li><\/ul><ul class=\"zw-cgb-ul fulltext \"><li class=\"\">Nationalit\u00e9 &amp; permis de travail <\/li><\/ul><ul class=\"zw-cgb-ul fulltext \"><li class=\"\">Contrats, bonus et accords compl\u00e9mentaires <\/li><\/ul><ul class=\"zw-cgb-ul fulltext \"><li class=\"\">Documents d\u2019onboarding et plan d\u2019onboarding <\/li><\/ul><ul class=\"zw-cgb-ul fulltext \"><li class=\"\">Cartes de stationnement et d\u2019acc\u00e8s <\/li><\/ul><ul class=\"zw-cgb-ul fulltext \"><li class=\"\">Appartenance \u00e0 une \u00e9quipe <\/li><\/ul><ul class=\"zw-cgb-ul fulltext \"><li class=\"\">Sup\u00e9rieur <\/li><\/ul><ul class=\"zw-cgb-ul fulltext \"><li class=\"\">Dossiers de candidature <\/li><\/ul><ul class=\"zw-cgb-ul fulltext \"><li class=\"\">Certificats interm\u00e9diaires <\/li><\/ul><ul class=\"zw-cgb-ul fulltext \"><li class=\"\">Date de sortie <\/li><\/ul><ul class=\"zw-cgb-ul fulltext \"><li class=\"\">Documents pertinents pour la sortie <\/li><\/ul><p class=\" zw-cgb fulltext \">Candidats&nbsp;:<\/p><ul class=\"zw-cgb-ul fulltext \"><li class=\"\">Pr\u00e9nom <\/li><\/ul><ul class=\"zw-cgb-ul fulltext \"><li class=\"\">Nom <\/li><\/ul><ul class=\"zw-cgb-ul fulltext \"><li class=\"\">Adresse <\/li><\/ul><ul class=\"zw-cgb-ul fulltext \"><li class=\"\">E-mail <\/li><\/ul><ul class=\"zw-cgb-ul fulltext \"><li class=\"\">Num\u00e9ro de t\u00e9l\u00e9phone <\/li><\/ul><ul class=\"zw-cgb-ul fulltext \"><li class=\"\">Dossiers de candidature <\/li><\/ul><ul class=\"zw-cgb-ul fulltext \"><li class=\"\">\u00c9valuations <\/li><\/ul><ul class=\"zw-cgb-ul fulltext \"><li class=\"\">Notes prises lors d\u2019entretiens <\/li><\/ul><ul class=\"zw-cgb-ul fulltext \"><li class=\"\">Communication par e-mail <\/li><\/ul><p class=\" zw-cgb fulltext \">Externe&nbsp;:<\/p><ul class=\"zw-cgb-ul fulltext \"><li class=\"\">Pr\u00e9nom <\/li><\/ul><ul class=\"zw-cgb-ul fulltext \"><li class=\"\">Nom <\/li><\/ul><ul class=\"zw-cgb-ul fulltext \"><li class=\"\">E-mail<\/li><\/ul><p class=\" zw-cgb fulltext \"><strong>(2) Base juridique<\/strong><\/p><p class=\" zw-cgb fulltext \">La base juridique pour le traitement de vos donn\u00e9es \u00e0 caract\u00e8re personnel dans le cadre de notre site web Personio est l\u2019art.&nbsp;6 1 let. b et c RGPD de l\u2019UE.<\/p><p class=\" zw-cgb fulltext \"><strong>(3) Objectif<\/strong><\/p><p class=\" zw-cgb fulltext \">L\u2019int\u00e9gration de Personio sur notre site web a pour but de permettre de postuler de mani\u00e8re confortable et confidentielle \u00e0 des postes vacants en \u00e9vitant les ruptures de syst\u00e8me.<\/p><p class=\" zw-cgb fulltext \"><strong>(4) Dur\u00e9e de stockage<\/strong><\/p><p class=\" zw-cgb fulltext \">Collaborateurs&nbsp;:<\/p><p class=\" zw-cgb fulltext \">Les donn\u00e9es sont conserv\u00e9es pendant la dur\u00e9e de l\u2019emploi.<\/p><p class=\" zw-cgb fulltext \">Anciens collaborateurs&nbsp;:<\/p><p class=\" zw-cgb fulltext \">Le d\u00e9lai de conservation est de trois ans.<\/p><p class=\" zw-cgb fulltext \">Candidats&nbsp;:<\/p><p class=\" zw-cgb fulltext \">Une anonymisation automatis\u00e9e a lieu apr\u00e8s 90 jours.<\/p><p class=\" zw-cgb fulltext \">Externe&nbsp;:<\/p><p class=\" zw-cgb fulltext \">Les donn\u00e9es sont conserv\u00e9es pendant la dur\u00e9e de la collaboration. La dur\u00e9e de conservation est ensuite la m\u00eame que pour les \u00ab&nbsp;anciens collaborateurs&nbsp;\u00bb.<\/p><p class=\" zw-cgb fulltext \"><strong>(5) Possibilit\u00e9 d\u2019opposition et d\u2019\u00e9limination<\/strong><\/p><p class=\" zw-cgb fulltext \">Si vous ne souhaitez pas que vos donn\u00e9es \u00e0 caract\u00e8re personnel soient trait\u00e9es par Personio, vous avez \u00e0 tout moment la possibilit\u00e9 de vous opposer pour l\u2019avenir au traitement de vos donn\u00e9es \u00e0 caract\u00e8re personnel dans le cadre de l\u2019exploitation de notre page LinkedIn. Dans ce cas, nous transmettons votre demande d\u2019opposition \u00e0 Personio SE &amp; Co. KG.<\/p>        <\/div>\n      <\/div>\n    <\/div>\n\n\n\n\n    <div  class=\"zw-cgb  textblock black-color zw-content-pos-center  default-margin \">\n      <div class=\"row\">\n        <div class=\"zw-cgb-content col-12 g-0\">\n          <h2 class=\"zw-cgb headline \">VI. <strong>Cat\u00e9gories de destinataires <\/strong><\/h2><p class=\" zw-cgb fulltext \">Au sein de notre entreprise, les services et d\u00e9partements qui re\u00e7oivent des donn\u00e9es \u00e0 caract\u00e8re personnel sont ceux qui en ont besoin pour atteindre les objectifs mentionn\u00e9s pr\u00e9c\u00e9demment. En outre, nous faisons parfois appel \u00e0 diff\u00e9rents prestataires de services et transmettons vos donn\u00e9es \u00e0 caract\u00e8re personnel \u00e0 d\u2019autres destinataires de confiance. Il peut s\u2019agir de&nbsp;:<\/p><ul class=\"zw-cgb-ul fulltext \"><li class=\"\">Banques <\/li><\/ul><ul class=\"zw-cgb-ul fulltext \"><li class=\"\">Service de num\u00e9risation <\/li><\/ul><ul class=\"zw-cgb-ul fulltext \"><li class=\"\">Imprimeries <\/li><\/ul><ul class=\"zw-cgb-ul fulltext \"><li class=\"\">Lettershops <\/li><\/ul><ul class=\"zw-cgb-ul fulltext \"><li class=\"\">Fournisseur de services informatiques <\/li><\/ul><ul class=\"zw-cgb-ul fulltext \"><li class=\"\">Avocats et tribunaux<\/li><\/ul>        <\/div>\n      <\/div>\n    <\/div>\n\n\n\n\n    <div  class=\"zw-cgb  textblock black-color zw-content-pos-center  default-margin \">\n      <div class=\"row\">\n        <div class=\"zw-cgb-content col-12 g-0\">\n          <h2 class=\"zw-cgb headline \">VII. <strong>Transfert vers un pays tiers<\/strong><\/h2><p class=\" zw-cgb fulltext \">Dans le cadre du traitement de vos donn\u00e9es \u00e0 caract\u00e8re personnel, nous pouvons \u00eatre amen\u00e9s \u00e0 transmettre vos donn\u00e9es \u00e0 caract\u00e8re personnel \u00e0 des prestataires de services de confiance dans des pays tiers. Les pays tiers sont des pays situ\u00e9s en dehors de l\u2019Union europ\u00e9enne (UE) ou de l\u2019Espace \u00e9conomique europ\u00e9en (EEE).<\/p><p class=\" zw-cgb fulltext \">Dans ce contexte, nous ne travaillons qu\u2019avec des prestataires de services qui nous fournissent des garanties appropri\u00e9es quant \u00e0 la s\u00e9curit\u00e9 de vos donn\u00e9es \u00e0 caract\u00e8re personnel et qui peuvent garantir que vos donn\u00e9es \u00e0 caract\u00e8re personnel sont trait\u00e9es conform\u00e9ment aux normes europ\u00e9ennes strictes en mati\u00e8re de protection des donn\u00e9es. Une copie de ces garanties appropri\u00e9es peut \u00eatre consult\u00e9e sur place dans nos locaux.<\/p><p class=\" zw-cgb fulltext \">Lorsque nous transf\u00e9rons des donn\u00e9es \u00e0 caract\u00e8re personnel vers des pays tiers, nous le faisons sur la base d\u2019une d\u00e9cision dite d\u2019ad\u00e9quation de la Commission europ\u00e9enne ou, en l\u2019absence d\u2019une telle d\u00e9cision, sur la base de clauses dites standard de protection des donn\u00e9es, \u00e9galement \u00e9dict\u00e9es par la Commission europ\u00e9enne.<\/p>        <\/div>\n      <\/div>\n    <\/div>\n\n\n\n\n    <div  class=\"zw-cgb  textblock black-color zw-content-pos-center  default-margin \">\n      <div class=\"row\">\n        <div class=\"zw-cgb-content col-12 g-0\">\n          <h2 class=\"zw-cgb headline \">VIII. <strong>Vos droits<\/strong><\/h2><p class=\" zw-cgb fulltext \">Vous disposez des droits suivants \u00e0 notre \u00e9gard&nbsp;:<\/p><p class=\" zw-cgb fulltext \"><\/p><h2 class=\"zw-cgb headline \">1. <strong>Droit \u00e0 l\u2019information<\/strong><\/h2><p class=\" zw-cgb fulltext \">Vous avez le droit de savoir si nous traitons des donn\u00e9es \u00e0 caract\u00e8re personnel vous concernant et, dans l\u2019affirmative, quelles sont ces donn\u00e9es. Dans ce cas, nous vous informons en outre sur<\/p><ol class=\"zw-cgb-ol fulltext \"><li class=\"\">la finalit\u00e9 du traitement&nbsp;; <\/li><\/ol><ol class=\"zw-cgb-ol fulltext \"><li class=\"\">les cat\u00e9gories de donn\u00e9es&nbsp;; <\/li><\/ol><ol class=\"zw-cgb-ol fulltext \"><li class=\"\">les destinataires de vos donn\u00e9es \u00e0 caract\u00e8re personnel&nbsp;; <\/li><\/ol><ol class=\"zw-cgb-ol fulltext \"><li class=\"\">la dur\u00e9e de conservation pr\u00e9vue ou les crit\u00e8res relatifs \u00e0 la dur\u00e9e de conservation pr\u00e9vue&nbsp;; <\/li><\/ol><ol class=\"zw-cgb-ol fulltext \"><li class=\"\">Vos autres droits&nbsp;; <\/li><\/ol><ol class=\"zw-cgb-ol fulltext \"><li class=\"\">si vos donn\u00e9es \u00e0 caract\u00e8re personnel ne nous ont pas \u00e9t\u00e9 communiqu\u00e9es par vous&nbsp;: toutes les informations disponibles sur leur origine&nbsp;; <\/li><\/ol><ol class=\"zw-cgb-ol fulltext \"><li class=\"\">le cas \u00e9ch\u00e9ant, l\u2019existence d\u2019une prise de d\u00e9cision automatis\u00e9e ainsi que des informations sur la logique impliqu\u00e9e, la port\u00e9e et les effets recherch\u00e9s du traitement.<\/li><\/ol><p class=\" zw-cgb fulltext \"><\/p><h2 class=\"zw-cgb headline \">2. <strong>Droit de rectification<\/strong><\/h2><p class=\" zw-cgb fulltext \">Vous avez le droit de faire rectifier et\/ou compl\u00e9ter les donn\u00e9es \u00e0 caract\u00e8re personnel que nous traitons si elles sont inexactes ou incompl\u00e8tes.<\/p><p class=\" zw-cgb fulltext \"><\/p><h2 class=\"zw-cgb headline \">3. <strong>Droit \u00e0 la limitation du traitement<\/strong><\/h2><p class=\" zw-cgb fulltext \">Vous avez le droit de limiter le traitement, \u00e0 condition que<\/p><ol class=\"zw-cgb-ol fulltext \"><li class=\"\">nous v\u00e9rifiions l\u2019exactitude des donn\u00e9es \u00e0 caract\u00e8re personnel que nous traitons&nbsp;; <\/li><\/ol><ol class=\"zw-cgb-ol fulltext \"><li class=\"\"> le traitement de vos donn\u00e9es \u00e0 caract\u00e8re personnel soit illicite&nbsp;; <\/li><\/ol><ol class=\"zw-cgb-ol fulltext \"><li class=\"\">Vous ayez besoin de vos donn\u00e9es \u00e0 caract\u00e8re personnel que nous traitons apr\u00e8s que leur finalit\u00e9 a \u00e9t\u00e9 supprim\u00e9e pour exercer des poursuites judiciaires&nbsp;; <\/li><\/ol><ol class=\"zw-cgb-ol fulltext \"><li class=\"\">Vous vous soyez oppos\u00e9 au traitement de vos donn\u00e9es \u00e0 caract\u00e8re personnel et que nous examinions cette opposition.<\/li><\/ol><p class=\" zw-cgb fulltext \"><\/p><h2 class=\"zw-cgb headline \">4. <strong>Droit \u00e0 l\u2019effacement<\/strong><\/h2><p class=\" zw-cgb fulltext \">Vous avez le droit de demander l\u2019effacement, \u00e0 condition que<\/p><ol class=\"zw-cgb-ol fulltext \"><li class=\"\">nous n\u2019ayons plus besoin de vos donn\u00e9es \u00e0 caract\u00e8re personnel pour l\u2019usage auquel elles \u00e9taient initialement destin\u00e9es&nbsp;; <\/li><\/ol><ol class=\"zw-cgb-ol fulltext \"><li class=\"\">Vous retiriez votre consentement et qu\u2019il n\u2019existe aucune autre base juridique pour le traitement de vos donn\u00e9es \u00e0 caract\u00e8re personnel&nbsp;; <\/li><\/ol><ol class=\"zw-cgb-ol fulltext \"><li class=\"\">Vous vous opposiez au traitement de vos donn\u00e9es \u00e0 caract\u00e8re personnel et \u2014 dans la mesure o\u00f9 il ne s\u2019agit pas de marketing direct qu\u2019il n\u2019existe pas de motifs prioritaires pour la poursuite du traitement&nbsp;; <\/li><\/ol><ol class=\"zw-cgb-ol fulltext \"><li class=\"\"> le traitement de vos donn\u00e9es \u00e0 caract\u00e8re personnel soit illicite&nbsp;; <\/li><\/ol><ol class=\"zw-cgb-ol fulltext \"><li class=\"\">l\u2019effacement de vos donn\u00e9es \u00e0 caract\u00e8re personnel soit exig\u00e9 par la loi&nbsp;; <\/li><\/ol><ol class=\"zw-cgb-ol fulltext \"><li class=\"\">Vos donn\u00e9es \u00e0 caract\u00e8re personnel aient \u00e9t\u00e9 collect\u00e9es alors que vous \u00e9tiez mineur pour des services de la soci\u00e9t\u00e9 de l\u2019information.<\/li><\/ol><p class=\" zw-cgb fulltext \"><\/p><h2 class=\"zw-cgb headline \">5. <strong>Droit \u00e0 l\u2019information<\/strong><\/h2><p class=\" zw-cgb fulltext \">Si vous avez exerc\u00e9 votre droit de rectification, d\u2019effacement ou de limitation du traitement, nous communiquerons cette rectification, cet effacement des donn\u00e9es ou cette limitation du traitement \u00e0 tous les destinataires de vos donn\u00e9es \u00e0 caract\u00e8re personnel.<\/p><p class=\" zw-cgb fulltext \"><\/p><h2 class=\"zw-cgb headline \">6. <strong>Droit \u00e0 la portabilit\u00e9 des donn\u00e9es<\/strong><\/h2><p class=\" zw-cgb fulltext \">Vous avez le droit de recevoir vos donn\u00e9es \u00e0 caract\u00e8re personnel que nous traitons sur la base d\u2019un consentement ou pour l\u2019ex\u00e9cution d\u2019un contrat, dans un format structur\u00e9, couramment utilis\u00e9 et lisible par machine, et de les transmettre \u00e0 un autre responsable du traitement. Si cela est techniquement possible, vous avez le droit de nous demander de transmettre ces donn\u00e9es directement \u00e0 un autre responsable.<\/p><p class=\" zw-cgb fulltext \"><\/p><h2 class=\"zw-cgb headline \">7. <strong>Droit d\u2019opposition<\/strong><\/h2><p class=\" zw-cgb fulltext \">Vous avez le droit de vous opposer au traitement de vos donn\u00e9es \u00e0 caract\u00e8re personnel pour des raisons particuli\u00e8res. Dans ce cas, nous ne traitons plus vos donn\u00e9es \u00e0 caract\u00e8re personnel, \u00e0 moins que nous puissions d\u00e9montrer qu\u2019il existe des raisons imp\u00e9rieuses et l\u00e9gitimes de les traiter.<\/p><p class=\" zw-cgb fulltext \">En cas de traitement de vos donn\u00e9es \u00e0 caract\u00e8re personnel \u00e0 des fins de marketing direct, vous avez le droit de vous y opposer \u00e0 tout moment.<\/p><p class=\" zw-cgb fulltext \"><\/p><h2 class=\"zw-cgb headline \">8. <strong>Droit de r\u00e9tractation<\/strong><\/h2><p class=\" zw-cgb fulltext \">Vous avez le droit de r\u00e9voquer \u00e0 tout moment le consentement que vous nous avez donn\u00e9. Le retrait du consentement n\u2019affecte pas la lic\u00e9it\u00e9 du traitement effectu\u00e9 sur la base du consentement jusqu\u2019au moment du retrait.<\/p><p class=\" zw-cgb fulltext \"><\/p><h2 class=\"zw-cgb headline \">9. <strong>Droit de recours aupr\u00e8s d\u2019une autorit\u00e9 de contr\u00f4le<\/strong><\/h2><p class=\" zw-cgb fulltext \">Sans pr\u00e9judice de tout autre recours administratif ou judiciaire, vous avez le droit de d\u00e9poser une plainte aupr\u00e8s de l\u2019autorit\u00e9 de contr\u00f4le comp\u00e9tente si vous estimez que le traitement de vos donn\u00e9es \u00e0 caract\u00e8re personnel par nos soins enfreint le RGPD de l\u2019UE.<\/p><p class=\" zw-cgb fulltext \">L\u2019autorit\u00e9 de surveillance comp\u00e9tente pour nous est&nbsp;:<\/p><p class=\" zw-cgb fulltext \">Bayerisches Landesamt f\u00fcr Datenschutzaufsicht (BayLDA) Office bavarois de surveillance de la protection des donn\u00e9es<\/p><p class=\" zw-cgb fulltext \">Promenade&nbsp;18<\/p><p class=\" zw-cgb fulltext \">91522 Ansbach<\/p><p class=\" zw-cgb fulltext \">T\u00e9l\u00e9phone&nbsp;: +49 (0) 981 180093-0<\/p><p class=\" zw-cgb fulltext \">Fax&nbsp;: +49 (0) 981 180093-800<\/p><p class=\" zw-cgb fulltext \">E-mail&nbsp;: poststelle@lda.bayern.de<\/p>        <\/div>\n      <\/div>\n    <\/div>\n\n\n\n\n    <div  class=\"zw-cgb  textblock black-color zw-content-pos-center  default-margin \">\n      <div class=\"row\">\n        <div class=\"zw-cgb-content col-12 g-0\">\n          <p class=\" zw-cgb fulltext \">Mise \u00e0 jour : 31 mars 2025<\/p>        <\/div>\n      <\/div>\n    <\/div>\n\n\n\n\n<p><\/p>\n","protected":false},"excerpt":{"rendered":"<div  class=\"zw-cgb header-standard-block  desktop-header-standard mobile-header-standard default-margin white-color content-right content-down zw-atr-portrait-pos-default zw-atr-landscape-pos-default height-default \">\n<div class=\"row\">\n<div class=\"zw-cgb-content col-12 mx-auto\">\n<div  class=\"header-standard-inner-container\">\n<div class=\"bg-image\"><\/div>\n<div class=\"preheadline-container\">\n<div class=\"zw-breadcrumb-container black-color d-md-down-none\"><\/div>\n<h2 class=\" zw-cgb headline zw-prevent-animation\">Politique de confidentialit\u00e9<\/h2>\n<\/div>\n<\/div>\n<\/div>\n<\/div>\n<\/div>\n<div class=\"zw-breadcrumb-container black-color d-none d-md-down-block\">\n<nav aria-label=\"breadcrumbs\" class=\"rank-math-breadcrumb\">\n<p><span class=\"label\">c<\/span> <span class=\"last\">Home<\/span><\/p>\n<\/nav>\n<\/div>\n","protected":false},"author":1,"featured_media":0,"parent":0,"menu_order":0,"comment_status":"closed","ping_status":"closed","template":"","meta":{"_relevanssi_hide_post":"","_relevanssi_hide_content":"","_relevanssi_pin_for_all":"","_relevanssi_pin_keywords":"","_relevanssi_unpin_keywords":"","_relevanssi_related_keywords":"","_relevanssi_related_include_ids":"","_relevanssi_related_exclude_ids":"","_relevanssi_related_no_append":"","_relevanssi_related_not_related":"","_relevanssi_related_posts":"524345,524329,524314,524328,524337,524369","_relevanssi_noindex_reason":"","_zw_phone_override":"","footnotes":""},"competences":[],"industry-sectors":[],"class_list":["post-621883","page","type-page","status-publish","hentry"],"_links":{"self":[{"href":"https:\/\/www.atreus.de\/fr\/wp-json\/wp\/v2\/pages\/621883","targetHints":{"allow":["GET"]}}],"collection":[{"href":"https:\/\/www.atreus.de\/fr\/wp-json\/wp\/v2\/pages"}],"about":[{"href":"https:\/\/www.atreus.de\/fr\/wp-json\/wp\/v2\/types\/page"}],"author":[{"embeddable":true,"href":"https:\/\/www.atreus.de\/fr\/wp-json\/wp\/v2\/users\/1"}],"replies":[{"embeddable":true,"href":"https:\/\/www.atreus.de\/fr\/wp-json\/wp\/v2\/comments?post=621883"}],"version-history":[{"count":0,"href":"https:\/\/www.atreus.de\/fr\/wp-json\/wp\/v2\/pages\/621883\/revisions"}],"wp:attachment":[{"href":"https:\/\/www.atreus.de\/fr\/wp-json\/wp\/v2\/media?parent=621883"}],"wp:term":[{"taxonomy":"competences","embeddable":true,"href":"https:\/\/www.atreus.de\/fr\/wp-json\/wp\/v2\/competences?post=621883"},{"taxonomy":"industry-sectors","embeddable":true,"href":"https:\/\/www.atreus.de\/fr\/wp-json\/wp\/v2\/industry-sectors?post=621883"}],"curies":[{"name":"wp","href":"https:\/\/api.w.org\/{rel}","templated":true}]}}