{"id":621982,"date":"2022-03-01T11:47:50","date_gmt":"2022-03-01T10:47:50","guid":{"rendered":"https:\/\/www.atreus.de\/?page_id=621982"},"modified":"2026-03-14T19:11:58","modified_gmt":"2026-03-14T18:11:58","slug":"a-propos-datreus","status":"publish","type":"page","link":"https:\/\/www.atreus.de\/fr\/atreus\/a-propos-datreus\/","title":{"rendered":"\u00c0 propos d\u2019Atreus"},"content":{"rendered":"<div  class=\"zw-cgb header-standard-block is-first-block desktop-has-image mobile-has-image default-margin white-color content-left content-down zw-atr-portrait-pos-default zw-atr-landscape-pos-default height-default \"><div class=\"row\"><div class=\"zw-cgb-content col-12 mx-auto\"><div  class=\"header-standard-inner-container\"><div class=\"bg-image\"><span class=\"copyright-image d-none d-lg-block\"><\/span><img decoding=\"async\" class=\"respnsive-img d-none d-lg-block\" loading=\"lazy\" alt=\"atreus_\" src=\"https:\/\/www.atreus.de\/wp-content\/uploads\/2022\/03\/header-atreus.jpg\" srcset=\"https:\/\/www.atreus.de\/wp-content\/uploads\/2022\/03\/header-atreus.jpg 1920w, https:\/\/www.atreus.de\/wp-content\/uploads\/2022\/03\/header-atreus-768x432.jpg 768w, https:\/\/www.atreus.de\/wp-content\/uploads\/2022\/03\/header-atreus-1024x576.jpg 1024w, https:\/\/www.atreus.de\/wp-content\/uploads\/2022\/03\/header-atreus-480x270.jpg 480w, https:\/\/www.atreus.de\/wp-content\/uploads\/2022\/03\/header-atreus-1440x810.jpg 1440w\" sizes=\"(max-width: 1920px) 100vw, 1920px\" style=\"aspect-ratio:1920\/1080 !important\" title=\"atreus_\"><span class=\"copyright-image d-lg-none d-block\"><\/span><img decoding=\"async\" class=\"responsive-img d-lg-none d-block\" loading=\"lazy\" alt=\"atreus_\" src=\"https:\/\/www.atreus.de\/wp-content\/uploads\/2022\/04\/teaser-img-fuer-2-und-3-spalter-atreus.jpg\" srcset=\"https:\/\/www.atreus.de\/wp-content\/uploads\/2022\/04\/teaser-img-fuer-2-und-3-spalter-atreus.jpg 823w, https:\/\/www.atreus.de\/wp-content\/uploads\/2022\/04\/teaser-img-fuer-2-und-3-spalter-atreus-768x578.jpg 768w, https:\/\/www.atreus.de\/wp-content\/uploads\/2022\/04\/teaser-img-fuer-2-und-3-spalter-atreus-480x361.jpg 480w\" sizes=\"(max-width: 1024px) 100vw, 1024px\" style=\"aspect-ratio:823\/619 !important\" title=\"atreus_\"><\/div><div class=\"preheadline-container\"><div class=\"zw-breadcrumb-container black-color d-md-down-none\"><\/div><p class=\" zw-cgb preheadline zw-prevent-animation\">Entreprise<\/p><h1 class=\" zw-cgb headline zw-prevent-animation\">Nous cr\u00e9ons les conditions du succ\u00e8s<\/h1><\/div><\/div><\/div><\/div><\/div><div class=\"zw-breadcrumb-container black-color d-none d-md-down-block\"><nav aria-label=\"breadcrumbs\" class=\"rank-math-breadcrumb\"><p><span class=\"label\">c<\/span> <span class=\"last\">Home<\/span><\/p><\/nav><\/div>\n\n    <div  class=\"zw-cgb    infoblock default-margin black-color  \">\n      <div class=\" row\">\n        <div class=\"zw-cgb-content has-padding col-12\">\n          <div class=\"inner-content parent-has-padding\"><p class=\" zw-cgb fulltext \">Grace \u00e0 18 000 experts en r\u00e9seau \u2014 des hommes et des femmes d\u2019action \u2014 nous repensons le management de transition. Aujourd\u2019hui, nous sommes meilleurs qu\u2019hier \u2014 mais pas encore tout \u00e0 fait aussi bons que demain&nbsp;; c\u2019est notre credo. Nous vivons et aimons la transformation.<br>C\u2019est pr\u00e9cis\u00e9ment cette attitude qui fait la diff\u00e9rence.<br><\/p><p class=\" zw-cgb fulltext \">Un manager approuv\u00e9 par Atreus apporte son enthousiasme, son exp\u00e9rience et sa volont\u00e9 de r\u00e9ussir dans chacune de ses missions, qu\u2019il s\u2019agisse d\u2019un engagement au niveau ex\u00e9cutif ou au niveau d\u2019un projet.<br><br>\u00ab&nbsp;Mission accomplie&nbsp;\u00bb est toujours la seule option !<br> <br>C\u2019est s\u00fbrement la raison pour laquelle Atreus est aujourd\u2019hui le num\u00e9ro 1 du management de transition dans les pays germanophones et le leader en Europe. Et neuf fois de suite \u00ab&nbsp;Meilleur conseiller&nbsp;\u00bb.<\/p><p class=\" zw-cgb fulltext \">En 2023, Heidrick &amp; Struggles a acquis Atreus, se positionnant ainsi comme le premier cabinet mondial de conseil en leadership \u00e0 proposer une offre compl\u00e8te de solutions pour les cadres et les talents de haut niveau. Cette offre comprend la mise \u00e0 disposition de managers de transition et de professionnels ind\u00e9pendants, ainsi que des placements permanents, et vient s\u2019ajouter \u00e0 nos nombreux services de conseil. Cette acquisition strat\u00e9gique renforce notre capacit\u00e9 \u00e0 fournir des solutions de gestion globales et des services d\u2019excellence en mati\u00e8re de conseil en leadership.<\/p><div class=\"link-container\"><div class=\"zw-cgb zw-cgb-button-container \"><a class=\"zw-cgb btn btn-primary \" href=\"https:\/\/www.atreus.de\/fr\/competences\/service\/management-de-transition\/\">Le management de transition avec une longueur d\u2019avance<\/a><\/div><\/div><\/div>        <\/div>\n      <\/div>\n    <\/div>\n\n\n\n\n<div id=\"parent72072\" class=\"zw-cgb no-pre row  sliderwrapper white-color  \"><div class=\"multiple-items  no-dots  no-arrow  g-0 default-margin\"  ><div  class=\"zw-cgb single-slide-item no-pre default-margin black-color content-right content-down zw-atr-portrait-pos-center-center zw-atr-landscape-pos-default \"><div  class=\"single-slider-inner-container\"><div class=\"bg-image\"><span class=\"copyright-image d-none d-lg-block\"><\/span><img decoding=\"async\" class=\"respnsive-img d-none d-lg-block\" loading=\"lazy\" alt=\"atreus_\" src=\"https:\/\/www.atreus.de\/wp-content\/uploads\/2026\/03\/Startseite-Section-Awards-Kombination-EN.webp\" srcset=\"https:\/\/www.atreus.de\/wp-content\/uploads\/2026\/03\/Startseite-Section-Awards-Kombination-EN.webp 1920w, https:\/\/www.atreus.de\/wp-content\/uploads\/2026\/03\/Startseite-Section-Awards-Kombination-EN-768x432.webp 768w, https:\/\/www.atreus.de\/wp-content\/uploads\/2026\/03\/Startseite-Section-Awards-Kombination-EN-1024x576.webp 1024w, https:\/\/www.atreus.de\/wp-content\/uploads\/2026\/03\/Startseite-Section-Awards-Kombination-EN-480x270.webp 480w, https:\/\/www.atreus.de\/wp-content\/uploads\/2026\/03\/Startseite-Section-Awards-Kombination-EN-1440x810.webp 1440w\" sizes=\"(max-width: 1920px) 100vw, 1920px\" style=\"aspect-ratio:1920\/1080 !important\" title=\"atreus_\"><span class=\"copyright-image d-lg-none d-block\"><\/span><img decoding=\"async\" class=\"responsive-img d-lg-none d-block\" loading=\"lazy\" alt=\"atreus_\" src=\"https:\/\/www.atreus.de\/wp-content\/uploads\/2026\/03\/202603-Rubrik-Atreus-BB-overall-EN-portrait-1024x932.webp\" srcset=\"https:\/\/www.atreus.de\/wp-content\/uploads\/2026\/03\/202603-Rubrik-Atreus-BB-overall-EN-portrait-1024x932.webp 1024w, https:\/\/www.atreus.de\/wp-content\/uploads\/2026\/03\/202603-Rubrik-Atreus-BB-overall-EN-portrait-768x699.webp 768w, https:\/\/www.atreus.de\/wp-content\/uploads\/2026\/03\/202603-Rubrik-Atreus-BB-overall-EN-portrait-480x437.webp 480w, https:\/\/www.atreus.de\/wp-content\/uploads\/2026\/03\/202603-Rubrik-Atreus-BB-overall-EN-portrait.webp 1266w\" sizes=\"(max-width: 1024px) 100vw, 1024px\" style=\"aspect-ratio:1266\/1152 !important\" title=\"atreus_\"><\/div><div class=\"inner-content\"><h3 class=\" zw-cgb preheadline\">PRIX ATREUS<\/h3><h2 class=\" zw-cgb headline\">POUR QUI NOUS PRENEZ-VOUS\u00a0?<\/h2><p class=\" zw-cgb fulltext \">Ce qui importe, c\u2019est ce que nous pensons de nous-m\u00eames, ce sont les \u00e9valuations des autres, qui portent un regard critique et objectif sur Atreus. Nous tenons \u00e0 remercier ici tous ceux qui, par leur vague d\u2019enthousiasme, nous ont permis de devenir un prestataire de management de transition maintes fois r\u00e9compens\u00e9&nbsp;!<\/p><\/div><\/div><\/div><\/div><\/div>\n\n<div id=\"parent27467\" class=\"zw-cgb no-pre row  sliderwrapper white-color  \"><div class=\"multiple-items  no-dots  no-arrow  g-0 default-margin\"  ><div  class=\"zw-cgb single-slide-item no-pre default-margin white-color content-left content-down zw-atr-portrait-pos-default zw-atr-landscape-pos-default \"><div  class=\"single-slider-inner-container\"><div class=\"bg-image\"><span class=\"copyright-image d-none d-lg-block\"><\/span><img decoding=\"async\" class=\"respnsive-img d-none d-lg-block\" loading=\"lazy\" alt=\"atreus_\" src=\"https:\/\/www.atreus.de\/wp-content\/uploads\/2022\/04\/section-vision-atreus.jpg\" srcset=\"https:\/\/www.atreus.de\/wp-content\/uploads\/2022\/04\/section-vision-atreus.jpg 1920w, https:\/\/www.atreus.de\/wp-content\/uploads\/2022\/04\/section-vision-atreus-768x432.jpg 768w, https:\/\/www.atreus.de\/wp-content\/uploads\/2022\/04\/section-vision-atreus-1024x576.jpg 1024w, https:\/\/www.atreus.de\/wp-content\/uploads\/2022\/04\/section-vision-atreus-480x270.jpg 480w, https:\/\/www.atreus.de\/wp-content\/uploads\/2022\/04\/section-vision-atreus-1440x810.jpg 1440w\" sizes=\"(max-width: 1920px) 100vw, 1920px\" style=\"aspect-ratio:1920\/1080 !important\" title=\"atreus_\"><span class=\"copyright-image d-lg-none d-block\"><\/span><img decoding=\"async\" class=\"responsive-img d-lg-none d-block\" loading=\"lazy\" alt=\"atreus_\" src=\"https:\/\/www.atreus.de\/wp-content\/uploads\/2022\/04\/section-vision-monile-atreus-1.jpg\" srcset=\"https:\/\/www.atreus.de\/wp-content\/uploads\/2022\/04\/section-vision-monile-atreus-1.jpg 786w, https:\/\/www.atreus.de\/wp-content\/uploads\/2022\/04\/section-vision-monile-atreus-1-768x830.jpg 768w, https:\/\/www.atreus.de\/wp-content\/uploads\/2022\/04\/section-vision-monile-atreus-1-480x518.jpg 480w\" sizes=\"(max-width: 1024px) 100vw, 1024px\" style=\"aspect-ratio:786\/849 !important\" title=\"atreus_\"><\/div><div class=\"inner-content\"><h3 class=\" zw-cgb preheadline\">Ce sur quoi nous travaillons<\/h3><h2 class=\" zw-cgb headline\">Management de transition 2030 \u2014 Notre vision<\/h2><p class=\" zw-cgb fulltext \">Nous croyons en un avenir radieux dans lequel les managers approuv\u00e9s par Atreus seront des acteurs strat\u00e9giques et des moteurs fiables de progr\u00e8s durables dans tous les secteurs cl\u00e9s.<\/p><\/div><\/div><\/div><\/div><\/div>\n\n    <div  class=\"zw-cgb    infoblock default-margin black-color  \">\n      <div class=\" row\">\n        <div class=\"zw-cgb-content has-padding col-12\">\n          <div class=\"preheadline-container parent-has-padding\"><p class=\" zw-cgb preheadline ' .  . '\">Travail de persuasion<\/p><\/div><div class=\"inner-content parent-has-padding\"><h2 class=\" zw-cgb headline\">Par exemple<\/h2><p class=\" zw-cgb fulltext \">Plus de 4 000 projets en Europe et dans le monde \u2014 il y a bien s\u00fbr beaucoup \u00e0 dire \u00e0 ce sujet. Nous pr\u00e9f\u00e9rons donner ici la parole aux experts du r\u00e9seau Atreus eux-m\u00eames. Et bien s\u00fbr, celles de nos clients. Vous trouverez des r\u00e9sum\u00e9s tr\u00e8s int\u00e9ressants dans nos pagers One Project et nos \u00e9tudes de cas.<\/p><div class=\"link-container\"><div class=\"zw-cgb zw-cgb-button-container \"><a class=\"zw-cgb btn btn-primary \" href=\"https:\/\/www.atreus.de\/fr\/atreus\/etudes-de-cas\/\">\u00c9tudes de cas<\/a><\/div><\/div><\/div>        <\/div>\n      <\/div>\n    <\/div>\n\n\n\n<div style=\"height:100px\" aria-hidden=\"true\" class=\"wp-block-spacer\"><\/div>\n\n\n\n    <div  class=\"zw-cgb  latestPosts default-margin \">\n      <div class=\"row zw-cgb-content\">\n        \n      <div  class=\"zw-cgb latestPostsContent px-0 col-12 col-md-6 col-menu-4 post   show-featured-image \">\n\n\n        <div class=\"image-container single-featured\"><a href = \"https:\/\/www.atreus.de\/fr\/communique-de-presse\/atreus-champion-cache-du-marche-du-conseil-2026-2027\/\"><span class=\"copyright-image\"><\/span><img decoding=\"async\" loading=\"lazy\" alt=\"atreus_\" src=\"https:\/\/www.atreus.de\/wp-content\/uploads\/2025\/12\/hc-2026-website-teaser-4zu3-Teaser-HC-overall.jpg\" srcset=\"https:\/\/www.atreus.de\/wp-content\/uploads\/2025\/12\/hc-2026-website-teaser-4zu3-Teaser-HC-overall.jpg 823w, https:\/\/www.atreus.de\/wp-content\/uploads\/2025\/12\/hc-2026-website-teaser-4zu3-Teaser-HC-overall-768x578.jpg 768w, https:\/\/www.atreus.de\/wp-content\/uploads\/2025\/12\/hc-2026-website-teaser-4zu3-Teaser-HC-overall-480x361.jpg 480w\" sizes=\"(max-width: 1024px) 100vw, 1024px\" style=\"aspect-ratio:823\/619 !important\" title=\"atreus_\"><\/a><\/div><div class=\"image-container double-featured\"><a href = \"https:\/\/www.atreus.de\/fr\/communique-de-presse\/atreus-champion-cache-du-marche-du-conseil-2026-2027\/\"><span class=\"copyright-image\"><\/span><img decoding=\"async\" loading=\"lazy\" alt=\"atreus_\" src=\"https:\/\/www.atreus.de\/wp-content\/uploads\/2025\/12\/Hidden-Champion-2026-teaser-landscape.jpg\" srcset=\"https:\/\/www.atreus.de\/wp-content\/uploads\/2025\/12\/Hidden-Champion-2026-teaser-landscape.jpg 1098w, https:\/\/www.atreus.de\/wp-content\/uploads\/2025\/12\/Hidden-Champion-2026-teaser-landscape-768x288.jpg 768w, https:\/\/www.atreus.de\/wp-content\/uploads\/2025\/12\/Hidden-Champion-2026-teaser-landscape-1024x384.jpg 1024w, https:\/\/www.atreus.de\/wp-content\/uploads\/2025\/12\/Hidden-Champion-2026-teaser-landscape-480x180.jpg 480w\" sizes=\"(max-width: 1024px) 100vw, 1024px\" style=\"aspect-ratio:1098\/412 !important\" title=\"atreus_\"><\/a><\/div>        <div class=\"content-container has-excerpt posttype-post blue-400 white-color\">\n          <div class=\"preheadline-container parent-has-padding\"><p class=\"zw-cgb preheadline\">Communiqu\u00e9 de presse<\/p><\/div><a href = \"https:\/\/www.atreus.de\/fr\/communique-de-presse\/atreus-champion-cache-du-marche-du-conseil-2026-2027\/\"><h2 class=\" zw-cgb headline\">Atreus Champion cach\u00e9 du march\u00e9 du conseil 2026\/2027<\/h2><\/a><p class=\" zw-cgb fulltext\">Munich, le 15 d\u00e9cembre 2025 \u2013 Atreus continue sur sa lanc\u00e9e du succ\u00e8s\u00a0: le cabinet de conseil en management bas\u00e9 \u00e0 Munich a \u00e9t\u00e9 \u00e9lu \u00ab\u00a0Champion cach\u00e9 du march\u00e9 du conseil 2026\/2027\u00a0\u00bb et s\u2019est nettement impos\u00e9 face \u00e0 une concurrence f\u00e9roce.<\/p><div class=\"post-meta-info-container\"><div class=\"post-read-time\"><p class=\"zw-cgb fulltext\"><i class=\"far fa-clock\"><\/i>3 temps de lecture min<\/p><\/div><div class=\"post-rating-container d-none\"><!-- FeedbackWP Plugin - Results Widget --><div  class=\"rmp-results-widget js-rmp-results-widget js-rmp-results-widget--919064 rmp-results-widget--not-rated\"  data-post-id=\"919064\">  <div class=\"rmp-results-widget__visual-rating\">    <i class=\"js-rmp-results-icon rmp-icon rmp-icon--ratings rmp-icon--star \"><\/i><i class=\"js-rmp-results-icon rmp-icon rmp-icon--ratings rmp-icon--star \"><\/i><i class=\"js-rmp-results-icon rmp-icon rmp-icon--ratings rmp-icon--star \"><\/i><i class=\"js-rmp-results-icon rmp-icon rmp-icon--ratings rmp-icon--star \"><\/i><i class=\"js-rmp-results-icon rmp-icon rmp-icon--ratings rmp-icon--star \"><\/i>  <\/div>  <div class=\"rmp-results-widget__avg-rating\">    <span class=\"js-rmp-avg-rating\">          <\/span>  <\/div>  <div class=\"rmp-results-widget__vote-count\">    (<span class=\"js-rmp-vote-count\"><\/span>)  <\/div><\/div> <\/div><div class=\"post-social-share\"><div class=\"zw-social-share dropdown show\">\r\n        <a class=\"zw-social-share-toggler\" href=\"#\" role=\"button\" id=\"dropdownMenuLink\" data-toggle=\"dropdown\" aria-haspopup=\"true\" aria-expanded=\"false\">\r\n        <i class=\"fas fa-share-alt\"><\/i><span class=\"zw-share-meta\">Partager<\/span>\r\n        <\/a>\r\n        <div class=\"zw-share-dropdown-menu dropdown-menu\" aria-labelledby=\"dropdownMenuLink\"><div class=\"dropdown-inner\"><p class=\"zw-share-heading fulltext\">Partager<\/p><a class=\"zw-social-share-toggler fulltext\" href=\"#\" role=\"button\" id=\"dropdownMenuLink\" data-toggle=\"dropdown\" aria-label=\"Close\">\u2715<\/a><div class=\"social-inner-icons\"><a class=\"dropdown-item \" target=\"_blank\" rel=\"nofollow\" href=\"https:\/\/www.linkedin.com\/cws\/share?url=https%3A%2F%2Fwww.atreus.de%2Ffr%2Fcommunique-de-presse%2Fatreus-champion-cache-du-marche-du-conseil-2026-2027%2F&amp;title=Atreus+Champion+cach%C3%A9+du+march%C3%A9+du+conseil+2026%2F2027\"><i class=\"fab fa-linkedin fa-fw\"><\/i><\/a><a class=\"dropdown-item \" target=\"_blank\" rel=\"nofollow\" href=\"https:\/\/www.xing.com\/spi\/shares\/new?url=https%3A%2F%2Fwww.atreus.de%2Ffr%2Fcommunique-de-presse%2Fatreus-champion-cache-du-marche-du-conseil-2026-2027%2F\"><i class=\"fab fa-xing fa-fw\"><\/i><\/a><a class=\"dropdown-item \" target=\"_blank\" rel=\"nofollow\" href=\"https:\/\/www.facebook.com\/sharer\/sharer.php?u=https%3A%2F%2Fwww.atreus.de%2Ffr%2Fcommunique-de-presse%2Fatreus-champion-cache-du-marche-du-conseil-2026-2027%2F&amp;t=Atreus+Champion+cach%C3%A9+du+march%C3%A9+du+conseil+2026%2F2027\"><i class=\"fab fa-facebook-square fa-fw\"><\/i><\/a><a class=\"dropdown-item \"  target=\"_blank\" rel=\"nofollow\" href=\"https:\/\/twitter.com\/intent\/tweet?url=https%3A%2F%2Fwww.atreus.de%2Ffr%2Fcommunique-de-presse%2Fatreus-champion-cache-du-marche-du-conseil-2026-2027%2F&amp;text=Atreus+Champion+cach%C3%A9+du+march%C3%A9+du+conseil+2026%2F2027\"><i class=\"fab fa-twitter fa-fw\"><\/i><\/a>  <\/div><\/div><\/div>\r\n    <\/div><\/div><\/div><div class=\"zw-cgb zw-cgb-button-container \"><a href=\"https:\/\/www.atreus.de\/fr\/communique-de-presse\/atreus-champion-cache-du-marche-du-conseil-2026-2027\/\" class=\"zw-cgb btn btn-primary \">Lire la suite<\/a><\/div>        <\/div>\n            <\/div>\n      \n  \n      <div  class=\"zw-cgb latestPostsContent px-0 col-12 col-md-6 col-menu-4 publication   show-featured-image \">\n\n\n        <div class=\"image-container single-featured\"><a href = \"https:\/\/www.atreus.de\/fr\/publication\/etude-de-cas\/optimisation-de-projet-et-gestion-de-la-transformation-dans-un-projet-dinfrastructure\/\"><span class=\"copyright-image\">\u00a9bohbeh \u2013 stock.adobe.com<\/span><img decoding=\"async\" loading=\"lazy\" alt=\"atreus_\" src=\"https:\/\/www.atreus.de\/wp-content\/uploads\/2022\/03\/teaser-img-fuer-2-und-3-spalter-04-5.jpg\" srcset=\"https:\/\/www.atreus.de\/wp-content\/uploads\/2022\/03\/teaser-img-fuer-2-und-3-spalter-04-5.jpg 823w, https:\/\/www.atreus.de\/wp-content\/uploads\/2022\/03\/teaser-img-fuer-2-und-3-spalter-04-5-768x578.jpg 768w, https:\/\/www.atreus.de\/wp-content\/uploads\/2022\/03\/teaser-img-fuer-2-und-3-spalter-04-5-480x361.jpg 480w\" sizes=\"(max-width: 1024px) 100vw, 1024px\" style=\"aspect-ratio:823\/619 !important\" title=\"atreus_\"><\/a><\/div><div class=\"image-container double-featured\"><a href = \"https:\/\/www.atreus.de\/fr\/publication\/etude-de-cas\/optimisation-de-projet-et-gestion-de-la-transformation-dans-un-projet-dinfrastructure\/\"><span class=\"copyright-image\">\u00a9bohbeh \u2013 stock.adobe.com<\/span><img decoding=\"async\" loading=\"lazy\" alt=\"atreus_\" src=\"https:\/\/www.atreus.de\/wp-content\/uploads\/2022\/03\/teaser-img-fuer-2-und-3-spalter-04-5.jpg\" srcset=\"https:\/\/www.atreus.de\/wp-content\/uploads\/2022\/03\/teaser-img-fuer-2-und-3-spalter-04-5.jpg 823w, https:\/\/www.atreus.de\/wp-content\/uploads\/2022\/03\/teaser-img-fuer-2-und-3-spalter-04-5-768x578.jpg 768w, https:\/\/www.atreus.de\/wp-content\/uploads\/2022\/03\/teaser-img-fuer-2-und-3-spalter-04-5-480x361.jpg 480w\" sizes=\"(max-width: 1024px) 100vw, 1024px\" style=\"aspect-ratio:823\/619 !important\" title=\"atreus_\"><\/a><\/div>        <div class=\"content-container has-excerpt posttype-publication blue-600 white-color\">\n          <div class=\"preheadline-container parent-has-padding\"><p class=\"zw-cgb preheadline\">\u00c9tude de cas<\/p><\/div><a href = \"https:\/\/www.atreus.de\/fr\/publication\/etude-de-cas\/optimisation-de-projet-et-gestion-de-la-transformation-dans-un-projet-dinfrastructure\/\"><h2 class=\" zw-cgb headline\">Optimisation de projet et gestion de la transformation dans un projet d\u2019infrastructure<\/h2><\/a><p class=\" zw-cgb fulltext\">Une \u00e9quipe Atreus se lance dans un projet complexe dans le secteur de l\u2019\u00e9nergie avec de nombreuses parties prenantes. L\u2019\u00e9quipe optimise l\u2019organisation et les responsabilit\u00e9s, provoque la synchronisation des attentes et cr\u00e9e une culture de projet commune.<\/p><div class=\"zw-cgb zw-cgb-button-container \"><a href=\"https:\/\/www.atreus.de\/fr\/publication\/etude-de-cas\/optimisation-de-projet-et-gestion-de-la-transformation-dans-un-projet-dinfrastructure\/\" class=\"zw-cgb btn btn-primary \">Lire la suite<\/a><\/div>        <\/div>\n            <\/div>\n      \n  \n      <div  class=\"zw-cgb latestPostsContent px-0 col-12 col-md-12 col-menu-4 publication   show-featured-image \">\n\n\n        <div class=\"image-container single-featured\"><a href = \"https:\/\/www.atreus.de\/fr\/publication\/etude-de-cas\/restructuration-chez-un-fabricant-international-de-matieres-plastiques\/\"><span class=\"copyright-image\">\u00a9fotolia.com, Syda Productions<\/span><img decoding=\"async\" loading=\"lazy\" alt=\"atreus_\" src=\"https:\/\/www.atreus.de\/wp-content\/uploads\/2022\/03\/teaser-2u3-sp-03-Automotive.jpg\" srcset=\"https:\/\/www.atreus.de\/wp-content\/uploads\/2022\/03\/teaser-2u3-sp-03-Automotive.jpg 823w, https:\/\/www.atreus.de\/wp-content\/uploads\/2022\/03\/teaser-2u3-sp-03-Automotive-768x578.jpg 768w, https:\/\/www.atreus.de\/wp-content\/uploads\/2022\/03\/teaser-2u3-sp-03-Automotive-480x361.jpg 480w\" sizes=\"(max-width: 1024px) 100vw, 1024px\" style=\"aspect-ratio:823\/619 !important\" title=\"atreus_\"><\/a><\/div><div class=\"image-container double-featured\"><a href = \"https:\/\/www.atreus.de\/fr\/publication\/etude-de-cas\/restructuration-chez-un-fabricant-international-de-matieres-plastiques\/\"><span class=\"copyright-image\">\u00a9fotolia.com, Syda Productions<\/span><img decoding=\"async\" loading=\"lazy\" alt=\"atreus_\" src=\"https:\/\/www.atreus.de\/wp-content\/uploads\/2022\/03\/teaser-50z50-03-Automotive.jpg\" srcset=\"https:\/\/www.atreus.de\/wp-content\/uploads\/2022\/03\/teaser-50z50-03-Automotive.jpg 823w, https:\/\/www.atreus.de\/wp-content\/uploads\/2022\/03\/teaser-50z50-03-Automotive-768x384.jpg 768w, https:\/\/www.atreus.de\/wp-content\/uploads\/2022\/03\/teaser-50z50-03-Automotive-480x240.jpg 480w\" sizes=\"(max-width: 1024px) 100vw, 1024px\" style=\"aspect-ratio:823\/412 !important\" title=\"atreus_\"><\/a><\/div>        <div class=\"content-container has-excerpt posttype-publication blue-900 white-color\">\n          <div class=\"preheadline-container parent-has-padding\"><p class=\"zw-cgb preheadline\">\u00c9tude de cas<\/p><\/div><a href = \"https:\/\/www.atreus.de\/fr\/publication\/etude-de-cas\/restructuration-chez-un-fabricant-international-de-matieres-plastiques\/\"><h2 class=\" zw-cgb headline\">Restructuration chez un fabricant international de mati\u00e8res plastiques<\/h2><\/a><p class=\" zw-cgb fulltext\">Un expert d\u2019Atreus se heurte \u00e0 des \u00e9valuations critiques de la part des clients, des co\u00fbts \u00e9lev\u00e9s au niveau du personnel et de la qualit\u00e9, ainsi qu\u2019\u00e0 une baisse du chiffre d\u2019affaires. En tant que dirigeant et directeur de production, il am\u00e9liore la qualit\u00e9 &#8230;<\/p><div class=\"zw-cgb zw-cgb-button-container \"><a href=\"https:\/\/www.atreus.de\/fr\/publication\/etude-de-cas\/restructuration-chez-un-fabricant-international-de-matieres-plastiques\/\" class=\"zw-cgb btn btn-primary \">Lire la suite<\/a><\/div>        <\/div>\n            <\/div>\n      <div class=\"zw-spacer px-0\"><\/div>\n        <\/div>\n    <\/div>\n\n\n\n\n    <div  class=\"zw-cgb  latestPosts default-margin \">\n      <div class=\"row zw-cgb-content\">\n        \n      <div  class=\"zw-cgb latestPostsContent px-0 col-12 col-md-6 col-menu-4 post   show-featured-image \">\n\n\n        <div class=\"image-container single-featured\"><a href = \"https:\/\/www.atreus.de\/fr\/communique-de-presse\/heidrick-struggles-acquiert-atreus\/\"><img decoding=\"async\" loading=\"lazy\" width=\"290\" height=\"251\" alt=\"Atreus\" src=\"https:\/\/www.atreus.de\/wp-content\/themes\/zw-atr-theme\/assets\/images\/Platzhalter.jpg\" title=\"atreus_\"><\/a><\/div><div class=\"image-container double-featured\"><a href = \"https:\/\/www.atreus.de\/fr\/communique-de-presse\/heidrick-struggles-acquiert-atreus\/\"><img decoding=\"async\" loading=\"lazy\" width=\"290\" height=\"251\" alt=\"Atreus\" src=\"https:\/\/www.atreus.de\/wp-content\/themes\/zw-atr-theme\/assets\/images\/Platzhalter.jpg\" title=\"atreus_\"><\/a><\/div>        <div class=\"content-container has-excerpt posttype-post blue-400 white-color\">\n          <div class=\"preheadline-container parent-has-padding\"><p class=\"zw-cgb preheadline\">Communiqu\u00e9 de presse<\/p><\/div><a href = \"https:\/\/www.atreus.de\/fr\/communique-de-presse\/heidrick-struggles-acquiert-atreus\/\"><h2 class=\" zw-cgb headline\">Heidrick &amp; Struggles acquiert Atreus<\/h2><\/a><p class=\" zw-cgb fulltext\">MUNICH, 2 f\u00e9vrier 2023 \u2014 En concluant avec succ\u00e8s cette acquisition, la soci\u00e9t\u00e9 cot\u00e9e en bourse Heidrick &#038; Struggles (Nasdaq\u00a0: HSII), l\u2019un des principaux fournisseurs de services de conseil en leadership mondial et de solutions de gestion des talents \u00e0 la demande, dont le &#8230;<\/p><div class=\"post-meta-info-container\"><div class=\"post-read-time\"><p class=\"zw-cgb fulltext\"><i class=\"far fa-clock\"><\/i>4 temps de lecture min<\/p><\/div><div class=\"post-rating-container d-none\"><!-- FeedbackWP Plugin - Results Widget --><div  class=\"rmp-results-widget js-rmp-results-widget js-rmp-results-widget--524328 \"  data-post-id=\"524328\">  <div class=\"rmp-results-widget__visual-rating\">    <i class=\"js-rmp-results-icon rmp-icon rmp-icon--ratings rmp-icon--star \"><\/i><i class=\"js-rmp-results-icon rmp-icon rmp-icon--ratings rmp-icon--star \"><\/i><i class=\"js-rmp-results-icon rmp-icon rmp-icon--ratings rmp-icon--star \"><\/i><i class=\"js-rmp-results-icon rmp-icon rmp-icon--ratings rmp-icon--star \"><\/i><i class=\"js-rmp-results-icon rmp-icon rmp-icon--ratings rmp-icon--star \"><\/i>  <\/div>  <div class=\"rmp-results-widget__avg-rating\">    <span class=\"js-rmp-avg-rating\">          <\/span>  <\/div>  <div class=\"rmp-results-widget__vote-count\">    (<span class=\"js-rmp-vote-count\"><\/span>)  <\/div><\/div> <\/div><div class=\"post-social-share\"><div class=\"zw-social-share dropdown show\">\r\n        <a class=\"zw-social-share-toggler\" href=\"#\" role=\"button\" id=\"dropdownMenuLink\" data-toggle=\"dropdown\" aria-haspopup=\"true\" aria-expanded=\"false\">\r\n        <i class=\"fas fa-share-alt\"><\/i><span class=\"zw-share-meta\">Partager<\/span>\r\n        <\/a>\r\n        <div class=\"zw-share-dropdown-menu dropdown-menu\" aria-labelledby=\"dropdownMenuLink\"><div class=\"dropdown-inner\"><p class=\"zw-share-heading fulltext\">Partager<\/p><a class=\"zw-social-share-toggler fulltext\" href=\"#\" role=\"button\" id=\"dropdownMenuLink\" data-toggle=\"dropdown\" aria-label=\"Close\">\u2715<\/a><div class=\"social-inner-icons\"><a class=\"dropdown-item \" target=\"_blank\" rel=\"nofollow\" href=\"https:\/\/www.linkedin.com\/cws\/share?url=https%3A%2F%2Fwww.atreus.de%2Ffr%2Fcommunique-de-presse%2Fheidrick-struggles-acquiert-atreus%2F&amp;title=Heidrick+%26amp%3B+Struggles+acquiert+Atreus\"><i class=\"fab fa-linkedin fa-fw\"><\/i><\/a><a class=\"dropdown-item \" target=\"_blank\" rel=\"nofollow\" href=\"https:\/\/www.xing.com\/spi\/shares\/new?url=https%3A%2F%2Fwww.atreus.de%2Ffr%2Fcommunique-de-presse%2Fheidrick-struggles-acquiert-atreus%2F\"><i class=\"fab fa-xing fa-fw\"><\/i><\/a><a class=\"dropdown-item \" target=\"_blank\" rel=\"nofollow\" href=\"https:\/\/www.facebook.com\/sharer\/sharer.php?u=https%3A%2F%2Fwww.atreus.de%2Ffr%2Fcommunique-de-presse%2Fheidrick-struggles-acquiert-atreus%2F&amp;t=Heidrick+%26amp%3B+Struggles+acquiert+Atreus\"><i class=\"fab fa-facebook-square fa-fw\"><\/i><\/a><a class=\"dropdown-item \"  target=\"_blank\" rel=\"nofollow\" href=\"https:\/\/twitter.com\/intent\/tweet?url=https%3A%2F%2Fwww.atreus.de%2Ffr%2Fcommunique-de-presse%2Fheidrick-struggles-acquiert-atreus%2F&amp;text=Heidrick+%26amp%3B+Struggles+acquiert+Atreus\"><i class=\"fab fa-twitter fa-fw\"><\/i><\/a>  <\/div><\/div><\/div>\r\n    <\/div><\/div><\/div><div class=\"zw-cgb zw-cgb-button-container \"><a href=\"https:\/\/www.atreus.de\/fr\/communique-de-presse\/heidrick-struggles-acquiert-atreus\/\" class=\"zw-cgb btn btn-primary \">Lire la suite<\/a><\/div>        <\/div>\n            <\/div>\n      \n  \n      <div  class=\"zw-cgb latestPostsContent px-0 col-12 col-md-6 col-menu-4 publication   show-featured-image \">\n\n\n        <div class=\"image-container single-featured\"><a href = \"https:\/\/www.atreus.de\/fr\/publication\/etude\/tournant-energetique-et-ses-consequences\/\"><span class=\"copyright-image\"><\/span><img decoding=\"async\" loading=\"lazy\" alt=\"atreus_\" src=\"https:\/\/www.atreus.de\/wp-content\/uploads\/2023\/08\/teaser-4zu3-20230802-RT-Enrergie-Infr-Grosspr.jpg\" srcset=\"https:\/\/www.atreus.de\/wp-content\/uploads\/2023\/08\/teaser-4zu3-20230802-RT-Enrergie-Infr-Grosspr.jpg 823w, https:\/\/www.atreus.de\/wp-content\/uploads\/2023\/08\/teaser-4zu3-20230802-RT-Enrergie-Infr-Grosspr-768x578.jpg 768w, https:\/\/www.atreus.de\/wp-content\/uploads\/2023\/08\/teaser-4zu3-20230802-RT-Enrergie-Infr-Grosspr-480x361.jpg 480w\" sizes=\"(max-width: 1024px) 100vw, 1024px\" style=\"aspect-ratio:823\/619 !important\" title=\"atreus_\"><\/a><\/div><div class=\"image-container double-featured\"><a href = \"https:\/\/www.atreus.de\/fr\/publication\/etude\/tournant-energetique-et-ses-consequences\/\"><span class=\"copyright-image\"><\/span><img decoding=\"async\" loading=\"lazy\" alt=\"atreus_\" src=\"https:\/\/www.atreus.de\/wp-content\/uploads\/2023\/08\/teaser-landscape-20230802-RT-Enrergie-Infr-Grosspr.jpg\" srcset=\"https:\/\/www.atreus.de\/wp-content\/uploads\/2023\/08\/teaser-landscape-20230802-RT-Enrergie-Infr-Grosspr.jpg 1098w, https:\/\/www.atreus.de\/wp-content\/uploads\/2023\/08\/teaser-landscape-20230802-RT-Enrergie-Infr-Grosspr-768x288.jpg 768w, https:\/\/www.atreus.de\/wp-content\/uploads\/2023\/08\/teaser-landscape-20230802-RT-Enrergie-Infr-Grosspr-1024x384.jpg 1024w, https:\/\/www.atreus.de\/wp-content\/uploads\/2023\/08\/teaser-landscape-20230802-RT-Enrergie-Infr-Grosspr-480x180.jpg 480w\" sizes=\"(max-width: 1024px) 100vw, 1024px\" style=\"aspect-ratio:1098\/412 !important\" title=\"atreus_\"><\/a><\/div>        <div class=\"content-container has-excerpt posttype-publication blue-600 white-color\">\n          <div class=\"preheadline-container parent-has-padding\"><p class=\"zw-cgb preheadline\">\u00c9tude<\/p><\/div><a href = \"https:\/\/www.atreus.de\/fr\/publication\/etude\/tournant-energetique-et-ses-consequences\/\"><h2 class=\" zw-cgb headline\">Tournant \u00e9nerg\u00e9tique et ses cons\u00e9quences<\/h2><\/a><p class=\" zw-cgb fulltext\">L\u2019\u00e9tude met en \u00e9vidence une inqui\u00e9tude croissante des chefs d\u2019entreprise allemands quant \u00e0 l\u2019impact de la transition \u00e9nerg\u00e9tique. Les r\u00e9sultats de l\u2019enqu\u00eate montrent que de nombreux cadres sup\u00e9rieurs reconnaissent de plus en plus de d\u00e9savantages concurrentiels pour le site \u00e9conomique allemand.<\/p><div class=\"zw-cgb zw-cgb-button-container \"><a href=\"https:\/\/www.atreus.de\/fr\/publication\/etude\/tournant-energetique-et-ses-consequences\/\" class=\"zw-cgb btn btn-primary \">Lire la suite<\/a><\/div>        <\/div>\n            <\/div>\n      \n  \n      <div  class=\"zw-cgb latestPostsContent px-0 col-12 col-md-12 col-menu-4 event   show-featured-image \">\n\n\n        <div class=\"image-container single-featured\"><a href = \"https:\/\/www.atreus.de\/fr\/evenement\/salon-de-linnovation-sur-linformatique-quantique\/\"><span class=\"copyright-image\">\u00a9 John D. &#8211; stock.adobe.com \/ sakkmesterke  &#8211; stock.adobe.com<\/span><img decoding=\"async\" loading=\"lazy\" alt=\"atreus_\" src=\"https:\/\/www.atreus.de\/wp-content\/uploads\/2023\/05\/teaser-4zu3-20230712-innovationslaunsch-fraunhofer-alumni-1.jpg\" srcset=\"https:\/\/www.atreus.de\/wp-content\/uploads\/2023\/05\/teaser-4zu3-20230712-innovationslaunsch-fraunhofer-alumni-1.jpg 823w, https:\/\/www.atreus.de\/wp-content\/uploads\/2023\/05\/teaser-4zu3-20230712-innovationslaunsch-fraunhofer-alumni-1-768x578.jpg 768w, https:\/\/www.atreus.de\/wp-content\/uploads\/2023\/05\/teaser-4zu3-20230712-innovationslaunsch-fraunhofer-alumni-1-480x361.jpg 480w\" sizes=\"(max-width: 1024px) 100vw, 1024px\" style=\"aspect-ratio:823\/619 !important\" title=\"atreus_\"><\/a><\/div><div class=\"image-container double-featured\"><a href = \"https:\/\/www.atreus.de\/fr\/evenement\/salon-de-linnovation-sur-linformatique-quantique\/\"><span class=\"copyright-image\">\u00a9 John D. &#8211; stock.adobe.com \/ sakkmesterke  &#8211; stock.adobe.com<\/span><img decoding=\"async\" loading=\"lazy\" alt=\"atreus_\" src=\"https:\/\/www.atreus.de\/wp-content\/uploads\/2023\/05\/teaser-landscape-20230712-innovationslaunsch-fraunhofer-alumni-1.jpg\" srcset=\"https:\/\/www.atreus.de\/wp-content\/uploads\/2023\/05\/teaser-landscape-20230712-innovationslaunsch-fraunhofer-alumni-1.jpg 1098w, https:\/\/www.atreus.de\/wp-content\/uploads\/2023\/05\/teaser-landscape-20230712-innovationslaunsch-fraunhofer-alumni-1-768x288.jpg 768w, https:\/\/www.atreus.de\/wp-content\/uploads\/2023\/05\/teaser-landscape-20230712-innovationslaunsch-fraunhofer-alumni-1-1024x384.jpg 1024w, https:\/\/www.atreus.de\/wp-content\/uploads\/2023\/05\/teaser-landscape-20230712-innovationslaunsch-fraunhofer-alumni-1-480x180.jpg 480w\" sizes=\"(max-width: 1024px) 100vw, 1024px\" style=\"aspect-ratio:1098\/412 !important\" title=\"atreus_\"><\/a><\/div>        <div class=\"content-container has-excerpt posttype-event blue-900 white-color\">\n          <div class=\"preheadline-container parent-has-padding\"><p class=\"zw-cgb preheadline\">A-lounge | 12.07.2023<\/p><\/div><a href = \"https:\/\/www.atreus.de\/fr\/evenement\/salon-de-linnovation-sur-linformatique-quantique\/\"><h2 class=\" zw-cgb headline\">Salon de l\u2019innovation sur l\u2019informatique quantique<\/h2><\/a><p class=\" zw-cgb fulltext\">\u200bActuellement, la technologie quantique fait l\u2019objet d\u2019un battage m\u00e9diatique en tant que solution \u00e0 presque tout. Mais o\u00f9 en sommes-nous vraiment\u00a0? Combien de temps faudra-t-il pour que les ordinateurs quantiques soient suffisamment puissants pour relever des d\u00e9fis scientifiques, \u00e9conomiques, \u00e9cologiques et sociaux complexes\u00a0? Existe-t-il &#8230;<\/p><div class=\"zw-cgb zw-cgb-button-container \"><a href=\"https:\/\/www.atreus.de\/fr\/evenement\/salon-de-linnovation-sur-linformatique-quantique\/\" class=\"zw-cgb btn btn-primary \">Lire la suite<\/a><\/div>        <\/div>\n            <\/div>\n      <div class=\"zw-spacer px-0\"><\/div>\n        <\/div>\n    <\/div>\n\n\n\n    <div  class=\"zw-cgb    infoblock default-margin black-color  \">\n      <div class=\" row\">\n        <div class=\"zw-cgb-content has-padding col-12\">\n          <div class=\"inner-content parent-has-padding\"><h2 class=\" zw-cgb headline\">Faits et chiffres<\/h2><div class=\"link-container\"><\/div><\/div>        <\/div>\n      <\/div>\n    <\/div>\n\n\n    <div  class=\"zw-cgb  bildblock default-margin \">\r\n      <div class=\"row\">\r\n        <div class=\"zw-cgb-content px-0\">\r\n          <span class=\"copyright-image d-none d-md-block\"><\/span><img decoding=\"async\" class=\"respnsive-img d-none d-md-block\" loading=\"lazy\" alt=\"atreus_\" src=\"https:\/\/www.atreus.de\/wp-content\/uploads\/2026\/01\/grafic-facts-and-figures-FR.webp\" srcset=\"https:\/\/www.atreus.de\/wp-content\/uploads\/2026\/01\/grafic-facts-and-figures-FR.webp 1920w, https:\/\/www.atreus.de\/wp-content\/uploads\/2026\/01\/grafic-facts-and-figures-FR-768x288.webp 768w, https:\/\/www.atreus.de\/wp-content\/uploads\/2026\/01\/grafic-facts-and-figures-FR-1024x384.webp 1024w, https:\/\/www.atreus.de\/wp-content\/uploads\/2026\/01\/grafic-facts-and-figures-FR-480x180.webp 480w, https:\/\/www.atreus.de\/wp-content\/uploads\/2026\/01\/grafic-facts-and-figures-FR-1440x540.webp 1440w\" sizes=\"(max-width: 1920px) 100vw, 1920px\" style=\"aspect-ratio:1920\/720 !important\" title=\"atreus_\"><span class=\"copyright-image d-md-none d-block\"><\/span><img decoding=\"async\" class=\"responsive-img d-md-none d-block\" loading=\"lazy\" alt=\"atreus_\" src=\"https:\/\/www.atreus.de\/wp-content\/uploads\/2026\/01\/grafic-facts-and-figures-mobile-FR.webp\" srcset=\"https:\/\/www.atreus.de\/wp-content\/uploads\/2026\/01\/grafic-facts-and-figures-mobile-FR.webp 950w, https:\/\/www.atreus.de\/wp-content\/uploads\/2026\/01\/grafic-facts-and-figures-mobile-FR-768x1365.webp 768w, https:\/\/www.atreus.de\/wp-content\/uploads\/2026\/01\/grafic-facts-and-figures-mobile-FR-480x853.webp 480w\" sizes=\"(max-width: 1024px) 100vw, 1024px\" style=\"aspect-ratio:950\/1688 !important\" title=\"atreus_\">        <\/div>\r\n      <\/div>\r\n    <\/div>\r\n\n\n    <div  class=\"zw-cgb  bildblock default-margin \">\r\n      <div class=\"row\">\r\n        <div class=\"zw-cgb-content px-0\">\r\n                  <\/div>\r\n      <\/div>\r\n    <\/div>\r\n\n\n    <div  class=\"zw-cgb    infoblock default-margin black-color  \">\n      <div class=\" row\">\n        <div class=\"zw-cgb-content has-padding col-12\">\n          <div class=\"preheadline-container parent-has-padding\"><p class=\" zw-cgb preheadline ' .  . '\">Le pouvoir de l\u2019\u00e9quipe<\/p><\/div><div class=\"inner-content parent-has-padding\"><h2 class=\" zw-cgb headline\">L\u2019\u00e9quipe de pouvoir<\/h2><p class=\" zw-cgb fulltext \">Notre r\u00e9seau mondial relie aujourd\u2019hui plus de 100 000 experts en mise en \u0153uvre, dont le CV indique principalement des postes de direction dans la hi\u00e9rarchie de l\u2019entreprise ou des responsabilit\u00e9s de haut niveau en mati\u00e8re de gestion de projets et de programmes.<\/p><div class=\"link-container\"><div class=\"zw-cgb zw-cgb-button-container \"><a class=\"zw-cgb btn btn-primary \" href=\"https:\/\/www.atreus.de\/fr\/atreus\/equipe\/\">\u00c9quipe<\/a><\/div><\/div><\/div>        <\/div>\n      <\/div>\n    <\/div>\n\n\n<div  class=\"zw-cgb  sidebarblock default-margin \">\r\n      <div class=\"row\">\r\n        \r\n\t\t<div class=\"zw-cgb global-widget left  black-color  no-margin\">\r\n\t\t\t\t\t\t\t<div class=\"bg-img-container\">\r\n\t\t\t\t\t<img decoding=\"async\" loading=\"lazy\" width=\"1920\" height=\"1080\" src=\"https:\/\/www.atreus.de\/wp-content\/uploads\/2022\/03\/header-10.jpg\" style=\"aspect-ratio:1920\/1080 !important\" alt=\"atreus_\" title=\"atreus_\">\t\t\t\t<\/div>\r\n\t\t\t\t\t\t<div class=\"inner-container bg-white\">\r\n\t\t\t\t      <div class=\"headlinetwo-container\">\r\n\t\t<p class=\"zw-cgb headline two\">Construire le succ\u00e8s ensemble   Rejoignez l\u2019\u00e9quipe Atreus !<\/p>\r\n\t  <\/div> \t\t\t\t<div class=\"widget-content fulltext\">\r\n\r\n\t\t\t\t\t\t<p><span class=\"TextRun SCXW152345228 BCX8\" lang=\"FR-FR\" xml:lang=\"FR-FR\" data-contrast=\"auto\"><span class=\"NormalTextRun SCXW152345228 BCX8\">Ensemble, nous renfor\u00e7ons notre position de leader sur le march\u00e9 allemand et notre position de leader en Europe.<\/span><\/span><span class=\"EOP SCXW152345228 BCX8\" data-ccp-props=\"{\">\u00a0<\/span><\/p>\n\r\n\r\n\t\t\t\t<\/div>\r\n\t\t\t\t\t\t\t\t\r\n\t\t\t\t<div class=\"zw-cgb zw-cgb-button-container\">\r\n\t\t\t\t\t<a href=\"https:\/\/www.atreus.de\/fr\/atreus\/carriere\/\" class=\"zw-cgb btn btn-primary\">Carri\u00e8re<\/a>\r\n\t\t\t\t<\/div>\r\n\t\t\t\t\t\t\t<\/div>\r\n\t\t<\/div>\r\n\t<\/div><\/div>    \n\n\n<div style=\"height:100px\" aria-hidden=\"true\" class=\"wp-block-spacer\"><\/div>\n\n\n","protected":false},"excerpt":{"rendered":"<div  class=\"zw-cgb header-standard-block  desktop-has-image mobile-has-image default-margin white-color content-left content-down zw-atr-portrait-pos-default zw-atr-landscape-pos-default height-default \">\n<div class=\"row\">\n<div class=\"zw-cgb-content col-12 mx-auto\">\n<div  class=\"header-standard-inner-container\">\n<div class=\"bg-image\"><span class=\"copyright-image d-none d-lg-block\"><\/span><img decoding=\"async\" class=\"respnsive-img d-none d-lg-block\" loading=\"lazy\" alt=\"\" src=\"https:\/\/www.atreus.de\/wp-content\/uploads\/2022\/03\/header-atreus.jpg\" srcset=\"https:\/\/www.atreus.de\/wp-content\/uploads\/2022\/03\/header-atreus.jpg 1920w, https:\/\/www.atreus.de\/wp-content\/uploads\/2022\/03\/header-atreus-768x432.jpg 768w, https:\/\/www.atreus.de\/wp-content\/uploads\/2022\/03\/header-atreus-1024x576.jpg 1024w, https:\/\/www.atreus.de\/wp-content\/uploads\/2022\/03\/header-atreus-480x270.jpg 480w, https:\/\/www.atreus.de\/wp-content\/uploads\/2022\/03\/header-atreus-1440x810.jpg 1440w\" sizes=\"(max-width: 1920px) 100vw, 1920px\"style='aspect-ratio:1920\/1080 !important'><span class=\"copyright-image d-lg-none d-block\"><\/span><img decoding=\"async\" class=\"responsive-img d-lg-none d-block\" loading=\"lazy\" alt=\"\" src=\"https:\/\/www.atreus.de\/wp-content\/uploads\/2022\/04\/teaser-img-fuer-2-und-3-spalter-atreus.jpg\" srcset=\"https:\/\/www.atreus.de\/wp-content\/uploads\/2022\/04\/teaser-img-fuer-2-und-3-spalter-atreus.jpg 823w, https:\/\/www.atreus.de\/wp-content\/uploads\/2022\/04\/teaser-img-fuer-2-und-3-spalter-atreus-768x578.jpg 768w, https:\/\/www.atreus.de\/wp-content\/uploads\/2022\/04\/teaser-img-fuer-2-und-3-spalter-atreus-480x361.jpg 480w\" sizes=\"(max-width: 1024px) 100vw, 1024px\"style='aspect-ratio:823\/619 !important'><\/div>\n<div class=\"preheadline-container\">\n<div class=\"zw-breadcrumb-container black-color d-md-down-none\"><\/div>\n<p class=\" zw-cgb preheadline zw-prevent-animation\">Entreprise<\/p>\n<h2 class=\" zw-cgb headline zw-prevent-animation\">Nous cr\u00e9ons les conditions du succ\u00e8s<\/h2>\n<\/div>\n<\/div>\n<\/div>\n<\/div>\n<\/div>\n<div class=\"zw-breadcrumb-container black-color d-none d-md-down-block\">\n<nav aria-label=\"breadcrumbs\" class=\"rank-math-breadcrumb\">\n<p><span class=\"label\">c<\/span> <span class=\"last\">Home<\/span><\/p>\n<\/nav>\n<\/div>\n","protected":false},"author":1,"featured_media":0,"parent":621933,"menu_order":10,"comment_status":"closed","ping_status":"closed","template":"","meta":{"_relevanssi_hide_post":"","_relevanssi_hide_content":"","_relevanssi_pin_for_all":"","_relevanssi_pin_keywords":"","_relevanssi_unpin_keywords":"","_relevanssi_related_keywords":"","_relevanssi_related_include_ids":"","_relevanssi_related_exclude_ids":"","_relevanssi_related_no_append":"","_relevanssi_related_not_related":"","_relevanssi_related_posts":"524328,524345,524337,524329,524314,524369","_relevanssi_noindex_reason":"","_zw_phone_override":"","footnotes":""},"competences":[],"industry-sectors":[],"class_list":["post-621982","page","type-page","status-publish","hentry"],"_links":{"self":[{"href":"https:\/\/www.atreus.de\/fr\/wp-json\/wp\/v2\/pages\/621982","targetHints":{"allow":["GET"]}}],"collection":[{"href":"https:\/\/www.atreus.de\/fr\/wp-json\/wp\/v2\/pages"}],"about":[{"href":"https:\/\/www.atreus.de\/fr\/wp-json\/wp\/v2\/types\/page"}],"author":[{"embeddable":true,"href":"https:\/\/www.atreus.de\/fr\/wp-json\/wp\/v2\/users\/1"}],"replies":[{"embeddable":true,"href":"https:\/\/www.atreus.de\/fr\/wp-json\/wp\/v2\/comments?post=621982"}],"version-history":[{"count":0,"href":"https:\/\/www.atreus.de\/fr\/wp-json\/wp\/v2\/pages\/621982\/revisions"}],"up":[{"embeddable":true,"href":"https:\/\/www.atreus.de\/fr\/wp-json\/wp\/v2\/pages\/621933"}],"wp:attachment":[{"href":"https:\/\/www.atreus.de\/fr\/wp-json\/wp\/v2\/media?parent=621982"}],"wp:term":[{"taxonomy":"competences","embeddable":true,"href":"https:\/\/www.atreus.de\/fr\/wp-json\/wp\/v2\/competences?post=621982"},{"taxonomy":"industry-sectors","embeddable":true,"href":"https:\/\/www.atreus.de\/fr\/wp-json\/wp\/v2\/industry-sectors?post=621982"}],"curies":[{"name":"wp","href":"https:\/\/api.w.org\/{rel}","templated":true}]}}