{"id":621990,"date":"2022-03-01T11:54:50","date_gmt":"2022-03-01T10:54:50","guid":{"rendered":"https:\/\/www.atreus.de\/?page_id=621990"},"modified":"2024-10-17T16:28:32","modified_gmt":"2024-10-17T14:28:32","slug":"mediatheque","status":"publish","type":"page","link":"https:\/\/www.atreus.de\/fr\/publications-et-evenements\/mediatheque\/","title":{"rendered":"M\u00e9diath\u00e8que"},"content":{"rendered":"<div  class=\"zw-cgb header-standard-block is-first-block desktop-has-image mobile-has-image default-margin white-color content-left content-down zw-atr-portrait-pos-default zw-atr-landscape-pos-default height-default \"><div class=\"row\"><div class=\"zw-cgb-content col-12 mx-auto\"><div  class=\"header-standard-inner-container\"><div class=\"bg-image\"><span class=\"copyright-image d-none d-lg-block\"><\/span><img decoding=\"async\" class=\"respnsive-img d-none d-lg-block\" loading=\"lazy\" alt=\"atreus_\" src=\"https:\/\/www.atreus.de\/wp-content\/uploads\/2024\/10\/header-mediathek-ohne-txt.jpg\" srcset=\"https:\/\/www.atreus.de\/wp-content\/uploads\/2024\/10\/header-mediathek-ohne-txt.jpg 1920w, https:\/\/www.atreus.de\/wp-content\/uploads\/2024\/10\/header-mediathek-ohne-txt-768x432.jpg 768w, https:\/\/www.atreus.de\/wp-content\/uploads\/2024\/10\/header-mediathek-ohne-txt-1024x576.jpg 1024w, https:\/\/www.atreus.de\/wp-content\/uploads\/2024\/10\/header-mediathek-ohne-txt-480x270.jpg 480w, https:\/\/www.atreus.de\/wp-content\/uploads\/2024\/10\/header-mediathek-ohne-txt-1440x810.jpg 1440w\" sizes=\"(max-width: 1920px) 100vw, 1920px\" style=\"aspect-ratio:1920\/1080 !important\" title=\"atreus_\"><span class=\"copyright-image d-lg-none d-block\"><\/span><img decoding=\"async\" class=\"responsive-img d-lg-none d-block\" loading=\"lazy\" alt=\"atreus_\" src=\"https:\/\/www.atreus.de\/wp-content\/uploads\/2024\/10\/teaser-4zu3-mediathek-ohne-txt.jpg\" srcset=\"https:\/\/www.atreus.de\/wp-content\/uploads\/2024\/10\/teaser-4zu3-mediathek-ohne-txt.jpg 823w, https:\/\/www.atreus.de\/wp-content\/uploads\/2024\/10\/teaser-4zu3-mediathek-ohne-txt-768x578.jpg 768w, https:\/\/www.atreus.de\/wp-content\/uploads\/2024\/10\/teaser-4zu3-mediathek-ohne-txt-480x361.jpg 480w\" sizes=\"(max-width: 1024px) 100vw, 1024px\" style=\"aspect-ratio:823\/619 !important\" title=\"atreus_\"><\/div><div class=\"preheadline-container\"><div class=\"zw-breadcrumb-container black-color d-md-down-none\"><\/div><h1 class=\" zw-cgb headline zw-prevent-animation\">M\u00e9diath\u00e8que Atreus<\/h1><\/div><\/div><\/div><\/div><\/div><div class=\"zw-breadcrumb-container black-color d-none d-md-down-block\"><nav aria-label=\"breadcrumbs\" class=\"rank-math-breadcrumb\"><p><span class=\"label\">c<\/span> <span class=\"last\">Home<\/span><\/p><\/nav><\/div>\n\n    <div  class=\"zw-cgb    infoblock default-margin black-color  \">\n      <div class=\" row\">\n        <div class=\"zw-cgb-content has-padding col-12\">\n          <div class=\"inner-content parent-has-padding\"><p class=\" zw-cgb fulltext \">Dans la m\u00e9diath\u00e8que Atreus, vous trouverez tous les \u00e9v\u00e9nements, publications et articles importants et actuels, clairement class\u00e9s en fonction des secteurs dans lesquels nous sommes actifs et des comp\u00e9tences que nous proposons \u00e0 nos clients. Nous mettons \u00e0 votre disposition une s\u00e9lection de dossiers th\u00e9matiques, les principales tribunes ainsi que des articles de blog et des entretiens avec des experts, des \u00e9tudes de cas et bien plus encore. Voyez vous-m\u00eame&nbsp;!<\/p><div class=\"link-container\"><\/div><\/div>        <\/div>\n      <\/div>\n    <\/div>\n\n\n<div id=\"parent42227\" class=\"zw-cgb row  TippsSliderWrapper black-color  zw-atr-portrait-pos-default zw-atr-landscape-pos-default  no-pagination  m-bg-none\"><h2 class=\" zw-cgb preheadline \">Mention&nbsp;: \u00e0 voir, \u00e0 lire\u2026<\/h2><div class=\"multiple-items-container-tipps px-0\"><div class=\"bg-image\"><span class=\"copyright-image d-none d-lg-block\"><\/span><img decoding=\"async\" class=\"respnsive-img d-none d-lg-block\" loading=\"lazy\" alt=\"atreus_\" src=\"https:\/\/www.atreus.de\/wp-content\/uploads\/2022\/11\/erklaerung-publikationen-bg.jpg\" srcset=\"https:\/\/www.atreus.de\/wp-content\/uploads\/2022\/11\/erklaerung-publikationen-bg.jpg 1920w, https:\/\/www.atreus.de\/wp-content\/uploads\/2022\/11\/erklaerung-publikationen-bg-768x288.jpg 768w, https:\/\/www.atreus.de\/wp-content\/uploads\/2022\/11\/erklaerung-publikationen-bg-1024x384.jpg 1024w, https:\/\/www.atreus.de\/wp-content\/uploads\/2022\/11\/erklaerung-publikationen-bg-480x180.jpg 480w, https:\/\/www.atreus.de\/wp-content\/uploads\/2022\/11\/erklaerung-publikationen-bg-1440x540.jpg 1440w\" sizes=\"(max-width: 1920px) 100vw, 1920px\" style=\"aspect-ratio:1920\/720 !important\" title=\"atreus_\"><\/div><div class=\"swiper\"><div class=\"multiple-items-tipps swiper-wrapper no-arrow  g-0 default-margin\"  ><div  class=\"zw-cgb single-slide-item-tipps swiper-slide default-margin  \"><div  class=\"single-slider-inner-container\"><div class=\"inner-content\"><h2 class=\"zw-cgb headline \"><strong>\u00c9v\u00e9nements Atreus<\/strong><\/h2><p class=\" zw-cgb fulltext \">Les \u00e9v\u00e9nements Atreus permettent aux d\u00e9cideurs des entreprises et aux experts du secteur de se rencontrer et d\u2019\u00e9changer en petit comit\u00e9, au c\u0153ur du march\u00e9, sur la mani\u00e8re de relever avec succ\u00e8s les d\u00e9fis futurs du march\u00e9. Sur cette page, vous trouverez \u00e9galement des informations sur les dates actuelles des ateliers de la A\u00b7cademy.<\/p><\/div><\/div><\/div><div  class=\"zw-cgb single-slide-item-tipps swiper-slide default-margin  \"><div  class=\"single-slider-inner-container\"><div class=\"inner-content\"><h2 class=\"zw-cgb headline \"><strong>Publications Atreus<\/strong><\/h2><p class=\" zw-cgb fulltext \">Dans nos publications, nous mettons en lumi\u00e8re les tendances importantes dans les diff\u00e9rents secteurs qui touchent nos clients et nos managers. Nous mettons ici \u00e0 votre disposition une s\u00e9lection d\u2019articles de notre magazine en ligne A.network ainsi que de notre dossier th\u00e9matique A.topic, des \u00e9tudes, des communiqu\u00e9s de presse et bien d\u2019autres choses encore.<\/p><\/div><\/div><\/div><div  class=\"zw-cgb single-slide-item-tipps swiper-slide default-margin  \"><div  class=\"single-slider-inner-container\"><div class=\"inner-content\"><h2 class=\"zw-cgb headline \"><strong>A\u00b7lounge<\/strong><\/h2><p class=\" zw-cgb fulltext \">Lors des \u00e9v\u00e9nements A\u00b7lounge, l\u2019accent est mis sur l\u2019\u00e9change de connaissances entre certaines entreprises clientes d\u2019Atreus, les directeurs d\u2019Atreus et les managers d\u2019Atreus. Nos clients appr\u00e9cient l\u2019A\u00b7lounge en tant que plateforme leur permettant de discuter en petit comit\u00e9 avec des experts des th\u00e8mes actuels du secteur et \u00e9largir ainsi leur r\u00e9seau&nbsp;: des impulsions pr\u00e9cieuses aussi bien pour nos clients que pour nos projets clients.<\/p><\/div><\/div><\/div><div  class=\"zw-cgb single-slide-item-tipps swiper-slide default-margin  \"><div  class=\"single-slider-inner-container\"><div class=\"inner-content\"><h2 class=\"zw-cgb headline \"><strong>Table ronde<\/strong><\/h2><p class=\" zw-cgb fulltext \">Les \u00e9v\u00e9nements Atreus permettent aux d\u00e9cideurs des entreprises et aux experts du secteur de se rencontrer et d\u2019\u00e9changer en petit comit\u00e9, au c\u0153ur du march\u00e9, sur la mani\u00e8re de relever avec succ\u00e8s les d\u00e9fis futurs du march\u00e9.<\/p><\/div><\/div><\/div><div  class=\"zw-cgb single-slide-item-tipps swiper-slide default-margin  \"><div  class=\"single-slider-inner-container\"><div class=\"inner-content\"><h2 class=\"zw-cgb headline \"><strong>A\u00b7network<\/strong><\/h2><p class=\" zw-cgb fulltext \">Le magazine en ligne A\u00b7network aborde des th\u00e8mes innovants et attire l\u2019attention sur des d\u00e9veloppements importants dans l\u2019\u00e9conomie et la soci\u00e9t\u00e9. Une bonne orientation pour les d\u00e9cideurs et les dirigeants d\u2019entreprise. Vous trouverez, ici, des interviews tourn\u00e9es vers l\u2019avenir avec des personnalit\u00e9s de l\u2019industrie, de l\u2019\u00e9conomie et de la culture. A-network est le point d\u2019ancrage central du r\u00e9seau Atreus. Nous vous invitons \u00e0 rejoindre les discussions et \u00e0 \u00e9changer avec nous sur ces th\u00e8mes.<\/p><\/div><\/div><\/div><div  class=\"zw-cgb single-slide-item-tipps swiper-slide default-margin  \"><div  class=\"single-slider-inner-container\"><div class=\"inner-content\"><h2 class=\"zw-cgb headline \"><strong>A\u00b7topic<\/strong><\/h2><p class=\" zw-cgb fulltext \">Dans notre sp\u00e9cial th\u00e9matique A.topic, nous mettons en lumi\u00e8re les tendances importantes dans les diff\u00e9rents secteurs qui touchent nos clients et nos cadres. Nous vous fournissons des articles s\u00e9lectionn\u00e9s sur les principaux th\u00e8mes d\u2019actualit\u00e9 et donnons ainsi des impulsions pour le d\u00e9veloppement de votre entreprise.<\/p><\/div><\/div><\/div><div  class=\"zw-cgb single-slide-item-tipps swiper-slide default-margin  \"><div  class=\"single-slider-inner-container\"><div class=\"inner-content\"><h2 class=\"zw-cgb headline \"><strong>\u00c9tudes de cas<\/strong><\/h2><p class=\" zw-cgb fulltext \">Atreus a d\u00e9j\u00e0 r\u00e9alis\u00e9 avec succ\u00e8s plus de 1 500 projets en Allemagne et \u00e0 l\u2019\u00e9tranger, la plupart du temps pour le compte du top management, mais souvent aussi en collaboration de confiance avec des conseils de surveillance, des associ\u00e9s familiaux, des partenaires de soci\u00e9t\u00e9s de capital-investissement et, dans des situations de redressement, des repr\u00e9sentants de banques, des fiduciaires ou des administrateurs judiciaires. Filtrez facilement les \u00e9tudes de cas par secteur ou par th\u00e8me.<\/p><\/div><\/div><\/div><div  class=\"zw-cgb single-slide-item-tipps swiper-slide default-margin  \"><div  class=\"single-slider-inner-container\"><div class=\"inner-content\"><h2 class=\"zw-cgb headline \"><strong>\u00c9v\u00e9nements pour les managers<\/strong><\/h2><p class=\" zw-cgb fulltext \">Les \u00e9v\u00e9nements pour les managers et les \u00e9v\u00e9nements de haut niveau de l\u2019Atreus A\u00b7cademy sont consid\u00e9r\u00e9s par les dirigeants \u2014 de notre r\u00e9seau et de nos clients \u2014 comme une occasion unique de r\u00e9seautage sophistiqu\u00e9 et d\u2019\u00e9change des meilleures pratiques.<\/p><\/div><\/div><\/div><div  class=\"zw-cgb single-slide-item-tipps swiper-slide default-margin  \"><div  class=\"single-slider-inner-container\"><div class=\"inner-content\"><h2 class=\"zw-cgb headline \"><strong>\u00c9tudes<\/strong><\/h2><p class=\" zw-cgb fulltext \">Nos \u00e9tudes approfondies vous apportent de nouvelles connaissances \u00e9conomiques et scientifiques, et vous tiennent au courant des tendances \u00e9conomiques actuelles. Nous nous appuyons, pour ce faire, sur des sondages repr\u00e9sentatifs et des analyses m\u00e9thodiques afin de vous fournir des informations aussi pr\u00e9cieuses que possible.<\/p><\/div><\/div><\/div><\/div><div class=\"swiper-button-prev \"><\/div><div class=\"swiper-button-next \"><\/div><\/div><\/div><\/div>\n\n\n    <div  class=\"zw-cgb  latestPosts default-margin \">\n      <div class=\"row zw-cgb-content\">\n        \n      <div  class=\"zw-cgb latestPostsContent px-0 col-12 col-md-6 col-menu-4 event   show-featured-image \">\n\n\n        <div class=\"image-container single-featured\"><a href = \"https:\/\/www.atreus.de\/fr\/evenement\/salon-de-linnovation-sur-linformatique-quantique\/\"><span class=\"copyright-image\">\u00a9 John D. &#8211; stock.adobe.com \/ sakkmesterke  &#8211; stock.adobe.com<\/span><img decoding=\"async\" loading=\"lazy\" alt=\"atreus_\" src=\"https:\/\/www.atreus.de\/wp-content\/uploads\/2023\/05\/teaser-4zu3-20230712-innovationslaunsch-fraunhofer-alumni-1.jpg\" srcset=\"https:\/\/www.atreus.de\/wp-content\/uploads\/2023\/05\/teaser-4zu3-20230712-innovationslaunsch-fraunhofer-alumni-1.jpg 823w, https:\/\/www.atreus.de\/wp-content\/uploads\/2023\/05\/teaser-4zu3-20230712-innovationslaunsch-fraunhofer-alumni-1-768x578.jpg 768w, https:\/\/www.atreus.de\/wp-content\/uploads\/2023\/05\/teaser-4zu3-20230712-innovationslaunsch-fraunhofer-alumni-1-480x361.jpg 480w\" sizes=\"(max-width: 1024px) 100vw, 1024px\" style=\"aspect-ratio:823\/619 !important\" title=\"atreus_\"><\/a><\/div><div class=\"image-container double-featured\"><a href = \"https:\/\/www.atreus.de\/fr\/evenement\/salon-de-linnovation-sur-linformatique-quantique\/\"><span class=\"copyright-image\">\u00a9 John D. &#8211; stock.adobe.com \/ sakkmesterke  &#8211; stock.adobe.com<\/span><img decoding=\"async\" loading=\"lazy\" alt=\"atreus_\" src=\"https:\/\/www.atreus.de\/wp-content\/uploads\/2023\/05\/teaser-landscape-20230712-innovationslaunsch-fraunhofer-alumni-1.jpg\" srcset=\"https:\/\/www.atreus.de\/wp-content\/uploads\/2023\/05\/teaser-landscape-20230712-innovationslaunsch-fraunhofer-alumni-1.jpg 1098w, https:\/\/www.atreus.de\/wp-content\/uploads\/2023\/05\/teaser-landscape-20230712-innovationslaunsch-fraunhofer-alumni-1-768x288.jpg 768w, https:\/\/www.atreus.de\/wp-content\/uploads\/2023\/05\/teaser-landscape-20230712-innovationslaunsch-fraunhofer-alumni-1-1024x384.jpg 1024w, https:\/\/www.atreus.de\/wp-content\/uploads\/2023\/05\/teaser-landscape-20230712-innovationslaunsch-fraunhofer-alumni-1-480x180.jpg 480w\" sizes=\"(max-width: 1024px) 100vw, 1024px\" style=\"aspect-ratio:1098\/412 !important\" title=\"atreus_\"><\/a><\/div>        <div class=\"content-container has-excerpt posttype-event blue-400 white-color\">\n          <div class=\"preheadline-container parent-has-padding\"><p class=\"zw-cgb preheadline\">A-lounge | 12.07.2023<\/p><\/div><a href = \"https:\/\/www.atreus.de\/fr\/evenement\/salon-de-linnovation-sur-linformatique-quantique\/\"><h2 class=\" zw-cgb headline\">Salon de l\u2019innovation sur l\u2019informatique quantique<\/h2><\/a><p class=\" zw-cgb fulltext\">\u200bActuellement, la technologie quantique fait l\u2019objet d\u2019un battage m\u00e9diatique en tant que solution \u00e0 presque tout. Mais o\u00f9 en sommes-nous vraiment\u00a0? Combien de temps faudra-t-il pour que les ordinateurs quantiques soient suffisamment puissants pour relever des d\u00e9fis scientifiques, \u00e9conomiques, \u00e9cologiques et sociaux complexes\u00a0? Existe-t-il &#8230;<\/p><div class=\"zw-cgb zw-cgb-button-container \"><a href=\"https:\/\/www.atreus.de\/fr\/evenement\/salon-de-linnovation-sur-linformatique-quantique\/\" class=\"zw-cgb btn btn-primary \">Lire la suite<\/a><\/div>        <\/div>\n            <\/div>\n      \n        <\/div>\n    <\/div>\n\n\n\n\n    <div  class=\"zw-cgb  latestPosts default-margin \">\n      <div class=\"row zw-cgb-content\">\n              <\/div>\n    <\/div>\n\n\n\n\n<div style=\"height:100px\" aria-hidden=\"true\" class=\"wp-block-spacer\"><\/div>\n\n\n<div id='zw-atr-zwFilterModule'><\/div>\n","protected":false},"excerpt":{"rendered":"<div  class=\"zw-cgb header-standard-block  desktop-has-image mobile-has-image default-margin white-color content-left content-down zw-atr-portrait-pos-default zw-atr-landscape-pos-default height-default \">\n<div class=\"row\">\n<div class=\"zw-cgb-content col-12 mx-auto\">\n<div  class=\"header-standard-inner-container\">\n<div class=\"bg-image\"><span class=\"copyright-image d-none d-lg-block\"><\/span><img decoding=\"async\" class=\"respnsive-img d-none d-lg-block\" loading=\"lazy\" alt=\"\" src=\"https:\/\/www.atreus.de\/wp-content\/uploads\/2024\/10\/header-mediathek-ohne-txt.jpg\" srcset=\"https:\/\/www.atreus.de\/wp-content\/uploads\/2024\/10\/header-mediathek-ohne-txt.jpg 1920w, https:\/\/www.atreus.de\/wp-content\/uploads\/2024\/10\/header-mediathek-ohne-txt-768x432.jpg 768w, https:\/\/www.atreus.de\/wp-content\/uploads\/2024\/10\/header-mediathek-ohne-txt-1024x576.jpg 1024w, https:\/\/www.atreus.de\/wp-content\/uploads\/2024\/10\/header-mediathek-ohne-txt-480x270.jpg 480w, https:\/\/www.atreus.de\/wp-content\/uploads\/2024\/10\/header-mediathek-ohne-txt-1440x810.jpg 1440w\" sizes=\"(max-width: 1920px) 100vw, 1920px\"style='aspect-ratio:1920\/1080 !important'><span class=\"copyright-image d-lg-none d-block\"><\/span><img decoding=\"async\" class=\"responsive-img d-lg-none d-block\" loading=\"lazy\" alt=\"\" src=\"https:\/\/www.atreus.de\/wp-content\/uploads\/2024\/10\/teaser-4zu3-mediathek-ohne-txt.jpg\" srcset=\"https:\/\/www.atreus.de\/wp-content\/uploads\/2024\/10\/teaser-4zu3-mediathek-ohne-txt.jpg 823w, https:\/\/www.atreus.de\/wp-content\/uploads\/2024\/10\/teaser-4zu3-mediathek-ohne-txt-768x578.jpg 768w, https:\/\/www.atreus.de\/wp-content\/uploads\/2024\/10\/teaser-4zu3-mediathek-ohne-txt-480x361.jpg 480w\" sizes=\"(max-width: 1024px) 100vw, 1024px\"style='aspect-ratio:823\/619 !important'><\/div>\n<div class=\"preheadline-container\">\n<div class=\"zw-breadcrumb-container black-color d-md-down-none\"><\/div>\n<h2 class=\" zw-cgb headline zw-prevent-animation\">M\u00e9diath\u00e8que Atreus<\/h2>\n<\/div>\n<\/div>\n<\/div>\n<\/div>\n<\/div>\n<div class=\"zw-breadcrumb-container black-color d-none d-md-down-block\">\n<nav aria-label=\"breadcrumbs\" class=\"rank-math-breadcrumb\">\n<p><span class=\"label\">c<\/span> <span class=\"last\">Home<\/span><\/p>\n<\/nav>\n<\/div>\n","protected":false},"author":1,"featured_media":675583,"parent":515553,"menu_order":0,"comment_status":"closed","ping_status":"closed","template":"","meta":{"_relevanssi_hide_post":"","_relevanssi_hide_content":"","_relevanssi_pin_for_all":"","_relevanssi_pin_keywords":"","_relevanssi_unpin_keywords":"","_relevanssi_related_keywords":"","_relevanssi_related_include_ids":"","_relevanssi_related_exclude_ids":"","_relevanssi_related_no_append":"","_relevanssi_related_not_related":"","_relevanssi_related_posts":"524369,524329,524328,524337,524345,524314","_relevanssi_noindex_reason":"","_zw_phone_override":"","footnotes":""},"competences":[],"industry-sectors":[],"class_list":["post-621990","page","type-page","status-publish","has-post-thumbnail","hentry"],"_links":{"self":[{"href":"https:\/\/www.atreus.de\/fr\/wp-json\/wp\/v2\/pages\/621990","targetHints":{"allow":["GET"]}}],"collection":[{"href":"https:\/\/www.atreus.de\/fr\/wp-json\/wp\/v2\/pages"}],"about":[{"href":"https:\/\/www.atreus.de\/fr\/wp-json\/wp\/v2\/types\/page"}],"author":[{"embeddable":true,"href":"https:\/\/www.atreus.de\/fr\/wp-json\/wp\/v2\/users\/1"}],"replies":[{"embeddable":true,"href":"https:\/\/www.atreus.de\/fr\/wp-json\/wp\/v2\/comments?post=621990"}],"version-history":[{"count":0,"href":"https:\/\/www.atreus.de\/fr\/wp-json\/wp\/v2\/pages\/621990\/revisions"}],"up":[{"embeddable":true,"href":"https:\/\/www.atreus.de\/fr\/wp-json\/wp\/v2\/pages\/515553"}],"wp:featuredmedia":[{"embeddable":true,"href":"https:\/\/www.atreus.de\/fr\/wp-json\/wp\/v2\/media\/675583"}],"wp:attachment":[{"href":"https:\/\/www.atreus.de\/fr\/wp-json\/wp\/v2\/media?parent=621990"}],"wp:term":[{"taxonomy":"competences","embeddable":true,"href":"https:\/\/www.atreus.de\/fr\/wp-json\/wp\/v2\/competences?post=621990"},{"taxonomy":"industry-sectors","embeddable":true,"href":"https:\/\/www.atreus.de\/fr\/wp-json\/wp\/v2\/industry-sectors?post=621990"}],"curies":[{"name":"wp","href":"https:\/\/api.w.org\/{rel}","templated":true}]}}