{"id":622001,"date":"2022-03-01T11:36:54","date_gmt":"2022-03-01T10:36:54","guid":{"rendered":"https:\/\/www.atreus.de\/?page_id=622001"},"modified":"2026-01-30T14:47:23","modified_gmt":"2026-01-30T13:47:23","slug":"manager-de-transition","status":"publish","type":"page","link":"https:\/\/www.atreus.de\/fr\/manager-de-transition\/","title":{"rendered":"Manager de transition"},"content":{"rendered":"<div  class=\"zw-cgb header-standard-block is-first-block desktop-has-image mobile-has-image default-margin white-color content-left content-down zw-atr-portrait-pos-default zw-atr-landscape-pos-default height-default \"><div class=\"row\"><div class=\"zw-cgb-content col-12 mx-auto\"><div id=\"Warum-Interim-Management-bei-Atreus\" class=\"header-standard-inner-container\"><div class=\"bg-image\"><span class=\"copyright-image d-none d-lg-block\">\u00a9 pressmaster, Jacob Lund \u2013 stock.adobe.com<\/span><img decoding=\"async\" class=\"respnsive-img d-none d-lg-block\" loading=\"lazy\" alt=\"atreus_\" src=\"https:\/\/www.atreus.de\/wp-content\/uploads\/2022\/03\/header-atreus-interim-management-InterimManager.jpg\" srcset=\"https:\/\/www.atreus.de\/wp-content\/uploads\/2022\/03\/header-atreus-interim-management-InterimManager.jpg 1920w, https:\/\/www.atreus.de\/wp-content\/uploads\/2022\/03\/header-atreus-interim-management-InterimManager-768x432.jpg 768w, https:\/\/www.atreus.de\/wp-content\/uploads\/2022\/03\/header-atreus-interim-management-InterimManager-1024x576.jpg 1024w, https:\/\/www.atreus.de\/wp-content\/uploads\/2022\/03\/header-atreus-interim-management-InterimManager-480x270.jpg 480w, https:\/\/www.atreus.de\/wp-content\/uploads\/2022\/03\/header-atreus-interim-management-InterimManager-1440x810.jpg 1440w\" sizes=\"(max-width: 1920px) 100vw, 1920px\" style=\"aspect-ratio:1920\/1080 !important\" title=\"atreus_\"><span class=\"copyright-image d-lg-none d-block\"><\/span><img decoding=\"async\" class=\"responsive-img d-lg-none d-block\" loading=\"lazy\" alt=\"atreus_\" src=\"https:\/\/www.atreus.de\/wp-content\/uploads\/2022\/04\/teaser-img-fuer-2-und-3-spalter-InterimManager.jpg\" srcset=\"https:\/\/www.atreus.de\/wp-content\/uploads\/2022\/04\/teaser-img-fuer-2-und-3-spalter-InterimManager.jpg 823w, https:\/\/www.atreus.de\/wp-content\/uploads\/2022\/04\/teaser-img-fuer-2-und-3-spalter-InterimManager-768x578.jpg 768w, https:\/\/www.atreus.de\/wp-content\/uploads\/2022\/04\/teaser-img-fuer-2-und-3-spalter-InterimManager-480x361.jpg 480w\" sizes=\"(max-width: 1024px) 100vw, 1024px\" style=\"aspect-ratio:823\/619 !important\" title=\"atreus_\"><\/div><div class=\"preheadline-container\"><div class=\"zw-breadcrumb-container black-color d-md-down-none\"><\/div><p class=\" zw-cgb preheadline zw-prevent-animation\">Management de transition par Atreus<\/p><h1 class=\" zw-cgb headline zw-prevent-animation\">Plus qu\u2019une gestion de transition.<\/h1><\/div><\/div><\/div><\/div><\/div><div class=\"zw-breadcrumb-container black-color d-none d-md-down-block\"><nav aria-label=\"breadcrumbs\" class=\"rank-math-breadcrumb\"><p><span class=\"label\">c<\/span> <span class=\"last\">Home<\/span><\/p><\/nav><\/div>\n\n\n    <div  class=\"zw-cgb  textblock black-color zw-content-pos-center  default-margin \">\n      <div class=\"row\">\n        <div class=\"zw-cgb-content col-12 g-0\">\n          <p class=\" zw-cgb fulltext \"><\/p><h2 class=\"zw-cgb headline \">Admission dans le r\u00e9seau Atreus<\/h2><p class=\" zw-cgb fulltext \"><strong>Vous souhaitez int\u00e9grer le r\u00e9seau Atreus en tant que manager de transition&nbsp;? Dans ce cas, nous nous r\u00e9jouissons de recevoir votre candidature via le portail Atreus&nbsp;!<\/strong><\/p><div class=\"zw-cgb unspecified\">\n    <div  class=\"zw-cgb  buttonBlock black-color default-margin \">\n      <div class=\"row\">\n        <div class=\"col-12 g-0\">\n          <div class=\"zw-button-container center\"><div class=\"zw-cgb zw-cgb-button-container \"><a class=\"zw-cgb btn btn-primary \" href=\"https:\/\/manager.atreus.de\/register\" target=\"_blank\" rel=\"noopener\">Postuler maintenant<\/a><\/div><\/div>        <\/div>\n      <\/div>\n    <\/div>\n\n<\/div>        <\/div>\n      <\/div>\n    <\/div>\n\n\n\n\n\n\n<div style=\"height:100px\" aria-hidden=\"true\" class=\"wp-block-spacer\"><\/div>\n\n\n\n\n<div  class=\"zw-cgb row  columnmaster020 default-margin \"><div class=\"columnmaster-inner-content g-0\">    <div  class=\"zw-cgb no-image-layout columnblock black-color has-icon   \">\n      <div class=\"zw-cgb zw-cgb-content\">\n\n        <div class=\"column-content\"><div class=\"inner-content\"><div class=\"icon-container\"><span class=\"atr-icon\">i<\/span><h2 class=\" zw-cgb headline h4\">Se connecter ici<\/h2><\/div><p class=\" zw-cgb fulltext   has-text-align-left\">C\u2019est un plaisir de vous revoir ! Vos mandats, votre CV et tous les \u00e9v\u00e9nements en un clin d\u2019\u0153il \u2013 en un seul clic.<\/p><\/div><div class=\"zw-cgb zw-cgb-button-container text-center\"><a class=\"zw-cgb btn btn-primary prm-button\" href=\"https:\/\/manager.atreus.de\/login\" target=\"_blank\" rel=\"noopener\">Se connecter ici<\/a><br>.<\/div><\/div>      <\/div>\n    <\/div>\n    <div  class=\"zw-cgb no-image-layout columnblock white-color has-icon  blue-400 \">\n      <div class=\"zw-cgb zw-cgb-content\">\n\n        <div class=\"column-content\"><div class=\"inner-content\"><div class=\"icon-container\"><span class=\"atr-icon\">k<\/span><h2 class=\" zw-cgb headline h4\">Demander l&#8217;acc\u00e8s au portail<\/h2><\/div><p class=\" zw-cgb fulltext   has-text-align-left\">Vous faites d\u00e9j\u00e0 partie du r\u00e9seau Atreus et vous avez encore besoin d\u2019un acc\u00e8s au portail pour g\u00e9rer vos projets et vos documents\u00a0? Pour l&#8217;envoi de documents et de CV, veuillez utiliser exclusivement le portail Atreus.<\/p><\/div><div class=\"zw-cgb zw-cgb-button-container text-center\"><a class=\"zw-cgb btn btn-primary prm-button\" href=\"mailto:hr@atreus.de\">Demander l&#8217;acc\u00e8s au portail<\/a><br>.<\/div><\/div>      <\/div>\n    <\/div>\n    <div  class=\"zw-cgb no-image-layout columnblock white-color has-icon  blue-600 \">\n      <div class=\"zw-cgb zw-cgb-content\">\n\n        <div class=\"column-content\"><div class=\"inner-content\"><div class=\"icon-container\"><span class=\"atr-icon\">t<\/span><h2 class=\" zw-cgb headline h4\">Avez-vous des questions ?<\/h2><\/div><p class=\" zw-cgb fulltext \">Vous avez des questions, des souhaits ou des demandes ? Notre team se fera un plaisir de vous aider. Pour l&#8217;envoi de documents et de CV, veuillez utiliser exclusivement le portail Atreus.<\/p><\/div><div class=\"zw-cgb zw-cgb-button-container text-center\"><a class=\"zw-cgb btn btn-primary prm-button\" href=\"mailto:hr@atreus.de\" data-type=\"mailto\" data-id=\"mailto:hr@atreus.de\">Contactez-nous d\u00e8s maintenant<\/a><br>.<\/div><\/div>      <\/div>\n    <\/div>\n<\/div><\/div>\n\n    <div  class=\"zw-cgb    infoblock default-margin black-color  \">\n      <div class=\" row\">\n        <div class=\"zw-cgb-content has-padding col-12\">\n          <div class=\"inner-content parent-has-padding\"><h2 class=\" zw-cgb headline\">La ressource temporaire parfaite<\/h2><p class=\" zw-cgb fulltext \">Pour nous, le management de transition repens\u00e9 signifie : des ressources temporaires parfaites et une garantie de mise en \u0153uvre conforme au mandat. Les managers d&#8217;Atreus \u2013 hommes et femmes \u2013 se consid\u00e8rent comme le moteur de la r\u00e9ussite de leurs projets. Ils assument plus qu&#8217;une simple t\u00e2che, ils assument des responsabilit\u00e9s.<\/p><p class=\" zw-cgb fulltext \">Ayant eux-m\u00eames occup\u00e9 pendant des ann\u00e9es des postes de direction ou des fonctions de haut niveau, nos managers peuvent se pr\u00e9valoir d&#8217;un parcours qui souligne leur aptitude \u00e0 relever les d\u00e9fis les plus complexes.<\/p><p class=\" zw-cgb fulltext \">Les acteurs du r\u00e9seau Atreus se qualifient pour chacun de leurs projets gr\u00e2ce \u00e0 des succ\u00e8s av\u00e9r\u00e9s, qu&#8217;ils ont d\u00e9j\u00e0 obtenus \u00e0 plusieurs reprises dans des missions comparables. De plus en plus de clients choisissent Atreus en toute confiance lorsque l&#8217;\u00e9chec n&#8217;est pas une option !<\/p><div class=\"link-container\"><\/div><\/div>        <\/div>\n      <\/div>\n    <\/div>\n\n\n\n<div style=\"height:100px\" aria-hidden=\"true\" class=\"wp-block-spacer\"><\/div>\n\n\n<div id=\"pourquoi-management-chez-atreus\" class=\"zw-cgb no-pre row  sliderwrapper white-color  #pourquoi-management-chez-atreus\"><div class=\"multiple-items  show-dots  show-arrow  g-0 default-margin\"  ><div  class=\"zw-cgb single-slide-item no-pre default-margin white-color content-right content-down zw-atr-portrait-pos-default zw-atr-landscape-pos-default \"><div  class=\"single-slider-inner-container\"><div class=\"bg-image\"><span class=\"copyright-image d-none d-lg-block\"><\/span><img decoding=\"async\" class=\"respnsive-img d-none d-lg-block\" loading=\"lazy\" alt=\"atreus_\" src=\"https:\/\/www.atreus.de\/wp-content\/uploads\/2024\/10\/atreus-interim-management-00-start-InterimManager-fr.jpg\" srcset=\"https:\/\/www.atreus.de\/wp-content\/uploads\/2024\/10\/atreus-interim-management-00-start-InterimManager-fr.jpg 1920w, https:\/\/www.atreus.de\/wp-content\/uploads\/2024\/10\/atreus-interim-management-00-start-InterimManager-fr-768x576.jpg 768w, https:\/\/www.atreus.de\/wp-content\/uploads\/2024\/10\/atreus-interim-management-00-start-InterimManager-fr-1024x768.jpg 1024w, https:\/\/www.atreus.de\/wp-content\/uploads\/2024\/10\/atreus-interim-management-00-start-InterimManager-fr-480x360.jpg 480w, https:\/\/www.atreus.de\/wp-content\/uploads\/2024\/10\/atreus-interim-management-00-start-InterimManager-fr-1440x1080.jpg 1440w\" sizes=\"(max-width: 1920px) 100vw, 1920px\" style=\"aspect-ratio:1920\/1440 !important\" title=\"atreus_\"><span class=\"copyright-image d-lg-none d-block\"><\/span><img decoding=\"async\" class=\"responsive-img d-lg-none d-block\" loading=\"lazy\" alt=\"atreus_\" src=\"https:\/\/www.atreus.de\/wp-content\/uploads\/2024\/10\/atreus-interim-management-00-start-mobile-InterimManager-fr-1024x1365.jpg\" srcset=\"https:\/\/www.atreus.de\/wp-content\/uploads\/2024\/10\/atreus-interim-management-00-start-mobile-InterimManager-fr-1024x1365.jpg 1024w, https:\/\/www.atreus.de\/wp-content\/uploads\/2024\/10\/atreus-interim-management-00-start-mobile-InterimManager-fr-768x1024.jpg 768w, https:\/\/www.atreus.de\/wp-content\/uploads\/2024\/10\/atreus-interim-management-00-start-mobile-InterimManager-fr-480x640.jpg 480w, https:\/\/www.atreus.de\/wp-content\/uploads\/2024\/10\/atreus-interim-management-00-start-mobile-InterimManager-fr.jpg 1266w\" sizes=\"(max-width: 1024px) 100vw, 1024px\" style=\"aspect-ratio:1266\/1688 !important\" title=\"atreus_\"><\/div><div class=\"inner-content\"><h2 class=\" zw-cgb headline\">Connaisseurs, sachants, faiseurs&nbsp;: hommes et femmes<\/h2><div class='mobileOnly fulltext'>Int\u00e9grer le r\u00e9seau de managers int\u00e9rimaires exp\u00e9riment\u00e9s d\u2019Atr\u00e9us en tant que \u00ab&nbsp;manager \u00e0 toute \u00e9preuve&nbsp;\u00bb n\u2019est pas chose ais\u00e9e, car chacun d\u2019entre eux est soumis \u00e0 un processus de s\u00e9lection tr\u00e8s strict. Un score \u00e9lev\u00e9 dans les six dimensions de notre hexagone de qualification \u00e9quivaut \u00e0 une \u00ab&nbsp;Summa cum laude&nbsp;\u00bb (mention tr\u00e8s bien) pour le projet. Impossible d\u2019apporter plus de s\u00e9curit\u00e9 pour nos managers et nos clients&nbsp;!<\/div><div class='desktopOnly'><p class=\" zw-cgb fulltext \">Les managers de transition d\u2019Atreus se font remarquer. Par une volont\u00e9 inconditionnelle de r\u00e9ussir, un leadership et une capacit\u00e9 de mise en \u0153uvre. Et par leur parfaite adaptation \u00e0 la t\u00e2che qui les attend. En effet, chacun d\u2019entre vous passe par un processus de s\u00e9lection rigoureux avant d\u2019\u00eatre finalement propos\u00e9 pour un projet sp\u00e9cifique.<\/p><p class=\" zw-cgb fulltext \">Une qualification obtenue gr\u00e2ce \u00e0 des scores \u00e9lev\u00e9s dans les six dimensions de notre hexagone de qualification \u00e9quivaut \u00e0 une distinction qui, rapport\u00e9e au projet, \u00e9quivaut \u00e0 une \u00ab&nbsp;summa cum laude&nbsp;\u00bb.<\/p><p class=\" zw-cgb fulltext \">Impossible de mieux montrer \u00e0 nos managers et clients que le succ\u00e8s est au rendez-vous&nbsp;!<\/p><\/div><\/div><\/div><\/div><div  class=\"zw-cgb single-slide-item no-pre default-margin white-color content-right content-down zw-atr-portrait-pos-default zw-atr-landscape-pos-default \"><div  class=\"single-slider-inner-container\"><div class=\"bg-image\"><span class=\"copyright-image d-none d-lg-block\"><\/span><img decoding=\"async\" class=\"respnsive-img d-none d-lg-block\" loading=\"lazy\" alt=\"atreus_\" src=\"https:\/\/www.atreus.de\/wp-content\/uploads\/2024\/10\/atreus-interim-management-01-mission-critical-expertice-fr.jpg\" srcset=\"https:\/\/www.atreus.de\/wp-content\/uploads\/2024\/10\/atreus-interim-management-01-mission-critical-expertice-fr.jpg 1920w, https:\/\/www.atreus.de\/wp-content\/uploads\/2024\/10\/atreus-interim-management-01-mission-critical-expertice-fr-768x576.jpg 768w, https:\/\/www.atreus.de\/wp-content\/uploads\/2024\/10\/atreus-interim-management-01-mission-critical-expertice-fr-1024x768.jpg 1024w, https:\/\/www.atreus.de\/wp-content\/uploads\/2024\/10\/atreus-interim-management-01-mission-critical-expertice-fr-480x360.jpg 480w, https:\/\/www.atreus.de\/wp-content\/uploads\/2024\/10\/atreus-interim-management-01-mission-critical-expertice-fr-1440x1080.jpg 1440w\" sizes=\"(max-width: 1920px) 100vw, 1920px\" style=\"aspect-ratio:1920\/1440 !important\" title=\"atreus_\"><span class=\"copyright-image d-lg-none d-block\"><\/span><img decoding=\"async\" class=\"responsive-img d-lg-none d-block\" loading=\"lazy\" alt=\"atreus_\" src=\"https:\/\/www.atreus.de\/wp-content\/uploads\/2024\/10\/atreus-interim-management-01-mission-critical-expertice-mobile-fr-1024x1365.jpg\" srcset=\"https:\/\/www.atreus.de\/wp-content\/uploads\/2024\/10\/atreus-interim-management-01-mission-critical-expertice-mobile-fr-1024x1365.jpg 1024w, https:\/\/www.atreus.de\/wp-content\/uploads\/2024\/10\/atreus-interim-management-01-mission-critical-expertice-mobile-fr-768x1024.jpg 768w, https:\/\/www.atreus.de\/wp-content\/uploads\/2024\/10\/atreus-interim-management-01-mission-critical-expertice-mobile-fr-480x640.jpg 480w, https:\/\/www.atreus.de\/wp-content\/uploads\/2024\/10\/atreus-interim-management-01-mission-critical-expertice-mobile-fr.jpg 1266w\" sizes=\"(max-width: 1024px) 100vw, 1024px\" style=\"aspect-ratio:1266\/1688 !important\" title=\"atreus_\"><\/div><div class=\"inner-content\"><h2 class=\" zw-cgb headline\">01 Expertise critique \u00e0 la mission<\/h2><p class=\" zw-cgb fulltext \">Pour certaines missions, beaucoup de choses sont en jeu, voire tout&nbsp;! Les managers d\u2019Atreus apportent l\u2019expertise n\u00e9cessaire \u00e0 la r\u00e9ussite, gr\u00e2ce \u00e0 laquelle ils ont d\u00e9j\u00e0 men\u00e9 des missions extr\u00eamement fructueuses par le pass\u00e9. Un \u00e9chec n\u2019\u00e9tait pas une option.<\/p><\/div><\/div><\/div><div  class=\"zw-cgb single-slide-item no-pre default-margin white-color content-right content-down zw-atr-portrait-pos-default zw-atr-landscape-pos-default \"><div  class=\"single-slider-inner-container\"><div class=\"bg-image\"><span class=\"copyright-image d-none d-lg-block\"><\/span><img decoding=\"async\" class=\"respnsive-img d-none d-lg-block\" loading=\"lazy\" alt=\"atreus_\" src=\"https:\/\/www.atreus.de\/wp-content\/uploads\/2024\/10\/atreus-interim-management-02-project-fit-leadership-fr.jpg\" srcset=\"https:\/\/www.atreus.de\/wp-content\/uploads\/2024\/10\/atreus-interim-management-02-project-fit-leadership-fr.jpg 1920w, https:\/\/www.atreus.de\/wp-content\/uploads\/2024\/10\/atreus-interim-management-02-project-fit-leadership-fr-768x576.jpg 768w, https:\/\/www.atreus.de\/wp-content\/uploads\/2024\/10\/atreus-interim-management-02-project-fit-leadership-fr-1024x768.jpg 1024w, https:\/\/www.atreus.de\/wp-content\/uploads\/2024\/10\/atreus-interim-management-02-project-fit-leadership-fr-480x360.jpg 480w, https:\/\/www.atreus.de\/wp-content\/uploads\/2024\/10\/atreus-interim-management-02-project-fit-leadership-fr-1440x1080.jpg 1440w\" sizes=\"(max-width: 1920px) 100vw, 1920px\" style=\"aspect-ratio:1920\/1440 !important\" title=\"atreus_\"><span class=\"copyright-image d-lg-none d-block\"><\/span><img decoding=\"async\" class=\"responsive-img d-lg-none d-block\" loading=\"lazy\" alt=\"atreus_\" src=\"https:\/\/www.atreus.de\/wp-content\/uploads\/2024\/10\/atreus-interim-management-02-project-fit-leadership-mobile-fr-1024x1365.jpg\" srcset=\"https:\/\/www.atreus.de\/wp-content\/uploads\/2024\/10\/atreus-interim-management-02-project-fit-leadership-mobile-fr-1024x1365.jpg 1024w, https:\/\/www.atreus.de\/wp-content\/uploads\/2024\/10\/atreus-interim-management-02-project-fit-leadership-mobile-fr-768x1024.jpg 768w, https:\/\/www.atreus.de\/wp-content\/uploads\/2024\/10\/atreus-interim-management-02-project-fit-leadership-mobile-fr-480x640.jpg 480w, https:\/\/www.atreus.de\/wp-content\/uploads\/2024\/10\/atreus-interim-management-02-project-fit-leadership-mobile-fr.jpg 1266w\" sizes=\"(max-width: 1024px) 100vw, 1024px\" style=\"aspect-ratio:1266\/1688 !important\" title=\"atreus_\"><\/div><div class=\"inner-content\"><h2 class=\" zw-cgb headline\">02 Un leadership adapt\u00e9 au project<\/h2><p class=\" zw-cgb fulltext \">Certaines missions requi\u00e8rent le poing, d\u2019autres la main tendue. Parfois, un cavalier seul convient parfaitement, parfois c\u2019est l\u2019\u00e9quipe qu\u2019il faut. Nous mesurons \u00e9galement les projets du point de vue de la psychologie du leadership et vous proposons au cas par cas comme figure id\u00e9ale.<\/p><\/div><\/div><\/div><div  class=\"zw-cgb single-slide-item no-pre default-margin white-color content-right content-down zw-atr-portrait-pos-default zw-atr-landscape-pos-default \"><div  class=\"single-slider-inner-container\"><div class=\"bg-image\"><span class=\"copyright-image d-none d-lg-block\"><\/span><img decoding=\"async\" class=\"respnsive-img d-none d-lg-block\" loading=\"lazy\" alt=\"atreus_\" src=\"https:\/\/www.atreus.de\/wp-content\/uploads\/2024\/10\/atreus-interim-management-03-transformational-experience-fr.jpg\" srcset=\"https:\/\/www.atreus.de\/wp-content\/uploads\/2024\/10\/atreus-interim-management-03-transformational-experience-fr.jpg 1920w, https:\/\/www.atreus.de\/wp-content\/uploads\/2024\/10\/atreus-interim-management-03-transformational-experience-fr-768x576.jpg 768w, https:\/\/www.atreus.de\/wp-content\/uploads\/2024\/10\/atreus-interim-management-03-transformational-experience-fr-1024x768.jpg 1024w, https:\/\/www.atreus.de\/wp-content\/uploads\/2024\/10\/atreus-interim-management-03-transformational-experience-fr-480x360.jpg 480w, https:\/\/www.atreus.de\/wp-content\/uploads\/2024\/10\/atreus-interim-management-03-transformational-experience-fr-1440x1080.jpg 1440w\" sizes=\"(max-width: 1920px) 100vw, 1920px\" style=\"aspect-ratio:1920\/1440 !important\" title=\"atreus_\"><span class=\"copyright-image d-lg-none d-block\"><\/span><img decoding=\"async\" class=\"responsive-img d-lg-none d-block\" loading=\"lazy\" alt=\"atreus_\" src=\"https:\/\/www.atreus.de\/wp-content\/uploads\/2024\/10\/atreus-interim-management-03-transformational-experience-mobile-fr-1024x1365.jpg\" srcset=\"https:\/\/www.atreus.de\/wp-content\/uploads\/2024\/10\/atreus-interim-management-03-transformational-experience-mobile-fr-1024x1365.jpg 1024w, https:\/\/www.atreus.de\/wp-content\/uploads\/2024\/10\/atreus-interim-management-03-transformational-experience-mobile-fr-768x1024.jpg 768w, https:\/\/www.atreus.de\/wp-content\/uploads\/2024\/10\/atreus-interim-management-03-transformational-experience-mobile-fr-480x640.jpg 480w, https:\/\/www.atreus.de\/wp-content\/uploads\/2024\/10\/atreus-interim-management-03-transformational-experience-mobile-fr.jpg 1266w\" sizes=\"(max-width: 1024px) 100vw, 1024px\" style=\"aspect-ratio:1266\/1688 !important\" title=\"atreus_\"><\/div><div class=\"inner-content\"><h2 class=\" zw-cgb headline\">03 Exp\u00e9rience en mati\u00e8re de transformation<\/h2><p class=\" zw-cgb fulltext \">Avoir des id\u00e9es r\u00e9alistes sur \u00ab&nbsp;l\u2019ici et le maintenant&nbsp;\u00bb implique un haut degr\u00e9 d\u2019objectivit\u00e9. Les managers d\u2019Atreus sont en mesure de saisir les \u00e9tats r\u00e9els de mani\u00e8re analytique et pr\u00e9cise. De plus, ils connaissent la destination du voyage de A \u00e0 B \u2013 gr\u00e2ce \u00e0 l\u2019exp\u00e9rience qu\u2019ils ont d\u00e9j\u00e0 acquise. C\u2019est la seule fa\u00e7on de r\u00e9ussir la transformation en toute s\u00e9curit\u00e9.<\/p><\/div><\/div><\/div><div  class=\"zw-cgb single-slide-item no-pre default-margin white-color content-right content-down zw-atr-portrait-pos-default zw-atr-landscape-pos-default \"><div  class=\"single-slider-inner-container\"><div class=\"bg-image\"><span class=\"copyright-image d-none d-lg-block\"><\/span><img decoding=\"async\" class=\"respnsive-img d-none d-lg-block\" loading=\"lazy\" alt=\"atreus_\" src=\"https:\/\/www.atreus.de\/wp-content\/uploads\/2024\/10\/atreus-interim-management-04-result-oriented-stamina-fr.jpg\" srcset=\"https:\/\/www.atreus.de\/wp-content\/uploads\/2024\/10\/atreus-interim-management-04-result-oriented-stamina-fr.jpg 1920w, https:\/\/www.atreus.de\/wp-content\/uploads\/2024\/10\/atreus-interim-management-04-result-oriented-stamina-fr-768x576.jpg 768w, https:\/\/www.atreus.de\/wp-content\/uploads\/2024\/10\/atreus-interim-management-04-result-oriented-stamina-fr-1024x768.jpg 1024w, https:\/\/www.atreus.de\/wp-content\/uploads\/2024\/10\/atreus-interim-management-04-result-oriented-stamina-fr-480x360.jpg 480w, https:\/\/www.atreus.de\/wp-content\/uploads\/2024\/10\/atreus-interim-management-04-result-oriented-stamina-fr-1440x1080.jpg 1440w\" sizes=\"(max-width: 1920px) 100vw, 1920px\" style=\"aspect-ratio:1920\/1440 !important\" title=\"atreus_\"><span class=\"copyright-image d-lg-none d-block\"><\/span><img decoding=\"async\" class=\"responsive-img d-lg-none d-block\" loading=\"lazy\" alt=\"atreus_\" src=\"https:\/\/www.atreus.de\/wp-content\/uploads\/2024\/10\/atreus-interim-management-04-result-oriented-stamina-mobile-fr-1024x1365.jpg\" srcset=\"https:\/\/www.atreus.de\/wp-content\/uploads\/2024\/10\/atreus-interim-management-04-result-oriented-stamina-mobile-fr-1024x1365.jpg 1024w, https:\/\/www.atreus.de\/wp-content\/uploads\/2024\/10\/atreus-interim-management-04-result-oriented-stamina-mobile-fr-768x1024.jpg 768w, https:\/\/www.atreus.de\/wp-content\/uploads\/2024\/10\/atreus-interim-management-04-result-oriented-stamina-mobile-fr-480x640.jpg 480w, https:\/\/www.atreus.de\/wp-content\/uploads\/2024\/10\/atreus-interim-management-04-result-oriented-stamina-mobile-fr.jpg 1266w\" sizes=\"(max-width: 1024px) 100vw, 1024px\" style=\"aspect-ratio:1266\/1688 !important\" title=\"atreus_\"><\/div><div class=\"inner-content\"><h2 class=\" zw-cgb headline\">04 Vigueur ax\u00e9e sur les r\u00e9sultats<\/h2><p class=\" zw-cgb fulltext \">Les managers de transition viennent pour partir. Atreus consid\u00e8re cela comme une opportunit\u00e9 de travailler exclusivement en fonction des r\u00e9sultats. Trop d\u2019applaudissements de toutes parts sont souvent un contre-indicateur. Les hommes et les femmes d\u2019action d\u2019Atreus tiennent le cap en vue d\u2019atteindre les objectifs fix\u00e9s. M\u00eame par vent contraire.<\/p><\/div><\/div><\/div><div  class=\"zw-cgb single-slide-item no-pre default-margin white-color content-right content-down zw-atr-portrait-pos-default zw-atr-landscape-pos-default \"><div  class=\"single-slider-inner-container\"><div class=\"bg-image\"><span class=\"copyright-image d-none d-lg-block\"><\/span><img decoding=\"async\" class=\"respnsive-img d-none d-lg-block\" loading=\"lazy\" alt=\"atreus_\" src=\"https:\/\/www.atreus.de\/wp-content\/uploads\/2024\/10\/atreus-interim-management-05-qualified-plus-track-record-InterimManager-fr.jpg\" srcset=\"https:\/\/www.atreus.de\/wp-content\/uploads\/2024\/10\/atreus-interim-management-05-qualified-plus-track-record-InterimManager-fr.jpg 1920w, https:\/\/www.atreus.de\/wp-content\/uploads\/2024\/10\/atreus-interim-management-05-qualified-plus-track-record-InterimManager-fr-768x576.jpg 768w, https:\/\/www.atreus.de\/wp-content\/uploads\/2024\/10\/atreus-interim-management-05-qualified-plus-track-record-InterimManager-fr-1024x768.jpg 1024w, https:\/\/www.atreus.de\/wp-content\/uploads\/2024\/10\/atreus-interim-management-05-qualified-plus-track-record-InterimManager-fr-480x360.jpg 480w, https:\/\/www.atreus.de\/wp-content\/uploads\/2024\/10\/atreus-interim-management-05-qualified-plus-track-record-InterimManager-fr-1440x1080.jpg 1440w\" sizes=\"(max-width: 1920px) 100vw, 1920px\" style=\"aspect-ratio:1920\/1440 !important\" title=\"atreus_\"><span class=\"copyright-image d-lg-none d-block\"><\/span><img decoding=\"async\" class=\"responsive-img d-lg-none d-block\" loading=\"lazy\" alt=\"atreus_\" src=\"https:\/\/www.atreus.de\/wp-content\/uploads\/2024\/10\/atreus-interim-management-05-qualified-plus-track-record-mobile-InterimManager-fr-1024x1365.jpg\" srcset=\"https:\/\/www.atreus.de\/wp-content\/uploads\/2024\/10\/atreus-interim-management-05-qualified-plus-track-record-mobile-InterimManager-fr-1024x1365.jpg 1024w, https:\/\/www.atreus.de\/wp-content\/uploads\/2024\/10\/atreus-interim-management-05-qualified-plus-track-record-mobile-InterimManager-fr-768x1024.jpg 768w, https:\/\/www.atreus.de\/wp-content\/uploads\/2024\/10\/atreus-interim-management-05-qualified-plus-track-record-mobile-InterimManager-fr-480x640.jpg 480w, https:\/\/www.atreus.de\/wp-content\/uploads\/2024\/10\/atreus-interim-management-05-qualified-plus-track-record-mobile-InterimManager-fr.jpg 1266w\" sizes=\"(max-width: 1024px) 100vw, 1024px\" style=\"aspect-ratio:1266\/1688 !important\" title=\"atreus_\"><\/div><div class=\"inner-content\"><h2 class=\" zw-cgb headline\">05 Des qualifications \u00e9prouv\u00e9es<\/h2><p class=\" zw-cgb fulltext \">Les managers Atreus ne doivent pas se d\u00e9velopper gr\u00e2ce \u00e0 leurs projets &#8211; ce sont nos clients qui doivent se d\u00e9velopper gr\u00e2ce aux managers Atreus. C\u2019est pourquoi nous ne recrutons que des personnes parfaitement adapt\u00e9es au poste et dont le niveau d\u2019expertise est sup\u00e9rieur \u00e0 celui requis.<\/p><\/div><\/div><\/div><div  class=\"zw-cgb single-slide-item no-pre default-margin white-color content-right content-down zw-atr-portrait-pos-default zw-atr-landscape-pos-default \"><div  class=\"single-slider-inner-container\"><div class=\"bg-image\"><span class=\"copyright-image d-none d-lg-block\"><\/span><img decoding=\"async\" class=\"respnsive-img d-none d-lg-block\" loading=\"lazy\" alt=\"atreus_\" src=\"https:\/\/www.atreus.de\/wp-content\/uploads\/2024\/10\/atreus-interim-management-06-immediate-availability-fr.jpg\" srcset=\"https:\/\/www.atreus.de\/wp-content\/uploads\/2024\/10\/atreus-interim-management-06-immediate-availability-fr.jpg 1920w, https:\/\/www.atreus.de\/wp-content\/uploads\/2024\/10\/atreus-interim-management-06-immediate-availability-fr-768x576.jpg 768w, https:\/\/www.atreus.de\/wp-content\/uploads\/2024\/10\/atreus-interim-management-06-immediate-availability-fr-1024x768.jpg 1024w, https:\/\/www.atreus.de\/wp-content\/uploads\/2024\/10\/atreus-interim-management-06-immediate-availability-fr-480x360.jpg 480w, https:\/\/www.atreus.de\/wp-content\/uploads\/2024\/10\/atreus-interim-management-06-immediate-availability-fr-1440x1080.jpg 1440w\" sizes=\"(max-width: 1920px) 100vw, 1920px\" style=\"aspect-ratio:1920\/1440 !important\" title=\"atreus_\"><span class=\"copyright-image d-lg-none d-block\"><\/span><img decoding=\"async\" class=\"responsive-img d-lg-none d-block\" loading=\"lazy\" alt=\"atreus_\" src=\"https:\/\/www.atreus.de\/wp-content\/uploads\/2024\/10\/atreus-interim-management-06-immediate-availability-mobile-fr-1024x1365.jpg\" srcset=\"https:\/\/www.atreus.de\/wp-content\/uploads\/2024\/10\/atreus-interim-management-06-immediate-availability-mobile-fr-1024x1365.jpg 1024w, https:\/\/www.atreus.de\/wp-content\/uploads\/2024\/10\/atreus-interim-management-06-immediate-availability-mobile-fr-768x1024.jpg 768w, https:\/\/www.atreus.de\/wp-content\/uploads\/2024\/10\/atreus-interim-management-06-immediate-availability-mobile-fr-480x640.jpg 480w, https:\/\/www.atreus.de\/wp-content\/uploads\/2024\/10\/atreus-interim-management-06-immediate-availability-mobile-fr.jpg 1266w\" sizes=\"(max-width: 1024px) 100vw, 1024px\" style=\"aspect-ratio:1266\/1688 !important\" title=\"atreus_\"><\/div><div class=\"inner-content\"><h2 class=\" zw-cgb headline\">06 Disponibilit\u00e9 imm\u00e9diate<\/h2><p class=\" zw-cgb fulltext \">Avec plus de 18 000 professionnels hautement qualifi\u00e9s dans les pays germanophones et plus de 100 000 cadres sup\u00e9rieurs dans le r\u00e9seau globale avec Heidrick &amp; Struggles, Atreus est en mesure de pourvoir rapidement \u00e0 presque tous les besoins. Parfois m\u00eame dans les 48 heures.<\/p><\/div><\/div><\/div><\/div><\/div>\n\n\n<div style=\"height:100px\" aria-hidden=\"true\" class=\"wp-block-spacer\"><\/div>\n\n\n    <div id=\"Registrierungsprozess\" class=\"zw-cgb    infoblock default-margin black-color  \">\n      <div class=\" row\">\n        <div class=\"zw-cgb-content has-padding col-12\">\n          <div class=\"preheadline-container parent-has-padding\"><p class=\" zw-cgb preheadline ' .  . '\">S\u2019inscrire maintenant<\/p><\/div><div class=\"inner-content parent-has-padding\"><h2 class=\" zw-cgb headline\">Devenez manager de transition avec Atreus<\/h2><p class=\" zw-cgb fulltext \">Avec Atreus, vous choisissez exactement le bon partenaire. Vous d\u00e9marrez dans le r\u00e9seau le plus puissant de l\u2019espace germanophone et europ\u00e9en. Nous vous accompagnons sur le long terme et sommes \u00e0 vos c\u00f4t\u00e9s avec de nombreuses offres sp\u00e9cialement con\u00e7ues pour les managers de transition et notre savoir-faire sectoriel.<\/p><div class=\"link-container\"><\/div><\/div>        <\/div>\n      <\/div>\n    <\/div>\n\n\n\n    <div id=\"processus-d-admission\" class=\"no-pre zw-cgb  listblockwrapper white-color default-margin #processus-d-admission\">\n      <div class=\"row\">\n\n        <div class=\"zw-cgb-content\">\n\n          <div class=\"bg-image\"><span class=\"copyright-image d-none d-lg-block\"><\/span><img decoding=\"async\" class=\"respnsive-img d-none d-lg-block\" loading=\"lazy\" width=\"2000\" height=\"1500\" alt=\"atreus_\" src=\"https:\/\/www.atreus.de\/wp-content\/uploads\/2022\/03\/section-bewerberprozess-InterimManager.jpg\" srcset=\"https:\/\/www.atreus.de\/wp-content\/uploads\/2022\/03\/section-bewerberprozess-InterimManager.jpg 1920w, https:\/\/www.atreus.de\/wp-content\/uploads\/2022\/03\/section-bewerberprozess-InterimManager-768x432.jpg 768w, https:\/\/www.atreus.de\/wp-content\/uploads\/2022\/03\/section-bewerberprozess-InterimManager-1024x576.jpg 1024w, https:\/\/www.atreus.de\/wp-content\/uploads\/2022\/03\/section-bewerberprozess-InterimManager-480x270.jpg 480w, https:\/\/www.atreus.de\/wp-content\/uploads\/2022\/03\/section-bewerberprozess-InterimManager-1440x810.jpg 1440w\" sizes=\"auto, (max-width: 1920px) 100vw, 1920px\" title=\"atreus_\"><span class=\"copyright-image d-lg-none d-block\"><\/span><img decoding=\"async\" class=\"responsive-img d-lg-none d-block\" loading=\"lazy\" width=\"560\" height=\"1000\" alt=\"atreus_\" src=\"https:\/\/www.atreus.de\/wp-content\/uploads\/2022\/03\/section-bewerberprozess-mobil-InterimManager-1024x1365.jpg\" srcset=\"https:\/\/www.atreus.de\/wp-content\/uploads\/2022\/03\/section-bewerberprozess-mobil-InterimManager-1024x1365.jpg 1024w, https:\/\/www.atreus.de\/wp-content\/uploads\/2022\/03\/section-bewerberprozess-mobil-InterimManager-768x1024.jpg 768w, https:\/\/www.atreus.de\/wp-content\/uploads\/2022\/03\/section-bewerberprozess-mobil-InterimManager-480x640.jpg 480w, https:\/\/www.atreus.de\/wp-content\/uploads\/2022\/03\/section-bewerberprozess-mobil-InterimManager.jpg 1266w\" sizes=\"auto, (max-width: 1024px) 100vw, 1024px\" title=\"atreus_\"><\/div><div class=\"list-content col-12 mx-auto list-content-wrapper\"><div class=\"inner-content\"><h2 class=\" zw-cgb headline\">Les points essentiels du processus d\u2019admission en tant que manager de transition<\/h2><div class=\"left-block\">\r\n    <div  class=\"zw-cgb listblockcontent white-color \">\r\n      <div class=\"zw-cgb-content px-0\">\r\n\r\n        <div class=\"list-counter h2\">1<\/div><div class=\"list-content\"><p class=\" zw-cgb fulltext bold\">Questions oui\/non<\/p><p class=\" zw-cgb fulltext\">Rendez-vous sur le portail et r\u00e9pondez aux questions oui\/non que nous vous posons au pr\u00e9alable.<\/p><\/div>      <\/div>\r\n    <\/div>\r\n\r\n\r\n    <div  class=\"zw-cgb listblockcontent white-color \">\r\n      <div class=\"zw-cgb-content px-0\">\r\n\r\n        <div class=\"list-counter h2\">2<\/div><div class=\"list-content\"><p class=\" zw-cgb fulltext bold\">Activation du portail<\/p><p class=\" zw-cgb fulltext\">Si vous passez l\u2019\u00e9tape de s\u00e9lection, nous vous activons pour le portail Atreus. Vous recevrez \u00e0 cet effet un lien d\u2019invitation par e-mail.<\/p><\/div>      <\/div>\r\n    <\/div>\r\n\r\n\r\n    <div  class=\"zw-cgb listblockcontent white-color \">\r\n      <div class=\"zw-cgb-content px-0\">\r\n\r\n        <div class=\"list-counter h2\">3<\/div><div class=\"list-content\"><p class=\" zw-cgb fulltext bold\">Compl\u00e9ter le profil<\/p><p class=\" zw-cgb fulltext\">Nous vous invitons \u00e0 y compl\u00e9ter votre profil num\u00e9rique. Veuillez remplir votre CV de mani\u00e8re d\u00e9taill\u00e9e et pr\u00e9cise. Ce n\u2019est qu\u2019en vous connaissant bien que nous pouvons garantir une ad\u00e9quation parfaite entre vous et nos clients.<\/p><\/div>      <\/div>\r\n    <\/div>\r\n\r\n<\/div><div class=\"right-block\">\r\n    <div  class=\"zw-cgb listblockcontent white-color \">\r\n      <div class=\"zw-cgb-content px-0\">\r\n\r\n        <div class=\"list-counter h2\">4<\/div><div class=\"list-content\"><p class=\" zw-cgb fulltext bold\">Tenez compte des points suivants lors de la saisie&nbsp;:<\/p><p class=\" zw-cgb fulltext\">Lorsque vous remplissez votre profil, nous vous demandons d\u2019indiquer vos qualifications cl\u00e9s, votre exp\u00e9rience en mati\u00e8re de leadership et de gestion de projet ainsi que votre disponibilit\u00e9. Notez qu\u2019en plus de la disponibilit\u00e9, un niveau d\u2019expertise \u00e9lev\u00e9 et un travail orient\u00e9 vers la r\u00e9ussite sont particuli\u00e8rement importants pour nos clients.<\/p><\/div>      <\/div>\r\n    <\/div>\r\n\r\n\r\n    <div  class=\"zw-cgb listblockcontent white-color \">\r\n      <div class=\"zw-cgb-content px-0\">\r\n\r\n        <div class=\"list-counter h2\">5<\/div><div class=\"list-content\"><p class=\" zw-cgb fulltext bold\">Analyse de profil par des conseillers et des directeurs<\/p><p class=\" zw-cgb fulltext\">Une fois que vous avez enti\u00e8rement saisi vos donn\u00e9es sur le portail, nos consultants et directeurs examinent votre profil en d\u00e9tail. Afin de mieux vous conna\u00eetre et de d\u00e9limiter pr\u00e9cis\u00e9ment vos domaines d\u2019intervention pour Atreus, il est essentiel que vous indiquiez votre expertise et votre parcours de mani\u00e8re aussi d\u00e9taill\u00e9e que possible. Votre profil soigneusement complet\u00e9 augmente les possibilit\u00e9s de collaboration dans le cadre d\u2019un mandat appropri\u00e9.<\/p><\/div>      <\/div>\r\n    <\/div>\r\n\r\n<\/div><\/div><div class=\"zw-button-container\"><h2 class=\" zw-cgb headline\">Vous \u00eates un v\u00e9ritable \u00ab&nbsp;talent&nbsp;\u00bb&nbsp;? Nous nous r\u00e9jouissons de votre inscription<\/h2><div class=\"zw-cgb zw-cgb-button-container \"><a class=\"zw-cgb btn btn-primary \" href=\"https:\/\/manager.atreus.de\/register\" target=\"_blank\" rel=\"noopener\">S\u2019inscrire maintenant<\/a><\/div><\/div><\/div>        <\/div>\n      <\/div>\n    <\/div>\n\n\n\n\n\n    <div id=\"atreus-portail\" class=\"zw-cgb    infoblock default-margin black-color #atreus-portail \">\n      <div class=\" row\">\n        <div class=\"zw-cgb-content has-padding col-12\">\n          <div class=\"inner-content parent-has-padding\"><h2 class=\" zw-cgb headline\">Portail Atreus. Et soudain, tout devient simple.<\/h2><p class=\" zw-cgb fulltext \">Votre hub num\u00e9rique est indispensable pour une gestion moderne et temporaire. Vous pouvez y cr\u00e9er votre profil, g\u00e9rer vos mandats et vous mettre en r\u00e9seau avec des milliers de coll\u00e8gues.<\/p><div class=\"link-container\"><\/div><\/div>        <\/div>\n      <\/div>\n    <\/div>\n\n\n\n    <div  class=\"zw-cgb  textblock black-color zw-content-pos-center  default-margin \">\n      <div class=\"row\">\n        <div class=\"zw-cgb-content col-12 g-0\">\n          <h2 class=\"zw-cgb headline \">Ce qui vous attend&nbsp;:<\/h2><div class=\"zw-cgb unspecified\"><div  class=\"zw-cgb row  columnmaster025 default-margin \"><div class=\"columnmaster-inner-content\">    <div  class=\"zw-cgb no-image-layout columnblock25 white-color no-icon \">\n      <div class=\"zw-cgb zw-cgb-content\">\n\n        <div class=\"column-content text-center\"><div class=\"inner-content\"><ul class=\"zw-cgb-ul fulltext \"><li class=\"\">Vos donn\u00e9es num\u00e9riques sont scann\u00e9es lors de chaque appel \u00e0 projets et leur ad\u00e9quation est v\u00e9rifi\u00e9e conform\u00e9ment aux exigences<\/li><li class=\"\">Votre profil peut \u00eatre pr\u00e9sent\u00e9 directement aux clients. Cela augmente vos chances d\u2019obtenir un \u00ab&nbsp;perfect match&nbsp;\u00bb en votre faveur<\/li><li class=\"\">Vous pouvez vous connecter avec d\u2019autres managers de transition sur le portail Atreus et participer activement \u00e0 l\u2019une des communaut\u00e9s d\u2019affaires les plus exclusives au monde<\/li><li class=\"\">Vous pouvez tenir votre CV \u00e0 jour en un seul endroit<\/li><\/ul><\/div><\/div>      <\/div>\n    <\/div>\n    <div  class=\"zw-cgb no-image-layout columnblock25 white-color no-icon \">\n      <div class=\"zw-cgb zw-cgb-content\">\n\n        <div class=\"column-content text-center\"><div class=\"inner-content\"><ul class=\"zw-cgb-ul fulltext \"><li class=\"\">Vous restez facilement au courant de tous les \u00e9v\u00e9nements et projets d\u2019Atreus<\/li><li class=\"\">L\u2019utilisation du portail Atreus est tr\u00e8s simple et sp\u00e9cialement adapt\u00e9e aux besoins des managers et des conseillers<\/li><li class=\"\">Calculez vos frais de d\u00e9placement en ligne et en toute simplicit\u00e9<\/li><li class=\"\">Vous avez une vue d\u2019ensemble de vos mandats d\u2019int\u00e9rim au jour le jour &#8211; m\u00eame ceux qui ne sont pas command\u00e9s et factur\u00e9s par Atreus<\/li><\/ul><\/div><\/div>      <\/div>\n    <\/div>\n<\/div><\/div><\/div><div class=\"zw-cgb unspecified\">\n    <div  class=\"zw-cgb  buttonBlock black-color default-margin \">\n      <div class=\"row\">\n        <div class=\"col-12 g-0\">\n          <div class=\"zw-button-container center\"><div class=\"zw-cgb zw-cgb-button-container \"><a class=\"zw-cgb btn btn-primary \" href=\"https:\/\/manager.atreus.de\/login\" target=\"_blank\" rel=\"noreferrer noopener\">Se connecter ici<\/a><\/div><\/div>        <\/div>\n      <\/div>\n    <\/div>\n\n<\/div>        <\/div>\n      <\/div>\n    <\/div>\n\n\n\n    <div  class=\"  zw-cgb  halb-halb-block boxed default-margin \">\n      <div class=\"row\">\n\n                  <div class=\"col-lg-6 col-12 image order-1  px-0\">\n            <span class=\"copyright-image\"><\/span><img decoding=\"async\" loading=\"lazy\" alt=\"atreus_\" src=\"https:\/\/www.atreus.de\/wp-content\/uploads\/2022\/12\/teaser-img-fuer-2-und-3-spalter-20221213-manager-kampagne.jpg\" srcset=\"https:\/\/www.atreus.de\/wp-content\/uploads\/2022\/12\/teaser-img-fuer-2-und-3-spalter-20221213-manager-kampagne.jpg 823w, https:\/\/www.atreus.de\/wp-content\/uploads\/2022\/12\/teaser-img-fuer-2-und-3-spalter-20221213-manager-kampagne-768x578.jpg 768w, https:\/\/www.atreus.de\/wp-content\/uploads\/2022\/12\/teaser-img-fuer-2-und-3-spalter-20221213-manager-kampagne-480x361.jpg 480w\" sizes=\"(max-width: 1024px) 100vw, 1024px\" style=\"aspect-ratio:823\/619 !important\" title=\"atreus_\">          <\/div>\n          <div class=\"half-content has-padding col-lg-6 col-12 order-2 blue-900 white-color small-headline\"><div class=\"preheadline-container parent-has-padding\"><p class=\" zw-cgb preheadline ' .  . '\">Instructions vid\u00e9o \u00e9tape par \u00e9tape<\/p><\/div><div class=\"inner-content parent-has-padding\"><h2 class=\" zw-cgb headline\">Comment r\u00e9ussir votre profil de transition parfait<\/h2><p class=\" zw-cgb fulltext \">D\u00e9marquez-vous des autres avec votre profil&nbsp;! Dans de courtes vid\u00e9os, nous vous montrons comment cr\u00e9er ou optimiser pas \u00e0 pas votre profil d\u2019int\u00e9rim sur le portail Atreus.<\/p><div class=\"link-container\"><div class=\"zw-cgb zw-cgb-button-container \"><a class=\"zw-cgb btn btn-primary \" href=\"https:\/\/www.atreus.de\/blog\/so-gelingt-ihr-perfektes-interim-profil\/\">En savoir plus<\/a><\/div><\/div><\/div><\/div>              <\/div>\n\n    <\/div>\n\n\n\n<div style=\"height:100px\" aria-hidden=\"true\" class=\"wp-block-spacer\"><\/div>\n\n\n    <div id=\"r\u00e9seau-atreus\" class=\"zw-cgb    infoblock default-margin black-color #r\u00e9seau-atreus \">\n      <div class=\" row\">\n        <div class=\"zw-cgb-content has-padding col-12\">\n          <div class=\"preheadline-container parent-has-padding\"><p class=\" zw-cgb preheadline ' .  . '\">R\u00e9seau Atreus<\/p><\/div><div class=\"inner-content parent-has-padding\"><h2 class=\" zw-cgb headline\">Peut-\u00eatre le r\u00e9seau de managers le plus exclusif au monde.<\/h2><p class=\" zw-cgb fulltext \">Le plus petit d\u00e9nominateur commun de tous les managers Atreus&nbsp;? Chacun.e est femme\/homme d\u2019action et compte parmi les meilleur.e.s dans son domaine. Point.<br> <br>Les chiffres, les donn\u00e9es et les faits concernant notre r\u00e9seau sont par cons\u00e9quent impressionnants. Vous \u00eates chaleureusement invit\u00e9s \u00e0 faire partie de ce r\u00e9seau.<\/p><div class=\"link-container\"><div class=\"zw-cgb zw-cgb-button-container \"><a class=\"zw-cgb btn btn-primary \" href=\"https:\/\/manager.atreus.de\/register\" target=\"_blank\" rel=\"noopener\">S\u2019inscrire maintenant<\/a><\/div><\/div><\/div>        <\/div>\n      <\/div>\n    <\/div>\n\n\n    <div  class=\"zw-cgb  bildblock default-margin \">\r\n      <div class=\"row\">\r\n        <div class=\"zw-cgb-content px-0\">\r\n          <span class=\"copyright-image d-none d-md-block\"><\/span><img decoding=\"async\" class=\"respnsive-img d-none d-md-block\" loading=\"lazy\" alt=\"atreus_\" src=\"https:\/\/www.atreus.de\/wp-content\/uploads\/2024\/07\/section-netzwerk-InterimManager-fr-white-2024.jpg\" srcset=\"https:\/\/www.atreus.de\/wp-content\/uploads\/2024\/07\/section-netzwerk-InterimManager-fr-white-2024.jpg 1920w, https:\/\/www.atreus.de\/wp-content\/uploads\/2024\/07\/section-netzwerk-InterimManager-fr-white-2024-768x432.jpg 768w, https:\/\/www.atreus.de\/wp-content\/uploads\/2024\/07\/section-netzwerk-InterimManager-fr-white-2024-1024x576.jpg 1024w, https:\/\/www.atreus.de\/wp-content\/uploads\/2024\/07\/section-netzwerk-InterimManager-fr-white-2024-480x270.jpg 480w, https:\/\/www.atreus.de\/wp-content\/uploads\/2024\/07\/section-netzwerk-InterimManager-fr-white-2024-1440x810.jpg 1440w\" sizes=\"(max-width: 1920px) 100vw, 1920px\" style=\"aspect-ratio:1920\/1080 !important\" title=\"atreus_\"><span class=\"copyright-image d-md-none d-block\"><\/span><img decoding=\"async\" class=\"responsive-img d-md-none d-block\" loading=\"lazy\" alt=\"atreus_\" src=\"https:\/\/www.atreus.de\/wp-content\/uploads\/2024\/07\/section-netzwerk-InterimManager-mobile-fr-white-2024.jpg\" srcset=\"https:\/\/www.atreus.de\/wp-content\/uploads\/2024\/07\/section-netzwerk-InterimManager-mobile-fr-white-2024.jpg 950w, https:\/\/www.atreus.de\/wp-content\/uploads\/2024\/07\/section-netzwerk-InterimManager-mobile-fr-white-2024-768x1365.jpg 768w, https:\/\/www.atreus.de\/wp-content\/uploads\/2024\/07\/section-netzwerk-InterimManager-mobile-fr-white-2024-480x853.jpg 480w\" sizes=\"(max-width: 1024px) 100vw, 1024px\" style=\"aspect-ratio:950\/1688 !important\" title=\"atreus_\">        <\/div>\r\n      <\/div>\r\n    <\/div>\r\n\n\n\n<div style=\"height:100px\" aria-hidden=\"true\" class=\"wp-block-spacer\"><\/div>\n\n\n\n\n\n\n\n\n\n\n\n\n\n<div style=\"height:100px\" aria-hidden=\"true\" class=\"wp-block-spacer\"><\/div>\n\n\n\n    <div  class=\"zw-cgb  latestPosts default-margin \">\n      <div class=\"row zw-cgb-content\">\n              <\/div>\n    <\/div>\n\n\n\n\n    <div  class=\"zw-cgb  latestPosts default-margin \">\n      <div class=\"row zw-cgb-content\">\n              <\/div>\n    <\/div>\n\n","protected":false},"excerpt":{"rendered":"<div  class=\"zw-cgb header-standard-block  desktop-has-image mobile-has-image default-margin white-color content-left content-down zw-atr-portrait-pos-default zw-atr-landscape-pos-default height-default \">\n<div class=\"row\">\n<div class=\"zw-cgb-content col-12 mx-auto\">\n<div id=\"Warum-Interim-Management-bei-Atreus\" class=\"header-standard-inner-container\">\n<div class=\"bg-image\"><span class=\"copyright-image d-none d-lg-block\">\u00a9 pressmaster, Jacob Lund \u2013 stock.adobe.com<\/span><img decoding=\"async\" class=\"respnsive-img d-none d-lg-block\" loading=\"lazy\" alt=\"\" src=\"https:\/\/www.atreus.de\/wp-content\/uploads\/2022\/03\/header-atreus-interim-management-InterimManager.jpg\" srcset=\"https:\/\/www.atreus.de\/wp-content\/uploads\/2022\/03\/header-atreus-interim-management-InterimManager.jpg 1920w, https:\/\/www.atreus.de\/wp-content\/uploads\/2022\/03\/header-atreus-interim-management-InterimManager-768x432.jpg 768w, https:\/\/www.atreus.de\/wp-content\/uploads\/2022\/03\/header-atreus-interim-management-InterimManager-1024x576.jpg 1024w, https:\/\/www.atreus.de\/wp-content\/uploads\/2022\/03\/header-atreus-interim-management-InterimManager-480x270.jpg 480w, https:\/\/www.atreus.de\/wp-content\/uploads\/2022\/03\/header-atreus-interim-management-InterimManager-1440x810.jpg 1440w\" sizes=\"(max-width: 1920px) 100vw, 1920px\"style='aspect-ratio:1920\/1080 !important'><span class=\"copyright-image d-lg-none d-block\"><\/span><img decoding=\"async\" class=\"responsive-img d-lg-none d-block\" loading=\"lazy\" alt=\"\" src=\"https:\/\/www.atreus.de\/wp-content\/uploads\/2022\/04\/teaser-img-fuer-2-und-3-spalter-InterimManager.jpg\" srcset=\"https:\/\/www.atreus.de\/wp-content\/uploads\/2022\/04\/teaser-img-fuer-2-und-3-spalter-InterimManager.jpg 823w, https:\/\/www.atreus.de\/wp-content\/uploads\/2022\/04\/teaser-img-fuer-2-und-3-spalter-InterimManager-768x578.jpg 768w, https:\/\/www.atreus.de\/wp-content\/uploads\/2022\/04\/teaser-img-fuer-2-und-3-spalter-InterimManager-480x361.jpg 480w\" sizes=\"(max-width: 1024px) 100vw, 1024px\"style='aspect-ratio:823\/619 !important'><\/div>\n<div class=\"preheadline-container\">\n<div class=\"zw-breadcrumb-container black-color d-md-down-none\"><\/div>\n<p class=\" zw-cgb preheadline zw-prevent-animation\">Management de transition par Atreus<\/p>\n<h2 class=\" zw-cgb headline zw-prevent-animation\">Plus qu\u2019une gestion de transition.<\/h2>\n<\/div>\n<\/div>\n<\/div>\n<\/div>\n<\/div>\n<div class=\"zw-breadcrumb-container black-color d-none d-md-down-block\">\n<nav aria-label=\"breadcrumbs\" class=\"rank-math-breadcrumb\">\n<p><span class=\"label\">c<\/span> <span class=\"last\">Home<\/span><\/p>\n<\/nav>\n<\/div>\n","protected":false},"author":1,"featured_media":0,"parent":0,"menu_order":150,"comment_status":"closed","ping_status":"closed","template":"","meta":{"_relevanssi_hide_post":"","_relevanssi_hide_content":"","_relevanssi_pin_for_all":"","_relevanssi_pin_keywords":"","_relevanssi_unpin_keywords":"","_relevanssi_related_keywords":"","_relevanssi_related_include_ids":"","_relevanssi_related_exclude_ids":"","_relevanssi_related_no_append":"","_relevanssi_related_not_related":"","_relevanssi_related_posts":"524328,524337,524329,524369,524314,524345","_relevanssi_noindex_reason":"","_zw_phone_override":"","footnotes":""},"competences":[],"industry-sectors":[],"class_list":["post-622001","page","type-page","status-publish","hentry"],"_links":{"self":[{"href":"https:\/\/www.atreus.de\/fr\/wp-json\/wp\/v2\/pages\/622001","targetHints":{"allow":["GET"]}}],"collection":[{"href":"https:\/\/www.atreus.de\/fr\/wp-json\/wp\/v2\/pages"}],"about":[{"href":"https:\/\/www.atreus.de\/fr\/wp-json\/wp\/v2\/types\/page"}],"author":[{"embeddable":true,"href":"https:\/\/www.atreus.de\/fr\/wp-json\/wp\/v2\/users\/1"}],"replies":[{"embeddable":true,"href":"https:\/\/www.atreus.de\/fr\/wp-json\/wp\/v2\/comments?post=622001"}],"version-history":[{"count":0,"href":"https:\/\/www.atreus.de\/fr\/wp-json\/wp\/v2\/pages\/622001\/revisions"}],"wp:attachment":[{"href":"https:\/\/www.atreus.de\/fr\/wp-json\/wp\/v2\/media?parent=622001"}],"wp:term":[{"taxonomy":"competences","embeddable":true,"href":"https:\/\/www.atreus.de\/fr\/wp-json\/wp\/v2\/competences?post=622001"},{"taxonomy":"industry-sectors","embeddable":true,"href":"https:\/\/www.atreus.de\/fr\/wp-json\/wp\/v2\/industry-sectors?post=622001"}],"curies":[{"name":"wp","href":"https:\/\/api.w.org\/{rel}","templated":true}]}}