{"id":515719,"date":"2022-03-21T16:49:28","date_gmt":"2022-03-21T15:49:28","guid":{"rendered":"https:\/\/www.atreus.de\/?post_type=publication&#038;p=515719"},"modified":"2024-10-18T10:17:55","modified_gmt":"2024-10-18T08:17:55","slug":"restructuration-chez-un-fabricant-international-de-matieres-plastiques","status":"publish","type":"publication","link":"https:\/\/www.atreus.de\/fr\/publication\/etude-de-cas\/restructuration-chez-un-fabricant-international-de-matieres-plastiques\/","title":{"rendered":"Restructuration chez un fabricant international de mati\u00e8res plastiques"},"content":{"rendered":"<div  class=\"zw-cgb header-standard-block is-first-block desktop-has-image mobile-has-image default-margin white-color content-left content-down zw-atr-portrait-pos-default zw-atr-landscape-pos-default height-default \"><div class=\"row\"><div class=\"zw-cgb-content col-12 mx-auto\"><div  class=\"header-standard-inner-container\"><div class=\"bg-image\"><span class=\"copyright-image d-none d-lg-block\">\u00a9fotolia.com, Syda Productions<\/span><img decoding=\"async\" class=\"respnsive-img d-none d-lg-block\" loading=\"lazy\" alt=\"atreus_\" src=\"https:\/\/www.atreus.de\/wp-content\/uploads\/2022\/03\/header-03-Automotive.jpg\" srcset=\"https:\/\/www.atreus.de\/wp-content\/uploads\/2022\/03\/header-03-Automotive.jpg 1920w, https:\/\/www.atreus.de\/wp-content\/uploads\/2022\/03\/header-03-Automotive-768x432.jpg 768w, https:\/\/www.atreus.de\/wp-content\/uploads\/2022\/03\/header-03-Automotive-1024x576.jpg 1024w, https:\/\/www.atreus.de\/wp-content\/uploads\/2022\/03\/header-03-Automotive-480x270.jpg 480w, https:\/\/www.atreus.de\/wp-content\/uploads\/2022\/03\/header-03-Automotive-1440x810.jpg 1440w\" sizes=\"(max-width: 1920px) 100vw, 1920px\" style=\"aspect-ratio:1920\/1080 !important\" title=\"atreus_\"><span class=\"copyright-image d-lg-none d-block\">\u00a9fotolia.com, Syda Productions<\/span><img decoding=\"async\" class=\"responsive-img d-lg-none d-block\" loading=\"lazy\" alt=\"atreus_\" src=\"https:\/\/www.atreus.de\/wp-content\/uploads\/2022\/03\/teaser-2u3-sp-03-Automotive.jpg\" srcset=\"https:\/\/www.atreus.de\/wp-content\/uploads\/2022\/03\/teaser-2u3-sp-03-Automotive.jpg 823w, https:\/\/www.atreus.de\/wp-content\/uploads\/2022\/03\/teaser-2u3-sp-03-Automotive-768x578.jpg 768w, https:\/\/www.atreus.de\/wp-content\/uploads\/2022\/03\/teaser-2u3-sp-03-Automotive-480x361.jpg 480w\" sizes=\"(max-width: 1024px) 100vw, 1024px\" style=\"aspect-ratio:823\/619 !important\" title=\"atreus_\"><\/div><div class=\"preheadline-container\"><div class=\"zw-breadcrumb-container black-color d-md-down-none\"><\/div><p class=\" zw-cgb preheadline zw-prevent-animation\">\u00c9tude de cas<\/p><h1 class=\" zw-cgb headline zw-prevent-animation\">Restructuration chez un fabricant international de mati\u00e8res plastiques<\/h1><\/div><\/div><\/div><\/div><\/div><div class=\"zw-breadcrumb-container black-color d-none d-md-down-block\"><nav aria-label=\"breadcrumbs\" class=\"rank-math-breadcrumb\"><p><span class=\"label\">c<\/span> <a href=\"https:\/\/www.atreus.de\/fr\">Home<\/a><span class=\"separator\"> c <\/span><a href=\"https:\/\/www.atreus.de\/fr\/publications-et-evenements\/mediatheque\/\">Publications<\/a><span class=\"separator\"> c <\/span><span class=\"last\"><\/span><\/p><\/nav><\/div>\n\n    <div  class=\"zw-cgb    infoblock default-margin black-color  \">\n      <div class=\" row\">\n        <div class=\"zw-cgb-content has-padding col-12\">\n          <div class=\"inner-content parent-has-padding\"><h2 class=\" zw-cgb headline\">Un manager de transition Atreus am\u00e9liore la qualit\u00e9 des produits et la fiabilit\u00e9 des livraisons et \u00e9limine les inefficacit\u00e9s dans l\u2019organisation.<\/h2><div class=\"link-container\"><\/div><\/div>        <\/div>\n      <\/div>\n    <\/div>\n\n\n<div  class=\"zw-cgb row  columnmaster020 default-margin \"><div class=\"columnmaster-inner-content g-0\">    <div  class=\"zw-cgb no-image-layout columnblock black-color has-icon   \">\n      <div class=\"zw-cgb zw-cgb-content\">\n\n        <div class=\"column-content\"><div class=\"inner-content\"><div class=\"icon-container\"><span class=\"atr-icon\">q<\/span><h2 class=\" zw-cgb headline h4\">D\u00e9tails de l\u2019entreprise<\/h2><\/div><ul class=\"zw-cgb-ul fulltext \"><li class=\"\">Entreprise comptant actuellement environ 130 employ\u00e9s fixes pour un chiffre d\u2019affaires d\u2019environ 25 millions d\u2019euros\u200b<\/li><li class=\"\">Environ 90&nbsp;% du chiffre d\u2019affaires dans le secteur automobile\u200b<\/li><li class=\"\">Grande comp\u00e9tence dans le domaine du traitement des silicones&nbsp;; propre fabrication d\u2019outils\u200b<\/li><\/ul><\/div><\/div>      <\/div>\n    <\/div>\n    <div  class=\"zw-cgb no-image-layout columnblock black-color has-icon   \">\n      <div class=\"zw-cgb zw-cgb-content\">\n\n        <div class=\"column-content\"><div class=\"inner-content\"><div class=\"icon-container\"><span class=\"atr-icon\">p<\/span><h2 class=\" zw-cgb headline h4\">Situation et d\u00e9fi\u200b<\/h2><\/div><ul class=\"zw-cgb-ul fulltext \"><li class=\"\">R\u00e9sultat annuel n\u00e9gatif de 3,7 millions d\u2019euros pour un chiffre d\u2019affaires de 31 millions d\u2019euros en 2019\u200b<\/li><li class=\"\">Pr\u00e9cision insuffisante de la planification&nbsp;; \u00e9carts significatifs par rapport au budget\u200b<\/li><li class=\"\">\u00c9valuation tr\u00e8s critique par des clients importants en raison d\u2019une performance n\u00e9gative\u200b<\/li><li class=\"\">Chute notable du chiffre d\u2019affaires (jusqu\u2019\u00e0 60&nbsp;%) en raison de la crise de la Covid \u200b<\/li><\/ul><\/div><\/div>      <\/div>\n    <\/div>\n    <div  class=\"zw-cgb no-image-layout columnblock black-color has-icon   \">\n      <div class=\"zw-cgb zw-cgb-content\">\n\n        <div class=\"column-content\"><div class=\"inner-content\"><div class=\"icon-container\"><span class=\"atr-icon\">m<\/span><h2 class=\" zw-cgb headline h4\">Objectif et mission\u200b<\/h2><\/div><ul class=\"zw-cgb-ul fulltext \"><li class=\"\">Restructuration rapide et r\u00e9duction des co\u00fbts de personnel et de qualit\u00e9\u200b<\/li><li class=\"\">Accompagnement du processus de vente\u200b<\/li><li class=\"\">Cr\u00e9er de la transparence et r\u00e9tablir la confiance de la famille propri\u00e9taire\u200b<\/li><\/ul><\/div><\/div>      <\/div>\n    <\/div>\n<\/div><\/div>\n\n<div id=\"parent56197\"class=\"zw-cgb halb-halb-headline-text-block-135 default-margin \"><div class=\"row\">    <!--  block -->\n    <div class=\"half-content has-padding col-lg-6 col-12 leftBlock order-1 blue-400 white-color has-icon has-headline \"><div class=\"icon-container\"><span class=\"atr-icon\">n<\/span><h2 class=\" zw-cgb headline\">Mesures et approche\u200b<\/h2><\/div><div class=\"content-container\"><div class=\"inner-content parent-has-padding\"><ul class=\"zw-cgb-ul fulltext \"><li class=\"\">R\u00e9duction de moiti\u00e9 du nombre de membres de la direction\u200b<\/li><li class=\"\">Prise en charge de la responsabilit\u00e9 op\u00e9rationnelle en tant que directeur g\u00e9n\u00e9ral et directeur de production parall\u00e8lement \u00e0 l\u2019activit\u00e9 de chef de la restructuration\u200b<\/li><li class=\"\">Am\u00e9lioration de la qualit\u00e9 des produits\u200b<\/li><li class=\"\">R\u00e9duction du personnel indirect et \u00e9limination syst\u00e9matique des inefficacit\u00e9s\u200b<\/li><\/ul><div class=\"link-container\"><\/div><\/div><\/div><\/div>    <!--  block -->\n    <div class=\"half-content has-padding col-lg-6 col-12 rightBlock order-2 blue-900 white-color has-icon has-headline \"><div class=\"icon-container\"><span class=\"atr-icon\">x<\/span><h2 class=\" zw-cgb headline\">R\u00e9sultats et succ\u00e8s\u200b<\/h2><\/div><div class=\"content-container\"><div class=\"inner-content parent-has-padding\"><ul class=\"zw-cgb-ul fulltext \"><li class=\"\">G\u00e9n\u00e9rer un EBITDA positif en 2020, malgr\u00e9 la crise de la Covid\u200b<\/li><li class=\"\">Restructuration cr\u00e9dible de l\u2019entreprise et vente r\u00e9ussie\u200b<\/li><li class=\"\">Augmentation significative de la productivit\u00e9 et am\u00e9lioration du respect des d\u00e9lais de livraison\u200b<\/li><\/ul><div class=\"link-container\"><\/div><\/div><\/div><\/div><\/div><\/div>\n\n\n<div style=\"height:100px\" aria-hidden=\"true\" class=\"wp-block-spacer\"><\/div>\n","protected":false},"author":2,"featured_media":2311,"menu_order":0,"template":"","newsticker-publication":[573],"competences":[673],"industry-sectors":[704],"region-publication":[],"typ-publication":[635],"category-publication":[],"class_list":["post-515719","publication","type-publication","status-publish","has-post-thumbnail","hentry","competences-restructuration","industry-sectors-autres-industries-manufacturieres","typ-publication-etude-de-cas"],"_links":{"self":[{"href":"https:\/\/www.atreus.de\/fr\/wp-json\/wp\/v2\/publication\/515719","targetHints":{"allow":["GET"]}}],"collection":[{"href":"https:\/\/www.atreus.de\/fr\/wp-json\/wp\/v2\/publication"}],"about":[{"href":"https:\/\/www.atreus.de\/fr\/wp-json\/wp\/v2\/types\/publication"}],"author":[{"embeddable":true,"href":"https:\/\/www.atreus.de\/fr\/wp-json\/wp\/v2\/users\/2"}],"version-history":[{"count":0,"href":"https:\/\/www.atreus.de\/fr\/wp-json\/wp\/v2\/publication\/515719\/revisions"}],"wp:featuredmedia":[{"embeddable":true,"href":"https:\/\/www.atreus.de\/fr\/wp-json\/wp\/v2\/media\/2311"}],"wp:attachment":[{"href":"https:\/\/www.atreus.de\/fr\/wp-json\/wp\/v2\/media?parent=515719"}],"wp:term":[{"taxonomy":"newsticker-publication","embeddable":true,"href":"https:\/\/www.atreus.de\/fr\/wp-json\/wp\/v2\/newsticker-publication?post=515719"},{"taxonomy":"competences","embeddable":true,"href":"https:\/\/www.atreus.de\/fr\/wp-json\/wp\/v2\/competences?post=515719"},{"taxonomy":"industry-sectors","embeddable":true,"href":"https:\/\/www.atreus.de\/fr\/wp-json\/wp\/v2\/industry-sectors?post=515719"},{"taxonomy":"region-publication","embeddable":true,"href":"https:\/\/www.atreus.de\/fr\/wp-json\/wp\/v2\/region-publication?post=515719"},{"taxonomy":"typ-publication","embeddable":true,"href":"https:\/\/www.atreus.de\/fr\/wp-json\/wp\/v2\/typ-publication?post=515719"},{"taxonomy":"category-publication","embeddable":true,"href":"https:\/\/www.atreus.de\/fr\/wp-json\/wp\/v2\/category-publication?post=515719"}],"curies":[{"name":"wp","href":"https:\/\/api.w.org\/{rel}","templated":true}]}}