{"id":515745,"date":"2022-03-21T17:49:54","date_gmt":"2022-03-21T16:49:54","guid":{"rendered":"https:\/\/www.atreus.de\/?post_type=publication&#038;p=515745"},"modified":"2024-10-18T09:43:43","modified_gmt":"2024-10-18T07:43:43","slug":"direction-des-ressources-humaines-dans-le-domaine-de-laerospatiale","status":"publish","type":"publication","link":"https:\/\/www.atreus.de\/fr\/publication\/etude-de-cas\/direction-des-ressources-humaines-dans-le-domaine-de-laerospatiale\/","title":{"rendered":"Direction du d\u00e9partement des ressources humaines dans le domaine de l\u2019a\u00e9rospatiale"},"content":{"rendered":"<div  class=\"zw-cgb header-standard-block is-first-block desktop-has-image mobile-has-image default-margin white-color content-left content-down zw-atr-portrait-pos-default zw-atr-landscape-pos-default height-default \"><div class=\"row\"><div class=\"zw-cgb-content col-12 mx-auto\"><div  class=\"header-standard-inner-container\"><div class=\"bg-image\"><span class=\"copyright-image d-none d-lg-block\">\u00a9aapsky \u2013 stock.adobe.com<\/span><img decoding=\"async\" class=\"respnsive-img d-none d-lg-block\" loading=\"lazy\" alt=\"atreus_\" src=\"https:\/\/www.atreus.de\/wp-content\/uploads\/2022\/03\/header-02-4.jpg\" srcset=\"https:\/\/www.atreus.de\/wp-content\/uploads\/2022\/03\/header-02-4.jpg 1920w, https:\/\/www.atreus.de\/wp-content\/uploads\/2022\/03\/header-02-4-768x432.jpg 768w, https:\/\/www.atreus.de\/wp-content\/uploads\/2022\/03\/header-02-4-1024x576.jpg 1024w, https:\/\/www.atreus.de\/wp-content\/uploads\/2022\/03\/header-02-4-480x270.jpg 480w, https:\/\/www.atreus.de\/wp-content\/uploads\/2022\/03\/header-02-4-1440x810.jpg 1440w\" sizes=\"(max-width: 1920px) 100vw, 1920px\" style=\"aspect-ratio:1920\/1080 !important\" title=\"atreus_\"><span class=\"copyright-image d-lg-none d-block\">\u00a9aapsky \u2013 stock.adobe.com<\/span><img decoding=\"async\" class=\"responsive-img d-lg-none d-block\" loading=\"lazy\" alt=\"atreus_\" src=\"https:\/\/www.atreus.de\/wp-content\/uploads\/2022\/03\/header-02-4-1024x576.jpg\" srcset=\"https:\/\/www.atreus.de\/wp-content\/uploads\/2022\/03\/header-02-4-1024x576.jpg 1024w, https:\/\/www.atreus.de\/wp-content\/uploads\/2022\/03\/header-02-4-768x432.jpg 768w, https:\/\/www.atreus.de\/wp-content\/uploads\/2022\/03\/header-02-4-480x270.jpg 480w, https:\/\/www.atreus.de\/wp-content\/uploads\/2022\/03\/header-02-4-1440x810.jpg 1440w, https:\/\/www.atreus.de\/wp-content\/uploads\/2022\/03\/header-02-4.jpg 1920w\" sizes=\"(max-width: 1024px) 100vw, 1024px\" style=\"aspect-ratio:1920\/1080 !important\" title=\"atreus_\"><\/div><div class=\"preheadline-container\"><div class=\"zw-breadcrumb-container black-color d-md-down-none\"><\/div><p class=\" zw-cgb preheadline zw-prevent-animation\">\u00c9tude de cas<\/p><h1 class=\" zw-cgb headline zw-prevent-animation\">DIRECTION DU D\u00c9PARTEMENT DES RESSOURCES HUMAINES dans le domaine de l\u2019a\u00e9rospatiale<\/h1><\/div><\/div><\/div><\/div><\/div><div class=\"zw-breadcrumb-container black-color d-none d-md-down-block\"><nav aria-label=\"breadcrumbs\" class=\"rank-math-breadcrumb\"><p><span class=\"label\">c<\/span> <a href=\"https:\/\/www.atreus.de\/fr\">Home<\/a><span class=\"separator\"> c <\/span><a href=\"https:\/\/www.atreus.de\/fr\/publications-et-evenements\/mediatheque\/\">Publications<\/a><span class=\"separator\"> c <\/span><span class=\"last\"><\/span><\/p><\/nav><\/div>\n\n    <div  class=\"zw-cgb    infoblock default-margin black-color  \">\n      <div class=\" row\">\n        <div class=\"zw-cgb-content has-padding col-12\">\n          <div class=\"inner-content parent-has-padding\"><h2 class=\" zw-cgb headline\">CHEZ RUAG AEROSPACE SERVICES GMBH EN ALLEMAGNE<\/h2><div class=\"link-container\"><\/div><\/div>        <\/div>\n      <\/div>\n    <\/div>\n\n\n<div  class=\"zw-cgb row  columnmaster020 default-margin \"><div class=\"columnmaster-inner-content g-0\">    <div  class=\"zw-cgb no-image-layout columnblock black-color has-icon   \">\n      <div class=\"zw-cgb zw-cgb-content\">\n\n        <div class=\"column-content\"><div class=\"inner-content\"><div class=\"icon-container\"><span class=\"atr-icon\">q<\/span><h2 class=\" zw-cgb headline h4\">D\u00e9tails de l\u2019entreprise<\/h2><\/div><ul class=\"zw-cgb-ul fulltext \"><li class=\"\">Les principaux domaines d\u2019activit\u00e9 sont la maintenance d\u2019avions civils et militaires, la fabrication du type d\u2019avion&nbsp;Do228, la production de pi\u00e8ces et de composants, l\u2019int\u00e9gration de syst\u00e8mes ainsi que la peinture et la finition d\u2019avions \u200b<\/li><li class=\"\">430 employ\u00e9s, chiffre d\u2019affaires d\u2019environ 117&nbsp;millions d\u2019euros<\/li><\/ul><\/div><\/div>      <\/div>\n    <\/div>\n    <div  class=\"zw-cgb no-image-layout columnblock black-color has-icon   \">\n      <div class=\"zw-cgb zw-cgb-content\">\n\n        <div class=\"column-content\"><div class=\"inner-content\"><div class=\"icon-container\"><span class=\"atr-icon\">p<\/span><h2 class=\" zw-cgb headline h4\">Situation et d\u00e9fi\u200b<\/h2><\/div><ul class=\"zw-cgb-ul fulltext \"><li class=\"\">Processus de vente lanc\u00e9&nbsp;; pilot\u00e9 par les RH\u200b<\/li><li class=\"\">Domaine RH dans un \u00e9tat critique suite \u00e0 l\u2019annonce de la vente et au licenciement du responsable RH\u200b<\/li><\/ul><\/div><\/div>      <\/div>\n    <\/div>\n    <div  class=\"zw-cgb no-image-layout columnblock black-color has-icon   \">\n      <div class=\"zw-cgb zw-cgb-content\">\n\n        <div class=\"column-content\"><div class=\"inner-content\"><div class=\"icon-container\"><span class=\"atr-icon\">m<\/span><h2 class=\" zw-cgb headline h4\">Objectif et mission\u200b<\/h2><\/div><ul class=\"zw-cgb-ul fulltext \"><li class=\"\">Le meilleur soutien possible pour la due diligence \u200b<\/li><li class=\"\">Maintenir la coh\u00e9sion de l\u2019\u00e9quipe de direction instable et am\u00e9liorer la coop\u00e9ration \u200b<\/li><li class=\"\">Mandat de transition pour remplacer rapidement le directeur des ressources humaines d\u00e9missionnaire jusqu\u2019\u00e0 la conclusion de la vente \u200b<\/li><\/ul><\/div><\/div>      <\/div>\n    <\/div>\n<\/div><\/div>\n\n<div id=\"parent29614\"class=\"zw-cgb halb-halb-headline-text-block-135 default-margin \"><div class=\"row\">    <!--  block -->\n    <div class=\"half-content has-padding col-lg-6 col-12 leftBlock order-1 blue-600 white-color has-icon has-headline \"><div class=\"icon-container\"><span class=\"atr-icon\">n<\/span><h2 class=\" zw-cgb headline\">Mesures et approche\u200b<\/h2><\/div><div class=\"content-container\"><div class=\"inner-content parent-has-padding\"><ul class=\"zw-cgb-ul fulltext \"><li class=\"\">Vente&nbsp;: d\u00e9finition du contenu de la salle de donn\u00e9es et \u00e9quipement ult\u00e9rieur\u200b<\/li><li class=\"\">\u00c9quipe de direction&nbsp;: coaching des cadres\u200b<\/li><li class=\"\">\u00c9quipe RH&nbsp;: entretiens individuels&nbsp;; adaptation mod\u00e9r\u00e9e des responsabilit\u00e9s<\/li><\/ul><div class=\"link-container\"><\/div><\/div><\/div><\/div>    <!--  block -->\n    <div class=\"half-content has-padding col-lg-6 col-12 rightBlock order-2 blue-400 white-color has-icon has-headline \"><div class=\"icon-container\"><span class=\"atr-icon\">x<\/span><h2 class=\" zw-cgb headline\">R\u00e9sultats et succ\u00e8s<\/h2><\/div><div class=\"content-container\"><div class=\"inner-content parent-has-padding\"><ul class=\"zw-cgb-ul fulltext \"><li class=\"\">Vente&nbsp;: Due Diligence effectu\u00e9e&nbsp;; r\u00e9ponses aux questions en cours&nbsp;; entreprise vendue\u200b<\/li><li class=\"\">\u00c9quipe de direction&nbsp;: remplacement d\u2019un seul cadre\u200b<\/li><li class=\"\">\u00c9quipe RH&nbsp;: stabilit\u00e9 jusqu\u2019au bout<\/li><\/ul><div class=\"link-container\"><\/div><\/div><\/div><\/div><\/div><\/div>\n\n\n<div style=\"height:100px\" aria-hidden=\"true\" class=\"wp-block-spacer\"><\/div>\n","protected":false},"author":6,"featured_media":4486,"menu_order":100,"template":"","newsticker-publication":[573,574],"competences":[676],"industry-sectors":[705],"region-publication":[],"typ-publication":[635],"category-publication":[],"class_list":["post-515745","publication","type-publication","status-publish","has-post-thumbnail","hentry","competences-rh","industry-sectors-transport-logistique-et-trafic","typ-publication-etude-de-cas"],"_links":{"self":[{"href":"https:\/\/www.atreus.de\/fr\/wp-json\/wp\/v2\/publication\/515745","targetHints":{"allow":["GET"]}}],"collection":[{"href":"https:\/\/www.atreus.de\/fr\/wp-json\/wp\/v2\/publication"}],"about":[{"href":"https:\/\/www.atreus.de\/fr\/wp-json\/wp\/v2\/types\/publication"}],"author":[{"embeddable":true,"href":"https:\/\/www.atreus.de\/fr\/wp-json\/wp\/v2\/users\/6"}],"version-history":[{"count":0,"href":"https:\/\/www.atreus.de\/fr\/wp-json\/wp\/v2\/publication\/515745\/revisions"}],"wp:featuredmedia":[{"embeddable":true,"href":"https:\/\/www.atreus.de\/fr\/wp-json\/wp\/v2\/media\/4486"}],"wp:attachment":[{"href":"https:\/\/www.atreus.de\/fr\/wp-json\/wp\/v2\/media?parent=515745"}],"wp:term":[{"taxonomy":"newsticker-publication","embeddable":true,"href":"https:\/\/www.atreus.de\/fr\/wp-json\/wp\/v2\/newsticker-publication?post=515745"},{"taxonomy":"competences","embeddable":true,"href":"https:\/\/www.atreus.de\/fr\/wp-json\/wp\/v2\/competences?post=515745"},{"taxonomy":"industry-sectors","embeddable":true,"href":"https:\/\/www.atreus.de\/fr\/wp-json\/wp\/v2\/industry-sectors?post=515745"},{"taxonomy":"region-publication","embeddable":true,"href":"https:\/\/www.atreus.de\/fr\/wp-json\/wp\/v2\/region-publication?post=515745"},{"taxonomy":"typ-publication","embeddable":true,"href":"https:\/\/www.atreus.de\/fr\/wp-json\/wp\/v2\/typ-publication?post=515745"},{"taxonomy":"category-publication","embeddable":true,"href":"https:\/\/www.atreus.de\/fr\/wp-json\/wp\/v2\/category-publication?post=515745"}],"curies":[{"name":"wp","href":"https:\/\/api.w.org\/{rel}","templated":true}]}}