{"id":515757,"date":"2022-03-28T11:32:44","date_gmt":"2022-03-28T09:32:44","guid":{"rendered":"https:\/\/www.atreus.de\/?post_type=publication&#038;p=515757"},"modified":"2024-10-18T10:14:43","modified_gmt":"2024-10-18T08:14:43","slug":"optimisation-de-projet-et-gestion-de-la-transformation-dans-un-projet-dinfrastructure","status":"publish","type":"publication","link":"https:\/\/www.atreus.de\/fr\/publication\/etude-de-cas\/optimisation-de-projet-et-gestion-de-la-transformation-dans-un-projet-dinfrastructure\/","title":{"rendered":"Optimisation de projet et gestion de la transformation dans un projet d\u2019infrastructure"},"content":{"rendered":"<div  class=\"zw-cgb header-standard-block is-first-block desktop-has-image mobile-has-image default-margin white-color content-left content-down zw-atr-portrait-pos-default zw-atr-landscape-pos-default height-default \"><div class=\"row\"><div class=\"zw-cgb-content col-12 mx-auto\"><div  class=\"header-standard-inner-container\"><div class=\"bg-image\"><span class=\"copyright-image d-none d-lg-block\">\u00a9bohbeh \u2013 stock.adobe.com<\/span><img decoding=\"async\" class=\"respnsive-img d-none d-lg-block\" loading=\"lazy\" alt=\"atreus_\" src=\"https:\/\/www.atreus.de\/wp-content\/uploads\/2022\/03\/header-04-6.jpg\" srcset=\"https:\/\/www.atreus.de\/wp-content\/uploads\/2022\/03\/header-04-6.jpg 1920w, https:\/\/www.atreus.de\/wp-content\/uploads\/2022\/03\/header-04-6-768x432.jpg 768w, https:\/\/www.atreus.de\/wp-content\/uploads\/2022\/03\/header-04-6-1024x576.jpg 1024w, https:\/\/www.atreus.de\/wp-content\/uploads\/2022\/03\/header-04-6-480x270.jpg 480w, https:\/\/www.atreus.de\/wp-content\/uploads\/2022\/03\/header-04-6-1440x810.jpg 1440w\" sizes=\"(max-width: 1920px) 100vw, 1920px\" style=\"aspect-ratio:1920\/1080 !important\" title=\"atreus_\"><span class=\"copyright-image d-lg-none d-block\">\u00a9bohbeh \u2013 stock.adobe.com<\/span><img decoding=\"async\" class=\"responsive-img d-lg-none d-block\" loading=\"lazy\" alt=\"atreus_\" src=\"https:\/\/www.atreus.de\/wp-content\/uploads\/2022\/03\/teaser-img-fuer-2-und-3-spalter-04-5.jpg\" srcset=\"https:\/\/www.atreus.de\/wp-content\/uploads\/2022\/03\/teaser-img-fuer-2-und-3-spalter-04-5.jpg 823w, https:\/\/www.atreus.de\/wp-content\/uploads\/2022\/03\/teaser-img-fuer-2-und-3-spalter-04-5-768x578.jpg 768w, https:\/\/www.atreus.de\/wp-content\/uploads\/2022\/03\/teaser-img-fuer-2-und-3-spalter-04-5-480x361.jpg 480w\" sizes=\"(max-width: 1024px) 100vw, 1024px\" style=\"aspect-ratio:823\/619 !important\" title=\"atreus_\"><\/div><div class=\"preheadline-container\"><div class=\"zw-breadcrumb-container black-color d-md-down-none\"><\/div><h1 class=\" zw-cgb headline zw-prevent-animation\">Optimisation de projet et gestion de la transformation<\/h1><\/div><\/div><\/div><\/div><\/div><div class=\"zw-breadcrumb-container black-color d-none d-md-down-block\"><nav aria-label=\"breadcrumbs\" class=\"rank-math-breadcrumb\"><p><span class=\"label\">c<\/span> <a href=\"https:\/\/www.atreus.de\/fr\">Home<\/a><span class=\"separator\"> c <\/span><a href=\"https:\/\/www.atreus.de\/fr\/publications-et-evenements\/mediatheque\/\">Publications<\/a><span class=\"separator\"> c <\/span><span class=\"last\"><\/span><\/p><\/nav><\/div>\n\n    <div  class=\"zw-cgb    infoblock default-margin black-color  \">\n      <div class=\" row\">\n        <div class=\"zw-cgb-content has-padding col-12\">\n          <div class=\"inner-content parent-has-padding\"><h2 class=\" zw-cgb headline\">dans un projet d\u2019infrastructure DANS LE SECTEUR DE L\u2019\u00c9NERGIE<\/h2><div class=\"link-container\"><\/div><\/div>        <\/div>\n      <\/div>\n    <\/div>\n\n\n<div  class=\"zw-cgb row  columnmaster020 default-margin \"><div class=\"columnmaster-inner-content g-0\">    <div  class=\"zw-cgb no-image-layout columnblock black-color has-icon   \">\n      <div class=\"zw-cgb zw-cgb-content\">\n\n        <div class=\"column-content\"><div class=\"inner-content\"><div class=\"icon-container\"><span class=\"atr-icon\">q<\/span><h2 class=\" zw-cgb headline h4\">Participants au projet<\/h2><\/div><ul class=\"zw-cgb-ul fulltext \"><li class=\"\">Plusieurs gestionnaires de r\u00e9seau de transport allemands en tant que promoteurs communs du projet\u200b<\/li><li class=\"\">Entreprise g\u00e9n\u00e9rale pour toutes les phases, de la planification \u00e0 l\u2019autorisation, la construction et la mise en service\u200b<\/li><\/ul><\/div><\/div>      <\/div>\n    <\/div>\n    <div  class=\"zw-cgb no-image-layout columnblock black-color has-icon   \">\n      <div class=\"zw-cgb zw-cgb-content\">\n\n        <div class=\"column-content\"><div class=\"inner-content\"><div class=\"icon-container\"><span class=\"atr-icon\">p<\/span><h2 class=\" zw-cgb headline h4\">Situation et d\u00e9fi<\/h2><\/div><ul class=\"zw-cgb-ul fulltext \"><li class=\"\">Compr\u00e9hension divergente des responsabilit\u00e9s et des t\u00e2ches entre les participants au projet \u200b<\/li><li class=\"\">Multiplicit\u00e9 des sous-traitants aux int\u00e9r\u00eats divergents et structure de contr\u00f4le peu claire\u200b<\/li><li class=\"\">Effets \u00e9vidents de la pand\u00e9mie de COVID-19 et de la tension sur le march\u00e9 du travail\u200b<\/li><\/ul><\/div><\/div>      <\/div>\n    <\/div>\n    <div  class=\"zw-cgb no-image-layout columnblock black-color has-icon   \">\n      <div class=\"zw-cgb zw-cgb-content\">\n\n        <div class=\"column-content\"><div class=\"inner-content\"><div class=\"icon-container\"><span class=\"atr-icon\">m<\/span><h2 class=\" zw-cgb headline h4\">Objectif et mission\u200b<\/h2><\/div><ul class=\"zw-cgb-ul fulltext \"><li class=\"\">\u00c9laboration d\u2019une gestion concert\u00e9e des attentes et interpr\u00e9tation commune des t\u00e2ches relatives aux contrats conclus\u200b<\/li><li class=\"\">D\u00e9finition claire et pr\u00e9cise des r\u00f4les et des t\u00e2ches ainsi que de la structure organisationnelle\u200b<\/li><li class=\"\">Mise en place d\u2019une instance sup\u00e9rieure pour l\u2019optimisation et la transformation des projets\u200b<\/li><li class=\"\">Mise en \u0153uvre d\u2019une compr\u00e9hension globale du partenariat \u00e0 l\u2019\u00e9chelle du projet, au-del\u00e0 des r\u00f4les de donneur d\u2019ordre et de prestataire\u200b<\/li><\/ul><\/div><\/div>      <\/div>\n    <\/div>\n<\/div><\/div>\n\n<div id=\"parent19277\"class=\"zw-cgb halb-halb-headline-text-block-135 default-margin \"><div class=\"row\">    <!--  block -->\n    <div class=\"half-content has-padding col-lg-6 col-12 leftBlock order-1 blue-400 white-color has-icon has-headline \"><div class=\"icon-container\"><span class=\"atr-icon\">n<\/span><h2 class=\" zw-cgb headline\">Mesures et approche<\/h2><\/div><div class=\"content-container\"><div class=\"inner-content parent-has-padding\"><ul class=\"zw-cgb-ul fulltext \"><li class=\"\">Analyse du statu quo dans le projet sur la base de crit\u00e8res objectifs (mesurer \u2014 \u00e9valuer \u2014 rendre compte)\u200b<\/li><li class=\"\">Enregistrement et confrontation des attentes respectives des parties prenantes au projet\u200b<\/li><li class=\"\">Conception et mise en place d\u2019un Change Board pour synchroniser les diff\u00e9rentes attentes\u200b<\/li><li class=\"\">Mise en place d\u2019un comit\u00e9 d\u2019accompagnement de la transformation et du changement culturel\u200b<\/li><\/ul><div class=\"link-container\"><\/div><\/div><\/div><\/div>    <!--  block -->\n    <div class=\"half-content has-padding col-lg-6 col-12 rightBlock order-2 blue-600 white-color has-icon has-headline \"><div class=\"icon-container\"><span class=\"atr-icon\">x<\/span><h2 class=\" zw-cgb headline\">R\u00e9sultats et succ\u00e8s<\/h2><\/div><div class=\"content-container\"><div class=\"inner-content parent-has-padding\"><ul class=\"zw-cgb-ul fulltext \"><li class=\"\">Optimisation de l\u2019organisation et des responsabilit\u00e9s du projet\u200b<\/li><li class=\"\">R\u00e9solution des diff\u00e9rends relatifs aux modalit\u00e9s contractuelles\u200b<\/li><li class=\"\">D\u00e9veloppement du projet en vue d\u2019une augmentation mesurable de l\u2019avancement du projet et pilotage de la transformation, y compris la mise en place d\u2019une culture de projet commune\u200b<\/li><\/ul><div class=\"link-container\"><\/div><\/div><\/div><\/div><\/div><\/div>\n\n\n<div style=\"height:100px\" aria-hidden=\"true\" class=\"wp-block-spacer\"><\/div>\n","protected":false},"author":2,"featured_media":8389,"menu_order":0,"template":"","newsticker-publication":[573],"competences":[686],"industry-sectors":[700],"region-publication":[],"typ-publication":[635],"category-publication":[],"class_list":["post-515757","publication","type-publication","status-publish","has-post-thumbnail","hentry","competences-grands-projets-dinfrastructure","industry-sectors-energie-et-environnement","typ-publication-etude-de-cas"],"_links":{"self":[{"href":"https:\/\/www.atreus.de\/fr\/wp-json\/wp\/v2\/publication\/515757","targetHints":{"allow":["GET"]}}],"collection":[{"href":"https:\/\/www.atreus.de\/fr\/wp-json\/wp\/v2\/publication"}],"about":[{"href":"https:\/\/www.atreus.de\/fr\/wp-json\/wp\/v2\/types\/publication"}],"author":[{"embeddable":true,"href":"https:\/\/www.atreus.de\/fr\/wp-json\/wp\/v2\/users\/2"}],"version-history":[{"count":0,"href":"https:\/\/www.atreus.de\/fr\/wp-json\/wp\/v2\/publication\/515757\/revisions"}],"wp:featuredmedia":[{"embeddable":true,"href":"https:\/\/www.atreus.de\/fr\/wp-json\/wp\/v2\/media\/8389"}],"wp:attachment":[{"href":"https:\/\/www.atreus.de\/fr\/wp-json\/wp\/v2\/media?parent=515757"}],"wp:term":[{"taxonomy":"newsticker-publication","embeddable":true,"href":"https:\/\/www.atreus.de\/fr\/wp-json\/wp\/v2\/newsticker-publication?post=515757"},{"taxonomy":"competences","embeddable":true,"href":"https:\/\/www.atreus.de\/fr\/wp-json\/wp\/v2\/competences?post=515757"},{"taxonomy":"industry-sectors","embeddable":true,"href":"https:\/\/www.atreus.de\/fr\/wp-json\/wp\/v2\/industry-sectors?post=515757"},{"taxonomy":"region-publication","embeddable":true,"href":"https:\/\/www.atreus.de\/fr\/wp-json\/wp\/v2\/region-publication?post=515757"},{"taxonomy":"typ-publication","embeddable":true,"href":"https:\/\/www.atreus.de\/fr\/wp-json\/wp\/v2\/typ-publication?post=515757"},{"taxonomy":"category-publication","embeddable":true,"href":"https:\/\/www.atreus.de\/fr\/wp-json\/wp\/v2\/category-publication?post=515757"}],"curies":[{"name":"wp","href":"https:\/\/api.w.org\/{rel}","templated":true}]}}