{"id":515759,"date":"2022-03-28T15:31:55","date_gmt":"2022-03-28T13:31:55","guid":{"rendered":"https:\/\/www.atreus.de\/?post_type=publication&#038;p=515759"},"modified":"2024-10-18T10:11:33","modified_gmt":"2024-10-18T08:11:33","slug":"comblement-des-postes-vacants-et-restructuration","status":"publish","type":"publication","link":"https:\/\/www.atreus.de\/fr\/publication\/etude-de-cas\/comblement-des-postes-vacants-et-restructuration\/","title":{"rendered":"Palliation du poste vacant de PDG et la restructuration dans un groupe industriel international"},"content":{"rendered":"<div  class=\"zw-cgb header-standard-block is-first-block desktop-has-image mobile-has-image default-margin white-color content-left content-down zw-atr-portrait-pos-default zw-atr-landscape-pos-default height-default \"><div class=\"row\"><div class=\"zw-cgb-content col-12 mx-auto\"><div  class=\"header-standard-inner-container\"><div class=\"bg-image\"><span class=\"copyright-image d-none d-lg-block\">\u00a9xiaoliangge \u2013 stock.adobe.com<\/span><img decoding=\"async\" class=\"respnsive-img d-none d-lg-block\" loading=\"lazy\" alt=\"atreus_\" src=\"https:\/\/www.atreus.de\/wp-content\/uploads\/2022\/03\/header-05-5.jpg\" srcset=\"https:\/\/www.atreus.de\/wp-content\/uploads\/2022\/03\/header-05-5.jpg 1920w, https:\/\/www.atreus.de\/wp-content\/uploads\/2022\/03\/header-05-5-768x432.jpg 768w, https:\/\/www.atreus.de\/wp-content\/uploads\/2022\/03\/header-05-5-1024x576.jpg 1024w, https:\/\/www.atreus.de\/wp-content\/uploads\/2022\/03\/header-05-5-480x270.jpg 480w, https:\/\/www.atreus.de\/wp-content\/uploads\/2022\/03\/header-05-5-1440x810.jpg 1440w\" sizes=\"(max-width: 1920px) 100vw, 1920px\" style=\"aspect-ratio:1920\/1080 !important\" title=\"atreus_\"><span class=\"copyright-image d-lg-none d-block\">\u00a9xiaoliangge \u2013 stock.adobe.com<\/span><img decoding=\"async\" class=\"responsive-img d-lg-none d-block\" loading=\"lazy\" alt=\"atreus_\" src=\"https:\/\/www.atreus.de\/wp-content\/uploads\/2022\/03\/teaser-img-fuer-2-und-3-spalter-05-5.jpg\" srcset=\"https:\/\/www.atreus.de\/wp-content\/uploads\/2022\/03\/teaser-img-fuer-2-und-3-spalter-05-5.jpg 823w, https:\/\/www.atreus.de\/wp-content\/uploads\/2022\/03\/teaser-img-fuer-2-und-3-spalter-05-5-768x578.jpg 768w, https:\/\/www.atreus.de\/wp-content\/uploads\/2022\/03\/teaser-img-fuer-2-und-3-spalter-05-5-480x361.jpg 480w\" sizes=\"(max-width: 1024px) 100vw, 1024px\" style=\"aspect-ratio:823\/619 !important\" title=\"atreus_\"><\/div><div class=\"preheadline-container\"><div class=\"zw-breadcrumb-container black-color d-md-down-none\"><\/div><h1 class=\" zw-cgb headline zw-prevent-animation\">Palliation de postes vacants et restructuration<\/h1><\/div><\/div><\/div><\/div><\/div><div class=\"zw-breadcrumb-container black-color d-none d-md-down-block\"><nav aria-label=\"breadcrumbs\" class=\"rank-math-breadcrumb\"><p><span class=\"label\">c<\/span> <a href=\"https:\/\/www.atreus.de\/fr\">Home<\/a><span class=\"separator\"> c <\/span><a href=\"https:\/\/www.atreus.de\/fr\/publications-et-evenements\/mediatheque\/\">Publications<\/a><span class=\"separator\"> c <\/span><span class=\"last\"><\/span><\/p><\/nav><\/div>\n\n    <div  class=\"zw-cgb    infoblock default-margin black-color  \">\n      <div class=\" row\">\n        <div class=\"zw-cgb-content has-padding col-12\">\n          <div class=\"inner-content parent-has-padding\"><h2 class=\" zw-cgb headline\">Palliation du poste vacant de PDG et la restructuration dans un groupe industriel international<\/h2><div class=\"link-container\"><\/div><\/div>        <\/div>\n      <\/div>\n    <\/div>\n\n\n<div  class=\"zw-cgb row  columnmaster020 default-margin \"><div class=\"columnmaster-inner-content g-0\">    <div  class=\"zw-cgb no-image-layout columnblock black-color has-icon   \">\n      <div class=\"zw-cgb zw-cgb-content\">\n\n        <div class=\"column-content\"><div class=\"inner-content\"><div class=\"icon-container\"><span class=\"atr-icon\">q<\/span><h2 class=\" zw-cgb headline h4\">D\u00e9tails de l\u2019entreprise<\/h2><\/div><ul class=\"zw-cgb-ul fulltext \"><li class=\"\">env. 650 millions d\u2019euros de chiffre d\u2019affaires&nbsp;; env. 2800 employ\u00e9s\u200b<\/li><\/ul><\/div><\/div>      <\/div>\n    <\/div>\n    <div  class=\"zw-cgb no-image-layout columnblock black-color has-icon   \">\n      <div class=\"zw-cgb zw-cgb-content\">\n\n        <div class=\"column-content\"><div class=\"inner-content\"><div class=\"icon-container\"><span class=\"atr-icon\">p<\/span><h2 class=\" zw-cgb headline h4\">Situation et d\u00e9fi<\/h2><\/div><ul class=\"zw-cgb-ul fulltext \"><li class=\"\">Palliation du poste vacant du titulaire malade pour atteindre le r\u00e9sultat d\u2019exploitation annuel pr\u00e9vu, malgr\u00e9 la Covid-19 \u200b<\/li><li class=\"\">R\u00e9orientation strat\u00e9gique de la division dans le cadre de la transformation globale\u200b<\/li><\/ul><\/div><\/div>      <\/div>\n    <\/div>\n    <div  class=\"zw-cgb no-image-layout columnblock black-color has-icon   \">\n      <div class=\"zw-cgb zw-cgb-content\">\n\n        <div class=\"column-content\"><div class=\"inner-content\"><div class=\"icon-container\"><span class=\"atr-icon\">m<\/span><h2 class=\" zw-cgb headline h4\">Objectif et mission<\/h2><\/div><ul class=\"zw-cgb-ul fulltext \"><li class=\"\">Assurer la cl\u00f4ture des comptes 2020 (620 millions d\u2019euros d\u2019AE, 630 millions d\u2019euros de chiffre d\u2019affaires)\u200b<\/li><li class=\"\">Parall\u00e8lement, augmentation de l\u2019EBITDA en termes r\u00e9els \u00e0 9,1&nbsp;% \u200b<\/li><li class=\"\">Finalisation de la planification strat\u00e9gique 2020\u200b<\/li><li class=\"\">Pr\u00e9sentation des axes envisageables, F&amp;A ainsi que de la croissance organique pour doubler le chiffre d\u2019affaires (le grand plan)\u200b<\/li><\/ul><\/div><\/div>      <\/div>\n    <\/div>\n<\/div><\/div>\n\n<div id=\"parent27567\"class=\"zw-cgb halb-halb-headline-text-block-135 default-margin \"><div class=\"row\">    <!--  block -->\n    <div class=\"half-content has-padding col-lg-6 col-12 leftBlock order-1 blue-400 white-color has-icon has-headline \"><div class=\"icon-container\"><span class=\"atr-icon\">n<\/span><h2 class=\" zw-cgb headline\">Mesures et approche\u200b<\/h2><\/div><div class=\"content-container\"><div class=\"inner-content parent-has-padding\"><ul class=\"zw-cgb-ul fulltext \"><li class=\"\">Initiation d\u2019un projet de \u00ab&nbsp;go-to-market&nbsp;\u00bb pour une pompe \u00e0 chaleur en cours de d\u00e9veloppement &amp; d\u00e9veloppement d\u2019une strat\u00e9gie de r\u00e9frig\u00e9ration APAC\u200b<\/li><li class=\"\">Regroupement de toutes les activit\u00e9s informatiques en une strat\u00e9gie informatique et coordination avec le service informatique de l\u2019entreprise\u200b<\/li><li class=\"\">Lancement d\u2019un plan quinquennal pour la technologie et le d\u00e9veloppement\u200b<\/li><li class=\"\">Projet global SAP et BPM r\u00e9organis\u00e9 au sein de la BU\u200b<\/li><li class=\"\">Finalisation des plans d\u2019action dans le service pour augmenter le chiffre d\u2019affaires et la rentabilit\u00e9\u200b<\/li><li class=\"\">R\u00e9sum\u00e9 de toutes les initiatives et des propositions F&amp;A concernant le grand plan \u200b<\/li><\/ul><div class=\"link-container\"><\/div><\/div><\/div><\/div>    <!--  block -->\n    <div class=\"half-content has-padding col-lg-6 col-12 rightBlock order-2 blue-600 white-color has-icon has-headline \"><div class=\"icon-container\"><span class=\"atr-icon\">x<\/span><h2 class=\" zw-cgb headline\">R\u00e9sultats et succ\u00e8s<\/h2><\/div><div class=\"content-container\"><div class=\"inner-content parent-has-padding\"><ul class=\"zw-cgb-ul fulltext \"><li class=\"\">Stabilisation de l\u2019\u00e9volution du chiffre d\u2019affaires et du r\u00e9sultat\u200b<\/li><li class=\"\">Stabilisation de la direction vers l\u2019int\u00e9rieur et l\u2019ext\u00e9rieur\u200b<\/li><li class=\"\">D\u00e9cisions strat\u00e9giques concernant la croissance en Asie<\/li><li class=\"\">D\u00e9veloppement de nouveaux produits de service\u200b<\/li><\/ul><div class=\"link-container\"><\/div><\/div><\/div><\/div><\/div><\/div>\n\n\n<div style=\"height:100px\" aria-hidden=\"true\" class=\"wp-block-spacer is-style-zw-default-color-400\"><\/div>\n\n\n\n    <div  class=\"zw-cgb  latestPosts default-margin \">\n      <div class=\"row zw-cgb-content\">\n              <\/div>\n    <\/div>\n\n","protected":false},"author":6,"featured_media":529258,"menu_order":0,"template":"","newsticker-publication":[573],"competences":[673],"industry-sectors":[694],"region-publication":[],"typ-publication":[635],"category-publication":[],"class_list":["post-515759","publication","type-publication","status-publish","has-post-thumbnail","hentry","competences-restructuration","industry-sectors-construction-de-machines-et-dinstallations","typ-publication-etude-de-cas"],"_links":{"self":[{"href":"https:\/\/www.atreus.de\/fr\/wp-json\/wp\/v2\/publication\/515759","targetHints":{"allow":["GET"]}}],"collection":[{"href":"https:\/\/www.atreus.de\/fr\/wp-json\/wp\/v2\/publication"}],"about":[{"href":"https:\/\/www.atreus.de\/fr\/wp-json\/wp\/v2\/types\/publication"}],"author":[{"embeddable":true,"href":"https:\/\/www.atreus.de\/fr\/wp-json\/wp\/v2\/users\/6"}],"version-history":[{"count":0,"href":"https:\/\/www.atreus.de\/fr\/wp-json\/wp\/v2\/publication\/515759\/revisions"}],"wp:featuredmedia":[{"embeddable":true,"href":"https:\/\/www.atreus.de\/fr\/wp-json\/wp\/v2\/media\/529258"}],"wp:attachment":[{"href":"https:\/\/www.atreus.de\/fr\/wp-json\/wp\/v2\/media?parent=515759"}],"wp:term":[{"taxonomy":"newsticker-publication","embeddable":true,"href":"https:\/\/www.atreus.de\/fr\/wp-json\/wp\/v2\/newsticker-publication?post=515759"},{"taxonomy":"competences","embeddable":true,"href":"https:\/\/www.atreus.de\/fr\/wp-json\/wp\/v2\/competences?post=515759"},{"taxonomy":"industry-sectors","embeddable":true,"href":"https:\/\/www.atreus.de\/fr\/wp-json\/wp\/v2\/industry-sectors?post=515759"},{"taxonomy":"region-publication","embeddable":true,"href":"https:\/\/www.atreus.de\/fr\/wp-json\/wp\/v2\/region-publication?post=515759"},{"taxonomy":"typ-publication","embeddable":true,"href":"https:\/\/www.atreus.de\/fr\/wp-json\/wp\/v2\/typ-publication?post=515759"},{"taxonomy":"category-publication","embeddable":true,"href":"https:\/\/www.atreus.de\/fr\/wp-json\/wp\/v2\/category-publication?post=515759"}],"curies":[{"name":"wp","href":"https:\/\/api.w.org\/{rel}","templated":true}]}}