{"id":515772,"date":"2023-07-27T12:29:41","date_gmt":"2023-07-27T10:29:41","guid":{"rendered":"https:\/\/www.atreus.de\/?post_type=publication&#038;p=515772"},"modified":"2024-10-18T09:57:23","modified_gmt":"2024-10-18T07:57:23","slug":"integration-post-fusion-dune-entreprise-de-transformation-des-metaux-de-taille-moyenne-detenue-par-pe","status":"publish","type":"publication","link":"https:\/\/www.atreus.de\/fr\/publication\/etude-de-cas\/integration-post-fusion-dune-entreprise-de-transformation-des-metaux-de-taille-moyenne-detenue-par-pe\/","title":{"rendered":"Int\u00e9gration post-fusion d\u2019une entreprise de transformation des m\u00e9taux de taille moyenne d\u00e9tenue par capital-investissement"},"content":{"rendered":"<div  class=\"zw-cgb header-standard-block is-first-block desktop-has-image mobile-has-image default-margin white-color content-left content-down zw-atr-portrait-pos-default zw-atr-landscape-pos-default height-default \"><div class=\"row\"><div class=\"zw-cgb-content col-12 mx-auto\"><div  class=\"header-standard-inner-container\"><div class=\"bg-image\"><span class=\"copyright-image d-none d-lg-block\">\u00a9fotolia.com, industrieblick<\/span><img decoding=\"async\" class=\"respnsive-img d-none d-lg-block\" loading=\"lazy\" alt=\"atreus_\" src=\"https:\/\/www.atreus.de\/wp-content\/uploads\/2022\/03\/header-01.jpg\" srcset=\"https:\/\/www.atreus.de\/wp-content\/uploads\/2022\/03\/header-01.jpg 1920w, https:\/\/www.atreus.de\/wp-content\/uploads\/2022\/03\/header-01-768x432.jpg 768w, https:\/\/www.atreus.de\/wp-content\/uploads\/2022\/03\/header-01-1024x576.jpg 1024w, https:\/\/www.atreus.de\/wp-content\/uploads\/2022\/03\/header-01-480x270.jpg 480w, https:\/\/www.atreus.de\/wp-content\/uploads\/2022\/03\/header-01-1440x810.jpg 1440w\" sizes=\"(max-width: 1920px) 100vw, 1920px\" style=\"aspect-ratio:1920\/1080 !important\" title=\"atreus_\"><span class=\"copyright-image d-lg-none d-block\">\u00a9fotolia.com, industrieblick<\/span><img decoding=\"async\" class=\"responsive-img d-lg-none d-block\" loading=\"lazy\" alt=\"atreus_\" src=\"https:\/\/www.atreus.de\/wp-content\/uploads\/2022\/03\/teaser-img-fuer-2-und-3-spalter-01.jpg\" srcset=\"https:\/\/www.atreus.de\/wp-content\/uploads\/2022\/03\/teaser-img-fuer-2-und-3-spalter-01.jpg 823w, https:\/\/www.atreus.de\/wp-content\/uploads\/2022\/03\/teaser-img-fuer-2-und-3-spalter-01-768x578.jpg 768w, https:\/\/www.atreus.de\/wp-content\/uploads\/2022\/03\/teaser-img-fuer-2-und-3-spalter-01-480x361.jpg 480w\" sizes=\"(max-width: 1024px) 100vw, 1024px\" style=\"aspect-ratio:823\/619 !important\" title=\"atreus_\"><\/div><div class=\"preheadline-container\"><div class=\"zw-breadcrumb-container black-color d-md-down-none\"><\/div><p class=\" zw-cgb preheadline zw-prevent-animation\">\u00c9tude de cas<\/p><h1 class=\" zw-cgb headline zw-prevent-animation\">Int\u00e9gration post-fusion dans une entreprise de transformation des m\u00e9taux de taille moyenne d\u00e9tenue par capital-investissement<\/h1><\/div><\/div><\/div><\/div><\/div><div class=\"zw-breadcrumb-container black-color d-none d-md-down-block\"><nav aria-label=\"breadcrumbs\" class=\"rank-math-breadcrumb\"><p><span class=\"label\">c<\/span> <a href=\"https:\/\/www.atreus.de\/fr\">Home<\/a><span class=\"separator\"> c <\/span><a href=\"https:\/\/www.atreus.de\/fr\/publications-et-evenements\/mediatheque\/\">Publications<\/a><span class=\"separator\"> c <\/span><span class=\"last\"><\/span><\/p><\/nav><\/div>\n\n    <div  class=\"zw-cgb  change-padding  infoblock default-margin black-color  \">\n      <div class=\" row\">\n        <div class=\"zw-cgb-content has-padding col-12\">\n          <div class=\"preheadline-container parent-has-padding\"><p class=\" zw-cgb preheadline ' .  . '\">Int\u00e9gration de la filiale dans la soci\u00e9t\u00e9 m\u00e8re<\/p><\/div><div class=\"inner-content parent-has-padding\"><div class=\"link-container\"><\/div><\/div>        <\/div>\n      <\/div>\n    <\/div>\n\n\n<div  class=\"zw-cgb row  columnmaster020 default-margin \"><div class=\"columnmaster-inner-content g-0\">    <div  class=\"zw-cgb no-image-layout columnblock black-color has-icon   \">\n      <div class=\"zw-cgb zw-cgb-content\">\n\n        <div class=\"column-content\"><div class=\"inner-content\"><div class=\"icon-container\"><span class=\"atr-icon\">q<\/span><h2 class=\" zw-cgb headline h4\">D\u00e9tails de l\u2019entreprise<\/h2><\/div><ul class=\"zw-cgb-ul fulltext \"><li class=\"\">Deutsche GmbH avec 350 employ\u00e9s et un chiffre d\u2019affaires de 45 millions d\u2019euros<\/li><li class=\"\">Solutions de produits dans le domaine de la technique des roulements et des broches<\/li><\/ul><\/div><\/div>      <\/div>\n    <\/div>\n    <div  class=\"zw-cgb no-image-layout columnblock black-color has-icon   \">\n      <div class=\"zw-cgb zw-cgb-content\">\n\n        <div class=\"column-content\"><div class=\"inner-content\"><div class=\"icon-container\"><span class=\"atr-icon\">p<\/span><h2 class=\" zw-cgb headline h4\">Situation et d\u00e9fi<\/h2><\/div><ul class=\"zw-cgb-ul fulltext \"><li class=\"\">Filiale acquise en 2020, mais non int\u00e9gr\u00e9e<\/li><li class=\"\">Poursuite autonome des activit\u00e9s d\u2019achat et de vente<\/li><li class=\"\">Pas de croissance possible en raison de la situation de l\u2019entreprise<\/li><\/ul><\/div><\/div>      <\/div>\n    <\/div>\n    <div  class=\"zw-cgb no-image-layout columnblock black-color has-icon   \">\n      <div class=\"zw-cgb zw-cgb-content\">\n\n        <div class=\"column-content\"><div class=\"inner-content\"><div class=\"icon-container\"><span class=\"atr-icon\">m<\/span><h2 class=\" zw-cgb headline h4\">Objectif et mission<\/h2><\/div><p class=\" zw-cgb fulltext \">Int\u00e9gration de la filiale dans la soci\u00e9t\u00e9 m\u00e8re avec les objectifs suivants&nbsp;:<\/p><ul class=\"zw-cgb-ul fulltext \"><li class=\"\">Respect des objectifs de chiffre d\u2019affaires et de r\u00e9sultat<\/li><li class=\"\">Sauvegarde du savoir-faire existant<\/li><li class=\"\">Cr\u00e9ation de synergies<\/li><li class=\"\">Ach\u00e8vement de l\u2019int\u00e9gration d\u2019ici 2022<\/li><\/ul><\/div><\/div>      <\/div>\n    <\/div>\n<\/div><\/div>\n\n<div id=\"parent78079\"class=\"zw-cgb halb-halb-headline-text-block-135 default-margin \"><div class=\"row\">    <!--  block -->\n    <div class=\"half-content has-padding col-lg-6 col-12 leftBlock order-1 blue-400 white-color has-icon has-headline \"><div class=\"icon-container\"><span class=\"atr-icon\">n<\/span><h2 class=\" zw-cgb headline\">Mesures et approche<\/h2><\/div><div class=\"content-container\"><div class=\"inner-content parent-has-padding\"><ul class=\"zw-cgb-ul fulltext \"><li class=\"\">R\u00e9alisation d\u2019analyses de processus et d\u00e9veloppement de processus th\u00e9oriques pour toutes les activit\u00e9s commerciales<\/li><li class=\"\">\u00c9laboration et mise en \u0153uvre du plan d\u2019int\u00e9gration<\/li><li class=\"\">Gestion de projet pour la mise en \u0153uvre des activit\u00e9s d\u2019int\u00e9gration<\/li><li class=\"\">Analyse et gestion des risques<\/li><li class=\"\">Communication avec les parties prenantes internes et externes<\/li><\/ul><div class=\"link-container\"><\/div><\/div><\/div><\/div>    <!--  block -->\n    <div class=\"half-content has-padding col-lg-6 col-12 rightBlock order-2 blue-600 white-color has-icon has-headline \"><div class=\"icon-container\"><span class=\"atr-icon\">x<\/span><h2 class=\" zw-cgb headline\">R\u00e9sultats et succ\u00e8s<\/h2><\/div><div class=\"content-container\"><div class=\"inner-content parent-has-padding\"><p class=\" zw-cgb fulltext \">Transfert et mise en \u0153uvre r\u00e9ussis de toutes les fonctions de l\u2019entreprise&nbsp;:<\/p><ul class=\"zw-cgb-ul fulltext \"><li class=\"\">Garantie du savoir-faire gr\u00e2ce \u00e0 une documentation d\u00e9taill\u00e9e des processus et \u00e0 des concepts d\u2019initiation intensifs<\/li><li class=\"\">R\u00e9alisation des param\u00e8tres budg\u00e9taires pr\u00e9d\u00e9finis<\/li><li class=\"\">Cl\u00f4ture du projet dans les d\u00e9lais<\/li><\/ul><div class=\"link-container\"><\/div><\/div><\/div><\/div><\/div><\/div>\n\n\n<div style=\"height:100px\" aria-hidden=\"true\" class=\"wp-block-spacer is-style-zw-default-color-400\"><\/div>\n\n\n    <div  class=\"zw-cgb  change-padding  infoblock default-margin black-color  \">\n      <div class=\" row\">\n        <div class=\"zw-cgb-content has-padding col-12\">\n          <div class=\"preheadline-container parent-has-padding\"><p class=\" zw-cgb preheadline ' .  . '\">Ces articles pourraient vous int\u00e9resser :<\/p><\/div><div class=\"inner-content parent-has-padding\"><div class=\"link-container\"><\/div><\/div>        <\/div>\n      <\/div>\n    <\/div>\n\n\n\n    <div  class=\"zw-cgb  latestPosts default-margin \">\n      <div class=\"row zw-cgb-content\">\n              <\/div>\n    <\/div>\n\n","protected":false},"author":3,"featured_media":4232,"menu_order":0,"template":"","newsticker-publication":[573,574],"competences":[684],"industry-sectors":[707],"region-publication":[],"typ-publication":[635],"category-publication":[],"class_list":["post-515772","publication","type-publication","status-publish","has-post-thumbnail","hentry","competences-integration-post-fusion","industry-sectors-finance-fr","typ-publication-etude-de-cas"],"_links":{"self":[{"href":"https:\/\/www.atreus.de\/fr\/wp-json\/wp\/v2\/publication\/515772","targetHints":{"allow":["GET"]}}],"collection":[{"href":"https:\/\/www.atreus.de\/fr\/wp-json\/wp\/v2\/publication"}],"about":[{"href":"https:\/\/www.atreus.de\/fr\/wp-json\/wp\/v2\/types\/publication"}],"author":[{"embeddable":true,"href":"https:\/\/www.atreus.de\/fr\/wp-json\/wp\/v2\/users\/3"}],"version-history":[{"count":0,"href":"https:\/\/www.atreus.de\/fr\/wp-json\/wp\/v2\/publication\/515772\/revisions"}],"wp:featuredmedia":[{"embeddable":true,"href":"https:\/\/www.atreus.de\/fr\/wp-json\/wp\/v2\/media\/4232"}],"wp:attachment":[{"href":"https:\/\/www.atreus.de\/fr\/wp-json\/wp\/v2\/media?parent=515772"}],"wp:term":[{"taxonomy":"newsticker-publication","embeddable":true,"href":"https:\/\/www.atreus.de\/fr\/wp-json\/wp\/v2\/newsticker-publication?post=515772"},{"taxonomy":"competences","embeddable":true,"href":"https:\/\/www.atreus.de\/fr\/wp-json\/wp\/v2\/competences?post=515772"},{"taxonomy":"industry-sectors","embeddable":true,"href":"https:\/\/www.atreus.de\/fr\/wp-json\/wp\/v2\/industry-sectors?post=515772"},{"taxonomy":"region-publication","embeddable":true,"href":"https:\/\/www.atreus.de\/fr\/wp-json\/wp\/v2\/region-publication?post=515772"},{"taxonomy":"typ-publication","embeddable":true,"href":"https:\/\/www.atreus.de\/fr\/wp-json\/wp\/v2\/typ-publication?post=515772"},{"taxonomy":"category-publication","embeddable":true,"href":"https:\/\/www.atreus.de\/fr\/wp-json\/wp\/v2\/category-publication?post=515772"}],"curies":[{"name":"wp","href":"https:\/\/api.w.org\/{rel}","templated":true}]}}