{"id":515781,"date":"2023-07-23T16:39:45","date_gmt":"2023-07-23T14:39:45","guid":{"rendered":"https:\/\/www.atreus.de\/?post_type=publication&#038;p=515781"},"modified":"2024-10-18T10:01:57","modified_gmt":"2024-10-18T08:01:57","slug":"optimisation-du-site-de-production-tcheque-dun-groupe-de-ceramique-haute-performance","status":"publish","type":"publication","link":"https:\/\/www.atreus.de\/fr\/publication\/etude-de-cas\/optimisation-du-site-de-production-tcheque-dun-groupe-de-ceramique-haute-performance\/","title":{"rendered":"Optimisation du site de production tch\u00e8que d\u2019un groupe de c\u00e9ramique haute performance"},"content":{"rendered":"<div  class=\"zw-cgb header-standard-block is-first-block desktop-has-image mobile-has-image default-margin white-color content-left content-down zw-atr-portrait-pos-default zw-atr-landscape-pos-default height-default \"><div class=\"row\"><div class=\"zw-cgb-content col-12 mx-auto\"><div  class=\"header-standard-inner-container\"><div class=\"bg-image\"><span class=\"copyright-image d-none d-lg-block\">\u00a9Shutter B \u2013 stock.adobe.com<\/span><img decoding=\"async\" class=\"respnsive-img d-none d-lg-block\" loading=\"lazy\" alt=\"atreus_\" src=\"https:\/\/www.atreus.de\/wp-content\/uploads\/2022\/03\/header-02-10.jpg\" srcset=\"https:\/\/www.atreus.de\/wp-content\/uploads\/2022\/03\/header-02-10.jpg 1920w, https:\/\/www.atreus.de\/wp-content\/uploads\/2022\/03\/header-02-10-768x432.jpg 768w, https:\/\/www.atreus.de\/wp-content\/uploads\/2022\/03\/header-02-10-1024x576.jpg 1024w, https:\/\/www.atreus.de\/wp-content\/uploads\/2022\/03\/header-02-10-480x270.jpg 480w, https:\/\/www.atreus.de\/wp-content\/uploads\/2022\/03\/header-02-10-1440x810.jpg 1440w\" sizes=\"(max-width: 1920px) 100vw, 1920px\" style=\"aspect-ratio:1920\/1080 !important\" title=\"atreus_\"><span class=\"copyright-image d-lg-none d-block\">\u00a9Shutter B \u2013 stock.adobe.com<\/span><img decoding=\"async\" class=\"responsive-img d-lg-none d-block\" loading=\"lazy\" alt=\"atreus_\" src=\"https:\/\/www.atreus.de\/wp-content\/uploads\/2022\/03\/teaser-img-fuer-2-und-3-spalter-02-9.jpg\" srcset=\"https:\/\/www.atreus.de\/wp-content\/uploads\/2022\/03\/teaser-img-fuer-2-und-3-spalter-02-9.jpg 823w, https:\/\/www.atreus.de\/wp-content\/uploads\/2022\/03\/teaser-img-fuer-2-und-3-spalter-02-9-768x578.jpg 768w, https:\/\/www.atreus.de\/wp-content\/uploads\/2022\/03\/teaser-img-fuer-2-und-3-spalter-02-9-480x361.jpg 480w\" sizes=\"(max-width: 1024px) 100vw, 1024px\" style=\"aspect-ratio:823\/619 !important\" title=\"atreus_\"><\/div><div class=\"preheadline-container\"><div class=\"zw-breadcrumb-container black-color d-md-down-none\"><\/div><p class=\" zw-cgb preheadline zw-prevent-animation\">\u00c9tude de cas<\/p><h1 class=\" zw-cgb headline zw-prevent-animation\">Optimisation du site de production tch\u00e8que d\u2019un groupe de c\u00e9ramique haute performance<\/h1><\/div><\/div><\/div><\/div><\/div><div class=\"zw-breadcrumb-container black-color d-none d-md-down-block\"><nav aria-label=\"breadcrumbs\" class=\"rank-math-breadcrumb\"><p><span class=\"label\">c<\/span> <a href=\"https:\/\/www.atreus.de\/fr\">Home<\/a><span class=\"separator\"> c <\/span><a href=\"https:\/\/www.atreus.de\/fr\/publications-et-evenements\/mediatheque\/\">Publications<\/a><span class=\"separator\"> c <\/span><span class=\"last\"><\/span><\/p><\/nav><\/div>\n\n    <div  class=\"zw-cgb  change-padding  infoblock default-margin black-color  \">\n      <div class=\" row\">\n        <div class=\"zw-cgb-content has-padding col-12\">\n          <div class=\"preheadline-container parent-has-padding\"><p class=\" zw-cgb preheadline ' .  . '\">Conseil en gestion de projet en R\u00e9publique tch\u00e8que<\/p><\/div><div class=\"inner-content parent-has-padding\"><div class=\"link-container\"><\/div><\/div>        <\/div>\n      <\/div>\n    <\/div>\n\n\n<div  class=\"zw-cgb row  columnmaster020 default-margin \"><div class=\"columnmaster-inner-content g-0\">    <div  class=\"zw-cgb no-image-layout columnblock black-color has-icon   \">\n      <div class=\"zw-cgb zw-cgb-content\">\n\n        <div class=\"column-content\"><div class=\"inner-content\"><div class=\"icon-container\"><span class=\"atr-icon\">q<\/span><h2 class=\" zw-cgb headline h4\">D\u00e9tails de l\u2019entreprise<\/h2><\/div><ul class=\"zw-cgb-ul fulltext \"><li class=\"\">Fournisseur et fabricant de c\u00e9ramiques techniques avec environ 3 500 employ\u00e9s dans le monde entier sur 19 sites de production en Europe, aux \u00c9tats-Unis et en Asie<\/li><li class=\"\">Site de production autonome en R\u00e9publique tch\u00e8que avec 300 collaborateurs<\/li><\/ul><\/div><\/div>      <\/div>\n    <\/div>\n    <div  class=\"zw-cgb no-image-layout columnblock black-color has-icon   \">\n      <div class=\"zw-cgb zw-cgb-content\">\n\n        <div class=\"column-content\"><div class=\"inner-content\"><div class=\"icon-container\"><span class=\"atr-icon\">p<\/span><h2 class=\" zw-cgb headline h4\">Situation et d\u00e9fi<\/h2><\/div><ul class=\"zw-cgb-ul fulltext \"><li class=\"\">Stabilisation de l\u2019usine en R\u00e9publique tch\u00e8que apr\u00e8s la br\u00e8ve absence du directeur local<\/li><li class=\"\">Adaptation des processus et du personnel \u00e0 la situation de croissance extr\u00eame<\/li><li class=\"\">Cr\u00e9ation de transparence pour la holding de gestion allemande<\/li><li class=\"\">Introduction de normes de groupe<\/li><li class=\"\">P\u00e9nurie de main-d\u2019\u0153uvre<\/li><li class=\"\">\u00c9liminer les incertitudes au sein de l\u2019\u00e9quipe de direction et instaurer la confiance<\/li><\/ul><\/div><\/div>      <\/div>\n    <\/div>\n    <div  class=\"zw-cgb no-image-layout columnblock black-color has-icon   \">\n      <div class=\"zw-cgb zw-cgb-content\">\n\n        <div class=\"column-content\"><div class=\"inner-content\"><div class=\"icon-container\"><span class=\"atr-icon\">m<\/span><h2 class=\" zw-cgb headline h4\">Objectif et mission<\/h2><\/div><ul class=\"zw-cgb-ul fulltext \"><li class=\"\">Assurer le bon fonctionnement de l\u2019usine&nbsp;; r\u00e9soudre les vacances strat\u00e9giques de personnel\/augmenter le personnel dans la production\/\u00e9valuer les cadres et identifier les changements de personnel<\/li><li class=\"\">Am\u00e9liorer la communication interne et la formation d\u2019\u00e9quipe au sein de l\u2019\u00e9quipe de direction<\/li><\/ul><\/div><\/div>      <\/div>\n    <\/div>\n<\/div><\/div>\n\n<div id=\"parent30644\"class=\"zw-cgb halb-halb-headline-text-block-135 default-margin \"><div class=\"row\">    <!--  block -->\n    <div class=\"half-content has-padding col-lg-6 col-12 leftBlock order-1 blue-400 white-color has-icon has-headline \"><div class=\"icon-container\"><span class=\"atr-icon\">n<\/span><h2 class=\" zw-cgb headline\">Mesures et approche<\/h2><\/div><div class=\"content-container\"><div class=\"inner-content parent-has-padding\"><ul class=\"zw-cgb-ul fulltext \"><li class=\"\">\u00c9tablir une relation de confiance avec le management local, am\u00e9liorer la discipline de travail et la culture d\u2019entreprise locale<\/li><li class=\"\">R\u00e9alisation de gains rapides, fixation de priorit\u00e9s et mise en oeuvre cons\u00e9quente<\/li><li class=\"\">Cr\u00e9ation de transparence&nbsp;; style de direction ouvert et adapt\u00e9 \u00e0 la situation<\/li><\/ul><div class=\"link-container\"><\/div><\/div><\/div><\/div>    <!--  block -->\n    <div class=\"half-content has-padding col-lg-6 col-12 rightBlock order-2 blue-600 white-color has-icon has-headline \"><div class=\"icon-container\"><span class=\"atr-icon\">x<\/span><h2 class=\" zw-cgb headline\">R\u00e9sultats et succ\u00e8s<\/h2><\/div><div class=\"content-container\"><div class=\"inner-content parent-has-padding\"><ul class=\"zw-cgb-ul fulltext \"><li class=\"\">Recrutement de personnel qualifi\u00e9 et de cadres (production, approvisionnement, lean management)<\/li><li class=\"\">Croissance du chiffre d\u2019affaires + 20&nbsp;% (YTD) par rapport au budget<\/li><li class=\"\">15&nbsp;% augmentation du personnel<\/li><\/ul><div class=\"link-container\"><\/div><\/div><\/div><\/div><\/div><\/div>\n\n\n<div style=\"height:100px\" aria-hidden=\"true\" class=\"wp-block-spacer is-style-zw-default-color-400\"><\/div>\n\n\n    <div  class=\"zw-cgb  change-padding  infoblock default-margin black-color  \">\n      <div class=\" row\">\n        <div class=\"zw-cgb-content has-padding col-12\">\n          <div class=\"preheadline-container parent-has-padding\"><p class=\" zw-cgb preheadline ' .  . '\">Ces articles pourraient vous int\u00e9resser :<\/p><\/div><div class=\"inner-content parent-has-padding\"><div class=\"link-container\"><\/div><\/div>        <\/div>\n      <\/div>\n    <\/div>\n\n\n\n    <div  class=\"zw-cgb  latestPosts default-margin \">\n      <div class=\"row zw-cgb-content\">\n        \n      <div  class=\"zw-cgb latestPostsContent px-0 col-12 col-md-6 col-menu-4 publication   show-featured-image \">\n\n\n        <div class=\"image-container single-featured\"><a href = \"https:\/\/www.atreus.de\/fr\/publication\/etude-de-cas\/directeur-des-operations-chez-un-constructeur-international-de-machines-et-dinstallations\/\"><span class=\"copyright-image\">\u00a9fotolia.com, Photocreo Bednarek<\/span><img decoding=\"async\" loading=\"lazy\" alt=\"atreus_\" src=\"https:\/\/www.atreus.de\/wp-content\/uploads\/2022\/03\/teaser-img-fuer-2-und-3-spalter-04.jpg\" srcset=\"https:\/\/www.atreus.de\/wp-content\/uploads\/2022\/03\/teaser-img-fuer-2-und-3-spalter-04.jpg 823w, https:\/\/www.atreus.de\/wp-content\/uploads\/2022\/03\/teaser-img-fuer-2-und-3-spalter-04-768x578.jpg 768w, https:\/\/www.atreus.de\/wp-content\/uploads\/2022\/03\/teaser-img-fuer-2-und-3-spalter-04-480x361.jpg 480w\" sizes=\"(max-width: 1024px) 100vw, 1024px\" style=\"aspect-ratio:823\/619 !important\" title=\"atreus_\"><\/a><\/div><div class=\"image-container double-featured\"><a href = \"https:\/\/www.atreus.de\/fr\/publication\/etude-de-cas\/directeur-des-operations-chez-un-constructeur-international-de-machines-et-dinstallations\/\"><span class=\"copyright-image\">\u00a9fotolia.com, Photocreo Bednarek<\/span><img decoding=\"async\" loading=\"lazy\" alt=\"atreus_\" src=\"https:\/\/www.atreus.de\/wp-content\/uploads\/2022\/03\/teaser-img-fuer-2-und-3-spalter-04.jpg\" srcset=\"https:\/\/www.atreus.de\/wp-content\/uploads\/2022\/03\/teaser-img-fuer-2-und-3-spalter-04.jpg 823w, https:\/\/www.atreus.de\/wp-content\/uploads\/2022\/03\/teaser-img-fuer-2-und-3-spalter-04-768x578.jpg 768w, https:\/\/www.atreus.de\/wp-content\/uploads\/2022\/03\/teaser-img-fuer-2-und-3-spalter-04-480x361.jpg 480w\" sizes=\"(max-width: 1024px) 100vw, 1024px\" style=\"aspect-ratio:823\/619 !important\" title=\"atreus_\"><\/a><\/div>        <div class=\"content-container has-excerpt posttype-publication blue-400 white-color\">\n          <div class=\"preheadline-container parent-has-padding\"><p class=\"zw-cgb preheadline\">\u00c9tude de cas<\/p><\/div><a href = \"https:\/\/www.atreus.de\/fr\/publication\/etude-de-cas\/directeur-des-operations-chez-un-constructeur-international-de-machines-et-dinstallations\/\"><h2 class=\" zw-cgb headline\">Directeur des op\u00e9rations chez un constructeur international de machines et d\u2019installations<\/h2><\/a><p class=\" zw-cgb fulltext\">Un performeur Atreus prend la responsabilit\u00e9 de directeur des op\u00e9rations, r\u00e9duit les co\u00fbts de fabrication et de qualit\u00e9, am\u00e9liore la fiabilit\u00e9 des livraisons et standardise un portefeuille de produits obsol\u00e8te.<\/p><div class=\"zw-cgb zw-cgb-button-container \"><a href=\"https:\/\/www.atreus.de\/fr\/publication\/etude-de-cas\/directeur-des-operations-chez-un-constructeur-international-de-machines-et-dinstallations\/\" class=\"zw-cgb btn btn-primary \">Lire la suite<\/a><\/div>        <\/div>\n            <\/div>\n      \n  \n      <div  class=\"zw-cgb latestPostsContent px-0 col-12 col-md-6 col-menu-4 publication   show-featured-image \">\n\n\n        <div class=\"image-container single-featured\"><a href = \"https:\/\/www.atreus.de\/fr\/publication\/etude-de-cas\/processus-de-qualite\/\"><span class=\"copyright-image\">\u00a9Blue Planet Studio \u2013 stock.adobe.com<\/span><img decoding=\"async\" loading=\"lazy\" alt=\"atreus_\" src=\"https:\/\/www.atreus.de\/wp-content\/uploads\/2023\/01\/teaser-img-fuer-2-und-3-spalter-2-10.jpg\" srcset=\"https:\/\/www.atreus.de\/wp-content\/uploads\/2023\/01\/teaser-img-fuer-2-und-3-spalter-2-10.jpg 823w, https:\/\/www.atreus.de\/wp-content\/uploads\/2023\/01\/teaser-img-fuer-2-und-3-spalter-2-10-768x578.jpg 768w, https:\/\/www.atreus.de\/wp-content\/uploads\/2023\/01\/teaser-img-fuer-2-und-3-spalter-2-10-480x361.jpg 480w\" sizes=\"(max-width: 1024px) 100vw, 1024px\" style=\"aspect-ratio:823\/619 !important\" title=\"atreus_\"><\/a><\/div><div class=\"image-container double-featured\"><a href = \"https:\/\/www.atreus.de\/fr\/publication\/etude-de-cas\/processus-de-qualite\/\"><span class=\"copyright-image\">\u00a9Blue Planet Studio \u2013 stock.adobe.com<\/span><img decoding=\"async\" loading=\"lazy\" alt=\"atreus_\" src=\"https:\/\/www.atreus.de\/wp-content\/uploads\/2023\/01\/teaser-img-60zu30-10.jpg\" srcset=\"https:\/\/www.atreus.de\/wp-content\/uploads\/2023\/01\/teaser-img-60zu30-10.jpg 1098w, https:\/\/www.atreus.de\/wp-content\/uploads\/2023\/01\/teaser-img-60zu30-10-768x288.jpg 768w, https:\/\/www.atreus.de\/wp-content\/uploads\/2023\/01\/teaser-img-60zu30-10-1024x384.jpg 1024w, https:\/\/www.atreus.de\/wp-content\/uploads\/2023\/01\/teaser-img-60zu30-10-480x180.jpg 480w\" sizes=\"(max-width: 1024px) 100vw, 1024px\" style=\"aspect-ratio:1098\/412 !important\" title=\"atreus_\"><\/a><\/div>        <div class=\"content-container has-excerpt posttype-publication blue-600 white-color\">\n          <div class=\"preheadline-container parent-has-padding\"><p class=\"zw-cgb preheadline\">\u00c9tude de cas<\/p><\/div><a href = \"https:\/\/www.atreus.de\/fr\/publication\/etude-de-cas\/processus-de-qualite\/\"><h2 class=\" zw-cgb headline\">Stabilisation des processus de qualit\u00e9 chez un fournisseur de l\u2019industrie automobile<\/h2><\/a><p class=\" zw-cgb fulltext\">Un fournisseur de syst\u00e8mes \u00e9lectriques pour v\u00e9hicules subit le mode d\u2019escalade de qualit\u00e9 le plus \u00e9lev\u00e9 et a un rendement de production en forte baisse. Un responsable qualit\u00e9 d\u2019Atreus d\u00e9sescalade l\u2019\u00e9tat de la qualit\u00e9 apr\u00e8s 3 mois et r\u00e9tablit la confiance dans la collaboration &#8230;<\/p><div class=\"zw-cgb zw-cgb-button-container \"><a href=\"https:\/\/www.atreus.de\/fr\/publication\/etude-de-cas\/processus-de-qualite\/\" class=\"zw-cgb btn btn-primary \">Lire la suite<\/a><\/div>        <\/div>\n            <\/div>\n      \n  \n      <div  class=\"zw-cgb latestPostsContent px-0 col-12 col-md-12 col-menu-4 publication   show-featured-image \">\n\n\n        <div class=\"image-container single-featured\"><a href = \"https:\/\/www.atreus.de\/fr\/publication\/etude-de-cas\/optimisation-de-la-production-dans-une-entreprise-chimique-de-taille-moyenne-en-allemagne\/\"><span class=\"copyright-image\"><\/span><img decoding=\"async\" loading=\"lazy\" alt=\"atreus_\" src=\"https:\/\/www.atreus.de\/wp-content\/uploads\/2024\/02\/teaser-img-fuer-2-und-3-spalter-5-480x361-1.webp\" style=\"aspect-ratio:480\/361 !important\" title=\"atreus_\"><\/a><\/div><div class=\"image-container double-featured\"><a href = \"https:\/\/www.atreus.de\/fr\/publication\/etude-de-cas\/optimisation-de-la-production-dans-une-entreprise-chimique-de-taille-moyenne-en-allemagne\/\"><span class=\"copyright-image\"><\/span><img decoding=\"async\" loading=\"lazy\" alt=\"atreus_\" src=\"https:\/\/www.atreus.de\/wp-content\/uploads\/2024\/02\/teaser-img-fuer-2-und-3-spalter-5-480x361-1.webp\" style=\"aspect-ratio:480\/361 !important\" title=\"atreus_\"><\/a><\/div>        <div class=\"content-container has-excerpt posttype-publication blue-900 white-color\">\n          <div class=\"preheadline-container parent-has-padding\"><p class=\"zw-cgb preheadline\">\u00c9tude de cas<\/p><\/div><a href = \"https:\/\/www.atreus.de\/fr\/publication\/etude-de-cas\/optimisation-de-la-production-dans-une-entreprise-chimique-de-taille-moyenne-en-allemagne\/\"><h2 class=\" zw-cgb headline\">Optimisation de la production dans une entreprise chimique de taille moyenne en Allemagne<\/h2><\/a><p class=\" zw-cgb fulltext\">Pour optimiser la production, Atreus a mis en place un tableau de planification num\u00e9rique, a cr\u00e9\u00e9 une \u00e9quipe d\u2019excellence op\u00e9rationnelle et a obtenu une am\u00e9lioration de l\u2019EBITDA de plus de 5\u00a0millions d\u2019euros gr\u00e2ce \u00e0 plus de 35\u00a0nouveaux projets.<\/p><div class=\"zw-cgb zw-cgb-button-container \"><a href=\"https:\/\/www.atreus.de\/fr\/publication\/etude-de-cas\/optimisation-de-la-production-dans-une-entreprise-chimique-de-taille-moyenne-en-allemagne\/\" class=\"zw-cgb btn btn-primary \">Lire la suite<\/a><\/div>        <\/div>\n            <\/div>\n      <div class=\"zw-spacer px-0\"><\/div>\n        <\/div>\n    <\/div>\n\n","protected":false},"author":3,"featured_media":8485,"menu_order":0,"template":"","newsticker-publication":[573,574],"competences":[633,678],"industry-sectors":[694],"region-publication":[],"typ-publication":[635],"category-publication":[],"class_list":["post-515781","publication","type-publication","status-publish","has-post-thumbnail","hentry","competences-operations-fr","competences-gestion-de-projets-et-de-programmes","industry-sectors-construction-de-machines-et-dinstallations","typ-publication-etude-de-cas"],"_links":{"self":[{"href":"https:\/\/www.atreus.de\/fr\/wp-json\/wp\/v2\/publication\/515781","targetHints":{"allow":["GET"]}}],"collection":[{"href":"https:\/\/www.atreus.de\/fr\/wp-json\/wp\/v2\/publication"}],"about":[{"href":"https:\/\/www.atreus.de\/fr\/wp-json\/wp\/v2\/types\/publication"}],"author":[{"embeddable":true,"href":"https:\/\/www.atreus.de\/fr\/wp-json\/wp\/v2\/users\/3"}],"version-history":[{"count":0,"href":"https:\/\/www.atreus.de\/fr\/wp-json\/wp\/v2\/publication\/515781\/revisions"}],"wp:featuredmedia":[{"embeddable":true,"href":"https:\/\/www.atreus.de\/fr\/wp-json\/wp\/v2\/media\/8485"}],"wp:attachment":[{"href":"https:\/\/www.atreus.de\/fr\/wp-json\/wp\/v2\/media?parent=515781"}],"wp:term":[{"taxonomy":"newsticker-publication","embeddable":true,"href":"https:\/\/www.atreus.de\/fr\/wp-json\/wp\/v2\/newsticker-publication?post=515781"},{"taxonomy":"competences","embeddable":true,"href":"https:\/\/www.atreus.de\/fr\/wp-json\/wp\/v2\/competences?post=515781"},{"taxonomy":"industry-sectors","embeddable":true,"href":"https:\/\/www.atreus.de\/fr\/wp-json\/wp\/v2\/industry-sectors?post=515781"},{"taxonomy":"region-publication","embeddable":true,"href":"https:\/\/www.atreus.de\/fr\/wp-json\/wp\/v2\/region-publication?post=515781"},{"taxonomy":"typ-publication","embeddable":true,"href":"https:\/\/www.atreus.de\/fr\/wp-json\/wp\/v2\/typ-publication?post=515781"},{"taxonomy":"category-publication","embeddable":true,"href":"https:\/\/www.atreus.de\/fr\/wp-json\/wp\/v2\/category-publication?post=515781"}],"curies":[{"name":"wp","href":"https:\/\/api.w.org\/{rel}","templated":true}]}}