{"id":515786,"date":"2023-11-03T13:32:09","date_gmt":"2023-11-03T12:32:09","guid":{"rendered":"https:\/\/www.atreus.de\/?post_type=publication&#038;p=515786"},"modified":"2024-10-18T09:46:07","modified_gmt":"2024-10-18T07:46:07","slug":"creation-et-mise-en-place-dun-processus-de-flux-physique-des-marchandises","status":"publish","type":"publication","link":"https:\/\/www.atreus.de\/fr\/publication\/etude-de-cas\/creation-et-mise-en-place-dun-processus-de-flux-physique-des-marchandises\/","title":{"rendered":"Cr\u00e9ation et mise en place d\u2019un processus de flux physique des marchandises"},"content":{"rendered":"<div  class=\"zw-cgb header-standard-block is-first-block desktop-has-image mobile-has-image default-margin white-color content-left content-down zw-atr-portrait-pos-default zw-atr-landscape-pos-default height-default \"><div class=\"row\"><div class=\"zw-cgb-content col-12 mx-auto\"><div  class=\"header-standard-inner-container\"><div class=\"bg-image\"><span class=\"copyright-image d-none d-lg-block\">\u00a9David-A380 \u2013 stock.adobe.com<\/span><img decoding=\"async\" class=\"respnsive-img d-none d-lg-block\" loading=\"lazy\" alt=\"atreus_\" src=\"https:\/\/www.atreus.de\/wp-content\/uploads\/2023\/01\/header-08-1.jpg\" srcset=\"https:\/\/www.atreus.de\/wp-content\/uploads\/2023\/01\/header-08-1.jpg 1920w, https:\/\/www.atreus.de\/wp-content\/uploads\/2023\/01\/header-08-1-768x432.jpg 768w, https:\/\/www.atreus.de\/wp-content\/uploads\/2023\/01\/header-08-1-1024x576.jpg 1024w, https:\/\/www.atreus.de\/wp-content\/uploads\/2023\/01\/header-08-1-480x270.jpg 480w, https:\/\/www.atreus.de\/wp-content\/uploads\/2023\/01\/header-08-1-1440x810.jpg 1440w\" sizes=\"(max-width: 1920px) 100vw, 1920px\" style=\"aspect-ratio:1920\/1080 !important\" title=\"atreus_\"><span class=\"copyright-image d-lg-none d-block\">\u00a9David-A380 \u2013 stock.adobe.com<\/span><img decoding=\"async\" class=\"responsive-img d-lg-none d-block\" loading=\"lazy\" alt=\"atreus_\" src=\"https:\/\/www.atreus.de\/wp-content\/uploads\/2023\/01\/teaser-img-fuer-2-und-3-spalter-08.jpg\" srcset=\"https:\/\/www.atreus.de\/wp-content\/uploads\/2023\/01\/teaser-img-fuer-2-und-3-spalter-08.jpg 823w, https:\/\/www.atreus.de\/wp-content\/uploads\/2023\/01\/teaser-img-fuer-2-und-3-spalter-08-768x578.jpg 768w, https:\/\/www.atreus.de\/wp-content\/uploads\/2023\/01\/teaser-img-fuer-2-und-3-spalter-08-480x361.jpg 480w\" sizes=\"(max-width: 1024px) 100vw, 1024px\" style=\"aspect-ratio:823\/619 !important\" title=\"atreus_\"><\/div><div class=\"preheadline-container\"><div class=\"zw-breadcrumb-container black-color d-md-down-none\"><\/div><p class=\" zw-cgb preheadline zw-prevent-animation\">\u00c9tude de cas<\/p><h1 class=\" zw-cgb headline zw-prevent-animation\">Cr\u00e9ation et mise en place d\u2019un processus de flux physique des marchandises<\/h1><\/div><div class=\"inner-content\"><p class=\" zw-cgb fulltext zw-prevent-animation\"><code><sub>220363<\/sub><\/code><\/p><\/div><\/div><\/div><\/div><\/div><div class=\"zw-breadcrumb-container black-color d-none d-md-down-block\"><nav aria-label=\"breadcrumbs\" class=\"rank-math-breadcrumb\"><p><span class=\"label\">c<\/span> <a href=\"https:\/\/www.atreus.de\/fr\">Home<\/a><span class=\"separator\"> c <\/span><a href=\"https:\/\/www.atreus.de\/fr\/publications-et-evenements\/mediatheque\/\">Publications<\/a><span class=\"separator\"> c <\/span><span class=\"last\"><\/span><\/p><\/nav><\/div>\n\n    <div  class=\"zw-cgb    infoblock default-margin black-color  \">\n      <div class=\" row\">\n        <div class=\"zw-cgb-content has-padding col-12\">\n          <div class=\"inner-content parent-has-padding\"><h2 class=\" zw-cgb headline\">Chez un fournisseur d\u2019\u00e9nergie<\/h2><div class=\"link-container\"><\/div><\/div>        <\/div>\n      <\/div>\n    <\/div>\n\n\n<div  class=\"zw-cgb row  columnmaster020 default-margin \"><div class=\"columnmaster-inner-content g-0\">    <div  class=\"zw-cgb no-image-layout columnblock black-color has-icon   \">\n      <div class=\"zw-cgb zw-cgb-content\">\n\n        <div class=\"column-content\"><div class=\"inner-content\"><div class=\"icon-container\"><span class=\"atr-icon\">q<\/span><h2 class=\" zw-cgb headline h4\">D\u00e9tails de l\u2019entreprise<\/h2><\/div><ul class=\"zw-cgb-ul fulltext \"><li class=\"\">Filiale allemande d\u2019un fournisseur d\u2019\u00e9nergie de premier plan bas\u00e9 aux Pays-Bas et employant plus de 500 personnes en Allemagne<\/li><li class=\"\">Fournisseur d\u2019\u00e9lectricit\u00e9 verte ayant pour objectif de produire lui-m\u00eame une part importante de cette \u00e9lectricit\u00e9<\/li><\/ul><\/div><\/div>      <\/div>\n    <\/div>\n    <div  class=\"zw-cgb no-image-layout columnblock black-color has-icon   \">\n      <div class=\"zw-cgb zw-cgb-content\">\n\n        <div class=\"column-content\"><div class=\"inner-content\"><div class=\"icon-container\"><span class=\"atr-icon\">p<\/span><h2 class=\" zw-cgb headline h4\">Situation et d\u00e9fi<\/h2><\/div><ul class=\"zw-cgb-ul fulltext \"><li class=\"\">D\u00e9veloppement d\u2019un nouveau secteur d\u2019activit\u00e9&nbsp;: vente et installation de syst\u00e8mes photovolta\u00efques afin de transformer les consommateurs d\u2019\u00e9lectricit\u00e9 en prosommateurs<\/li><li class=\"\">Cr\u00e9ation d\u2019un processus logistique pour le stockage et l\u2019exp\u00e9dition en temps voulu des marchandises<\/li><li class=\"\">Solution requise pour un ERP manquant&nbsp;; au moment de l\u2019appel d\u2019offres, ni l\u2019assortiment ni les quantit\u00e9s achet\u00e9es et vendues n\u2019\u00e9taient d\u00e9termin\u00e9s de mani\u00e8re fiable<\/li><\/ul><\/div><\/div>      <\/div>\n    <\/div>\n    <div  class=\"zw-cgb no-image-layout columnblock black-color has-icon   \">\n      <div class=\"zw-cgb zw-cgb-content\">\n\n        <div class=\"column-content\"><div class=\"inner-content\"><div class=\"icon-container\"><span class=\"atr-icon\">m<\/span><h2 class=\" zw-cgb headline h4\">Objectif et mission<\/h2><\/div><ul class=\"zw-cgb-ul fulltext \"><li class=\"\">Objectif&nbsp;: stocker les premi\u00e8res installations et les livrer pour le montage six mois seulement apr\u00e8s le lancement du projet<\/li><li class=\"\">En l\u2019absence de syst\u00e8me ERP et de logistique, il a fallu trouver un prestataire de services logistiques ad\u00e9quat et mettre en place un syst\u00e8me permettant de repr\u00e9senter le flux de marchandises et les stocks<\/li><\/ul><\/div><\/div>      <\/div>\n    <\/div>\n<\/div><\/div>\n\n<div id=\"parent75808\"class=\"zw-cgb halb-halb-headline-text-block-135 default-margin \"><div class=\"row\">    <!--  block -->\n    <div class=\"half-content has-padding col-lg-6 col-12 leftBlock order-1 blue-400 white-color has-icon has-headline \"><div class=\"icon-container\"><span class=\"atr-icon\">n<\/span><h2 class=\" zw-cgb headline\">Mesures et approche<\/h2><\/div><div class=\"content-container\"><div class=\"inner-content parent-has-padding\"><ul class=\"zw-cgb-ul fulltext \"><li class=\"\">Cr\u00e9ation d\u2019un appel d\u2019offres sur la base d\u2019une estimation personnelle de la taille et de la quantit\u00e9 du produit, avec l\u2019exigence d\u2019\u00e9volutivit\u00e9<\/li><li class=\"\">Appel d\u2019offres et qualification d\u2019un prestataire logistique<\/li><li class=\"\">\u00c9tude de march\u00e9 pour un ERP l\u00e9ger qui reproduit les processus n\u00e9cessaires de mani\u00e8re transitoire et qui peut \u00eatre introduit jusqu\u2019au go live pr\u00e9vu<\/li><\/ul><div class=\"link-container\"><\/div><\/div><\/div><\/div>    <!--  block -->\n    <div class=\"half-content has-padding col-lg-6 col-12 rightBlock order-2 blue-600 white-color has-icon has-headline \"><div class=\"icon-container\"><span class=\"atr-icon\">x<\/span><h2 class=\" zw-cgb headline\">R\u00e9sultats et succ\u00e8s<\/h2><\/div><div class=\"content-container\"><div class=\"inner-content parent-has-padding\"><ul class=\"zw-cgb-ul fulltext \"><li class=\"\">Une logistique op\u00e9rationnelle, y compris une solution ERP interm\u00e9diaire, a \u00e9t\u00e9 mise \u00e0 disposition juste \u00e0 temps pour le lancement<\/li><\/ul><div class=\"link-container\"><\/div><\/div><\/div><\/div><\/div><\/div>\n\n\n<div style=\"height:100px\" aria-hidden=\"true\" class=\"wp-block-spacer is-style-zw-default-color-400\"><\/div>\n\n\n    <div  class=\"zw-cgb  change-padding  infoblock default-margin black-color  \">\n      <div class=\" row\">\n        <div class=\"zw-cgb-content has-padding col-12\">\n          <div class=\"preheadline-container parent-has-padding\"><p class=\" zw-cgb preheadline ' .  . '\">Ces articles pourraient vous int\u00e9resser :<\/p><\/div><div class=\"inner-content parent-has-padding\"><div class=\"link-container\"><\/div><\/div>        <\/div>\n      <\/div>\n    <\/div>\n\n\n\n    <div  class=\"zw-cgb  latestPosts default-margin \">\n      <div class=\"row zw-cgb-content\">\n        \n      <div  class=\"zw-cgb latestPostsContent px-0 col-12 col-md-6 col-menu-4 publication   show-featured-image \">\n\n\n        <div class=\"image-container single-featured\"><a href = \"https:\/\/www.atreus.de\/fr\/publication\/etude-de-cas\/directeur-des-operations-chez-un-constructeur-international-de-machines-et-dinstallations\/\"><span class=\"copyright-image\">\u00a9fotolia.com, Photocreo Bednarek<\/span><img decoding=\"async\" loading=\"lazy\" alt=\"atreus_\" src=\"https:\/\/www.atreus.de\/wp-content\/uploads\/2022\/03\/teaser-img-fuer-2-und-3-spalter-04.jpg\" srcset=\"https:\/\/www.atreus.de\/wp-content\/uploads\/2022\/03\/teaser-img-fuer-2-und-3-spalter-04.jpg 823w, https:\/\/www.atreus.de\/wp-content\/uploads\/2022\/03\/teaser-img-fuer-2-und-3-spalter-04-768x578.jpg 768w, https:\/\/www.atreus.de\/wp-content\/uploads\/2022\/03\/teaser-img-fuer-2-und-3-spalter-04-480x361.jpg 480w\" sizes=\"(max-width: 1024px) 100vw, 1024px\" style=\"aspect-ratio:823\/619 !important\" title=\"atreus_\"><\/a><\/div><div class=\"image-container double-featured\"><a href = \"https:\/\/www.atreus.de\/fr\/publication\/etude-de-cas\/directeur-des-operations-chez-un-constructeur-international-de-machines-et-dinstallations\/\"><span class=\"copyright-image\">\u00a9fotolia.com, Photocreo Bednarek<\/span><img decoding=\"async\" loading=\"lazy\" alt=\"atreus_\" src=\"https:\/\/www.atreus.de\/wp-content\/uploads\/2022\/03\/teaser-img-fuer-2-und-3-spalter-04.jpg\" srcset=\"https:\/\/www.atreus.de\/wp-content\/uploads\/2022\/03\/teaser-img-fuer-2-und-3-spalter-04.jpg 823w, https:\/\/www.atreus.de\/wp-content\/uploads\/2022\/03\/teaser-img-fuer-2-und-3-spalter-04-768x578.jpg 768w, https:\/\/www.atreus.de\/wp-content\/uploads\/2022\/03\/teaser-img-fuer-2-und-3-spalter-04-480x361.jpg 480w\" sizes=\"(max-width: 1024px) 100vw, 1024px\" style=\"aspect-ratio:823\/619 !important\" title=\"atreus_\"><\/a><\/div>        <div class=\"content-container has-excerpt posttype-publication blue-400 white-color\">\n          <div class=\"preheadline-container parent-has-padding\"><p class=\"zw-cgb preheadline\">\u00c9tude de cas<\/p><\/div><a href = \"https:\/\/www.atreus.de\/fr\/publication\/etude-de-cas\/directeur-des-operations-chez-un-constructeur-international-de-machines-et-dinstallations\/\"><h2 class=\" zw-cgb headline\">Directeur des op\u00e9rations chez un constructeur international de machines et d\u2019installations<\/h2><\/a><p class=\" zw-cgb fulltext\">Un performeur Atreus prend la responsabilit\u00e9 de directeur des op\u00e9rations, r\u00e9duit les co\u00fbts de fabrication et de qualit\u00e9, am\u00e9liore la fiabilit\u00e9 des livraisons et standardise un portefeuille de produits obsol\u00e8te.<\/p><div class=\"zw-cgb zw-cgb-button-container \"><a href=\"https:\/\/www.atreus.de\/fr\/publication\/etude-de-cas\/directeur-des-operations-chez-un-constructeur-international-de-machines-et-dinstallations\/\" class=\"zw-cgb btn btn-primary \">Lire la suite<\/a><\/div>        <\/div>\n            <\/div>\n      \n  \n      <div  class=\"zw-cgb latestPostsContent px-0 col-12 col-md-6 col-menu-4 publication   show-featured-image \">\n\n\n        <div class=\"image-container single-featured\"><a href = \"https:\/\/www.atreus.de\/fr\/publication\/etude-de-cas\/optimisation-de-la-production-dans-une-entreprise-chimique-de-taille-moyenne-en-allemagne\/\"><span class=\"copyright-image\"><\/span><img decoding=\"async\" loading=\"lazy\" alt=\"atreus_\" src=\"https:\/\/www.atreus.de\/wp-content\/uploads\/2024\/02\/teaser-img-fuer-2-und-3-spalter-5-480x361-1.webp\" style=\"aspect-ratio:480\/361 !important\" title=\"atreus_\"><\/a><\/div><div class=\"image-container double-featured\"><a href = \"https:\/\/www.atreus.de\/fr\/publication\/etude-de-cas\/optimisation-de-la-production-dans-une-entreprise-chimique-de-taille-moyenne-en-allemagne\/\"><span class=\"copyright-image\"><\/span><img decoding=\"async\" loading=\"lazy\" alt=\"atreus_\" src=\"https:\/\/www.atreus.de\/wp-content\/uploads\/2024\/02\/teaser-img-fuer-2-und-3-spalter-5-480x361-1.webp\" style=\"aspect-ratio:480\/361 !important\" title=\"atreus_\"><\/a><\/div>        <div class=\"content-container has-excerpt posttype-publication blue-600 white-color\">\n          <div class=\"preheadline-container parent-has-padding\"><p class=\"zw-cgb preheadline\">\u00c9tude de cas<\/p><\/div><a href = \"https:\/\/www.atreus.de\/fr\/publication\/etude-de-cas\/optimisation-de-la-production-dans-une-entreprise-chimique-de-taille-moyenne-en-allemagne\/\"><h2 class=\" zw-cgb headline\">Optimisation de la production dans une entreprise chimique de taille moyenne en Allemagne<\/h2><\/a><p class=\" zw-cgb fulltext\">Pour optimiser la production, Atreus a mis en place un tableau de planification num\u00e9rique, a cr\u00e9\u00e9 une \u00e9quipe d\u2019excellence op\u00e9rationnelle et a obtenu une am\u00e9lioration de l\u2019EBITDA de plus de 5\u00a0millions d\u2019euros gr\u00e2ce \u00e0 plus de 35\u00a0nouveaux projets.<\/p><div class=\"zw-cgb zw-cgb-button-container \"><a href=\"https:\/\/www.atreus.de\/fr\/publication\/etude-de-cas\/optimisation-de-la-production-dans-une-entreprise-chimique-de-taille-moyenne-en-allemagne\/\" class=\"zw-cgb btn btn-primary \">Lire la suite<\/a><\/div>        <\/div>\n            <\/div>\n      \n  \n      <div  class=\"zw-cgb latestPostsContent px-0 col-12 col-md-12 col-menu-4 publication   show-featured-image \">\n\n\n        <div class=\"image-container single-featured\"><a href = \"https:\/\/www.atreus.de\/fr\/publication\/etude-de-cas\/directeur-des-operations-chez-un-developpeur-de-projets-et-exploitant-dinstallations-h2-vertes\/\"><span class=\"copyright-image\">\u00a9lovelyday12 \u2013 stock.adobe.com<\/span><img decoding=\"async\" loading=\"lazy\" alt=\"atreus_\" src=\"https:\/\/www.atreus.de\/wp-content\/uploads\/2022\/03\/teaser-img-fuer-2-und-3-spalter-03-6.jpg\" srcset=\"https:\/\/www.atreus.de\/wp-content\/uploads\/2022\/03\/teaser-img-fuer-2-und-3-spalter-03-6.jpg 823w, https:\/\/www.atreus.de\/wp-content\/uploads\/2022\/03\/teaser-img-fuer-2-und-3-spalter-03-6-768x578.jpg 768w, https:\/\/www.atreus.de\/wp-content\/uploads\/2022\/03\/teaser-img-fuer-2-und-3-spalter-03-6-480x361.jpg 480w\" sizes=\"(max-width: 1024px) 100vw, 1024px\" style=\"aspect-ratio:823\/619 !important\" title=\"atreus_\"><\/a><\/div><div class=\"image-container double-featured\"><a href = \"https:\/\/www.atreus.de\/fr\/publication\/etude-de-cas\/directeur-des-operations-chez-un-developpeur-de-projets-et-exploitant-dinstallations-h2-vertes\/\"><span class=\"copyright-image\">\u00a9lovelyday12 \u2013 stock.adobe.com<\/span><img decoding=\"async\" loading=\"lazy\" alt=\"atreus_\" src=\"https:\/\/www.atreus.de\/wp-content\/uploads\/2022\/03\/teaser-img-60zu30-03-6.jpg\" srcset=\"https:\/\/www.atreus.de\/wp-content\/uploads\/2022\/03\/teaser-img-60zu30-03-6.jpg 1098w, https:\/\/www.atreus.de\/wp-content\/uploads\/2022\/03\/teaser-img-60zu30-03-6-768x288.jpg 768w, https:\/\/www.atreus.de\/wp-content\/uploads\/2022\/03\/teaser-img-60zu30-03-6-1024x384.jpg 1024w, https:\/\/www.atreus.de\/wp-content\/uploads\/2022\/03\/teaser-img-60zu30-03-6-480x180.jpg 480w\" sizes=\"(max-width: 1024px) 100vw, 1024px\" style=\"aspect-ratio:1098\/412 !important\" title=\"atreus_\"><\/a><\/div>        <div class=\"content-container has-excerpt posttype-publication blue-900 white-color\">\n          <div class=\"preheadline-container parent-has-padding\"><p class=\"zw-cgb preheadline\">\u00c9tude de cas<\/p><\/div><a href = \"https:\/\/www.atreus.de\/fr\/publication\/etude-de-cas\/directeur-des-operations-chez-un-developpeur-de-projets-et-exploitant-dinstallations-h2-vertes\/\"><h2 class=\" zw-cgb headline\">Directeur des op\u00e9rations chez un d\u00e9veloppeur de projets et exploitant d\u2019installations H2 vertes<\/h2><\/a><p class=\" zw-cgb fulltext\">Un manager d\u2019Atreus, dans le r\u00f4le du directeur des op\u00e9rations, est responsable de la garantie du financement pour le projet PID. En outre, il identifie et conclut des partenariats avec les acteurs cl\u00e9s et met en place des structures rudimentaires.<\/p><div class=\"zw-cgb zw-cgb-button-container \"><a href=\"https:\/\/www.atreus.de\/fr\/publication\/etude-de-cas\/directeur-des-operations-chez-un-developpeur-de-projets-et-exploitant-dinstallations-h2-vertes\/\" class=\"zw-cgb btn btn-primary \">Lire la suite<\/a><\/div>        <\/div>\n            <\/div>\n      <div class=\"zw-spacer px-0\"><\/div>\n        <\/div>\n    <\/div>\n\n","protected":false},"author":3,"featured_media":282182,"menu_order":0,"template":"","newsticker-publication":[573,574],"competences":[633],"industry-sectors":[700],"region-publication":[],"typ-publication":[635],"category-publication":[],"class_list":["post-515786","publication","type-publication","status-publish","has-post-thumbnail","hentry","competences-operations-fr","industry-sectors-energie-et-environnement","typ-publication-etude-de-cas"],"_links":{"self":[{"href":"https:\/\/www.atreus.de\/fr\/wp-json\/wp\/v2\/publication\/515786","targetHints":{"allow":["GET"]}}],"collection":[{"href":"https:\/\/www.atreus.de\/fr\/wp-json\/wp\/v2\/publication"}],"about":[{"href":"https:\/\/www.atreus.de\/fr\/wp-json\/wp\/v2\/types\/publication"}],"author":[{"embeddable":true,"href":"https:\/\/www.atreus.de\/fr\/wp-json\/wp\/v2\/users\/3"}],"version-history":[{"count":0,"href":"https:\/\/www.atreus.de\/fr\/wp-json\/wp\/v2\/publication\/515786\/revisions"}],"wp:featuredmedia":[{"embeddable":true,"href":"https:\/\/www.atreus.de\/fr\/wp-json\/wp\/v2\/media\/282182"}],"wp:attachment":[{"href":"https:\/\/www.atreus.de\/fr\/wp-json\/wp\/v2\/media?parent=515786"}],"wp:term":[{"taxonomy":"newsticker-publication","embeddable":true,"href":"https:\/\/www.atreus.de\/fr\/wp-json\/wp\/v2\/newsticker-publication?post=515786"},{"taxonomy":"competences","embeddable":true,"href":"https:\/\/www.atreus.de\/fr\/wp-json\/wp\/v2\/competences?post=515786"},{"taxonomy":"industry-sectors","embeddable":true,"href":"https:\/\/www.atreus.de\/fr\/wp-json\/wp\/v2\/industry-sectors?post=515786"},{"taxonomy":"region-publication","embeddable":true,"href":"https:\/\/www.atreus.de\/fr\/wp-json\/wp\/v2\/region-publication?post=515786"},{"taxonomy":"typ-publication","embeddable":true,"href":"https:\/\/www.atreus.de\/fr\/wp-json\/wp\/v2\/typ-publication?post=515786"},{"taxonomy":"category-publication","embeddable":true,"href":"https:\/\/www.atreus.de\/fr\/wp-json\/wp\/v2\/category-publication?post=515786"}],"curies":[{"name":"wp","href":"https:\/\/api.w.org\/{rel}","templated":true}]}}