{"id":524346,"date":"2023-08-30T12:14:09","date_gmt":"2023-08-30T10:14:09","guid":{"rendered":"https:\/\/www.atreus.de\/?post_type=publication&#038;p=524346"},"modified":"2024-08-20T15:16:35","modified_gmt":"2024-08-20T13:16:35","slug":"tournant-energetique-et-ses-consequences","status":"publish","type":"publication","link":"https:\/\/www.atreus.de\/fr\/publication\/etude\/tournant-energetique-et-ses-consequences\/","title":{"rendered":"Tournant \u00e9nerg\u00e9tique et ses cons\u00e9quences"},"content":{"rendered":"<div  class=\"zw-cgb header-standard-block is-first-block desktop-has-image mobile-has-image default-margin white-color content-right content-down zw-atr-portrait-pos-default zw-atr-landscape-pos-left-bottom height-default \"><div class=\"row\"><div class=\"zw-cgb-content col-12 mx-auto\"><div  class=\"header-standard-inner-container\"><div class=\"bg-image\"><span class=\"copyright-image d-none d-lg-block\">\u00a9 Real Fantasy Art &#8211; stock.adobe.com<\/span><img decoding=\"async\" class=\"respnsive-img d-none d-lg-block\" loading=\"lazy\" alt=\"atreus_\" src=\"https:\/\/www.atreus.de\/wp-content\/uploads\/2023\/08\/header-20230802-RT-Enrergie-Infr-Grosspr.jpg\" srcset=\"https:\/\/www.atreus.de\/wp-content\/uploads\/2023\/08\/header-20230802-RT-Enrergie-Infr-Grosspr.jpg 1920w, https:\/\/www.atreus.de\/wp-content\/uploads\/2023\/08\/header-20230802-RT-Enrergie-Infr-Grosspr-768x432.jpg 768w, https:\/\/www.atreus.de\/wp-content\/uploads\/2023\/08\/header-20230802-RT-Enrergie-Infr-Grosspr-1024x576.jpg 1024w, https:\/\/www.atreus.de\/wp-content\/uploads\/2023\/08\/header-20230802-RT-Enrergie-Infr-Grosspr-480x270.jpg 480w, https:\/\/www.atreus.de\/wp-content\/uploads\/2023\/08\/header-20230802-RT-Enrergie-Infr-Grosspr-1440x810.jpg 1440w\" sizes=\"(max-width: 1920px) 100vw, 1920px\" style=\"aspect-ratio:1920\/1080 !important\" title=\"atreus_\"><span class=\"copyright-image d-lg-none d-block\"><\/span><img decoding=\"async\" class=\"responsive-img d-lg-none d-block\" loading=\"lazy\" alt=\"atreus_\" src=\"https:\/\/www.atreus.de\/wp-content\/uploads\/2023\/08\/teaser-4zu3-20230802-RT-Enrergie-Infr-Grosspr.jpg\" srcset=\"https:\/\/www.atreus.de\/wp-content\/uploads\/2023\/08\/teaser-4zu3-20230802-RT-Enrergie-Infr-Grosspr.jpg 823w, https:\/\/www.atreus.de\/wp-content\/uploads\/2023\/08\/teaser-4zu3-20230802-RT-Enrergie-Infr-Grosspr-768x578.jpg 768w, https:\/\/www.atreus.de\/wp-content\/uploads\/2023\/08\/teaser-4zu3-20230802-RT-Enrergie-Infr-Grosspr-480x361.jpg 480w\" sizes=\"(max-width: 1024px) 100vw, 1024px\" style=\"aspect-ratio:823\/619 !important\" title=\"atreus_\"><\/div><div class=\"preheadline-container\"><div class=\"zw-breadcrumb-container black-color d-md-down-none\"><\/div><h1 class=\" zw-cgb headline zw-prevent-animation\">\u00c9tude Atreus 2023 \u00ab&nbsp;Tournant \u00e9nerg\u00e9tique et ses cons\u00e9quences&nbsp;\u00bb<\/h1><\/div><div class=\"inner-content\"><p class=\" zw-cgb fulltext zw-prevent-animation\"><\/p><\/div><\/div><\/div><\/div><\/div><div class=\"zw-breadcrumb-container black-color d-none d-md-down-block\"><nav aria-label=\"breadcrumbs\" class=\"rank-math-breadcrumb\"><p><span class=\"label\">c<\/span> <a href=\"https:\/\/www.atreus.de\/fr\">Home<\/a><span class=\"separator\"> c <\/span><a href=\"https:\/\/www.atreus.de\/fr\/publications-et-evenements\/mediatheque\/\">Publications<\/a><span class=\"separator\"> c <\/span><span class=\"last\"><\/span><\/p><\/nav><\/div>\n\n\n    <div  class=\"zw-cgb  textblock black-color zw-content-pos-center  default-margin \">\n      <div class=\"row\">\n        <div class=\"zw-cgb-content col-12 g-0\">\n          <h2 class=\"zw-cgb headline \">\u00c9tude Atreus 2023 des groupes de solutions \u00ab&nbsp;\u00c9nergie et environnement&nbsp;\u00bb et \u00ab&nbsp;Grands projets d\u2019infrastructure&nbsp;\u00bb<\/h2><p class=\" zw-cgb fulltext \">Le tournant \u00e9nerg\u00e9tique a des r\u00e9percussions importantes sur notre \u00e9conomie et nous pose la question de savoir si la comp\u00e9titivit\u00e9 en Allemagne est menac\u00e9e en comparaison internationale. En tant que facteur central de localisation, l\u2019\u00e9nergie prend de plus en plus d\u2019importance. Si la transition \u00e9nerg\u00e9tique n\u2019est pas mise en \u0153uvre de mani\u00e8re r\u00e9fl\u00e9chie et en tenant compte des aspects \u00e9conomiquement compatibles pour les acteurs du march\u00e9, le risque de d\u00e9sindustrialisation de notre pays est r\u00e9el.<\/p>        <\/div>\n      <\/div>\n    <\/div>\n\n\n\n\n    <div  class=\"zw-cgb  buttonBlock black-color default-margin \">\n      <div class=\"row\">\n        <div class=\"col-12 g-0\">\n          <div class=\"zw-button-container \"><div class=\"zw-cgb zw-cgb-button-container \"><a class=\"zw-cgb btn btn-primary \" href=\"https:\/\/www.atreus.de\/wp-content\/uploads\/2024\/08\/Atreus_Studie_Energie_Infrastruktur_Grossprojekte_2023_FR_final.pdf\" target=\"_blank\" rel=\"noreferrer noopener\">T\u00e9l\u00e9charger l\u2019\u00e9tude compl\u00e8te<\/a><\/div><\/div>        <\/div>\n      <\/div>\n    <\/div>\n\n\n\n\n<div style=\"height:100px\" aria-hidden=\"true\" class=\"wp-block-spacer is-style-zw-default-color\"><\/div>\n\n\n    <div  class=\"  zw-cgb  halb-halb-block boxed default-margin \">\n      <div class=\"row\">\n\n                  <div class=\"col-lg-6 col-12 image order-1  px-0\">\n            <span class=\"copyright-image\">\u00a9 Alex \u2013 stock.adobe.com<\/span><img decoding=\"async\" loading=\"lazy\" alt=\"atreus_\" src=\"https:\/\/www.atreus.de\/wp-content\/uploads\/2022\/03\/content-2u3-sp-1-studie-restrukturierung-und-transformation-2021.jpg\" srcset=\"https:\/\/www.atreus.de\/wp-content\/uploads\/2022\/03\/content-2u3-sp-1-studie-restrukturierung-und-transformation-2021.jpg 823w, https:\/\/www.atreus.de\/wp-content\/uploads\/2022\/03\/content-2u3-sp-1-studie-restrukturierung-und-transformation-2021-768x578.jpg 768w, https:\/\/www.atreus.de\/wp-content\/uploads\/2022\/03\/content-2u3-sp-1-studie-restrukturierung-und-transformation-2021-480x361.jpg 480w\" sizes=\"(max-width: 1024px) 100vw, 1024px\" style=\"aspect-ratio:823\/619 !important\" title=\"atreus_\">          <\/div>\n          <div class=\"half-content has-padding col-lg-6 col-12 order-2 primary white-color small-headline\"><div class=\"inner-content parent-has-padding\"><h2 class=\" zw-cgb headline\">La comp\u00e9titivit\u00e9 de l\u2019Allemagne de plus en plus menac\u00e9e en comparaison internationale<\/h2><p class=\" zw-cgb fulltext \">Notre \u00e9tude actuelle \u00ab&nbsp;Tournant \u00e9nerg\u00e9tique et ses cons\u00e9quences&nbsp;\u00bb, r\u00e9alis\u00e9e en juillet 2023 aupr\u00e8s de 440 cadres sup\u00e9rieurs de haut niveau \u2014 dont des directeurs g\u00e9n\u00e9raux, des conseils d\u2019administration, des conseils de surveillance et des managers int\u00e9rimaires issus de diff\u00e9rents secteurs \u2014 donne un aper\u00e7u important des d\u00e9fis majeurs anticip\u00e9s et r\u00e9fl\u00e9chis dans l\u2019\u00e9conomie allemande afin de pouvoir continuer \u00e0 g\u00e9rer avec succ\u00e8s et de mani\u00e8re durable dans les ann\u00e9es \u00e0 venir. Les aspects <strong>de la s\u00e9curit\u00e9 d\u2019approvisionnement<\/strong> et <strong>des co\u00fbts de l\u2019\u00e9nergie<\/strong>, en particulier, ont nettement gagn\u00e9 en importance pour les entreprises allemandes au cours des 12 \u00e0 18 derniers mois. La protection du climat et la durabilit\u00e9 restent \u00e9galement des th\u00e8mes cl\u00e9s. Pour rester durablement comp\u00e9titif et mieux ma\u00eetriser les probl\u00e8mes, il ne faut pas seulement des impulsions de la politique et un soutien de l\u2019\u00c9tat \u2014 il faut aussi surmonter plus rapidement les obstacles bureaucratiques.<\/p><div class=\"link-container\"><\/div><\/div><\/div>              <\/div>\n\n    <\/div>\n\n\n\r\n    <div  class=\"zw-cgb  intern-zitat-style  zitat-block black-color default-margin default-padding \">\r\n      <div class=\"row zitat-row\">\r\n        <div class=\" image-container g-0 order-1  col-menu-5 col-12 \">\r\n          <a href=\"https:\/\/www.atreus.de\/fr\/equipe\/martin-schulz\/\">          <div class=\"img-with-gradient\">\r\n\r\n            <span class=\"copyright-image\"><\/span><img decoding=\"async\" loading=\"lazy\" alt=\"atreus_\" src=\"https:\/\/www.atreus.de\/wp-content\/uploads\/2023\/07\/sch-ma-v6.png\" srcset=\"https:\/\/www.atreus.de\/wp-content\/uploads\/2023\/07\/sch-ma-v6.png 555w, https:\/\/www.atreus.de\/wp-content\/uploads\/2023\/07\/sch-ma-v6-480x600.png 480w\" sizes=\"(max-width: 1024px) 100vw, 1024px\" style=\"aspect-ratio:555\/694 !important\" title=\"atreus_\">            <div class=\"linear-gradient-container\"><\/div>\r\n          <\/div>\r\n\r\n\r\n\r\n          <div class=\"zitat-img-text-container\"><div class=\"zitat-name-container fulltext\"><span>Martin  Schulz<\/span><\/div><div class=\"zitat-discription-container fulltext\"><span>Partenaire et responsable du Solution Group \u00e9nergie et environnement\r\n<\/span><\/div><\/div>          <\/a>        <\/div>\r\n        <div class=\"g-0 zitat-text-container order-2 col-menu-7 col-12 \">\r\n          <div class=\"zitat-text\"><span class=\"zitat-start-icon atreus-font\">D<\/span><p class=\"zw-cgb fulltext\">\u201ePr\u00e8s de neuf entreprises sur dix abordent d\u00e9sormais la question de l\u2019approvisionnement en \u00e9nergie au plus haut niveau de la direction. Notre \u00e9tude montre que la s\u00e9curit\u00e9 d\u2019approvisionnement et les co\u00fbts \u00e9nerg\u00e9tiques sont devenus encore plus pertinents pour les d\u00e9cideurs des entreprises au cours des derniers mois. Pr\u00e8s des trois quarts consid\u00e8rent que ces domaines sont importants ou tr\u00e8s importants par rapport \u00e0 d\u2019autres crit\u00e8res, ce qui repr\u00e9sente une nette augmentation par rapport \u00e0 l\u2019ann\u00e9e pr\u00e9c\u00e9dente.\u201c<\/p><\/div>                  <\/div>\r\n\r\n      <\/div>\r\n    <\/div>\r\n\n\n    <div  class=\"  zw-cgb  halb-halb-block boxed default-margin \">\n      <div class=\"row\">\n\n                  <div class=\"col-lg-6 col-12 image order-1 order-lg-2  px-0\">\n            <span class=\"copyright-image\">\u00a9 Alex \u2013 stock.adobe.com<\/span><img decoding=\"async\" loading=\"lazy\" alt=\"atreus_\" src=\"https:\/\/www.atreus.de\/wp-content\/uploads\/2022\/03\/content-2u3-sp-2-studie-restrukturierung-und-transformation-2021.png\" srcset=\"https:\/\/www.atreus.de\/wp-content\/uploads\/2022\/03\/content-2u3-sp-2-studie-restrukturierung-und-transformation-2021.png 823w, https:\/\/www.atreus.de\/wp-content\/uploads\/2022\/03\/content-2u3-sp-2-studie-restrukturierung-und-transformation-2021-768x578.png 768w, https:\/\/www.atreus.de\/wp-content\/uploads\/2022\/03\/content-2u3-sp-2-studie-restrukturierung-und-transformation-2021-480x361.png 480w\" sizes=\"(max-width: 1024px) 100vw, 1024px\" style=\"aspect-ratio:823\/619 !important\" title=\"atreus_\">          <\/div>\n          <div class=\"half-content has-padding col-lg-6 col-12 order-2 order-lg-1 blue-900 white-color small-headline\"><div class=\"inner-content parent-has-padding\"><h2 class=\" zw-cgb headline\">Les conditions sont \u00e9valu\u00e9es avec un scepticisme croissant<\/h2><p class=\" zw-cgb fulltext \">Les conditions des march\u00e9s de l\u2019\u00e9nergie sur la voie de la neutralit\u00e9 climatique sont consid\u00e9r\u00e9es de mani\u00e8re critique. Ainsi, le nombre de participants \u00e0 l\u2019\u00e9tude qui consid\u00e8rent les conditions-cadres actuelles comme un obstacle en raison de la priorit\u00e9 accord\u00e9e \u00e0 la s\u00e9curit\u00e9 de l\u2019approvisionnement, \u00e0 la minimisation des risques et \u00e0 la comp\u00e9titivit\u00e9 a augment\u00e9 de 12 points de pourcentage par rapport \u00e0 l\u2019ann\u00e9e pr\u00e9c\u00e9dente, pour atteindre 32. Pour la plupart des entrepreneurs, la s\u00e9curit\u00e9 de l\u2019approvisionnement, mais aussi l\u2019am\u00e9lioration des conditions-cadres politiques, rev\u00eatent une importance particuli\u00e8rement \u00e9lev\u00e9e en ce qui concerne leur comp\u00e9titivit\u00e9 en comparaison internationale. Il s\u2019agit notamment de r\u00e9duire la bureaucratie, d\u2019acc\u00e9l\u00e9rer les proc\u00e9dures d\u2019autorisation et d\u2019encourager les investissements.<\/p><div class=\"link-container\"><\/div><\/div><\/div>              <\/div>\n\n    <\/div>\n\n\n\r\n    <div  class=\"zw-cgb  intern-zitat-style  zitat-block black-color default-margin default-padding \">\r\n      <div class=\"row zitat-row\">\r\n        <div class=\" image-container g-0 order-1 order-lg-2  col-menu-5 col-12 \">\r\n          <a href=\"https:\/\/www.atreus.de\/fr\/equipe\/thomas-glaser\/\">          <div class=\"img-with-gradient\">\r\n\r\n            <span class=\"copyright-image\"><\/span><img decoding=\"async\" loading=\"lazy\" alt=\"atreus_\" src=\"https:\/\/www.atreus.de\/wp-content\/uploads\/2023\/07\/gla-th-v3.png\" srcset=\"https:\/\/www.atreus.de\/wp-content\/uploads\/2023\/07\/gla-th-v3.png 555w, https:\/\/www.atreus.de\/wp-content\/uploads\/2023\/07\/gla-th-v3-480x600.png 480w\" sizes=\"(max-width: 1024px) 100vw, 1024px\" style=\"aspect-ratio:555\/694 !important\" title=\"atreus_\">            <div class=\"linear-gradient-container\"><\/div>\r\n          <\/div>\r\n\r\n\r\n\r\n          <div class=\"zitat-img-text-container\"><div class=\"zitat-name-container fulltext\"><span>Thomas  Gl\u00e4\u1e9eer<\/span><\/div><div class=\"zitat-discription-container fulltext\"><span>Partenaire et responsable du Solution Group Infrastructure et grands projets<\/span><\/div><\/div>          <\/a>        <\/div>\r\n        <div class=\"g-0 zitat-text-container order-2 order-lg-1 col-menu-7 col-12 \">\r\n          <div class=\"zitat-text\"><span class=\"zitat-start-icon atreus-font\">D<\/span><p class=\"zw-cgb fulltext\">\u201eLa politique s\u2019efforce \u00e0 grands pas de r\u00e9duire les obstacles li\u00e9s aux processus d\u2019autorisation. Mais les initiatives actuelles ne suffisent pas \u2014 nous devons agir plus vite et prendre des d\u00e9cisions plus ambitieuses, sans quoi les objectifs climatiques, d\u2019une part, et la comp\u00e9titivit\u00e9 de notre \u00e9conomie en tant que participant au march\u00e9 de l\u2019\u00e9nergie, d\u2019autre part, seront en grand danger. A cela s\u2019ajoute la rar\u00e9faction des ressources en mat\u00e9riel et en personnel, par exemple les entreprises de construction qui sont \u00e9galement tr\u00e8s sollicit\u00e9es dans le cadre de la construction de routes et de voies ferr\u00e9es. Pour toutes les mesures, les capacit\u00e9s ne sont pas suffisantes \u00e0 l\u2019heure actuelle.\u201c<\/p><\/div>                  <\/div>\r\n\r\n      <\/div>\r\n    <\/div>\r\n\n\n\n<div style=\"height:100px\" aria-hidden=\"true\" class=\"wp-block-spacer\"><\/div>\n\n\n    <div  class=\"zw-cgb  change-padding  infoblock default-margin black-color  \">\n      <div class=\" row\">\n        <div class=\"zw-cgb-content has-padding col-12\">\n          <div class=\"preheadline-container parent-has-padding\"><p class=\" zw-cgb preheadline ' .  . '\">Informations compl\u00e9mentaires<\/p><\/div><div class=\"inner-content parent-has-padding\"><div class=\"link-container\"><div class=\"zw-cgb zw-cgb-button-container \">u003ca href=u0022https:\/\/www.atreus.de\/pressemitteilungen\/atreus-restrukturierungs-studie-2023\/u0022u003eZUR COMMUNIQU\u00c9 DE PRESSEu003c\/au003e<\/div><\/div><\/div>        <\/div>\n      <\/div>\n    <\/div>\n","protected":false},"author":12,"featured_media":404679,"menu_order":300,"template":"","newsticker-publication":[],"competences":[686],"industry-sectors":[700],"region-publication":[],"typ-publication":[709],"category-publication":[],"class_list":["post-524346","publication","type-publication","status-publish","has-post-thumbnail","hentry","competences-grands-projets-dinfrastructure","industry-sectors-energie-et-environnement","typ-publication-etude"],"_links":{"self":[{"href":"https:\/\/www.atreus.de\/fr\/wp-json\/wp\/v2\/publication\/524346","targetHints":{"allow":["GET"]}}],"collection":[{"href":"https:\/\/www.atreus.de\/fr\/wp-json\/wp\/v2\/publication"}],"about":[{"href":"https:\/\/www.atreus.de\/fr\/wp-json\/wp\/v2\/types\/publication"}],"author":[{"embeddable":true,"href":"https:\/\/www.atreus.de\/fr\/wp-json\/wp\/v2\/users\/12"}],"version-history":[{"count":0,"href":"https:\/\/www.atreus.de\/fr\/wp-json\/wp\/v2\/publication\/524346\/revisions"}],"wp:featuredmedia":[{"embeddable":true,"href":"https:\/\/www.atreus.de\/fr\/wp-json\/wp\/v2\/media\/404679"}],"wp:attachment":[{"href":"https:\/\/www.atreus.de\/fr\/wp-json\/wp\/v2\/media?parent=524346"}],"wp:term":[{"taxonomy":"newsticker-publication","embeddable":true,"href":"https:\/\/www.atreus.de\/fr\/wp-json\/wp\/v2\/newsticker-publication?post=524346"},{"taxonomy":"competences","embeddable":true,"href":"https:\/\/www.atreus.de\/fr\/wp-json\/wp\/v2\/competences?post=524346"},{"taxonomy":"industry-sectors","embeddable":true,"href":"https:\/\/www.atreus.de\/fr\/wp-json\/wp\/v2\/industry-sectors?post=524346"},{"taxonomy":"region-publication","embeddable":true,"href":"https:\/\/www.atreus.de\/fr\/wp-json\/wp\/v2\/region-publication?post=524346"},{"taxonomy":"typ-publication","embeddable":true,"href":"https:\/\/www.atreus.de\/fr\/wp-json\/wp\/v2\/typ-publication?post=524346"},{"taxonomy":"category-publication","embeddable":true,"href":"https:\/\/www.atreus.de\/fr\/wp-json\/wp\/v2\/category-publication?post=524346"}],"curies":[{"name":"wp","href":"https:\/\/api.w.org\/{rel}","templated":true}]}}