{"id":524355,"date":"2023-08-28T11:37:49","date_gmt":"2023-08-28T09:37:49","guid":{"rendered":"https:\/\/www.atreus.de\/?post_type=publication&#038;p=524355"},"modified":"2024-08-20T15:21:00","modified_gmt":"2024-08-20T13:21:00","slug":"lallemagne-en-tant-que-site-economique-en-2023","status":"publish","type":"publication","link":"https:\/\/www.atreus.de\/fr\/publication\/etude\/lallemagne-en-tant-que-site-economique-en-2023\/","title":{"rendered":"L\u2019Allemagne en tant que site \u00e9conomique en 2023"},"content":{"rendered":"<div  class=\"zw-cgb header-standard-block is-first-block desktop-has-image mobile-has-image default-margin white-color content-right content-down zw-atr-portrait-pos-default zw-atr-landscape-pos-left-bottom height-default \"><div class=\"row\"><div class=\"zw-cgb-content col-12 mx-auto\"><div  class=\"header-standard-inner-container\"><div class=\"bg-image\"><span class=\"copyright-image d-none d-lg-block\">\u00a9sizsus, \u00a9KanawatTH \u2013 stock.adobe.com<\/span><img decoding=\"async\" class=\"respnsive-img d-none d-lg-block\" loading=\"lazy\" alt=\"atreus_\" src=\"https:\/\/www.atreus.de\/wp-content\/uploads\/2023\/08\/header-20230828-studie-SGA.jpg\" srcset=\"https:\/\/www.atreus.de\/wp-content\/uploads\/2023\/08\/header-20230828-studie-SGA.jpg 1920w, https:\/\/www.atreus.de\/wp-content\/uploads\/2023\/08\/header-20230828-studie-SGA-768x432.jpg 768w, https:\/\/www.atreus.de\/wp-content\/uploads\/2023\/08\/header-20230828-studie-SGA-1024x576.jpg 1024w, https:\/\/www.atreus.de\/wp-content\/uploads\/2023\/08\/header-20230828-studie-SGA-480x270.jpg 480w, https:\/\/www.atreus.de\/wp-content\/uploads\/2023\/08\/header-20230828-studie-SGA-1440x810.jpg 1440w\" sizes=\"(max-width: 1920px) 100vw, 1920px\" style=\"aspect-ratio:1920\/1080 !important\" title=\"atreus_\"><span class=\"copyright-image d-lg-none d-block\">\u00a9sizsus, \u00a9KanawatTH \u2013 stock.adobe.com<\/span><img decoding=\"async\" class=\"responsive-img d-lg-none d-block\" loading=\"lazy\" alt=\"atreus_\" src=\"https:\/\/www.atreus.de\/wp-content\/uploads\/2023\/08\/teaser-4zu3-20230828-studie-SGA.jpg\" srcset=\"https:\/\/www.atreus.de\/wp-content\/uploads\/2023\/08\/teaser-4zu3-20230828-studie-SGA.jpg 823w, https:\/\/www.atreus.de\/wp-content\/uploads\/2023\/08\/teaser-4zu3-20230828-studie-SGA-768x578.jpg 768w, https:\/\/www.atreus.de\/wp-content\/uploads\/2023\/08\/teaser-4zu3-20230828-studie-SGA-480x361.jpg 480w\" sizes=\"(max-width: 1024px) 100vw, 1024px\" style=\"aspect-ratio:823\/619 !important\" title=\"atreus_\"><\/div><div class=\"preheadline-container\"><div class=\"zw-breadcrumb-container black-color d-md-down-none\"><\/div><h1 class=\" zw-cgb headline zw-prevent-animation\">L\u2019Allemagne en tant que site \u00e9conomique en 2023<\/h1><\/div><div class=\"inner-content\"><p class=\" zw-cgb fulltext zw-prevent-animation\"><\/p><\/div><\/div><\/div><\/div><\/div><div class=\"zw-breadcrumb-container black-color d-none d-md-down-block\"><nav aria-label=\"breadcrumbs\" class=\"rank-math-breadcrumb\"><p><span class=\"label\">c<\/span> <a href=\"https:\/\/www.atreus.de\/fr\">Home<\/a><span class=\"separator\"> c <\/span><a href=\"https:\/\/www.atreus.de\/fr\/publications-et-evenements\/mediatheque\/\">Publications<\/a><span class=\"separator\"> c <\/span><span class=\"last\"><\/span><\/p><\/nav><\/div>\n\n\n    <div  class=\"zw-cgb  textblock black-color zw-content-pos-center  default-margin \">\n      <div class=\"row\">\n        <div class=\"zw-cgb-content col-12 g-0\">\n          <h2 class=\"zw-cgb headline \">\u00c9tude Atreus \u00ab\u00a0Site \u00e9conomique Allemagne 2023\u00a0\u00bb<\/h2><p class=\" zw-cgb fulltext \">L\u2019\u00e9tude donne un aper\u00e7u de la mani\u00e8re dont les dirigeants de l\u2019\u00e9conomie allemande \u00e9valuent actuellement le site allemand et comment ils entendent g\u00e9rer les incertitudes qui r\u00e8gnent.<\/p>        <\/div>\n      <\/div>\n    <\/div>\n\n\n\n\n    <div  class=\"zw-cgb  buttonBlock black-color default-margin \">\n      <div class=\"row\">\n        <div class=\"col-12 g-0\">\n          <div class=\"zw-button-container \"><div class=\"zw-cgb zw-cgb-button-container \"><a class=\"zw-cgb btn btn-primary \" href=\"https:\/\/www.atreus.de\/wp-content\/uploads\/2024\/08\/Atreus_Studie_SGA_2023_FR_16zu9_final.pdf\" target=\"_blank\" rel=\"noreferrer noopener\">T\u00e9l\u00e9charger l\u2019\u00e9tude compl\u00e8te au format PDF<\/a><\/div><\/div>        <\/div>\n      <\/div>\n    <\/div>\n\n\n\n\n<div style=\"height:100px\" aria-hidden=\"true\" class=\"wp-block-spacer is-style-zw-default-color\"><\/div>\n\n\n    <div  class=\"  zw-cgb  halb-halb-block boxed default-margin \">\n      <div class=\"row\">\n\n                  <div class=\"col-lg-6 col-12 image order-1  px-0\">\n            <span class=\"copyright-image\">\u00a9 Alex \u2013 stock.adobe.com<\/span><img decoding=\"async\" loading=\"lazy\" alt=\"atreus_\" src=\"https:\/\/www.atreus.de\/wp-content\/uploads\/2022\/03\/content-2u3-sp-1-studie-restrukturierung-und-transformation-2021.jpg\" srcset=\"https:\/\/www.atreus.de\/wp-content\/uploads\/2022\/03\/content-2u3-sp-1-studie-restrukturierung-und-transformation-2021.jpg 823w, https:\/\/www.atreus.de\/wp-content\/uploads\/2022\/03\/content-2u3-sp-1-studie-restrukturierung-und-transformation-2021-768x578.jpg 768w, https:\/\/www.atreus.de\/wp-content\/uploads\/2022\/03\/content-2u3-sp-1-studie-restrukturierung-und-transformation-2021-480x361.jpg 480w\" sizes=\"(max-width: 1024px) 100vw, 1024px\" style=\"aspect-ratio:823\/619 !important\" title=\"atreus_\">          <\/div>\n          <div class=\"half-content has-padding col-lg-6 col-12 order-2 primary white-color small-headline\"><div class=\"inner-content parent-has-padding\"><h2 class=\" zw-cgb headline\">Doutes sur les choix politiques et inqui\u00e9tudes sur les co\u00fbts d\u2019implantation<\/h2><p class=\" zw-cgb fulltext \">L\u2019\u00e9tude actuelle du Solution Group Automotive d\u2019Atreus, avec 1 086 participants de niveau C, dont 143 du secteur automobile, illustre les \u00e9valuations de la situation actuelle ainsi que les strat\u00e9gies des branches pour rester comp\u00e9titives dans un environnement global de plus en plus exigeant. Elle montre qu\u2019une grande majorit\u00e9 des participants \u00e0 l\u2019\u00e9tude issus du secteur automobile doutent que la politique pose les bons jalons pour le secteur. Les personnes interrog\u00e9es estiment qu\u2019il est urgent d\u2019agir, notamment pour garantir des co\u00fbts d\u2019implantation acceptables.<\/p><div class=\"link-container\"><\/div><\/div><\/div>              <\/div>\n\n    <\/div>\n\n\n\r\n    <div  class=\"zw-cgb  intern-zitat-style  zitat-block black-color default-margin default-padding \">\r\n      <div class=\"row zitat-row\">\r\n        <div class=\" image-container g-0 order-1  col-menu-5 col-12 \">\r\n          <a href=\"https:\/\/www.atreus.de\/fr\/equipe\/stefan-randak\/\">          <div class=\"img-with-gradient\">\r\n\r\n            <span class=\"copyright-image\"><\/span><img decoding=\"async\" loading=\"lazy\" alt=\"atreus_\" src=\"https:\/\/www.atreus.de\/wp-content\/uploads\/2023\/07\/ran-st-v1.png\" srcset=\"https:\/\/www.atreus.de\/wp-content\/uploads\/2023\/07\/ran-st-v1.png 555w, https:\/\/www.atreus.de\/wp-content\/uploads\/2023\/07\/ran-st-v1-480x600.png 480w\" sizes=\"(max-width: 1024px) 100vw, 1024px\" style=\"aspect-ratio:555\/694 !important\" title=\"atreus_\">            <div class=\"linear-gradient-container\"><\/div>\r\n          <\/div>\r\n\r\n\r\n\r\n          <div class=\"zitat-img-text-container\"><div class=\"zitat-name-container fulltext\"><span>Stefan  Randak<\/span><\/div><div class=\"zitat-discription-container fulltext\"><span>Partenaire et responsable du Solution Group Automotive et Mobility\r\n<\/span><\/div><\/div>          <\/a>        <\/div>\r\n        <div class=\"g-0 zitat-text-container order-2 col-menu-7 col-12 \">\r\n          <div class=\"zitat-text\"><span class=\"zitat-start-icon atreus-font\">D<\/span><p class=\"zw-cgb fulltext\">\u201eNotre \u00e9tude souligne les pr\u00e9occupations significatives, en particulier des d\u00e9cideurs de haut niveau, concernant les probl\u00e8mes actuels du site \u00e9conomique allemand. Les dirigeants d\u2019entreprises du secteur automobile, en particulier, nourrissent des doutes quant \u00e0 l\u2019orientation politique actuelle et sont anim\u00e9s par le souci de maintenir des co\u00fbts d\u2019implantation acceptables. Le fait qu\u2019un quart des personnes interrog\u00e9es, tous secteurs confondus, pr\u00e9voient de r\u00e9duire leurs investissements et leurs capacit\u00e9s en Allemagne au cours des deux prochaines ann\u00e9es et que, dans le m\u00eame temps, 65&nbsp;% d\u00e9plorent les charges administratives comme un obstacle aux d\u00e9cisions d\u2019investissement en Allemagne, en dit long sur l\u2019existence de la vague de d\u00e9sindustrialisation souvent ni\u00e9e par les politiques.\u201c<\/p><\/div>                  <\/div>\r\n\r\n      <\/div>\r\n    <\/div>\r\n\n\n    <div  class=\"  zw-cgb  halb-halb-block boxed default-margin \">\n      <div class=\"row\">\n\n                  <div class=\"col-lg-6 col-12 image order-1 order-lg-2  px-0\">\n            <span class=\"copyright-image\">\u00a9 Alex \u2013 stock.adobe.com<\/span><img decoding=\"async\" loading=\"lazy\" alt=\"atreus_\" src=\"https:\/\/www.atreus.de\/wp-content\/uploads\/2022\/03\/content-2u3-sp-2-studie-restrukturierung-und-transformation-2021.png\" srcset=\"https:\/\/www.atreus.de\/wp-content\/uploads\/2022\/03\/content-2u3-sp-2-studie-restrukturierung-und-transformation-2021.png 823w, https:\/\/www.atreus.de\/wp-content\/uploads\/2022\/03\/content-2u3-sp-2-studie-restrukturierung-und-transformation-2021-768x578.png 768w, https:\/\/www.atreus.de\/wp-content\/uploads\/2022\/03\/content-2u3-sp-2-studie-restrukturierung-und-transformation-2021-480x361.png 480w\" sizes=\"(max-width: 1024px) 100vw, 1024px\" style=\"aspect-ratio:823\/619 !important\" title=\"atreus_\">          <\/div>\n          <div class=\"half-content has-padding col-lg-6 col-12 order-2 order-lg-1 blue-900 white-color small-headline\"><div class=\"inner-content parent-has-padding\"><h2 class=\" zw-cgb headline\">Tous les secteurs d\u2019activit\u00e9&nbsp;: d\u00e9sinvestissements en Suisse, investissements \u00e0 l\u2019\u00e9tranger<\/h2><p class=\" zw-cgb fulltext \">L\u2019\u00e9tude r\u00e9v\u00e8le qu\u2019un quart des entreprises interrog\u00e9es, tous secteurs confondus, pr\u00e9voient de r\u00e9duire leurs investissements et leurs capacit\u00e9s en Allemagne au cours des deux prochaines ann\u00e9es. Parall\u00e8lement, plus de 50&nbsp;% des entreprises d\u00e9clarent vouloir investir \u00e0 l\u2019\u00e9tranger au cours de la m\u00eame p\u00e9riode \u2014 l\u2019accent \u00e9tant mis sur les investissements au sein de l\u2019UE (62&nbsp;%), suivis par les \u00c9tats-Unis (38&nbsp;%).<\/p><p class=\" zw-cgb fulltext \"><\/p><div class=\"link-container\"><\/div><\/div><\/div>              <\/div>\n\n    <\/div>\n\n\n\n\n\n<div style=\"height:100px\" aria-hidden=\"true\" class=\"wp-block-spacer\"><\/div>\n\n\n","protected":false},"author":12,"featured_media":419024,"menu_order":300,"template":"","newsticker-publication":[],"competences":[689,673],"industry-sectors":[693],"region-publication":[],"typ-publication":[709],"category-publication":[],"class_list":["post-524355","publication","type-publication","status-publish","has-post-thumbnail","hentry","competences-recherche-et-developpement","competences-restructuration","industry-sectors-automobile","typ-publication-etude"],"_links":{"self":[{"href":"https:\/\/www.atreus.de\/fr\/wp-json\/wp\/v2\/publication\/524355","targetHints":{"allow":["GET"]}}],"collection":[{"href":"https:\/\/www.atreus.de\/fr\/wp-json\/wp\/v2\/publication"}],"about":[{"href":"https:\/\/www.atreus.de\/fr\/wp-json\/wp\/v2\/types\/publication"}],"author":[{"embeddable":true,"href":"https:\/\/www.atreus.de\/fr\/wp-json\/wp\/v2\/users\/12"}],"version-history":[{"count":0,"href":"https:\/\/www.atreus.de\/fr\/wp-json\/wp\/v2\/publication\/524355\/revisions"}],"wp:featuredmedia":[{"embeddable":true,"href":"https:\/\/www.atreus.de\/fr\/wp-json\/wp\/v2\/media\/419024"}],"wp:attachment":[{"href":"https:\/\/www.atreus.de\/fr\/wp-json\/wp\/v2\/media?parent=524355"}],"wp:term":[{"taxonomy":"newsticker-publication","embeddable":true,"href":"https:\/\/www.atreus.de\/fr\/wp-json\/wp\/v2\/newsticker-publication?post=524355"},{"taxonomy":"competences","embeddable":true,"href":"https:\/\/www.atreus.de\/fr\/wp-json\/wp\/v2\/competences?post=524355"},{"taxonomy":"industry-sectors","embeddable":true,"href":"https:\/\/www.atreus.de\/fr\/wp-json\/wp\/v2\/industry-sectors?post=524355"},{"taxonomy":"region-publication","embeddable":true,"href":"https:\/\/www.atreus.de\/fr\/wp-json\/wp\/v2\/region-publication?post=524355"},{"taxonomy":"typ-publication","embeddable":true,"href":"https:\/\/www.atreus.de\/fr\/wp-json\/wp\/v2\/typ-publication?post=524355"},{"taxonomy":"category-publication","embeddable":true,"href":"https:\/\/www.atreus.de\/fr\/wp-json\/wp\/v2\/category-publication?post=524355"}],"curies":[{"name":"wp","href":"https:\/\/api.w.org\/{rel}","templated":true}]}}