{"id":524356,"date":"2023-05-04T12:49:46","date_gmt":"2023-05-04T10:49:46","guid":{"rendered":"https:\/\/www.atreus.de\/?post_type=publication&#038;p=524356"},"modified":"2024-10-28T10:14:30","modified_gmt":"2024-10-28T09:14:30","slug":"restructuration-et-transformation-2023","status":"publish","type":"publication","link":"https:\/\/www.atreus.de\/fr\/publication\/etude\/restructuration-et-transformation-2023\/","title":{"rendered":"Restructuration et transformation 2023"},"content":{"rendered":"<div  class=\"zw-cgb header-standard-block is-first-block desktop-has-image mobile-has-image default-margin white-color content-right content-down zw-atr-portrait-pos-default zw-atr-landscape-pos-left-bottom height-default \"><div class=\"row\"><div class=\"zw-cgb-content col-12 mx-auto\"><div  class=\"header-standard-inner-container\"><div class=\"bg-image\"><span class=\"copyright-image d-none d-lg-block\">\u00a9 Alex\/stock.adobe.com<\/span><img decoding=\"async\" class=\"respnsive-img d-none d-lg-block\" loading=\"lazy\" alt=\"atreus_\" src=\"https:\/\/www.atreus.de\/wp-content\/uploads\/2023\/05\/header-studie-restrukturierung-2023.jpg\" srcset=\"https:\/\/www.atreus.de\/wp-content\/uploads\/2023\/05\/header-studie-restrukturierung-2023.jpg 1920w, https:\/\/www.atreus.de\/wp-content\/uploads\/2023\/05\/header-studie-restrukturierung-2023-768x432.jpg 768w, https:\/\/www.atreus.de\/wp-content\/uploads\/2023\/05\/header-studie-restrukturierung-2023-1024x576.jpg 1024w, https:\/\/www.atreus.de\/wp-content\/uploads\/2023\/05\/header-studie-restrukturierung-2023-480x270.jpg 480w, https:\/\/www.atreus.de\/wp-content\/uploads\/2023\/05\/header-studie-restrukturierung-2023-1440x810.jpg 1440w\" sizes=\"(max-width: 1920px) 100vw, 1920px\" style=\"aspect-ratio:1920\/1080 !important\" title=\"atreus_\"><span class=\"copyright-image d-lg-none d-block\">\u00a9 Alex\/stock.adobe.com<\/span><img decoding=\"async\" class=\"responsive-img d-lg-none d-block\" loading=\"lazy\" alt=\"atreus_\" src=\"https:\/\/www.atreus.de\/wp-content\/uploads\/2023\/05\/teaser-img-fuer-2-und-3-spalter-studie-restrukturierung-2023.jpg\" srcset=\"https:\/\/www.atreus.de\/wp-content\/uploads\/2023\/05\/teaser-img-fuer-2-und-3-spalter-studie-restrukturierung-2023.jpg 823w, https:\/\/www.atreus.de\/wp-content\/uploads\/2023\/05\/teaser-img-fuer-2-und-3-spalter-studie-restrukturierung-2023-768x578.jpg 768w, https:\/\/www.atreus.de\/wp-content\/uploads\/2023\/05\/teaser-img-fuer-2-und-3-spalter-studie-restrukturierung-2023-480x361.jpg 480w\" sizes=\"(max-width: 1024px) 100vw, 1024px\" style=\"aspect-ratio:823\/619 !important\" title=\"atreus_\"><\/div><div class=\"preheadline-container\"><div class=\"zw-breadcrumb-container black-color d-md-down-none\"><\/div><h1 class=\" zw-cgb headline zw-prevent-animation\">Barom\u00e8tre de printemps Restructuration et de la transformation 2023<\/h1><\/div><div class=\"inner-content\"><p class=\" zw-cgb fulltext zw-prevent-animation\"><\/p><\/div><\/div><\/div><\/div><\/div><div class=\"zw-breadcrumb-container black-color d-none d-md-down-block\"><nav aria-label=\"breadcrumbs\" class=\"rank-math-breadcrumb\"><p><span class=\"label\">c<\/span> <a href=\"https:\/\/www.atreus.de\/fr\">Home<\/a><span class=\"separator\"> c <\/span><a href=\"https:\/\/www.atreus.de\/fr\/publications-et-evenements\/mediatheque\/\">Publications<\/a><span class=\"separator\"> c <\/span><span class=\"last\"><\/span><\/p><\/nav><\/div>\n\n\n    <div  class=\"zw-cgb  textblock black-color zw-content-pos-center  default-margin \">\n      <div class=\"row\">\n        <div class=\"zw-cgb-content col-12 g-0\">\n          <h2 class=\"zw-cgb headline \">Barom\u00e8tre de printemps \u00ab&nbsp;Restructuration et transformation 2023&nbsp;\u00bb<\/h2><p class=\" zw-cgb fulltext \">La crise persistante fait que les entreprises allemandes ont besoin d\u2019agir \u2014 le besoin de restructuration est en nette augmentation.<\/p>        <\/div>\n      <\/div>\n    <\/div>\n\n\n\n\n    <div  class=\"zw-cgb  buttonBlock black-color default-margin \">\n      <div class=\"row\">\n        <div class=\"col-12 g-0\">\n          <div class=\"zw-button-container \"><div class=\"zw-cgb zw-cgb-button-container \"><a class=\"zw-cgb btn btn-primary \" href=\"https:\/\/www.atreus.de\/wp-content\/uploads\/2024\/08\/Atreus_Studie_Umfrage_Restrukturierung_2023_FR_16zu9_final.pdf\" target=\"_blank\" rel=\"noreferrer noopener\">T\u00e9l\u00e9charger l\u2019\u00e9tude compl\u00e8te au format PDF<\/a><\/div><\/div>        <\/div>\n      <\/div>\n    <\/div>\n\n\n\n\n<div style=\"height:100px\" aria-hidden=\"true\" class=\"wp-block-spacer is-style-zw-default-color\"><\/div>\n\n\n    <div  class=\"  zw-cgb  halb-halb-block boxed default-margin \">\n      <div class=\"row\">\n\n                  <div class=\"col-lg-6 col-12 image order-1  px-0\">\n            <span class=\"copyright-image\">\u00a9 Alex \u2013 stock.adobe.com<\/span><img decoding=\"async\" loading=\"lazy\" alt=\"atreus_\" src=\"https:\/\/www.atreus.de\/wp-content\/uploads\/2022\/03\/content-2u3-sp-1-studie-restrukturierung-und-transformation-2021.jpg\" srcset=\"https:\/\/www.atreus.de\/wp-content\/uploads\/2022\/03\/content-2u3-sp-1-studie-restrukturierung-und-transformation-2021.jpg 823w, https:\/\/www.atreus.de\/wp-content\/uploads\/2022\/03\/content-2u3-sp-1-studie-restrukturierung-und-transformation-2021-768x578.jpg 768w, https:\/\/www.atreus.de\/wp-content\/uploads\/2022\/03\/content-2u3-sp-1-studie-restrukturierung-und-transformation-2021-480x361.jpg 480w\" sizes=\"(max-width: 1024px) 100vw, 1024px\" style=\"aspect-ratio:823\/619 !important\" title=\"atreus_\">          <\/div>\n          <div class=\"half-content has-padding col-lg-6 col-12 order-2 primary white-color small-headline\"><div class=\"inner-content parent-has-padding\"><h2 class=\" zw-cgb headline\">Des perspectives toujours peu r\u00e9jouissantes<\/h2><p class=\" zw-cgb fulltext \">Les r\u00e9sultats du Barom\u00e8tre Atreus du printemps Restructuration 2023 montrent que les perspectives des entreprises allemandes restent soumises \u00e0 de nombreuses incertitudes, compte tenu des perturbations \u00e9conomiques actuelles. Les goulots d\u2019\u00e9tranglement persistants dans les livraisons, les fluctuations des prix de l\u2019\u00e9nergie et des mati\u00e8res premi\u00e8res, les cons\u00e9quences de la guerre en Ukraine et la p\u00e9nurie croissante de main-d\u2019\u0153uvre qualifi\u00e9e continuent de poser probl\u00e8me \u00e0 des secteurs tr\u00e8s divers. Et cette \u00e9volution n\u00e9gative devrait se poursuivre, du moins \u00e0 moyen terme. Il en r\u00e9sulte un besoin de restructuration toujours important, qui devrait m\u00eame s\u2019accro\u00eetre au cours des douze prochains mois.<\/p><p class=\" zw-cgb fulltext \">L\u2019\u00e9tude a \u00e9t\u00e9 r\u00e9alis\u00e9e entre le 8 et le 17 avril 2023 aupr\u00e8s d\u2019un millier de cadres sup\u00e9rieurs \u2014 dont des directeurs g\u00e9n\u00e9raux, des membres de conseils d\u2019administration, des membres de conseils de surveillance et des managers int\u00e9rimaires de diff\u00e9rents secteurs.<\/p><div class=\"link-container\"><\/div><\/div><\/div>              <\/div>\n\n    <\/div>\n\n\n\r\n    <div  class=\"zw-cgb  intern-zitat-style  zitat-block black-color default-margin default-padding \">\r\n      <div class=\"row zitat-row\">\r\n        <div class=\" image-container g-0 order-1  col-menu-5 col-12 \">\r\n          <a href=\"https:\/\/www.atreus.de\/fr\/equipe\/dr-christian-frank\/\">          <div class=\"img-with-gradient\">\r\n\r\n            <span class=\"copyright-image\"><\/span><img decoding=\"async\" loading=\"lazy\" alt=\"atreus_\" src=\"https:\/\/www.atreus.de\/wp-content\/uploads\/2023\/07\/fra-ch-dr-v2.png\" srcset=\"https:\/\/www.atreus.de\/wp-content\/uploads\/2023\/07\/fra-ch-dr-v2.png 555w, https:\/\/www.atreus.de\/wp-content\/uploads\/2023\/07\/fra-ch-dr-v2-480x600.png 480w\" sizes=\"(max-width: 1024px) 100vw, 1024px\" style=\"aspect-ratio:555\/694 !important\" title=\"atreus_\">            <div class=\"linear-gradient-container\"><\/div>\r\n          <\/div>\r\n\r\n\r\n\r\n          <div class=\"zitat-img-text-container\"><div class=\"zitat-name-container fulltext\"><span>Dr. Christian  Frank<\/span><\/div><div class=\"zitat-discription-container fulltext\"><span>Directeur g\u00e9n\u00e9ral<\/span><\/div><\/div>          <\/a>        <\/div>\r\n        <div class=\"g-0 zitat-text-container order-2 col-menu-7 col-12 \">\r\n          <div class=\"zitat-text\"><span class=\"zitat-start-icon atreus-font\">D<\/span><p class=\"zw-cgb fulltext\">\u201eDes \u00e9v\u00e9nements impr\u00e9vus qui se succ\u00e8dent rapidement obligent les entreprises \u00e0 faire face \u00e0 de telles situations. Les crises multiples de ces derni\u00e8res ann\u00e9es ont mis \u00e0 mal la capacit\u00e9 de r\u00e9sistance des entreprises. Une bureaucratie \u00e9lev\u00e9e et de longs processus d\u2019autorisation, associ\u00e9s \u00e0 une p\u00e9nurie croissante de personnel qualifi\u00e9, augmentent les d\u00e9fis. Pour \u00e9viter une d\u00e9localisation de l\u2019industrie, la politique doit d\u00e9finir le cadre appropri\u00e9 et les entreprises doivent assurer leur p\u00e9rennit\u00e9 \u2014 tout au long de la cha\u00eene de cr\u00e9ation de valeur, mais aussi dans l\u2019\u00e9tat d\u2019esprit de leurs collaborateurs.\u201c<\/p><\/div>                  <\/div>\r\n\r\n      <\/div>\r\n    <\/div>\r\n\n\n    <div  class=\"  zw-cgb  halb-halb-block boxed default-margin \">\n      <div class=\"row\">\n\n                  <div class=\"col-lg-6 col-12 image order-1 order-lg-2  px-0\">\n            <span class=\"copyright-image\">\u00a9 Alex \u2013 stock.adobe.com<\/span><img decoding=\"async\" loading=\"lazy\" alt=\"atreus_\" src=\"https:\/\/www.atreus.de\/wp-content\/uploads\/2022\/03\/content-2u3-sp-2-studie-restrukturierung-und-transformation-2021.png\" srcset=\"https:\/\/www.atreus.de\/wp-content\/uploads\/2022\/03\/content-2u3-sp-2-studie-restrukturierung-und-transformation-2021.png 823w, https:\/\/www.atreus.de\/wp-content\/uploads\/2022\/03\/content-2u3-sp-2-studie-restrukturierung-und-transformation-2021-768x578.png 768w, https:\/\/www.atreus.de\/wp-content\/uploads\/2022\/03\/content-2u3-sp-2-studie-restrukturierung-und-transformation-2021-480x361.png 480w\" sizes=\"(max-width: 1024px) 100vw, 1024px\" style=\"aspect-ratio:823\/619 !important\" title=\"atreus_\">          <\/div>\n          <div class=\"half-content has-padding col-lg-6 col-12 order-2 order-lg-1 blue-900 white-color small-headline\"><div class=\"inner-content parent-has-padding\"><h2 class=\" zw-cgb headline\">Des probl\u00e8mes complexes aux cons\u00e9quences compliqu\u00e9es<\/h2><p class=\" zw-cgb fulltext \">Les manifestations des crises dans les entreprises allemandes sont multiples&nbsp;: alors que du c\u00f4t\u00e9 des r\u00e9sultats, les b\u00e9n\u00e9fices s\u2019effondrent et les pertes s\u2019accumulent, on fait souvent \u00e9tat d\u2019une crise parall\u00e8le des ventes qui s\u2019accompagne de probl\u00e8mes strat\u00e9giques. C\u2019est du moins ce que plus de la moiti\u00e9 des personnes interrog\u00e9es ont d\u00e9sign\u00e9 comme \u00e9tant les principales difficult\u00e9s. De plus, de nombreuses entreprises sont confront\u00e9es \u00e0 une crise de liquidit\u00e9s. Selon les donn\u00e9es, elles sont non seulement confront\u00e9es \u00e0 un manque de moyens financiers, mais aussi, dans de nombreux cas, \u00e0 un risque d\u2019insolvabilit\u00e9 dans tous les secteurs.<\/p><p class=\" zw-cgb fulltext \">Dans ce contexte, ce sont surtout la hausse des co\u00fbts de l\u2019\u00e9nergie, la p\u00e9nurie de main-d\u2019\u0153uvre qualifi\u00e9e et le prix \u00e9lev\u00e9 des mati\u00e8res premi\u00e8res qui rendent la vie difficile aux entreprises. Les d\u00e9cisions de l\u2019\u00c9tat, la bureaucratie et leurs effets ont \u00e9galement des cons\u00e9quences n\u00e9gatives sur la marge de man\u0153uvre. Il en va de m\u00eame pour les facteurs g\u00e9opolitiques, tels que la concurrence internationale sur les prix et les interminables p\u00e9nuries d\u2019approvisionnement.<\/p><div class=\"link-container\"><\/div><\/div><\/div>              <\/div>\n\n    <\/div>\n\n\n\r\n    <div  class=\"zw-cgb  intern-zitat-style  zitat-block black-color default-margin default-padding \">\r\n      <div class=\"row zitat-row\">\r\n        <div class=\" image-container g-0 order-1 order-lg-2  col-menu-5 col-12 \">\r\n          <a href=\"https:\/\/www.atreus.de\/fr\/equipe\/tibor-reischitz\/\">          <div class=\"img-with-gradient\">\r\n\r\n            <span class=\"copyright-image\"><\/span><img decoding=\"async\" loading=\"lazy\" alt=\"atreus_\" src=\"https:\/\/www.atreus.de\/wp-content\/uploads\/2023\/07\/rei-ti-v1.png\" srcset=\"https:\/\/www.atreus.de\/wp-content\/uploads\/2023\/07\/rei-ti-v1.png 555w, https:\/\/www.atreus.de\/wp-content\/uploads\/2023\/07\/rei-ti-v1-480x600.png 480w\" sizes=\"(max-width: 1024px) 100vw, 1024px\" style=\"aspect-ratio:555\/694 !important\" title=\"atreus_\">            <div class=\"linear-gradient-container\"><\/div>\r\n          <\/div>\r\n\r\n\r\n\r\n          <div class=\"zitat-img-text-container\"><div class=\"zitat-name-container fulltext\"><span>Tibor  Reischitz<\/span><\/div><div class=\"zitat-discription-container fulltext\"><span>Directeur\r\n<\/span><\/div><\/div>          <\/a>        <\/div>\r\n        <div class=\"g-0 zitat-text-container order-2 order-lg-1 col-menu-7 col-12 \">\r\n          <div class=\"zitat-text\"><span class=\"zitat-start-icon atreus-font\">D<\/span><p class=\"zw-cgb fulltext\">\u201eLa r\u00e9silience des entreprises a fortement augment\u00e9. Apr\u00e8s les ann\u00e9es 2010 qui ont fait r\u00eaver, les entreprises bien g\u00e9r\u00e9es ont pu d\u00e9velopper une bo\u00eete \u00e0 outils solide et pourront ainsi r\u00e9agir avec souplesse. Au troisi\u00e8me, voire au quatri\u00e8me trimestre au plus tard, nous nous attendons \u00e0 une augmentation significative des faillites, sachant que ces entreprises dispara\u00eetront alors tout simplement pour la plupart.\u201c<\/p><\/div>                  <\/div>\r\n\r\n      <\/div>\r\n    <\/div>\r\n\n\n\n<div style=\"height:100px\" aria-hidden=\"true\" class=\"wp-block-spacer\"><\/div>\n\n\n    <div  class=\"zw-cgb  change-padding  infoblock default-margin black-color  \">\n      <div class=\" row\">\n        <div class=\"zw-cgb-content has-padding col-12\">\n          <div class=\"preheadline-container parent-has-padding\"><p class=\" zw-cgb preheadline ' .  . '\">Informations compl\u00e9mentaires<\/p><\/div><div class=\"inner-content parent-has-padding\"><div class=\"link-container\"><div class=\"zw-cgb zw-cgb-button-container \"><a class=\"zw-cgb btn btn-primary \" href=\"https:\/\/www.atreus.de\/fr\/competences\/themes\/restructuration\/\">Comp\u00e9tence de restructuration d\u2019Atreus<\/a><\/div><\/div><\/div>        <\/div>\n      <\/div>\n    <\/div>\n\n\n    <div  class=\"zw-cgb  change-padding  infoblock default-margin black-color  \">\n      <div class=\" row\">\n        <div class=\"zw-cgb-content has-padding col-12\">\n          <div class=\"preheadline-container parent-has-padding\"><p class=\" zw-cgb preheadline ' .  . '\">Ces articles pourraient \u00e9galement vous int\u00e9resser&nbsp;:<\/p><\/div><div class=\"inner-content parent-has-padding\"><div class=\"link-container\"><\/div><\/div>        <\/div>\n      <\/div>\n    <\/div>\n\n\n\n    <div  class=\"zw-cgb  latestPosts default-margin \">\n      <div class=\"row zw-cgb-content\">\n        \n      <div  class=\"zw-cgb latestPostsContent px-0 col-12 col-md-6 col-menu-4 event   show-featured-image \">\n\n\n        <div class=\"image-container single-featured\"><a href = \"https:\/\/www.atreus.de\/fr\/evenement\/restructuration-en-2023-au-coeur-de-la-tempete\/\"><span class=\"copyright-image\">\u00a9 Pavel, \u00a9 oraziopuccio &#8211; stock.adobe.com<\/span><img decoding=\"async\" loading=\"lazy\" alt=\"atreus_\" src=\"https:\/\/www.atreus.de\/wp-content\/uploads\/2023\/08\/teaser-4zu3-20231013-RT-Restrukturierung.jpg\" srcset=\"https:\/\/www.atreus.de\/wp-content\/uploads\/2023\/08\/teaser-4zu3-20231013-RT-Restrukturierung.jpg 823w, https:\/\/www.atreus.de\/wp-content\/uploads\/2023\/08\/teaser-4zu3-20231013-RT-Restrukturierung-768x578.jpg 768w, https:\/\/www.atreus.de\/wp-content\/uploads\/2023\/08\/teaser-4zu3-20231013-RT-Restrukturierung-480x361.jpg 480w\" sizes=\"(max-width: 1024px) 100vw, 1024px\" style=\"aspect-ratio:823\/619 !important\" title=\"atreus_\"><\/a><\/div><div class=\"image-container double-featured\"><a href = \"https:\/\/www.atreus.de\/fr\/evenement\/restructuration-en-2023-au-coeur-de-la-tempete\/\"><span class=\"copyright-image\">\u00a9 Pavel, \u00a9 oraziopuccio &#8211; stock.adobe.com<\/span><img decoding=\"async\" loading=\"lazy\" alt=\"atreus_\" src=\"https:\/\/www.atreus.de\/wp-content\/uploads\/2023\/08\/teaser-landscape-20231013-RT-Restrukturierung.jpg\" srcset=\"https:\/\/www.atreus.de\/wp-content\/uploads\/2023\/08\/teaser-landscape-20231013-RT-Restrukturierung.jpg 1098w, https:\/\/www.atreus.de\/wp-content\/uploads\/2023\/08\/teaser-landscape-20231013-RT-Restrukturierung-768x288.jpg 768w, https:\/\/www.atreus.de\/wp-content\/uploads\/2023\/08\/teaser-landscape-20231013-RT-Restrukturierung-1024x384.jpg 1024w, https:\/\/www.atreus.de\/wp-content\/uploads\/2023\/08\/teaser-landscape-20231013-RT-Restrukturierung-480x180.jpg 480w\" sizes=\"(max-width: 1024px) 100vw, 1024px\" style=\"aspect-ratio:1098\/412 !important\" title=\"atreus_\"><\/a><\/div>        <div class=\"content-container has-excerpt posttype-event blue-400 white-color\">\n          <div class=\"preheadline-container parent-has-padding\"><p class=\"zw-cgb preheadline\">Table ronde | 13.10.2023<\/p><\/div><a href = \"https:\/\/www.atreus.de\/fr\/evenement\/restructuration-en-2023-au-coeur-de-la-tempete\/\"><h2 class=\" zw-cgb headline\">Restructuration en 2023&nbsp;: au c\u0153ur de la temp\u00eate<\/h2><\/a><p class=\" zw-cgb fulltext\">L\u2019\u00e9conomie allemande navigue sur une mer agit\u00e9e et se contracte, contrairement \u00e0 ses voisins europ\u00e9ens et m\u00eame \u00e0 l\u2019\u00e9chelle mondiale. Mais qu\u2019est-ce que cela signifie pour les entreprises, \u00e0 quoi doivent-elles faire attention, comment peut-on contre-attaquer\u00a0? Nous en parlons avec des experts.<\/p><div class=\"zw-cgb zw-cgb-button-container \"><a href=\"https:\/\/www.atreus.de\/fr\/evenement\/restructuration-en-2023-au-coeur-de-la-tempete\/\" class=\"zw-cgb btn btn-primary \">Lire la suite<\/a><\/div>        <\/div>\n            <\/div>\n      \n  \n      <div  class=\"zw-cgb latestPostsContent px-0 col-12 col-md-6 col-menu-4 post   show-featured-image \">\n\n\n        <div class=\"image-container single-featured\"><a href = \"https:\/\/www.atreus.de\/fr\/atreus-dans-les-medias\/lindustrie-mecanique-peut-elle-se-detacher-de-la-chine-pour-les-matieres-premieres\/\"><span class=\"copyright-image\">\u00a9 RHJ, Bj\u00f6rn Wylezich \u2013 stock.adobe.com<\/span><img decoding=\"async\" loading=\"lazy\" alt=\"atreus_\" src=\"https:\/\/www.atreus.de\/wp-content\/uploads\/2023\/08\/teaser-4zu3-20230816-Presseartikel-MaAb.jpg\" srcset=\"https:\/\/www.atreus.de\/wp-content\/uploads\/2023\/08\/teaser-4zu3-20230816-Presseartikel-MaAb.jpg 823w, https:\/\/www.atreus.de\/wp-content\/uploads\/2023\/08\/teaser-4zu3-20230816-Presseartikel-MaAb-768x578.jpg 768w, https:\/\/www.atreus.de\/wp-content\/uploads\/2023\/08\/teaser-4zu3-20230816-Presseartikel-MaAb-480x361.jpg 480w\" sizes=\"(max-width: 1024px) 100vw, 1024px\" style=\"aspect-ratio:823\/619 !important\" title=\"atreus_\"><\/a><\/div><div class=\"image-container double-featured\"><a href = \"https:\/\/www.atreus.de\/fr\/atreus-dans-les-medias\/lindustrie-mecanique-peut-elle-se-detacher-de-la-chine-pour-les-matieres-premieres\/\"><span class=\"copyright-image\">\u00a9 RHJ, Bj\u00f6rn Wylezich \u2013 stock.adobe.com<\/span><img decoding=\"async\" loading=\"lazy\" alt=\"atreus_\" src=\"https:\/\/www.atreus.de\/wp-content\/uploads\/2023\/08\/teaser-landscape20230816-Presseartikel-MaAb-.jpg\" srcset=\"https:\/\/www.atreus.de\/wp-content\/uploads\/2023\/08\/teaser-landscape20230816-Presseartikel-MaAb-.jpg 1098w, https:\/\/www.atreus.de\/wp-content\/uploads\/2023\/08\/teaser-landscape20230816-Presseartikel-MaAb--768x288.jpg 768w, https:\/\/www.atreus.de\/wp-content\/uploads\/2023\/08\/teaser-landscape20230816-Presseartikel-MaAb--1024x384.jpg 1024w, https:\/\/www.atreus.de\/wp-content\/uploads\/2023\/08\/teaser-landscape20230816-Presseartikel-MaAb--480x180.jpg 480w\" sizes=\"(max-width: 1024px) 100vw, 1024px\" style=\"aspect-ratio:1098\/412 !important\" title=\"atreus_\"><\/a><\/div>        <div class=\"content-container has-excerpt posttype-post blue-600 white-color\">\n          <div class=\"preheadline-container parent-has-padding\"><p class=\"zw-cgb preheadline\">Atreus dans les m\u00e9dias<\/p><\/div><a href = \"https:\/\/www.atreus.de\/fr\/atreus-dans-les-medias\/lindustrie-mecanique-peut-elle-se-detacher-de-la-chine-pour-les-matieres-premieres\/\"><h2 class=\" zw-cgb headline\">L\u2019industrie m\u00e9canique peut-elle se d\u00e9tacher de la Chine pour les mati\u00e8res premi\u00e8res&nbsp;?<\/h2><\/a><p class=\" zw-cgb fulltext\">Un nombre consid\u00e9rable d\u2019entreprises et de secteurs d\u00e9pendent de la Chine et des march\u00e9s asiatiques, y compris le secteur de la construction de machines et d\u2019installations. Deux questions se posent alors\u00a0: le d\u00e9tachement est-il r\u00e9alisable\u00a0? Et\u00a0: est-il vraiment n\u00e9cessaire\u00a0? Les explications de Dr. Christian &#8230;<\/p><div class=\"post-meta-info-container\"><div class=\"post-read-time\"><p class=\"zw-cgb fulltext\"><i class=\"far fa-clock\"><\/i>2 temps de lecture min<\/p><\/div><div class=\"post-rating-container d-none\"><!-- FeedbackWP Plugin - Results Widget --><div  class=\"rmp-results-widget js-rmp-results-widget js-rmp-results-widget--524337 \"  data-post-id=\"524337\">  <div class=\"rmp-results-widget__visual-rating\">    <i class=\"js-rmp-results-icon rmp-icon rmp-icon--ratings rmp-icon--star \"><\/i><i class=\"js-rmp-results-icon rmp-icon rmp-icon--ratings rmp-icon--star \"><\/i><i class=\"js-rmp-results-icon rmp-icon rmp-icon--ratings rmp-icon--star \"><\/i><i class=\"js-rmp-results-icon rmp-icon rmp-icon--ratings rmp-icon--star \"><\/i><i class=\"js-rmp-results-icon rmp-icon rmp-icon--ratings rmp-icon--star \"><\/i>  <\/div>  <div class=\"rmp-results-widget__avg-rating\">    <span class=\"js-rmp-avg-rating\">          <\/span>  <\/div>  <div class=\"rmp-results-widget__vote-count\">    (<span class=\"js-rmp-vote-count\"><\/span>)  <\/div><\/div> <\/div><div class=\"post-social-share\"><div class=\"zw-social-share dropdown show\">\r\n        <a class=\"zw-social-share-toggler\" href=\"#\" role=\"button\" id=\"dropdownMenuLink\" data-toggle=\"dropdown\" aria-haspopup=\"true\" aria-expanded=\"false\">\r\n        <i class=\"fas fa-share-alt\"><\/i><span class=\"zw-share-meta\">Partager<\/span>\r\n        <\/a>\r\n        <div class=\"zw-share-dropdown-menu dropdown-menu\" aria-labelledby=\"dropdownMenuLink\"><div class=\"dropdown-inner\"><p class=\"zw-share-heading fulltext\">Partager<\/p><a class=\"zw-social-share-toggler fulltext\" href=\"#\" role=\"button\" id=\"dropdownMenuLink\" data-toggle=\"dropdown\" aria-label=\"Close\">\u2715<\/a><div class=\"social-inner-icons\"><a class=\"dropdown-item \" target=\"_blank\" rel=\"nofollow\" href=\"https:\/\/www.linkedin.com\/cws\/share?url=https%3A%2F%2Fwww.atreus.de%2Ffr%2Fatreus-dans-les-medias%2Flindustrie-mecanique-peut-elle-se-detacher-de-la-chine-pour-les-matieres-premieres%2F&amp;title=L%E2%80%99industrie+m%C3%A9canique+peut-elle+se+d%C3%A9tacher+de+la+Chine+pour+les+mati%C3%A8res+premi%C3%A8res%26nbsp%3B%3F\"><i class=\"fab fa-linkedin fa-fw\"><\/i><\/a><a class=\"dropdown-item \" target=\"_blank\" rel=\"nofollow\" href=\"https:\/\/www.xing.com\/spi\/shares\/new?url=https%3A%2F%2Fwww.atreus.de%2Ffr%2Fatreus-dans-les-medias%2Flindustrie-mecanique-peut-elle-se-detacher-de-la-chine-pour-les-matieres-premieres%2F\"><i class=\"fab fa-xing fa-fw\"><\/i><\/a><a class=\"dropdown-item \" target=\"_blank\" rel=\"nofollow\" href=\"https:\/\/www.facebook.com\/sharer\/sharer.php?u=https%3A%2F%2Fwww.atreus.de%2Ffr%2Fatreus-dans-les-medias%2Flindustrie-mecanique-peut-elle-se-detacher-de-la-chine-pour-les-matieres-premieres%2F&amp;t=L%E2%80%99industrie+m%C3%A9canique+peut-elle+se+d%C3%A9tacher+de+la+Chine+pour+les+mati%C3%A8res+premi%C3%A8res%26nbsp%3B%3F\"><i class=\"fab fa-facebook-square fa-fw\"><\/i><\/a><a class=\"dropdown-item \"  target=\"_blank\" rel=\"nofollow\" href=\"https:\/\/twitter.com\/intent\/tweet?url=https%3A%2F%2Fwww.atreus.de%2Ffr%2Fatreus-dans-les-medias%2Flindustrie-mecanique-peut-elle-se-detacher-de-la-chine-pour-les-matieres-premieres%2F&amp;text=L%E2%80%99industrie+m%C3%A9canique+peut-elle+se+d%C3%A9tacher+de+la+Chine+pour+les+mati%C3%A8res+premi%C3%A8res%26nbsp%3B%3F\"><i class=\"fab fa-twitter fa-fw\"><\/i><\/a>  <\/div><\/div><\/div>\r\n    <\/div><\/div><\/div><div class=\"zw-cgb zw-cgb-button-container \"><a href=\"https:\/\/www.atreus.de\/fr\/atreus-dans-les-medias\/lindustrie-mecanique-peut-elle-se-detacher-de-la-chine-pour-les-matieres-premieres\/\" class=\"zw-cgb btn btn-primary \">Lire la suite<\/a><\/div>        <\/div>\n            <\/div>\n      \n  \n      <div  class=\"zw-cgb latestPostsContent px-0 col-12 col-md-12 col-menu-4 publication   show-featured-image \">\n\n\n        <div class=\"image-container single-featured\"><a href = \"https:\/\/www.atreus.de\/fr\/publication\/etude-de-cas\/restructuration-chez-un-fabricant-international-de-matieres-plastiques\/\"><span class=\"copyright-image\">\u00a9fotolia.com, Syda Productions<\/span><img decoding=\"async\" loading=\"lazy\" alt=\"atreus_\" src=\"https:\/\/www.atreus.de\/wp-content\/uploads\/2022\/03\/teaser-2u3-sp-03-Automotive.jpg\" srcset=\"https:\/\/www.atreus.de\/wp-content\/uploads\/2022\/03\/teaser-2u3-sp-03-Automotive.jpg 823w, https:\/\/www.atreus.de\/wp-content\/uploads\/2022\/03\/teaser-2u3-sp-03-Automotive-768x578.jpg 768w, https:\/\/www.atreus.de\/wp-content\/uploads\/2022\/03\/teaser-2u3-sp-03-Automotive-480x361.jpg 480w\" sizes=\"(max-width: 1024px) 100vw, 1024px\" style=\"aspect-ratio:823\/619 !important\" title=\"atreus_\"><\/a><\/div><div class=\"image-container double-featured\"><a href = \"https:\/\/www.atreus.de\/fr\/publication\/etude-de-cas\/restructuration-chez-un-fabricant-international-de-matieres-plastiques\/\"><span class=\"copyright-image\">\u00a9fotolia.com, Syda Productions<\/span><img decoding=\"async\" loading=\"lazy\" alt=\"atreus_\" src=\"https:\/\/www.atreus.de\/wp-content\/uploads\/2022\/03\/teaser-50z50-03-Automotive.jpg\" srcset=\"https:\/\/www.atreus.de\/wp-content\/uploads\/2022\/03\/teaser-50z50-03-Automotive.jpg 823w, https:\/\/www.atreus.de\/wp-content\/uploads\/2022\/03\/teaser-50z50-03-Automotive-768x384.jpg 768w, https:\/\/www.atreus.de\/wp-content\/uploads\/2022\/03\/teaser-50z50-03-Automotive-480x240.jpg 480w\" sizes=\"(max-width: 1024px) 100vw, 1024px\" style=\"aspect-ratio:823\/412 !important\" title=\"atreus_\"><\/a><\/div>        <div class=\"content-container has-excerpt posttype-publication blue-900 white-color\">\n          <div class=\"preheadline-container parent-has-padding\"><p class=\"zw-cgb preheadline\">\u00c9tude de cas<\/p><\/div><a href = \"https:\/\/www.atreus.de\/fr\/publication\/etude-de-cas\/restructuration-chez-un-fabricant-international-de-matieres-plastiques\/\"><h2 class=\" zw-cgb headline\">Restructuration chez un fabricant international de mati\u00e8res plastiques<\/h2><\/a><p class=\" zw-cgb fulltext\">Un expert d\u2019Atreus se heurte \u00e0 des \u00e9valuations critiques de la part des clients, des co\u00fbts \u00e9lev\u00e9s au niveau du personnel et de la qualit\u00e9, ainsi qu\u2019\u00e0 une baisse du chiffre d\u2019affaires. En tant que dirigeant et directeur de production, il am\u00e9liore la qualit\u00e9 &#8230;<\/p><div class=\"zw-cgb zw-cgb-button-container \"><a href=\"https:\/\/www.atreus.de\/fr\/publication\/etude-de-cas\/restructuration-chez-un-fabricant-international-de-matieres-plastiques\/\" class=\"zw-cgb btn btn-primary \">Lire la suite<\/a><\/div>        <\/div>\n            <\/div>\n      <div class=\"zw-spacer px-0\"><\/div>\n        <\/div>\n    <\/div>\n\n","protected":false},"author":3,"featured_media":483100,"menu_order":300,"template":"","newsticker-publication":[],"competences":[673],"industry-sectors":[694],"region-publication":[],"typ-publication":[709],"category-publication":[],"class_list":["post-524356","publication","type-publication","status-publish","has-post-thumbnail","hentry","competences-restructuration","industry-sectors-construction-de-machines-et-dinstallations","typ-publication-etude"],"_links":{"self":[{"href":"https:\/\/www.atreus.de\/fr\/wp-json\/wp\/v2\/publication\/524356","targetHints":{"allow":["GET"]}}],"collection":[{"href":"https:\/\/www.atreus.de\/fr\/wp-json\/wp\/v2\/publication"}],"about":[{"href":"https:\/\/www.atreus.de\/fr\/wp-json\/wp\/v2\/types\/publication"}],"author":[{"embeddable":true,"href":"https:\/\/www.atreus.de\/fr\/wp-json\/wp\/v2\/users\/3"}],"version-history":[{"count":0,"href":"https:\/\/www.atreus.de\/fr\/wp-json\/wp\/v2\/publication\/524356\/revisions"}],"wp:featuredmedia":[{"embeddable":true,"href":"https:\/\/www.atreus.de\/fr\/wp-json\/wp\/v2\/media\/483100"}],"wp:attachment":[{"href":"https:\/\/www.atreus.de\/fr\/wp-json\/wp\/v2\/media?parent=524356"}],"wp:term":[{"taxonomy":"newsticker-publication","embeddable":true,"href":"https:\/\/www.atreus.de\/fr\/wp-json\/wp\/v2\/newsticker-publication?post=524356"},{"taxonomy":"competences","embeddable":true,"href":"https:\/\/www.atreus.de\/fr\/wp-json\/wp\/v2\/competences?post=524356"},{"taxonomy":"industry-sectors","embeddable":true,"href":"https:\/\/www.atreus.de\/fr\/wp-json\/wp\/v2\/industry-sectors?post=524356"},{"taxonomy":"region-publication","embeddable":true,"href":"https:\/\/www.atreus.de\/fr\/wp-json\/wp\/v2\/region-publication?post=524356"},{"taxonomy":"typ-publication","embeddable":true,"href":"https:\/\/www.atreus.de\/fr\/wp-json\/wp\/v2\/typ-publication?post=524356"},{"taxonomy":"category-publication","embeddable":true,"href":"https:\/\/www.atreus.de\/fr\/wp-json\/wp\/v2\/category-publication?post=524356"}],"curies":[{"name":"wp","href":"https:\/\/api.w.org\/{rel}","templated":true}]}}