{"id":500715,"date":"2022-03-23T14:06:17","date_gmt":"2022-03-23T13:06:17","guid":{"rendered":"https:\/\/www.atreus.de\/?post_type=team&#038;p=500715"},"modified":"2026-03-12T14:38:14","modified_gmt":"2026-03-12T13:38:14","slug":"dr-christian-frank","status":"publish","type":"team","link":"https:\/\/www.atreus.de\/fr\/equipe\/dr-christian-frank\/","title":{"rendered":"Dr. Christian Frank"},"content":{"rendered":"\n    <div  class=\"zw-cgb is-first-block textblock black-color zw-content-pos-center  default-margin \">\n      <div class=\"row\">\n        <div class=\"zw-cgb-content col-12 g-0\">\n          <p class=\" zw-cgb fulltext \"><strong>Dr. Christian Frank est <strong>Directeur g\u00e9n\u00e9ral<\/strong> chez Atreus.<\/strong><\/p><p class=\" zw-cgb fulltext \">Il se concentre sur des projets et des programmes dans les domaines de la restructuration et de la r\u00e9orientation organisationnelle, de la gestion du changement et de la performance, de la F&amp;A, de l\u2019int\u00e9gration post-fusion et de l\u2019occupation int\u00e9rimaire de postes de top management. Il s\u2019occupe principalement des secteurs de la construction de machines et d\u2019installations, de l\u2019\u00e9lectrotechnique, de l\u2019automobile, des services ainsi que de l\u2019industrie de la construction, de la sous-traitance du b\u00e2timent et de l\u2019outillage. Dr. Frank jouit de plus de 30 ans d\u2019exp\u00e9rience dans la gestion g\u00e9n\u00e9rale et du changement, la restructuration et les ventes &amp; Marketing. Avant de travailler pour Atreus, il a occup\u00e9 plusieurs postes de senior management dans des entreprises de conseil et de haute technologie de premier plan, notamment celui de directeur g\u00e9n\u00e9ral du groupe Zumtobel.<\/p>        <\/div>\n      <\/div>\n    <\/div>\n\n\n\n\n<div style=\"height:64px\" aria-hidden=\"true\" class=\"wp-block-spacer is-style-zw-default-color-400\"><\/div>\n\n\n<div  class=\"zw-cgb row  columnmaster020 default-margin \"><div class=\"columnmaster-inner-content g-0\">    <div  class=\"zw-cgb no-image-layout columnblock black-color no-icon   \">\n      <div class=\"zw-cgb zw-cgb-content\">\n\n        <div class=\"column-content\"><div class=\"inner-content\"><h1 class=\" zw-cgb headline h4\">Principaux secteurs<\/h1><ul class=\"zw-cgb-ul fulltext \"><li class=\"\">Construction et sous-traitance du b\u00e2timent<\/li><li class=\"\">Services<\/li><li class=\"\">Construction de machines et d\u2019installations<\/li><li class=\"\">Capital-investissement<\/li><\/ul><\/div><\/div>      <\/div>\n    <\/div>\n    <div  class=\"zw-cgb no-image-layout columnblock black-color no-icon   \">\n      <div class=\"zw-cgb zw-cgb-content\">\n\n        <div class=\"column-content\"><div class=\"inner-content\"><h2 class=\" zw-cgb headline h4\">Domaines d&#8217;expertise<\/h2><ul class=\"zw-cgb-ul fulltext \"><li class=\"\">Restructuration et redressement<\/li><li class=\"\">R\u00e9habilitation proche de l\u2019insolvabilit\u00e9<\/li><li class=\"\">Politiques de tarification<\/li><li class=\"\">Gestion des fonds de roulement<\/li><li class=\"\">Programmes d\u2019am\u00e9lioration des performances<\/li><li class=\"\">Programm Management Office<\/li><li class=\"\">D\u00e9marrage, optimisation et transfert de la production<\/li><li class=\"\">Digitalisation des ventes et du marketing et num\u00e9risation des mod\u00e8les d\u2019entreprise et des processus op\u00e9rationnels<\/li><li class=\"\">Missions internationales<\/li><li class=\"\">Sourcing informatique<\/li><li class=\"\">Carve-in et carve-out informatiques<\/li><li class=\"\">L\u2019excellence du service<\/li><\/ul><\/div><\/div>      <\/div>\n    <\/div>\n    <div  class=\"zw-cgb no-image-layout columnblock black-color no-icon   \">\n      <div class=\"zw-cgb zw-cgb-content\">\n\n        <div class=\"column-content\"><div class=\"inner-content\"><h2 class=\" zw-cgb headline h4\">\u00c9volution professionelle<\/h2><ul class=\"zw-cgb-ul fulltext \"><li class=\"\">Directeur g\u00e9n\u00e9ral chez International Detergent Company Ltd (Irlande)<\/li><li class=\"\">Diff\u00e9rentes fonctions de Senior Management au sein du groupe Zumtobel<\/li><li class=\"\">Directeur chez Altium Capital AG (sp\u00e9cialit\u00e9 Financial Advisory\/F&amp;A dans la classe moyenne\/pour les entreprises familiales)<\/li><li class=\"\">Membre dirigeant du CC Sales &amp; Marketing Roland Berger Strategic Consultants avec d\u2019autres sp\u00e9cialisations restructuration\/gestion du changement\/r\u00e9orientations<\/li><li class=\"\">Diverses fonctions commerciales nationales et internationales chez IBM Deutschland GmbH<\/li><\/ul><\/div><\/div>      <\/div>\n    <\/div>\n<\/div><\/div>\n\n    <div  class=\"zw-cgb  change-padding  infoblock default-margin black-color  \">\n      <div class=\" row\">\n        <div class=\"zw-cgb-content has-padding col-12\">\n          <div class=\"preheadline-container parent-has-padding\"><p class=\" zw-cgb preheadline ' .  . '\">Contributions de et avec Dr. Christian Frank<\/p><\/div><div class=\"inner-content parent-has-padding\"><div class=\"link-container\"><\/div><\/div>        <\/div>\n      <\/div>\n    <\/div>\n\n\n\n    <div  class=\"zw-cgb  latestPosts default-margin \">\n      <div class=\"row zw-cgb-content\">\n        \n      <div  class=\"zw-cgb latestPostsContent px-0 col-12 col-md-6 col-menu-4 event   show-featured-image \">\n\n\n        <div class=\"image-container single-featured\"><a href = \"https:\/\/www.atreus.de\/fr\/evenement\/salon-de-linnovation-sur-linformatique-quantique\/\"><span class=\"copyright-image\">\u00a9 John D. &#8211; stock.adobe.com \/ sakkmesterke  &#8211; stock.adobe.com<\/span><img decoding=\"async\" loading=\"lazy\" alt=\"atreus_\" src=\"https:\/\/www.atreus.de\/wp-content\/uploads\/2023\/05\/teaser-4zu3-20230712-innovationslaunsch-fraunhofer-alumni-1.jpg\" srcset=\"https:\/\/www.atreus.de\/wp-content\/uploads\/2023\/05\/teaser-4zu3-20230712-innovationslaunsch-fraunhofer-alumni-1.jpg 823w, https:\/\/www.atreus.de\/wp-content\/uploads\/2023\/05\/teaser-4zu3-20230712-innovationslaunsch-fraunhofer-alumni-1-768x578.jpg 768w, https:\/\/www.atreus.de\/wp-content\/uploads\/2023\/05\/teaser-4zu3-20230712-innovationslaunsch-fraunhofer-alumni-1-480x361.jpg 480w\" sizes=\"(max-width: 1024px) 100vw, 1024px\" style=\"aspect-ratio:823\/619 !important\" title=\"atreus_\"><\/a><\/div><div class=\"image-container double-featured\"><a href = \"https:\/\/www.atreus.de\/fr\/evenement\/salon-de-linnovation-sur-linformatique-quantique\/\"><span class=\"copyright-image\">\u00a9 John D. &#8211; stock.adobe.com \/ sakkmesterke  &#8211; stock.adobe.com<\/span><img decoding=\"async\" loading=\"lazy\" alt=\"atreus_\" src=\"https:\/\/www.atreus.de\/wp-content\/uploads\/2023\/05\/teaser-landscape-20230712-innovationslaunsch-fraunhofer-alumni-1.jpg\" srcset=\"https:\/\/www.atreus.de\/wp-content\/uploads\/2023\/05\/teaser-landscape-20230712-innovationslaunsch-fraunhofer-alumni-1.jpg 1098w, https:\/\/www.atreus.de\/wp-content\/uploads\/2023\/05\/teaser-landscape-20230712-innovationslaunsch-fraunhofer-alumni-1-768x288.jpg 768w, https:\/\/www.atreus.de\/wp-content\/uploads\/2023\/05\/teaser-landscape-20230712-innovationslaunsch-fraunhofer-alumni-1-1024x384.jpg 1024w, https:\/\/www.atreus.de\/wp-content\/uploads\/2023\/05\/teaser-landscape-20230712-innovationslaunsch-fraunhofer-alumni-1-480x180.jpg 480w\" sizes=\"(max-width: 1024px) 100vw, 1024px\" style=\"aspect-ratio:1098\/412 !important\" title=\"atreus_\"><\/a><\/div>        <div class=\"content-container has-excerpt posttype-event blue-400 white-color\">\n          <div class=\"preheadline-container parent-has-padding\"><p class=\"zw-cgb preheadline\">A-lounge | 12.07.2023<\/p><\/div><a href = \"https:\/\/www.atreus.de\/fr\/evenement\/salon-de-linnovation-sur-linformatique-quantique\/\"><h2 class=\" zw-cgb headline\">Salon de l\u2019innovation sur l\u2019informatique quantique<\/h2><\/a><p class=\" zw-cgb fulltext\">\u200bActuellement, la technologie quantique fait l\u2019objet d\u2019un battage m\u00e9diatique en tant que solution \u00e0 presque tout. Mais o\u00f9 en sommes-nous vraiment\u00a0? Combien de temps faudra-t-il pour que les ordinateurs quantiques soient suffisamment puissants pour relever des d\u00e9fis scientifiques, \u00e9conomiques, \u00e9cologiques et sociaux complexes\u00a0? Existe-t-il &#8230;<\/p><div class=\"zw-cgb zw-cgb-button-container \"><a href=\"https:\/\/www.atreus.de\/fr\/evenement\/salon-de-linnovation-sur-linformatique-quantique\/\" class=\"zw-cgb btn btn-primary \">Lire la suite<\/a><\/div>        <\/div>\n            <\/div>\n      \n  \n      <div  class=\"zw-cgb latestPostsContent px-0 col-12 col-md-6 col-menu-4 post   show-featured-image \">\n\n\n        <div class=\"image-container single-featured\"><a href = \"https:\/\/www.atreus.de\/fr\/atreus-dans-les-medias\/lindustrie-mecanique-peut-elle-se-detacher-de-la-chine-pour-les-matieres-premieres\/\"><span class=\"copyright-image\">\u00a9 RHJ, Bj\u00f6rn Wylezich \u2013 stock.adobe.com<\/span><img decoding=\"async\" loading=\"lazy\" alt=\"atreus_\" src=\"https:\/\/www.atreus.de\/wp-content\/uploads\/2023\/08\/teaser-4zu3-20230816-Presseartikel-MaAb.jpg\" srcset=\"https:\/\/www.atreus.de\/wp-content\/uploads\/2023\/08\/teaser-4zu3-20230816-Presseartikel-MaAb.jpg 823w, https:\/\/www.atreus.de\/wp-content\/uploads\/2023\/08\/teaser-4zu3-20230816-Presseartikel-MaAb-768x578.jpg 768w, https:\/\/www.atreus.de\/wp-content\/uploads\/2023\/08\/teaser-4zu3-20230816-Presseartikel-MaAb-480x361.jpg 480w\" sizes=\"(max-width: 1024px) 100vw, 1024px\" style=\"aspect-ratio:823\/619 !important\" title=\"atreus_\"><\/a><\/div><div class=\"image-container double-featured\"><a href = \"https:\/\/www.atreus.de\/fr\/atreus-dans-les-medias\/lindustrie-mecanique-peut-elle-se-detacher-de-la-chine-pour-les-matieres-premieres\/\"><span class=\"copyright-image\">\u00a9 RHJ, Bj\u00f6rn Wylezich \u2013 stock.adobe.com<\/span><img decoding=\"async\" loading=\"lazy\" alt=\"atreus_\" src=\"https:\/\/www.atreus.de\/wp-content\/uploads\/2023\/08\/teaser-landscape20230816-Presseartikel-MaAb-.jpg\" srcset=\"https:\/\/www.atreus.de\/wp-content\/uploads\/2023\/08\/teaser-landscape20230816-Presseartikel-MaAb-.jpg 1098w, https:\/\/www.atreus.de\/wp-content\/uploads\/2023\/08\/teaser-landscape20230816-Presseartikel-MaAb--768x288.jpg 768w, https:\/\/www.atreus.de\/wp-content\/uploads\/2023\/08\/teaser-landscape20230816-Presseartikel-MaAb--1024x384.jpg 1024w, https:\/\/www.atreus.de\/wp-content\/uploads\/2023\/08\/teaser-landscape20230816-Presseartikel-MaAb--480x180.jpg 480w\" sizes=\"(max-width: 1024px) 100vw, 1024px\" style=\"aspect-ratio:1098\/412 !important\" title=\"atreus_\"><\/a><\/div>        <div class=\"content-container has-excerpt posttype-post blue-600 white-color\">\n          <div class=\"preheadline-container parent-has-padding\"><p class=\"zw-cgb preheadline\">Atreus dans les m\u00e9dias<\/p><\/div><a href = \"https:\/\/www.atreus.de\/fr\/atreus-dans-les-medias\/lindustrie-mecanique-peut-elle-se-detacher-de-la-chine-pour-les-matieres-premieres\/\"><h2 class=\" zw-cgb headline\">L\u2019industrie m\u00e9canique peut-elle se d\u00e9tacher de la Chine pour les mati\u00e8res premi\u00e8res&nbsp;?<\/h2><\/a><p class=\" zw-cgb fulltext\">Un nombre consid\u00e9rable d\u2019entreprises et de secteurs d\u00e9pendent de la Chine et des march\u00e9s asiatiques, y compris le secteur de la construction de machines et d\u2019installations. Deux questions se posent alors\u00a0: le d\u00e9tachement est-il r\u00e9alisable\u00a0? Et\u00a0: est-il vraiment n\u00e9cessaire\u00a0? Les explications de Dr. Christian &#8230;<\/p><div class=\"post-meta-info-container\"><div class=\"post-read-time\"><p class=\"zw-cgb fulltext\"><i class=\"far fa-clock\"><\/i>2 temps de lecture min<\/p><\/div><div class=\"post-rating-container d-none\"><!-- FeedbackWP Plugin - Results Widget --><div  class=\"rmp-results-widget js-rmp-results-widget js-rmp-results-widget--524337 \"  data-post-id=\"524337\">  <div class=\"rmp-results-widget__visual-rating\">    <i class=\"js-rmp-results-icon rmp-icon rmp-icon--ratings rmp-icon--star \"><\/i><i class=\"js-rmp-results-icon rmp-icon rmp-icon--ratings rmp-icon--star \"><\/i><i class=\"js-rmp-results-icon rmp-icon rmp-icon--ratings rmp-icon--star \"><\/i><i class=\"js-rmp-results-icon rmp-icon rmp-icon--ratings rmp-icon--star \"><\/i><i class=\"js-rmp-results-icon rmp-icon rmp-icon--ratings rmp-icon--star \"><\/i>  <\/div>  <div class=\"rmp-results-widget__avg-rating\">    <span class=\"js-rmp-avg-rating\">          <\/span>  <\/div>  <div class=\"rmp-results-widget__vote-count\">    (<span class=\"js-rmp-vote-count\"><\/span>)  <\/div><\/div> <\/div><div class=\"post-social-share\"><div class=\"zw-social-share dropdown show\">\r\n        <a class=\"zw-social-share-toggler\" href=\"#\" role=\"button\" id=\"dropdownMenuLink\" data-toggle=\"dropdown\" aria-haspopup=\"true\" aria-expanded=\"false\">\r\n        <i class=\"fas fa-share-alt\"><\/i><span class=\"zw-share-meta\">Partager<\/span>\r\n        <\/a>\r\n        <div class=\"zw-share-dropdown-menu dropdown-menu\" aria-labelledby=\"dropdownMenuLink\"><div class=\"dropdown-inner\"><p class=\"zw-share-heading fulltext\">Partager<\/p><a class=\"zw-social-share-toggler fulltext\" href=\"#\" role=\"button\" id=\"dropdownMenuLink\" data-toggle=\"dropdown\" aria-label=\"Close\">\u2715<\/a><div class=\"social-inner-icons\"><a class=\"dropdown-item \" target=\"_blank\" rel=\"nofollow\" href=\"https:\/\/www.linkedin.com\/cws\/share?url=https%3A%2F%2Fwww.atreus.de%2Ffr%2Fatreus-dans-les-medias%2Flindustrie-mecanique-peut-elle-se-detacher-de-la-chine-pour-les-matieres-premieres%2F&amp;title=L%E2%80%99industrie+m%C3%A9canique+peut-elle+se+d%C3%A9tacher+de+la+Chine+pour+les+mati%C3%A8res+premi%C3%A8res%26nbsp%3B%3F\"><i class=\"fab fa-linkedin fa-fw\"><\/i><\/a><a class=\"dropdown-item \" target=\"_blank\" rel=\"nofollow\" href=\"https:\/\/www.xing.com\/spi\/shares\/new?url=https%3A%2F%2Fwww.atreus.de%2Ffr%2Fatreus-dans-les-medias%2Flindustrie-mecanique-peut-elle-se-detacher-de-la-chine-pour-les-matieres-premieres%2F\"><i class=\"fab fa-xing fa-fw\"><\/i><\/a><a class=\"dropdown-item \" target=\"_blank\" rel=\"nofollow\" href=\"https:\/\/www.facebook.com\/sharer\/sharer.php?u=https%3A%2F%2Fwww.atreus.de%2Ffr%2Fatreus-dans-les-medias%2Flindustrie-mecanique-peut-elle-se-detacher-de-la-chine-pour-les-matieres-premieres%2F&amp;t=L%E2%80%99industrie+m%C3%A9canique+peut-elle+se+d%C3%A9tacher+de+la+Chine+pour+les+mati%C3%A8res+premi%C3%A8res%26nbsp%3B%3F\"><i class=\"fab fa-facebook-square fa-fw\"><\/i><\/a><a class=\"dropdown-item \"  target=\"_blank\" rel=\"nofollow\" href=\"https:\/\/twitter.com\/intent\/tweet?url=https%3A%2F%2Fwww.atreus.de%2Ffr%2Fatreus-dans-les-medias%2Flindustrie-mecanique-peut-elle-se-detacher-de-la-chine-pour-les-matieres-premieres%2F&amp;text=L%E2%80%99industrie+m%C3%A9canique+peut-elle+se+d%C3%A9tacher+de+la+Chine+pour+les+mati%C3%A8res+premi%C3%A8res%26nbsp%3B%3F\"><i class=\"fab fa-twitter fa-fw\"><\/i><\/a>  <\/div><\/div><\/div>\r\n    <\/div><\/div><\/div><div class=\"zw-cgb zw-cgb-button-container \"><a href=\"https:\/\/www.atreus.de\/fr\/atreus-dans-les-medias\/lindustrie-mecanique-peut-elle-se-detacher-de-la-chine-pour-les-matieres-premieres\/\" class=\"zw-cgb btn btn-primary \">Lire la suite<\/a><\/div>        <\/div>\n            <\/div>\n      \n  \n      <div  class=\"zw-cgb latestPostsContent px-0 col-12 col-md-12 col-menu-4 publication   show-featured-image \">\n\n\n        <div class=\"image-container single-featured\"><a href = \"https:\/\/www.atreus.de\/fr\/publication\/etude\/restructuration-et-transformation-2023\/\"><span class=\"copyright-image\"><\/span><img decoding=\"async\" loading=\"lazy\" alt=\"atreus_\" src=\"https:\/\/www.atreus.de\/wp-content\/uploads\/2022\/03\/teaser-2u3-sp-studie-restrukturierung-und-transformation-2021.jpg\" srcset=\"https:\/\/www.atreus.de\/wp-content\/uploads\/2022\/03\/teaser-2u3-sp-studie-restrukturierung-und-transformation-2021.jpg 823w, https:\/\/www.atreus.de\/wp-content\/uploads\/2022\/03\/teaser-2u3-sp-studie-restrukturierung-und-transformation-2021-768x578.jpg 768w, https:\/\/www.atreus.de\/wp-content\/uploads\/2022\/03\/teaser-2u3-sp-studie-restrukturierung-und-transformation-2021-480x361.jpg 480w\" sizes=\"(max-width: 1024px) 100vw, 1024px\" style=\"aspect-ratio:823\/619 !important\" title=\"atreus_\"><\/a><\/div><div class=\"image-container double-featured\"><a href = \"https:\/\/www.atreus.de\/fr\/publication\/etude\/restructuration-et-transformation-2023\/\"><span class=\"copyright-image\"><\/span><img decoding=\"async\" loading=\"lazy\" alt=\"atreus_\" src=\"https:\/\/www.atreus.de\/wp-content\/uploads\/2022\/03\/teaser-60z30-studie-restrukturierung-und-transformation-2021.jpg\" srcset=\"https:\/\/www.atreus.de\/wp-content\/uploads\/2022\/03\/teaser-60z30-studie-restrukturierung-und-transformation-2021.jpg 1098w, https:\/\/www.atreus.de\/wp-content\/uploads\/2022\/03\/teaser-60z30-studie-restrukturierung-und-transformation-2021-768x288.jpg 768w, https:\/\/www.atreus.de\/wp-content\/uploads\/2022\/03\/teaser-60z30-studie-restrukturierung-und-transformation-2021-1024x384.jpg 1024w, https:\/\/www.atreus.de\/wp-content\/uploads\/2022\/03\/teaser-60z30-studie-restrukturierung-und-transformation-2021-480x180.jpg 480w\" sizes=\"(max-width: 1024px) 100vw, 1024px\" style=\"aspect-ratio:1098\/412 !important\" title=\"atreus_\"><\/a><\/div>        <div class=\"content-container has-excerpt posttype-publication blue-900 white-color\">\n          <div class=\"preheadline-container parent-has-padding\"><p class=\"zw-cgb preheadline\">\u00c9tude<\/p><\/div><a href = \"https:\/\/www.atreus.de\/fr\/publication\/etude\/restructuration-et-transformation-2023\/\"><h2 class=\" zw-cgb headline\">Restructuration et transformation 2023<\/h2><\/a><p class=\" zw-cgb fulltext\">Les r\u00e9sultats du Barom\u00e8tre Atreus du printemps Restructuration 2023 montrent que les perspectives des entreprises allemandes restent soumises \u00e0 de nombreuses incertitudes, compte tenu des perturbations \u00e9conomiques actuelles. Les goulots d\u2019\u00e9tranglement persistants dans les livraisons, les fluctuations des prix de l\u2019\u00e9nergie et des mati\u00e8res &#8230;<\/p><div class=\"zw-cgb zw-cgb-button-container \"><a href=\"https:\/\/www.atreus.de\/fr\/publication\/etude\/restructuration-et-transformation-2023\/\" class=\"zw-cgb btn btn-primary \">Lire la suite<\/a><\/div>        <\/div>\n            <\/div>\n      <div class=\"zw-spacer px-0\"><\/div>\n        <\/div>\n    <\/div>\n\n","protected":false},"author":5,"featured_media":0,"menu_order":0,"template":"","competences":[685,684,677,633,673,688],"industry-sectors":[704,703,694],"typ-team":[665,671,645,994,649],"class_list":["post-500715","team","type-team","status-publish","hentry","competences-innovation-fr","competences-integration-post-fusion","competences-missions-internationales","competences-operations-fr","competences-restructuration","competences-service-fr","industry-sectors-autres-industries-manufacturieres","industry-sectors-construction-fr","industry-sectors-construction-de-machines-et-dinstallations","typ-team-conseil-executif","typ-team-conseiller-en-restructuration","typ-team-directeur","typ-team-partenaire","typ-team-partenaire-et-membre-du-conseil-dadministration"],"allData":{"rank_math_internal_links_processed":["1"],"_zw_post_wordcount":["314"],"_zw_reading_time_seconds":["63"],"_wpml_media_duplicate":["1"],"_wpml_media_featured":["1"],"_zw_prename":["Dr. Christian"],"_zw_email":["Christian.Frank@atreus.de"],"_zw_phone":["+49 89 452249-180"],"_zw_linkedin":["https:\/\/www.linkedin.com\/in\/drchristianfrank\/"],"_top_nav_excluded":[""],"_cms_nav_minihome":[""],"_last_translation_edit_mode":["native-editor"],"_edit_lock":["1773322700:3"],"_wpml_word_count":["368"],"rank_math_facebook_image":["https:\/\/www.atreus.de\/wp-content\/uploads\/2023\/07\/fra-ch-dr-v2.png"],"rank_math_facebook_image_id":["399720"],"_zw_portraitImg":["399720"],"_zw_max_input_files":["0"],"rank_math_seo_score":["55"],"_edit_last":["3"],"rank_math_title":["Dr. Christian Frank \u2014 Directeur g\u00e9n\u00e9ral d\u2019Atreus GmbH"],"rank_math_description":["Dr. Christian Frank est Directeur g\u00e9n\u00e9ral chez Atreus."],"rank_math_focus_keyword":["Dr. Christian Frank"],"_zw_description":["Directeur g\u00e9n\u00e9ral"],"_zw_lastname":[" Frank"]},"_links":{"self":[{"href":"https:\/\/www.atreus.de\/fr\/wp-json\/wp\/v2\/team\/500715","targetHints":{"allow":["GET"]}}],"collection":[{"href":"https:\/\/www.atreus.de\/fr\/wp-json\/wp\/v2\/team"}],"about":[{"href":"https:\/\/www.atreus.de\/fr\/wp-json\/wp\/v2\/types\/team"}],"author":[{"embeddable":true,"href":"https:\/\/www.atreus.de\/fr\/wp-json\/wp\/v2\/users\/5"}],"version-history":[{"count":0,"href":"https:\/\/www.atreus.de\/fr\/wp-json\/wp\/v2\/team\/500715\/revisions"}],"wp:attachment":[{"href":"https:\/\/www.atreus.de\/fr\/wp-json\/wp\/v2\/media?parent=500715"}],"wp:term":[{"taxonomy":"competences","embeddable":true,"href":"https:\/\/www.atreus.de\/fr\/wp-json\/wp\/v2\/competences?post=500715"},{"taxonomy":"industry-sectors","embeddable":true,"href":"https:\/\/www.atreus.de\/fr\/wp-json\/wp\/v2\/industry-sectors?post=500715"},{"taxonomy":"typ-team","embeddable":true,"href":"https:\/\/www.atreus.de\/fr\/wp-json\/wp\/v2\/typ-team?post=500715"}],"curies":[{"name":"wp","href":"https:\/\/api.w.org\/{rel}","templated":true}]}}