{"id":500722,"date":"2022-03-23T15:09:18","date_gmt":"2022-03-23T14:09:18","guid":{"rendered":"https:\/\/www.atreus.de\/?post_type=team&#038;p=500722"},"modified":"2026-01-05T09:44:51","modified_gmt":"2026-01-05T08:44:51","slug":"stefan-randak","status":"publish","type":"team","link":"https:\/\/www.atreus.de\/fr\/equipe\/stefan-randak\/","title":{"rendered":"Stefan Randak"},"content":{"rendered":"\n    <div  class=\"zw-cgb is-first-block textblock black-color zw-content-pos-center  default-margin \">\n      <div class=\"row\">\n        <div class=\"zw-cgb-content col-12 g-0\">\n          <p class=\" zw-cgb fulltext \"><strong>Stefan Randak est Atreus partenaire et dirige le Solution Group Automotive et Mobility. Il a une carri\u00e8re internationale dans des entreprises renomm\u00e9es du secteur automobile et peut se pr\u00e9valoir de plus de 25\u00a0ans d\u2019exp\u00e9rience internationale dans les domaines de la gestion g\u00e9n\u00e9rale, de la gestion de projet et de la gestion du changement.<\/strong><\/p><p class=\" zw-cgb fulltext \">Outre d\u2019autres postes de direction dans l\u2019industrie de la sous-traitance, il a travaill\u00e9 comme directeur g\u00e9n\u00e9ral pour Daimler AG en Allemagne et \u00e0 l\u2019\u00e9tranger. Gr\u00e2ce \u00e0 sa longue activit\u00e9 de consultant en tant que manager et conseiller en entreprise\/ressources humaines, il dispose d\u2019un excellent r\u00e9seau dans le secteur automobile et est consid\u00e9r\u00e9 comme un interlocuteur appr\u00e9ci\u00e9 des constructeurs et des fournisseurs. En outre, il est aujourd\u2019hui encore professeur dans une \u00e9cole sup\u00e9rieure sp\u00e9cialis\u00e9e et est un interlocuteur tr\u00e8s demand\u00e9 dans la presse automobile et \u00e9conomique g\u00e9n\u00e9rale.<\/p>        <\/div>\n      <\/div>\n    <\/div>\n\n\n\n\n<div style=\"height:64px\" aria-hidden=\"true\" class=\"wp-block-spacer is-style-zw-default-color-400\"><\/div>\n\n\n<div  class=\"zw-cgb row  columnmaster020 default-margin \"><div class=\"columnmaster-inner-content g-0\">    <div  class=\"zw-cgb no-image-layout columnblock black-color no-icon   \">\n      <div class=\"zw-cgb zw-cgb-content\">\n\n        <div class=\"column-content\"><div class=\"inner-content\"><h1 class=\" zw-cgb headline h4\">Principaux secteurs<\/h1><ul class=\"zw-cgb-ul fulltext \"><li class=\"\">Automobile (constructeurs et sous-traitants)<\/li><li class=\"\">Industries d\u2019interface&nbsp;: IT, \u00e9nergie et environnement, d\u00e9veloppement durable, d\u00e9fense, construction de machines et d\u2019\u00e9quipements<\/li><\/ul><\/div><\/div>      <\/div>\n    <\/div>\n    <div  class=\"zw-cgb no-image-layout columnblock black-color no-icon   \">\n      <div class=\"zw-cgb zw-cgb-content\">\n\n        <div class=\"column-content\"><div class=\"inner-content\"><h2 class=\" zw-cgb headline h4\">Domaines d&#8217;expertise<\/h2><ul class=\"zw-cgb-ul fulltext \"><li class=\"\">Gestion de projets et de lignes dans tous les domaines fonctionnels le long de la cha\u00eene de cr\u00e9ation de valeur automobile<\/li><li class=\"\">D\u00e9fis dans les domaines de la propulsion alternative, du d\u00e9veloppement et de la production de cellules et de batteries, de la connectivit\u00e9 des voitures, de la conduite autonome, des syst\u00e8mes de s\u00e9curit\u00e9 et d\u2019assistance \u00e0 la conduite, de la cybers\u00e9curit\u00e9 et de la durabilit\u00e9<\/li><li class=\"\">Changement, transformation, restructuration<\/li><li class=\"\">R\u00e9orientation\/transformation d\u2019entreprises (produit, strat\u00e9gie, processus, capacit\u00e9s, empreinte) d\u2019un point de vue disruptif et num\u00e9rique ainsi que du point de vue de la durabilit\u00e9<\/li><li class=\"\">Mesures d\u2019am\u00e9lioration des processus, des co\u00fbts et de l\u2019efficacit\u00e9<\/li><li class=\"\">D\u00e9fis internationaux<\/li><li class=\"\">Recrutement de sp\u00e9cialistes et de cadres par int\u00e9rim et en poste fixe ainsi que de fonctions de conseil consultatif<\/li><\/ul><\/div><\/div>      <\/div>\n    <\/div>\n    <div  class=\"zw-cgb no-image-layout columnblock black-color no-icon   \">\n      <div class=\"zw-cgb zw-cgb-content\">\n\n        <div class=\"column-content\"><div class=\"inner-content\"><h2 class=\" zw-cgb headline h4\">Principaux secteurs<\/h2><ul class=\"zw-cgb-ul fulltext \"><li class=\"\">Directeur g\u00e9n\u00e9ral (PDG et Directeur financier) pour Daimler AG en Allemagne et \u00e0 l\u2019\u00e9tranger<\/li><li class=\"\">PDG de plusieurs entreprises internationales du secteur automobile (filiales de groupes et entreprises familiales)<\/li><li class=\"\">Directeur et responsable du Solution Group Automotive chez Atreus<\/li><\/ul><\/div><\/div>      <\/div>\n    <\/div>\n<\/div><\/div>\n\n\n<div style=\"height:100px\" aria-hidden=\"true\" class=\"wp-block-spacer\"><\/div>\n\n\n    <div  class=\"zw-cgb  change-padding  infoblock default-margin black-color  \">\n      <div class=\" row\">\n        <div class=\"zw-cgb-content has-padding col-12\">\n          <div class=\"preheadline-container parent-has-padding\"><p class=\" zw-cgb preheadline ' .  . '\">Publications de et avec Stefan Randak&nbsp;:<\/p><\/div><div class=\"inner-content parent-has-padding\"><div class=\"link-container\"><\/div><\/div>        <\/div>\n      <\/div>\n    <\/div>\n\n\n\n    <div  class=\"zw-cgb  latestPosts default-margin \">\n      <div class=\"row zw-cgb-content\">\n        \n      <div  class=\"zw-cgb latestPostsContent px-0 col-12 publication content-2-3  show-featured-image \">\n\n\n        <div class=\"image-container single-featured\"><a href = \"https:\/\/www.atreus.de\/fr\/publication\/etude\/lallemagne-en-tant-que-site-economique-en-2023\/\"><span class=\"copyright-image\">\u00a9sizsus, \u00a9KanawatTH \u2013 stock.adobe.com<\/span><img decoding=\"async\" loading=\"lazy\" alt=\"atreus_\" src=\"https:\/\/www.atreus.de\/wp-content\/uploads\/2023\/08\/teaser-4zu3-20230828-studie-SGA.jpg\" srcset=\"https:\/\/www.atreus.de\/wp-content\/uploads\/2023\/08\/teaser-4zu3-20230828-studie-SGA.jpg 823w, https:\/\/www.atreus.de\/wp-content\/uploads\/2023\/08\/teaser-4zu3-20230828-studie-SGA-768x578.jpg 768w, https:\/\/www.atreus.de\/wp-content\/uploads\/2023\/08\/teaser-4zu3-20230828-studie-SGA-480x361.jpg 480w\" sizes=\"(max-width: 1024px) 100vw, 1024px\" style=\"aspect-ratio:823\/619 !important\" title=\"atreus_\"><\/a><\/div><div class=\"image-container double-featured\"><a href = \"https:\/\/www.atreus.de\/fr\/publication\/etude\/lallemagne-en-tant-que-site-economique-en-2023\/\"><span class=\"copyright-image\">\u00a9sizsus, \u00a9KanawatTH \u2013 stock.adobe.com<\/span><img decoding=\"async\" loading=\"lazy\" alt=\"atreus_\" src=\"https:\/\/www.atreus.de\/wp-content\/uploads\/2023\/08\/teaser-landscape-20230828-studie-SGA.jpg\" srcset=\"https:\/\/www.atreus.de\/wp-content\/uploads\/2023\/08\/teaser-landscape-20230828-studie-SGA.jpg 1098w, https:\/\/www.atreus.de\/wp-content\/uploads\/2023\/08\/teaser-landscape-20230828-studie-SGA-768x288.jpg 768w, https:\/\/www.atreus.de\/wp-content\/uploads\/2023\/08\/teaser-landscape-20230828-studie-SGA-1024x384.jpg 1024w, https:\/\/www.atreus.de\/wp-content\/uploads\/2023\/08\/teaser-landscape-20230828-studie-SGA-480x180.jpg 480w\" sizes=\"(max-width: 1024px) 100vw, 1024px\" style=\"aspect-ratio:1098\/412 !important\" title=\"atreus_\"><\/a><\/div>        <div class=\"content-container has-excerpt posttype-publication blue-400 white-color\">\n          <div class=\"preheadline-container parent-has-padding\"><p class=\"zw-cgb preheadline\">\u00c9tude<\/p><\/div><a href = \"https:\/\/www.atreus.de\/fr\/publication\/etude\/lallemagne-en-tant-que-site-economique-en-2023\/\"><h2 class=\" zw-cgb headline\">L\u2019Allemagne en tant que site \u00e9conomique en 2023<\/h2><\/a><p class=\" zw-cgb fulltext\">Les r\u00e9sultats de l\u2019\u00e9tude Atreus montrent qu\u2019une grande majorit\u00e9 des participants \u00e0 l\u2019\u00e9tude issus du secteur automobile doutent que la politique pose les bons jalons pour le secteur. Les personnes interrog\u00e9es estiment qu\u2019il est urgent d\u2019agir, notamment pour garantir des co\u00fbts d\u2019implantation acceptables.<\/p><div class=\"zw-cgb zw-cgb-button-container \"><a href=\"https:\/\/www.atreus.de\/fr\/publication\/etude\/lallemagne-en-tant-que-site-economique-en-2023\/\" class=\"zw-cgb btn btn-primary \">Lire la suite<\/a><\/div>        <\/div>\n            <\/div>\n      <div class=\"zw-spacer px-0\"><\/div>\n        <\/div>\n    <\/div>\n\n","protected":false},"author":6,"featured_media":0,"menu_order":0,"template":"","competences":[677],"industry-sectors":[693],"typ-team":[645,655,749,653],"class_list":["post-500722","team","type-team","status-publish","hentry","competences-missions-internationales","industry-sectors-automobile","typ-team-directeur","typ-team-directeur-de-solution-group-automotive","typ-team-directeur-general-datrova-gmbh","typ-team-partenaire-et-directeur"],"allData":{"rank_math_internal_links_processed":["1"],"_zw_post_wordcount":["366"],"_zw_reading_time_seconds":["73"],"_wpml_media_duplicate":["1"],"_wpml_media_featured":["1"],"_zw_lastname":["Randak"],"_zw_prename":["Stefan "],"_zw_email":["Stefan.Randak@atreus.de"],"_zw_phone":["+49 89 452249-390"],"_zw_linkedin":["https:\/\/www.linkedin.com\/in\/stefan-randak\/"],"_top_nav_excluded":[""],"_cms_nav_minihome":[""],"_last_translation_edit_mode":["native-editor"],"_wpml_word_count":["{\"total\":393,\"to_translate\":{\"en\":393,\"de\":393}}"],"rank_math_facebook_image":["https:\/\/www.atreus.de\/wp-content\/uploads\/2023\/07\/ran-st-v1.png"],"rank_math_facebook_image_id":["399760"],"_zw_portraitImg":["399760"],"_zw_max_input_files":["0"],"_edit_lock":["1767602702:3"],"rank_math_seo_score":["58"],"_edit_last":["3"],"rank_math_title":["Stefan Randak\u2009\u2013\u2009Partenaire et directeur Atreus GmbH"],"rank_math_description":["Stefan Randak est partenaire et directeur d\u2019Atreus GmbH et responsable du Solution Group Automotive. Il est \u00e9galement directeur d\u2019atrova GmbH"],"rank_math_focus_keyword":["stefan randak"],"_zw_description":["Partenaire et responsable du Solution Group Automotive et Mobility\r\n"]},"_links":{"self":[{"href":"https:\/\/www.atreus.de\/fr\/wp-json\/wp\/v2\/team\/500722","targetHints":{"allow":["GET"]}}],"collection":[{"href":"https:\/\/www.atreus.de\/fr\/wp-json\/wp\/v2\/team"}],"about":[{"href":"https:\/\/www.atreus.de\/fr\/wp-json\/wp\/v2\/types\/team"}],"author":[{"embeddable":true,"href":"https:\/\/www.atreus.de\/fr\/wp-json\/wp\/v2\/users\/6"}],"version-history":[{"count":0,"href":"https:\/\/www.atreus.de\/fr\/wp-json\/wp\/v2\/team\/500722\/revisions"}],"wp:attachment":[{"href":"https:\/\/www.atreus.de\/fr\/wp-json\/wp\/v2\/media?parent=500722"}],"wp:term":[{"taxonomy":"competences","embeddable":true,"href":"https:\/\/www.atreus.de\/fr\/wp-json\/wp\/v2\/competences?post=500722"},{"taxonomy":"industry-sectors","embeddable":true,"href":"https:\/\/www.atreus.de\/fr\/wp-json\/wp\/v2\/industry-sectors?post=500722"},{"taxonomy":"typ-team","embeddable":true,"href":"https:\/\/www.atreus.de\/fr\/wp-json\/wp\/v2\/typ-team?post=500722"}],"curies":[{"name":"wp","href":"https:\/\/api.w.org\/{rel}","templated":true}]}}