{"id":500723,"date":"2022-03-23T14:42:10","date_gmt":"2022-03-23T13:42:10","guid":{"rendered":"https:\/\/www.atreus.de\/?post_type=team&#038;p=500723"},"modified":"2026-01-26T09:35:55","modified_gmt":"2026-01-26T08:35:55","slug":"stephan-haimerl","status":"publish","type":"team","link":"https:\/\/www.atreus.de\/fr\/equipe\/stephan-haimerl\/","title":{"rendered":"Stephan Haimerl"},"content":{"rendered":"\n    <div  class=\"zw-cgb is-first-block textblock black-color zw-content-pos-center  default-margin \">\n      <div class=\"row\">\n        <div class=\"zw-cgb-content col-12 g-0\">\n          <p class=\" zw-cgb fulltext \"><strong>Stephan Haimerl est partenaire et responsable du Solution Group Construction de machines et d\u2019installations<\/strong>. <strong>Il se concentre sur des projets dans les domaines de la restructuration et du redressement, de la r\u00e9orientation organisationnelle, de la gestion de la performance, de la digitalisation, des missions internationales et de l\u2019occupation int\u00e9rimaire de postes de top management.<\/strong><\/p><p class=\" zw-cgb fulltext \">Il s\u2019occupe principalement des secteurs de la construction de machines et d\u2019installations, du plastique, du m\u00e9tal (gestion des pi\u00e8ces C), de l\u2019\u00e9lectronique et de l\u2019automobile. Stephan Haimerl jouit de plus de 20 ans d\u2019exp\u00e9rience dans les domaines de la gestion g\u00e9n\u00e9rale, des ventes et du marketing ainsi que dans la gestion du changement et de la performance. Avant de rejoindre Atreus, il a occup\u00e9 plusieurs postes de senior management dans diff\u00e9rentes entreprises industrielles, notamment celui de directeur g\u00e9n\u00e9ral chez Essentra Components (Essentra PLC).<\/p>        <\/div>\n      <\/div>\n    <\/div>\n\n\n\n\n<div style=\"height:64px\" aria-hidden=\"true\" class=\"wp-block-spacer is-style-zw-default-color-400\"><\/div>\n\n\n<div  class=\"zw-cgb row  columnmaster020 default-margin \"><div class=\"columnmaster-inner-content g-0\">    <div  class=\"zw-cgb no-image-layout columnblock black-color no-icon   \">\n      <div class=\"zw-cgb zw-cgb-content\">\n\n        <div class=\"column-content\"><div class=\"inner-content\"><h1 class=\" zw-cgb headline h4\">Principaux secteurs<\/h1><ul class=\"zw-cgb-ul fulltext \"><li class=\"\">Automobile<\/li><li class=\"\">Aviation, train, bus<\/li><li class=\"\">\u00c9lectrotechnique et \u00e9lectronique (EMS)<\/li><li class=\"\">Plastique et m\u00e9tal (gestion des pi\u00e8ces C)<\/li><li class=\"\">Construction de machines et d\u2019installations<\/li><li class=\"\">Capital-investissement<\/li><li class=\"\">Industrie de l\u2019acier, du m\u00e9tal et du plastique<\/li><li class=\"\">Transport, logistique et circulation<\/li><\/ul><\/div><\/div>      <\/div>\n    <\/div>\n    <div  class=\"zw-cgb no-image-layout columnblock black-color no-icon   \">\n      <div class=\"zw-cgb zw-cgb-content\">\n\n        <div class=\"column-content\"><div class=\"inner-content\"><h2 class=\" zw-cgb headline h4\">Domaines d&#8217;expertise<\/h2><ul class=\"zw-cgb-ul fulltext \"><li class=\"\">Excellence op\u00e9rationnelle, optimisation de la production, d\u00e9localisation de produits et d\u2019usines, automatisation<\/li><li class=\"\">Gestion de la cha\u00eene d\u2019approvisionnement, achats, logistique, ventes et planification op\u00e9rationnelle, gestion des goulots d\u2019\u00e9tranglement et management des forces op\u00e9rationnelles<\/li><li class=\"\">Num\u00e9risation des mod\u00e8les d\u2019entreprise et des processus op\u00e9rationnels<\/li><li class=\"\">Engagement et d\u00e9veloppement du personnel<\/li><li class=\"\">Missions internationales<\/li><li class=\"\">Marketing et ventes multicanaux<\/li><li class=\"\">Gestion de la performance et du changement<\/li><li class=\"\">Politiques de tarification<\/li><li class=\"\">Restructuration et redressement<\/li><li class=\"\">Excellence du service<\/li><li class=\"\">Ventes et marketing<\/li><li class=\"\">Gestion des fonds de roulement<\/li><\/ul><\/div><\/div>      <\/div>\n    <\/div>\n    <div  class=\"zw-cgb no-image-layout columnblock black-color no-icon   \">\n      <div class=\"zw-cgb zw-cgb-content\">\n\n        <div class=\"column-content\"><div class=\"inner-content\"><h2 class=\" zw-cgb headline h4\">\u00c9volution professionelle<\/h2><ul class=\"zw-cgb-ul fulltext \"><li class=\"\">Directeur g\u00e9n\u00e9ral chez Essentra Components (Essentra PLC)<\/li><li class=\"\">Responsable marketing et ventes chez Planatol Holding<\/li><li class=\"\">Directeur marketing chez Richco Plastic (Richco Inc.)<\/li><li class=\"\">Directeur des ventes chez Europages<\/li><li class=\"\">Responsable marketing et d\u00e9veloppement commercial chez Flexipack Int.<\/li><li class=\"\">Fondateur et propri\u00e9taire d\u2019une boutique en ligne<\/li><\/ul><\/div><\/div>      <\/div>\n    <\/div>\n<\/div><\/div>\n\n\n\n","protected":false},"author":6,"featured_media":0,"menu_order":0,"template":"","competences":[684,681,680,633,673,688],"industry-sectors":[704,703,694,705],"typ-team":[671,645,650,994],"class_list":["post-500723","team","type-team","status-publish","hentry","competences-integration-post-fusion","competences-marketing-et-ventes","competences-numerisation","competences-operations-fr","competences-restructuration","competences-service-fr","industry-sectors-autres-industries-manufacturieres","industry-sectors-construction-fr","industry-sectors-construction-de-machines-et-dinstallations","industry-sectors-transport-logistique-et-trafic","typ-team-conseiller-en-restructuration","typ-team-directeur","typ-team-directeur-de-solution-group-machines-construction-dinstallations","typ-team-partenaire"],"allData":{"rank_math_internal_links_processed":["1"],"_zw_post_wordcount":["325"],"_zw_reading_time_seconds":["65"],"_wpml_media_duplicate":["1"],"_wpml_media_featured":["1"],"_zw_lastname":["Haimerl"],"_zw_prename":["Stephan "],"_zw_email":["Stephan.Haimerl@atreus.de"],"_zw_phone":["+49 89 452249-170"],"_zw_linkedin":["https:\/\/de.linkedin.com\/in\/stephan-haimerl-9b17619"],"_top_nav_excluded":[""],"_cms_nav_minihome":[""],"_last_translation_edit_mode":["native-editor"],"_wpml_word_count":["{\"total\":295,\"to_translate\":{\"en\":295,\"de\":295}}"],"rank_math_facebook_image":["https:\/\/www.atreus.de\/wp-content\/uploads\/2023\/07\/hai-st-v2.png"],"rank_math_facebook_image_id":["399732"],"_zw_portraitImg":["399732"],"_zw_max_input_files":["0"],"_edit_lock":["1769416561:3"],"rank_math_seo_score":["59"],"_edit_last":["3"],"rank_math_title":["Stephan Haimerl\u2009\u2013\u2009Directeur Atreus GmbH"],"rank_math_description":["Stephan Haimerl se concentre sur des projets dans les domaines de la restructuration et du redressement, de la r\u00e9orientation organisationnelle et plus encore."],"rank_math_focus_keyword":["Stephan Haimerl"],"_zw_description":["Partenaire et responsable du Solution Group Construction de machines et d\u2019installations"]},"_links":{"self":[{"href":"https:\/\/www.atreus.de\/fr\/wp-json\/wp\/v2\/team\/500723","targetHints":{"allow":["GET"]}}],"collection":[{"href":"https:\/\/www.atreus.de\/fr\/wp-json\/wp\/v2\/team"}],"about":[{"href":"https:\/\/www.atreus.de\/fr\/wp-json\/wp\/v2\/types\/team"}],"author":[{"embeddable":true,"href":"https:\/\/www.atreus.de\/fr\/wp-json\/wp\/v2\/users\/6"}],"version-history":[{"count":0,"href":"https:\/\/www.atreus.de\/fr\/wp-json\/wp\/v2\/team\/500723\/revisions"}],"wp:attachment":[{"href":"https:\/\/www.atreus.de\/fr\/wp-json\/wp\/v2\/media?parent=500723"}],"wp:term":[{"taxonomy":"competences","embeddable":true,"href":"https:\/\/www.atreus.de\/fr\/wp-json\/wp\/v2\/competences?post=500723"},{"taxonomy":"industry-sectors","embeddable":true,"href":"https:\/\/www.atreus.de\/fr\/wp-json\/wp\/v2\/industry-sectors?post=500723"},{"taxonomy":"typ-team","embeddable":true,"href":"https:\/\/www.atreus.de\/fr\/wp-json\/wp\/v2\/typ-team?post=500723"}],"curies":[{"name":"wp","href":"https:\/\/api.w.org\/{rel}","templated":true}]}}