{"id":500724,"date":"2022-03-23T15:35:51","date_gmt":"2022-03-23T14:35:51","guid":{"rendered":"https:\/\/www.atreus.de\/?post_type=team&#038;p=500724"},"modified":"2024-08-12T16:12:16","modified_gmt":"2024-08-12T14:12:16","slug":"sebastian-kainz","status":"publish","type":"team","link":"https:\/\/www.atreus.de\/fr\/equipe\/sebastian-kainz\/","title":{"rendered":"Sebastian Kainz"},"content":{"rendered":"\n    <div  class=\"zw-cgb is-first-block textblock black-color zw-content-pos-center  default-margin \">\n      <div class=\"row\">\n        <div class=\"zw-cgb-content col-12 g-0\">\n          <p class=\" zw-cgb fulltext \"><strong>Sebastian Kainz jouit de plus de 15&nbsp;ans d\u2019exp\u00e9rience au sein de l\u2019industrie automobile et de la sous-traitance allemande, du d\u00e9veloppement \u00e0 la petite s\u00e9rie ou s\u00e9rie sp\u00e9ciale, en passant par la phase de prototypage et d\u2019essai. Il peut s\u2019appuyer sur une longue collaboration avec divers services de d\u00e9veloppement du groupe BMW dans le monde entier et sur un r\u00e9seau global.<\/strong><\/p><p class=\" zw-cgb fulltext \">Il a notamment travaill\u00e9 dans l\u2019industrie de transformation des m\u00e9taux ainsi que dans l\u2019environnement des services de d\u00e9veloppement technique ou d\u2019ing\u00e9nierie, o\u00f9 il a principalement occup\u00e9 des postes de direction en tant que cadre responsable du budget, du personnel et de l\u2019ensemble du projet. Derni\u00e8rement, pour divers th\u00e8mes de recherche et d\u00e9veloppement au sein de la phase pr\u00e9coce du processus de cr\u00e9ation de produit, avec pour points forts la s\u00e9curisation de l\u2019ensemble du v\u00e9hicule, des sous-syst\u00e8mes et\/ou des composants dans le cadre d\u2019essais classiques.<\/p>        <\/div>\n      <\/div>\n    <\/div>\n\n\n\n\n<div style=\"height:64px\" aria-hidden=\"true\" class=\"wp-block-spacer is-style-zw-default-color-400\"><\/div>\n\n\n<div  class=\"zw-cgb row  columnmaster020 default-margin \"><div class=\"columnmaster-inner-content g-0\">    <div  class=\"zw-cgb no-image-layout columnblock black-color no-icon   \">\n      <div class=\"zw-cgb zw-cgb-content\">\n\n        <div class=\"column-content\"><div class=\"inner-content\"><h1 class=\" zw-cgb headline h4\">Principaux secteurs<\/h1><ul class=\"zw-cgb-ul fulltext \"><li class=\"\">Automobile<\/li><li class=\"\">Service technique<\/li><li class=\"\">Industrie de l\u2019acier, du m\u00e9tal et du plastique<\/li><\/ul><\/div><\/div>      <\/div>\n    <\/div>\n    <div  class=\"zw-cgb no-image-layout columnblock black-color no-icon   \">\n      <div class=\"zw-cgb zw-cgb-content\">\n\n        <div class=\"column-content\"><div class=\"inner-content\"><h2 class=\" zw-cgb headline h4\">Domaines d&#8217;expertise<\/h2><ul class=\"zw-cgb-ul fulltext \"><li class=\"\">Processus de production et optimisation<\/li><li class=\"\">Recherche et d\u00e9veloppement<\/li><li class=\"\">Ventes et marketing<\/li><li class=\"\">Ressources humaines<\/li><\/ul><\/div><\/div>      <\/div>\n    <\/div>\n    <div  class=\"zw-cgb no-image-layout columnblock black-color no-icon   \">\n      <div class=\"zw-cgb zw-cgb-content\">\n\n        <div class=\"column-content\"><div class=\"inner-content\"><h2 class=\" zw-cgb headline h4\">\u00c9volution professionelle<\/h2><ul class=\"zw-cgb-ul fulltext \"><li class=\"\">Chef de d\u00e9partement Technique automobile et int\u00e9gration<\/li><li class=\"\">Chef de service construction de v\u00e9hicules sp\u00e9ciaux<\/li><li class=\"\">Chef de service adjoint dans la gestion de la qualit\u00e9 et des processus<\/li><li class=\"\">Chef de projet pour prototypes, petites\/s\u00e9ries sp\u00e9ciales<\/li><li class=\"\">Fond\u00e9 de pouvoir<\/li><\/ul><\/div><\/div>      <\/div>\n    <\/div>\n<\/div><\/div>\n\n","protected":false},"author":6,"featured_media":0,"menu_order":0,"template":"","competences":[],"industry-sectors":[693],"typ-team":[645],"class_list":["post-500724","team","type-team","status-publish","hentry","industry-sectors-automobile","typ-team-directeur"],"allData":{"rank_math_internal_links_processed":["1"],"_zw_post_wordcount":["244"],"_zw_reading_time_seconds":["49"],"_wpml_media_duplicate":["1"],"_wpml_media_featured":["0"],"_zw_lastname":["Kainz"],"_zw_prename":["Sebastian "],"_zw_email":["Sebastian.Kainz@atreus.de"],"_zw_phone":["+49 89 452249-276"],"_zw_linkedin":["https:\/\/www.linkedin.com\/in\/sebastian-kainz\/"],"_top_nav_excluded":[""],"_cms_nav_minihome":[""],"_last_translation_edit_mode":["native-editor"],"_wpml_word_count":["{\"total\":231,\"to_translate\":{\"en\":231,\"de\":231}}"],"rank_math_facebook_image":["https:\/\/www.atreus.de\/wp-content\/uploads\/2023\/07\/kai-se-v2.png"],"rank_math_facebook_image_id":["399724"],"_zw_portraitImg":["399724"],"_zw_max_input_files":["0"],"_edit_lock":["1764060160:20"],"rank_math_seo_score":["58"],"_edit_last":["3"],"_wpml_media_has_media":["1"],"rank_math_title":["Sebastian Kainz \u2014 Directeur Atreus GmbH"],"rank_math_description":["Sebastian Kainz a plus de 15\u00a0ans d\u2019exp\u00e9rience au sein de l\u2019industrie automobile allemande et de ses fournisseurs."],"rank_math_focus_keyword":["Sebastian Kainz"],"_zw_description":["Directeur\r\n"]},"_links":{"self":[{"href":"https:\/\/www.atreus.de\/fr\/wp-json\/wp\/v2\/team\/500724","targetHints":{"allow":["GET"]}}],"collection":[{"href":"https:\/\/www.atreus.de\/fr\/wp-json\/wp\/v2\/team"}],"about":[{"href":"https:\/\/www.atreus.de\/fr\/wp-json\/wp\/v2\/types\/team"}],"author":[{"embeddable":true,"href":"https:\/\/www.atreus.de\/fr\/wp-json\/wp\/v2\/users\/6"}],"version-history":[{"count":0,"href":"https:\/\/www.atreus.de\/fr\/wp-json\/wp\/v2\/team\/500724\/revisions"}],"wp:attachment":[{"href":"https:\/\/www.atreus.de\/fr\/wp-json\/wp\/v2\/media?parent=500724"}],"wp:term":[{"taxonomy":"competences","embeddable":true,"href":"https:\/\/www.atreus.de\/fr\/wp-json\/wp\/v2\/competences?post=500724"},{"taxonomy":"industry-sectors","embeddable":true,"href":"https:\/\/www.atreus.de\/fr\/wp-json\/wp\/v2\/industry-sectors?post=500724"},{"taxonomy":"typ-team","embeddable":true,"href":"https:\/\/www.atreus.de\/fr\/wp-json\/wp\/v2\/typ-team?post=500724"}],"curies":[{"name":"wp","href":"https:\/\/api.w.org\/{rel}","templated":true}]}}