{"id":500736,"date":"2022-03-23T14:20:09","date_gmt":"2022-03-23T13:20:09","guid":{"rendered":"https:\/\/www.atreus.de\/?post_type=team&#038;p=500736"},"modified":"2025-11-24T13:04:28","modified_gmt":"2025-11-24T12:04:28","slug":"martina-becker","status":"publish","type":"team","link":"https:\/\/www.atreus.de\/fr\/equipe\/martina-becker\/","title":{"rendered":"Martina Becker"},"content":{"rendered":"\n    <div  class=\"zw-cgb is-first-block textblock black-color zw-content-pos-center  default-margin \">\n      <div class=\"row\">\n        <div class=\"zw-cgb-content col-12 g-0\">\n          <p class=\" zw-cgb fulltext \"><strong>Martina Becker se concentre sur des projets et des programmes dans les domaines de la transformation num\u00e9rique, de la restructuration et du redressement, de l\u2019am\u00e9lioration des r\u00e9sultats et de l\u2019augmentation de la valeur, ainsi que sur l\u2019occupation par int\u00e9rim de postes de top management.<\/strong><\/p><p class=\" zw-cgb fulltext \">Dans ce contexte, Martina Becker dispose d\u2019une profonde expertise dans des secteurs tr\u00e8s concurrentiels comme l\u2019industrie des biens de consommation et le commerce. Mme&nbsp;Becker jouit de plus de 20&nbsp;ans d\u2019exp\u00e9rience de direction dans la gestion g\u00e9n\u00e9rale, la gestion de projet, la gestion du changement, le marketing et les ventes, l\u2019innovation et le d\u00e9veloppement de produits, le commerce omnicanal, la cha\u00eene d\u2019approvisionnement et la gestion des cat\u00e9gories, les achats, y compris la r\u00e9orientation organisationnelle des programmes d\u2019exp\u00e9rience client et d\u2019excellence op\u00e9rationnelle. Avant de rejoindre Atreus, elle a travaill\u00e9 pour des leaders mondiaux de l\u2019industrie des biens de consommation, du commerce et du conseil en gestion, occupant divers postes de direction et de gestion en Allemagne et en Europe.<\/p>        <\/div>\n      <\/div>\n    <\/div>\n\n\n\n\n<div style=\"height:64px\" aria-hidden=\"true\" class=\"wp-block-spacer is-style-zw-default-color-400\"><\/div>\n\n\n<div  class=\"zw-cgb row  columnmaster020 default-margin \"><div class=\"columnmaster-inner-content g-0\">    <div  class=\"zw-cgb no-image-layout columnblock black-color no-icon   \">\n      <div class=\"zw-cgb zw-cgb-content\">\n\n        <div class=\"column-content\"><div class=\"inner-content\"><h1 class=\" zw-cgb headline h4\">Principaux secteurs<\/h1><ul class=\"zw-cgb-ul fulltext \"><li class=\"\">Services<\/li><li class=\"\">Biens de consommation et commerce<\/li><li class=\"\">Capital-investissement<\/li><\/ul><\/div><\/div>      <\/div>\n    <\/div>\n    <div  class=\"zw-cgb no-image-layout columnblock black-color no-icon   \">\n      <div class=\"zw-cgb zw-cgb-content\">\n\n        <div class=\"column-content\"><div class=\"inner-content\"><h2 class=\" zw-cgb headline h4\">Domaines d&#8217;expertise<\/h2><ul class=\"zw-cgb-ul fulltext \"><li class=\"\">Transformation num\u00e9rique<\/li><li class=\"\">Restructuration et redressement<\/li><li class=\"\">Am\u00e9lioration des r\u00e9sultats et augmentation de la valeur<\/li><li class=\"\">Marketing et ventes<\/li><li class=\"\">Gestion de la cha\u00eene d\u2019approvisionnement<\/li><li class=\"\">Gestion des cat\u00e9gories et achats<\/li><li class=\"\">Commerce omni-canal<\/li><li class=\"\">Excellence op\u00e9rationnelle<\/li><li class=\"\">Exp\u00e9rience client<\/li><li class=\"\">Projets internationaux<\/li><\/ul><\/div><\/div>      <\/div>\n    <\/div>\n    <div  class=\"zw-cgb no-image-layout columnblock black-color no-icon   \">\n      <div class=\"zw-cgb zw-cgb-content\">\n\n        <div class=\"column-content\"><div class=\"inner-content\"><h2 class=\" zw-cgb headline h4\">\u00c9volution professionelle<\/h2><ul class=\"zw-cgb-ul fulltext \"><li class=\"\">Vice-pr\u00e9sident ex\u00e9cutif DACH chez Proudfoot, Global Management Consulting<\/li><li class=\"\">Chef de projet ind\u00e9pendant pour REWE Group, conseil de direction<\/li><li class=\"\">Membre de la direction, Director Products Continental Europe, Weight Watchers<\/li><li class=\"\">Directeur des ventes, Coca-Cola<\/li><li class=\"\">Responsable grands comptes senior, ReckittBenckiser<\/li><li class=\"\">Directeur des ventes, Imperial Brands<\/li><\/ul><\/div><\/div>      <\/div>\n    <\/div>\n<\/div><\/div>\n\n\n<div style=\"height:100px\" aria-hidden=\"true\" class=\"wp-block-spacer\"><\/div>\n\n\n    <div  class=\"zw-cgb  change-padding  infoblock default-margin black-color  \">\n      <div class=\" row\">\n        <div class=\"zw-cgb-content has-padding col-12\">\n          <div class=\"preheadline-container parent-has-padding\"><p class=\" zw-cgb preheadline ' .  . '\">Publications de et avec Martina Becker<\/p><\/div><div class=\"inner-content parent-has-padding\"><div class=\"link-container\"><\/div><\/div>        <\/div>\n      <\/div>\n    <\/div>\n\n\n\n    <div  class=\"zw-cgb  latestPosts default-margin \">\n      <div class=\"row zw-cgb-content\">\n        \n      <div  class=\"zw-cgb latestPostsContent px-0 col-12 event content-2-3  show-featured-image \">\n\n\n        <div class=\"image-container single-featured\"><a href = \"https:\/\/www.atreus.de\/fr\/evenement\/verte-et-resiliente-la-chaine-dapprovisionnement-chez-beiersdorf-et-ritter-sport\/\"><span class=\"copyright-image\">Green factory: \u00a9 Beiersdorf\/Woman with cocoa \u00a9 Ritter Sport<\/span><img decoding=\"async\" loading=\"lazy\" alt=\"atreus_\" src=\"https:\/\/www.atreus.de\/wp-content\/uploads\/2022\/12\/teaser-img-fuer-2-und-3-spalter-20230202-Alounge-KH-green-supply-chain.jpg\" srcset=\"https:\/\/www.atreus.de\/wp-content\/uploads\/2022\/12\/teaser-img-fuer-2-und-3-spalter-20230202-Alounge-KH-green-supply-chain.jpg 823w, https:\/\/www.atreus.de\/wp-content\/uploads\/2022\/12\/teaser-img-fuer-2-und-3-spalter-20230202-Alounge-KH-green-supply-chain-768x578.jpg 768w, https:\/\/www.atreus.de\/wp-content\/uploads\/2022\/12\/teaser-img-fuer-2-und-3-spalter-20230202-Alounge-KH-green-supply-chain-480x361.jpg 480w\" sizes=\"(max-width: 1024px) 100vw, 1024px\" style=\"aspect-ratio:823\/619 !important\" title=\"atreus_\"><\/a><\/div><div class=\"image-container double-featured\"><a href = \"https:\/\/www.atreus.de\/fr\/evenement\/verte-et-resiliente-la-chaine-dapprovisionnement-chez-beiersdorf-et-ritter-sport\/\"><span class=\"copyright-image\">Green factory: \u00a9 Beiersdorf\/Woman with cocoa \u00a9 Ritter Sport<\/span><img decoding=\"async\" loading=\"lazy\" alt=\"atreus_\" src=\"https:\/\/www.atreus.de\/wp-content\/uploads\/2022\/12\/teaser-img-60zu30-20230202-Alounge-KH-green-supply-chain.jpg\" srcset=\"https:\/\/www.atreus.de\/wp-content\/uploads\/2022\/12\/teaser-img-60zu30-20230202-Alounge-KH-green-supply-chain.jpg 1098w, https:\/\/www.atreus.de\/wp-content\/uploads\/2022\/12\/teaser-img-60zu30-20230202-Alounge-KH-green-supply-chain-768x288.jpg 768w, https:\/\/www.atreus.de\/wp-content\/uploads\/2022\/12\/teaser-img-60zu30-20230202-Alounge-KH-green-supply-chain-1024x384.jpg 1024w, https:\/\/www.atreus.de\/wp-content\/uploads\/2022\/12\/teaser-img-60zu30-20230202-Alounge-KH-green-supply-chain-480x180.jpg 480w\" sizes=\"(max-width: 1024px) 100vw, 1024px\" style=\"aspect-ratio:1098\/412 !important\" title=\"atreus_\"><\/a><\/div>        <div class=\"content-container has-excerpt posttype-event blue-400 white-color\">\n          <div class=\"preheadline-container parent-has-padding\"><p class=\"zw-cgb preheadline\">A-lounge | 02.02.2023<\/p><\/div><a href = \"https:\/\/www.atreus.de\/fr\/evenement\/verte-et-resiliente-la-chaine-dapprovisionnement-chez-beiersdorf-et-ritter-sport\/\"><h2 class=\" zw-cgb headline\">Verte et r\u00e9siliente&nbsp;? La cha\u00eene d\u2019approvisionnement chez Beiersdorf et Ritter Sport<\/h2><\/a><p class=\" zw-cgb fulltext\">Mettre en \u0153uvre des strat\u00e9gies innovantes de r\u00e9duction des \u00e9missions de CO2 \u00e0 toutes les \u00e9tapes de la cha\u00eene logistique est l\u2019un des grands d\u00e9fis \u00e0 relever pour faire face \u00e0 l\u2019avanc\u00e9e du r\u00e9chauffement climatique. Quelles sont les initiatives et mesures pionni\u00e8res en mati\u00e8re &#8230;<\/p><div class=\"zw-cgb zw-cgb-button-container \"><a href=\"https:\/\/www.atreus.de\/fr\/evenement\/verte-et-resiliente-la-chaine-dapprovisionnement-chez-beiersdorf-et-ritter-sport\/\" class=\"zw-cgb btn btn-primary \">Lire la suite<\/a><\/div>        <\/div>\n            <\/div>\n      <div class=\"zw-spacer px-0\"><\/div>\n        <\/div>\n    <\/div>\n\n","protected":false},"author":5,"featured_media":0,"menu_order":0,"template":"","competences":[687,679,681,677,633,673],"industry-sectors":[634,699,701],"typ-team":[671,645,750],"class_list":["post-500736","team","type-team","status-publish","hentry","competences-durabilite","competences-finance-fr","competences-marketing-et-ventes","competences-missions-internationales","competences-operations-fr","competences-restructuration","industry-sectors-biens-de-consommation","industry-sectors-commerce","industry-sectors-services-fr","typ-team-conseiller-en-restructuration","typ-team-directeur","typ-team-hote-developpement-durable"],"allData":{"rank_math_internal_links_processed":["1"],"_zw_post_wordcount":["283"],"_zw_reading_time_seconds":["57"],"_wpml_media_duplicate":["0"],"_wpml_media_featured":["0"],"_zw_lastname":["Becker"],"_zw_prename":["Martina"],"_zw_email":["Martina.Becker@atreus.de"],"_zw_phone":["+49 89 452249-240"],"_zw_linkedin":["https:\/\/de.linkedin.com\/in\/martina-becker-b3280054"],"_top_nav_excluded":[""],"_cms_nav_minihome":[""],"_last_translation_edit_mode":["native-editor"],"_wpml_word_count":["{\"total\":307,\"to_translate\":{\"en\":307,\"de\":307}}"],"rank_math_facebook_image":["https:\/\/www.atreus.de\/wp-content\/uploads\/2023\/07\/bec-ma-v1.png"],"rank_math_facebook_image_id":["399701"],"_zw_portraitImg":["399701"],"_zw_max_input_files":["0"],"_edit_lock":["1763985883:20"],"rank_math_seo_score":["60"],"_edit_last":["20"],"rank_math_title":["Martina Becker \u2014 Directrice Atreus GmbH"],"rank_math_description":["Martina Becker dispose d\u2019une profonde expertise dans des secteurs tr\u00e8s concurrentiels comme l\u2019industrie des biens de consommation et la distribution. Elle jouit de plus de 20\u00a0ans d\u2019exp\u00e9rience en mati\u00e8re de gestion."],"rank_math_focus_keyword":["Martina Becker"],"_zw_description":["Directrice"]},"_links":{"self":[{"href":"https:\/\/www.atreus.de\/fr\/wp-json\/wp\/v2\/team\/500736","targetHints":{"allow":["GET"]}}],"collection":[{"href":"https:\/\/www.atreus.de\/fr\/wp-json\/wp\/v2\/team"}],"about":[{"href":"https:\/\/www.atreus.de\/fr\/wp-json\/wp\/v2\/types\/team"}],"author":[{"embeddable":true,"href":"https:\/\/www.atreus.de\/fr\/wp-json\/wp\/v2\/users\/5"}],"version-history":[{"count":0,"href":"https:\/\/www.atreus.de\/fr\/wp-json\/wp\/v2\/team\/500736\/revisions"}],"wp:attachment":[{"href":"https:\/\/www.atreus.de\/fr\/wp-json\/wp\/v2\/media?parent=500736"}],"wp:term":[{"taxonomy":"competences","embeddable":true,"href":"https:\/\/www.atreus.de\/fr\/wp-json\/wp\/v2\/competences?post=500736"},{"taxonomy":"industry-sectors","embeddable":true,"href":"https:\/\/www.atreus.de\/fr\/wp-json\/wp\/v2\/industry-sectors?post=500736"},{"taxonomy":"typ-team","embeddable":true,"href":"https:\/\/www.atreus.de\/fr\/wp-json\/wp\/v2\/typ-team?post=500736"}],"curies":[{"name":"wp","href":"https:\/\/api.w.org\/{rel}","templated":true}]}}