{"id":500787,"date":"2022-12-20T10:29:02","date_gmt":"2022-12-20T09:29:02","guid":{"rendered":"https:\/\/www.atreus.de\/?post_type=team&#038;p=500787"},"modified":"2024-08-16T12:21:40","modified_gmt":"2024-08-16T10:21:40","slug":"ralf-christian","status":"publish","type":"team","link":"https:\/\/www.atreus.de\/fr\/equipe\/ralf-christian\/","title":{"rendered":"Ralf Christian"},"content":{"rendered":"\n    <div  class=\"zw-cgb is-first-block textblock black-color zw-content-pos-center  default-margin \">\n      <div class=\"row\">\n        <div class=\"zw-cgb-content col-12 g-0\">\n          <p class=\" zw-cgb fulltext \"><strong>Ralf Christian se concentre sur les processus de transformation et de changement de l\u2019entreprise dans son ensemble ainsi que sur la collaboration bas\u00e9e sur la confiance avec le top management et les conseils de surveillance. Il s\u2019occupe en priorit\u00e9 des secteurs de l\u2019\u00e9nergie et de l\u2019\u00e9lectrotechnique, de l\u2019industrie \u00e0 forte consommation d\u2019\u00e9nergie, de l\u2019infrastructure, de la mobilit\u00e9 et des b\u00e2timents.<\/strong><\/p><p class=\" zw-cgb fulltext \">Ralf Christian s\u2019appuie sur plus de 25 ans de responsabilit\u00e9 de direction internationale au sein de la direction g\u00e9n\u00e9rale et du top management, ainsi que sur une expertise en mati\u00e8re de strat\u00e9gie, de vente, de marketing, de conseil et de coaching.<\/p><p class=\" zw-cgb fulltext \">Avant de rejoindre Atreus, il a occup\u00e9 des postes de direction mondiale dans des entreprises de haute technologie de premier plan, notamment chez Siemens et General Electric, qui comptaient jusqu\u2019\u00e0 55 000 employ\u00e9s au total.<\/p>        <\/div>\n      <\/div>\n    <\/div>\n\n","protected":false},"author":3,"featured_media":0,"menu_order":0,"template":"","competences":[],"industry-sectors":[],"typ-team":[664,662],"class_list":["post-500787","team","type-team","status-publish","hentry","typ-team-conseiller","typ-team-conseiller-senior"],"allData":{"rank_math_internal_links_processed":["1"],"_zw_post_wordcount":["147"],"_zw_reading_time_seconds":["29"],"_wpml_media_duplicate":["1"],"_wpml_media_featured":["1"],"_zw_lastname":["Christian"],"_zw_prename":["Ralf"],"_zw_email":["Ralf.Christian@ext.atreus.de"],"_top_nav_excluded":[""],"_cms_nav_minihome":[""],"_last_translation_edit_mode":["native-editor"],"_wpml_word_count":["{\"total\":177,\"to_translate\":{\"en\":177,\"de\":177}}"],"rank_math_facebook_image":["https:\/\/www.atreus.de\/wp-content\/uploads\/2022\/12\/chr-ra.png"],"rank_math_facebook_image_id":["269094"],"_zw_quadratImg":["269094"],"_zw_portraitImg":["269094"],"_zw_max_input_files":["0"],"_edit_lock":["1723803702:3"],"rank_math_seo_score":["63"],"_edit_last":["3"],"rank_math_title":["Ralf Christian \u2014 Conseiller principal Atreus GmbH"],"rank_math_description":["Ralf Christian jouit de plus de 25 ans de responsabilit\u00e9s de direction internationale dans le domaine du management g\u00e9n\u00e9ral et du top management."],"rank_math_focus_keyword":["Ralf Christian"],"_zw_description":["Conseiller"]},"_links":{"self":[{"href":"https:\/\/www.atreus.de\/fr\/wp-json\/wp\/v2\/team\/500787","targetHints":{"allow":["GET"]}}],"collection":[{"href":"https:\/\/www.atreus.de\/fr\/wp-json\/wp\/v2\/team"}],"about":[{"href":"https:\/\/www.atreus.de\/fr\/wp-json\/wp\/v2\/types\/team"}],"author":[{"embeddable":true,"href":"https:\/\/www.atreus.de\/fr\/wp-json\/wp\/v2\/users\/3"}],"version-history":[{"count":0,"href":"https:\/\/www.atreus.de\/fr\/wp-json\/wp\/v2\/team\/500787\/revisions"}],"wp:attachment":[{"href":"https:\/\/www.atreus.de\/fr\/wp-json\/wp\/v2\/media?parent=500787"}],"wp:term":[{"taxonomy":"competences","embeddable":true,"href":"https:\/\/www.atreus.de\/fr\/wp-json\/wp\/v2\/competences?post=500787"},{"taxonomy":"industry-sectors","embeddable":true,"href":"https:\/\/www.atreus.de\/fr\/wp-json\/wp\/v2\/industry-sectors?post=500787"},{"taxonomy":"typ-team","embeddable":true,"href":"https:\/\/www.atreus.de\/fr\/wp-json\/wp\/v2\/typ-team?post=500787"}],"curies":[{"name":"wp","href":"https:\/\/api.w.org\/{rel}","templated":true}]}}