{"id":645514,"date":"2024-04-22T17:19:09","date_gmt":"2024-04-22T15:19:09","guid":{"rendered":"https:\/\/www.atreus.de\/?post_type=team&#038;p=645514"},"modified":"2024-08-29T12:41:33","modified_gmt":"2024-08-29T10:41:33","slug":"ilja-ohliger","status":"publish","type":"team","link":"https:\/\/www.atreus.de\/fr\/equipe\/ilja-ohliger\/","title":{"rendered":"Ilja Ohliger"},"content":{"rendered":"\n    <div  class=\"zw-cgb is-first-block textblock black-color zw-content-pos-center  default-margin \">\n      <div class=\"row\">\n        <div class=\"zw-cgb-content col-12 g-0\">\n          <p class=\" zw-cgb fulltext \">Ilja Ohliger est un responsable de la s\u00e9curit\u00e9 des syst\u00e8mes d\u2019information\/d\u00e9l\u00e9gu\u00e9 \u00e0 la protection des donn\u00e9es tr\u00e8s exp\u00e9riment\u00e9, capable de pr\u00e9senter les faits en fonction des risques et de mani\u00e8re concr\u00e8te se rapportant \u00e0 l\u2019entreprise \u00e0 tous les niveaux hi\u00e9rarchiques. Dans le but de faire passer la protection contre les cybermenaces au niveau sup\u00e9rieur, la gestion du changement organisationnel est un \u00e9l\u00e9ment important dans la cr\u00e9ation d\u2019une culture de cybers\u00e9curit\u00e9 au sein de l\u2019entreprise. En cas de crise cybern\u00e9tique, l\u2019exp\u00e9rience qu\u2019il a acquise lui permet de ma\u00eetriser rapidement la menace et de red\u00e9marrer les activit\u00e9s essentielles. Ilja Ohliger est l\u2019ancien responsable de la s\u00e9curit\u00e9 des syst\u00e8mes d\u2019information chez TRUMPF. Auparavant, il a occup\u00e9 diff\u00e9rents r\u00f4les de management chez BOSCH, Secardeo, EXCELSIS et Concord-Eracom. Il est consultant ind\u00e9pendant et manager de transition dans le domaine de la cybers\u00e9curit\u00e9 et est dipl\u00f4m\u00e9 en physique de l\u2019universit\u00e9 de Siegen.<\/p>        <\/div>\n      <\/div>\n    <\/div>\n\n","protected":false},"author":3,"featured_media":0,"menu_order":0,"template":"","competences":[],"industry-sectors":[],"typ-team":[664,662],"class_list":["post-645514","team","type-team","status-publish","hentry","typ-team-conseiller","typ-team-conseiller-senior"],"allData":{"rank_math_internal_links_processed":["1"],"_zw_post_wordcount":["180"],"_zw_reading_time_seconds":["36"],"_wpml_media_duplicate":["1"],"_wpml_media_featured":["1"],"rank_math_facebook_enable_image_overlay":["off"],"_zw_lastname":["Ohliger"],"_zw_prename":["Ilja"],"_zw_email":["Ilja.Ohliger@ext.atreus.de"],"_zw_linkedin":["https:\/\/www.linkedin.com\/in\/ilja-ohliger-797b361b2\/"],"rank_math_facebook_image":["https:\/\/www.atreus.de\/wp-content\/uploads\/2024\/04\/ohl-ilj.png"],"rank_math_facebook_image_id":["565078"],"_zw_quadratImg":["565078"],"_top_nav_excluded":[""],"_cms_nav_minihome":[""],"_last_translation_edit_mode":["native-editor"],"rank_math_title":["Ilja Ohliger, Conseiller Atreus GmbH"],"rank_math_description":["Le conseiller Atreus Ilja Ohliger est un responsable de la s\u00e9curit\u00e9 des syst\u00e8mes d\u2019information\/d\u00e9l\u00e9gu\u00e9 \u00e0 la protection des donn\u00e9es jouissant d\u2019une vaste exp\u00e9rience."],"rank_math_focus_keyword":["ilja ohliger"],"_zw_description":["Conseiller"],"_edit_lock":["1724928094:3"],"_edit_last":["3"],"_zw_max_input_files":["0"],"rank_math_seo_score":["60"],"_wpml_word_count":["182"]},"_links":{"self":[{"href":"https:\/\/www.atreus.de\/fr\/wp-json\/wp\/v2\/team\/645514","targetHints":{"allow":["GET"]}}],"collection":[{"href":"https:\/\/www.atreus.de\/fr\/wp-json\/wp\/v2\/team"}],"about":[{"href":"https:\/\/www.atreus.de\/fr\/wp-json\/wp\/v2\/types\/team"}],"author":[{"embeddable":true,"href":"https:\/\/www.atreus.de\/fr\/wp-json\/wp\/v2\/users\/3"}],"version-history":[{"count":0,"href":"https:\/\/www.atreus.de\/fr\/wp-json\/wp\/v2\/team\/645514\/revisions"}],"wp:attachment":[{"href":"https:\/\/www.atreus.de\/fr\/wp-json\/wp\/v2\/media?parent=645514"}],"wp:term":[{"taxonomy":"competences","embeddable":true,"href":"https:\/\/www.atreus.de\/fr\/wp-json\/wp\/v2\/competences?post=645514"},{"taxonomy":"industry-sectors","embeddable":true,"href":"https:\/\/www.atreus.de\/fr\/wp-json\/wp\/v2\/industry-sectors?post=645514"},{"taxonomy":"typ-team","embeddable":true,"href":"https:\/\/www.atreus.de\/fr\/wp-json\/wp\/v2\/typ-team?post=645514"}],"curies":[{"name":"wp","href":"https:\/\/api.w.org\/{rel}","templated":true}]}}